{"version":"1.0","provider_name":"HEILIGTUM IN LICHENIEN","provider_url":"https:\/\/www.lichen.pl\/de","title":"MSZE I NABO\u017bE\u0143STWA - SANKTUARIUM W LICHENIU","type":"rich","width":600,"height":338,"html":"<blockquote class=\"wp-embedded-content\" data-secret=\"Vks9SdzThB\"><a href=\"https:\/\/www.lichen.pl\/de\/events\/msze-i-nabozenstwa-468\/\">Messen und Gottesdienste<\/a><\/blockquote><iframe sandbox=\"allow-scripts\" security=\"restricted\" src=\"https:\/\/www.lichen.pl\/de\/events\/msze-i-nabozenstwa-468\/embed\/#?secret=Vks9SdzThB\" width=\"600\" height=\"338\" title=\"&#8222;MSZE I NABO\u017bE\u0143STWA&#8220; &#8211; SANKTUARIUM W LICHENIU\" data-secret=\"Vks9SdzThB\" frameborder=\"0\" marginwidth=\"0\" marginheight=\"0\" scrolling=\"no\" class=\"wp-embedded-content\"><\/iframe><script>\n\/*! This file is auto-generated *\/\n!function(d,l){\"use strict\";l.querySelector&&d.addEventListener&&\"undefined\"!=typeof URL&&(d.wp=d.wp||{},d.wp.receiveEmbedMessage||(d.wp.receiveEmbedMessage=function(e){var t=e.data;if((t||t.secret||t.message||t.value)&&!\/[^a-zA-Z0-9]\/.test(t.secret)){for(var s,r,n,a=l.querySelectorAll('iframe[data-secret=\"'+t.secret+'\"]'),o=l.querySelectorAll('blockquote[data-secret=\"'+t.secret+'\"]'),c=new RegExp(\"^https?:$\",\"i\"),i=0;i<o.length;i++)o[i].style.display=\"none\";for(i=0;i<a.length;i++)s=a[i],e.source===s.contentWindow&&(s.removeAttribute(\"style\"),\"height\"===t.message?(1e3<(r=parseInt(t.value,10))?r=1e3:~~r<200&&(r=200),s.height=r):\"link\"===t.message&&(r=new URL(s.getAttribute(\"src\")),n=new URL(t.value),c.test(n.protocol))&&n.host===r.host&&l.activeElement===s&&(d.top.location.href=t.value))}},d.addEventListener(\"message\",d.wp.receiveEmbedMessage,!1),l.addEventListener(\"DOMContentLoaded\",function(){for(var e,t,s=l.querySelectorAll(\"iframe.wp-embedded-content\"),r=0;r<s.length;r++)(t=(e=s[r]).getAttribute(\"data-secret\"))||(t=Math.random().toString(36).substring(2,12),e.src+=\"#?secret=\"+t,e.setAttribute(\"data-secret\",t)),e.contentWindow.postMessage({message:\"ready\",secret:t},\"*\")},!1)))}(window,document);\n\/\/# sourceURL=https:\/\/www.lichen.pl\/wp-includes\/js\/wp-embed.min.js\n<\/script>","thumbnail_url":null,"thumbnail_width":null,"thumbnail_height":null,"description":"Wielka Sobota \u2013 Wigilia Paschalna Bazylika Liturgia Wigilii Paschalnej 21.00* *21.00 pocz\u0105tek na placu przed bazylik\u0105, zako\u0144czenie procesj\u0105 rezurekcyjn\u0105 Nabo\u017ce\u0144stwa: Koronka do Mi\u0142osierdzia Bo\u017cego, bazylika, nawa g\u0142\u00f3wna o godz. 15.00 R\u00f3\u017caniec, bazylika, nawa g\u0142\u00f3wna\u00a0 o godz. 15.30 Adoracja przy grobie Pa\u0144skim, bazylika, nawa g\u0142\u00f3wna Mo\u017cliwo\u015b\u0107 spowiedzi, konfesjona\u0142y w nawie g\u0142\u00f3wnej bazyliki w godzinach 10.00 &#8211; [&hellip;]"}