{"version":"1.0","provider_name":"HEILIGTUM IN LICHENIEN","provider_url":"https:\/\/www.lichen.pl\/de","title":"Msza \u015bw. z okazji Dnia Przedsi\u0119biorcy - SANKTUARIUM W LICHENIU","type":"rich","width":600,"height":338,"html":"<blockquote class=\"wp-embedded-content\" data-secret=\"rboTzkrBiY\"><a href=\"https:\/\/www.lichen.pl\/de\/msza-sw-z-okazji-dnia-przedsiebiorcy\/\">heilige Messe anl\u00e4sslich des Unternehmertags<\/a><\/blockquote><iframe sandbox=\"allow-scripts\" security=\"restricted\" src=\"https:\/\/www.lichen.pl\/de\/msza-sw-z-okazji-dnia-przedsiebiorcy\/embed\/#?secret=rboTzkrBiY\" width=\"600\" height=\"338\" title=\"&#8222;Msza \u015bw. z okazji Dnia Przedsi\u0119biorcy&#8220; &#8211; SANKTUARIUM W LICHENIU\" data-secret=\"rboTzkrBiY\" frameborder=\"0\" marginwidth=\"0\" marginheight=\"0\" scrolling=\"no\" class=\"wp-embedded-content\"><\/iframe><script>\n\/*! This file is auto-generated *\/\n!function(d,l){\"use strict\";l.querySelector&&d.addEventListener&&\"undefined\"!=typeof URL&&(d.wp=d.wp||{},d.wp.receiveEmbedMessage||(d.wp.receiveEmbedMessage=function(e){var t=e.data;if((t||t.secret||t.message||t.value)&&!\/[^a-zA-Z0-9]\/.test(t.secret)){for(var s,r,n,a=l.querySelectorAll('iframe[data-secret=\"'+t.secret+'\"]'),o=l.querySelectorAll('blockquote[data-secret=\"'+t.secret+'\"]'),c=new RegExp(\"^https?:$\",\"i\"),i=0;i<o.length;i++)o[i].style.display=\"none\";for(i=0;i<a.length;i++)s=a[i],e.source===s.contentWindow&&(s.removeAttribute(\"style\"),\"height\"===t.message?(1e3<(r=parseInt(t.value,10))?r=1e3:~~r<200&&(r=200),s.height=r):\"link\"===t.message&&(r=new URL(s.getAttribute(\"src\")),n=new URL(t.value),c.test(n.protocol))&&n.host===r.host&&l.activeElement===s&&(d.top.location.href=t.value))}},d.addEventListener(\"message\",d.wp.receiveEmbedMessage,!1),l.addEventListener(\"DOMContentLoaded\",function(){for(var e,t,s=l.querySelectorAll(\"iframe.wp-embedded-content\"),r=0;r<s.length;r++)(t=(e=s[r]).getAttribute(\"data-secret\"))||(t=Math.random().toString(36).substring(2,12),e.src+=\"#?secret=\"+t,e.setAttribute(\"data-secret\",t)),e.contentWindow.postMessage({message:\"ready\",secret:t},\"*\")},!1)))}(window,document);\n\/\/# sourceURL=https:\/\/www.lichen.pl\/wp-includes\/js\/wp-embed.min.js\n<\/script>","thumbnail_url":"https:\/\/www.lichen.pl\/wp-content\/uploads\/2021\/06\/IMG_9657.jpg","thumbnail_width":1920,"thumbnail_height":1440,"description":"\u201eJezus was kocha. Wtedy, gdy wchodzi w wasz \u015bwiat, to pierwsze co wam przynosi, to do\u015bwiadczenie Swojej mi\u0142o\u015bci\u201d. Tymi s\u0142owami zwr\u00f3ci\u0142 si\u0119 do przedsi\u0119biorc\u00f3w abp Grzegorz Ry\u015b, ordynariusz metropolii \u0142\u00f3dzkiej, podczas uroczystej Mszy \u015bw. sprawowanej przed Cudownym Obrazem Matki Bo\u017cej Liche\u0144skiej w zwi\u0105zku z przypadaj\u0105cym Dniem Przedsi\u0119biorcy. Podczas Eucharystii sprawowanej w liche\u0144skiej bazylice obecni byli [&hellip;]"}