{"version":"1.0","provider_name":"HEILIGTUM IN LICHENIEN","provider_url":"https:\/\/www.lichen.pl\/de","title":"Promienny \u015blad - wystawa w Muzeum im. ks. J\u00f3zefa Jarz\u0119bowskiego MIC - SANKTUARIUM W LICHENIU","type":"rich","width":600,"height":338,"html":"<blockquote class=\"wp-embedded-content\" data-secret=\"tApIATyrvc\"><a href=\"https:\/\/www.lichen.pl\/de\/promienny-slad\/\">Promienny \u015blad &#8211; wystawa w Muzeum im. ks. J\u00f3zefa Jarz\u0119bowskiego MIC<\/a><\/blockquote><iframe sandbox=\"allow-scripts\" security=\"restricted\" src=\"https:\/\/www.lichen.pl\/de\/promienny-slad\/embed\/#?secret=tApIATyrvc\" width=\"600\" height=\"338\" title=\"&#8222;Promienny \u015blad &#8211; wystawa w Muzeum im. ks. J\u00f3zefa Jarz\u0119bowskiego MIC&#8220; &#8211; SANKTUARIUM W LICHENIU\" data-secret=\"tApIATyrvc\" frameborder=\"0\" marginwidth=\"0\" marginheight=\"0\" scrolling=\"no\" class=\"wp-embedded-content\"><\/iframe><script>\n\/*! This file is auto-generated *\/\n!function(d,l){\"use strict\";l.querySelector&&d.addEventListener&&\"undefined\"!=typeof URL&&(d.wp=d.wp||{},d.wp.receiveEmbedMessage||(d.wp.receiveEmbedMessage=function(e){var t=e.data;if((t||t.secret||t.message||t.value)&&!\/[^a-zA-Z0-9]\/.test(t.secret)){for(var s,r,n,a=l.querySelectorAll('iframe[data-secret=\"'+t.secret+'\"]'),o=l.querySelectorAll('blockquote[data-secret=\"'+t.secret+'\"]'),c=new RegExp(\"^https?:$\",\"i\"),i=0;i<o.length;i++)o[i].style.display=\"none\";for(i=0;i<a.length;i++)s=a[i],e.source===s.contentWindow&&(s.removeAttribute(\"style\"),\"height\"===t.message?(1e3<(r=parseInt(t.value,10))?r=1e3:~~r<200&&(r=200),s.height=r):\"link\"===t.message&&(r=new URL(s.getAttribute(\"src\")),n=new URL(t.value),c.test(n.protocol))&&n.host===r.host&&l.activeElement===s&&(d.top.location.href=t.value))}},d.addEventListener(\"message\",d.wp.receiveEmbedMessage,!1),l.addEventListener(\"DOMContentLoaded\",function(){for(var e,t,s=l.querySelectorAll(\"iframe.wp-embedded-content\"),r=0;r<s.length;r++)(t=(e=s[r]).getAttribute(\"data-secret\"))||(t=Math.random().toString(36).substring(2,12),e.src+=\"#?secret=\"+t,e.setAttribute(\"data-secret\",t)),e.contentWindow.postMessage({message:\"ready\",secret:t},\"*\")},!1)))}(window,document);\n\/\/# sourceURL=https:\/\/www.lichen.pl\/wp-includes\/js\/wp-embed.min.js\n<\/script>","thumbnail_url":"https:\/\/www.lichen.pl\/wp-content\/uploads\/2023\/04\/Wystawa-Promienny-slad-2-1024x683.jpg","thumbnail_width":1024,"thumbnail_height":683,"description":"&#8220;Promienny \u015blad&#8221; to tytu\u0142, jaki nadano wystawie po\u015bwi\u0119conej osobie ks. J\u00f3zefa Jarz\u0119bowskiego MIC, Aposto\u0142a Bo\u017cego Mi\u0142osierdzia, za\u0142o\u017cyciela muzeum, kt\u00f3re od 2010 roku mie\u015bci si\u0119 w bazylice. Wystaw\u0119 w liche\u0144skim muzeum mo\u017cna ogl\u0105da\u0107 od 16 kwietnia. Pierwszego dnia, w Niedziel\u0119 Bo\u017cego Mi\u0142osierdzia zwiedzi\u0142y j\u0105 132 osoby. W trwaj\u0105cym 79. Tygodniu Mi\u0142osierdzia warto przypomnie\u0107 sylwetk\u0119 marianina, kt\u00f3ry [&hellip;]"}