{"version":"1.0","provider_name":"HEILIGTUM IN LICHENIEN","provider_url":"https:\/\/www.lichen.pl\/de","title":"Dzie\u0144 modlitw te\u015bciowych i synowych - SANKTUARIUM W LICHENIU","type":"rich","width":600,"height":338,"html":"<blockquote class=\"wp-embedded-content\" data-secret=\"3Fsz3fOwWg\"><a href=\"https:\/\/www.lichen.pl\/de\/tesciow-i-synowe\/\">Dzie\u0144 modlitw te\u015bciowych i synowych<\/a><\/blockquote><iframe sandbox=\"allow-scripts\" security=\"restricted\" src=\"https:\/\/www.lichen.pl\/de\/tesciow-i-synowe\/embed\/#?secret=3Fsz3fOwWg\" width=\"600\" height=\"338\" title=\"&#8222;Dzie\u0144 modlitw te\u015bciowych i synowych&#8220; &#8211; SANKTUARIUM W LICHENIU\" data-secret=\"3Fsz3fOwWg\" frameborder=\"0\" marginwidth=\"0\" marginheight=\"0\" scrolling=\"no\" class=\"wp-embedded-content\"><\/iframe><script>\n\/*! This file is auto-generated *\/\n!function(d,l){\"use strict\";l.querySelector&&d.addEventListener&&\"undefined\"!=typeof URL&&(d.wp=d.wp||{},d.wp.receiveEmbedMessage||(d.wp.receiveEmbedMessage=function(e){var t=e.data;if((t||t.secret||t.message||t.value)&&!\/[^a-zA-Z0-9]\/.test(t.secret)){for(var s,r,n,a=l.querySelectorAll('iframe[data-secret=\"'+t.secret+'\"]'),o=l.querySelectorAll('blockquote[data-secret=\"'+t.secret+'\"]'),c=new RegExp(\"^https?:$\",\"i\"),i=0;i<o.length;i++)o[i].style.display=\"none\";for(i=0;i<a.length;i++)s=a[i],e.source===s.contentWindow&&(s.removeAttribute(\"style\"),\"height\"===t.message?(1e3<(r=parseInt(t.value,10))?r=1e3:~~r<200&&(r=200),s.height=r):\"link\"===t.message&&(r=new URL(s.getAttribute(\"src\")),n=new URL(t.value),c.test(n.protocol))&&n.host===r.host&&l.activeElement===s&&(d.top.location.href=t.value))}},d.addEventListener(\"message\",d.wp.receiveEmbedMessage,!1),l.addEventListener(\"DOMContentLoaded\",function(){for(var e,t,s=l.querySelectorAll(\"iframe.wp-embedded-content\"),r=0;r<s.length;r++)(t=(e=s[r]).getAttribute(\"data-secret\"))||(t=Math.random().toString(36).substring(2,12),e.src+=\"#?secret=\"+t,e.setAttribute(\"data-secret\",t)),e.contentWindow.postMessage({message:\"ready\",secret:t},\"*\")},!1)))}(window,document);\n\/\/# sourceURL=https:\/\/www.lichen.pl\/wp-includes\/js\/wp-embed.min.js\n<\/script>","thumbnail_url":"https:\/\/www.lichen.pl\/wp-content\/uploads\/2023\/07\/fb_img_1688632846749-e1688638473593.jpg","thumbnail_width":960,"thumbnail_height":422,"description":"W sobot\u0119, 8 lipca w liche\u0144skim sanktuarium obchodzono Dzie\u0144 modlitw z b\u0142. Mariann\u0105 Biernack\u0105, czyli Dzie\u0144 modlitw te\u015bciowych i synowych. B\u0142. Marianna to jedna ze 108 m\u0119czennik\u00f3w II wojny \u015bwiatowej. Odda\u0142a swoje \u017cycie w zamian za \u017cycie swojej synowej podczas pacyfikacji wsi przez Niemc\u00f3w. \u2013 W przepi\u0119kny spos\u00f3b na\u015bladowa\u0142a Tego, kt\u00f3ry odda\u0142 za ka\u017cdego cz\u0142owieka [&hellip;]"}