{"id":18181,"date":"2021-07-09T09:11:51","date_gmt":"2021-07-09T09:11:51","guid":{"rendered":"http:\/\/www.lichen.pl\/?page_id=18181"},"modified":"2022-08-11T10:55:23","modified_gmt":"2022-08-11T08:55:23","slug":"koronacja-obrazu-matki-bozej-lichenskiej","status":"publish","type":"page","link":"https:\/\/www.lichen.pl\/de\/koronacja-obrazu-matki-bozej-lichenskiej\/","title":{"rendered":"Kr\u00f6nung des Bildes Unserer Lieben Frau von Flechten"},"content":{"rendered":"<div data-elementor-type=\"wp-page\" data-elementor-id=\"18181\" class=\"elementor elementor-18181\" data-elementor-post-type=\"page\">\n\t\t\t\t\t\t<section class=\"elementor-section elementor-top-section elementor-element elementor-element-5945095 elementor-section-boxed elementor-section-height-default elementor-section-height-default\" data-id=\"5945095\" data-element_type=\"section\" data-e-type=\"section\">\n\t\t\t\t\t\t<div class=\"elementor-container elementor-column-gap-default\">\n\t\t\t\t\t<div class=\"elementor-column elementor-col-100 elementor-top-column elementor-element elementor-element-6f5d876\" data-id=\"6f5d876\" data-element_type=\"column\" data-e-type=\"column\">\n\t\t\t<div class=\"elementor-widget-wrap elementor-element-populated\">\n\t\t\t\t\t\t<div class=\"elementor-element elementor-element-691334b elementor-widget elementor-widget-text-editor\" data-id=\"691334b\" data-element_type=\"widget\" data-e-type=\"widget\" data-widget_type=\"text-editor.default\">\n\t\t\t\t<div class=\"elementor-widget-container\">\n\t\t\t\t\t\t\t\t\t<p>Im Zusammenhang mit der landesweiten Feier des Jahrtausendjubil\u00e4ums der Taufe Polens 1966 ersuchte der polnische Episkopat Papst Paul VI. um ein Kr\u00f6nungsdekret f\u00fcr das wundert\u00e4tige Bild der Gottesmutter von Liche\u0144. Der Papst erlie\u00df ein solches Dekret, und die Kr\u00f6nung erfolgte am 15. August 1967 durch den Ehrw\u00fcrdigen Diener Gottes, Kardinal Stefan Wyszy\u0144ski, den Primas von Polen. Die durch das Dekret des Papstes verliehene Krone wird Papstkrone genannt. An der Kr\u00f6nung nahmen \u00fcber 20 Bisch\u00f6fe, zahlreiche Geistliche, Ordensleute und eine gro\u00dfe Zahl von Gl\u00e4ubigen teil. Vor der Kirche St. Dorothy, auf der rechten Seite befindet sich ein Gedenkkr\u00f6nungsaltar mit Blick auf den Platz, auf dem sich damals etwa 100.000 Menschen versammelten. Die Entscheidung, das Bild der Flechtenmadonna zu kr\u00f6nen, wurde aufgrund des Kultes des Bildes der Gl\u00e4ubigen getroffen.<\/p>\t\t\t\t\t\t\t\t<\/div>\n\t\t\t\t<\/div>\n\t\t\t\t<section class=\"elementor-section elementor-inner-section elementor-element elementor-element-c9d4aa8 elementor-section-boxed elementor-section-height-default elementor-section-height-default\" data-id=\"c9d4aa8\" data-element_type=\"section\" data-e-type=\"section\">\n\t\t\t\t\t\t<div class=\"elementor-container elementor-column-gap-default\">\n\t\t\t\t\t<div class=\"elementor-column elementor-col-50 elementor-inner-column elementor-element elementor-element-a494a72\" data-id=\"a494a72\" data-element_type=\"column\" data-e-type=\"column\">\n\t\t\t<div class=\"elementor-widget-wrap elementor-element-populated\">\n\t\t\t\t\t\t<div class=\"elementor-element elementor-element-95ba751 elementor-widget elementor-widget-image\" data-id=\"95ba751\" data-element_type=\"widget\" data-e-type=\"widget\" data-widget_type=\"image.default\">\n\t\t\t\t<div class=\"elementor-widget-container\">\n\t\t\t\t\t\t\t\t\t\t\t\t\t\t\t<img fetchpriority=\"high\" decoding=\"async\" width=\"320\" height=\"479\" src=\"https:\/\/www.lichen.pl\/wp-content\/uploads\/2021\/07\/2-Koronacja-1967.jpg\" class=\"attachment-medium_large size-medium_large wp-image-18285\" alt=\"\" srcset=\"https:\/\/www.lichen.pl\/wp-content\/uploads\/2021\/07\/2-Koronacja-1967.jpg 320w, https:\/\/www.lichen.pl\/wp-content\/uploads\/2021\/07\/2-Koronacja-1967-200x300.jpg 200w\" sizes=\"(max-width: 320px) 100vw, 320px\" \/>\t\t\t\t\t\t\t\t\t\t\t\t\t\t\t<\/div>\n\t\t\t\t<\/div>\n\t\t\t\t\t<\/div>\n\t\t<\/div>\n\t\t\t\t<div class=\"elementor-column elementor-col-50 elementor-inner-column elementor-element elementor-element-ba3a81a\" data-id=\"ba3a81a\" data-element_type=\"column\" data-e-type=\"column\">\n\t\t\t<div class=\"elementor-widget-wrap elementor-element-populated\">\n\t\t\t\t\t\t<div class=\"elementor-element elementor-element-33dda78 elementor-blockquote--align-center elementor-blockquote--skin-border elementor-widget elementor-widget-blockquote\" data-id=\"33dda78\" data-element_type=\"widget\" data-e-type=\"widget\" data-widget_type=\"blockquote.default\">\n\t\t\t\t<div class=\"elementor-widget-container\">\n\t\t\t\t\t\t\t<blockquote class=\"elementor-blockquote\">\n\t\t\t<p class=\"elementor-blockquote__content\">\n\t\t\t\tDie Welt braucht eine Mutter! Die Mutter Jesu Christi sah die Sehnsucht der Menschheitsfamilie voraus und sang deshalb im Magnificat: Von nun an werden mich alle Nationen selig nennen. Bezeichnenderweise wird Maria am Horizont des 20. Jahrhunderts umso mehr gezeigt, je mehr Menschen heute von Gott abzuweichen scheinen.\t\t\t<\/p>\n\t\t\t\t\t\t\t<div class=\"e-q-footer\">\n\t\t\t\t\t\t\t\t\t\t\t<cite class=\"elementor-blockquote__author\">Fr. Kardinal Stefan Wyszy\u0144ski, Primas von Polen, Auszug aus der Predigt w\u00e4hrend der Heiligen Messe. Kr\u00f6nung, 15. August 1967  <\/cite>\n\t\t\t\t\t\t\t\t\t\t\t\t\t\t<\/div>\n\t\t\t\t\t<\/blockquote>\n\t\t\t\t\t\t<\/div>\n\t\t\t\t<\/div>\n\t\t\t\t\t<\/div>\n\t\t<\/div>\n\t\t\t\t\t<\/div>\n\t\t<\/section>\n\t\t\t\t<div class=\"elementor-element elementor-element-6f9008b elementor-widget elementor-widget-text-editor\" data-id=\"6f9008b\" data-element_type=\"widget\" data-e-type=\"widget\" data-widget_type=\"text-editor.default\">\n\t\t\t\t<div class=\"elementor-widget-container\">\n\t\t\t\t\t\t\t\t\t<p>Die Kr\u00f6nungszeremonien begannen um 11.30 Uhr. Nachdem das Gem\u00e4lde auf der Mensa des Altars platziert war, wurde P. Antoni Paw\u0142owski, Ordinarius der Di\u00f6zese W\u0142oc\u0142awek, begr\u00fc\u00dft die Ehreng\u00e4ste, dann P. der Kanoniker von \u0141asa verlas das Kr\u00f6nungsdekret des Heiligen Vaters. Paul VI. Mit dem Chorgesang &quot;Rejoice, Queen, nice&quot; werden die vier Kr\u00f6ner, n\u00e4mlich: Fr. Kardinal Stefan Wyszy\u0144ski, Primas von Polen, P. Bischof Antoni Paw\u0142owski, P. Erzbischof Antoni Baraniak und P. Bischof Wilhelm Pluta, mit goldenem Umhang, Mitra und Bischofsstab in der Hand, weihte und weihte die Papstkrone ein. Als dem Heiligen Bild die Krone aufgesetzt wurde, wurde die feierliche Stille durch den gro\u00dfen Hornruf des Orchesters gebrochen, und eine triumphierende Glocke l\u00e4utete vom Kirchturm.<\/p><p>Am Tag der Kr\u00f6nung des wundert\u00e4tigen Bildes Unserer Lieben Frau von Liche\u0144, des Primas von Polen, Card. Stefan Wyszy\u0144ski hielt zwei Predigten. Der erste in der Messe. mit Beteiligung der Jugendlichen um 10.00 Uhr unter der Leitung von Fr. Bischof Bogdan Sikorski aus P\u0142ock und der andere w\u00e4hrend der Heiligen Messe. um 12.00 Uhr unter Beteiligung aller Gl\u00e4ubigen.<\/p>\t\t\t\t\t\t\t\t<\/div>\n\t\t\t\t<\/div>\n\t\t\t\t<section class=\"elementor-section elementor-inner-section elementor-element elementor-element-d972dd6 elementor-section-boxed elementor-section-height-default elementor-section-height-default\" data-id=\"d972dd6\" data-element_type=\"section\" data-e-type=\"section\">\n\t\t\t\t\t\t<div class=\"elementor-container elementor-column-gap-default\">\n\t\t\t\t\t<div class=\"elementor-column elementor-col-50 elementor-inner-column elementor-element elementor-element-2a58cf1\" data-id=\"2a58cf1\" data-element_type=\"column\" data-e-type=\"column\">\n\t\t\t<div class=\"elementor-widget-wrap elementor-element-populated\">\n\t\t\t\t\t\t<div class=\"elementor-element elementor-element-054a232 elementor-widget elementor-widget-text-editor\" data-id=\"054a232\" data-element_type=\"widget\" data-e-type=\"widget\" data-widget_type=\"text-editor.default\">\n\t\t\t\t<div class=\"elementor-widget-container\">\n\t\t\t\t\t\t\t\t\t<p>Die Kr\u00f6nung von Liche\u0144 war ein gro\u00dfes religi\u00f6ses Treffen, das alle vorherigen \u00fcbertraf und das Heiligtum \u00fcber die unmittelbare Umgebung hinaus bekannt machte. Die Vorbereitungen f\u00fcr die Kr\u00f6nungszeremonie trugen dazu bei, das Umfeld der Kirche zu organisieren und an den Empfang von Pilgern anzupassen. Damals stand auf einem niedrigen H\u00fcgel eine stark besch\u00e4digte Kirche mit einem kleinen, verfallenden Presbyterium. Es gab auch eine v\u00f6llig verfallene Kapelle auf dem Friedhof, Haufen von verrottenden B\u00e4umen, einen morschen Zaun. Bis zur Kr\u00f6nung war Flechten nur im Bistum W\u0142oc\u0142awek bekannt. Sobald das Wunderbild gekr\u00f6nt war, kamen Pilger aus ganz Polen und dem Ausland zum Heiligtum von Liche\u0144.<\/p>\t\t\t\t\t\t\t\t<\/div>\n\t\t\t\t<\/div>\n\t\t\t\t<div class=\"elementor-element elementor-element-b01a8c4 elementor-widget elementor-widget-text-editor\" data-id=\"b01a8c4\" data-element_type=\"widget\" data-e-type=\"widget\" data-widget_type=\"text-editor.default\">\n\t\t\t\t<div class=\"elementor-widget-container\">\n\t\t\t\t\t\t\t\t\t<p>Vor der Kr\u00f6nung wurde das Gem\u00e4lde in Warschau konserviert. Das silberne Kleid, das die nationalen Elemente - den Adler und die Inschrift - verborgen hatte, war nach dem Fall des Januaraufstands vor den Augen der Teilungsm\u00e4chte verborgen. Unserer Lieben Frau wurde ein neues Gewand und eine Krone geschenkt. Das Bild wurde in einen vergoldeten Rahmen mit acht geschnitzten polnischen Adlern gelegt. Es gibt Wappen: Papst, Primas, Marien und Flechten. Der Hintergrund ist mit k\u00f6niglichem Purpur gezeichnet.<\/p><p>In Vorbereitung auf die Zeremonie wurde die Geschichte des f\u00fcr seine Gnaden ber\u00fchmten Bildes zusammengestellt und unter vielen Gl\u00e4ubigen verbreitet. Die Auszeichnung des Bildes mit Papstkronen war eine Art Siegel der kirchlichen Autorit\u00e4t f\u00fcr den in Liche\u0144 bestehenden Kult. Diese Tatsache kann als indirekte Anerkennung der Erscheinungen durch die kirchlichen Autorit\u00e4ten im Zusammenhang mit der lokalen Malerei angesehen werden. Mit der Kr\u00f6nung begann eine neue Etappe in der Geschichte des Heiligtums.<\/p>\t\t\t\t\t\t\t\t<\/div>\n\t\t\t\t<\/div>\n\t\t\t\t\t<\/div>\n\t\t<\/div>\n\t\t\t\t<div class=\"elementor-column elementor-col-50 elementor-inner-column elementor-element elementor-element-4e278d7\" data-id=\"4e278d7\" data-element_type=\"column\" data-e-type=\"column\">\n\t\t\t<div class=\"elementor-widget-wrap elementor-element-populated\">\n\t\t\t\t\t\t<div class=\"elementor-element elementor-element-94728da elementor-widget elementor-widget-image\" data-id=\"94728da\" data-element_type=\"widget\" data-e-type=\"widget\" data-widget_type=\"image.default\">\n\t\t\t\t<div class=\"elementor-widget-container\">\n\t\t\t\t\t\t\t\t\t\t\t\t\t\t\t<img decoding=\"async\" width=\"768\" height=\"1153\" src=\"https:\/\/www.lichen.pl\/wp-content\/uploads\/2021\/07\/1-Koronacja-1967-768x1153.jpg\" class=\"attachment-medium_large size-medium_large wp-image-18290\" alt=\"\" srcset=\"https:\/\/www.lichen.pl\/wp-content\/uploads\/2021\/07\/1-Koronacja-1967-768x1153.jpg 768w, https:\/\/www.lichen.pl\/wp-content\/uploads\/2021\/07\/1-Koronacja-1967-200x300.jpg 200w, https:\/\/www.lichen.pl\/wp-content\/uploads\/2021\/07\/1-Koronacja-1967-682x1024.jpg 682w, https:\/\/www.lichen.pl\/wp-content\/uploads\/2021\/07\/1-Koronacja-1967.jpg 799w\" sizes=\"(max-width: 768px) 100vw, 768px\" \/>\t\t\t\t\t\t\t\t\t\t\t\t\t\t\t<\/div>\n\t\t\t\t<\/div>\n\t\t\t\t\t<\/div>\n\t\t<\/div>\n\t\t\t\t\t<\/div>\n\t\t<\/section>\n\t\t\t\t\t<\/div>\n\t\t<\/div>\n\t\t\t\t\t<\/div>\n\t\t<\/section>\n\t\t\t\t<section class=\"elementor-section elementor-top-section elementor-element elementor-element-d9f887f elementor-section-boxed elementor-section-height-default elementor-section-height-default\" data-id=\"d9f887f\" data-element_type=\"section\" data-e-type=\"section\">\n\t\t\t\t\t\t<div class=\"elementor-container elementor-column-gap-default\">\n\t\t\t\t\t<div class=\"elementor-column elementor-col-100 elementor-top-column elementor-element elementor-element-488ddde\" data-id=\"488ddde\" data-element_type=\"column\" data-e-type=\"column\">\n\t\t\t<div class=\"elementor-widget-wrap elementor-element-populated\">\n\t\t\t\t\t\t<div class=\"elementor-element elementor-element-55857b8 elementor-widget-divider--view-line elementor-widget elementor-widget-divider\" data-id=\"55857b8\" data-element_type=\"widget\" data-e-type=\"widget\" data-widget_type=\"divider.default\">\n\t\t\t\t<div class=\"elementor-widget-container\">\n\t\t\t\t\t\t\t<div class=\"elementor-divider\">\n\t\t\t<span class=\"elementor-divider-separator\">\n\t\t\t\t\t\t<\/span>\n\t\t<\/div>\n\t\t\t\t\t\t<\/div>\n\t\t\t\t<\/div>\n\t\t\t\t\t<\/div>\n\t\t<\/div>\n\t\t\t\t\t<\/div>\n\t\t<\/section>\n\t\t\t\t<\/div>","protected":false},"excerpt":{"rendered":"<p>W zwi\u0105zku z og\u00f3lnopolskimi obchodami jubileuszu Tysi\u0105clecia Chrztu Polski w 1966 roku Episkopat Polski skierowa\u0142 wniosek do papie\u017ca Paw\u0142a VI o wydanie dekretu koronacyjnego dla Cudownego Wizerunku Matki Bo\u017cej Liche\u0144skiej. Papie\u017c taki dekret wyda\u0142, a koronacji dokona\u0142 15 sierpnia 1967 roku Czcigodny S\u0142uga Bo\u017cy, kardyna\u0142 Stefan Wyszy\u0144ski, prymas Polski. Korona nadana na mocy dekretu papie\u017ca [&hellip;]<\/p>\n","protected":false},"author":2,"featured_media":0,"parent":0,"menu_order":0,"comment_status":"closed","ping_status":"closed","template":"","meta":{"footnotes":""},"class_list":["post-18181","page","type-page","status-publish","hentry","wpbf-post"],"yoast_head":"<!-- This site is optimized with the Yoast SEO plugin v27.4 - https:\/\/yoast.com\/product\/yoast-seo-wordpress\/ -->\n<title>Koronacja obrazu Matki Bo\u017cej Liche\u0144skiej - SANKTUARIUM W LICHENIU<\/title>\n<meta name=\"robots\" content=\"index, follow, max-snippet:-1, max-image-preview:large, max-video-preview:-1\" \/>\n<link rel=\"canonical\" href=\"https:\/\/www.lichen.pl\/de\/koronacja-obrazu-matki-bozej-lichenskiej\/\" \/>\n<meta property=\"og:locale\" content=\"de_DE\" \/>\n<meta property=\"og:type\" content=\"article\" \/>\n<meta property=\"og:title\" content=\"Koronacja obrazu Matki Bo\u017cej Liche\u0144skiej - SANKTUARIUM W LICHENIU\" \/>\n<meta property=\"og:description\" content=\"W zwi\u0105zku z og\u00f3lnopolskimi obchodami jubileuszu Tysi\u0105clecia Chrztu Polski w 1966 roku Episkopat Polski skierowa\u0142 wniosek do papie\u017ca Paw\u0142a VI o wydanie dekretu koronacyjnego dla Cudownego Wizerunku Matki Bo\u017cej Liche\u0144skiej. Papie\u017c taki dekret wyda\u0142, a koronacji dokona\u0142 15 sierpnia 1967 roku Czcigodny S\u0142uga Bo\u017cy, kardyna\u0142 Stefan Wyszy\u0144ski, prymas Polski. Korona nadana na mocy dekretu papie\u017ca [&hellip;]\" \/>\n<meta property=\"og:url\" content=\"https:\/\/www.lichen.pl\/de\/koronacja-obrazu-matki-bozej-lichenskiej\/\" \/>\n<meta property=\"og:site_name\" content=\"SANKTUARIUM W LICHENIU\" \/>\n<meta property=\"article:modified_time\" content=\"2022-08-11T08:55:23+00:00\" \/>\n<meta property=\"og:image\" content=\"https:\/\/www.lichen.pl\/wp-content\/uploads\/2021\/07\/2-Koronacja-1967.jpg\" \/>\n<meta name=\"twitter:card\" content=\"summary_large_image\" \/>\n<meta name=\"twitter:label1\" content=\"Gesch\u00e4tzte Lesezeit\" \/>\n\t<meta name=\"twitter:data1\" content=\"4\u00a0Minuten\" \/>\n<script type=\"application\/ld+json\" class=\"yoast-schema-graph\">{\"@context\":\"https:\\\/\\\/schema.org\",\"@graph\":[{\"@type\":\"WebPage\",\"@id\":\"https:\\\/\\\/www.lichen.pl\\\/koronacja-obrazu-matki-bozej-lichenskiej\\\/\",\"url\":\"https:\\\/\\\/www.lichen.pl\\\/koronacja-obrazu-matki-bozej-lichenskiej\\\/\",\"name\":\"Koronacja obrazu Matki Bo\u017cej Liche\u0144skiej - SANKTUARIUM W LICHENIU\",\"isPartOf\":{\"@id\":\"https:\\\/\\\/www.lichen.pl\\\/fr\\\/#website\"},\"primaryImageOfPage\":{\"@id\":\"https:\\\/\\\/www.lichen.pl\\\/koronacja-obrazu-matki-bozej-lichenskiej\\\/#primaryimage\"},\"image\":{\"@id\":\"https:\\\/\\\/www.lichen.pl\\\/koronacja-obrazu-matki-bozej-lichenskiej\\\/#primaryimage\"},\"thumbnailUrl\":\"https:\\\/\\\/www.lichen.pl\\\/wp-content\\\/uploads\\\/2021\\\/07\\\/2-Koronacja-1967.jpg\",\"datePublished\":\"2021-07-09T09:11:51+00:00\",\"dateModified\":\"2022-08-11T08:55:23+00:00\",\"breadcrumb\":{\"@id\":\"https:\\\/\\\/www.lichen.pl\\\/koronacja-obrazu-matki-bozej-lichenskiej\\\/#breadcrumb\"},\"inLanguage\":\"de\",\"potentialAction\":[{\"@type\":\"ReadAction\",\"target\":[\"https:\\\/\\\/www.lichen.pl\\\/koronacja-obrazu-matki-bozej-lichenskiej\\\/\"]}]},{\"@type\":\"ImageObject\",\"inLanguage\":\"de\",\"@id\":\"https:\\\/\\\/www.lichen.pl\\\/koronacja-obrazu-matki-bozej-lichenskiej\\\/#primaryimage\",\"url\":\"https:\\\/\\\/www.lichen.pl\\\/wp-content\\\/uploads\\\/2021\\\/07\\\/2-Koronacja-1967.jpg\",\"contentUrl\":\"https:\\\/\\\/www.lichen.pl\\\/wp-content\\\/uploads\\\/2021\\\/07\\\/2-Koronacja-1967.jpg\"},{\"@type\":\"BreadcrumbList\",\"@id\":\"https:\\\/\\\/www.lichen.pl\\\/koronacja-obrazu-matki-bozej-lichenskiej\\\/#breadcrumb\",\"itemListElement\":[{\"@type\":\"ListItem\",\"position\":1,\"name\":\"Strona g\u0142\u00f3wna\",\"item\":\"https:\\\/\\\/www.lichen.pl\\\/\"},{\"@type\":\"ListItem\",\"position\":2,\"name\":\"Koronacja obrazu Matki Bo\u017cej Liche\u0144skiej\"}]},{\"@type\":\"WebSite\",\"@id\":\"https:\\\/\\\/www.lichen.pl\\\/fr\\\/#website\",\"url\":\"https:\\\/\\\/www.lichen.pl\\\/fr\\\/\",\"name\":\"SANKTUARIUM W LICHENIU\",\"description\":\"MATKI BO\u017bEJ LICHE\u0143SKIEJ BOLESNEJ KR\u00d3LOWEJ POLSKI\",\"potentialAction\":[{\"@type\":\"SearchAction\",\"target\":{\"@type\":\"EntryPoint\",\"urlTemplate\":\"https:\\\/\\\/www.lichen.pl\\\/fr\\\/?s={search_term_string}\"},\"query-input\":{\"@type\":\"PropertyValueSpecification\",\"valueRequired\":true,\"valueName\":\"search_term_string\"}}],\"inLanguage\":\"de\"}]}<\/script>\n<!-- \/ Yoast SEO plugin. -->","yoast_head_json":{"title":"Koronacja obrazu Matki Bo\u017cej Liche\u0144skiej - SANKTUARIUM W LICHENIU","robots":{"index":"index","follow":"follow","max-snippet":"max-snippet:-1","max-image-preview":"max-image-preview:large","max-video-preview":"max-video-preview:-1"},"canonical":"https:\/\/www.lichen.pl\/de\/koronacja-obrazu-matki-bozej-lichenskiej\/","og_locale":"de_DE","og_type":"article","og_title":"Koronacja obrazu Matki Bo\u017cej Liche\u0144skiej - SANKTUARIUM W LICHENIU","og_description":"W zwi\u0105zku z og\u00f3lnopolskimi obchodami jubileuszu Tysi\u0105clecia Chrztu Polski w 1966 roku Episkopat Polski skierowa\u0142 wniosek do papie\u017ca Paw\u0142a VI o wydanie dekretu koronacyjnego dla Cudownego Wizerunku Matki Bo\u017cej Liche\u0144skiej. Papie\u017c taki dekret wyda\u0142, a koronacji dokona\u0142 15 sierpnia 1967 roku Czcigodny S\u0142uga Bo\u017cy, kardyna\u0142 Stefan Wyszy\u0144ski, prymas Polski. Korona nadana na mocy dekretu papie\u017ca [&hellip;]","og_url":"https:\/\/www.lichen.pl\/de\/koronacja-obrazu-matki-bozej-lichenskiej\/","og_site_name":"SANKTUARIUM W LICHENIU","article_modified_time":"2022-08-11T08:55:23+00:00","og_image":[{"url":"https:\/\/www.lichen.pl\/wp-content\/uploads\/2021\/07\/2-Koronacja-1967.jpg","type":"","width":"","height":""}],"twitter_card":"summary_large_image","twitter_misc":{"Gesch\u00e4tzte Lesezeit":"4\u00a0Minuten"},"schema":{"@context":"https:\/\/schema.org","@graph":[{"@type":"WebPage","@id":"https:\/\/www.lichen.pl\/koronacja-obrazu-matki-bozej-lichenskiej\/","url":"https:\/\/www.lichen.pl\/koronacja-obrazu-matki-bozej-lichenskiej\/","name":"Koronacja obrazu Matki Bo\u017cej Liche\u0144skiej - SANKTUARIUM W LICHENIU","isPartOf":{"@id":"https:\/\/www.lichen.pl\/fr\/#website"},"primaryImageOfPage":{"@id":"https:\/\/www.lichen.pl\/koronacja-obrazu-matki-bozej-lichenskiej\/#primaryimage"},"image":{"@id":"https:\/\/www.lichen.pl\/koronacja-obrazu-matki-bozej-lichenskiej\/#primaryimage"},"thumbnailUrl":"https:\/\/www.lichen.pl\/wp-content\/uploads\/2021\/07\/2-Koronacja-1967.jpg","datePublished":"2021-07-09T09:11:51+00:00","dateModified":"2022-08-11T08:55:23+00:00","breadcrumb":{"@id":"https:\/\/www.lichen.pl\/koronacja-obrazu-matki-bozej-lichenskiej\/#breadcrumb"},"inLanguage":"de","potentialAction":[{"@type":"ReadAction","target":["https:\/\/www.lichen.pl\/koronacja-obrazu-matki-bozej-lichenskiej\/"]}]},{"@type":"ImageObject","inLanguage":"de","@id":"https:\/\/www.lichen.pl\/koronacja-obrazu-matki-bozej-lichenskiej\/#primaryimage","url":"https:\/\/www.lichen.pl\/wp-content\/uploads\/2021\/07\/2-Koronacja-1967.jpg","contentUrl":"https:\/\/www.lichen.pl\/wp-content\/uploads\/2021\/07\/2-Koronacja-1967.jpg"},{"@type":"BreadcrumbList","@id":"https:\/\/www.lichen.pl\/koronacja-obrazu-matki-bozej-lichenskiej\/#breadcrumb","itemListElement":[{"@type":"ListItem","position":1,"name":"Strona g\u0142\u00f3wna","item":"https:\/\/www.lichen.pl\/"},{"@type":"ListItem","position":2,"name":"Koronacja obrazu Matki Bo\u017cej Liche\u0144skiej"}]},{"@type":"WebSite","@id":"https:\/\/www.lichen.pl\/fr\/#website","url":"https:\/\/www.lichen.pl\/fr\/","name":"HEILIGTUM IN LICHENIEN","description":"DIE TRAURIGE K\u00d6NIGIN UNSERER FLECHEN VON POLEN","potentialAction":[{"@type":"SearchAction","target":{"@type":"EntryPoint","urlTemplate":"https:\/\/www.lichen.pl\/fr\/?s={search_term_string}"},"query-input":{"@type":"PropertyValueSpecification","valueRequired":true,"valueName":"search_term_string"}}],"inLanguage":"de"}]}},"_links":{"self":[{"href":"https:\/\/www.lichen.pl\/de\/wp-json\/wp\/v2\/pages\/18181","targetHints":{"allow":["GET"]}}],"collection":[{"href":"https:\/\/www.lichen.pl\/de\/wp-json\/wp\/v2\/pages"}],"about":[{"href":"https:\/\/www.lichen.pl\/de\/wp-json\/wp\/v2\/types\/page"}],"author":[{"embeddable":true,"href":"https:\/\/www.lichen.pl\/de\/wp-json\/wp\/v2\/users\/2"}],"replies":[{"embeddable":true,"href":"https:\/\/www.lichen.pl\/de\/wp-json\/wp\/v2\/comments?post=18181"}],"version-history":[{"count":14,"href":"https:\/\/www.lichen.pl\/de\/wp-json\/wp\/v2\/pages\/18181\/revisions"}],"predecessor-version":[{"id":44041,"href":"https:\/\/www.lichen.pl\/de\/wp-json\/wp\/v2\/pages\/18181\/revisions\/44041"}],"wp:attachment":[{"href":"https:\/\/www.lichen.pl\/de\/wp-json\/wp\/v2\/media?parent=18181"}],"curies":[{"name":"wp","href":"https:\/\/api.w.org\/{rel}","templated":true}]}}