{"id":4422,"date":"2021-03-24T09:10:18","date_gmt":"2021-03-24T09:10:18","guid":{"rendered":"http:\/\/www.lichen.pl\/?page_id=4422"},"modified":"2021-12-15T13:21:55","modified_gmt":"2021-12-15T12:21:55","slug":"informacje-covid","status":"publish","type":"page","link":"https:\/\/www.lichen.pl\/de\/informacje-covid\/","title":{"rendered":"COVID-Informationen"},"content":{"rendered":"<div data-elementor-type=\"wp-page\" data-elementor-id=\"4422\" class=\"elementor elementor-4422\" data-elementor-post-type=\"page\">\n\t\t\t\t\t\t<section class=\"elementor-section elementor-top-section elementor-element elementor-element-6d5026f elementor-section-boxed elementor-section-height-default elementor-section-height-default\" data-id=\"6d5026f\" data-element_type=\"section\" data-e-type=\"section\">\n\t\t\t\t\t\t<div class=\"elementor-container elementor-column-gap-default\">\n\t\t\t\t\t<div class=\"elementor-column elementor-col-100 elementor-top-column elementor-element elementor-element-1993266\" data-id=\"1993266\" data-element_type=\"column\" data-e-type=\"column\">\n\t\t\t<div class=\"elementor-widget-wrap elementor-element-populated\">\n\t\t\t\t\t\t<div class=\"elementor-element elementor-element-6f54fe3 elementor-widget elementor-widget-text-editor\" data-id=\"6f54fe3\" data-element_type=\"widget\" data-e-type=\"widget\" data-widget_type=\"text-editor.default\">\n\t\t\t\t<div class=\"elementor-widget-container\">\n\t\t\t\t\t\t\t\t\t<p style=\"text-align: center;\"><span style=\"color: #800000;\"><strong>Ab 15. Dezember 2021 - in Tempeln eine maximale Belegung von 30%<\/strong><\/span><\/p><p style=\"text-align: center;\"><span style=\"color: #000000;\">IN<\/span><span style=\"color: #000000;\"> obere Basilika <\/span><span style=\"color: #000000;\">3 k\u00f6nnen gleichzeitig bleiben<\/span><span style=\"color: #000000;\">\u00a0tausend Menschen. <\/span><\/p><p style=\"text-align: center;\"><span style=\"color: #000000;\">Die Grenze gilt nicht f\u00fcr geimpfte Personen und Kinder unter 12 Jahren.<\/span><\/p><p style=\"text-align: left;\">\u00a0<\/p>\t\t\t\t\t\t\t\t<\/div>\n\t\t\t\t<\/div>\n\t\t\t\t<div class=\"elementor-element elementor-element-2d1a6f6 elementor-widget-divider--view-line elementor-widget elementor-widget-divider\" data-id=\"2d1a6f6\" data-element_type=\"widget\" data-e-type=\"widget\" data-widget_type=\"divider.default\">\n\t\t\t\t<div class=\"elementor-widget-container\">\n\t\t\t\t\t\t\t<div class=\"elementor-divider\">\n\t\t\t<span class=\"elementor-divider-separator\">\n\t\t\t\t\t\t<\/span>\n\t\t<\/div>\n\t\t\t\t\t\t<\/div>\n\t\t\t\t<\/div>\n\t\t\t\t\t<\/div>\n\t\t<\/div>\n\t\t\t\t\t<\/div>\n\t\t<\/section>\n\t\t\t\t<\/div>","protected":false},"excerpt":{"rendered":"<p>Od 15 grudnia 2021 r. &#8211; w \u015bwi\u0105tyniach maksymalnie 30% ob\u0142o\u017cenia W bazylice g\u00f3rnej jednocze\u015bnie mo\u017ce przebywa\u0107 3\u00a0tys. os\u00f3b. Limit nie obowi\u0105zuje os\u00f3b zaszczepionych oraz dzieci do lat 12. \u00a0<\/p>","protected":false},"author":2,"featured_media":0,"parent":0,"menu_order":0,"comment_status":"closed","ping_status":"closed","template":"","meta":{"footnotes":""},"class_list":["post-4422","page","type-page","status-publish","hentry","wpbf-post"],"yoast_head":"<!-- This site is optimized with the Yoast SEO plugin v27.4 - https:\/\/yoast.com\/product\/yoast-seo-wordpress\/ -->\n<title>Informacje COVID - SANKTUARIUM W LICHENIU<\/title>\n<meta name=\"robots\" content=\"index, follow, max-snippet:-1, max-image-preview:large, max-video-preview:-1\" \/>\n<link rel=\"canonical\" href=\"http:\/\/www.lichen.pl\/de\/informacje-covid\/\" \/>\n<meta property=\"og:locale\" content=\"de_DE\" \/>\n<meta property=\"og:type\" content=\"article\" \/>\n<meta property=\"og:title\" content=\"Informacje COVID - SANKTUARIUM W LICHENIU\" \/>\n<meta property=\"og:description\" content=\"Od 15 grudnia 2021 r. &#8211; w \u015bwi\u0105tyniach maksymalnie 30% ob\u0142o\u017cenia W bazylice g\u00f3rnej jednocze\u015bnie mo\u017ce przebywa\u0107 3\u00a0tys. os\u00f3b. Limit nie obowi\u0105zuje os\u00f3b zaszczepionych oraz dzieci do lat 12. \u00a0\" \/>\n<meta property=\"og:url\" content=\"http:\/\/www.lichen.pl\/de\/informacje-covid\/\" \/>\n<meta property=\"og:site_name\" content=\"SANKTUARIUM W LICHENIU\" \/>\n<meta property=\"article:modified_time\" content=\"2021-12-15T12:21:55+00:00\" \/>\n<meta name=\"twitter:card\" content=\"summary_large_image\" \/>\n<meta name=\"twitter:label1\" content=\"Gesch\u00e4tzte Lesezeit\" \/>\n\t<meta name=\"twitter:data1\" content=\"1\u00a0Minute\" \/>\n<script type=\"application\/ld+json\" class=\"yoast-schema-graph\">{\"@context\":\"https:\\\/\\\/schema.org\",\"@graph\":[{\"@type\":\"WebPage\",\"@id\":\"http:\\\/\\\/www.lichen.pl\\\/informacje-covid\\\/\",\"url\":\"http:\\\/\\\/www.lichen.pl\\\/informacje-covid\\\/\",\"name\":\"Informacje COVID - SANKTUARIUM W LICHENIU\",\"isPartOf\":{\"@id\":\"https:\\\/\\\/www.lichen.pl\\\/fr\\\/#website\"},\"datePublished\":\"2021-03-24T09:10:18+00:00\",\"dateModified\":\"2021-12-15T12:21:55+00:00\",\"breadcrumb\":{\"@id\":\"http:\\\/\\\/www.lichen.pl\\\/informacje-covid\\\/#breadcrumb\"},\"inLanguage\":\"de\",\"potentialAction\":[{\"@type\":\"ReadAction\",\"target\":[\"http:\\\/\\\/www.lichen.pl\\\/informacje-covid\\\/\"]}]},{\"@type\":\"BreadcrumbList\",\"@id\":\"http:\\\/\\\/www.lichen.pl\\\/informacje-covid\\\/#breadcrumb\",\"itemListElement\":[{\"@type\":\"ListItem\",\"position\":1,\"name\":\"Strona g\u0142\u00f3wna\",\"item\":\"https:\\\/\\\/www.lichen.pl\\\/\"},{\"@type\":\"ListItem\",\"position\":2,\"name\":\"Informacje COVID\"}]},{\"@type\":\"WebSite\",\"@id\":\"https:\\\/\\\/www.lichen.pl\\\/fr\\\/#website\",\"url\":\"https:\\\/\\\/www.lichen.pl\\\/fr\\\/\",\"name\":\"SANKTUARIUM W LICHENIU\",\"description\":\"MATKI BO\u017bEJ LICHE\u0143SKIEJ BOLESNEJ KR\u00d3LOWEJ POLSKI\",\"potentialAction\":[{\"@type\":\"SearchAction\",\"target\":{\"@type\":\"EntryPoint\",\"urlTemplate\":\"https:\\\/\\\/www.lichen.pl\\\/fr\\\/?s={search_term_string}\"},\"query-input\":{\"@type\":\"PropertyValueSpecification\",\"valueRequired\":true,\"valueName\":\"search_term_string\"}}],\"inLanguage\":\"de\"}]}<\/script>\n<!-- \/ Yoast SEO plugin. -->","yoast_head_json":{"title":"Informacje COVID - SANKTUARIUM W LICHENIU","robots":{"index":"index","follow":"follow","max-snippet":"max-snippet:-1","max-image-preview":"max-image-preview:large","max-video-preview":"max-video-preview:-1"},"canonical":"http:\/\/www.lichen.pl\/de\/informacje-covid\/","og_locale":"de_DE","og_type":"article","og_title":"Informacje COVID - SANKTUARIUM W LICHENIU","og_description":"Od 15 grudnia 2021 r. &#8211; w \u015bwi\u0105tyniach maksymalnie 30% ob\u0142o\u017cenia W bazylice g\u00f3rnej jednocze\u015bnie mo\u017ce przebywa\u0107 3\u00a0tys. os\u00f3b. Limit nie obowi\u0105zuje os\u00f3b zaszczepionych oraz dzieci do lat 12. \u00a0","og_url":"http:\/\/www.lichen.pl\/de\/informacje-covid\/","og_site_name":"SANKTUARIUM W LICHENIU","article_modified_time":"2021-12-15T12:21:55+00:00","twitter_card":"summary_large_image","twitter_misc":{"Gesch\u00e4tzte Lesezeit":"1\u00a0Minute"},"schema":{"@context":"https:\/\/schema.org","@graph":[{"@type":"WebPage","@id":"http:\/\/www.lichen.pl\/informacje-covid\/","url":"http:\/\/www.lichen.pl\/informacje-covid\/","name":"Informacje COVID - SANKTUARIUM W LICHENIU","isPartOf":{"@id":"https:\/\/www.lichen.pl\/fr\/#website"},"datePublished":"2021-03-24T09:10:18+00:00","dateModified":"2021-12-15T12:21:55+00:00","breadcrumb":{"@id":"http:\/\/www.lichen.pl\/informacje-covid\/#breadcrumb"},"inLanguage":"de","potentialAction":[{"@type":"ReadAction","target":["http:\/\/www.lichen.pl\/informacje-covid\/"]}]},{"@type":"BreadcrumbList","@id":"http:\/\/www.lichen.pl\/informacje-covid\/#breadcrumb","itemListElement":[{"@type":"ListItem","position":1,"name":"Strona g\u0142\u00f3wna","item":"https:\/\/www.lichen.pl\/"},{"@type":"ListItem","position":2,"name":"Informacje COVID"}]},{"@type":"WebSite","@id":"https:\/\/www.lichen.pl\/fr\/#website","url":"https:\/\/www.lichen.pl\/fr\/","name":"HEILIGTUM IN LICHENIEN","description":"DIE TRAURIGE K\u00d6NIGIN UNSERER FLECHEN VON POLEN","potentialAction":[{"@type":"SearchAction","target":{"@type":"EntryPoint","urlTemplate":"https:\/\/www.lichen.pl\/fr\/?s={search_term_string}"},"query-input":{"@type":"PropertyValueSpecification","valueRequired":true,"valueName":"search_term_string"}}],"inLanguage":"de"}]}},"_links":{"self":[{"href":"https:\/\/www.lichen.pl\/de\/wp-json\/wp\/v2\/pages\/4422","targetHints":{"allow":["GET"]}}],"collection":[{"href":"https:\/\/www.lichen.pl\/de\/wp-json\/wp\/v2\/pages"}],"about":[{"href":"https:\/\/www.lichen.pl\/de\/wp-json\/wp\/v2\/types\/page"}],"author":[{"embeddable":true,"href":"https:\/\/www.lichen.pl\/de\/wp-json\/wp\/v2\/users\/2"}],"replies":[{"embeddable":true,"href":"https:\/\/www.lichen.pl\/de\/wp-json\/wp\/v2\/comments?post=4422"}],"version-history":[{"count":35,"href":"https:\/\/www.lichen.pl\/de\/wp-json\/wp\/v2\/pages\/4422\/revisions"}],"predecessor-version":[{"id":34754,"href":"https:\/\/www.lichen.pl\/de\/wp-json\/wp\/v2\/pages\/4422\/revisions\/34754"}],"wp:attachment":[{"href":"https:\/\/www.lichen.pl\/de\/wp-json\/wp\/v2\/media?parent=4422"}],"curies":[{"name":"wp","href":"https:\/\/api.w.org\/{rel}","templated":true}]}}