{"id":55665,"date":"2023-07-17T21:19:53","date_gmt":"2023-07-17T19:19:53","guid":{"rendered":"https:\/\/www.lichen.pl\/?page_id=55665"},"modified":"2023-07-17T21:24:58","modified_gmt":"2023-07-17T19:24:58","slug":"pazdziernik-2021","status":"publish","type":"page","link":"https:\/\/www.lichen.pl\/de\/galeria-2021\/pazdziernik-2021\/","title":{"rendered":"Oktober 2021"},"content":{"rendered":"<div data-elementor-type=\"wp-page\" data-elementor-id=\"55665\" class=\"elementor elementor-55665\" data-elementor-post-type=\"page\">\n\t\t\t\t\t\t<section class=\"elementor-section elementor-top-section elementor-element elementor-element-ccccc6c elementor-section-boxed elementor-section-height-default elementor-section-height-default\" data-id=\"ccccc6c\" data-element_type=\"section\" data-e-type=\"section\">\n\t\t\t\t\t\t<div class=\"elementor-container elementor-column-gap-default\">\n\t\t\t\t\t<div class=\"elementor-column elementor-col-100 elementor-top-column elementor-element elementor-element-8c5ecf9\" data-id=\"8c5ecf9\" data-element_type=\"column\" data-e-type=\"column\">\n\t\t\t<div class=\"elementor-widget-wrap elementor-element-populated\">\n\t\t\t\t\t\t<div class=\"elementor-element elementor-element-78bdd58 elementor-gallery--filter-align-center elementor-widget elementor-widget-gallery\" data-id=\"78bdd58\" data-element_type=\"widget\" data-e-type=\"widget\" data-settings=\"{&quot;image_hover_animation&quot;:&quot;grow&quot;,&quot;columns&quot;:8,&quot;gap&quot;:{&quot;unit&quot;:&quot;px&quot;,&quot;size&quot;:4,&quot;sizes&quot;:[]},&quot;lazyload&quot;:&quot;yes&quot;,&quot;gallery_layout&quot;:&quot;grid&quot;,&quot;columns_tablet&quot;:2,&quot;columns_mobile&quot;:1,&quot;gap_tablet&quot;:{&quot;unit&quot;:&quot;px&quot;,&quot;size&quot;:10,&quot;sizes&quot;:[]},&quot;gap_mobile&quot;:{&quot;unit&quot;:&quot;px&quot;,&quot;size&quot;:10,&quot;sizes&quot;:[]},&quot;link_to&quot;:&quot;file&quot;,&quot;aspect_ratio&quot;:&quot;3:2&quot;,&quot;overlay_background&quot;:&quot;yes&quot;,&quot;content_hover_animation&quot;:&quot;fade-in&quot;}\" data-widget_type=\"gallery.default\">\n\t\t\t\t<div class=\"elementor-widget-container\">\n\t\t\t\t\t\t\t\t<div class=\"elementor-gallery__titles-container e--pointer-background e--animation-shutter-out-horizontal\" aria-label=\"Filtre de galerie\">\n\t\t\t\t\n\t\t\t\t\t\t\t\t\t<a class=\"elementor-item elementor-gallery-title\" role=\"button\" tabindex=\"0\" data-gallery-index=\"0\">\n\t\t\t\t\t\tAllerseelenmusik, 31. Oktober 2021\t\t\t\t\t<\/a>\n\t\t\t\t\t\t\t\t\t\t<a class=\"elementor-item elementor-gallery-title\" role=\"button\" tabindex=\"0\" data-gallery-index=\"1\">\n\t\t\t\t\t\tEr\u00f6ffnung des VLC-Ausbildungsjahres, 7. Oktober 2021.\t\t\t\t\t<\/a>\n\t\t\t\t\t\t\t\t\t\t<a class=\"elementor-item elementor-gallery-title\" role=\"button\" tabindex=\"0\" data-gallery-index=\"2\">\n\t\t\t\t\t\tTag der Gebete f\u00fcr diejenigen, die einen Ehemann oder eine Ehefrau suchen, 3. Oktober 2021.\t\t\t\t\t<\/a>\n\t\t\t\t\t\t\t\t<\/div>\n\t\t\t\t\t<div class=\"elementor-gallery__container\">\n\t\t\t\t\t\t\t<a class=\"e-gallery-item elementor-gallery-item elementor-animated-content\" data-e-gallery-tags=\"0\" href=\"https:\/\/www.lichen.pl\/wp-content\/uploads\/2021\/11\/Zaduszki-muzyczne-31-pazdziernika-2021-22.jpg\" data-elementor-open-lightbox=\"yes\" data-elementor-lightbox-slideshow=\"78bdd58\" data-elementor-lightbox-title=\"Zaduszki muzyczne 31 pa\u017adziernika 2021 22\" data-e-action-hash=\"#elementor-action%3Aaction%3Dlightbox%26settings%3DeyJpZCI6MzMxNzgsInVybCI6Imh0dHBzOlwvXC93d3cubGljaGVuLnBsXC93cC1jb250ZW50XC91cGxvYWRzXC8yMDIxXC8xMVwvWmFkdXN6a2ktbXV6eWN6bmUtMzEtcGF6ZHppZXJuaWthLTIwMjEtMjIuanBnIiwic2xpZGVzaG93IjoiNzhiZGQ1OCJ9\">\n\t\t\t\t\t<div class=\"e-gallery-image elementor-gallery-item__image\" data-thumbnail=\"https:\/\/www.lichen.pl\/wp-content\/uploads\/2021\/11\/Zaduszki-muzyczne-31-pazdziernika-2021-22-150x150.jpg\" data-width=\"150\" data-height=\"150\" aria-label=\"\" role=\"img\" ><\/div>\n\t\t\t\t\t\t\t\t\t\t\t<div class=\"elementor-gallery-item__overlay\"><\/div>\n\t\t\t\t\t\t\t\t\t\t\t\t\t\t<\/a>\n\t\t\t\t\t\t\t<a class=\"e-gallery-item elementor-gallery-item elementor-animated-content\" data-e-gallery-tags=\"0\" href=\"https:\/\/www.lichen.pl\/wp-content\/uploads\/2021\/11\/Zaduszki-muzyczne-31-pazdziernika-2021-21.jpg\" data-elementor-open-lightbox=\"yes\" data-elementor-lightbox-slideshow=\"78bdd58\" data-elementor-lightbox-title=\"Zaduszki muzyczne 31 pa\u017adziernika 2021 21\" data-e-action-hash=\"#elementor-action%3Aaction%3Dlightbox%26settings%3DeyJpZCI6MzMxNzcsInVybCI6Imh0dHBzOlwvXC93d3cubGljaGVuLnBsXC93cC1jb250ZW50XC91cGxvYWRzXC8yMDIxXC8xMVwvWmFkdXN6a2ktbXV6eWN6bmUtMzEtcGF6ZHppZXJuaWthLTIwMjEtMjEuanBnIiwic2xpZGVzaG93IjoiNzhiZGQ1OCJ9\">\n\t\t\t\t\t<div class=\"e-gallery-image elementor-gallery-item__image\" data-thumbnail=\"https:\/\/www.lichen.pl\/wp-content\/uploads\/2021\/11\/Zaduszki-muzyczne-31-pazdziernika-2021-21-150x150.jpg\" data-width=\"150\" data-height=\"150\" aria-label=\"\" role=\"img\" ><\/div>\n\t\t\t\t\t\t\t\t\t\t\t<div class=\"elementor-gallery-item__overlay\"><\/div>\n\t\t\t\t\t\t\t\t\t\t\t\t\t\t<\/a>\n\t\t\t\t\t\t\t<a class=\"e-gallery-item elementor-gallery-item elementor-animated-content\" data-e-gallery-tags=\"0\" href=\"https:\/\/www.lichen.pl\/wp-content\/uploads\/2021\/11\/Zaduszki-muzyczne-31-pazdziernika-2021-20.jpg\" data-elementor-open-lightbox=\"yes\" data-elementor-lightbox-slideshow=\"78bdd58\" data-elementor-lightbox-title=\"Zaduszki muzyczne 31 pa\u017adziernika 2021 20\" data-e-action-hash=\"#elementor-action%3Aaction%3Dlightbox%26settings%3DeyJpZCI6MzMxNzYsInVybCI6Imh0dHBzOlwvXC93d3cubGljaGVuLnBsXC93cC1jb250ZW50XC91cGxvYWRzXC8yMDIxXC8xMVwvWmFkdXN6a2ktbXV6eWN6bmUtMzEtcGF6ZHppZXJuaWthLTIwMjEtMjAuanBnIiwic2xpZGVzaG93IjoiNzhiZGQ1OCJ9\">\n\t\t\t\t\t<div class=\"e-gallery-image elementor-gallery-item__image\" data-thumbnail=\"https:\/\/www.lichen.pl\/wp-content\/uploads\/2021\/11\/Zaduszki-muzyczne-31-pazdziernika-2021-20-150x150.jpg\" data-width=\"150\" data-height=\"150\" aria-label=\"\" role=\"img\" ><\/div>\n\t\t\t\t\t\t\t\t\t\t\t<div class=\"elementor-gallery-item__overlay\"><\/div>\n\t\t\t\t\t\t\t\t\t\t\t\t\t\t<\/a>\n\t\t\t\t\t\t\t<a class=\"e-gallery-item elementor-gallery-item elementor-animated-content\" data-e-gallery-tags=\"0\" href=\"https:\/\/www.lichen.pl\/wp-content\/uploads\/2021\/11\/Zaduszki-muzyczne-31-pazdziernika-2021-19.jpg\" data-elementor-open-lightbox=\"yes\" data-elementor-lightbox-slideshow=\"78bdd58\" data-elementor-lightbox-title=\"Zaduszki muzyczne 31 pa\u017adziernika 2021 19\" data-e-action-hash=\"#elementor-action%3Aaction%3Dlightbox%26settings%3DeyJpZCI6MzMxNzUsInVybCI6Imh0dHBzOlwvXC93d3cubGljaGVuLnBsXC93cC1jb250ZW50XC91cGxvYWRzXC8yMDIxXC8xMVwvWmFkdXN6a2ktbXV6eWN6bmUtMzEtcGF6ZHppZXJuaWthLTIwMjEtMTkuanBnIiwic2xpZGVzaG93IjoiNzhiZGQ1OCJ9\">\n\t\t\t\t\t<div class=\"e-gallery-image elementor-gallery-item__image\" data-thumbnail=\"https:\/\/www.lichen.pl\/wp-content\/uploads\/2021\/11\/Zaduszki-muzyczne-31-pazdziernika-2021-19-150x150.jpg\" data-width=\"150\" data-height=\"150\" aria-label=\"\" role=\"img\" ><\/div>\n\t\t\t\t\t\t\t\t\t\t\t<div class=\"elementor-gallery-item__overlay\"><\/div>\n\t\t\t\t\t\t\t\t\t\t\t\t\t\t<\/a>\n\t\t\t\t\t\t\t<a class=\"e-gallery-item elementor-gallery-item elementor-animated-content\" data-e-gallery-tags=\"0\" href=\"https:\/\/www.lichen.pl\/wp-content\/uploads\/2021\/11\/Zaduszki-muzyczne-31-pazdziernika-2021-18.jpg\" data-elementor-open-lightbox=\"yes\" data-elementor-lightbox-slideshow=\"78bdd58\" data-elementor-lightbox-title=\"Zaduszki muzyczne 31 pa\u017adziernika 2021 18\" data-e-action-hash=\"#elementor-action%3Aaction%3Dlightbox%26settings%3DeyJpZCI6MzMxNzQsInVybCI6Imh0dHBzOlwvXC93d3cubGljaGVuLnBsXC93cC1jb250ZW50XC91cGxvYWRzXC8yMDIxXC8xMVwvWmFkdXN6a2ktbXV6eWN6bmUtMzEtcGF6ZHppZXJuaWthLTIwMjEtMTguanBnIiwic2xpZGVzaG93IjoiNzhiZGQ1OCJ9\">\n\t\t\t\t\t<div class=\"e-gallery-image elementor-gallery-item__image\" data-thumbnail=\"https:\/\/www.lichen.pl\/wp-content\/uploads\/2021\/11\/Zaduszki-muzyczne-31-pazdziernika-2021-18-150x150.jpg\" data-width=\"150\" data-height=\"150\" aria-label=\"\" role=\"img\" ><\/div>\n\t\t\t\t\t\t\t\t\t\t\t<div class=\"elementor-gallery-item__overlay\"><\/div>\n\t\t\t\t\t\t\t\t\t\t\t\t\t\t<\/a>\n\t\t\t\t\t\t\t<a class=\"e-gallery-item elementor-gallery-item elementor-animated-content\" data-e-gallery-tags=\"0\" href=\"https:\/\/www.lichen.pl\/wp-content\/uploads\/2021\/11\/Zaduszki-muzyczne-31-pazdziernika-2021-17.jpg\" data-elementor-open-lightbox=\"yes\" data-elementor-lightbox-slideshow=\"78bdd58\" data-elementor-lightbox-title=\"Zaduszki muzyczne 31 pa\u017adziernika 2021 17\" data-e-action-hash=\"#elementor-action%3Aaction%3Dlightbox%26settings%3DeyJpZCI6MzMxNzMsInVybCI6Imh0dHBzOlwvXC93d3cubGljaGVuLnBsXC93cC1jb250ZW50XC91cGxvYWRzXC8yMDIxXC8xMVwvWmFkdXN6a2ktbXV6eWN6bmUtMzEtcGF6ZHppZXJuaWthLTIwMjEtMTcuanBnIiwic2xpZGVzaG93IjoiNzhiZGQ1OCJ9\">\n\t\t\t\t\t<div class=\"e-gallery-image elementor-gallery-item__image\" data-thumbnail=\"https:\/\/www.lichen.pl\/wp-content\/uploads\/2021\/11\/Zaduszki-muzyczne-31-pazdziernika-2021-17-150x150.jpg\" data-width=\"150\" data-height=\"150\" aria-label=\"\" role=\"img\" ><\/div>\n\t\t\t\t\t\t\t\t\t\t\t<div class=\"elementor-gallery-item__overlay\"><\/div>\n\t\t\t\t\t\t\t\t\t\t\t\t\t\t<\/a>\n\t\t\t\t\t\t\t<a class=\"e-gallery-item elementor-gallery-item elementor-animated-content\" data-e-gallery-tags=\"0\" href=\"https:\/\/www.lichen.pl\/wp-content\/uploads\/2021\/11\/Zaduszki-muzyczne-31-pazdziernika-2021-16.jpg\" data-elementor-open-lightbox=\"yes\" data-elementor-lightbox-slideshow=\"78bdd58\" data-elementor-lightbox-title=\"Zaduszki muzyczne 31 pa\u017adziernika 2021 16\" data-e-action-hash=\"#elementor-action%3Aaction%3Dlightbox%26settings%3DeyJpZCI6MzMxNzIsInVybCI6Imh0dHBzOlwvXC93d3cubGljaGVuLnBsXC93cC1jb250ZW50XC91cGxvYWRzXC8yMDIxXC8xMVwvWmFkdXN6a2ktbXV6eWN6bmUtMzEtcGF6ZHppZXJuaWthLTIwMjEtMTYuanBnIiwic2xpZGVzaG93IjoiNzhiZGQ1OCJ9\">\n\t\t\t\t\t<div class=\"e-gallery-image elementor-gallery-item__image\" data-thumbnail=\"https:\/\/www.lichen.pl\/wp-content\/uploads\/2021\/11\/Zaduszki-muzyczne-31-pazdziernika-2021-16-150x150.jpg\" data-width=\"150\" data-height=\"150\" aria-label=\"\" role=\"img\" ><\/div>\n\t\t\t\t\t\t\t\t\t\t\t<div class=\"elementor-gallery-item__overlay\"><\/div>\n\t\t\t\t\t\t\t\t\t\t\t\t\t\t<\/a>\n\t\t\t\t\t\t\t<a class=\"e-gallery-item elementor-gallery-item elementor-animated-content\" data-e-gallery-tags=\"0\" href=\"https:\/\/www.lichen.pl\/wp-content\/uploads\/2021\/11\/Zaduszki-muzyczne-31-pazdziernika-2021-15.jpg\" data-elementor-open-lightbox=\"yes\" data-elementor-lightbox-slideshow=\"78bdd58\" data-elementor-lightbox-title=\"Zaduszki muzyczne 31 pa\u017adziernika 2021 15\" data-e-action-hash=\"#elementor-action%3Aaction%3Dlightbox%26settings%3DeyJpZCI6MzMxNzEsInVybCI6Imh0dHBzOlwvXC93d3cubGljaGVuLnBsXC93cC1jb250ZW50XC91cGxvYWRzXC8yMDIxXC8xMVwvWmFkdXN6a2ktbXV6eWN6bmUtMzEtcGF6ZHppZXJuaWthLTIwMjEtMTUuanBnIiwic2xpZGVzaG93IjoiNzhiZGQ1OCJ9\">\n\t\t\t\t\t<div class=\"e-gallery-image elementor-gallery-item__image\" data-thumbnail=\"https:\/\/www.lichen.pl\/wp-content\/uploads\/2021\/11\/Zaduszki-muzyczne-31-pazdziernika-2021-15-150x150.jpg\" data-width=\"150\" data-height=\"150\" aria-label=\"\" role=\"img\" ><\/div>\n\t\t\t\t\t\t\t\t\t\t\t<div class=\"elementor-gallery-item__overlay\"><\/div>\n\t\t\t\t\t\t\t\t\t\t\t\t\t\t<\/a>\n\t\t\t\t\t\t\t<a class=\"e-gallery-item elementor-gallery-item elementor-animated-content\" data-e-gallery-tags=\"0\" href=\"https:\/\/www.lichen.pl\/wp-content\/uploads\/2021\/11\/Zaduszki-muzyczne-31-pazdziernika-2021-14.jpg\" data-elementor-open-lightbox=\"yes\" data-elementor-lightbox-slideshow=\"78bdd58\" data-elementor-lightbox-title=\"Zaduszki muzyczne 31 pa\u017adziernika 2021 14\" data-e-action-hash=\"#elementor-action%3Aaction%3Dlightbox%26settings%3DeyJpZCI6MzMxNzAsInVybCI6Imh0dHBzOlwvXC93d3cubGljaGVuLnBsXC93cC1jb250ZW50XC91cGxvYWRzXC8yMDIxXC8xMVwvWmFkdXN6a2ktbXV6eWN6bmUtMzEtcGF6ZHppZXJuaWthLTIwMjEtMTQuanBnIiwic2xpZGVzaG93IjoiNzhiZGQ1OCJ9\">\n\t\t\t\t\t<div class=\"e-gallery-image elementor-gallery-item__image\" data-thumbnail=\"https:\/\/www.lichen.pl\/wp-content\/uploads\/2021\/11\/Zaduszki-muzyczne-31-pazdziernika-2021-14-150x150.jpg\" data-width=\"150\" data-height=\"150\" aria-label=\"\" role=\"img\" ><\/div>\n\t\t\t\t\t\t\t\t\t\t\t<div class=\"elementor-gallery-item__overlay\"><\/div>\n\t\t\t\t\t\t\t\t\t\t\t\t\t\t<\/a>\n\t\t\t\t\t\t\t<a class=\"e-gallery-item elementor-gallery-item elementor-animated-content\" data-e-gallery-tags=\"0\" href=\"https:\/\/www.lichen.pl\/wp-content\/uploads\/2021\/11\/Zaduszki-muzyczne-31-pazdziernika-2021-13.jpg\" data-elementor-open-lightbox=\"yes\" data-elementor-lightbox-slideshow=\"78bdd58\" data-elementor-lightbox-title=\"Zaduszki muzyczne 31 pa\u017adziernika 2021 13\" data-e-action-hash=\"#elementor-action%3Aaction%3Dlightbox%26settings%3DeyJpZCI6MzMxNjksInVybCI6Imh0dHBzOlwvXC93d3cubGljaGVuLnBsXC93cC1jb250ZW50XC91cGxvYWRzXC8yMDIxXC8xMVwvWmFkdXN6a2ktbXV6eWN6bmUtMzEtcGF6ZHppZXJuaWthLTIwMjEtMTMuanBnIiwic2xpZGVzaG93IjoiNzhiZGQ1OCJ9\">\n\t\t\t\t\t<div class=\"e-gallery-image elementor-gallery-item__image\" data-thumbnail=\"https:\/\/www.lichen.pl\/wp-content\/uploads\/2021\/11\/Zaduszki-muzyczne-31-pazdziernika-2021-13-150x150.jpg\" data-width=\"150\" data-height=\"150\" aria-label=\"\" role=\"img\" ><\/div>\n\t\t\t\t\t\t\t\t\t\t\t<div class=\"elementor-gallery-item__overlay\"><\/div>\n\t\t\t\t\t\t\t\t\t\t\t\t\t\t<\/a>\n\t\t\t\t\t\t\t<a class=\"e-gallery-item elementor-gallery-item elementor-animated-content\" data-e-gallery-tags=\"0\" href=\"https:\/\/www.lichen.pl\/wp-content\/uploads\/2021\/11\/Zaduszki-muzyczne-31-pazdziernika-2021-12.jpg\" data-elementor-open-lightbox=\"yes\" data-elementor-lightbox-slideshow=\"78bdd58\" data-elementor-lightbox-title=\"Zaduszki muzyczne 31 pa\u017adziernika 2021 12\" data-e-action-hash=\"#elementor-action%3Aaction%3Dlightbox%26settings%3DeyJpZCI6MzMxNjgsInVybCI6Imh0dHBzOlwvXC93d3cubGljaGVuLnBsXC93cC1jb250ZW50XC91cGxvYWRzXC8yMDIxXC8xMVwvWmFkdXN6a2ktbXV6eWN6bmUtMzEtcGF6ZHppZXJuaWthLTIwMjEtMTIuanBnIiwic2xpZGVzaG93IjoiNzhiZGQ1OCJ9\">\n\t\t\t\t\t<div class=\"e-gallery-image elementor-gallery-item__image\" data-thumbnail=\"https:\/\/www.lichen.pl\/wp-content\/uploads\/2021\/11\/Zaduszki-muzyczne-31-pazdziernika-2021-12-150x150.jpg\" data-width=\"150\" data-height=\"150\" aria-label=\"\" role=\"img\" ><\/div>\n\t\t\t\t\t\t\t\t\t\t\t<div class=\"elementor-gallery-item__overlay\"><\/div>\n\t\t\t\t\t\t\t\t\t\t\t\t\t\t<\/a>\n\t\t\t\t\t\t\t<a class=\"e-gallery-item elementor-gallery-item elementor-animated-content\" data-e-gallery-tags=\"0\" href=\"https:\/\/www.lichen.pl\/wp-content\/uploads\/2021\/11\/Zaduszki-muzyczne-31-pazdziernika-2021-11.jpg\" data-elementor-open-lightbox=\"yes\" data-elementor-lightbox-slideshow=\"78bdd58\" data-elementor-lightbox-title=\"Zaduszki muzyczne 31 pa\u017adziernika 2021 11\" data-e-action-hash=\"#elementor-action%3Aaction%3Dlightbox%26settings%3DeyJpZCI6MzMxNjcsInVybCI6Imh0dHBzOlwvXC93d3cubGljaGVuLnBsXC93cC1jb250ZW50XC91cGxvYWRzXC8yMDIxXC8xMVwvWmFkdXN6a2ktbXV6eWN6bmUtMzEtcGF6ZHppZXJuaWthLTIwMjEtMTEuanBnIiwic2xpZGVzaG93IjoiNzhiZGQ1OCJ9\">\n\t\t\t\t\t<div class=\"e-gallery-image elementor-gallery-item__image\" data-thumbnail=\"https:\/\/www.lichen.pl\/wp-content\/uploads\/2021\/11\/Zaduszki-muzyczne-31-pazdziernika-2021-11-150x150.jpg\" data-width=\"150\" data-height=\"150\" aria-label=\"\" role=\"img\" ><\/div>\n\t\t\t\t\t\t\t\t\t\t\t<div class=\"elementor-gallery-item__overlay\"><\/div>\n\t\t\t\t\t\t\t\t\t\t\t\t\t\t<\/a>\n\t\t\t\t\t\t\t<a class=\"e-gallery-item elementor-gallery-item elementor-animated-content\" data-e-gallery-tags=\"0\" href=\"https:\/\/www.lichen.pl\/wp-content\/uploads\/2021\/11\/Zaduszki-muzyczne-31-pazdziernika-2021-10.jpg\" data-elementor-open-lightbox=\"yes\" data-elementor-lightbox-slideshow=\"78bdd58\" data-elementor-lightbox-title=\"Zaduszki muzyczne 31 pa\u017adziernika 2021 10\" data-e-action-hash=\"#elementor-action%3Aaction%3Dlightbox%26settings%3DeyJpZCI6MzMxNjYsInVybCI6Imh0dHBzOlwvXC93d3cubGljaGVuLnBsXC93cC1jb250ZW50XC91cGxvYWRzXC8yMDIxXC8xMVwvWmFkdXN6a2ktbXV6eWN6bmUtMzEtcGF6ZHppZXJuaWthLTIwMjEtMTAuanBnIiwic2xpZGVzaG93IjoiNzhiZGQ1OCJ9\">\n\t\t\t\t\t<div class=\"e-gallery-image elementor-gallery-item__image\" data-thumbnail=\"https:\/\/www.lichen.pl\/wp-content\/uploads\/2021\/11\/Zaduszki-muzyczne-31-pazdziernika-2021-10-150x150.jpg\" data-width=\"150\" data-height=\"150\" aria-label=\"\" role=\"img\" ><\/div>\n\t\t\t\t\t\t\t\t\t\t\t<div class=\"elementor-gallery-item__overlay\"><\/div>\n\t\t\t\t\t\t\t\t\t\t\t\t\t\t<\/a>\n\t\t\t\t\t\t\t<a class=\"e-gallery-item elementor-gallery-item elementor-animated-content\" data-e-gallery-tags=\"0\" href=\"https:\/\/www.lichen.pl\/wp-content\/uploads\/2021\/11\/Zaduszki-muzyczne-31-pazdziernika-2021-9.jpg\" data-elementor-open-lightbox=\"yes\" data-elementor-lightbox-slideshow=\"78bdd58\" data-elementor-lightbox-title=\"Zaduszki muzyczne 31 pa\u017adziernika 2021 9\" data-e-action-hash=\"#elementor-action%3Aaction%3Dlightbox%26settings%3DeyJpZCI6MzMxNjUsInVybCI6Imh0dHBzOlwvXC93d3cubGljaGVuLnBsXC93cC1jb250ZW50XC91cGxvYWRzXC8yMDIxXC8xMVwvWmFkdXN6a2ktbXV6eWN6bmUtMzEtcGF6ZHppZXJuaWthLTIwMjEtOS5qcGciLCJzbGlkZXNob3ciOiI3OGJkZDU4In0%3D\">\n\t\t\t\t\t<div class=\"e-gallery-image elementor-gallery-item__image\" data-thumbnail=\"https:\/\/www.lichen.pl\/wp-content\/uploads\/2021\/11\/Zaduszki-muzyczne-31-pazdziernika-2021-9-150x150.jpg\" data-width=\"150\" data-height=\"150\" aria-label=\"\" role=\"img\" ><\/div>\n\t\t\t\t\t\t\t\t\t\t\t<div class=\"elementor-gallery-item__overlay\"><\/div>\n\t\t\t\t\t\t\t\t\t\t\t\t\t\t<\/a>\n\t\t\t\t\t\t\t<a class=\"e-gallery-item elementor-gallery-item elementor-animated-content\" data-e-gallery-tags=\"0\" href=\"https:\/\/www.lichen.pl\/wp-content\/uploads\/2021\/11\/Zaduszki-muzyczne-31-pazdziernika-2021-8.jpg\" data-elementor-open-lightbox=\"yes\" data-elementor-lightbox-slideshow=\"78bdd58\" data-elementor-lightbox-title=\"Zaduszki muzyczne 31 pa\u017adziernika 2021 8\" data-e-action-hash=\"#elementor-action%3Aaction%3Dlightbox%26settings%3DeyJpZCI6MzMxNjQsInVybCI6Imh0dHBzOlwvXC93d3cubGljaGVuLnBsXC93cC1jb250ZW50XC91cGxvYWRzXC8yMDIxXC8xMVwvWmFkdXN6a2ktbXV6eWN6bmUtMzEtcGF6ZHppZXJuaWthLTIwMjEtOC5qcGciLCJzbGlkZXNob3ciOiI3OGJkZDU4In0%3D\">\n\t\t\t\t\t<div class=\"e-gallery-image elementor-gallery-item__image\" data-thumbnail=\"https:\/\/www.lichen.pl\/wp-content\/uploads\/2021\/11\/Zaduszki-muzyczne-31-pazdziernika-2021-8-150x150.jpg\" data-width=\"150\" data-height=\"150\" aria-label=\"\" role=\"img\" ><\/div>\n\t\t\t\t\t\t\t\t\t\t\t<div class=\"elementor-gallery-item__overlay\"><\/div>\n\t\t\t\t\t\t\t\t\t\t\t\t\t\t<\/a>\n\t\t\t\t\t\t\t<a class=\"e-gallery-item elementor-gallery-item elementor-animated-content\" data-e-gallery-tags=\"0\" href=\"https:\/\/www.lichen.pl\/wp-content\/uploads\/2021\/11\/Zaduszki-muzyczne-31-pazdziernika-2021-7.jpg\" data-elementor-open-lightbox=\"yes\" data-elementor-lightbox-slideshow=\"78bdd58\" data-elementor-lightbox-title=\"Zaduszki muzyczne 31 pa\u017adziernika 2021 7\" data-e-action-hash=\"#elementor-action%3Aaction%3Dlightbox%26settings%3DeyJpZCI6MzMxNjMsInVybCI6Imh0dHBzOlwvXC93d3cubGljaGVuLnBsXC93cC1jb250ZW50XC91cGxvYWRzXC8yMDIxXC8xMVwvWmFkdXN6a2ktbXV6eWN6bmUtMzEtcGF6ZHppZXJuaWthLTIwMjEtNy5qcGciLCJzbGlkZXNob3ciOiI3OGJkZDU4In0%3D\">\n\t\t\t\t\t<div class=\"e-gallery-image elementor-gallery-item__image\" data-thumbnail=\"https:\/\/www.lichen.pl\/wp-content\/uploads\/2021\/11\/Zaduszki-muzyczne-31-pazdziernika-2021-7-150x150.jpg\" data-width=\"150\" data-height=\"150\" aria-label=\"\" role=\"img\" ><\/div>\n\t\t\t\t\t\t\t\t\t\t\t<div class=\"elementor-gallery-item__overlay\"><\/div>\n\t\t\t\t\t\t\t\t\t\t\t\t\t\t<\/a>\n\t\t\t\t\t\t\t<a class=\"e-gallery-item elementor-gallery-item elementor-animated-content\" data-e-gallery-tags=\"0\" href=\"https:\/\/www.lichen.pl\/wp-content\/uploads\/2021\/11\/Zaduszki-muzyczne-31-pazdziernika-2021-6.jpg\" data-elementor-open-lightbox=\"yes\" data-elementor-lightbox-slideshow=\"78bdd58\" data-elementor-lightbox-title=\"Zaduszki muzyczne 31 pa\u017adziernika 2021 6\" data-e-action-hash=\"#elementor-action%3Aaction%3Dlightbox%26settings%3DeyJpZCI6MzMxNjIsInVybCI6Imh0dHBzOlwvXC93d3cubGljaGVuLnBsXC93cC1jb250ZW50XC91cGxvYWRzXC8yMDIxXC8xMVwvWmFkdXN6a2ktbXV6eWN6bmUtMzEtcGF6ZHppZXJuaWthLTIwMjEtNi5qcGciLCJzbGlkZXNob3ciOiI3OGJkZDU4In0%3D\">\n\t\t\t\t\t<div class=\"e-gallery-image elementor-gallery-item__image\" data-thumbnail=\"https:\/\/www.lichen.pl\/wp-content\/uploads\/2021\/11\/Zaduszki-muzyczne-31-pazdziernika-2021-6-150x150.jpg\" data-width=\"150\" data-height=\"150\" aria-label=\"\" role=\"img\" ><\/div>\n\t\t\t\t\t\t\t\t\t\t\t<div class=\"elementor-gallery-item__overlay\"><\/div>\n\t\t\t\t\t\t\t\t\t\t\t\t\t\t<\/a>\n\t\t\t\t\t\t\t<a class=\"e-gallery-item elementor-gallery-item elementor-animated-content\" data-e-gallery-tags=\"0\" href=\"https:\/\/www.lichen.pl\/wp-content\/uploads\/2021\/11\/Zaduszki-muzyczne-31-pazdziernika-2021-5.jpg\" data-elementor-open-lightbox=\"yes\" data-elementor-lightbox-slideshow=\"78bdd58\" data-elementor-lightbox-title=\"Zaduszki muzyczne 31 pa\u017adziernika 2021 5\" data-e-action-hash=\"#elementor-action%3Aaction%3Dlightbox%26settings%3DeyJpZCI6MzMxNjEsInVybCI6Imh0dHBzOlwvXC93d3cubGljaGVuLnBsXC93cC1jb250ZW50XC91cGxvYWRzXC8yMDIxXC8xMVwvWmFkdXN6a2ktbXV6eWN6bmUtMzEtcGF6ZHppZXJuaWthLTIwMjEtNS5qcGciLCJzbGlkZXNob3ciOiI3OGJkZDU4In0%3D\">\n\t\t\t\t\t<div class=\"e-gallery-image elementor-gallery-item__image\" data-thumbnail=\"https:\/\/www.lichen.pl\/wp-content\/uploads\/2021\/11\/Zaduszki-muzyczne-31-pazdziernika-2021-5-150x150.jpg\" data-width=\"150\" data-height=\"150\" aria-label=\"\" role=\"img\" ><\/div>\n\t\t\t\t\t\t\t\t\t\t\t<div class=\"elementor-gallery-item__overlay\"><\/div>\n\t\t\t\t\t\t\t\t\t\t\t\t\t\t<\/a>\n\t\t\t\t\t\t\t<a class=\"e-gallery-item elementor-gallery-item elementor-animated-content\" data-e-gallery-tags=\"0\" href=\"https:\/\/www.lichen.pl\/wp-content\/uploads\/2021\/11\/Zaduszki-muzyczne-31-pazdziernika-2021-4.jpg\" data-elementor-open-lightbox=\"yes\" data-elementor-lightbox-slideshow=\"78bdd58\" data-elementor-lightbox-title=\"Zaduszki muzyczne 31 pa\u017adziernika 2021 4\" data-e-action-hash=\"#elementor-action%3Aaction%3Dlightbox%26settings%3DeyJpZCI6MzMxNjAsInVybCI6Imh0dHBzOlwvXC93d3cubGljaGVuLnBsXC93cC1jb250ZW50XC91cGxvYWRzXC8yMDIxXC8xMVwvWmFkdXN6a2ktbXV6eWN6bmUtMzEtcGF6ZHppZXJuaWthLTIwMjEtNC5qcGciLCJzbGlkZXNob3ciOiI3OGJkZDU4In0%3D\">\n\t\t\t\t\t<div class=\"e-gallery-image elementor-gallery-item__image\" data-thumbnail=\"https:\/\/www.lichen.pl\/wp-content\/uploads\/2021\/11\/Zaduszki-muzyczne-31-pazdziernika-2021-4-150x150.jpg\" data-width=\"150\" data-height=\"150\" aria-label=\"\" role=\"img\" ><\/div>\n\t\t\t\t\t\t\t\t\t\t\t<div class=\"elementor-gallery-item__overlay\"><\/div>\n\t\t\t\t\t\t\t\t\t\t\t\t\t\t<\/a>\n\t\t\t\t\t\t\t<a class=\"e-gallery-item elementor-gallery-item elementor-animated-content\" data-e-gallery-tags=\"0\" href=\"https:\/\/www.lichen.pl\/wp-content\/uploads\/2021\/11\/Zaduszki-muzyczne-31-pazdziernika-2021-3.jpg\" data-elementor-open-lightbox=\"yes\" data-elementor-lightbox-slideshow=\"78bdd58\" data-elementor-lightbox-title=\"Zaduszki muzyczne 31 pa\u017adziernika 2021 3\" data-e-action-hash=\"#elementor-action%3Aaction%3Dlightbox%26settings%3DeyJpZCI6MzMxNTksInVybCI6Imh0dHBzOlwvXC93d3cubGljaGVuLnBsXC93cC1jb250ZW50XC91cGxvYWRzXC8yMDIxXC8xMVwvWmFkdXN6a2ktbXV6eWN6bmUtMzEtcGF6ZHppZXJuaWthLTIwMjEtMy5qcGciLCJzbGlkZXNob3ciOiI3OGJkZDU4In0%3D\">\n\t\t\t\t\t<div class=\"e-gallery-image elementor-gallery-item__image\" data-thumbnail=\"https:\/\/www.lichen.pl\/wp-content\/uploads\/2021\/11\/Zaduszki-muzyczne-31-pazdziernika-2021-3-150x150.jpg\" data-width=\"150\" data-height=\"150\" aria-label=\"\" role=\"img\" ><\/div>\n\t\t\t\t\t\t\t\t\t\t\t<div class=\"elementor-gallery-item__overlay\"><\/div>\n\t\t\t\t\t\t\t\t\t\t\t\t\t\t<\/a>\n\t\t\t\t\t\t\t<a class=\"e-gallery-item elementor-gallery-item elementor-animated-content\" data-e-gallery-tags=\"0\" href=\"https:\/\/www.lichen.pl\/wp-content\/uploads\/2021\/11\/Zaduszki-muzyczne-31-pazdziernika-2021-2.jpg\" data-elementor-open-lightbox=\"yes\" data-elementor-lightbox-slideshow=\"78bdd58\" data-elementor-lightbox-title=\"Zaduszki muzyczne 31 pa\u017adziernika 2021 2\" data-e-action-hash=\"#elementor-action%3Aaction%3Dlightbox%26settings%3DeyJpZCI6MzMxNTgsInVybCI6Imh0dHBzOlwvXC93d3cubGljaGVuLnBsXC93cC1jb250ZW50XC91cGxvYWRzXC8yMDIxXC8xMVwvWmFkdXN6a2ktbXV6eWN6bmUtMzEtcGF6ZHppZXJuaWthLTIwMjEtMi5qcGciLCJzbGlkZXNob3ciOiI3OGJkZDU4In0%3D\">\n\t\t\t\t\t<div class=\"e-gallery-image elementor-gallery-item__image\" data-thumbnail=\"https:\/\/www.lichen.pl\/wp-content\/uploads\/2021\/11\/Zaduszki-muzyczne-31-pazdziernika-2021-2-150x150.jpg\" data-width=\"150\" data-height=\"150\" aria-label=\"\" role=\"img\" ><\/div>\n\t\t\t\t\t\t\t\t\t\t\t<div class=\"elementor-gallery-item__overlay\"><\/div>\n\t\t\t\t\t\t\t\t\t\t\t\t\t\t<\/a>\n\t\t\t\t\t\t\t<a class=\"e-gallery-item elementor-gallery-item elementor-animated-content\" data-e-gallery-tags=\"0\" href=\"https:\/\/www.lichen.pl\/wp-content\/uploads\/2021\/11\/Zaduszki-muzyczne-31-pazdziernika-2021-1.jpg\" data-elementor-open-lightbox=\"yes\" data-elementor-lightbox-slideshow=\"78bdd58\" data-elementor-lightbox-title=\"Zaduszki muzyczne 31 pa\u017adziernika 2021 1\" data-e-action-hash=\"#elementor-action%3Aaction%3Dlightbox%26settings%3DeyJpZCI6MzMxNTcsInVybCI6Imh0dHBzOlwvXC93d3cubGljaGVuLnBsXC93cC1jb250ZW50XC91cGxvYWRzXC8yMDIxXC8xMVwvWmFkdXN6a2ktbXV6eWN6bmUtMzEtcGF6ZHppZXJuaWthLTIwMjEtMS5qcGciLCJzbGlkZXNob3ciOiI3OGJkZDU4In0%3D\">\n\t\t\t\t\t<div class=\"e-gallery-image elementor-gallery-item__image\" data-thumbnail=\"https:\/\/www.lichen.pl\/wp-content\/uploads\/2021\/11\/Zaduszki-muzyczne-31-pazdziernika-2021-1-150x150.jpg\" data-width=\"150\" data-height=\"150\" aria-label=\"\" role=\"img\" ><\/div>\n\t\t\t\t\t\t\t\t\t\t\t<div class=\"elementor-gallery-item__overlay\"><\/div>\n\t\t\t\t\t\t\t\t\t\t\t\t\t\t<\/a>\n\t\t\t\t\t\t\t<a class=\"e-gallery-item elementor-gallery-item elementor-animated-content\" data-e-gallery-tags=\"1\" href=\"https:\/\/www.lichen.pl\/wp-content\/uploads\/2021\/10\/Inauguracja-Roku-Szkoleniowego-OHP-7-pazdziernika-2021-1.jpg\" data-elementor-open-lightbox=\"yes\" data-elementor-lightbox-slideshow=\"78bdd58\" data-elementor-lightbox-title=\"Inauguracja Roku Szkoleniowego OHP 7 pa\u017adziernika 2021 1\" data-e-action-hash=\"#elementor-action%3Aaction%3Dlightbox%26settings%3DeyJpZCI6MzE2ODMsInVybCI6Imh0dHBzOlwvXC93d3cubGljaGVuLnBsXC93cC1jb250ZW50XC91cGxvYWRzXC8yMDIxXC8xMFwvSW5hdWd1cmFjamEtUm9rdS1TemtvbGVuaW93ZWdvLU9IUC03LXBhemR6aWVybmlrYS0yMDIxLTEuanBnIiwic2xpZGVzaG93IjoiNzhiZGQ1OCJ9\">\n\t\t\t\t\t<div class=\"e-gallery-image elementor-gallery-item__image\" data-thumbnail=\"https:\/\/www.lichen.pl\/wp-content\/uploads\/2021\/10\/Inauguracja-Roku-Szkoleniowego-OHP-7-pazdziernika-2021-1-150x150.jpg\" data-width=\"150\" data-height=\"150\" aria-label=\"\" role=\"img\" ><\/div>\n\t\t\t\t\t\t\t\t\t\t\t<div class=\"elementor-gallery-item__overlay\"><\/div>\n\t\t\t\t\t\t\t\t\t\t\t\t\t\t<\/a>\n\t\t\t\t\t\t\t<a class=\"e-gallery-item elementor-gallery-item elementor-animated-content\" data-e-gallery-tags=\"1\" href=\"https:\/\/www.lichen.pl\/wp-content\/uploads\/2021\/10\/Inauguracja-Roku-Szkoleniowego-OHP-7-pazdziernika-2021-2.jpg\" data-elementor-open-lightbox=\"yes\" data-elementor-lightbox-slideshow=\"78bdd58\" data-elementor-lightbox-title=\"Inauguracja Roku Szkoleniowego OHP 7 pa\u017adziernika 2021 2\" data-e-action-hash=\"#elementor-action%3Aaction%3Dlightbox%26settings%3DeyJpZCI6MzE2ODgsInVybCI6Imh0dHBzOlwvXC93d3cubGljaGVuLnBsXC93cC1jb250ZW50XC91cGxvYWRzXC8yMDIxXC8xMFwvSW5hdWd1cmFjamEtUm9rdS1TemtvbGVuaW93ZWdvLU9IUC03LXBhemR6aWVybmlrYS0yMDIxLTIuanBnIiwic2xpZGVzaG93IjoiNzhiZGQ1OCJ9\">\n\t\t\t\t\t<div class=\"e-gallery-image elementor-gallery-item__image\" data-thumbnail=\"https:\/\/www.lichen.pl\/wp-content\/uploads\/2021\/10\/Inauguracja-Roku-Szkoleniowego-OHP-7-pazdziernika-2021-2-150x150.jpg\" data-width=\"150\" data-height=\"150\" aria-label=\"\" role=\"img\" ><\/div>\n\t\t\t\t\t\t\t\t\t\t\t<div class=\"elementor-gallery-item__overlay\"><\/div>\n\t\t\t\t\t\t\t\t\t\t\t\t\t\t<\/a>\n\t\t\t\t\t\t\t<a class=\"e-gallery-item elementor-gallery-item elementor-animated-content\" data-e-gallery-tags=\"1\" href=\"https:\/\/www.lichen.pl\/wp-content\/uploads\/2021\/10\/Inauguracja-Roku-Szkoleniowego-OHP-7-pazdziernika-2021-3.jpg\" data-elementor-open-lightbox=\"yes\" data-elementor-lightbox-slideshow=\"78bdd58\" data-elementor-lightbox-title=\"Inauguracja Roku Szkoleniowego OHP 7 pa\u017adziernika 2021 3\" data-e-action-hash=\"#elementor-action%3Aaction%3Dlightbox%26settings%3DeyJpZCI6MzE2OTQsInVybCI6Imh0dHBzOlwvXC93d3cubGljaGVuLnBsXC93cC1jb250ZW50XC91cGxvYWRzXC8yMDIxXC8xMFwvSW5hdWd1cmFjamEtUm9rdS1TemtvbGVuaW93ZWdvLU9IUC03LXBhemR6aWVybmlrYS0yMDIxLTMuanBnIiwic2xpZGVzaG93IjoiNzhiZGQ1OCJ9\">\n\t\t\t\t\t<div class=\"e-gallery-image elementor-gallery-item__image\" data-thumbnail=\"https:\/\/www.lichen.pl\/wp-content\/uploads\/2021\/10\/Inauguracja-Roku-Szkoleniowego-OHP-7-pazdziernika-2021-3-150x150.jpg\" data-width=\"150\" data-height=\"150\" aria-label=\"\" role=\"img\" ><\/div>\n\t\t\t\t\t\t\t\t\t\t\t<div class=\"elementor-gallery-item__overlay\"><\/div>\n\t\t\t\t\t\t\t\t\t\t\t\t\t\t<\/a>\n\t\t\t\t\t\t\t<a class=\"e-gallery-item elementor-gallery-item elementor-animated-content\" data-e-gallery-tags=\"1\" href=\"https:\/\/www.lichen.pl\/wp-content\/uploads\/2021\/10\/Inauguracja-Roku-Szkoleniowego-OHP-7-pazdziernika-2021-4.jpg\" data-elementor-open-lightbox=\"yes\" data-elementor-lightbox-slideshow=\"78bdd58\" data-elementor-lightbox-title=\"Inauguracja Roku Szkoleniowego OHP 7 pa\u017adziernika 2021 4\" data-e-action-hash=\"#elementor-action%3Aaction%3Dlightbox%26settings%3DeyJpZCI6MzE2OTksInVybCI6Imh0dHBzOlwvXC93d3cubGljaGVuLnBsXC93cC1jb250ZW50XC91cGxvYWRzXC8yMDIxXC8xMFwvSW5hdWd1cmFjamEtUm9rdS1TemtvbGVuaW93ZWdvLU9IUC03LXBhemR6aWVybmlrYS0yMDIxLTQuanBnIiwic2xpZGVzaG93IjoiNzhiZGQ1OCJ9\">\n\t\t\t\t\t<div class=\"e-gallery-image elementor-gallery-item__image\" data-thumbnail=\"https:\/\/www.lichen.pl\/wp-content\/uploads\/2021\/10\/Inauguracja-Roku-Szkoleniowego-OHP-7-pazdziernika-2021-4-150x150.jpg\" data-width=\"150\" data-height=\"150\" aria-label=\"\" role=\"img\" ><\/div>\n\t\t\t\t\t\t\t\t\t\t\t<div class=\"elementor-gallery-item__overlay\"><\/div>\n\t\t\t\t\t\t\t\t\t\t\t\t\t\t<\/a>\n\t\t\t\t\t\t\t<a class=\"e-gallery-item elementor-gallery-item elementor-animated-content\" data-e-gallery-tags=\"1\" href=\"https:\/\/www.lichen.pl\/wp-content\/uploads\/2021\/10\/Inauguracja-Roku-Szkoleniowego-OHP-7-pazdziernika-2021-5.jpg\" data-elementor-open-lightbox=\"yes\" data-elementor-lightbox-slideshow=\"78bdd58\" data-elementor-lightbox-title=\"Inauguracja Roku Szkoleniowego OHP 7 pa\u017adziernika 2021 5\" data-e-action-hash=\"#elementor-action%3Aaction%3Dlightbox%26settings%3DeyJpZCI6MzE3MDQsInVybCI6Imh0dHBzOlwvXC93d3cubGljaGVuLnBsXC93cC1jb250ZW50XC91cGxvYWRzXC8yMDIxXC8xMFwvSW5hdWd1cmFjamEtUm9rdS1TemtvbGVuaW93ZWdvLU9IUC03LXBhemR6aWVybmlrYS0yMDIxLTUuanBnIiwic2xpZGVzaG93IjoiNzhiZGQ1OCJ9\">\n\t\t\t\t\t<div class=\"e-gallery-image elementor-gallery-item__image\" data-thumbnail=\"https:\/\/www.lichen.pl\/wp-content\/uploads\/2021\/10\/Inauguracja-Roku-Szkoleniowego-OHP-7-pazdziernika-2021-5-150x150.jpg\" data-width=\"150\" data-height=\"150\" aria-label=\"\" role=\"img\" ><\/div>\n\t\t\t\t\t\t\t\t\t\t\t<div class=\"elementor-gallery-item__overlay\"><\/div>\n\t\t\t\t\t\t\t\t\t\t\t\t\t\t<\/a>\n\t\t\t\t\t\t\t<a class=\"e-gallery-item elementor-gallery-item elementor-animated-content\" data-e-gallery-tags=\"1\" href=\"https:\/\/www.lichen.pl\/wp-content\/uploads\/2021\/10\/Inauguracja-Roku-Szkoleniowego-OHP-7-pazdziernika-2021-6.jpg\" data-elementor-open-lightbox=\"yes\" data-elementor-lightbox-slideshow=\"78bdd58\" data-elementor-lightbox-title=\"Inauguracja Roku Szkoleniowego OHP 7 pa\u017adziernika 2021 6\" data-e-action-hash=\"#elementor-action%3Aaction%3Dlightbox%26settings%3DeyJpZCI6MzE3MDksInVybCI6Imh0dHBzOlwvXC93d3cubGljaGVuLnBsXC93cC1jb250ZW50XC91cGxvYWRzXC8yMDIxXC8xMFwvSW5hdWd1cmFjamEtUm9rdS1TemtvbGVuaW93ZWdvLU9IUC03LXBhemR6aWVybmlrYS0yMDIxLTYuanBnIiwic2xpZGVzaG93IjoiNzhiZGQ1OCJ9\">\n\t\t\t\t\t<div class=\"e-gallery-image elementor-gallery-item__image\" data-thumbnail=\"https:\/\/www.lichen.pl\/wp-content\/uploads\/2021\/10\/Inauguracja-Roku-Szkoleniowego-OHP-7-pazdziernika-2021-6-150x150.jpg\" data-width=\"150\" data-height=\"150\" aria-label=\"\" role=\"img\" ><\/div>\n\t\t\t\t\t\t\t\t\t\t\t<div class=\"elementor-gallery-item__overlay\"><\/div>\n\t\t\t\t\t\t\t\t\t\t\t\t\t\t<\/a>\n\t\t\t\t\t\t\t<a class=\"e-gallery-item elementor-gallery-item elementor-animated-content\" data-e-gallery-tags=\"1\" href=\"https:\/\/www.lichen.pl\/wp-content\/uploads\/2021\/10\/Inauguracja-Roku-Szkoleniowego-OHP-7-pazdziernika-2021-7.jpg\" data-elementor-open-lightbox=\"yes\" data-elementor-lightbox-slideshow=\"78bdd58\" data-elementor-lightbox-title=\"Inauguracja Roku Szkoleniowego OHP 7 pa\u017adziernika 2021 7\" data-e-action-hash=\"#elementor-action%3Aaction%3Dlightbox%26settings%3DeyJpZCI6MzE3MTQsInVybCI6Imh0dHBzOlwvXC93d3cubGljaGVuLnBsXC93cC1jb250ZW50XC91cGxvYWRzXC8yMDIxXC8xMFwvSW5hdWd1cmFjamEtUm9rdS1TemtvbGVuaW93ZWdvLU9IUC03LXBhemR6aWVybmlrYS0yMDIxLTcuanBnIiwic2xpZGVzaG93IjoiNzhiZGQ1OCJ9\">\n\t\t\t\t\t<div class=\"e-gallery-image elementor-gallery-item__image\" data-thumbnail=\"https:\/\/www.lichen.pl\/wp-content\/uploads\/2021\/10\/Inauguracja-Roku-Szkoleniowego-OHP-7-pazdziernika-2021-7-150x150.jpg\" data-width=\"150\" data-height=\"150\" aria-label=\"\" role=\"img\" ><\/div>\n\t\t\t\t\t\t\t\t\t\t\t<div class=\"elementor-gallery-item__overlay\"><\/div>\n\t\t\t\t\t\t\t\t\t\t\t\t\t\t<\/a>\n\t\t\t\t\t\t\t<a class=\"e-gallery-item elementor-gallery-item elementor-animated-content\" data-e-gallery-tags=\"1\" href=\"https:\/\/www.lichen.pl\/wp-content\/uploads\/2021\/10\/Inauguracja-Roku-Szkoleniowego-OHP-7-pazdziernika-2021-8.jpg\" data-elementor-open-lightbox=\"yes\" data-elementor-lightbox-slideshow=\"78bdd58\" data-elementor-lightbox-title=\"Inauguracja Roku Szkoleniowego OHP 7 pa\u017adziernika 2021 8\" data-e-action-hash=\"#elementor-action%3Aaction%3Dlightbox%26settings%3DeyJpZCI6MzE3MTksInVybCI6Imh0dHBzOlwvXC93d3cubGljaGVuLnBsXC93cC1jb250ZW50XC91cGxvYWRzXC8yMDIxXC8xMFwvSW5hdWd1cmFjamEtUm9rdS1TemtvbGVuaW93ZWdvLU9IUC03LXBhemR6aWVybmlrYS0yMDIxLTguanBnIiwic2xpZGVzaG93IjoiNzhiZGQ1OCJ9\">\n\t\t\t\t\t<div class=\"e-gallery-image elementor-gallery-item__image\" data-thumbnail=\"https:\/\/www.lichen.pl\/wp-content\/uploads\/2021\/10\/Inauguracja-Roku-Szkoleniowego-OHP-7-pazdziernika-2021-8-150x150.jpg\" data-width=\"150\" data-height=\"150\" aria-label=\"\" role=\"img\" ><\/div>\n\t\t\t\t\t\t\t\t\t\t\t<div class=\"elementor-gallery-item__overlay\"><\/div>\n\t\t\t\t\t\t\t\t\t\t\t\t\t\t<\/a>\n\t\t\t\t\t\t\t<a class=\"e-gallery-item elementor-gallery-item elementor-animated-content\" data-e-gallery-tags=\"1\" href=\"https:\/\/www.lichen.pl\/wp-content\/uploads\/2021\/10\/Inauguracja-Roku-Szkoleniowego-OHP-7-pazdziernika-2021-9.jpg\" data-elementor-open-lightbox=\"yes\" data-elementor-lightbox-slideshow=\"78bdd58\" data-elementor-lightbox-title=\"Inauguracja Roku Szkoleniowego OHP 7 pa\u017adziernika 2021 9\" data-e-action-hash=\"#elementor-action%3Aaction%3Dlightbox%26settings%3DeyJpZCI6MzE3MjQsInVybCI6Imh0dHBzOlwvXC93d3cubGljaGVuLnBsXC93cC1jb250ZW50XC91cGxvYWRzXC8yMDIxXC8xMFwvSW5hdWd1cmFjamEtUm9rdS1TemtvbGVuaW93ZWdvLU9IUC03LXBhemR6aWVybmlrYS0yMDIxLTkuanBnIiwic2xpZGVzaG93IjoiNzhiZGQ1OCJ9\">\n\t\t\t\t\t<div class=\"e-gallery-image elementor-gallery-item__image\" data-thumbnail=\"https:\/\/www.lichen.pl\/wp-content\/uploads\/2021\/10\/Inauguracja-Roku-Szkoleniowego-OHP-7-pazdziernika-2021-9-150x150.jpg\" data-width=\"150\" data-height=\"150\" aria-label=\"\" role=\"img\" ><\/div>\n\t\t\t\t\t\t\t\t\t\t\t<div class=\"elementor-gallery-item__overlay\"><\/div>\n\t\t\t\t\t\t\t\t\t\t\t\t\t\t<\/a>\n\t\t\t\t\t\t\t<a class=\"e-gallery-item elementor-gallery-item elementor-animated-content\" data-e-gallery-tags=\"1\" href=\"https:\/\/www.lichen.pl\/wp-content\/uploads\/2021\/10\/Inauguracja-Roku-Szkoleniowego-OHP-7-pazdziernika-2021-10.jpg\" data-elementor-open-lightbox=\"yes\" data-elementor-lightbox-slideshow=\"78bdd58\" data-elementor-lightbox-title=\"Inauguracja Roku Szkoleniowego OHP 7 pa\u017adziernika 2021 10\" data-e-action-hash=\"#elementor-action%3Aaction%3Dlightbox%26settings%3DeyJpZCI6MzE3MjksInVybCI6Imh0dHBzOlwvXC93d3cubGljaGVuLnBsXC93cC1jb250ZW50XC91cGxvYWRzXC8yMDIxXC8xMFwvSW5hdWd1cmFjamEtUm9rdS1TemtvbGVuaW93ZWdvLU9IUC03LXBhemR6aWVybmlrYS0yMDIxLTEwLmpwZyIsInNsaWRlc2hvdyI6Ijc4YmRkNTgifQ%3D%3D\">\n\t\t\t\t\t<div class=\"e-gallery-image elementor-gallery-item__image\" data-thumbnail=\"https:\/\/www.lichen.pl\/wp-content\/uploads\/2021\/10\/Inauguracja-Roku-Szkoleniowego-OHP-7-pazdziernika-2021-10-150x150.jpg\" data-width=\"150\" data-height=\"150\" aria-label=\"\" role=\"img\" ><\/div>\n\t\t\t\t\t\t\t\t\t\t\t<div class=\"elementor-gallery-item__overlay\"><\/div>\n\t\t\t\t\t\t\t\t\t\t\t\t\t\t<\/a>\n\t\t\t\t\t\t\t<a class=\"e-gallery-item elementor-gallery-item elementor-animated-content\" data-e-gallery-tags=\"1\" href=\"https:\/\/www.lichen.pl\/wp-content\/uploads\/2021\/10\/Inauguracja-Roku-Szkoleniowego-OHP-7-pazdziernika-2021-11.jpg\" data-elementor-open-lightbox=\"yes\" data-elementor-lightbox-slideshow=\"78bdd58\" data-elementor-lightbox-title=\"Inauguracja Roku Szkoleniowego OHP 7 pa\u017adziernika 2021 11\" data-e-action-hash=\"#elementor-action%3Aaction%3Dlightbox%26settings%3DeyJpZCI6MzE3MzQsInVybCI6Imh0dHBzOlwvXC93d3cubGljaGVuLnBsXC93cC1jb250ZW50XC91cGxvYWRzXC8yMDIxXC8xMFwvSW5hdWd1cmFjamEtUm9rdS1TemtvbGVuaW93ZWdvLU9IUC03LXBhemR6aWVybmlrYS0yMDIxLTExLmpwZyIsInNsaWRlc2hvdyI6Ijc4YmRkNTgifQ%3D%3D\">\n\t\t\t\t\t<div class=\"e-gallery-image elementor-gallery-item__image\" data-thumbnail=\"https:\/\/www.lichen.pl\/wp-content\/uploads\/2021\/10\/Inauguracja-Roku-Szkoleniowego-OHP-7-pazdziernika-2021-11-150x150.jpg\" data-width=\"150\" data-height=\"150\" aria-label=\"\" role=\"img\" ><\/div>\n\t\t\t\t\t\t\t\t\t\t\t<div class=\"elementor-gallery-item__overlay\"><\/div>\n\t\t\t\t\t\t\t\t\t\t\t\t\t\t<\/a>\n\t\t\t\t\t\t\t<a class=\"e-gallery-item elementor-gallery-item elementor-animated-content\" data-e-gallery-tags=\"1\" href=\"https:\/\/www.lichen.pl\/wp-content\/uploads\/2021\/10\/Inauguracja-Roku-Szkoleniowego-OHP-7-pazdziernika-2021-12.jpg\" data-elementor-open-lightbox=\"yes\" data-elementor-lightbox-slideshow=\"78bdd58\" data-elementor-lightbox-title=\"Inauguracja Roku Szkoleniowego OHP 7 pa\u017adziernika 2021 12\" data-e-action-hash=\"#elementor-action%3Aaction%3Dlightbox%26settings%3DeyJpZCI6MzE3MzksInVybCI6Imh0dHBzOlwvXC93d3cubGljaGVuLnBsXC93cC1jb250ZW50XC91cGxvYWRzXC8yMDIxXC8xMFwvSW5hdWd1cmFjamEtUm9rdS1TemtvbGVuaW93ZWdvLU9IUC03LXBhemR6aWVybmlrYS0yMDIxLTEyLmpwZyIsInNsaWRlc2hvdyI6Ijc4YmRkNTgifQ%3D%3D\">\n\t\t\t\t\t<div class=\"e-gallery-image elementor-gallery-item__image\" data-thumbnail=\"https:\/\/www.lichen.pl\/wp-content\/uploads\/2021\/10\/Inauguracja-Roku-Szkoleniowego-OHP-7-pazdziernika-2021-12-150x150.jpg\" data-width=\"150\" data-height=\"150\" aria-label=\"\" role=\"img\" ><\/div>\n\t\t\t\t\t\t\t\t\t\t\t<div class=\"elementor-gallery-item__overlay\"><\/div>\n\t\t\t\t\t\t\t\t\t\t\t\t\t\t<\/a>\n\t\t\t\t\t\t\t<a class=\"e-gallery-item elementor-gallery-item elementor-animated-content\" data-e-gallery-tags=\"1\" href=\"https:\/\/www.lichen.pl\/wp-content\/uploads\/2021\/10\/Inauguracja-Roku-Szkoleniowego-OHP-7-pazdziernika-2021-13.jpg\" data-elementor-open-lightbox=\"yes\" data-elementor-lightbox-slideshow=\"78bdd58\" data-elementor-lightbox-title=\"Inauguracja Roku Szkoleniowego OHP 7 pa\u017adziernika 2021 13\" data-e-action-hash=\"#elementor-action%3Aaction%3Dlightbox%26settings%3DeyJpZCI6MzE3NDQsInVybCI6Imh0dHBzOlwvXC93d3cubGljaGVuLnBsXC93cC1jb250ZW50XC91cGxvYWRzXC8yMDIxXC8xMFwvSW5hdWd1cmFjamEtUm9rdS1TemtvbGVuaW93ZWdvLU9IUC03LXBhemR6aWVybmlrYS0yMDIxLTEzLmpwZyIsInNsaWRlc2hvdyI6Ijc4YmRkNTgifQ%3D%3D\">\n\t\t\t\t\t<div class=\"e-gallery-image elementor-gallery-item__image\" data-thumbnail=\"https:\/\/www.lichen.pl\/wp-content\/uploads\/2021\/10\/Inauguracja-Roku-Szkoleniowego-OHP-7-pazdziernika-2021-13-150x150.jpg\" data-width=\"150\" data-height=\"150\" aria-label=\"\" role=\"img\" ><\/div>\n\t\t\t\t\t\t\t\t\t\t\t<div class=\"elementor-gallery-item__overlay\"><\/div>\n\t\t\t\t\t\t\t\t\t\t\t\t\t\t<\/a>\n\t\t\t\t\t\t\t<a class=\"e-gallery-item elementor-gallery-item elementor-animated-content\" data-e-gallery-tags=\"1\" href=\"https:\/\/www.lichen.pl\/wp-content\/uploads\/2021\/10\/Inauguracja-Roku-Szkoleniowego-OHP-7-pazdziernika-2021-14.jpg\" data-elementor-open-lightbox=\"yes\" data-elementor-lightbox-slideshow=\"78bdd58\" data-elementor-lightbox-title=\"Inauguracja Roku Szkoleniowego OHP 7 pa\u017adziernika 2021 14\" data-e-action-hash=\"#elementor-action%3Aaction%3Dlightbox%26settings%3DeyJpZCI6MzE3NDksInVybCI6Imh0dHBzOlwvXC93d3cubGljaGVuLnBsXC93cC1jb250ZW50XC91cGxvYWRzXC8yMDIxXC8xMFwvSW5hdWd1cmFjamEtUm9rdS1TemtvbGVuaW93ZWdvLU9IUC03LXBhemR6aWVybmlrYS0yMDIxLTE0LmpwZyIsInNsaWRlc2hvdyI6Ijc4YmRkNTgifQ%3D%3D\">\n\t\t\t\t\t<div class=\"e-gallery-image elementor-gallery-item__image\" data-thumbnail=\"https:\/\/www.lichen.pl\/wp-content\/uploads\/2021\/10\/Inauguracja-Roku-Szkoleniowego-OHP-7-pazdziernika-2021-14-150x150.jpg\" data-width=\"150\" data-height=\"150\" aria-label=\"\" role=\"img\" ><\/div>\n\t\t\t\t\t\t\t\t\t\t\t<div class=\"elementor-gallery-item__overlay\"><\/div>\n\t\t\t\t\t\t\t\t\t\t\t\t\t\t<\/a>\n\t\t\t\t\t\t\t<a class=\"e-gallery-item elementor-gallery-item elementor-animated-content\" data-e-gallery-tags=\"1\" href=\"https:\/\/www.lichen.pl\/wp-content\/uploads\/2021\/10\/Inauguracja-Roku-Szkoleniowego-OHP-7-pazdziernika-2021-15.jpg\" data-elementor-open-lightbox=\"yes\" data-elementor-lightbox-slideshow=\"78bdd58\" data-elementor-lightbox-title=\"Inauguracja Roku Szkoleniowego OHP 7 pa\u017adziernika 2021 15\" data-e-action-hash=\"#elementor-action%3Aaction%3Dlightbox%26settings%3DeyJpZCI6MzE3NTQsInVybCI6Imh0dHBzOlwvXC93d3cubGljaGVuLnBsXC93cC1jb250ZW50XC91cGxvYWRzXC8yMDIxXC8xMFwvSW5hdWd1cmFjamEtUm9rdS1TemtvbGVuaW93ZWdvLU9IUC03LXBhemR6aWVybmlrYS0yMDIxLTE1LmpwZyIsInNsaWRlc2hvdyI6Ijc4YmRkNTgifQ%3D%3D\">\n\t\t\t\t\t<div class=\"e-gallery-image elementor-gallery-item__image\" data-thumbnail=\"https:\/\/www.lichen.pl\/wp-content\/uploads\/2021\/10\/Inauguracja-Roku-Szkoleniowego-OHP-7-pazdziernika-2021-15-150x150.jpg\" data-width=\"150\" data-height=\"150\" aria-label=\"\" role=\"img\" ><\/div>\n\t\t\t\t\t\t\t\t\t\t\t<div class=\"elementor-gallery-item__overlay\"><\/div>\n\t\t\t\t\t\t\t\t\t\t\t\t\t\t<\/a>\n\t\t\t\t\t\t\t<a class=\"e-gallery-item elementor-gallery-item elementor-animated-content\" data-e-gallery-tags=\"1\" href=\"https:\/\/www.lichen.pl\/wp-content\/uploads\/2021\/10\/Inauguracja-Roku-Szkoleniowego-OHP-7-pazdziernika-2021-16.jpg\" data-elementor-open-lightbox=\"yes\" data-elementor-lightbox-slideshow=\"78bdd58\" data-elementor-lightbox-title=\"Inauguracja Roku Szkoleniowego OHP 7 pa\u017adziernika 2021 16\" data-e-action-hash=\"#elementor-action%3Aaction%3Dlightbox%26settings%3DeyJpZCI6MzE3NTksInVybCI6Imh0dHBzOlwvXC93d3cubGljaGVuLnBsXC93cC1jb250ZW50XC91cGxvYWRzXC8yMDIxXC8xMFwvSW5hdWd1cmFjamEtUm9rdS1TemtvbGVuaW93ZWdvLU9IUC03LXBhemR6aWVybmlrYS0yMDIxLTE2LmpwZyIsInNsaWRlc2hvdyI6Ijc4YmRkNTgifQ%3D%3D\">\n\t\t\t\t\t<div class=\"e-gallery-image elementor-gallery-item__image\" data-thumbnail=\"https:\/\/www.lichen.pl\/wp-content\/uploads\/2021\/10\/Inauguracja-Roku-Szkoleniowego-OHP-7-pazdziernika-2021-16-150x150.jpg\" data-width=\"150\" data-height=\"150\" aria-label=\"\" role=\"img\" ><\/div>\n\t\t\t\t\t\t\t\t\t\t\t<div class=\"elementor-gallery-item__overlay\"><\/div>\n\t\t\t\t\t\t\t\t\t\t\t\t\t\t<\/a>\n\t\t\t\t\t\t\t<a class=\"e-gallery-item elementor-gallery-item elementor-animated-content\" data-e-gallery-tags=\"1\" href=\"https:\/\/www.lichen.pl\/wp-content\/uploads\/2021\/10\/Inauguracja-Roku-Szkoleniowego-OHP-7-pazdziernika-2021-17.jpg\" data-elementor-open-lightbox=\"yes\" data-elementor-lightbox-slideshow=\"78bdd58\" data-elementor-lightbox-title=\"Inauguracja Roku Szkoleniowego OHP 7 pa\u017adziernika 2021 17\" data-e-action-hash=\"#elementor-action%3Aaction%3Dlightbox%26settings%3DeyJpZCI6MzE3NjQsInVybCI6Imh0dHBzOlwvXC93d3cubGljaGVuLnBsXC93cC1jb250ZW50XC91cGxvYWRzXC8yMDIxXC8xMFwvSW5hdWd1cmFjamEtUm9rdS1TemtvbGVuaW93ZWdvLU9IUC03LXBhemR6aWVybmlrYS0yMDIxLTE3LmpwZyIsInNsaWRlc2hvdyI6Ijc4YmRkNTgifQ%3D%3D\">\n\t\t\t\t\t<div class=\"e-gallery-image elementor-gallery-item__image\" data-thumbnail=\"https:\/\/www.lichen.pl\/wp-content\/uploads\/2021\/10\/Inauguracja-Roku-Szkoleniowego-OHP-7-pazdziernika-2021-17-150x150.jpg\" data-width=\"150\" data-height=\"150\" aria-label=\"\" role=\"img\" ><\/div>\n\t\t\t\t\t\t\t\t\t\t\t<div class=\"elementor-gallery-item__overlay\"><\/div>\n\t\t\t\t\t\t\t\t\t\t\t\t\t\t<\/a>\n\t\t\t\t\t\t\t<a class=\"e-gallery-item elementor-gallery-item elementor-animated-content\" data-e-gallery-tags=\"1\" href=\"https:\/\/www.lichen.pl\/wp-content\/uploads\/2021\/10\/Inauguracja-Roku-Szkoleniowego-OHP-7-pazdziernika-2021-18.jpg\" data-elementor-open-lightbox=\"yes\" data-elementor-lightbox-slideshow=\"78bdd58\" data-elementor-lightbox-title=\"Inauguracja Roku Szkoleniowego OHP 7 pa\u017adziernika 2021 18\" data-e-action-hash=\"#elementor-action%3Aaction%3Dlightbox%26settings%3DeyJpZCI6MzE3NjksInVybCI6Imh0dHBzOlwvXC93d3cubGljaGVuLnBsXC93cC1jb250ZW50XC91cGxvYWRzXC8yMDIxXC8xMFwvSW5hdWd1cmFjamEtUm9rdS1TemtvbGVuaW93ZWdvLU9IUC03LXBhemR6aWVybmlrYS0yMDIxLTE4LmpwZyIsInNsaWRlc2hvdyI6Ijc4YmRkNTgifQ%3D%3D\">\n\t\t\t\t\t<div class=\"e-gallery-image elementor-gallery-item__image\" data-thumbnail=\"https:\/\/www.lichen.pl\/wp-content\/uploads\/2021\/10\/Inauguracja-Roku-Szkoleniowego-OHP-7-pazdziernika-2021-18-150x150.jpg\" data-width=\"150\" data-height=\"150\" aria-label=\"\" role=\"img\" ><\/div>\n\t\t\t\t\t\t\t\t\t\t\t<div class=\"elementor-gallery-item__overlay\"><\/div>\n\t\t\t\t\t\t\t\t\t\t\t\t\t\t<\/a>\n\t\t\t\t\t\t\t<a class=\"e-gallery-item elementor-gallery-item elementor-animated-content\" data-e-gallery-tags=\"1\" href=\"https:\/\/www.lichen.pl\/wp-content\/uploads\/2021\/10\/Inauguracja-Roku-Szkoleniowego-OHP-7-pazdziernika-2021-19.jpg\" data-elementor-open-lightbox=\"yes\" data-elementor-lightbox-slideshow=\"78bdd58\" data-elementor-lightbox-title=\"Inauguracja Roku Szkoleniowego OHP 7 pa\u017adziernika 2021 19\" data-e-action-hash=\"#elementor-action%3Aaction%3Dlightbox%26settings%3DeyJpZCI6MzE3NzQsInVybCI6Imh0dHBzOlwvXC93d3cubGljaGVuLnBsXC93cC1jb250ZW50XC91cGxvYWRzXC8yMDIxXC8xMFwvSW5hdWd1cmFjamEtUm9rdS1TemtvbGVuaW93ZWdvLU9IUC03LXBhemR6aWVybmlrYS0yMDIxLTE5LmpwZyIsInNsaWRlc2hvdyI6Ijc4YmRkNTgifQ%3D%3D\">\n\t\t\t\t\t<div class=\"e-gallery-image elementor-gallery-item__image\" data-thumbnail=\"https:\/\/www.lichen.pl\/wp-content\/uploads\/2021\/10\/Inauguracja-Roku-Szkoleniowego-OHP-7-pazdziernika-2021-19-150x150.jpg\" data-width=\"150\" data-height=\"150\" aria-label=\"\" role=\"img\" ><\/div>\n\t\t\t\t\t\t\t\t\t\t\t<div class=\"elementor-gallery-item__overlay\"><\/div>\n\t\t\t\t\t\t\t\t\t\t\t\t\t\t<\/a>\n\t\t\t\t\t\t\t<a class=\"e-gallery-item elementor-gallery-item elementor-animated-content\" data-e-gallery-tags=\"1\" href=\"https:\/\/www.lichen.pl\/wp-content\/uploads\/2021\/10\/Inauguracja-Roku-Szkoleniowego-OHP-7-pazdziernika-2021-20.jpg\" data-elementor-open-lightbox=\"yes\" data-elementor-lightbox-slideshow=\"78bdd58\" data-elementor-lightbox-title=\"Inauguracja Roku Szkoleniowego OHP 7 pa\u017adziernika 2021 20\" data-e-action-hash=\"#elementor-action%3Aaction%3Dlightbox%26settings%3DeyJpZCI6MzE3NzksInVybCI6Imh0dHBzOlwvXC93d3cubGljaGVuLnBsXC93cC1jb250ZW50XC91cGxvYWRzXC8yMDIxXC8xMFwvSW5hdWd1cmFjamEtUm9rdS1TemtvbGVuaW93ZWdvLU9IUC03LXBhemR6aWVybmlrYS0yMDIxLTIwLmpwZyIsInNsaWRlc2hvdyI6Ijc4YmRkNTgifQ%3D%3D\">\n\t\t\t\t\t<div class=\"e-gallery-image elementor-gallery-item__image\" data-thumbnail=\"https:\/\/www.lichen.pl\/wp-content\/uploads\/2021\/10\/Inauguracja-Roku-Szkoleniowego-OHP-7-pazdziernika-2021-20-150x150.jpg\" data-width=\"150\" data-height=\"150\" aria-label=\"\" role=\"img\" ><\/div>\n\t\t\t\t\t\t\t\t\t\t\t<div class=\"elementor-gallery-item__overlay\"><\/div>\n\t\t\t\t\t\t\t\t\t\t\t\t\t\t<\/a>\n\t\t\t\t\t\t\t<a class=\"e-gallery-item elementor-gallery-item elementor-animated-content\" data-e-gallery-tags=\"1\" href=\"https:\/\/www.lichen.pl\/wp-content\/uploads\/2021\/10\/Inauguracja-Roku-Szkoleniowego-OHP-7-pazdziernika-2021-21.jpg\" data-elementor-open-lightbox=\"yes\" data-elementor-lightbox-slideshow=\"78bdd58\" data-elementor-lightbox-title=\"Inauguracja Roku Szkoleniowego OHP 7 pa\u017adziernika 2021 21\" data-e-action-hash=\"#elementor-action%3Aaction%3Dlightbox%26settings%3DeyJpZCI6MzE3ODQsInVybCI6Imh0dHBzOlwvXC93d3cubGljaGVuLnBsXC93cC1jb250ZW50XC91cGxvYWRzXC8yMDIxXC8xMFwvSW5hdWd1cmFjamEtUm9rdS1TemtvbGVuaW93ZWdvLU9IUC03LXBhemR6aWVybmlrYS0yMDIxLTIxLmpwZyIsInNsaWRlc2hvdyI6Ijc4YmRkNTgifQ%3D%3D\">\n\t\t\t\t\t<div class=\"e-gallery-image elementor-gallery-item__image\" data-thumbnail=\"https:\/\/www.lichen.pl\/wp-content\/uploads\/2021\/10\/Inauguracja-Roku-Szkoleniowego-OHP-7-pazdziernika-2021-21-150x150.jpg\" data-width=\"150\" data-height=\"150\" aria-label=\"\" role=\"img\" ><\/div>\n\t\t\t\t\t\t\t\t\t\t\t<div class=\"elementor-gallery-item__overlay\"><\/div>\n\t\t\t\t\t\t\t\t\t\t\t\t\t\t<\/a>\n\t\t\t\t\t\t\t<a class=\"e-gallery-item elementor-gallery-item elementor-animated-content\" data-e-gallery-tags=\"1\" href=\"https:\/\/www.lichen.pl\/wp-content\/uploads\/2021\/10\/Inauguracja-Roku-Szkoleniowego-OHP-7-pazdziernika-2021-22.jpg\" data-elementor-open-lightbox=\"yes\" data-elementor-lightbox-slideshow=\"78bdd58\" data-elementor-lightbox-title=\"Inauguracja Roku Szkoleniowego OHP 7 pa\u017adziernika 2021 22\" data-e-action-hash=\"#elementor-action%3Aaction%3Dlightbox%26settings%3DeyJpZCI6MzE3ODksInVybCI6Imh0dHBzOlwvXC93d3cubGljaGVuLnBsXC93cC1jb250ZW50XC91cGxvYWRzXC8yMDIxXC8xMFwvSW5hdWd1cmFjamEtUm9rdS1TemtvbGVuaW93ZWdvLU9IUC03LXBhemR6aWVybmlrYS0yMDIxLTIyLmpwZyIsInNsaWRlc2hvdyI6Ijc4YmRkNTgifQ%3D%3D\">\n\t\t\t\t\t<div class=\"e-gallery-image elementor-gallery-item__image\" data-thumbnail=\"https:\/\/www.lichen.pl\/wp-content\/uploads\/2021\/10\/Inauguracja-Roku-Szkoleniowego-OHP-7-pazdziernika-2021-22-150x150.jpg\" data-width=\"150\" data-height=\"150\" aria-label=\"\" role=\"img\" ><\/div>\n\t\t\t\t\t\t\t\t\t\t\t<div class=\"elementor-gallery-item__overlay\"><\/div>\n\t\t\t\t\t\t\t\t\t\t\t\t\t\t<\/a>\n\t\t\t\t\t\t\t<a class=\"e-gallery-item elementor-gallery-item elementor-animated-content\" data-e-gallery-tags=\"1\" href=\"https:\/\/www.lichen.pl\/wp-content\/uploads\/2021\/10\/Inauguracja-Roku-Szkoleniowego-OHP-7-pazdziernika-2021-23.jpg\" data-elementor-open-lightbox=\"yes\" data-elementor-lightbox-slideshow=\"78bdd58\" data-elementor-lightbox-title=\"Inauguracja Roku Szkoleniowego OHP 7 pa\u017adziernika 2021 23\" data-e-action-hash=\"#elementor-action%3Aaction%3Dlightbox%26settings%3DeyJpZCI6MzE3OTQsInVybCI6Imh0dHBzOlwvXC93d3cubGljaGVuLnBsXC93cC1jb250ZW50XC91cGxvYWRzXC8yMDIxXC8xMFwvSW5hdWd1cmFjamEtUm9rdS1TemtvbGVuaW93ZWdvLU9IUC03LXBhemR6aWVybmlrYS0yMDIxLTIzLmpwZyIsInNsaWRlc2hvdyI6Ijc4YmRkNTgifQ%3D%3D\">\n\t\t\t\t\t<div class=\"e-gallery-image elementor-gallery-item__image\" data-thumbnail=\"https:\/\/www.lichen.pl\/wp-content\/uploads\/2021\/10\/Inauguracja-Roku-Szkoleniowego-OHP-7-pazdziernika-2021-23-150x150.jpg\" data-width=\"150\" data-height=\"150\" aria-label=\"\" role=\"img\" ><\/div>\n\t\t\t\t\t\t\t\t\t\t\t<div class=\"elementor-gallery-item__overlay\"><\/div>\n\t\t\t\t\t\t\t\t\t\t\t\t\t\t<\/a>\n\t\t\t\t\t\t\t<a class=\"e-gallery-item elementor-gallery-item elementor-animated-content\" data-e-gallery-tags=\"1\" href=\"https:\/\/www.lichen.pl\/wp-content\/uploads\/2021\/10\/Inauguracja-Roku-Szkoleniowego-OHP-7-pazdziernika-2021-24.jpg\" data-elementor-open-lightbox=\"yes\" data-elementor-lightbox-slideshow=\"78bdd58\" data-elementor-lightbox-title=\"Inauguracja Roku Szkoleniowego OHP 7 pa\u017adziernika 2021 24\" data-e-action-hash=\"#elementor-action%3Aaction%3Dlightbox%26settings%3DeyJpZCI6MzE3OTksInVybCI6Imh0dHBzOlwvXC93d3cubGljaGVuLnBsXC93cC1jb250ZW50XC91cGxvYWRzXC8yMDIxXC8xMFwvSW5hdWd1cmFjamEtUm9rdS1TemtvbGVuaW93ZWdvLU9IUC03LXBhemR6aWVybmlrYS0yMDIxLTI0LmpwZyIsInNsaWRlc2hvdyI6Ijc4YmRkNTgifQ%3D%3D\">\n\t\t\t\t\t<div class=\"e-gallery-image elementor-gallery-item__image\" data-thumbnail=\"https:\/\/www.lichen.pl\/wp-content\/uploads\/2021\/10\/Inauguracja-Roku-Szkoleniowego-OHP-7-pazdziernika-2021-24-150x150.jpg\" data-width=\"150\" data-height=\"150\" aria-label=\"\" role=\"img\" ><\/div>\n\t\t\t\t\t\t\t\t\t\t\t<div class=\"elementor-gallery-item__overlay\"><\/div>\n\t\t\t\t\t\t\t\t\t\t\t\t\t\t<\/a>\n\t\t\t\t\t\t\t<a class=\"e-gallery-item elementor-gallery-item elementor-animated-content\" data-e-gallery-tags=\"1\" href=\"https:\/\/www.lichen.pl\/wp-content\/uploads\/2021\/10\/Inauguracja-Roku-Szkoleniowego-OHP-7-pazdziernika-2021-25.jpg\" data-elementor-open-lightbox=\"yes\" data-elementor-lightbox-slideshow=\"78bdd58\" data-elementor-lightbox-title=\"Inauguracja Roku Szkoleniowego OHP 7 pa\u017adziernika 2021 25\" data-e-action-hash=\"#elementor-action%3Aaction%3Dlightbox%26settings%3DeyJpZCI6MzE4MDQsInVybCI6Imh0dHBzOlwvXC93d3cubGljaGVuLnBsXC93cC1jb250ZW50XC91cGxvYWRzXC8yMDIxXC8xMFwvSW5hdWd1cmFjamEtUm9rdS1TemtvbGVuaW93ZWdvLU9IUC03LXBhemR6aWVybmlrYS0yMDIxLTI1LmpwZyIsInNsaWRlc2hvdyI6Ijc4YmRkNTgifQ%3D%3D\">\n\t\t\t\t\t<div class=\"e-gallery-image elementor-gallery-item__image\" data-thumbnail=\"https:\/\/www.lichen.pl\/wp-content\/uploads\/2021\/10\/Inauguracja-Roku-Szkoleniowego-OHP-7-pazdziernika-2021-25-150x150.jpg\" data-width=\"150\" data-height=\"150\" aria-label=\"\" role=\"img\" ><\/div>\n\t\t\t\t\t\t\t\t\t\t\t<div class=\"elementor-gallery-item__overlay\"><\/div>\n\t\t\t\t\t\t\t\t\t\t\t\t\t\t<\/a>\n\t\t\t\t\t\t\t<a class=\"e-gallery-item elementor-gallery-item elementor-animated-content\" data-e-gallery-tags=\"1\" href=\"https:\/\/www.lichen.pl\/wp-content\/uploads\/2021\/10\/Inauguracja-Roku-Szkoleniowego-OHP-7-pazdziernika-2021-26.jpg\" data-elementor-open-lightbox=\"yes\" data-elementor-lightbox-slideshow=\"78bdd58\" data-elementor-lightbox-title=\"Inauguracja Roku Szkoleniowego OHP 7 pa\u017adziernika 2021 26\" data-e-action-hash=\"#elementor-action%3Aaction%3Dlightbox%26settings%3DeyJpZCI6MzE4MDksInVybCI6Imh0dHBzOlwvXC93d3cubGljaGVuLnBsXC93cC1jb250ZW50XC91cGxvYWRzXC8yMDIxXC8xMFwvSW5hdWd1cmFjamEtUm9rdS1TemtvbGVuaW93ZWdvLU9IUC03LXBhemR6aWVybmlrYS0yMDIxLTI2LmpwZyIsInNsaWRlc2hvdyI6Ijc4YmRkNTgifQ%3D%3D\">\n\t\t\t\t\t<div class=\"e-gallery-image elementor-gallery-item__image\" data-thumbnail=\"https:\/\/www.lichen.pl\/wp-content\/uploads\/2021\/10\/Inauguracja-Roku-Szkoleniowego-OHP-7-pazdziernika-2021-26-150x150.jpg\" data-width=\"150\" data-height=\"150\" aria-label=\"\" role=\"img\" ><\/div>\n\t\t\t\t\t\t\t\t\t\t\t<div class=\"elementor-gallery-item__overlay\"><\/div>\n\t\t\t\t\t\t\t\t\t\t\t\t\t\t<\/a>\n\t\t\t\t\t\t\t<a class=\"e-gallery-item elementor-gallery-item elementor-animated-content\" data-e-gallery-tags=\"1\" href=\"https:\/\/www.lichen.pl\/wp-content\/uploads\/2021\/10\/Inauguracja-Roku-Szkoleniowego-OHP-7-pazdziernika-2021-27.jpg\" data-elementor-open-lightbox=\"yes\" data-elementor-lightbox-slideshow=\"78bdd58\" data-elementor-lightbox-title=\"Inauguracja Roku Szkoleniowego OHP 7 pa\u017adziernika 2021 27\" data-e-action-hash=\"#elementor-action%3Aaction%3Dlightbox%26settings%3DeyJpZCI6MzE4MTQsInVybCI6Imh0dHBzOlwvXC93d3cubGljaGVuLnBsXC93cC1jb250ZW50XC91cGxvYWRzXC8yMDIxXC8xMFwvSW5hdWd1cmFjamEtUm9rdS1TemtvbGVuaW93ZWdvLU9IUC03LXBhemR6aWVybmlrYS0yMDIxLTI3LmpwZyIsInNsaWRlc2hvdyI6Ijc4YmRkNTgifQ%3D%3D\">\n\t\t\t\t\t<div class=\"e-gallery-image elementor-gallery-item__image\" data-thumbnail=\"https:\/\/www.lichen.pl\/wp-content\/uploads\/2021\/10\/Inauguracja-Roku-Szkoleniowego-OHP-7-pazdziernika-2021-27-150x150.jpg\" data-width=\"150\" data-height=\"150\" aria-label=\"\" role=\"img\" ><\/div>\n\t\t\t\t\t\t\t\t\t\t\t<div class=\"elementor-gallery-item__overlay\"><\/div>\n\t\t\t\t\t\t\t\t\t\t\t\t\t\t<\/a>\n\t\t\t\t\t\t\t<a class=\"e-gallery-item elementor-gallery-item elementor-animated-content\" data-e-gallery-tags=\"1\" href=\"https:\/\/www.lichen.pl\/wp-content\/uploads\/2021\/10\/Inauguracja-Roku-Szkoleniowego-OHP-7-pazdziernika-2021-28.jpg\" data-elementor-open-lightbox=\"yes\" data-elementor-lightbox-slideshow=\"78bdd58\" data-elementor-lightbox-title=\"Inauguracja Roku Szkoleniowego OHP 7 pa\u017adziernika 2021 28\" data-e-action-hash=\"#elementor-action%3Aaction%3Dlightbox%26settings%3DeyJpZCI6MzE4MTksInVybCI6Imh0dHBzOlwvXC93d3cubGljaGVuLnBsXC93cC1jb250ZW50XC91cGxvYWRzXC8yMDIxXC8xMFwvSW5hdWd1cmFjamEtUm9rdS1TemtvbGVuaW93ZWdvLU9IUC03LXBhemR6aWVybmlrYS0yMDIxLTI4LmpwZyIsInNsaWRlc2hvdyI6Ijc4YmRkNTgifQ%3D%3D\">\n\t\t\t\t\t<div class=\"e-gallery-image elementor-gallery-item__image\" data-thumbnail=\"https:\/\/www.lichen.pl\/wp-content\/uploads\/2021\/10\/Inauguracja-Roku-Szkoleniowego-OHP-7-pazdziernika-2021-28-150x150.jpg\" data-width=\"150\" data-height=\"150\" aria-label=\"\" role=\"img\" ><\/div>\n\t\t\t\t\t\t\t\t\t\t\t<div class=\"elementor-gallery-item__overlay\"><\/div>\n\t\t\t\t\t\t\t\t\t\t\t\t\t\t<\/a>\n\t\t\t\t\t\t\t<a class=\"e-gallery-item elementor-gallery-item elementor-animated-content\" data-e-gallery-tags=\"1\" href=\"https:\/\/www.lichen.pl\/wp-content\/uploads\/2021\/10\/Inauguracja-Roku-Szkoleniowego-OHP-7-pazdziernika-2021-29.jpg\" data-elementor-open-lightbox=\"yes\" data-elementor-lightbox-slideshow=\"78bdd58\" data-elementor-lightbox-title=\"Inauguracja Roku Szkoleniowego OHP 7 pa\u017adziernika 2021 29\" data-e-action-hash=\"#elementor-action%3Aaction%3Dlightbox%26settings%3DeyJpZCI6MzE4MjQsInVybCI6Imh0dHBzOlwvXC93d3cubGljaGVuLnBsXC93cC1jb250ZW50XC91cGxvYWRzXC8yMDIxXC8xMFwvSW5hdWd1cmFjamEtUm9rdS1TemtvbGVuaW93ZWdvLU9IUC03LXBhemR6aWVybmlrYS0yMDIxLTI5LmpwZyIsInNsaWRlc2hvdyI6Ijc4YmRkNTgifQ%3D%3D\">\n\t\t\t\t\t<div class=\"e-gallery-image elementor-gallery-item__image\" data-thumbnail=\"https:\/\/www.lichen.pl\/wp-content\/uploads\/2021\/10\/Inauguracja-Roku-Szkoleniowego-OHP-7-pazdziernika-2021-29-150x150.jpg\" data-width=\"150\" data-height=\"150\" aria-label=\"\" role=\"img\" ><\/div>\n\t\t\t\t\t\t\t\t\t\t\t<div class=\"elementor-gallery-item__overlay\"><\/div>\n\t\t\t\t\t\t\t\t\t\t\t\t\t\t<\/a>\n\t\t\t\t\t\t\t<a class=\"e-gallery-item elementor-gallery-item elementor-animated-content\" data-e-gallery-tags=\"1\" href=\"https:\/\/www.lichen.pl\/wp-content\/uploads\/2021\/10\/Inauguracja-Roku-Szkoleniowego-OHP-7-pazdziernika-2021-30.jpg\" data-elementor-open-lightbox=\"yes\" data-elementor-lightbox-slideshow=\"78bdd58\" data-elementor-lightbox-title=\"Inauguracja Roku Szkoleniowego OHP 7 pa\u017adziernika 2021 30\" data-e-action-hash=\"#elementor-action%3Aaction%3Dlightbox%26settings%3DeyJpZCI6MzE4MjksInVybCI6Imh0dHBzOlwvXC93d3cubGljaGVuLnBsXC93cC1jb250ZW50XC91cGxvYWRzXC8yMDIxXC8xMFwvSW5hdWd1cmFjamEtUm9rdS1TemtvbGVuaW93ZWdvLU9IUC03LXBhemR6aWVybmlrYS0yMDIxLTMwLmpwZyIsInNsaWRlc2hvdyI6Ijc4YmRkNTgifQ%3D%3D\">\n\t\t\t\t\t<div class=\"e-gallery-image elementor-gallery-item__image\" data-thumbnail=\"https:\/\/www.lichen.pl\/wp-content\/uploads\/2021\/10\/Inauguracja-Roku-Szkoleniowego-OHP-7-pazdziernika-2021-30-150x150.jpg\" data-width=\"150\" data-height=\"150\" aria-label=\"\" role=\"img\" ><\/div>\n\t\t\t\t\t\t\t\t\t\t\t<div class=\"elementor-gallery-item__overlay\"><\/div>\n\t\t\t\t\t\t\t\t\t\t\t\t\t\t<\/a>\n\t\t\t\t\t\t\t<a class=\"e-gallery-item elementor-gallery-item elementor-animated-content\" data-e-gallery-tags=\"1\" href=\"https:\/\/www.lichen.pl\/wp-content\/uploads\/2021\/10\/Inauguracja-Roku-Szkoleniowego-OHP-7-pazdziernika-2021-31.jpg\" data-elementor-open-lightbox=\"yes\" data-elementor-lightbox-slideshow=\"78bdd58\" data-elementor-lightbox-title=\"Inauguracja Roku Szkoleniowego OHP 7 pa\u017adziernika 2021 31\" data-e-action-hash=\"#elementor-action%3Aaction%3Dlightbox%26settings%3DeyJpZCI6MzE4MzQsInVybCI6Imh0dHBzOlwvXC93d3cubGljaGVuLnBsXC93cC1jb250ZW50XC91cGxvYWRzXC8yMDIxXC8xMFwvSW5hdWd1cmFjamEtUm9rdS1TemtvbGVuaW93ZWdvLU9IUC03LXBhemR6aWVybmlrYS0yMDIxLTMxLmpwZyIsInNsaWRlc2hvdyI6Ijc4YmRkNTgifQ%3D%3D\">\n\t\t\t\t\t<div class=\"e-gallery-image elementor-gallery-item__image\" data-thumbnail=\"https:\/\/www.lichen.pl\/wp-content\/uploads\/2021\/10\/Inauguracja-Roku-Szkoleniowego-OHP-7-pazdziernika-2021-31-150x150.jpg\" data-width=\"150\" data-height=\"150\" aria-label=\"\" role=\"img\" ><\/div>\n\t\t\t\t\t\t\t\t\t\t\t<div class=\"elementor-gallery-item__overlay\"><\/div>\n\t\t\t\t\t\t\t\t\t\t\t\t\t\t<\/a>\n\t\t\t\t\t\t\t<a class=\"e-gallery-item elementor-gallery-item elementor-animated-content\" data-e-gallery-tags=\"1\" href=\"https:\/\/www.lichen.pl\/wp-content\/uploads\/2021\/10\/Inauguracja-Roku-Szkoleniowego-OHP-7-pazdziernika-2021-32.jpg\" data-elementor-open-lightbox=\"yes\" data-elementor-lightbox-slideshow=\"78bdd58\" data-elementor-lightbox-title=\"Inauguracja Roku Szkoleniowego OHP 7 pa\u017adziernika 2021 32\" data-e-action-hash=\"#elementor-action%3Aaction%3Dlightbox%26settings%3DeyJpZCI6MzE4MzksInVybCI6Imh0dHBzOlwvXC93d3cubGljaGVuLnBsXC93cC1jb250ZW50XC91cGxvYWRzXC8yMDIxXC8xMFwvSW5hdWd1cmFjamEtUm9rdS1TemtvbGVuaW93ZWdvLU9IUC03LXBhemR6aWVybmlrYS0yMDIxLTMyLmpwZyIsInNsaWRlc2hvdyI6Ijc4YmRkNTgifQ%3D%3D\">\n\t\t\t\t\t<div class=\"e-gallery-image elementor-gallery-item__image\" data-thumbnail=\"https:\/\/www.lichen.pl\/wp-content\/uploads\/2021\/10\/Inauguracja-Roku-Szkoleniowego-OHP-7-pazdziernika-2021-32-150x150.jpg\" data-width=\"150\" data-height=\"150\" aria-label=\"\" role=\"img\" ><\/div>\n\t\t\t\t\t\t\t\t\t\t\t<div class=\"elementor-gallery-item__overlay\"><\/div>\n\t\t\t\t\t\t\t\t\t\t\t\t\t\t<\/a>\n\t\t\t\t\t\t\t<a class=\"e-gallery-item elementor-gallery-item elementor-animated-content\" data-e-gallery-tags=\"1\" href=\"https:\/\/www.lichen.pl\/wp-content\/uploads\/2021\/10\/Inauguracja-Roku-Szkoleniowego-OHP-7-pazdziernika-2021-33.jpg\" data-elementor-open-lightbox=\"yes\" data-elementor-lightbox-slideshow=\"78bdd58\" data-elementor-lightbox-title=\"Inauguracja Roku Szkoleniowego OHP 7 pa\u017adziernika 2021 33\" data-e-action-hash=\"#elementor-action%3Aaction%3Dlightbox%26settings%3DeyJpZCI6MzE4NDQsInVybCI6Imh0dHBzOlwvXC93d3cubGljaGVuLnBsXC93cC1jb250ZW50XC91cGxvYWRzXC8yMDIxXC8xMFwvSW5hdWd1cmFjamEtUm9rdS1TemtvbGVuaW93ZWdvLU9IUC03LXBhemR6aWVybmlrYS0yMDIxLTMzLmpwZyIsInNsaWRlc2hvdyI6Ijc4YmRkNTgifQ%3D%3D\">\n\t\t\t\t\t<div class=\"e-gallery-image elementor-gallery-item__image\" data-thumbnail=\"https:\/\/www.lichen.pl\/wp-content\/uploads\/2021\/10\/Inauguracja-Roku-Szkoleniowego-OHP-7-pazdziernika-2021-33-150x150.jpg\" data-width=\"150\" data-height=\"150\" aria-label=\"\" role=\"img\" ><\/div>\n\t\t\t\t\t\t\t\t\t\t\t<div class=\"elementor-gallery-item__overlay\"><\/div>\n\t\t\t\t\t\t\t\t\t\t\t\t\t\t<\/a>\n\t\t\t\t\t\t\t<a class=\"e-gallery-item elementor-gallery-item elementor-animated-content\" data-e-gallery-tags=\"1\" href=\"https:\/\/www.lichen.pl\/wp-content\/uploads\/2021\/10\/Inauguracja-Roku-Szkoleniowego-OHP-7-pazdziernika-2021-34.jpg\" data-elementor-open-lightbox=\"yes\" data-elementor-lightbox-slideshow=\"78bdd58\" data-elementor-lightbox-title=\"Inauguracja Roku Szkoleniowego OHP 7 pa\u017adziernika 2021 34\" data-e-action-hash=\"#elementor-action%3Aaction%3Dlightbox%26settings%3DeyJpZCI6MzE4NDksInVybCI6Imh0dHBzOlwvXC93d3cubGljaGVuLnBsXC93cC1jb250ZW50XC91cGxvYWRzXC8yMDIxXC8xMFwvSW5hdWd1cmFjamEtUm9rdS1TemtvbGVuaW93ZWdvLU9IUC03LXBhemR6aWVybmlrYS0yMDIxLTM0LmpwZyIsInNsaWRlc2hvdyI6Ijc4YmRkNTgifQ%3D%3D\">\n\t\t\t\t\t<div class=\"e-gallery-image elementor-gallery-item__image\" data-thumbnail=\"https:\/\/www.lichen.pl\/wp-content\/uploads\/2021\/10\/Inauguracja-Roku-Szkoleniowego-OHP-7-pazdziernika-2021-34-150x150.jpg\" data-width=\"150\" data-height=\"150\" aria-label=\"\" role=\"img\" ><\/div>\n\t\t\t\t\t\t\t\t\t\t\t<div class=\"elementor-gallery-item__overlay\"><\/div>\n\t\t\t\t\t\t\t\t\t\t\t\t\t\t<\/a>\n\t\t\t\t\t\t\t<a class=\"e-gallery-item elementor-gallery-item elementor-animated-content\" data-e-gallery-tags=\"1\" href=\"https:\/\/www.lichen.pl\/wp-content\/uploads\/2021\/10\/Inauguracja-Roku-Szkoleniowego-OHP-7-pazdziernika-2021-35.jpg\" data-elementor-open-lightbox=\"yes\" data-elementor-lightbox-slideshow=\"78bdd58\" data-elementor-lightbox-title=\"Inauguracja Roku Szkoleniowego OHP 7 pa\u017adziernika 2021 35\" data-e-action-hash=\"#elementor-action%3Aaction%3Dlightbox%26settings%3DeyJpZCI6MzE4NTQsInVybCI6Imh0dHBzOlwvXC93d3cubGljaGVuLnBsXC93cC1jb250ZW50XC91cGxvYWRzXC8yMDIxXC8xMFwvSW5hdWd1cmFjamEtUm9rdS1TemtvbGVuaW93ZWdvLU9IUC03LXBhemR6aWVybmlrYS0yMDIxLTM1LmpwZyIsInNsaWRlc2hvdyI6Ijc4YmRkNTgifQ%3D%3D\">\n\t\t\t\t\t<div class=\"e-gallery-image elementor-gallery-item__image\" data-thumbnail=\"https:\/\/www.lichen.pl\/wp-content\/uploads\/2021\/10\/Inauguracja-Roku-Szkoleniowego-OHP-7-pazdziernika-2021-35-150x150.jpg\" data-width=\"150\" data-height=\"150\" aria-label=\"\" role=\"img\" ><\/div>\n\t\t\t\t\t\t\t\t\t\t\t<div class=\"elementor-gallery-item__overlay\"><\/div>\n\t\t\t\t\t\t\t\t\t\t\t\t\t\t<\/a>\n\t\t\t\t\t\t\t<a class=\"e-gallery-item elementor-gallery-item elementor-animated-content\" data-e-gallery-tags=\"1\" href=\"https:\/\/www.lichen.pl\/wp-content\/uploads\/2021\/10\/Inauguracja-Roku-Szkoleniowego-OHP-7-pazdziernika-2021-37.jpg\" data-elementor-open-lightbox=\"yes\" data-elementor-lightbox-slideshow=\"78bdd58\" data-elementor-lightbox-title=\"Inauguracja Roku Szkoleniowego OHP 7 pa\u017adziernika 2021 37\" data-e-action-hash=\"#elementor-action%3Aaction%3Dlightbox%26settings%3DeyJpZCI6MzE4NjQsInVybCI6Imh0dHBzOlwvXC93d3cubGljaGVuLnBsXC93cC1jb250ZW50XC91cGxvYWRzXC8yMDIxXC8xMFwvSW5hdWd1cmFjamEtUm9rdS1TemtvbGVuaW93ZWdvLU9IUC03LXBhemR6aWVybmlrYS0yMDIxLTM3LmpwZyIsInNsaWRlc2hvdyI6Ijc4YmRkNTgifQ%3D%3D\">\n\t\t\t\t\t<div class=\"e-gallery-image elementor-gallery-item__image\" data-thumbnail=\"https:\/\/www.lichen.pl\/wp-content\/uploads\/2021\/10\/Inauguracja-Roku-Szkoleniowego-OHP-7-pazdziernika-2021-37-150x150.jpg\" data-width=\"150\" data-height=\"150\" aria-label=\"\" role=\"img\" ><\/div>\n\t\t\t\t\t\t\t\t\t\t\t<div class=\"elementor-gallery-item__overlay\"><\/div>\n\t\t\t\t\t\t\t\t\t\t\t\t\t\t<\/a>\n\t\t\t\t\t\t\t<a class=\"e-gallery-item elementor-gallery-item elementor-animated-content\" data-e-gallery-tags=\"1\" href=\"https:\/\/www.lichen.pl\/wp-content\/uploads\/2021\/10\/Inauguracja-Roku-Szkoleniowego-OHP-7-pazdziernika-2021-36.jpg\" data-elementor-open-lightbox=\"yes\" data-elementor-lightbox-slideshow=\"78bdd58\" data-elementor-lightbox-title=\"Inauguracja Roku Szkoleniowego OHP 7 pa\u017adziernika 2021 36\" data-e-action-hash=\"#elementor-action%3Aaction%3Dlightbox%26settings%3DeyJpZCI6MzE4NTksInVybCI6Imh0dHBzOlwvXC93d3cubGljaGVuLnBsXC93cC1jb250ZW50XC91cGxvYWRzXC8yMDIxXC8xMFwvSW5hdWd1cmFjamEtUm9rdS1TemtvbGVuaW93ZWdvLU9IUC03LXBhemR6aWVybmlrYS0yMDIxLTM2LmpwZyIsInNsaWRlc2hvdyI6Ijc4YmRkNTgifQ%3D%3D\">\n\t\t\t\t\t<div class=\"e-gallery-image elementor-gallery-item__image\" data-thumbnail=\"https:\/\/www.lichen.pl\/wp-content\/uploads\/2021\/10\/Inauguracja-Roku-Szkoleniowego-OHP-7-pazdziernika-2021-36-150x150.jpg\" data-width=\"150\" data-height=\"150\" aria-label=\"\" role=\"img\" ><\/div>\n\t\t\t\t\t\t\t\t\t\t\t<div class=\"elementor-gallery-item__overlay\"><\/div>\n\t\t\t\t\t\t\t\t\t\t\t\t\t\t<\/a>\n\t\t\t\t\t\t\t<a class=\"e-gallery-item elementor-gallery-item elementor-animated-content\" data-e-gallery-tags=\"1\" href=\"https:\/\/www.lichen.pl\/wp-content\/uploads\/2021\/10\/Inauguracja-Roku-Szkoleniowego-OHP-7-pazdziernika-2021-38.jpg\" data-elementor-open-lightbox=\"yes\" data-elementor-lightbox-slideshow=\"78bdd58\" data-elementor-lightbox-title=\"Inauguracja Roku Szkoleniowego OHP 7 pa\u017adziernika 2021 38\" data-e-action-hash=\"#elementor-action%3Aaction%3Dlightbox%26settings%3DeyJpZCI6MzE4NjksInVybCI6Imh0dHBzOlwvXC93d3cubGljaGVuLnBsXC93cC1jb250ZW50XC91cGxvYWRzXC8yMDIxXC8xMFwvSW5hdWd1cmFjamEtUm9rdS1TemtvbGVuaW93ZWdvLU9IUC03LXBhemR6aWVybmlrYS0yMDIxLTM4LmpwZyIsInNsaWRlc2hvdyI6Ijc4YmRkNTgifQ%3D%3D\">\n\t\t\t\t\t<div class=\"e-gallery-image elementor-gallery-item__image\" data-thumbnail=\"https:\/\/www.lichen.pl\/wp-content\/uploads\/2021\/10\/Inauguracja-Roku-Szkoleniowego-OHP-7-pazdziernika-2021-38-150x150.jpg\" data-width=\"150\" data-height=\"150\" aria-label=\"\" role=\"img\" ><\/div>\n\t\t\t\t\t\t\t\t\t\t\t<div class=\"elementor-gallery-item__overlay\"><\/div>\n\t\t\t\t\t\t\t\t\t\t\t\t\t\t<\/a>\n\t\t\t\t\t\t\t<a class=\"e-gallery-item elementor-gallery-item elementor-animated-content\" data-e-gallery-tags=\"1\" href=\"https:\/\/www.lichen.pl\/wp-content\/uploads\/2021\/10\/Inauguracja-Roku-Szkoleniowego-OHP-7-pazdziernika-2021-39.jpg\" data-elementor-open-lightbox=\"yes\" data-elementor-lightbox-slideshow=\"78bdd58\" data-elementor-lightbox-title=\"Inauguracja Roku Szkoleniowego OHP 7 pa\u017adziernika 2021 39\" data-e-action-hash=\"#elementor-action%3Aaction%3Dlightbox%26settings%3DeyJpZCI6MzE4NzQsInVybCI6Imh0dHBzOlwvXC93d3cubGljaGVuLnBsXC93cC1jb250ZW50XC91cGxvYWRzXC8yMDIxXC8xMFwvSW5hdWd1cmFjamEtUm9rdS1TemtvbGVuaW93ZWdvLU9IUC03LXBhemR6aWVybmlrYS0yMDIxLTM5LmpwZyIsInNsaWRlc2hvdyI6Ijc4YmRkNTgifQ%3D%3D\">\n\t\t\t\t\t<div class=\"e-gallery-image elementor-gallery-item__image\" data-thumbnail=\"https:\/\/www.lichen.pl\/wp-content\/uploads\/2021\/10\/Inauguracja-Roku-Szkoleniowego-OHP-7-pazdziernika-2021-39-150x150.jpg\" data-width=\"150\" data-height=\"150\" aria-label=\"\" role=\"img\" ><\/div>\n\t\t\t\t\t\t\t\t\t\t\t<div class=\"elementor-gallery-item__overlay\"><\/div>\n\t\t\t\t\t\t\t\t\t\t\t\t\t\t<\/a>\n\t\t\t\t\t\t\t<a class=\"e-gallery-item elementor-gallery-item elementor-animated-content\" data-e-gallery-tags=\"1\" href=\"https:\/\/www.lichen.pl\/wp-content\/uploads\/2021\/10\/Inauguracja-Roku-Szkoleniowego-OHP-7-pazdziernika-2021-40.jpg\" data-elementor-open-lightbox=\"yes\" data-elementor-lightbox-slideshow=\"78bdd58\" data-elementor-lightbox-title=\"Inauguracja Roku Szkoleniowego OHP 7 pa\u017adziernika 2021 40\" data-e-action-hash=\"#elementor-action%3Aaction%3Dlightbox%26settings%3DeyJpZCI6MzE4NzksInVybCI6Imh0dHBzOlwvXC93d3cubGljaGVuLnBsXC93cC1jb250ZW50XC91cGxvYWRzXC8yMDIxXC8xMFwvSW5hdWd1cmFjamEtUm9rdS1TemtvbGVuaW93ZWdvLU9IUC03LXBhemR6aWVybmlrYS0yMDIxLTQwLmpwZyIsInNsaWRlc2hvdyI6Ijc4YmRkNTgifQ%3D%3D\">\n\t\t\t\t\t<div class=\"e-gallery-image elementor-gallery-item__image\" data-thumbnail=\"https:\/\/www.lichen.pl\/wp-content\/uploads\/2021\/10\/Inauguracja-Roku-Szkoleniowego-OHP-7-pazdziernika-2021-40-150x150.jpg\" data-width=\"150\" data-height=\"150\" aria-label=\"\" role=\"img\" ><\/div>\n\t\t\t\t\t\t\t\t\t\t\t<div class=\"elementor-gallery-item__overlay\"><\/div>\n\t\t\t\t\t\t\t\t\t\t\t\t\t\t<\/a>\n\t\t\t\t\t\t\t<a class=\"e-gallery-item elementor-gallery-item elementor-animated-content\" data-e-gallery-tags=\"1\" href=\"https:\/\/www.lichen.pl\/wp-content\/uploads\/2021\/10\/Inauguracja-Roku-Szkoleniowego-OHP-7-pazdziernika-2021-41.jpg\" data-elementor-open-lightbox=\"yes\" data-elementor-lightbox-slideshow=\"78bdd58\" data-elementor-lightbox-title=\"Inauguracja Roku Szkoleniowego OHP 7 pa\u017adziernika 2021 41\" data-e-action-hash=\"#elementor-action%3Aaction%3Dlightbox%26settings%3DeyJpZCI6MzE4ODQsInVybCI6Imh0dHBzOlwvXC93d3cubGljaGVuLnBsXC93cC1jb250ZW50XC91cGxvYWRzXC8yMDIxXC8xMFwvSW5hdWd1cmFjamEtUm9rdS1TemtvbGVuaW93ZWdvLU9IUC03LXBhemR6aWVybmlrYS0yMDIxLTQxLmpwZyIsInNsaWRlc2hvdyI6Ijc4YmRkNTgifQ%3D%3D\">\n\t\t\t\t\t<div class=\"e-gallery-image elementor-gallery-item__image\" data-thumbnail=\"https:\/\/www.lichen.pl\/wp-content\/uploads\/2021\/10\/Inauguracja-Roku-Szkoleniowego-OHP-7-pazdziernika-2021-41-150x150.jpg\" data-width=\"150\" data-height=\"150\" aria-label=\"\" role=\"img\" ><\/div>\n\t\t\t\t\t\t\t\t\t\t\t<div class=\"elementor-gallery-item__overlay\"><\/div>\n\t\t\t\t\t\t\t\t\t\t\t\t\t\t<\/a>\n\t\t\t\t\t\t\t<a class=\"e-gallery-item elementor-gallery-item elementor-animated-content\" data-e-gallery-tags=\"1\" href=\"https:\/\/www.lichen.pl\/wp-content\/uploads\/2021\/10\/Inauguracja-Roku-Szkoleniowego-OHP-7-pazdziernika-2021-42.jpg\" data-elementor-open-lightbox=\"yes\" data-elementor-lightbox-slideshow=\"78bdd58\" data-elementor-lightbox-title=\"Inauguracja Roku Szkoleniowego OHP 7 pa\u017adziernika 2021 42\" data-e-action-hash=\"#elementor-action%3Aaction%3Dlightbox%26settings%3DeyJpZCI6MzE4ODksInVybCI6Imh0dHBzOlwvXC93d3cubGljaGVuLnBsXC93cC1jb250ZW50XC91cGxvYWRzXC8yMDIxXC8xMFwvSW5hdWd1cmFjamEtUm9rdS1TemtvbGVuaW93ZWdvLU9IUC03LXBhemR6aWVybmlrYS0yMDIxLTQyLmpwZyIsInNsaWRlc2hvdyI6Ijc4YmRkNTgifQ%3D%3D\">\n\t\t\t\t\t<div class=\"e-gallery-image elementor-gallery-item__image\" data-thumbnail=\"https:\/\/www.lichen.pl\/wp-content\/uploads\/2021\/10\/Inauguracja-Roku-Szkoleniowego-OHP-7-pazdziernika-2021-42-150x150.jpg\" data-width=\"150\" data-height=\"150\" aria-label=\"\" role=\"img\" ><\/div>\n\t\t\t\t\t\t\t\t\t\t\t<div class=\"elementor-gallery-item__overlay\"><\/div>\n\t\t\t\t\t\t\t\t\t\t\t\t\t\t<\/a>\n\t\t\t\t\t\t\t<a class=\"e-gallery-item elementor-gallery-item elementor-animated-content\" data-e-gallery-tags=\"1\" href=\"https:\/\/www.lichen.pl\/wp-content\/uploads\/2021\/10\/Inauguracja-Roku-Szkoleniowego-OHP-7-pazdziernika-2021-43.jpg\" data-elementor-open-lightbox=\"yes\" data-elementor-lightbox-slideshow=\"78bdd58\" data-elementor-lightbox-title=\"Inauguracja Roku Szkoleniowego OHP 7 pa\u017adziernika 2021 43\" data-e-action-hash=\"#elementor-action%3Aaction%3Dlightbox%26settings%3DeyJpZCI6MzE4OTQsInVybCI6Imh0dHBzOlwvXC93d3cubGljaGVuLnBsXC93cC1jb250ZW50XC91cGxvYWRzXC8yMDIxXC8xMFwvSW5hdWd1cmFjamEtUm9rdS1TemtvbGVuaW93ZWdvLU9IUC03LXBhemR6aWVybmlrYS0yMDIxLTQzLmpwZyIsInNsaWRlc2hvdyI6Ijc4YmRkNTgifQ%3D%3D\">\n\t\t\t\t\t<div class=\"e-gallery-image elementor-gallery-item__image\" data-thumbnail=\"https:\/\/www.lichen.pl\/wp-content\/uploads\/2021\/10\/Inauguracja-Roku-Szkoleniowego-OHP-7-pazdziernika-2021-43-150x150.jpg\" data-width=\"150\" data-height=\"150\" aria-label=\"\" role=\"img\" ><\/div>\n\t\t\t\t\t\t\t\t\t\t\t<div class=\"elementor-gallery-item__overlay\"><\/div>\n\t\t\t\t\t\t\t\t\t\t\t\t\t\t<\/a>\n\t\t\t\t\t\t\t<a class=\"e-gallery-item elementor-gallery-item elementor-animated-content\" data-e-gallery-tags=\"1\" href=\"https:\/\/www.lichen.pl\/wp-content\/uploads\/2021\/10\/Inauguracja-Roku-Szkoleniowego-OHP-7-pazdziernika-2021-44.jpg\" data-elementor-open-lightbox=\"yes\" data-elementor-lightbox-slideshow=\"78bdd58\" data-elementor-lightbox-title=\"Inauguracja Roku Szkoleniowego OHP 7 pa\u017adziernika 2021 44\" data-e-action-hash=\"#elementor-action%3Aaction%3Dlightbox%26settings%3DeyJpZCI6MzE4OTksInVybCI6Imh0dHBzOlwvXC93d3cubGljaGVuLnBsXC93cC1jb250ZW50XC91cGxvYWRzXC8yMDIxXC8xMFwvSW5hdWd1cmFjamEtUm9rdS1TemtvbGVuaW93ZWdvLU9IUC03LXBhemR6aWVybmlrYS0yMDIxLTQ0LmpwZyIsInNsaWRlc2hvdyI6Ijc4YmRkNTgifQ%3D%3D\">\n\t\t\t\t\t<div class=\"e-gallery-image elementor-gallery-item__image\" data-thumbnail=\"https:\/\/www.lichen.pl\/wp-content\/uploads\/2021\/10\/Inauguracja-Roku-Szkoleniowego-OHP-7-pazdziernika-2021-44-150x150.jpg\" data-width=\"150\" data-height=\"150\" aria-label=\"\" role=\"img\" ><\/div>\n\t\t\t\t\t\t\t\t\t\t\t<div class=\"elementor-gallery-item__overlay\"><\/div>\n\t\t\t\t\t\t\t\t\t\t\t\t\t\t<\/a>\n\t\t\t\t\t\t\t<a class=\"e-gallery-item elementor-gallery-item elementor-animated-content\" data-e-gallery-tags=\"1\" href=\"https:\/\/www.lichen.pl\/wp-content\/uploads\/2021\/10\/Inauguracja-Roku-Szkoleniowego-OHP-7-pazdziernika-2021-45.jpg\" data-elementor-open-lightbox=\"yes\" data-elementor-lightbox-slideshow=\"78bdd58\" data-elementor-lightbox-title=\"Inauguracja Roku Szkoleniowego OHP 7 pa\u017adziernika 2021 45\" data-e-action-hash=\"#elementor-action%3Aaction%3Dlightbox%26settings%3DeyJpZCI6MzE5MDQsInVybCI6Imh0dHBzOlwvXC93d3cubGljaGVuLnBsXC93cC1jb250ZW50XC91cGxvYWRzXC8yMDIxXC8xMFwvSW5hdWd1cmFjamEtUm9rdS1TemtvbGVuaW93ZWdvLU9IUC03LXBhemR6aWVybmlrYS0yMDIxLTQ1LmpwZyIsInNsaWRlc2hvdyI6Ijc4YmRkNTgifQ%3D%3D\">\n\t\t\t\t\t<div class=\"e-gallery-image elementor-gallery-item__image\" data-thumbnail=\"https:\/\/www.lichen.pl\/wp-content\/uploads\/2021\/10\/Inauguracja-Roku-Szkoleniowego-OHP-7-pazdziernika-2021-45-150x150.jpg\" data-width=\"150\" data-height=\"150\" aria-label=\"\" role=\"img\" ><\/div>\n\t\t\t\t\t\t\t\t\t\t\t<div class=\"elementor-gallery-item__overlay\"><\/div>\n\t\t\t\t\t\t\t\t\t\t\t\t\t\t<\/a>\n\t\t\t\t\t\t\t<a class=\"e-gallery-item elementor-gallery-item elementor-animated-content\" data-e-gallery-tags=\"1\" href=\"https:\/\/www.lichen.pl\/wp-content\/uploads\/2021\/10\/Inauguracja-Roku-Szkoleniowego-OHP-7-pazdziernika-2021-46.jpg\" data-elementor-open-lightbox=\"yes\" data-elementor-lightbox-slideshow=\"78bdd58\" data-elementor-lightbox-title=\"Inauguracja Roku Szkoleniowego OHP 7 pa\u017adziernika 2021 46\" data-e-action-hash=\"#elementor-action%3Aaction%3Dlightbox%26settings%3DeyJpZCI6MzE5MDksInVybCI6Imh0dHBzOlwvXC93d3cubGljaGVuLnBsXC93cC1jb250ZW50XC91cGxvYWRzXC8yMDIxXC8xMFwvSW5hdWd1cmFjamEtUm9rdS1TemtvbGVuaW93ZWdvLU9IUC03LXBhemR6aWVybmlrYS0yMDIxLTQ2LmpwZyIsInNsaWRlc2hvdyI6Ijc4YmRkNTgifQ%3D%3D\">\n\t\t\t\t\t<div class=\"e-gallery-image elementor-gallery-item__image\" data-thumbnail=\"https:\/\/www.lichen.pl\/wp-content\/uploads\/2021\/10\/Inauguracja-Roku-Szkoleniowego-OHP-7-pazdziernika-2021-46-150x150.jpg\" data-width=\"150\" data-height=\"150\" aria-label=\"\" role=\"img\" ><\/div>\n\t\t\t\t\t\t\t\t\t\t\t<div class=\"elementor-gallery-item__overlay\"><\/div>\n\t\t\t\t\t\t\t\t\t\t\t\t\t\t<\/a>\n\t\t\t\t\t\t\t<a class=\"e-gallery-item elementor-gallery-item elementor-animated-content\" data-e-gallery-tags=\"1\" href=\"https:\/\/www.lichen.pl\/wp-content\/uploads\/2021\/10\/Inauguracja-Roku-Szkoleniowego-OHP-7-pazdziernika-2021-47.jpg\" data-elementor-open-lightbox=\"yes\" data-elementor-lightbox-slideshow=\"78bdd58\" data-elementor-lightbox-title=\"Inauguracja Roku Szkoleniowego OHP 7 pa\u017adziernika 2021 47\" data-e-action-hash=\"#elementor-action%3Aaction%3Dlightbox%26settings%3DeyJpZCI6MzE5MTQsInVybCI6Imh0dHBzOlwvXC93d3cubGljaGVuLnBsXC93cC1jb250ZW50XC91cGxvYWRzXC8yMDIxXC8xMFwvSW5hdWd1cmFjamEtUm9rdS1TemtvbGVuaW93ZWdvLU9IUC03LXBhemR6aWVybmlrYS0yMDIxLTQ3LmpwZyIsInNsaWRlc2hvdyI6Ijc4YmRkNTgifQ%3D%3D\">\n\t\t\t\t\t<div class=\"e-gallery-image elementor-gallery-item__image\" data-thumbnail=\"https:\/\/www.lichen.pl\/wp-content\/uploads\/2021\/10\/Inauguracja-Roku-Szkoleniowego-OHP-7-pazdziernika-2021-47-150x150.jpg\" data-width=\"150\" data-height=\"150\" aria-label=\"\" role=\"img\" ><\/div>\n\t\t\t\t\t\t\t\t\t\t\t<div class=\"elementor-gallery-item__overlay\"><\/div>\n\t\t\t\t\t\t\t\t\t\t\t\t\t\t<\/a>\n\t\t\t\t\t\t\t<a class=\"e-gallery-item elementor-gallery-item elementor-animated-content\" data-e-gallery-tags=\"1\" href=\"https:\/\/www.lichen.pl\/wp-content\/uploads\/2021\/10\/Inauguracja-Roku-Szkoleniowego-OHP-7-pazdziernika-2021-48.jpg\" data-elementor-open-lightbox=\"yes\" data-elementor-lightbox-slideshow=\"78bdd58\" data-elementor-lightbox-title=\"Inauguracja Roku Szkoleniowego OHP 7 pa\u017adziernika 2021 48\" data-e-action-hash=\"#elementor-action%3Aaction%3Dlightbox%26settings%3DeyJpZCI6MzE5MTksInVybCI6Imh0dHBzOlwvXC93d3cubGljaGVuLnBsXC93cC1jb250ZW50XC91cGxvYWRzXC8yMDIxXC8xMFwvSW5hdWd1cmFjamEtUm9rdS1TemtvbGVuaW93ZWdvLU9IUC03LXBhemR6aWVybmlrYS0yMDIxLTQ4LmpwZyIsInNsaWRlc2hvdyI6Ijc4YmRkNTgifQ%3D%3D\">\n\t\t\t\t\t<div class=\"e-gallery-image elementor-gallery-item__image\" data-thumbnail=\"https:\/\/www.lichen.pl\/wp-content\/uploads\/2021\/10\/Inauguracja-Roku-Szkoleniowego-OHP-7-pazdziernika-2021-48-150x150.jpg\" data-width=\"150\" data-height=\"150\" aria-label=\"\" role=\"img\" ><\/div>\n\t\t\t\t\t\t\t\t\t\t\t<div class=\"elementor-gallery-item__overlay\"><\/div>\n\t\t\t\t\t\t\t\t\t\t\t\t\t\t<\/a>\n\t\t\t\t\t\t\t<a class=\"e-gallery-item elementor-gallery-item elementor-animated-content\" data-e-gallery-tags=\"1\" href=\"https:\/\/www.lichen.pl\/wp-content\/uploads\/2021\/10\/Inauguracja-Roku-Szkoleniowego-OHP-7-pazdziernika-2021-49.jpg\" data-elementor-open-lightbox=\"yes\" data-elementor-lightbox-slideshow=\"78bdd58\" data-elementor-lightbox-title=\"Inauguracja Roku Szkoleniowego OHP 7 pa\u017adziernika 2021 49\" data-e-action-hash=\"#elementor-action%3Aaction%3Dlightbox%26settings%3DeyJpZCI6MzE5MjQsInVybCI6Imh0dHBzOlwvXC93d3cubGljaGVuLnBsXC93cC1jb250ZW50XC91cGxvYWRzXC8yMDIxXC8xMFwvSW5hdWd1cmFjamEtUm9rdS1TemtvbGVuaW93ZWdvLU9IUC03LXBhemR6aWVybmlrYS0yMDIxLTQ5LmpwZyIsInNsaWRlc2hvdyI6Ijc4YmRkNTgifQ%3D%3D\">\n\t\t\t\t\t<div class=\"e-gallery-image elementor-gallery-item__image\" data-thumbnail=\"https:\/\/www.lichen.pl\/wp-content\/uploads\/2021\/10\/Inauguracja-Roku-Szkoleniowego-OHP-7-pazdziernika-2021-49-150x150.jpg\" data-width=\"150\" data-height=\"150\" aria-label=\"\" role=\"img\" ><\/div>\n\t\t\t\t\t\t\t\t\t\t\t<div class=\"elementor-gallery-item__overlay\"><\/div>\n\t\t\t\t\t\t\t\t\t\t\t\t\t\t<\/a>\n\t\t\t\t\t\t\t<a class=\"e-gallery-item elementor-gallery-item elementor-animated-content\" data-e-gallery-tags=\"1\" href=\"https:\/\/www.lichen.pl\/wp-content\/uploads\/2021\/10\/Inauguracja-Roku-Szkoleniowego-OHP-7-pazdziernika-2021-50.jpg\" data-elementor-open-lightbox=\"yes\" data-elementor-lightbox-slideshow=\"78bdd58\" data-elementor-lightbox-title=\"Inauguracja Roku Szkoleniowego OHP 7 pa\u017adziernika 2021 50\" data-e-action-hash=\"#elementor-action%3Aaction%3Dlightbox%26settings%3DeyJpZCI6MzE5MjksInVybCI6Imh0dHBzOlwvXC93d3cubGljaGVuLnBsXC93cC1jb250ZW50XC91cGxvYWRzXC8yMDIxXC8xMFwvSW5hdWd1cmFjamEtUm9rdS1TemtvbGVuaW93ZWdvLU9IUC03LXBhemR6aWVybmlrYS0yMDIxLTUwLmpwZyIsInNsaWRlc2hvdyI6Ijc4YmRkNTgifQ%3D%3D\">\n\t\t\t\t\t<div class=\"e-gallery-image elementor-gallery-item__image\" data-thumbnail=\"https:\/\/www.lichen.pl\/wp-content\/uploads\/2021\/10\/Inauguracja-Roku-Szkoleniowego-OHP-7-pazdziernika-2021-50-150x150.jpg\" data-width=\"150\" data-height=\"150\" aria-label=\"\" role=\"img\" ><\/div>\n\t\t\t\t\t\t\t\t\t\t\t<div class=\"elementor-gallery-item__overlay\"><\/div>\n\t\t\t\t\t\t\t\t\t\t\t\t\t\t<\/a>\n\t\t\t\t\t\t\t<a class=\"e-gallery-item elementor-gallery-item elementor-animated-content\" data-e-gallery-tags=\"1\" href=\"https:\/\/www.lichen.pl\/wp-content\/uploads\/2021\/10\/Inauguracja-Roku-Szkoleniowego-OHP-7-pazdziernika-2021-51.jpg\" data-elementor-open-lightbox=\"yes\" data-elementor-lightbox-slideshow=\"78bdd58\" data-elementor-lightbox-title=\"Inauguracja Roku Szkoleniowego OHP 7 pa\u017adziernika 2021 51\" data-e-action-hash=\"#elementor-action%3Aaction%3Dlightbox%26settings%3DeyJpZCI6MzE5MzQsInVybCI6Imh0dHBzOlwvXC93d3cubGljaGVuLnBsXC93cC1jb250ZW50XC91cGxvYWRzXC8yMDIxXC8xMFwvSW5hdWd1cmFjamEtUm9rdS1TemtvbGVuaW93ZWdvLU9IUC03LXBhemR6aWVybmlrYS0yMDIxLTUxLmpwZyIsInNsaWRlc2hvdyI6Ijc4YmRkNTgifQ%3D%3D\">\n\t\t\t\t\t<div class=\"e-gallery-image elementor-gallery-item__image\" data-thumbnail=\"https:\/\/www.lichen.pl\/wp-content\/uploads\/2021\/10\/Inauguracja-Roku-Szkoleniowego-OHP-7-pazdziernika-2021-51-150x150.jpg\" data-width=\"150\" data-height=\"150\" aria-label=\"\" role=\"img\" ><\/div>\n\t\t\t\t\t\t\t\t\t\t\t<div class=\"elementor-gallery-item__overlay\"><\/div>\n\t\t\t\t\t\t\t\t\t\t\t\t\t\t<\/a>\n\t\t\t\t\t\t\t<a class=\"e-gallery-item elementor-gallery-item elementor-animated-content\" data-e-gallery-tags=\"1\" href=\"https:\/\/www.lichen.pl\/wp-content\/uploads\/2021\/10\/Inauguracja-Roku-Szkoleniowego-OHP-7-pazdziernika-2021-52.jpg\" data-elementor-open-lightbox=\"yes\" data-elementor-lightbox-slideshow=\"78bdd58\" data-elementor-lightbox-title=\"Inauguracja Roku Szkoleniowego OHP 7 pa\u017adziernika 2021 52\" data-e-action-hash=\"#elementor-action%3Aaction%3Dlightbox%26settings%3DeyJpZCI6MzE5MzksInVybCI6Imh0dHBzOlwvXC93d3cubGljaGVuLnBsXC93cC1jb250ZW50XC91cGxvYWRzXC8yMDIxXC8xMFwvSW5hdWd1cmFjamEtUm9rdS1TemtvbGVuaW93ZWdvLU9IUC03LXBhemR6aWVybmlrYS0yMDIxLTUyLmpwZyIsInNsaWRlc2hvdyI6Ijc4YmRkNTgifQ%3D%3D\">\n\t\t\t\t\t<div class=\"e-gallery-image elementor-gallery-item__image\" data-thumbnail=\"https:\/\/www.lichen.pl\/wp-content\/uploads\/2021\/10\/Inauguracja-Roku-Szkoleniowego-OHP-7-pazdziernika-2021-52-150x150.jpg\" data-width=\"150\" data-height=\"150\" aria-label=\"\" role=\"img\" ><\/div>\n\t\t\t\t\t\t\t\t\t\t\t<div class=\"elementor-gallery-item__overlay\"><\/div>\n\t\t\t\t\t\t\t\t\t\t\t\t\t\t<\/a>\n\t\t\t\t\t\t\t<a class=\"e-gallery-item elementor-gallery-item elementor-animated-content\" data-e-gallery-tags=\"1\" href=\"https:\/\/www.lichen.pl\/wp-content\/uploads\/2021\/10\/Inauguracja-Roku-Szkoleniowego-OHP-7-pazdziernika-2021-53.jpg\" data-elementor-open-lightbox=\"yes\" data-elementor-lightbox-slideshow=\"78bdd58\" data-elementor-lightbox-title=\"Inauguracja Roku Szkoleniowego OHP 7 pa\u017adziernika 2021 53\" data-e-action-hash=\"#elementor-action%3Aaction%3Dlightbox%26settings%3DeyJpZCI6MzE5NDQsInVybCI6Imh0dHBzOlwvXC93d3cubGljaGVuLnBsXC93cC1jb250ZW50XC91cGxvYWRzXC8yMDIxXC8xMFwvSW5hdWd1cmFjamEtUm9rdS1TemtvbGVuaW93ZWdvLU9IUC03LXBhemR6aWVybmlrYS0yMDIxLTUzLmpwZyIsInNsaWRlc2hvdyI6Ijc4YmRkNTgifQ%3D%3D\">\n\t\t\t\t\t<div class=\"e-gallery-image elementor-gallery-item__image\" data-thumbnail=\"https:\/\/www.lichen.pl\/wp-content\/uploads\/2021\/10\/Inauguracja-Roku-Szkoleniowego-OHP-7-pazdziernika-2021-53-150x150.jpg\" data-width=\"150\" data-height=\"150\" aria-label=\"\" role=\"img\" ><\/div>\n\t\t\t\t\t\t\t\t\t\t\t<div class=\"elementor-gallery-item__overlay\"><\/div>\n\t\t\t\t\t\t\t\t\t\t\t\t\t\t<\/a>\n\t\t\t\t\t\t\t<a class=\"e-gallery-item elementor-gallery-item elementor-animated-content\" data-e-gallery-tags=\"1\" href=\"https:\/\/www.lichen.pl\/wp-content\/uploads\/2021\/10\/Inauguracja-Roku-Szkoleniowego-OHP-7-pazdziernika-2021-54.jpg\" data-elementor-open-lightbox=\"yes\" data-elementor-lightbox-slideshow=\"78bdd58\" data-elementor-lightbox-title=\"Inauguracja Roku Szkoleniowego OHP 7 pa\u017adziernika 2021 54\" data-e-action-hash=\"#elementor-action%3Aaction%3Dlightbox%26settings%3DeyJpZCI6MzE5NDksInVybCI6Imh0dHBzOlwvXC93d3cubGljaGVuLnBsXC93cC1jb250ZW50XC91cGxvYWRzXC8yMDIxXC8xMFwvSW5hdWd1cmFjamEtUm9rdS1TemtvbGVuaW93ZWdvLU9IUC03LXBhemR6aWVybmlrYS0yMDIxLTU0LmpwZyIsInNsaWRlc2hvdyI6Ijc4YmRkNTgifQ%3D%3D\">\n\t\t\t\t\t<div class=\"e-gallery-image elementor-gallery-item__image\" data-thumbnail=\"https:\/\/www.lichen.pl\/wp-content\/uploads\/2021\/10\/Inauguracja-Roku-Szkoleniowego-OHP-7-pazdziernika-2021-54-150x150.jpg\" data-width=\"150\" data-height=\"150\" aria-label=\"\" role=\"img\" ><\/div>\n\t\t\t\t\t\t\t\t\t\t\t<div class=\"elementor-gallery-item__overlay\"><\/div>\n\t\t\t\t\t\t\t\t\t\t\t\t\t\t<\/a>\n\t\t\t\t\t\t\t<a class=\"e-gallery-item elementor-gallery-item elementor-animated-content\" data-e-gallery-tags=\"1\" href=\"https:\/\/www.lichen.pl\/wp-content\/uploads\/2021\/10\/Inauguracja-Roku-Szkoleniowego-OHP-7-pazdziernika-2021-55.jpg\" data-elementor-open-lightbox=\"yes\" data-elementor-lightbox-slideshow=\"78bdd58\" data-elementor-lightbox-title=\"Inauguracja Roku Szkoleniowego OHP 7 pa\u017adziernika 2021 55\" data-e-action-hash=\"#elementor-action%3Aaction%3Dlightbox%26settings%3DeyJpZCI6MzE5NTQsInVybCI6Imh0dHBzOlwvXC93d3cubGljaGVuLnBsXC93cC1jb250ZW50XC91cGxvYWRzXC8yMDIxXC8xMFwvSW5hdWd1cmFjamEtUm9rdS1TemtvbGVuaW93ZWdvLU9IUC03LXBhemR6aWVybmlrYS0yMDIxLTU1LmpwZyIsInNsaWRlc2hvdyI6Ijc4YmRkNTgifQ%3D%3D\">\n\t\t\t\t\t<div class=\"e-gallery-image elementor-gallery-item__image\" data-thumbnail=\"https:\/\/www.lichen.pl\/wp-content\/uploads\/2021\/10\/Inauguracja-Roku-Szkoleniowego-OHP-7-pazdziernika-2021-55-150x150.jpg\" data-width=\"150\" data-height=\"150\" aria-label=\"\" role=\"img\" ><\/div>\n\t\t\t\t\t\t\t\t\t\t\t<div class=\"elementor-gallery-item__overlay\"><\/div>\n\t\t\t\t\t\t\t\t\t\t\t\t\t\t<\/a>\n\t\t\t\t\t\t\t<a class=\"e-gallery-item elementor-gallery-item elementor-animated-content\" data-e-gallery-tags=\"1\" href=\"https:\/\/www.lichen.pl\/wp-content\/uploads\/2021\/10\/Inauguracja-Roku-Szkoleniowego-OHP-7-pazdziernika-2021-56.jpg\" data-elementor-open-lightbox=\"yes\" data-elementor-lightbox-slideshow=\"78bdd58\" data-elementor-lightbox-title=\"Inauguracja Roku Szkoleniowego OHP 7 pa\u017adziernika 2021 56\" data-e-action-hash=\"#elementor-action%3Aaction%3Dlightbox%26settings%3DeyJpZCI6MzE5NTksInVybCI6Imh0dHBzOlwvXC93d3cubGljaGVuLnBsXC93cC1jb250ZW50XC91cGxvYWRzXC8yMDIxXC8xMFwvSW5hdWd1cmFjamEtUm9rdS1TemtvbGVuaW93ZWdvLU9IUC03LXBhemR6aWVybmlrYS0yMDIxLTU2LmpwZyIsInNsaWRlc2hvdyI6Ijc4YmRkNTgifQ%3D%3D\">\n\t\t\t\t\t<div class=\"e-gallery-image elementor-gallery-item__image\" data-thumbnail=\"https:\/\/www.lichen.pl\/wp-content\/uploads\/2021\/10\/Inauguracja-Roku-Szkoleniowego-OHP-7-pazdziernika-2021-56-150x150.jpg\" data-width=\"150\" data-height=\"150\" aria-label=\"\" role=\"img\" ><\/div>\n\t\t\t\t\t\t\t\t\t\t\t<div class=\"elementor-gallery-item__overlay\"><\/div>\n\t\t\t\t\t\t\t\t\t\t\t\t\t\t<\/a>\n\t\t\t\t\t\t\t<a class=\"e-gallery-item elementor-gallery-item elementor-animated-content\" data-e-gallery-tags=\"1\" href=\"https:\/\/www.lichen.pl\/wp-content\/uploads\/2021\/10\/Inauguracja-Roku-Szkoleniowego-OHP-7-pazdziernika-2021-57.jpg\" data-elementor-open-lightbox=\"yes\" data-elementor-lightbox-slideshow=\"78bdd58\" data-elementor-lightbox-title=\"Inauguracja Roku Szkoleniowego OHP 7 pa\u017adziernika 2021 57\" data-e-action-hash=\"#elementor-action%3Aaction%3Dlightbox%26settings%3DeyJpZCI6MzE5NjQsInVybCI6Imh0dHBzOlwvXC93d3cubGljaGVuLnBsXC93cC1jb250ZW50XC91cGxvYWRzXC8yMDIxXC8xMFwvSW5hdWd1cmFjamEtUm9rdS1TemtvbGVuaW93ZWdvLU9IUC03LXBhemR6aWVybmlrYS0yMDIxLTU3LmpwZyIsInNsaWRlc2hvdyI6Ijc4YmRkNTgifQ%3D%3D\">\n\t\t\t\t\t<div class=\"e-gallery-image elementor-gallery-item__image\" data-thumbnail=\"https:\/\/www.lichen.pl\/wp-content\/uploads\/2021\/10\/Inauguracja-Roku-Szkoleniowego-OHP-7-pazdziernika-2021-57-150x150.jpg\" data-width=\"150\" data-height=\"150\" aria-label=\"\" role=\"img\" ><\/div>\n\t\t\t\t\t\t\t\t\t\t\t<div class=\"elementor-gallery-item__overlay\"><\/div>\n\t\t\t\t\t\t\t\t\t\t\t\t\t\t<\/a>\n\t\t\t\t\t\t\t<a class=\"e-gallery-item elementor-gallery-item elementor-animated-content\" data-e-gallery-tags=\"1\" href=\"https:\/\/www.lichen.pl\/wp-content\/uploads\/2021\/10\/Inauguracja-Roku-Szkoleniowego-OHP-7-pazdziernika-2021-58.jpg\" data-elementor-open-lightbox=\"yes\" data-elementor-lightbox-slideshow=\"78bdd58\" data-elementor-lightbox-title=\"Inauguracja Roku Szkoleniowego OHP 7 pa\u017adziernika 2021 58\" data-e-action-hash=\"#elementor-action%3Aaction%3Dlightbox%26settings%3DeyJpZCI6MzE5NjksInVybCI6Imh0dHBzOlwvXC93d3cubGljaGVuLnBsXC93cC1jb250ZW50XC91cGxvYWRzXC8yMDIxXC8xMFwvSW5hdWd1cmFjamEtUm9rdS1TemtvbGVuaW93ZWdvLU9IUC03LXBhemR6aWVybmlrYS0yMDIxLTU4LmpwZyIsInNsaWRlc2hvdyI6Ijc4YmRkNTgifQ%3D%3D\">\n\t\t\t\t\t<div class=\"e-gallery-image elementor-gallery-item__image\" data-thumbnail=\"https:\/\/www.lichen.pl\/wp-content\/uploads\/2021\/10\/Inauguracja-Roku-Szkoleniowego-OHP-7-pazdziernika-2021-58-150x150.jpg\" data-width=\"150\" data-height=\"150\" aria-label=\"\" role=\"img\" ><\/div>\n\t\t\t\t\t\t\t\t\t\t\t<div class=\"elementor-gallery-item__overlay\"><\/div>\n\t\t\t\t\t\t\t\t\t\t\t\t\t\t<\/a>\n\t\t\t\t\t\t\t<a class=\"e-gallery-item elementor-gallery-item elementor-animated-content\" data-e-gallery-tags=\"1\" href=\"https:\/\/www.lichen.pl\/wp-content\/uploads\/2021\/10\/Inauguracja-Roku-Szkoleniowego-OHP-7-pazdziernika-2021-59.jpg\" data-elementor-open-lightbox=\"yes\" data-elementor-lightbox-slideshow=\"78bdd58\" data-elementor-lightbox-title=\"Inauguracja Roku Szkoleniowego OHP 7 pa\u017adziernika 2021 59\" data-e-action-hash=\"#elementor-action%3Aaction%3Dlightbox%26settings%3DeyJpZCI6MzE5NzQsInVybCI6Imh0dHBzOlwvXC93d3cubGljaGVuLnBsXC93cC1jb250ZW50XC91cGxvYWRzXC8yMDIxXC8xMFwvSW5hdWd1cmFjamEtUm9rdS1TemtvbGVuaW93ZWdvLU9IUC03LXBhemR6aWVybmlrYS0yMDIxLTU5LmpwZyIsInNsaWRlc2hvdyI6Ijc4YmRkNTgifQ%3D%3D\">\n\t\t\t\t\t<div class=\"e-gallery-image elementor-gallery-item__image\" data-thumbnail=\"https:\/\/www.lichen.pl\/wp-content\/uploads\/2021\/10\/Inauguracja-Roku-Szkoleniowego-OHP-7-pazdziernika-2021-59-150x150.jpg\" data-width=\"150\" data-height=\"150\" aria-label=\"\" role=\"img\" ><\/div>\n\t\t\t\t\t\t\t\t\t\t\t<div class=\"elementor-gallery-item__overlay\"><\/div>\n\t\t\t\t\t\t\t\t\t\t\t\t\t\t<\/a>\n\t\t\t\t\t\t\t<a class=\"e-gallery-item elementor-gallery-item elementor-animated-content\" data-e-gallery-tags=\"1\" href=\"https:\/\/www.lichen.pl\/wp-content\/uploads\/2021\/10\/Inauguracja-Roku-Szkoleniowego-OHP-7-pazdziernika-2021-60.jpg\" data-elementor-open-lightbox=\"yes\" data-elementor-lightbox-slideshow=\"78bdd58\" data-elementor-lightbox-title=\"Inauguracja Roku Szkoleniowego OHP 7 pa\u017adziernika 2021 60\" data-e-action-hash=\"#elementor-action%3Aaction%3Dlightbox%26settings%3DeyJpZCI6MzE5NzksInVybCI6Imh0dHBzOlwvXC93d3cubGljaGVuLnBsXC93cC1jb250ZW50XC91cGxvYWRzXC8yMDIxXC8xMFwvSW5hdWd1cmFjamEtUm9rdS1TemtvbGVuaW93ZWdvLU9IUC03LXBhemR6aWVybmlrYS0yMDIxLTYwLmpwZyIsInNsaWRlc2hvdyI6Ijc4YmRkNTgifQ%3D%3D\">\n\t\t\t\t\t<div class=\"e-gallery-image elementor-gallery-item__image\" data-thumbnail=\"https:\/\/www.lichen.pl\/wp-content\/uploads\/2021\/10\/Inauguracja-Roku-Szkoleniowego-OHP-7-pazdziernika-2021-60-150x150.jpg\" data-width=\"150\" data-height=\"150\" aria-label=\"\" role=\"img\" ><\/div>\n\t\t\t\t\t\t\t\t\t\t\t<div class=\"elementor-gallery-item__overlay\"><\/div>\n\t\t\t\t\t\t\t\t\t\t\t\t\t\t<\/a>\n\t\t\t\t\t\t\t<a class=\"e-gallery-item elementor-gallery-item elementor-animated-content\" data-e-gallery-tags=\"1\" href=\"https:\/\/www.lichen.pl\/wp-content\/uploads\/2021\/10\/Inauguracja-Roku-Szkoleniowego-OHP-7-pazdziernika-2021-61.jpg\" data-elementor-open-lightbox=\"yes\" data-elementor-lightbox-slideshow=\"78bdd58\" data-elementor-lightbox-title=\"Inauguracja Roku Szkoleniowego OHP 7 pa\u017adziernika 2021 61\" data-e-action-hash=\"#elementor-action%3Aaction%3Dlightbox%26settings%3DeyJpZCI6MzE5ODQsInVybCI6Imh0dHBzOlwvXC93d3cubGljaGVuLnBsXC93cC1jb250ZW50XC91cGxvYWRzXC8yMDIxXC8xMFwvSW5hdWd1cmFjamEtUm9rdS1TemtvbGVuaW93ZWdvLU9IUC03LXBhemR6aWVybmlrYS0yMDIxLTYxLmpwZyIsInNsaWRlc2hvdyI6Ijc4YmRkNTgifQ%3D%3D\">\n\t\t\t\t\t<div class=\"e-gallery-image elementor-gallery-item__image\" data-thumbnail=\"https:\/\/www.lichen.pl\/wp-content\/uploads\/2021\/10\/Inauguracja-Roku-Szkoleniowego-OHP-7-pazdziernika-2021-61-150x150.jpg\" data-width=\"150\" data-height=\"150\" aria-label=\"\" role=\"img\" ><\/div>\n\t\t\t\t\t\t\t\t\t\t\t<div class=\"elementor-gallery-item__overlay\"><\/div>\n\t\t\t\t\t\t\t\t\t\t\t\t\t\t<\/a>\n\t\t\t\t\t\t\t<a class=\"e-gallery-item elementor-gallery-item elementor-animated-content\" data-e-gallery-tags=\"1\" href=\"https:\/\/www.lichen.pl\/wp-content\/uploads\/2021\/10\/Inauguracja-Roku-Szkoleniowego-OHP-7-pazdziernika-2021-62.jpg\" data-elementor-open-lightbox=\"yes\" data-elementor-lightbox-slideshow=\"78bdd58\" data-elementor-lightbox-title=\"Inauguracja Roku Szkoleniowego OHP 7 pa\u017adziernika 2021 62\" data-e-action-hash=\"#elementor-action%3Aaction%3Dlightbox%26settings%3DeyJpZCI6MzE5ODksInVybCI6Imh0dHBzOlwvXC93d3cubGljaGVuLnBsXC93cC1jb250ZW50XC91cGxvYWRzXC8yMDIxXC8xMFwvSW5hdWd1cmFjamEtUm9rdS1TemtvbGVuaW93ZWdvLU9IUC03LXBhemR6aWVybmlrYS0yMDIxLTYyLmpwZyIsInNsaWRlc2hvdyI6Ijc4YmRkNTgifQ%3D%3D\">\n\t\t\t\t\t<div class=\"e-gallery-image elementor-gallery-item__image\" data-thumbnail=\"https:\/\/www.lichen.pl\/wp-content\/uploads\/2021\/10\/Inauguracja-Roku-Szkoleniowego-OHP-7-pazdziernika-2021-62-150x150.jpg\" data-width=\"150\" data-height=\"150\" aria-label=\"\" role=\"img\" ><\/div>\n\t\t\t\t\t\t\t\t\t\t\t<div class=\"elementor-gallery-item__overlay\"><\/div>\n\t\t\t\t\t\t\t\t\t\t\t\t\t\t<\/a>\n\t\t\t\t\t\t\t<a class=\"e-gallery-item elementor-gallery-item elementor-animated-content\" data-e-gallery-tags=\"1\" href=\"https:\/\/www.lichen.pl\/wp-content\/uploads\/2021\/10\/Inauguracja-Roku-Szkoleniowego-OHP-7-pazdziernika-2021-63.jpg\" data-elementor-open-lightbox=\"yes\" data-elementor-lightbox-slideshow=\"78bdd58\" data-elementor-lightbox-title=\"Inauguracja Roku Szkoleniowego OHP 7 pa\u017adziernika 2021 63\" data-e-action-hash=\"#elementor-action%3Aaction%3Dlightbox%26settings%3DeyJpZCI6MzE5OTQsInVybCI6Imh0dHBzOlwvXC93d3cubGljaGVuLnBsXC93cC1jb250ZW50XC91cGxvYWRzXC8yMDIxXC8xMFwvSW5hdWd1cmFjamEtUm9rdS1TemtvbGVuaW93ZWdvLU9IUC03LXBhemR6aWVybmlrYS0yMDIxLTYzLmpwZyIsInNsaWRlc2hvdyI6Ijc4YmRkNTgifQ%3D%3D\">\n\t\t\t\t\t<div class=\"e-gallery-image elementor-gallery-item__image\" data-thumbnail=\"https:\/\/www.lichen.pl\/wp-content\/uploads\/2021\/10\/Inauguracja-Roku-Szkoleniowego-OHP-7-pazdziernika-2021-63-150x150.jpg\" data-width=\"150\" data-height=\"150\" aria-label=\"\" role=\"img\" ><\/div>\n\t\t\t\t\t\t\t\t\t\t\t<div class=\"elementor-gallery-item__overlay\"><\/div>\n\t\t\t\t\t\t\t\t\t\t\t\t\t\t<\/a>\n\t\t\t\t\t\t\t<a class=\"e-gallery-item elementor-gallery-item elementor-animated-content\" data-e-gallery-tags=\"1\" href=\"https:\/\/www.lichen.pl\/wp-content\/uploads\/2021\/10\/Inauguracja-Roku-Szkoleniowego-OHP-7-pazdziernika-2021-64.jpg\" data-elementor-open-lightbox=\"yes\" data-elementor-lightbox-slideshow=\"78bdd58\" data-elementor-lightbox-title=\"Inauguracja Roku Szkoleniowego OHP 7 pa\u017adziernika 2021 64\" data-e-action-hash=\"#elementor-action%3Aaction%3Dlightbox%26settings%3DeyJpZCI6MzE5OTksInVybCI6Imh0dHBzOlwvXC93d3cubGljaGVuLnBsXC93cC1jb250ZW50XC91cGxvYWRzXC8yMDIxXC8xMFwvSW5hdWd1cmFjamEtUm9rdS1TemtvbGVuaW93ZWdvLU9IUC03LXBhemR6aWVybmlrYS0yMDIxLTY0LmpwZyIsInNsaWRlc2hvdyI6Ijc4YmRkNTgifQ%3D%3D\">\n\t\t\t\t\t<div class=\"e-gallery-image elementor-gallery-item__image\" data-thumbnail=\"https:\/\/www.lichen.pl\/wp-content\/uploads\/2021\/10\/Inauguracja-Roku-Szkoleniowego-OHP-7-pazdziernika-2021-64-150x150.jpg\" data-width=\"150\" data-height=\"150\" aria-label=\"\" role=\"img\" ><\/div>\n\t\t\t\t\t\t\t\t\t\t\t<div class=\"elementor-gallery-item__overlay\"><\/div>\n\t\t\t\t\t\t\t\t\t\t\t\t\t\t<\/a>\n\t\t\t\t\t\t\t<a class=\"e-gallery-item elementor-gallery-item elementor-animated-content\" data-e-gallery-tags=\"1\" href=\"https:\/\/www.lichen.pl\/wp-content\/uploads\/2021\/10\/Inauguracja-Roku-Szkoleniowego-OHP-7-pazdziernika-2021-65.jpg\" data-elementor-open-lightbox=\"yes\" data-elementor-lightbox-slideshow=\"78bdd58\" data-elementor-lightbox-title=\"Inauguracja Roku Szkoleniowego OHP 7 pa\u017adziernika 2021 65\" data-e-action-hash=\"#elementor-action%3Aaction%3Dlightbox%26settings%3DeyJpZCI6MzIwMDQsInVybCI6Imh0dHBzOlwvXC93d3cubGljaGVuLnBsXC93cC1jb250ZW50XC91cGxvYWRzXC8yMDIxXC8xMFwvSW5hdWd1cmFjamEtUm9rdS1TemtvbGVuaW93ZWdvLU9IUC03LXBhemR6aWVybmlrYS0yMDIxLTY1LmpwZyIsInNsaWRlc2hvdyI6Ijc4YmRkNTgifQ%3D%3D\">\n\t\t\t\t\t<div class=\"e-gallery-image elementor-gallery-item__image\" data-thumbnail=\"https:\/\/www.lichen.pl\/wp-content\/uploads\/2021\/10\/Inauguracja-Roku-Szkoleniowego-OHP-7-pazdziernika-2021-65-150x150.jpg\" data-width=\"150\" data-height=\"150\" aria-label=\"\" role=\"img\" ><\/div>\n\t\t\t\t\t\t\t\t\t\t\t<div class=\"elementor-gallery-item__overlay\"><\/div>\n\t\t\t\t\t\t\t\t\t\t\t\t\t\t<\/a>\n\t\t\t\t\t\t\t<a class=\"e-gallery-item elementor-gallery-item elementor-animated-content\" data-e-gallery-tags=\"1\" href=\"https:\/\/www.lichen.pl\/wp-content\/uploads\/2021\/10\/Inauguracja-Roku-Szkoleniowego-OHP-7-pazdziernika-2021-66.jpg\" data-elementor-open-lightbox=\"yes\" data-elementor-lightbox-slideshow=\"78bdd58\" data-elementor-lightbox-title=\"Inauguracja Roku Szkoleniowego OHP 7 pa\u017adziernika 2021 66\" data-e-action-hash=\"#elementor-action%3Aaction%3Dlightbox%26settings%3DeyJpZCI6MzIwMDksInVybCI6Imh0dHBzOlwvXC93d3cubGljaGVuLnBsXC93cC1jb250ZW50XC91cGxvYWRzXC8yMDIxXC8xMFwvSW5hdWd1cmFjamEtUm9rdS1TemtvbGVuaW93ZWdvLU9IUC03LXBhemR6aWVybmlrYS0yMDIxLTY2LmpwZyIsInNsaWRlc2hvdyI6Ijc4YmRkNTgifQ%3D%3D\">\n\t\t\t\t\t<div class=\"e-gallery-image elementor-gallery-item__image\" data-thumbnail=\"https:\/\/www.lichen.pl\/wp-content\/uploads\/2021\/10\/Inauguracja-Roku-Szkoleniowego-OHP-7-pazdziernika-2021-66-150x150.jpg\" data-width=\"150\" data-height=\"150\" aria-label=\"\" role=\"img\" ><\/div>\n\t\t\t\t\t\t\t\t\t\t\t<div class=\"elementor-gallery-item__overlay\"><\/div>\n\t\t\t\t\t\t\t\t\t\t\t\t\t\t<\/a>\n\t\t\t\t\t\t\t<a class=\"e-gallery-item elementor-gallery-item elementor-animated-content\" data-e-gallery-tags=\"1\" href=\"https:\/\/www.lichen.pl\/wp-content\/uploads\/2021\/10\/Inauguracja-Roku-Szkoleniowego-OHP-7-pazdziernika-2021-67.jpg\" data-elementor-open-lightbox=\"yes\" data-elementor-lightbox-slideshow=\"78bdd58\" data-elementor-lightbox-title=\"Inauguracja Roku Szkoleniowego OHP 2021\" data-e-action-hash=\"#elementor-action%3Aaction%3Dlightbox%26settings%3DeyJpZCI6MzIwMTQsInVybCI6Imh0dHBzOlwvXC93d3cubGljaGVuLnBsXC93cC1jb250ZW50XC91cGxvYWRzXC8yMDIxXC8xMFwvSW5hdWd1cmFjamEtUm9rdS1TemtvbGVuaW93ZWdvLU9IUC03LXBhemR6aWVybmlrYS0yMDIxLTY3LmpwZyIsInNsaWRlc2hvdyI6Ijc4YmRkNTgifQ%3D%3D\">\n\t\t\t\t\t<div class=\"e-gallery-image elementor-gallery-item__image\" data-thumbnail=\"https:\/\/www.lichen.pl\/wp-content\/uploads\/2021\/10\/Inauguracja-Roku-Szkoleniowego-OHP-7-pazdziernika-2021-67-150x150.jpg\" data-width=\"150\" data-height=\"150\" aria-label=\"Inauguracja Roku Szkoleniowego OHP 2021\" role=\"img\" ><\/div>\n\t\t\t\t\t\t\t\t\t\t\t<div class=\"elementor-gallery-item__overlay\"><\/div>\n\t\t\t\t\t\t\t\t\t\t\t\t\t\t<\/a>\n\t\t\t\t\t\t\t<a class=\"e-gallery-item elementor-gallery-item elementor-animated-content\" data-e-gallery-tags=\"2\" href=\"https:\/\/www.lichen.pl\/wp-content\/uploads\/2021\/10\/DZIEN-MODLITW-OSOB-STANU-WOLNEGO-POSZUKUJACYCH-MEZA-LUB-ZONY-3-wrzesnia-2021-1.jpg\" data-elementor-open-lightbox=\"yes\" data-elementor-lightbox-slideshow=\"78bdd58\" data-elementor-lightbox-title=\"DZIE\u0143 MODLITW OS\u00d3B STANU WOLNEGO POSZUKUJ\u0104CYCH M\u0118\u017bA LUB \u017bONY 3 wrze\u015bnia 2021 1\" data-e-action-hash=\"#elementor-action%3Aaction%3Dlightbox%26settings%3DeyJpZCI6MzE1MjQsInVybCI6Imh0dHBzOlwvXC93d3cubGljaGVuLnBsXC93cC1jb250ZW50XC91cGxvYWRzXC8yMDIxXC8xMFwvRFpJRU4tTU9ETElUVy1PU09CLVNUQU5VLVdPTE5FR08tUE9TWlVLVUpBQ1lDSC1NRVpBLUxVQi1aT05ZLTMtd3J6ZXNuaWEtMjAyMS0xLmpwZyIsInNsaWRlc2hvdyI6Ijc4YmRkNTgifQ%3D%3D\">\n\t\t\t\t\t<div class=\"e-gallery-image elementor-gallery-item__image\" data-thumbnail=\"https:\/\/www.lichen.pl\/wp-content\/uploads\/2021\/10\/DZIEN-MODLITW-OSOB-STANU-WOLNEGO-POSZUKUJACYCH-MEZA-LUB-ZONY-3-wrzesnia-2021-1-150x150.jpg\" data-width=\"150\" data-height=\"150\" aria-label=\"\" role=\"img\" ><\/div>\n\t\t\t\t\t\t\t\t\t\t\t<div class=\"elementor-gallery-item__overlay\"><\/div>\n\t\t\t\t\t\t\t\t\t\t\t\t\t\t<\/a>\n\t\t\t\t\t\t\t<a class=\"e-gallery-item elementor-gallery-item elementor-animated-content\" data-e-gallery-tags=\"2\" href=\"https:\/\/www.lichen.pl\/wp-content\/uploads\/2021\/10\/DZIEN-MODLITW-OSOB-STANU-WOLNEGO-POSZUKUJACYCH-MEZA-LUB-ZONY-3-wrzesnia-2021-2.jpg\" data-elementor-open-lightbox=\"yes\" data-elementor-lightbox-slideshow=\"78bdd58\" data-elementor-lightbox-title=\"DZIE\u0143 MODLITW OS\u00d3B STANU WOLNEGO POSZUKUJ\u0104CYCH M\u0118\u017bA LUB \u017bONY 3 wrze\u015bnia 2021 2\" data-e-action-hash=\"#elementor-action%3Aaction%3Dlightbox%26settings%3DeyJpZCI6MzE1MjksInVybCI6Imh0dHBzOlwvXC93d3cubGljaGVuLnBsXC93cC1jb250ZW50XC91cGxvYWRzXC8yMDIxXC8xMFwvRFpJRU4tTU9ETElUVy1PU09CLVNUQU5VLVdPTE5FR08tUE9TWlVLVUpBQ1lDSC1NRVpBLUxVQi1aT05ZLTMtd3J6ZXNuaWEtMjAyMS0yLmpwZyIsInNsaWRlc2hvdyI6Ijc4YmRkNTgifQ%3D%3D\">\n\t\t\t\t\t<div class=\"e-gallery-image elementor-gallery-item__image\" data-thumbnail=\"https:\/\/www.lichen.pl\/wp-content\/uploads\/2021\/10\/DZIEN-MODLITW-OSOB-STANU-WOLNEGO-POSZUKUJACYCH-MEZA-LUB-ZONY-3-wrzesnia-2021-2-150x150.jpg\" data-width=\"150\" data-height=\"150\" aria-label=\"\" role=\"img\" ><\/div>\n\t\t\t\t\t\t\t\t\t\t\t<div class=\"elementor-gallery-item__overlay\"><\/div>\n\t\t\t\t\t\t\t\t\t\t\t\t\t\t<\/a>\n\t\t\t\t\t\t\t<a class=\"e-gallery-item elementor-gallery-item elementor-animated-content\" data-e-gallery-tags=\"2\" href=\"https:\/\/www.lichen.pl\/wp-content\/uploads\/2021\/10\/DZIEN-MODLITW-OSOB-STANU-WOLNEGO-POSZUKUJACYCH-MEZA-LUB-ZONY-3-wrzesnia-2021-3.jpg\" data-elementor-open-lightbox=\"yes\" data-elementor-lightbox-slideshow=\"78bdd58\" data-elementor-lightbox-title=\"DZIE\u0143 MODLITW OS\u00d3B STANU WOLNEGO POSZUKUJ\u0104CYCH M\u0118\u017bA LUB \u017bONY 3 wrze\u015bnia 2021 3\" data-e-action-hash=\"#elementor-action%3Aaction%3Dlightbox%26settings%3DeyJpZCI6MzE1MzQsInVybCI6Imh0dHBzOlwvXC93d3cubGljaGVuLnBsXC93cC1jb250ZW50XC91cGxvYWRzXC8yMDIxXC8xMFwvRFpJRU4tTU9ETElUVy1PU09CLVNUQU5VLVdPTE5FR08tUE9TWlVLVUpBQ1lDSC1NRVpBLUxVQi1aT05ZLTMtd3J6ZXNuaWEtMjAyMS0zLmpwZyIsInNsaWRlc2hvdyI6Ijc4YmRkNTgifQ%3D%3D\">\n\t\t\t\t\t<div class=\"e-gallery-image elementor-gallery-item__image\" data-thumbnail=\"https:\/\/www.lichen.pl\/wp-content\/uploads\/2021\/10\/DZIEN-MODLITW-OSOB-STANU-WOLNEGO-POSZUKUJACYCH-MEZA-LUB-ZONY-3-wrzesnia-2021-3-150x150.jpg\" data-width=\"150\" data-height=\"150\" aria-label=\"\" role=\"img\" ><\/div>\n\t\t\t\t\t\t\t\t\t\t\t<div class=\"elementor-gallery-item__overlay\"><\/div>\n\t\t\t\t\t\t\t\t\t\t\t\t\t\t<\/a>\n\t\t\t\t\t\t\t<a class=\"e-gallery-item elementor-gallery-item elementor-animated-content\" data-e-gallery-tags=\"2\" href=\"https:\/\/www.lichen.pl\/wp-content\/uploads\/2021\/10\/DZIEN-MODLITW-OSOB-STANU-WOLNEGO-POSZUKUJACYCH-MEZA-LUB-ZONY-3-wrzesnia-2021-4.jpg\" data-elementor-open-lightbox=\"yes\" data-elementor-lightbox-slideshow=\"78bdd58\" data-elementor-lightbox-title=\"DZIE\u0143 MODLITW OS\u00d3B STANU WOLNEGO POSZUKUJ\u0104CYCH M\u0118\u017bA LUB \u017bONY 3 wrze\u015bnia 2021 4\" data-e-action-hash=\"#elementor-action%3Aaction%3Dlightbox%26settings%3DeyJpZCI6MzE1MzksInVybCI6Imh0dHBzOlwvXC93d3cubGljaGVuLnBsXC93cC1jb250ZW50XC91cGxvYWRzXC8yMDIxXC8xMFwvRFpJRU4tTU9ETElUVy1PU09CLVNUQU5VLVdPTE5FR08tUE9TWlVLVUpBQ1lDSC1NRVpBLUxVQi1aT05ZLTMtd3J6ZXNuaWEtMjAyMS00LmpwZyIsInNsaWRlc2hvdyI6Ijc4YmRkNTgifQ%3D%3D\">\n\t\t\t\t\t<div class=\"e-gallery-image elementor-gallery-item__image\" data-thumbnail=\"https:\/\/www.lichen.pl\/wp-content\/uploads\/2021\/10\/DZIEN-MODLITW-OSOB-STANU-WOLNEGO-POSZUKUJACYCH-MEZA-LUB-ZONY-3-wrzesnia-2021-4-150x150.jpg\" data-width=\"150\" data-height=\"150\" aria-label=\"\" role=\"img\" ><\/div>\n\t\t\t\t\t\t\t\t\t\t\t<div class=\"elementor-gallery-item__overlay\"><\/div>\n\t\t\t\t\t\t\t\t\t\t\t\t\t\t<\/a>\n\t\t\t\t\t\t\t<a class=\"e-gallery-item elementor-gallery-item elementor-animated-content\" data-e-gallery-tags=\"2\" href=\"https:\/\/www.lichen.pl\/wp-content\/uploads\/2021\/10\/DZIEN-MODLITW-OSOB-STANU-WOLNEGO-POSZUKUJACYCH-MEZA-LUB-ZONY-3-wrzesnia-2021-5.jpg\" data-elementor-open-lightbox=\"yes\" data-elementor-lightbox-slideshow=\"78bdd58\" data-elementor-lightbox-title=\"DZIE\u0143 MODLITW OS\u00d3B STANU WOLNEGO POSZUKUJ\u0104CYCH M\u0118\u017bA LUB \u017bONY 3 wrze\u015bnia 2021 5\" data-e-action-hash=\"#elementor-action%3Aaction%3Dlightbox%26settings%3DeyJpZCI6MzE1NDQsInVybCI6Imh0dHBzOlwvXC93d3cubGljaGVuLnBsXC93cC1jb250ZW50XC91cGxvYWRzXC8yMDIxXC8xMFwvRFpJRU4tTU9ETElUVy1PU09CLVNUQU5VLVdPTE5FR08tUE9TWlVLVUpBQ1lDSC1NRVpBLUxVQi1aT05ZLTMtd3J6ZXNuaWEtMjAyMS01LmpwZyIsInNsaWRlc2hvdyI6Ijc4YmRkNTgifQ%3D%3D\">\n\t\t\t\t\t<div class=\"e-gallery-image elementor-gallery-item__image\" data-thumbnail=\"https:\/\/www.lichen.pl\/wp-content\/uploads\/2021\/10\/DZIEN-MODLITW-OSOB-STANU-WOLNEGO-POSZUKUJACYCH-MEZA-LUB-ZONY-3-wrzesnia-2021-5-150x150.jpg\" data-width=\"150\" data-height=\"150\" aria-label=\"\" role=\"img\" ><\/div>\n\t\t\t\t\t\t\t\t\t\t\t<div class=\"elementor-gallery-item__overlay\"><\/div>\n\t\t\t\t\t\t\t\t\t\t\t\t\t\t<\/a>\n\t\t\t\t\t\t\t<a class=\"e-gallery-item elementor-gallery-item elementor-animated-content\" data-e-gallery-tags=\"2\" href=\"https:\/\/www.lichen.pl\/wp-content\/uploads\/2021\/10\/DZIEN-MODLITW-OSOB-STANU-WOLNEGO-POSZUKUJACYCH-MEZA-LUB-ZONY-3-wrzesnia-2021-6.jpg\" data-elementor-open-lightbox=\"yes\" data-elementor-lightbox-slideshow=\"78bdd58\" data-elementor-lightbox-title=\"DZIE\u0143 MODLITW OS\u00d3B STANU WOLNEGO POSZUKUJ\u0104CYCH M\u0118\u017bA LUB \u017bONY 3 wrze\u015bnia 2021 6\" data-e-action-hash=\"#elementor-action%3Aaction%3Dlightbox%26settings%3DeyJpZCI6MzE1NDksInVybCI6Imh0dHBzOlwvXC93d3cubGljaGVuLnBsXC93cC1jb250ZW50XC91cGxvYWRzXC8yMDIxXC8xMFwvRFpJRU4tTU9ETElUVy1PU09CLVNUQU5VLVdPTE5FR08tUE9TWlVLVUpBQ1lDSC1NRVpBLUxVQi1aT05ZLTMtd3J6ZXNuaWEtMjAyMS02LmpwZyIsInNsaWRlc2hvdyI6Ijc4YmRkNTgifQ%3D%3D\">\n\t\t\t\t\t<div class=\"e-gallery-image elementor-gallery-item__image\" data-thumbnail=\"https:\/\/www.lichen.pl\/wp-content\/uploads\/2021\/10\/DZIEN-MODLITW-OSOB-STANU-WOLNEGO-POSZUKUJACYCH-MEZA-LUB-ZONY-3-wrzesnia-2021-6-150x150.jpg\" data-width=\"150\" data-height=\"150\" aria-label=\"\" role=\"img\" ><\/div>\n\t\t\t\t\t\t\t\t\t\t\t<div class=\"elementor-gallery-item__overlay\"><\/div>\n\t\t\t\t\t\t\t\t\t\t\t\t\t\t<\/a>\n\t\t\t\t\t\t\t<a class=\"e-gallery-item elementor-gallery-item elementor-animated-content\" data-e-gallery-tags=\"2\" href=\"https:\/\/www.lichen.pl\/wp-content\/uploads\/2021\/10\/DZIEN-MODLITW-OSOB-STANU-WOLNEGO-POSZUKUJACYCH-MEZA-LUB-ZONY-3-wrzesnia-2021-7.jpg\" data-elementor-open-lightbox=\"yes\" data-elementor-lightbox-slideshow=\"78bdd58\" data-elementor-lightbox-title=\"DZIE\u0143 MODLITW OS\u00d3B STANU WOLNEGO POSZUKUJ\u0104CYCH M\u0118\u017bA LUB \u017bONY 3 wrze\u015bnia 2021 7\" data-e-action-hash=\"#elementor-action%3Aaction%3Dlightbox%26settings%3DeyJpZCI6MzE1NTQsInVybCI6Imh0dHBzOlwvXC93d3cubGljaGVuLnBsXC93cC1jb250ZW50XC91cGxvYWRzXC8yMDIxXC8xMFwvRFpJRU4tTU9ETElUVy1PU09CLVNUQU5VLVdPTE5FR08tUE9TWlVLVUpBQ1lDSC1NRVpBLUxVQi1aT05ZLTMtd3J6ZXNuaWEtMjAyMS03LmpwZyIsInNsaWRlc2hvdyI6Ijc4YmRkNTgifQ%3D%3D\">\n\t\t\t\t\t<div class=\"e-gallery-image elementor-gallery-item__image\" data-thumbnail=\"https:\/\/www.lichen.pl\/wp-content\/uploads\/2021\/10\/DZIEN-MODLITW-OSOB-STANU-WOLNEGO-POSZUKUJACYCH-MEZA-LUB-ZONY-3-wrzesnia-2021-7-150x150.jpg\" data-width=\"150\" data-height=\"150\" aria-label=\"\" role=\"img\" ><\/div>\n\t\t\t\t\t\t\t\t\t\t\t<div class=\"elementor-gallery-item__overlay\"><\/div>\n\t\t\t\t\t\t\t\t\t\t\t\t\t\t<\/a>\n\t\t\t\t\t\t\t<a class=\"e-gallery-item elementor-gallery-item elementor-animated-content\" data-e-gallery-tags=\"2\" href=\"https:\/\/www.lichen.pl\/wp-content\/uploads\/2021\/10\/DZIEN-MODLITW-OSOB-STANU-WOLNEGO-POSZUKUJACYCH-MEZA-LUB-ZONY-3-wrzesnia-2021-8.jpg\" data-elementor-open-lightbox=\"yes\" data-elementor-lightbox-slideshow=\"78bdd58\" data-elementor-lightbox-title=\"DZIE\u0143 MODLITW OS\u00d3B STANU WOLNEGO POSZUKUJ\u0104CYCH M\u0118\u017bA LUB \u017bONY 3 wrze\u015bnia 2021 8\" data-e-action-hash=\"#elementor-action%3Aaction%3Dlightbox%26settings%3DeyJpZCI6MzE1NTksInVybCI6Imh0dHBzOlwvXC93d3cubGljaGVuLnBsXC93cC1jb250ZW50XC91cGxvYWRzXC8yMDIxXC8xMFwvRFpJRU4tTU9ETElUVy1PU09CLVNUQU5VLVdPTE5FR08tUE9TWlVLVUpBQ1lDSC1NRVpBLUxVQi1aT05ZLTMtd3J6ZXNuaWEtMjAyMS04LmpwZyIsInNsaWRlc2hvdyI6Ijc4YmRkNTgifQ%3D%3D\">\n\t\t\t\t\t<div class=\"e-gallery-image elementor-gallery-item__image\" data-thumbnail=\"https:\/\/www.lichen.pl\/wp-content\/uploads\/2021\/10\/DZIEN-MODLITW-OSOB-STANU-WOLNEGO-POSZUKUJACYCH-MEZA-LUB-ZONY-3-wrzesnia-2021-8-150x150.jpg\" data-width=\"150\" data-height=\"150\" aria-label=\"\" role=\"img\" ><\/div>\n\t\t\t\t\t\t\t\t\t\t\t<div class=\"elementor-gallery-item__overlay\"><\/div>\n\t\t\t\t\t\t\t\t\t\t\t\t\t\t<\/a>\n\t\t\t\t\t\t\t<a class=\"e-gallery-item elementor-gallery-item elementor-animated-content\" data-e-gallery-tags=\"2\" href=\"https:\/\/www.lichen.pl\/wp-content\/uploads\/2021\/10\/DZIEN-MODLITW-OSOB-STANU-WOLNEGO-POSZUKUJACYCH-MEZA-LUB-ZONY-3-wrzesnia-2021-9.jpg\" data-elementor-open-lightbox=\"yes\" data-elementor-lightbox-slideshow=\"78bdd58\" data-elementor-lightbox-title=\"DZIE\u0143 MODLITW OS\u00d3B STANU WOLNEGO POSZUKUJ\u0104CYCH M\u0118\u017bA LUB \u017bONY 3 wrze\u015bnia 2021 9\" data-e-action-hash=\"#elementor-action%3Aaction%3Dlightbox%26settings%3DeyJpZCI6MzE1NjQsInVybCI6Imh0dHBzOlwvXC93d3cubGljaGVuLnBsXC93cC1jb250ZW50XC91cGxvYWRzXC8yMDIxXC8xMFwvRFpJRU4tTU9ETElUVy1PU09CLVNUQU5VLVdPTE5FR08tUE9TWlVLVUpBQ1lDSC1NRVpBLUxVQi1aT05ZLTMtd3J6ZXNuaWEtMjAyMS05LmpwZyIsInNsaWRlc2hvdyI6Ijc4YmRkNTgifQ%3D%3D\">\n\t\t\t\t\t<div class=\"e-gallery-image elementor-gallery-item__image\" data-thumbnail=\"https:\/\/www.lichen.pl\/wp-content\/uploads\/2021\/10\/DZIEN-MODLITW-OSOB-STANU-WOLNEGO-POSZUKUJACYCH-MEZA-LUB-ZONY-3-wrzesnia-2021-9-150x150.jpg\" data-width=\"150\" data-height=\"150\" aria-label=\"\" role=\"img\" ><\/div>\n\t\t\t\t\t\t\t\t\t\t\t<div class=\"elementor-gallery-item__overlay\"><\/div>\n\t\t\t\t\t\t\t\t\t\t\t\t\t\t<\/a>\n\t\t\t\t\t\t\t<a class=\"e-gallery-item elementor-gallery-item elementor-animated-content\" data-e-gallery-tags=\"2\" href=\"https:\/\/www.lichen.pl\/wp-content\/uploads\/2021\/10\/DZIEN-MODLITW-OSOB-STANU-WOLNEGO-POSZUKUJACYCH-MEZA-LUB-ZONY-3-wrzesnia-2021-10.jpg\" data-elementor-open-lightbox=\"yes\" data-elementor-lightbox-slideshow=\"78bdd58\" data-elementor-lightbox-title=\"DZIE\u0143 MODLITW OS\u00d3B STANU WOLNEGO POSZUKUJ\u0104CYCH M\u0118\u017bA LUB \u017bONY 3 wrze\u015bnia 2021 10\" data-e-action-hash=\"#elementor-action%3Aaction%3Dlightbox%26settings%3DeyJpZCI6MzE1NjksInVybCI6Imh0dHBzOlwvXC93d3cubGljaGVuLnBsXC93cC1jb250ZW50XC91cGxvYWRzXC8yMDIxXC8xMFwvRFpJRU4tTU9ETElUVy1PU09CLVNUQU5VLVdPTE5FR08tUE9TWlVLVUpBQ1lDSC1NRVpBLUxVQi1aT05ZLTMtd3J6ZXNuaWEtMjAyMS0xMC5qcGciLCJzbGlkZXNob3ciOiI3OGJkZDU4In0%3D\">\n\t\t\t\t\t<div class=\"e-gallery-image elementor-gallery-item__image\" data-thumbnail=\"https:\/\/www.lichen.pl\/wp-content\/uploads\/2021\/10\/DZIEN-MODLITW-OSOB-STANU-WOLNEGO-POSZUKUJACYCH-MEZA-LUB-ZONY-3-wrzesnia-2021-10-150x150.jpg\" data-width=\"150\" data-height=\"150\" aria-label=\"\" role=\"img\" ><\/div>\n\t\t\t\t\t\t\t\t\t\t\t<div class=\"elementor-gallery-item__overlay\"><\/div>\n\t\t\t\t\t\t\t\t\t\t\t\t\t\t<\/a>\n\t\t\t\t\t\t\t<a class=\"e-gallery-item elementor-gallery-item elementor-animated-content\" data-e-gallery-tags=\"2\" href=\"https:\/\/www.lichen.pl\/wp-content\/uploads\/2021\/10\/DZIEN-MODLITW-OSOB-STANU-WOLNEGO-POSZUKUJACYCH-MEZA-LUB-ZONY-3-wrzesnia-2021-11.jpg\" data-elementor-open-lightbox=\"yes\" data-elementor-lightbox-slideshow=\"78bdd58\" data-elementor-lightbox-title=\"DZIE\u0143 MODLITW OS\u00d3B STANU WOLNEGO POSZUKUJ\u0104CYCH M\u0118\u017bA LUB \u017bONY 3 wrze\u015bnia 2021 11\" data-e-action-hash=\"#elementor-action%3Aaction%3Dlightbox%26settings%3DeyJpZCI6MzE1NzQsInVybCI6Imh0dHBzOlwvXC93d3cubGljaGVuLnBsXC93cC1jb250ZW50XC91cGxvYWRzXC8yMDIxXC8xMFwvRFpJRU4tTU9ETElUVy1PU09CLVNUQU5VLVdPTE5FR08tUE9TWlVLVUpBQ1lDSC1NRVpBLUxVQi1aT05ZLTMtd3J6ZXNuaWEtMjAyMS0xMS5qcGciLCJzbGlkZXNob3ciOiI3OGJkZDU4In0%3D\">\n\t\t\t\t\t<div class=\"e-gallery-image elementor-gallery-item__image\" data-thumbnail=\"https:\/\/www.lichen.pl\/wp-content\/uploads\/2021\/10\/DZIEN-MODLITW-OSOB-STANU-WOLNEGO-POSZUKUJACYCH-MEZA-LUB-ZONY-3-wrzesnia-2021-11-150x150.jpg\" data-width=\"150\" data-height=\"150\" aria-label=\"\" role=\"img\" ><\/div>\n\t\t\t\t\t\t\t\t\t\t\t<div class=\"elementor-gallery-item__overlay\"><\/div>\n\t\t\t\t\t\t\t\t\t\t\t\t\t\t<\/a>\n\t\t\t\t\t\t\t<a class=\"e-gallery-item elementor-gallery-item elementor-animated-content\" data-e-gallery-tags=\"2\" href=\"https:\/\/www.lichen.pl\/wp-content\/uploads\/2021\/10\/DZIEN-MODLITW-OSOB-STANU-WOLNEGO-POSZUKUJACYCH-MEZA-LUB-ZONY-3-wrzesnia-2021-12.jpg\" data-elementor-open-lightbox=\"yes\" data-elementor-lightbox-slideshow=\"78bdd58\" data-elementor-lightbox-title=\"DZIE\u0143 MODLITW OS\u00d3B STANU WOLNEGO POSZUKUJ\u0104CYCH M\u0118\u017bA LUB \u017bONY 3 wrze\u015bnia 2021 12\" data-e-action-hash=\"#elementor-action%3Aaction%3Dlightbox%26settings%3DeyJpZCI6MzE1NzksInVybCI6Imh0dHBzOlwvXC93d3cubGljaGVuLnBsXC93cC1jb250ZW50XC91cGxvYWRzXC8yMDIxXC8xMFwvRFpJRU4tTU9ETElUVy1PU09CLVNUQU5VLVdPTE5FR08tUE9TWlVLVUpBQ1lDSC1NRVpBLUxVQi1aT05ZLTMtd3J6ZXNuaWEtMjAyMS0xMi5qcGciLCJzbGlkZXNob3ciOiI3OGJkZDU4In0%3D\">\n\t\t\t\t\t<div class=\"e-gallery-image elementor-gallery-item__image\" data-thumbnail=\"https:\/\/www.lichen.pl\/wp-content\/uploads\/2021\/10\/DZIEN-MODLITW-OSOB-STANU-WOLNEGO-POSZUKUJACYCH-MEZA-LUB-ZONY-3-wrzesnia-2021-12-150x150.jpg\" data-width=\"150\" data-height=\"150\" aria-label=\"\" role=\"img\" ><\/div>\n\t\t\t\t\t\t\t\t\t\t\t<div class=\"elementor-gallery-item__overlay\"><\/div>\n\t\t\t\t\t\t\t\t\t\t\t\t\t\t<\/a>\n\t\t\t\t\t\t\t<a class=\"e-gallery-item elementor-gallery-item elementor-animated-content\" data-e-gallery-tags=\"2\" href=\"https:\/\/www.lichen.pl\/wp-content\/uploads\/2021\/10\/DZIEN-MODLITW-OSOB-STANU-WOLNEGO-POSZUKUJACYCH-MEZA-LUB-ZONY-3-wrzesnia-2021-13.jpg\" data-elementor-open-lightbox=\"yes\" data-elementor-lightbox-slideshow=\"78bdd58\" data-elementor-lightbox-title=\"DZIE\u0143 MODLITW OS\u00d3B STANU WOLNEGO POSZUKUJ\u0104CYCH M\u0118\u017bA LUB \u017bONY 3 wrze\u015bnia 2021 13\" data-e-action-hash=\"#elementor-action%3Aaction%3Dlightbox%26settings%3DeyJpZCI6MzE1ODQsInVybCI6Imh0dHBzOlwvXC93d3cubGljaGVuLnBsXC93cC1jb250ZW50XC91cGxvYWRzXC8yMDIxXC8xMFwvRFpJRU4tTU9ETElUVy1PU09CLVNUQU5VLVdPTE5FR08tUE9TWlVLVUpBQ1lDSC1NRVpBLUxVQi1aT05ZLTMtd3J6ZXNuaWEtMjAyMS0xMy5qcGciLCJzbGlkZXNob3ciOiI3OGJkZDU4In0%3D\">\n\t\t\t\t\t<div class=\"e-gallery-image elementor-gallery-item__image\" data-thumbnail=\"https:\/\/www.lichen.pl\/wp-content\/uploads\/2021\/10\/DZIEN-MODLITW-OSOB-STANU-WOLNEGO-POSZUKUJACYCH-MEZA-LUB-ZONY-3-wrzesnia-2021-13-150x150.jpg\" data-width=\"150\" data-height=\"150\" aria-label=\"\" role=\"img\" ><\/div>\n\t\t\t\t\t\t\t\t\t\t\t<div class=\"elementor-gallery-item__overlay\"><\/div>\n\t\t\t\t\t\t\t\t\t\t\t\t\t\t<\/a>\n\t\t\t\t\t\t\t<a class=\"e-gallery-item elementor-gallery-item elementor-animated-content\" data-e-gallery-tags=\"2\" href=\"https:\/\/www.lichen.pl\/wp-content\/uploads\/2021\/10\/DZIEN-MODLITW-OSOB-STANU-WOLNEGO-POSZUKUJACYCH-MEZA-LUB-ZONY-3-wrzesnia-2021-14.jpg\" data-elementor-open-lightbox=\"yes\" data-elementor-lightbox-slideshow=\"78bdd58\" data-elementor-lightbox-title=\"DZIE\u0143 MODLITW OS\u00d3B STANU WOLNEGO POSZUKUJ\u0104CYCH M\u0118\u017bA LUB \u017bONY 3 wrze\u015bnia 2021 14\" data-e-action-hash=\"#elementor-action%3Aaction%3Dlightbox%26settings%3DeyJpZCI6MzE1ODksInVybCI6Imh0dHBzOlwvXC93d3cubGljaGVuLnBsXC93cC1jb250ZW50XC91cGxvYWRzXC8yMDIxXC8xMFwvRFpJRU4tTU9ETElUVy1PU09CLVNUQU5VLVdPTE5FR08tUE9TWlVLVUpBQ1lDSC1NRVpBLUxVQi1aT05ZLTMtd3J6ZXNuaWEtMjAyMS0xNC5qcGciLCJzbGlkZXNob3ciOiI3OGJkZDU4In0%3D\">\n\t\t\t\t\t<div class=\"e-gallery-image elementor-gallery-item__image\" data-thumbnail=\"https:\/\/www.lichen.pl\/wp-content\/uploads\/2021\/10\/DZIEN-MODLITW-OSOB-STANU-WOLNEGO-POSZUKUJACYCH-MEZA-LUB-ZONY-3-wrzesnia-2021-14-150x150.jpg\" data-width=\"150\" data-height=\"150\" aria-label=\"\" role=\"img\" ><\/div>\n\t\t\t\t\t\t\t\t\t\t\t<div class=\"elementor-gallery-item__overlay\"><\/div>\n\t\t\t\t\t\t\t\t\t\t\t\t\t\t<\/a>\n\t\t\t\t\t\t\t<a class=\"e-gallery-item elementor-gallery-item elementor-animated-content\" data-e-gallery-tags=\"2\" href=\"https:\/\/www.lichen.pl\/wp-content\/uploads\/2021\/10\/DZIEN-MODLITW-OSOB-STANU-WOLNEGO-POSZUKUJACYCH-MEZA-LUB-ZONY-3-wrzesnia-2021-15.jpg\" data-elementor-open-lightbox=\"yes\" data-elementor-lightbox-slideshow=\"78bdd58\" data-elementor-lightbox-title=\"DZIE\u0143 MODLITW OS\u00d3B STANU WOLNEGO POSZUKUJ\u0104CYCH M\u0118\u017bA LUB \u017bONY 3 wrze\u015bnia 2021 15\" data-e-action-hash=\"#elementor-action%3Aaction%3Dlightbox%26settings%3DeyJpZCI6MzE1OTQsInVybCI6Imh0dHBzOlwvXC93d3cubGljaGVuLnBsXC93cC1jb250ZW50XC91cGxvYWRzXC8yMDIxXC8xMFwvRFpJRU4tTU9ETElUVy1PU09CLVNUQU5VLVdPTE5FR08tUE9TWlVLVUpBQ1lDSC1NRVpBLUxVQi1aT05ZLTMtd3J6ZXNuaWEtMjAyMS0xNS5qcGciLCJzbGlkZXNob3ciOiI3OGJkZDU4In0%3D\">\n\t\t\t\t\t<div class=\"e-gallery-image elementor-gallery-item__image\" data-thumbnail=\"https:\/\/www.lichen.pl\/wp-content\/uploads\/2021\/10\/DZIEN-MODLITW-OSOB-STANU-WOLNEGO-POSZUKUJACYCH-MEZA-LUB-ZONY-3-wrzesnia-2021-15-150x150.jpg\" data-width=\"150\" data-height=\"150\" aria-label=\"\" role=\"img\" ><\/div>\n\t\t\t\t\t\t\t\t\t\t\t<div class=\"elementor-gallery-item__overlay\"><\/div>\n\t\t\t\t\t\t\t\t\t\t\t\t\t\t<\/a>\n\t\t\t\t\t\t\t<a class=\"e-gallery-item elementor-gallery-item elementor-animated-content\" data-e-gallery-tags=\"2\" href=\"https:\/\/www.lichen.pl\/wp-content\/uploads\/2021\/10\/DZIEN-MODLITW-OSOB-STANU-WOLNEGO-POSZUKUJACYCH-MEZA-LUB-ZONY-3-wrzesnia-2021-16.jpg\" data-elementor-open-lightbox=\"yes\" data-elementor-lightbox-slideshow=\"78bdd58\" data-elementor-lightbox-title=\"DZIE\u0143 MODLITW OS\u00d3B STANU WOLNEGO POSZUKUJ\u0104CYCH M\u0118\u017bA LUB \u017bONY 3 wrze\u015bnia 2021 16\" data-e-action-hash=\"#elementor-action%3Aaction%3Dlightbox%26settings%3DeyJpZCI6MzE1OTksInVybCI6Imh0dHBzOlwvXC93d3cubGljaGVuLnBsXC93cC1jb250ZW50XC91cGxvYWRzXC8yMDIxXC8xMFwvRFpJRU4tTU9ETElUVy1PU09CLVNUQU5VLVdPTE5FR08tUE9TWlVLVUpBQ1lDSC1NRVpBLUxVQi1aT05ZLTMtd3J6ZXNuaWEtMjAyMS0xNi5qcGciLCJzbGlkZXNob3ciOiI3OGJkZDU4In0%3D\">\n\t\t\t\t\t<div class=\"e-gallery-image elementor-gallery-item__image\" data-thumbnail=\"https:\/\/www.lichen.pl\/wp-content\/uploads\/2021\/10\/DZIEN-MODLITW-OSOB-STANU-WOLNEGO-POSZUKUJACYCH-MEZA-LUB-ZONY-3-wrzesnia-2021-16-150x150.jpg\" data-width=\"150\" data-height=\"150\" aria-label=\"\" role=\"img\" ><\/div>\n\t\t\t\t\t\t\t\t\t\t\t<div class=\"elementor-gallery-item__overlay\"><\/div>\n\t\t\t\t\t\t\t\t\t\t\t\t\t\t<\/a>\n\t\t\t\t\t\t\t<a class=\"e-gallery-item elementor-gallery-item elementor-animated-content\" data-e-gallery-tags=\"2\" href=\"https:\/\/www.lichen.pl\/wp-content\/uploads\/2021\/10\/DZIEN-MODLITW-OSOB-STANU-WOLNEGO-POSZUKUJACYCH-MEZA-LUB-ZONY-3-wrzesnia-2021-17.jpg\" data-elementor-open-lightbox=\"yes\" data-elementor-lightbox-slideshow=\"78bdd58\" data-elementor-lightbox-title=\"DZIE\u0143 MODLITW OS\u00d3B STANU WOLNEGO POSZUKUJ\u0104CYCH M\u0118\u017bA LUB \u017bONY 3 wrze\u015bnia 2021 17\" data-e-action-hash=\"#elementor-action%3Aaction%3Dlightbox%26settings%3DeyJpZCI6MzE2MDQsInVybCI6Imh0dHBzOlwvXC93d3cubGljaGVuLnBsXC93cC1jb250ZW50XC91cGxvYWRzXC8yMDIxXC8xMFwvRFpJRU4tTU9ETElUVy1PU09CLVNUQU5VLVdPTE5FR08tUE9TWlVLVUpBQ1lDSC1NRVpBLUxVQi1aT05ZLTMtd3J6ZXNuaWEtMjAyMS0xNy5qcGciLCJzbGlkZXNob3ciOiI3OGJkZDU4In0%3D\">\n\t\t\t\t\t<div class=\"e-gallery-image elementor-gallery-item__image\" data-thumbnail=\"https:\/\/www.lichen.pl\/wp-content\/uploads\/2021\/10\/DZIEN-MODLITW-OSOB-STANU-WOLNEGO-POSZUKUJACYCH-MEZA-LUB-ZONY-3-wrzesnia-2021-17-150x150.jpg\" data-width=\"150\" data-height=\"150\" aria-label=\"\" role=\"img\" ><\/div>\n\t\t\t\t\t\t\t\t\t\t\t<div class=\"elementor-gallery-item__overlay\"><\/div>\n\t\t\t\t\t\t\t\t\t\t\t\t\t\t<\/a>\n\t\t\t\t\t\t\t<a class=\"e-gallery-item elementor-gallery-item elementor-animated-content\" data-e-gallery-tags=\"2\" href=\"https:\/\/www.lichen.pl\/wp-content\/uploads\/2021\/10\/DZIEN-MODLITW-OSOB-STANU-WOLNEGO-POSZUKUJACYCH-MEZA-LUB-ZONY-3-wrzesnia-2021-18.jpg\" data-elementor-open-lightbox=\"yes\" data-elementor-lightbox-slideshow=\"78bdd58\" data-elementor-lightbox-title=\"DZIE\u0143 MODLITW OS\u00d3B STANU WOLNEGO POSZUKUJ\u0104CYCH M\u0118\u017bA LUB \u017bONY 3 wrze\u015bnia 2021 18\" data-e-action-hash=\"#elementor-action%3Aaction%3Dlightbox%26settings%3DeyJpZCI6MzE2MDksInVybCI6Imh0dHBzOlwvXC93d3cubGljaGVuLnBsXC93cC1jb250ZW50XC91cGxvYWRzXC8yMDIxXC8xMFwvRFpJRU4tTU9ETElUVy1PU09CLVNUQU5VLVdPTE5FR08tUE9TWlVLVUpBQ1lDSC1NRVpBLUxVQi1aT05ZLTMtd3J6ZXNuaWEtMjAyMS0xOC5qcGciLCJzbGlkZXNob3ciOiI3OGJkZDU4In0%3D\">\n\t\t\t\t\t<div class=\"e-gallery-image elementor-gallery-item__image\" data-thumbnail=\"https:\/\/www.lichen.pl\/wp-content\/uploads\/2021\/10\/DZIEN-MODLITW-OSOB-STANU-WOLNEGO-POSZUKUJACYCH-MEZA-LUB-ZONY-3-wrzesnia-2021-18-150x150.jpg\" data-width=\"150\" data-height=\"150\" aria-label=\"\" role=\"img\" ><\/div>\n\t\t\t\t\t\t\t\t\t\t\t<div class=\"elementor-gallery-item__overlay\"><\/div>\n\t\t\t\t\t\t\t\t\t\t\t\t\t\t<\/a>\n\t\t\t\t\t\t\t<a class=\"e-gallery-item elementor-gallery-item elementor-animated-content\" data-e-gallery-tags=\"2\" href=\"https:\/\/www.lichen.pl\/wp-content\/uploads\/2021\/10\/DZIEN-MODLITW-OSOB-STANU-WOLNEGO-POSZUKUJACYCH-MEZA-LUB-ZONY-3-wrzesnia-2021-19.jpg\" data-elementor-open-lightbox=\"yes\" data-elementor-lightbox-slideshow=\"78bdd58\" data-elementor-lightbox-title=\"DZIE\u0143 MODLITW OS\u00d3B STANU WOLNEGO POSZUKUJ\u0104CYCH M\u0118\u017bA LUB \u017bONY 3 wrze\u015bnia 2021 19\" data-e-action-hash=\"#elementor-action%3Aaction%3Dlightbox%26settings%3DeyJpZCI6MzE2MTQsInVybCI6Imh0dHBzOlwvXC93d3cubGljaGVuLnBsXC93cC1jb250ZW50XC91cGxvYWRzXC8yMDIxXC8xMFwvRFpJRU4tTU9ETElUVy1PU09CLVNUQU5VLVdPTE5FR08tUE9TWlVLVUpBQ1lDSC1NRVpBLUxVQi1aT05ZLTMtd3J6ZXNuaWEtMjAyMS0xOS5qcGciLCJzbGlkZXNob3ciOiI3OGJkZDU4In0%3D\">\n\t\t\t\t\t<div class=\"e-gallery-image elementor-gallery-item__image\" data-thumbnail=\"https:\/\/www.lichen.pl\/wp-content\/uploads\/2021\/10\/DZIEN-MODLITW-OSOB-STANU-WOLNEGO-POSZUKUJACYCH-MEZA-LUB-ZONY-3-wrzesnia-2021-19-150x150.jpg\" data-width=\"150\" data-height=\"150\" aria-label=\"\" role=\"img\" ><\/div>\n\t\t\t\t\t\t\t\t\t\t\t<div class=\"elementor-gallery-item__overlay\"><\/div>\n\t\t\t\t\t\t\t\t\t\t\t\t\t\t<\/a>\n\t\t\t\t\t\t\t<a class=\"e-gallery-item elementor-gallery-item elementor-animated-content\" data-e-gallery-tags=\"2\" href=\"https:\/\/www.lichen.pl\/wp-content\/uploads\/2021\/10\/DZIEN-MODLITW-OSOB-STANU-WOLNEGO-POSZUKUJACYCH-MEZA-LUB-ZONY-3-wrzesnia-2021-20.jpg\" data-elementor-open-lightbox=\"yes\" data-elementor-lightbox-slideshow=\"78bdd58\" data-elementor-lightbox-title=\"DZIE\u0143 MODLITW OS\u00d3B STANU WOLNEGO POSZUKUJ\u0104CYCH M\u0118\u017bA LUB \u017bONY 3 wrze\u015bnia 2021 20\" data-e-action-hash=\"#elementor-action%3Aaction%3Dlightbox%26settings%3DeyJpZCI6MzE2MTksInVybCI6Imh0dHBzOlwvXC93d3cubGljaGVuLnBsXC93cC1jb250ZW50XC91cGxvYWRzXC8yMDIxXC8xMFwvRFpJRU4tTU9ETElUVy1PU09CLVNUQU5VLVdPTE5FR08tUE9TWlVLVUpBQ1lDSC1NRVpBLUxVQi1aT05ZLTMtd3J6ZXNuaWEtMjAyMS0yMC5qcGciLCJzbGlkZXNob3ciOiI3OGJkZDU4In0%3D\">\n\t\t\t\t\t<div class=\"e-gallery-image elementor-gallery-item__image\" data-thumbnail=\"https:\/\/www.lichen.pl\/wp-content\/uploads\/2021\/10\/DZIEN-MODLITW-OSOB-STANU-WOLNEGO-POSZUKUJACYCH-MEZA-LUB-ZONY-3-wrzesnia-2021-20-150x150.jpg\" data-width=\"150\" data-height=\"150\" aria-label=\"\" role=\"img\" ><\/div>\n\t\t\t\t\t\t\t\t\t\t\t<div class=\"elementor-gallery-item__overlay\"><\/div>\n\t\t\t\t\t\t\t\t\t\t\t\t\t\t<\/a>\n\t\t\t\t\t<\/div>\n\t\t\t\t\t<\/div>\n\t\t\t\t<\/div>\n\t\t\t\t\t<\/div>\n\t\t<\/div>\n\t\t\t\t\t<\/div>\n\t\t<\/section>\n\t\t\t\t<\/div>","protected":false},"excerpt":{"rendered":"<p>Zaduszki Muzyczne, 31 pa\u017adziernika 2021 r. Inauguracja Roku Szkoleniowego OHP, 7 pa\u017adziernika 2021 r. Dzie\u0144 modlitw w intencji os\u00f3b poszukuj\u0105cych m\u0119\u017ca lub \u017cony, 3 pa\u017adziernika 2021 r.<\/p>","protected":false},"author":5,"featured_media":0,"parent":54386,"menu_order":0,"comment_status":"closed","ping_status":"closed","template":"","meta":{"footnotes":""},"class_list":["post-55665","page","type-page","status-publish","hentry","wpbf-post"],"yoast_head":"<!-- This site is optimized with the Yoast SEO plugin v27.4 - https:\/\/yoast.com\/product\/yoast-seo-wordpress\/ -->\n<title>Pa\u017adziernik 2021 - SANKTUARIUM W LICHENIU<\/title>\n<meta name=\"robots\" content=\"index, follow, max-snippet:-1, max-image-preview:large, max-video-preview:-1\" \/>\n<link rel=\"canonical\" href=\"https:\/\/www.lichen.pl\/de\/galeria-2021\/pazdziernik-2021\/\" \/>\n<meta property=\"og:locale\" content=\"de_DE\" \/>\n<meta property=\"og:type\" content=\"article\" \/>\n<meta property=\"og:title\" content=\"Pa\u017adziernik 2021 - SANKTUARIUM W LICHENIU\" \/>\n<meta property=\"og:description\" content=\"Zaduszki Muzyczne, 31 pa\u017adziernika 2021 r. Inauguracja Roku Szkoleniowego OHP, 7 pa\u017adziernika 2021 r. Dzie\u0144 modlitw w intencji os\u00f3b poszukuj\u0105cych m\u0119\u017ca lub \u017cony, 3 pa\u017adziernika 2021 r.\" \/>\n<meta property=\"og:url\" content=\"https:\/\/www.lichen.pl\/de\/galeria-2021\/pazdziernik-2021\/\" \/>\n<meta property=\"og:site_name\" content=\"SANKTUARIUM W LICHENIU\" \/>\n<meta property=\"article:modified_time\" content=\"2023-07-17T19:24:58+00:00\" \/>\n<meta name=\"twitter:card\" content=\"summary_large_image\" \/>\n<script type=\"application\/ld+json\" class=\"yoast-schema-graph\">{\"@context\":\"https:\\\/\\\/schema.org\",\"@graph\":[{\"@type\":\"WebPage\",\"@id\":\"https:\\\/\\\/www.lichen.pl\\\/galeria-2021\\\/pazdziernik-2021\\\/\",\"url\":\"https:\\\/\\\/www.lichen.pl\\\/galeria-2021\\\/pazdziernik-2021\\\/\",\"name\":\"Pa\u017adziernik 2021 - SANKTUARIUM W LICHENIU\",\"isPartOf\":{\"@id\":\"https:\\\/\\\/www.lichen.pl\\\/fr\\\/#website\"},\"datePublished\":\"2023-07-17T19:19:53+00:00\",\"dateModified\":\"2023-07-17T19:24:58+00:00\",\"breadcrumb\":{\"@id\":\"https:\\\/\\\/www.lichen.pl\\\/galeria-2021\\\/pazdziernik-2021\\\/#breadcrumb\"},\"inLanguage\":\"de\",\"potentialAction\":[{\"@type\":\"ReadAction\",\"target\":[\"https:\\\/\\\/www.lichen.pl\\\/galeria-2021\\\/pazdziernik-2021\\\/\"]}]},{\"@type\":\"BreadcrumbList\",\"@id\":\"https:\\\/\\\/www.lichen.pl\\\/galeria-2021\\\/pazdziernik-2021\\\/#breadcrumb\",\"itemListElement\":[{\"@type\":\"ListItem\",\"position\":1,\"name\":\"Strona g\u0142\u00f3wna\",\"item\":\"https:\\\/\\\/www.lichen.pl\\\/\"},{\"@type\":\"ListItem\",\"position\":2,\"name\":\"Galeria 2021\",\"item\":\"https:\\\/\\\/www.lichen.pl\\\/galeria-2021\\\/\"},{\"@type\":\"ListItem\",\"position\":3,\"name\":\"Pa\u017adziernik 2021\"}]},{\"@type\":\"WebSite\",\"@id\":\"https:\\\/\\\/www.lichen.pl\\\/fr\\\/#website\",\"url\":\"https:\\\/\\\/www.lichen.pl\\\/fr\\\/\",\"name\":\"SANKTUARIUM W LICHENIU\",\"description\":\"MATKI BO\u017bEJ LICHE\u0143SKIEJ BOLESNEJ KR\u00d3LOWEJ POLSKI\",\"potentialAction\":[{\"@type\":\"SearchAction\",\"target\":{\"@type\":\"EntryPoint\",\"urlTemplate\":\"https:\\\/\\\/www.lichen.pl\\\/fr\\\/?s={search_term_string}\"},\"query-input\":{\"@type\":\"PropertyValueSpecification\",\"valueRequired\":true,\"valueName\":\"search_term_string\"}}],\"inLanguage\":\"de\"}]}<\/script>\n<!-- \/ Yoast SEO plugin. -->","yoast_head_json":{"title":"Pa\u017adziernik 2021 - SANKTUARIUM W LICHENIU","robots":{"index":"index","follow":"follow","max-snippet":"max-snippet:-1","max-image-preview":"max-image-preview:large","max-video-preview":"max-video-preview:-1"},"canonical":"https:\/\/www.lichen.pl\/de\/galeria-2021\/pazdziernik-2021\/","og_locale":"de_DE","og_type":"article","og_title":"Pa\u017adziernik 2021 - SANKTUARIUM W LICHENIU","og_description":"Zaduszki Muzyczne, 31 pa\u017adziernika 2021 r. Inauguracja Roku Szkoleniowego OHP, 7 pa\u017adziernika 2021 r. Dzie\u0144 modlitw w intencji os\u00f3b poszukuj\u0105cych m\u0119\u017ca lub \u017cony, 3 pa\u017adziernika 2021 r.","og_url":"https:\/\/www.lichen.pl\/de\/galeria-2021\/pazdziernik-2021\/","og_site_name":"SANKTUARIUM W LICHENIU","article_modified_time":"2023-07-17T19:24:58+00:00","twitter_card":"summary_large_image","schema":{"@context":"https:\/\/schema.org","@graph":[{"@type":"WebPage","@id":"https:\/\/www.lichen.pl\/galeria-2021\/pazdziernik-2021\/","url":"https:\/\/www.lichen.pl\/galeria-2021\/pazdziernik-2021\/","name":"Pa\u017adziernik 2021 - SANKTUARIUM W LICHENIU","isPartOf":{"@id":"https:\/\/www.lichen.pl\/fr\/#website"},"datePublished":"2023-07-17T19:19:53+00:00","dateModified":"2023-07-17T19:24:58+00:00","breadcrumb":{"@id":"https:\/\/www.lichen.pl\/galeria-2021\/pazdziernik-2021\/#breadcrumb"},"inLanguage":"de","potentialAction":[{"@type":"ReadAction","target":["https:\/\/www.lichen.pl\/galeria-2021\/pazdziernik-2021\/"]}]},{"@type":"BreadcrumbList","@id":"https:\/\/www.lichen.pl\/galeria-2021\/pazdziernik-2021\/#breadcrumb","itemListElement":[{"@type":"ListItem","position":1,"name":"Strona g\u0142\u00f3wna","item":"https:\/\/www.lichen.pl\/"},{"@type":"ListItem","position":2,"name":"Galeria 2021","item":"https:\/\/www.lichen.pl\/galeria-2021\/"},{"@type":"ListItem","position":3,"name":"Pa\u017adziernik 2021"}]},{"@type":"WebSite","@id":"https:\/\/www.lichen.pl\/fr\/#website","url":"https:\/\/www.lichen.pl\/fr\/","name":"HEILIGTUM IN LICHENIEN","description":"DIE TRAURIGE K\u00d6NIGIN UNSERER FLECHEN VON POLEN","potentialAction":[{"@type":"SearchAction","target":{"@type":"EntryPoint","urlTemplate":"https:\/\/www.lichen.pl\/fr\/?s={search_term_string}"},"query-input":{"@type":"PropertyValueSpecification","valueRequired":true,"valueName":"search_term_string"}}],"inLanguage":"de"}]}},"_links":{"self":[{"href":"https:\/\/www.lichen.pl\/de\/wp-json\/wp\/v2\/pages\/55665","targetHints":{"allow":["GET"]}}],"collection":[{"href":"https:\/\/www.lichen.pl\/de\/wp-json\/wp\/v2\/pages"}],"about":[{"href":"https:\/\/www.lichen.pl\/de\/wp-json\/wp\/v2\/types\/page"}],"author":[{"embeddable":true,"href":"https:\/\/www.lichen.pl\/de\/wp-json\/wp\/v2\/users\/5"}],"replies":[{"embeddable":true,"href":"https:\/\/www.lichen.pl\/de\/wp-json\/wp\/v2\/comments?post=55665"}],"version-history":[{"count":4,"href":"https:\/\/www.lichen.pl\/de\/wp-json\/wp\/v2\/pages\/55665\/revisions"}],"predecessor-version":[{"id":55682,"href":"https:\/\/www.lichen.pl\/de\/wp-json\/wp\/v2\/pages\/55665\/revisions\/55682"}],"up":[{"embeddable":true,"href":"https:\/\/www.lichen.pl\/de\/wp-json\/wp\/v2\/pages\/54386"}],"wp:attachment":[{"href":"https:\/\/www.lichen.pl\/de\/wp-json\/wp\/v2\/media?parent=55665"}],"curies":[{"name":"wp","href":"https:\/\/api.w.org\/{rel}","templated":true}]}}