{"id":55683,"date":"2023-07-17T21:26:12","date_gmt":"2023-07-17T19:26:12","guid":{"rendered":"https:\/\/www.lichen.pl\/?page_id=55683"},"modified":"2023-07-17T21:26:55","modified_gmt":"2023-07-17T19:26:55","slug":"listopad-2021","status":"publish","type":"page","link":"https:\/\/www.lichen.pl\/de\/galeria-2021\/listopad-2021\/","title":{"rendered":"November 2021"},"content":{"rendered":"<div data-elementor-type=\"wp-page\" data-elementor-id=\"55683\" class=\"elementor elementor-55683\" data-elementor-post-type=\"page\">\n\t\t\t\t\t\t<section class=\"elementor-section elementor-top-section elementor-element elementor-element-be30927 elementor-section-boxed elementor-section-height-default elementor-section-height-default\" data-id=\"be30927\" data-element_type=\"section\" data-e-type=\"section\">\n\t\t\t\t\t\t<div class=\"elementor-container elementor-column-gap-default\">\n\t\t\t\t\t<div class=\"elementor-column elementor-col-100 elementor-top-column elementor-element elementor-element-8560ea1\" data-id=\"8560ea1\" data-element_type=\"column\" data-e-type=\"column\">\n\t\t\t<div class=\"elementor-widget-wrap elementor-element-populated\">\n\t\t\t\t\t\t<div class=\"elementor-element elementor-element-319ae0c elementor-gallery--filter-align-center elementor-widget elementor-widget-gallery\" data-id=\"319ae0c\" data-element_type=\"widget\" data-e-type=\"widget\" data-settings=\"{&quot;image_hover_animation&quot;:&quot;grow&quot;,&quot;columns&quot;:8,&quot;gap&quot;:{&quot;unit&quot;:&quot;px&quot;,&quot;size&quot;:4,&quot;sizes&quot;:[]},&quot;lazyload&quot;:&quot;yes&quot;,&quot;gallery_layout&quot;:&quot;grid&quot;,&quot;columns_tablet&quot;:2,&quot;columns_mobile&quot;:1,&quot;gap_tablet&quot;:{&quot;unit&quot;:&quot;px&quot;,&quot;size&quot;:10,&quot;sizes&quot;:[]},&quot;gap_mobile&quot;:{&quot;unit&quot;:&quot;px&quot;,&quot;size&quot;:10,&quot;sizes&quot;:[]},&quot;link_to&quot;:&quot;file&quot;,&quot;aspect_ratio&quot;:&quot;3:2&quot;,&quot;overlay_background&quot;:&quot;yes&quot;,&quot;content_hover_animation&quot;:&quot;fade-in&quot;}\" data-widget_type=\"gallery.default\">\n\t\t\t\t<div class=\"elementor-widget-container\">\n\t\t\t\t\t\t\t\t<div class=\"elementor-gallery__titles-container e--pointer-background e--animation-shutter-out-horizontal\" aria-label=\"Filtre de galerie\">\n\t\t\t\t\n\t\t\t\t\t\t\t\t\t<a class=\"elementor-item elementor-gallery-title\" role=\"button\" tabindex=\"0\" data-gallery-index=\"0\">\n\t\t\t\t\t\tXII Nationale Konferenz &quot;Land ist Gesundheit, Erde ist ein Schatz&quot;, 27. November 2021.\t\t\t\t\t<\/a>\n\t\t\t\t\t\t\t\t\t\t<a class=\"elementor-item elementor-gallery-title\" role=\"button\" tabindex=\"0\" data-gallery-index=\"1\">\n\t\t\t\t\t\tTrauergottesdienst der Verstorbenen NS. Janusz Bialuch, MIC, 24. November 2021\t\t\t\t\t<\/a>\n\t\t\t\t\t\t\t\t\t\t<a class=\"elementor-item elementor-gallery-title\" role=\"button\" tabindex=\"0\" data-gallery-index=\"2\">\n\t\t\t\t\t\tHochfest Jesu Christi, K\u00f6nig des Universums, 21. November 2021\t\t\t\t\t<\/a>\n\t\t\t\t\t\t\t\t\t\t<a class=\"elementor-item elementor-gallery-title\" role=\"button\" tabindex=\"0\" data-gallery-index=\"3\">\n\t\t\t\t\t\t72. Nationalversammlung der Pastoren des liturgischen Dienstes, 6. November 2021\t\t\t\t\t<\/a>\n\t\t\t\t\t\t\t\t<\/div>\n\t\t\t\t\t<div class=\"elementor-gallery__container\">\n\t\t\t\t\t\t\t<a class=\"e-gallery-item elementor-gallery-item elementor-animated-content\" data-e-gallery-tags=\"0\" href=\"https:\/\/www.lichen.pl\/wp-content\/uploads\/2021\/12\/XII-OGOLNOPOLSKA-KONFERENCJA-GRUNT-TO-ZDROWIE-ZIEMIA-TO-SKARB-Lichen-26-27-listopad-2021-34.jpg\" data-elementor-open-lightbox=\"yes\" data-elementor-lightbox-slideshow=\"319ae0c\" data-elementor-lightbox-title=\"XII OG\u00d3LNOPOLSKA KONFERENCJA GRUNT TO ZDROWIE, ZIEMIA TO SKARB, Liche\u0144 26-27 listopad 2021 34\" data-e-action-hash=\"#elementor-action%3Aaction%3Dlightbox%26settings%3DeyJpZCI6MzQzNTAsInVybCI6Imh0dHBzOlwvXC93d3cubGljaGVuLnBsXC93cC1jb250ZW50XC91cGxvYWRzXC8yMDIxXC8xMlwvWElJLU9HT0xOT1BPTFNLQS1LT05GRVJFTkNKQS1HUlVOVC1UTy1aRFJPV0lFLVpJRU1JQS1UTy1TS0FSQi1MaWNoZW4tMjYtMjctbGlzdG9wYWQtMjAyMS0zNC5qcGciLCJzbGlkZXNob3ciOiIzMTlhZTBjIn0%3D\">\n\t\t\t\t\t<div class=\"e-gallery-image elementor-gallery-item__image\" data-thumbnail=\"https:\/\/www.lichen.pl\/wp-content\/uploads\/2021\/12\/XII-OGOLNOPOLSKA-KONFERENCJA-GRUNT-TO-ZDROWIE-ZIEMIA-TO-SKARB-Lichen-26-27-listopad-2021-34-150x150.jpg\" data-width=\"150\" data-height=\"150\" aria-label=\"\" role=\"img\" ><\/div>\n\t\t\t\t\t\t\t\t\t\t\t<div class=\"elementor-gallery-item__overlay\"><\/div>\n\t\t\t\t\t\t\t\t\t\t\t\t\t\t<\/a>\n\t\t\t\t\t\t\t<a class=\"e-gallery-item elementor-gallery-item elementor-animated-content\" data-e-gallery-tags=\"0\" href=\"https:\/\/www.lichen.pl\/wp-content\/uploads\/2021\/12\/XII-OGOLNOPOLSKA-KONFERENCJA-GRUNT-TO-ZDROWIE-ZIEMIA-TO-SKARB-Lichen-26-27-listopad-2021-33.jpg\" data-elementor-open-lightbox=\"yes\" data-elementor-lightbox-slideshow=\"319ae0c\" data-elementor-lightbox-title=\"XII OG\u00d3LNOPOLSKA KONFERENCJA GRUNT TO ZDROWIE, ZIEMIA TO SKARB, Liche\u0144 26-27 listopad 2021 33\" data-e-action-hash=\"#elementor-action%3Aaction%3Dlightbox%26settings%3DeyJpZCI6MzQzNDksInVybCI6Imh0dHBzOlwvXC93d3cubGljaGVuLnBsXC93cC1jb250ZW50XC91cGxvYWRzXC8yMDIxXC8xMlwvWElJLU9HT0xOT1BPTFNLQS1LT05GRVJFTkNKQS1HUlVOVC1UTy1aRFJPV0lFLVpJRU1JQS1UTy1TS0FSQi1MaWNoZW4tMjYtMjctbGlzdG9wYWQtMjAyMS0zMy5qcGciLCJzbGlkZXNob3ciOiIzMTlhZTBjIn0%3D\">\n\t\t\t\t\t<div class=\"e-gallery-image elementor-gallery-item__image\" data-thumbnail=\"https:\/\/www.lichen.pl\/wp-content\/uploads\/2021\/12\/XII-OGOLNOPOLSKA-KONFERENCJA-GRUNT-TO-ZDROWIE-ZIEMIA-TO-SKARB-Lichen-26-27-listopad-2021-33-150x150.jpg\" data-width=\"150\" data-height=\"150\" aria-label=\"\" role=\"img\" ><\/div>\n\t\t\t\t\t\t\t\t\t\t\t<div class=\"elementor-gallery-item__overlay\"><\/div>\n\t\t\t\t\t\t\t\t\t\t\t\t\t\t<\/a>\n\t\t\t\t\t\t\t<a class=\"e-gallery-item elementor-gallery-item elementor-animated-content\" data-e-gallery-tags=\"0\" href=\"https:\/\/www.lichen.pl\/wp-content\/uploads\/2021\/12\/XII-OGOLNOPOLSKA-KONFERENCJA-GRUNT-TO-ZDROWIE-ZIEMIA-TO-SKARB-Lichen-26-27-listopad-2021-32.jpg\" data-elementor-open-lightbox=\"yes\" data-elementor-lightbox-slideshow=\"319ae0c\" data-elementor-lightbox-title=\"XII OG\u00d3LNOPOLSKA KONFERENCJA GRUNT TO ZDROWIE, ZIEMIA TO SKARB, Liche\u0144 26-27 listopad 2021 32\" data-e-action-hash=\"#elementor-action%3Aaction%3Dlightbox%26settings%3DeyJpZCI6MzQzNDgsInVybCI6Imh0dHBzOlwvXC93d3cubGljaGVuLnBsXC93cC1jb250ZW50XC91cGxvYWRzXC8yMDIxXC8xMlwvWElJLU9HT0xOT1BPTFNLQS1LT05GRVJFTkNKQS1HUlVOVC1UTy1aRFJPV0lFLVpJRU1JQS1UTy1TS0FSQi1MaWNoZW4tMjYtMjctbGlzdG9wYWQtMjAyMS0zMi5qcGciLCJzbGlkZXNob3ciOiIzMTlhZTBjIn0%3D\">\n\t\t\t\t\t<div class=\"e-gallery-image elementor-gallery-item__image\" data-thumbnail=\"https:\/\/www.lichen.pl\/wp-content\/uploads\/2021\/12\/XII-OGOLNOPOLSKA-KONFERENCJA-GRUNT-TO-ZDROWIE-ZIEMIA-TO-SKARB-Lichen-26-27-listopad-2021-32-150x150.jpg\" data-width=\"150\" data-height=\"150\" aria-label=\"\" role=\"img\" ><\/div>\n\t\t\t\t\t\t\t\t\t\t\t<div class=\"elementor-gallery-item__overlay\"><\/div>\n\t\t\t\t\t\t\t\t\t\t\t\t\t\t<\/a>\n\t\t\t\t\t\t\t<a class=\"e-gallery-item elementor-gallery-item elementor-animated-content\" data-e-gallery-tags=\"0\" href=\"https:\/\/www.lichen.pl\/wp-content\/uploads\/2021\/12\/XII-OGOLNOPOLSKA-KONFERENCJA-GRUNT-TO-ZDROWIE-ZIEMIA-TO-SKARB-Lichen-26-27-listopad-2021-31.jpg\" data-elementor-open-lightbox=\"yes\" data-elementor-lightbox-slideshow=\"319ae0c\" data-elementor-lightbox-title=\"XII OG\u00d3LNOPOLSKA KONFERENCJA GRUNT TO ZDROWIE, ZIEMIA TO SKARB, Liche\u0144 26-27 listopad 2021 31\" data-e-action-hash=\"#elementor-action%3Aaction%3Dlightbox%26settings%3DeyJpZCI6MzQzNDcsInVybCI6Imh0dHBzOlwvXC93d3cubGljaGVuLnBsXC93cC1jb250ZW50XC91cGxvYWRzXC8yMDIxXC8xMlwvWElJLU9HT0xOT1BPTFNLQS1LT05GRVJFTkNKQS1HUlVOVC1UTy1aRFJPV0lFLVpJRU1JQS1UTy1TS0FSQi1MaWNoZW4tMjYtMjctbGlzdG9wYWQtMjAyMS0zMS5qcGciLCJzbGlkZXNob3ciOiIzMTlhZTBjIn0%3D\">\n\t\t\t\t\t<div class=\"e-gallery-image elementor-gallery-item__image\" data-thumbnail=\"https:\/\/www.lichen.pl\/wp-content\/uploads\/2021\/12\/XII-OGOLNOPOLSKA-KONFERENCJA-GRUNT-TO-ZDROWIE-ZIEMIA-TO-SKARB-Lichen-26-27-listopad-2021-31-150x150.jpg\" data-width=\"150\" data-height=\"150\" aria-label=\"\" role=\"img\" ><\/div>\n\t\t\t\t\t\t\t\t\t\t\t<div class=\"elementor-gallery-item__overlay\"><\/div>\n\t\t\t\t\t\t\t\t\t\t\t\t\t\t<\/a>\n\t\t\t\t\t\t\t<a class=\"e-gallery-item elementor-gallery-item elementor-animated-content\" data-e-gallery-tags=\"0\" href=\"https:\/\/www.lichen.pl\/wp-content\/uploads\/2021\/12\/XII-OGOLNOPOLSKA-KONFERENCJA-GRUNT-TO-ZDROWIE-ZIEMIA-TO-SKARB-Lichen-26-27-listopad-2021-30.jpg\" data-elementor-open-lightbox=\"yes\" data-elementor-lightbox-slideshow=\"319ae0c\" data-elementor-lightbox-title=\"XII OG\u00d3LNOPOLSKA KONFERENCJA GRUNT TO ZDROWIE, ZIEMIA TO SKARB, Liche\u0144 26-27 listopad 2021 30\" data-e-action-hash=\"#elementor-action%3Aaction%3Dlightbox%26settings%3DeyJpZCI6MzQzNDYsInVybCI6Imh0dHBzOlwvXC93d3cubGljaGVuLnBsXC93cC1jb250ZW50XC91cGxvYWRzXC8yMDIxXC8xMlwvWElJLU9HT0xOT1BPTFNLQS1LT05GRVJFTkNKQS1HUlVOVC1UTy1aRFJPV0lFLVpJRU1JQS1UTy1TS0FSQi1MaWNoZW4tMjYtMjctbGlzdG9wYWQtMjAyMS0zMC5qcGciLCJzbGlkZXNob3ciOiIzMTlhZTBjIn0%3D\">\n\t\t\t\t\t<div class=\"e-gallery-image elementor-gallery-item__image\" data-thumbnail=\"https:\/\/www.lichen.pl\/wp-content\/uploads\/2021\/12\/XII-OGOLNOPOLSKA-KONFERENCJA-GRUNT-TO-ZDROWIE-ZIEMIA-TO-SKARB-Lichen-26-27-listopad-2021-30-150x150.jpg\" data-width=\"150\" data-height=\"150\" aria-label=\"\" role=\"img\" ><\/div>\n\t\t\t\t\t\t\t\t\t\t\t<div class=\"elementor-gallery-item__overlay\"><\/div>\n\t\t\t\t\t\t\t\t\t\t\t\t\t\t<\/a>\n\t\t\t\t\t\t\t<a class=\"e-gallery-item elementor-gallery-item elementor-animated-content\" data-e-gallery-tags=\"0\" href=\"https:\/\/www.lichen.pl\/wp-content\/uploads\/2021\/12\/XII-OGOLNOPOLSKA-KONFERENCJA-GRUNT-TO-ZDROWIE-ZIEMIA-TO-SKARB-Lichen-26-27-listopad-2021-29.jpg\" data-elementor-open-lightbox=\"yes\" data-elementor-lightbox-slideshow=\"319ae0c\" data-elementor-lightbox-title=\"XII OG\u00d3LNOPOLSKA KONFERENCJA GRUNT TO ZDROWIE, ZIEMIA TO SKARB, Liche\u0144 26-27 listopad 2021 29\" data-e-action-hash=\"#elementor-action%3Aaction%3Dlightbox%26settings%3DeyJpZCI6MzQzNDUsInVybCI6Imh0dHBzOlwvXC93d3cubGljaGVuLnBsXC93cC1jb250ZW50XC91cGxvYWRzXC8yMDIxXC8xMlwvWElJLU9HT0xOT1BPTFNLQS1LT05GRVJFTkNKQS1HUlVOVC1UTy1aRFJPV0lFLVpJRU1JQS1UTy1TS0FSQi1MaWNoZW4tMjYtMjctbGlzdG9wYWQtMjAyMS0yOS5qcGciLCJzbGlkZXNob3ciOiIzMTlhZTBjIn0%3D\">\n\t\t\t\t\t<div class=\"e-gallery-image elementor-gallery-item__image\" data-thumbnail=\"https:\/\/www.lichen.pl\/wp-content\/uploads\/2021\/12\/XII-OGOLNOPOLSKA-KONFERENCJA-GRUNT-TO-ZDROWIE-ZIEMIA-TO-SKARB-Lichen-26-27-listopad-2021-29-150x150.jpg\" data-width=\"150\" data-height=\"150\" aria-label=\"\" role=\"img\" ><\/div>\n\t\t\t\t\t\t\t\t\t\t\t<div class=\"elementor-gallery-item__overlay\"><\/div>\n\t\t\t\t\t\t\t\t\t\t\t\t\t\t<\/a>\n\t\t\t\t\t\t\t<a class=\"e-gallery-item elementor-gallery-item elementor-animated-content\" data-e-gallery-tags=\"0\" href=\"https:\/\/www.lichen.pl\/wp-content\/uploads\/2021\/12\/XII-OGOLNOPOLSKA-KONFERENCJA-GRUNT-TO-ZDROWIE-ZIEMIA-TO-SKARB-Lichen-26-27-listopad-2021-28.jpg\" data-elementor-open-lightbox=\"yes\" data-elementor-lightbox-slideshow=\"319ae0c\" data-elementor-lightbox-title=\"XII OG\u00d3LNOPOLSKA KONFERENCJA GRUNT TO ZDROWIE, ZIEMIA TO SKARB, Liche\u0144 26-27 listopad 2021 28\" data-e-action-hash=\"#elementor-action%3Aaction%3Dlightbox%26settings%3DeyJpZCI6MzQzNDQsInVybCI6Imh0dHBzOlwvXC93d3cubGljaGVuLnBsXC93cC1jb250ZW50XC91cGxvYWRzXC8yMDIxXC8xMlwvWElJLU9HT0xOT1BPTFNLQS1LT05GRVJFTkNKQS1HUlVOVC1UTy1aRFJPV0lFLVpJRU1JQS1UTy1TS0FSQi1MaWNoZW4tMjYtMjctbGlzdG9wYWQtMjAyMS0yOC5qcGciLCJzbGlkZXNob3ciOiIzMTlhZTBjIn0%3D\">\n\t\t\t\t\t<div class=\"e-gallery-image elementor-gallery-item__image\" data-thumbnail=\"https:\/\/www.lichen.pl\/wp-content\/uploads\/2021\/12\/XII-OGOLNOPOLSKA-KONFERENCJA-GRUNT-TO-ZDROWIE-ZIEMIA-TO-SKARB-Lichen-26-27-listopad-2021-28-150x150.jpg\" data-width=\"150\" data-height=\"150\" aria-label=\"\" role=\"img\" ><\/div>\n\t\t\t\t\t\t\t\t\t\t\t<div class=\"elementor-gallery-item__overlay\"><\/div>\n\t\t\t\t\t\t\t\t\t\t\t\t\t\t<\/a>\n\t\t\t\t\t\t\t<a class=\"e-gallery-item elementor-gallery-item elementor-animated-content\" data-e-gallery-tags=\"0\" href=\"https:\/\/www.lichen.pl\/wp-content\/uploads\/2021\/12\/XII-OGOLNOPOLSKA-KONFERENCJA-GRUNT-TO-ZDROWIE-ZIEMIA-TO-SKARB-Lichen-26-27-listopad-2021-27.jpg\" data-elementor-open-lightbox=\"yes\" data-elementor-lightbox-slideshow=\"319ae0c\" data-elementor-lightbox-title=\"XII OG\u00d3LNOPOLSKA KONFERENCJA GRUNT TO ZDROWIE, ZIEMIA TO SKARB, Liche\u0144 26-27 listopad 2021 27\" data-e-action-hash=\"#elementor-action%3Aaction%3Dlightbox%26settings%3DeyJpZCI6MzQzNDMsInVybCI6Imh0dHBzOlwvXC93d3cubGljaGVuLnBsXC93cC1jb250ZW50XC91cGxvYWRzXC8yMDIxXC8xMlwvWElJLU9HT0xOT1BPTFNLQS1LT05GRVJFTkNKQS1HUlVOVC1UTy1aRFJPV0lFLVpJRU1JQS1UTy1TS0FSQi1MaWNoZW4tMjYtMjctbGlzdG9wYWQtMjAyMS0yNy5qcGciLCJzbGlkZXNob3ciOiIzMTlhZTBjIn0%3D\">\n\t\t\t\t\t<div class=\"e-gallery-image elementor-gallery-item__image\" data-thumbnail=\"https:\/\/www.lichen.pl\/wp-content\/uploads\/2021\/12\/XII-OGOLNOPOLSKA-KONFERENCJA-GRUNT-TO-ZDROWIE-ZIEMIA-TO-SKARB-Lichen-26-27-listopad-2021-27-150x150.jpg\" data-width=\"150\" data-height=\"150\" aria-label=\"\" role=\"img\" ><\/div>\n\t\t\t\t\t\t\t\t\t\t\t<div class=\"elementor-gallery-item__overlay\"><\/div>\n\t\t\t\t\t\t\t\t\t\t\t\t\t\t<\/a>\n\t\t\t\t\t\t\t<a class=\"e-gallery-item elementor-gallery-item elementor-animated-content\" data-e-gallery-tags=\"0\" href=\"https:\/\/www.lichen.pl\/wp-content\/uploads\/2021\/12\/XII-OGOLNOPOLSKA-KONFERENCJA-GRUNT-TO-ZDROWIE-ZIEMIA-TO-SKARB-Lichen-26-27-listopad-2021-26.jpg\" data-elementor-open-lightbox=\"yes\" data-elementor-lightbox-slideshow=\"319ae0c\" data-elementor-lightbox-title=\"XII OG\u00d3LNOPOLSKA KONFERENCJA GRUNT TO ZDROWIE, ZIEMIA TO SKARB, Liche\u0144 26-27 listopad 2021 26\" data-e-action-hash=\"#elementor-action%3Aaction%3Dlightbox%26settings%3DeyJpZCI6MzQzNDIsInVybCI6Imh0dHBzOlwvXC93d3cubGljaGVuLnBsXC93cC1jb250ZW50XC91cGxvYWRzXC8yMDIxXC8xMlwvWElJLU9HT0xOT1BPTFNLQS1LT05GRVJFTkNKQS1HUlVOVC1UTy1aRFJPV0lFLVpJRU1JQS1UTy1TS0FSQi1MaWNoZW4tMjYtMjctbGlzdG9wYWQtMjAyMS0yNi5qcGciLCJzbGlkZXNob3ciOiIzMTlhZTBjIn0%3D\">\n\t\t\t\t\t<div class=\"e-gallery-image elementor-gallery-item__image\" data-thumbnail=\"https:\/\/www.lichen.pl\/wp-content\/uploads\/2021\/12\/XII-OGOLNOPOLSKA-KONFERENCJA-GRUNT-TO-ZDROWIE-ZIEMIA-TO-SKARB-Lichen-26-27-listopad-2021-26-150x150.jpg\" data-width=\"150\" data-height=\"150\" aria-label=\"\" role=\"img\" ><\/div>\n\t\t\t\t\t\t\t\t\t\t\t<div class=\"elementor-gallery-item__overlay\"><\/div>\n\t\t\t\t\t\t\t\t\t\t\t\t\t\t<\/a>\n\t\t\t\t\t\t\t<a class=\"e-gallery-item elementor-gallery-item elementor-animated-content\" data-e-gallery-tags=\"0\" href=\"https:\/\/www.lichen.pl\/wp-content\/uploads\/2021\/12\/XII-OGOLNOPOLSKA-KONFERENCJA-GRUNT-TO-ZDROWIE-ZIEMIA-TO-SKARB-Lichen-26-27-listopad-2021-25.jpg\" data-elementor-open-lightbox=\"yes\" data-elementor-lightbox-slideshow=\"319ae0c\" data-elementor-lightbox-title=\"XII OG\u00d3LNOPOLSKA KONFERENCJA GRUNT TO ZDROWIE, ZIEMIA TO SKARB, Liche\u0144 26-27 listopad 2021 25\" data-e-action-hash=\"#elementor-action%3Aaction%3Dlightbox%26settings%3DeyJpZCI6MzQzNDEsInVybCI6Imh0dHBzOlwvXC93d3cubGljaGVuLnBsXC93cC1jb250ZW50XC91cGxvYWRzXC8yMDIxXC8xMlwvWElJLU9HT0xOT1BPTFNLQS1LT05GRVJFTkNKQS1HUlVOVC1UTy1aRFJPV0lFLVpJRU1JQS1UTy1TS0FSQi1MaWNoZW4tMjYtMjctbGlzdG9wYWQtMjAyMS0yNS5qcGciLCJzbGlkZXNob3ciOiIzMTlhZTBjIn0%3D\">\n\t\t\t\t\t<div class=\"e-gallery-image elementor-gallery-item__image\" data-thumbnail=\"https:\/\/www.lichen.pl\/wp-content\/uploads\/2021\/12\/XII-OGOLNOPOLSKA-KONFERENCJA-GRUNT-TO-ZDROWIE-ZIEMIA-TO-SKARB-Lichen-26-27-listopad-2021-25-150x150.jpg\" data-width=\"150\" data-height=\"150\" aria-label=\"\" role=\"img\" ><\/div>\n\t\t\t\t\t\t\t\t\t\t\t<div class=\"elementor-gallery-item__overlay\"><\/div>\n\t\t\t\t\t\t\t\t\t\t\t\t\t\t<\/a>\n\t\t\t\t\t\t\t<a class=\"e-gallery-item elementor-gallery-item elementor-animated-content\" data-e-gallery-tags=\"0\" href=\"https:\/\/www.lichen.pl\/wp-content\/uploads\/2021\/12\/XII-OGOLNOPOLSKA-KONFERENCJA-GRUNT-TO-ZDROWIE-ZIEMIA-TO-SKARB-Lichen-26-27-listopad-2021-24.jpg\" data-elementor-open-lightbox=\"yes\" data-elementor-lightbox-slideshow=\"319ae0c\" data-elementor-lightbox-title=\"XII OG\u00d3LNOPOLSKA KONFERENCJA GRUNT TO ZDROWIE, ZIEMIA TO SKARB, Liche\u0144 26-27 listopad 2021 24\" data-e-action-hash=\"#elementor-action%3Aaction%3Dlightbox%26settings%3DeyJpZCI6MzQzNDAsInVybCI6Imh0dHBzOlwvXC93d3cubGljaGVuLnBsXC93cC1jb250ZW50XC91cGxvYWRzXC8yMDIxXC8xMlwvWElJLU9HT0xOT1BPTFNLQS1LT05GRVJFTkNKQS1HUlVOVC1UTy1aRFJPV0lFLVpJRU1JQS1UTy1TS0FSQi1MaWNoZW4tMjYtMjctbGlzdG9wYWQtMjAyMS0yNC5qcGciLCJzbGlkZXNob3ciOiIzMTlhZTBjIn0%3D\">\n\t\t\t\t\t<div class=\"e-gallery-image elementor-gallery-item__image\" data-thumbnail=\"https:\/\/www.lichen.pl\/wp-content\/uploads\/2021\/12\/XII-OGOLNOPOLSKA-KONFERENCJA-GRUNT-TO-ZDROWIE-ZIEMIA-TO-SKARB-Lichen-26-27-listopad-2021-24-150x150.jpg\" data-width=\"150\" data-height=\"150\" aria-label=\"\" role=\"img\" ><\/div>\n\t\t\t\t\t\t\t\t\t\t\t<div class=\"elementor-gallery-item__overlay\"><\/div>\n\t\t\t\t\t\t\t\t\t\t\t\t\t\t<\/a>\n\t\t\t\t\t\t\t<a class=\"e-gallery-item elementor-gallery-item elementor-animated-content\" data-e-gallery-tags=\"0\" href=\"https:\/\/www.lichen.pl\/wp-content\/uploads\/2021\/12\/XII-OGOLNOPOLSKA-KONFERENCJA-GRUNT-TO-ZDROWIE-ZIEMIA-TO-SKARB-Lichen-26-27-listopad-2021-23.jpg\" data-elementor-open-lightbox=\"yes\" data-elementor-lightbox-slideshow=\"319ae0c\" data-elementor-lightbox-title=\"XII OG\u00d3LNOPOLSKA KONFERENCJA GRUNT TO ZDROWIE, ZIEMIA TO SKARB, Liche\u0144 26-27 listopad 2021 23\" data-e-action-hash=\"#elementor-action%3Aaction%3Dlightbox%26settings%3DeyJpZCI6MzQzMzksInVybCI6Imh0dHBzOlwvXC93d3cubGljaGVuLnBsXC93cC1jb250ZW50XC91cGxvYWRzXC8yMDIxXC8xMlwvWElJLU9HT0xOT1BPTFNLQS1LT05GRVJFTkNKQS1HUlVOVC1UTy1aRFJPV0lFLVpJRU1JQS1UTy1TS0FSQi1MaWNoZW4tMjYtMjctbGlzdG9wYWQtMjAyMS0yMy5qcGciLCJzbGlkZXNob3ciOiIzMTlhZTBjIn0%3D\">\n\t\t\t\t\t<div class=\"e-gallery-image elementor-gallery-item__image\" data-thumbnail=\"https:\/\/www.lichen.pl\/wp-content\/uploads\/2021\/12\/XII-OGOLNOPOLSKA-KONFERENCJA-GRUNT-TO-ZDROWIE-ZIEMIA-TO-SKARB-Lichen-26-27-listopad-2021-23-150x150.jpg\" data-width=\"150\" data-height=\"150\" aria-label=\"\" role=\"img\" ><\/div>\n\t\t\t\t\t\t\t\t\t\t\t<div class=\"elementor-gallery-item__overlay\"><\/div>\n\t\t\t\t\t\t\t\t\t\t\t\t\t\t<\/a>\n\t\t\t\t\t\t\t<a class=\"e-gallery-item elementor-gallery-item elementor-animated-content\" data-e-gallery-tags=\"0\" href=\"https:\/\/www.lichen.pl\/wp-content\/uploads\/2021\/12\/XII-OGOLNOPOLSKA-KONFERENCJA-GRUNT-TO-ZDROWIE-ZIEMIA-TO-SKARB-Lichen-26-27-listopad-2021-22.jpg\" data-elementor-open-lightbox=\"yes\" data-elementor-lightbox-slideshow=\"319ae0c\" data-elementor-lightbox-title=\"XII OG\u00d3LNOPOLSKA KONFERENCJA GRUNT TO ZDROWIE, ZIEMIA TO SKARB, Liche\u0144 26-27 listopad 2021 22\" data-e-action-hash=\"#elementor-action%3Aaction%3Dlightbox%26settings%3DeyJpZCI6MzQzMzgsInVybCI6Imh0dHBzOlwvXC93d3cubGljaGVuLnBsXC93cC1jb250ZW50XC91cGxvYWRzXC8yMDIxXC8xMlwvWElJLU9HT0xOT1BPTFNLQS1LT05GRVJFTkNKQS1HUlVOVC1UTy1aRFJPV0lFLVpJRU1JQS1UTy1TS0FSQi1MaWNoZW4tMjYtMjctbGlzdG9wYWQtMjAyMS0yMi5qcGciLCJzbGlkZXNob3ciOiIzMTlhZTBjIn0%3D\">\n\t\t\t\t\t<div class=\"e-gallery-image elementor-gallery-item__image\" data-thumbnail=\"https:\/\/www.lichen.pl\/wp-content\/uploads\/2021\/12\/XII-OGOLNOPOLSKA-KONFERENCJA-GRUNT-TO-ZDROWIE-ZIEMIA-TO-SKARB-Lichen-26-27-listopad-2021-22-150x150.jpg\" data-width=\"150\" data-height=\"150\" aria-label=\"\" role=\"img\" ><\/div>\n\t\t\t\t\t\t\t\t\t\t\t<div class=\"elementor-gallery-item__overlay\"><\/div>\n\t\t\t\t\t\t\t\t\t\t\t\t\t\t<\/a>\n\t\t\t\t\t\t\t<a class=\"e-gallery-item elementor-gallery-item elementor-animated-content\" data-e-gallery-tags=\"0\" href=\"https:\/\/www.lichen.pl\/wp-content\/uploads\/2021\/12\/XII-OGOLNOPOLSKA-KONFERENCJA-GRUNT-TO-ZDROWIE-ZIEMIA-TO-SKARB-Lichen-26-27-listopad-2021-21.jpg\" data-elementor-open-lightbox=\"yes\" data-elementor-lightbox-slideshow=\"319ae0c\" data-elementor-lightbox-title=\"XII OG\u00d3LNOPOLSKA KONFERENCJA GRUNT TO ZDROWIE, ZIEMIA TO SKARB, Liche\u0144 26-27 listopad 2021 21\" data-e-action-hash=\"#elementor-action%3Aaction%3Dlightbox%26settings%3DeyJpZCI6MzQzMzcsInVybCI6Imh0dHBzOlwvXC93d3cubGljaGVuLnBsXC93cC1jb250ZW50XC91cGxvYWRzXC8yMDIxXC8xMlwvWElJLU9HT0xOT1BPTFNLQS1LT05GRVJFTkNKQS1HUlVOVC1UTy1aRFJPV0lFLVpJRU1JQS1UTy1TS0FSQi1MaWNoZW4tMjYtMjctbGlzdG9wYWQtMjAyMS0yMS5qcGciLCJzbGlkZXNob3ciOiIzMTlhZTBjIn0%3D\">\n\t\t\t\t\t<div class=\"e-gallery-image elementor-gallery-item__image\" data-thumbnail=\"https:\/\/www.lichen.pl\/wp-content\/uploads\/2021\/12\/XII-OGOLNOPOLSKA-KONFERENCJA-GRUNT-TO-ZDROWIE-ZIEMIA-TO-SKARB-Lichen-26-27-listopad-2021-21-150x150.jpg\" data-width=\"150\" data-height=\"150\" aria-label=\"\" role=\"img\" ><\/div>\n\t\t\t\t\t\t\t\t\t\t\t<div class=\"elementor-gallery-item__overlay\"><\/div>\n\t\t\t\t\t\t\t\t\t\t\t\t\t\t<\/a>\n\t\t\t\t\t\t\t<a class=\"e-gallery-item elementor-gallery-item elementor-animated-content\" data-e-gallery-tags=\"0\" href=\"https:\/\/www.lichen.pl\/wp-content\/uploads\/2021\/12\/XII-OGOLNOPOLSKA-KONFERENCJA-GRUNT-TO-ZDROWIE-ZIEMIA-TO-SKARB-Lichen-26-27-listopad-2021-20.jpg\" data-elementor-open-lightbox=\"yes\" data-elementor-lightbox-slideshow=\"319ae0c\" data-elementor-lightbox-title=\"XII OG\u00d3LNOPOLSKA KONFERENCJA GRUNT TO ZDROWIE, ZIEMIA TO SKARB, Liche\u0144 26-27 listopad 2021 20\" data-e-action-hash=\"#elementor-action%3Aaction%3Dlightbox%26settings%3DeyJpZCI6MzQzMzYsInVybCI6Imh0dHBzOlwvXC93d3cubGljaGVuLnBsXC93cC1jb250ZW50XC91cGxvYWRzXC8yMDIxXC8xMlwvWElJLU9HT0xOT1BPTFNLQS1LT05GRVJFTkNKQS1HUlVOVC1UTy1aRFJPV0lFLVpJRU1JQS1UTy1TS0FSQi1MaWNoZW4tMjYtMjctbGlzdG9wYWQtMjAyMS0yMC5qcGciLCJzbGlkZXNob3ciOiIzMTlhZTBjIn0%3D\">\n\t\t\t\t\t<div class=\"e-gallery-image elementor-gallery-item__image\" data-thumbnail=\"https:\/\/www.lichen.pl\/wp-content\/uploads\/2021\/12\/XII-OGOLNOPOLSKA-KONFERENCJA-GRUNT-TO-ZDROWIE-ZIEMIA-TO-SKARB-Lichen-26-27-listopad-2021-20-150x150.jpg\" data-width=\"150\" data-height=\"150\" aria-label=\"\" role=\"img\" ><\/div>\n\t\t\t\t\t\t\t\t\t\t\t<div class=\"elementor-gallery-item__overlay\"><\/div>\n\t\t\t\t\t\t\t\t\t\t\t\t\t\t<\/a>\n\t\t\t\t\t\t\t<a class=\"e-gallery-item elementor-gallery-item elementor-animated-content\" data-e-gallery-tags=\"0\" href=\"https:\/\/www.lichen.pl\/wp-content\/uploads\/2021\/12\/XII-OGOLNOPOLSKA-KONFERENCJA-GRUNT-TO-ZDROWIE-ZIEMIA-TO-SKARB-Lichen-26-27-listopad-2021-19.jpg\" data-elementor-open-lightbox=\"yes\" data-elementor-lightbox-slideshow=\"319ae0c\" data-elementor-lightbox-title=\"XII OG\u00d3LNOPOLSKA KONFERENCJA GRUNT TO ZDROWIE, ZIEMIA TO SKARB, Liche\u0144 26-27 listopad 2021 19\" data-e-action-hash=\"#elementor-action%3Aaction%3Dlightbox%26settings%3DeyJpZCI6MzQzMzUsInVybCI6Imh0dHBzOlwvXC93d3cubGljaGVuLnBsXC93cC1jb250ZW50XC91cGxvYWRzXC8yMDIxXC8xMlwvWElJLU9HT0xOT1BPTFNLQS1LT05GRVJFTkNKQS1HUlVOVC1UTy1aRFJPV0lFLVpJRU1JQS1UTy1TS0FSQi1MaWNoZW4tMjYtMjctbGlzdG9wYWQtMjAyMS0xOS5qcGciLCJzbGlkZXNob3ciOiIzMTlhZTBjIn0%3D\">\n\t\t\t\t\t<div class=\"e-gallery-image elementor-gallery-item__image\" data-thumbnail=\"https:\/\/www.lichen.pl\/wp-content\/uploads\/2021\/12\/XII-OGOLNOPOLSKA-KONFERENCJA-GRUNT-TO-ZDROWIE-ZIEMIA-TO-SKARB-Lichen-26-27-listopad-2021-19-150x150.jpg\" data-width=\"150\" data-height=\"150\" aria-label=\"\" role=\"img\" ><\/div>\n\t\t\t\t\t\t\t\t\t\t\t<div class=\"elementor-gallery-item__overlay\"><\/div>\n\t\t\t\t\t\t\t\t\t\t\t\t\t\t<\/a>\n\t\t\t\t\t\t\t<a class=\"e-gallery-item elementor-gallery-item elementor-animated-content\" data-e-gallery-tags=\"0\" href=\"https:\/\/www.lichen.pl\/wp-content\/uploads\/2021\/12\/XII-OGOLNOPOLSKA-KONFERENCJA-GRUNT-TO-ZDROWIE-ZIEMIA-TO-SKARB-Lichen-26-27-listopad-2021-18.jpg\" data-elementor-open-lightbox=\"yes\" data-elementor-lightbox-slideshow=\"319ae0c\" data-elementor-lightbox-title=\"XII OG\u00d3LNOPOLSKA KONFERENCJA GRUNT TO ZDROWIE, ZIEMIA TO SKARB, Liche\u0144 26-27 listopad 2021 18\" data-e-action-hash=\"#elementor-action%3Aaction%3Dlightbox%26settings%3DeyJpZCI6MzQzMzQsInVybCI6Imh0dHBzOlwvXC93d3cubGljaGVuLnBsXC93cC1jb250ZW50XC91cGxvYWRzXC8yMDIxXC8xMlwvWElJLU9HT0xOT1BPTFNLQS1LT05GRVJFTkNKQS1HUlVOVC1UTy1aRFJPV0lFLVpJRU1JQS1UTy1TS0FSQi1MaWNoZW4tMjYtMjctbGlzdG9wYWQtMjAyMS0xOC5qcGciLCJzbGlkZXNob3ciOiIzMTlhZTBjIn0%3D\">\n\t\t\t\t\t<div class=\"e-gallery-image elementor-gallery-item__image\" data-thumbnail=\"https:\/\/www.lichen.pl\/wp-content\/uploads\/2021\/12\/XII-OGOLNOPOLSKA-KONFERENCJA-GRUNT-TO-ZDROWIE-ZIEMIA-TO-SKARB-Lichen-26-27-listopad-2021-18-150x150.jpg\" data-width=\"150\" data-height=\"150\" aria-label=\"\" role=\"img\" ><\/div>\n\t\t\t\t\t\t\t\t\t\t\t<div class=\"elementor-gallery-item__overlay\"><\/div>\n\t\t\t\t\t\t\t\t\t\t\t\t\t\t<\/a>\n\t\t\t\t\t\t\t<a class=\"e-gallery-item elementor-gallery-item elementor-animated-content\" data-e-gallery-tags=\"0\" href=\"https:\/\/www.lichen.pl\/wp-content\/uploads\/2021\/12\/XII-OGOLNOPOLSKA-KONFERENCJA-GRUNT-TO-ZDROWIE-ZIEMIA-TO-SKARB-Lichen-26-27-listopad-2021-17.jpg\" data-elementor-open-lightbox=\"yes\" data-elementor-lightbox-slideshow=\"319ae0c\" data-elementor-lightbox-title=\"XII OG\u00d3LNOPOLSKA KONFERENCJA GRUNT TO ZDROWIE, ZIEMIA TO SKARB, Liche\u0144 26-27 listopad 2021 17\" data-e-action-hash=\"#elementor-action%3Aaction%3Dlightbox%26settings%3DeyJpZCI6MzQzMzMsInVybCI6Imh0dHBzOlwvXC93d3cubGljaGVuLnBsXC93cC1jb250ZW50XC91cGxvYWRzXC8yMDIxXC8xMlwvWElJLU9HT0xOT1BPTFNLQS1LT05GRVJFTkNKQS1HUlVOVC1UTy1aRFJPV0lFLVpJRU1JQS1UTy1TS0FSQi1MaWNoZW4tMjYtMjctbGlzdG9wYWQtMjAyMS0xNy5qcGciLCJzbGlkZXNob3ciOiIzMTlhZTBjIn0%3D\">\n\t\t\t\t\t<div class=\"e-gallery-image elementor-gallery-item__image\" data-thumbnail=\"https:\/\/www.lichen.pl\/wp-content\/uploads\/2021\/12\/XII-OGOLNOPOLSKA-KONFERENCJA-GRUNT-TO-ZDROWIE-ZIEMIA-TO-SKARB-Lichen-26-27-listopad-2021-17-150x150.jpg\" data-width=\"150\" data-height=\"150\" aria-label=\"\" role=\"img\" ><\/div>\n\t\t\t\t\t\t\t\t\t\t\t<div class=\"elementor-gallery-item__overlay\"><\/div>\n\t\t\t\t\t\t\t\t\t\t\t\t\t\t<\/a>\n\t\t\t\t\t\t\t<a class=\"e-gallery-item elementor-gallery-item elementor-animated-content\" data-e-gallery-tags=\"0\" href=\"https:\/\/www.lichen.pl\/wp-content\/uploads\/2021\/12\/XII-OGOLNOPOLSKA-KONFERENCJA-GRUNT-TO-ZDROWIE-ZIEMIA-TO-SKARB-Lichen-26-27-listopad-2021-16.jpg\" data-elementor-open-lightbox=\"yes\" data-elementor-lightbox-slideshow=\"319ae0c\" data-elementor-lightbox-title=\"XII OG\u00d3LNOPOLSKA KONFERENCJA GRUNT TO ZDROWIE, ZIEMIA TO SKARB, Liche\u0144 26-27 listopad 2021 16\" data-e-action-hash=\"#elementor-action%3Aaction%3Dlightbox%26settings%3DeyJpZCI6MzQzMzIsInVybCI6Imh0dHBzOlwvXC93d3cubGljaGVuLnBsXC93cC1jb250ZW50XC91cGxvYWRzXC8yMDIxXC8xMlwvWElJLU9HT0xOT1BPTFNLQS1LT05GRVJFTkNKQS1HUlVOVC1UTy1aRFJPV0lFLVpJRU1JQS1UTy1TS0FSQi1MaWNoZW4tMjYtMjctbGlzdG9wYWQtMjAyMS0xNi5qcGciLCJzbGlkZXNob3ciOiIzMTlhZTBjIn0%3D\">\n\t\t\t\t\t<div class=\"e-gallery-image elementor-gallery-item__image\" data-thumbnail=\"https:\/\/www.lichen.pl\/wp-content\/uploads\/2021\/12\/XII-OGOLNOPOLSKA-KONFERENCJA-GRUNT-TO-ZDROWIE-ZIEMIA-TO-SKARB-Lichen-26-27-listopad-2021-16-150x150.jpg\" data-width=\"150\" data-height=\"150\" aria-label=\"\" role=\"img\" ><\/div>\n\t\t\t\t\t\t\t\t\t\t\t<div class=\"elementor-gallery-item__overlay\"><\/div>\n\t\t\t\t\t\t\t\t\t\t\t\t\t\t<\/a>\n\t\t\t\t\t\t\t<a class=\"e-gallery-item elementor-gallery-item elementor-animated-content\" data-e-gallery-tags=\"0\" href=\"https:\/\/www.lichen.pl\/wp-content\/uploads\/2021\/12\/XII-OGOLNOPOLSKA-KONFERENCJA-GRUNT-TO-ZDROWIE-ZIEMIA-TO-SKARB-Lichen-26-27-listopad-2021-15.jpg\" data-elementor-open-lightbox=\"yes\" data-elementor-lightbox-slideshow=\"319ae0c\" data-elementor-lightbox-title=\"XII OG\u00d3LNOPOLSKA KONFERENCJA GRUNT TO ZDROWIE, ZIEMIA TO SKARB, Liche\u0144 26-27 listopad 2021 15\" data-e-action-hash=\"#elementor-action%3Aaction%3Dlightbox%26settings%3DeyJpZCI6MzQzMzEsInVybCI6Imh0dHBzOlwvXC93d3cubGljaGVuLnBsXC93cC1jb250ZW50XC91cGxvYWRzXC8yMDIxXC8xMlwvWElJLU9HT0xOT1BPTFNLQS1LT05GRVJFTkNKQS1HUlVOVC1UTy1aRFJPV0lFLVpJRU1JQS1UTy1TS0FSQi1MaWNoZW4tMjYtMjctbGlzdG9wYWQtMjAyMS0xNS5qcGciLCJzbGlkZXNob3ciOiIzMTlhZTBjIn0%3D\">\n\t\t\t\t\t<div class=\"e-gallery-image elementor-gallery-item__image\" data-thumbnail=\"https:\/\/www.lichen.pl\/wp-content\/uploads\/2021\/12\/XII-OGOLNOPOLSKA-KONFERENCJA-GRUNT-TO-ZDROWIE-ZIEMIA-TO-SKARB-Lichen-26-27-listopad-2021-15-150x150.jpg\" data-width=\"150\" data-height=\"150\" aria-label=\"\" role=\"img\" ><\/div>\n\t\t\t\t\t\t\t\t\t\t\t<div class=\"elementor-gallery-item__overlay\"><\/div>\n\t\t\t\t\t\t\t\t\t\t\t\t\t\t<\/a>\n\t\t\t\t\t\t\t<a class=\"e-gallery-item elementor-gallery-item elementor-animated-content\" data-e-gallery-tags=\"0\" href=\"https:\/\/www.lichen.pl\/wp-content\/uploads\/2021\/12\/XII-OGOLNOPOLSKA-KONFERENCJA-GRUNT-TO-ZDROWIE-ZIEMIA-TO-SKARB-Lichen-26-27-listopad-2021-14.jpg\" data-elementor-open-lightbox=\"yes\" data-elementor-lightbox-slideshow=\"319ae0c\" data-elementor-lightbox-title=\"XII OG\u00d3LNOPOLSKA KONFERENCJA GRUNT TO ZDROWIE, ZIEMIA TO SKARB, Liche\u0144 26-27 listopad 2021 14\" data-e-action-hash=\"#elementor-action%3Aaction%3Dlightbox%26settings%3DeyJpZCI6MzQzMzAsInVybCI6Imh0dHBzOlwvXC93d3cubGljaGVuLnBsXC93cC1jb250ZW50XC91cGxvYWRzXC8yMDIxXC8xMlwvWElJLU9HT0xOT1BPTFNLQS1LT05GRVJFTkNKQS1HUlVOVC1UTy1aRFJPV0lFLVpJRU1JQS1UTy1TS0FSQi1MaWNoZW4tMjYtMjctbGlzdG9wYWQtMjAyMS0xNC5qcGciLCJzbGlkZXNob3ciOiIzMTlhZTBjIn0%3D\">\n\t\t\t\t\t<div class=\"e-gallery-image elementor-gallery-item__image\" data-thumbnail=\"https:\/\/www.lichen.pl\/wp-content\/uploads\/2021\/12\/XII-OGOLNOPOLSKA-KONFERENCJA-GRUNT-TO-ZDROWIE-ZIEMIA-TO-SKARB-Lichen-26-27-listopad-2021-14-150x150.jpg\" data-width=\"150\" data-height=\"150\" aria-label=\"\" role=\"img\" ><\/div>\n\t\t\t\t\t\t\t\t\t\t\t<div class=\"elementor-gallery-item__overlay\"><\/div>\n\t\t\t\t\t\t\t\t\t\t\t\t\t\t<\/a>\n\t\t\t\t\t\t\t<a class=\"e-gallery-item elementor-gallery-item elementor-animated-content\" data-e-gallery-tags=\"0\" href=\"https:\/\/www.lichen.pl\/wp-content\/uploads\/2021\/12\/XII-OGOLNOPOLSKA-KONFERENCJA-GRUNT-TO-ZDROWIE-ZIEMIA-TO-SKARB-Lichen-26-27-listopad-2021-13.jpg\" data-elementor-open-lightbox=\"yes\" data-elementor-lightbox-slideshow=\"319ae0c\" data-elementor-lightbox-title=\"XII OG\u00d3LNOPOLSKA KONFERENCJA GRUNT TO ZDROWIE, ZIEMIA TO SKARB, Liche\u0144 26-27 listopad 2021 13\" data-e-action-hash=\"#elementor-action%3Aaction%3Dlightbox%26settings%3DeyJpZCI6MzQzMjksInVybCI6Imh0dHBzOlwvXC93d3cubGljaGVuLnBsXC93cC1jb250ZW50XC91cGxvYWRzXC8yMDIxXC8xMlwvWElJLU9HT0xOT1BPTFNLQS1LT05GRVJFTkNKQS1HUlVOVC1UTy1aRFJPV0lFLVpJRU1JQS1UTy1TS0FSQi1MaWNoZW4tMjYtMjctbGlzdG9wYWQtMjAyMS0xMy5qcGciLCJzbGlkZXNob3ciOiIzMTlhZTBjIn0%3D\">\n\t\t\t\t\t<div class=\"e-gallery-image elementor-gallery-item__image\" data-thumbnail=\"https:\/\/www.lichen.pl\/wp-content\/uploads\/2021\/12\/XII-OGOLNOPOLSKA-KONFERENCJA-GRUNT-TO-ZDROWIE-ZIEMIA-TO-SKARB-Lichen-26-27-listopad-2021-13-150x150.jpg\" data-width=\"150\" data-height=\"150\" aria-label=\"\" role=\"img\" ><\/div>\n\t\t\t\t\t\t\t\t\t\t\t<div class=\"elementor-gallery-item__overlay\"><\/div>\n\t\t\t\t\t\t\t\t\t\t\t\t\t\t<\/a>\n\t\t\t\t\t\t\t<a class=\"e-gallery-item elementor-gallery-item elementor-animated-content\" data-e-gallery-tags=\"0\" href=\"https:\/\/www.lichen.pl\/wp-content\/uploads\/2021\/12\/XII-OGOLNOPOLSKA-KONFERENCJA-GRUNT-TO-ZDROWIE-ZIEMIA-TO-SKARB-Lichen-26-27-listopad-2021-12.jpg\" data-elementor-open-lightbox=\"yes\" data-elementor-lightbox-slideshow=\"319ae0c\" data-elementor-lightbox-title=\"XII OG\u00d3LNOPOLSKA KONFERENCJA GRUNT TO ZDROWIE, ZIEMIA TO SKARB, Liche\u0144 26-27 listopad 2021 12\" data-e-action-hash=\"#elementor-action%3Aaction%3Dlightbox%26settings%3DeyJpZCI6MzQzMjgsInVybCI6Imh0dHBzOlwvXC93d3cubGljaGVuLnBsXC93cC1jb250ZW50XC91cGxvYWRzXC8yMDIxXC8xMlwvWElJLU9HT0xOT1BPTFNLQS1LT05GRVJFTkNKQS1HUlVOVC1UTy1aRFJPV0lFLVpJRU1JQS1UTy1TS0FSQi1MaWNoZW4tMjYtMjctbGlzdG9wYWQtMjAyMS0xMi5qcGciLCJzbGlkZXNob3ciOiIzMTlhZTBjIn0%3D\">\n\t\t\t\t\t<div class=\"e-gallery-image elementor-gallery-item__image\" data-thumbnail=\"https:\/\/www.lichen.pl\/wp-content\/uploads\/2021\/12\/XII-OGOLNOPOLSKA-KONFERENCJA-GRUNT-TO-ZDROWIE-ZIEMIA-TO-SKARB-Lichen-26-27-listopad-2021-12-150x150.jpg\" data-width=\"150\" data-height=\"150\" aria-label=\"\" role=\"img\" ><\/div>\n\t\t\t\t\t\t\t\t\t\t\t<div class=\"elementor-gallery-item__overlay\"><\/div>\n\t\t\t\t\t\t\t\t\t\t\t\t\t\t<\/a>\n\t\t\t\t\t\t\t<a class=\"e-gallery-item elementor-gallery-item elementor-animated-content\" data-e-gallery-tags=\"0\" href=\"https:\/\/www.lichen.pl\/wp-content\/uploads\/2021\/12\/XII-OGOLNOPOLSKA-KONFERENCJA-GRUNT-TO-ZDROWIE-ZIEMIA-TO-SKARB-Lichen-26-27-listopad-2021-11.jpg\" data-elementor-open-lightbox=\"yes\" data-elementor-lightbox-slideshow=\"319ae0c\" data-elementor-lightbox-title=\"XII OG\u00d3LNOPOLSKA KONFERENCJA GRUNT TO ZDROWIE, ZIEMIA TO SKARB, Liche\u0144 26-27 listopad 2021 11\" data-e-action-hash=\"#elementor-action%3Aaction%3Dlightbox%26settings%3DeyJpZCI6MzQzMjcsInVybCI6Imh0dHBzOlwvXC93d3cubGljaGVuLnBsXC93cC1jb250ZW50XC91cGxvYWRzXC8yMDIxXC8xMlwvWElJLU9HT0xOT1BPTFNLQS1LT05GRVJFTkNKQS1HUlVOVC1UTy1aRFJPV0lFLVpJRU1JQS1UTy1TS0FSQi1MaWNoZW4tMjYtMjctbGlzdG9wYWQtMjAyMS0xMS5qcGciLCJzbGlkZXNob3ciOiIzMTlhZTBjIn0%3D\">\n\t\t\t\t\t<div class=\"e-gallery-image elementor-gallery-item__image\" data-thumbnail=\"https:\/\/www.lichen.pl\/wp-content\/uploads\/2021\/12\/XII-OGOLNOPOLSKA-KONFERENCJA-GRUNT-TO-ZDROWIE-ZIEMIA-TO-SKARB-Lichen-26-27-listopad-2021-11-150x150.jpg\" data-width=\"150\" data-height=\"150\" aria-label=\"\" role=\"img\" ><\/div>\n\t\t\t\t\t\t\t\t\t\t\t<div class=\"elementor-gallery-item__overlay\"><\/div>\n\t\t\t\t\t\t\t\t\t\t\t\t\t\t<\/a>\n\t\t\t\t\t\t\t<a class=\"e-gallery-item elementor-gallery-item elementor-animated-content\" data-e-gallery-tags=\"0\" href=\"https:\/\/www.lichen.pl\/wp-content\/uploads\/2021\/12\/XII-OGOLNOPOLSKA-KONFERENCJA-GRUNT-TO-ZDROWIE-ZIEMIA-TO-SKARB-Lichen-26-27-listopad-2021-10.jpg\" data-elementor-open-lightbox=\"yes\" data-elementor-lightbox-slideshow=\"319ae0c\" data-elementor-lightbox-title=\"XII OG\u00d3LNOPOLSKA KONFERENCJA GRUNT TO ZDROWIE, ZIEMIA TO SKARB, Liche\u0144 26-27 listopad 2021 10\" data-e-action-hash=\"#elementor-action%3Aaction%3Dlightbox%26settings%3DeyJpZCI6MzQzMjYsInVybCI6Imh0dHBzOlwvXC93d3cubGljaGVuLnBsXC93cC1jb250ZW50XC91cGxvYWRzXC8yMDIxXC8xMlwvWElJLU9HT0xOT1BPTFNLQS1LT05GRVJFTkNKQS1HUlVOVC1UTy1aRFJPV0lFLVpJRU1JQS1UTy1TS0FSQi1MaWNoZW4tMjYtMjctbGlzdG9wYWQtMjAyMS0xMC5qcGciLCJzbGlkZXNob3ciOiIzMTlhZTBjIn0%3D\">\n\t\t\t\t\t<div class=\"e-gallery-image elementor-gallery-item__image\" data-thumbnail=\"https:\/\/www.lichen.pl\/wp-content\/uploads\/2021\/12\/XII-OGOLNOPOLSKA-KONFERENCJA-GRUNT-TO-ZDROWIE-ZIEMIA-TO-SKARB-Lichen-26-27-listopad-2021-10-150x150.jpg\" data-width=\"150\" data-height=\"150\" aria-label=\"\" role=\"img\" ><\/div>\n\t\t\t\t\t\t\t\t\t\t\t<div class=\"elementor-gallery-item__overlay\"><\/div>\n\t\t\t\t\t\t\t\t\t\t\t\t\t\t<\/a>\n\t\t\t\t\t\t\t<a class=\"e-gallery-item elementor-gallery-item elementor-animated-content\" data-e-gallery-tags=\"0\" href=\"https:\/\/www.lichen.pl\/wp-content\/uploads\/2021\/12\/XII-OGOLNOPOLSKA-KONFERENCJA-GRUNT-TO-ZDROWIE-ZIEMIA-TO-SKARB-Lichen-26-27-listopad-2021-9.jpg\" data-elementor-open-lightbox=\"yes\" data-elementor-lightbox-slideshow=\"319ae0c\" data-elementor-lightbox-title=\"XII OG\u00d3LNOPOLSKA KONFERENCJA GRUNT TO ZDROWIE, ZIEMIA TO SKARB, Liche\u0144 26-27 listopad 2021 9\" data-e-action-hash=\"#elementor-action%3Aaction%3Dlightbox%26settings%3DeyJpZCI6MzQzMjUsInVybCI6Imh0dHBzOlwvXC93d3cubGljaGVuLnBsXC93cC1jb250ZW50XC91cGxvYWRzXC8yMDIxXC8xMlwvWElJLU9HT0xOT1BPTFNLQS1LT05GRVJFTkNKQS1HUlVOVC1UTy1aRFJPV0lFLVpJRU1JQS1UTy1TS0FSQi1MaWNoZW4tMjYtMjctbGlzdG9wYWQtMjAyMS05LmpwZyIsInNsaWRlc2hvdyI6IjMxOWFlMGMifQ%3D%3D\">\n\t\t\t\t\t<div class=\"e-gallery-image elementor-gallery-item__image\" data-thumbnail=\"https:\/\/www.lichen.pl\/wp-content\/uploads\/2021\/12\/XII-OGOLNOPOLSKA-KONFERENCJA-GRUNT-TO-ZDROWIE-ZIEMIA-TO-SKARB-Lichen-26-27-listopad-2021-9-150x150.jpg\" data-width=\"150\" data-height=\"150\" aria-label=\"\" role=\"img\" ><\/div>\n\t\t\t\t\t\t\t\t\t\t\t<div class=\"elementor-gallery-item__overlay\"><\/div>\n\t\t\t\t\t\t\t\t\t\t\t\t\t\t<\/a>\n\t\t\t\t\t\t\t<a class=\"e-gallery-item elementor-gallery-item elementor-animated-content\" data-e-gallery-tags=\"0\" href=\"https:\/\/www.lichen.pl\/wp-content\/uploads\/2021\/12\/XII-OGOLNOPOLSKA-KONFERENCJA-GRUNT-TO-ZDROWIE-ZIEMIA-TO-SKARB-Lichen-26-27-listopad-2021-8.jpg\" data-elementor-open-lightbox=\"yes\" data-elementor-lightbox-slideshow=\"319ae0c\" data-elementor-lightbox-title=\"XII OG\u00d3LNOPOLSKA KONFERENCJA GRUNT TO ZDROWIE, ZIEMIA TO SKARB, Liche\u0144 26-27 listopad 2021 8\" data-e-action-hash=\"#elementor-action%3Aaction%3Dlightbox%26settings%3DeyJpZCI6MzQzMjQsInVybCI6Imh0dHBzOlwvXC93d3cubGljaGVuLnBsXC93cC1jb250ZW50XC91cGxvYWRzXC8yMDIxXC8xMlwvWElJLU9HT0xOT1BPTFNLQS1LT05GRVJFTkNKQS1HUlVOVC1UTy1aRFJPV0lFLVpJRU1JQS1UTy1TS0FSQi1MaWNoZW4tMjYtMjctbGlzdG9wYWQtMjAyMS04LmpwZyIsInNsaWRlc2hvdyI6IjMxOWFlMGMifQ%3D%3D\">\n\t\t\t\t\t<div class=\"e-gallery-image elementor-gallery-item__image\" data-thumbnail=\"https:\/\/www.lichen.pl\/wp-content\/uploads\/2021\/12\/XII-OGOLNOPOLSKA-KONFERENCJA-GRUNT-TO-ZDROWIE-ZIEMIA-TO-SKARB-Lichen-26-27-listopad-2021-8-150x150.jpg\" data-width=\"150\" data-height=\"150\" aria-label=\"\" role=\"img\" ><\/div>\n\t\t\t\t\t\t\t\t\t\t\t<div class=\"elementor-gallery-item__overlay\"><\/div>\n\t\t\t\t\t\t\t\t\t\t\t\t\t\t<\/a>\n\t\t\t\t\t\t\t<a class=\"e-gallery-item elementor-gallery-item elementor-animated-content\" data-e-gallery-tags=\"0\" href=\"https:\/\/www.lichen.pl\/wp-content\/uploads\/2021\/12\/XII-OGOLNOPOLSKA-KONFERENCJA-GRUNT-TO-ZDROWIE-ZIEMIA-TO-SKARB-Lichen-26-27-listopad-2021-7.jpg\" data-elementor-open-lightbox=\"yes\" data-elementor-lightbox-slideshow=\"319ae0c\" data-elementor-lightbox-title=\"XII OG\u00d3LNOPOLSKA KONFERENCJA GRUNT TO ZDROWIE, ZIEMIA TO SKARB, Liche\u0144 26-27 listopad 2021 7\" data-e-action-hash=\"#elementor-action%3Aaction%3Dlightbox%26settings%3DeyJpZCI6MzQzMjMsInVybCI6Imh0dHBzOlwvXC93d3cubGljaGVuLnBsXC93cC1jb250ZW50XC91cGxvYWRzXC8yMDIxXC8xMlwvWElJLU9HT0xOT1BPTFNLQS1LT05GRVJFTkNKQS1HUlVOVC1UTy1aRFJPV0lFLVpJRU1JQS1UTy1TS0FSQi1MaWNoZW4tMjYtMjctbGlzdG9wYWQtMjAyMS03LmpwZyIsInNsaWRlc2hvdyI6IjMxOWFlMGMifQ%3D%3D\">\n\t\t\t\t\t<div class=\"e-gallery-image elementor-gallery-item__image\" data-thumbnail=\"https:\/\/www.lichen.pl\/wp-content\/uploads\/2021\/12\/XII-OGOLNOPOLSKA-KONFERENCJA-GRUNT-TO-ZDROWIE-ZIEMIA-TO-SKARB-Lichen-26-27-listopad-2021-7-150x150.jpg\" data-width=\"150\" data-height=\"150\" aria-label=\"\" role=\"img\" ><\/div>\n\t\t\t\t\t\t\t\t\t\t\t<div class=\"elementor-gallery-item__overlay\"><\/div>\n\t\t\t\t\t\t\t\t\t\t\t\t\t\t<\/a>\n\t\t\t\t\t\t\t<a class=\"e-gallery-item elementor-gallery-item elementor-animated-content\" data-e-gallery-tags=\"0\" href=\"https:\/\/www.lichen.pl\/wp-content\/uploads\/2021\/12\/XII-OGOLNOPOLSKA-KONFERENCJA-GRUNT-TO-ZDROWIE-ZIEMIA-TO-SKARB-Lichen-26-27-listopad-2021-6.jpg\" data-elementor-open-lightbox=\"yes\" data-elementor-lightbox-slideshow=\"319ae0c\" data-elementor-lightbox-title=\"XII OG\u00d3LNOPOLSKA KONFERENCJA GRUNT TO ZDROWIE, ZIEMIA TO SKARB, Liche\u0144 26-27 listopad 2021 6\" data-e-action-hash=\"#elementor-action%3Aaction%3Dlightbox%26settings%3DeyJpZCI6MzQzMjIsInVybCI6Imh0dHBzOlwvXC93d3cubGljaGVuLnBsXC93cC1jb250ZW50XC91cGxvYWRzXC8yMDIxXC8xMlwvWElJLU9HT0xOT1BPTFNLQS1LT05GRVJFTkNKQS1HUlVOVC1UTy1aRFJPV0lFLVpJRU1JQS1UTy1TS0FSQi1MaWNoZW4tMjYtMjctbGlzdG9wYWQtMjAyMS02LmpwZyIsInNsaWRlc2hvdyI6IjMxOWFlMGMifQ%3D%3D\">\n\t\t\t\t\t<div class=\"e-gallery-image elementor-gallery-item__image\" data-thumbnail=\"https:\/\/www.lichen.pl\/wp-content\/uploads\/2021\/12\/XII-OGOLNOPOLSKA-KONFERENCJA-GRUNT-TO-ZDROWIE-ZIEMIA-TO-SKARB-Lichen-26-27-listopad-2021-6-150x150.jpg\" data-width=\"150\" data-height=\"150\" aria-label=\"\" role=\"img\" ><\/div>\n\t\t\t\t\t\t\t\t\t\t\t<div class=\"elementor-gallery-item__overlay\"><\/div>\n\t\t\t\t\t\t\t\t\t\t\t\t\t\t<\/a>\n\t\t\t\t\t\t\t<a class=\"e-gallery-item elementor-gallery-item elementor-animated-content\" data-e-gallery-tags=\"0\" href=\"https:\/\/www.lichen.pl\/wp-content\/uploads\/2021\/12\/XII-OGOLNOPOLSKA-KONFERENCJA-GRUNT-TO-ZDROWIE-ZIEMIA-TO-SKARB-Lichen-26-27-listopad-2021-5.jpg\" data-elementor-open-lightbox=\"yes\" data-elementor-lightbox-slideshow=\"319ae0c\" data-elementor-lightbox-title=\"XII OG\u00d3LNOPOLSKA KONFERENCJA GRUNT TO ZDROWIE, ZIEMIA TO SKARB, Liche\u0144 26-27 listopad 2021 5\" data-e-action-hash=\"#elementor-action%3Aaction%3Dlightbox%26settings%3DeyJpZCI6MzQzMjEsInVybCI6Imh0dHBzOlwvXC93d3cubGljaGVuLnBsXC93cC1jb250ZW50XC91cGxvYWRzXC8yMDIxXC8xMlwvWElJLU9HT0xOT1BPTFNLQS1LT05GRVJFTkNKQS1HUlVOVC1UTy1aRFJPV0lFLVpJRU1JQS1UTy1TS0FSQi1MaWNoZW4tMjYtMjctbGlzdG9wYWQtMjAyMS01LmpwZyIsInNsaWRlc2hvdyI6IjMxOWFlMGMifQ%3D%3D\">\n\t\t\t\t\t<div class=\"e-gallery-image elementor-gallery-item__image\" data-thumbnail=\"https:\/\/www.lichen.pl\/wp-content\/uploads\/2021\/12\/XII-OGOLNOPOLSKA-KONFERENCJA-GRUNT-TO-ZDROWIE-ZIEMIA-TO-SKARB-Lichen-26-27-listopad-2021-5-150x150.jpg\" data-width=\"150\" data-height=\"150\" aria-label=\"\" role=\"img\" ><\/div>\n\t\t\t\t\t\t\t\t\t\t\t<div class=\"elementor-gallery-item__overlay\"><\/div>\n\t\t\t\t\t\t\t\t\t\t\t\t\t\t<\/a>\n\t\t\t\t\t\t\t<a class=\"e-gallery-item elementor-gallery-item elementor-animated-content\" data-e-gallery-tags=\"0\" href=\"https:\/\/www.lichen.pl\/wp-content\/uploads\/2021\/12\/XII-OGOLNOPOLSKA-KONFERENCJA-GRUNT-TO-ZDROWIE-ZIEMIA-TO-SKARB-Lichen-26-27-listopad-2021-4.jpg\" data-elementor-open-lightbox=\"yes\" data-elementor-lightbox-slideshow=\"319ae0c\" data-elementor-lightbox-title=\"XII OG\u00d3LNOPOLSKA KONFERENCJA GRUNT TO ZDROWIE, ZIEMIA TO SKARB, Liche\u0144 26-27 listopad 2021 4\" data-e-action-hash=\"#elementor-action%3Aaction%3Dlightbox%26settings%3DeyJpZCI6MzQzMjAsInVybCI6Imh0dHBzOlwvXC93d3cubGljaGVuLnBsXC93cC1jb250ZW50XC91cGxvYWRzXC8yMDIxXC8xMlwvWElJLU9HT0xOT1BPTFNLQS1LT05GRVJFTkNKQS1HUlVOVC1UTy1aRFJPV0lFLVpJRU1JQS1UTy1TS0FSQi1MaWNoZW4tMjYtMjctbGlzdG9wYWQtMjAyMS00LmpwZyIsInNsaWRlc2hvdyI6IjMxOWFlMGMifQ%3D%3D\">\n\t\t\t\t\t<div class=\"e-gallery-image elementor-gallery-item__image\" data-thumbnail=\"https:\/\/www.lichen.pl\/wp-content\/uploads\/2021\/12\/XII-OGOLNOPOLSKA-KONFERENCJA-GRUNT-TO-ZDROWIE-ZIEMIA-TO-SKARB-Lichen-26-27-listopad-2021-4-150x150.jpg\" data-width=\"150\" data-height=\"150\" aria-label=\"\" role=\"img\" ><\/div>\n\t\t\t\t\t\t\t\t\t\t\t<div class=\"elementor-gallery-item__overlay\"><\/div>\n\t\t\t\t\t\t\t\t\t\t\t\t\t\t<\/a>\n\t\t\t\t\t\t\t<a class=\"e-gallery-item elementor-gallery-item elementor-animated-content\" data-e-gallery-tags=\"0\" href=\"https:\/\/www.lichen.pl\/wp-content\/uploads\/2021\/12\/XII-OGOLNOPOLSKA-KONFERENCJA-GRUNT-TO-ZDROWIE-ZIEMIA-TO-SKARB-Lichen-26-27-listopad-2021-3.jpg\" data-elementor-open-lightbox=\"yes\" data-elementor-lightbox-slideshow=\"319ae0c\" data-elementor-lightbox-title=\"XII OG\u00d3LNOPOLSKA KONFERENCJA GRUNT TO ZDROWIE, ZIEMIA TO SKARB, Liche\u0144 26-27 listopad 2021 3\" data-e-action-hash=\"#elementor-action%3Aaction%3Dlightbox%26settings%3DeyJpZCI6MzQzMTksInVybCI6Imh0dHBzOlwvXC93d3cubGljaGVuLnBsXC93cC1jb250ZW50XC91cGxvYWRzXC8yMDIxXC8xMlwvWElJLU9HT0xOT1BPTFNLQS1LT05GRVJFTkNKQS1HUlVOVC1UTy1aRFJPV0lFLVpJRU1JQS1UTy1TS0FSQi1MaWNoZW4tMjYtMjctbGlzdG9wYWQtMjAyMS0zLmpwZyIsInNsaWRlc2hvdyI6IjMxOWFlMGMifQ%3D%3D\">\n\t\t\t\t\t<div class=\"e-gallery-image elementor-gallery-item__image\" data-thumbnail=\"https:\/\/www.lichen.pl\/wp-content\/uploads\/2021\/12\/XII-OGOLNOPOLSKA-KONFERENCJA-GRUNT-TO-ZDROWIE-ZIEMIA-TO-SKARB-Lichen-26-27-listopad-2021-3-150x150.jpg\" data-width=\"150\" data-height=\"150\" aria-label=\"\" role=\"img\" ><\/div>\n\t\t\t\t\t\t\t\t\t\t\t<div class=\"elementor-gallery-item__overlay\"><\/div>\n\t\t\t\t\t\t\t\t\t\t\t\t\t\t<\/a>\n\t\t\t\t\t\t\t<a class=\"e-gallery-item elementor-gallery-item elementor-animated-content\" data-e-gallery-tags=\"0\" href=\"https:\/\/www.lichen.pl\/wp-content\/uploads\/2021\/12\/XII-OGOLNOPOLSKA-KONFERENCJA-GRUNT-TO-ZDROWIE-ZIEMIA-TO-SKARB-Lichen-26-27-listopad-2021-2.jpg\" data-elementor-open-lightbox=\"yes\" data-elementor-lightbox-slideshow=\"319ae0c\" data-elementor-lightbox-title=\"XII OG\u00d3LNOPOLSKA KONFERENCJA GRUNT TO ZDROWIE, ZIEMIA TO SKARB, Liche\u0144 26-27 listopad 2021 2\" data-e-action-hash=\"#elementor-action%3Aaction%3Dlightbox%26settings%3DeyJpZCI6MzQzMTgsInVybCI6Imh0dHBzOlwvXC93d3cubGljaGVuLnBsXC93cC1jb250ZW50XC91cGxvYWRzXC8yMDIxXC8xMlwvWElJLU9HT0xOT1BPTFNLQS1LT05GRVJFTkNKQS1HUlVOVC1UTy1aRFJPV0lFLVpJRU1JQS1UTy1TS0FSQi1MaWNoZW4tMjYtMjctbGlzdG9wYWQtMjAyMS0yLmpwZyIsInNsaWRlc2hvdyI6IjMxOWFlMGMifQ%3D%3D\">\n\t\t\t\t\t<div class=\"e-gallery-image elementor-gallery-item__image\" data-thumbnail=\"https:\/\/www.lichen.pl\/wp-content\/uploads\/2021\/12\/XII-OGOLNOPOLSKA-KONFERENCJA-GRUNT-TO-ZDROWIE-ZIEMIA-TO-SKARB-Lichen-26-27-listopad-2021-2-150x150.jpg\" data-width=\"150\" data-height=\"150\" aria-label=\"\" role=\"img\" ><\/div>\n\t\t\t\t\t\t\t\t\t\t\t<div class=\"elementor-gallery-item__overlay\"><\/div>\n\t\t\t\t\t\t\t\t\t\t\t\t\t\t<\/a>\n\t\t\t\t\t\t\t<a class=\"e-gallery-item elementor-gallery-item elementor-animated-content\" data-e-gallery-tags=\"0\" href=\"https:\/\/www.lichen.pl\/wp-content\/uploads\/2021\/12\/XII-OGOLNOPOLSKA-KONFERENCJA-GRUNT-TO-ZDROWIE-ZIEMIA-TO-SKARB-Lichen-26-27-listopad-2021-1.jpg\" data-elementor-open-lightbox=\"yes\" data-elementor-lightbox-slideshow=\"319ae0c\" data-elementor-lightbox-title=\"XII OG\u00d3LNOPOLSKA KONFERENCJA GRUNT TO ZDROWIE, ZIEMIA TO SKARB, Liche\u0144 26-27 listopad 2021 1\" data-e-action-hash=\"#elementor-action%3Aaction%3Dlightbox%26settings%3DeyJpZCI6MzQzMTcsInVybCI6Imh0dHBzOlwvXC93d3cubGljaGVuLnBsXC93cC1jb250ZW50XC91cGxvYWRzXC8yMDIxXC8xMlwvWElJLU9HT0xOT1BPTFNLQS1LT05GRVJFTkNKQS1HUlVOVC1UTy1aRFJPV0lFLVpJRU1JQS1UTy1TS0FSQi1MaWNoZW4tMjYtMjctbGlzdG9wYWQtMjAyMS0xLmpwZyIsInNsaWRlc2hvdyI6IjMxOWFlMGMifQ%3D%3D\">\n\t\t\t\t\t<div class=\"e-gallery-image elementor-gallery-item__image\" data-thumbnail=\"https:\/\/www.lichen.pl\/wp-content\/uploads\/2021\/12\/XII-OGOLNOPOLSKA-KONFERENCJA-GRUNT-TO-ZDROWIE-ZIEMIA-TO-SKARB-Lichen-26-27-listopad-2021-1-150x150.jpg\" data-width=\"150\" data-height=\"150\" aria-label=\"\" role=\"img\" ><\/div>\n\t\t\t\t\t\t\t\t\t\t\t<div class=\"elementor-gallery-item__overlay\"><\/div>\n\t\t\t\t\t\t\t\t\t\t\t\t\t\t<\/a>\n\t\t\t\t\t\t\t<a class=\"e-gallery-item elementor-gallery-item elementor-animated-content\" data-e-gallery-tags=\"1\" href=\"https:\/\/www.lichen.pl\/wp-content\/uploads\/2021\/11\/Uroczystosc-pogrzebowa-sp.-ks.-Janusza-Bialucha-MIC-24-listopada-2021-r-28.jpg\" data-elementor-open-lightbox=\"yes\" data-elementor-lightbox-slideshow=\"319ae0c\" data-elementor-lightbox-title=\"Uroczysto\u015b\u0107 pogrzebowa \u015bp. ks. Janusza Bialucha MIC, 24 listopada 2021 r 28\" data-e-action-hash=\"#elementor-action%3Aaction%3Dlightbox%26settings%3DeyJpZCI6MzQwOTMsInVybCI6Imh0dHBzOlwvXC93d3cubGljaGVuLnBsXC93cC1jb250ZW50XC91cGxvYWRzXC8yMDIxXC8xMVwvVXJvY3p5c3Rvc2MtcG9ncnplYm93YS1zcC4ta3MuLUphbnVzemEtQmlhbHVjaGEtTUlDLTI0LWxpc3RvcGFkYS0yMDIxLXItMjguanBnIiwic2xpZGVzaG93IjoiMzE5YWUwYyJ9\">\n\t\t\t\t\t<div class=\"e-gallery-image elementor-gallery-item__image\" data-thumbnail=\"https:\/\/www.lichen.pl\/wp-content\/uploads\/2021\/11\/Uroczystosc-pogrzebowa-sp.-ks.-Janusza-Bialucha-MIC-24-listopada-2021-r-28-150x150.jpg\" data-width=\"150\" data-height=\"150\" aria-label=\"\" role=\"img\" ><\/div>\n\t\t\t\t\t\t\t\t\t\t\t<div class=\"elementor-gallery-item__overlay\"><\/div>\n\t\t\t\t\t\t\t\t\t\t\t\t\t\t<\/a>\n\t\t\t\t\t\t\t<a class=\"e-gallery-item elementor-gallery-item elementor-animated-content\" data-e-gallery-tags=\"1\" href=\"https:\/\/www.lichen.pl\/wp-content\/uploads\/2021\/11\/Uroczystosc-pogrzebowa-sp.-ks.-Janusza-Bialucha-MIC-24-listopada-2021-r-27.jpg\" data-elementor-open-lightbox=\"yes\" data-elementor-lightbox-slideshow=\"319ae0c\" data-elementor-lightbox-title=\"Uroczysto\u015b\u0107 pogrzebowa \u015bp. ks. Janusza Bialucha MIC, 24 listopada 2021 r 27\" data-e-action-hash=\"#elementor-action%3Aaction%3Dlightbox%26settings%3DeyJpZCI6MzQwOTIsInVybCI6Imh0dHBzOlwvXC93d3cubGljaGVuLnBsXC93cC1jb250ZW50XC91cGxvYWRzXC8yMDIxXC8xMVwvVXJvY3p5c3Rvc2MtcG9ncnplYm93YS1zcC4ta3MuLUphbnVzemEtQmlhbHVjaGEtTUlDLTI0LWxpc3RvcGFkYS0yMDIxLXItMjcuanBnIiwic2xpZGVzaG93IjoiMzE5YWUwYyJ9\">\n\t\t\t\t\t<div class=\"e-gallery-image elementor-gallery-item__image\" data-thumbnail=\"https:\/\/www.lichen.pl\/wp-content\/uploads\/2021\/11\/Uroczystosc-pogrzebowa-sp.-ks.-Janusza-Bialucha-MIC-24-listopada-2021-r-27-150x150.jpg\" data-width=\"150\" data-height=\"150\" aria-label=\"\" role=\"img\" ><\/div>\n\t\t\t\t\t\t\t\t\t\t\t<div class=\"elementor-gallery-item__overlay\"><\/div>\n\t\t\t\t\t\t\t\t\t\t\t\t\t\t<\/a>\n\t\t\t\t\t\t\t<a class=\"e-gallery-item elementor-gallery-item elementor-animated-content\" data-e-gallery-tags=\"1\" href=\"https:\/\/www.lichen.pl\/wp-content\/uploads\/2021\/11\/Uroczystosc-pogrzebowa-sp.-ks.-Janusza-Bialucha-MIC-24-listopada-2021-r-26.jpg\" data-elementor-open-lightbox=\"yes\" data-elementor-lightbox-slideshow=\"319ae0c\" data-elementor-lightbox-title=\"Uroczysto\u015b\u0107 pogrzebowa \u015bp. ks. Janusza Bialucha MIC, 24 listopada 2021 r 26\" data-e-action-hash=\"#elementor-action%3Aaction%3Dlightbox%26settings%3DeyJpZCI6MzQwOTEsInVybCI6Imh0dHBzOlwvXC93d3cubGljaGVuLnBsXC93cC1jb250ZW50XC91cGxvYWRzXC8yMDIxXC8xMVwvVXJvY3p5c3Rvc2MtcG9ncnplYm93YS1zcC4ta3MuLUphbnVzemEtQmlhbHVjaGEtTUlDLTI0LWxpc3RvcGFkYS0yMDIxLXItMjYuanBnIiwic2xpZGVzaG93IjoiMzE5YWUwYyJ9\">\n\t\t\t\t\t<div class=\"e-gallery-image elementor-gallery-item__image\" data-thumbnail=\"https:\/\/www.lichen.pl\/wp-content\/uploads\/2021\/11\/Uroczystosc-pogrzebowa-sp.-ks.-Janusza-Bialucha-MIC-24-listopada-2021-r-26-150x150.jpg\" data-width=\"150\" data-height=\"150\" aria-label=\"\" role=\"img\" ><\/div>\n\t\t\t\t\t\t\t\t\t\t\t<div class=\"elementor-gallery-item__overlay\"><\/div>\n\t\t\t\t\t\t\t\t\t\t\t\t\t\t<\/a>\n\t\t\t\t\t\t\t<a class=\"e-gallery-item elementor-gallery-item elementor-animated-content\" data-e-gallery-tags=\"1\" href=\"https:\/\/www.lichen.pl\/wp-content\/uploads\/2021\/11\/Uroczystosc-pogrzebowa-sp.-ks.-Janusza-Bialucha-MIC-24-listopada-2021-r-25.jpg\" data-elementor-open-lightbox=\"yes\" data-elementor-lightbox-slideshow=\"319ae0c\" data-elementor-lightbox-title=\"Uroczysto\u015b\u0107 pogrzebowa \u015bp. ks. Janusza Bialucha MIC, 24 listopada 2021 r 25\" data-e-action-hash=\"#elementor-action%3Aaction%3Dlightbox%26settings%3DeyJpZCI6MzQwOTAsInVybCI6Imh0dHBzOlwvXC93d3cubGljaGVuLnBsXC93cC1jb250ZW50XC91cGxvYWRzXC8yMDIxXC8xMVwvVXJvY3p5c3Rvc2MtcG9ncnplYm93YS1zcC4ta3MuLUphbnVzemEtQmlhbHVjaGEtTUlDLTI0LWxpc3RvcGFkYS0yMDIxLXItMjUuanBnIiwic2xpZGVzaG93IjoiMzE5YWUwYyJ9\">\n\t\t\t\t\t<div class=\"e-gallery-image elementor-gallery-item__image\" data-thumbnail=\"https:\/\/www.lichen.pl\/wp-content\/uploads\/2021\/11\/Uroczystosc-pogrzebowa-sp.-ks.-Janusza-Bialucha-MIC-24-listopada-2021-r-25-150x150.jpg\" data-width=\"150\" data-height=\"150\" aria-label=\"\" role=\"img\" ><\/div>\n\t\t\t\t\t\t\t\t\t\t\t<div class=\"elementor-gallery-item__overlay\"><\/div>\n\t\t\t\t\t\t\t\t\t\t\t\t\t\t<\/a>\n\t\t\t\t\t\t\t<a class=\"e-gallery-item elementor-gallery-item elementor-animated-content\" data-e-gallery-tags=\"1\" href=\"https:\/\/www.lichen.pl\/wp-content\/uploads\/2021\/11\/Uroczystosc-pogrzebowa-sp.-ks.-Janusza-Bialucha-MIC-24-listopada-2021-r-24.jpg\" data-elementor-open-lightbox=\"yes\" data-elementor-lightbox-slideshow=\"319ae0c\" data-elementor-lightbox-title=\"Uroczysto\u015b\u0107 pogrzebowa \u015bp. ks. Janusza Bialucha MIC, 24 listopada 2021 r 24\" data-e-action-hash=\"#elementor-action%3Aaction%3Dlightbox%26settings%3DeyJpZCI6MzQwODksInVybCI6Imh0dHBzOlwvXC93d3cubGljaGVuLnBsXC93cC1jb250ZW50XC91cGxvYWRzXC8yMDIxXC8xMVwvVXJvY3p5c3Rvc2MtcG9ncnplYm93YS1zcC4ta3MuLUphbnVzemEtQmlhbHVjaGEtTUlDLTI0LWxpc3RvcGFkYS0yMDIxLXItMjQuanBnIiwic2xpZGVzaG93IjoiMzE5YWUwYyJ9\">\n\t\t\t\t\t<div class=\"e-gallery-image elementor-gallery-item__image\" data-thumbnail=\"https:\/\/www.lichen.pl\/wp-content\/uploads\/2021\/11\/Uroczystosc-pogrzebowa-sp.-ks.-Janusza-Bialucha-MIC-24-listopada-2021-r-24-150x150.jpg\" data-width=\"150\" data-height=\"150\" aria-label=\"\" role=\"img\" ><\/div>\n\t\t\t\t\t\t\t\t\t\t\t<div class=\"elementor-gallery-item__overlay\"><\/div>\n\t\t\t\t\t\t\t\t\t\t\t\t\t\t<\/a>\n\t\t\t\t\t\t\t<a class=\"e-gallery-item elementor-gallery-item elementor-animated-content\" data-e-gallery-tags=\"1\" href=\"https:\/\/www.lichen.pl\/wp-content\/uploads\/2021\/11\/Uroczystosc-pogrzebowa-sp.-ks.-Janusza-Bialucha-MIC-24-listopada-2021-r-23.jpg\" data-elementor-open-lightbox=\"yes\" data-elementor-lightbox-slideshow=\"319ae0c\" data-elementor-lightbox-title=\"Uroczysto\u015b\u0107 pogrzebowa \u015bp. ks. Janusza Bialucha MIC, 24 listopada 2021 r 23\" data-e-action-hash=\"#elementor-action%3Aaction%3Dlightbox%26settings%3DeyJpZCI6MzQwODgsInVybCI6Imh0dHBzOlwvXC93d3cubGljaGVuLnBsXC93cC1jb250ZW50XC91cGxvYWRzXC8yMDIxXC8xMVwvVXJvY3p5c3Rvc2MtcG9ncnplYm93YS1zcC4ta3MuLUphbnVzemEtQmlhbHVjaGEtTUlDLTI0LWxpc3RvcGFkYS0yMDIxLXItMjMuanBnIiwic2xpZGVzaG93IjoiMzE5YWUwYyJ9\">\n\t\t\t\t\t<div class=\"e-gallery-image elementor-gallery-item__image\" data-thumbnail=\"https:\/\/www.lichen.pl\/wp-content\/uploads\/2021\/11\/Uroczystosc-pogrzebowa-sp.-ks.-Janusza-Bialucha-MIC-24-listopada-2021-r-23-150x150.jpg\" data-width=\"150\" data-height=\"150\" aria-label=\"\" role=\"img\" ><\/div>\n\t\t\t\t\t\t\t\t\t\t\t<div class=\"elementor-gallery-item__overlay\"><\/div>\n\t\t\t\t\t\t\t\t\t\t\t\t\t\t<\/a>\n\t\t\t\t\t\t\t<a class=\"e-gallery-item elementor-gallery-item elementor-animated-content\" data-e-gallery-tags=\"1\" href=\"https:\/\/www.lichen.pl\/wp-content\/uploads\/2021\/11\/Uroczystosc-pogrzebowa-sp.-ks.-Janusza-Bialucha-MIC-24-listopada-2021-r-22.jpg\" data-elementor-open-lightbox=\"yes\" data-elementor-lightbox-slideshow=\"319ae0c\" data-elementor-lightbox-title=\"Uroczysto\u015b\u0107 pogrzebowa \u015bp. ks. Janusza Bialucha MIC, 24 listopada 2021 r 22\" data-e-action-hash=\"#elementor-action%3Aaction%3Dlightbox%26settings%3DeyJpZCI6MzQwODcsInVybCI6Imh0dHBzOlwvXC93d3cubGljaGVuLnBsXC93cC1jb250ZW50XC91cGxvYWRzXC8yMDIxXC8xMVwvVXJvY3p5c3Rvc2MtcG9ncnplYm93YS1zcC4ta3MuLUphbnVzemEtQmlhbHVjaGEtTUlDLTI0LWxpc3RvcGFkYS0yMDIxLXItMjIuanBnIiwic2xpZGVzaG93IjoiMzE5YWUwYyJ9\">\n\t\t\t\t\t<div class=\"e-gallery-image elementor-gallery-item__image\" data-thumbnail=\"https:\/\/www.lichen.pl\/wp-content\/uploads\/2021\/11\/Uroczystosc-pogrzebowa-sp.-ks.-Janusza-Bialucha-MIC-24-listopada-2021-r-22-150x150.jpg\" data-width=\"150\" data-height=\"150\" aria-label=\"\" role=\"img\" ><\/div>\n\t\t\t\t\t\t\t\t\t\t\t<div class=\"elementor-gallery-item__overlay\"><\/div>\n\t\t\t\t\t\t\t\t\t\t\t\t\t\t<\/a>\n\t\t\t\t\t\t\t<a class=\"e-gallery-item elementor-gallery-item elementor-animated-content\" data-e-gallery-tags=\"1\" href=\"https:\/\/www.lichen.pl\/wp-content\/uploads\/2021\/11\/Uroczystosc-pogrzebowa-sp.-ks.-Janusza-Bialucha-MIC-24-listopada-2021-r-21.jpg\" data-elementor-open-lightbox=\"yes\" data-elementor-lightbox-slideshow=\"319ae0c\" data-elementor-lightbox-title=\"Uroczysto\u015b\u0107 pogrzebowa \u015bp. ks. Janusza Bialucha MIC, 24 listopada 2021 r 21\" data-e-action-hash=\"#elementor-action%3Aaction%3Dlightbox%26settings%3DeyJpZCI6MzQwODYsInVybCI6Imh0dHBzOlwvXC93d3cubGljaGVuLnBsXC93cC1jb250ZW50XC91cGxvYWRzXC8yMDIxXC8xMVwvVXJvY3p5c3Rvc2MtcG9ncnplYm93YS1zcC4ta3MuLUphbnVzemEtQmlhbHVjaGEtTUlDLTI0LWxpc3RvcGFkYS0yMDIxLXItMjEuanBnIiwic2xpZGVzaG93IjoiMzE5YWUwYyJ9\">\n\t\t\t\t\t<div class=\"e-gallery-image elementor-gallery-item__image\" data-thumbnail=\"https:\/\/www.lichen.pl\/wp-content\/uploads\/2021\/11\/Uroczystosc-pogrzebowa-sp.-ks.-Janusza-Bialucha-MIC-24-listopada-2021-r-21-150x150.jpg\" data-width=\"150\" data-height=\"150\" aria-label=\"\" role=\"img\" ><\/div>\n\t\t\t\t\t\t\t\t\t\t\t<div class=\"elementor-gallery-item__overlay\"><\/div>\n\t\t\t\t\t\t\t\t\t\t\t\t\t\t<\/a>\n\t\t\t\t\t\t\t<a class=\"e-gallery-item elementor-gallery-item elementor-animated-content\" data-e-gallery-tags=\"1\" href=\"https:\/\/www.lichen.pl\/wp-content\/uploads\/2021\/11\/Uroczystosc-pogrzebowa-sp.-ks.-Janusza-Bialucha-MIC-24-listopada-2021-r-20.jpg\" data-elementor-open-lightbox=\"yes\" data-elementor-lightbox-slideshow=\"319ae0c\" data-elementor-lightbox-title=\"Uroczysto\u015b\u0107 pogrzebowa \u015bp. ks. Janusza Bialucha MIC, 24 listopada 2021 r 20\" data-e-action-hash=\"#elementor-action%3Aaction%3Dlightbox%26settings%3DeyJpZCI6MzQwODUsInVybCI6Imh0dHBzOlwvXC93d3cubGljaGVuLnBsXC93cC1jb250ZW50XC91cGxvYWRzXC8yMDIxXC8xMVwvVXJvY3p5c3Rvc2MtcG9ncnplYm93YS1zcC4ta3MuLUphbnVzemEtQmlhbHVjaGEtTUlDLTI0LWxpc3RvcGFkYS0yMDIxLXItMjAuanBnIiwic2xpZGVzaG93IjoiMzE5YWUwYyJ9\">\n\t\t\t\t\t<div class=\"e-gallery-image elementor-gallery-item__image\" data-thumbnail=\"https:\/\/www.lichen.pl\/wp-content\/uploads\/2021\/11\/Uroczystosc-pogrzebowa-sp.-ks.-Janusza-Bialucha-MIC-24-listopada-2021-r-20-150x150.jpg\" data-width=\"150\" data-height=\"150\" aria-label=\"\" role=\"img\" ><\/div>\n\t\t\t\t\t\t\t\t\t\t\t<div class=\"elementor-gallery-item__overlay\"><\/div>\n\t\t\t\t\t\t\t\t\t\t\t\t\t\t<\/a>\n\t\t\t\t\t\t\t<a class=\"e-gallery-item elementor-gallery-item elementor-animated-content\" data-e-gallery-tags=\"1\" href=\"https:\/\/www.lichen.pl\/wp-content\/uploads\/2021\/11\/Uroczystosc-pogrzebowa-sp.-ks.-Janusza-Bialucha-MIC-24-listopada-2021-r-19.jpg\" data-elementor-open-lightbox=\"yes\" data-elementor-lightbox-slideshow=\"319ae0c\" data-elementor-lightbox-title=\"Uroczysto\u015b\u0107 pogrzebowa \u015bp. ks. Janusza Bialucha MIC, 24 listopada 2021 r 19\" data-e-action-hash=\"#elementor-action%3Aaction%3Dlightbox%26settings%3DeyJpZCI6MzQwODQsInVybCI6Imh0dHBzOlwvXC93d3cubGljaGVuLnBsXC93cC1jb250ZW50XC91cGxvYWRzXC8yMDIxXC8xMVwvVXJvY3p5c3Rvc2MtcG9ncnplYm93YS1zcC4ta3MuLUphbnVzemEtQmlhbHVjaGEtTUlDLTI0LWxpc3RvcGFkYS0yMDIxLXItMTkuanBnIiwic2xpZGVzaG93IjoiMzE5YWUwYyJ9\">\n\t\t\t\t\t<div class=\"e-gallery-image elementor-gallery-item__image\" data-thumbnail=\"https:\/\/www.lichen.pl\/wp-content\/uploads\/2021\/11\/Uroczystosc-pogrzebowa-sp.-ks.-Janusza-Bialucha-MIC-24-listopada-2021-r-19-150x150.jpg\" data-width=\"150\" data-height=\"150\" aria-label=\"\" role=\"img\" ><\/div>\n\t\t\t\t\t\t\t\t\t\t\t<div class=\"elementor-gallery-item__overlay\"><\/div>\n\t\t\t\t\t\t\t\t\t\t\t\t\t\t<\/a>\n\t\t\t\t\t\t\t<a class=\"e-gallery-item elementor-gallery-item elementor-animated-content\" data-e-gallery-tags=\"1\" href=\"https:\/\/www.lichen.pl\/wp-content\/uploads\/2021\/11\/Uroczystosc-pogrzebowa-sp.-ks.-Janusza-Bialucha-MIC-24-listopada-2021-r-18.jpg\" data-elementor-open-lightbox=\"yes\" data-elementor-lightbox-slideshow=\"319ae0c\" data-elementor-lightbox-title=\"Uroczysto\u015b\u0107 pogrzebowa \u015bp. ks. Janusza Bialucha MIC, 24 listopada 2021 r 18\" data-e-action-hash=\"#elementor-action%3Aaction%3Dlightbox%26settings%3DeyJpZCI6MzQwODMsInVybCI6Imh0dHBzOlwvXC93d3cubGljaGVuLnBsXC93cC1jb250ZW50XC91cGxvYWRzXC8yMDIxXC8xMVwvVXJvY3p5c3Rvc2MtcG9ncnplYm93YS1zcC4ta3MuLUphbnVzemEtQmlhbHVjaGEtTUlDLTI0LWxpc3RvcGFkYS0yMDIxLXItMTguanBnIiwic2xpZGVzaG93IjoiMzE5YWUwYyJ9\">\n\t\t\t\t\t<div class=\"e-gallery-image elementor-gallery-item__image\" data-thumbnail=\"https:\/\/www.lichen.pl\/wp-content\/uploads\/2021\/11\/Uroczystosc-pogrzebowa-sp.-ks.-Janusza-Bialucha-MIC-24-listopada-2021-r-18-150x150.jpg\" data-width=\"150\" data-height=\"150\" aria-label=\"\" role=\"img\" ><\/div>\n\t\t\t\t\t\t\t\t\t\t\t<div class=\"elementor-gallery-item__overlay\"><\/div>\n\t\t\t\t\t\t\t\t\t\t\t\t\t\t<\/a>\n\t\t\t\t\t\t\t<a class=\"e-gallery-item elementor-gallery-item elementor-animated-content\" data-e-gallery-tags=\"1\" href=\"https:\/\/www.lichen.pl\/wp-content\/uploads\/2021\/11\/Uroczystosc-pogrzebowa-sp.-ks.-Janusza-Bialucha-MIC-24-listopada-2021-r-17.jpg\" data-elementor-open-lightbox=\"yes\" data-elementor-lightbox-slideshow=\"319ae0c\" data-elementor-lightbox-title=\"Uroczysto\u015b\u0107 pogrzebowa \u015bp. ks. Janusza Bialucha MIC, 24 listopada 2021 r 17\" data-e-action-hash=\"#elementor-action%3Aaction%3Dlightbox%26settings%3DeyJpZCI6MzQwODIsInVybCI6Imh0dHBzOlwvXC93d3cubGljaGVuLnBsXC93cC1jb250ZW50XC91cGxvYWRzXC8yMDIxXC8xMVwvVXJvY3p5c3Rvc2MtcG9ncnplYm93YS1zcC4ta3MuLUphbnVzemEtQmlhbHVjaGEtTUlDLTI0LWxpc3RvcGFkYS0yMDIxLXItMTcuanBnIiwic2xpZGVzaG93IjoiMzE5YWUwYyJ9\">\n\t\t\t\t\t<div class=\"e-gallery-image elementor-gallery-item__image\" data-thumbnail=\"https:\/\/www.lichen.pl\/wp-content\/uploads\/2021\/11\/Uroczystosc-pogrzebowa-sp.-ks.-Janusza-Bialucha-MIC-24-listopada-2021-r-17-150x150.jpg\" data-width=\"150\" data-height=\"150\" aria-label=\"\" role=\"img\" ><\/div>\n\t\t\t\t\t\t\t\t\t\t\t<div class=\"elementor-gallery-item__overlay\"><\/div>\n\t\t\t\t\t\t\t\t\t\t\t\t\t\t<\/a>\n\t\t\t\t\t\t\t<a class=\"e-gallery-item elementor-gallery-item elementor-animated-content\" data-e-gallery-tags=\"1\" href=\"https:\/\/www.lichen.pl\/wp-content\/uploads\/2021\/11\/Uroczystosc-pogrzebowa-sp.-ks.-Janusza-Bialucha-MIC-24-listopada-2021-r-16.jpg\" data-elementor-open-lightbox=\"yes\" data-elementor-lightbox-slideshow=\"319ae0c\" data-elementor-lightbox-title=\"Uroczysto\u015b\u0107 pogrzebowa \u015bp. ks. Janusza Bialucha MIC, 24 listopada 2021 r 16\" data-e-action-hash=\"#elementor-action%3Aaction%3Dlightbox%26settings%3DeyJpZCI6MzQwODEsInVybCI6Imh0dHBzOlwvXC93d3cubGljaGVuLnBsXC93cC1jb250ZW50XC91cGxvYWRzXC8yMDIxXC8xMVwvVXJvY3p5c3Rvc2MtcG9ncnplYm93YS1zcC4ta3MuLUphbnVzemEtQmlhbHVjaGEtTUlDLTI0LWxpc3RvcGFkYS0yMDIxLXItMTYuanBnIiwic2xpZGVzaG93IjoiMzE5YWUwYyJ9\">\n\t\t\t\t\t<div class=\"e-gallery-image elementor-gallery-item__image\" data-thumbnail=\"https:\/\/www.lichen.pl\/wp-content\/uploads\/2021\/11\/Uroczystosc-pogrzebowa-sp.-ks.-Janusza-Bialucha-MIC-24-listopada-2021-r-16-150x150.jpg\" data-width=\"150\" data-height=\"150\" aria-label=\"\" role=\"img\" ><\/div>\n\t\t\t\t\t\t\t\t\t\t\t<div class=\"elementor-gallery-item__overlay\"><\/div>\n\t\t\t\t\t\t\t\t\t\t\t\t\t\t<\/a>\n\t\t\t\t\t\t\t<a class=\"e-gallery-item elementor-gallery-item elementor-animated-content\" data-e-gallery-tags=\"1\" href=\"https:\/\/www.lichen.pl\/wp-content\/uploads\/2021\/11\/Uroczystosc-pogrzebowa-sp.-ks.-Janusza-Bialucha-MIC-24-listopada-2021-r-15.jpg\" data-elementor-open-lightbox=\"yes\" data-elementor-lightbox-slideshow=\"319ae0c\" data-elementor-lightbox-title=\"Uroczysto\u015b\u0107 pogrzebowa \u015bp. ks. Janusza Bialucha MIC, 24 listopada 2021 r 15\" data-e-action-hash=\"#elementor-action%3Aaction%3Dlightbox%26settings%3DeyJpZCI6MzQwODAsInVybCI6Imh0dHBzOlwvXC93d3cubGljaGVuLnBsXC93cC1jb250ZW50XC91cGxvYWRzXC8yMDIxXC8xMVwvVXJvY3p5c3Rvc2MtcG9ncnplYm93YS1zcC4ta3MuLUphbnVzemEtQmlhbHVjaGEtTUlDLTI0LWxpc3RvcGFkYS0yMDIxLXItMTUuanBnIiwic2xpZGVzaG93IjoiMzE5YWUwYyJ9\">\n\t\t\t\t\t<div class=\"e-gallery-image elementor-gallery-item__image\" data-thumbnail=\"https:\/\/www.lichen.pl\/wp-content\/uploads\/2021\/11\/Uroczystosc-pogrzebowa-sp.-ks.-Janusza-Bialucha-MIC-24-listopada-2021-r-15-150x150.jpg\" data-width=\"150\" data-height=\"150\" aria-label=\"\" role=\"img\" ><\/div>\n\t\t\t\t\t\t\t\t\t\t\t<div class=\"elementor-gallery-item__overlay\"><\/div>\n\t\t\t\t\t\t\t\t\t\t\t\t\t\t<\/a>\n\t\t\t\t\t\t\t<a class=\"e-gallery-item elementor-gallery-item elementor-animated-content\" data-e-gallery-tags=\"1\" href=\"https:\/\/www.lichen.pl\/wp-content\/uploads\/2021\/11\/Uroczystosc-pogrzebowa-sp.-ks.-Janusza-Bialucha-MIC-24-listopada-2021-r-14.jpg\" data-elementor-open-lightbox=\"yes\" data-elementor-lightbox-slideshow=\"319ae0c\" data-elementor-lightbox-title=\"Uroczysto\u015b\u0107 pogrzebowa \u015bp. ks. Janusza Bialucha MIC, 24 listopada 2021 r 14\" data-e-action-hash=\"#elementor-action%3Aaction%3Dlightbox%26settings%3DeyJpZCI6MzQwNzksInVybCI6Imh0dHBzOlwvXC93d3cubGljaGVuLnBsXC93cC1jb250ZW50XC91cGxvYWRzXC8yMDIxXC8xMVwvVXJvY3p5c3Rvc2MtcG9ncnplYm93YS1zcC4ta3MuLUphbnVzemEtQmlhbHVjaGEtTUlDLTI0LWxpc3RvcGFkYS0yMDIxLXItMTQuanBnIiwic2xpZGVzaG93IjoiMzE5YWUwYyJ9\">\n\t\t\t\t\t<div class=\"e-gallery-image elementor-gallery-item__image\" data-thumbnail=\"https:\/\/www.lichen.pl\/wp-content\/uploads\/2021\/11\/Uroczystosc-pogrzebowa-sp.-ks.-Janusza-Bialucha-MIC-24-listopada-2021-r-14-150x150.jpg\" data-width=\"150\" data-height=\"150\" aria-label=\"\" role=\"img\" ><\/div>\n\t\t\t\t\t\t\t\t\t\t\t<div class=\"elementor-gallery-item__overlay\"><\/div>\n\t\t\t\t\t\t\t\t\t\t\t\t\t\t<\/a>\n\t\t\t\t\t\t\t<a class=\"e-gallery-item elementor-gallery-item elementor-animated-content\" data-e-gallery-tags=\"1\" href=\"https:\/\/www.lichen.pl\/wp-content\/uploads\/2021\/11\/Uroczystosc-pogrzebowa-sp.-ks.-Janusza-Bialucha-MIC-24-listopada-2021-r-13.jpg\" data-elementor-open-lightbox=\"yes\" data-elementor-lightbox-slideshow=\"319ae0c\" data-elementor-lightbox-title=\"Uroczysto\u015b\u0107 pogrzebowa \u015bp. ks. Janusza Bialucha MIC, 24 listopada 2021 r 13\" data-e-action-hash=\"#elementor-action%3Aaction%3Dlightbox%26settings%3DeyJpZCI6MzQwNzcsInVybCI6Imh0dHBzOlwvXC93d3cubGljaGVuLnBsXC93cC1jb250ZW50XC91cGxvYWRzXC8yMDIxXC8xMVwvVXJvY3p5c3Rvc2MtcG9ncnplYm93YS1zcC4ta3MuLUphbnVzemEtQmlhbHVjaGEtTUlDLTI0LWxpc3RvcGFkYS0yMDIxLXItMTMuanBnIiwic2xpZGVzaG93IjoiMzE5YWUwYyJ9\">\n\t\t\t\t\t<div class=\"e-gallery-image elementor-gallery-item__image\" data-thumbnail=\"https:\/\/www.lichen.pl\/wp-content\/uploads\/2021\/11\/Uroczystosc-pogrzebowa-sp.-ks.-Janusza-Bialucha-MIC-24-listopada-2021-r-13-150x150.jpg\" data-width=\"150\" data-height=\"150\" aria-label=\"\" role=\"img\" ><\/div>\n\t\t\t\t\t\t\t\t\t\t\t<div class=\"elementor-gallery-item__overlay\"><\/div>\n\t\t\t\t\t\t\t\t\t\t\t\t\t\t<\/a>\n\t\t\t\t\t\t\t<a class=\"e-gallery-item elementor-gallery-item elementor-animated-content\" data-e-gallery-tags=\"1\" href=\"https:\/\/www.lichen.pl\/wp-content\/uploads\/2021\/11\/Uroczystosc-pogrzebowa-sp.-ks.-Janusza-Bialucha-MIC-24-listopada-2021-r-12.jpg\" data-elementor-open-lightbox=\"yes\" data-elementor-lightbox-slideshow=\"319ae0c\" data-elementor-lightbox-title=\"Uroczysto\u015b\u0107 pogrzebowa \u015bp. ks. Janusza Bialucha MIC, 24 listopada 2021 r 12\" data-e-action-hash=\"#elementor-action%3Aaction%3Dlightbox%26settings%3DeyJpZCI6MzQwNzYsInVybCI6Imh0dHBzOlwvXC93d3cubGljaGVuLnBsXC93cC1jb250ZW50XC91cGxvYWRzXC8yMDIxXC8xMVwvVXJvY3p5c3Rvc2MtcG9ncnplYm93YS1zcC4ta3MuLUphbnVzemEtQmlhbHVjaGEtTUlDLTI0LWxpc3RvcGFkYS0yMDIxLXItMTIuanBnIiwic2xpZGVzaG93IjoiMzE5YWUwYyJ9\">\n\t\t\t\t\t<div class=\"e-gallery-image elementor-gallery-item__image\" data-thumbnail=\"https:\/\/www.lichen.pl\/wp-content\/uploads\/2021\/11\/Uroczystosc-pogrzebowa-sp.-ks.-Janusza-Bialucha-MIC-24-listopada-2021-r-12-150x150.jpg\" data-width=\"150\" data-height=\"150\" aria-label=\"\" role=\"img\" ><\/div>\n\t\t\t\t\t\t\t\t\t\t\t<div class=\"elementor-gallery-item__overlay\"><\/div>\n\t\t\t\t\t\t\t\t\t\t\t\t\t\t<\/a>\n\t\t\t\t\t\t\t<a class=\"e-gallery-item elementor-gallery-item elementor-animated-content\" data-e-gallery-tags=\"1\" href=\"https:\/\/www.lichen.pl\/wp-content\/uploads\/2021\/11\/Uroczystosc-pogrzebowa-sp.-ks.-Janusza-Bialucha-MIC-24-listopada-2021-r-11.jpg\" data-elementor-open-lightbox=\"yes\" data-elementor-lightbox-slideshow=\"319ae0c\" data-elementor-lightbox-title=\"Uroczysto\u015b\u0107 pogrzebowa \u015bp. ks. Janusza Bialucha MIC, 24 listopada 2021 r 11\" data-e-action-hash=\"#elementor-action%3Aaction%3Dlightbox%26settings%3DeyJpZCI6MzQwNzUsInVybCI6Imh0dHBzOlwvXC93d3cubGljaGVuLnBsXC93cC1jb250ZW50XC91cGxvYWRzXC8yMDIxXC8xMVwvVXJvY3p5c3Rvc2MtcG9ncnplYm93YS1zcC4ta3MuLUphbnVzemEtQmlhbHVjaGEtTUlDLTI0LWxpc3RvcGFkYS0yMDIxLXItMTEuanBnIiwic2xpZGVzaG93IjoiMzE5YWUwYyJ9\">\n\t\t\t\t\t<div class=\"e-gallery-image elementor-gallery-item__image\" data-thumbnail=\"https:\/\/www.lichen.pl\/wp-content\/uploads\/2021\/11\/Uroczystosc-pogrzebowa-sp.-ks.-Janusza-Bialucha-MIC-24-listopada-2021-r-11-150x150.jpg\" data-width=\"150\" data-height=\"150\" aria-label=\"\" role=\"img\" ><\/div>\n\t\t\t\t\t\t\t\t\t\t\t<div class=\"elementor-gallery-item__overlay\"><\/div>\n\t\t\t\t\t\t\t\t\t\t\t\t\t\t<\/a>\n\t\t\t\t\t\t\t<a class=\"e-gallery-item elementor-gallery-item elementor-animated-content\" data-e-gallery-tags=\"1\" href=\"https:\/\/www.lichen.pl\/wp-content\/uploads\/2021\/11\/Uroczystosc-pogrzebowa-sp.-ks.-Janusza-Bialucha-MIC-24-listopada-2021-r-10.jpg\" data-elementor-open-lightbox=\"yes\" data-elementor-lightbox-slideshow=\"319ae0c\" data-elementor-lightbox-title=\"Uroczysto\u015b\u0107 pogrzebowa \u015bp. ks. Janusza Bialucha MIC, 24 listopada 2021 r 10\" data-e-action-hash=\"#elementor-action%3Aaction%3Dlightbox%26settings%3DeyJpZCI6MzQwNzQsInVybCI6Imh0dHBzOlwvXC93d3cubGljaGVuLnBsXC93cC1jb250ZW50XC91cGxvYWRzXC8yMDIxXC8xMVwvVXJvY3p5c3Rvc2MtcG9ncnplYm93YS1zcC4ta3MuLUphbnVzemEtQmlhbHVjaGEtTUlDLTI0LWxpc3RvcGFkYS0yMDIxLXItMTAuanBnIiwic2xpZGVzaG93IjoiMzE5YWUwYyJ9\">\n\t\t\t\t\t<div class=\"e-gallery-image elementor-gallery-item__image\" data-thumbnail=\"https:\/\/www.lichen.pl\/wp-content\/uploads\/2021\/11\/Uroczystosc-pogrzebowa-sp.-ks.-Janusza-Bialucha-MIC-24-listopada-2021-r-10-150x150.jpg\" data-width=\"150\" data-height=\"150\" aria-label=\"\" role=\"img\" ><\/div>\n\t\t\t\t\t\t\t\t\t\t\t<div class=\"elementor-gallery-item__overlay\"><\/div>\n\t\t\t\t\t\t\t\t\t\t\t\t\t\t<\/a>\n\t\t\t\t\t\t\t<a class=\"e-gallery-item elementor-gallery-item elementor-animated-content\" data-e-gallery-tags=\"1\" href=\"https:\/\/www.lichen.pl\/wp-content\/uploads\/2021\/11\/Uroczystosc-pogrzebowa-sp.-ks.-Janusza-Bialucha-MIC-24-listopada-2021-r-9.jpg\" data-elementor-open-lightbox=\"yes\" data-elementor-lightbox-slideshow=\"319ae0c\" data-elementor-lightbox-title=\"Uroczysto\u015b\u0107 pogrzebowa \u015bp. ks. Janusza Bialucha MIC, 24 listopada 2021 r 9\" data-e-action-hash=\"#elementor-action%3Aaction%3Dlightbox%26settings%3DeyJpZCI6MzQwNzMsInVybCI6Imh0dHBzOlwvXC93d3cubGljaGVuLnBsXC93cC1jb250ZW50XC91cGxvYWRzXC8yMDIxXC8xMVwvVXJvY3p5c3Rvc2MtcG9ncnplYm93YS1zcC4ta3MuLUphbnVzemEtQmlhbHVjaGEtTUlDLTI0LWxpc3RvcGFkYS0yMDIxLXItOS5qcGciLCJzbGlkZXNob3ciOiIzMTlhZTBjIn0%3D\">\n\t\t\t\t\t<div class=\"e-gallery-image elementor-gallery-item__image\" data-thumbnail=\"https:\/\/www.lichen.pl\/wp-content\/uploads\/2021\/11\/Uroczystosc-pogrzebowa-sp.-ks.-Janusza-Bialucha-MIC-24-listopada-2021-r-9-150x150.jpg\" data-width=\"150\" data-height=\"150\" aria-label=\"\" role=\"img\" ><\/div>\n\t\t\t\t\t\t\t\t\t\t\t<div class=\"elementor-gallery-item__overlay\"><\/div>\n\t\t\t\t\t\t\t\t\t\t\t\t\t\t<\/a>\n\t\t\t\t\t\t\t<a class=\"e-gallery-item elementor-gallery-item elementor-animated-content\" data-e-gallery-tags=\"1\" href=\"https:\/\/www.lichen.pl\/wp-content\/uploads\/2021\/11\/Uroczystosc-pogrzebowa-sp.-ks.-Janusza-Bialucha-MIC-24-listopada-2021-r-7.jpg\" data-elementor-open-lightbox=\"yes\" data-elementor-lightbox-slideshow=\"319ae0c\" data-elementor-lightbox-title=\"Uroczysto\u015b\u0107 pogrzebowa \u015bp. ks. Janusza Bialucha MIC, 24 listopada 2021 r 7\" data-e-action-hash=\"#elementor-action%3Aaction%3Dlightbox%26settings%3DeyJpZCI6MzQwNzEsInVybCI6Imh0dHBzOlwvXC93d3cubGljaGVuLnBsXC93cC1jb250ZW50XC91cGxvYWRzXC8yMDIxXC8xMVwvVXJvY3p5c3Rvc2MtcG9ncnplYm93YS1zcC4ta3MuLUphbnVzemEtQmlhbHVjaGEtTUlDLTI0LWxpc3RvcGFkYS0yMDIxLXItNy5qcGciLCJzbGlkZXNob3ciOiIzMTlhZTBjIn0%3D\">\n\t\t\t\t\t<div class=\"e-gallery-image elementor-gallery-item__image\" data-thumbnail=\"https:\/\/www.lichen.pl\/wp-content\/uploads\/2021\/11\/Uroczystosc-pogrzebowa-sp.-ks.-Janusza-Bialucha-MIC-24-listopada-2021-r-7-150x150.jpg\" data-width=\"150\" data-height=\"150\" aria-label=\"\" role=\"img\" ><\/div>\n\t\t\t\t\t\t\t\t\t\t\t<div class=\"elementor-gallery-item__overlay\"><\/div>\n\t\t\t\t\t\t\t\t\t\t\t\t\t\t<\/a>\n\t\t\t\t\t\t\t<a class=\"e-gallery-item elementor-gallery-item elementor-animated-content\" data-e-gallery-tags=\"1\" href=\"https:\/\/www.lichen.pl\/wp-content\/uploads\/2021\/11\/Uroczystosc-pogrzebowa-sp.-ks.-Janusza-Bialucha-MIC-24-listopada-2021-r-8.jpg\" data-elementor-open-lightbox=\"yes\" data-elementor-lightbox-slideshow=\"319ae0c\" data-elementor-lightbox-title=\"Uroczysto\u015b\u0107 pogrzebowa \u015bp. ks. Janusza Bialucha MIC, 24 listopada 2021 r 8\" data-e-action-hash=\"#elementor-action%3Aaction%3Dlightbox%26settings%3DeyJpZCI6MzQwNzIsInVybCI6Imh0dHBzOlwvXC93d3cubGljaGVuLnBsXC93cC1jb250ZW50XC91cGxvYWRzXC8yMDIxXC8xMVwvVXJvY3p5c3Rvc2MtcG9ncnplYm93YS1zcC4ta3MuLUphbnVzemEtQmlhbHVjaGEtTUlDLTI0LWxpc3RvcGFkYS0yMDIxLXItOC5qcGciLCJzbGlkZXNob3ciOiIzMTlhZTBjIn0%3D\">\n\t\t\t\t\t<div class=\"e-gallery-image elementor-gallery-item__image\" data-thumbnail=\"https:\/\/www.lichen.pl\/wp-content\/uploads\/2021\/11\/Uroczystosc-pogrzebowa-sp.-ks.-Janusza-Bialucha-MIC-24-listopada-2021-r-8-150x150.jpg\" data-width=\"150\" data-height=\"150\" aria-label=\"\" role=\"img\" ><\/div>\n\t\t\t\t\t\t\t\t\t\t\t<div class=\"elementor-gallery-item__overlay\"><\/div>\n\t\t\t\t\t\t\t\t\t\t\t\t\t\t<\/a>\n\t\t\t\t\t\t\t<a class=\"e-gallery-item elementor-gallery-item elementor-animated-content\" data-e-gallery-tags=\"1\" href=\"https:\/\/www.lichen.pl\/wp-content\/uploads\/2021\/11\/Uroczystosc-pogrzebowa-sp.-ks.-Janusza-Bialucha-MIC-24-listopada-2021-r-6.jpg\" data-elementor-open-lightbox=\"yes\" data-elementor-lightbox-slideshow=\"319ae0c\" data-elementor-lightbox-title=\"Uroczysto\u015b\u0107 pogrzebowa \u015bp. ks. Janusza Bialucha MIC, 24 listopada 2021 r 6\" data-e-action-hash=\"#elementor-action%3Aaction%3Dlightbox%26settings%3DeyJpZCI6MzQwNzAsInVybCI6Imh0dHBzOlwvXC93d3cubGljaGVuLnBsXC93cC1jb250ZW50XC91cGxvYWRzXC8yMDIxXC8xMVwvVXJvY3p5c3Rvc2MtcG9ncnplYm93YS1zcC4ta3MuLUphbnVzemEtQmlhbHVjaGEtTUlDLTI0LWxpc3RvcGFkYS0yMDIxLXItNi5qcGciLCJzbGlkZXNob3ciOiIzMTlhZTBjIn0%3D\">\n\t\t\t\t\t<div class=\"e-gallery-image elementor-gallery-item__image\" data-thumbnail=\"https:\/\/www.lichen.pl\/wp-content\/uploads\/2021\/11\/Uroczystosc-pogrzebowa-sp.-ks.-Janusza-Bialucha-MIC-24-listopada-2021-r-6-150x150.jpg\" data-width=\"150\" data-height=\"150\" aria-label=\"\" role=\"img\" ><\/div>\n\t\t\t\t\t\t\t\t\t\t\t<div class=\"elementor-gallery-item__overlay\"><\/div>\n\t\t\t\t\t\t\t\t\t\t\t\t\t\t<\/a>\n\t\t\t\t\t\t\t<a class=\"e-gallery-item elementor-gallery-item elementor-animated-content\" data-e-gallery-tags=\"1\" href=\"https:\/\/www.lichen.pl\/wp-content\/uploads\/2021\/11\/Uroczystosc-pogrzebowa-sp.-ks.-Janusza-Bialucha-MIC-24-listopada-2021-r-5.jpg\" data-elementor-open-lightbox=\"yes\" data-elementor-lightbox-slideshow=\"319ae0c\" data-elementor-lightbox-title=\"Uroczysto\u015b\u0107 pogrzebowa \u015bp. ks. Janusza Bialucha MIC, 24 listopada 2021 r 5\" data-e-action-hash=\"#elementor-action%3Aaction%3Dlightbox%26settings%3DeyJpZCI6MzQwNjksInVybCI6Imh0dHBzOlwvXC93d3cubGljaGVuLnBsXC93cC1jb250ZW50XC91cGxvYWRzXC8yMDIxXC8xMVwvVXJvY3p5c3Rvc2MtcG9ncnplYm93YS1zcC4ta3MuLUphbnVzemEtQmlhbHVjaGEtTUlDLTI0LWxpc3RvcGFkYS0yMDIxLXItNS5qcGciLCJzbGlkZXNob3ciOiIzMTlhZTBjIn0%3D\">\n\t\t\t\t\t<div class=\"e-gallery-image elementor-gallery-item__image\" data-thumbnail=\"https:\/\/www.lichen.pl\/wp-content\/uploads\/2021\/11\/Uroczystosc-pogrzebowa-sp.-ks.-Janusza-Bialucha-MIC-24-listopada-2021-r-5-150x150.jpg\" data-width=\"150\" data-height=\"150\" aria-label=\"\" role=\"img\" ><\/div>\n\t\t\t\t\t\t\t\t\t\t\t<div class=\"elementor-gallery-item__overlay\"><\/div>\n\t\t\t\t\t\t\t\t\t\t\t\t\t\t<\/a>\n\t\t\t\t\t\t\t<a class=\"e-gallery-item elementor-gallery-item elementor-animated-content\" data-e-gallery-tags=\"1\" href=\"https:\/\/www.lichen.pl\/wp-content\/uploads\/2021\/11\/Uroczystosc-pogrzebowa-sp.-ks.-Janusza-Bialucha-MIC-24-listopada-2021-r-4.jpg\" data-elementor-open-lightbox=\"yes\" data-elementor-lightbox-slideshow=\"319ae0c\" data-elementor-lightbox-title=\"Uroczysto\u015b\u0107 pogrzebowa \u015bp. ks. Janusza Bialucha MIC, 24 listopada 2021 r 4\" data-e-action-hash=\"#elementor-action%3Aaction%3Dlightbox%26settings%3DeyJpZCI6MzQwNjgsInVybCI6Imh0dHBzOlwvXC93d3cubGljaGVuLnBsXC93cC1jb250ZW50XC91cGxvYWRzXC8yMDIxXC8xMVwvVXJvY3p5c3Rvc2MtcG9ncnplYm93YS1zcC4ta3MuLUphbnVzemEtQmlhbHVjaGEtTUlDLTI0LWxpc3RvcGFkYS0yMDIxLXItNC5qcGciLCJzbGlkZXNob3ciOiIzMTlhZTBjIn0%3D\">\n\t\t\t\t\t<div class=\"e-gallery-image elementor-gallery-item__image\" data-thumbnail=\"https:\/\/www.lichen.pl\/wp-content\/uploads\/2021\/11\/Uroczystosc-pogrzebowa-sp.-ks.-Janusza-Bialucha-MIC-24-listopada-2021-r-4-150x150.jpg\" data-width=\"150\" data-height=\"150\" aria-label=\"\" role=\"img\" ><\/div>\n\t\t\t\t\t\t\t\t\t\t\t<div class=\"elementor-gallery-item__overlay\"><\/div>\n\t\t\t\t\t\t\t\t\t\t\t\t\t\t<\/a>\n\t\t\t\t\t\t\t<a class=\"e-gallery-item elementor-gallery-item elementor-animated-content\" data-e-gallery-tags=\"1\" href=\"https:\/\/www.lichen.pl\/wp-content\/uploads\/2021\/11\/Uroczystosc-pogrzebowa-sp.-ks.-Janusza-Bialucha-MIC-24-listopada-2021-r-3.jpg\" data-elementor-open-lightbox=\"yes\" data-elementor-lightbox-slideshow=\"319ae0c\" data-elementor-lightbox-title=\"Uroczysto\u015b\u0107 pogrzebowa \u015bp. ks. Janusza Bialucha MIC, 24 listopada 2021 r 3\" data-e-action-hash=\"#elementor-action%3Aaction%3Dlightbox%26settings%3DeyJpZCI6MzQwNjcsInVybCI6Imh0dHBzOlwvXC93d3cubGljaGVuLnBsXC93cC1jb250ZW50XC91cGxvYWRzXC8yMDIxXC8xMVwvVXJvY3p5c3Rvc2MtcG9ncnplYm93YS1zcC4ta3MuLUphbnVzemEtQmlhbHVjaGEtTUlDLTI0LWxpc3RvcGFkYS0yMDIxLXItMy5qcGciLCJzbGlkZXNob3ciOiIzMTlhZTBjIn0%3D\">\n\t\t\t\t\t<div class=\"e-gallery-image elementor-gallery-item__image\" data-thumbnail=\"https:\/\/www.lichen.pl\/wp-content\/uploads\/2021\/11\/Uroczystosc-pogrzebowa-sp.-ks.-Janusza-Bialucha-MIC-24-listopada-2021-r-3-150x150.jpg\" data-width=\"150\" data-height=\"150\" aria-label=\"\" role=\"img\" ><\/div>\n\t\t\t\t\t\t\t\t\t\t\t<div class=\"elementor-gallery-item__overlay\"><\/div>\n\t\t\t\t\t\t\t\t\t\t\t\t\t\t<\/a>\n\t\t\t\t\t\t\t<a class=\"e-gallery-item elementor-gallery-item elementor-animated-content\" data-e-gallery-tags=\"1\" href=\"https:\/\/www.lichen.pl\/wp-content\/uploads\/2021\/11\/Uroczystosc-pogrzebowa-sp.-ks.-Janusza-Bialucha-MIC-24-listopada-2021-r-2.jpg\" data-elementor-open-lightbox=\"yes\" data-elementor-lightbox-slideshow=\"319ae0c\" data-elementor-lightbox-title=\"Uroczysto\u015b\u0107 pogrzebowa \u015bp. ks. Janusza Bialucha MIC, 24 listopada 2021 r 2\" data-e-action-hash=\"#elementor-action%3Aaction%3Dlightbox%26settings%3DeyJpZCI6MzQwNjYsInVybCI6Imh0dHBzOlwvXC93d3cubGljaGVuLnBsXC93cC1jb250ZW50XC91cGxvYWRzXC8yMDIxXC8xMVwvVXJvY3p5c3Rvc2MtcG9ncnplYm93YS1zcC4ta3MuLUphbnVzemEtQmlhbHVjaGEtTUlDLTI0LWxpc3RvcGFkYS0yMDIxLXItMi5qcGciLCJzbGlkZXNob3ciOiIzMTlhZTBjIn0%3D\">\n\t\t\t\t\t<div class=\"e-gallery-image elementor-gallery-item__image\" data-thumbnail=\"https:\/\/www.lichen.pl\/wp-content\/uploads\/2021\/11\/Uroczystosc-pogrzebowa-sp.-ks.-Janusza-Bialucha-MIC-24-listopada-2021-r-2-150x150.jpg\" data-width=\"150\" data-height=\"150\" aria-label=\"\" role=\"img\" ><\/div>\n\t\t\t\t\t\t\t\t\t\t\t<div class=\"elementor-gallery-item__overlay\"><\/div>\n\t\t\t\t\t\t\t\t\t\t\t\t\t\t<\/a>\n\t\t\t\t\t\t\t<a class=\"e-gallery-item elementor-gallery-item elementor-animated-content\" data-e-gallery-tags=\"1\" href=\"https:\/\/www.lichen.pl\/wp-content\/uploads\/2021\/11\/Uroczystosc-pogrzebowa-sp.-ks.-Janusza-Bialucha-MIC-24-listopada-2021-r-1.jpg\" data-elementor-open-lightbox=\"yes\" data-elementor-lightbox-slideshow=\"319ae0c\" data-elementor-lightbox-title=\"Uroczysto\u015b\u0107 pogrzebowa \u015bp. ks. Janusza Bialucha MIC, 24 listopada 2021 r 1\" data-e-action-hash=\"#elementor-action%3Aaction%3Dlightbox%26settings%3DeyJpZCI6MzQwNjUsInVybCI6Imh0dHBzOlwvXC93d3cubGljaGVuLnBsXC93cC1jb250ZW50XC91cGxvYWRzXC8yMDIxXC8xMVwvVXJvY3p5c3Rvc2MtcG9ncnplYm93YS1zcC4ta3MuLUphbnVzemEtQmlhbHVjaGEtTUlDLTI0LWxpc3RvcGFkYS0yMDIxLXItMS5qcGciLCJzbGlkZXNob3ciOiIzMTlhZTBjIn0%3D\">\n\t\t\t\t\t<div class=\"e-gallery-image elementor-gallery-item__image\" data-thumbnail=\"https:\/\/www.lichen.pl\/wp-content\/uploads\/2021\/11\/Uroczystosc-pogrzebowa-sp.-ks.-Janusza-Bialucha-MIC-24-listopada-2021-r-1-150x150.jpg\" data-width=\"150\" data-height=\"150\" aria-label=\"\" role=\"img\" ><\/div>\n\t\t\t\t\t\t\t\t\t\t\t<div class=\"elementor-gallery-item__overlay\"><\/div>\n\t\t\t\t\t\t\t\t\t\t\t\t\t\t<\/a>\n\t\t\t\t\t\t\t<a class=\"e-gallery-item elementor-gallery-item elementor-animated-content\" data-e-gallery-tags=\"1\" href=\"https:\/\/www.lichen.pl\/wp-content\/uploads\/2021\/11\/Ks.-Janusz-Bialucha-MIC.jpg\" data-elementor-open-lightbox=\"yes\" data-elementor-lightbox-slideshow=\"319ae0c\" data-elementor-lightbox-title=\"Ks. Janusz Bialucha MIC\" data-e-action-hash=\"#elementor-action%3Aaction%3Dlightbox%26settings%3DeyJpZCI6MzM5NjAsInVybCI6Imh0dHBzOlwvXC93d3cubGljaGVuLnBsXC93cC1jb250ZW50XC91cGxvYWRzXC8yMDIxXC8xMVwvS3MuLUphbnVzei1CaWFsdWNoYS1NSUMuanBnIiwic2xpZGVzaG93IjoiMzE5YWUwYyJ9\">\n\t\t\t\t\t<div class=\"e-gallery-image elementor-gallery-item__image\" data-thumbnail=\"https:\/\/www.lichen.pl\/wp-content\/uploads\/2021\/11\/Ks.-Janusz-Bialucha-MIC-150x150.jpg\" data-width=\"150\" data-height=\"150\" aria-label=\"\" role=\"img\" ><\/div>\n\t\t\t\t\t\t\t\t\t\t\t<div class=\"elementor-gallery-item__overlay\"><\/div>\n\t\t\t\t\t\t\t\t\t\t\t\t\t\t<\/a>\n\t\t\t\t\t\t\t<a class=\"e-gallery-item elementor-gallery-item elementor-animated-content\" data-e-gallery-tags=\"2,3\" href=\"https:\/\/www.lichen.pl\/wp-content\/uploads\/2021\/11\/Ogolnopolskie-Zebranie-Duszpasterzy-Sluzby-Liturgicznej-5-listopada-2021-47.jpg\" data-elementor-open-lightbox=\"yes\" data-elementor-lightbox-slideshow=\"319ae0c\" data-elementor-lightbox-title=\"Og\u00f3lnopolskie Zebranie Duszpasterzy S\u0142u\u017cby Liturgicznej 5 listopada 2021 47\" data-e-action-hash=\"#elementor-action%3Aaction%3Dlightbox%26settings%3DeyJpZCI6MzMzNDEsInVybCI6Imh0dHBzOlwvXC93d3cubGljaGVuLnBsXC93cC1jb250ZW50XC91cGxvYWRzXC8yMDIxXC8xMVwvT2dvbG5vcG9sc2tpZS1aZWJyYW5pZS1EdXN6cGFzdGVyenktU2x1emJ5LUxpdHVyZ2ljem5lai01LWxpc3RvcGFkYS0yMDIxLTQ3LmpwZyIsInNsaWRlc2hvdyI6IjMxOWFlMGMifQ%3D%3D\">\n\t\t\t\t\t<div class=\"e-gallery-image elementor-gallery-item__image\" data-thumbnail=\"https:\/\/www.lichen.pl\/wp-content\/uploads\/2021\/11\/Ogolnopolskie-Zebranie-Duszpasterzy-Sluzby-Liturgicznej-5-listopada-2021-47-150x150.jpg\" data-width=\"150\" data-height=\"150\" aria-label=\"\" role=\"img\" ><\/div>\n\t\t\t\t\t\t\t\t\t\t\t<div class=\"elementor-gallery-item__overlay\"><\/div>\n\t\t\t\t\t\t\t\t\t\t\t\t\t\t<\/a>\n\t\t\t\t\t\t\t<a class=\"e-gallery-item elementor-gallery-item elementor-animated-content\" data-e-gallery-tags=\"2,3\" href=\"https:\/\/www.lichen.pl\/wp-content\/uploads\/2021\/11\/Ogolnopolskie-Zebranie-Duszpasterzy-Sluzby-Liturgicznej-5-listopada-2021-46.jpg\" data-elementor-open-lightbox=\"yes\" data-elementor-lightbox-slideshow=\"319ae0c\" data-elementor-lightbox-title=\"Og\u00f3lnopolskie Zebranie Duszpasterzy S\u0142u\u017cby Liturgicznej 5 listopada 2021 46\" data-e-action-hash=\"#elementor-action%3Aaction%3Dlightbox%26settings%3DeyJpZCI6MzMzNDAsInVybCI6Imh0dHBzOlwvXC93d3cubGljaGVuLnBsXC93cC1jb250ZW50XC91cGxvYWRzXC8yMDIxXC8xMVwvT2dvbG5vcG9sc2tpZS1aZWJyYW5pZS1EdXN6cGFzdGVyenktU2x1emJ5LUxpdHVyZ2ljem5lai01LWxpc3RvcGFkYS0yMDIxLTQ2LmpwZyIsInNsaWRlc2hvdyI6IjMxOWFlMGMifQ%3D%3D\">\n\t\t\t\t\t<div class=\"e-gallery-image elementor-gallery-item__image\" data-thumbnail=\"https:\/\/www.lichen.pl\/wp-content\/uploads\/2021\/11\/Ogolnopolskie-Zebranie-Duszpasterzy-Sluzby-Liturgicznej-5-listopada-2021-46-150x150.jpg\" data-width=\"150\" data-height=\"150\" aria-label=\"\" role=\"img\" ><\/div>\n\t\t\t\t\t\t\t\t\t\t\t<div class=\"elementor-gallery-item__overlay\"><\/div>\n\t\t\t\t\t\t\t\t\t\t\t\t\t\t<\/a>\n\t\t\t\t\t\t\t<a class=\"e-gallery-item elementor-gallery-item elementor-animated-content\" data-e-gallery-tags=\"2,3\" href=\"https:\/\/www.lichen.pl\/wp-content\/uploads\/2021\/11\/Ogolnopolskie-Zebranie-Duszpasterzy-Sluzby-Liturgicznej-5-listopada-2021-45.jpg\" data-elementor-open-lightbox=\"yes\" data-elementor-lightbox-slideshow=\"319ae0c\" data-elementor-lightbox-title=\"Og\u00f3lnopolskie Zebranie Duszpasterzy S\u0142u\u017cby Liturgicznej 5 listopada 2021 45\" data-e-action-hash=\"#elementor-action%3Aaction%3Dlightbox%26settings%3DeyJpZCI6MzMzMzksInVybCI6Imh0dHBzOlwvXC93d3cubGljaGVuLnBsXC93cC1jb250ZW50XC91cGxvYWRzXC8yMDIxXC8xMVwvT2dvbG5vcG9sc2tpZS1aZWJyYW5pZS1EdXN6cGFzdGVyenktU2x1emJ5LUxpdHVyZ2ljem5lai01LWxpc3RvcGFkYS0yMDIxLTQ1LmpwZyIsInNsaWRlc2hvdyI6IjMxOWFlMGMifQ%3D%3D\">\n\t\t\t\t\t<div class=\"e-gallery-image elementor-gallery-item__image\" data-thumbnail=\"https:\/\/www.lichen.pl\/wp-content\/uploads\/2021\/11\/Ogolnopolskie-Zebranie-Duszpasterzy-Sluzby-Liturgicznej-5-listopada-2021-45-150x150.jpg\" data-width=\"150\" data-height=\"150\" aria-label=\"\" role=\"img\" ><\/div>\n\t\t\t\t\t\t\t\t\t\t\t<div class=\"elementor-gallery-item__overlay\"><\/div>\n\t\t\t\t\t\t\t\t\t\t\t\t\t\t<\/a>\n\t\t\t\t\t\t\t<a class=\"e-gallery-item elementor-gallery-item elementor-animated-content\" data-e-gallery-tags=\"2,3\" href=\"https:\/\/www.lichen.pl\/wp-content\/uploads\/2021\/11\/Ogolnopolskie-Zebranie-Duszpasterzy-Sluzby-Liturgicznej-5-listopada-2021-44.jpg\" data-elementor-open-lightbox=\"yes\" data-elementor-lightbox-slideshow=\"319ae0c\" data-elementor-lightbox-title=\"Og\u00f3lnopolskie Zebranie Duszpasterzy S\u0142u\u017cby Liturgicznej 5 listopada 2021 44\" data-e-action-hash=\"#elementor-action%3Aaction%3Dlightbox%26settings%3DeyJpZCI6MzMzMzgsInVybCI6Imh0dHBzOlwvXC93d3cubGljaGVuLnBsXC93cC1jb250ZW50XC91cGxvYWRzXC8yMDIxXC8xMVwvT2dvbG5vcG9sc2tpZS1aZWJyYW5pZS1EdXN6cGFzdGVyenktU2x1emJ5LUxpdHVyZ2ljem5lai01LWxpc3RvcGFkYS0yMDIxLTQ0LmpwZyIsInNsaWRlc2hvdyI6IjMxOWFlMGMifQ%3D%3D\">\n\t\t\t\t\t<div class=\"e-gallery-image elementor-gallery-item__image\" data-thumbnail=\"https:\/\/www.lichen.pl\/wp-content\/uploads\/2021\/11\/Ogolnopolskie-Zebranie-Duszpasterzy-Sluzby-Liturgicznej-5-listopada-2021-44-150x150.jpg\" data-width=\"150\" data-height=\"150\" aria-label=\"\" role=\"img\" ><\/div>\n\t\t\t\t\t\t\t\t\t\t\t<div class=\"elementor-gallery-item__overlay\"><\/div>\n\t\t\t\t\t\t\t\t\t\t\t\t\t\t<\/a>\n\t\t\t\t\t\t\t<a class=\"e-gallery-item elementor-gallery-item elementor-animated-content\" data-e-gallery-tags=\"2,3\" href=\"https:\/\/www.lichen.pl\/wp-content\/uploads\/2021\/11\/Ogolnopolskie-Zebranie-Duszpasterzy-Sluzby-Liturgicznej-5-listopada-2021-43.jpg\" data-elementor-open-lightbox=\"yes\" data-elementor-lightbox-slideshow=\"319ae0c\" data-elementor-lightbox-title=\"Og\u00f3lnopolskie Zebranie Duszpasterzy S\u0142u\u017cby Liturgicznej 5 listopada 2021 43\" data-e-action-hash=\"#elementor-action%3Aaction%3Dlightbox%26settings%3DeyJpZCI6MzMzMzcsInVybCI6Imh0dHBzOlwvXC93d3cubGljaGVuLnBsXC93cC1jb250ZW50XC91cGxvYWRzXC8yMDIxXC8xMVwvT2dvbG5vcG9sc2tpZS1aZWJyYW5pZS1EdXN6cGFzdGVyenktU2x1emJ5LUxpdHVyZ2ljem5lai01LWxpc3RvcGFkYS0yMDIxLTQzLmpwZyIsInNsaWRlc2hvdyI6IjMxOWFlMGMifQ%3D%3D\">\n\t\t\t\t\t<div class=\"e-gallery-image elementor-gallery-item__image\" data-thumbnail=\"https:\/\/www.lichen.pl\/wp-content\/uploads\/2021\/11\/Ogolnopolskie-Zebranie-Duszpasterzy-Sluzby-Liturgicznej-5-listopada-2021-43-150x150.jpg\" data-width=\"150\" data-height=\"150\" aria-label=\"\" role=\"img\" ><\/div>\n\t\t\t\t\t\t\t\t\t\t\t<div class=\"elementor-gallery-item__overlay\"><\/div>\n\t\t\t\t\t\t\t\t\t\t\t\t\t\t<\/a>\n\t\t\t\t\t\t\t<a class=\"e-gallery-item elementor-gallery-item elementor-animated-content\" data-e-gallery-tags=\"2,3\" href=\"https:\/\/www.lichen.pl\/wp-content\/uploads\/2021\/11\/Ogolnopolskie-Zebranie-Duszpasterzy-Sluzby-Liturgicznej-5-listopada-2021-42.jpg\" data-elementor-open-lightbox=\"yes\" data-elementor-lightbox-slideshow=\"319ae0c\" data-elementor-lightbox-title=\"Og\u00f3lnopolskie Zebranie Duszpasterzy S\u0142u\u017cby Liturgicznej 5 listopada 2021 42\" data-e-action-hash=\"#elementor-action%3Aaction%3Dlightbox%26settings%3DeyJpZCI6MzMzMzYsInVybCI6Imh0dHBzOlwvXC93d3cubGljaGVuLnBsXC93cC1jb250ZW50XC91cGxvYWRzXC8yMDIxXC8xMVwvT2dvbG5vcG9sc2tpZS1aZWJyYW5pZS1EdXN6cGFzdGVyenktU2x1emJ5LUxpdHVyZ2ljem5lai01LWxpc3RvcGFkYS0yMDIxLTQyLmpwZyIsInNsaWRlc2hvdyI6IjMxOWFlMGMifQ%3D%3D\">\n\t\t\t\t\t<div class=\"e-gallery-image elementor-gallery-item__image\" data-thumbnail=\"https:\/\/www.lichen.pl\/wp-content\/uploads\/2021\/11\/Ogolnopolskie-Zebranie-Duszpasterzy-Sluzby-Liturgicznej-5-listopada-2021-42-150x150.jpg\" data-width=\"150\" data-height=\"150\" aria-label=\"\" role=\"img\" ><\/div>\n\t\t\t\t\t\t\t\t\t\t\t<div class=\"elementor-gallery-item__overlay\"><\/div>\n\t\t\t\t\t\t\t\t\t\t\t\t\t\t<\/a>\n\t\t\t\t\t\t\t<a class=\"e-gallery-item elementor-gallery-item elementor-animated-content\" data-e-gallery-tags=\"2,3\" href=\"https:\/\/www.lichen.pl\/wp-content\/uploads\/2021\/11\/Ogolnopolskie-Zebranie-Duszpasterzy-Sluzby-Liturgicznej-5-listopada-2021-41.jpg\" data-elementor-open-lightbox=\"yes\" data-elementor-lightbox-slideshow=\"319ae0c\" data-elementor-lightbox-title=\"Og\u00f3lnopolskie Zebranie Duszpasterzy S\u0142u\u017cby Liturgicznej 5 listopada 2021 41\" data-e-action-hash=\"#elementor-action%3Aaction%3Dlightbox%26settings%3DeyJpZCI6MzMzMzUsInVybCI6Imh0dHBzOlwvXC93d3cubGljaGVuLnBsXC93cC1jb250ZW50XC91cGxvYWRzXC8yMDIxXC8xMVwvT2dvbG5vcG9sc2tpZS1aZWJyYW5pZS1EdXN6cGFzdGVyenktU2x1emJ5LUxpdHVyZ2ljem5lai01LWxpc3RvcGFkYS0yMDIxLTQxLmpwZyIsInNsaWRlc2hvdyI6IjMxOWFlMGMifQ%3D%3D\">\n\t\t\t\t\t<div class=\"e-gallery-image elementor-gallery-item__image\" data-thumbnail=\"https:\/\/www.lichen.pl\/wp-content\/uploads\/2021\/11\/Ogolnopolskie-Zebranie-Duszpasterzy-Sluzby-Liturgicznej-5-listopada-2021-41-150x150.jpg\" data-width=\"150\" data-height=\"150\" aria-label=\"\" role=\"img\" ><\/div>\n\t\t\t\t\t\t\t\t\t\t\t<div class=\"elementor-gallery-item__overlay\"><\/div>\n\t\t\t\t\t\t\t\t\t\t\t\t\t\t<\/a>\n\t\t\t\t\t\t\t<a class=\"e-gallery-item elementor-gallery-item elementor-animated-content\" data-e-gallery-tags=\"2,3\" href=\"https:\/\/www.lichen.pl\/wp-content\/uploads\/2021\/11\/Ogolnopolskie-Zebranie-Duszpasterzy-Sluzby-Liturgicznej-5-listopada-2021-40.jpg\" data-elementor-open-lightbox=\"yes\" data-elementor-lightbox-slideshow=\"319ae0c\" data-elementor-lightbox-title=\"Og\u00f3lnopolskie Zebranie Duszpasterzy S\u0142u\u017cby Liturgicznej 5 listopada 2021 40\" data-e-action-hash=\"#elementor-action%3Aaction%3Dlightbox%26settings%3DeyJpZCI6MzMzMzQsInVybCI6Imh0dHBzOlwvXC93d3cubGljaGVuLnBsXC93cC1jb250ZW50XC91cGxvYWRzXC8yMDIxXC8xMVwvT2dvbG5vcG9sc2tpZS1aZWJyYW5pZS1EdXN6cGFzdGVyenktU2x1emJ5LUxpdHVyZ2ljem5lai01LWxpc3RvcGFkYS0yMDIxLTQwLmpwZyIsInNsaWRlc2hvdyI6IjMxOWFlMGMifQ%3D%3D\">\n\t\t\t\t\t<div class=\"e-gallery-image elementor-gallery-item__image\" data-thumbnail=\"https:\/\/www.lichen.pl\/wp-content\/uploads\/2021\/11\/Ogolnopolskie-Zebranie-Duszpasterzy-Sluzby-Liturgicznej-5-listopada-2021-40-150x150.jpg\" data-width=\"150\" data-height=\"150\" aria-label=\"\" role=\"img\" ><\/div>\n\t\t\t\t\t\t\t\t\t\t\t<div class=\"elementor-gallery-item__overlay\"><\/div>\n\t\t\t\t\t\t\t\t\t\t\t\t\t\t<\/a>\n\t\t\t\t\t\t\t<a class=\"e-gallery-item elementor-gallery-item elementor-animated-content\" data-e-gallery-tags=\"2,3\" href=\"https:\/\/www.lichen.pl\/wp-content\/uploads\/2021\/11\/Ogolnopolskie-Zebranie-Duszpasterzy-Sluzby-Liturgicznej-5-listopada-2021-39.jpg\" data-elementor-open-lightbox=\"yes\" data-elementor-lightbox-slideshow=\"319ae0c\" data-elementor-lightbox-title=\"Og\u00f3lnopolskie Zebranie Duszpasterzy S\u0142u\u017cby Liturgicznej 5 listopada 2021 39\" data-e-action-hash=\"#elementor-action%3Aaction%3Dlightbox%26settings%3DeyJpZCI6MzMzMzMsInVybCI6Imh0dHBzOlwvXC93d3cubGljaGVuLnBsXC93cC1jb250ZW50XC91cGxvYWRzXC8yMDIxXC8xMVwvT2dvbG5vcG9sc2tpZS1aZWJyYW5pZS1EdXN6cGFzdGVyenktU2x1emJ5LUxpdHVyZ2ljem5lai01LWxpc3RvcGFkYS0yMDIxLTM5LmpwZyIsInNsaWRlc2hvdyI6IjMxOWFlMGMifQ%3D%3D\">\n\t\t\t\t\t<div class=\"e-gallery-image elementor-gallery-item__image\" data-thumbnail=\"https:\/\/www.lichen.pl\/wp-content\/uploads\/2021\/11\/Ogolnopolskie-Zebranie-Duszpasterzy-Sluzby-Liturgicznej-5-listopada-2021-39-150x150.jpg\" data-width=\"150\" data-height=\"150\" aria-label=\"\" role=\"img\" ><\/div>\n\t\t\t\t\t\t\t\t\t\t\t<div class=\"elementor-gallery-item__overlay\"><\/div>\n\t\t\t\t\t\t\t\t\t\t\t\t\t\t<\/a>\n\t\t\t\t\t\t\t<a class=\"e-gallery-item elementor-gallery-item elementor-animated-content\" data-e-gallery-tags=\"2,3\" href=\"https:\/\/www.lichen.pl\/wp-content\/uploads\/2021\/11\/Ogolnopolskie-Zebranie-Duszpasterzy-Sluzby-Liturgicznej-5-listopada-2021-38.jpg\" data-elementor-open-lightbox=\"yes\" data-elementor-lightbox-slideshow=\"319ae0c\" data-elementor-lightbox-title=\"Og\u00f3lnopolskie Zebranie Duszpasterzy S\u0142u\u017cby Liturgicznej 5 listopada 2021 38\" data-e-action-hash=\"#elementor-action%3Aaction%3Dlightbox%26settings%3DeyJpZCI6MzMzMzIsInVybCI6Imh0dHBzOlwvXC93d3cubGljaGVuLnBsXC93cC1jb250ZW50XC91cGxvYWRzXC8yMDIxXC8xMVwvT2dvbG5vcG9sc2tpZS1aZWJyYW5pZS1EdXN6cGFzdGVyenktU2x1emJ5LUxpdHVyZ2ljem5lai01LWxpc3RvcGFkYS0yMDIxLTM4LmpwZyIsInNsaWRlc2hvdyI6IjMxOWFlMGMifQ%3D%3D\">\n\t\t\t\t\t<div class=\"e-gallery-image elementor-gallery-item__image\" data-thumbnail=\"https:\/\/www.lichen.pl\/wp-content\/uploads\/2021\/11\/Ogolnopolskie-Zebranie-Duszpasterzy-Sluzby-Liturgicznej-5-listopada-2021-38-150x150.jpg\" data-width=\"150\" data-height=\"150\" aria-label=\"\" role=\"img\" ><\/div>\n\t\t\t\t\t\t\t\t\t\t\t<div class=\"elementor-gallery-item__overlay\"><\/div>\n\t\t\t\t\t\t\t\t\t\t\t\t\t\t<\/a>\n\t\t\t\t\t\t\t<a class=\"e-gallery-item elementor-gallery-item elementor-animated-content\" data-e-gallery-tags=\"2,3\" href=\"https:\/\/www.lichen.pl\/wp-content\/uploads\/2021\/11\/Ogolnopolskie-Zebranie-Duszpasterzy-Sluzby-Liturgicznej-5-listopada-2021-37.jpg\" data-elementor-open-lightbox=\"yes\" data-elementor-lightbox-slideshow=\"319ae0c\" data-elementor-lightbox-title=\"Og\u00f3lnopolskie Zebranie Duszpasterzy S\u0142u\u017cby Liturgicznej 5 listopada 2021 37\" data-e-action-hash=\"#elementor-action%3Aaction%3Dlightbox%26settings%3DeyJpZCI6MzMzMzEsInVybCI6Imh0dHBzOlwvXC93d3cubGljaGVuLnBsXC93cC1jb250ZW50XC91cGxvYWRzXC8yMDIxXC8xMVwvT2dvbG5vcG9sc2tpZS1aZWJyYW5pZS1EdXN6cGFzdGVyenktU2x1emJ5LUxpdHVyZ2ljem5lai01LWxpc3RvcGFkYS0yMDIxLTM3LmpwZyIsInNsaWRlc2hvdyI6IjMxOWFlMGMifQ%3D%3D\">\n\t\t\t\t\t<div class=\"e-gallery-image elementor-gallery-item__image\" data-thumbnail=\"https:\/\/www.lichen.pl\/wp-content\/uploads\/2021\/11\/Ogolnopolskie-Zebranie-Duszpasterzy-Sluzby-Liturgicznej-5-listopada-2021-37-150x150.jpg\" data-width=\"150\" data-height=\"150\" aria-label=\"\" role=\"img\" ><\/div>\n\t\t\t\t\t\t\t\t\t\t\t<div class=\"elementor-gallery-item__overlay\"><\/div>\n\t\t\t\t\t\t\t\t\t\t\t\t\t\t<\/a>\n\t\t\t\t\t\t\t<a class=\"e-gallery-item elementor-gallery-item elementor-animated-content\" data-e-gallery-tags=\"2,3\" href=\"https:\/\/www.lichen.pl\/wp-content\/uploads\/2021\/11\/Ogolnopolskie-Zebranie-Duszpasterzy-Sluzby-Liturgicznej-5-listopada-2021-36.jpg\" data-elementor-open-lightbox=\"yes\" data-elementor-lightbox-slideshow=\"319ae0c\" data-elementor-lightbox-title=\"Og\u00f3lnopolskie Zebranie Duszpasterzy S\u0142u\u017cby Liturgicznej 5 listopada 2021 36\" data-e-action-hash=\"#elementor-action%3Aaction%3Dlightbox%26settings%3DeyJpZCI6MzMzMzAsInVybCI6Imh0dHBzOlwvXC93d3cubGljaGVuLnBsXC93cC1jb250ZW50XC91cGxvYWRzXC8yMDIxXC8xMVwvT2dvbG5vcG9sc2tpZS1aZWJyYW5pZS1EdXN6cGFzdGVyenktU2x1emJ5LUxpdHVyZ2ljem5lai01LWxpc3RvcGFkYS0yMDIxLTM2LmpwZyIsInNsaWRlc2hvdyI6IjMxOWFlMGMifQ%3D%3D\">\n\t\t\t\t\t<div class=\"e-gallery-image elementor-gallery-item__image\" data-thumbnail=\"https:\/\/www.lichen.pl\/wp-content\/uploads\/2021\/11\/Ogolnopolskie-Zebranie-Duszpasterzy-Sluzby-Liturgicznej-5-listopada-2021-36-150x150.jpg\" data-width=\"150\" data-height=\"150\" aria-label=\"\" role=\"img\" ><\/div>\n\t\t\t\t\t\t\t\t\t\t\t<div class=\"elementor-gallery-item__overlay\"><\/div>\n\t\t\t\t\t\t\t\t\t\t\t\t\t\t<\/a>\n\t\t\t\t\t\t\t<a class=\"e-gallery-item elementor-gallery-item elementor-animated-content\" data-e-gallery-tags=\"2,3\" href=\"https:\/\/www.lichen.pl\/wp-content\/uploads\/2021\/11\/Ogolnopolskie-Zebranie-Duszpasterzy-Sluzby-Liturgicznej-5-listopada-2021-35.jpg\" data-elementor-open-lightbox=\"yes\" data-elementor-lightbox-slideshow=\"319ae0c\" data-elementor-lightbox-title=\"Og\u00f3lnopolskie Zebranie Duszpasterzy S\u0142u\u017cby Liturgicznej 5 listopada 2021 35\" data-e-action-hash=\"#elementor-action%3Aaction%3Dlightbox%26settings%3DeyJpZCI6MzMzMjksInVybCI6Imh0dHBzOlwvXC93d3cubGljaGVuLnBsXC93cC1jb250ZW50XC91cGxvYWRzXC8yMDIxXC8xMVwvT2dvbG5vcG9sc2tpZS1aZWJyYW5pZS1EdXN6cGFzdGVyenktU2x1emJ5LUxpdHVyZ2ljem5lai01LWxpc3RvcGFkYS0yMDIxLTM1LmpwZyIsInNsaWRlc2hvdyI6IjMxOWFlMGMifQ%3D%3D\">\n\t\t\t\t\t<div class=\"e-gallery-image elementor-gallery-item__image\" data-thumbnail=\"https:\/\/www.lichen.pl\/wp-content\/uploads\/2021\/11\/Ogolnopolskie-Zebranie-Duszpasterzy-Sluzby-Liturgicznej-5-listopada-2021-35-150x150.jpg\" data-width=\"150\" data-height=\"150\" aria-label=\"\" role=\"img\" ><\/div>\n\t\t\t\t\t\t\t\t\t\t\t<div class=\"elementor-gallery-item__overlay\"><\/div>\n\t\t\t\t\t\t\t\t\t\t\t\t\t\t<\/a>\n\t\t\t\t\t\t\t<a class=\"e-gallery-item elementor-gallery-item elementor-animated-content\" data-e-gallery-tags=\"2,3\" href=\"https:\/\/www.lichen.pl\/wp-content\/uploads\/2021\/11\/Ogolnopolskie-Zebranie-Duszpasterzy-Sluzby-Liturgicznej-5-listopada-2021-34.jpg\" data-elementor-open-lightbox=\"yes\" data-elementor-lightbox-slideshow=\"319ae0c\" data-elementor-lightbox-title=\"Og\u00f3lnopolskie Zebranie Duszpasterzy S\u0142u\u017cby Liturgicznej 5 listopada 2021 34\" data-e-action-hash=\"#elementor-action%3Aaction%3Dlightbox%26settings%3DeyJpZCI6MzMzMjgsInVybCI6Imh0dHBzOlwvXC93d3cubGljaGVuLnBsXC93cC1jb250ZW50XC91cGxvYWRzXC8yMDIxXC8xMVwvT2dvbG5vcG9sc2tpZS1aZWJyYW5pZS1EdXN6cGFzdGVyenktU2x1emJ5LUxpdHVyZ2ljem5lai01LWxpc3RvcGFkYS0yMDIxLTM0LmpwZyIsInNsaWRlc2hvdyI6IjMxOWFlMGMifQ%3D%3D\">\n\t\t\t\t\t<div class=\"e-gallery-image elementor-gallery-item__image\" data-thumbnail=\"https:\/\/www.lichen.pl\/wp-content\/uploads\/2021\/11\/Ogolnopolskie-Zebranie-Duszpasterzy-Sluzby-Liturgicznej-5-listopada-2021-34-150x150.jpg\" data-width=\"150\" data-height=\"150\" aria-label=\"\" role=\"img\" ><\/div>\n\t\t\t\t\t\t\t\t\t\t\t<div class=\"elementor-gallery-item__overlay\"><\/div>\n\t\t\t\t\t\t\t\t\t\t\t\t\t\t<\/a>\n\t\t\t\t\t\t\t<a class=\"e-gallery-item elementor-gallery-item elementor-animated-content\" data-e-gallery-tags=\"2,3\" href=\"https:\/\/www.lichen.pl\/wp-content\/uploads\/2021\/11\/Ogolnopolskie-Zebranie-Duszpasterzy-Sluzby-Liturgicznej-5-listopada-2021-33.jpg\" data-elementor-open-lightbox=\"yes\" data-elementor-lightbox-slideshow=\"319ae0c\" data-elementor-lightbox-title=\"Og\u00f3lnopolskie Zebranie Duszpasterzy S\u0142u\u017cby Liturgicznej 5 listopada 2021 33\" data-e-action-hash=\"#elementor-action%3Aaction%3Dlightbox%26settings%3DeyJpZCI6MzMzMjcsInVybCI6Imh0dHBzOlwvXC93d3cubGljaGVuLnBsXC93cC1jb250ZW50XC91cGxvYWRzXC8yMDIxXC8xMVwvT2dvbG5vcG9sc2tpZS1aZWJyYW5pZS1EdXN6cGFzdGVyenktU2x1emJ5LUxpdHVyZ2ljem5lai01LWxpc3RvcGFkYS0yMDIxLTMzLmpwZyIsInNsaWRlc2hvdyI6IjMxOWFlMGMifQ%3D%3D\">\n\t\t\t\t\t<div class=\"e-gallery-image elementor-gallery-item__image\" data-thumbnail=\"https:\/\/www.lichen.pl\/wp-content\/uploads\/2021\/11\/Ogolnopolskie-Zebranie-Duszpasterzy-Sluzby-Liturgicznej-5-listopada-2021-33-150x150.jpg\" data-width=\"150\" data-height=\"150\" aria-label=\"\" role=\"img\" ><\/div>\n\t\t\t\t\t\t\t\t\t\t\t<div class=\"elementor-gallery-item__overlay\"><\/div>\n\t\t\t\t\t\t\t\t\t\t\t\t\t\t<\/a>\n\t\t\t\t\t\t\t<a class=\"e-gallery-item elementor-gallery-item elementor-animated-content\" data-e-gallery-tags=\"2,3\" href=\"https:\/\/www.lichen.pl\/wp-content\/uploads\/2021\/11\/Ogolnopolskie-Zebranie-Duszpasterzy-Sluzby-Liturgicznej-5-listopada-2021-32.jpg\" data-elementor-open-lightbox=\"yes\" data-elementor-lightbox-slideshow=\"319ae0c\" data-elementor-lightbox-title=\"Og\u00f3lnopolskie Zebranie Duszpasterzy S\u0142u\u017cby Liturgicznej 5 listopada 2021 32\" data-e-action-hash=\"#elementor-action%3Aaction%3Dlightbox%26settings%3DeyJpZCI6MzMzMjYsInVybCI6Imh0dHBzOlwvXC93d3cubGljaGVuLnBsXC93cC1jb250ZW50XC91cGxvYWRzXC8yMDIxXC8xMVwvT2dvbG5vcG9sc2tpZS1aZWJyYW5pZS1EdXN6cGFzdGVyenktU2x1emJ5LUxpdHVyZ2ljem5lai01LWxpc3RvcGFkYS0yMDIxLTMyLmpwZyIsInNsaWRlc2hvdyI6IjMxOWFlMGMifQ%3D%3D\">\n\t\t\t\t\t<div class=\"e-gallery-image elementor-gallery-item__image\" data-thumbnail=\"https:\/\/www.lichen.pl\/wp-content\/uploads\/2021\/11\/Ogolnopolskie-Zebranie-Duszpasterzy-Sluzby-Liturgicznej-5-listopada-2021-32-150x150.jpg\" data-width=\"150\" data-height=\"150\" aria-label=\"\" role=\"img\" ><\/div>\n\t\t\t\t\t\t\t\t\t\t\t<div class=\"elementor-gallery-item__overlay\"><\/div>\n\t\t\t\t\t\t\t\t\t\t\t\t\t\t<\/a>\n\t\t\t\t\t\t\t<a class=\"e-gallery-item elementor-gallery-item elementor-animated-content\" data-e-gallery-tags=\"2,3\" href=\"https:\/\/www.lichen.pl\/wp-content\/uploads\/2021\/11\/Ogolnopolskie-Zebranie-Duszpasterzy-Sluzby-Liturgicznej-5-listopada-2021-31.jpg\" data-elementor-open-lightbox=\"yes\" data-elementor-lightbox-slideshow=\"319ae0c\" data-elementor-lightbox-title=\"Og\u00f3lnopolskie Zebranie Duszpasterzy S\u0142u\u017cby Liturgicznej 5 listopada 2021 31\" data-e-action-hash=\"#elementor-action%3Aaction%3Dlightbox%26settings%3DeyJpZCI6MzMzMjUsInVybCI6Imh0dHBzOlwvXC93d3cubGljaGVuLnBsXC93cC1jb250ZW50XC91cGxvYWRzXC8yMDIxXC8xMVwvT2dvbG5vcG9sc2tpZS1aZWJyYW5pZS1EdXN6cGFzdGVyenktU2x1emJ5LUxpdHVyZ2ljem5lai01LWxpc3RvcGFkYS0yMDIxLTMxLmpwZyIsInNsaWRlc2hvdyI6IjMxOWFlMGMifQ%3D%3D\">\n\t\t\t\t\t<div class=\"e-gallery-image elementor-gallery-item__image\" data-thumbnail=\"https:\/\/www.lichen.pl\/wp-content\/uploads\/2021\/11\/Ogolnopolskie-Zebranie-Duszpasterzy-Sluzby-Liturgicznej-5-listopada-2021-31-150x150.jpg\" data-width=\"150\" data-height=\"150\" aria-label=\"\" role=\"img\" ><\/div>\n\t\t\t\t\t\t\t\t\t\t\t<div class=\"elementor-gallery-item__overlay\"><\/div>\n\t\t\t\t\t\t\t\t\t\t\t\t\t\t<\/a>\n\t\t\t\t\t\t\t<a class=\"e-gallery-item elementor-gallery-item elementor-animated-content\" data-e-gallery-tags=\"2,3\" href=\"https:\/\/www.lichen.pl\/wp-content\/uploads\/2021\/11\/Ogolnopolskie-Zebranie-Duszpasterzy-Sluzby-Liturgicznej-5-listopada-2021-30.jpg\" data-elementor-open-lightbox=\"yes\" data-elementor-lightbox-slideshow=\"319ae0c\" data-elementor-lightbox-title=\"Og\u00f3lnopolskie Zebranie Duszpasterzy S\u0142u\u017cby Liturgicznej 5 listopada 2021 30\" data-e-action-hash=\"#elementor-action%3Aaction%3Dlightbox%26settings%3DeyJpZCI6MzMzMjQsInVybCI6Imh0dHBzOlwvXC93d3cubGljaGVuLnBsXC93cC1jb250ZW50XC91cGxvYWRzXC8yMDIxXC8xMVwvT2dvbG5vcG9sc2tpZS1aZWJyYW5pZS1EdXN6cGFzdGVyenktU2x1emJ5LUxpdHVyZ2ljem5lai01LWxpc3RvcGFkYS0yMDIxLTMwLmpwZyIsInNsaWRlc2hvdyI6IjMxOWFlMGMifQ%3D%3D\">\n\t\t\t\t\t<div class=\"e-gallery-image elementor-gallery-item__image\" data-thumbnail=\"https:\/\/www.lichen.pl\/wp-content\/uploads\/2021\/11\/Ogolnopolskie-Zebranie-Duszpasterzy-Sluzby-Liturgicznej-5-listopada-2021-30-150x150.jpg\" data-width=\"150\" data-height=\"150\" aria-label=\"\" role=\"img\" ><\/div>\n\t\t\t\t\t\t\t\t\t\t\t<div class=\"elementor-gallery-item__overlay\"><\/div>\n\t\t\t\t\t\t\t\t\t\t\t\t\t\t<\/a>\n\t\t\t\t\t\t\t<a class=\"e-gallery-item elementor-gallery-item elementor-animated-content\" data-e-gallery-tags=\"2,3\" href=\"https:\/\/www.lichen.pl\/wp-content\/uploads\/2021\/11\/Ogolnopolskie-Zebranie-Duszpasterzy-Sluzby-Liturgicznej-5-listopada-2021-29.jpg\" data-elementor-open-lightbox=\"yes\" data-elementor-lightbox-slideshow=\"319ae0c\" data-elementor-lightbox-title=\"Og\u00f3lnopolskie Zebranie Duszpasterzy S\u0142u\u017cby Liturgicznej 5 listopada 2021 29\" data-e-action-hash=\"#elementor-action%3Aaction%3Dlightbox%26settings%3DeyJpZCI6MzMzMjMsInVybCI6Imh0dHBzOlwvXC93d3cubGljaGVuLnBsXC93cC1jb250ZW50XC91cGxvYWRzXC8yMDIxXC8xMVwvT2dvbG5vcG9sc2tpZS1aZWJyYW5pZS1EdXN6cGFzdGVyenktU2x1emJ5LUxpdHVyZ2ljem5lai01LWxpc3RvcGFkYS0yMDIxLTI5LmpwZyIsInNsaWRlc2hvdyI6IjMxOWFlMGMifQ%3D%3D\">\n\t\t\t\t\t<div class=\"e-gallery-image elementor-gallery-item__image\" data-thumbnail=\"https:\/\/www.lichen.pl\/wp-content\/uploads\/2021\/11\/Ogolnopolskie-Zebranie-Duszpasterzy-Sluzby-Liturgicznej-5-listopada-2021-29-150x150.jpg\" data-width=\"150\" data-height=\"150\" aria-label=\"\" role=\"img\" ><\/div>\n\t\t\t\t\t\t\t\t\t\t\t<div class=\"elementor-gallery-item__overlay\"><\/div>\n\t\t\t\t\t\t\t\t\t\t\t\t\t\t<\/a>\n\t\t\t\t\t\t\t<a class=\"e-gallery-item elementor-gallery-item elementor-animated-content\" data-e-gallery-tags=\"2,3\" href=\"https:\/\/www.lichen.pl\/wp-content\/uploads\/2021\/11\/Ogolnopolskie-Zebranie-Duszpasterzy-Sluzby-Liturgicznej-5-listopada-2021-28.jpg\" data-elementor-open-lightbox=\"yes\" data-elementor-lightbox-slideshow=\"319ae0c\" data-elementor-lightbox-title=\"Og\u00f3lnopolskie Zebranie Duszpasterzy S\u0142u\u017cby Liturgicznej 5 listopada 2021 28\" data-e-action-hash=\"#elementor-action%3Aaction%3Dlightbox%26settings%3DeyJpZCI6MzMzMjIsInVybCI6Imh0dHBzOlwvXC93d3cubGljaGVuLnBsXC93cC1jb250ZW50XC91cGxvYWRzXC8yMDIxXC8xMVwvT2dvbG5vcG9sc2tpZS1aZWJyYW5pZS1EdXN6cGFzdGVyenktU2x1emJ5LUxpdHVyZ2ljem5lai01LWxpc3RvcGFkYS0yMDIxLTI4LmpwZyIsInNsaWRlc2hvdyI6IjMxOWFlMGMifQ%3D%3D\">\n\t\t\t\t\t<div class=\"e-gallery-image elementor-gallery-item__image\" data-thumbnail=\"https:\/\/www.lichen.pl\/wp-content\/uploads\/2021\/11\/Ogolnopolskie-Zebranie-Duszpasterzy-Sluzby-Liturgicznej-5-listopada-2021-28-150x150.jpg\" data-width=\"150\" data-height=\"150\" aria-label=\"\" role=\"img\" ><\/div>\n\t\t\t\t\t\t\t\t\t\t\t<div class=\"elementor-gallery-item__overlay\"><\/div>\n\t\t\t\t\t\t\t\t\t\t\t\t\t\t<\/a>\n\t\t\t\t\t\t\t<a class=\"e-gallery-item elementor-gallery-item elementor-animated-content\" data-e-gallery-tags=\"2,3\" href=\"https:\/\/www.lichen.pl\/wp-content\/uploads\/2021\/11\/Ogolnopolskie-Zebranie-Duszpasterzy-Sluzby-Liturgicznej-5-listopada-2021-27.jpg\" data-elementor-open-lightbox=\"yes\" data-elementor-lightbox-slideshow=\"319ae0c\" data-elementor-lightbox-title=\"Og\u00f3lnopolskie Zebranie Duszpasterzy S\u0142u\u017cby Liturgicznej 5 listopada 2021 27\" data-e-action-hash=\"#elementor-action%3Aaction%3Dlightbox%26settings%3DeyJpZCI6MzMzMjEsInVybCI6Imh0dHBzOlwvXC93d3cubGljaGVuLnBsXC93cC1jb250ZW50XC91cGxvYWRzXC8yMDIxXC8xMVwvT2dvbG5vcG9sc2tpZS1aZWJyYW5pZS1EdXN6cGFzdGVyenktU2x1emJ5LUxpdHVyZ2ljem5lai01LWxpc3RvcGFkYS0yMDIxLTI3LmpwZyIsInNsaWRlc2hvdyI6IjMxOWFlMGMifQ%3D%3D\">\n\t\t\t\t\t<div class=\"e-gallery-image elementor-gallery-item__image\" data-thumbnail=\"https:\/\/www.lichen.pl\/wp-content\/uploads\/2021\/11\/Ogolnopolskie-Zebranie-Duszpasterzy-Sluzby-Liturgicznej-5-listopada-2021-27-150x150.jpg\" data-width=\"150\" data-height=\"150\" aria-label=\"\" role=\"img\" ><\/div>\n\t\t\t\t\t\t\t\t\t\t\t<div class=\"elementor-gallery-item__overlay\"><\/div>\n\t\t\t\t\t\t\t\t\t\t\t\t\t\t<\/a>\n\t\t\t\t\t\t\t<a class=\"e-gallery-item elementor-gallery-item elementor-animated-content\" data-e-gallery-tags=\"2,3\" href=\"https:\/\/www.lichen.pl\/wp-content\/uploads\/2021\/11\/Ogolnopolskie-Zebranie-Duszpasterzy-Sluzby-Liturgicznej-5-listopada-2021-26.jpg\" data-elementor-open-lightbox=\"yes\" data-elementor-lightbox-slideshow=\"319ae0c\" data-elementor-lightbox-title=\"Og\u00f3lnopolskie Zebranie Duszpasterzy S\u0142u\u017cby Liturgicznej 5 listopada 2021 26\" data-e-action-hash=\"#elementor-action%3Aaction%3Dlightbox%26settings%3DeyJpZCI6MzMzMjAsInVybCI6Imh0dHBzOlwvXC93d3cubGljaGVuLnBsXC93cC1jb250ZW50XC91cGxvYWRzXC8yMDIxXC8xMVwvT2dvbG5vcG9sc2tpZS1aZWJyYW5pZS1EdXN6cGFzdGVyenktU2x1emJ5LUxpdHVyZ2ljem5lai01LWxpc3RvcGFkYS0yMDIxLTI2LmpwZyIsInNsaWRlc2hvdyI6IjMxOWFlMGMifQ%3D%3D\">\n\t\t\t\t\t<div class=\"e-gallery-image elementor-gallery-item__image\" data-thumbnail=\"https:\/\/www.lichen.pl\/wp-content\/uploads\/2021\/11\/Ogolnopolskie-Zebranie-Duszpasterzy-Sluzby-Liturgicznej-5-listopada-2021-26-150x150.jpg\" data-width=\"150\" data-height=\"150\" aria-label=\"\" role=\"img\" ><\/div>\n\t\t\t\t\t\t\t\t\t\t\t<div class=\"elementor-gallery-item__overlay\"><\/div>\n\t\t\t\t\t\t\t\t\t\t\t\t\t\t<\/a>\n\t\t\t\t\t\t\t<a class=\"e-gallery-item elementor-gallery-item elementor-animated-content\" data-e-gallery-tags=\"2,3\" href=\"https:\/\/www.lichen.pl\/wp-content\/uploads\/2021\/11\/Ogolnopolskie-Zebranie-Duszpasterzy-Sluzby-Liturgicznej-5-listopada-2021-23.jpg\" data-elementor-open-lightbox=\"yes\" data-elementor-lightbox-slideshow=\"319ae0c\" data-elementor-lightbox-title=\"Og\u00f3lnopolskie Zebranie Duszpasterzy S\u0142u\u017cby Liturgicznej 5 listopada 2021 23\" data-e-action-hash=\"#elementor-action%3Aaction%3Dlightbox%26settings%3DeyJpZCI6MzMzMTcsInVybCI6Imh0dHBzOlwvXC93d3cubGljaGVuLnBsXC93cC1jb250ZW50XC91cGxvYWRzXC8yMDIxXC8xMVwvT2dvbG5vcG9sc2tpZS1aZWJyYW5pZS1EdXN6cGFzdGVyenktU2x1emJ5LUxpdHVyZ2ljem5lai01LWxpc3RvcGFkYS0yMDIxLTIzLmpwZyIsInNsaWRlc2hvdyI6IjMxOWFlMGMifQ%3D%3D\">\n\t\t\t\t\t<div class=\"e-gallery-image elementor-gallery-item__image\" data-thumbnail=\"https:\/\/www.lichen.pl\/wp-content\/uploads\/2021\/11\/Ogolnopolskie-Zebranie-Duszpasterzy-Sluzby-Liturgicznej-5-listopada-2021-23-150x150.jpg\" data-width=\"150\" data-height=\"150\" aria-label=\"\" role=\"img\" ><\/div>\n\t\t\t\t\t\t\t\t\t\t\t<div class=\"elementor-gallery-item__overlay\"><\/div>\n\t\t\t\t\t\t\t\t\t\t\t\t\t\t<\/a>\n\t\t\t\t\t\t\t<a class=\"e-gallery-item elementor-gallery-item elementor-animated-content\" data-e-gallery-tags=\"2,3\" href=\"https:\/\/www.lichen.pl\/wp-content\/uploads\/2021\/11\/Ogolnopolskie-Zebranie-Duszpasterzy-Sluzby-Liturgicznej-5-listopada-2021-22.jpg\" data-elementor-open-lightbox=\"yes\" data-elementor-lightbox-slideshow=\"319ae0c\" data-elementor-lightbox-title=\"Og\u00f3lnopolskie Zebranie Duszpasterzy S\u0142u\u017cby Liturgicznej 5 listopada 2021 22\" data-e-action-hash=\"#elementor-action%3Aaction%3Dlightbox%26settings%3DeyJpZCI6MzMzMTYsInVybCI6Imh0dHBzOlwvXC93d3cubGljaGVuLnBsXC93cC1jb250ZW50XC91cGxvYWRzXC8yMDIxXC8xMVwvT2dvbG5vcG9sc2tpZS1aZWJyYW5pZS1EdXN6cGFzdGVyenktU2x1emJ5LUxpdHVyZ2ljem5lai01LWxpc3RvcGFkYS0yMDIxLTIyLmpwZyIsInNsaWRlc2hvdyI6IjMxOWFlMGMifQ%3D%3D\">\n\t\t\t\t\t<div class=\"e-gallery-image elementor-gallery-item__image\" data-thumbnail=\"https:\/\/www.lichen.pl\/wp-content\/uploads\/2021\/11\/Ogolnopolskie-Zebranie-Duszpasterzy-Sluzby-Liturgicznej-5-listopada-2021-22-150x150.jpg\" data-width=\"150\" data-height=\"150\" aria-label=\"\" role=\"img\" ><\/div>\n\t\t\t\t\t\t\t\t\t\t\t<div class=\"elementor-gallery-item__overlay\"><\/div>\n\t\t\t\t\t\t\t\t\t\t\t\t\t\t<\/a>\n\t\t\t\t\t\t\t<a class=\"e-gallery-item elementor-gallery-item elementor-animated-content\" data-e-gallery-tags=\"2,3\" href=\"https:\/\/www.lichen.pl\/wp-content\/uploads\/2021\/11\/Ogolnopolskie-Zebranie-Duszpasterzy-Sluzby-Liturgicznej-5-listopada-2021-25-e1636366245338.jpg\" data-elementor-open-lightbox=\"yes\" data-elementor-lightbox-slideshow=\"319ae0c\" data-elementor-lightbox-title=\"Og\u00f3lnopolskie Zebranie Duszpasterzy S\u0142u\u017cby Liturgicznej 5 listopada 2021 25\" data-e-action-hash=\"#elementor-action%3Aaction%3Dlightbox%26settings%3DeyJpZCI6MzMzMTksInVybCI6Imh0dHBzOlwvXC93d3cubGljaGVuLnBsXC93cC1jb250ZW50XC91cGxvYWRzXC8yMDIxXC8xMVwvT2dvbG5vcG9sc2tpZS1aZWJyYW5pZS1EdXN6cGFzdGVyenktU2x1emJ5LUxpdHVyZ2ljem5lai01LWxpc3RvcGFkYS0yMDIxLTI1LWUxNjM2MzY2MjQ1MzM4LmpwZyIsInNsaWRlc2hvdyI6IjMxOWFlMGMifQ%3D%3D\">\n\t\t\t\t\t<div class=\"e-gallery-image elementor-gallery-item__image\" data-thumbnail=\"https:\/\/www.lichen.pl\/wp-content\/uploads\/2021\/11\/Ogolnopolskie-Zebranie-Duszpasterzy-Sluzby-Liturgicznej-5-listopada-2021-25-e1636366245338-150x150.jpg\" data-width=\"150\" data-height=\"150\" aria-label=\"\" role=\"img\" ><\/div>\n\t\t\t\t\t\t\t\t\t\t\t<div class=\"elementor-gallery-item__overlay\"><\/div>\n\t\t\t\t\t\t\t\t\t\t\t\t\t\t<\/a>\n\t\t\t\t\t\t\t<a class=\"e-gallery-item elementor-gallery-item elementor-animated-content\" data-e-gallery-tags=\"2,3\" href=\"https:\/\/www.lichen.pl\/wp-content\/uploads\/2021\/11\/Ogolnopolskie-Zebranie-Duszpasterzy-Sluzby-Liturgicznej-5-listopada-2021-24.jpg\" data-elementor-open-lightbox=\"yes\" data-elementor-lightbox-slideshow=\"319ae0c\" data-elementor-lightbox-title=\"Og\u00f3lnopolskie Zebranie Duszpasterzy S\u0142u\u017cby Liturgicznej 5 listopada 2021 24\" data-e-action-hash=\"#elementor-action%3Aaction%3Dlightbox%26settings%3DeyJpZCI6MzMzMTgsInVybCI6Imh0dHBzOlwvXC93d3cubGljaGVuLnBsXC93cC1jb250ZW50XC91cGxvYWRzXC8yMDIxXC8xMVwvT2dvbG5vcG9sc2tpZS1aZWJyYW5pZS1EdXN6cGFzdGVyenktU2x1emJ5LUxpdHVyZ2ljem5lai01LWxpc3RvcGFkYS0yMDIxLTI0LmpwZyIsInNsaWRlc2hvdyI6IjMxOWFlMGMifQ%3D%3D\">\n\t\t\t\t\t<div class=\"e-gallery-image elementor-gallery-item__image\" data-thumbnail=\"https:\/\/www.lichen.pl\/wp-content\/uploads\/2021\/11\/Ogolnopolskie-Zebranie-Duszpasterzy-Sluzby-Liturgicznej-5-listopada-2021-24-150x150.jpg\" data-width=\"150\" data-height=\"150\" aria-label=\"\" role=\"img\" ><\/div>\n\t\t\t\t\t\t\t\t\t\t\t<div class=\"elementor-gallery-item__overlay\"><\/div>\n\t\t\t\t\t\t\t\t\t\t\t\t\t\t<\/a>\n\t\t\t\t\t\t\t<a class=\"e-gallery-item elementor-gallery-item elementor-animated-content\" data-e-gallery-tags=\"2,3\" href=\"https:\/\/www.lichen.pl\/wp-content\/uploads\/2021\/11\/Ogolnopolskie-Zebranie-Duszpasterzy-Sluzby-Liturgicznej-5-listopada-2021-21.jpg\" data-elementor-open-lightbox=\"yes\" data-elementor-lightbox-slideshow=\"319ae0c\" data-elementor-lightbox-title=\"Og\u00f3lnopolskie Zebranie Duszpasterzy S\u0142u\u017cby Liturgicznej 5 listopada 2021 21\" data-e-action-hash=\"#elementor-action%3Aaction%3Dlightbox%26settings%3DeyJpZCI6MzMzMTUsInVybCI6Imh0dHBzOlwvXC93d3cubGljaGVuLnBsXC93cC1jb250ZW50XC91cGxvYWRzXC8yMDIxXC8xMVwvT2dvbG5vcG9sc2tpZS1aZWJyYW5pZS1EdXN6cGFzdGVyenktU2x1emJ5LUxpdHVyZ2ljem5lai01LWxpc3RvcGFkYS0yMDIxLTIxLmpwZyIsInNsaWRlc2hvdyI6IjMxOWFlMGMifQ%3D%3D\">\n\t\t\t\t\t<div class=\"e-gallery-image elementor-gallery-item__image\" data-thumbnail=\"https:\/\/www.lichen.pl\/wp-content\/uploads\/2021\/11\/Ogolnopolskie-Zebranie-Duszpasterzy-Sluzby-Liturgicznej-5-listopada-2021-21-150x150.jpg\" data-width=\"150\" data-height=\"150\" aria-label=\"\" role=\"img\" ><\/div>\n\t\t\t\t\t\t\t\t\t\t\t<div class=\"elementor-gallery-item__overlay\"><\/div>\n\t\t\t\t\t\t\t\t\t\t\t\t\t\t<\/a>\n\t\t\t\t\t\t\t<a class=\"e-gallery-item elementor-gallery-item elementor-animated-content\" data-e-gallery-tags=\"2,3\" href=\"https:\/\/www.lichen.pl\/wp-content\/uploads\/2021\/11\/Ogolnopolskie-Zebranie-Duszpasterzy-Sluzby-Liturgicznej-5-listopada-2021-20.jpg\" data-elementor-open-lightbox=\"yes\" data-elementor-lightbox-slideshow=\"319ae0c\" data-elementor-lightbox-title=\"Og\u00f3lnopolskie Zebranie Duszpasterzy S\u0142u\u017cby Liturgicznej 5 listopada 2021 20\" data-e-action-hash=\"#elementor-action%3Aaction%3Dlightbox%26settings%3DeyJpZCI6MzMzMTQsInVybCI6Imh0dHBzOlwvXC93d3cubGljaGVuLnBsXC93cC1jb250ZW50XC91cGxvYWRzXC8yMDIxXC8xMVwvT2dvbG5vcG9sc2tpZS1aZWJyYW5pZS1EdXN6cGFzdGVyenktU2x1emJ5LUxpdHVyZ2ljem5lai01LWxpc3RvcGFkYS0yMDIxLTIwLmpwZyIsInNsaWRlc2hvdyI6IjMxOWFlMGMifQ%3D%3D\">\n\t\t\t\t\t<div class=\"e-gallery-image elementor-gallery-item__image\" data-thumbnail=\"https:\/\/www.lichen.pl\/wp-content\/uploads\/2021\/11\/Ogolnopolskie-Zebranie-Duszpasterzy-Sluzby-Liturgicznej-5-listopada-2021-20-150x150.jpg\" data-width=\"150\" data-height=\"150\" aria-label=\"\" role=\"img\" ><\/div>\n\t\t\t\t\t\t\t\t\t\t\t<div class=\"elementor-gallery-item__overlay\"><\/div>\n\t\t\t\t\t\t\t\t\t\t\t\t\t\t<\/a>\n\t\t\t\t\t\t\t<a class=\"e-gallery-item elementor-gallery-item elementor-animated-content\" data-e-gallery-tags=\"2,3\" href=\"https:\/\/www.lichen.pl\/wp-content\/uploads\/2021\/11\/Ogolnopolskie-Zebranie-Duszpasterzy-Sluzby-Liturgicznej-5-listopada-2021-19.jpg\" data-elementor-open-lightbox=\"yes\" data-elementor-lightbox-slideshow=\"319ae0c\" data-elementor-lightbox-title=\"Og\u00f3lnopolskie Zebranie Duszpasterzy S\u0142u\u017cby Liturgicznej 5 listopada 2021 19\" data-e-action-hash=\"#elementor-action%3Aaction%3Dlightbox%26settings%3DeyJpZCI6MzMzMTMsInVybCI6Imh0dHBzOlwvXC93d3cubGljaGVuLnBsXC93cC1jb250ZW50XC91cGxvYWRzXC8yMDIxXC8xMVwvT2dvbG5vcG9sc2tpZS1aZWJyYW5pZS1EdXN6cGFzdGVyenktU2x1emJ5LUxpdHVyZ2ljem5lai01LWxpc3RvcGFkYS0yMDIxLTE5LmpwZyIsInNsaWRlc2hvdyI6IjMxOWFlMGMifQ%3D%3D\">\n\t\t\t\t\t<div class=\"e-gallery-image elementor-gallery-item__image\" data-thumbnail=\"https:\/\/www.lichen.pl\/wp-content\/uploads\/2021\/11\/Ogolnopolskie-Zebranie-Duszpasterzy-Sluzby-Liturgicznej-5-listopada-2021-19-150x150.jpg\" data-width=\"150\" data-height=\"150\" aria-label=\"\" role=\"img\" ><\/div>\n\t\t\t\t\t\t\t\t\t\t\t<div class=\"elementor-gallery-item__overlay\"><\/div>\n\t\t\t\t\t\t\t\t\t\t\t\t\t\t<\/a>\n\t\t\t\t\t\t\t<a class=\"e-gallery-item elementor-gallery-item elementor-animated-content\" data-e-gallery-tags=\"2,3\" href=\"https:\/\/www.lichen.pl\/wp-content\/uploads\/2021\/11\/Ogolnopolskie-Zebranie-Duszpasterzy-Sluzby-Liturgicznej-5-listopada-2021-18.jpg\" data-elementor-open-lightbox=\"yes\" data-elementor-lightbox-slideshow=\"319ae0c\" data-elementor-lightbox-title=\"Og\u00f3lnopolskie Zebranie Duszpasterzy S\u0142u\u017cby Liturgicznej 5 listopada 2021 18\" data-e-action-hash=\"#elementor-action%3Aaction%3Dlightbox%26settings%3DeyJpZCI6MzMzMTIsInVybCI6Imh0dHBzOlwvXC93d3cubGljaGVuLnBsXC93cC1jb250ZW50XC91cGxvYWRzXC8yMDIxXC8xMVwvT2dvbG5vcG9sc2tpZS1aZWJyYW5pZS1EdXN6cGFzdGVyenktU2x1emJ5LUxpdHVyZ2ljem5lai01LWxpc3RvcGFkYS0yMDIxLTE4LmpwZyIsInNsaWRlc2hvdyI6IjMxOWFlMGMifQ%3D%3D\">\n\t\t\t\t\t<div class=\"e-gallery-image elementor-gallery-item__image\" data-thumbnail=\"https:\/\/www.lichen.pl\/wp-content\/uploads\/2021\/11\/Ogolnopolskie-Zebranie-Duszpasterzy-Sluzby-Liturgicznej-5-listopada-2021-18-150x150.jpg\" data-width=\"150\" data-height=\"150\" aria-label=\"\" role=\"img\" ><\/div>\n\t\t\t\t\t\t\t\t\t\t\t<div class=\"elementor-gallery-item__overlay\"><\/div>\n\t\t\t\t\t\t\t\t\t\t\t\t\t\t<\/a>\n\t\t\t\t\t\t\t<a class=\"e-gallery-item elementor-gallery-item elementor-animated-content\" data-e-gallery-tags=\"2,3\" href=\"https:\/\/www.lichen.pl\/wp-content\/uploads\/2021\/11\/Ogolnopolskie-Zebranie-Duszpasterzy-Sluzby-Liturgicznej-5-listopada-2021-17.jpg\" data-elementor-open-lightbox=\"yes\" data-elementor-lightbox-slideshow=\"319ae0c\" data-elementor-lightbox-title=\"Og\u00f3lnopolskie Zebranie Duszpasterzy S\u0142u\u017cby Liturgicznej 5 listopada 2021 17\" data-e-action-hash=\"#elementor-action%3Aaction%3Dlightbox%26settings%3DeyJpZCI6MzMzMTEsInVybCI6Imh0dHBzOlwvXC93d3cubGljaGVuLnBsXC93cC1jb250ZW50XC91cGxvYWRzXC8yMDIxXC8xMVwvT2dvbG5vcG9sc2tpZS1aZWJyYW5pZS1EdXN6cGFzdGVyenktU2x1emJ5LUxpdHVyZ2ljem5lai01LWxpc3RvcGFkYS0yMDIxLTE3LmpwZyIsInNsaWRlc2hvdyI6IjMxOWFlMGMifQ%3D%3D\">\n\t\t\t\t\t<div class=\"e-gallery-image elementor-gallery-item__image\" data-thumbnail=\"https:\/\/www.lichen.pl\/wp-content\/uploads\/2021\/11\/Ogolnopolskie-Zebranie-Duszpasterzy-Sluzby-Liturgicznej-5-listopada-2021-17-150x150.jpg\" data-width=\"150\" data-height=\"150\" aria-label=\"\" role=\"img\" ><\/div>\n\t\t\t\t\t\t\t\t\t\t\t<div class=\"elementor-gallery-item__overlay\"><\/div>\n\t\t\t\t\t\t\t\t\t\t\t\t\t\t<\/a>\n\t\t\t\t\t\t\t<a class=\"e-gallery-item elementor-gallery-item elementor-animated-content\" data-e-gallery-tags=\"2,3\" href=\"https:\/\/www.lichen.pl\/wp-content\/uploads\/2021\/11\/Ogolnopolskie-Zebranie-Duszpasterzy-Sluzby-Liturgicznej-5-listopada-2021-16.jpg\" data-elementor-open-lightbox=\"yes\" data-elementor-lightbox-slideshow=\"319ae0c\" data-elementor-lightbox-title=\"Og\u00f3lnopolskie Zebranie Duszpasterzy S\u0142u\u017cby Liturgicznej 5 listopada 2021 16\" data-e-action-hash=\"#elementor-action%3Aaction%3Dlightbox%26settings%3DeyJpZCI6MzMzMTAsInVybCI6Imh0dHBzOlwvXC93d3cubGljaGVuLnBsXC93cC1jb250ZW50XC91cGxvYWRzXC8yMDIxXC8xMVwvT2dvbG5vcG9sc2tpZS1aZWJyYW5pZS1EdXN6cGFzdGVyenktU2x1emJ5LUxpdHVyZ2ljem5lai01LWxpc3RvcGFkYS0yMDIxLTE2LmpwZyIsInNsaWRlc2hvdyI6IjMxOWFlMGMifQ%3D%3D\">\n\t\t\t\t\t<div class=\"e-gallery-image elementor-gallery-item__image\" data-thumbnail=\"https:\/\/www.lichen.pl\/wp-content\/uploads\/2021\/11\/Ogolnopolskie-Zebranie-Duszpasterzy-Sluzby-Liturgicznej-5-listopada-2021-16-150x150.jpg\" data-width=\"150\" data-height=\"150\" aria-label=\"\" role=\"img\" ><\/div>\n\t\t\t\t\t\t\t\t\t\t\t<div class=\"elementor-gallery-item__overlay\"><\/div>\n\t\t\t\t\t\t\t\t\t\t\t\t\t\t<\/a>\n\t\t\t\t\t\t\t<a class=\"e-gallery-item elementor-gallery-item elementor-animated-content\" data-e-gallery-tags=\"2,3\" href=\"https:\/\/www.lichen.pl\/wp-content\/uploads\/2021\/11\/Ogolnopolskie-Zebranie-Duszpasterzy-Sluzby-Liturgicznej-5-listopada-2021-15.jpg\" data-elementor-open-lightbox=\"yes\" data-elementor-lightbox-slideshow=\"319ae0c\" data-elementor-lightbox-title=\"Og\u00f3lnopolskie Zebranie Duszpasterzy S\u0142u\u017cby Liturgicznej 5 listopada 2021 15\" data-e-action-hash=\"#elementor-action%3Aaction%3Dlightbox%26settings%3DeyJpZCI6MzMzMDksInVybCI6Imh0dHBzOlwvXC93d3cubGljaGVuLnBsXC93cC1jb250ZW50XC91cGxvYWRzXC8yMDIxXC8xMVwvT2dvbG5vcG9sc2tpZS1aZWJyYW5pZS1EdXN6cGFzdGVyenktU2x1emJ5LUxpdHVyZ2ljem5lai01LWxpc3RvcGFkYS0yMDIxLTE1LmpwZyIsInNsaWRlc2hvdyI6IjMxOWFlMGMifQ%3D%3D\">\n\t\t\t\t\t<div class=\"e-gallery-image elementor-gallery-item__image\" data-thumbnail=\"https:\/\/www.lichen.pl\/wp-content\/uploads\/2021\/11\/Ogolnopolskie-Zebranie-Duszpasterzy-Sluzby-Liturgicznej-5-listopada-2021-15-150x150.jpg\" data-width=\"150\" data-height=\"150\" aria-label=\"\" role=\"img\" ><\/div>\n\t\t\t\t\t\t\t\t\t\t\t<div class=\"elementor-gallery-item__overlay\"><\/div>\n\t\t\t\t\t\t\t\t\t\t\t\t\t\t<\/a>\n\t\t\t\t\t\t\t<a class=\"e-gallery-item elementor-gallery-item elementor-animated-content\" data-e-gallery-tags=\"2,3\" href=\"https:\/\/www.lichen.pl\/wp-content\/uploads\/2021\/11\/Ogolnopolskie-Zebranie-Duszpasterzy-Sluzby-Liturgicznej-5-listopada-2021-14.jpg\" data-elementor-open-lightbox=\"yes\" data-elementor-lightbox-slideshow=\"319ae0c\" data-elementor-lightbox-title=\"Og\u00f3lnopolskie Zebranie Duszpasterzy S\u0142u\u017cby Liturgicznej 5 listopada 2021 14\" data-e-action-hash=\"#elementor-action%3Aaction%3Dlightbox%26settings%3DeyJpZCI6MzMzMDgsInVybCI6Imh0dHBzOlwvXC93d3cubGljaGVuLnBsXC93cC1jb250ZW50XC91cGxvYWRzXC8yMDIxXC8xMVwvT2dvbG5vcG9sc2tpZS1aZWJyYW5pZS1EdXN6cGFzdGVyenktU2x1emJ5LUxpdHVyZ2ljem5lai01LWxpc3RvcGFkYS0yMDIxLTE0LmpwZyIsInNsaWRlc2hvdyI6IjMxOWFlMGMifQ%3D%3D\">\n\t\t\t\t\t<div class=\"e-gallery-image elementor-gallery-item__image\" data-thumbnail=\"https:\/\/www.lichen.pl\/wp-content\/uploads\/2021\/11\/Ogolnopolskie-Zebranie-Duszpasterzy-Sluzby-Liturgicznej-5-listopada-2021-14-150x150.jpg\" data-width=\"150\" data-height=\"150\" aria-label=\"\" role=\"img\" ><\/div>\n\t\t\t\t\t\t\t\t\t\t\t<div class=\"elementor-gallery-item__overlay\"><\/div>\n\t\t\t\t\t\t\t\t\t\t\t\t\t\t<\/a>\n\t\t\t\t\t\t\t<a class=\"e-gallery-item elementor-gallery-item elementor-animated-content\" data-e-gallery-tags=\"2,3\" href=\"https:\/\/www.lichen.pl\/wp-content\/uploads\/2021\/11\/Ogolnopolskie-Zebranie-Duszpasterzy-Sluzby-Liturgicznej-5-listopada-2021-13.jpg\" data-elementor-open-lightbox=\"yes\" data-elementor-lightbox-slideshow=\"319ae0c\" data-elementor-lightbox-title=\"Og\u00f3lnopolskie Zebranie Duszpasterzy S\u0142u\u017cby Liturgicznej 5 listopada 2021 13\" data-e-action-hash=\"#elementor-action%3Aaction%3Dlightbox%26settings%3DeyJpZCI6MzMzMDcsInVybCI6Imh0dHBzOlwvXC93d3cubGljaGVuLnBsXC93cC1jb250ZW50XC91cGxvYWRzXC8yMDIxXC8xMVwvT2dvbG5vcG9sc2tpZS1aZWJyYW5pZS1EdXN6cGFzdGVyenktU2x1emJ5LUxpdHVyZ2ljem5lai01LWxpc3RvcGFkYS0yMDIxLTEzLmpwZyIsInNsaWRlc2hvdyI6IjMxOWFlMGMifQ%3D%3D\">\n\t\t\t\t\t<div class=\"e-gallery-image elementor-gallery-item__image\" data-thumbnail=\"https:\/\/www.lichen.pl\/wp-content\/uploads\/2021\/11\/Ogolnopolskie-Zebranie-Duszpasterzy-Sluzby-Liturgicznej-5-listopada-2021-13-150x150.jpg\" data-width=\"150\" data-height=\"150\" aria-label=\"\" role=\"img\" ><\/div>\n\t\t\t\t\t\t\t\t\t\t\t<div class=\"elementor-gallery-item__overlay\"><\/div>\n\t\t\t\t\t\t\t\t\t\t\t\t\t\t<\/a>\n\t\t\t\t\t\t\t<a class=\"e-gallery-item elementor-gallery-item elementor-animated-content\" data-e-gallery-tags=\"2,3\" href=\"https:\/\/www.lichen.pl\/wp-content\/uploads\/2021\/11\/Ogolnopolskie-Zebranie-Duszpasterzy-Sluzby-Liturgicznej-5-listopada-2021-12.jpg\" data-elementor-open-lightbox=\"yes\" data-elementor-lightbox-slideshow=\"319ae0c\" data-elementor-lightbox-title=\"Og\u00f3lnopolskie Zebranie Duszpasterzy S\u0142u\u017cby Liturgicznej 5 listopada 2021 12\" data-e-action-hash=\"#elementor-action%3Aaction%3Dlightbox%26settings%3DeyJpZCI6MzMzMDYsInVybCI6Imh0dHBzOlwvXC93d3cubGljaGVuLnBsXC93cC1jb250ZW50XC91cGxvYWRzXC8yMDIxXC8xMVwvT2dvbG5vcG9sc2tpZS1aZWJyYW5pZS1EdXN6cGFzdGVyenktU2x1emJ5LUxpdHVyZ2ljem5lai01LWxpc3RvcGFkYS0yMDIxLTEyLmpwZyIsInNsaWRlc2hvdyI6IjMxOWFlMGMifQ%3D%3D\">\n\t\t\t\t\t<div class=\"e-gallery-image elementor-gallery-item__image\" data-thumbnail=\"https:\/\/www.lichen.pl\/wp-content\/uploads\/2021\/11\/Ogolnopolskie-Zebranie-Duszpasterzy-Sluzby-Liturgicznej-5-listopada-2021-12-150x150.jpg\" data-width=\"150\" data-height=\"150\" aria-label=\"\" role=\"img\" ><\/div>\n\t\t\t\t\t\t\t\t\t\t\t<div class=\"elementor-gallery-item__overlay\"><\/div>\n\t\t\t\t\t\t\t\t\t\t\t\t\t\t<\/a>\n\t\t\t\t\t\t\t<a class=\"e-gallery-item elementor-gallery-item elementor-animated-content\" data-e-gallery-tags=\"2,3\" href=\"https:\/\/www.lichen.pl\/wp-content\/uploads\/2021\/11\/Ogolnopolskie-Zebranie-Duszpasterzy-Sluzby-Liturgicznej-5-listopada-2021-11.jpg\" data-elementor-open-lightbox=\"yes\" data-elementor-lightbox-slideshow=\"319ae0c\" data-elementor-lightbox-title=\"Og\u00f3lnopolskie Zebranie Duszpasterzy S\u0142u\u017cby Liturgicznej 5 listopada 2021 11\" data-e-action-hash=\"#elementor-action%3Aaction%3Dlightbox%26settings%3DeyJpZCI6MzMzMDUsInVybCI6Imh0dHBzOlwvXC93d3cubGljaGVuLnBsXC93cC1jb250ZW50XC91cGxvYWRzXC8yMDIxXC8xMVwvT2dvbG5vcG9sc2tpZS1aZWJyYW5pZS1EdXN6cGFzdGVyenktU2x1emJ5LUxpdHVyZ2ljem5lai01LWxpc3RvcGFkYS0yMDIxLTExLmpwZyIsInNsaWRlc2hvdyI6IjMxOWFlMGMifQ%3D%3D\">\n\t\t\t\t\t<div class=\"e-gallery-image elementor-gallery-item__image\" data-thumbnail=\"https:\/\/www.lichen.pl\/wp-content\/uploads\/2021\/11\/Ogolnopolskie-Zebranie-Duszpasterzy-Sluzby-Liturgicznej-5-listopada-2021-11-150x150.jpg\" data-width=\"150\" data-height=\"150\" aria-label=\"\" role=\"img\" ><\/div>\n\t\t\t\t\t\t\t\t\t\t\t<div class=\"elementor-gallery-item__overlay\"><\/div>\n\t\t\t\t\t\t\t\t\t\t\t\t\t\t<\/a>\n\t\t\t\t\t\t\t<a class=\"e-gallery-item elementor-gallery-item elementor-animated-content\" data-e-gallery-tags=\"2,3\" href=\"https:\/\/www.lichen.pl\/wp-content\/uploads\/2021\/11\/Ogolnopolskie-Zebranie-Duszpasterzy-Sluzby-Liturgicznej-5-listopada-2021-10.jpg\" data-elementor-open-lightbox=\"yes\" data-elementor-lightbox-slideshow=\"319ae0c\" data-elementor-lightbox-title=\"Og\u00f3lnopolskie Zebranie Duszpasterzy S\u0142u\u017cby Liturgicznej 5 listopada 2021 10\" data-e-action-hash=\"#elementor-action%3Aaction%3Dlightbox%26settings%3DeyJpZCI6MzMzMDQsInVybCI6Imh0dHBzOlwvXC93d3cubGljaGVuLnBsXC93cC1jb250ZW50XC91cGxvYWRzXC8yMDIxXC8xMVwvT2dvbG5vcG9sc2tpZS1aZWJyYW5pZS1EdXN6cGFzdGVyenktU2x1emJ5LUxpdHVyZ2ljem5lai01LWxpc3RvcGFkYS0yMDIxLTEwLmpwZyIsInNsaWRlc2hvdyI6IjMxOWFlMGMifQ%3D%3D\">\n\t\t\t\t\t<div class=\"e-gallery-image elementor-gallery-item__image\" data-thumbnail=\"https:\/\/www.lichen.pl\/wp-content\/uploads\/2021\/11\/Ogolnopolskie-Zebranie-Duszpasterzy-Sluzby-Liturgicznej-5-listopada-2021-10-150x150.jpg\" data-width=\"150\" data-height=\"150\" aria-label=\"\" role=\"img\" ><\/div>\n\t\t\t\t\t\t\t\t\t\t\t<div class=\"elementor-gallery-item__overlay\"><\/div>\n\t\t\t\t\t\t\t\t\t\t\t\t\t\t<\/a>\n\t\t\t\t\t\t\t<a class=\"e-gallery-item elementor-gallery-item elementor-animated-content\" data-e-gallery-tags=\"2,3\" href=\"https:\/\/www.lichen.pl\/wp-content\/uploads\/2021\/11\/Ogolnopolskie-Zebranie-Duszpasterzy-Sluzby-Liturgicznej-5-listopada-2021-9.jpg\" data-elementor-open-lightbox=\"yes\" data-elementor-lightbox-slideshow=\"319ae0c\" data-elementor-lightbox-title=\"Og\u00f3lnopolskie Zebranie Duszpasterzy S\u0142u\u017cby Liturgicznej 5 listopada 2021 9\" data-e-action-hash=\"#elementor-action%3Aaction%3Dlightbox%26settings%3DeyJpZCI6MzMzMDMsInVybCI6Imh0dHBzOlwvXC93d3cubGljaGVuLnBsXC93cC1jb250ZW50XC91cGxvYWRzXC8yMDIxXC8xMVwvT2dvbG5vcG9sc2tpZS1aZWJyYW5pZS1EdXN6cGFzdGVyenktU2x1emJ5LUxpdHVyZ2ljem5lai01LWxpc3RvcGFkYS0yMDIxLTkuanBnIiwic2xpZGVzaG93IjoiMzE5YWUwYyJ9\">\n\t\t\t\t\t<div class=\"e-gallery-image elementor-gallery-item__image\" data-thumbnail=\"https:\/\/www.lichen.pl\/wp-content\/uploads\/2021\/11\/Ogolnopolskie-Zebranie-Duszpasterzy-Sluzby-Liturgicznej-5-listopada-2021-9-150x150.jpg\" data-width=\"150\" data-height=\"150\" aria-label=\"\" role=\"img\" ><\/div>\n\t\t\t\t\t\t\t\t\t\t\t<div class=\"elementor-gallery-item__overlay\"><\/div>\n\t\t\t\t\t\t\t\t\t\t\t\t\t\t<\/a>\n\t\t\t\t\t\t\t<a class=\"e-gallery-item elementor-gallery-item elementor-animated-content\" data-e-gallery-tags=\"2,3\" href=\"https:\/\/www.lichen.pl\/wp-content\/uploads\/2021\/11\/Ogolnopolskie-Zebranie-Duszpasterzy-Sluzby-Liturgicznej-5-listopada-2021-8.jpg\" data-elementor-open-lightbox=\"yes\" data-elementor-lightbox-slideshow=\"319ae0c\" data-elementor-lightbox-title=\"Og\u00f3lnopolskie Zebranie Duszpasterzy S\u0142u\u017cby Liturgicznej 5 listopada 2021 8\" data-e-action-hash=\"#elementor-action%3Aaction%3Dlightbox%26settings%3DeyJpZCI6MzMzMDIsInVybCI6Imh0dHBzOlwvXC93d3cubGljaGVuLnBsXC93cC1jb250ZW50XC91cGxvYWRzXC8yMDIxXC8xMVwvT2dvbG5vcG9sc2tpZS1aZWJyYW5pZS1EdXN6cGFzdGVyenktU2x1emJ5LUxpdHVyZ2ljem5lai01LWxpc3RvcGFkYS0yMDIxLTguanBnIiwic2xpZGVzaG93IjoiMzE5YWUwYyJ9\">\n\t\t\t\t\t<div class=\"e-gallery-image elementor-gallery-item__image\" data-thumbnail=\"https:\/\/www.lichen.pl\/wp-content\/uploads\/2021\/11\/Ogolnopolskie-Zebranie-Duszpasterzy-Sluzby-Liturgicznej-5-listopada-2021-8-150x150.jpg\" data-width=\"150\" data-height=\"150\" aria-label=\"\" role=\"img\" ><\/div>\n\t\t\t\t\t\t\t\t\t\t\t<div class=\"elementor-gallery-item__overlay\"><\/div>\n\t\t\t\t\t\t\t\t\t\t\t\t\t\t<\/a>\n\t\t\t\t\t\t\t<a class=\"e-gallery-item elementor-gallery-item elementor-animated-content\" data-e-gallery-tags=\"2,3\" href=\"https:\/\/www.lichen.pl\/wp-content\/uploads\/2021\/11\/Ogolnopolskie-Zebranie-Duszpasterzy-Sluzby-Liturgicznej-5-listopada-2021-7.jpg\" data-elementor-open-lightbox=\"yes\" data-elementor-lightbox-slideshow=\"319ae0c\" data-elementor-lightbox-title=\"Og\u00f3lnopolskie Zebranie Duszpasterzy S\u0142u\u017cby Liturgicznej 5 listopada 2021 7\" data-e-action-hash=\"#elementor-action%3Aaction%3Dlightbox%26settings%3DeyJpZCI6MzMzMDEsInVybCI6Imh0dHBzOlwvXC93d3cubGljaGVuLnBsXC93cC1jb250ZW50XC91cGxvYWRzXC8yMDIxXC8xMVwvT2dvbG5vcG9sc2tpZS1aZWJyYW5pZS1EdXN6cGFzdGVyenktU2x1emJ5LUxpdHVyZ2ljem5lai01LWxpc3RvcGFkYS0yMDIxLTcuanBnIiwic2xpZGVzaG93IjoiMzE5YWUwYyJ9\">\n\t\t\t\t\t<div class=\"e-gallery-image elementor-gallery-item__image\" data-thumbnail=\"https:\/\/www.lichen.pl\/wp-content\/uploads\/2021\/11\/Ogolnopolskie-Zebranie-Duszpasterzy-Sluzby-Liturgicznej-5-listopada-2021-7-150x150.jpg\" data-width=\"150\" data-height=\"150\" aria-label=\"\" role=\"img\" ><\/div>\n\t\t\t\t\t\t\t\t\t\t\t<div class=\"elementor-gallery-item__overlay\"><\/div>\n\t\t\t\t\t\t\t\t\t\t\t\t\t\t<\/a>\n\t\t\t\t\t\t\t<a class=\"e-gallery-item elementor-gallery-item elementor-animated-content\" data-e-gallery-tags=\"2,3\" href=\"https:\/\/www.lichen.pl\/wp-content\/uploads\/2021\/11\/Ogolnopolskie-Zebranie-Duszpasterzy-Sluzby-Liturgicznej-5-listopada-2021-6.jpg\" data-elementor-open-lightbox=\"yes\" data-elementor-lightbox-slideshow=\"319ae0c\" data-elementor-lightbox-title=\"Og\u00f3lnopolskie Zebranie Duszpasterzy S\u0142u\u017cby Liturgicznej 5 listopada 2021 6\" data-e-action-hash=\"#elementor-action%3Aaction%3Dlightbox%26settings%3DeyJpZCI6MzMzMDAsInVybCI6Imh0dHBzOlwvXC93d3cubGljaGVuLnBsXC93cC1jb250ZW50XC91cGxvYWRzXC8yMDIxXC8xMVwvT2dvbG5vcG9sc2tpZS1aZWJyYW5pZS1EdXN6cGFzdGVyenktU2x1emJ5LUxpdHVyZ2ljem5lai01LWxpc3RvcGFkYS0yMDIxLTYuanBnIiwic2xpZGVzaG93IjoiMzE5YWUwYyJ9\">\n\t\t\t\t\t<div class=\"e-gallery-image elementor-gallery-item__image\" data-thumbnail=\"https:\/\/www.lichen.pl\/wp-content\/uploads\/2021\/11\/Ogolnopolskie-Zebranie-Duszpasterzy-Sluzby-Liturgicznej-5-listopada-2021-6-150x150.jpg\" data-width=\"150\" data-height=\"150\" aria-label=\"\" role=\"img\" ><\/div>\n\t\t\t\t\t\t\t\t\t\t\t<div class=\"elementor-gallery-item__overlay\"><\/div>\n\t\t\t\t\t\t\t\t\t\t\t\t\t\t<\/a>\n\t\t\t\t\t\t\t<a class=\"e-gallery-item elementor-gallery-item elementor-animated-content\" data-e-gallery-tags=\"2,3\" href=\"https:\/\/www.lichen.pl\/wp-content\/uploads\/2021\/11\/Ogolnopolskie-Zebranie-Duszpasterzy-Sluzby-Liturgicznej-5-listopada-2021-5.jpg\" data-elementor-open-lightbox=\"yes\" data-elementor-lightbox-slideshow=\"319ae0c\" data-elementor-lightbox-title=\"Og\u00f3lnopolskie Zebranie Duszpasterzy S\u0142u\u017cby Liturgicznej 5 listopada 2021 5\" data-e-action-hash=\"#elementor-action%3Aaction%3Dlightbox%26settings%3DeyJpZCI6MzMyOTksInVybCI6Imh0dHBzOlwvXC93d3cubGljaGVuLnBsXC93cC1jb250ZW50XC91cGxvYWRzXC8yMDIxXC8xMVwvT2dvbG5vcG9sc2tpZS1aZWJyYW5pZS1EdXN6cGFzdGVyenktU2x1emJ5LUxpdHVyZ2ljem5lai01LWxpc3RvcGFkYS0yMDIxLTUuanBnIiwic2xpZGVzaG93IjoiMzE5YWUwYyJ9\">\n\t\t\t\t\t<div class=\"e-gallery-image elementor-gallery-item__image\" data-thumbnail=\"https:\/\/www.lichen.pl\/wp-content\/uploads\/2021\/11\/Ogolnopolskie-Zebranie-Duszpasterzy-Sluzby-Liturgicznej-5-listopada-2021-5-150x150.jpg\" data-width=\"150\" data-height=\"150\" aria-label=\"\" role=\"img\" ><\/div>\n\t\t\t\t\t\t\t\t\t\t\t<div class=\"elementor-gallery-item__overlay\"><\/div>\n\t\t\t\t\t\t\t\t\t\t\t\t\t\t<\/a>\n\t\t\t\t\t\t\t<a class=\"e-gallery-item elementor-gallery-item elementor-animated-content\" data-e-gallery-tags=\"2,3\" href=\"https:\/\/www.lichen.pl\/wp-content\/uploads\/2021\/11\/Ogolnopolskie-Zebranie-Duszpasterzy-Sluzby-Liturgicznej-5-listopada-2021-4.jpg\" data-elementor-open-lightbox=\"yes\" data-elementor-lightbox-slideshow=\"319ae0c\" data-elementor-lightbox-title=\"Og\u00f3lnopolskie Zebranie Duszpasterzy S\u0142u\u017cby Liturgicznej 5 listopada 2021 4\" data-e-action-hash=\"#elementor-action%3Aaction%3Dlightbox%26settings%3DeyJpZCI6MzMyOTgsInVybCI6Imh0dHBzOlwvXC93d3cubGljaGVuLnBsXC93cC1jb250ZW50XC91cGxvYWRzXC8yMDIxXC8xMVwvT2dvbG5vcG9sc2tpZS1aZWJyYW5pZS1EdXN6cGFzdGVyenktU2x1emJ5LUxpdHVyZ2ljem5lai01LWxpc3RvcGFkYS0yMDIxLTQuanBnIiwic2xpZGVzaG93IjoiMzE5YWUwYyJ9\">\n\t\t\t\t\t<div class=\"e-gallery-image elementor-gallery-item__image\" data-thumbnail=\"https:\/\/www.lichen.pl\/wp-content\/uploads\/2021\/11\/Ogolnopolskie-Zebranie-Duszpasterzy-Sluzby-Liturgicznej-5-listopada-2021-4-150x150.jpg\" data-width=\"150\" data-height=\"150\" aria-label=\"\" role=\"img\" ><\/div>\n\t\t\t\t\t\t\t\t\t\t\t<div class=\"elementor-gallery-item__overlay\"><\/div>\n\t\t\t\t\t\t\t\t\t\t\t\t\t\t<\/a>\n\t\t\t\t\t\t\t<a class=\"e-gallery-item elementor-gallery-item elementor-animated-content\" data-e-gallery-tags=\"2,3\" href=\"https:\/\/www.lichen.pl\/wp-content\/uploads\/2021\/11\/Ogolnopolskie-Zebranie-Duszpasterzy-Sluzby-Liturgicznej-5-listopada-2021-3.jpg\" data-elementor-open-lightbox=\"yes\" data-elementor-lightbox-slideshow=\"319ae0c\" data-elementor-lightbox-title=\"Og\u00f3lnopolskie Zebranie Duszpasterzy S\u0142u\u017cby Liturgicznej 5 listopada 2021 3\" data-e-action-hash=\"#elementor-action%3Aaction%3Dlightbox%26settings%3DeyJpZCI6MzMyOTYsInVybCI6Imh0dHBzOlwvXC93d3cubGljaGVuLnBsXC93cC1jb250ZW50XC91cGxvYWRzXC8yMDIxXC8xMVwvT2dvbG5vcG9sc2tpZS1aZWJyYW5pZS1EdXN6cGFzdGVyenktU2x1emJ5LUxpdHVyZ2ljem5lai01LWxpc3RvcGFkYS0yMDIxLTMuanBnIiwic2xpZGVzaG93IjoiMzE5YWUwYyJ9\">\n\t\t\t\t\t<div class=\"e-gallery-image elementor-gallery-item__image\" data-thumbnail=\"https:\/\/www.lichen.pl\/wp-content\/uploads\/2021\/11\/Ogolnopolskie-Zebranie-Duszpasterzy-Sluzby-Liturgicznej-5-listopada-2021-3-150x150.jpg\" data-width=\"150\" data-height=\"150\" aria-label=\"\" role=\"img\" ><\/div>\n\t\t\t\t\t\t\t\t\t\t\t<div class=\"elementor-gallery-item__overlay\"><\/div>\n\t\t\t\t\t\t\t\t\t\t\t\t\t\t<\/a>\n\t\t\t\t\t\t\t<a class=\"e-gallery-item elementor-gallery-item elementor-animated-content\" data-e-gallery-tags=\"2,3\" href=\"https:\/\/www.lichen.pl\/wp-content\/uploads\/2021\/11\/Ogolnopolskie-Zebranie-Duszpasterzy-Sluzby-Liturgicznej-5-listopada-2021-2.jpg\" data-elementor-open-lightbox=\"yes\" data-elementor-lightbox-slideshow=\"319ae0c\" data-elementor-lightbox-title=\"Og\u00f3lnopolskie Zebranie Duszpasterzy S\u0142u\u017cby Liturgicznej 5 listopada 2021 2\" data-e-action-hash=\"#elementor-action%3Aaction%3Dlightbox%26settings%3DeyJpZCI6MzMyOTUsInVybCI6Imh0dHBzOlwvXC93d3cubGljaGVuLnBsXC93cC1jb250ZW50XC91cGxvYWRzXC8yMDIxXC8xMVwvT2dvbG5vcG9sc2tpZS1aZWJyYW5pZS1EdXN6cGFzdGVyenktU2x1emJ5LUxpdHVyZ2ljem5lai01LWxpc3RvcGFkYS0yMDIxLTIuanBnIiwic2xpZGVzaG93IjoiMzE5YWUwYyJ9\">\n\t\t\t\t\t<div class=\"e-gallery-image elementor-gallery-item__image\" data-thumbnail=\"https:\/\/www.lichen.pl\/wp-content\/uploads\/2021\/11\/Ogolnopolskie-Zebranie-Duszpasterzy-Sluzby-Liturgicznej-5-listopada-2021-2-150x150.jpg\" data-width=\"150\" data-height=\"150\" aria-label=\"\" role=\"img\" ><\/div>\n\t\t\t\t\t\t\t\t\t\t\t<div class=\"elementor-gallery-item__overlay\"><\/div>\n\t\t\t\t\t\t\t\t\t\t\t\t\t\t<\/a>\n\t\t\t\t\t\t\t<a class=\"e-gallery-item elementor-gallery-item elementor-animated-content\" data-e-gallery-tags=\"2,3\" href=\"https:\/\/www.lichen.pl\/wp-content\/uploads\/2021\/11\/Ogolnopolskie-Zebranie-Duszpasterzy-Sluzby-Liturgicznej-5-listopada-2021-1.jpg\" data-elementor-open-lightbox=\"yes\" data-elementor-lightbox-slideshow=\"319ae0c\" data-elementor-lightbox-title=\"Og\u00f3lnopolskie Zebranie Duszpasterzy S\u0142u\u017cby Liturgicznej 5 listopada 2021 1\" data-e-action-hash=\"#elementor-action%3Aaction%3Dlightbox%26settings%3DeyJpZCI6MzMyOTQsInVybCI6Imh0dHBzOlwvXC93d3cubGljaGVuLnBsXC93cC1jb250ZW50XC91cGxvYWRzXC8yMDIxXC8xMVwvT2dvbG5vcG9sc2tpZS1aZWJyYW5pZS1EdXN6cGFzdGVyenktU2x1emJ5LUxpdHVyZ2ljem5lai01LWxpc3RvcGFkYS0yMDIxLTEuanBnIiwic2xpZGVzaG93IjoiMzE5YWUwYyJ9\">\n\t\t\t\t\t<div class=\"e-gallery-image elementor-gallery-item__image\" data-thumbnail=\"https:\/\/www.lichen.pl\/wp-content\/uploads\/2021\/11\/Ogolnopolskie-Zebranie-Duszpasterzy-Sluzby-Liturgicznej-5-listopada-2021-1-150x150.jpg\" data-width=\"150\" data-height=\"150\" aria-label=\"\" role=\"img\" ><\/div>\n\t\t\t\t\t\t\t\t\t\t\t<div class=\"elementor-gallery-item__overlay\"><\/div>\n\t\t\t\t\t\t\t\t\t\t\t\t\t\t<\/a>\n\t\t\t\t\t<\/div>\n\t\t\t\t\t<\/div>\n\t\t\t\t<\/div>\n\t\t\t\t\t<\/div>\n\t\t<\/div>\n\t\t\t\t\t<\/div>\n\t\t<\/section>\n\t\t\t\t<\/div>","protected":false},"excerpt":{"rendered":"<p>XII Og\u00f3lnopolska Konferencja \u201eGrunt to zdrowie, Ziemia to skarb\u201d, 27 listopada 2021 r. Msza pogrzebowa \u015bp. ks. Janusza Bialucha MIC, 24 listopada 2021 r. Uroczysto\u015b\u0107 Jezusa Chrystusa, Kr\u00f3la Wszech\u015bwiata, 21 listopada 2021 r. 72. Og\u00f3lnopolskie Zebranie Duszpasterzy S\u0142u\u017cby Liturgicznej, 6 listopada 2021<\/p>","protected":false},"author":5,"featured_media":0,"parent":54386,"menu_order":0,"comment_status":"closed","ping_status":"closed","template":"","meta":{"footnotes":""},"class_list":["post-55683","page","type-page","status-publish","hentry","wpbf-post"],"yoast_head":"<!-- This site is optimized with the Yoast SEO plugin v27.4 - https:\/\/yoast.com\/product\/yoast-seo-wordpress\/ -->\n<title>Listopad 2021 - SANKTUARIUM W LICHENIU<\/title>\n<meta name=\"robots\" content=\"index, follow, max-snippet:-1, max-image-preview:large, max-video-preview:-1\" \/>\n<link rel=\"canonical\" href=\"https:\/\/www.lichen.pl\/de\/galeria-2021\/listopad-2021\/\" \/>\n<meta property=\"og:locale\" content=\"de_DE\" \/>\n<meta property=\"og:type\" content=\"article\" \/>\n<meta property=\"og:title\" content=\"Listopad 2021 - SANKTUARIUM W LICHENIU\" \/>\n<meta property=\"og:description\" content=\"XII Og\u00f3lnopolska Konferencja \u201eGrunt to zdrowie, Ziemia to skarb\u201d, 27 listopada 2021 r. Msza pogrzebowa \u015bp. ks. Janusza Bialucha MIC, 24 listopada 2021 r. Uroczysto\u015b\u0107 Jezusa Chrystusa, Kr\u00f3la Wszech\u015bwiata, 21 listopada 2021 r. 72. Og\u00f3lnopolskie Zebranie Duszpasterzy S\u0142u\u017cby Liturgicznej, 6 listopada 2021\" \/>\n<meta property=\"og:url\" content=\"https:\/\/www.lichen.pl\/de\/galeria-2021\/listopad-2021\/\" \/>\n<meta property=\"og:site_name\" content=\"SANKTUARIUM W LICHENIU\" \/>\n<meta property=\"article:modified_time\" content=\"2023-07-17T19:26:55+00:00\" \/>\n<meta name=\"twitter:card\" content=\"summary_large_image\" \/>\n<meta name=\"twitter:label1\" content=\"Gesch\u00e4tzte Lesezeit\" \/>\n\t<meta name=\"twitter:data1\" content=\"1\u00a0Minute\" \/>\n<script type=\"application\/ld+json\" class=\"yoast-schema-graph\">{\"@context\":\"https:\\\/\\\/schema.org\",\"@graph\":[{\"@type\":\"WebPage\",\"@id\":\"https:\\\/\\\/www.lichen.pl\\\/galeria-2021\\\/listopad-2021\\\/\",\"url\":\"https:\\\/\\\/www.lichen.pl\\\/galeria-2021\\\/listopad-2021\\\/\",\"name\":\"Listopad 2021 - SANKTUARIUM W LICHENIU\",\"isPartOf\":{\"@id\":\"https:\\\/\\\/www.lichen.pl\\\/fr\\\/#website\"},\"datePublished\":\"2023-07-17T19:26:12+00:00\",\"dateModified\":\"2023-07-17T19:26:55+00:00\",\"breadcrumb\":{\"@id\":\"https:\\\/\\\/www.lichen.pl\\\/galeria-2021\\\/listopad-2021\\\/#breadcrumb\"},\"inLanguage\":\"de\",\"potentialAction\":[{\"@type\":\"ReadAction\",\"target\":[\"https:\\\/\\\/www.lichen.pl\\\/galeria-2021\\\/listopad-2021\\\/\"]}]},{\"@type\":\"BreadcrumbList\",\"@id\":\"https:\\\/\\\/www.lichen.pl\\\/galeria-2021\\\/listopad-2021\\\/#breadcrumb\",\"itemListElement\":[{\"@type\":\"ListItem\",\"position\":1,\"name\":\"Strona g\u0142\u00f3wna\",\"item\":\"https:\\\/\\\/www.lichen.pl\\\/\"},{\"@type\":\"ListItem\",\"position\":2,\"name\":\"Galeria 2021\",\"item\":\"https:\\\/\\\/www.lichen.pl\\\/galeria-2021\\\/\"},{\"@type\":\"ListItem\",\"position\":3,\"name\":\"Listopad 2021\"}]},{\"@type\":\"WebSite\",\"@id\":\"https:\\\/\\\/www.lichen.pl\\\/fr\\\/#website\",\"url\":\"https:\\\/\\\/www.lichen.pl\\\/fr\\\/\",\"name\":\"SANKTUARIUM W LICHENIU\",\"description\":\"MATKI BO\u017bEJ LICHE\u0143SKIEJ BOLESNEJ KR\u00d3LOWEJ POLSKI\",\"potentialAction\":[{\"@type\":\"SearchAction\",\"target\":{\"@type\":\"EntryPoint\",\"urlTemplate\":\"https:\\\/\\\/www.lichen.pl\\\/fr\\\/?s={search_term_string}\"},\"query-input\":{\"@type\":\"PropertyValueSpecification\",\"valueRequired\":true,\"valueName\":\"search_term_string\"}}],\"inLanguage\":\"de\"}]}<\/script>\n<!-- \/ Yoast SEO plugin. -->","yoast_head_json":{"title":"Listopad 2021 - SANKTUARIUM W LICHENIU","robots":{"index":"index","follow":"follow","max-snippet":"max-snippet:-1","max-image-preview":"max-image-preview:large","max-video-preview":"max-video-preview:-1"},"canonical":"https:\/\/www.lichen.pl\/de\/galeria-2021\/listopad-2021\/","og_locale":"de_DE","og_type":"article","og_title":"Listopad 2021 - SANKTUARIUM W LICHENIU","og_description":"XII Og\u00f3lnopolska Konferencja \u201eGrunt to zdrowie, Ziemia to skarb\u201d, 27 listopada 2021 r. Msza pogrzebowa \u015bp. ks. Janusza Bialucha MIC, 24 listopada 2021 r. Uroczysto\u015b\u0107 Jezusa Chrystusa, Kr\u00f3la Wszech\u015bwiata, 21 listopada 2021 r. 72. Og\u00f3lnopolskie Zebranie Duszpasterzy S\u0142u\u017cby Liturgicznej, 6 listopada 2021","og_url":"https:\/\/www.lichen.pl\/de\/galeria-2021\/listopad-2021\/","og_site_name":"SANKTUARIUM W LICHENIU","article_modified_time":"2023-07-17T19:26:55+00:00","twitter_card":"summary_large_image","twitter_misc":{"Gesch\u00e4tzte Lesezeit":"1\u00a0Minute"},"schema":{"@context":"https:\/\/schema.org","@graph":[{"@type":"WebPage","@id":"https:\/\/www.lichen.pl\/galeria-2021\/listopad-2021\/","url":"https:\/\/www.lichen.pl\/galeria-2021\/listopad-2021\/","name":"Listopad 2021 - SANKTUARIUM W LICHENIU","isPartOf":{"@id":"https:\/\/www.lichen.pl\/fr\/#website"},"datePublished":"2023-07-17T19:26:12+00:00","dateModified":"2023-07-17T19:26:55+00:00","breadcrumb":{"@id":"https:\/\/www.lichen.pl\/galeria-2021\/listopad-2021\/#breadcrumb"},"inLanguage":"de","potentialAction":[{"@type":"ReadAction","target":["https:\/\/www.lichen.pl\/galeria-2021\/listopad-2021\/"]}]},{"@type":"BreadcrumbList","@id":"https:\/\/www.lichen.pl\/galeria-2021\/listopad-2021\/#breadcrumb","itemListElement":[{"@type":"ListItem","position":1,"name":"Strona g\u0142\u00f3wna","item":"https:\/\/www.lichen.pl\/"},{"@type":"ListItem","position":2,"name":"Galeria 2021","item":"https:\/\/www.lichen.pl\/galeria-2021\/"},{"@type":"ListItem","position":3,"name":"Listopad 2021"}]},{"@type":"WebSite","@id":"https:\/\/www.lichen.pl\/fr\/#website","url":"https:\/\/www.lichen.pl\/fr\/","name":"HEILIGTUM IN LICHENIEN","description":"DIE TRAURIGE K\u00d6NIGIN UNSERER FLECHEN VON POLEN","potentialAction":[{"@type":"SearchAction","target":{"@type":"EntryPoint","urlTemplate":"https:\/\/www.lichen.pl\/fr\/?s={search_term_string}"},"query-input":{"@type":"PropertyValueSpecification","valueRequired":true,"valueName":"search_term_string"}}],"inLanguage":"de"}]}},"_links":{"self":[{"href":"https:\/\/www.lichen.pl\/de\/wp-json\/wp\/v2\/pages\/55683","targetHints":{"allow":["GET"]}}],"collection":[{"href":"https:\/\/www.lichen.pl\/de\/wp-json\/wp\/v2\/pages"}],"about":[{"href":"https:\/\/www.lichen.pl\/de\/wp-json\/wp\/v2\/types\/page"}],"author":[{"embeddable":true,"href":"https:\/\/www.lichen.pl\/de\/wp-json\/wp\/v2\/users\/5"}],"replies":[{"embeddable":true,"href":"https:\/\/www.lichen.pl\/de\/wp-json\/wp\/v2\/comments?post=55683"}],"version-history":[{"count":4,"href":"https:\/\/www.lichen.pl\/de\/wp-json\/wp\/v2\/pages\/55683\/revisions"}],"predecessor-version":[{"id":55687,"href":"https:\/\/www.lichen.pl\/de\/wp-json\/wp\/v2\/pages\/55683\/revisions\/55687"}],"up":[{"embeddable":true,"href":"https:\/\/www.lichen.pl\/de\/wp-json\/wp\/v2\/pages\/54386"}],"wp:attachment":[{"href":"https:\/\/www.lichen.pl\/de\/wp-json\/wp\/v2\/media?parent=55683"}],"curies":[{"name":"wp","href":"https:\/\/api.w.org\/{rel}","templated":true}]}}