{"id":59425,"date":"2023-10-09T13:14:50","date_gmt":"2023-10-09T11:14:50","guid":{"rendered":"https:\/\/www.lichen.pl\/?page_id=59425"},"modified":"2026-03-10T13:24:23","modified_gmt":"2026-03-10T12:24:23","slug":"pan-moj-i-bog-moj-rekolekcje-o-milosierdziu-bozym","status":"publish","type":"page","link":"https:\/\/www.lichen.pl\/de\/pan-moj-i-bog-moj-rekolekcje-o-milosierdziu-bozym\/","title":{"rendered":"Pan m\u00f3j i B\u00f3g m\u00f3j &#8211; rekolekcje o Mi\u0142osierdziu Bo\u017cym"},"content":{"rendered":"<div data-elementor-type=\"wp-page\" data-elementor-id=\"59425\" class=\"elementor elementor-59425\" data-elementor-post-type=\"page\">\n\t\t\t\t\t\t<section class=\"elementor-section elementor-top-section elementor-element elementor-element-be53abe elementor-section-boxed elementor-section-height-default elementor-section-height-default\" data-id=\"be53abe\" data-element_type=\"section\" data-e-type=\"section\">\n\t\t\t\t\t\t<div class=\"elementor-container elementor-column-gap-default\">\n\t\t\t\t\t<div class=\"elementor-column elementor-col-100 elementor-top-column elementor-element elementor-element-f8b8259\" data-id=\"f8b8259\" data-element_type=\"column\" data-e-type=\"column\">\n\t\t\t<div class=\"elementor-widget-wrap elementor-element-populated\">\n\t\t\t\t\t\t<div class=\"elementor-element elementor-element-1ed0913 elementor-widget-divider--view-line_text elementor-widget-divider--element-align-center elementor-widget elementor-widget-divider\" data-id=\"1ed0913\" data-element_type=\"widget\" data-e-type=\"widget\" data-widget_type=\"divider.default\">\n\t\t\t\t<div class=\"elementor-widget-container\">\n\t\t\t\t\t\t\t<div class=\"elementor-divider\">\n\t\t\t<span class=\"elementor-divider-separator\">\n\t\t\t\t\t\t\t<span class=\"elementor-divider__text elementor-divider__element\">\n\t\t\t\tPan m\u00f3j i B\u00f3g m\u00f3j - rekolekcje o Mi\u0142osierdziu Bo\u017cym\t\t\t\t<\/span>\n\t\t\t\t\t\t<\/span>\n\t\t<\/div>\n\t\t\t\t\t\t<\/div>\n\t\t\t\t<\/div>\n\t\t\t\t<div class=\"elementor-element elementor-element-195f48a elementor-widget elementor-widget-text-editor\" data-id=\"195f48a\" data-element_type=\"widget\" data-e-type=\"widget\" data-widget_type=\"text-editor.default\">\n\t\t\t\t<div class=\"elementor-widget-container\">\n\t\t\t\t\t\t\t\t\t<p>Zastanawiamy si\u0119 niejednokrotnie nad tym, co to jest mi\u0142osierdzie. Cz\u0119sto kojarzy nam si\u0119 ono ze wsp\u00f3\u0142czuciem dla biednych, ubogich. W samym polskim s\u0142owie mi\u0142osierdzie zawarte s\u0105 dwa inne: mi\u0142o\u015b\u0107 i sierdzie, co w j\u0119zyku staropolskim oznacza serce. A wi\u0119c mi\u0142o\u015b\u0107 w sercu. Gdy w pierwszym cz\u0142onie odnajdziemy czasownik mi\u0142owa\u0107, odczytamy zwrot mi\u0142owa\u0107 sercem.<\/p><p>W\u0142a\u015bnie tak kocha B\u00f3g: mi\u0142uje sercem. Albowiem On sam jest Mi\u0142osierdziem, Mi\u0142o\u015bci\u0105, kt\u00f3ra pochyla si\u0119 nad s\u0142abo\u015bci\u0105, ludzk\u0105 niedol\u0105 zar\u00f3wno t\u0105 materialn\u0105, jak i duchow\u0105. Na ziemi, przez ca\u0142y czas naszego tutaj pobytu, doznajemy r\u00f3\u017cnych przejaw\u00f3w Bo\u017cego Mi\u0142osierdzia. B\u00f3g, okazuj\u0105c nam swoj\u0105 mi\u0142o\u015b\u0107, jednocze\u015bnie zaprasza nas s\u0142owami: Id\u017a i ty czy\u0144 podobnie.<br \/>Aby jednak mi\u0142owa\u0107, umie\u0107 przebacza\u0107, by\u0107 dla innych &#8211; sami potrzebujemy zanurzy\u0107 si\u0119 w Bo\u017ce Mi\u0142osierdzie.<br \/>Nic bowiem nie jest nam tak potrzebne, jak mi\u0142o\u015b\u0107 \u0142askawa, wsp\u00f3\u0142czuj\u0105ca, kieruj\u0105ca nas na drog\u0119 ku \u015bwi\u0119to\u015bci. Patrz\u0105c na obraz Mi\u0142osiernego Chrystusa, na kt\u00f3rym Jego Serce promieniuje \u0142askami, w g\u0142\u0119bi duszy mo\u017cemy us\u0142ysze\u0107 te same s\u0142owa, kt\u00f3re us\u0142ysza\u0142a \u015bw. Siostra Faustyna: &#8220;Nie l\u0119kaj si\u0119 niczego, Ja jestem zawsze z Tob\u0105&#8221; (Dz. z. II). Te s\u0142owa s\u0105 zaproszeniem do ufno\u015bci w nieustann\u0105 obecno\u015b\u0107 Boga przy ka\u017cdym z nas.<\/p><p>Kto wie, mo\u017ce w\u0142a\u015bnie rekolekcje o Mi\u0142osierdziu Bo\u017cym s\u0105 Jego zaproszeniem to tego, aby\u015b Go bardziej pokocha\u0142\/a i jeszcze bardziej Mu zaufa\u0142\/a\u2026<br \/>Je\u015bli czujesz w sercu potrzeb\u0119 spotkania z Bogiem, kt\u00f3ry jest Mi\u0142o\u015bci\u0105: po prostu przyjed\u017a, by uczy\u0107 si\u0119 od Jezusa, jak kocha\u0107 Jego mi\u0142o\u015bci\u0105.<\/p><p>Rekolekcje prowadzi ks. Adam Stankiewicz MIC.<\/p><p>\u00a0<\/p>\t\t\t\t\t\t\t\t<\/div>\n\t\t\t\t<\/div>\n\t\t\t\t\t<\/div>\n\t\t<\/div>\n\t\t\t\t\t<\/div>\n\t\t<\/section>\n\t\t\t\t<section class=\"elementor-section elementor-top-section elementor-element elementor-element-d93cd69 elementor-section-boxed elementor-section-height-default elementor-section-height-default\" data-id=\"d93cd69\" data-element_type=\"section\" data-e-type=\"section\">\n\t\t\t\t\t\t<div class=\"elementor-container elementor-column-gap-default\">\n\t\t\t\t\t<div class=\"elementor-column elementor-col-100 elementor-top-column elementor-element elementor-element-99aab0f\" data-id=\"99aab0f\" data-element_type=\"column\" data-e-type=\"column\">\n\t\t\t<div class=\"elementor-widget-wrap elementor-element-populated\">\n\t\t\t\t\t\t<section class=\"elementor-section elementor-inner-section elementor-element elementor-element-f0d2b36 elementor-section-boxed elementor-section-height-default elementor-section-height-default\" data-id=\"f0d2b36\" data-element_type=\"section\" data-e-type=\"section\">\n\t\t\t\t\t\t<div class=\"elementor-container elementor-column-gap-default\">\n\t\t\t\t\t<div class=\"elementor-column elementor-col-50 elementor-inner-column elementor-element elementor-element-887931c\" data-id=\"887931c\" data-element_type=\"column\" data-e-type=\"column\">\n\t\t\t<div class=\"elementor-widget-wrap elementor-element-populated\">\n\t\t\t\t\t\t<div class=\"elementor-element elementor-element-7d439e0 elementor-widget elementor-widget-text-editor\" data-id=\"7d439e0\" data-element_type=\"widget\" data-e-type=\"widget\" data-widget_type=\"text-editor.default\">\n\t\t\t\t<div class=\"elementor-widget-container\">\n\t\t\t\t\t\t\t\t\t<ul><li><span style=\"color: #000000;\">ofiara: <strong>od<\/strong> <strong>350 z\u0142 do 450 z\u0142 <\/strong>od osoby w zale\u017cno\u015bci od rodzaju pokoju (w tym nocleg i wy\u017cywienie), z\u0142o\u017cona podczas rekolekcji\/po przyje\u017adzie<br \/><\/span><\/li><li><span style=\"color: #000000;\">die anzahl der pl\u00e4tze ist begrenzt<\/span><\/li><li><span style=\"color: #000000;\">die Reihenfolge der Bewerbungen entscheidet<\/span><\/li><\/ul>\t\t\t\t\t\t\t\t<\/div>\n\t\t\t\t<\/div>\n\t\t\t\t\t<\/div>\n\t\t<\/div>\n\t\t\t\t<div class=\"elementor-column elementor-col-50 elementor-inner-column elementor-element elementor-element-ce14d27\" data-id=\"ce14d27\" data-element_type=\"column\" data-e-type=\"column\">\n\t\t\t<div class=\"elementor-widget-wrap elementor-element-populated\">\n\t\t\t\t\t\t<div class=\"elementor-element elementor-element-2715512 elementor-widget elementor-widget-text-editor\" data-id=\"2715512\" data-element_type=\"widget\" data-e-type=\"widget\" data-widget_type=\"text-editor.default\">\n\t\t\t\t<div class=\"elementor-widget-container\">\n\t\t\t\t\t\t\t\t\t<p style=\"text-align: center;\"><strong><span style=\"color: #800000;\">Anmeldung zum Retreat:<\/span><\/strong><\/p><ul><li><span style=\"color: #000000;\"><strong>pers\u00f6nlich<\/strong>, im Pilgerdienstb\u00fcro<\/span><\/li><li><span style=\"color: #000000;\"><strong>via Telefon<\/strong> (+48) 63 270 81 42, (+48) 63 270 81 63<\/span><\/li><li><span style=\"color: #000000;\"><strong>Email:<\/strong> lichen@lichen.pl<\/span><\/li><\/ul>\t\t\t\t\t\t\t\t<\/div>\n\t\t\t\t<\/div>\n\t\t\t\t\t<\/div>\n\t\t<\/div>\n\t\t\t\t\t<\/div>\n\t\t<\/section>\n\t\t\t\t<section class=\"elementor-section elementor-inner-section elementor-element elementor-element-c635a48 elementor-section-boxed elementor-section-height-default elementor-section-height-default\" data-id=\"c635a48\" data-element_type=\"section\" data-e-type=\"section\">\n\t\t\t\t\t\t<div class=\"elementor-container elementor-column-gap-default\">\n\t\t\t\t\t<div class=\"elementor-column elementor-col-50 elementor-inner-column elementor-element elementor-element-3ade9f0\" data-id=\"3ade9f0\" data-element_type=\"column\" data-e-type=\"column\">\n\t\t\t<div class=\"elementor-widget-wrap elementor-element-populated\">\n\t\t\t\t\t\t<div class=\"elementor-element elementor-element-36deab9 elementor-view-default elementor-widget elementor-widget-icon\" data-id=\"36deab9\" data-element_type=\"widget\" data-e-type=\"widget\" data-widget_type=\"icon.default\">\n\t\t\t\t<div class=\"elementor-widget-container\">\n\t\t\t\t\t\t\t<div class=\"elementor-icon-wrapper\">\n\t\t\t<a class=\"elementor-icon\" href=\"https:\/\/www.lichen.pl\/de\/rekolekcje-rok-2026\/\">\n\t\t\t<i aria-hidden=\"true\" class=\"far fa-calendar-check\"><\/i>\t\t\t<\/a>\n\t\t<\/div>\n\t\t\t\t\t\t<\/div>\n\t\t\t\t<\/div>\n\t\t\t\t\t<\/div>\n\t\t<\/div>\n\t\t\t\t<div class=\"elementor-column elementor-col-50 elementor-inner-column elementor-element elementor-element-68c5c2c\" data-id=\"68c5c2c\" data-element_type=\"column\" data-e-type=\"column\">\n\t\t\t<div class=\"elementor-widget-wrap elementor-element-populated\">\n\t\t\t\t\t\t<div class=\"elementor-element elementor-element-06ea72b elementor-widget elementor-widget-text-editor\" data-id=\"06ea72b\" data-element_type=\"widget\" data-e-type=\"widget\" data-widget_type=\"text-editor.default\">\n\t\t\t\t<div class=\"elementor-widget-container\">\n\t\t\t\t\t\t\t\t\t<p><span style=\"color: #333399;\">Przejd\u017a do kalendarza rekolekcji 2026 r.<\/span><\/p>\t\t\t\t\t\t\t\t<\/div>\n\t\t\t\t<\/div>\n\t\t\t\t<div class=\"elementor-element elementor-element-63ea161 elementor-widget-divider--view-line elementor-widget elementor-widget-divider\" data-id=\"63ea161\" data-element_type=\"widget\" data-e-type=\"widget\" data-widget_type=\"divider.default\">\n\t\t\t\t<div class=\"elementor-widget-container\">\n\t\t\t\t\t\t\t<div class=\"elementor-divider\">\n\t\t\t<span class=\"elementor-divider-separator\">\n\t\t\t\t\t\t<\/span>\n\t\t<\/div>\n\t\t\t\t\t\t<\/div>\n\t\t\t\t<\/div>\n\t\t\t\t\t<\/div>\n\t\t<\/div>\n\t\t\t\t\t<\/div>\n\t\t<\/section>\n\t\t\t\t\t<\/div>\n\t\t<\/div>\n\t\t\t\t\t<\/div>\n\t\t<\/section>\n\t\t\t\t<\/div>","protected":false},"excerpt":{"rendered":"<p>Pan m\u00f3j i B\u00f3g m\u00f3j &#8211; rekolekcje o Mi\u0142osierdziu Bo\u017cym Zastanawiamy si\u0119 niejednokrotnie nad tym, co to jest mi\u0142osierdzie. Cz\u0119sto kojarzy nam si\u0119 ono ze wsp\u00f3\u0142czuciem dla biednych, ubogich. W samym polskim s\u0142owie mi\u0142osierdzie zawarte s\u0105 dwa inne: mi\u0142o\u015b\u0107 i sierdzie, co w j\u0119zyku staropolskim oznacza serce. A wi\u0119c mi\u0142o\u015b\u0107 w sercu. Gdy w pierwszym [&hellip;]<\/p>\n","protected":false},"author":2,"featured_media":0,"parent":0,"menu_order":0,"comment_status":"closed","ping_status":"closed","template":"","meta":{"footnotes":""},"class_list":["post-59425","page","type-page","status-publish","hentry","wpbf-post"],"yoast_head":"<!-- This site is optimized with the Yoast SEO plugin v27.4 - https:\/\/yoast.com\/product\/yoast-seo-wordpress\/ -->\n<title>Pan m\u00f3j i B\u00f3g m\u00f3j - rekolekcje o Mi\u0142osierdziu Bo\u017cym - SANKTUARIUM W LICHENIU<\/title>\n<meta name=\"robots\" content=\"index, follow, max-snippet:-1, max-image-preview:large, max-video-preview:-1\" \/>\n<link rel=\"canonical\" href=\"https:\/\/www.lichen.pl\/de\/pan-moj-i-bog-moj-rekolekcje-o-milosierdziu-bozym\/\" \/>\n<meta property=\"og:locale\" content=\"de_DE\" \/>\n<meta property=\"og:type\" content=\"article\" \/>\n<meta property=\"og:title\" content=\"Pan m\u00f3j i B\u00f3g m\u00f3j - rekolekcje o Mi\u0142osierdziu Bo\u017cym - SANKTUARIUM W LICHENIU\" \/>\n<meta property=\"og:description\" content=\"Pan m\u00f3j i B\u00f3g m\u00f3j &#8211; rekolekcje o Mi\u0142osierdziu Bo\u017cym Zastanawiamy si\u0119 niejednokrotnie nad tym, co to jest mi\u0142osierdzie. Cz\u0119sto kojarzy nam si\u0119 ono ze wsp\u00f3\u0142czuciem dla biednych, ubogich. W samym polskim s\u0142owie mi\u0142osierdzie zawarte s\u0105 dwa inne: mi\u0142o\u015b\u0107 i sierdzie, co w j\u0119zyku staropolskim oznacza serce. A wi\u0119c mi\u0142o\u015b\u0107 w sercu. Gdy w pierwszym [&hellip;]\" \/>\n<meta property=\"og:url\" content=\"https:\/\/www.lichen.pl\/de\/pan-moj-i-bog-moj-rekolekcje-o-milosierdziu-bozym\/\" \/>\n<meta property=\"og:site_name\" content=\"SANKTUARIUM W LICHENIU\" \/>\n<meta property=\"article:modified_time\" content=\"2026-03-10T12:24:23+00:00\" \/>\n<meta name=\"twitter:card\" content=\"summary_large_image\" \/>\n<meta name=\"twitter:label1\" content=\"Gesch\u00e4tzte Lesezeit\" \/>\n\t<meta name=\"twitter:data1\" content=\"2\u00a0Minuten\" \/>\n<script type=\"application\/ld+json\" class=\"yoast-schema-graph\">{\"@context\":\"https:\\\/\\\/schema.org\",\"@graph\":[{\"@type\":\"WebPage\",\"@id\":\"https:\\\/\\\/www.lichen.pl\\\/pan-moj-i-bog-moj-rekolekcje-o-milosierdziu-bozym\\\/\",\"url\":\"https:\\\/\\\/www.lichen.pl\\\/pan-moj-i-bog-moj-rekolekcje-o-milosierdziu-bozym\\\/\",\"name\":\"Pan m\u00f3j i B\u00f3g m\u00f3j - rekolekcje o Mi\u0142osierdziu Bo\u017cym - SANKTUARIUM W LICHENIU\",\"isPartOf\":{\"@id\":\"https:\\\/\\\/www.lichen.pl\\\/fr\\\/#website\"},\"datePublished\":\"2023-10-09T11:14:50+00:00\",\"dateModified\":\"2026-03-10T12:24:23+00:00\",\"breadcrumb\":{\"@id\":\"https:\\\/\\\/www.lichen.pl\\\/pan-moj-i-bog-moj-rekolekcje-o-milosierdziu-bozym\\\/#breadcrumb\"},\"inLanguage\":\"de\",\"potentialAction\":[{\"@type\":\"ReadAction\",\"target\":[\"https:\\\/\\\/www.lichen.pl\\\/pan-moj-i-bog-moj-rekolekcje-o-milosierdziu-bozym\\\/\"]}]},{\"@type\":\"BreadcrumbList\",\"@id\":\"https:\\\/\\\/www.lichen.pl\\\/pan-moj-i-bog-moj-rekolekcje-o-milosierdziu-bozym\\\/#breadcrumb\",\"itemListElement\":[{\"@type\":\"ListItem\",\"position\":1,\"name\":\"Strona g\u0142\u00f3wna\",\"item\":\"https:\\\/\\\/www.lichen.pl\\\/\"},{\"@type\":\"ListItem\",\"position\":2,\"name\":\"Pan m\u00f3j i B\u00f3g m\u00f3j &#8211; rekolekcje o Mi\u0142osierdziu Bo\u017cym\"}]},{\"@type\":\"WebSite\",\"@id\":\"https:\\\/\\\/www.lichen.pl\\\/fr\\\/#website\",\"url\":\"https:\\\/\\\/www.lichen.pl\\\/fr\\\/\",\"name\":\"SANKTUARIUM W LICHENIU\",\"description\":\"MATKI BO\u017bEJ LICHE\u0143SKIEJ BOLESNEJ KR\u00d3LOWEJ POLSKI\",\"potentialAction\":[{\"@type\":\"SearchAction\",\"target\":{\"@type\":\"EntryPoint\",\"urlTemplate\":\"https:\\\/\\\/www.lichen.pl\\\/fr\\\/?s={search_term_string}\"},\"query-input\":{\"@type\":\"PropertyValueSpecification\",\"valueRequired\":true,\"valueName\":\"search_term_string\"}}],\"inLanguage\":\"de\"}]}<\/script>\n<!-- \/ Yoast SEO plugin. -->","yoast_head_json":{"title":"Pan m\u00f3j i B\u00f3g m\u00f3j - rekolekcje o Mi\u0142osierdziu Bo\u017cym - SANKTUARIUM W LICHENIU","robots":{"index":"index","follow":"follow","max-snippet":"max-snippet:-1","max-image-preview":"max-image-preview:large","max-video-preview":"max-video-preview:-1"},"canonical":"https:\/\/www.lichen.pl\/de\/pan-moj-i-bog-moj-rekolekcje-o-milosierdziu-bozym\/","og_locale":"de_DE","og_type":"article","og_title":"Pan m\u00f3j i B\u00f3g m\u00f3j - rekolekcje o Mi\u0142osierdziu Bo\u017cym - SANKTUARIUM W LICHENIU","og_description":"Pan m\u00f3j i B\u00f3g m\u00f3j &#8211; rekolekcje o Mi\u0142osierdziu Bo\u017cym Zastanawiamy si\u0119 niejednokrotnie nad tym, co to jest mi\u0142osierdzie. Cz\u0119sto kojarzy nam si\u0119 ono ze wsp\u00f3\u0142czuciem dla biednych, ubogich. W samym polskim s\u0142owie mi\u0142osierdzie zawarte s\u0105 dwa inne: mi\u0142o\u015b\u0107 i sierdzie, co w j\u0119zyku staropolskim oznacza serce. A wi\u0119c mi\u0142o\u015b\u0107 w sercu. Gdy w pierwszym [&hellip;]","og_url":"https:\/\/www.lichen.pl\/de\/pan-moj-i-bog-moj-rekolekcje-o-milosierdziu-bozym\/","og_site_name":"SANKTUARIUM W LICHENIU","article_modified_time":"2026-03-10T12:24:23+00:00","twitter_card":"summary_large_image","twitter_misc":{"Gesch\u00e4tzte Lesezeit":"2\u00a0Minuten"},"schema":{"@context":"https:\/\/schema.org","@graph":[{"@type":"WebPage","@id":"https:\/\/www.lichen.pl\/pan-moj-i-bog-moj-rekolekcje-o-milosierdziu-bozym\/","url":"https:\/\/www.lichen.pl\/pan-moj-i-bog-moj-rekolekcje-o-milosierdziu-bozym\/","name":"Pan m\u00f3j i B\u00f3g m\u00f3j - rekolekcje o Mi\u0142osierdziu Bo\u017cym - SANKTUARIUM W LICHENIU","isPartOf":{"@id":"https:\/\/www.lichen.pl\/fr\/#website"},"datePublished":"2023-10-09T11:14:50+00:00","dateModified":"2026-03-10T12:24:23+00:00","breadcrumb":{"@id":"https:\/\/www.lichen.pl\/pan-moj-i-bog-moj-rekolekcje-o-milosierdziu-bozym\/#breadcrumb"},"inLanguage":"de","potentialAction":[{"@type":"ReadAction","target":["https:\/\/www.lichen.pl\/pan-moj-i-bog-moj-rekolekcje-o-milosierdziu-bozym\/"]}]},{"@type":"BreadcrumbList","@id":"https:\/\/www.lichen.pl\/pan-moj-i-bog-moj-rekolekcje-o-milosierdziu-bozym\/#breadcrumb","itemListElement":[{"@type":"ListItem","position":1,"name":"Strona g\u0142\u00f3wna","item":"https:\/\/www.lichen.pl\/"},{"@type":"ListItem","position":2,"name":"Pan m\u00f3j i B\u00f3g m\u00f3j &#8211; rekolekcje o Mi\u0142osierdziu Bo\u017cym"}]},{"@type":"WebSite","@id":"https:\/\/www.lichen.pl\/fr\/#website","url":"https:\/\/www.lichen.pl\/fr\/","name":"HEILIGTUM IN LICHENIEN","description":"DIE TRAURIGE K\u00d6NIGIN UNSERER FLECHEN VON POLEN","potentialAction":[{"@type":"SearchAction","target":{"@type":"EntryPoint","urlTemplate":"https:\/\/www.lichen.pl\/fr\/?s={search_term_string}"},"query-input":{"@type":"PropertyValueSpecification","valueRequired":true,"valueName":"search_term_string"}}],"inLanguage":"de"}]}},"_links":{"self":[{"href":"https:\/\/www.lichen.pl\/de\/wp-json\/wp\/v2\/pages\/59425","targetHints":{"allow":["GET"]}}],"collection":[{"href":"https:\/\/www.lichen.pl\/de\/wp-json\/wp\/v2\/pages"}],"about":[{"href":"https:\/\/www.lichen.pl\/de\/wp-json\/wp\/v2\/types\/page"}],"author":[{"embeddable":true,"href":"https:\/\/www.lichen.pl\/de\/wp-json\/wp\/v2\/users\/2"}],"replies":[{"embeddable":true,"href":"https:\/\/www.lichen.pl\/de\/wp-json\/wp\/v2\/comments?post=59425"}],"version-history":[{"count":47,"href":"https:\/\/www.lichen.pl\/de\/wp-json\/wp\/v2\/pages\/59425\/revisions"}],"predecessor-version":[{"id":97835,"href":"https:\/\/www.lichen.pl\/de\/wp-json\/wp\/v2\/pages\/59425\/revisions\/97835"}],"wp:attachment":[{"href":"https:\/\/www.lichen.pl\/de\/wp-json\/wp\/v2\/media?parent=59425"}],"curies":[{"name":"wp","href":"https:\/\/api.w.org\/{rel}","templated":true}]}}