{"id":72780,"date":"2024-08-08T10:13:59","date_gmt":"2024-08-08T08:13:59","guid":{"rendered":"https:\/\/www.lichen.pl\/?page_id=72780"},"modified":"2024-08-08T11:45:56","modified_gmt":"2024-08-08T09:45:56","slug":"czerwiec-2024","status":"publish","type":"page","link":"https:\/\/www.lichen.pl\/de\/galeria-2024\/czerwiec-2024\/","title":{"rendered":"Czerwiec 2024"},"content":{"rendered":"<div data-elementor-type=\"wp-page\" data-elementor-id=\"72780\" class=\"elementor elementor-72780\" data-elementor-post-type=\"page\">\n\t\t\t\t\t\t<section class=\"elementor-section elementor-top-section elementor-element elementor-element-721a2cb elementor-section-boxed elementor-section-height-default elementor-section-height-default\" data-id=\"721a2cb\" data-element_type=\"section\" data-e-type=\"section\">\n\t\t\t\t\t\t<div class=\"elementor-container elementor-column-gap-default\">\n\t\t\t\t\t<div class=\"elementor-column elementor-col-100 elementor-top-column elementor-element elementor-element-004f7c8\" data-id=\"004f7c8\" data-element_type=\"column\" data-e-type=\"column\">\n\t\t\t<div class=\"elementor-widget-wrap elementor-element-populated\">\n\t\t\t\t\t\t<div class=\"elementor-element elementor-element-738ace0 elementor-gallery--filter-align-center elementor-widget elementor-widget-gallery\" data-id=\"738ace0\" data-element_type=\"widget\" data-e-type=\"widget\" data-settings=\"{&quot;image_hover_animation&quot;:&quot;grow&quot;,&quot;columns&quot;:8,&quot;gap&quot;:{&quot;unit&quot;:&quot;px&quot;,&quot;size&quot;:4,&quot;sizes&quot;:[]},&quot;lazyload&quot;:&quot;yes&quot;,&quot;gallery_layout&quot;:&quot;grid&quot;,&quot;columns_tablet&quot;:2,&quot;columns_mobile&quot;:1,&quot;gap_tablet&quot;:{&quot;unit&quot;:&quot;px&quot;,&quot;size&quot;:10,&quot;sizes&quot;:[]},&quot;gap_mobile&quot;:{&quot;unit&quot;:&quot;px&quot;,&quot;size&quot;:10,&quot;sizes&quot;:[]},&quot;link_to&quot;:&quot;file&quot;,&quot;aspect_ratio&quot;:&quot;3:2&quot;,&quot;overlay_background&quot;:&quot;yes&quot;,&quot;content_hover_animation&quot;:&quot;fade-in&quot;}\" data-widget_type=\"gallery.default\">\n\t\t\t\t<div class=\"elementor-widget-container\">\n\t\t\t\t\t\t\t\t<div class=\"elementor-gallery__titles-container e--pointer-background e--animation-shutter-out-horizontal\" aria-label=\"Gallery filter\">\n\t\t\t\t\n\t\t\t\t\t\t\t\t\t<a class=\"elementor-item elementor-gallery-title\" role=\"button\" tabindex=\"0\" data-gallery-index=\"0\">\n\t\t\t\t\t\t1 czerwca Dzie\u0144 Dziecka\t\t\t\t\t<\/a>\n\t\t\t\t\t\t\t\t\t\t<a class=\"elementor-item elementor-gallery-title\" role=\"button\" tabindex=\"0\" data-gallery-index=\"1\">\n\t\t\t\t\t\t2 czerwca - XVII \u015awi\u0119to Dzi\u0119kczynienia\t\t\t\t\t<\/a>\n\t\t\t\t\t\t\t\t\t\t<a class=\"elementor-item elementor-gallery-title\" role=\"button\" tabindex=\"0\" data-gallery-index=\"2\">\n\t\t\t\t\t\t6 czerwca Og\u00f3lno\u015bwiatowa Sztafeta R\u00f3\u017ca\u0144cowa\t\t\t\t\t<\/a>\n\t\t\t\t\t\t\t\t\t\t<a class=\"elementor-item elementor-gallery-title\" role=\"button\" tabindex=\"0\" data-gallery-index=\"3\">\n\t\t\t\t\t\t7 czerwca - Obchody 25. rocznicy papieskiej pielgrzymki - Apel Maryjny\t\t\t\t\t<\/a>\n\t\t\t\t\t\t\t\t\t\t<a class=\"elementor-item elementor-gallery-title\" role=\"button\" tabindex=\"0\" data-gallery-index=\"4\">\n\t\t\t\t\t\t7 czerwca M\u0142odzi w ho\u0142dzie Janowi Paw\u0142owi II\t\t\t\t\t<\/a>\n\t\t\t\t\t\t\t\t\t\t<a class=\"elementor-item elementor-gallery-title\" role=\"button\" tabindex=\"0\" data-gallery-index=\"5\">\n\t\t\t\t\t\t8 czerwca obchody 25. rocznicy papieskiej pielgrzymki\t\t\t\t\t<\/a>\n\t\t\t\t\t\t\t\t\t\t<a class=\"elementor-item elementor-gallery-title\" role=\"button\" tabindex=\"0\" data-gallery-index=\"6\">\n\t\t\t\t\t\t9 czerwca Marsz dla \u017bycia i Rodziny\t\t\t\t\t<\/a>\n\t\t\t\t\t\t\t\t\t\t<a class=\"elementor-item elementor-gallery-title\" role=\"button\" tabindex=\"0\" data-gallery-index=\"7\">\n\t\t\t\t\t\t12-13 czerwca 29. Og\u00f3lnopolska Pielgrzymka Sybirak\u00f3w\t\t\t\t\t<\/a>\n\t\t\t\t\t\t\t\t\t\t<a class=\"elementor-item elementor-gallery-title\" role=\"button\" tabindex=\"0\" data-gallery-index=\"8\">\n\t\t\t\t\t\t16 czerwca Dzie\u0144 wdzi\u0119czno\u015bci fundatorom bazyliki liche\u0144skiej\t\t\t\t\t<\/a>\n\t\t\t\t\t\t\t\t\t\t<a class=\"elementor-item elementor-gallery-title\" role=\"button\" tabindex=\"0\" data-gallery-index=\"9\">\n\t\t\t\t\t\t23 czerwca Dzie\u0144 Ojca\t\t\t\t\t<\/a>\n\t\t\t\t\t\t\t\t\t\t<a class=\"elementor-item elementor-gallery-title\" role=\"button\" tabindex=\"0\" data-gallery-index=\"10\">\n\t\t\t\t\t\t30 czerwca Inauguracja festiwalu \"Basilica Sonans\"\t\t\t\t\t<\/a>\n\t\t\t\t\t\t\t\t<\/div>\n\t\t\t\t\t<div class=\"elementor-gallery__container\">\n\t\t\t\t\t\t\t<a class=\"e-gallery-item elementor-gallery-item elementor-animated-content\" data-e-gallery-tags=\"0\" href=\"https:\/\/www.lichen.pl\/wp-content\/uploads\/2024\/06\/Dzien-Dziecka-w-Licheniu-1.jpg\" data-elementor-open-lightbox=\"yes\" data-elementor-lightbox-slideshow=\"738ace0\" data-elementor-lightbox-title=\"Dzie\u0144 Dziecka w Licheniu (1)\" data-e-action-hash=\"#elementor-action%3Aaction%3Dlightbox%26settings%3DeyJpZCI6NzAwMDEsInVybCI6Imh0dHBzOlwvXC93d3cubGljaGVuLnBsXC93cC1jb250ZW50XC91cGxvYWRzXC8yMDI0XC8wNlwvRHppZW4tRHppZWNrYS13LUxpY2hlbml1LTEuanBnIiwic2xpZGVzaG93IjoiNzM4YWNlMCJ9\">\n\t\t\t\t\t<div class=\"e-gallery-image elementor-gallery-item__image\" data-thumbnail=\"https:\/\/www.lichen.pl\/wp-content\/uploads\/2024\/06\/Dzien-Dziecka-w-Licheniu-1-150x150.jpg\" data-width=\"150\" data-height=\"150\" aria-label=\"\" role=\"img\" ><\/div>\n\t\t\t\t\t\t\t\t\t\t\t<div class=\"elementor-gallery-item__overlay\"><\/div>\n\t\t\t\t\t\t\t\t\t\t\t\t\t\t<\/a>\n\t\t\t\t\t\t\t<a class=\"e-gallery-item elementor-gallery-item elementor-animated-content\" data-e-gallery-tags=\"0\" href=\"https:\/\/www.lichen.pl\/wp-content\/uploads\/2024\/06\/Dzien-Dziecka-w-Licheniu-2.jpg\" data-elementor-open-lightbox=\"yes\" data-elementor-lightbox-slideshow=\"738ace0\" data-elementor-lightbox-title=\"Dzie\u0144 Dziecka w Licheniu (2)\" data-e-action-hash=\"#elementor-action%3Aaction%3Dlightbox%26settings%3DeyJpZCI6NzAwMDAsInVybCI6Imh0dHBzOlwvXC93d3cubGljaGVuLnBsXC93cC1jb250ZW50XC91cGxvYWRzXC8yMDI0XC8wNlwvRHppZW4tRHppZWNrYS13LUxpY2hlbml1LTIuanBnIiwic2xpZGVzaG93IjoiNzM4YWNlMCJ9\">\n\t\t\t\t\t<div class=\"e-gallery-image elementor-gallery-item__image\" data-thumbnail=\"https:\/\/www.lichen.pl\/wp-content\/uploads\/2024\/06\/Dzien-Dziecka-w-Licheniu-2-150x150.jpg\" data-width=\"150\" data-height=\"150\" aria-label=\"\" role=\"img\" ><\/div>\n\t\t\t\t\t\t\t\t\t\t\t<div class=\"elementor-gallery-item__overlay\"><\/div>\n\t\t\t\t\t\t\t\t\t\t\t\t\t\t<\/a>\n\t\t\t\t\t\t\t<a class=\"e-gallery-item elementor-gallery-item elementor-animated-content\" data-e-gallery-tags=\"0\" href=\"https:\/\/www.lichen.pl\/wp-content\/uploads\/2024\/06\/Dzien-Dziecka-w-Licheniu-3.jpg\" data-elementor-open-lightbox=\"yes\" data-elementor-lightbox-slideshow=\"738ace0\" data-elementor-lightbox-title=\"Dzie\u0144 Dziecka w Licheniu (3)\" data-e-action-hash=\"#elementor-action%3Aaction%3Dlightbox%26settings%3DeyJpZCI6Njk5OTksInVybCI6Imh0dHBzOlwvXC93d3cubGljaGVuLnBsXC93cC1jb250ZW50XC91cGxvYWRzXC8yMDI0XC8wNlwvRHppZW4tRHppZWNrYS13LUxpY2hlbml1LTMuanBnIiwic2xpZGVzaG93IjoiNzM4YWNlMCJ9\">\n\t\t\t\t\t<div class=\"e-gallery-image elementor-gallery-item__image\" data-thumbnail=\"https:\/\/www.lichen.pl\/wp-content\/uploads\/2024\/06\/Dzien-Dziecka-w-Licheniu-3-150x150.jpg\" data-width=\"150\" data-height=\"150\" aria-label=\"\" role=\"img\" ><\/div>\n\t\t\t\t\t\t\t\t\t\t\t<div class=\"elementor-gallery-item__overlay\"><\/div>\n\t\t\t\t\t\t\t\t\t\t\t\t\t\t<\/a>\n\t\t\t\t\t\t\t<a class=\"e-gallery-item elementor-gallery-item elementor-animated-content\" data-e-gallery-tags=\"0\" href=\"https:\/\/www.lichen.pl\/wp-content\/uploads\/2024\/06\/Dzien-Dziecka-w-Licheniu-4.jpg\" data-elementor-open-lightbox=\"yes\" data-elementor-lightbox-slideshow=\"738ace0\" data-elementor-lightbox-title=\"Dzie\u0144 Dziecka w Licheniu (4)\" data-e-action-hash=\"#elementor-action%3Aaction%3Dlightbox%26settings%3DeyJpZCI6Njk5OTgsInVybCI6Imh0dHBzOlwvXC93d3cubGljaGVuLnBsXC93cC1jb250ZW50XC91cGxvYWRzXC8yMDI0XC8wNlwvRHppZW4tRHppZWNrYS13LUxpY2hlbml1LTQuanBnIiwic2xpZGVzaG93IjoiNzM4YWNlMCJ9\">\n\t\t\t\t\t<div class=\"e-gallery-image elementor-gallery-item__image\" data-thumbnail=\"https:\/\/www.lichen.pl\/wp-content\/uploads\/2024\/06\/Dzien-Dziecka-w-Licheniu-4-150x150.jpg\" data-width=\"150\" data-height=\"150\" aria-label=\"\" role=\"img\" ><\/div>\n\t\t\t\t\t\t\t\t\t\t\t<div class=\"elementor-gallery-item__overlay\"><\/div>\n\t\t\t\t\t\t\t\t\t\t\t\t\t\t<\/a>\n\t\t\t\t\t\t\t<a class=\"e-gallery-item elementor-gallery-item elementor-animated-content\" data-e-gallery-tags=\"0\" href=\"https:\/\/www.lichen.pl\/wp-content\/uploads\/2024\/06\/Dzien-Dziecka-w-Licheniu-5.jpg\" data-elementor-open-lightbox=\"yes\" data-elementor-lightbox-slideshow=\"738ace0\" data-elementor-lightbox-title=\"Dzie\u0144 Dziecka w Licheniu (5)\" data-e-action-hash=\"#elementor-action%3Aaction%3Dlightbox%26settings%3DeyJpZCI6Njk5OTcsInVybCI6Imh0dHBzOlwvXC93d3cubGljaGVuLnBsXC93cC1jb250ZW50XC91cGxvYWRzXC8yMDI0XC8wNlwvRHppZW4tRHppZWNrYS13LUxpY2hlbml1LTUuanBnIiwic2xpZGVzaG93IjoiNzM4YWNlMCJ9\">\n\t\t\t\t\t<div class=\"e-gallery-image elementor-gallery-item__image\" data-thumbnail=\"https:\/\/www.lichen.pl\/wp-content\/uploads\/2024\/06\/Dzien-Dziecka-w-Licheniu-5-150x150.jpg\" data-width=\"150\" data-height=\"150\" aria-label=\"\" role=\"img\" ><\/div>\n\t\t\t\t\t\t\t\t\t\t\t<div class=\"elementor-gallery-item__overlay\"><\/div>\n\t\t\t\t\t\t\t\t\t\t\t\t\t\t<\/a>\n\t\t\t\t\t\t\t<a class=\"e-gallery-item elementor-gallery-item elementor-animated-content\" data-e-gallery-tags=\"0\" href=\"https:\/\/www.lichen.pl\/wp-content\/uploads\/2024\/06\/Dzien-Dziecka-w-Licheniu-6.jpg\" data-elementor-open-lightbox=\"yes\" data-elementor-lightbox-slideshow=\"738ace0\" data-elementor-lightbox-title=\"Dzie\u0144 Dziecka w Licheniu (6)\" data-e-action-hash=\"#elementor-action%3Aaction%3Dlightbox%26settings%3DeyJpZCI6Njk5OTYsInVybCI6Imh0dHBzOlwvXC93d3cubGljaGVuLnBsXC93cC1jb250ZW50XC91cGxvYWRzXC8yMDI0XC8wNlwvRHppZW4tRHppZWNrYS13LUxpY2hlbml1LTYuanBnIiwic2xpZGVzaG93IjoiNzM4YWNlMCJ9\">\n\t\t\t\t\t<div class=\"e-gallery-image elementor-gallery-item__image\" data-thumbnail=\"https:\/\/www.lichen.pl\/wp-content\/uploads\/2024\/06\/Dzien-Dziecka-w-Licheniu-6-150x150.jpg\" data-width=\"150\" data-height=\"150\" aria-label=\"\" role=\"img\" ><\/div>\n\t\t\t\t\t\t\t\t\t\t\t<div class=\"elementor-gallery-item__overlay\"><\/div>\n\t\t\t\t\t\t\t\t\t\t\t\t\t\t<\/a>\n\t\t\t\t\t\t\t<a class=\"e-gallery-item elementor-gallery-item elementor-animated-content\" data-e-gallery-tags=\"0\" href=\"https:\/\/www.lichen.pl\/wp-content\/uploads\/2024\/06\/Dzien-Dziecka-w-Licheniu-7.jpg\" data-elementor-open-lightbox=\"yes\" data-elementor-lightbox-slideshow=\"738ace0\" data-elementor-lightbox-title=\"Dzie\u0144 Dziecka w Licheniu (7)\" data-e-action-hash=\"#elementor-action%3Aaction%3Dlightbox%26settings%3DeyJpZCI6Njk5OTUsInVybCI6Imh0dHBzOlwvXC93d3cubGljaGVuLnBsXC93cC1jb250ZW50XC91cGxvYWRzXC8yMDI0XC8wNlwvRHppZW4tRHppZWNrYS13LUxpY2hlbml1LTcuanBnIiwic2xpZGVzaG93IjoiNzM4YWNlMCJ9\">\n\t\t\t\t\t<div class=\"e-gallery-image elementor-gallery-item__image\" data-thumbnail=\"https:\/\/www.lichen.pl\/wp-content\/uploads\/2024\/06\/Dzien-Dziecka-w-Licheniu-7-150x150.jpg\" data-width=\"150\" data-height=\"150\" aria-label=\"\" role=\"img\" ><\/div>\n\t\t\t\t\t\t\t\t\t\t\t<div class=\"elementor-gallery-item__overlay\"><\/div>\n\t\t\t\t\t\t\t\t\t\t\t\t\t\t<\/a>\n\t\t\t\t\t\t\t<a class=\"e-gallery-item elementor-gallery-item elementor-animated-content\" data-e-gallery-tags=\"0\" href=\"https:\/\/www.lichen.pl\/wp-content\/uploads\/2024\/06\/Dzien-Dziecka-w-Licheniu-8.jpg\" data-elementor-open-lightbox=\"yes\" data-elementor-lightbox-slideshow=\"738ace0\" data-elementor-lightbox-title=\"Dzie\u0144 Dziecka w Licheniu (8)\" data-e-action-hash=\"#elementor-action%3Aaction%3Dlightbox%26settings%3DeyJpZCI6Njk5OTQsInVybCI6Imh0dHBzOlwvXC93d3cubGljaGVuLnBsXC93cC1jb250ZW50XC91cGxvYWRzXC8yMDI0XC8wNlwvRHppZW4tRHppZWNrYS13LUxpY2hlbml1LTguanBnIiwic2xpZGVzaG93IjoiNzM4YWNlMCJ9\">\n\t\t\t\t\t<div class=\"e-gallery-image elementor-gallery-item__image\" data-thumbnail=\"https:\/\/www.lichen.pl\/wp-content\/uploads\/2024\/06\/Dzien-Dziecka-w-Licheniu-8-150x150.jpg\" data-width=\"150\" data-height=\"150\" aria-label=\"\" role=\"img\" ><\/div>\n\t\t\t\t\t\t\t\t\t\t\t<div class=\"elementor-gallery-item__overlay\"><\/div>\n\t\t\t\t\t\t\t\t\t\t\t\t\t\t<\/a>\n\t\t\t\t\t\t\t<a class=\"e-gallery-item elementor-gallery-item elementor-animated-content\" data-e-gallery-tags=\"0\" href=\"https:\/\/www.lichen.pl\/wp-content\/uploads\/2024\/06\/Dzien-Dziecka-w-Licheniu-9.jpg\" data-elementor-open-lightbox=\"yes\" data-elementor-lightbox-slideshow=\"738ace0\" data-elementor-lightbox-title=\"Dzie\u0144 Dziecka w Licheniu (9)\" data-e-action-hash=\"#elementor-action%3Aaction%3Dlightbox%26settings%3DeyJpZCI6Njk5OTMsInVybCI6Imh0dHBzOlwvXC93d3cubGljaGVuLnBsXC93cC1jb250ZW50XC91cGxvYWRzXC8yMDI0XC8wNlwvRHppZW4tRHppZWNrYS13LUxpY2hlbml1LTkuanBnIiwic2xpZGVzaG93IjoiNzM4YWNlMCJ9\">\n\t\t\t\t\t<div class=\"e-gallery-image elementor-gallery-item__image\" data-thumbnail=\"https:\/\/www.lichen.pl\/wp-content\/uploads\/2024\/06\/Dzien-Dziecka-w-Licheniu-9-150x150.jpg\" data-width=\"150\" data-height=\"150\" aria-label=\"\" role=\"img\" ><\/div>\n\t\t\t\t\t\t\t\t\t\t\t<div class=\"elementor-gallery-item__overlay\"><\/div>\n\t\t\t\t\t\t\t\t\t\t\t\t\t\t<\/a>\n\t\t\t\t\t\t\t<a class=\"e-gallery-item elementor-gallery-item elementor-animated-content\" data-e-gallery-tags=\"0\" href=\"https:\/\/www.lichen.pl\/wp-content\/uploads\/2024\/06\/Dzien-Dziecka-w-Licheniu-10.jpg\" data-elementor-open-lightbox=\"yes\" data-elementor-lightbox-slideshow=\"738ace0\" data-elementor-lightbox-title=\"Dzie\u0144 Dziecka w Licheniu (10)\" data-e-action-hash=\"#elementor-action%3Aaction%3Dlightbox%26settings%3DeyJpZCI6Njk5OTIsInVybCI6Imh0dHBzOlwvXC93d3cubGljaGVuLnBsXC93cC1jb250ZW50XC91cGxvYWRzXC8yMDI0XC8wNlwvRHppZW4tRHppZWNrYS13LUxpY2hlbml1LTEwLmpwZyIsInNsaWRlc2hvdyI6IjczOGFjZTAifQ%3D%3D\">\n\t\t\t\t\t<div class=\"e-gallery-image elementor-gallery-item__image\" data-thumbnail=\"https:\/\/www.lichen.pl\/wp-content\/uploads\/2024\/06\/Dzien-Dziecka-w-Licheniu-10-150x150.jpg\" data-width=\"150\" data-height=\"150\" aria-label=\"\" role=\"img\" ><\/div>\n\t\t\t\t\t\t\t\t\t\t\t<div class=\"elementor-gallery-item__overlay\"><\/div>\n\t\t\t\t\t\t\t\t\t\t\t\t\t\t<\/a>\n\t\t\t\t\t\t\t<a class=\"e-gallery-item elementor-gallery-item elementor-animated-content\" data-e-gallery-tags=\"0\" href=\"https:\/\/www.lichen.pl\/wp-content\/uploads\/2024\/06\/Dzien-Dziecka-w-Licheniu-12.jpg\" data-elementor-open-lightbox=\"yes\" data-elementor-lightbox-slideshow=\"738ace0\" data-elementor-lightbox-title=\"Dzie\u0144 Dziecka w Licheniu (12)\" data-e-action-hash=\"#elementor-action%3Aaction%3Dlightbox%26settings%3DeyJpZCI6Njk5OTAsInVybCI6Imh0dHBzOlwvXC93d3cubGljaGVuLnBsXC93cC1jb250ZW50XC91cGxvYWRzXC8yMDI0XC8wNlwvRHppZW4tRHppZWNrYS13LUxpY2hlbml1LTEyLmpwZyIsInNsaWRlc2hvdyI6IjczOGFjZTAifQ%3D%3D\">\n\t\t\t\t\t<div class=\"e-gallery-image elementor-gallery-item__image\" data-thumbnail=\"https:\/\/www.lichen.pl\/wp-content\/uploads\/2024\/06\/Dzien-Dziecka-w-Licheniu-12-150x150.jpg\" data-width=\"150\" data-height=\"150\" aria-label=\"\" role=\"img\" ><\/div>\n\t\t\t\t\t\t\t\t\t\t\t<div class=\"elementor-gallery-item__overlay\"><\/div>\n\t\t\t\t\t\t\t\t\t\t\t\t\t\t<\/a>\n\t\t\t\t\t\t\t<a class=\"e-gallery-item elementor-gallery-item elementor-animated-content\" data-e-gallery-tags=\"0\" href=\"https:\/\/www.lichen.pl\/wp-content\/uploads\/2024\/06\/Dzien-Dziecka-w-Licheniu-11.jpg\" data-elementor-open-lightbox=\"yes\" data-elementor-lightbox-slideshow=\"738ace0\" data-elementor-lightbox-title=\"Dzie\u0144 Dziecka w Licheniu (11)\" data-e-action-hash=\"#elementor-action%3Aaction%3Dlightbox%26settings%3DeyJpZCI6Njk5OTEsInVybCI6Imh0dHBzOlwvXC93d3cubGljaGVuLnBsXC93cC1jb250ZW50XC91cGxvYWRzXC8yMDI0XC8wNlwvRHppZW4tRHppZWNrYS13LUxpY2hlbml1LTExLmpwZyIsInNsaWRlc2hvdyI6IjczOGFjZTAifQ%3D%3D\">\n\t\t\t\t\t<div class=\"e-gallery-image elementor-gallery-item__image\" data-thumbnail=\"https:\/\/www.lichen.pl\/wp-content\/uploads\/2024\/06\/Dzien-Dziecka-w-Licheniu-11-150x150.jpg\" data-width=\"150\" data-height=\"150\" aria-label=\"\" role=\"img\" ><\/div>\n\t\t\t\t\t\t\t\t\t\t\t<div class=\"elementor-gallery-item__overlay\"><\/div>\n\t\t\t\t\t\t\t\t\t\t\t\t\t\t<\/a>\n\t\t\t\t\t\t\t<a class=\"e-gallery-item elementor-gallery-item elementor-animated-content\" data-e-gallery-tags=\"0\" href=\"https:\/\/www.lichen.pl\/wp-content\/uploads\/2024\/06\/Dzien-Dziecka-w-Licheniu-13.jpg\" data-elementor-open-lightbox=\"yes\" data-elementor-lightbox-slideshow=\"738ace0\" data-elementor-lightbox-title=\"Dzie\u0144 Dziecka w Licheniu (13)\" data-e-action-hash=\"#elementor-action%3Aaction%3Dlightbox%26settings%3DeyJpZCI6Njk5ODksInVybCI6Imh0dHBzOlwvXC93d3cubGljaGVuLnBsXC93cC1jb250ZW50XC91cGxvYWRzXC8yMDI0XC8wNlwvRHppZW4tRHppZWNrYS13LUxpY2hlbml1LTEzLmpwZyIsInNsaWRlc2hvdyI6IjczOGFjZTAifQ%3D%3D\">\n\t\t\t\t\t<div class=\"e-gallery-image elementor-gallery-item__image\" data-thumbnail=\"https:\/\/www.lichen.pl\/wp-content\/uploads\/2024\/06\/Dzien-Dziecka-w-Licheniu-13-150x150.jpg\" data-width=\"150\" data-height=\"150\" aria-label=\"\" role=\"img\" ><\/div>\n\t\t\t\t\t\t\t\t\t\t\t<div class=\"elementor-gallery-item__overlay\"><\/div>\n\t\t\t\t\t\t\t\t\t\t\t\t\t\t<\/a>\n\t\t\t\t\t\t\t<a class=\"e-gallery-item elementor-gallery-item elementor-animated-content\" data-e-gallery-tags=\"0\" href=\"https:\/\/www.lichen.pl\/wp-content\/uploads\/2024\/06\/Dzien-Dziecka-w-Licheniu-14.jpg\" data-elementor-open-lightbox=\"yes\" data-elementor-lightbox-slideshow=\"738ace0\" data-elementor-lightbox-title=\"Dzie\u0144 Dziecka w Licheniu (14)\" data-e-action-hash=\"#elementor-action%3Aaction%3Dlightbox%26settings%3DeyJpZCI6Njk5ODgsInVybCI6Imh0dHBzOlwvXC93d3cubGljaGVuLnBsXC93cC1jb250ZW50XC91cGxvYWRzXC8yMDI0XC8wNlwvRHppZW4tRHppZWNrYS13LUxpY2hlbml1LTE0LmpwZyIsInNsaWRlc2hvdyI6IjczOGFjZTAifQ%3D%3D\">\n\t\t\t\t\t<div class=\"e-gallery-image elementor-gallery-item__image\" data-thumbnail=\"https:\/\/www.lichen.pl\/wp-content\/uploads\/2024\/06\/Dzien-Dziecka-w-Licheniu-14-150x150.jpg\" data-width=\"150\" data-height=\"150\" aria-label=\"\" role=\"img\" ><\/div>\n\t\t\t\t\t\t\t\t\t\t\t<div class=\"elementor-gallery-item__overlay\"><\/div>\n\t\t\t\t\t\t\t\t\t\t\t\t\t\t<\/a>\n\t\t\t\t\t\t\t<a class=\"e-gallery-item elementor-gallery-item elementor-animated-content\" data-e-gallery-tags=\"0\" href=\"https:\/\/www.lichen.pl\/wp-content\/uploads\/2024\/06\/Dzien-Dziecka-w-Licheniu-15.jpg\" data-elementor-open-lightbox=\"yes\" data-elementor-lightbox-slideshow=\"738ace0\" data-elementor-lightbox-title=\"Dzie\u0144 Dziecka w Licheniu (15)\" data-e-action-hash=\"#elementor-action%3Aaction%3Dlightbox%26settings%3DeyJpZCI6Njk5ODcsInVybCI6Imh0dHBzOlwvXC93d3cubGljaGVuLnBsXC93cC1jb250ZW50XC91cGxvYWRzXC8yMDI0XC8wNlwvRHppZW4tRHppZWNrYS13LUxpY2hlbml1LTE1LmpwZyIsInNsaWRlc2hvdyI6IjczOGFjZTAifQ%3D%3D\">\n\t\t\t\t\t<div class=\"e-gallery-image elementor-gallery-item__image\" data-thumbnail=\"https:\/\/www.lichen.pl\/wp-content\/uploads\/2024\/06\/Dzien-Dziecka-w-Licheniu-15-150x150.jpg\" data-width=\"150\" data-height=\"150\" aria-label=\"\" role=\"img\" ><\/div>\n\t\t\t\t\t\t\t\t\t\t\t<div class=\"elementor-gallery-item__overlay\"><\/div>\n\t\t\t\t\t\t\t\t\t\t\t\t\t\t<\/a>\n\t\t\t\t\t\t\t<a class=\"e-gallery-item elementor-gallery-item elementor-animated-content\" data-e-gallery-tags=\"0\" href=\"https:\/\/www.lichen.pl\/wp-content\/uploads\/2024\/06\/Dzien-Dziecka-w-Licheniu-16.jpg\" data-elementor-open-lightbox=\"yes\" data-elementor-lightbox-slideshow=\"738ace0\" data-elementor-lightbox-title=\"Dzie\u0144 Dziecka w Licheniu (16)\" data-e-action-hash=\"#elementor-action%3Aaction%3Dlightbox%26settings%3DeyJpZCI6Njk5ODYsInVybCI6Imh0dHBzOlwvXC93d3cubGljaGVuLnBsXC93cC1jb250ZW50XC91cGxvYWRzXC8yMDI0XC8wNlwvRHppZW4tRHppZWNrYS13LUxpY2hlbml1LTE2LmpwZyIsInNsaWRlc2hvdyI6IjczOGFjZTAifQ%3D%3D\">\n\t\t\t\t\t<div class=\"e-gallery-image elementor-gallery-item__image\" data-thumbnail=\"https:\/\/www.lichen.pl\/wp-content\/uploads\/2024\/06\/Dzien-Dziecka-w-Licheniu-16-150x150.jpg\" data-width=\"150\" data-height=\"150\" aria-label=\"\" role=\"img\" ><\/div>\n\t\t\t\t\t\t\t\t\t\t\t<div class=\"elementor-gallery-item__overlay\"><\/div>\n\t\t\t\t\t\t\t\t\t\t\t\t\t\t<\/a>\n\t\t\t\t\t\t\t<a class=\"e-gallery-item elementor-gallery-item elementor-animated-content\" data-e-gallery-tags=\"0\" href=\"https:\/\/www.lichen.pl\/wp-content\/uploads\/2024\/06\/Dzien-Dziecka-w-Licheniu-18.jpg\" data-elementor-open-lightbox=\"yes\" data-elementor-lightbox-slideshow=\"738ace0\" data-elementor-lightbox-title=\"Dzie\u0144 Dziecka w Licheniu (18)\" data-e-action-hash=\"#elementor-action%3Aaction%3Dlightbox%26settings%3DeyJpZCI6Njk5ODQsInVybCI6Imh0dHBzOlwvXC93d3cubGljaGVuLnBsXC93cC1jb250ZW50XC91cGxvYWRzXC8yMDI0XC8wNlwvRHppZW4tRHppZWNrYS13LUxpY2hlbml1LTE4LmpwZyIsInNsaWRlc2hvdyI6IjczOGFjZTAifQ%3D%3D\">\n\t\t\t\t\t<div class=\"e-gallery-image elementor-gallery-item__image\" data-thumbnail=\"https:\/\/www.lichen.pl\/wp-content\/uploads\/2024\/06\/Dzien-Dziecka-w-Licheniu-18-150x150.jpg\" data-width=\"150\" data-height=\"150\" aria-label=\"\" role=\"img\" ><\/div>\n\t\t\t\t\t\t\t\t\t\t\t<div class=\"elementor-gallery-item__overlay\"><\/div>\n\t\t\t\t\t\t\t\t\t\t\t\t\t\t<\/a>\n\t\t\t\t\t\t\t<a class=\"e-gallery-item elementor-gallery-item elementor-animated-content\" data-e-gallery-tags=\"0\" href=\"https:\/\/www.lichen.pl\/wp-content\/uploads\/2024\/06\/Dzien-Dziecka-w-Licheniu-19.jpg\" data-elementor-open-lightbox=\"yes\" data-elementor-lightbox-slideshow=\"738ace0\" data-elementor-lightbox-title=\"Dzie\u0144 Dziecka w Licheniu (19)\" data-e-action-hash=\"#elementor-action%3Aaction%3Dlightbox%26settings%3DeyJpZCI6Njk5ODMsInVybCI6Imh0dHBzOlwvXC93d3cubGljaGVuLnBsXC93cC1jb250ZW50XC91cGxvYWRzXC8yMDI0XC8wNlwvRHppZW4tRHppZWNrYS13LUxpY2hlbml1LTE5LmpwZyIsInNsaWRlc2hvdyI6IjczOGFjZTAifQ%3D%3D\">\n\t\t\t\t\t<div class=\"e-gallery-image elementor-gallery-item__image\" data-thumbnail=\"https:\/\/www.lichen.pl\/wp-content\/uploads\/2024\/06\/Dzien-Dziecka-w-Licheniu-19-150x150.jpg\" data-width=\"150\" data-height=\"150\" aria-label=\"\" role=\"img\" ><\/div>\n\t\t\t\t\t\t\t\t\t\t\t<div class=\"elementor-gallery-item__overlay\"><\/div>\n\t\t\t\t\t\t\t\t\t\t\t\t\t\t<\/a>\n\t\t\t\t\t\t\t<a class=\"e-gallery-item elementor-gallery-item elementor-animated-content\" data-e-gallery-tags=\"0\" href=\"https:\/\/www.lichen.pl\/wp-content\/uploads\/2024\/06\/Dzien-Dziecka-w-Licheniu-20.jpg\" data-elementor-open-lightbox=\"yes\" data-elementor-lightbox-slideshow=\"738ace0\" data-elementor-lightbox-title=\"Dzie\u0144 Dziecka w Licheniu (20)\" data-e-action-hash=\"#elementor-action%3Aaction%3Dlightbox%26settings%3DeyJpZCI6Njk5ODIsInVybCI6Imh0dHBzOlwvXC93d3cubGljaGVuLnBsXC93cC1jb250ZW50XC91cGxvYWRzXC8yMDI0XC8wNlwvRHppZW4tRHppZWNrYS13LUxpY2hlbml1LTIwLmpwZyIsInNsaWRlc2hvdyI6IjczOGFjZTAifQ%3D%3D\">\n\t\t\t\t\t<div class=\"e-gallery-image elementor-gallery-item__image\" data-thumbnail=\"https:\/\/www.lichen.pl\/wp-content\/uploads\/2024\/06\/Dzien-Dziecka-w-Licheniu-20-150x150.jpg\" data-width=\"150\" data-height=\"150\" aria-label=\"\" role=\"img\" ><\/div>\n\t\t\t\t\t\t\t\t\t\t\t<div class=\"elementor-gallery-item__overlay\"><\/div>\n\t\t\t\t\t\t\t\t\t\t\t\t\t\t<\/a>\n\t\t\t\t\t\t\t<a class=\"e-gallery-item elementor-gallery-item elementor-animated-content\" data-e-gallery-tags=\"0\" href=\"https:\/\/www.lichen.pl\/wp-content\/uploads\/2024\/06\/Dzien-Dziecka-w-Licheniu-21.jpg\" data-elementor-open-lightbox=\"yes\" data-elementor-lightbox-slideshow=\"738ace0\" data-elementor-lightbox-title=\"Dzie\u0144 Dziecka w Licheniu (21)\" data-e-action-hash=\"#elementor-action%3Aaction%3Dlightbox%26settings%3DeyJpZCI6Njk5ODEsInVybCI6Imh0dHBzOlwvXC93d3cubGljaGVuLnBsXC93cC1jb250ZW50XC91cGxvYWRzXC8yMDI0XC8wNlwvRHppZW4tRHppZWNrYS13LUxpY2hlbml1LTIxLmpwZyIsInNsaWRlc2hvdyI6IjczOGFjZTAifQ%3D%3D\">\n\t\t\t\t\t<div class=\"e-gallery-image elementor-gallery-item__image\" data-thumbnail=\"https:\/\/www.lichen.pl\/wp-content\/uploads\/2024\/06\/Dzien-Dziecka-w-Licheniu-21-150x150.jpg\" data-width=\"150\" data-height=\"150\" aria-label=\"\" role=\"img\" ><\/div>\n\t\t\t\t\t\t\t\t\t\t\t<div class=\"elementor-gallery-item__overlay\"><\/div>\n\t\t\t\t\t\t\t\t\t\t\t\t\t\t<\/a>\n\t\t\t\t\t\t\t<a class=\"e-gallery-item elementor-gallery-item elementor-animated-content\" data-e-gallery-tags=\"0\" href=\"https:\/\/www.lichen.pl\/wp-content\/uploads\/2024\/06\/Dzien-Dziecka-w-Licheniu-22.jpg\" data-elementor-open-lightbox=\"yes\" data-elementor-lightbox-slideshow=\"738ace0\" data-elementor-lightbox-title=\"Dzie\u0144 Dziecka w Licheniu (22)\" data-e-action-hash=\"#elementor-action%3Aaction%3Dlightbox%26settings%3DeyJpZCI6Njk5ODAsInVybCI6Imh0dHBzOlwvXC93d3cubGljaGVuLnBsXC93cC1jb250ZW50XC91cGxvYWRzXC8yMDI0XC8wNlwvRHppZW4tRHppZWNrYS13LUxpY2hlbml1LTIyLmpwZyIsInNsaWRlc2hvdyI6IjczOGFjZTAifQ%3D%3D\">\n\t\t\t\t\t<div class=\"e-gallery-image elementor-gallery-item__image\" data-thumbnail=\"https:\/\/www.lichen.pl\/wp-content\/uploads\/2024\/06\/Dzien-Dziecka-w-Licheniu-22-150x150.jpg\" data-width=\"150\" data-height=\"150\" aria-label=\"\" role=\"img\" ><\/div>\n\t\t\t\t\t\t\t\t\t\t\t<div class=\"elementor-gallery-item__overlay\"><\/div>\n\t\t\t\t\t\t\t\t\t\t\t\t\t\t<\/a>\n\t\t\t\t\t\t\t<a class=\"e-gallery-item elementor-gallery-item elementor-animated-content\" data-e-gallery-tags=\"0\" href=\"https:\/\/www.lichen.pl\/wp-content\/uploads\/2024\/06\/Dzien-Dziecka-w-Licheniu-23.jpg\" data-elementor-open-lightbox=\"yes\" data-elementor-lightbox-slideshow=\"738ace0\" data-elementor-lightbox-title=\"Dzie\u0144 Dziecka w Licheniu (23)\" data-e-action-hash=\"#elementor-action%3Aaction%3Dlightbox%26settings%3DeyJpZCI6Njk5NzksInVybCI6Imh0dHBzOlwvXC93d3cubGljaGVuLnBsXC93cC1jb250ZW50XC91cGxvYWRzXC8yMDI0XC8wNlwvRHppZW4tRHppZWNrYS13LUxpY2hlbml1LTIzLmpwZyIsInNsaWRlc2hvdyI6IjczOGFjZTAifQ%3D%3D\">\n\t\t\t\t\t<div class=\"e-gallery-image elementor-gallery-item__image\" data-thumbnail=\"https:\/\/www.lichen.pl\/wp-content\/uploads\/2024\/06\/Dzien-Dziecka-w-Licheniu-23-150x150.jpg\" data-width=\"150\" data-height=\"150\" aria-label=\"\" role=\"img\" ><\/div>\n\t\t\t\t\t\t\t\t\t\t\t<div class=\"elementor-gallery-item__overlay\"><\/div>\n\t\t\t\t\t\t\t\t\t\t\t\t\t\t<\/a>\n\t\t\t\t\t\t\t<a class=\"e-gallery-item elementor-gallery-item elementor-animated-content\" data-e-gallery-tags=\"0\" href=\"https:\/\/www.lichen.pl\/wp-content\/uploads\/2024\/06\/Dzien-Dziecka-w-Licheniu-24.jpg\" data-elementor-open-lightbox=\"yes\" data-elementor-lightbox-slideshow=\"738ace0\" data-elementor-lightbox-title=\"Dzie\u0144 Dziecka w Licheniu (24)\" data-e-action-hash=\"#elementor-action%3Aaction%3Dlightbox%26settings%3DeyJpZCI6Njk5NzgsInVybCI6Imh0dHBzOlwvXC93d3cubGljaGVuLnBsXC93cC1jb250ZW50XC91cGxvYWRzXC8yMDI0XC8wNlwvRHppZW4tRHppZWNrYS13LUxpY2hlbml1LTI0LmpwZyIsInNsaWRlc2hvdyI6IjczOGFjZTAifQ%3D%3D\">\n\t\t\t\t\t<div class=\"e-gallery-image elementor-gallery-item__image\" data-thumbnail=\"https:\/\/www.lichen.pl\/wp-content\/uploads\/2024\/06\/Dzien-Dziecka-w-Licheniu-24-150x150.jpg\" data-width=\"150\" data-height=\"150\" aria-label=\"\" role=\"img\" ><\/div>\n\t\t\t\t\t\t\t\t\t\t\t<div class=\"elementor-gallery-item__overlay\"><\/div>\n\t\t\t\t\t\t\t\t\t\t\t\t\t\t<\/a>\n\t\t\t\t\t\t\t<a class=\"e-gallery-item elementor-gallery-item elementor-animated-content\" data-e-gallery-tags=\"0\" href=\"https:\/\/www.lichen.pl\/wp-content\/uploads\/2024\/06\/Dzien-Dziecka-w-Licheniu-25.jpg\" data-elementor-open-lightbox=\"yes\" data-elementor-lightbox-slideshow=\"738ace0\" data-elementor-lightbox-title=\"Dzie\u0144 Dziecka w Licheniu (25)\" data-e-action-hash=\"#elementor-action%3Aaction%3Dlightbox%26settings%3DeyJpZCI6Njk5NzcsInVybCI6Imh0dHBzOlwvXC93d3cubGljaGVuLnBsXC93cC1jb250ZW50XC91cGxvYWRzXC8yMDI0XC8wNlwvRHppZW4tRHppZWNrYS13LUxpY2hlbml1LTI1LmpwZyIsInNsaWRlc2hvdyI6IjczOGFjZTAifQ%3D%3D\">\n\t\t\t\t\t<div class=\"e-gallery-image elementor-gallery-item__image\" data-thumbnail=\"https:\/\/www.lichen.pl\/wp-content\/uploads\/2024\/06\/Dzien-Dziecka-w-Licheniu-25-150x150.jpg\" data-width=\"150\" data-height=\"150\" aria-label=\"\" role=\"img\" ><\/div>\n\t\t\t\t\t\t\t\t\t\t\t<div class=\"elementor-gallery-item__overlay\"><\/div>\n\t\t\t\t\t\t\t\t\t\t\t\t\t\t<\/a>\n\t\t\t\t\t\t\t<a class=\"e-gallery-item elementor-gallery-item elementor-animated-content\" data-e-gallery-tags=\"1\" href=\"https:\/\/www.lichen.pl\/wp-content\/uploads\/2024\/06\/Swieto-Dziekczynienia-w-sanktuarium-Matki-Bozej-Lichenskiej-1.jpg\" data-elementor-open-lightbox=\"yes\" data-elementor-lightbox-slideshow=\"738ace0\" data-elementor-lightbox-title=\"\u015awi\u0119to Dzi\u0119kczynienia w sanktuarium Matki Bo\u017cej Liche\u0144skiej (1)\" data-e-action-hash=\"#elementor-action%3Aaction%3Dlightbox%26settings%3DeyJpZCI6NzAwMTcsInVybCI6Imh0dHBzOlwvXC93d3cubGljaGVuLnBsXC93cC1jb250ZW50XC91cGxvYWRzXC8yMDI0XC8wNlwvU3dpZXRvLUR6aWVrY3p5bmllbmlhLXctc2Fua3R1YXJpdW0tTWF0a2ktQm96ZWotTGljaGVuc2tpZWotMS5qcGciLCJzbGlkZXNob3ciOiI3MzhhY2UwIn0%3D\">\n\t\t\t\t\t<div class=\"e-gallery-image elementor-gallery-item__image\" data-thumbnail=\"https:\/\/www.lichen.pl\/wp-content\/uploads\/2024\/06\/Swieto-Dziekczynienia-w-sanktuarium-Matki-Bozej-Lichenskiej-1-150x150.jpg\" data-width=\"150\" data-height=\"150\" aria-label=\"\" role=\"img\" ><\/div>\n\t\t\t\t\t\t\t\t\t\t\t<div class=\"elementor-gallery-item__overlay\"><\/div>\n\t\t\t\t\t\t\t\t\t\t\t\t\t\t<\/a>\n\t\t\t\t\t\t\t<a class=\"e-gallery-item elementor-gallery-item elementor-animated-content\" data-e-gallery-tags=\"1\" href=\"https:\/\/www.lichen.pl\/wp-content\/uploads\/2024\/06\/Swieto-Dziekczynienia-w-sanktuarium-Matki-Bozej-Lichenskiej-2.jpg\" data-elementor-open-lightbox=\"yes\" data-elementor-lightbox-slideshow=\"738ace0\" data-elementor-lightbox-title=\"\u015awi\u0119to Dzi\u0119kczynienia w sanktuarium Matki Bo\u017cej Liche\u0144skiej (2)\" data-e-action-hash=\"#elementor-action%3Aaction%3Dlightbox%26settings%3DeyJpZCI6NzAwMTgsInVybCI6Imh0dHBzOlwvXC93d3cubGljaGVuLnBsXC93cC1jb250ZW50XC91cGxvYWRzXC8yMDI0XC8wNlwvU3dpZXRvLUR6aWVrY3p5bmllbmlhLXctc2Fua3R1YXJpdW0tTWF0a2ktQm96ZWotTGljaGVuc2tpZWotMi5qcGciLCJzbGlkZXNob3ciOiI3MzhhY2UwIn0%3D\">\n\t\t\t\t\t<div class=\"e-gallery-image elementor-gallery-item__image\" data-thumbnail=\"https:\/\/www.lichen.pl\/wp-content\/uploads\/2024\/06\/Swieto-Dziekczynienia-w-sanktuarium-Matki-Bozej-Lichenskiej-2-150x150.jpg\" data-width=\"150\" data-height=\"150\" aria-label=\"\" role=\"img\" ><\/div>\n\t\t\t\t\t\t\t\t\t\t\t<div class=\"elementor-gallery-item__overlay\"><\/div>\n\t\t\t\t\t\t\t\t\t\t\t\t\t\t<\/a>\n\t\t\t\t\t\t\t<a class=\"e-gallery-item elementor-gallery-item elementor-animated-content\" data-e-gallery-tags=\"1\" href=\"https:\/\/www.lichen.pl\/wp-content\/uploads\/2024\/06\/Swieto-Dziekczynienia-w-sanktuarium-Matki-Bozej-Lichenskiej-3.jpg\" data-elementor-open-lightbox=\"yes\" data-elementor-lightbox-slideshow=\"738ace0\" data-elementor-lightbox-title=\"\u015awi\u0119to Dzi\u0119kczynienia w sanktuarium Matki Bo\u017cej Liche\u0144skiej (3)\" data-e-action-hash=\"#elementor-action%3Aaction%3Dlightbox%26settings%3DeyJpZCI6NzAwMTksInVybCI6Imh0dHBzOlwvXC93d3cubGljaGVuLnBsXC93cC1jb250ZW50XC91cGxvYWRzXC8yMDI0XC8wNlwvU3dpZXRvLUR6aWVrY3p5bmllbmlhLXctc2Fua3R1YXJpdW0tTWF0a2ktQm96ZWotTGljaGVuc2tpZWotMy5qcGciLCJzbGlkZXNob3ciOiI3MzhhY2UwIn0%3D\">\n\t\t\t\t\t<div class=\"e-gallery-image elementor-gallery-item__image\" data-thumbnail=\"https:\/\/www.lichen.pl\/wp-content\/uploads\/2024\/06\/Swieto-Dziekczynienia-w-sanktuarium-Matki-Bozej-Lichenskiej-3-150x150.jpg\" data-width=\"150\" data-height=\"150\" aria-label=\"\" role=\"img\" ><\/div>\n\t\t\t\t\t\t\t\t\t\t\t<div class=\"elementor-gallery-item__overlay\"><\/div>\n\t\t\t\t\t\t\t\t\t\t\t\t\t\t<\/a>\n\t\t\t\t\t\t\t<a class=\"e-gallery-item elementor-gallery-item elementor-animated-content\" data-e-gallery-tags=\"1\" href=\"https:\/\/www.lichen.pl\/wp-content\/uploads\/2024\/06\/Swieto-Dziekczynienia-w-sanktuarium-Matki-Bozej-Lichenskiej-5.jpg\" data-elementor-open-lightbox=\"yes\" data-elementor-lightbox-slideshow=\"738ace0\" data-elementor-lightbox-title=\"\u015awi\u0119to Dzi\u0119kczynienia w sanktuarium Matki Bo\u017cej Liche\u0144skiej (5)\" data-e-action-hash=\"#elementor-action%3Aaction%3Dlightbox%26settings%3DeyJpZCI6NzAwMjEsInVybCI6Imh0dHBzOlwvXC93d3cubGljaGVuLnBsXC93cC1jb250ZW50XC91cGxvYWRzXC8yMDI0XC8wNlwvU3dpZXRvLUR6aWVrY3p5bmllbmlhLXctc2Fua3R1YXJpdW0tTWF0a2ktQm96ZWotTGljaGVuc2tpZWotNS5qcGciLCJzbGlkZXNob3ciOiI3MzhhY2UwIn0%3D\">\n\t\t\t\t\t<div class=\"e-gallery-image elementor-gallery-item__image\" data-thumbnail=\"https:\/\/www.lichen.pl\/wp-content\/uploads\/2024\/06\/Swieto-Dziekczynienia-w-sanktuarium-Matki-Bozej-Lichenskiej-5-150x150.jpg\" data-width=\"150\" data-height=\"150\" aria-label=\"\" role=\"img\" ><\/div>\n\t\t\t\t\t\t\t\t\t\t\t<div class=\"elementor-gallery-item__overlay\"><\/div>\n\t\t\t\t\t\t\t\t\t\t\t\t\t\t<\/a>\n\t\t\t\t\t\t\t<a class=\"e-gallery-item elementor-gallery-item elementor-animated-content\" data-e-gallery-tags=\"1\" href=\"https:\/\/www.lichen.pl\/wp-content\/uploads\/2024\/06\/Swieto-Dziekczynienia-w-sanktuarium-Matki-Bozej-Lichenskiej-4.jpg\" data-elementor-open-lightbox=\"yes\" data-elementor-lightbox-slideshow=\"738ace0\" data-elementor-lightbox-title=\"\u015awi\u0119to Dzi\u0119kczynienia w sanktuarium Matki Bo\u017cej Liche\u0144skiej (4)\" data-e-action-hash=\"#elementor-action%3Aaction%3Dlightbox%26settings%3DeyJpZCI6NzAwMjAsInVybCI6Imh0dHBzOlwvXC93d3cubGljaGVuLnBsXC93cC1jb250ZW50XC91cGxvYWRzXC8yMDI0XC8wNlwvU3dpZXRvLUR6aWVrY3p5bmllbmlhLXctc2Fua3R1YXJpdW0tTWF0a2ktQm96ZWotTGljaGVuc2tpZWotNC5qcGciLCJzbGlkZXNob3ciOiI3MzhhY2UwIn0%3D\">\n\t\t\t\t\t<div class=\"e-gallery-image elementor-gallery-item__image\" data-thumbnail=\"https:\/\/www.lichen.pl\/wp-content\/uploads\/2024\/06\/Swieto-Dziekczynienia-w-sanktuarium-Matki-Bozej-Lichenskiej-4-150x150.jpg\" data-width=\"150\" data-height=\"150\" aria-label=\"\" role=\"img\" ><\/div>\n\t\t\t\t\t\t\t\t\t\t\t<div class=\"elementor-gallery-item__overlay\"><\/div>\n\t\t\t\t\t\t\t\t\t\t\t\t\t\t<\/a>\n\t\t\t\t\t\t\t<a class=\"e-gallery-item elementor-gallery-item elementor-animated-content\" data-e-gallery-tags=\"1\" href=\"https:\/\/www.lichen.pl\/wp-content\/uploads\/2024\/06\/Swieto-Dziekczynienia-w-sanktuarium-Matki-Bozej-Lichenskiej-6.jpg\" data-elementor-open-lightbox=\"yes\" data-elementor-lightbox-slideshow=\"738ace0\" data-elementor-lightbox-title=\"\u015awi\u0119to Dzi\u0119kczynienia w sanktuarium Matki Bo\u017cej Liche\u0144skiej (6)\" data-e-action-hash=\"#elementor-action%3Aaction%3Dlightbox%26settings%3DeyJpZCI6NzAwMjIsInVybCI6Imh0dHBzOlwvXC93d3cubGljaGVuLnBsXC93cC1jb250ZW50XC91cGxvYWRzXC8yMDI0XC8wNlwvU3dpZXRvLUR6aWVrY3p5bmllbmlhLXctc2Fua3R1YXJpdW0tTWF0a2ktQm96ZWotTGljaGVuc2tpZWotNi5qcGciLCJzbGlkZXNob3ciOiI3MzhhY2UwIn0%3D\">\n\t\t\t\t\t<div class=\"e-gallery-image elementor-gallery-item__image\" data-thumbnail=\"https:\/\/www.lichen.pl\/wp-content\/uploads\/2024\/06\/Swieto-Dziekczynienia-w-sanktuarium-Matki-Bozej-Lichenskiej-6-150x150.jpg\" data-width=\"150\" data-height=\"150\" aria-label=\"\" role=\"img\" ><\/div>\n\t\t\t\t\t\t\t\t\t\t\t<div class=\"elementor-gallery-item__overlay\"><\/div>\n\t\t\t\t\t\t\t\t\t\t\t\t\t\t<\/a>\n\t\t\t\t\t\t\t<a class=\"e-gallery-item elementor-gallery-item elementor-animated-content\" data-e-gallery-tags=\"1\" href=\"https:\/\/www.lichen.pl\/wp-content\/uploads\/2024\/06\/Swieto-Dziekczynienia-w-sanktuarium-Matki-Bozej-Lichenskiej-7.jpg\" data-elementor-open-lightbox=\"yes\" data-elementor-lightbox-slideshow=\"738ace0\" data-elementor-lightbox-title=\"\u015awi\u0119to Dzi\u0119kczynienia w sanktuarium Matki Bo\u017cej Liche\u0144skiej (7)\" data-e-action-hash=\"#elementor-action%3Aaction%3Dlightbox%26settings%3DeyJpZCI6NzAwMjMsInVybCI6Imh0dHBzOlwvXC93d3cubGljaGVuLnBsXC93cC1jb250ZW50XC91cGxvYWRzXC8yMDI0XC8wNlwvU3dpZXRvLUR6aWVrY3p5bmllbmlhLXctc2Fua3R1YXJpdW0tTWF0a2ktQm96ZWotTGljaGVuc2tpZWotNy5qcGciLCJzbGlkZXNob3ciOiI3MzhhY2UwIn0%3D\">\n\t\t\t\t\t<div class=\"e-gallery-image elementor-gallery-item__image\" data-thumbnail=\"https:\/\/www.lichen.pl\/wp-content\/uploads\/2024\/06\/Swieto-Dziekczynienia-w-sanktuarium-Matki-Bozej-Lichenskiej-7-150x150.jpg\" data-width=\"150\" data-height=\"150\" aria-label=\"\" role=\"img\" ><\/div>\n\t\t\t\t\t\t\t\t\t\t\t<div class=\"elementor-gallery-item__overlay\"><\/div>\n\t\t\t\t\t\t\t\t\t\t\t\t\t\t<\/a>\n\t\t\t\t\t\t\t<a class=\"e-gallery-item elementor-gallery-item elementor-animated-content\" data-e-gallery-tags=\"1\" href=\"https:\/\/www.lichen.pl\/wp-content\/uploads\/2024\/06\/Swieto-Dziekczynienia-w-sanktuarium-Matki-Bozej-Lichenskiej-8.jpg\" data-elementor-open-lightbox=\"yes\" data-elementor-lightbox-slideshow=\"738ace0\" data-elementor-lightbox-title=\"\u015awi\u0119to Dzi\u0119kczynienia w sanktuarium Matki Bo\u017cej Liche\u0144skiej (8)\" data-e-action-hash=\"#elementor-action%3Aaction%3Dlightbox%26settings%3DeyJpZCI6NzAwMjQsInVybCI6Imh0dHBzOlwvXC93d3cubGljaGVuLnBsXC93cC1jb250ZW50XC91cGxvYWRzXC8yMDI0XC8wNlwvU3dpZXRvLUR6aWVrY3p5bmllbmlhLXctc2Fua3R1YXJpdW0tTWF0a2ktQm96ZWotTGljaGVuc2tpZWotOC5qcGciLCJzbGlkZXNob3ciOiI3MzhhY2UwIn0%3D\">\n\t\t\t\t\t<div class=\"e-gallery-image elementor-gallery-item__image\" data-thumbnail=\"https:\/\/www.lichen.pl\/wp-content\/uploads\/2024\/06\/Swieto-Dziekczynienia-w-sanktuarium-Matki-Bozej-Lichenskiej-8-150x150.jpg\" data-width=\"150\" data-height=\"150\" aria-label=\"\" role=\"img\" ><\/div>\n\t\t\t\t\t\t\t\t\t\t\t<div class=\"elementor-gallery-item__overlay\"><\/div>\n\t\t\t\t\t\t\t\t\t\t\t\t\t\t<\/a>\n\t\t\t\t\t\t\t<a class=\"e-gallery-item elementor-gallery-item elementor-animated-content\" data-e-gallery-tags=\"1\" href=\"https:\/\/www.lichen.pl\/wp-content\/uploads\/2024\/06\/Swieto-Dziekczynienia-w-sanktuarium-Matki-Bozej-Lichenskiej-9.jpg\" data-elementor-open-lightbox=\"yes\" data-elementor-lightbox-slideshow=\"738ace0\" data-elementor-lightbox-title=\"\u015awi\u0119to Dzi\u0119kczynienia w sanktuarium Matki Bo\u017cej Liche\u0144skiej (9)\" data-e-action-hash=\"#elementor-action%3Aaction%3Dlightbox%26settings%3DeyJpZCI6NzAwMjUsInVybCI6Imh0dHBzOlwvXC93d3cubGljaGVuLnBsXC93cC1jb250ZW50XC91cGxvYWRzXC8yMDI0XC8wNlwvU3dpZXRvLUR6aWVrY3p5bmllbmlhLXctc2Fua3R1YXJpdW0tTWF0a2ktQm96ZWotTGljaGVuc2tpZWotOS5qcGciLCJzbGlkZXNob3ciOiI3MzhhY2UwIn0%3D\">\n\t\t\t\t\t<div class=\"e-gallery-image elementor-gallery-item__image\" data-thumbnail=\"https:\/\/www.lichen.pl\/wp-content\/uploads\/2024\/06\/Swieto-Dziekczynienia-w-sanktuarium-Matki-Bozej-Lichenskiej-9-150x150.jpg\" data-width=\"150\" data-height=\"150\" aria-label=\"\" role=\"img\" ><\/div>\n\t\t\t\t\t\t\t\t\t\t\t<div class=\"elementor-gallery-item__overlay\"><\/div>\n\t\t\t\t\t\t\t\t\t\t\t\t\t\t<\/a>\n\t\t\t\t\t\t\t<a class=\"e-gallery-item elementor-gallery-item elementor-animated-content\" data-e-gallery-tags=\"1\" href=\"https:\/\/www.lichen.pl\/wp-content\/uploads\/2024\/06\/Swieto-Dziekczynienia-w-sanktuarium-Matki-Bozej-Lichenskiej-10.jpg\" data-elementor-open-lightbox=\"yes\" data-elementor-lightbox-slideshow=\"738ace0\" data-elementor-lightbox-title=\"\u015awi\u0119to Dzi\u0119kczynienia w sanktuarium Matki Bo\u017cej Liche\u0144skiej (10)\" data-e-action-hash=\"#elementor-action%3Aaction%3Dlightbox%26settings%3DeyJpZCI6NzAwMjYsInVybCI6Imh0dHBzOlwvXC93d3cubGljaGVuLnBsXC93cC1jb250ZW50XC91cGxvYWRzXC8yMDI0XC8wNlwvU3dpZXRvLUR6aWVrY3p5bmllbmlhLXctc2Fua3R1YXJpdW0tTWF0a2ktQm96ZWotTGljaGVuc2tpZWotMTAuanBnIiwic2xpZGVzaG93IjoiNzM4YWNlMCJ9\">\n\t\t\t\t\t<div class=\"e-gallery-image elementor-gallery-item__image\" data-thumbnail=\"https:\/\/www.lichen.pl\/wp-content\/uploads\/2024\/06\/Swieto-Dziekczynienia-w-sanktuarium-Matki-Bozej-Lichenskiej-10-150x150.jpg\" data-width=\"150\" data-height=\"150\" aria-label=\"\" role=\"img\" ><\/div>\n\t\t\t\t\t\t\t\t\t\t\t<div class=\"elementor-gallery-item__overlay\"><\/div>\n\t\t\t\t\t\t\t\t\t\t\t\t\t\t<\/a>\n\t\t\t\t\t\t\t<a class=\"e-gallery-item elementor-gallery-item elementor-animated-content\" data-e-gallery-tags=\"1\" href=\"https:\/\/www.lichen.pl\/wp-content\/uploads\/2024\/06\/Swieto-Dziekczynienia-w-sanktuarium-Matki-Bozej-Lichenskiej-11.jpg\" data-elementor-open-lightbox=\"yes\" data-elementor-lightbox-slideshow=\"738ace0\" data-elementor-lightbox-title=\"\u015awi\u0119to Dzi\u0119kczynienia w sanktuarium Matki Bo\u017cej Liche\u0144skiej (11)\" data-e-action-hash=\"#elementor-action%3Aaction%3Dlightbox%26settings%3DeyJpZCI6NzAwMjcsInVybCI6Imh0dHBzOlwvXC93d3cubGljaGVuLnBsXC93cC1jb250ZW50XC91cGxvYWRzXC8yMDI0XC8wNlwvU3dpZXRvLUR6aWVrY3p5bmllbmlhLXctc2Fua3R1YXJpdW0tTWF0a2ktQm96ZWotTGljaGVuc2tpZWotMTEuanBnIiwic2xpZGVzaG93IjoiNzM4YWNlMCJ9\">\n\t\t\t\t\t<div class=\"e-gallery-image elementor-gallery-item__image\" data-thumbnail=\"https:\/\/www.lichen.pl\/wp-content\/uploads\/2024\/06\/Swieto-Dziekczynienia-w-sanktuarium-Matki-Bozej-Lichenskiej-11-150x150.jpg\" data-width=\"150\" data-height=\"150\" aria-label=\"\" role=\"img\" ><\/div>\n\t\t\t\t\t\t\t\t\t\t\t<div class=\"elementor-gallery-item__overlay\"><\/div>\n\t\t\t\t\t\t\t\t\t\t\t\t\t\t<\/a>\n\t\t\t\t\t\t\t<a class=\"e-gallery-item elementor-gallery-item elementor-animated-content\" data-e-gallery-tags=\"1\" href=\"https:\/\/www.lichen.pl\/wp-content\/uploads\/2024\/06\/Swieto-Dziekczynienia-w-sanktuarium-Matki-Bozej-Lichenskiej-12.jpg\" data-elementor-open-lightbox=\"yes\" data-elementor-lightbox-slideshow=\"738ace0\" data-elementor-lightbox-title=\"\u015awi\u0119to Dzi\u0119kczynienia w sanktuarium Matki Bo\u017cej Liche\u0144skiej (12)\" data-e-action-hash=\"#elementor-action%3Aaction%3Dlightbox%26settings%3DeyJpZCI6NzAwMjgsInVybCI6Imh0dHBzOlwvXC93d3cubGljaGVuLnBsXC93cC1jb250ZW50XC91cGxvYWRzXC8yMDI0XC8wNlwvU3dpZXRvLUR6aWVrY3p5bmllbmlhLXctc2Fua3R1YXJpdW0tTWF0a2ktQm96ZWotTGljaGVuc2tpZWotMTIuanBnIiwic2xpZGVzaG93IjoiNzM4YWNlMCJ9\">\n\t\t\t\t\t<div class=\"e-gallery-image elementor-gallery-item__image\" data-thumbnail=\"https:\/\/www.lichen.pl\/wp-content\/uploads\/2024\/06\/Swieto-Dziekczynienia-w-sanktuarium-Matki-Bozej-Lichenskiej-12-150x150.jpg\" data-width=\"150\" data-height=\"150\" aria-label=\"\" role=\"img\" ><\/div>\n\t\t\t\t\t\t\t\t\t\t\t<div class=\"elementor-gallery-item__overlay\"><\/div>\n\t\t\t\t\t\t\t\t\t\t\t\t\t\t<\/a>\n\t\t\t\t\t\t\t<a class=\"e-gallery-item elementor-gallery-item elementor-animated-content\" data-e-gallery-tags=\"1\" href=\"https:\/\/www.lichen.pl\/wp-content\/uploads\/2024\/06\/Swieto-Dziekczynienia-w-sanktuarium-Matki-Bozej-Lichenskiej-13.jpg\" data-elementor-open-lightbox=\"yes\" data-elementor-lightbox-slideshow=\"738ace0\" data-elementor-lightbox-title=\"\u015awi\u0119to Dzi\u0119kczynienia w sanktuarium Matki Bo\u017cej Liche\u0144skiej (13)\" data-e-action-hash=\"#elementor-action%3Aaction%3Dlightbox%26settings%3DeyJpZCI6NzAwMjksInVybCI6Imh0dHBzOlwvXC93d3cubGljaGVuLnBsXC93cC1jb250ZW50XC91cGxvYWRzXC8yMDI0XC8wNlwvU3dpZXRvLUR6aWVrY3p5bmllbmlhLXctc2Fua3R1YXJpdW0tTWF0a2ktQm96ZWotTGljaGVuc2tpZWotMTMuanBnIiwic2xpZGVzaG93IjoiNzM4YWNlMCJ9\">\n\t\t\t\t\t<div class=\"e-gallery-image elementor-gallery-item__image\" data-thumbnail=\"https:\/\/www.lichen.pl\/wp-content\/uploads\/2024\/06\/Swieto-Dziekczynienia-w-sanktuarium-Matki-Bozej-Lichenskiej-13-150x150.jpg\" data-width=\"150\" data-height=\"150\" aria-label=\"\" role=\"img\" ><\/div>\n\t\t\t\t\t\t\t\t\t\t\t<div class=\"elementor-gallery-item__overlay\"><\/div>\n\t\t\t\t\t\t\t\t\t\t\t\t\t\t<\/a>\n\t\t\t\t\t\t\t<a class=\"e-gallery-item elementor-gallery-item elementor-animated-content\" data-e-gallery-tags=\"1\" href=\"https:\/\/www.lichen.pl\/wp-content\/uploads\/2024\/06\/Swieto-Dziekczynienia-w-sanktuarium-Matki-Bozej-Lichenskiej-14.jpg\" data-elementor-open-lightbox=\"yes\" data-elementor-lightbox-slideshow=\"738ace0\" data-elementor-lightbox-title=\"\u015awi\u0119to Dzi\u0119kczynienia w sanktuarium Matki Bo\u017cej Liche\u0144skiej (14)\" data-e-action-hash=\"#elementor-action%3Aaction%3Dlightbox%26settings%3DeyJpZCI6NzAwMzAsInVybCI6Imh0dHBzOlwvXC93d3cubGljaGVuLnBsXC93cC1jb250ZW50XC91cGxvYWRzXC8yMDI0XC8wNlwvU3dpZXRvLUR6aWVrY3p5bmllbmlhLXctc2Fua3R1YXJpdW0tTWF0a2ktQm96ZWotTGljaGVuc2tpZWotMTQuanBnIiwic2xpZGVzaG93IjoiNzM4YWNlMCJ9\">\n\t\t\t\t\t<div class=\"e-gallery-image elementor-gallery-item__image\" data-thumbnail=\"https:\/\/www.lichen.pl\/wp-content\/uploads\/2024\/06\/Swieto-Dziekczynienia-w-sanktuarium-Matki-Bozej-Lichenskiej-14-150x150.jpg\" data-width=\"150\" data-height=\"150\" aria-label=\"\" role=\"img\" ><\/div>\n\t\t\t\t\t\t\t\t\t\t\t<div class=\"elementor-gallery-item__overlay\"><\/div>\n\t\t\t\t\t\t\t\t\t\t\t\t\t\t<\/a>\n\t\t\t\t\t\t\t<a class=\"e-gallery-item elementor-gallery-item elementor-animated-content\" data-e-gallery-tags=\"1\" href=\"https:\/\/www.lichen.pl\/wp-content\/uploads\/2024\/06\/Swieto-Dziekczynienia-w-sanktuarium-Matki-Bozej-Lichenskiej-15.jpg\" data-elementor-open-lightbox=\"yes\" data-elementor-lightbox-slideshow=\"738ace0\" data-elementor-lightbox-title=\"\u015awi\u0119to Dzi\u0119kczynienia w sanktuarium Matki Bo\u017cej Liche\u0144skiej (15)\" data-e-action-hash=\"#elementor-action%3Aaction%3Dlightbox%26settings%3DeyJpZCI6NzAwMzEsInVybCI6Imh0dHBzOlwvXC93d3cubGljaGVuLnBsXC93cC1jb250ZW50XC91cGxvYWRzXC8yMDI0XC8wNlwvU3dpZXRvLUR6aWVrY3p5bmllbmlhLXctc2Fua3R1YXJpdW0tTWF0a2ktQm96ZWotTGljaGVuc2tpZWotMTUuanBnIiwic2xpZGVzaG93IjoiNzM4YWNlMCJ9\">\n\t\t\t\t\t<div class=\"e-gallery-image elementor-gallery-item__image\" data-thumbnail=\"https:\/\/www.lichen.pl\/wp-content\/uploads\/2024\/06\/Swieto-Dziekczynienia-w-sanktuarium-Matki-Bozej-Lichenskiej-15-150x150.jpg\" data-width=\"150\" data-height=\"150\" aria-label=\"\" role=\"img\" ><\/div>\n\t\t\t\t\t\t\t\t\t\t\t<div class=\"elementor-gallery-item__overlay\"><\/div>\n\t\t\t\t\t\t\t\t\t\t\t\t\t\t<\/a>\n\t\t\t\t\t\t\t<a class=\"e-gallery-item elementor-gallery-item elementor-animated-content\" data-e-gallery-tags=\"1\" href=\"https:\/\/www.lichen.pl\/wp-content\/uploads\/2024\/06\/Swieto-Dziekczynienia-w-sanktuarium-Matki-Bozej-Lichenskiej-16.jpg\" data-elementor-open-lightbox=\"yes\" data-elementor-lightbox-slideshow=\"738ace0\" data-elementor-lightbox-title=\"\u015awi\u0119to Dzi\u0119kczynienia w sanktuarium Matki Bo\u017cej Liche\u0144skiej (16)\" data-e-action-hash=\"#elementor-action%3Aaction%3Dlightbox%26settings%3DeyJpZCI6NzAwMzIsInVybCI6Imh0dHBzOlwvXC93d3cubGljaGVuLnBsXC93cC1jb250ZW50XC91cGxvYWRzXC8yMDI0XC8wNlwvU3dpZXRvLUR6aWVrY3p5bmllbmlhLXctc2Fua3R1YXJpdW0tTWF0a2ktQm96ZWotTGljaGVuc2tpZWotMTYuanBnIiwic2xpZGVzaG93IjoiNzM4YWNlMCJ9\">\n\t\t\t\t\t<div class=\"e-gallery-image elementor-gallery-item__image\" data-thumbnail=\"https:\/\/www.lichen.pl\/wp-content\/uploads\/2024\/06\/Swieto-Dziekczynienia-w-sanktuarium-Matki-Bozej-Lichenskiej-16-150x150.jpg\" data-width=\"150\" data-height=\"150\" aria-label=\"\" role=\"img\" ><\/div>\n\t\t\t\t\t\t\t\t\t\t\t<div class=\"elementor-gallery-item__overlay\"><\/div>\n\t\t\t\t\t\t\t\t\t\t\t\t\t\t<\/a>\n\t\t\t\t\t\t\t<a class=\"e-gallery-item elementor-gallery-item elementor-animated-content\" data-e-gallery-tags=\"1\" href=\"https:\/\/www.lichen.pl\/wp-content\/uploads\/2024\/06\/Swieto-Dziekczynienia-w-sanktuarium-Matki-Bozej-Lichenskiej-17.jpg\" data-elementor-open-lightbox=\"yes\" data-elementor-lightbox-slideshow=\"738ace0\" data-elementor-lightbox-title=\"\u015awi\u0119to Dzi\u0119kczynienia w sanktuarium Matki Bo\u017cej Liche\u0144skiej (17)\" data-e-action-hash=\"#elementor-action%3Aaction%3Dlightbox%26settings%3DeyJpZCI6NzAwMzMsInVybCI6Imh0dHBzOlwvXC93d3cubGljaGVuLnBsXC93cC1jb250ZW50XC91cGxvYWRzXC8yMDI0XC8wNlwvU3dpZXRvLUR6aWVrY3p5bmllbmlhLXctc2Fua3R1YXJpdW0tTWF0a2ktQm96ZWotTGljaGVuc2tpZWotMTcuanBnIiwic2xpZGVzaG93IjoiNzM4YWNlMCJ9\">\n\t\t\t\t\t<div class=\"e-gallery-image elementor-gallery-item__image\" data-thumbnail=\"https:\/\/www.lichen.pl\/wp-content\/uploads\/2024\/06\/Swieto-Dziekczynienia-w-sanktuarium-Matki-Bozej-Lichenskiej-17-150x150.jpg\" data-width=\"150\" data-height=\"150\" aria-label=\"\" role=\"img\" ><\/div>\n\t\t\t\t\t\t\t\t\t\t\t<div class=\"elementor-gallery-item__overlay\"><\/div>\n\t\t\t\t\t\t\t\t\t\t\t\t\t\t<\/a>\n\t\t\t\t\t\t\t<a class=\"e-gallery-item elementor-gallery-item elementor-animated-content\" data-e-gallery-tags=\"2\" href=\"https:\/\/www.lichen.pl\/wp-content\/uploads\/2024\/06\/Swiatowa-Sztafeta-Rozancowa-w-sanktuarium-Matki-Bozej-Lichenskiej-2024-7.jpg\" data-elementor-open-lightbox=\"yes\" data-elementor-lightbox-slideshow=\"738ace0\" data-elementor-lightbox-title=\"\u015awiatowa Sztafeta R\u00f3\u017ca\u0144cowa w sanktuarium Matki Bo\u017cej Liche\u0144skiej 2024 (7)\" data-e-action-hash=\"#elementor-action%3Aaction%3Dlightbox%26settings%3DeyJpZCI6NzAwOTMsInVybCI6Imh0dHBzOlwvXC93d3cubGljaGVuLnBsXC93cC1jb250ZW50XC91cGxvYWRzXC8yMDI0XC8wNlwvU3dpYXRvd2EtU3p0YWZldGEtUm96YW5jb3dhLXctc2Fua3R1YXJpdW0tTWF0a2ktQm96ZWotTGljaGVuc2tpZWotMjAyNC03LmpwZyIsInNsaWRlc2hvdyI6IjczOGFjZTAifQ%3D%3D\">\n\t\t\t\t\t<div class=\"e-gallery-image elementor-gallery-item__image\" data-thumbnail=\"https:\/\/www.lichen.pl\/wp-content\/uploads\/2024\/06\/Swiatowa-Sztafeta-Rozancowa-w-sanktuarium-Matki-Bozej-Lichenskiej-2024-7-150x150.jpg\" data-width=\"150\" data-height=\"150\" aria-label=\"\" role=\"img\" ><\/div>\n\t\t\t\t\t\t\t\t\t\t\t<div class=\"elementor-gallery-item__overlay\"><\/div>\n\t\t\t\t\t\t\t\t\t\t\t\t\t\t<\/a>\n\t\t\t\t\t\t\t<a class=\"e-gallery-item elementor-gallery-item elementor-animated-content\" data-e-gallery-tags=\"2\" href=\"https:\/\/www.lichen.pl\/wp-content\/uploads\/2024\/06\/Swiatowa-Sztafeta-Rozancowa-w-sanktuarium-Matki-Bozej-Lichenskiej-2024-9.jpg\" data-elementor-open-lightbox=\"yes\" data-elementor-lightbox-slideshow=\"738ace0\" data-elementor-lightbox-title=\"\u015awiatowa Sztafeta R\u00f3\u017ca\u0144cowa w sanktuarium Matki Bo\u017cej Liche\u0144skiej 2024 (9)\" data-e-action-hash=\"#elementor-action%3Aaction%3Dlightbox%26settings%3DeyJpZCI6NzAwOTUsInVybCI6Imh0dHBzOlwvXC93d3cubGljaGVuLnBsXC93cC1jb250ZW50XC91cGxvYWRzXC8yMDI0XC8wNlwvU3dpYXRvd2EtU3p0YWZldGEtUm96YW5jb3dhLXctc2Fua3R1YXJpdW0tTWF0a2ktQm96ZWotTGljaGVuc2tpZWotMjAyNC05LmpwZyIsInNsaWRlc2hvdyI6IjczOGFjZTAifQ%3D%3D\">\n\t\t\t\t\t<div class=\"e-gallery-image elementor-gallery-item__image\" data-thumbnail=\"https:\/\/www.lichen.pl\/wp-content\/uploads\/2024\/06\/Swiatowa-Sztafeta-Rozancowa-w-sanktuarium-Matki-Bozej-Lichenskiej-2024-9-150x150.jpg\" data-width=\"150\" data-height=\"150\" aria-label=\"\" role=\"img\" ><\/div>\n\t\t\t\t\t\t\t\t\t\t\t<div class=\"elementor-gallery-item__overlay\"><\/div>\n\t\t\t\t\t\t\t\t\t\t\t\t\t\t<\/a>\n\t\t\t\t\t\t\t<a class=\"e-gallery-item elementor-gallery-item elementor-animated-content\" data-e-gallery-tags=\"2\" href=\"https:\/\/www.lichen.pl\/wp-content\/uploads\/2024\/06\/Swiatowa-Sztafeta-Rozancowa-w-sanktuarium-Matki-Bozej-Lichenskiej-2024-10.jpg\" data-elementor-open-lightbox=\"yes\" data-elementor-lightbox-slideshow=\"738ace0\" data-elementor-lightbox-title=\"\u015awiatowa Sztafeta R\u00f3\u017ca\u0144cowa w sanktuarium Matki Bo\u017cej Liche\u0144skiej 2024 (10)\" data-e-action-hash=\"#elementor-action%3Aaction%3Dlightbox%26settings%3DeyJpZCI6NzAwOTYsInVybCI6Imh0dHBzOlwvXC93d3cubGljaGVuLnBsXC93cC1jb250ZW50XC91cGxvYWRzXC8yMDI0XC8wNlwvU3dpYXRvd2EtU3p0YWZldGEtUm96YW5jb3dhLXctc2Fua3R1YXJpdW0tTWF0a2ktQm96ZWotTGljaGVuc2tpZWotMjAyNC0xMC5qcGciLCJzbGlkZXNob3ciOiI3MzhhY2UwIn0%3D\">\n\t\t\t\t\t<div class=\"e-gallery-image elementor-gallery-item__image\" data-thumbnail=\"https:\/\/www.lichen.pl\/wp-content\/uploads\/2024\/06\/Swiatowa-Sztafeta-Rozancowa-w-sanktuarium-Matki-Bozej-Lichenskiej-2024-10-150x150.jpg\" data-width=\"150\" data-height=\"150\" aria-label=\"\" role=\"img\" ><\/div>\n\t\t\t\t\t\t\t\t\t\t\t<div class=\"elementor-gallery-item__overlay\"><\/div>\n\t\t\t\t\t\t\t\t\t\t\t\t\t\t<\/a>\n\t\t\t\t\t\t\t<a class=\"e-gallery-item elementor-gallery-item elementor-animated-content\" data-e-gallery-tags=\"2\" href=\"https:\/\/www.lichen.pl\/wp-content\/uploads\/2024\/06\/Swiatowa-Sztafeta-Rozancowa-w-sanktuarium-Matki-Bozej-Lichenskiej-2024-11.jpg\" data-elementor-open-lightbox=\"yes\" data-elementor-lightbox-slideshow=\"738ace0\" data-elementor-lightbox-title=\"\u015awiatowa Sztafeta R\u00f3\u017ca\u0144cowa w sanktuarium Matki Bo\u017cej Liche\u0144skiej 2024 (11)\" data-e-action-hash=\"#elementor-action%3Aaction%3Dlightbox%26settings%3DeyJpZCI6NzAwOTcsInVybCI6Imh0dHBzOlwvXC93d3cubGljaGVuLnBsXC93cC1jb250ZW50XC91cGxvYWRzXC8yMDI0XC8wNlwvU3dpYXRvd2EtU3p0YWZldGEtUm96YW5jb3dhLXctc2Fua3R1YXJpdW0tTWF0a2ktQm96ZWotTGljaGVuc2tpZWotMjAyNC0xMS5qcGciLCJzbGlkZXNob3ciOiI3MzhhY2UwIn0%3D\">\n\t\t\t\t\t<div class=\"e-gallery-image elementor-gallery-item__image\" data-thumbnail=\"https:\/\/www.lichen.pl\/wp-content\/uploads\/2024\/06\/Swiatowa-Sztafeta-Rozancowa-w-sanktuarium-Matki-Bozej-Lichenskiej-2024-11-150x150.jpg\" data-width=\"150\" data-height=\"150\" aria-label=\"\" role=\"img\" ><\/div>\n\t\t\t\t\t\t\t\t\t\t\t<div class=\"elementor-gallery-item__overlay\"><\/div>\n\t\t\t\t\t\t\t\t\t\t\t\t\t\t<\/a>\n\t\t\t\t\t\t\t<a class=\"e-gallery-item elementor-gallery-item elementor-animated-content\" data-e-gallery-tags=\"2\" href=\"https:\/\/www.lichen.pl\/wp-content\/uploads\/2024\/06\/Swiatowa-Sztafeta-Rozancowa-w-sanktuarium-Matki-Bozej-Lichenskiej-2024-12.jpg\" data-elementor-open-lightbox=\"yes\" data-elementor-lightbox-slideshow=\"738ace0\" data-elementor-lightbox-title=\"\u015awiatowa Sztafeta R\u00f3\u017ca\u0144cowa w sanktuarium Matki Bo\u017cej Liche\u0144skiej 2024 (12)\" data-e-action-hash=\"#elementor-action%3Aaction%3Dlightbox%26settings%3DeyJpZCI6NzAwOTgsInVybCI6Imh0dHBzOlwvXC93d3cubGljaGVuLnBsXC93cC1jb250ZW50XC91cGxvYWRzXC8yMDI0XC8wNlwvU3dpYXRvd2EtU3p0YWZldGEtUm96YW5jb3dhLXctc2Fua3R1YXJpdW0tTWF0a2ktQm96ZWotTGljaGVuc2tpZWotMjAyNC0xMi5qcGciLCJzbGlkZXNob3ciOiI3MzhhY2UwIn0%3D\">\n\t\t\t\t\t<div class=\"e-gallery-image elementor-gallery-item__image\" data-thumbnail=\"https:\/\/www.lichen.pl\/wp-content\/uploads\/2024\/06\/Swiatowa-Sztafeta-Rozancowa-w-sanktuarium-Matki-Bozej-Lichenskiej-2024-12-150x150.jpg\" data-width=\"150\" data-height=\"150\" aria-label=\"\" role=\"img\" ><\/div>\n\t\t\t\t\t\t\t\t\t\t\t<div class=\"elementor-gallery-item__overlay\"><\/div>\n\t\t\t\t\t\t\t\t\t\t\t\t\t\t<\/a>\n\t\t\t\t\t\t\t<a class=\"e-gallery-item elementor-gallery-item elementor-animated-content\" data-e-gallery-tags=\"2\" href=\"https:\/\/www.lichen.pl\/wp-content\/uploads\/2024\/06\/Swiatowa-Sztafeta-Rozancowa-w-sanktuarium-Matki-Bozej-Lichenskiej-2024-13.jpg\" data-elementor-open-lightbox=\"yes\" data-elementor-lightbox-slideshow=\"738ace0\" data-elementor-lightbox-title=\"\u015awiatowa Sztafeta R\u00f3\u017ca\u0144cowa w sanktuarium Matki Bo\u017cej Liche\u0144skiej 2024 (13)\" data-e-action-hash=\"#elementor-action%3Aaction%3Dlightbox%26settings%3DeyJpZCI6NzAwOTksInVybCI6Imh0dHBzOlwvXC93d3cubGljaGVuLnBsXC93cC1jb250ZW50XC91cGxvYWRzXC8yMDI0XC8wNlwvU3dpYXRvd2EtU3p0YWZldGEtUm96YW5jb3dhLXctc2Fua3R1YXJpdW0tTWF0a2ktQm96ZWotTGljaGVuc2tpZWotMjAyNC0xMy5qcGciLCJzbGlkZXNob3ciOiI3MzhhY2UwIn0%3D\">\n\t\t\t\t\t<div class=\"e-gallery-image elementor-gallery-item__image\" data-thumbnail=\"https:\/\/www.lichen.pl\/wp-content\/uploads\/2024\/06\/Swiatowa-Sztafeta-Rozancowa-w-sanktuarium-Matki-Bozej-Lichenskiej-2024-13-150x150.jpg\" data-width=\"150\" data-height=\"150\" aria-label=\"\" role=\"img\" ><\/div>\n\t\t\t\t\t\t\t\t\t\t\t<div class=\"elementor-gallery-item__overlay\"><\/div>\n\t\t\t\t\t\t\t\t\t\t\t\t\t\t<\/a>\n\t\t\t\t\t\t\t<a class=\"e-gallery-item elementor-gallery-item elementor-animated-content\" data-e-gallery-tags=\"2\" href=\"https:\/\/www.lichen.pl\/wp-content\/uploads\/2024\/06\/Swiatowa-Sztafeta-Rozancowa-w-sanktuarium-Matki-Bozej-Lichenskiej-2024-14.jpg\" data-elementor-open-lightbox=\"yes\" data-elementor-lightbox-slideshow=\"738ace0\" data-elementor-lightbox-title=\"\u015awiatowa Sztafeta R\u00f3\u017ca\u0144cowa w sanktuarium Matki Bo\u017cej Liche\u0144skiej 2024 (14)\" data-e-action-hash=\"#elementor-action%3Aaction%3Dlightbox%26settings%3DeyJpZCI6NzAxMDAsInVybCI6Imh0dHBzOlwvXC93d3cubGljaGVuLnBsXC93cC1jb250ZW50XC91cGxvYWRzXC8yMDI0XC8wNlwvU3dpYXRvd2EtU3p0YWZldGEtUm96YW5jb3dhLXctc2Fua3R1YXJpdW0tTWF0a2ktQm96ZWotTGljaGVuc2tpZWotMjAyNC0xNC5qcGciLCJzbGlkZXNob3ciOiI3MzhhY2UwIn0%3D\">\n\t\t\t\t\t<div class=\"e-gallery-image elementor-gallery-item__image\" data-thumbnail=\"https:\/\/www.lichen.pl\/wp-content\/uploads\/2024\/06\/Swiatowa-Sztafeta-Rozancowa-w-sanktuarium-Matki-Bozej-Lichenskiej-2024-14-150x150.jpg\" data-width=\"150\" data-height=\"150\" aria-label=\"\" role=\"img\" ><\/div>\n\t\t\t\t\t\t\t\t\t\t\t<div class=\"elementor-gallery-item__overlay\"><\/div>\n\t\t\t\t\t\t\t\t\t\t\t\t\t\t<\/a>\n\t\t\t\t\t\t\t<a class=\"e-gallery-item elementor-gallery-item elementor-animated-content\" data-e-gallery-tags=\"2\" href=\"https:\/\/www.lichen.pl\/wp-content\/uploads\/2024\/06\/Swiatowa-Sztafeta-Rozancowa-w-sanktuarium-Matki-Bozej-Lichenskiej-2024-15.jpg\" data-elementor-open-lightbox=\"yes\" data-elementor-lightbox-slideshow=\"738ace0\" data-elementor-lightbox-title=\"\u015awiatowa Sztafeta R\u00f3\u017ca\u0144cowa w sanktuarium Matki Bo\u017cej Liche\u0144skiej 2024 (15)\" data-e-action-hash=\"#elementor-action%3Aaction%3Dlightbox%26settings%3DeyJpZCI6NzAxMDEsInVybCI6Imh0dHBzOlwvXC93d3cubGljaGVuLnBsXC93cC1jb250ZW50XC91cGxvYWRzXC8yMDI0XC8wNlwvU3dpYXRvd2EtU3p0YWZldGEtUm96YW5jb3dhLXctc2Fua3R1YXJpdW0tTWF0a2ktQm96ZWotTGljaGVuc2tpZWotMjAyNC0xNS5qcGciLCJzbGlkZXNob3ciOiI3MzhhY2UwIn0%3D\">\n\t\t\t\t\t<div class=\"e-gallery-image elementor-gallery-item__image\" data-thumbnail=\"https:\/\/www.lichen.pl\/wp-content\/uploads\/2024\/06\/Swiatowa-Sztafeta-Rozancowa-w-sanktuarium-Matki-Bozej-Lichenskiej-2024-15-150x150.jpg\" data-width=\"150\" data-height=\"150\" aria-label=\"\" role=\"img\" ><\/div>\n\t\t\t\t\t\t\t\t\t\t\t<div class=\"elementor-gallery-item__overlay\"><\/div>\n\t\t\t\t\t\t\t\t\t\t\t\t\t\t<\/a>\n\t\t\t\t\t\t\t<a class=\"e-gallery-item elementor-gallery-item elementor-animated-content\" data-e-gallery-tags=\"2\" href=\"https:\/\/www.lichen.pl\/wp-content\/uploads\/2024\/06\/Swiatowa-Sztafeta-Rozancowa-w-sanktuarium-Matki-Bozej-Lichenskiej-2024-16.jpg\" data-elementor-open-lightbox=\"yes\" data-elementor-lightbox-slideshow=\"738ace0\" data-elementor-lightbox-title=\"\u015awiatowa Sztafeta R\u00f3\u017ca\u0144cowa w sanktuarium Matki Bo\u017cej Liche\u0144skiej 2024 (16)\" data-e-action-hash=\"#elementor-action%3Aaction%3Dlightbox%26settings%3DeyJpZCI6NzAxMDIsInVybCI6Imh0dHBzOlwvXC93d3cubGljaGVuLnBsXC93cC1jb250ZW50XC91cGxvYWRzXC8yMDI0XC8wNlwvU3dpYXRvd2EtU3p0YWZldGEtUm96YW5jb3dhLXctc2Fua3R1YXJpdW0tTWF0a2ktQm96ZWotTGljaGVuc2tpZWotMjAyNC0xNi5qcGciLCJzbGlkZXNob3ciOiI3MzhhY2UwIn0%3D\">\n\t\t\t\t\t<div class=\"e-gallery-image elementor-gallery-item__image\" data-thumbnail=\"https:\/\/www.lichen.pl\/wp-content\/uploads\/2024\/06\/Swiatowa-Sztafeta-Rozancowa-w-sanktuarium-Matki-Bozej-Lichenskiej-2024-16-150x150.jpg\" data-width=\"150\" data-height=\"150\" aria-label=\"\" role=\"img\" ><\/div>\n\t\t\t\t\t\t\t\t\t\t\t<div class=\"elementor-gallery-item__overlay\"><\/div>\n\t\t\t\t\t\t\t\t\t\t\t\t\t\t<\/a>\n\t\t\t\t\t\t\t<a class=\"e-gallery-item elementor-gallery-item elementor-animated-content\" data-e-gallery-tags=\"2\" href=\"https:\/\/www.lichen.pl\/wp-content\/uploads\/2024\/06\/Swiatowa-Sztafeta-Rozancowa-w-sanktuarium-Matki-Bozej-Lichenskiej-2024-17.jpg\" data-elementor-open-lightbox=\"yes\" data-elementor-lightbox-slideshow=\"738ace0\" data-elementor-lightbox-title=\"\u015awiatowa Sztafeta R\u00f3\u017ca\u0144cowa w sanktuarium Matki Bo\u017cej Liche\u0144skiej 2024 (17)\" data-e-action-hash=\"#elementor-action%3Aaction%3Dlightbox%26settings%3DeyJpZCI6NzAxMDMsInVybCI6Imh0dHBzOlwvXC93d3cubGljaGVuLnBsXC93cC1jb250ZW50XC91cGxvYWRzXC8yMDI0XC8wNlwvU3dpYXRvd2EtU3p0YWZldGEtUm96YW5jb3dhLXctc2Fua3R1YXJpdW0tTWF0a2ktQm96ZWotTGljaGVuc2tpZWotMjAyNC0xNy5qcGciLCJzbGlkZXNob3ciOiI3MzhhY2UwIn0%3D\">\n\t\t\t\t\t<div class=\"e-gallery-image elementor-gallery-item__image\" data-thumbnail=\"https:\/\/www.lichen.pl\/wp-content\/uploads\/2024\/06\/Swiatowa-Sztafeta-Rozancowa-w-sanktuarium-Matki-Bozej-Lichenskiej-2024-17-150x150.jpg\" data-width=\"150\" data-height=\"150\" aria-label=\"\" role=\"img\" ><\/div>\n\t\t\t\t\t\t\t\t\t\t\t<div class=\"elementor-gallery-item__overlay\"><\/div>\n\t\t\t\t\t\t\t\t\t\t\t\t\t\t<\/a>\n\t\t\t\t\t\t\t<a class=\"e-gallery-item elementor-gallery-item elementor-animated-content\" data-e-gallery-tags=\"2\" href=\"https:\/\/www.lichen.pl\/wp-content\/uploads\/2024\/06\/Swiatowa-Sztafeta-Rozancowa-w-sanktuarium-Matki-Bozej-Lichenskiej-2024-18.jpg\" data-elementor-open-lightbox=\"yes\" data-elementor-lightbox-slideshow=\"738ace0\" data-elementor-lightbox-title=\"\u015awiatowa Sztafeta R\u00f3\u017ca\u0144cowa w sanktuarium Matki Bo\u017cej Liche\u0144skiej 2024 (18)\" data-e-action-hash=\"#elementor-action%3Aaction%3Dlightbox%26settings%3DeyJpZCI6NzAxMDQsInVybCI6Imh0dHBzOlwvXC93d3cubGljaGVuLnBsXC93cC1jb250ZW50XC91cGxvYWRzXC8yMDI0XC8wNlwvU3dpYXRvd2EtU3p0YWZldGEtUm96YW5jb3dhLXctc2Fua3R1YXJpdW0tTWF0a2ktQm96ZWotTGljaGVuc2tpZWotMjAyNC0xOC5qcGciLCJzbGlkZXNob3ciOiI3MzhhY2UwIn0%3D\">\n\t\t\t\t\t<div class=\"e-gallery-image elementor-gallery-item__image\" data-thumbnail=\"https:\/\/www.lichen.pl\/wp-content\/uploads\/2024\/06\/Swiatowa-Sztafeta-Rozancowa-w-sanktuarium-Matki-Bozej-Lichenskiej-2024-18-150x150.jpg\" data-width=\"150\" data-height=\"150\" aria-label=\"\" role=\"img\" ><\/div>\n\t\t\t\t\t\t\t\t\t\t\t<div class=\"elementor-gallery-item__overlay\"><\/div>\n\t\t\t\t\t\t\t\t\t\t\t\t\t\t<\/a>\n\t\t\t\t\t\t\t<a class=\"e-gallery-item elementor-gallery-item elementor-animated-content\" data-e-gallery-tags=\"2\" href=\"https:\/\/www.lichen.pl\/wp-content\/uploads\/2024\/06\/Swiatowa-Sztafeta-Rozancowa-w-sanktuarium-Matki-Bozej-Lichenskiej-2024-19.jpg\" data-elementor-open-lightbox=\"yes\" data-elementor-lightbox-slideshow=\"738ace0\" data-elementor-lightbox-title=\"\u015awiatowa Sztafeta R\u00f3\u017ca\u0144cowa w sanktuarium Matki Bo\u017cej Liche\u0144skiej 2024 (19)\" data-e-action-hash=\"#elementor-action%3Aaction%3Dlightbox%26settings%3DeyJpZCI6NzAxMDUsInVybCI6Imh0dHBzOlwvXC93d3cubGljaGVuLnBsXC93cC1jb250ZW50XC91cGxvYWRzXC8yMDI0XC8wNlwvU3dpYXRvd2EtU3p0YWZldGEtUm96YW5jb3dhLXctc2Fua3R1YXJpdW0tTWF0a2ktQm96ZWotTGljaGVuc2tpZWotMjAyNC0xOS5qcGciLCJzbGlkZXNob3ciOiI3MzhhY2UwIn0%3D\">\n\t\t\t\t\t<div class=\"e-gallery-image elementor-gallery-item__image\" data-thumbnail=\"https:\/\/www.lichen.pl\/wp-content\/uploads\/2024\/06\/Swiatowa-Sztafeta-Rozancowa-w-sanktuarium-Matki-Bozej-Lichenskiej-2024-19-150x150.jpg\" data-width=\"150\" data-height=\"150\" aria-label=\"\" role=\"img\" ><\/div>\n\t\t\t\t\t\t\t\t\t\t\t<div class=\"elementor-gallery-item__overlay\"><\/div>\n\t\t\t\t\t\t\t\t\t\t\t\t\t\t<\/a>\n\t\t\t\t\t\t\t<a class=\"e-gallery-item elementor-gallery-item elementor-animated-content\" data-e-gallery-tags=\"2\" href=\"https:\/\/www.lichen.pl\/wp-content\/uploads\/2024\/06\/Swiatowa-Sztafeta-Rozancowa-w-sanktuarium-Matki-Bozej-Lichenskiej-2024-2.jpg\" data-elementor-open-lightbox=\"yes\" data-elementor-lightbox-slideshow=\"738ace0\" data-elementor-lightbox-title=\"\u015awiatowa Sztafeta R\u00f3\u017ca\u0144cowa w sanktuarium Matki Bo\u017cej Liche\u0144skiej 2024 (2)\" data-e-action-hash=\"#elementor-action%3Aaction%3Dlightbox%26settings%3DeyJpZCI6NzAxMDcsInVybCI6Imh0dHBzOlwvXC93d3cubGljaGVuLnBsXC93cC1jb250ZW50XC91cGxvYWRzXC8yMDI0XC8wNlwvU3dpYXRvd2EtU3p0YWZldGEtUm96YW5jb3dhLXctc2Fua3R1YXJpdW0tTWF0a2ktQm96ZWotTGljaGVuc2tpZWotMjAyNC0yLmpwZyIsInNsaWRlc2hvdyI6IjczOGFjZTAifQ%3D%3D\">\n\t\t\t\t\t<div class=\"e-gallery-image elementor-gallery-item__image\" data-thumbnail=\"https:\/\/www.lichen.pl\/wp-content\/uploads\/2024\/06\/Swiatowa-Sztafeta-Rozancowa-w-sanktuarium-Matki-Bozej-Lichenskiej-2024-2-150x150.jpg\" data-width=\"150\" data-height=\"150\" aria-label=\"\" role=\"img\" ><\/div>\n\t\t\t\t\t\t\t\t\t\t\t<div class=\"elementor-gallery-item__overlay\"><\/div>\n\t\t\t\t\t\t\t\t\t\t\t\t\t\t<\/a>\n\t\t\t\t\t\t\t<a class=\"e-gallery-item elementor-gallery-item elementor-animated-content\" data-e-gallery-tags=\"2\" href=\"https:\/\/www.lichen.pl\/wp-content\/uploads\/2024\/06\/Swiatowa-Sztafeta-Rozancowa-w-sanktuarium-Matki-Bozej-Lichenskiej-2024-3.jpg\" data-elementor-open-lightbox=\"yes\" data-elementor-lightbox-slideshow=\"738ace0\" data-elementor-lightbox-title=\"\u015awiatowa Sztafeta R\u00f3\u017ca\u0144cowa w sanktuarium Matki Bo\u017cej Liche\u0144skiej 2024 (3)\" data-e-action-hash=\"#elementor-action%3Aaction%3Dlightbox%26settings%3DeyJpZCI6NzAxMDgsInVybCI6Imh0dHBzOlwvXC93d3cubGljaGVuLnBsXC93cC1jb250ZW50XC91cGxvYWRzXC8yMDI0XC8wNlwvU3dpYXRvd2EtU3p0YWZldGEtUm96YW5jb3dhLXctc2Fua3R1YXJpdW0tTWF0a2ktQm96ZWotTGljaGVuc2tpZWotMjAyNC0zLmpwZyIsInNsaWRlc2hvdyI6IjczOGFjZTAifQ%3D%3D\">\n\t\t\t\t\t<div class=\"e-gallery-image elementor-gallery-item__image\" data-thumbnail=\"https:\/\/www.lichen.pl\/wp-content\/uploads\/2024\/06\/Swiatowa-Sztafeta-Rozancowa-w-sanktuarium-Matki-Bozej-Lichenskiej-2024-3-150x150.jpg\" data-width=\"150\" data-height=\"150\" aria-label=\"\" role=\"img\" ><\/div>\n\t\t\t\t\t\t\t\t\t\t\t<div class=\"elementor-gallery-item__overlay\"><\/div>\n\t\t\t\t\t\t\t\t\t\t\t\t\t\t<\/a>\n\t\t\t\t\t\t\t<a class=\"e-gallery-item elementor-gallery-item elementor-animated-content\" data-e-gallery-tags=\"2\" href=\"https:\/\/www.lichen.pl\/wp-content\/uploads\/2024\/06\/Swiatowa-Sztafeta-Rozancowa-w-sanktuarium-Matki-Bozej-Lichenskiej-2024-4.jpg\" data-elementor-open-lightbox=\"yes\" data-elementor-lightbox-slideshow=\"738ace0\" data-elementor-lightbox-title=\"\u015awiatowa Sztafeta R\u00f3\u017ca\u0144cowa w sanktuarium Matki Bo\u017cej Liche\u0144skiej 2024 (4)\" data-e-action-hash=\"#elementor-action%3Aaction%3Dlightbox%26settings%3DeyJpZCI6NzAxMDksInVybCI6Imh0dHBzOlwvXC93d3cubGljaGVuLnBsXC93cC1jb250ZW50XC91cGxvYWRzXC8yMDI0XC8wNlwvU3dpYXRvd2EtU3p0YWZldGEtUm96YW5jb3dhLXctc2Fua3R1YXJpdW0tTWF0a2ktQm96ZWotTGljaGVuc2tpZWotMjAyNC00LmpwZyIsInNsaWRlc2hvdyI6IjczOGFjZTAifQ%3D%3D\">\n\t\t\t\t\t<div class=\"e-gallery-image elementor-gallery-item__image\" data-thumbnail=\"https:\/\/www.lichen.pl\/wp-content\/uploads\/2024\/06\/Swiatowa-Sztafeta-Rozancowa-w-sanktuarium-Matki-Bozej-Lichenskiej-2024-4-150x150.jpg\" data-width=\"150\" data-height=\"150\" aria-label=\"\" role=\"img\" ><\/div>\n\t\t\t\t\t\t\t\t\t\t\t<div class=\"elementor-gallery-item__overlay\"><\/div>\n\t\t\t\t\t\t\t\t\t\t\t\t\t\t<\/a>\n\t\t\t\t\t\t\t<a class=\"e-gallery-item elementor-gallery-item elementor-animated-content\" data-e-gallery-tags=\"2\" href=\"https:\/\/www.lichen.pl\/wp-content\/uploads\/2024\/06\/Swiatowa-Sztafeta-Rozancowa-w-sanktuarium-Matki-Bozej-Lichenskiej-2024-5.jpg\" data-elementor-open-lightbox=\"yes\" data-elementor-lightbox-slideshow=\"738ace0\" data-elementor-lightbox-title=\"\u015awiatowa Sztafeta R\u00f3\u017ca\u0144cowa w sanktuarium Matki Bo\u017cej Liche\u0144skiej 2024 (5)\" data-e-action-hash=\"#elementor-action%3Aaction%3Dlightbox%26settings%3DeyJpZCI6NzAxMTAsInVybCI6Imh0dHBzOlwvXC93d3cubGljaGVuLnBsXC93cC1jb250ZW50XC91cGxvYWRzXC8yMDI0XC8wNlwvU3dpYXRvd2EtU3p0YWZldGEtUm96YW5jb3dhLXctc2Fua3R1YXJpdW0tTWF0a2ktQm96ZWotTGljaGVuc2tpZWotMjAyNC01LmpwZyIsInNsaWRlc2hvdyI6IjczOGFjZTAifQ%3D%3D\">\n\t\t\t\t\t<div class=\"e-gallery-image elementor-gallery-item__image\" data-thumbnail=\"https:\/\/www.lichen.pl\/wp-content\/uploads\/2024\/06\/Swiatowa-Sztafeta-Rozancowa-w-sanktuarium-Matki-Bozej-Lichenskiej-2024-5-150x150.jpg\" data-width=\"150\" data-height=\"150\" aria-label=\"\" role=\"img\" ><\/div>\n\t\t\t\t\t\t\t\t\t\t\t<div class=\"elementor-gallery-item__overlay\"><\/div>\n\t\t\t\t\t\t\t\t\t\t\t\t\t\t<\/a>\n\t\t\t\t\t\t\t<a class=\"e-gallery-item elementor-gallery-item elementor-animated-content\" data-e-gallery-tags=\"2\" href=\"https:\/\/www.lichen.pl\/wp-content\/uploads\/2024\/06\/Swiatowa-Sztafeta-Rozancowa-w-sanktuarium-Matki-Bozej-Lichenskiej-2024-6.jpg\" data-elementor-open-lightbox=\"yes\" data-elementor-lightbox-slideshow=\"738ace0\" data-elementor-lightbox-title=\"\u015awiatowa Sztafeta R\u00f3\u017ca\u0144cowa w sanktuarium Matki Bo\u017cej Liche\u0144skiej 2024 (6)\" data-e-action-hash=\"#elementor-action%3Aaction%3Dlightbox%26settings%3DeyJpZCI6NzAxMTEsInVybCI6Imh0dHBzOlwvXC93d3cubGljaGVuLnBsXC93cC1jb250ZW50XC91cGxvYWRzXC8yMDI0XC8wNlwvU3dpYXRvd2EtU3p0YWZldGEtUm96YW5jb3dhLXctc2Fua3R1YXJpdW0tTWF0a2ktQm96ZWotTGljaGVuc2tpZWotMjAyNC02LmpwZyIsInNsaWRlc2hvdyI6IjczOGFjZTAifQ%3D%3D\">\n\t\t\t\t\t<div class=\"e-gallery-image elementor-gallery-item__image\" data-thumbnail=\"https:\/\/www.lichen.pl\/wp-content\/uploads\/2024\/06\/Swiatowa-Sztafeta-Rozancowa-w-sanktuarium-Matki-Bozej-Lichenskiej-2024-6-150x150.jpg\" data-width=\"150\" data-height=\"150\" aria-label=\"\" role=\"img\" ><\/div>\n\t\t\t\t\t\t\t\t\t\t\t<div class=\"elementor-gallery-item__overlay\"><\/div>\n\t\t\t\t\t\t\t\t\t\t\t\t\t\t<\/a>\n\t\t\t\t\t\t\t<a class=\"e-gallery-item elementor-gallery-item elementor-animated-content\" data-e-gallery-tags=\"3\" href=\"https:\/\/www.lichen.pl\/wp-content\/uploads\/2024\/06\/Apel-maryjny-z-Janem-Pawlem-2-1.jpg\" data-elementor-open-lightbox=\"yes\" data-elementor-lightbox-slideshow=\"738ace0\" data-elementor-lightbox-title=\"Apel maryjny z Janem Paw\u0142em 2 (1)\" data-e-action-hash=\"#elementor-action%3Aaction%3Dlightbox%26settings%3DeyJpZCI6NzAxMjksInVybCI6Imh0dHBzOlwvXC93d3cubGljaGVuLnBsXC93cC1jb250ZW50XC91cGxvYWRzXC8yMDI0XC8wNlwvQXBlbC1tYXJ5am55LXotSmFuZW0tUGF3bGVtLTItMS5qcGciLCJzbGlkZXNob3ciOiI3MzhhY2UwIn0%3D\">\n\t\t\t\t\t<div class=\"e-gallery-image elementor-gallery-item__image\" data-thumbnail=\"https:\/\/www.lichen.pl\/wp-content\/uploads\/2024\/06\/Apel-maryjny-z-Janem-Pawlem-2-1-150x150.jpg\" data-width=\"150\" data-height=\"150\" aria-label=\"\" role=\"img\" ><\/div>\n\t\t\t\t\t\t\t\t\t\t\t<div class=\"elementor-gallery-item__overlay\"><\/div>\n\t\t\t\t\t\t\t\t\t\t\t\t\t\t<\/a>\n\t\t\t\t\t\t\t<a class=\"e-gallery-item elementor-gallery-item elementor-animated-content\" data-e-gallery-tags=\"3\" href=\"https:\/\/www.lichen.pl\/wp-content\/uploads\/2024\/06\/Apel-maryjny-z-Janem-Pawlem-2-2.jpg\" data-elementor-open-lightbox=\"yes\" data-elementor-lightbox-slideshow=\"738ace0\" data-elementor-lightbox-title=\"Apel maryjny z Janem Paw\u0142em 2 (2)\" data-e-action-hash=\"#elementor-action%3Aaction%3Dlightbox%26settings%3DeyJpZCI6NzAxMzAsInVybCI6Imh0dHBzOlwvXC93d3cubGljaGVuLnBsXC93cC1jb250ZW50XC91cGxvYWRzXC8yMDI0XC8wNlwvQXBlbC1tYXJ5am55LXotSmFuZW0tUGF3bGVtLTItMi5qcGciLCJzbGlkZXNob3ciOiI3MzhhY2UwIn0%3D\">\n\t\t\t\t\t<div class=\"e-gallery-image elementor-gallery-item__image\" data-thumbnail=\"https:\/\/www.lichen.pl\/wp-content\/uploads\/2024\/06\/Apel-maryjny-z-Janem-Pawlem-2-2-150x150.jpg\" data-width=\"150\" data-height=\"150\" aria-label=\"\" role=\"img\" ><\/div>\n\t\t\t\t\t\t\t\t\t\t\t<div class=\"elementor-gallery-item__overlay\"><\/div>\n\t\t\t\t\t\t\t\t\t\t\t\t\t\t<\/a>\n\t\t\t\t\t\t\t<a class=\"e-gallery-item elementor-gallery-item elementor-animated-content\" data-e-gallery-tags=\"3\" href=\"https:\/\/www.lichen.pl\/wp-content\/uploads\/2024\/06\/Apel-maryjny-z-Janem-Pawlem-2-3.jpg\" data-elementor-open-lightbox=\"yes\" data-elementor-lightbox-slideshow=\"738ace0\" data-elementor-lightbox-title=\"Apel maryjny z Janem Paw\u0142em 2 (3)\" data-e-action-hash=\"#elementor-action%3Aaction%3Dlightbox%26settings%3DeyJpZCI6NzAxMzEsInVybCI6Imh0dHBzOlwvXC93d3cubGljaGVuLnBsXC93cC1jb250ZW50XC91cGxvYWRzXC8yMDI0XC8wNlwvQXBlbC1tYXJ5am55LXotSmFuZW0tUGF3bGVtLTItMy5qcGciLCJzbGlkZXNob3ciOiI3MzhhY2UwIn0%3D\">\n\t\t\t\t\t<div class=\"e-gallery-image elementor-gallery-item__image\" data-thumbnail=\"https:\/\/www.lichen.pl\/wp-content\/uploads\/2024\/06\/Apel-maryjny-z-Janem-Pawlem-2-3-150x150.jpg\" data-width=\"150\" data-height=\"150\" aria-label=\"\" role=\"img\" ><\/div>\n\t\t\t\t\t\t\t\t\t\t\t<div class=\"elementor-gallery-item__overlay\"><\/div>\n\t\t\t\t\t\t\t\t\t\t\t\t\t\t<\/a>\n\t\t\t\t\t\t\t<a class=\"e-gallery-item elementor-gallery-item elementor-animated-content\" data-e-gallery-tags=\"3\" href=\"https:\/\/www.lichen.pl\/wp-content\/uploads\/2024\/06\/Apel-maryjny-z-Janem-Pawlem-2-4.jpg\" data-elementor-open-lightbox=\"yes\" data-elementor-lightbox-slideshow=\"738ace0\" data-elementor-lightbox-title=\"Apel maryjny z Janem Paw\u0142em 2 (4)\" data-e-action-hash=\"#elementor-action%3Aaction%3Dlightbox%26settings%3DeyJpZCI6NzAxMzIsInVybCI6Imh0dHBzOlwvXC93d3cubGljaGVuLnBsXC93cC1jb250ZW50XC91cGxvYWRzXC8yMDI0XC8wNlwvQXBlbC1tYXJ5am55LXotSmFuZW0tUGF3bGVtLTItNC5qcGciLCJzbGlkZXNob3ciOiI3MzhhY2UwIn0%3D\">\n\t\t\t\t\t<div class=\"e-gallery-image elementor-gallery-item__image\" data-thumbnail=\"https:\/\/www.lichen.pl\/wp-content\/uploads\/2024\/06\/Apel-maryjny-z-Janem-Pawlem-2-4-150x150.jpg\" data-width=\"150\" data-height=\"150\" aria-label=\"\" role=\"img\" ><\/div>\n\t\t\t\t\t\t\t\t\t\t\t<div class=\"elementor-gallery-item__overlay\"><\/div>\n\t\t\t\t\t\t\t\t\t\t\t\t\t\t<\/a>\n\t\t\t\t\t\t\t<a class=\"e-gallery-item elementor-gallery-item elementor-animated-content\" data-e-gallery-tags=\"3\" href=\"https:\/\/www.lichen.pl\/wp-content\/uploads\/2024\/06\/Apel-maryjny-z-Janem-Pawlem-2-5.jpg\" data-elementor-open-lightbox=\"yes\" data-elementor-lightbox-slideshow=\"738ace0\" data-elementor-lightbox-title=\"Apel maryjny z Janem Paw\u0142em 2 (5)\" data-e-action-hash=\"#elementor-action%3Aaction%3Dlightbox%26settings%3DeyJpZCI6NzAxMzMsInVybCI6Imh0dHBzOlwvXC93d3cubGljaGVuLnBsXC93cC1jb250ZW50XC91cGxvYWRzXC8yMDI0XC8wNlwvQXBlbC1tYXJ5am55LXotSmFuZW0tUGF3bGVtLTItNS5qcGciLCJzbGlkZXNob3ciOiI3MzhhY2UwIn0%3D\">\n\t\t\t\t\t<div class=\"e-gallery-image elementor-gallery-item__image\" data-thumbnail=\"https:\/\/www.lichen.pl\/wp-content\/uploads\/2024\/06\/Apel-maryjny-z-Janem-Pawlem-2-5-150x150.jpg\" data-width=\"150\" data-height=\"150\" aria-label=\"\" role=\"img\" ><\/div>\n\t\t\t\t\t\t\t\t\t\t\t<div class=\"elementor-gallery-item__overlay\"><\/div>\n\t\t\t\t\t\t\t\t\t\t\t\t\t\t<\/a>\n\t\t\t\t\t\t\t<a class=\"e-gallery-item elementor-gallery-item elementor-animated-content\" data-e-gallery-tags=\"3\" href=\"https:\/\/www.lichen.pl\/wp-content\/uploads\/2024\/06\/Apel-maryjny-z-Janem-Pawlem-2-6.jpg\" data-elementor-open-lightbox=\"yes\" data-elementor-lightbox-slideshow=\"738ace0\" data-elementor-lightbox-title=\"Apel maryjny z Janem Paw\u0142em 2 (6)\" data-e-action-hash=\"#elementor-action%3Aaction%3Dlightbox%26settings%3DeyJpZCI6NzAxMzQsInVybCI6Imh0dHBzOlwvXC93d3cubGljaGVuLnBsXC93cC1jb250ZW50XC91cGxvYWRzXC8yMDI0XC8wNlwvQXBlbC1tYXJ5am55LXotSmFuZW0tUGF3bGVtLTItNi5qcGciLCJzbGlkZXNob3ciOiI3MzhhY2UwIn0%3D\">\n\t\t\t\t\t<div class=\"e-gallery-image elementor-gallery-item__image\" data-thumbnail=\"https:\/\/www.lichen.pl\/wp-content\/uploads\/2024\/06\/Apel-maryjny-z-Janem-Pawlem-2-6-150x150.jpg\" data-width=\"150\" data-height=\"150\" aria-label=\"\" role=\"img\" ><\/div>\n\t\t\t\t\t\t\t\t\t\t\t<div class=\"elementor-gallery-item__overlay\"><\/div>\n\t\t\t\t\t\t\t\t\t\t\t\t\t\t<\/a>\n\t\t\t\t\t\t\t<a class=\"e-gallery-item elementor-gallery-item elementor-animated-content\" data-e-gallery-tags=\"3\" href=\"https:\/\/www.lichen.pl\/wp-content\/uploads\/2024\/06\/Apel-maryjny-z-Janem-Pawlem-2-7.jpg\" data-elementor-open-lightbox=\"yes\" data-elementor-lightbox-slideshow=\"738ace0\" data-elementor-lightbox-title=\"Apel maryjny z Janem Paw\u0142em 2 (7)\" data-e-action-hash=\"#elementor-action%3Aaction%3Dlightbox%26settings%3DeyJpZCI6NzAxMzUsInVybCI6Imh0dHBzOlwvXC93d3cubGljaGVuLnBsXC93cC1jb250ZW50XC91cGxvYWRzXC8yMDI0XC8wNlwvQXBlbC1tYXJ5am55LXotSmFuZW0tUGF3bGVtLTItNy5qcGciLCJzbGlkZXNob3ciOiI3MzhhY2UwIn0%3D\">\n\t\t\t\t\t<div class=\"e-gallery-image elementor-gallery-item__image\" data-thumbnail=\"https:\/\/www.lichen.pl\/wp-content\/uploads\/2024\/06\/Apel-maryjny-z-Janem-Pawlem-2-7-150x150.jpg\" data-width=\"150\" data-height=\"150\" aria-label=\"\" role=\"img\" ><\/div>\n\t\t\t\t\t\t\t\t\t\t\t<div class=\"elementor-gallery-item__overlay\"><\/div>\n\t\t\t\t\t\t\t\t\t\t\t\t\t\t<\/a>\n\t\t\t\t\t\t\t<a class=\"e-gallery-item elementor-gallery-item elementor-animated-content\" data-e-gallery-tags=\"3\" href=\"https:\/\/www.lichen.pl\/wp-content\/uploads\/2024\/06\/Apel-maryjny-z-Janem-Pawlem-2-8.jpg\" data-elementor-open-lightbox=\"yes\" data-elementor-lightbox-slideshow=\"738ace0\" data-elementor-lightbox-title=\"Apel maryjny z Janem Paw\u0142em 2 (8)\" data-e-action-hash=\"#elementor-action%3Aaction%3Dlightbox%26settings%3DeyJpZCI6NzAxMzYsInVybCI6Imh0dHBzOlwvXC93d3cubGljaGVuLnBsXC93cC1jb250ZW50XC91cGxvYWRzXC8yMDI0XC8wNlwvQXBlbC1tYXJ5am55LXotSmFuZW0tUGF3bGVtLTItOC5qcGciLCJzbGlkZXNob3ciOiI3MzhhY2UwIn0%3D\">\n\t\t\t\t\t<div class=\"e-gallery-image elementor-gallery-item__image\" data-thumbnail=\"https:\/\/www.lichen.pl\/wp-content\/uploads\/2024\/06\/Apel-maryjny-z-Janem-Pawlem-2-8-150x150.jpg\" data-width=\"150\" data-height=\"150\" aria-label=\"\" role=\"img\" ><\/div>\n\t\t\t\t\t\t\t\t\t\t\t<div class=\"elementor-gallery-item__overlay\"><\/div>\n\t\t\t\t\t\t\t\t\t\t\t\t\t\t<\/a>\n\t\t\t\t\t\t\t<a class=\"e-gallery-item elementor-gallery-item elementor-animated-content\" data-e-gallery-tags=\"3\" href=\"https:\/\/www.lichen.pl\/wp-content\/uploads\/2024\/06\/Apel-maryjny-z-Janem-Pawlem-2-9.jpg\" data-elementor-open-lightbox=\"yes\" data-elementor-lightbox-slideshow=\"738ace0\" data-elementor-lightbox-title=\"Apel maryjny z Janem Paw\u0142em 2 (9)\" data-e-action-hash=\"#elementor-action%3Aaction%3Dlightbox%26settings%3DeyJpZCI6NzAxMzcsInVybCI6Imh0dHBzOlwvXC93d3cubGljaGVuLnBsXC93cC1jb250ZW50XC91cGxvYWRzXC8yMDI0XC8wNlwvQXBlbC1tYXJ5am55LXotSmFuZW0tUGF3bGVtLTItOS5qcGciLCJzbGlkZXNob3ciOiI3MzhhY2UwIn0%3D\">\n\t\t\t\t\t<div class=\"e-gallery-image elementor-gallery-item__image\" data-thumbnail=\"https:\/\/www.lichen.pl\/wp-content\/uploads\/2024\/06\/Apel-maryjny-z-Janem-Pawlem-2-9-150x150.jpg\" data-width=\"150\" data-height=\"150\" aria-label=\"\" role=\"img\" ><\/div>\n\t\t\t\t\t\t\t\t\t\t\t<div class=\"elementor-gallery-item__overlay\"><\/div>\n\t\t\t\t\t\t\t\t\t\t\t\t\t\t<\/a>\n\t\t\t\t\t\t\t<a class=\"e-gallery-item elementor-gallery-item elementor-animated-content\" data-e-gallery-tags=\"3\" href=\"https:\/\/www.lichen.pl\/wp-content\/uploads\/2024\/06\/Apel-maryjny-z-Janem-Pawlem-2-10.jpg\" data-elementor-open-lightbox=\"yes\" data-elementor-lightbox-slideshow=\"738ace0\" data-elementor-lightbox-title=\"Apel maryjny z Janem Paw\u0142em 2 (10)\" data-e-action-hash=\"#elementor-action%3Aaction%3Dlightbox%26settings%3DeyJpZCI6NzAxMzgsInVybCI6Imh0dHBzOlwvXC93d3cubGljaGVuLnBsXC93cC1jb250ZW50XC91cGxvYWRzXC8yMDI0XC8wNlwvQXBlbC1tYXJ5am55LXotSmFuZW0tUGF3bGVtLTItMTAuanBnIiwic2xpZGVzaG93IjoiNzM4YWNlMCJ9\">\n\t\t\t\t\t<div class=\"e-gallery-image elementor-gallery-item__image\" data-thumbnail=\"https:\/\/www.lichen.pl\/wp-content\/uploads\/2024\/06\/Apel-maryjny-z-Janem-Pawlem-2-10-150x150.jpg\" data-width=\"150\" data-height=\"150\" aria-label=\"\" role=\"img\" ><\/div>\n\t\t\t\t\t\t\t\t\t\t\t<div class=\"elementor-gallery-item__overlay\"><\/div>\n\t\t\t\t\t\t\t\t\t\t\t\t\t\t<\/a>\n\t\t\t\t\t\t\t<a class=\"e-gallery-item elementor-gallery-item elementor-animated-content\" data-e-gallery-tags=\"3\" href=\"https:\/\/www.lichen.pl\/wp-content\/uploads\/2024\/06\/Apel-maryjny-z-Janem-Pawlem-2-11.jpg\" data-elementor-open-lightbox=\"yes\" data-elementor-lightbox-slideshow=\"738ace0\" data-elementor-lightbox-title=\"Apel maryjny z Janem Paw\u0142em 2 (11)\" data-e-action-hash=\"#elementor-action%3Aaction%3Dlightbox%26settings%3DeyJpZCI6NzAxMzksInVybCI6Imh0dHBzOlwvXC93d3cubGljaGVuLnBsXC93cC1jb250ZW50XC91cGxvYWRzXC8yMDI0XC8wNlwvQXBlbC1tYXJ5am55LXotSmFuZW0tUGF3bGVtLTItMTEuanBnIiwic2xpZGVzaG93IjoiNzM4YWNlMCJ9\">\n\t\t\t\t\t<div class=\"e-gallery-image elementor-gallery-item__image\" data-thumbnail=\"https:\/\/www.lichen.pl\/wp-content\/uploads\/2024\/06\/Apel-maryjny-z-Janem-Pawlem-2-11-150x150.jpg\" data-width=\"150\" data-height=\"150\" aria-label=\"\" role=\"img\" ><\/div>\n\t\t\t\t\t\t\t\t\t\t\t<div class=\"elementor-gallery-item__overlay\"><\/div>\n\t\t\t\t\t\t\t\t\t\t\t\t\t\t<\/a>\n\t\t\t\t\t\t\t<a class=\"e-gallery-item elementor-gallery-item elementor-animated-content\" data-e-gallery-tags=\"3\" href=\"https:\/\/www.lichen.pl\/wp-content\/uploads\/2024\/06\/Apel-maryjny-z-Janem-Pawlem-2-12.jpg\" data-elementor-open-lightbox=\"yes\" data-elementor-lightbox-slideshow=\"738ace0\" data-elementor-lightbox-title=\"Apel maryjny z Janem Paw\u0142em 2 (12)\" data-e-action-hash=\"#elementor-action%3Aaction%3Dlightbox%26settings%3DeyJpZCI6NzAxNDAsInVybCI6Imh0dHBzOlwvXC93d3cubGljaGVuLnBsXC93cC1jb250ZW50XC91cGxvYWRzXC8yMDI0XC8wNlwvQXBlbC1tYXJ5am55LXotSmFuZW0tUGF3bGVtLTItMTIuanBnIiwic2xpZGVzaG93IjoiNzM4YWNlMCJ9\">\n\t\t\t\t\t<div class=\"e-gallery-image elementor-gallery-item__image\" data-thumbnail=\"https:\/\/www.lichen.pl\/wp-content\/uploads\/2024\/06\/Apel-maryjny-z-Janem-Pawlem-2-12-150x150.jpg\" data-width=\"150\" data-height=\"150\" aria-label=\"\" role=\"img\" ><\/div>\n\t\t\t\t\t\t\t\t\t\t\t<div class=\"elementor-gallery-item__overlay\"><\/div>\n\t\t\t\t\t\t\t\t\t\t\t\t\t\t<\/a>\n\t\t\t\t\t\t\t<a class=\"e-gallery-item elementor-gallery-item elementor-animated-content\" data-e-gallery-tags=\"3\" href=\"https:\/\/www.lichen.pl\/wp-content\/uploads\/2024\/06\/Apel-maryjny-z-Janem-Pawlem-2-13.jpg\" data-elementor-open-lightbox=\"yes\" data-elementor-lightbox-slideshow=\"738ace0\" data-elementor-lightbox-title=\"Apel maryjny z Janem Paw\u0142em 2 (13)\" data-e-action-hash=\"#elementor-action%3Aaction%3Dlightbox%26settings%3DeyJpZCI6NzAxNDEsInVybCI6Imh0dHBzOlwvXC93d3cubGljaGVuLnBsXC93cC1jb250ZW50XC91cGxvYWRzXC8yMDI0XC8wNlwvQXBlbC1tYXJ5am55LXotSmFuZW0tUGF3bGVtLTItMTMuanBnIiwic2xpZGVzaG93IjoiNzM4YWNlMCJ9\">\n\t\t\t\t\t<div class=\"e-gallery-image elementor-gallery-item__image\" data-thumbnail=\"https:\/\/www.lichen.pl\/wp-content\/uploads\/2024\/06\/Apel-maryjny-z-Janem-Pawlem-2-13-150x150.jpg\" data-width=\"150\" data-height=\"150\" aria-label=\"\" role=\"img\" ><\/div>\n\t\t\t\t\t\t\t\t\t\t\t<div class=\"elementor-gallery-item__overlay\"><\/div>\n\t\t\t\t\t\t\t\t\t\t\t\t\t\t<\/a>\n\t\t\t\t\t\t\t<a class=\"e-gallery-item elementor-gallery-item elementor-animated-content\" data-e-gallery-tags=\"3\" href=\"https:\/\/www.lichen.pl\/wp-content\/uploads\/2024\/06\/Apel-maryjny-z-Janem-Pawlem-2-14.jpg\" data-elementor-open-lightbox=\"yes\" data-elementor-lightbox-slideshow=\"738ace0\" data-elementor-lightbox-title=\"Apel maryjny z Janem Paw\u0142em 2 (14)\" data-e-action-hash=\"#elementor-action%3Aaction%3Dlightbox%26settings%3DeyJpZCI6NzAxNDIsInVybCI6Imh0dHBzOlwvXC93d3cubGljaGVuLnBsXC93cC1jb250ZW50XC91cGxvYWRzXC8yMDI0XC8wNlwvQXBlbC1tYXJ5am55LXotSmFuZW0tUGF3bGVtLTItMTQuanBnIiwic2xpZGVzaG93IjoiNzM4YWNlMCJ9\">\n\t\t\t\t\t<div class=\"e-gallery-image elementor-gallery-item__image\" data-thumbnail=\"https:\/\/www.lichen.pl\/wp-content\/uploads\/2024\/06\/Apel-maryjny-z-Janem-Pawlem-2-14-150x150.jpg\" data-width=\"150\" data-height=\"150\" aria-label=\"\" role=\"img\" ><\/div>\n\t\t\t\t\t\t\t\t\t\t\t<div class=\"elementor-gallery-item__overlay\"><\/div>\n\t\t\t\t\t\t\t\t\t\t\t\t\t\t<\/a>\n\t\t\t\t\t\t\t<a class=\"e-gallery-item elementor-gallery-item elementor-animated-content\" data-e-gallery-tags=\"3\" href=\"https:\/\/www.lichen.pl\/wp-content\/uploads\/2024\/06\/Apel-maryjny-z-Janem-Pawlem-2-15.jpg\" data-elementor-open-lightbox=\"yes\" data-elementor-lightbox-slideshow=\"738ace0\" data-elementor-lightbox-title=\"Apel maryjny z Janem Paw\u0142em 2 (15)\" data-e-action-hash=\"#elementor-action%3Aaction%3Dlightbox%26settings%3DeyJpZCI6NzAxNDMsInVybCI6Imh0dHBzOlwvXC93d3cubGljaGVuLnBsXC93cC1jb250ZW50XC91cGxvYWRzXC8yMDI0XC8wNlwvQXBlbC1tYXJ5am55LXotSmFuZW0tUGF3bGVtLTItMTUuanBnIiwic2xpZGVzaG93IjoiNzM4YWNlMCJ9\">\n\t\t\t\t\t<div class=\"e-gallery-image elementor-gallery-item__image\" data-thumbnail=\"https:\/\/www.lichen.pl\/wp-content\/uploads\/2024\/06\/Apel-maryjny-z-Janem-Pawlem-2-15-150x150.jpg\" data-width=\"150\" data-height=\"150\" aria-label=\"\" role=\"img\" ><\/div>\n\t\t\t\t\t\t\t\t\t\t\t<div class=\"elementor-gallery-item__overlay\"><\/div>\n\t\t\t\t\t\t\t\t\t\t\t\t\t\t<\/a>\n\t\t\t\t\t\t\t<a class=\"e-gallery-item elementor-gallery-item elementor-animated-content\" data-e-gallery-tags=\"3\" href=\"https:\/\/www.lichen.pl\/wp-content\/uploads\/2024\/06\/Apel-maryjny-z-Janem-Pawlem-2-16.jpg\" data-elementor-open-lightbox=\"yes\" data-elementor-lightbox-slideshow=\"738ace0\" data-elementor-lightbox-title=\"Apel maryjny z Janem Paw\u0142em 2 (16)\" data-e-action-hash=\"#elementor-action%3Aaction%3Dlightbox%26settings%3DeyJpZCI6NzAxNDQsInVybCI6Imh0dHBzOlwvXC93d3cubGljaGVuLnBsXC93cC1jb250ZW50XC91cGxvYWRzXC8yMDI0XC8wNlwvQXBlbC1tYXJ5am55LXotSmFuZW0tUGF3bGVtLTItMTYuanBnIiwic2xpZGVzaG93IjoiNzM4YWNlMCJ9\">\n\t\t\t\t\t<div class=\"e-gallery-image elementor-gallery-item__image\" data-thumbnail=\"https:\/\/www.lichen.pl\/wp-content\/uploads\/2024\/06\/Apel-maryjny-z-Janem-Pawlem-2-16-150x150.jpg\" data-width=\"150\" data-height=\"150\" aria-label=\"\" role=\"img\" ><\/div>\n\t\t\t\t\t\t\t\t\t\t\t<div class=\"elementor-gallery-item__overlay\"><\/div>\n\t\t\t\t\t\t\t\t\t\t\t\t\t\t<\/a>\n\t\t\t\t\t\t\t<a class=\"e-gallery-item elementor-gallery-item elementor-animated-content\" data-e-gallery-tags=\"3\" href=\"https:\/\/www.lichen.pl\/wp-content\/uploads\/2024\/06\/Apel-maryjny-z-Janem-Pawlem-2-17.jpg\" data-elementor-open-lightbox=\"yes\" data-elementor-lightbox-slideshow=\"738ace0\" data-elementor-lightbox-title=\"Apel maryjny z Janem Paw\u0142em 2 (17)\" data-e-action-hash=\"#elementor-action%3Aaction%3Dlightbox%26settings%3DeyJpZCI6NzAxNDYsInVybCI6Imh0dHBzOlwvXC93d3cubGljaGVuLnBsXC93cC1jb250ZW50XC91cGxvYWRzXC8yMDI0XC8wNlwvQXBlbC1tYXJ5am55LXotSmFuZW0tUGF3bGVtLTItMTcuanBnIiwic2xpZGVzaG93IjoiNzM4YWNlMCJ9\">\n\t\t\t\t\t<div class=\"e-gallery-image elementor-gallery-item__image\" data-thumbnail=\"https:\/\/www.lichen.pl\/wp-content\/uploads\/2024\/06\/Apel-maryjny-z-Janem-Pawlem-2-17-150x150.jpg\" data-width=\"150\" data-height=\"150\" aria-label=\"\" role=\"img\" ><\/div>\n\t\t\t\t\t\t\t\t\t\t\t<div class=\"elementor-gallery-item__overlay\"><\/div>\n\t\t\t\t\t\t\t\t\t\t\t\t\t\t<\/a>\n\t\t\t\t\t\t\t<a class=\"e-gallery-item elementor-gallery-item elementor-animated-content\" data-e-gallery-tags=\"3\" href=\"https:\/\/www.lichen.pl\/wp-content\/uploads\/2024\/06\/Apel-maryjny-z-Janem-Pawlem-2-18.jpg\" data-elementor-open-lightbox=\"yes\" data-elementor-lightbox-slideshow=\"738ace0\" data-elementor-lightbox-title=\"Apel maryjny z Janem Paw\u0142em 2 (18)\" data-e-action-hash=\"#elementor-action%3Aaction%3Dlightbox%26settings%3DeyJpZCI6NzAxNDcsInVybCI6Imh0dHBzOlwvXC93d3cubGljaGVuLnBsXC93cC1jb250ZW50XC91cGxvYWRzXC8yMDI0XC8wNlwvQXBlbC1tYXJ5am55LXotSmFuZW0tUGF3bGVtLTItMTguanBnIiwic2xpZGVzaG93IjoiNzM4YWNlMCJ9\">\n\t\t\t\t\t<div class=\"e-gallery-image elementor-gallery-item__image\" data-thumbnail=\"https:\/\/www.lichen.pl\/wp-content\/uploads\/2024\/06\/Apel-maryjny-z-Janem-Pawlem-2-18-150x150.jpg\" data-width=\"150\" data-height=\"150\" aria-label=\"\" role=\"img\" ><\/div>\n\t\t\t\t\t\t\t\t\t\t\t<div class=\"elementor-gallery-item__overlay\"><\/div>\n\t\t\t\t\t\t\t\t\t\t\t\t\t\t<\/a>\n\t\t\t\t\t\t\t<a class=\"e-gallery-item elementor-gallery-item elementor-animated-content\" data-e-gallery-tags=\"3\" href=\"https:\/\/www.lichen.pl\/wp-content\/uploads\/2024\/06\/Apel-maryjny-z-Janem-Pawlem-2-19.jpg\" data-elementor-open-lightbox=\"yes\" data-elementor-lightbox-slideshow=\"738ace0\" data-elementor-lightbox-title=\"Apel maryjny z Janem Paw\u0142em 2 (19)\" data-e-action-hash=\"#elementor-action%3Aaction%3Dlightbox%26settings%3DeyJpZCI6NzAxNDgsInVybCI6Imh0dHBzOlwvXC93d3cubGljaGVuLnBsXC93cC1jb250ZW50XC91cGxvYWRzXC8yMDI0XC8wNlwvQXBlbC1tYXJ5am55LXotSmFuZW0tUGF3bGVtLTItMTkuanBnIiwic2xpZGVzaG93IjoiNzM4YWNlMCJ9\">\n\t\t\t\t\t<div class=\"e-gallery-image elementor-gallery-item__image\" data-thumbnail=\"https:\/\/www.lichen.pl\/wp-content\/uploads\/2024\/06\/Apel-maryjny-z-Janem-Pawlem-2-19-150x150.jpg\" data-width=\"150\" data-height=\"150\" aria-label=\"\" role=\"img\" ><\/div>\n\t\t\t\t\t\t\t\t\t\t\t<div class=\"elementor-gallery-item__overlay\"><\/div>\n\t\t\t\t\t\t\t\t\t\t\t\t\t\t<\/a>\n\t\t\t\t\t\t\t<a class=\"e-gallery-item elementor-gallery-item elementor-animated-content\" data-e-gallery-tags=\"3\" href=\"https:\/\/www.lichen.pl\/wp-content\/uploads\/2024\/06\/Apel-maryjny-z-Janem-Pawlem-2-20.jpg\" data-elementor-open-lightbox=\"yes\" data-elementor-lightbox-slideshow=\"738ace0\" data-elementor-lightbox-title=\"Apel maryjny z Janem Paw\u0142em 2 (20)\" data-e-action-hash=\"#elementor-action%3Aaction%3Dlightbox%26settings%3DeyJpZCI6NzAxNDksInVybCI6Imh0dHBzOlwvXC93d3cubGljaGVuLnBsXC93cC1jb250ZW50XC91cGxvYWRzXC8yMDI0XC8wNlwvQXBlbC1tYXJ5am55LXotSmFuZW0tUGF3bGVtLTItMjAuanBnIiwic2xpZGVzaG93IjoiNzM4YWNlMCJ9\">\n\t\t\t\t\t<div class=\"e-gallery-image elementor-gallery-item__image\" data-thumbnail=\"https:\/\/www.lichen.pl\/wp-content\/uploads\/2024\/06\/Apel-maryjny-z-Janem-Pawlem-2-20-150x150.jpg\" data-width=\"150\" data-height=\"150\" aria-label=\"\" role=\"img\" ><\/div>\n\t\t\t\t\t\t\t\t\t\t\t<div class=\"elementor-gallery-item__overlay\"><\/div>\n\t\t\t\t\t\t\t\t\t\t\t\t\t\t<\/a>\n\t\t\t\t\t\t\t<a class=\"e-gallery-item elementor-gallery-item elementor-animated-content\" data-e-gallery-tags=\"3\" href=\"https:\/\/www.lichen.pl\/wp-content\/uploads\/2024\/06\/Apel-maryjny-z-Janem-Pawlem-2-21.jpg\" data-elementor-open-lightbox=\"yes\" data-elementor-lightbox-slideshow=\"738ace0\" data-elementor-lightbox-title=\"Apel maryjny z Janem Paw\u0142em 2 (21)\" data-e-action-hash=\"#elementor-action%3Aaction%3Dlightbox%26settings%3DeyJpZCI6NzAxNTAsInVybCI6Imh0dHBzOlwvXC93d3cubGljaGVuLnBsXC93cC1jb250ZW50XC91cGxvYWRzXC8yMDI0XC8wNlwvQXBlbC1tYXJ5am55LXotSmFuZW0tUGF3bGVtLTItMjEuanBnIiwic2xpZGVzaG93IjoiNzM4YWNlMCJ9\">\n\t\t\t\t\t<div class=\"e-gallery-image elementor-gallery-item__image\" data-thumbnail=\"https:\/\/www.lichen.pl\/wp-content\/uploads\/2024\/06\/Apel-maryjny-z-Janem-Pawlem-2-21-150x150.jpg\" data-width=\"150\" data-height=\"150\" aria-label=\"\" role=\"img\" ><\/div>\n\t\t\t\t\t\t\t\t\t\t\t<div class=\"elementor-gallery-item__overlay\"><\/div>\n\t\t\t\t\t\t\t\t\t\t\t\t\t\t<\/a>\n\t\t\t\t\t\t\t<a class=\"e-gallery-item elementor-gallery-item elementor-animated-content\" data-e-gallery-tags=\"3\" href=\"https:\/\/www.lichen.pl\/wp-content\/uploads\/2024\/06\/Apel-maryjny-z-Janem-Pawlem-2-22.jpg\" data-elementor-open-lightbox=\"yes\" data-elementor-lightbox-slideshow=\"738ace0\" data-elementor-lightbox-title=\"Apel maryjny z Janem Paw\u0142em 2 (22)\" data-e-action-hash=\"#elementor-action%3Aaction%3Dlightbox%26settings%3DeyJpZCI6NzAxNTEsInVybCI6Imh0dHBzOlwvXC93d3cubGljaGVuLnBsXC93cC1jb250ZW50XC91cGxvYWRzXC8yMDI0XC8wNlwvQXBlbC1tYXJ5am55LXotSmFuZW0tUGF3bGVtLTItMjIuanBnIiwic2xpZGVzaG93IjoiNzM4YWNlMCJ9\">\n\t\t\t\t\t<div class=\"e-gallery-image elementor-gallery-item__image\" data-thumbnail=\"https:\/\/www.lichen.pl\/wp-content\/uploads\/2024\/06\/Apel-maryjny-z-Janem-Pawlem-2-22-150x150.jpg\" data-width=\"150\" data-height=\"150\" aria-label=\"\" role=\"img\" ><\/div>\n\t\t\t\t\t\t\t\t\t\t\t<div class=\"elementor-gallery-item__overlay\"><\/div>\n\t\t\t\t\t\t\t\t\t\t\t\t\t\t<\/a>\n\t\t\t\t\t\t\t<a class=\"e-gallery-item elementor-gallery-item elementor-animated-content\" data-e-gallery-tags=\"3\" href=\"https:\/\/www.lichen.pl\/wp-content\/uploads\/2024\/06\/Apel-maryjny-z-Janem-Pawlem-2-1-1.jpg\" data-elementor-open-lightbox=\"yes\" data-elementor-lightbox-slideshow=\"738ace0\" data-elementor-lightbox-title=\"Apel maryjny z Janem Paw\u0142em 2 (1)\" data-e-action-hash=\"#elementor-action%3Aaction%3Dlightbox%26settings%3DeyJpZCI6NzA0NDAsInVybCI6Imh0dHBzOlwvXC93d3cubGljaGVuLnBsXC93cC1jb250ZW50XC91cGxvYWRzXC8yMDI0XC8wNlwvQXBlbC1tYXJ5am55LXotSmFuZW0tUGF3bGVtLTItMS0xLmpwZyIsInNsaWRlc2hvdyI6IjczOGFjZTAifQ%3D%3D\">\n\t\t\t\t\t<div class=\"e-gallery-image elementor-gallery-item__image\" data-thumbnail=\"https:\/\/www.lichen.pl\/wp-content\/uploads\/2024\/06\/Apel-maryjny-z-Janem-Pawlem-2-1-1-150x150.jpg\" data-width=\"150\" data-height=\"150\" aria-label=\"\" role=\"img\" ><\/div>\n\t\t\t\t\t\t\t\t\t\t\t<div class=\"elementor-gallery-item__overlay\"><\/div>\n\t\t\t\t\t\t\t\t\t\t\t\t\t\t<\/a>\n\t\t\t\t\t\t\t<a class=\"e-gallery-item elementor-gallery-item elementor-animated-content\" data-e-gallery-tags=\"3\" href=\"https:\/\/www.lichen.pl\/wp-content\/uploads\/2024\/06\/Apel-maryjny-z-Janem-Pawlem-2-2-1.jpg\" data-elementor-open-lightbox=\"yes\" data-elementor-lightbox-slideshow=\"738ace0\" data-elementor-lightbox-title=\"Apel maryjny z Janem Paw\u0142em 2 (2)\" data-e-action-hash=\"#elementor-action%3Aaction%3Dlightbox%26settings%3DeyJpZCI6NzA0NDEsInVybCI6Imh0dHBzOlwvXC93d3cubGljaGVuLnBsXC93cC1jb250ZW50XC91cGxvYWRzXC8yMDI0XC8wNlwvQXBlbC1tYXJ5am55LXotSmFuZW0tUGF3bGVtLTItMi0xLmpwZyIsInNsaWRlc2hvdyI6IjczOGFjZTAifQ%3D%3D\">\n\t\t\t\t\t<div class=\"e-gallery-image elementor-gallery-item__image\" data-thumbnail=\"https:\/\/www.lichen.pl\/wp-content\/uploads\/2024\/06\/Apel-maryjny-z-Janem-Pawlem-2-2-1-150x150.jpg\" data-width=\"150\" data-height=\"150\" aria-label=\"\" role=\"img\" ><\/div>\n\t\t\t\t\t\t\t\t\t\t\t<div class=\"elementor-gallery-item__overlay\"><\/div>\n\t\t\t\t\t\t\t\t\t\t\t\t\t\t<\/a>\n\t\t\t\t\t\t\t<a class=\"e-gallery-item elementor-gallery-item elementor-animated-content\" data-e-gallery-tags=\"4\" href=\"https:\/\/www.lichen.pl\/wp-content\/uploads\/2024\/06\/Koncert-Bo-milosc-nie-umiera-mlodzi-w-holdzie-sw.-Janowi-Pawlowi-II-1.jpg\" data-elementor-open-lightbox=\"yes\" data-elementor-lightbox-slideshow=\"738ace0\" data-elementor-lightbox-title=\"Koncert Bo mi\u0142o\u015b\u0107 nie umiera - m\u0142odzi w ho\u0142dzie \u015bw. Janowi Paw\u0142owi II (1)\" data-e-action-hash=\"#elementor-action%3Aaction%3Dlightbox%26settings%3DeyJpZCI6NzAxODQsInVybCI6Imh0dHBzOlwvXC93d3cubGljaGVuLnBsXC93cC1jb250ZW50XC91cGxvYWRzXC8yMDI0XC8wNlwvS29uY2VydC1Cby1taWxvc2MtbmllLXVtaWVyYS1tbG9kemktdy1ob2xkemllLXN3Li1KYW5vd2ktUGF3bG93aS1JSS0xLmpwZyIsInNsaWRlc2hvdyI6IjczOGFjZTAifQ%3D%3D\">\n\t\t\t\t\t<div class=\"e-gallery-image elementor-gallery-item__image\" data-thumbnail=\"https:\/\/www.lichen.pl\/wp-content\/uploads\/2024\/06\/Koncert-Bo-milosc-nie-umiera-mlodzi-w-holdzie-sw.-Janowi-Pawlowi-II-1-150x150.jpg\" data-width=\"150\" data-height=\"150\" aria-label=\"\" role=\"img\" ><\/div>\n\t\t\t\t\t\t\t\t\t\t\t<div class=\"elementor-gallery-item__overlay\"><\/div>\n\t\t\t\t\t\t\t\t\t\t\t\t\t\t<\/a>\n\t\t\t\t\t\t\t<a class=\"e-gallery-item elementor-gallery-item elementor-animated-content\" data-e-gallery-tags=\"4\" href=\"https:\/\/www.lichen.pl\/wp-content\/uploads\/2024\/06\/Koncert-Bo-milosc-nie-umiera-mlodzi-w-holdzie-sw.-Janowi-Pawlowi-II-2.jpg\" data-elementor-open-lightbox=\"yes\" data-elementor-lightbox-slideshow=\"738ace0\" data-elementor-lightbox-title=\"Koncert Bo mi\u0142o\u015b\u0107 nie umiera - m\u0142odzi w ho\u0142dzie \u015bw. Janowi Paw\u0142owi II (2)\" data-e-action-hash=\"#elementor-action%3Aaction%3Dlightbox%26settings%3DeyJpZCI6NzAxODUsInVybCI6Imh0dHBzOlwvXC93d3cubGljaGVuLnBsXC93cC1jb250ZW50XC91cGxvYWRzXC8yMDI0XC8wNlwvS29uY2VydC1Cby1taWxvc2MtbmllLXVtaWVyYS1tbG9kemktdy1ob2xkemllLXN3Li1KYW5vd2ktUGF3bG93aS1JSS0yLmpwZyIsInNsaWRlc2hvdyI6IjczOGFjZTAifQ%3D%3D\">\n\t\t\t\t\t<div class=\"e-gallery-image elementor-gallery-item__image\" data-thumbnail=\"https:\/\/www.lichen.pl\/wp-content\/uploads\/2024\/06\/Koncert-Bo-milosc-nie-umiera-mlodzi-w-holdzie-sw.-Janowi-Pawlowi-II-2-150x150.jpg\" data-width=\"150\" data-height=\"150\" aria-label=\"\" role=\"img\" ><\/div>\n\t\t\t\t\t\t\t\t\t\t\t<div class=\"elementor-gallery-item__overlay\"><\/div>\n\t\t\t\t\t\t\t\t\t\t\t\t\t\t<\/a>\n\t\t\t\t\t\t\t<a class=\"e-gallery-item elementor-gallery-item elementor-animated-content\" data-e-gallery-tags=\"4\" href=\"https:\/\/www.lichen.pl\/wp-content\/uploads\/2024\/06\/Koncert-Bo-milosc-nie-umiera-mlodzi-w-holdzie-sw.-Janowi-Pawlowi-II-3.jpg\" data-elementor-open-lightbox=\"yes\" data-elementor-lightbox-slideshow=\"738ace0\" data-elementor-lightbox-title=\"Koncert Bo mi\u0142o\u015b\u0107 nie umiera - m\u0142odzi w ho\u0142dzie \u015bw. Janowi Paw\u0142owi II (3)\" data-e-action-hash=\"#elementor-action%3Aaction%3Dlightbox%26settings%3DeyJpZCI6NzAxODYsInVybCI6Imh0dHBzOlwvXC93d3cubGljaGVuLnBsXC93cC1jb250ZW50XC91cGxvYWRzXC8yMDI0XC8wNlwvS29uY2VydC1Cby1taWxvc2MtbmllLXVtaWVyYS1tbG9kemktdy1ob2xkemllLXN3Li1KYW5vd2ktUGF3bG93aS1JSS0zLmpwZyIsInNsaWRlc2hvdyI6IjczOGFjZTAifQ%3D%3D\">\n\t\t\t\t\t<div class=\"e-gallery-image elementor-gallery-item__image\" data-thumbnail=\"https:\/\/www.lichen.pl\/wp-content\/uploads\/2024\/06\/Koncert-Bo-milosc-nie-umiera-mlodzi-w-holdzie-sw.-Janowi-Pawlowi-II-3-150x150.jpg\" data-width=\"150\" data-height=\"150\" aria-label=\"\" role=\"img\" ><\/div>\n\t\t\t\t\t\t\t\t\t\t\t<div class=\"elementor-gallery-item__overlay\"><\/div>\n\t\t\t\t\t\t\t\t\t\t\t\t\t\t<\/a>\n\t\t\t\t\t\t\t<a class=\"e-gallery-item elementor-gallery-item elementor-animated-content\" data-e-gallery-tags=\"4\" href=\"https:\/\/www.lichen.pl\/wp-content\/uploads\/2024\/06\/Koncert-Bo-milosc-nie-umiera-mlodzi-w-holdzie-sw.-Janowi-Pawlowi-II-4.jpg\" data-elementor-open-lightbox=\"yes\" data-elementor-lightbox-slideshow=\"738ace0\" data-elementor-lightbox-title=\"Koncert Bo mi\u0142o\u015b\u0107 nie umiera - m\u0142odzi w ho\u0142dzie \u015bw. Janowi Paw\u0142owi II (4)\" data-e-action-hash=\"#elementor-action%3Aaction%3Dlightbox%26settings%3DeyJpZCI6NzAxODcsInVybCI6Imh0dHBzOlwvXC93d3cubGljaGVuLnBsXC93cC1jb250ZW50XC91cGxvYWRzXC8yMDI0XC8wNlwvS29uY2VydC1Cby1taWxvc2MtbmllLXVtaWVyYS1tbG9kemktdy1ob2xkemllLXN3Li1KYW5vd2ktUGF3bG93aS1JSS00LmpwZyIsInNsaWRlc2hvdyI6IjczOGFjZTAifQ%3D%3D\">\n\t\t\t\t\t<div class=\"e-gallery-image elementor-gallery-item__image\" data-thumbnail=\"https:\/\/www.lichen.pl\/wp-content\/uploads\/2024\/06\/Koncert-Bo-milosc-nie-umiera-mlodzi-w-holdzie-sw.-Janowi-Pawlowi-II-4-150x150.jpg\" data-width=\"150\" data-height=\"150\" aria-label=\"\" role=\"img\" ><\/div>\n\t\t\t\t\t\t\t\t\t\t\t<div class=\"elementor-gallery-item__overlay\"><\/div>\n\t\t\t\t\t\t\t\t\t\t\t\t\t\t<\/a>\n\t\t\t\t\t\t\t<a class=\"e-gallery-item elementor-gallery-item elementor-animated-content\" data-e-gallery-tags=\"4\" href=\"https:\/\/www.lichen.pl\/wp-content\/uploads\/2024\/06\/Koncert-Bo-milosc-nie-umiera-mlodzi-w-holdzie-sw.-Janowi-Pawlowi-II-5.jpg\" data-elementor-open-lightbox=\"yes\" data-elementor-lightbox-slideshow=\"738ace0\" data-elementor-lightbox-title=\"Koncert Bo mi\u0142o\u015b\u0107 nie umiera - m\u0142odzi w ho\u0142dzie \u015bw. Janowi Paw\u0142owi II (5)\" data-e-action-hash=\"#elementor-action%3Aaction%3Dlightbox%26settings%3DeyJpZCI6NzAxODgsInVybCI6Imh0dHBzOlwvXC93d3cubGljaGVuLnBsXC93cC1jb250ZW50XC91cGxvYWRzXC8yMDI0XC8wNlwvS29uY2VydC1Cby1taWxvc2MtbmllLXVtaWVyYS1tbG9kemktdy1ob2xkemllLXN3Li1KYW5vd2ktUGF3bG93aS1JSS01LmpwZyIsInNsaWRlc2hvdyI6IjczOGFjZTAifQ%3D%3D\">\n\t\t\t\t\t<div class=\"e-gallery-image elementor-gallery-item__image\" data-thumbnail=\"https:\/\/www.lichen.pl\/wp-content\/uploads\/2024\/06\/Koncert-Bo-milosc-nie-umiera-mlodzi-w-holdzie-sw.-Janowi-Pawlowi-II-5-150x150.jpg\" data-width=\"150\" data-height=\"150\" aria-label=\"\" role=\"img\" ><\/div>\n\t\t\t\t\t\t\t\t\t\t\t<div class=\"elementor-gallery-item__overlay\"><\/div>\n\t\t\t\t\t\t\t\t\t\t\t\t\t\t<\/a>\n\t\t\t\t\t\t\t<a class=\"e-gallery-item elementor-gallery-item elementor-animated-content\" data-e-gallery-tags=\"4\" href=\"https:\/\/www.lichen.pl\/wp-content\/uploads\/2024\/06\/Koncert-Bo-milosc-nie-umiera-mlodzi-w-holdzie-sw.-Janowi-Pawlowi-II-6.jpg\" data-elementor-open-lightbox=\"yes\" data-elementor-lightbox-slideshow=\"738ace0\" data-elementor-lightbox-title=\"Koncert Bo mi\u0142o\u015b\u0107 nie umiera - m\u0142odzi w ho\u0142dzie \u015bw. Janowi Paw\u0142owi II (6)\" data-e-action-hash=\"#elementor-action%3Aaction%3Dlightbox%26settings%3DeyJpZCI6NzAxODksInVybCI6Imh0dHBzOlwvXC93d3cubGljaGVuLnBsXC93cC1jb250ZW50XC91cGxvYWRzXC8yMDI0XC8wNlwvS29uY2VydC1Cby1taWxvc2MtbmllLXVtaWVyYS1tbG9kemktdy1ob2xkemllLXN3Li1KYW5vd2ktUGF3bG93aS1JSS02LmpwZyIsInNsaWRlc2hvdyI6IjczOGFjZTAifQ%3D%3D\">\n\t\t\t\t\t<div class=\"e-gallery-image elementor-gallery-item__image\" data-thumbnail=\"https:\/\/www.lichen.pl\/wp-content\/uploads\/2024\/06\/Koncert-Bo-milosc-nie-umiera-mlodzi-w-holdzie-sw.-Janowi-Pawlowi-II-6-150x150.jpg\" data-width=\"150\" data-height=\"150\" aria-label=\"\" role=\"img\" ><\/div>\n\t\t\t\t\t\t\t\t\t\t\t<div class=\"elementor-gallery-item__overlay\"><\/div>\n\t\t\t\t\t\t\t\t\t\t\t\t\t\t<\/a>\n\t\t\t\t\t\t\t<a class=\"e-gallery-item elementor-gallery-item elementor-animated-content\" data-e-gallery-tags=\"4\" href=\"https:\/\/www.lichen.pl\/wp-content\/uploads\/2024\/06\/Koncert-Bo-milosc-nie-umiera-mlodzi-w-holdzie-sw.-Janowi-Pawlowi-II-7.jpg\" data-elementor-open-lightbox=\"yes\" data-elementor-lightbox-slideshow=\"738ace0\" data-elementor-lightbox-title=\"Koncert Bo mi\u0142o\u015b\u0107 nie umiera - m\u0142odzi w ho\u0142dzie \u015bw. Janowi Paw\u0142owi II (7)\" data-e-action-hash=\"#elementor-action%3Aaction%3Dlightbox%26settings%3DeyJpZCI6NzAxOTAsInVybCI6Imh0dHBzOlwvXC93d3cubGljaGVuLnBsXC93cC1jb250ZW50XC91cGxvYWRzXC8yMDI0XC8wNlwvS29uY2VydC1Cby1taWxvc2MtbmllLXVtaWVyYS1tbG9kemktdy1ob2xkemllLXN3Li1KYW5vd2ktUGF3bG93aS1JSS03LmpwZyIsInNsaWRlc2hvdyI6IjczOGFjZTAifQ%3D%3D\">\n\t\t\t\t\t<div class=\"e-gallery-image elementor-gallery-item__image\" data-thumbnail=\"https:\/\/www.lichen.pl\/wp-content\/uploads\/2024\/06\/Koncert-Bo-milosc-nie-umiera-mlodzi-w-holdzie-sw.-Janowi-Pawlowi-II-7-150x150.jpg\" data-width=\"150\" data-height=\"150\" aria-label=\"\" role=\"img\" ><\/div>\n\t\t\t\t\t\t\t\t\t\t\t<div class=\"elementor-gallery-item__overlay\"><\/div>\n\t\t\t\t\t\t\t\t\t\t\t\t\t\t<\/a>\n\t\t\t\t\t\t\t<a class=\"e-gallery-item elementor-gallery-item elementor-animated-content\" data-e-gallery-tags=\"4\" href=\"https:\/\/www.lichen.pl\/wp-content\/uploads\/2024\/06\/Koncert-Bo-milosc-nie-umiera-mlodzi-w-holdzie-sw.-Janowi-Pawlowi-II-8.jpg\" data-elementor-open-lightbox=\"yes\" data-elementor-lightbox-slideshow=\"738ace0\" data-elementor-lightbox-title=\"Koncert Bo mi\u0142o\u015b\u0107 nie umiera - m\u0142odzi w ho\u0142dzie \u015bw. Janowi Paw\u0142owi II (8)\" data-e-action-hash=\"#elementor-action%3Aaction%3Dlightbox%26settings%3DeyJpZCI6NzAxOTEsInVybCI6Imh0dHBzOlwvXC93d3cubGljaGVuLnBsXC93cC1jb250ZW50XC91cGxvYWRzXC8yMDI0XC8wNlwvS29uY2VydC1Cby1taWxvc2MtbmllLXVtaWVyYS1tbG9kemktdy1ob2xkemllLXN3Li1KYW5vd2ktUGF3bG93aS1JSS04LmpwZyIsInNsaWRlc2hvdyI6IjczOGFjZTAifQ%3D%3D\">\n\t\t\t\t\t<div class=\"e-gallery-image elementor-gallery-item__image\" data-thumbnail=\"https:\/\/www.lichen.pl\/wp-content\/uploads\/2024\/06\/Koncert-Bo-milosc-nie-umiera-mlodzi-w-holdzie-sw.-Janowi-Pawlowi-II-8-150x150.jpg\" data-width=\"150\" data-height=\"150\" aria-label=\"\" role=\"img\" ><\/div>\n\t\t\t\t\t\t\t\t\t\t\t<div class=\"elementor-gallery-item__overlay\"><\/div>\n\t\t\t\t\t\t\t\t\t\t\t\t\t\t<\/a>\n\t\t\t\t\t\t\t<a class=\"e-gallery-item elementor-gallery-item elementor-animated-content\" data-e-gallery-tags=\"4\" href=\"https:\/\/www.lichen.pl\/wp-content\/uploads\/2024\/06\/Koncert-Bo-milosc-nie-umiera-mlodzi-w-holdzie-sw.-Janowi-Pawlowi-II-9.jpg\" data-elementor-open-lightbox=\"yes\" data-elementor-lightbox-slideshow=\"738ace0\" data-elementor-lightbox-title=\"Koncert Bo mi\u0142o\u015b\u0107 nie umiera - m\u0142odzi w ho\u0142dzie \u015bw. Janowi Paw\u0142owi II (9)\" data-e-action-hash=\"#elementor-action%3Aaction%3Dlightbox%26settings%3DeyJpZCI6NzAxOTIsInVybCI6Imh0dHBzOlwvXC93d3cubGljaGVuLnBsXC93cC1jb250ZW50XC91cGxvYWRzXC8yMDI0XC8wNlwvS29uY2VydC1Cby1taWxvc2MtbmllLXVtaWVyYS1tbG9kemktdy1ob2xkemllLXN3Li1KYW5vd2ktUGF3bG93aS1JSS05LmpwZyIsInNsaWRlc2hvdyI6IjczOGFjZTAifQ%3D%3D\">\n\t\t\t\t\t<div class=\"e-gallery-image elementor-gallery-item__image\" data-thumbnail=\"https:\/\/www.lichen.pl\/wp-content\/uploads\/2024\/06\/Koncert-Bo-milosc-nie-umiera-mlodzi-w-holdzie-sw.-Janowi-Pawlowi-II-9-150x150.jpg\" data-width=\"150\" data-height=\"150\" aria-label=\"\" role=\"img\" ><\/div>\n\t\t\t\t\t\t\t\t\t\t\t<div class=\"elementor-gallery-item__overlay\"><\/div>\n\t\t\t\t\t\t\t\t\t\t\t\t\t\t<\/a>\n\t\t\t\t\t\t\t<a class=\"e-gallery-item elementor-gallery-item elementor-animated-content\" data-e-gallery-tags=\"4\" href=\"https:\/\/www.lichen.pl\/wp-content\/uploads\/2024\/06\/Koncert-Bo-milosc-nie-umiera-mlodzi-w-holdzie-sw.-Janowi-Pawlowi-II-10.jpg\" data-elementor-open-lightbox=\"yes\" data-elementor-lightbox-slideshow=\"738ace0\" data-elementor-lightbox-title=\"Koncert Bo mi\u0142o\u015b\u0107 nie umiera - m\u0142odzi w ho\u0142dzie \u015bw. Janowi Paw\u0142owi II (10)\" data-e-action-hash=\"#elementor-action%3Aaction%3Dlightbox%26settings%3DeyJpZCI6NzAxOTMsInVybCI6Imh0dHBzOlwvXC93d3cubGljaGVuLnBsXC93cC1jb250ZW50XC91cGxvYWRzXC8yMDI0XC8wNlwvS29uY2VydC1Cby1taWxvc2MtbmllLXVtaWVyYS1tbG9kemktdy1ob2xkemllLXN3Li1KYW5vd2ktUGF3bG93aS1JSS0xMC5qcGciLCJzbGlkZXNob3ciOiI3MzhhY2UwIn0%3D\">\n\t\t\t\t\t<div class=\"e-gallery-image elementor-gallery-item__image\" data-thumbnail=\"https:\/\/www.lichen.pl\/wp-content\/uploads\/2024\/06\/Koncert-Bo-milosc-nie-umiera-mlodzi-w-holdzie-sw.-Janowi-Pawlowi-II-10-150x150.jpg\" data-width=\"150\" data-height=\"150\" aria-label=\"\" role=\"img\" ><\/div>\n\t\t\t\t\t\t\t\t\t\t\t<div class=\"elementor-gallery-item__overlay\"><\/div>\n\t\t\t\t\t\t\t\t\t\t\t\t\t\t<\/a>\n\t\t\t\t\t\t\t<a class=\"e-gallery-item elementor-gallery-item elementor-animated-content\" data-e-gallery-tags=\"4\" href=\"https:\/\/www.lichen.pl\/wp-content\/uploads\/2024\/06\/Koncert-Bo-milosc-nie-umiera-mlodzi-w-holdzie-sw.-Janowi-Pawlowi-II-11.jpg\" data-elementor-open-lightbox=\"yes\" data-elementor-lightbox-slideshow=\"738ace0\" data-elementor-lightbox-title=\"Koncert Bo mi\u0142o\u015b\u0107 nie umiera - m\u0142odzi w ho\u0142dzie \u015bw. Janowi Paw\u0142owi II (11)\" data-e-action-hash=\"#elementor-action%3Aaction%3Dlightbox%26settings%3DeyJpZCI6NzAxOTQsInVybCI6Imh0dHBzOlwvXC93d3cubGljaGVuLnBsXC93cC1jb250ZW50XC91cGxvYWRzXC8yMDI0XC8wNlwvS29uY2VydC1Cby1taWxvc2MtbmllLXVtaWVyYS1tbG9kemktdy1ob2xkemllLXN3Li1KYW5vd2ktUGF3bG93aS1JSS0xMS5qcGciLCJzbGlkZXNob3ciOiI3MzhhY2UwIn0%3D\">\n\t\t\t\t\t<div class=\"e-gallery-image elementor-gallery-item__image\" data-thumbnail=\"https:\/\/www.lichen.pl\/wp-content\/uploads\/2024\/06\/Koncert-Bo-milosc-nie-umiera-mlodzi-w-holdzie-sw.-Janowi-Pawlowi-II-11-150x150.jpg\" data-width=\"150\" data-height=\"150\" aria-label=\"\" role=\"img\" ><\/div>\n\t\t\t\t\t\t\t\t\t\t\t<div class=\"elementor-gallery-item__overlay\"><\/div>\n\t\t\t\t\t\t\t\t\t\t\t\t\t\t<\/a>\n\t\t\t\t\t\t\t<a class=\"e-gallery-item elementor-gallery-item elementor-animated-content\" data-e-gallery-tags=\"4\" href=\"https:\/\/www.lichen.pl\/wp-content\/uploads\/2024\/06\/Koncert-Bo-milosc-nie-umiera-mlodzi-w-holdzie-sw.-Janowi-Pawlowi-II-12.jpg\" data-elementor-open-lightbox=\"yes\" data-elementor-lightbox-slideshow=\"738ace0\" data-elementor-lightbox-title=\"Koncert Bo mi\u0142o\u015b\u0107 nie umiera - m\u0142odzi w ho\u0142dzie \u015bw. Janowi Paw\u0142owi II (12)\" data-e-action-hash=\"#elementor-action%3Aaction%3Dlightbox%26settings%3DeyJpZCI6NzAxOTUsInVybCI6Imh0dHBzOlwvXC93d3cubGljaGVuLnBsXC93cC1jb250ZW50XC91cGxvYWRzXC8yMDI0XC8wNlwvS29uY2VydC1Cby1taWxvc2MtbmllLXVtaWVyYS1tbG9kemktdy1ob2xkemllLXN3Li1KYW5vd2ktUGF3bG93aS1JSS0xMi5qcGciLCJzbGlkZXNob3ciOiI3MzhhY2UwIn0%3D\">\n\t\t\t\t\t<div class=\"e-gallery-image elementor-gallery-item__image\" data-thumbnail=\"https:\/\/www.lichen.pl\/wp-content\/uploads\/2024\/06\/Koncert-Bo-milosc-nie-umiera-mlodzi-w-holdzie-sw.-Janowi-Pawlowi-II-12-150x150.jpg\" data-width=\"150\" data-height=\"150\" aria-label=\"\" role=\"img\" ><\/div>\n\t\t\t\t\t\t\t\t\t\t\t<div class=\"elementor-gallery-item__overlay\"><\/div>\n\t\t\t\t\t\t\t\t\t\t\t\t\t\t<\/a>\n\t\t\t\t\t\t\t<a class=\"e-gallery-item elementor-gallery-item elementor-animated-content\" data-e-gallery-tags=\"4\" href=\"https:\/\/www.lichen.pl\/wp-content\/uploads\/2024\/06\/Koncert-Bo-milosc-nie-umiera-mlodzi-w-holdzie-sw.-Janowi-Pawlowi-II-13.jpg\" data-elementor-open-lightbox=\"yes\" data-elementor-lightbox-slideshow=\"738ace0\" data-elementor-lightbox-title=\"Koncert Bo mi\u0142o\u015b\u0107 nie umiera - m\u0142odzi w ho\u0142dzie \u015bw. Janowi Paw\u0142owi II (13)\" data-e-action-hash=\"#elementor-action%3Aaction%3Dlightbox%26settings%3DeyJpZCI6NzAxOTYsInVybCI6Imh0dHBzOlwvXC93d3cubGljaGVuLnBsXC93cC1jb250ZW50XC91cGxvYWRzXC8yMDI0XC8wNlwvS29uY2VydC1Cby1taWxvc2MtbmllLXVtaWVyYS1tbG9kemktdy1ob2xkemllLXN3Li1KYW5vd2ktUGF3bG93aS1JSS0xMy5qcGciLCJzbGlkZXNob3ciOiI3MzhhY2UwIn0%3D\">\n\t\t\t\t\t<div class=\"e-gallery-image elementor-gallery-item__image\" data-thumbnail=\"https:\/\/www.lichen.pl\/wp-content\/uploads\/2024\/06\/Koncert-Bo-milosc-nie-umiera-mlodzi-w-holdzie-sw.-Janowi-Pawlowi-II-13-150x150.jpg\" data-width=\"150\" data-height=\"150\" aria-label=\"\" role=\"img\" ><\/div>\n\t\t\t\t\t\t\t\t\t\t\t<div class=\"elementor-gallery-item__overlay\"><\/div>\n\t\t\t\t\t\t\t\t\t\t\t\t\t\t<\/a>\n\t\t\t\t\t\t\t<a class=\"e-gallery-item elementor-gallery-item elementor-animated-content\" data-e-gallery-tags=\"4\" href=\"https:\/\/www.lichen.pl\/wp-content\/uploads\/2024\/06\/Koncert-Bo-milosc-nie-umiera-mlodzi-w-holdzie-sw.-Janowi-Pawlowi-II-14.jpg\" data-elementor-open-lightbox=\"yes\" data-elementor-lightbox-slideshow=\"738ace0\" data-elementor-lightbox-title=\"Koncert Bo mi\u0142o\u015b\u0107 nie umiera - m\u0142odzi w ho\u0142dzie \u015bw. Janowi Paw\u0142owi II (14)\" data-e-action-hash=\"#elementor-action%3Aaction%3Dlightbox%26settings%3DeyJpZCI6NzAxOTcsInVybCI6Imh0dHBzOlwvXC93d3cubGljaGVuLnBsXC93cC1jb250ZW50XC91cGxvYWRzXC8yMDI0XC8wNlwvS29uY2VydC1Cby1taWxvc2MtbmllLXVtaWVyYS1tbG9kemktdy1ob2xkemllLXN3Li1KYW5vd2ktUGF3bG93aS1JSS0xNC5qcGciLCJzbGlkZXNob3ciOiI3MzhhY2UwIn0%3D\">\n\t\t\t\t\t<div class=\"e-gallery-image elementor-gallery-item__image\" data-thumbnail=\"https:\/\/www.lichen.pl\/wp-content\/uploads\/2024\/06\/Koncert-Bo-milosc-nie-umiera-mlodzi-w-holdzie-sw.-Janowi-Pawlowi-II-14-150x150.jpg\" data-width=\"150\" data-height=\"150\" aria-label=\"\" role=\"img\" ><\/div>\n\t\t\t\t\t\t\t\t\t\t\t<div class=\"elementor-gallery-item__overlay\"><\/div>\n\t\t\t\t\t\t\t\t\t\t\t\t\t\t<\/a>\n\t\t\t\t\t\t\t<a class=\"e-gallery-item elementor-gallery-item elementor-animated-content\" data-e-gallery-tags=\"4\" href=\"https:\/\/www.lichen.pl\/wp-content\/uploads\/2024\/06\/Koncert-Bo-milosc-nie-umiera-mlodzi-w-holdzie-sw.-Janowi-Pawlowi-II-15.jpg\" data-elementor-open-lightbox=\"yes\" data-elementor-lightbox-slideshow=\"738ace0\" data-elementor-lightbox-title=\"Koncert Bo mi\u0142o\u015b\u0107 nie umiera - m\u0142odzi w ho\u0142dzie \u015bw. Janowi Paw\u0142owi II (15)\" data-e-action-hash=\"#elementor-action%3Aaction%3Dlightbox%26settings%3DeyJpZCI6NzAxOTgsInVybCI6Imh0dHBzOlwvXC93d3cubGljaGVuLnBsXC93cC1jb250ZW50XC91cGxvYWRzXC8yMDI0XC8wNlwvS29uY2VydC1Cby1taWxvc2MtbmllLXVtaWVyYS1tbG9kemktdy1ob2xkemllLXN3Li1KYW5vd2ktUGF3bG93aS1JSS0xNS5qcGciLCJzbGlkZXNob3ciOiI3MzhhY2UwIn0%3D\">\n\t\t\t\t\t<div class=\"e-gallery-image elementor-gallery-item__image\" data-thumbnail=\"https:\/\/www.lichen.pl\/wp-content\/uploads\/2024\/06\/Koncert-Bo-milosc-nie-umiera-mlodzi-w-holdzie-sw.-Janowi-Pawlowi-II-15-150x150.jpg\" data-width=\"150\" data-height=\"150\" aria-label=\"\" role=\"img\" ><\/div>\n\t\t\t\t\t\t\t\t\t\t\t<div class=\"elementor-gallery-item__overlay\"><\/div>\n\t\t\t\t\t\t\t\t\t\t\t\t\t\t<\/a>\n\t\t\t\t\t\t\t<a class=\"e-gallery-item elementor-gallery-item elementor-animated-content\" data-e-gallery-tags=\"4\" href=\"https:\/\/www.lichen.pl\/wp-content\/uploads\/2024\/06\/Koncert-Bo-milosc-nie-umiera-mlodzi-w-holdzie-sw.-Janowi-Pawlowi-II-16.jpg\" data-elementor-open-lightbox=\"yes\" data-elementor-lightbox-slideshow=\"738ace0\" data-elementor-lightbox-title=\"Koncert Bo mi\u0142o\u015b\u0107 nie umiera - m\u0142odzi w ho\u0142dzie \u015bw. Janowi Paw\u0142owi II (16)\" data-e-action-hash=\"#elementor-action%3Aaction%3Dlightbox%26settings%3DeyJpZCI6NzAxOTksInVybCI6Imh0dHBzOlwvXC93d3cubGljaGVuLnBsXC93cC1jb250ZW50XC91cGxvYWRzXC8yMDI0XC8wNlwvS29uY2VydC1Cby1taWxvc2MtbmllLXVtaWVyYS1tbG9kemktdy1ob2xkemllLXN3Li1KYW5vd2ktUGF3bG93aS1JSS0xNi5qcGciLCJzbGlkZXNob3ciOiI3MzhhY2UwIn0%3D\">\n\t\t\t\t\t<div class=\"e-gallery-image elementor-gallery-item__image\" data-thumbnail=\"https:\/\/www.lichen.pl\/wp-content\/uploads\/2024\/06\/Koncert-Bo-milosc-nie-umiera-mlodzi-w-holdzie-sw.-Janowi-Pawlowi-II-16-150x150.jpg\" data-width=\"150\" data-height=\"150\" aria-label=\"\" role=\"img\" ><\/div>\n\t\t\t\t\t\t\t\t\t\t\t<div class=\"elementor-gallery-item__overlay\"><\/div>\n\t\t\t\t\t\t\t\t\t\t\t\t\t\t<\/a>\n\t\t\t\t\t\t\t<a class=\"e-gallery-item elementor-gallery-item elementor-animated-content\" data-e-gallery-tags=\"4\" href=\"https:\/\/www.lichen.pl\/wp-content\/uploads\/2024\/06\/Koncert-Bo-milosc-nie-umiera-mlodzi-w-holdzie-sw.-Janowi-Pawlowi-II-17.jpg\" data-elementor-open-lightbox=\"yes\" data-elementor-lightbox-slideshow=\"738ace0\" data-elementor-lightbox-title=\"Koncert Bo mi\u0142o\u015b\u0107 nie umiera - m\u0142odzi w ho\u0142dzie \u015bw. Janowi Paw\u0142owi II (17)\" data-e-action-hash=\"#elementor-action%3Aaction%3Dlightbox%26settings%3DeyJpZCI6NzAyMDAsInVybCI6Imh0dHBzOlwvXC93d3cubGljaGVuLnBsXC93cC1jb250ZW50XC91cGxvYWRzXC8yMDI0XC8wNlwvS29uY2VydC1Cby1taWxvc2MtbmllLXVtaWVyYS1tbG9kemktdy1ob2xkemllLXN3Li1KYW5vd2ktUGF3bG93aS1JSS0xNy5qcGciLCJzbGlkZXNob3ciOiI3MzhhY2UwIn0%3D\">\n\t\t\t\t\t<div class=\"e-gallery-image elementor-gallery-item__image\" data-thumbnail=\"https:\/\/www.lichen.pl\/wp-content\/uploads\/2024\/06\/Koncert-Bo-milosc-nie-umiera-mlodzi-w-holdzie-sw.-Janowi-Pawlowi-II-17-150x150.jpg\" data-width=\"150\" data-height=\"150\" aria-label=\"\" role=\"img\" ><\/div>\n\t\t\t\t\t\t\t\t\t\t\t<div class=\"elementor-gallery-item__overlay\"><\/div>\n\t\t\t\t\t\t\t\t\t\t\t\t\t\t<\/a>\n\t\t\t\t\t\t\t<a class=\"e-gallery-item elementor-gallery-item elementor-animated-content\" data-e-gallery-tags=\"4\" href=\"https:\/\/www.lichen.pl\/wp-content\/uploads\/2024\/06\/Koncert-Bo-milosc-nie-umiera-mlodzi-w-holdzie-sw.-Janowi-Pawlowi-II-18.jpg\" data-elementor-open-lightbox=\"yes\" data-elementor-lightbox-slideshow=\"738ace0\" data-elementor-lightbox-title=\"Koncert Bo mi\u0142o\u015b\u0107 nie umiera - m\u0142odzi w ho\u0142dzie \u015bw. Janowi Paw\u0142owi II (18)\" data-e-action-hash=\"#elementor-action%3Aaction%3Dlightbox%26settings%3DeyJpZCI6NzAyMDEsInVybCI6Imh0dHBzOlwvXC93d3cubGljaGVuLnBsXC93cC1jb250ZW50XC91cGxvYWRzXC8yMDI0XC8wNlwvS29uY2VydC1Cby1taWxvc2MtbmllLXVtaWVyYS1tbG9kemktdy1ob2xkemllLXN3Li1KYW5vd2ktUGF3bG93aS1JSS0xOC5qcGciLCJzbGlkZXNob3ciOiI3MzhhY2UwIn0%3D\">\n\t\t\t\t\t<div class=\"e-gallery-image elementor-gallery-item__image\" data-thumbnail=\"https:\/\/www.lichen.pl\/wp-content\/uploads\/2024\/06\/Koncert-Bo-milosc-nie-umiera-mlodzi-w-holdzie-sw.-Janowi-Pawlowi-II-18-150x150.jpg\" data-width=\"150\" data-height=\"150\" aria-label=\"\" role=\"img\" ><\/div>\n\t\t\t\t\t\t\t\t\t\t\t<div class=\"elementor-gallery-item__overlay\"><\/div>\n\t\t\t\t\t\t\t\t\t\t\t\t\t\t<\/a>\n\t\t\t\t\t\t\t<a class=\"e-gallery-item elementor-gallery-item elementor-animated-content\" data-e-gallery-tags=\"4\" href=\"https:\/\/www.lichen.pl\/wp-content\/uploads\/2024\/06\/Koncert-Bo-milosc-nie-umiera-mlodzi-w-holdzie-sw.-Janowi-Pawlowi-II-19.jpg\" data-elementor-open-lightbox=\"yes\" data-elementor-lightbox-slideshow=\"738ace0\" data-elementor-lightbox-title=\"Koncert Bo mi\u0142o\u015b\u0107 nie umiera - m\u0142odzi w ho\u0142dzie \u015bw. Janowi Paw\u0142owi II (19)\" data-e-action-hash=\"#elementor-action%3Aaction%3Dlightbox%26settings%3DeyJpZCI6NzAyMDIsInVybCI6Imh0dHBzOlwvXC93d3cubGljaGVuLnBsXC93cC1jb250ZW50XC91cGxvYWRzXC8yMDI0XC8wNlwvS29uY2VydC1Cby1taWxvc2MtbmllLXVtaWVyYS1tbG9kemktdy1ob2xkemllLXN3Li1KYW5vd2ktUGF3bG93aS1JSS0xOS5qcGciLCJzbGlkZXNob3ciOiI3MzhhY2UwIn0%3D\">\n\t\t\t\t\t<div class=\"e-gallery-image elementor-gallery-item__image\" data-thumbnail=\"https:\/\/www.lichen.pl\/wp-content\/uploads\/2024\/06\/Koncert-Bo-milosc-nie-umiera-mlodzi-w-holdzie-sw.-Janowi-Pawlowi-II-19-150x150.jpg\" data-width=\"150\" data-height=\"150\" aria-label=\"\" role=\"img\" ><\/div>\n\t\t\t\t\t\t\t\t\t\t\t<div class=\"elementor-gallery-item__overlay\"><\/div>\n\t\t\t\t\t\t\t\t\t\t\t\t\t\t<\/a>\n\t\t\t\t\t\t\t<a class=\"e-gallery-item elementor-gallery-item elementor-animated-content\" data-e-gallery-tags=\"4\" href=\"https:\/\/www.lichen.pl\/wp-content\/uploads\/2024\/06\/Koncert-Bo-milosc-nie-umiera-mlodzi-w-holdzie-sw.-Janowi-Pawlowi-II-20.jpg\" data-elementor-open-lightbox=\"yes\" data-elementor-lightbox-slideshow=\"738ace0\" data-elementor-lightbox-title=\"Koncert Bo mi\u0142o\u015b\u0107 nie umiera - m\u0142odzi w ho\u0142dzie \u015bw. Janowi Paw\u0142owi II (20)\" data-e-action-hash=\"#elementor-action%3Aaction%3Dlightbox%26settings%3DeyJpZCI6NzAyMDMsInVybCI6Imh0dHBzOlwvXC93d3cubGljaGVuLnBsXC93cC1jb250ZW50XC91cGxvYWRzXC8yMDI0XC8wNlwvS29uY2VydC1Cby1taWxvc2MtbmllLXVtaWVyYS1tbG9kemktdy1ob2xkemllLXN3Li1KYW5vd2ktUGF3bG93aS1JSS0yMC5qcGciLCJzbGlkZXNob3ciOiI3MzhhY2UwIn0%3D\">\n\t\t\t\t\t<div class=\"e-gallery-image elementor-gallery-item__image\" data-thumbnail=\"https:\/\/www.lichen.pl\/wp-content\/uploads\/2024\/06\/Koncert-Bo-milosc-nie-umiera-mlodzi-w-holdzie-sw.-Janowi-Pawlowi-II-20-150x150.jpg\" data-width=\"150\" data-height=\"150\" aria-label=\"\" role=\"img\" ><\/div>\n\t\t\t\t\t\t\t\t\t\t\t<div class=\"elementor-gallery-item__overlay\"><\/div>\n\t\t\t\t\t\t\t\t\t\t\t\t\t\t<\/a>\n\t\t\t\t\t\t\t<a class=\"e-gallery-item elementor-gallery-item elementor-animated-content\" data-e-gallery-tags=\"4\" href=\"https:\/\/www.lichen.pl\/wp-content\/uploads\/2024\/06\/Koncert-Bo-milosc-nie-umiera-mlodzi-w-holdzie-sw.-Janowi-Pawlowi-II-21.jpg\" data-elementor-open-lightbox=\"yes\" data-elementor-lightbox-slideshow=\"738ace0\" data-elementor-lightbox-title=\"Koncert Bo mi\u0142o\u015b\u0107 nie umiera - m\u0142odzi w ho\u0142dzie \u015bw. Janowi Paw\u0142owi II (21)\" data-e-action-hash=\"#elementor-action%3Aaction%3Dlightbox%26settings%3DeyJpZCI6NzAyMDQsInVybCI6Imh0dHBzOlwvXC93d3cubGljaGVuLnBsXC93cC1jb250ZW50XC91cGxvYWRzXC8yMDI0XC8wNlwvS29uY2VydC1Cby1taWxvc2MtbmllLXVtaWVyYS1tbG9kemktdy1ob2xkemllLXN3Li1KYW5vd2ktUGF3bG93aS1JSS0yMS5qcGciLCJzbGlkZXNob3ciOiI3MzhhY2UwIn0%3D\">\n\t\t\t\t\t<div class=\"e-gallery-image elementor-gallery-item__image\" data-thumbnail=\"https:\/\/www.lichen.pl\/wp-content\/uploads\/2024\/06\/Koncert-Bo-milosc-nie-umiera-mlodzi-w-holdzie-sw.-Janowi-Pawlowi-II-21-150x150.jpg\" data-width=\"150\" data-height=\"150\" aria-label=\"\" role=\"img\" ><\/div>\n\t\t\t\t\t\t\t\t\t\t\t<div class=\"elementor-gallery-item__overlay\"><\/div>\n\t\t\t\t\t\t\t\t\t\t\t\t\t\t<\/a>\n\t\t\t\t\t\t\t<a class=\"e-gallery-item elementor-gallery-item elementor-animated-content\" data-e-gallery-tags=\"4\" href=\"https:\/\/www.lichen.pl\/wp-content\/uploads\/2024\/06\/Koncert-Bo-milosc-nie-umiera-mlodzi-w-holdzie-sw.-Janowi-Pawlowi-II-22.jpg\" data-elementor-open-lightbox=\"yes\" data-elementor-lightbox-slideshow=\"738ace0\" data-elementor-lightbox-title=\"Koncert Bo mi\u0142o\u015b\u0107 nie umiera - m\u0142odzi w ho\u0142dzie \u015bw. Janowi Paw\u0142owi II (22)\" data-e-action-hash=\"#elementor-action%3Aaction%3Dlightbox%26settings%3DeyJpZCI6NzAyMDUsInVybCI6Imh0dHBzOlwvXC93d3cubGljaGVuLnBsXC93cC1jb250ZW50XC91cGxvYWRzXC8yMDI0XC8wNlwvS29uY2VydC1Cby1taWxvc2MtbmllLXVtaWVyYS1tbG9kemktdy1ob2xkemllLXN3Li1KYW5vd2ktUGF3bG93aS1JSS0yMi5qcGciLCJzbGlkZXNob3ciOiI3MzhhY2UwIn0%3D\">\n\t\t\t\t\t<div class=\"e-gallery-image elementor-gallery-item__image\" data-thumbnail=\"https:\/\/www.lichen.pl\/wp-content\/uploads\/2024\/06\/Koncert-Bo-milosc-nie-umiera-mlodzi-w-holdzie-sw.-Janowi-Pawlowi-II-22-150x150.jpg\" data-width=\"150\" data-height=\"150\" aria-label=\"\" role=\"img\" ><\/div>\n\t\t\t\t\t\t\t\t\t\t\t<div class=\"elementor-gallery-item__overlay\"><\/div>\n\t\t\t\t\t\t\t\t\t\t\t\t\t\t<\/a>\n\t\t\t\t\t\t\t<a class=\"e-gallery-item elementor-gallery-item elementor-animated-content\" data-e-gallery-tags=\"4\" href=\"https:\/\/www.lichen.pl\/wp-content\/uploads\/2024\/06\/Koncert-Bo-milosc-nie-umiera-mlodzi-w-holdzie-sw.-Janowi-Pawlowi-II-23.jpg\" data-elementor-open-lightbox=\"yes\" data-elementor-lightbox-slideshow=\"738ace0\" data-elementor-lightbox-title=\"Koncert Bo mi\u0142o\u015b\u0107 nie umiera - m\u0142odzi w ho\u0142dzie \u015bw. Janowi Paw\u0142owi II (23)\" data-e-action-hash=\"#elementor-action%3Aaction%3Dlightbox%26settings%3DeyJpZCI6NzAyMDYsInVybCI6Imh0dHBzOlwvXC93d3cubGljaGVuLnBsXC93cC1jb250ZW50XC91cGxvYWRzXC8yMDI0XC8wNlwvS29uY2VydC1Cby1taWxvc2MtbmllLXVtaWVyYS1tbG9kemktdy1ob2xkemllLXN3Li1KYW5vd2ktUGF3bG93aS1JSS0yMy5qcGciLCJzbGlkZXNob3ciOiI3MzhhY2UwIn0%3D\">\n\t\t\t\t\t<div class=\"e-gallery-image elementor-gallery-item__image\" data-thumbnail=\"https:\/\/www.lichen.pl\/wp-content\/uploads\/2024\/06\/Koncert-Bo-milosc-nie-umiera-mlodzi-w-holdzie-sw.-Janowi-Pawlowi-II-23-150x150.jpg\" data-width=\"150\" data-height=\"150\" aria-label=\"\" role=\"img\" ><\/div>\n\t\t\t\t\t\t\t\t\t\t\t<div class=\"elementor-gallery-item__overlay\"><\/div>\n\t\t\t\t\t\t\t\t\t\t\t\t\t\t<\/a>\n\t\t\t\t\t\t\t<a class=\"e-gallery-item elementor-gallery-item elementor-animated-content\" data-e-gallery-tags=\"4\" href=\"https:\/\/www.lichen.pl\/wp-content\/uploads\/2024\/06\/Koncert-Bo-milosc-nie-umiera-mlodzi-w-holdzie-sw.-Janowi-Pawlowi-II-24.jpg\" data-elementor-open-lightbox=\"yes\" data-elementor-lightbox-slideshow=\"738ace0\" data-elementor-lightbox-title=\"Koncert Bo mi\u0142o\u015b\u0107 nie umiera - m\u0142odzi w ho\u0142dzie \u015bw. Janowi Paw\u0142owi II (24)\" data-e-action-hash=\"#elementor-action%3Aaction%3Dlightbox%26settings%3DeyJpZCI6NzAyMDcsInVybCI6Imh0dHBzOlwvXC93d3cubGljaGVuLnBsXC93cC1jb250ZW50XC91cGxvYWRzXC8yMDI0XC8wNlwvS29uY2VydC1Cby1taWxvc2MtbmllLXVtaWVyYS1tbG9kemktdy1ob2xkemllLXN3Li1KYW5vd2ktUGF3bG93aS1JSS0yNC5qcGciLCJzbGlkZXNob3ciOiI3MzhhY2UwIn0%3D\">\n\t\t\t\t\t<div class=\"e-gallery-image elementor-gallery-item__image\" data-thumbnail=\"https:\/\/www.lichen.pl\/wp-content\/uploads\/2024\/06\/Koncert-Bo-milosc-nie-umiera-mlodzi-w-holdzie-sw.-Janowi-Pawlowi-II-24-150x150.jpg\" data-width=\"150\" data-height=\"150\" aria-label=\"\" role=\"img\" ><\/div>\n\t\t\t\t\t\t\t\t\t\t\t<div class=\"elementor-gallery-item__overlay\"><\/div>\n\t\t\t\t\t\t\t\t\t\t\t\t\t\t<\/a>\n\t\t\t\t\t\t\t<a class=\"e-gallery-item elementor-gallery-item elementor-animated-content\" data-e-gallery-tags=\"4\" href=\"https:\/\/www.lichen.pl\/wp-content\/uploads\/2024\/06\/Koncert-Bo-milosc-nie-umiera-mlodzi-w-holdzie-sw.-Janowi-Pawlowi-II-25.jpg\" data-elementor-open-lightbox=\"yes\" data-elementor-lightbox-slideshow=\"738ace0\" data-elementor-lightbox-title=\"Koncert Bo mi\u0142o\u015b\u0107 nie umiera - m\u0142odzi w ho\u0142dzie \u015bw. Janowi Paw\u0142owi II (25)\" data-e-action-hash=\"#elementor-action%3Aaction%3Dlightbox%26settings%3DeyJpZCI6NzAyMDgsInVybCI6Imh0dHBzOlwvXC93d3cubGljaGVuLnBsXC93cC1jb250ZW50XC91cGxvYWRzXC8yMDI0XC8wNlwvS29uY2VydC1Cby1taWxvc2MtbmllLXVtaWVyYS1tbG9kemktdy1ob2xkemllLXN3Li1KYW5vd2ktUGF3bG93aS1JSS0yNS5qcGciLCJzbGlkZXNob3ciOiI3MzhhY2UwIn0%3D\">\n\t\t\t\t\t<div class=\"e-gallery-image elementor-gallery-item__image\" data-thumbnail=\"https:\/\/www.lichen.pl\/wp-content\/uploads\/2024\/06\/Koncert-Bo-milosc-nie-umiera-mlodzi-w-holdzie-sw.-Janowi-Pawlowi-II-25-150x150.jpg\" data-width=\"150\" data-height=\"150\" aria-label=\"\" role=\"img\" ><\/div>\n\t\t\t\t\t\t\t\t\t\t\t<div class=\"elementor-gallery-item__overlay\"><\/div>\n\t\t\t\t\t\t\t\t\t\t\t\t\t\t<\/a>\n\t\t\t\t\t\t\t<a class=\"e-gallery-item elementor-gallery-item elementor-animated-content\" data-e-gallery-tags=\"4\" href=\"https:\/\/www.lichen.pl\/wp-content\/uploads\/2024\/06\/Koncert-Bo-milosc-nie-umiera-mlodzi-w-holdzie-sw.-Janowi-Pawlowi-II-26.jpg\" data-elementor-open-lightbox=\"yes\" data-elementor-lightbox-slideshow=\"738ace0\" data-elementor-lightbox-title=\"Koncert Bo mi\u0142o\u015b\u0107 nie umiera - m\u0142odzi w ho\u0142dzie \u015bw. Janowi Paw\u0142owi II (26)\" data-e-action-hash=\"#elementor-action%3Aaction%3Dlightbox%26settings%3DeyJpZCI6NzAyMDksInVybCI6Imh0dHBzOlwvXC93d3cubGljaGVuLnBsXC93cC1jb250ZW50XC91cGxvYWRzXC8yMDI0XC8wNlwvS29uY2VydC1Cby1taWxvc2MtbmllLXVtaWVyYS1tbG9kemktdy1ob2xkemllLXN3Li1KYW5vd2ktUGF3bG93aS1JSS0yNi5qcGciLCJzbGlkZXNob3ciOiI3MzhhY2UwIn0%3D\">\n\t\t\t\t\t<div class=\"e-gallery-image elementor-gallery-item__image\" data-thumbnail=\"https:\/\/www.lichen.pl\/wp-content\/uploads\/2024\/06\/Koncert-Bo-milosc-nie-umiera-mlodzi-w-holdzie-sw.-Janowi-Pawlowi-II-26-150x150.jpg\" data-width=\"150\" data-height=\"150\" aria-label=\"\" role=\"img\" ><\/div>\n\t\t\t\t\t\t\t\t\t\t\t<div class=\"elementor-gallery-item__overlay\"><\/div>\n\t\t\t\t\t\t\t\t\t\t\t\t\t\t<\/a>\n\t\t\t\t\t\t\t<a class=\"e-gallery-item elementor-gallery-item elementor-animated-content\" data-e-gallery-tags=\"4\" href=\"https:\/\/www.lichen.pl\/wp-content\/uploads\/2024\/06\/Koncert-Bo-milosc-nie-umiera-mlodzi-w-holdzie-sw.-Janowi-Pawlowi-II-27.jpg\" data-elementor-open-lightbox=\"yes\" data-elementor-lightbox-slideshow=\"738ace0\" data-elementor-lightbox-title=\"Koncert Bo mi\u0142o\u015b\u0107 nie umiera - m\u0142odzi w ho\u0142dzie \u015bw. Janowi Paw\u0142owi II (27)\" data-e-action-hash=\"#elementor-action%3Aaction%3Dlightbox%26settings%3DeyJpZCI6NzAyMTAsInVybCI6Imh0dHBzOlwvXC93d3cubGljaGVuLnBsXC93cC1jb250ZW50XC91cGxvYWRzXC8yMDI0XC8wNlwvS29uY2VydC1Cby1taWxvc2MtbmllLXVtaWVyYS1tbG9kemktdy1ob2xkemllLXN3Li1KYW5vd2ktUGF3bG93aS1JSS0yNy5qcGciLCJzbGlkZXNob3ciOiI3MzhhY2UwIn0%3D\">\n\t\t\t\t\t<div class=\"e-gallery-image elementor-gallery-item__image\" data-thumbnail=\"https:\/\/www.lichen.pl\/wp-content\/uploads\/2024\/06\/Koncert-Bo-milosc-nie-umiera-mlodzi-w-holdzie-sw.-Janowi-Pawlowi-II-27-150x150.jpg\" data-width=\"150\" data-height=\"150\" aria-label=\"\" role=\"img\" ><\/div>\n\t\t\t\t\t\t\t\t\t\t\t<div class=\"elementor-gallery-item__overlay\"><\/div>\n\t\t\t\t\t\t\t\t\t\t\t\t\t\t<\/a>\n\t\t\t\t\t\t\t<a class=\"e-gallery-item elementor-gallery-item elementor-animated-content\" data-e-gallery-tags=\"4\" href=\"https:\/\/www.lichen.pl\/wp-content\/uploads\/2024\/06\/Koncert-Bo-milosc-nie-umiera-mlodzi-w-holdzie-sw.-Janowi-Pawlowi-II-29.jpg\" data-elementor-open-lightbox=\"yes\" data-elementor-lightbox-slideshow=\"738ace0\" data-elementor-lightbox-title=\"Koncert Bo mi\u0142o\u015b\u0107 nie umiera - m\u0142odzi w ho\u0142dzie \u015bw. Janowi Paw\u0142owi II (29)\" data-e-action-hash=\"#elementor-action%3Aaction%3Dlightbox%26settings%3DeyJpZCI6NzAyMTIsInVybCI6Imh0dHBzOlwvXC93d3cubGljaGVuLnBsXC93cC1jb250ZW50XC91cGxvYWRzXC8yMDI0XC8wNlwvS29uY2VydC1Cby1taWxvc2MtbmllLXVtaWVyYS1tbG9kemktdy1ob2xkemllLXN3Li1KYW5vd2ktUGF3bG93aS1JSS0yOS5qcGciLCJzbGlkZXNob3ciOiI3MzhhY2UwIn0%3D\">\n\t\t\t\t\t<div class=\"e-gallery-image elementor-gallery-item__image\" data-thumbnail=\"https:\/\/www.lichen.pl\/wp-content\/uploads\/2024\/06\/Koncert-Bo-milosc-nie-umiera-mlodzi-w-holdzie-sw.-Janowi-Pawlowi-II-29-150x150.jpg\" data-width=\"150\" data-height=\"150\" aria-label=\"\" role=\"img\" ><\/div>\n\t\t\t\t\t\t\t\t\t\t\t<div class=\"elementor-gallery-item__overlay\"><\/div>\n\t\t\t\t\t\t\t\t\t\t\t\t\t\t<\/a>\n\t\t\t\t\t\t\t<a class=\"e-gallery-item elementor-gallery-item elementor-animated-content\" data-e-gallery-tags=\"4\" href=\"https:\/\/www.lichen.pl\/wp-content\/uploads\/2024\/06\/Koncert-Bo-milosc-nie-umiera-mlodzi-w-holdzie-sw.-Janowi-Pawlowi-II-30.jpg\" data-elementor-open-lightbox=\"yes\" data-elementor-lightbox-slideshow=\"738ace0\" data-elementor-lightbox-title=\"Koncert Bo mi\u0142o\u015b\u0107 nie umiera - m\u0142odzi w ho\u0142dzie \u015bw. Janowi Paw\u0142owi II (30)\" data-e-action-hash=\"#elementor-action%3Aaction%3Dlightbox%26settings%3DeyJpZCI6NzAyMTMsInVybCI6Imh0dHBzOlwvXC93d3cubGljaGVuLnBsXC93cC1jb250ZW50XC91cGxvYWRzXC8yMDI0XC8wNlwvS29uY2VydC1Cby1taWxvc2MtbmllLXVtaWVyYS1tbG9kemktdy1ob2xkemllLXN3Li1KYW5vd2ktUGF3bG93aS1JSS0zMC5qcGciLCJzbGlkZXNob3ciOiI3MzhhY2UwIn0%3D\">\n\t\t\t\t\t<div class=\"e-gallery-image elementor-gallery-item__image\" data-thumbnail=\"https:\/\/www.lichen.pl\/wp-content\/uploads\/2024\/06\/Koncert-Bo-milosc-nie-umiera-mlodzi-w-holdzie-sw.-Janowi-Pawlowi-II-30-150x150.jpg\" data-width=\"150\" data-height=\"150\" aria-label=\"\" role=\"img\" ><\/div>\n\t\t\t\t\t\t\t\t\t\t\t<div class=\"elementor-gallery-item__overlay\"><\/div>\n\t\t\t\t\t\t\t\t\t\t\t\t\t\t<\/a>\n\t\t\t\t\t\t\t<a class=\"e-gallery-item elementor-gallery-item elementor-animated-content\" data-e-gallery-tags=\"4\" href=\"https:\/\/www.lichen.pl\/wp-content\/uploads\/2024\/06\/Koncert-Bo-milosc-nie-umiera-mlodzi-w-holdzie-sw.-Janowi-Pawlowi-II-28.jpg\" data-elementor-open-lightbox=\"yes\" data-elementor-lightbox-slideshow=\"738ace0\" data-elementor-lightbox-title=\"Koncert Bo mi\u0142o\u015b\u0107 nie umiera - m\u0142odzi w ho\u0142dzie \u015bw. Janowi Paw\u0142owi II (28)\" data-e-action-hash=\"#elementor-action%3Aaction%3Dlightbox%26settings%3DeyJpZCI6NzAyMTEsInVybCI6Imh0dHBzOlwvXC93d3cubGljaGVuLnBsXC93cC1jb250ZW50XC91cGxvYWRzXC8yMDI0XC8wNlwvS29uY2VydC1Cby1taWxvc2MtbmllLXVtaWVyYS1tbG9kemktdy1ob2xkemllLXN3Li1KYW5vd2ktUGF3bG93aS1JSS0yOC5qcGciLCJzbGlkZXNob3ciOiI3MzhhY2UwIn0%3D\">\n\t\t\t\t\t<div class=\"e-gallery-image elementor-gallery-item__image\" data-thumbnail=\"https:\/\/www.lichen.pl\/wp-content\/uploads\/2024\/06\/Koncert-Bo-milosc-nie-umiera-mlodzi-w-holdzie-sw.-Janowi-Pawlowi-II-28-150x150.jpg\" data-width=\"150\" data-height=\"150\" aria-label=\"\" role=\"img\" ><\/div>\n\t\t\t\t\t\t\t\t\t\t\t<div class=\"elementor-gallery-item__overlay\"><\/div>\n\t\t\t\t\t\t\t\t\t\t\t\t\t\t<\/a>\n\t\t\t\t\t\t\t<a class=\"e-gallery-item elementor-gallery-item elementor-animated-content\" data-e-gallery-tags=\"4\" href=\"https:\/\/www.lichen.pl\/wp-content\/uploads\/2024\/06\/Koncert-Bo-milosc-nie-umiera-mlodzi-w-holdzie-sw.-Janowi-Pawlowi-II-31.jpg\" data-elementor-open-lightbox=\"yes\" data-elementor-lightbox-slideshow=\"738ace0\" data-elementor-lightbox-title=\"Koncert Bo mi\u0142o\u015b\u0107 nie umiera - m\u0142odzi w ho\u0142dzie \u015bw. Janowi Paw\u0142owi II (31)\" data-e-action-hash=\"#elementor-action%3Aaction%3Dlightbox%26settings%3DeyJpZCI6NzAyMTQsInVybCI6Imh0dHBzOlwvXC93d3cubGljaGVuLnBsXC93cC1jb250ZW50XC91cGxvYWRzXC8yMDI0XC8wNlwvS29uY2VydC1Cby1taWxvc2MtbmllLXVtaWVyYS1tbG9kemktdy1ob2xkemllLXN3Li1KYW5vd2ktUGF3bG93aS1JSS0zMS5qcGciLCJzbGlkZXNob3ciOiI3MzhhY2UwIn0%3D\">\n\t\t\t\t\t<div class=\"e-gallery-image elementor-gallery-item__image\" data-thumbnail=\"https:\/\/www.lichen.pl\/wp-content\/uploads\/2024\/06\/Koncert-Bo-milosc-nie-umiera-mlodzi-w-holdzie-sw.-Janowi-Pawlowi-II-31-150x150.jpg\" data-width=\"150\" data-height=\"150\" aria-label=\"\" role=\"img\" ><\/div>\n\t\t\t\t\t\t\t\t\t\t\t<div class=\"elementor-gallery-item__overlay\"><\/div>\n\t\t\t\t\t\t\t\t\t\t\t\t\t\t<\/a>\n\t\t\t\t\t\t\t<a class=\"e-gallery-item elementor-gallery-item elementor-animated-content\" data-e-gallery-tags=\"4\" href=\"https:\/\/www.lichen.pl\/wp-content\/uploads\/2024\/06\/Koncert-Bo-milosc-nie-umiera-mlodzi-w-holdzie-sw.-Janowi-Pawlowi-II-32.jpg\" data-elementor-open-lightbox=\"yes\" data-elementor-lightbox-slideshow=\"738ace0\" data-elementor-lightbox-title=\"Koncert Bo mi\u0142o\u015b\u0107 nie umiera - m\u0142odzi w ho\u0142dzie \u015bw. Janowi Paw\u0142owi II (32)\" data-e-action-hash=\"#elementor-action%3Aaction%3Dlightbox%26settings%3DeyJpZCI6NzAyMTUsInVybCI6Imh0dHBzOlwvXC93d3cubGljaGVuLnBsXC93cC1jb250ZW50XC91cGxvYWRzXC8yMDI0XC8wNlwvS29uY2VydC1Cby1taWxvc2MtbmllLXVtaWVyYS1tbG9kemktdy1ob2xkemllLXN3Li1KYW5vd2ktUGF3bG93aS1JSS0zMi5qcGciLCJzbGlkZXNob3ciOiI3MzhhY2UwIn0%3D\">\n\t\t\t\t\t<div class=\"e-gallery-image elementor-gallery-item__image\" data-thumbnail=\"https:\/\/www.lichen.pl\/wp-content\/uploads\/2024\/06\/Koncert-Bo-milosc-nie-umiera-mlodzi-w-holdzie-sw.-Janowi-Pawlowi-II-32-150x150.jpg\" data-width=\"150\" data-height=\"150\" aria-label=\"\" role=\"img\" ><\/div>\n\t\t\t\t\t\t\t\t\t\t\t<div class=\"elementor-gallery-item__overlay\"><\/div>\n\t\t\t\t\t\t\t\t\t\t\t\t\t\t<\/a>\n\t\t\t\t\t\t\t<a class=\"e-gallery-item elementor-gallery-item elementor-animated-content\" data-e-gallery-tags=\"4\" href=\"https:\/\/www.lichen.pl\/wp-content\/uploads\/2024\/06\/Koncert-Bo-milosc-nie-umiera-mlodzi-w-holdzie-sw.-Janowi-Pawlowi-II-33.jpg\" data-elementor-open-lightbox=\"yes\" data-elementor-lightbox-slideshow=\"738ace0\" data-elementor-lightbox-title=\"Koncert Bo mi\u0142o\u015b\u0107 nie umiera - m\u0142odzi w ho\u0142dzie \u015bw. Janowi Paw\u0142owi II (33)\" data-e-action-hash=\"#elementor-action%3Aaction%3Dlightbox%26settings%3DeyJpZCI6NzAyMTYsInVybCI6Imh0dHBzOlwvXC93d3cubGljaGVuLnBsXC93cC1jb250ZW50XC91cGxvYWRzXC8yMDI0XC8wNlwvS29uY2VydC1Cby1taWxvc2MtbmllLXVtaWVyYS1tbG9kemktdy1ob2xkemllLXN3Li1KYW5vd2ktUGF3bG93aS1JSS0zMy5qcGciLCJzbGlkZXNob3ciOiI3MzhhY2UwIn0%3D\">\n\t\t\t\t\t<div class=\"e-gallery-image elementor-gallery-item__image\" data-thumbnail=\"https:\/\/www.lichen.pl\/wp-content\/uploads\/2024\/06\/Koncert-Bo-milosc-nie-umiera-mlodzi-w-holdzie-sw.-Janowi-Pawlowi-II-33-150x150.jpg\" data-width=\"150\" data-height=\"150\" aria-label=\"\" role=\"img\" ><\/div>\n\t\t\t\t\t\t\t\t\t\t\t<div class=\"elementor-gallery-item__overlay\"><\/div>\n\t\t\t\t\t\t\t\t\t\t\t\t\t\t<\/a>\n\t\t\t\t\t\t\t<a class=\"e-gallery-item elementor-gallery-item elementor-animated-content\" data-e-gallery-tags=\"5\" href=\"https:\/\/www.lichen.pl\/wp-content\/uploads\/2024\/06\/1-3.jpg\" data-elementor-open-lightbox=\"yes\" data-elementor-lightbox-slideshow=\"738ace0\" data-elementor-lightbox-title=\"1 (3)\" data-e-action-hash=\"#elementor-action%3Aaction%3Dlightbox%26settings%3DeyJpZCI6NzAyMzUsInVybCI6Imh0dHBzOlwvXC93d3cubGljaGVuLnBsXC93cC1jb250ZW50XC91cGxvYWRzXC8yMDI0XC8wNlwvMS0zLmpwZyIsInNsaWRlc2hvdyI6IjczOGFjZTAifQ%3D%3D\">\n\t\t\t\t\t<div class=\"e-gallery-image elementor-gallery-item__image\" data-thumbnail=\"https:\/\/www.lichen.pl\/wp-content\/uploads\/2024\/06\/1-3-150x150.jpg\" data-width=\"150\" data-height=\"150\" aria-label=\"\" role=\"img\" ><\/div>\n\t\t\t\t\t\t\t\t\t\t\t<div class=\"elementor-gallery-item__overlay\"><\/div>\n\t\t\t\t\t\t\t\t\t\t\t\t\t\t<\/a>\n\t\t\t\t\t\t\t<a class=\"e-gallery-item elementor-gallery-item elementor-animated-content\" data-e-gallery-tags=\"5\" href=\"https:\/\/www.lichen.pl\/wp-content\/uploads\/2024\/06\/1-4.jpg\" data-elementor-open-lightbox=\"yes\" data-elementor-lightbox-slideshow=\"738ace0\" data-elementor-lightbox-title=\"1 (4)\" data-e-action-hash=\"#elementor-action%3Aaction%3Dlightbox%26settings%3DeyJpZCI6NzAyMzYsInVybCI6Imh0dHBzOlwvXC93d3cubGljaGVuLnBsXC93cC1jb250ZW50XC91cGxvYWRzXC8yMDI0XC8wNlwvMS00LmpwZyIsInNsaWRlc2hvdyI6IjczOGFjZTAifQ%3D%3D\">\n\t\t\t\t\t<div class=\"e-gallery-image elementor-gallery-item__image\" data-thumbnail=\"https:\/\/www.lichen.pl\/wp-content\/uploads\/2024\/06\/1-4-150x150.jpg\" data-width=\"150\" data-height=\"150\" aria-label=\"\" role=\"img\" ><\/div>\n\t\t\t\t\t\t\t\t\t\t\t<div class=\"elementor-gallery-item__overlay\"><\/div>\n\t\t\t\t\t\t\t\t\t\t\t\t\t\t<\/a>\n\t\t\t\t\t\t\t<a class=\"e-gallery-item elementor-gallery-item elementor-animated-content\" data-e-gallery-tags=\"5\" href=\"https:\/\/www.lichen.pl\/wp-content\/uploads\/2024\/06\/1-33.jpg\" data-elementor-open-lightbox=\"yes\" data-elementor-lightbox-slideshow=\"738ace0\" data-elementor-lightbox-title=\"1 (33)\" data-e-action-hash=\"#elementor-action%3Aaction%3Dlightbox%26settings%3DeyJpZCI6NzAyMzcsInVybCI6Imh0dHBzOlwvXC93d3cubGljaGVuLnBsXC93cC1jb250ZW50XC91cGxvYWRzXC8yMDI0XC8wNlwvMS0zMy5qcGciLCJzbGlkZXNob3ciOiI3MzhhY2UwIn0%3D\">\n\t\t\t\t\t<div class=\"e-gallery-image elementor-gallery-item__image\" data-thumbnail=\"https:\/\/www.lichen.pl\/wp-content\/uploads\/2024\/06\/1-33-150x150.jpg\" data-width=\"150\" data-height=\"150\" aria-label=\"\" role=\"img\" ><\/div>\n\t\t\t\t\t\t\t\t\t\t\t<div class=\"elementor-gallery-item__overlay\"><\/div>\n\t\t\t\t\t\t\t\t\t\t\t\t\t\t<\/a>\n\t\t\t\t\t\t\t<a class=\"e-gallery-item elementor-gallery-item elementor-animated-content\" data-e-gallery-tags=\"5\" href=\"https:\/\/www.lichen.pl\/wp-content\/uploads\/2024\/06\/2-1.jpg\" data-elementor-open-lightbox=\"yes\" data-elementor-lightbox-slideshow=\"738ace0\" data-elementor-lightbox-title=\"2 (1)\" data-e-action-hash=\"#elementor-action%3Aaction%3Dlightbox%26settings%3DeyJpZCI6NzAyMzgsInVybCI6Imh0dHBzOlwvXC93d3cubGljaGVuLnBsXC93cC1jb250ZW50XC91cGxvYWRzXC8yMDI0XC8wNlwvMi0xLmpwZyIsInNsaWRlc2hvdyI6IjczOGFjZTAifQ%3D%3D\">\n\t\t\t\t\t<div class=\"e-gallery-image elementor-gallery-item__image\" data-thumbnail=\"https:\/\/www.lichen.pl\/wp-content\/uploads\/2024\/06\/2-1-150x150.jpg\" data-width=\"150\" data-height=\"150\" aria-label=\"\" role=\"img\" ><\/div>\n\t\t\t\t\t\t\t\t\t\t\t<div class=\"elementor-gallery-item__overlay\"><\/div>\n\t\t\t\t\t\t\t\t\t\t\t\t\t\t<\/a>\n\t\t\t\t\t\t\t<a class=\"e-gallery-item elementor-gallery-item elementor-animated-content\" data-e-gallery-tags=\"5\" href=\"https:\/\/www.lichen.pl\/wp-content\/uploads\/2024\/06\/2-7.jpg\" data-elementor-open-lightbox=\"yes\" data-elementor-lightbox-slideshow=\"738ace0\" data-elementor-lightbox-title=\"2 (7)\" data-e-action-hash=\"#elementor-action%3Aaction%3Dlightbox%26settings%3DeyJpZCI6NzAyMzksInVybCI6Imh0dHBzOlwvXC93d3cubGljaGVuLnBsXC93cC1jb250ZW50XC91cGxvYWRzXC8yMDI0XC8wNlwvMi03LmpwZyIsInNsaWRlc2hvdyI6IjczOGFjZTAifQ%3D%3D\">\n\t\t\t\t\t<div class=\"e-gallery-image elementor-gallery-item__image\" data-thumbnail=\"https:\/\/www.lichen.pl\/wp-content\/uploads\/2024\/06\/2-7-150x150.jpg\" data-width=\"150\" data-height=\"150\" aria-label=\"\" role=\"img\" ><\/div>\n\t\t\t\t\t\t\t\t\t\t\t<div class=\"elementor-gallery-item__overlay\"><\/div>\n\t\t\t\t\t\t\t\t\t\t\t\t\t\t<\/a>\n\t\t\t\t\t\t\t<a class=\"e-gallery-item elementor-gallery-item elementor-animated-content\" data-e-gallery-tags=\"5\" href=\"https:\/\/www.lichen.pl\/wp-content\/uploads\/2024\/06\/lychen_0002.jpg\" data-elementor-open-lightbox=\"yes\" data-elementor-lightbox-slideshow=\"738ace0\" data-elementor-lightbox-title=\"lychen_0002\" data-e-action-hash=\"#elementor-action%3Aaction%3Dlightbox%26settings%3DeyJpZCI6NzAyNDEsInVybCI6Imh0dHBzOlwvXC93d3cubGljaGVuLnBsXC93cC1jb250ZW50XC91cGxvYWRzXC8yMDI0XC8wNlwvbHljaGVuXzAwMDIuanBnIiwic2xpZGVzaG93IjoiNzM4YWNlMCJ9\">\n\t\t\t\t\t<div class=\"e-gallery-image elementor-gallery-item__image\" data-thumbnail=\"https:\/\/www.lichen.pl\/wp-content\/uploads\/2024\/06\/lychen_0002-150x150.jpg\" data-width=\"150\" data-height=\"150\" aria-label=\"\" role=\"img\" ><\/div>\n\t\t\t\t\t\t\t\t\t\t\t<div class=\"elementor-gallery-item__overlay\"><\/div>\n\t\t\t\t\t\t\t\t\t\t\t\t\t\t<\/a>\n\t\t\t\t\t\t\t<a class=\"e-gallery-item elementor-gallery-item elementor-animated-content\" data-e-gallery-tags=\"5\" href=\"https:\/\/www.lichen.pl\/wp-content\/uploads\/2024\/06\/2-11.jpg\" data-elementor-open-lightbox=\"yes\" data-elementor-lightbox-slideshow=\"738ace0\" data-elementor-lightbox-title=\"2 (11)\" data-e-action-hash=\"#elementor-action%3Aaction%3Dlightbox%26settings%3DeyJpZCI6NzAyNDAsInVybCI6Imh0dHBzOlwvXC93d3cubGljaGVuLnBsXC93cC1jb250ZW50XC91cGxvYWRzXC8yMDI0XC8wNlwvMi0xMS5qcGciLCJzbGlkZXNob3ciOiI3MzhhY2UwIn0%3D\">\n\t\t\t\t\t<div class=\"e-gallery-image elementor-gallery-item__image\" data-thumbnail=\"https:\/\/www.lichen.pl\/wp-content\/uploads\/2024\/06\/2-11-150x150.jpg\" data-width=\"150\" data-height=\"150\" aria-label=\"\" role=\"img\" ><\/div>\n\t\t\t\t\t\t\t\t\t\t\t<div class=\"elementor-gallery-item__overlay\"><\/div>\n\t\t\t\t\t\t\t\t\t\t\t\t\t\t<\/a>\n\t\t\t\t\t\t\t<a class=\"e-gallery-item elementor-gallery-item elementor-animated-content\" data-e-gallery-tags=\"5\" href=\"https:\/\/www.lichen.pl\/wp-content\/uploads\/2024\/06\/lychen_0004.jpg\" data-elementor-open-lightbox=\"yes\" data-elementor-lightbox-slideshow=\"738ace0\" data-elementor-lightbox-title=\"lychen_0004\" data-e-action-hash=\"#elementor-action%3Aaction%3Dlightbox%26settings%3DeyJpZCI6NzAyNDIsInVybCI6Imh0dHBzOlwvXC93d3cubGljaGVuLnBsXC93cC1jb250ZW50XC91cGxvYWRzXC8yMDI0XC8wNlwvbHljaGVuXzAwMDQuanBnIiwic2xpZGVzaG93IjoiNzM4YWNlMCJ9\">\n\t\t\t\t\t<div class=\"e-gallery-image elementor-gallery-item__image\" data-thumbnail=\"https:\/\/www.lichen.pl\/wp-content\/uploads\/2024\/06\/lychen_0004-150x150.jpg\" data-width=\"150\" data-height=\"150\" aria-label=\"\" role=\"img\" ><\/div>\n\t\t\t\t\t\t\t\t\t\t\t<div class=\"elementor-gallery-item__overlay\"><\/div>\n\t\t\t\t\t\t\t\t\t\t\t\t\t\t<\/a>\n\t\t\t\t\t\t\t<a class=\"e-gallery-item elementor-gallery-item elementor-animated-content\" data-e-gallery-tags=\"5\" href=\"https:\/\/www.lichen.pl\/wp-content\/uploads\/2024\/06\/lychen_0006.jpg\" data-elementor-open-lightbox=\"yes\" data-elementor-lightbox-slideshow=\"738ace0\" data-elementor-lightbox-title=\"lychen_0006\" data-e-action-hash=\"#elementor-action%3Aaction%3Dlightbox%26settings%3DeyJpZCI6NzAyNDMsInVybCI6Imh0dHBzOlwvXC93d3cubGljaGVuLnBsXC93cC1jb250ZW50XC91cGxvYWRzXC8yMDI0XC8wNlwvbHljaGVuXzAwMDYuanBnIiwic2xpZGVzaG93IjoiNzM4YWNlMCJ9\">\n\t\t\t\t\t<div class=\"e-gallery-image elementor-gallery-item__image\" data-thumbnail=\"https:\/\/www.lichen.pl\/wp-content\/uploads\/2024\/06\/lychen_0006-150x150.jpg\" data-width=\"150\" data-height=\"150\" aria-label=\"\" role=\"img\" ><\/div>\n\t\t\t\t\t\t\t\t\t\t\t<div class=\"elementor-gallery-item__overlay\"><\/div>\n\t\t\t\t\t\t\t\t\t\t\t\t\t\t<\/a>\n\t\t\t\t\t\t\t<a class=\"e-gallery-item elementor-gallery-item elementor-animated-content\" data-e-gallery-tags=\"5\" href=\"https:\/\/www.lichen.pl\/wp-content\/uploads\/2024\/06\/lychen_0010.jpg\" data-elementor-open-lightbox=\"yes\" data-elementor-lightbox-slideshow=\"738ace0\" data-elementor-lightbox-title=\"lychen_0010\" data-e-action-hash=\"#elementor-action%3Aaction%3Dlightbox%26settings%3DeyJpZCI6NzAyNDQsInVybCI6Imh0dHBzOlwvXC93d3cubGljaGVuLnBsXC93cC1jb250ZW50XC91cGxvYWRzXC8yMDI0XC8wNlwvbHljaGVuXzAwMTAuanBnIiwic2xpZGVzaG93IjoiNzM4YWNlMCJ9\">\n\t\t\t\t\t<div class=\"e-gallery-image elementor-gallery-item__image\" data-thumbnail=\"https:\/\/www.lichen.pl\/wp-content\/uploads\/2024\/06\/lychen_0010-150x150.jpg\" data-width=\"150\" data-height=\"150\" aria-label=\"\" role=\"img\" ><\/div>\n\t\t\t\t\t\t\t\t\t\t\t<div class=\"elementor-gallery-item__overlay\"><\/div>\n\t\t\t\t\t\t\t\t\t\t\t\t\t\t<\/a>\n\t\t\t\t\t\t\t<a class=\"e-gallery-item elementor-gallery-item elementor-animated-content\" data-e-gallery-tags=\"5\" href=\"https:\/\/www.lichen.pl\/wp-content\/uploads\/2024\/06\/lychen_0018.jpg\" data-elementor-open-lightbox=\"yes\" data-elementor-lightbox-slideshow=\"738ace0\" data-elementor-lightbox-title=\"lychen_0018\" data-e-action-hash=\"#elementor-action%3Aaction%3Dlightbox%26settings%3DeyJpZCI6NzAyNDUsInVybCI6Imh0dHBzOlwvXC93d3cubGljaGVuLnBsXC93cC1jb250ZW50XC91cGxvYWRzXC8yMDI0XC8wNlwvbHljaGVuXzAwMTguanBnIiwic2xpZGVzaG93IjoiNzM4YWNlMCJ9\">\n\t\t\t\t\t<div class=\"e-gallery-image elementor-gallery-item__image\" data-thumbnail=\"https:\/\/www.lichen.pl\/wp-content\/uploads\/2024\/06\/lychen_0018-150x150.jpg\" data-width=\"150\" data-height=\"150\" aria-label=\"\" role=\"img\" ><\/div>\n\t\t\t\t\t\t\t\t\t\t\t<div class=\"elementor-gallery-item__overlay\"><\/div>\n\t\t\t\t\t\t\t\t\t\t\t\t\t\t<\/a>\n\t\t\t\t\t\t\t<a class=\"e-gallery-item elementor-gallery-item elementor-animated-content\" data-e-gallery-tags=\"5\" href=\"https:\/\/www.lichen.pl\/wp-content\/uploads\/2024\/06\/lychen_0025.jpg\" data-elementor-open-lightbox=\"yes\" data-elementor-lightbox-slideshow=\"738ace0\" data-elementor-lightbox-title=\"lychen_0025\" data-e-action-hash=\"#elementor-action%3Aaction%3Dlightbox%26settings%3DeyJpZCI6NzAyNDYsInVybCI6Imh0dHBzOlwvXC93d3cubGljaGVuLnBsXC93cC1jb250ZW50XC91cGxvYWRzXC8yMDI0XC8wNlwvbHljaGVuXzAwMjUuanBnIiwic2xpZGVzaG93IjoiNzM4YWNlMCJ9\">\n\t\t\t\t\t<div class=\"e-gallery-image elementor-gallery-item__image\" data-thumbnail=\"https:\/\/www.lichen.pl\/wp-content\/uploads\/2024\/06\/lychen_0025-150x150.jpg\" data-width=\"150\" data-height=\"150\" aria-label=\"\" role=\"img\" ><\/div>\n\t\t\t\t\t\t\t\t\t\t\t<div class=\"elementor-gallery-item__overlay\"><\/div>\n\t\t\t\t\t\t\t\t\t\t\t\t\t\t<\/a>\n\t\t\t\t\t\t\t<a class=\"e-gallery-item elementor-gallery-item elementor-animated-content\" data-e-gallery-tags=\"5\" href=\"https:\/\/www.lichen.pl\/wp-content\/uploads\/2024\/06\/lychen_0026.jpg\" data-elementor-open-lightbox=\"yes\" data-elementor-lightbox-slideshow=\"738ace0\" data-elementor-lightbox-title=\"lychen_0026\" data-e-action-hash=\"#elementor-action%3Aaction%3Dlightbox%26settings%3DeyJpZCI6NzAyNDcsInVybCI6Imh0dHBzOlwvXC93d3cubGljaGVuLnBsXC93cC1jb250ZW50XC91cGxvYWRzXC8yMDI0XC8wNlwvbHljaGVuXzAwMjYuanBnIiwic2xpZGVzaG93IjoiNzM4YWNlMCJ9\">\n\t\t\t\t\t<div class=\"e-gallery-image elementor-gallery-item__image\" data-thumbnail=\"https:\/\/www.lichen.pl\/wp-content\/uploads\/2024\/06\/lychen_0026-150x150.jpg\" data-width=\"150\" data-height=\"150\" aria-label=\"\" role=\"img\" ><\/div>\n\t\t\t\t\t\t\t\t\t\t\t<div class=\"elementor-gallery-item__overlay\"><\/div>\n\t\t\t\t\t\t\t\t\t\t\t\t\t\t<\/a>\n\t\t\t\t\t\t\t<a class=\"e-gallery-item elementor-gallery-item elementor-animated-content\" data-e-gallery-tags=\"5\" href=\"https:\/\/www.lichen.pl\/wp-content\/uploads\/2024\/06\/lychen_0032.jpg\" data-elementor-open-lightbox=\"yes\" data-elementor-lightbox-slideshow=\"738ace0\" data-elementor-lightbox-title=\"lychen_0032\" data-e-action-hash=\"#elementor-action%3Aaction%3Dlightbox%26settings%3DeyJpZCI6NzAyNDgsInVybCI6Imh0dHBzOlwvXC93d3cubGljaGVuLnBsXC93cC1jb250ZW50XC91cGxvYWRzXC8yMDI0XC8wNlwvbHljaGVuXzAwMzIuanBnIiwic2xpZGVzaG93IjoiNzM4YWNlMCJ9\">\n\t\t\t\t\t<div class=\"e-gallery-image elementor-gallery-item__image\" data-thumbnail=\"https:\/\/www.lichen.pl\/wp-content\/uploads\/2024\/06\/lychen_0032-150x150.jpg\" data-width=\"150\" data-height=\"150\" aria-label=\"\" role=\"img\" ><\/div>\n\t\t\t\t\t\t\t\t\t\t\t<div class=\"elementor-gallery-item__overlay\"><\/div>\n\t\t\t\t\t\t\t\t\t\t\t\t\t\t<\/a>\n\t\t\t\t\t\t\t<a class=\"e-gallery-item elementor-gallery-item elementor-animated-content\" data-e-gallery-tags=\"5\" href=\"https:\/\/www.lichen.pl\/wp-content\/uploads\/2024\/06\/lychen_0038.jpg\" data-elementor-open-lightbox=\"yes\" data-elementor-lightbox-slideshow=\"738ace0\" data-elementor-lightbox-title=\"lychen_0038\" data-e-action-hash=\"#elementor-action%3Aaction%3Dlightbox%26settings%3DeyJpZCI6NzAyNDksInVybCI6Imh0dHBzOlwvXC93d3cubGljaGVuLnBsXC93cC1jb250ZW50XC91cGxvYWRzXC8yMDI0XC8wNlwvbHljaGVuXzAwMzguanBnIiwic2xpZGVzaG93IjoiNzM4YWNlMCJ9\">\n\t\t\t\t\t<div class=\"e-gallery-image elementor-gallery-item__image\" data-thumbnail=\"https:\/\/www.lichen.pl\/wp-content\/uploads\/2024\/06\/lychen_0038-150x150.jpg\" data-width=\"150\" data-height=\"150\" aria-label=\"\" role=\"img\" ><\/div>\n\t\t\t\t\t\t\t\t\t\t\t<div class=\"elementor-gallery-item__overlay\"><\/div>\n\t\t\t\t\t\t\t\t\t\t\t\t\t\t<\/a>\n\t\t\t\t\t\t\t<a class=\"e-gallery-item elementor-gallery-item elementor-animated-content\" data-e-gallery-tags=\"5\" href=\"https:\/\/www.lichen.pl\/wp-content\/uploads\/2024\/06\/lychen_0044.jpg\" data-elementor-open-lightbox=\"yes\" data-elementor-lightbox-slideshow=\"738ace0\" data-elementor-lightbox-title=\"lychen_0044\" data-e-action-hash=\"#elementor-action%3Aaction%3Dlightbox%26settings%3DeyJpZCI6NzAyNTAsInVybCI6Imh0dHBzOlwvXC93d3cubGljaGVuLnBsXC93cC1jb250ZW50XC91cGxvYWRzXC8yMDI0XC8wNlwvbHljaGVuXzAwNDQuanBnIiwic2xpZGVzaG93IjoiNzM4YWNlMCJ9\">\n\t\t\t\t\t<div class=\"e-gallery-image elementor-gallery-item__image\" data-thumbnail=\"https:\/\/www.lichen.pl\/wp-content\/uploads\/2024\/06\/lychen_0044-150x150.jpg\" data-width=\"150\" data-height=\"150\" aria-label=\"\" role=\"img\" ><\/div>\n\t\t\t\t\t\t\t\t\t\t\t<div class=\"elementor-gallery-item__overlay\"><\/div>\n\t\t\t\t\t\t\t\t\t\t\t\t\t\t<\/a>\n\t\t\t\t\t\t\t<a class=\"e-gallery-item elementor-gallery-item elementor-animated-content\" data-e-gallery-tags=\"5\" href=\"https:\/\/www.lichen.pl\/wp-content\/uploads\/2024\/06\/lychen_0048.jpg\" data-elementor-open-lightbox=\"yes\" data-elementor-lightbox-slideshow=\"738ace0\" data-elementor-lightbox-title=\"lychen_0048\" data-e-action-hash=\"#elementor-action%3Aaction%3Dlightbox%26settings%3DeyJpZCI6NzAyNTEsInVybCI6Imh0dHBzOlwvXC93d3cubGljaGVuLnBsXC93cC1jb250ZW50XC91cGxvYWRzXC8yMDI0XC8wNlwvbHljaGVuXzAwNDguanBnIiwic2xpZGVzaG93IjoiNzM4YWNlMCJ9\">\n\t\t\t\t\t<div class=\"e-gallery-image elementor-gallery-item__image\" data-thumbnail=\"https:\/\/www.lichen.pl\/wp-content\/uploads\/2024\/06\/lychen_0048-150x150.jpg\" data-width=\"150\" data-height=\"150\" aria-label=\"\" role=\"img\" ><\/div>\n\t\t\t\t\t\t\t\t\t\t\t<div class=\"elementor-gallery-item__overlay\"><\/div>\n\t\t\t\t\t\t\t\t\t\t\t\t\t\t<\/a>\n\t\t\t\t\t\t\t<a class=\"e-gallery-item elementor-gallery-item elementor-animated-content\" data-e-gallery-tags=\"5\" href=\"https:\/\/www.lichen.pl\/wp-content\/uploads\/2024\/06\/lychen_0050.jpg\" data-elementor-open-lightbox=\"yes\" data-elementor-lightbox-slideshow=\"738ace0\" data-elementor-lightbox-title=\"lychen_0050\" data-e-action-hash=\"#elementor-action%3Aaction%3Dlightbox%26settings%3DeyJpZCI6NzAyNTIsInVybCI6Imh0dHBzOlwvXC93d3cubGljaGVuLnBsXC93cC1jb250ZW50XC91cGxvYWRzXC8yMDI0XC8wNlwvbHljaGVuXzAwNTAuanBnIiwic2xpZGVzaG93IjoiNzM4YWNlMCJ9\">\n\t\t\t\t\t<div class=\"e-gallery-image elementor-gallery-item__image\" data-thumbnail=\"https:\/\/www.lichen.pl\/wp-content\/uploads\/2024\/06\/lychen_0050-150x150.jpg\" data-width=\"150\" data-height=\"150\" aria-label=\"\" role=\"img\" ><\/div>\n\t\t\t\t\t\t\t\t\t\t\t<div class=\"elementor-gallery-item__overlay\"><\/div>\n\t\t\t\t\t\t\t\t\t\t\t\t\t\t<\/a>\n\t\t\t\t\t\t\t<a class=\"e-gallery-item elementor-gallery-item elementor-animated-content\" data-e-gallery-tags=\"5\" href=\"https:\/\/www.lichen.pl\/wp-content\/uploads\/2024\/06\/lychen_0057.jpg\" data-elementor-open-lightbox=\"yes\" data-elementor-lightbox-slideshow=\"738ace0\" data-elementor-lightbox-title=\"lychen_0057\" data-e-action-hash=\"#elementor-action%3Aaction%3Dlightbox%26settings%3DeyJpZCI6NzAyNTMsInVybCI6Imh0dHBzOlwvXC93d3cubGljaGVuLnBsXC93cC1jb250ZW50XC91cGxvYWRzXC8yMDI0XC8wNlwvbHljaGVuXzAwNTcuanBnIiwic2xpZGVzaG93IjoiNzM4YWNlMCJ9\">\n\t\t\t\t\t<div class=\"e-gallery-image elementor-gallery-item__image\" data-thumbnail=\"https:\/\/www.lichen.pl\/wp-content\/uploads\/2024\/06\/lychen_0057-150x150.jpg\" data-width=\"150\" data-height=\"150\" aria-label=\"\" role=\"img\" ><\/div>\n\t\t\t\t\t\t\t\t\t\t\t<div class=\"elementor-gallery-item__overlay\"><\/div>\n\t\t\t\t\t\t\t\t\t\t\t\t\t\t<\/a>\n\t\t\t\t\t\t\t<a class=\"e-gallery-item elementor-gallery-item elementor-animated-content\" data-e-gallery-tags=\"5\" href=\"https:\/\/www.lichen.pl\/wp-content\/uploads\/2024\/06\/lychen_0058.jpg\" data-elementor-open-lightbox=\"yes\" data-elementor-lightbox-slideshow=\"738ace0\" data-elementor-lightbox-title=\"lychen_0058\" data-e-action-hash=\"#elementor-action%3Aaction%3Dlightbox%26settings%3DeyJpZCI6NzAyNTQsInVybCI6Imh0dHBzOlwvXC93d3cubGljaGVuLnBsXC93cC1jb250ZW50XC91cGxvYWRzXC8yMDI0XC8wNlwvbHljaGVuXzAwNTguanBnIiwic2xpZGVzaG93IjoiNzM4YWNlMCJ9\">\n\t\t\t\t\t<div class=\"e-gallery-image elementor-gallery-item__image\" data-thumbnail=\"https:\/\/www.lichen.pl\/wp-content\/uploads\/2024\/06\/lychen_0058-150x150.jpg\" data-width=\"150\" data-height=\"150\" aria-label=\"\" role=\"img\" ><\/div>\n\t\t\t\t\t\t\t\t\t\t\t<div class=\"elementor-gallery-item__overlay\"><\/div>\n\t\t\t\t\t\t\t\t\t\t\t\t\t\t<\/a>\n\t\t\t\t\t\t\t<a class=\"e-gallery-item elementor-gallery-item elementor-animated-content\" data-e-gallery-tags=\"5\" href=\"https:\/\/www.lichen.pl\/wp-content\/uploads\/2024\/06\/lychen_0059.jpg\" data-elementor-open-lightbox=\"yes\" data-elementor-lightbox-slideshow=\"738ace0\" data-elementor-lightbox-title=\"lychen_0059\" data-e-action-hash=\"#elementor-action%3Aaction%3Dlightbox%26settings%3DeyJpZCI6NzAyNTUsInVybCI6Imh0dHBzOlwvXC93d3cubGljaGVuLnBsXC93cC1jb250ZW50XC91cGxvYWRzXC8yMDI0XC8wNlwvbHljaGVuXzAwNTkuanBnIiwic2xpZGVzaG93IjoiNzM4YWNlMCJ9\">\n\t\t\t\t\t<div class=\"e-gallery-image elementor-gallery-item__image\" data-thumbnail=\"https:\/\/www.lichen.pl\/wp-content\/uploads\/2024\/06\/lychen_0059-150x150.jpg\" data-width=\"150\" data-height=\"150\" aria-label=\"\" role=\"img\" ><\/div>\n\t\t\t\t\t\t\t\t\t\t\t<div class=\"elementor-gallery-item__overlay\"><\/div>\n\t\t\t\t\t\t\t\t\t\t\t\t\t\t<\/a>\n\t\t\t\t\t\t\t<a class=\"e-gallery-item elementor-gallery-item elementor-animated-content\" data-e-gallery-tags=\"5\" href=\"https:\/\/www.lichen.pl\/wp-content\/uploads\/2024\/06\/lychen_0062.jpg\" data-elementor-open-lightbox=\"yes\" data-elementor-lightbox-slideshow=\"738ace0\" data-elementor-lightbox-title=\"lychen_0062\" data-e-action-hash=\"#elementor-action%3Aaction%3Dlightbox%26settings%3DeyJpZCI6NzAyNTYsInVybCI6Imh0dHBzOlwvXC93d3cubGljaGVuLnBsXC93cC1jb250ZW50XC91cGxvYWRzXC8yMDI0XC8wNlwvbHljaGVuXzAwNjIuanBnIiwic2xpZGVzaG93IjoiNzM4YWNlMCJ9\">\n\t\t\t\t\t<div class=\"e-gallery-image elementor-gallery-item__image\" data-thumbnail=\"https:\/\/www.lichen.pl\/wp-content\/uploads\/2024\/06\/lychen_0062-150x150.jpg\" data-width=\"150\" data-height=\"150\" aria-label=\"\" role=\"img\" ><\/div>\n\t\t\t\t\t\t\t\t\t\t\t<div class=\"elementor-gallery-item__overlay\"><\/div>\n\t\t\t\t\t\t\t\t\t\t\t\t\t\t<\/a>\n\t\t\t\t\t\t\t<a class=\"e-gallery-item elementor-gallery-item elementor-animated-content\" data-e-gallery-tags=\"5\" href=\"https:\/\/www.lichen.pl\/wp-content\/uploads\/2024\/06\/lychen_0137.jpg\" data-elementor-open-lightbox=\"yes\" data-elementor-lightbox-slideshow=\"738ace0\" data-elementor-lightbox-title=\"lychen_0137\" data-e-action-hash=\"#elementor-action%3Aaction%3Dlightbox%26settings%3DeyJpZCI6NzAyNTcsInVybCI6Imh0dHBzOlwvXC93d3cubGljaGVuLnBsXC93cC1jb250ZW50XC91cGxvYWRzXC8yMDI0XC8wNlwvbHljaGVuXzAxMzcuanBnIiwic2xpZGVzaG93IjoiNzM4YWNlMCJ9\">\n\t\t\t\t\t<div class=\"e-gallery-image elementor-gallery-item__image\" data-thumbnail=\"https:\/\/www.lichen.pl\/wp-content\/uploads\/2024\/06\/lychen_0137-150x150.jpg\" data-width=\"150\" data-height=\"150\" aria-label=\"\" role=\"img\" ><\/div>\n\t\t\t\t\t\t\t\t\t\t\t<div class=\"elementor-gallery-item__overlay\"><\/div>\n\t\t\t\t\t\t\t\t\t\t\t\t\t\t<\/a>\n\t\t\t\t\t\t\t<a class=\"e-gallery-item elementor-gallery-item elementor-animated-content\" data-e-gallery-tags=\"5\" href=\"https:\/\/www.lichen.pl\/wp-content\/uploads\/2024\/06\/lychen_0139.jpg\" data-elementor-open-lightbox=\"yes\" data-elementor-lightbox-slideshow=\"738ace0\" data-elementor-lightbox-title=\"lychen_0139\" data-e-action-hash=\"#elementor-action%3Aaction%3Dlightbox%26settings%3DeyJpZCI6NzAyNTgsInVybCI6Imh0dHBzOlwvXC93d3cubGljaGVuLnBsXC93cC1jb250ZW50XC91cGxvYWRzXC8yMDI0XC8wNlwvbHljaGVuXzAxMzkuanBnIiwic2xpZGVzaG93IjoiNzM4YWNlMCJ9\">\n\t\t\t\t\t<div class=\"e-gallery-image elementor-gallery-item__image\" data-thumbnail=\"https:\/\/www.lichen.pl\/wp-content\/uploads\/2024\/06\/lychen_0139-150x150.jpg\" data-width=\"150\" data-height=\"150\" aria-label=\"\" role=\"img\" ><\/div>\n\t\t\t\t\t\t\t\t\t\t\t<div class=\"elementor-gallery-item__overlay\"><\/div>\n\t\t\t\t\t\t\t\t\t\t\t\t\t\t<\/a>\n\t\t\t\t\t\t\t<a class=\"e-gallery-item elementor-gallery-item elementor-animated-content\" data-e-gallery-tags=\"5\" href=\"https:\/\/www.lichen.pl\/wp-content\/uploads\/2024\/06\/lychen_0158.jpg\" data-elementor-open-lightbox=\"yes\" data-elementor-lightbox-slideshow=\"738ace0\" data-elementor-lightbox-title=\"lychen_0158\" data-e-action-hash=\"#elementor-action%3Aaction%3Dlightbox%26settings%3DeyJpZCI6NzAyNTksInVybCI6Imh0dHBzOlwvXC93d3cubGljaGVuLnBsXC93cC1jb250ZW50XC91cGxvYWRzXC8yMDI0XC8wNlwvbHljaGVuXzAxNTguanBnIiwic2xpZGVzaG93IjoiNzM4YWNlMCJ9\">\n\t\t\t\t\t<div class=\"e-gallery-image elementor-gallery-item__image\" data-thumbnail=\"https:\/\/www.lichen.pl\/wp-content\/uploads\/2024\/06\/lychen_0158-150x150.jpg\" data-width=\"150\" data-height=\"150\" aria-label=\"\" role=\"img\" ><\/div>\n\t\t\t\t\t\t\t\t\t\t\t<div class=\"elementor-gallery-item__overlay\"><\/div>\n\t\t\t\t\t\t\t\t\t\t\t\t\t\t<\/a>\n\t\t\t\t\t\t\t<a class=\"e-gallery-item elementor-gallery-item elementor-animated-content\" data-e-gallery-tags=\"5\" href=\"https:\/\/www.lichen.pl\/wp-content\/uploads\/2024\/06\/lychen_0166.jpg\" data-elementor-open-lightbox=\"yes\" data-elementor-lightbox-slideshow=\"738ace0\" data-elementor-lightbox-title=\"lychen_0166\" data-e-action-hash=\"#elementor-action%3Aaction%3Dlightbox%26settings%3DeyJpZCI6NzAyNjAsInVybCI6Imh0dHBzOlwvXC93d3cubGljaGVuLnBsXC93cC1jb250ZW50XC91cGxvYWRzXC8yMDI0XC8wNlwvbHljaGVuXzAxNjYuanBnIiwic2xpZGVzaG93IjoiNzM4YWNlMCJ9\">\n\t\t\t\t\t<div class=\"e-gallery-image elementor-gallery-item__image\" data-thumbnail=\"https:\/\/www.lichen.pl\/wp-content\/uploads\/2024\/06\/lychen_0166-150x150.jpg\" data-width=\"150\" data-height=\"150\" aria-label=\"\" role=\"img\" ><\/div>\n\t\t\t\t\t\t\t\t\t\t\t<div class=\"elementor-gallery-item__overlay\"><\/div>\n\t\t\t\t\t\t\t\t\t\t\t\t\t\t<\/a>\n\t\t\t\t\t\t\t<a class=\"e-gallery-item elementor-gallery-item elementor-animated-content\" data-e-gallery-tags=\"5\" href=\"https:\/\/www.lichen.pl\/wp-content\/uploads\/2024\/06\/lychen_0169.jpg\" data-elementor-open-lightbox=\"yes\" data-elementor-lightbox-slideshow=\"738ace0\" data-elementor-lightbox-title=\"lychen_0169\" data-e-action-hash=\"#elementor-action%3Aaction%3Dlightbox%26settings%3DeyJpZCI6NzAyNjEsInVybCI6Imh0dHBzOlwvXC93d3cubGljaGVuLnBsXC93cC1jb250ZW50XC91cGxvYWRzXC8yMDI0XC8wNlwvbHljaGVuXzAxNjkuanBnIiwic2xpZGVzaG93IjoiNzM4YWNlMCJ9\">\n\t\t\t\t\t<div class=\"e-gallery-image elementor-gallery-item__image\" data-thumbnail=\"https:\/\/www.lichen.pl\/wp-content\/uploads\/2024\/06\/lychen_0169-150x150.jpg\" data-width=\"150\" data-height=\"150\" aria-label=\"\" role=\"img\" ><\/div>\n\t\t\t\t\t\t\t\t\t\t\t<div class=\"elementor-gallery-item__overlay\"><\/div>\n\t\t\t\t\t\t\t\t\t\t\t\t\t\t<\/a>\n\t\t\t\t\t\t\t<a class=\"e-gallery-item elementor-gallery-item elementor-animated-content\" data-e-gallery-tags=\"5\" href=\"https:\/\/www.lichen.pl\/wp-content\/uploads\/2024\/06\/lychen_0177.jpg\" data-elementor-open-lightbox=\"yes\" data-elementor-lightbox-slideshow=\"738ace0\" data-elementor-lightbox-title=\"lychen_0177\" data-e-action-hash=\"#elementor-action%3Aaction%3Dlightbox%26settings%3DeyJpZCI6NzAyNjIsInVybCI6Imh0dHBzOlwvXC93d3cubGljaGVuLnBsXC93cC1jb250ZW50XC91cGxvYWRzXC8yMDI0XC8wNlwvbHljaGVuXzAxNzcuanBnIiwic2xpZGVzaG93IjoiNzM4YWNlMCJ9\">\n\t\t\t\t\t<div class=\"e-gallery-image elementor-gallery-item__image\" data-thumbnail=\"https:\/\/www.lichen.pl\/wp-content\/uploads\/2024\/06\/lychen_0177-150x150.jpg\" data-width=\"150\" data-height=\"150\" aria-label=\"\" role=\"img\" ><\/div>\n\t\t\t\t\t\t\t\t\t\t\t<div class=\"elementor-gallery-item__overlay\"><\/div>\n\t\t\t\t\t\t\t\t\t\t\t\t\t\t<\/a>\n\t\t\t\t\t\t\t<a class=\"e-gallery-item elementor-gallery-item elementor-animated-content\" data-e-gallery-tags=\"6\" href=\"https:\/\/www.lichen.pl\/wp-content\/uploads\/2024\/06\/marsz-plakat-e1717663576462.jpg\" data-elementor-open-lightbox=\"yes\" data-elementor-lightbox-slideshow=\"738ace0\" data-elementor-lightbox-title=\"marsz plakat\" data-e-action-hash=\"#elementor-action%3Aaction%3Dlightbox%26settings%3DeyJpZCI6NzAwNTcsInVybCI6Imh0dHBzOlwvXC93d3cubGljaGVuLnBsXC93cC1jb250ZW50XC91cGxvYWRzXC8yMDI0XC8wNlwvbWFyc3otcGxha2F0LWUxNzE3NjYzNTc2NDYyLmpwZyIsInNsaWRlc2hvdyI6IjczOGFjZTAifQ%3D%3D\">\n\t\t\t\t\t<div class=\"e-gallery-image elementor-gallery-item__image\" data-thumbnail=\"https:\/\/www.lichen.pl\/wp-content\/uploads\/2024\/06\/marsz-plakat-e1717663576462-150x150.jpg\" data-width=\"150\" data-height=\"150\" aria-label=\"\" role=\"img\" ><\/div>\n\t\t\t\t\t\t\t\t\t\t\t<div class=\"elementor-gallery-item__overlay\"><\/div>\n\t\t\t\t\t\t\t\t\t\t\t\t\t\t<\/a>\n\t\t\t\t\t\t\t<a class=\"e-gallery-item elementor-gallery-item elementor-animated-content\" data-e-gallery-tags=\"6\" href=\"https:\/\/www.lichen.pl\/wp-content\/uploads\/2024\/06\/Marsz-dla-zycia-i-rodziny-w-sanktuarium-Matki-Bozej-Lichenskiej-1.jpg\" data-elementor-open-lightbox=\"yes\" data-elementor-lightbox-slideshow=\"738ace0\" data-elementor-lightbox-title=\"Marsz dla \u017cycia i rodziny w sanktuarium Matki Bo\u017cej Liche\u0144skiej (1)\" data-e-action-hash=\"#elementor-action%3Aaction%3Dlightbox%26settings%3DeyJpZCI6NzAyODMsInVybCI6Imh0dHBzOlwvXC93d3cubGljaGVuLnBsXC93cC1jb250ZW50XC91cGxvYWRzXC8yMDI0XC8wNlwvTWFyc3otZGxhLXp5Y2lhLWktcm9kemlueS13LXNhbmt0dWFyaXVtLU1hdGtpLUJvemVqLUxpY2hlbnNraWVqLTEuanBnIiwic2xpZGVzaG93IjoiNzM4YWNlMCJ9\">\n\t\t\t\t\t<div class=\"e-gallery-image elementor-gallery-item__image\" data-thumbnail=\"https:\/\/www.lichen.pl\/wp-content\/uploads\/2024\/06\/Marsz-dla-zycia-i-rodziny-w-sanktuarium-Matki-Bozej-Lichenskiej-1-150x150.jpg\" data-width=\"150\" data-height=\"150\" aria-label=\"\" role=\"img\" ><\/div>\n\t\t\t\t\t\t\t\t\t\t\t<div class=\"elementor-gallery-item__overlay\"><\/div>\n\t\t\t\t\t\t\t\t\t\t\t\t\t\t<\/a>\n\t\t\t\t\t\t\t<a class=\"e-gallery-item elementor-gallery-item elementor-animated-content\" data-e-gallery-tags=\"6\" href=\"https:\/\/www.lichen.pl\/wp-content\/uploads\/2024\/06\/Marsz-dla-zycia-i-rodziny-w-sanktuarium-Matki-Bozej-Lichenskiej-2.jpg\" data-elementor-open-lightbox=\"yes\" data-elementor-lightbox-slideshow=\"738ace0\" data-elementor-lightbox-title=\"Marsz dla \u017cycia i rodziny w sanktuarium Matki Bo\u017cej Liche\u0144skiej (2)\" data-e-action-hash=\"#elementor-action%3Aaction%3Dlightbox%26settings%3DeyJpZCI6NzAyODUsInVybCI6Imh0dHBzOlwvXC93d3cubGljaGVuLnBsXC93cC1jb250ZW50XC91cGxvYWRzXC8yMDI0XC8wNlwvTWFyc3otZGxhLXp5Y2lhLWktcm9kemlueS13LXNhbmt0dWFyaXVtLU1hdGtpLUJvemVqLUxpY2hlbnNraWVqLTIuanBnIiwic2xpZGVzaG93IjoiNzM4YWNlMCJ9\">\n\t\t\t\t\t<div class=\"e-gallery-image elementor-gallery-item__image\" data-thumbnail=\"https:\/\/www.lichen.pl\/wp-content\/uploads\/2024\/06\/Marsz-dla-zycia-i-rodziny-w-sanktuarium-Matki-Bozej-Lichenskiej-2-150x150.jpg\" data-width=\"150\" data-height=\"150\" aria-label=\"\" role=\"img\" ><\/div>\n\t\t\t\t\t\t\t\t\t\t\t<div class=\"elementor-gallery-item__overlay\"><\/div>\n\t\t\t\t\t\t\t\t\t\t\t\t\t\t<\/a>\n\t\t\t\t\t\t\t<a class=\"e-gallery-item elementor-gallery-item elementor-animated-content\" data-e-gallery-tags=\"6\" href=\"https:\/\/www.lichen.pl\/wp-content\/uploads\/2024\/06\/Marsz-dla-zycia-i-rodziny-w-sanktuarium-Matki-Bozej-Lichenskiej-3.jpg\" data-elementor-open-lightbox=\"yes\" data-elementor-lightbox-slideshow=\"738ace0\" data-elementor-lightbox-title=\"Marsz dla \u017cycia i rodziny w sanktuarium Matki Bo\u017cej Liche\u0144skiej (3)\" data-e-action-hash=\"#elementor-action%3Aaction%3Dlightbox%26settings%3DeyJpZCI6NzAyODYsInVybCI6Imh0dHBzOlwvXC93d3cubGljaGVuLnBsXC93cC1jb250ZW50XC91cGxvYWRzXC8yMDI0XC8wNlwvTWFyc3otZGxhLXp5Y2lhLWktcm9kemlueS13LXNhbmt0dWFyaXVtLU1hdGtpLUJvemVqLUxpY2hlbnNraWVqLTMuanBnIiwic2xpZGVzaG93IjoiNzM4YWNlMCJ9\">\n\t\t\t\t\t<div class=\"e-gallery-image elementor-gallery-item__image\" data-thumbnail=\"https:\/\/www.lichen.pl\/wp-content\/uploads\/2024\/06\/Marsz-dla-zycia-i-rodziny-w-sanktuarium-Matki-Bozej-Lichenskiej-3-150x150.jpg\" data-width=\"150\" data-height=\"150\" aria-label=\"\" role=\"img\" ><\/div>\n\t\t\t\t\t\t\t\t\t\t\t<div class=\"elementor-gallery-item__overlay\"><\/div>\n\t\t\t\t\t\t\t\t\t\t\t\t\t\t<\/a>\n\t\t\t\t\t\t\t<a class=\"e-gallery-item elementor-gallery-item elementor-animated-content\" data-e-gallery-tags=\"6\" href=\"https:\/\/www.lichen.pl\/wp-content\/uploads\/2024\/06\/Marsz-dla-zycia-i-rodziny-w-sanktuarium-Matki-Bozej-Lichenskiej-4.jpg\" data-elementor-open-lightbox=\"yes\" data-elementor-lightbox-slideshow=\"738ace0\" data-elementor-lightbox-title=\"Marsz dla \u017cycia i rodziny w sanktuarium Matki Bo\u017cej Liche\u0144skiej (4)\" data-e-action-hash=\"#elementor-action%3Aaction%3Dlightbox%26settings%3DeyJpZCI6NzAyODcsInVybCI6Imh0dHBzOlwvXC93d3cubGljaGVuLnBsXC93cC1jb250ZW50XC91cGxvYWRzXC8yMDI0XC8wNlwvTWFyc3otZGxhLXp5Y2lhLWktcm9kemlueS13LXNhbmt0dWFyaXVtLU1hdGtpLUJvemVqLUxpY2hlbnNraWVqLTQuanBnIiwic2xpZGVzaG93IjoiNzM4YWNlMCJ9\">\n\t\t\t\t\t<div class=\"e-gallery-image elementor-gallery-item__image\" data-thumbnail=\"https:\/\/www.lichen.pl\/wp-content\/uploads\/2024\/06\/Marsz-dla-zycia-i-rodziny-w-sanktuarium-Matki-Bozej-Lichenskiej-4-150x150.jpg\" data-width=\"150\" data-height=\"150\" aria-label=\"\" role=\"img\" ><\/div>\n\t\t\t\t\t\t\t\t\t\t\t<div class=\"elementor-gallery-item__overlay\"><\/div>\n\t\t\t\t\t\t\t\t\t\t\t\t\t\t<\/a>\n\t\t\t\t\t\t\t<a class=\"e-gallery-item elementor-gallery-item elementor-animated-content\" data-e-gallery-tags=\"6\" href=\"https:\/\/www.lichen.pl\/wp-content\/uploads\/2024\/06\/Marsz-dla-zycia-i-rodziny-w-sanktuarium-Matki-Bozej-Lichenskiej-5.jpg\" data-elementor-open-lightbox=\"yes\" data-elementor-lightbox-slideshow=\"738ace0\" data-elementor-lightbox-title=\"Marsz dla \u017cycia i rodziny w sanktuarium Matki Bo\u017cej Liche\u0144skiej (5)\" data-e-action-hash=\"#elementor-action%3Aaction%3Dlightbox%26settings%3DeyJpZCI6NzAyODgsInVybCI6Imh0dHBzOlwvXC93d3cubGljaGVuLnBsXC93cC1jb250ZW50XC91cGxvYWRzXC8yMDI0XC8wNlwvTWFyc3otZGxhLXp5Y2lhLWktcm9kemlueS13LXNhbmt0dWFyaXVtLU1hdGtpLUJvemVqLUxpY2hlbnNraWVqLTUuanBnIiwic2xpZGVzaG93IjoiNzM4YWNlMCJ9\">\n\t\t\t\t\t<div class=\"e-gallery-image elementor-gallery-item__image\" data-thumbnail=\"https:\/\/www.lichen.pl\/wp-content\/uploads\/2024\/06\/Marsz-dla-zycia-i-rodziny-w-sanktuarium-Matki-Bozej-Lichenskiej-5-150x150.jpg\" data-width=\"150\" data-height=\"150\" aria-label=\"\" role=\"img\" ><\/div>\n\t\t\t\t\t\t\t\t\t\t\t<div class=\"elementor-gallery-item__overlay\"><\/div>\n\t\t\t\t\t\t\t\t\t\t\t\t\t\t<\/a>\n\t\t\t\t\t\t\t<a class=\"e-gallery-item elementor-gallery-item elementor-animated-content\" data-e-gallery-tags=\"6\" href=\"https:\/\/www.lichen.pl\/wp-content\/uploads\/2024\/06\/Marsz-dla-zycia-i-rodziny-w-sanktuarium-Matki-Bozej-Lichenskiej-6.jpg\" data-elementor-open-lightbox=\"yes\" data-elementor-lightbox-slideshow=\"738ace0\" data-elementor-lightbox-title=\"Marsz dla \u017cycia i rodziny w sanktuarium Matki Bo\u017cej Liche\u0144skiej (6)\" data-e-action-hash=\"#elementor-action%3Aaction%3Dlightbox%26settings%3DeyJpZCI6NzAyODksInVybCI6Imh0dHBzOlwvXC93d3cubGljaGVuLnBsXC93cC1jb250ZW50XC91cGxvYWRzXC8yMDI0XC8wNlwvTWFyc3otZGxhLXp5Y2lhLWktcm9kemlueS13LXNhbmt0dWFyaXVtLU1hdGtpLUJvemVqLUxpY2hlbnNraWVqLTYuanBnIiwic2xpZGVzaG93IjoiNzM4YWNlMCJ9\">\n\t\t\t\t\t<div class=\"e-gallery-image elementor-gallery-item__image\" data-thumbnail=\"https:\/\/www.lichen.pl\/wp-content\/uploads\/2024\/06\/Marsz-dla-zycia-i-rodziny-w-sanktuarium-Matki-Bozej-Lichenskiej-6-150x150.jpg\" data-width=\"150\" data-height=\"150\" aria-label=\"\" role=\"img\" ><\/div>\n\t\t\t\t\t\t\t\t\t\t\t<div class=\"elementor-gallery-item__overlay\"><\/div>\n\t\t\t\t\t\t\t\t\t\t\t\t\t\t<\/a>\n\t\t\t\t\t\t\t<a class=\"e-gallery-item elementor-gallery-item elementor-animated-content\" data-e-gallery-tags=\"6\" href=\"https:\/\/www.lichen.pl\/wp-content\/uploads\/2024\/06\/Marsz-dla-zycia-i-rodziny-w-sanktuarium-Matki-Bozej-Lichenskiej-7.jpg\" data-elementor-open-lightbox=\"yes\" data-elementor-lightbox-slideshow=\"738ace0\" data-elementor-lightbox-title=\"Marsz dla \u017cycia i rodziny w sanktuarium Matki Bo\u017cej Liche\u0144skiej (7)\" data-e-action-hash=\"#elementor-action%3Aaction%3Dlightbox%26settings%3DeyJpZCI6NzAyOTAsInVybCI6Imh0dHBzOlwvXC93d3cubGljaGVuLnBsXC93cC1jb250ZW50XC91cGxvYWRzXC8yMDI0XC8wNlwvTWFyc3otZGxhLXp5Y2lhLWktcm9kemlueS13LXNhbmt0dWFyaXVtLU1hdGtpLUJvemVqLUxpY2hlbnNraWVqLTcuanBnIiwic2xpZGVzaG93IjoiNzM4YWNlMCJ9\">\n\t\t\t\t\t<div class=\"e-gallery-image elementor-gallery-item__image\" data-thumbnail=\"https:\/\/www.lichen.pl\/wp-content\/uploads\/2024\/06\/Marsz-dla-zycia-i-rodziny-w-sanktuarium-Matki-Bozej-Lichenskiej-7-150x150.jpg\" data-width=\"150\" data-height=\"150\" aria-label=\"\" role=\"img\" ><\/div>\n\t\t\t\t\t\t\t\t\t\t\t<div class=\"elementor-gallery-item__overlay\"><\/div>\n\t\t\t\t\t\t\t\t\t\t\t\t\t\t<\/a>\n\t\t\t\t\t\t\t<a class=\"e-gallery-item elementor-gallery-item elementor-animated-content\" data-e-gallery-tags=\"6\" href=\"https:\/\/www.lichen.pl\/wp-content\/uploads\/2024\/06\/Marsz-dla-zycia-i-rodziny-w-sanktuarium-Matki-Bozej-Lichenskiej-8.jpg\" data-elementor-open-lightbox=\"yes\" data-elementor-lightbox-slideshow=\"738ace0\" data-elementor-lightbox-title=\"Marsz dla \u017cycia i rodziny w sanktuarium Matki Bo\u017cej Liche\u0144skiej (8)\" data-e-action-hash=\"#elementor-action%3Aaction%3Dlightbox%26settings%3DeyJpZCI6NzAyOTEsInVybCI6Imh0dHBzOlwvXC93d3cubGljaGVuLnBsXC93cC1jb250ZW50XC91cGxvYWRzXC8yMDI0XC8wNlwvTWFyc3otZGxhLXp5Y2lhLWktcm9kemlueS13LXNhbmt0dWFyaXVtLU1hdGtpLUJvemVqLUxpY2hlbnNraWVqLTguanBnIiwic2xpZGVzaG93IjoiNzM4YWNlMCJ9\">\n\t\t\t\t\t<div class=\"e-gallery-image elementor-gallery-item__image\" data-thumbnail=\"https:\/\/www.lichen.pl\/wp-content\/uploads\/2024\/06\/Marsz-dla-zycia-i-rodziny-w-sanktuarium-Matki-Bozej-Lichenskiej-8-150x150.jpg\" data-width=\"150\" data-height=\"150\" aria-label=\"\" role=\"img\" ><\/div>\n\t\t\t\t\t\t\t\t\t\t\t<div class=\"elementor-gallery-item__overlay\"><\/div>\n\t\t\t\t\t\t\t\t\t\t\t\t\t\t<\/a>\n\t\t\t\t\t\t\t<a class=\"e-gallery-item elementor-gallery-item elementor-animated-content\" data-e-gallery-tags=\"6\" href=\"https:\/\/www.lichen.pl\/wp-content\/uploads\/2024\/06\/Marsz-dla-zycia-i-rodziny-w-sanktuarium-Matki-Bozej-Lichenskiej-9.jpg\" data-elementor-open-lightbox=\"yes\" data-elementor-lightbox-slideshow=\"738ace0\" data-elementor-lightbox-title=\"Marsz dla \u017cycia i rodziny w sanktuarium Matki Bo\u017cej Liche\u0144skiej (9)\" data-e-action-hash=\"#elementor-action%3Aaction%3Dlightbox%26settings%3DeyJpZCI6NzAyOTIsInVybCI6Imh0dHBzOlwvXC93d3cubGljaGVuLnBsXC93cC1jb250ZW50XC91cGxvYWRzXC8yMDI0XC8wNlwvTWFyc3otZGxhLXp5Y2lhLWktcm9kemlueS13LXNhbmt0dWFyaXVtLU1hdGtpLUJvemVqLUxpY2hlbnNraWVqLTkuanBnIiwic2xpZGVzaG93IjoiNzM4YWNlMCJ9\">\n\t\t\t\t\t<div class=\"e-gallery-image elementor-gallery-item__image\" data-thumbnail=\"https:\/\/www.lichen.pl\/wp-content\/uploads\/2024\/06\/Marsz-dla-zycia-i-rodziny-w-sanktuarium-Matki-Bozej-Lichenskiej-9-150x150.jpg\" data-width=\"150\" data-height=\"150\" aria-label=\"\" role=\"img\" ><\/div>\n\t\t\t\t\t\t\t\t\t\t\t<div class=\"elementor-gallery-item__overlay\"><\/div>\n\t\t\t\t\t\t\t\t\t\t\t\t\t\t<\/a>\n\t\t\t\t\t\t\t<a class=\"e-gallery-item elementor-gallery-item elementor-animated-content\" data-e-gallery-tags=\"6\" href=\"https:\/\/www.lichen.pl\/wp-content\/uploads\/2024\/06\/Marsz-dla-zycia-i-rodziny-w-sanktuarium-Matki-Bozej-Lichenskiej-11.jpg\" data-elementor-open-lightbox=\"yes\" data-elementor-lightbox-slideshow=\"738ace0\" data-elementor-lightbox-title=\"Marsz dla \u017cycia i rodziny w sanktuarium Matki Bo\u017cej Liche\u0144skiej (11)\" data-e-action-hash=\"#elementor-action%3Aaction%3Dlightbox%26settings%3DeyJpZCI6NzAyOTQsInVybCI6Imh0dHBzOlwvXC93d3cubGljaGVuLnBsXC93cC1jb250ZW50XC91cGxvYWRzXC8yMDI0XC8wNlwvTWFyc3otZGxhLXp5Y2lhLWktcm9kemlueS13LXNhbmt0dWFyaXVtLU1hdGtpLUJvemVqLUxpY2hlbnNraWVqLTExLmpwZyIsInNsaWRlc2hvdyI6IjczOGFjZTAifQ%3D%3D\">\n\t\t\t\t\t<div class=\"e-gallery-image elementor-gallery-item__image\" data-thumbnail=\"https:\/\/www.lichen.pl\/wp-content\/uploads\/2024\/06\/Marsz-dla-zycia-i-rodziny-w-sanktuarium-Matki-Bozej-Lichenskiej-11-150x150.jpg\" data-width=\"150\" data-height=\"150\" aria-label=\"\" role=\"img\" ><\/div>\n\t\t\t\t\t\t\t\t\t\t\t<div class=\"elementor-gallery-item__overlay\"><\/div>\n\t\t\t\t\t\t\t\t\t\t\t\t\t\t<\/a>\n\t\t\t\t\t\t\t<a class=\"e-gallery-item elementor-gallery-item elementor-animated-content\" data-e-gallery-tags=\"6\" href=\"https:\/\/www.lichen.pl\/wp-content\/uploads\/2024\/06\/Marsz-dla-zycia-i-rodziny-w-sanktuarium-Matki-Bozej-Lichenskiej-10.jpg\" data-elementor-open-lightbox=\"yes\" data-elementor-lightbox-slideshow=\"738ace0\" data-elementor-lightbox-title=\"Marsz dla \u017cycia i rodziny w sanktuarium Matki Bo\u017cej Liche\u0144skiej (10)\" data-e-action-hash=\"#elementor-action%3Aaction%3Dlightbox%26settings%3DeyJpZCI6NzAyOTMsInVybCI6Imh0dHBzOlwvXC93d3cubGljaGVuLnBsXC93cC1jb250ZW50XC91cGxvYWRzXC8yMDI0XC8wNlwvTWFyc3otZGxhLXp5Y2lhLWktcm9kemlueS13LXNhbmt0dWFyaXVtLU1hdGtpLUJvemVqLUxpY2hlbnNraWVqLTEwLmpwZyIsInNsaWRlc2hvdyI6IjczOGFjZTAifQ%3D%3D\">\n\t\t\t\t\t<div class=\"e-gallery-image elementor-gallery-item__image\" data-thumbnail=\"https:\/\/www.lichen.pl\/wp-content\/uploads\/2024\/06\/Marsz-dla-zycia-i-rodziny-w-sanktuarium-Matki-Bozej-Lichenskiej-10-150x150.jpg\" data-width=\"150\" data-height=\"150\" aria-label=\"\" role=\"img\" ><\/div>\n\t\t\t\t\t\t\t\t\t\t\t<div class=\"elementor-gallery-item__overlay\"><\/div>\n\t\t\t\t\t\t\t\t\t\t\t\t\t\t<\/a>\n\t\t\t\t\t\t\t<a class=\"e-gallery-item elementor-gallery-item elementor-animated-content\" data-e-gallery-tags=\"6\" href=\"https:\/\/www.lichen.pl\/wp-content\/uploads\/2024\/06\/Marsz-dla-zycia-i-rodziny-w-sanktuarium-Matki-Bozej-Lichenskiej-12.jpg\" data-elementor-open-lightbox=\"yes\" data-elementor-lightbox-slideshow=\"738ace0\" data-elementor-lightbox-title=\"Marsz dla \u017cycia i rodziny w sanktuarium Matki Bo\u017cej Liche\u0144skiej (12)\" data-e-action-hash=\"#elementor-action%3Aaction%3Dlightbox%26settings%3DeyJpZCI6NzAyOTUsInVybCI6Imh0dHBzOlwvXC93d3cubGljaGVuLnBsXC93cC1jb250ZW50XC91cGxvYWRzXC8yMDI0XC8wNlwvTWFyc3otZGxhLXp5Y2lhLWktcm9kemlueS13LXNhbmt0dWFyaXVtLU1hdGtpLUJvemVqLUxpY2hlbnNraWVqLTEyLmpwZyIsInNsaWRlc2hvdyI6IjczOGFjZTAifQ%3D%3D\">\n\t\t\t\t\t<div class=\"e-gallery-image elementor-gallery-item__image\" data-thumbnail=\"https:\/\/www.lichen.pl\/wp-content\/uploads\/2024\/06\/Marsz-dla-zycia-i-rodziny-w-sanktuarium-Matki-Bozej-Lichenskiej-12-150x150.jpg\" data-width=\"150\" data-height=\"150\" aria-label=\"\" role=\"img\" ><\/div>\n\t\t\t\t\t\t\t\t\t\t\t<div class=\"elementor-gallery-item__overlay\"><\/div>\n\t\t\t\t\t\t\t\t\t\t\t\t\t\t<\/a>\n\t\t\t\t\t\t\t<a class=\"e-gallery-item elementor-gallery-item elementor-animated-content\" data-e-gallery-tags=\"6\" href=\"https:\/\/www.lichen.pl\/wp-content\/uploads\/2024\/06\/Marsz-dla-zycia-i-rodziny-w-sanktuarium-Matki-Bozej-Lichenskiej-13.jpg\" data-elementor-open-lightbox=\"yes\" data-elementor-lightbox-slideshow=\"738ace0\" data-elementor-lightbox-title=\"Marsz dla \u017cycia i rodziny w sanktuarium Matki Bo\u017cej Liche\u0144skiej (13)\" data-e-action-hash=\"#elementor-action%3Aaction%3Dlightbox%26settings%3DeyJpZCI6NzAyOTYsInVybCI6Imh0dHBzOlwvXC93d3cubGljaGVuLnBsXC93cC1jb250ZW50XC91cGxvYWRzXC8yMDI0XC8wNlwvTWFyc3otZGxhLXp5Y2lhLWktcm9kemlueS13LXNhbmt0dWFyaXVtLU1hdGtpLUJvemVqLUxpY2hlbnNraWVqLTEzLmpwZyIsInNsaWRlc2hvdyI6IjczOGFjZTAifQ%3D%3D\">\n\t\t\t\t\t<div class=\"e-gallery-image elementor-gallery-item__image\" data-thumbnail=\"https:\/\/www.lichen.pl\/wp-content\/uploads\/2024\/06\/Marsz-dla-zycia-i-rodziny-w-sanktuarium-Matki-Bozej-Lichenskiej-13-150x150.jpg\" data-width=\"150\" data-height=\"150\" aria-label=\"\" role=\"img\" ><\/div>\n\t\t\t\t\t\t\t\t\t\t\t<div class=\"elementor-gallery-item__overlay\"><\/div>\n\t\t\t\t\t\t\t\t\t\t\t\t\t\t<\/a>\n\t\t\t\t\t\t\t<a class=\"e-gallery-item elementor-gallery-item elementor-animated-content\" data-e-gallery-tags=\"6\" href=\"https:\/\/www.lichen.pl\/wp-content\/uploads\/2024\/06\/Marsz-dla-zycia-i-rodziny-w-sanktuarium-Matki-Bozej-Lichenskiej-14.jpg\" data-elementor-open-lightbox=\"yes\" data-elementor-lightbox-slideshow=\"738ace0\" data-elementor-lightbox-title=\"Marsz dla \u017cycia i rodziny w sanktuarium Matki Bo\u017cej Liche\u0144skiej (14)\" data-e-action-hash=\"#elementor-action%3Aaction%3Dlightbox%26settings%3DeyJpZCI6NzAyOTcsInVybCI6Imh0dHBzOlwvXC93d3cubGljaGVuLnBsXC93cC1jb250ZW50XC91cGxvYWRzXC8yMDI0XC8wNlwvTWFyc3otZGxhLXp5Y2lhLWktcm9kemlueS13LXNhbmt0dWFyaXVtLU1hdGtpLUJvemVqLUxpY2hlbnNraWVqLTE0LmpwZyIsInNsaWRlc2hvdyI6IjczOGFjZTAifQ%3D%3D\">\n\t\t\t\t\t<div class=\"e-gallery-image elementor-gallery-item__image\" data-thumbnail=\"https:\/\/www.lichen.pl\/wp-content\/uploads\/2024\/06\/Marsz-dla-zycia-i-rodziny-w-sanktuarium-Matki-Bozej-Lichenskiej-14-150x150.jpg\" data-width=\"150\" data-height=\"150\" aria-label=\"\" role=\"img\" ><\/div>\n\t\t\t\t\t\t\t\t\t\t\t<div class=\"elementor-gallery-item__overlay\"><\/div>\n\t\t\t\t\t\t\t\t\t\t\t\t\t\t<\/a>\n\t\t\t\t\t\t\t<a class=\"e-gallery-item elementor-gallery-item elementor-animated-content\" data-e-gallery-tags=\"6\" href=\"https:\/\/www.lichen.pl\/wp-content\/uploads\/2024\/06\/Marsz-dla-zycia-i-rodziny-w-sanktuarium-Matki-Bozej-Lichenskiej-15.jpg\" data-elementor-open-lightbox=\"yes\" data-elementor-lightbox-slideshow=\"738ace0\" data-elementor-lightbox-title=\"Marsz dla \u017cycia i rodziny w sanktuarium Matki Bo\u017cej Liche\u0144skiej (15)\" data-e-action-hash=\"#elementor-action%3Aaction%3Dlightbox%26settings%3DeyJpZCI6NzAyOTgsInVybCI6Imh0dHBzOlwvXC93d3cubGljaGVuLnBsXC93cC1jb250ZW50XC91cGxvYWRzXC8yMDI0XC8wNlwvTWFyc3otZGxhLXp5Y2lhLWktcm9kemlueS13LXNhbmt0dWFyaXVtLU1hdGtpLUJvemVqLUxpY2hlbnNraWVqLTE1LmpwZyIsInNsaWRlc2hvdyI6IjczOGFjZTAifQ%3D%3D\">\n\t\t\t\t\t<div class=\"e-gallery-image elementor-gallery-item__image\" data-thumbnail=\"https:\/\/www.lichen.pl\/wp-content\/uploads\/2024\/06\/Marsz-dla-zycia-i-rodziny-w-sanktuarium-Matki-Bozej-Lichenskiej-15-150x150.jpg\" data-width=\"150\" data-height=\"150\" aria-label=\"\" role=\"img\" ><\/div>\n\t\t\t\t\t\t\t\t\t\t\t<div class=\"elementor-gallery-item__overlay\"><\/div>\n\t\t\t\t\t\t\t\t\t\t\t\t\t\t<\/a>\n\t\t\t\t\t\t\t<a class=\"e-gallery-item elementor-gallery-item elementor-animated-content\" data-e-gallery-tags=\"6\" href=\"https:\/\/www.lichen.pl\/wp-content\/uploads\/2024\/06\/Marsz-dla-zycia-i-rodziny-w-sanktuarium-Matki-Bozej-Lichenskiej-16.jpg\" data-elementor-open-lightbox=\"yes\" data-elementor-lightbox-slideshow=\"738ace0\" data-elementor-lightbox-title=\"Marsz dla \u017cycia i rodziny w sanktuarium Matki Bo\u017cej Liche\u0144skiej (16)\" data-e-action-hash=\"#elementor-action%3Aaction%3Dlightbox%26settings%3DeyJpZCI6NzAyOTksInVybCI6Imh0dHBzOlwvXC93d3cubGljaGVuLnBsXC93cC1jb250ZW50XC91cGxvYWRzXC8yMDI0XC8wNlwvTWFyc3otZGxhLXp5Y2lhLWktcm9kemlueS13LXNhbmt0dWFyaXVtLU1hdGtpLUJvemVqLUxpY2hlbnNraWVqLTE2LmpwZyIsInNsaWRlc2hvdyI6IjczOGFjZTAifQ%3D%3D\">\n\t\t\t\t\t<div class=\"e-gallery-image elementor-gallery-item__image\" data-thumbnail=\"https:\/\/www.lichen.pl\/wp-content\/uploads\/2024\/06\/Marsz-dla-zycia-i-rodziny-w-sanktuarium-Matki-Bozej-Lichenskiej-16-150x150.jpg\" data-width=\"150\" data-height=\"150\" aria-label=\"\" role=\"img\" ><\/div>\n\t\t\t\t\t\t\t\t\t\t\t<div class=\"elementor-gallery-item__overlay\"><\/div>\n\t\t\t\t\t\t\t\t\t\t\t\t\t\t<\/a>\n\t\t\t\t\t\t\t<a class=\"e-gallery-item elementor-gallery-item elementor-animated-content\" data-e-gallery-tags=\"6\" href=\"https:\/\/www.lichen.pl\/wp-content\/uploads\/2024\/06\/Marsz-dla-zycia-i-rodziny-w-sanktuarium-Matki-Bozej-Lichenskiej-17.jpg\" data-elementor-open-lightbox=\"yes\" data-elementor-lightbox-slideshow=\"738ace0\" data-elementor-lightbox-title=\"Marsz dla \u017cycia i rodziny w sanktuarium Matki Bo\u017cej Liche\u0144skiej (17)\" data-e-action-hash=\"#elementor-action%3Aaction%3Dlightbox%26settings%3DeyJpZCI6NzAzMDAsInVybCI6Imh0dHBzOlwvXC93d3cubGljaGVuLnBsXC93cC1jb250ZW50XC91cGxvYWRzXC8yMDI0XC8wNlwvTWFyc3otZGxhLXp5Y2lhLWktcm9kemlueS13LXNhbmt0dWFyaXVtLU1hdGtpLUJvemVqLUxpY2hlbnNraWVqLTE3LmpwZyIsInNsaWRlc2hvdyI6IjczOGFjZTAifQ%3D%3D\">\n\t\t\t\t\t<div class=\"e-gallery-image elementor-gallery-item__image\" data-thumbnail=\"https:\/\/www.lichen.pl\/wp-content\/uploads\/2024\/06\/Marsz-dla-zycia-i-rodziny-w-sanktuarium-Matki-Bozej-Lichenskiej-17-150x150.jpg\" data-width=\"150\" data-height=\"150\" aria-label=\"\" role=\"img\" ><\/div>\n\t\t\t\t\t\t\t\t\t\t\t<div class=\"elementor-gallery-item__overlay\"><\/div>\n\t\t\t\t\t\t\t\t\t\t\t\t\t\t<\/a>\n\t\t\t\t\t\t\t<a class=\"e-gallery-item elementor-gallery-item elementor-animated-content\" data-e-gallery-tags=\"6\" href=\"https:\/\/www.lichen.pl\/wp-content\/uploads\/2024\/06\/Marsz-dla-zycia-i-rodziny-w-sanktuarium-Matki-Bozej-Lichenskiej-18.jpg\" data-elementor-open-lightbox=\"yes\" data-elementor-lightbox-slideshow=\"738ace0\" data-elementor-lightbox-title=\"Marsz dla \u017cycia i rodziny w sanktuarium Matki Bo\u017cej Liche\u0144skiej (18)\" data-e-action-hash=\"#elementor-action%3Aaction%3Dlightbox%26settings%3DeyJpZCI6NzAzMDEsInVybCI6Imh0dHBzOlwvXC93d3cubGljaGVuLnBsXC93cC1jb250ZW50XC91cGxvYWRzXC8yMDI0XC8wNlwvTWFyc3otZGxhLXp5Y2lhLWktcm9kemlueS13LXNhbmt0dWFyaXVtLU1hdGtpLUJvemVqLUxpY2hlbnNraWVqLTE4LmpwZyIsInNsaWRlc2hvdyI6IjczOGFjZTAifQ%3D%3D\">\n\t\t\t\t\t<div class=\"e-gallery-image elementor-gallery-item__image\" data-thumbnail=\"https:\/\/www.lichen.pl\/wp-content\/uploads\/2024\/06\/Marsz-dla-zycia-i-rodziny-w-sanktuarium-Matki-Bozej-Lichenskiej-18-150x150.jpg\" data-width=\"150\" data-height=\"150\" aria-label=\"\" role=\"img\" ><\/div>\n\t\t\t\t\t\t\t\t\t\t\t<div class=\"elementor-gallery-item__overlay\"><\/div>\n\t\t\t\t\t\t\t\t\t\t\t\t\t\t<\/a>\n\t\t\t\t\t\t\t<a class=\"e-gallery-item elementor-gallery-item elementor-animated-content\" data-e-gallery-tags=\"6\" href=\"https:\/\/www.lichen.pl\/wp-content\/uploads\/2024\/06\/Marsz-dla-zycia-i-rodziny-w-sanktuarium-Matki-Bozej-Lichenskiej-19.jpg\" data-elementor-open-lightbox=\"yes\" data-elementor-lightbox-slideshow=\"738ace0\" data-elementor-lightbox-title=\"Marsz dla \u017cycia i rodziny w sanktuarium Matki Bo\u017cej Liche\u0144skiej (19)\" data-e-action-hash=\"#elementor-action%3Aaction%3Dlightbox%26settings%3DeyJpZCI6NzAzMDIsInVybCI6Imh0dHBzOlwvXC93d3cubGljaGVuLnBsXC93cC1jb250ZW50XC91cGxvYWRzXC8yMDI0XC8wNlwvTWFyc3otZGxhLXp5Y2lhLWktcm9kemlueS13LXNhbmt0dWFyaXVtLU1hdGtpLUJvemVqLUxpY2hlbnNraWVqLTE5LmpwZyIsInNsaWRlc2hvdyI6IjczOGFjZTAifQ%3D%3D\">\n\t\t\t\t\t<div class=\"e-gallery-image elementor-gallery-item__image\" data-thumbnail=\"https:\/\/www.lichen.pl\/wp-content\/uploads\/2024\/06\/Marsz-dla-zycia-i-rodziny-w-sanktuarium-Matki-Bozej-Lichenskiej-19-150x150.jpg\" data-width=\"150\" data-height=\"150\" aria-label=\"\" role=\"img\" ><\/div>\n\t\t\t\t\t\t\t\t\t\t\t<div class=\"elementor-gallery-item__overlay\"><\/div>\n\t\t\t\t\t\t\t\t\t\t\t\t\t\t<\/a>\n\t\t\t\t\t\t\t<a class=\"e-gallery-item elementor-gallery-item elementor-animated-content\" data-e-gallery-tags=\"6\" href=\"https:\/\/www.lichen.pl\/wp-content\/uploads\/2024\/06\/Marsz-dla-zycia-i-rodziny-w-sanktuarium-Matki-Bozej-Lichenskiej-20.jpg\" data-elementor-open-lightbox=\"yes\" data-elementor-lightbox-slideshow=\"738ace0\" data-elementor-lightbox-title=\"Marsz dla \u017cycia i rodziny w sanktuarium Matki Bo\u017cej Liche\u0144skiej (20)\" data-e-action-hash=\"#elementor-action%3Aaction%3Dlightbox%26settings%3DeyJpZCI6NzAzMDMsInVybCI6Imh0dHBzOlwvXC93d3cubGljaGVuLnBsXC93cC1jb250ZW50XC91cGxvYWRzXC8yMDI0XC8wNlwvTWFyc3otZGxhLXp5Y2lhLWktcm9kemlueS13LXNhbmt0dWFyaXVtLU1hdGtpLUJvemVqLUxpY2hlbnNraWVqLTIwLmpwZyIsInNsaWRlc2hvdyI6IjczOGFjZTAifQ%3D%3D\">\n\t\t\t\t\t<div class=\"e-gallery-image elementor-gallery-item__image\" data-thumbnail=\"https:\/\/www.lichen.pl\/wp-content\/uploads\/2024\/06\/Marsz-dla-zycia-i-rodziny-w-sanktuarium-Matki-Bozej-Lichenskiej-20-150x150.jpg\" data-width=\"150\" data-height=\"150\" aria-label=\"\" role=\"img\" ><\/div>\n\t\t\t\t\t\t\t\t\t\t\t<div class=\"elementor-gallery-item__overlay\"><\/div>\n\t\t\t\t\t\t\t\t\t\t\t\t\t\t<\/a>\n\t\t\t\t\t\t\t<a class=\"e-gallery-item elementor-gallery-item elementor-animated-content\" data-e-gallery-tags=\"6\" href=\"https:\/\/www.lichen.pl\/wp-content\/uploads\/2024\/06\/Marsz-dla-zycia-i-rodziny-w-sanktuarium-Matki-Bozej-Lichenskiej-21.jpg\" data-elementor-open-lightbox=\"yes\" data-elementor-lightbox-slideshow=\"738ace0\" data-elementor-lightbox-title=\"Marsz dla \u017cycia i rodziny w sanktuarium Matki Bo\u017cej Liche\u0144skiej (21)\" data-e-action-hash=\"#elementor-action%3Aaction%3Dlightbox%26settings%3DeyJpZCI6NzAzMDQsInVybCI6Imh0dHBzOlwvXC93d3cubGljaGVuLnBsXC93cC1jb250ZW50XC91cGxvYWRzXC8yMDI0XC8wNlwvTWFyc3otZGxhLXp5Y2lhLWktcm9kemlueS13LXNhbmt0dWFyaXVtLU1hdGtpLUJvemVqLUxpY2hlbnNraWVqLTIxLmpwZyIsInNsaWRlc2hvdyI6IjczOGFjZTAifQ%3D%3D\">\n\t\t\t\t\t<div class=\"e-gallery-image elementor-gallery-item__image\" data-thumbnail=\"https:\/\/www.lichen.pl\/wp-content\/uploads\/2024\/06\/Marsz-dla-zycia-i-rodziny-w-sanktuarium-Matki-Bozej-Lichenskiej-21-150x150.jpg\" data-width=\"150\" data-height=\"150\" aria-label=\"\" role=\"img\" ><\/div>\n\t\t\t\t\t\t\t\t\t\t\t<div class=\"elementor-gallery-item__overlay\"><\/div>\n\t\t\t\t\t\t\t\t\t\t\t\t\t\t<\/a>\n\t\t\t\t\t\t\t<a class=\"e-gallery-item elementor-gallery-item elementor-animated-content\" data-e-gallery-tags=\"6\" href=\"https:\/\/www.lichen.pl\/wp-content\/uploads\/2024\/06\/Marsz-dla-zycia-i-rodziny-w-sanktuarium-Matki-Bozej-Lichenskiej-22.jpg\" data-elementor-open-lightbox=\"yes\" data-elementor-lightbox-slideshow=\"738ace0\" data-elementor-lightbox-title=\"Marsz dla \u017cycia i rodziny w sanktuarium Matki Bo\u017cej Liche\u0144skiej (22)\" data-e-action-hash=\"#elementor-action%3Aaction%3Dlightbox%26settings%3DeyJpZCI6NzAzMDUsInVybCI6Imh0dHBzOlwvXC93d3cubGljaGVuLnBsXC93cC1jb250ZW50XC91cGxvYWRzXC8yMDI0XC8wNlwvTWFyc3otZGxhLXp5Y2lhLWktcm9kemlueS13LXNhbmt0dWFyaXVtLU1hdGtpLUJvemVqLUxpY2hlbnNraWVqLTIyLmpwZyIsInNsaWRlc2hvdyI6IjczOGFjZTAifQ%3D%3D\">\n\t\t\t\t\t<div class=\"e-gallery-image elementor-gallery-item__image\" data-thumbnail=\"https:\/\/www.lichen.pl\/wp-content\/uploads\/2024\/06\/Marsz-dla-zycia-i-rodziny-w-sanktuarium-Matki-Bozej-Lichenskiej-22-150x150.jpg\" data-width=\"150\" data-height=\"150\" aria-label=\"\" role=\"img\" ><\/div>\n\t\t\t\t\t\t\t\t\t\t\t<div class=\"elementor-gallery-item__overlay\"><\/div>\n\t\t\t\t\t\t\t\t\t\t\t\t\t\t<\/a>\n\t\t\t\t\t\t\t<a class=\"e-gallery-item elementor-gallery-item elementor-animated-content\" data-e-gallery-tags=\"6\" href=\"https:\/\/www.lichen.pl\/wp-content\/uploads\/2024\/06\/Marsz-dla-zycia-i-rodziny-w-sanktuarium-Matki-Bozej-Lichenskiej-23.jpg\" data-elementor-open-lightbox=\"yes\" data-elementor-lightbox-slideshow=\"738ace0\" data-elementor-lightbox-title=\"Marsz dla \u017cycia i rodziny w sanktuarium Matki Bo\u017cej Liche\u0144skiej (23)\" data-e-action-hash=\"#elementor-action%3Aaction%3Dlightbox%26settings%3DeyJpZCI6NzAzMDYsInVybCI6Imh0dHBzOlwvXC93d3cubGljaGVuLnBsXC93cC1jb250ZW50XC91cGxvYWRzXC8yMDI0XC8wNlwvTWFyc3otZGxhLXp5Y2lhLWktcm9kemlueS13LXNhbmt0dWFyaXVtLU1hdGtpLUJvemVqLUxpY2hlbnNraWVqLTIzLmpwZyIsInNsaWRlc2hvdyI6IjczOGFjZTAifQ%3D%3D\">\n\t\t\t\t\t<div class=\"e-gallery-image elementor-gallery-item__image\" data-thumbnail=\"https:\/\/www.lichen.pl\/wp-content\/uploads\/2024\/06\/Marsz-dla-zycia-i-rodziny-w-sanktuarium-Matki-Bozej-Lichenskiej-23-150x150.jpg\" data-width=\"150\" data-height=\"150\" aria-label=\"\" role=\"img\" ><\/div>\n\t\t\t\t\t\t\t\t\t\t\t<div class=\"elementor-gallery-item__overlay\"><\/div>\n\t\t\t\t\t\t\t\t\t\t\t\t\t\t<\/a>\n\t\t\t\t\t\t\t<a class=\"e-gallery-item elementor-gallery-item elementor-animated-content\" data-e-gallery-tags=\"6\" href=\"https:\/\/www.lichen.pl\/wp-content\/uploads\/2024\/06\/Marsz-dla-zycia-i-rodziny-w-sanktuarium-Matki-Bozej-Lichenskiej-24.jpg\" data-elementor-open-lightbox=\"yes\" data-elementor-lightbox-slideshow=\"738ace0\" data-elementor-lightbox-title=\"Marsz dla \u017cycia i rodziny w sanktuarium Matki Bo\u017cej Liche\u0144skiej (24)\" data-e-action-hash=\"#elementor-action%3Aaction%3Dlightbox%26settings%3DeyJpZCI6NzAzMDcsInVybCI6Imh0dHBzOlwvXC93d3cubGljaGVuLnBsXC93cC1jb250ZW50XC91cGxvYWRzXC8yMDI0XC8wNlwvTWFyc3otZGxhLXp5Y2lhLWktcm9kemlueS13LXNhbmt0dWFyaXVtLU1hdGtpLUJvemVqLUxpY2hlbnNraWVqLTI0LmpwZyIsInNsaWRlc2hvdyI6IjczOGFjZTAifQ%3D%3D\">\n\t\t\t\t\t<div class=\"e-gallery-image elementor-gallery-item__image\" data-thumbnail=\"https:\/\/www.lichen.pl\/wp-content\/uploads\/2024\/06\/Marsz-dla-zycia-i-rodziny-w-sanktuarium-Matki-Bozej-Lichenskiej-24-150x150.jpg\" data-width=\"150\" data-height=\"150\" aria-label=\"\" role=\"img\" ><\/div>\n\t\t\t\t\t\t\t\t\t\t\t<div class=\"elementor-gallery-item__overlay\"><\/div>\n\t\t\t\t\t\t\t\t\t\t\t\t\t\t<\/a>\n\t\t\t\t\t\t\t<a class=\"e-gallery-item elementor-gallery-item elementor-animated-content\" data-e-gallery-tags=\"6\" href=\"https:\/\/www.lichen.pl\/wp-content\/uploads\/2024\/06\/Marsz-dla-zycia-i-rodziny-w-sanktuarium-Matki-Bozej-Lichenskiej-25.jpg\" data-elementor-open-lightbox=\"yes\" data-elementor-lightbox-slideshow=\"738ace0\" data-elementor-lightbox-title=\"Marsz dla \u017cycia i rodziny w sanktuarium Matki Bo\u017cej Liche\u0144skiej (25)\" data-e-action-hash=\"#elementor-action%3Aaction%3Dlightbox%26settings%3DeyJpZCI6NzAzMDgsInVybCI6Imh0dHBzOlwvXC93d3cubGljaGVuLnBsXC93cC1jb250ZW50XC91cGxvYWRzXC8yMDI0XC8wNlwvTWFyc3otZGxhLXp5Y2lhLWktcm9kemlueS13LXNhbmt0dWFyaXVtLU1hdGtpLUJvemVqLUxpY2hlbnNraWVqLTI1LmpwZyIsInNsaWRlc2hvdyI6IjczOGFjZTAifQ%3D%3D\">\n\t\t\t\t\t<div class=\"e-gallery-image elementor-gallery-item__image\" data-thumbnail=\"https:\/\/www.lichen.pl\/wp-content\/uploads\/2024\/06\/Marsz-dla-zycia-i-rodziny-w-sanktuarium-Matki-Bozej-Lichenskiej-25-150x150.jpg\" data-width=\"150\" data-height=\"150\" aria-label=\"\" role=\"img\" ><\/div>\n\t\t\t\t\t\t\t\t\t\t\t<div class=\"elementor-gallery-item__overlay\"><\/div>\n\t\t\t\t\t\t\t\t\t\t\t\t\t\t<\/a>\n\t\t\t\t\t\t\t<a class=\"e-gallery-item elementor-gallery-item elementor-animated-content\" data-e-gallery-tags=\"6\" href=\"https:\/\/www.lichen.pl\/wp-content\/uploads\/2024\/06\/Marsz-dla-zycia-i-rodziny-w-sanktuarium-Matki-Bozej-Lichenskiej-26.jpg\" data-elementor-open-lightbox=\"yes\" data-elementor-lightbox-slideshow=\"738ace0\" data-elementor-lightbox-title=\"Marsz dla \u017cycia i rodziny w sanktuarium Matki Bo\u017cej Liche\u0144skiej (26)\" data-e-action-hash=\"#elementor-action%3Aaction%3Dlightbox%26settings%3DeyJpZCI6NzAzMDksInVybCI6Imh0dHBzOlwvXC93d3cubGljaGVuLnBsXC93cC1jb250ZW50XC91cGxvYWRzXC8yMDI0XC8wNlwvTWFyc3otZGxhLXp5Y2lhLWktcm9kemlueS13LXNhbmt0dWFyaXVtLU1hdGtpLUJvemVqLUxpY2hlbnNraWVqLTI2LmpwZyIsInNsaWRlc2hvdyI6IjczOGFjZTAifQ%3D%3D\">\n\t\t\t\t\t<div class=\"e-gallery-image elementor-gallery-item__image\" data-thumbnail=\"https:\/\/www.lichen.pl\/wp-content\/uploads\/2024\/06\/Marsz-dla-zycia-i-rodziny-w-sanktuarium-Matki-Bozej-Lichenskiej-26-150x150.jpg\" data-width=\"150\" data-height=\"150\" aria-label=\"\" role=\"img\" ><\/div>\n\t\t\t\t\t\t\t\t\t\t\t<div class=\"elementor-gallery-item__overlay\"><\/div>\n\t\t\t\t\t\t\t\t\t\t\t\t\t\t<\/a>\n\t\t\t\t\t\t\t<a class=\"e-gallery-item elementor-gallery-item elementor-animated-content\" data-e-gallery-tags=\"6\" href=\"https:\/\/www.lichen.pl\/wp-content\/uploads\/2024\/06\/Marsz-dla-zycia-i-rodziny-w-sanktuarium-Matki-Bozej-Lichenskiej-27.jpg\" data-elementor-open-lightbox=\"yes\" data-elementor-lightbox-slideshow=\"738ace0\" data-elementor-lightbox-title=\"Marsz dla \u017cycia i rodziny w sanktuarium Matki Bo\u017cej Liche\u0144skiej (27)\" data-e-action-hash=\"#elementor-action%3Aaction%3Dlightbox%26settings%3DeyJpZCI6NzAzMTAsInVybCI6Imh0dHBzOlwvXC93d3cubGljaGVuLnBsXC93cC1jb250ZW50XC91cGxvYWRzXC8yMDI0XC8wNlwvTWFyc3otZGxhLXp5Y2lhLWktcm9kemlueS13LXNhbmt0dWFyaXVtLU1hdGtpLUJvemVqLUxpY2hlbnNraWVqLTI3LmpwZyIsInNsaWRlc2hvdyI6IjczOGFjZTAifQ%3D%3D\">\n\t\t\t\t\t<div class=\"e-gallery-image elementor-gallery-item__image\" data-thumbnail=\"https:\/\/www.lichen.pl\/wp-content\/uploads\/2024\/06\/Marsz-dla-zycia-i-rodziny-w-sanktuarium-Matki-Bozej-Lichenskiej-27-150x150.jpg\" data-width=\"150\" data-height=\"150\" aria-label=\"\" role=\"img\" ><\/div>\n\t\t\t\t\t\t\t\t\t\t\t<div class=\"elementor-gallery-item__overlay\"><\/div>\n\t\t\t\t\t\t\t\t\t\t\t\t\t\t<\/a>\n\t\t\t\t\t\t\t<a class=\"e-gallery-item elementor-gallery-item elementor-animated-content\" data-e-gallery-tags=\"6\" href=\"https:\/\/www.lichen.pl\/wp-content\/uploads\/2024\/06\/Marsz-dla-zycia-i-rodziny-w-sanktuarium-Matki-Bozej-Lichenskiej-28.jpg\" data-elementor-open-lightbox=\"yes\" data-elementor-lightbox-slideshow=\"738ace0\" data-elementor-lightbox-title=\"Marsz dla \u017cycia i rodziny w sanktuarium Matki Bo\u017cej Liche\u0144skiej (28)\" data-e-action-hash=\"#elementor-action%3Aaction%3Dlightbox%26settings%3DeyJpZCI6NzAzMTEsInVybCI6Imh0dHBzOlwvXC93d3cubGljaGVuLnBsXC93cC1jb250ZW50XC91cGxvYWRzXC8yMDI0XC8wNlwvTWFyc3otZGxhLXp5Y2lhLWktcm9kemlueS13LXNhbmt0dWFyaXVtLU1hdGtpLUJvemVqLUxpY2hlbnNraWVqLTI4LmpwZyIsInNsaWRlc2hvdyI6IjczOGFjZTAifQ%3D%3D\">\n\t\t\t\t\t<div class=\"e-gallery-image elementor-gallery-item__image\" data-thumbnail=\"https:\/\/www.lichen.pl\/wp-content\/uploads\/2024\/06\/Marsz-dla-zycia-i-rodziny-w-sanktuarium-Matki-Bozej-Lichenskiej-28-150x150.jpg\" data-width=\"150\" data-height=\"150\" aria-label=\"\" role=\"img\" ><\/div>\n\t\t\t\t\t\t\t\t\t\t\t<div class=\"elementor-gallery-item__overlay\"><\/div>\n\t\t\t\t\t\t\t\t\t\t\t\t\t\t<\/a>\n\t\t\t\t\t\t\t<a class=\"e-gallery-item elementor-gallery-item elementor-animated-content\" data-e-gallery-tags=\"6\" href=\"https:\/\/www.lichen.pl\/wp-content\/uploads\/2024\/06\/Marsz-dla-zycia-i-rodziny-w-sanktuarium-Matki-Bozej-Lichenskiej-29.jpg\" data-elementor-open-lightbox=\"yes\" data-elementor-lightbox-slideshow=\"738ace0\" data-elementor-lightbox-title=\"Marsz dla \u017cycia i rodziny w sanktuarium Matki Bo\u017cej Liche\u0144skiej (29)\" data-e-action-hash=\"#elementor-action%3Aaction%3Dlightbox%26settings%3DeyJpZCI6NzAzMTIsInVybCI6Imh0dHBzOlwvXC93d3cubGljaGVuLnBsXC93cC1jb250ZW50XC91cGxvYWRzXC8yMDI0XC8wNlwvTWFyc3otZGxhLXp5Y2lhLWktcm9kemlueS13LXNhbmt0dWFyaXVtLU1hdGtpLUJvemVqLUxpY2hlbnNraWVqLTI5LmpwZyIsInNsaWRlc2hvdyI6IjczOGFjZTAifQ%3D%3D\">\n\t\t\t\t\t<div class=\"e-gallery-image elementor-gallery-item__image\" data-thumbnail=\"https:\/\/www.lichen.pl\/wp-content\/uploads\/2024\/06\/Marsz-dla-zycia-i-rodziny-w-sanktuarium-Matki-Bozej-Lichenskiej-29-150x150.jpg\" data-width=\"150\" data-height=\"150\" aria-label=\"\" role=\"img\" ><\/div>\n\t\t\t\t\t\t\t\t\t\t\t<div class=\"elementor-gallery-item__overlay\"><\/div>\n\t\t\t\t\t\t\t\t\t\t\t\t\t\t<\/a>\n\t\t\t\t\t\t\t<a class=\"e-gallery-item elementor-gallery-item elementor-animated-content\" data-e-gallery-tags=\"6\" href=\"https:\/\/www.lichen.pl\/wp-content\/uploads\/2024\/06\/Marsz-dla-zycia-i-rodziny-w-sanktuarium-Matki-Bozej-Lichenskiej-30.jpg\" data-elementor-open-lightbox=\"yes\" data-elementor-lightbox-slideshow=\"738ace0\" data-elementor-lightbox-title=\"Marsz dla \u017cycia i rodziny w sanktuarium Matki Bo\u017cej Liche\u0144skiej (30)\" data-e-action-hash=\"#elementor-action%3Aaction%3Dlightbox%26settings%3DeyJpZCI6NzAzMTMsInVybCI6Imh0dHBzOlwvXC93d3cubGljaGVuLnBsXC93cC1jb250ZW50XC91cGxvYWRzXC8yMDI0XC8wNlwvTWFyc3otZGxhLXp5Y2lhLWktcm9kemlueS13LXNhbmt0dWFyaXVtLU1hdGtpLUJvemVqLUxpY2hlbnNraWVqLTMwLmpwZyIsInNsaWRlc2hvdyI6IjczOGFjZTAifQ%3D%3D\">\n\t\t\t\t\t<div class=\"e-gallery-image elementor-gallery-item__image\" data-thumbnail=\"https:\/\/www.lichen.pl\/wp-content\/uploads\/2024\/06\/Marsz-dla-zycia-i-rodziny-w-sanktuarium-Matki-Bozej-Lichenskiej-30-150x150.jpg\" data-width=\"150\" data-height=\"150\" aria-label=\"\" role=\"img\" ><\/div>\n\t\t\t\t\t\t\t\t\t\t\t<div class=\"elementor-gallery-item__overlay\"><\/div>\n\t\t\t\t\t\t\t\t\t\t\t\t\t\t<\/a>\n\t\t\t\t\t\t\t<a class=\"e-gallery-item elementor-gallery-item elementor-animated-content\" data-e-gallery-tags=\"6\" href=\"https:\/\/www.lichen.pl\/wp-content\/uploads\/2024\/06\/Marsz-dla-zycia-i-rodziny-w-sanktuarium-Matki-Bozej-Lichenskiej-31.jpg\" data-elementor-open-lightbox=\"yes\" data-elementor-lightbox-slideshow=\"738ace0\" data-elementor-lightbox-title=\"Marsz dla \u017cycia i rodziny w sanktuarium Matki Bo\u017cej Liche\u0144skiej (31)\" data-e-action-hash=\"#elementor-action%3Aaction%3Dlightbox%26settings%3DeyJpZCI6NzAzMTQsInVybCI6Imh0dHBzOlwvXC93d3cubGljaGVuLnBsXC93cC1jb250ZW50XC91cGxvYWRzXC8yMDI0XC8wNlwvTWFyc3otZGxhLXp5Y2lhLWktcm9kemlueS13LXNhbmt0dWFyaXVtLU1hdGtpLUJvemVqLUxpY2hlbnNraWVqLTMxLmpwZyIsInNsaWRlc2hvdyI6IjczOGFjZTAifQ%3D%3D\">\n\t\t\t\t\t<div class=\"e-gallery-image elementor-gallery-item__image\" data-thumbnail=\"https:\/\/www.lichen.pl\/wp-content\/uploads\/2024\/06\/Marsz-dla-zycia-i-rodziny-w-sanktuarium-Matki-Bozej-Lichenskiej-31-150x150.jpg\" data-width=\"150\" data-height=\"150\" aria-label=\"\" role=\"img\" ><\/div>\n\t\t\t\t\t\t\t\t\t\t\t<div class=\"elementor-gallery-item__overlay\"><\/div>\n\t\t\t\t\t\t\t\t\t\t\t\t\t\t<\/a>\n\t\t\t\t\t\t\t<a class=\"e-gallery-item elementor-gallery-item elementor-animated-content\" data-e-gallery-tags=\"6\" href=\"https:\/\/www.lichen.pl\/wp-content\/uploads\/2024\/06\/Marsz-dla-zycia-i-rodziny-w-sanktuarium-Matki-Bozej-Lichenskiej-32.jpg\" data-elementor-open-lightbox=\"yes\" data-elementor-lightbox-slideshow=\"738ace0\" data-elementor-lightbox-title=\"Marsz dla \u017cycia i rodziny w sanktuarium Matki Bo\u017cej Liche\u0144skiej (32)\" data-e-action-hash=\"#elementor-action%3Aaction%3Dlightbox%26settings%3DeyJpZCI6NzAzMTUsInVybCI6Imh0dHBzOlwvXC93d3cubGljaGVuLnBsXC93cC1jb250ZW50XC91cGxvYWRzXC8yMDI0XC8wNlwvTWFyc3otZGxhLXp5Y2lhLWktcm9kemlueS13LXNhbmt0dWFyaXVtLU1hdGtpLUJvemVqLUxpY2hlbnNraWVqLTMyLmpwZyIsInNsaWRlc2hvdyI6IjczOGFjZTAifQ%3D%3D\">\n\t\t\t\t\t<div class=\"e-gallery-image elementor-gallery-item__image\" data-thumbnail=\"https:\/\/www.lichen.pl\/wp-content\/uploads\/2024\/06\/Marsz-dla-zycia-i-rodziny-w-sanktuarium-Matki-Bozej-Lichenskiej-32-150x150.jpg\" data-width=\"150\" data-height=\"150\" aria-label=\"\" role=\"img\" ><\/div>\n\t\t\t\t\t\t\t\t\t\t\t<div class=\"elementor-gallery-item__overlay\"><\/div>\n\t\t\t\t\t\t\t\t\t\t\t\t\t\t<\/a>\n\t\t\t\t\t\t\t<a class=\"e-gallery-item elementor-gallery-item elementor-animated-content\" data-e-gallery-tags=\"6\" href=\"https:\/\/www.lichen.pl\/wp-content\/uploads\/2024\/06\/Marsz-dla-zycia-i-rodziny-w-sanktuarium-Matki-Bozej-Lichenskiej-33.jpg\" data-elementor-open-lightbox=\"yes\" data-elementor-lightbox-slideshow=\"738ace0\" data-elementor-lightbox-title=\"Marsz dla \u017cycia i rodziny w sanktuarium Matki Bo\u017cej Liche\u0144skiej (33)\" data-e-action-hash=\"#elementor-action%3Aaction%3Dlightbox%26settings%3DeyJpZCI6NzAzMTYsInVybCI6Imh0dHBzOlwvXC93d3cubGljaGVuLnBsXC93cC1jb250ZW50XC91cGxvYWRzXC8yMDI0XC8wNlwvTWFyc3otZGxhLXp5Y2lhLWktcm9kemlueS13LXNhbmt0dWFyaXVtLU1hdGtpLUJvemVqLUxpY2hlbnNraWVqLTMzLmpwZyIsInNsaWRlc2hvdyI6IjczOGFjZTAifQ%3D%3D\">\n\t\t\t\t\t<div class=\"e-gallery-image elementor-gallery-item__image\" data-thumbnail=\"https:\/\/www.lichen.pl\/wp-content\/uploads\/2024\/06\/Marsz-dla-zycia-i-rodziny-w-sanktuarium-Matki-Bozej-Lichenskiej-33-150x150.jpg\" data-width=\"150\" data-height=\"150\" aria-label=\"\" role=\"img\" ><\/div>\n\t\t\t\t\t\t\t\t\t\t\t<div class=\"elementor-gallery-item__overlay\"><\/div>\n\t\t\t\t\t\t\t\t\t\t\t\t\t\t<\/a>\n\t\t\t\t\t\t\t<a class=\"e-gallery-item elementor-gallery-item elementor-animated-content\" data-e-gallery-tags=\"6\" href=\"https:\/\/www.lichen.pl\/wp-content\/uploads\/2024\/06\/Marsz-dla-zycia-i-rodziny-w-sanktuarium-Matki-Bozej-Lichenskiej-34.jpg\" data-elementor-open-lightbox=\"yes\" data-elementor-lightbox-slideshow=\"738ace0\" data-elementor-lightbox-title=\"Marsz dla \u017cycia i rodziny w sanktuarium Matki Bo\u017cej Liche\u0144skiej (34)\" data-e-action-hash=\"#elementor-action%3Aaction%3Dlightbox%26settings%3DeyJpZCI6NzAzMTcsInVybCI6Imh0dHBzOlwvXC93d3cubGljaGVuLnBsXC93cC1jb250ZW50XC91cGxvYWRzXC8yMDI0XC8wNlwvTWFyc3otZGxhLXp5Y2lhLWktcm9kemlueS13LXNhbmt0dWFyaXVtLU1hdGtpLUJvemVqLUxpY2hlbnNraWVqLTM0LmpwZyIsInNsaWRlc2hvdyI6IjczOGFjZTAifQ%3D%3D\">\n\t\t\t\t\t<div class=\"e-gallery-image elementor-gallery-item__image\" data-thumbnail=\"https:\/\/www.lichen.pl\/wp-content\/uploads\/2024\/06\/Marsz-dla-zycia-i-rodziny-w-sanktuarium-Matki-Bozej-Lichenskiej-34-150x150.jpg\" data-width=\"150\" data-height=\"150\" aria-label=\"\" role=\"img\" ><\/div>\n\t\t\t\t\t\t\t\t\t\t\t<div class=\"elementor-gallery-item__overlay\"><\/div>\n\t\t\t\t\t\t\t\t\t\t\t\t\t\t<\/a>\n\t\t\t\t\t\t\t<a class=\"e-gallery-item elementor-gallery-item elementor-animated-content\" data-e-gallery-tags=\"6\" href=\"https:\/\/www.lichen.pl\/wp-content\/uploads\/2024\/06\/Marsz-dla-zycia-i-rodziny-w-sanktuarium-Matki-Bozej-Lichenskiej-35.jpg\" data-elementor-open-lightbox=\"yes\" data-elementor-lightbox-slideshow=\"738ace0\" data-elementor-lightbox-title=\"Marsz dla \u017cycia i rodziny w sanktuarium Matki Bo\u017cej Liche\u0144skiej (35)\" data-e-action-hash=\"#elementor-action%3Aaction%3Dlightbox%26settings%3DeyJpZCI6NzAzMTgsInVybCI6Imh0dHBzOlwvXC93d3cubGljaGVuLnBsXC93cC1jb250ZW50XC91cGxvYWRzXC8yMDI0XC8wNlwvTWFyc3otZGxhLXp5Y2lhLWktcm9kemlueS13LXNhbmt0dWFyaXVtLU1hdGtpLUJvemVqLUxpY2hlbnNraWVqLTM1LmpwZyIsInNsaWRlc2hvdyI6IjczOGFjZTAifQ%3D%3D\">\n\t\t\t\t\t<div class=\"e-gallery-image elementor-gallery-item__image\" data-thumbnail=\"https:\/\/www.lichen.pl\/wp-content\/uploads\/2024\/06\/Marsz-dla-zycia-i-rodziny-w-sanktuarium-Matki-Bozej-Lichenskiej-35-150x150.jpg\" data-width=\"150\" data-height=\"150\" aria-label=\"\" role=\"img\" ><\/div>\n\t\t\t\t\t\t\t\t\t\t\t<div class=\"elementor-gallery-item__overlay\"><\/div>\n\t\t\t\t\t\t\t\t\t\t\t\t\t\t<\/a>\n\t\t\t\t\t\t\t<a class=\"e-gallery-item elementor-gallery-item elementor-animated-content\" data-e-gallery-tags=\"6\" href=\"https:\/\/www.lichen.pl\/wp-content\/uploads\/2024\/06\/Marsz-dla-zycia-i-rodziny-2024-3.jpg\" data-elementor-open-lightbox=\"yes\" data-elementor-lightbox-slideshow=\"738ace0\" data-elementor-lightbox-title=\"Marsz dla \u017cycia i rodziny 2024 (3)\" data-e-action-hash=\"#elementor-action%3Aaction%3Dlightbox%26settings%3DeyJpZCI6NzAyODIsInVybCI6Imh0dHBzOlwvXC93d3cubGljaGVuLnBsXC93cC1jb250ZW50XC91cGxvYWRzXC8yMDI0XC8wNlwvTWFyc3otZGxhLXp5Y2lhLWktcm9kemlueS0yMDI0LTMuanBnIiwic2xpZGVzaG93IjoiNzM4YWNlMCJ9\">\n\t\t\t\t\t<div class=\"e-gallery-image elementor-gallery-item__image\" data-thumbnail=\"https:\/\/www.lichen.pl\/wp-content\/uploads\/2024\/06\/Marsz-dla-zycia-i-rodziny-2024-3-150x150.jpg\" data-width=\"150\" data-height=\"150\" aria-label=\"\" role=\"img\" ><\/div>\n\t\t\t\t\t\t\t\t\t\t\t<div class=\"elementor-gallery-item__overlay\"><\/div>\n\t\t\t\t\t\t\t\t\t\t\t\t\t\t<\/a>\n\t\t\t\t\t\t\t<a class=\"e-gallery-item elementor-gallery-item elementor-animated-content\" data-e-gallery-tags=\"6\" href=\"https:\/\/www.lichen.pl\/wp-content\/uploads\/2024\/06\/Marsz-dla-zycia-i-rodziny-2024-2.jpg\" data-elementor-open-lightbox=\"yes\" data-elementor-lightbox-slideshow=\"738ace0\" data-elementor-lightbox-title=\"Marsz dla \u017cycia i rodziny 2024 (2)\" data-e-action-hash=\"#elementor-action%3Aaction%3Dlightbox%26settings%3DeyJpZCI6NzAyODEsInVybCI6Imh0dHBzOlwvXC93d3cubGljaGVuLnBsXC93cC1jb250ZW50XC91cGxvYWRzXC8yMDI0XC8wNlwvTWFyc3otZGxhLXp5Y2lhLWktcm9kemlueS0yMDI0LTIuanBnIiwic2xpZGVzaG93IjoiNzM4YWNlMCJ9\">\n\t\t\t\t\t<div class=\"e-gallery-image elementor-gallery-item__image\" data-thumbnail=\"https:\/\/www.lichen.pl\/wp-content\/uploads\/2024\/06\/Marsz-dla-zycia-i-rodziny-2024-2-150x150.jpg\" data-width=\"150\" data-height=\"150\" aria-label=\"\" role=\"img\" ><\/div>\n\t\t\t\t\t\t\t\t\t\t\t<div class=\"elementor-gallery-item__overlay\"><\/div>\n\t\t\t\t\t\t\t\t\t\t\t\t\t\t<\/a>\n\t\t\t\t\t\t\t<a class=\"e-gallery-item elementor-gallery-item elementor-animated-content\" data-e-gallery-tags=\"6\" href=\"https:\/\/www.lichen.pl\/wp-content\/uploads\/2024\/06\/Marsz-dla-zycia-i-rodziny-2024-1.jpg\" data-elementor-open-lightbox=\"yes\" data-elementor-lightbox-slideshow=\"738ace0\" data-elementor-lightbox-title=\"Marsz dla \u017cycia i rodziny 2024 (1)\" data-e-action-hash=\"#elementor-action%3Aaction%3Dlightbox%26settings%3DeyJpZCI6NzAyODAsInVybCI6Imh0dHBzOlwvXC93d3cubGljaGVuLnBsXC93cC1jb250ZW50XC91cGxvYWRzXC8yMDI0XC8wNlwvTWFyc3otZGxhLXp5Y2lhLWktcm9kemlueS0yMDI0LTEuanBnIiwic2xpZGVzaG93IjoiNzM4YWNlMCJ9\">\n\t\t\t\t\t<div class=\"e-gallery-image elementor-gallery-item__image\" data-thumbnail=\"https:\/\/www.lichen.pl\/wp-content\/uploads\/2024\/06\/Marsz-dla-zycia-i-rodziny-2024-1-150x150.jpg\" data-width=\"150\" data-height=\"150\" aria-label=\"\" role=\"img\" ><\/div>\n\t\t\t\t\t\t\t\t\t\t\t<div class=\"elementor-gallery-item__overlay\"><\/div>\n\t\t\t\t\t\t\t\t\t\t\t\t\t\t<\/a>\n\t\t\t\t\t\t\t<a class=\"e-gallery-item elementor-gallery-item elementor-animated-content\" data-e-gallery-tags=\"7\" href=\"https:\/\/www.lichen.pl\/wp-content\/uploads\/2024\/06\/29.-Ogolnopolska-Pielgrzymka-Sybirakow-do-Sanktuarium-matki-Bozej-Lichenskiej-1.jpg\" data-elementor-open-lightbox=\"yes\" data-elementor-lightbox-slideshow=\"738ace0\" data-elementor-lightbox-title=\"29. Og\u00f3lnopolska Pielgrzymka Sybirak\u00f3w do Sanktuarium matki Bo\u017cej Liche\u0144skiej (1)\" data-e-action-hash=\"#elementor-action%3Aaction%3Dlightbox%26settings%3DeyJpZCI6NzAzOTksInVybCI6Imh0dHBzOlwvXC93d3cubGljaGVuLnBsXC93cC1jb250ZW50XC91cGxvYWRzXC8yMDI0XC8wNlwvMjkuLU9nb2xub3BvbHNrYS1QaWVsZ3J6eW1rYS1TeWJpcmFrb3ctZG8tU2Fua3R1YXJpdW0tbWF0a2ktQm96ZWotTGljaGVuc2tpZWotMS5qcGciLCJzbGlkZXNob3ciOiI3MzhhY2UwIn0%3D\">\n\t\t\t\t\t<div class=\"e-gallery-image elementor-gallery-item__image\" data-thumbnail=\"https:\/\/www.lichen.pl\/wp-content\/uploads\/2024\/06\/29.-Ogolnopolska-Pielgrzymka-Sybirakow-do-Sanktuarium-matki-Bozej-Lichenskiej-1-150x150.jpg\" data-width=\"150\" data-height=\"150\" aria-label=\"\" role=\"img\" ><\/div>\n\t\t\t\t\t\t\t\t\t\t\t<div class=\"elementor-gallery-item__overlay\"><\/div>\n\t\t\t\t\t\t\t\t\t\t\t\t\t\t<\/a>\n\t\t\t\t\t\t\t<a class=\"e-gallery-item elementor-gallery-item elementor-animated-content\" data-e-gallery-tags=\"7\" href=\"https:\/\/www.lichen.pl\/wp-content\/uploads\/2024\/06\/29.-Ogolnopolska-Pielgrzymka-Sybirakow-do-Sanktuarium-matki-Bozej-Lichenskiej-2.jpg\" data-elementor-open-lightbox=\"yes\" data-elementor-lightbox-slideshow=\"738ace0\" data-elementor-lightbox-title=\"29. Og\u00f3lnopolska Pielgrzymka Sybirak\u00f3w do Sanktuarium matki Bo\u017cej Liche\u0144skiej (2)\" data-e-action-hash=\"#elementor-action%3Aaction%3Dlightbox%26settings%3DeyJpZCI6NzA0MDAsInVybCI6Imh0dHBzOlwvXC93d3cubGljaGVuLnBsXC93cC1jb250ZW50XC91cGxvYWRzXC8yMDI0XC8wNlwvMjkuLU9nb2xub3BvbHNrYS1QaWVsZ3J6eW1rYS1TeWJpcmFrb3ctZG8tU2Fua3R1YXJpdW0tbWF0a2ktQm96ZWotTGljaGVuc2tpZWotMi5qcGciLCJzbGlkZXNob3ciOiI3MzhhY2UwIn0%3D\">\n\t\t\t\t\t<div class=\"e-gallery-image elementor-gallery-item__image\" data-thumbnail=\"https:\/\/www.lichen.pl\/wp-content\/uploads\/2024\/06\/29.-Ogolnopolska-Pielgrzymka-Sybirakow-do-Sanktuarium-matki-Bozej-Lichenskiej-2-150x150.jpg\" data-width=\"150\" data-height=\"150\" aria-label=\"\" role=\"img\" ><\/div>\n\t\t\t\t\t\t\t\t\t\t\t<div class=\"elementor-gallery-item__overlay\"><\/div>\n\t\t\t\t\t\t\t\t\t\t\t\t\t\t<\/a>\n\t\t\t\t\t\t\t<a class=\"e-gallery-item elementor-gallery-item elementor-animated-content\" data-e-gallery-tags=\"7\" href=\"https:\/\/www.lichen.pl\/wp-content\/uploads\/2024\/06\/29.-Ogolnopolska-Pielgrzymka-Sybirakow-do-Sanktuarium-matki-Bozej-Lichenskiej-3.jpg\" data-elementor-open-lightbox=\"yes\" data-elementor-lightbox-slideshow=\"738ace0\" data-elementor-lightbox-title=\"29. Og\u00f3lnopolska Pielgrzymka Sybirak\u00f3w do Sanktuarium matki Bo\u017cej Liche\u0144skiej (3)\" data-e-action-hash=\"#elementor-action%3Aaction%3Dlightbox%26settings%3DeyJpZCI6NzA0MDEsInVybCI6Imh0dHBzOlwvXC93d3cubGljaGVuLnBsXC93cC1jb250ZW50XC91cGxvYWRzXC8yMDI0XC8wNlwvMjkuLU9nb2xub3BvbHNrYS1QaWVsZ3J6eW1rYS1TeWJpcmFrb3ctZG8tU2Fua3R1YXJpdW0tbWF0a2ktQm96ZWotTGljaGVuc2tpZWotMy5qcGciLCJzbGlkZXNob3ciOiI3MzhhY2UwIn0%3D\">\n\t\t\t\t\t<div class=\"e-gallery-image elementor-gallery-item__image\" data-thumbnail=\"https:\/\/www.lichen.pl\/wp-content\/uploads\/2024\/06\/29.-Ogolnopolska-Pielgrzymka-Sybirakow-do-Sanktuarium-matki-Bozej-Lichenskiej-3-150x150.jpg\" data-width=\"150\" data-height=\"150\" aria-label=\"\" role=\"img\" ><\/div>\n\t\t\t\t\t\t\t\t\t\t\t<div class=\"elementor-gallery-item__overlay\"><\/div>\n\t\t\t\t\t\t\t\t\t\t\t\t\t\t<\/a>\n\t\t\t\t\t\t\t<a class=\"e-gallery-item elementor-gallery-item elementor-animated-content\" data-e-gallery-tags=\"7\" href=\"https:\/\/www.lichen.pl\/wp-content\/uploads\/2024\/06\/29.-Ogolnopolska-Pielgrzymka-Sybirakow-do-Sanktuarium-matki-Bozej-Lichenskiej-4.jpg\" data-elementor-open-lightbox=\"yes\" data-elementor-lightbox-slideshow=\"738ace0\" data-elementor-lightbox-title=\"29. Og\u00f3lnopolska Pielgrzymka Sybirak\u00f3w do Sanktuarium matki Bo\u017cej Liche\u0144skiej (4)\" data-e-action-hash=\"#elementor-action%3Aaction%3Dlightbox%26settings%3DeyJpZCI6NzA0MDIsInVybCI6Imh0dHBzOlwvXC93d3cubGljaGVuLnBsXC93cC1jb250ZW50XC91cGxvYWRzXC8yMDI0XC8wNlwvMjkuLU9nb2xub3BvbHNrYS1QaWVsZ3J6eW1rYS1TeWJpcmFrb3ctZG8tU2Fua3R1YXJpdW0tbWF0a2ktQm96ZWotTGljaGVuc2tpZWotNC5qcGciLCJzbGlkZXNob3ciOiI3MzhhY2UwIn0%3D\">\n\t\t\t\t\t<div class=\"e-gallery-image elementor-gallery-item__image\" data-thumbnail=\"https:\/\/www.lichen.pl\/wp-content\/uploads\/2024\/06\/29.-Ogolnopolska-Pielgrzymka-Sybirakow-do-Sanktuarium-matki-Bozej-Lichenskiej-4-150x150.jpg\" data-width=\"150\" data-height=\"150\" aria-label=\"\" role=\"img\" ><\/div>\n\t\t\t\t\t\t\t\t\t\t\t<div class=\"elementor-gallery-item__overlay\"><\/div>\n\t\t\t\t\t\t\t\t\t\t\t\t\t\t<\/a>\n\t\t\t\t\t\t\t<a class=\"e-gallery-item elementor-gallery-item elementor-animated-content\" data-e-gallery-tags=\"7\" href=\"https:\/\/www.lichen.pl\/wp-content\/uploads\/2024\/06\/29.-Ogolnopolska-Pielgrzymka-Sybirakow-do-Sanktuarium-matki-Bozej-Lichenskiej-5.jpg\" data-elementor-open-lightbox=\"yes\" data-elementor-lightbox-slideshow=\"738ace0\" data-elementor-lightbox-title=\"29. Og\u00f3lnopolska Pielgrzymka Sybirak\u00f3w do Sanktuarium matki Bo\u017cej Liche\u0144skiej (5)\" data-e-action-hash=\"#elementor-action%3Aaction%3Dlightbox%26settings%3DeyJpZCI6NzA0MDMsInVybCI6Imh0dHBzOlwvXC93d3cubGljaGVuLnBsXC93cC1jb250ZW50XC91cGxvYWRzXC8yMDI0XC8wNlwvMjkuLU9nb2xub3BvbHNrYS1QaWVsZ3J6eW1rYS1TeWJpcmFrb3ctZG8tU2Fua3R1YXJpdW0tbWF0a2ktQm96ZWotTGljaGVuc2tpZWotNS5qcGciLCJzbGlkZXNob3ciOiI3MzhhY2UwIn0%3D\">\n\t\t\t\t\t<div class=\"e-gallery-image elementor-gallery-item__image\" data-thumbnail=\"https:\/\/www.lichen.pl\/wp-content\/uploads\/2024\/06\/29.-Ogolnopolska-Pielgrzymka-Sybirakow-do-Sanktuarium-matki-Bozej-Lichenskiej-5-150x150.jpg\" data-width=\"150\" data-height=\"150\" aria-label=\"\" role=\"img\" ><\/div>\n\t\t\t\t\t\t\t\t\t\t\t<div class=\"elementor-gallery-item__overlay\"><\/div>\n\t\t\t\t\t\t\t\t\t\t\t\t\t\t<\/a>\n\t\t\t\t\t\t\t<a class=\"e-gallery-item elementor-gallery-item elementor-animated-content\" data-e-gallery-tags=\"7\" href=\"https:\/\/www.lichen.pl\/wp-content\/uploads\/2024\/06\/29.-Ogolnopolska-Pielgrzymka-Sybirakow-do-Sanktuarium-matki-Bozej-Lichenskiej-6.jpg\" data-elementor-open-lightbox=\"yes\" data-elementor-lightbox-slideshow=\"738ace0\" data-elementor-lightbox-title=\"29. Og\u00f3lnopolska Pielgrzymka Sybirak\u00f3w do Sanktuarium matki Bo\u017cej Liche\u0144skiej (6)\" data-e-action-hash=\"#elementor-action%3Aaction%3Dlightbox%26settings%3DeyJpZCI6NzA0MDQsInVybCI6Imh0dHBzOlwvXC93d3cubGljaGVuLnBsXC93cC1jb250ZW50XC91cGxvYWRzXC8yMDI0XC8wNlwvMjkuLU9nb2xub3BvbHNrYS1QaWVsZ3J6eW1rYS1TeWJpcmFrb3ctZG8tU2Fua3R1YXJpdW0tbWF0a2ktQm96ZWotTGljaGVuc2tpZWotNi5qcGciLCJzbGlkZXNob3ciOiI3MzhhY2UwIn0%3D\">\n\t\t\t\t\t<div class=\"e-gallery-image elementor-gallery-item__image\" data-thumbnail=\"https:\/\/www.lichen.pl\/wp-content\/uploads\/2024\/06\/29.-Ogolnopolska-Pielgrzymka-Sybirakow-do-Sanktuarium-matki-Bozej-Lichenskiej-6-150x150.jpg\" data-width=\"150\" data-height=\"150\" aria-label=\"\" role=\"img\" ><\/div>\n\t\t\t\t\t\t\t\t\t\t\t<div class=\"elementor-gallery-item__overlay\"><\/div>\n\t\t\t\t\t\t\t\t\t\t\t\t\t\t<\/a>\n\t\t\t\t\t\t\t<a class=\"e-gallery-item elementor-gallery-item elementor-animated-content\" data-e-gallery-tags=\"7\" href=\"https:\/\/www.lichen.pl\/wp-content\/uploads\/2024\/06\/29.-Ogolnopolska-Pielgrzymka-Sybirakow-do-Sanktuarium-matki-Bozej-Lichenskiej-7.jpg\" data-elementor-open-lightbox=\"yes\" data-elementor-lightbox-slideshow=\"738ace0\" data-elementor-lightbox-title=\"29. Og\u00f3lnopolska Pielgrzymka Sybirak\u00f3w do Sanktuarium matki Bo\u017cej Liche\u0144skiej (7)\" data-e-action-hash=\"#elementor-action%3Aaction%3Dlightbox%26settings%3DeyJpZCI6NzA0MDUsInVybCI6Imh0dHBzOlwvXC93d3cubGljaGVuLnBsXC93cC1jb250ZW50XC91cGxvYWRzXC8yMDI0XC8wNlwvMjkuLU9nb2xub3BvbHNrYS1QaWVsZ3J6eW1rYS1TeWJpcmFrb3ctZG8tU2Fua3R1YXJpdW0tbWF0a2ktQm96ZWotTGljaGVuc2tpZWotNy5qcGciLCJzbGlkZXNob3ciOiI3MzhhY2UwIn0%3D\">\n\t\t\t\t\t<div class=\"e-gallery-image elementor-gallery-item__image\" data-thumbnail=\"https:\/\/www.lichen.pl\/wp-content\/uploads\/2024\/06\/29.-Ogolnopolska-Pielgrzymka-Sybirakow-do-Sanktuarium-matki-Bozej-Lichenskiej-7-150x150.jpg\" data-width=\"150\" data-height=\"150\" aria-label=\"\" role=\"img\" ><\/div>\n\t\t\t\t\t\t\t\t\t\t\t<div class=\"elementor-gallery-item__overlay\"><\/div>\n\t\t\t\t\t\t\t\t\t\t\t\t\t\t<\/a>\n\t\t\t\t\t\t\t<a class=\"e-gallery-item elementor-gallery-item elementor-animated-content\" data-e-gallery-tags=\"7\" href=\"https:\/\/www.lichen.pl\/wp-content\/uploads\/2024\/06\/29.-Ogolnopolska-Pielgrzymka-Sybirakow-do-Sanktuarium-matki-Bozej-Lichenskiej-8.jpg\" data-elementor-open-lightbox=\"yes\" data-elementor-lightbox-slideshow=\"738ace0\" data-elementor-lightbox-title=\"29. Og\u00f3lnopolska Pielgrzymka Sybirak\u00f3w do Sanktuarium matki Bo\u017cej Liche\u0144skiej (8)\" data-e-action-hash=\"#elementor-action%3Aaction%3Dlightbox%26settings%3DeyJpZCI6NzA0MDYsInVybCI6Imh0dHBzOlwvXC93d3cubGljaGVuLnBsXC93cC1jb250ZW50XC91cGxvYWRzXC8yMDI0XC8wNlwvMjkuLU9nb2xub3BvbHNrYS1QaWVsZ3J6eW1rYS1TeWJpcmFrb3ctZG8tU2Fua3R1YXJpdW0tbWF0a2ktQm96ZWotTGljaGVuc2tpZWotOC5qcGciLCJzbGlkZXNob3ciOiI3MzhhY2UwIn0%3D\">\n\t\t\t\t\t<div class=\"e-gallery-image elementor-gallery-item__image\" data-thumbnail=\"https:\/\/www.lichen.pl\/wp-content\/uploads\/2024\/06\/29.-Ogolnopolska-Pielgrzymka-Sybirakow-do-Sanktuarium-matki-Bozej-Lichenskiej-8-150x150.jpg\" data-width=\"150\" data-height=\"150\" aria-label=\"\" role=\"img\" ><\/div>\n\t\t\t\t\t\t\t\t\t\t\t<div class=\"elementor-gallery-item__overlay\"><\/div>\n\t\t\t\t\t\t\t\t\t\t\t\t\t\t<\/a>\n\t\t\t\t\t\t\t<a class=\"e-gallery-item elementor-gallery-item elementor-animated-content\" data-e-gallery-tags=\"7\" href=\"https:\/\/www.lichen.pl\/wp-content\/uploads\/2024\/06\/29.-Ogolnopolska-Pielgrzymka-Sybirakow-do-Sanktuarium-matki-Bozej-Lichenskiej-9.jpg\" data-elementor-open-lightbox=\"yes\" data-elementor-lightbox-slideshow=\"738ace0\" data-elementor-lightbox-title=\"29. Og\u00f3lnopolska Pielgrzymka Sybirak\u00f3w do Sanktuarium matki Bo\u017cej Liche\u0144skiej (9)\" data-e-action-hash=\"#elementor-action%3Aaction%3Dlightbox%26settings%3DeyJpZCI6NzA0MDcsInVybCI6Imh0dHBzOlwvXC93d3cubGljaGVuLnBsXC93cC1jb250ZW50XC91cGxvYWRzXC8yMDI0XC8wNlwvMjkuLU9nb2xub3BvbHNrYS1QaWVsZ3J6eW1rYS1TeWJpcmFrb3ctZG8tU2Fua3R1YXJpdW0tbWF0a2ktQm96ZWotTGljaGVuc2tpZWotOS5qcGciLCJzbGlkZXNob3ciOiI3MzhhY2UwIn0%3D\">\n\t\t\t\t\t<div class=\"e-gallery-image elementor-gallery-item__image\" data-thumbnail=\"https:\/\/www.lichen.pl\/wp-content\/uploads\/2024\/06\/29.-Ogolnopolska-Pielgrzymka-Sybirakow-do-Sanktuarium-matki-Bozej-Lichenskiej-9-150x150.jpg\" data-width=\"150\" data-height=\"150\" aria-label=\"\" role=\"img\" ><\/div>\n\t\t\t\t\t\t\t\t\t\t\t<div class=\"elementor-gallery-item__overlay\"><\/div>\n\t\t\t\t\t\t\t\t\t\t\t\t\t\t<\/a>\n\t\t\t\t\t\t\t<a class=\"e-gallery-item elementor-gallery-item elementor-animated-content\" data-e-gallery-tags=\"7\" href=\"https:\/\/www.lichen.pl\/wp-content\/uploads\/2024\/06\/29.-Ogolnopolska-Pielgrzymka-Sybirakow-do-Sanktuarium-matki-Bozej-Lichenskiej-10.jpg\" data-elementor-open-lightbox=\"yes\" data-elementor-lightbox-slideshow=\"738ace0\" data-elementor-lightbox-title=\"29. Og\u00f3lnopolska Pielgrzymka Sybirak\u00f3w do Sanktuarium matki Bo\u017cej Liche\u0144skiej (10)\" data-e-action-hash=\"#elementor-action%3Aaction%3Dlightbox%26settings%3DeyJpZCI6NzA0MDgsInVybCI6Imh0dHBzOlwvXC93d3cubGljaGVuLnBsXC93cC1jb250ZW50XC91cGxvYWRzXC8yMDI0XC8wNlwvMjkuLU9nb2xub3BvbHNrYS1QaWVsZ3J6eW1rYS1TeWJpcmFrb3ctZG8tU2Fua3R1YXJpdW0tbWF0a2ktQm96ZWotTGljaGVuc2tpZWotMTAuanBnIiwic2xpZGVzaG93IjoiNzM4YWNlMCJ9\">\n\t\t\t\t\t<div class=\"e-gallery-image elementor-gallery-item__image\" data-thumbnail=\"https:\/\/www.lichen.pl\/wp-content\/uploads\/2024\/06\/29.-Ogolnopolska-Pielgrzymka-Sybirakow-do-Sanktuarium-matki-Bozej-Lichenskiej-10-150x150.jpg\" data-width=\"150\" data-height=\"150\" aria-label=\"\" role=\"img\" ><\/div>\n\t\t\t\t\t\t\t\t\t\t\t<div class=\"elementor-gallery-item__overlay\"><\/div>\n\t\t\t\t\t\t\t\t\t\t\t\t\t\t<\/a>\n\t\t\t\t\t\t\t<a class=\"e-gallery-item elementor-gallery-item elementor-animated-content\" data-e-gallery-tags=\"7\" href=\"https:\/\/www.lichen.pl\/wp-content\/uploads\/2024\/06\/29.-Ogolnopolska-Pielgrzymka-Sybirakow-do-Sanktuarium-matki-Bozej-Lichenskiej-11.jpg\" data-elementor-open-lightbox=\"yes\" data-elementor-lightbox-slideshow=\"738ace0\" data-elementor-lightbox-title=\"29. Og\u00f3lnopolska Pielgrzymka Sybirak\u00f3w do Sanktuarium matki Bo\u017cej Liche\u0144skiej (11)\" data-e-action-hash=\"#elementor-action%3Aaction%3Dlightbox%26settings%3DeyJpZCI6NzA0MDksInVybCI6Imh0dHBzOlwvXC93d3cubGljaGVuLnBsXC93cC1jb250ZW50XC91cGxvYWRzXC8yMDI0XC8wNlwvMjkuLU9nb2xub3BvbHNrYS1QaWVsZ3J6eW1rYS1TeWJpcmFrb3ctZG8tU2Fua3R1YXJpdW0tbWF0a2ktQm96ZWotTGljaGVuc2tpZWotMTEuanBnIiwic2xpZGVzaG93IjoiNzM4YWNlMCJ9\">\n\t\t\t\t\t<div class=\"e-gallery-image elementor-gallery-item__image\" data-thumbnail=\"https:\/\/www.lichen.pl\/wp-content\/uploads\/2024\/06\/29.-Ogolnopolska-Pielgrzymka-Sybirakow-do-Sanktuarium-matki-Bozej-Lichenskiej-11-150x150.jpg\" data-width=\"150\" data-height=\"150\" aria-label=\"\" role=\"img\" ><\/div>\n\t\t\t\t\t\t\t\t\t\t\t<div class=\"elementor-gallery-item__overlay\"><\/div>\n\t\t\t\t\t\t\t\t\t\t\t\t\t\t<\/a>\n\t\t\t\t\t\t\t<a class=\"e-gallery-item elementor-gallery-item elementor-animated-content\" data-e-gallery-tags=\"7\" href=\"https:\/\/www.lichen.pl\/wp-content\/uploads\/2024\/06\/29.-Ogolnopolska-Pielgrzymka-Sybirakow-do-Sanktuarium-matki-Bozej-Lichenskiej-12.jpg\" data-elementor-open-lightbox=\"yes\" data-elementor-lightbox-slideshow=\"738ace0\" data-elementor-lightbox-title=\"29. Og\u00f3lnopolska Pielgrzymka Sybirak\u00f3w do Sanktuarium matki Bo\u017cej Liche\u0144skiej (12)\" data-e-action-hash=\"#elementor-action%3Aaction%3Dlightbox%26settings%3DeyJpZCI6NzA0MTAsInVybCI6Imh0dHBzOlwvXC93d3cubGljaGVuLnBsXC93cC1jb250ZW50XC91cGxvYWRzXC8yMDI0XC8wNlwvMjkuLU9nb2xub3BvbHNrYS1QaWVsZ3J6eW1rYS1TeWJpcmFrb3ctZG8tU2Fua3R1YXJpdW0tbWF0a2ktQm96ZWotTGljaGVuc2tpZWotMTIuanBnIiwic2xpZGVzaG93IjoiNzM4YWNlMCJ9\">\n\t\t\t\t\t<div class=\"e-gallery-image elementor-gallery-item__image\" data-thumbnail=\"https:\/\/www.lichen.pl\/wp-content\/uploads\/2024\/06\/29.-Ogolnopolska-Pielgrzymka-Sybirakow-do-Sanktuarium-matki-Bozej-Lichenskiej-12-150x150.jpg\" data-width=\"150\" data-height=\"150\" aria-label=\"\" role=\"img\" ><\/div>\n\t\t\t\t\t\t\t\t\t\t\t<div class=\"elementor-gallery-item__overlay\"><\/div>\n\t\t\t\t\t\t\t\t\t\t\t\t\t\t<\/a>\n\t\t\t\t\t\t\t<a class=\"e-gallery-item elementor-gallery-item elementor-animated-content\" data-e-gallery-tags=\"7\" href=\"https:\/\/www.lichen.pl\/wp-content\/uploads\/2024\/06\/29.-Ogolnopolska-Pielgrzymka-Sybirakow-do-Sanktuarium-matki-Bozej-Lichenskiej-13.jpg\" data-elementor-open-lightbox=\"yes\" data-elementor-lightbox-slideshow=\"738ace0\" data-elementor-lightbox-title=\"29. Og\u00f3lnopolska Pielgrzymka Sybirak\u00f3w do Sanktuarium matki Bo\u017cej Liche\u0144skiej (13)\" data-e-action-hash=\"#elementor-action%3Aaction%3Dlightbox%26settings%3DeyJpZCI6NzA0MTEsInVybCI6Imh0dHBzOlwvXC93d3cubGljaGVuLnBsXC93cC1jb250ZW50XC91cGxvYWRzXC8yMDI0XC8wNlwvMjkuLU9nb2xub3BvbHNrYS1QaWVsZ3J6eW1rYS1TeWJpcmFrb3ctZG8tU2Fua3R1YXJpdW0tbWF0a2ktQm96ZWotTGljaGVuc2tpZWotMTMuanBnIiwic2xpZGVzaG93IjoiNzM4YWNlMCJ9\">\n\t\t\t\t\t<div class=\"e-gallery-image elementor-gallery-item__image\" data-thumbnail=\"https:\/\/www.lichen.pl\/wp-content\/uploads\/2024\/06\/29.-Ogolnopolska-Pielgrzymka-Sybirakow-do-Sanktuarium-matki-Bozej-Lichenskiej-13-150x150.jpg\" data-width=\"150\" data-height=\"150\" aria-label=\"\" role=\"img\" ><\/div>\n\t\t\t\t\t\t\t\t\t\t\t<div class=\"elementor-gallery-item__overlay\"><\/div>\n\t\t\t\t\t\t\t\t\t\t\t\t\t\t<\/a>\n\t\t\t\t\t\t\t<a class=\"e-gallery-item elementor-gallery-item elementor-animated-content\" data-e-gallery-tags=\"7\" href=\"https:\/\/www.lichen.pl\/wp-content\/uploads\/2024\/06\/29.-Ogolnopolska-Pielgrzymka-Sybirakow-do-Sanktuarium-matki-Bozej-Lichenskiej-14.jpg\" data-elementor-open-lightbox=\"yes\" data-elementor-lightbox-slideshow=\"738ace0\" data-elementor-lightbox-title=\"29. Og\u00f3lnopolska Pielgrzymka Sybirak\u00f3w do Sanktuarium matki Bo\u017cej Liche\u0144skiej (14)\" data-e-action-hash=\"#elementor-action%3Aaction%3Dlightbox%26settings%3DeyJpZCI6NzA0MTIsInVybCI6Imh0dHBzOlwvXC93d3cubGljaGVuLnBsXC93cC1jb250ZW50XC91cGxvYWRzXC8yMDI0XC8wNlwvMjkuLU9nb2xub3BvbHNrYS1QaWVsZ3J6eW1rYS1TeWJpcmFrb3ctZG8tU2Fua3R1YXJpdW0tbWF0a2ktQm96ZWotTGljaGVuc2tpZWotMTQuanBnIiwic2xpZGVzaG93IjoiNzM4YWNlMCJ9\">\n\t\t\t\t\t<div class=\"e-gallery-image elementor-gallery-item__image\" data-thumbnail=\"https:\/\/www.lichen.pl\/wp-content\/uploads\/2024\/06\/29.-Ogolnopolska-Pielgrzymka-Sybirakow-do-Sanktuarium-matki-Bozej-Lichenskiej-14-150x150.jpg\" data-width=\"150\" data-height=\"150\" aria-label=\"\" role=\"img\" ><\/div>\n\t\t\t\t\t\t\t\t\t\t\t<div class=\"elementor-gallery-item__overlay\"><\/div>\n\t\t\t\t\t\t\t\t\t\t\t\t\t\t<\/a>\n\t\t\t\t\t\t\t<a class=\"e-gallery-item elementor-gallery-item elementor-animated-content\" data-e-gallery-tags=\"7\" href=\"https:\/\/www.lichen.pl\/wp-content\/uploads\/2024\/06\/29.-Ogolnopolska-Pielgrzymka-Sybirakow-do-Sanktuarium-matki-Bozej-Lichenskiej-16.jpg\" data-elementor-open-lightbox=\"yes\" data-elementor-lightbox-slideshow=\"738ace0\" data-elementor-lightbox-title=\"29. Og\u00f3lnopolska Pielgrzymka Sybirak\u00f3w do Sanktuarium matki Bo\u017cej Liche\u0144skiej (16)\" data-e-action-hash=\"#elementor-action%3Aaction%3Dlightbox%26settings%3DeyJpZCI6NzA0MTUsInVybCI6Imh0dHBzOlwvXC93d3cubGljaGVuLnBsXC93cC1jb250ZW50XC91cGxvYWRzXC8yMDI0XC8wNlwvMjkuLU9nb2xub3BvbHNrYS1QaWVsZ3J6eW1rYS1TeWJpcmFrb3ctZG8tU2Fua3R1YXJpdW0tbWF0a2ktQm96ZWotTGljaGVuc2tpZWotMTYuanBnIiwic2xpZGVzaG93IjoiNzM4YWNlMCJ9\">\n\t\t\t\t\t<div class=\"e-gallery-image elementor-gallery-item__image\" data-thumbnail=\"https:\/\/www.lichen.pl\/wp-content\/uploads\/2024\/06\/29.-Ogolnopolska-Pielgrzymka-Sybirakow-do-Sanktuarium-matki-Bozej-Lichenskiej-16-150x150.jpg\" data-width=\"150\" data-height=\"150\" aria-label=\"\" role=\"img\" ><\/div>\n\t\t\t\t\t\t\t\t\t\t\t<div class=\"elementor-gallery-item__overlay\"><\/div>\n\t\t\t\t\t\t\t\t\t\t\t\t\t\t<\/a>\n\t\t\t\t\t\t\t<a class=\"e-gallery-item elementor-gallery-item elementor-animated-content\" data-e-gallery-tags=\"7\" href=\"https:\/\/www.lichen.pl\/wp-content\/uploads\/2024\/06\/29.-Ogolnopolska-Pielgrzymka-Sybirakow-do-Sanktuarium-matki-Bozej-Lichenskiej-15.jpg\" data-elementor-open-lightbox=\"yes\" data-elementor-lightbox-slideshow=\"738ace0\" data-elementor-lightbox-title=\"29. Og\u00f3lnopolska Pielgrzymka Sybirak\u00f3w do Sanktuarium matki Bo\u017cej Liche\u0144skiej (15)\" data-e-action-hash=\"#elementor-action%3Aaction%3Dlightbox%26settings%3DeyJpZCI6NzA0MTQsInVybCI6Imh0dHBzOlwvXC93d3cubGljaGVuLnBsXC93cC1jb250ZW50XC91cGxvYWRzXC8yMDI0XC8wNlwvMjkuLU9nb2xub3BvbHNrYS1QaWVsZ3J6eW1rYS1TeWJpcmFrb3ctZG8tU2Fua3R1YXJpdW0tbWF0a2ktQm96ZWotTGljaGVuc2tpZWotMTUuanBnIiwic2xpZGVzaG93IjoiNzM4YWNlMCJ9\">\n\t\t\t\t\t<div class=\"e-gallery-image elementor-gallery-item__image\" data-thumbnail=\"https:\/\/www.lichen.pl\/wp-content\/uploads\/2024\/06\/29.-Ogolnopolska-Pielgrzymka-Sybirakow-do-Sanktuarium-matki-Bozej-Lichenskiej-15-150x150.jpg\" data-width=\"150\" data-height=\"150\" aria-label=\"\" role=\"img\" ><\/div>\n\t\t\t\t\t\t\t\t\t\t\t<div class=\"elementor-gallery-item__overlay\"><\/div>\n\t\t\t\t\t\t\t\t\t\t\t\t\t\t<\/a>\n\t\t\t\t\t\t\t<a class=\"e-gallery-item elementor-gallery-item elementor-animated-content\" data-e-gallery-tags=\"7\" href=\"https:\/\/www.lichen.pl\/wp-content\/uploads\/2024\/06\/29.-Ogolnopolska-Pielgrzymka-Sybirakow-do-Sanktuarium-matki-Bozej-Lichenskiej-17.jpg\" data-elementor-open-lightbox=\"yes\" data-elementor-lightbox-slideshow=\"738ace0\" data-elementor-lightbox-title=\"29. Og\u00f3lnopolska Pielgrzymka Sybirak\u00f3w do Sanktuarium matki Bo\u017cej Liche\u0144skiej (17)\" data-e-action-hash=\"#elementor-action%3Aaction%3Dlightbox%26settings%3DeyJpZCI6NzA0MTYsInVybCI6Imh0dHBzOlwvXC93d3cubGljaGVuLnBsXC93cC1jb250ZW50XC91cGxvYWRzXC8yMDI0XC8wNlwvMjkuLU9nb2xub3BvbHNrYS1QaWVsZ3J6eW1rYS1TeWJpcmFrb3ctZG8tU2Fua3R1YXJpdW0tbWF0a2ktQm96ZWotTGljaGVuc2tpZWotMTcuanBnIiwic2xpZGVzaG93IjoiNzM4YWNlMCJ9\">\n\t\t\t\t\t<div class=\"e-gallery-image elementor-gallery-item__image\" data-thumbnail=\"https:\/\/www.lichen.pl\/wp-content\/uploads\/2024\/06\/29.-Ogolnopolska-Pielgrzymka-Sybirakow-do-Sanktuarium-matki-Bozej-Lichenskiej-17-150x150.jpg\" data-width=\"150\" data-height=\"150\" aria-label=\"\" role=\"img\" ><\/div>\n\t\t\t\t\t\t\t\t\t\t\t<div class=\"elementor-gallery-item__overlay\"><\/div>\n\t\t\t\t\t\t\t\t\t\t\t\t\t\t<\/a>\n\t\t\t\t\t\t\t<a class=\"e-gallery-item elementor-gallery-item elementor-animated-content\" data-e-gallery-tags=\"7\" href=\"https:\/\/www.lichen.pl\/wp-content\/uploads\/2024\/06\/29.-Ogolnopolska-Pielgrzymka-Sybirakow-do-Sanktuarium-matki-Bozej-Lichenskiej-18.jpg\" data-elementor-open-lightbox=\"yes\" data-elementor-lightbox-slideshow=\"738ace0\" data-elementor-lightbox-title=\"29. Og\u00f3lnopolska Pielgrzymka Sybirak\u00f3w do Sanktuarium matki Bo\u017cej Liche\u0144skiej (18)\" data-e-action-hash=\"#elementor-action%3Aaction%3Dlightbox%26settings%3DeyJpZCI6NzA0MTcsInVybCI6Imh0dHBzOlwvXC93d3cubGljaGVuLnBsXC93cC1jb250ZW50XC91cGxvYWRzXC8yMDI0XC8wNlwvMjkuLU9nb2xub3BvbHNrYS1QaWVsZ3J6eW1rYS1TeWJpcmFrb3ctZG8tU2Fua3R1YXJpdW0tbWF0a2ktQm96ZWotTGljaGVuc2tpZWotMTguanBnIiwic2xpZGVzaG93IjoiNzM4YWNlMCJ9\">\n\t\t\t\t\t<div class=\"e-gallery-image elementor-gallery-item__image\" data-thumbnail=\"https:\/\/www.lichen.pl\/wp-content\/uploads\/2024\/06\/29.-Ogolnopolska-Pielgrzymka-Sybirakow-do-Sanktuarium-matki-Bozej-Lichenskiej-18-150x150.jpg\" data-width=\"150\" data-height=\"150\" aria-label=\"\" role=\"img\" ><\/div>\n\t\t\t\t\t\t\t\t\t\t\t<div class=\"elementor-gallery-item__overlay\"><\/div>\n\t\t\t\t\t\t\t\t\t\t\t\t\t\t<\/a>\n\t\t\t\t\t\t\t<a class=\"e-gallery-item elementor-gallery-item elementor-animated-content\" data-e-gallery-tags=\"7\" href=\"https:\/\/www.lichen.pl\/wp-content\/uploads\/2024\/06\/29.-Ogolnopolska-Pielgrzymka-Sybirakow-do-Sanktuarium-matki-Bozej-Lichenskiej-19.jpg\" data-elementor-open-lightbox=\"yes\" data-elementor-lightbox-slideshow=\"738ace0\" data-elementor-lightbox-title=\"29. Og\u00f3lnopolska Pielgrzymka Sybirak\u00f3w do Sanktuarium matki Bo\u017cej Liche\u0144skiej (19)\" data-e-action-hash=\"#elementor-action%3Aaction%3Dlightbox%26settings%3DeyJpZCI6NzA0MTgsInVybCI6Imh0dHBzOlwvXC93d3cubGljaGVuLnBsXC93cC1jb250ZW50XC91cGxvYWRzXC8yMDI0XC8wNlwvMjkuLU9nb2xub3BvbHNrYS1QaWVsZ3J6eW1rYS1TeWJpcmFrb3ctZG8tU2Fua3R1YXJpdW0tbWF0a2ktQm96ZWotTGljaGVuc2tpZWotMTkuanBnIiwic2xpZGVzaG93IjoiNzM4YWNlMCJ9\">\n\t\t\t\t\t<div class=\"e-gallery-image elementor-gallery-item__image\" data-thumbnail=\"https:\/\/www.lichen.pl\/wp-content\/uploads\/2024\/06\/29.-Ogolnopolska-Pielgrzymka-Sybirakow-do-Sanktuarium-matki-Bozej-Lichenskiej-19-150x150.jpg\" data-width=\"150\" data-height=\"150\" aria-label=\"\" role=\"img\" ><\/div>\n\t\t\t\t\t\t\t\t\t\t\t<div class=\"elementor-gallery-item__overlay\"><\/div>\n\t\t\t\t\t\t\t\t\t\t\t\t\t\t<\/a>\n\t\t\t\t\t\t\t<a class=\"e-gallery-item elementor-gallery-item elementor-animated-content\" data-e-gallery-tags=\"7\" href=\"https:\/\/www.lichen.pl\/wp-content\/uploads\/2024\/06\/29.-Ogolnopolska-Pielgrzymka-Sybirakow-do-Sanktuarium-matki-Bozej-Lichenskiej-20.jpg\" data-elementor-open-lightbox=\"yes\" data-elementor-lightbox-slideshow=\"738ace0\" data-elementor-lightbox-title=\"29. Og\u00f3lnopolska Pielgrzymka Sybirak\u00f3w do Sanktuarium matki Bo\u017cej Liche\u0144skiej (20)\" data-e-action-hash=\"#elementor-action%3Aaction%3Dlightbox%26settings%3DeyJpZCI6NzA0MTksInVybCI6Imh0dHBzOlwvXC93d3cubGljaGVuLnBsXC93cC1jb250ZW50XC91cGxvYWRzXC8yMDI0XC8wNlwvMjkuLU9nb2xub3BvbHNrYS1QaWVsZ3J6eW1rYS1TeWJpcmFrb3ctZG8tU2Fua3R1YXJpdW0tbWF0a2ktQm96ZWotTGljaGVuc2tpZWotMjAuanBnIiwic2xpZGVzaG93IjoiNzM4YWNlMCJ9\">\n\t\t\t\t\t<div class=\"e-gallery-image elementor-gallery-item__image\" data-thumbnail=\"https:\/\/www.lichen.pl\/wp-content\/uploads\/2024\/06\/29.-Ogolnopolska-Pielgrzymka-Sybirakow-do-Sanktuarium-matki-Bozej-Lichenskiej-20-150x150.jpg\" data-width=\"150\" data-height=\"150\" aria-label=\"\" role=\"img\" ><\/div>\n\t\t\t\t\t\t\t\t\t\t\t<div class=\"elementor-gallery-item__overlay\"><\/div>\n\t\t\t\t\t\t\t\t\t\t\t\t\t\t<\/a>\n\t\t\t\t\t\t\t<a class=\"e-gallery-item elementor-gallery-item elementor-animated-content\" data-e-gallery-tags=\"7\" href=\"https:\/\/www.lichen.pl\/wp-content\/uploads\/2024\/06\/29.-Ogolnopolska-Pielgrzymka-Sybirakow-do-Sanktuarium-matki-Bozej-Lichenskiej-21.jpg\" data-elementor-open-lightbox=\"yes\" data-elementor-lightbox-slideshow=\"738ace0\" data-elementor-lightbox-title=\"29. Og\u00f3lnopolska Pielgrzymka Sybirak\u00f3w do Sanktuarium matki Bo\u017cej Liche\u0144skiej (21)\" data-e-action-hash=\"#elementor-action%3Aaction%3Dlightbox%26settings%3DeyJpZCI6NzA0MjAsInVybCI6Imh0dHBzOlwvXC93d3cubGljaGVuLnBsXC93cC1jb250ZW50XC91cGxvYWRzXC8yMDI0XC8wNlwvMjkuLU9nb2xub3BvbHNrYS1QaWVsZ3J6eW1rYS1TeWJpcmFrb3ctZG8tU2Fua3R1YXJpdW0tbWF0a2ktQm96ZWotTGljaGVuc2tpZWotMjEuanBnIiwic2xpZGVzaG93IjoiNzM4YWNlMCJ9\">\n\t\t\t\t\t<div class=\"e-gallery-image elementor-gallery-item__image\" data-thumbnail=\"https:\/\/www.lichen.pl\/wp-content\/uploads\/2024\/06\/29.-Ogolnopolska-Pielgrzymka-Sybirakow-do-Sanktuarium-matki-Bozej-Lichenskiej-21-150x150.jpg\" data-width=\"150\" data-height=\"150\" aria-label=\"\" role=\"img\" ><\/div>\n\t\t\t\t\t\t\t\t\t\t\t<div class=\"elementor-gallery-item__overlay\"><\/div>\n\t\t\t\t\t\t\t\t\t\t\t\t\t\t<\/a>\n\t\t\t\t\t\t\t<a class=\"e-gallery-item elementor-gallery-item elementor-animated-content\" data-e-gallery-tags=\"7\" href=\"https:\/\/www.lichen.pl\/wp-content\/uploads\/2024\/06\/29.-Ogolnopolska-Pielgrzymka-Sybirakow-do-Sanktuarium-matki-Bozej-Lichenskiej-22.jpg\" data-elementor-open-lightbox=\"yes\" data-elementor-lightbox-slideshow=\"738ace0\" data-elementor-lightbox-title=\"29. Og\u00f3lnopolska Pielgrzymka Sybirak\u00f3w do Sanktuarium matki Bo\u017cej Liche\u0144skiej (22)\" data-e-action-hash=\"#elementor-action%3Aaction%3Dlightbox%26settings%3DeyJpZCI6NzA0MjEsInVybCI6Imh0dHBzOlwvXC93d3cubGljaGVuLnBsXC93cC1jb250ZW50XC91cGxvYWRzXC8yMDI0XC8wNlwvMjkuLU9nb2xub3BvbHNrYS1QaWVsZ3J6eW1rYS1TeWJpcmFrb3ctZG8tU2Fua3R1YXJpdW0tbWF0a2ktQm96ZWotTGljaGVuc2tpZWotMjIuanBnIiwic2xpZGVzaG93IjoiNzM4YWNlMCJ9\">\n\t\t\t\t\t<div class=\"e-gallery-image elementor-gallery-item__image\" data-thumbnail=\"https:\/\/www.lichen.pl\/wp-content\/uploads\/2024\/06\/29.-Ogolnopolska-Pielgrzymka-Sybirakow-do-Sanktuarium-matki-Bozej-Lichenskiej-22-150x150.jpg\" data-width=\"150\" data-height=\"150\" aria-label=\"\" role=\"img\" ><\/div>\n\t\t\t\t\t\t\t\t\t\t\t<div class=\"elementor-gallery-item__overlay\"><\/div>\n\t\t\t\t\t\t\t\t\t\t\t\t\t\t<\/a>\n\t\t\t\t\t\t\t<a class=\"e-gallery-item elementor-gallery-item elementor-animated-content\" data-e-gallery-tags=\"7\" href=\"https:\/\/www.lichen.pl\/wp-content\/uploads\/2024\/06\/29.-Ogolnopolska-Pielgrzymka-Sybirakow-do-Sanktuarium-matki-Bozej-Lichenskiej-23.jpg\" data-elementor-open-lightbox=\"yes\" data-elementor-lightbox-slideshow=\"738ace0\" data-elementor-lightbox-title=\"29. Og\u00f3lnopolska Pielgrzymka Sybirak\u00f3w do Sanktuarium matki Bo\u017cej Liche\u0144skiej (23)\" data-e-action-hash=\"#elementor-action%3Aaction%3Dlightbox%26settings%3DeyJpZCI6NzA0MjIsInVybCI6Imh0dHBzOlwvXC93d3cubGljaGVuLnBsXC93cC1jb250ZW50XC91cGxvYWRzXC8yMDI0XC8wNlwvMjkuLU9nb2xub3BvbHNrYS1QaWVsZ3J6eW1rYS1TeWJpcmFrb3ctZG8tU2Fua3R1YXJpdW0tbWF0a2ktQm96ZWotTGljaGVuc2tpZWotMjMuanBnIiwic2xpZGVzaG93IjoiNzM4YWNlMCJ9\">\n\t\t\t\t\t<div class=\"e-gallery-image elementor-gallery-item__image\" data-thumbnail=\"https:\/\/www.lichen.pl\/wp-content\/uploads\/2024\/06\/29.-Ogolnopolska-Pielgrzymka-Sybirakow-do-Sanktuarium-matki-Bozej-Lichenskiej-23-150x150.jpg\" data-width=\"150\" data-height=\"150\" aria-label=\"\" role=\"img\" ><\/div>\n\t\t\t\t\t\t\t\t\t\t\t<div class=\"elementor-gallery-item__overlay\"><\/div>\n\t\t\t\t\t\t\t\t\t\t\t\t\t\t<\/a>\n\t\t\t\t\t\t\t<a class=\"e-gallery-item elementor-gallery-item elementor-animated-content\" data-e-gallery-tags=\"7\" href=\"https:\/\/www.lichen.pl\/wp-content\/uploads\/2024\/06\/29.-Ogolnopolska-Pielgrzymka-Sybirakow-do-Sanktuarium-matki-Bozej-Lichenskiej-24.jpg\" data-elementor-open-lightbox=\"yes\" data-elementor-lightbox-slideshow=\"738ace0\" data-elementor-lightbox-title=\"29. Og\u00f3lnopolska Pielgrzymka Sybirak\u00f3w do Sanktuarium matki Bo\u017cej Liche\u0144skiej (24)\" data-e-action-hash=\"#elementor-action%3Aaction%3Dlightbox%26settings%3DeyJpZCI6NzA0MjMsInVybCI6Imh0dHBzOlwvXC93d3cubGljaGVuLnBsXC93cC1jb250ZW50XC91cGxvYWRzXC8yMDI0XC8wNlwvMjkuLU9nb2xub3BvbHNrYS1QaWVsZ3J6eW1rYS1TeWJpcmFrb3ctZG8tU2Fua3R1YXJpdW0tbWF0a2ktQm96ZWotTGljaGVuc2tpZWotMjQuanBnIiwic2xpZGVzaG93IjoiNzM4YWNlMCJ9\">\n\t\t\t\t\t<div class=\"e-gallery-image elementor-gallery-item__image\" data-thumbnail=\"https:\/\/www.lichen.pl\/wp-content\/uploads\/2024\/06\/29.-Ogolnopolska-Pielgrzymka-Sybirakow-do-Sanktuarium-matki-Bozej-Lichenskiej-24-150x150.jpg\" data-width=\"150\" data-height=\"150\" aria-label=\"\" role=\"img\" ><\/div>\n\t\t\t\t\t\t\t\t\t\t\t<div class=\"elementor-gallery-item__overlay\"><\/div>\n\t\t\t\t\t\t\t\t\t\t\t\t\t\t<\/a>\n\t\t\t\t\t\t\t<a class=\"e-gallery-item elementor-gallery-item elementor-animated-content\" data-e-gallery-tags=\"7\" href=\"https:\/\/www.lichen.pl\/wp-content\/uploads\/2024\/06\/29.-Ogolnopolska-Pielgrzymka-Sybirakow-do-Sanktuarium-matki-Bozej-Lichenskiej-25.jpg\" data-elementor-open-lightbox=\"yes\" data-elementor-lightbox-slideshow=\"738ace0\" data-elementor-lightbox-title=\"29. Og\u00f3lnopolska Pielgrzymka Sybirak\u00f3w do Sanktuarium matki Bo\u017cej Liche\u0144skiej (25)\" data-e-action-hash=\"#elementor-action%3Aaction%3Dlightbox%26settings%3DeyJpZCI6NzA0MjQsInVybCI6Imh0dHBzOlwvXC93d3cubGljaGVuLnBsXC93cC1jb250ZW50XC91cGxvYWRzXC8yMDI0XC8wNlwvMjkuLU9nb2xub3BvbHNrYS1QaWVsZ3J6eW1rYS1TeWJpcmFrb3ctZG8tU2Fua3R1YXJpdW0tbWF0a2ktQm96ZWotTGljaGVuc2tpZWotMjUuanBnIiwic2xpZGVzaG93IjoiNzM4YWNlMCJ9\">\n\t\t\t\t\t<div class=\"e-gallery-image elementor-gallery-item__image\" data-thumbnail=\"https:\/\/www.lichen.pl\/wp-content\/uploads\/2024\/06\/29.-Ogolnopolska-Pielgrzymka-Sybirakow-do-Sanktuarium-matki-Bozej-Lichenskiej-25-150x150.jpg\" data-width=\"150\" data-height=\"150\" aria-label=\"\" role=\"img\" ><\/div>\n\t\t\t\t\t\t\t\t\t\t\t<div class=\"elementor-gallery-item__overlay\"><\/div>\n\t\t\t\t\t\t\t\t\t\t\t\t\t\t<\/a>\n\t\t\t\t\t\t\t<a class=\"e-gallery-item elementor-gallery-item elementor-animated-content\" data-e-gallery-tags=\"7\" href=\"https:\/\/www.lichen.pl\/wp-content\/uploads\/2024\/06\/29.-Ogolnopolska-Pielgrzymka-Sybirakow-do-Sanktuarium-matki-Bozej-Lichenskiej-26.jpg\" data-elementor-open-lightbox=\"yes\" data-elementor-lightbox-slideshow=\"738ace0\" data-elementor-lightbox-title=\"29. Og\u00f3lnopolska Pielgrzymka Sybirak\u00f3w do Sanktuarium matki Bo\u017cej Liche\u0144skiej (26)\" data-e-action-hash=\"#elementor-action%3Aaction%3Dlightbox%26settings%3DeyJpZCI6NzA0MjUsInVybCI6Imh0dHBzOlwvXC93d3cubGljaGVuLnBsXC93cC1jb250ZW50XC91cGxvYWRzXC8yMDI0XC8wNlwvMjkuLU9nb2xub3BvbHNrYS1QaWVsZ3J6eW1rYS1TeWJpcmFrb3ctZG8tU2Fua3R1YXJpdW0tbWF0a2ktQm96ZWotTGljaGVuc2tpZWotMjYuanBnIiwic2xpZGVzaG93IjoiNzM4YWNlMCJ9\">\n\t\t\t\t\t<div class=\"e-gallery-image elementor-gallery-item__image\" data-thumbnail=\"https:\/\/www.lichen.pl\/wp-content\/uploads\/2024\/06\/29.-Ogolnopolska-Pielgrzymka-Sybirakow-do-Sanktuarium-matki-Bozej-Lichenskiej-26-150x150.jpg\" data-width=\"150\" data-height=\"150\" aria-label=\"\" role=\"img\" ><\/div>\n\t\t\t\t\t\t\t\t\t\t\t<div class=\"elementor-gallery-item__overlay\"><\/div>\n\t\t\t\t\t\t\t\t\t\t\t\t\t\t<\/a>\n\t\t\t\t\t\t\t<a class=\"e-gallery-item elementor-gallery-item elementor-animated-content\" data-e-gallery-tags=\"7\" href=\"https:\/\/www.lichen.pl\/wp-content\/uploads\/2024\/06\/29.-Ogolnopolska-Pielgrzymka-Sybirakow-do-Sanktuarium-matki-Bozej-Lichenskiej-27.jpg\" data-elementor-open-lightbox=\"yes\" data-elementor-lightbox-slideshow=\"738ace0\" data-elementor-lightbox-title=\"29. Og\u00f3lnopolska Pielgrzymka Sybirak\u00f3w do Sanktuarium matki Bo\u017cej Liche\u0144skiej (27)\" data-e-action-hash=\"#elementor-action%3Aaction%3Dlightbox%26settings%3DeyJpZCI6NzA0MjYsInVybCI6Imh0dHBzOlwvXC93d3cubGljaGVuLnBsXC93cC1jb250ZW50XC91cGxvYWRzXC8yMDI0XC8wNlwvMjkuLU9nb2xub3BvbHNrYS1QaWVsZ3J6eW1rYS1TeWJpcmFrb3ctZG8tU2Fua3R1YXJpdW0tbWF0a2ktQm96ZWotTGljaGVuc2tpZWotMjcuanBnIiwic2xpZGVzaG93IjoiNzM4YWNlMCJ9\">\n\t\t\t\t\t<div class=\"e-gallery-image elementor-gallery-item__image\" data-thumbnail=\"https:\/\/www.lichen.pl\/wp-content\/uploads\/2024\/06\/29.-Ogolnopolska-Pielgrzymka-Sybirakow-do-Sanktuarium-matki-Bozej-Lichenskiej-27-150x150.jpg\" data-width=\"150\" data-height=\"150\" aria-label=\"\" role=\"img\" ><\/div>\n\t\t\t\t\t\t\t\t\t\t\t<div class=\"elementor-gallery-item__overlay\"><\/div>\n\t\t\t\t\t\t\t\t\t\t\t\t\t\t<\/a>\n\t\t\t\t\t\t\t<a class=\"e-gallery-item elementor-gallery-item elementor-animated-content\" data-e-gallery-tags=\"7\" href=\"https:\/\/www.lichen.pl\/wp-content\/uploads\/2024\/06\/29.-Ogolnopolska-Pielgrzymka-Sybirakow-do-Sanktuarium-matki-Bozej-Lichenskiej-28.jpg\" data-elementor-open-lightbox=\"yes\" data-elementor-lightbox-slideshow=\"738ace0\" data-elementor-lightbox-title=\"29. Og\u00f3lnopolska Pielgrzymka Sybirak\u00f3w do Sanktuarium matki Bo\u017cej Liche\u0144skiej (28)\" data-e-action-hash=\"#elementor-action%3Aaction%3Dlightbox%26settings%3DeyJpZCI6NzA0MjcsInVybCI6Imh0dHBzOlwvXC93d3cubGljaGVuLnBsXC93cC1jb250ZW50XC91cGxvYWRzXC8yMDI0XC8wNlwvMjkuLU9nb2xub3BvbHNrYS1QaWVsZ3J6eW1rYS1TeWJpcmFrb3ctZG8tU2Fua3R1YXJpdW0tbWF0a2ktQm96ZWotTGljaGVuc2tpZWotMjguanBnIiwic2xpZGVzaG93IjoiNzM4YWNlMCJ9\">\n\t\t\t\t\t<div class=\"e-gallery-image elementor-gallery-item__image\" data-thumbnail=\"https:\/\/www.lichen.pl\/wp-content\/uploads\/2024\/06\/29.-Ogolnopolska-Pielgrzymka-Sybirakow-do-Sanktuarium-matki-Bozej-Lichenskiej-28-150x150.jpg\" data-width=\"150\" data-height=\"150\" aria-label=\"\" role=\"img\" ><\/div>\n\t\t\t\t\t\t\t\t\t\t\t<div class=\"elementor-gallery-item__overlay\"><\/div>\n\t\t\t\t\t\t\t\t\t\t\t\t\t\t<\/a>\n\t\t\t\t\t\t\t<a class=\"e-gallery-item elementor-gallery-item elementor-animated-content\" data-e-gallery-tags=\"7\" href=\"https:\/\/www.lichen.pl\/wp-content\/uploads\/2024\/06\/29.-Ogolnopolska-Pielgrzymka-Sybirakow-do-Sanktuarium-matki-Bozej-Lichenskiej-29.jpg\" data-elementor-open-lightbox=\"yes\" data-elementor-lightbox-slideshow=\"738ace0\" data-elementor-lightbox-title=\"29. Og\u00f3lnopolska Pielgrzymka Sybirak\u00f3w do Sanktuarium matki Bo\u017cej Liche\u0144skiej (29)\" data-e-action-hash=\"#elementor-action%3Aaction%3Dlightbox%26settings%3DeyJpZCI6NzA0MjgsInVybCI6Imh0dHBzOlwvXC93d3cubGljaGVuLnBsXC93cC1jb250ZW50XC91cGxvYWRzXC8yMDI0XC8wNlwvMjkuLU9nb2xub3BvbHNrYS1QaWVsZ3J6eW1rYS1TeWJpcmFrb3ctZG8tU2Fua3R1YXJpdW0tbWF0a2ktQm96ZWotTGljaGVuc2tpZWotMjkuanBnIiwic2xpZGVzaG93IjoiNzM4YWNlMCJ9\">\n\t\t\t\t\t<div class=\"e-gallery-image elementor-gallery-item__image\" data-thumbnail=\"https:\/\/www.lichen.pl\/wp-content\/uploads\/2024\/06\/29.-Ogolnopolska-Pielgrzymka-Sybirakow-do-Sanktuarium-matki-Bozej-Lichenskiej-29-150x150.jpg\" data-width=\"150\" data-height=\"150\" aria-label=\"\" role=\"img\" ><\/div>\n\t\t\t\t\t\t\t\t\t\t\t<div class=\"elementor-gallery-item__overlay\"><\/div>\n\t\t\t\t\t\t\t\t\t\t\t\t\t\t<\/a>\n\t\t\t\t\t\t\t<a class=\"e-gallery-item elementor-gallery-item elementor-animated-content\" data-e-gallery-tags=\"7\" href=\"https:\/\/www.lichen.pl\/wp-content\/uploads\/2024\/06\/29.-Ogolnopolska-Pielgrzymka-Sybirakow-do-Sanktuarium-matki-Bozej-Lichenskiej-30.jpg\" data-elementor-open-lightbox=\"yes\" data-elementor-lightbox-slideshow=\"738ace0\" data-elementor-lightbox-title=\"29. Og\u00f3lnopolska Pielgrzymka Sybirak\u00f3w do Sanktuarium matki Bo\u017cej Liche\u0144skiej (30)\" data-e-action-hash=\"#elementor-action%3Aaction%3Dlightbox%26settings%3DeyJpZCI6NzA0MjksInVybCI6Imh0dHBzOlwvXC93d3cubGljaGVuLnBsXC93cC1jb250ZW50XC91cGxvYWRzXC8yMDI0XC8wNlwvMjkuLU9nb2xub3BvbHNrYS1QaWVsZ3J6eW1rYS1TeWJpcmFrb3ctZG8tU2Fua3R1YXJpdW0tbWF0a2ktQm96ZWotTGljaGVuc2tpZWotMzAuanBnIiwic2xpZGVzaG93IjoiNzM4YWNlMCJ9\">\n\t\t\t\t\t<div class=\"e-gallery-image elementor-gallery-item__image\" data-thumbnail=\"https:\/\/www.lichen.pl\/wp-content\/uploads\/2024\/06\/29.-Ogolnopolska-Pielgrzymka-Sybirakow-do-Sanktuarium-matki-Bozej-Lichenskiej-30-150x150.jpg\" data-width=\"150\" data-height=\"150\" aria-label=\"\" role=\"img\" ><\/div>\n\t\t\t\t\t\t\t\t\t\t\t<div class=\"elementor-gallery-item__overlay\"><\/div>\n\t\t\t\t\t\t\t\t\t\t\t\t\t\t<\/a>\n\t\t\t\t\t\t\t<a class=\"e-gallery-item elementor-gallery-item elementor-animated-content\" data-e-gallery-tags=\"7\" href=\"https:\/\/www.lichen.pl\/wp-content\/uploads\/2024\/06\/29.-Ogolnopolska-Pielgrzymka-Sybirakow-do-Sanktuarium-matki-Bozej-Lichenskiej-31.jpg\" data-elementor-open-lightbox=\"yes\" data-elementor-lightbox-slideshow=\"738ace0\" data-elementor-lightbox-title=\"29. Og\u00f3lnopolska Pielgrzymka Sybirak\u00f3w do Sanktuarium matki Bo\u017cej Liche\u0144skiej (31)\" data-e-action-hash=\"#elementor-action%3Aaction%3Dlightbox%26settings%3DeyJpZCI6NzA0MzAsInVybCI6Imh0dHBzOlwvXC93d3cubGljaGVuLnBsXC93cC1jb250ZW50XC91cGxvYWRzXC8yMDI0XC8wNlwvMjkuLU9nb2xub3BvbHNrYS1QaWVsZ3J6eW1rYS1TeWJpcmFrb3ctZG8tU2Fua3R1YXJpdW0tbWF0a2ktQm96ZWotTGljaGVuc2tpZWotMzEuanBnIiwic2xpZGVzaG93IjoiNzM4YWNlMCJ9\">\n\t\t\t\t\t<div class=\"e-gallery-image elementor-gallery-item__image\" data-thumbnail=\"https:\/\/www.lichen.pl\/wp-content\/uploads\/2024\/06\/29.-Ogolnopolska-Pielgrzymka-Sybirakow-do-Sanktuarium-matki-Bozej-Lichenskiej-31-150x150.jpg\" data-width=\"150\" data-height=\"150\" aria-label=\"\" role=\"img\" ><\/div>\n\t\t\t\t\t\t\t\t\t\t\t<div class=\"elementor-gallery-item__overlay\"><\/div>\n\t\t\t\t\t\t\t\t\t\t\t\t\t\t<\/a>\n\t\t\t\t\t\t\t<a class=\"e-gallery-item elementor-gallery-item elementor-animated-content\" data-e-gallery-tags=\"7\" href=\"https:\/\/www.lichen.pl\/wp-content\/uploads\/2024\/06\/29.-Ogolnopolska-Pielgrzymka-Sybirakow-do-Sanktuarium-matki-Bozej-Lichenskiej-32.jpg\" data-elementor-open-lightbox=\"yes\" data-elementor-lightbox-slideshow=\"738ace0\" data-elementor-lightbox-title=\"29. Og\u00f3lnopolska Pielgrzymka Sybirak\u00f3w do Sanktuarium matki Bo\u017cej Liche\u0144skiej (32)\" data-e-action-hash=\"#elementor-action%3Aaction%3Dlightbox%26settings%3DeyJpZCI6NzA0MzEsInVybCI6Imh0dHBzOlwvXC93d3cubGljaGVuLnBsXC93cC1jb250ZW50XC91cGxvYWRzXC8yMDI0XC8wNlwvMjkuLU9nb2xub3BvbHNrYS1QaWVsZ3J6eW1rYS1TeWJpcmFrb3ctZG8tU2Fua3R1YXJpdW0tbWF0a2ktQm96ZWotTGljaGVuc2tpZWotMzIuanBnIiwic2xpZGVzaG93IjoiNzM4YWNlMCJ9\">\n\t\t\t\t\t<div class=\"e-gallery-image elementor-gallery-item__image\" data-thumbnail=\"https:\/\/www.lichen.pl\/wp-content\/uploads\/2024\/06\/29.-Ogolnopolska-Pielgrzymka-Sybirakow-do-Sanktuarium-matki-Bozej-Lichenskiej-32-150x150.jpg\" data-width=\"150\" data-height=\"150\" aria-label=\"\" role=\"img\" ><\/div>\n\t\t\t\t\t\t\t\t\t\t\t<div class=\"elementor-gallery-item__overlay\"><\/div>\n\t\t\t\t\t\t\t\t\t\t\t\t\t\t<\/a>\n\t\t\t\t\t\t\t<a class=\"e-gallery-item elementor-gallery-item elementor-animated-content\" data-e-gallery-tags=\"7\" href=\"https:\/\/www.lichen.pl\/wp-content\/uploads\/2024\/06\/29.-Ogolnopolska-Pielgrzymka-Sybirakow-do-Sanktuarium-matki-Bozej-Lichenskiej-33.jpg\" data-elementor-open-lightbox=\"yes\" data-elementor-lightbox-slideshow=\"738ace0\" data-elementor-lightbox-title=\"29. Og\u00f3lnopolska Pielgrzymka Sybirak\u00f3w do Sanktuarium matki Bo\u017cej Liche\u0144skiej (33)\" data-e-action-hash=\"#elementor-action%3Aaction%3Dlightbox%26settings%3DeyJpZCI6NzA0MzIsInVybCI6Imh0dHBzOlwvXC93d3cubGljaGVuLnBsXC93cC1jb250ZW50XC91cGxvYWRzXC8yMDI0XC8wNlwvMjkuLU9nb2xub3BvbHNrYS1QaWVsZ3J6eW1rYS1TeWJpcmFrb3ctZG8tU2Fua3R1YXJpdW0tbWF0a2ktQm96ZWotTGljaGVuc2tpZWotMzMuanBnIiwic2xpZGVzaG93IjoiNzM4YWNlMCJ9\">\n\t\t\t\t\t<div class=\"e-gallery-image elementor-gallery-item__image\" data-thumbnail=\"https:\/\/www.lichen.pl\/wp-content\/uploads\/2024\/06\/29.-Ogolnopolska-Pielgrzymka-Sybirakow-do-Sanktuarium-matki-Bozej-Lichenskiej-33-150x150.jpg\" data-width=\"150\" data-height=\"150\" aria-label=\"\" role=\"img\" ><\/div>\n\t\t\t\t\t\t\t\t\t\t\t<div class=\"elementor-gallery-item__overlay\"><\/div>\n\t\t\t\t\t\t\t\t\t\t\t\t\t\t<\/a>\n\t\t\t\t\t\t\t<a class=\"e-gallery-item elementor-gallery-item elementor-animated-content\" data-e-gallery-tags=\"7\" href=\"https:\/\/www.lichen.pl\/wp-content\/uploads\/2024\/06\/29.-Ogolnopolska-Pielgrzymka-Sybirakow-do-Sanktuarium-matki-Bozej-Lichenskiej-34.jpg\" data-elementor-open-lightbox=\"yes\" data-elementor-lightbox-slideshow=\"738ace0\" data-elementor-lightbox-title=\"29. Og\u00f3lnopolska Pielgrzymka Sybirak\u00f3w do Sanktuarium matki Bo\u017cej Liche\u0144skiej (34)\" data-e-action-hash=\"#elementor-action%3Aaction%3Dlightbox%26settings%3DeyJpZCI6NzA0MzMsInVybCI6Imh0dHBzOlwvXC93d3cubGljaGVuLnBsXC93cC1jb250ZW50XC91cGxvYWRzXC8yMDI0XC8wNlwvMjkuLU9nb2xub3BvbHNrYS1QaWVsZ3J6eW1rYS1TeWJpcmFrb3ctZG8tU2Fua3R1YXJpdW0tbWF0a2ktQm96ZWotTGljaGVuc2tpZWotMzQuanBnIiwic2xpZGVzaG93IjoiNzM4YWNlMCJ9\">\n\t\t\t\t\t<div class=\"e-gallery-image elementor-gallery-item__image\" data-thumbnail=\"https:\/\/www.lichen.pl\/wp-content\/uploads\/2024\/06\/29.-Ogolnopolska-Pielgrzymka-Sybirakow-do-Sanktuarium-matki-Bozej-Lichenskiej-34-150x150.jpg\" data-width=\"150\" data-height=\"150\" aria-label=\"\" role=\"img\" ><\/div>\n\t\t\t\t\t\t\t\t\t\t\t<div class=\"elementor-gallery-item__overlay\"><\/div>\n\t\t\t\t\t\t\t\t\t\t\t\t\t\t<\/a>\n\t\t\t\t\t\t\t<a class=\"e-gallery-item elementor-gallery-item elementor-animated-content\" data-e-gallery-tags=\"7\" href=\"https:\/\/www.lichen.pl\/wp-content\/uploads\/2024\/06\/29.-Ogolnopolska-Pielgrzymka-Sybirakow-do-Sanktuarium-matki-Bozej-Lichenskiej-36.jpg\" data-elementor-open-lightbox=\"yes\" data-elementor-lightbox-slideshow=\"738ace0\" data-elementor-lightbox-title=\"29. Og\u00f3lnopolska Pielgrzymka Sybirak\u00f3w do Sanktuarium matki Bo\u017cej Liche\u0144skiej (36)\" data-e-action-hash=\"#elementor-action%3Aaction%3Dlightbox%26settings%3DeyJpZCI6NzA0MzUsInVybCI6Imh0dHBzOlwvXC93d3cubGljaGVuLnBsXC93cC1jb250ZW50XC91cGxvYWRzXC8yMDI0XC8wNlwvMjkuLU9nb2xub3BvbHNrYS1QaWVsZ3J6eW1rYS1TeWJpcmFrb3ctZG8tU2Fua3R1YXJpdW0tbWF0a2ktQm96ZWotTGljaGVuc2tpZWotMzYuanBnIiwic2xpZGVzaG93IjoiNzM4YWNlMCJ9\">\n\t\t\t\t\t<div class=\"e-gallery-image elementor-gallery-item__image\" data-thumbnail=\"https:\/\/www.lichen.pl\/wp-content\/uploads\/2024\/06\/29.-Ogolnopolska-Pielgrzymka-Sybirakow-do-Sanktuarium-matki-Bozej-Lichenskiej-36-150x150.jpg\" data-width=\"150\" data-height=\"150\" aria-label=\"\" role=\"img\" ><\/div>\n\t\t\t\t\t\t\t\t\t\t\t<div class=\"elementor-gallery-item__overlay\"><\/div>\n\t\t\t\t\t\t\t\t\t\t\t\t\t\t<\/a>\n\t\t\t\t\t\t\t<a class=\"e-gallery-item elementor-gallery-item elementor-animated-content\" data-e-gallery-tags=\"7\" href=\"https:\/\/www.lichen.pl\/wp-content\/uploads\/2024\/06\/29.-Ogolnopolska-Pielgrzymka-Sybirakow-do-Sanktuarium-matki-Bozej-Lichenskiej-37.jpg\" data-elementor-open-lightbox=\"yes\" data-elementor-lightbox-slideshow=\"738ace0\" data-elementor-lightbox-title=\"29. Og\u00f3lnopolska Pielgrzymka Sybirak\u00f3w do Sanktuarium matki Bo\u017cej Liche\u0144skiej (37)\" data-e-action-hash=\"#elementor-action%3Aaction%3Dlightbox%26settings%3DeyJpZCI6NzA0MzYsInVybCI6Imh0dHBzOlwvXC93d3cubGljaGVuLnBsXC93cC1jb250ZW50XC91cGxvYWRzXC8yMDI0XC8wNlwvMjkuLU9nb2xub3BvbHNrYS1QaWVsZ3J6eW1rYS1TeWJpcmFrb3ctZG8tU2Fua3R1YXJpdW0tbWF0a2ktQm96ZWotTGljaGVuc2tpZWotMzcuanBnIiwic2xpZGVzaG93IjoiNzM4YWNlMCJ9\">\n\t\t\t\t\t<div class=\"e-gallery-image elementor-gallery-item__image\" data-thumbnail=\"https:\/\/www.lichen.pl\/wp-content\/uploads\/2024\/06\/29.-Ogolnopolska-Pielgrzymka-Sybirakow-do-Sanktuarium-matki-Bozej-Lichenskiej-37-150x150.jpg\" data-width=\"150\" data-height=\"150\" aria-label=\"\" role=\"img\" ><\/div>\n\t\t\t\t\t\t\t\t\t\t\t<div class=\"elementor-gallery-item__overlay\"><\/div>\n\t\t\t\t\t\t\t\t\t\t\t\t\t\t<\/a>\n\t\t\t\t\t\t\t<a class=\"e-gallery-item elementor-gallery-item elementor-animated-content\" data-e-gallery-tags=\"7\" href=\"https:\/\/www.lichen.pl\/wp-content\/uploads\/2024\/06\/29.-Ogolnopolska-Pielgrzymka-Sybirakow-do-Sanktuarium-matki-Bozej-Lichenskiej-35.jpg\" data-elementor-open-lightbox=\"yes\" data-elementor-lightbox-slideshow=\"738ace0\" data-elementor-lightbox-title=\"29. Og\u00f3lnopolska Pielgrzymka Sybirak\u00f3w do Sanktuarium matki Bo\u017cej Liche\u0144skiej (35)\" data-e-action-hash=\"#elementor-action%3Aaction%3Dlightbox%26settings%3DeyJpZCI6NzA0MzQsInVybCI6Imh0dHBzOlwvXC93d3cubGljaGVuLnBsXC93cC1jb250ZW50XC91cGxvYWRzXC8yMDI0XC8wNlwvMjkuLU9nb2xub3BvbHNrYS1QaWVsZ3J6eW1rYS1TeWJpcmFrb3ctZG8tU2Fua3R1YXJpdW0tbWF0a2ktQm96ZWotTGljaGVuc2tpZWotMzUuanBnIiwic2xpZGVzaG93IjoiNzM4YWNlMCJ9\">\n\t\t\t\t\t<div class=\"e-gallery-image elementor-gallery-item__image\" data-thumbnail=\"https:\/\/www.lichen.pl\/wp-content\/uploads\/2024\/06\/29.-Ogolnopolska-Pielgrzymka-Sybirakow-do-Sanktuarium-matki-Bozej-Lichenskiej-35-150x150.jpg\" data-width=\"150\" data-height=\"150\" aria-label=\"\" role=\"img\" ><\/div>\n\t\t\t\t\t\t\t\t\t\t\t<div class=\"elementor-gallery-item__overlay\"><\/div>\n\t\t\t\t\t\t\t\t\t\t\t\t\t\t<\/a>\n\t\t\t\t\t\t\t<a class=\"e-gallery-item elementor-gallery-item elementor-animated-content\" data-e-gallery-tags=\"7\" href=\"https:\/\/www.lichen.pl\/wp-content\/uploads\/2024\/06\/29.-Ogolnopolska-Pielgrzymka-Sybirakow-do-Sanktuarium-matki-Bozej-Lichenskiej-38.jpg\" data-elementor-open-lightbox=\"yes\" data-elementor-lightbox-slideshow=\"738ace0\" data-elementor-lightbox-title=\"29. Og\u00f3lnopolska Pielgrzymka Sybirak\u00f3w do Sanktuarium matki Bo\u017cej Liche\u0144skiej (38)\" data-e-action-hash=\"#elementor-action%3Aaction%3Dlightbox%26settings%3DeyJpZCI6NzA0MzcsInVybCI6Imh0dHBzOlwvXC93d3cubGljaGVuLnBsXC93cC1jb250ZW50XC91cGxvYWRzXC8yMDI0XC8wNlwvMjkuLU9nb2xub3BvbHNrYS1QaWVsZ3J6eW1rYS1TeWJpcmFrb3ctZG8tU2Fua3R1YXJpdW0tbWF0a2ktQm96ZWotTGljaGVuc2tpZWotMzguanBnIiwic2xpZGVzaG93IjoiNzM4YWNlMCJ9\">\n\t\t\t\t\t<div class=\"e-gallery-image elementor-gallery-item__image\" data-thumbnail=\"https:\/\/www.lichen.pl\/wp-content\/uploads\/2024\/06\/29.-Ogolnopolska-Pielgrzymka-Sybirakow-do-Sanktuarium-matki-Bozej-Lichenskiej-38-150x150.jpg\" data-width=\"150\" data-height=\"150\" aria-label=\"\" role=\"img\" ><\/div>\n\t\t\t\t\t\t\t\t\t\t\t<div class=\"elementor-gallery-item__overlay\"><\/div>\n\t\t\t\t\t\t\t\t\t\t\t\t\t\t<\/a>\n\t\t\t\t\t\t\t<a class=\"e-gallery-item elementor-gallery-item elementor-animated-content\" data-e-gallery-tags=\"7\" href=\"https:\/\/www.lichen.pl\/wp-content\/uploads\/2024\/06\/29.-Ogolnopolska-Pielgrzymka-Sybirakow-do-Sanktuarium-matki-Bozej-Lichenskiej-39.jpg\" data-elementor-open-lightbox=\"yes\" data-elementor-lightbox-slideshow=\"738ace0\" data-elementor-lightbox-title=\"29. Og\u00f3lnopolska Pielgrzymka Sybirak\u00f3w do Sanktuarium matki Bo\u017cej Liche\u0144skiej (39)\" data-e-action-hash=\"#elementor-action%3Aaction%3Dlightbox%26settings%3DeyJpZCI6NzA0MzgsInVybCI6Imh0dHBzOlwvXC93d3cubGljaGVuLnBsXC93cC1jb250ZW50XC91cGxvYWRzXC8yMDI0XC8wNlwvMjkuLU9nb2xub3BvbHNrYS1QaWVsZ3J6eW1rYS1TeWJpcmFrb3ctZG8tU2Fua3R1YXJpdW0tbWF0a2ktQm96ZWotTGljaGVuc2tpZWotMzkuanBnIiwic2xpZGVzaG93IjoiNzM4YWNlMCJ9\">\n\t\t\t\t\t<div class=\"e-gallery-image elementor-gallery-item__image\" data-thumbnail=\"https:\/\/www.lichen.pl\/wp-content\/uploads\/2024\/06\/29.-Ogolnopolska-Pielgrzymka-Sybirakow-do-Sanktuarium-matki-Bozej-Lichenskiej-39-150x150.jpg\" data-width=\"150\" data-height=\"150\" aria-label=\"\" role=\"img\" ><\/div>\n\t\t\t\t\t\t\t\t\t\t\t<div class=\"elementor-gallery-item__overlay\"><\/div>\n\t\t\t\t\t\t\t\t\t\t\t\t\t\t<\/a>\n\t\t\t\t\t\t\t<a class=\"e-gallery-item elementor-gallery-item elementor-animated-content\" data-e-gallery-tags=\"8\" href=\"https:\/\/www.lichen.pl\/wp-content\/uploads\/2024\/06\/IMG_0085.jpg\" data-elementor-open-lightbox=\"yes\" data-elementor-lightbox-slideshow=\"738ace0\" data-elementor-lightbox-title=\"IMG_0085\" data-e-action-hash=\"#elementor-action%3Aaction%3Dlightbox%26settings%3DeyJpZCI6NzA0NzIsInVybCI6Imh0dHBzOlwvXC93d3cubGljaGVuLnBsXC93cC1jb250ZW50XC91cGxvYWRzXC8yMDI0XC8wNlwvSU1HXzAwODUuanBnIiwic2xpZGVzaG93IjoiNzM4YWNlMCJ9\">\n\t\t\t\t\t<div class=\"e-gallery-image elementor-gallery-item__image\" data-thumbnail=\"https:\/\/www.lichen.pl\/wp-content\/uploads\/2024\/06\/IMG_0085-150x150.jpg\" data-width=\"150\" data-height=\"150\" aria-label=\"\" role=\"img\" ><\/div>\n\t\t\t\t\t\t\t\t\t\t\t<div class=\"elementor-gallery-item__overlay\"><\/div>\n\t\t\t\t\t\t\t\t\t\t\t\t\t\t<\/a>\n\t\t\t\t\t\t\t<a class=\"e-gallery-item elementor-gallery-item elementor-animated-content\" data-e-gallery-tags=\"8\" href=\"https:\/\/www.lichen.pl\/wp-content\/uploads\/2024\/06\/IMG_0082.jpg\" data-elementor-open-lightbox=\"yes\" data-elementor-lightbox-slideshow=\"738ace0\" data-elementor-lightbox-title=\"IMG_0082\" data-e-action-hash=\"#elementor-action%3Aaction%3Dlightbox%26settings%3DeyJpZCI6NzA0NzUsInVybCI6Imh0dHBzOlwvXC93d3cubGljaGVuLnBsXC93cC1jb250ZW50XC91cGxvYWRzXC8yMDI0XC8wNlwvSU1HXzAwODIuanBnIiwic2xpZGVzaG93IjoiNzM4YWNlMCJ9\">\n\t\t\t\t\t<div class=\"e-gallery-image elementor-gallery-item__image\" data-thumbnail=\"https:\/\/www.lichen.pl\/wp-content\/uploads\/2024\/06\/IMG_0082-150x150.jpg\" data-width=\"150\" data-height=\"150\" aria-label=\"\" role=\"img\" ><\/div>\n\t\t\t\t\t\t\t\t\t\t\t<div class=\"elementor-gallery-item__overlay\"><\/div>\n\t\t\t\t\t\t\t\t\t\t\t\t\t\t<\/a>\n\t\t\t\t\t\t\t<a class=\"e-gallery-item elementor-gallery-item elementor-animated-content\" data-e-gallery-tags=\"8\" href=\"https:\/\/www.lichen.pl\/wp-content\/uploads\/2024\/06\/IMG_0081.jpg\" data-elementor-open-lightbox=\"yes\" data-elementor-lightbox-slideshow=\"738ace0\" data-elementor-lightbox-title=\"IMG_0081\" data-e-action-hash=\"#elementor-action%3Aaction%3Dlightbox%26settings%3DeyJpZCI6NzA0NzYsInVybCI6Imh0dHBzOlwvXC93d3cubGljaGVuLnBsXC93cC1jb250ZW50XC91cGxvYWRzXC8yMDI0XC8wNlwvSU1HXzAwODEuanBnIiwic2xpZGVzaG93IjoiNzM4YWNlMCJ9\">\n\t\t\t\t\t<div class=\"e-gallery-image elementor-gallery-item__image\" data-thumbnail=\"https:\/\/www.lichen.pl\/wp-content\/uploads\/2024\/06\/IMG_0081-150x150.jpg\" data-width=\"150\" data-height=\"150\" aria-label=\"\" role=\"img\" ><\/div>\n\t\t\t\t\t\t\t\t\t\t\t<div class=\"elementor-gallery-item__overlay\"><\/div>\n\t\t\t\t\t\t\t\t\t\t\t\t\t\t<\/a>\n\t\t\t\t\t\t\t<a class=\"e-gallery-item elementor-gallery-item elementor-animated-content\" data-e-gallery-tags=\"8\" href=\"https:\/\/www.lichen.pl\/wp-content\/uploads\/2024\/06\/IMG_0079.jpg\" data-elementor-open-lightbox=\"yes\" data-elementor-lightbox-slideshow=\"738ace0\" data-elementor-lightbox-title=\"IMG_0079\" data-e-action-hash=\"#elementor-action%3Aaction%3Dlightbox%26settings%3DeyJpZCI6NzA0NzcsInVybCI6Imh0dHBzOlwvXC93d3cubGljaGVuLnBsXC93cC1jb250ZW50XC91cGxvYWRzXC8yMDI0XC8wNlwvSU1HXzAwNzkuanBnIiwic2xpZGVzaG93IjoiNzM4YWNlMCJ9\">\n\t\t\t\t\t<div class=\"e-gallery-image elementor-gallery-item__image\" data-thumbnail=\"https:\/\/www.lichen.pl\/wp-content\/uploads\/2024\/06\/IMG_0079-150x150.jpg\" data-width=\"150\" data-height=\"150\" aria-label=\"\" role=\"img\" ><\/div>\n\t\t\t\t\t\t\t\t\t\t\t<div class=\"elementor-gallery-item__overlay\"><\/div>\n\t\t\t\t\t\t\t\t\t\t\t\t\t\t<\/a>\n\t\t\t\t\t\t\t<a class=\"e-gallery-item elementor-gallery-item elementor-animated-content\" data-e-gallery-tags=\"8\" href=\"https:\/\/www.lichen.pl\/wp-content\/uploads\/2024\/06\/IMG_0076.jpg\" data-elementor-open-lightbox=\"yes\" data-elementor-lightbox-slideshow=\"738ace0\" data-elementor-lightbox-title=\"IMG_0076\" data-e-action-hash=\"#elementor-action%3Aaction%3Dlightbox%26settings%3DeyJpZCI6NzA0NzgsInVybCI6Imh0dHBzOlwvXC93d3cubGljaGVuLnBsXC93cC1jb250ZW50XC91cGxvYWRzXC8yMDI0XC8wNlwvSU1HXzAwNzYuanBnIiwic2xpZGVzaG93IjoiNzM4YWNlMCJ9\">\n\t\t\t\t\t<div class=\"e-gallery-image elementor-gallery-item__image\" data-thumbnail=\"https:\/\/www.lichen.pl\/wp-content\/uploads\/2024\/06\/IMG_0076-150x150.jpg\" data-width=\"150\" data-height=\"150\" aria-label=\"\" role=\"img\" ><\/div>\n\t\t\t\t\t\t\t\t\t\t\t<div class=\"elementor-gallery-item__overlay\"><\/div>\n\t\t\t\t\t\t\t\t\t\t\t\t\t\t<\/a>\n\t\t\t\t\t\t\t<a class=\"e-gallery-item elementor-gallery-item elementor-animated-content\" data-e-gallery-tags=\"8\" href=\"https:\/\/www.lichen.pl\/wp-content\/uploads\/2024\/06\/IMG_0074.jpg\" data-elementor-open-lightbox=\"yes\" data-elementor-lightbox-slideshow=\"738ace0\" data-elementor-lightbox-title=\"IMG_0074\" data-e-action-hash=\"#elementor-action%3Aaction%3Dlightbox%26settings%3DeyJpZCI6NzA0ODAsInVybCI6Imh0dHBzOlwvXC93d3cubGljaGVuLnBsXC93cC1jb250ZW50XC91cGxvYWRzXC8yMDI0XC8wNlwvSU1HXzAwNzQuanBnIiwic2xpZGVzaG93IjoiNzM4YWNlMCJ9\">\n\t\t\t\t\t<div class=\"e-gallery-image elementor-gallery-item__image\" data-thumbnail=\"https:\/\/www.lichen.pl\/wp-content\/uploads\/2024\/06\/IMG_0074-150x150.jpg\" data-width=\"150\" data-height=\"150\" aria-label=\"\" role=\"img\" ><\/div>\n\t\t\t\t\t\t\t\t\t\t\t<div class=\"elementor-gallery-item__overlay\"><\/div>\n\t\t\t\t\t\t\t\t\t\t\t\t\t\t<\/a>\n\t\t\t\t\t\t\t<a class=\"e-gallery-item elementor-gallery-item elementor-animated-content\" data-e-gallery-tags=\"8\" href=\"https:\/\/www.lichen.pl\/wp-content\/uploads\/2024\/06\/IMG_0072.jpg\" data-elementor-open-lightbox=\"yes\" data-elementor-lightbox-slideshow=\"738ace0\" data-elementor-lightbox-title=\"IMG_0072\" data-e-action-hash=\"#elementor-action%3Aaction%3Dlightbox%26settings%3DeyJpZCI6NzA0ODIsInVybCI6Imh0dHBzOlwvXC93d3cubGljaGVuLnBsXC93cC1jb250ZW50XC91cGxvYWRzXC8yMDI0XC8wNlwvSU1HXzAwNzIuanBnIiwic2xpZGVzaG93IjoiNzM4YWNlMCJ9\">\n\t\t\t\t\t<div class=\"e-gallery-image elementor-gallery-item__image\" data-thumbnail=\"https:\/\/www.lichen.pl\/wp-content\/uploads\/2024\/06\/IMG_0072-150x150.jpg\" data-width=\"150\" data-height=\"150\" aria-label=\"\" role=\"img\" ><\/div>\n\t\t\t\t\t\t\t\t\t\t\t<div class=\"elementor-gallery-item__overlay\"><\/div>\n\t\t\t\t\t\t\t\t\t\t\t\t\t\t<\/a>\n\t\t\t\t\t\t\t<a class=\"e-gallery-item elementor-gallery-item elementor-animated-content\" data-e-gallery-tags=\"8\" href=\"https:\/\/www.lichen.pl\/wp-content\/uploads\/2024\/06\/IMG_0073.jpg\" data-elementor-open-lightbox=\"yes\" data-elementor-lightbox-slideshow=\"738ace0\" data-elementor-lightbox-title=\"IMG_0073\" data-e-action-hash=\"#elementor-action%3Aaction%3Dlightbox%26settings%3DeyJpZCI6NzA0ODEsInVybCI6Imh0dHBzOlwvXC93d3cubGljaGVuLnBsXC93cC1jb250ZW50XC91cGxvYWRzXC8yMDI0XC8wNlwvSU1HXzAwNzMuanBnIiwic2xpZGVzaG93IjoiNzM4YWNlMCJ9\">\n\t\t\t\t\t<div class=\"e-gallery-image elementor-gallery-item__image\" data-thumbnail=\"https:\/\/www.lichen.pl\/wp-content\/uploads\/2024\/06\/IMG_0073-150x150.jpg\" data-width=\"150\" data-height=\"150\" aria-label=\"\" role=\"img\" ><\/div>\n\t\t\t\t\t\t\t\t\t\t\t<div class=\"elementor-gallery-item__overlay\"><\/div>\n\t\t\t\t\t\t\t\t\t\t\t\t\t\t<\/a>\n\t\t\t\t\t\t\t<a class=\"e-gallery-item elementor-gallery-item elementor-animated-content\" data-e-gallery-tags=\"8\" href=\"https:\/\/www.lichen.pl\/wp-content\/uploads\/2024\/06\/IMG_0071.jpg\" data-elementor-open-lightbox=\"yes\" data-elementor-lightbox-slideshow=\"738ace0\" data-elementor-lightbox-title=\"IMG_0071\" data-e-action-hash=\"#elementor-action%3Aaction%3Dlightbox%26settings%3DeyJpZCI6NzA0ODMsInVybCI6Imh0dHBzOlwvXC93d3cubGljaGVuLnBsXC93cC1jb250ZW50XC91cGxvYWRzXC8yMDI0XC8wNlwvSU1HXzAwNzEuanBnIiwic2xpZGVzaG93IjoiNzM4YWNlMCJ9\">\n\t\t\t\t\t<div class=\"e-gallery-image elementor-gallery-item__image\" data-thumbnail=\"https:\/\/www.lichen.pl\/wp-content\/uploads\/2024\/06\/IMG_0071-150x150.jpg\" data-width=\"150\" data-height=\"150\" aria-label=\"\" role=\"img\" ><\/div>\n\t\t\t\t\t\t\t\t\t\t\t<div class=\"elementor-gallery-item__overlay\"><\/div>\n\t\t\t\t\t\t\t\t\t\t\t\t\t\t<\/a>\n\t\t\t\t\t\t\t<a class=\"e-gallery-item elementor-gallery-item elementor-animated-content\" data-e-gallery-tags=\"8\" href=\"https:\/\/www.lichen.pl\/wp-content\/uploads\/2024\/06\/IMG_0067-Edytuj.jpg\" data-elementor-open-lightbox=\"yes\" data-elementor-lightbox-slideshow=\"738ace0\" data-elementor-lightbox-title=\"IMG_0067-Edytuj\" data-e-action-hash=\"#elementor-action%3Aaction%3Dlightbox%26settings%3DeyJpZCI6NzA0ODQsInVybCI6Imh0dHBzOlwvXC93d3cubGljaGVuLnBsXC93cC1jb250ZW50XC91cGxvYWRzXC8yMDI0XC8wNlwvSU1HXzAwNjctRWR5dHVqLmpwZyIsInNsaWRlc2hvdyI6IjczOGFjZTAifQ%3D%3D\">\n\t\t\t\t\t<div class=\"e-gallery-image elementor-gallery-item__image\" data-thumbnail=\"https:\/\/www.lichen.pl\/wp-content\/uploads\/2024\/06\/IMG_0067-Edytuj-150x150.jpg\" data-width=\"150\" data-height=\"150\" aria-label=\"\" role=\"img\" ><\/div>\n\t\t\t\t\t\t\t\t\t\t\t<div class=\"elementor-gallery-item__overlay\"><\/div>\n\t\t\t\t\t\t\t\t\t\t\t\t\t\t<\/a>\n\t\t\t\t\t\t\t<a class=\"e-gallery-item elementor-gallery-item elementor-animated-content\" data-e-gallery-tags=\"8\" href=\"https:\/\/www.lichen.pl\/wp-content\/uploads\/2024\/06\/IMG_0065.jpg\" data-elementor-open-lightbox=\"yes\" data-elementor-lightbox-slideshow=\"738ace0\" data-elementor-lightbox-title=\"IMG_0065\" data-e-action-hash=\"#elementor-action%3Aaction%3Dlightbox%26settings%3DeyJpZCI6NzA0ODUsInVybCI6Imh0dHBzOlwvXC93d3cubGljaGVuLnBsXC93cC1jb250ZW50XC91cGxvYWRzXC8yMDI0XC8wNlwvSU1HXzAwNjUuanBnIiwic2xpZGVzaG93IjoiNzM4YWNlMCJ9\">\n\t\t\t\t\t<div class=\"e-gallery-image elementor-gallery-item__image\" data-thumbnail=\"https:\/\/www.lichen.pl\/wp-content\/uploads\/2024\/06\/IMG_0065-150x150.jpg\" data-width=\"150\" data-height=\"150\" aria-label=\"\" role=\"img\" ><\/div>\n\t\t\t\t\t\t\t\t\t\t\t<div class=\"elementor-gallery-item__overlay\"><\/div>\n\t\t\t\t\t\t\t\t\t\t\t\t\t\t<\/a>\n\t\t\t\t\t\t\t<a class=\"e-gallery-item elementor-gallery-item elementor-animated-content\" data-e-gallery-tags=\"8\" href=\"https:\/\/www.lichen.pl\/wp-content\/uploads\/2024\/06\/IMG_0063.jpg\" data-elementor-open-lightbox=\"yes\" data-elementor-lightbox-slideshow=\"738ace0\" data-elementor-lightbox-title=\"IMG_0063\" data-e-action-hash=\"#elementor-action%3Aaction%3Dlightbox%26settings%3DeyJpZCI6NzA0ODYsInVybCI6Imh0dHBzOlwvXC93d3cubGljaGVuLnBsXC93cC1jb250ZW50XC91cGxvYWRzXC8yMDI0XC8wNlwvSU1HXzAwNjMuanBnIiwic2xpZGVzaG93IjoiNzM4YWNlMCJ9\">\n\t\t\t\t\t<div class=\"e-gallery-image elementor-gallery-item__image\" data-thumbnail=\"https:\/\/www.lichen.pl\/wp-content\/uploads\/2024\/06\/IMG_0063-150x150.jpg\" data-width=\"150\" data-height=\"150\" aria-label=\"\" role=\"img\" ><\/div>\n\t\t\t\t\t\t\t\t\t\t\t<div class=\"elementor-gallery-item__overlay\"><\/div>\n\t\t\t\t\t\t\t\t\t\t\t\t\t\t<\/a>\n\t\t\t\t\t\t\t<a class=\"e-gallery-item elementor-gallery-item elementor-animated-content\" data-e-gallery-tags=\"8\" href=\"https:\/\/www.lichen.pl\/wp-content\/uploads\/2024\/06\/IMG_0062.jpg\" data-elementor-open-lightbox=\"yes\" data-elementor-lightbox-slideshow=\"738ace0\" data-elementor-lightbox-title=\"IMG_0062\" data-e-action-hash=\"#elementor-action%3Aaction%3Dlightbox%26settings%3DeyJpZCI6NzA0ODcsInVybCI6Imh0dHBzOlwvXC93d3cubGljaGVuLnBsXC93cC1jb250ZW50XC91cGxvYWRzXC8yMDI0XC8wNlwvSU1HXzAwNjIuanBnIiwic2xpZGVzaG93IjoiNzM4YWNlMCJ9\">\n\t\t\t\t\t<div class=\"e-gallery-image elementor-gallery-item__image\" data-thumbnail=\"https:\/\/www.lichen.pl\/wp-content\/uploads\/2024\/06\/IMG_0062-150x150.jpg\" data-width=\"150\" data-height=\"150\" aria-label=\"\" role=\"img\" ><\/div>\n\t\t\t\t\t\t\t\t\t\t\t<div class=\"elementor-gallery-item__overlay\"><\/div>\n\t\t\t\t\t\t\t\t\t\t\t\t\t\t<\/a>\n\t\t\t\t\t\t\t<a class=\"e-gallery-item elementor-gallery-item elementor-animated-content\" data-e-gallery-tags=\"8\" href=\"https:\/\/www.lichen.pl\/wp-content\/uploads\/2024\/06\/IMG_0061.jpg\" data-elementor-open-lightbox=\"yes\" data-elementor-lightbox-slideshow=\"738ace0\" data-elementor-lightbox-title=\"IMG_0061\" data-e-action-hash=\"#elementor-action%3Aaction%3Dlightbox%26settings%3DeyJpZCI6NzA0ODgsInVybCI6Imh0dHBzOlwvXC93d3cubGljaGVuLnBsXC93cC1jb250ZW50XC91cGxvYWRzXC8yMDI0XC8wNlwvSU1HXzAwNjEuanBnIiwic2xpZGVzaG93IjoiNzM4YWNlMCJ9\">\n\t\t\t\t\t<div class=\"e-gallery-image elementor-gallery-item__image\" data-thumbnail=\"https:\/\/www.lichen.pl\/wp-content\/uploads\/2024\/06\/IMG_0061-150x150.jpg\" data-width=\"150\" data-height=\"150\" aria-label=\"\" role=\"img\" ><\/div>\n\t\t\t\t\t\t\t\t\t\t\t<div class=\"elementor-gallery-item__overlay\"><\/div>\n\t\t\t\t\t\t\t\t\t\t\t\t\t\t<\/a>\n\t\t\t\t\t\t\t<a class=\"e-gallery-item elementor-gallery-item elementor-animated-content\" data-e-gallery-tags=\"9\" href=\"https:\/\/www.lichen.pl\/wp-content\/uploads\/2024\/06\/animacje-12.jpg\" data-elementor-open-lightbox=\"yes\" data-elementor-lightbox-slideshow=\"738ace0\" data-elementor-lightbox-title=\"animacje (12)\" data-e-action-hash=\"#elementor-action%3Aaction%3Dlightbox%26settings%3DeyJpZCI6NzA2OTcsInVybCI6Imh0dHBzOlwvXC93d3cubGljaGVuLnBsXC93cC1jb250ZW50XC91cGxvYWRzXC8yMDI0XC8wNlwvYW5pbWFjamUtMTIuanBnIiwic2xpZGVzaG93IjoiNzM4YWNlMCJ9\">\n\t\t\t\t\t<div class=\"e-gallery-image elementor-gallery-item__image\" data-thumbnail=\"https:\/\/www.lichen.pl\/wp-content\/uploads\/2024\/06\/animacje-12-150x150.jpg\" data-width=\"150\" data-height=\"150\" aria-label=\"\" role=\"img\" ><\/div>\n\t\t\t\t\t\t\t\t\t\t\t<div class=\"elementor-gallery-item__overlay\"><\/div>\n\t\t\t\t\t\t\t\t\t\t\t\t\t\t<\/a>\n\t\t\t\t\t\t\t<a class=\"e-gallery-item elementor-gallery-item elementor-animated-content\" data-e-gallery-tags=\"9\" href=\"https:\/\/www.lichen.pl\/wp-content\/uploads\/2024\/06\/IMG_0032.jpg\" data-elementor-open-lightbox=\"yes\" data-elementor-lightbox-slideshow=\"738ace0\" data-elementor-lightbox-title=\"Relikwie Carlo Acutisa w bazylice liche\u0144skiej\" data-e-action-hash=\"#elementor-action%3Aaction%3Dlightbox%26settings%3DeyJpZCI6NzA3MDAsInVybCI6Imh0dHBzOlwvXC93d3cubGljaGVuLnBsXC93cC1jb250ZW50XC91cGxvYWRzXC8yMDI0XC8wNlwvSU1HXzAwMzIuanBnIiwic2xpZGVzaG93IjoiNzM4YWNlMCJ9\">\n\t\t\t\t\t<div class=\"e-gallery-image elementor-gallery-item__image\" data-thumbnail=\"https:\/\/www.lichen.pl\/wp-content\/uploads\/2024\/06\/IMG_0032-150x150.jpg\" data-width=\"150\" data-height=\"150\" aria-label=\"\" role=\"img\" ><\/div>\n\t\t\t\t\t\t\t\t\t\t\t<div class=\"elementor-gallery-item__overlay\"><\/div>\n\t\t\t\t\t\t\t\t\t\t\t\t\t\t<\/a>\n\t\t\t\t\t\t\t<a class=\"e-gallery-item elementor-gallery-item elementor-animated-content\" data-e-gallery-tags=\"9\" href=\"https:\/\/www.lichen.pl\/wp-content\/uploads\/2024\/06\/IMG_0033.jpg\" data-elementor-open-lightbox=\"yes\" data-elementor-lightbox-slideshow=\"738ace0\" data-elementor-lightbox-title=\"Relikwie Carlo Acutisa w bazylice liche\u0144skiej\" data-e-action-hash=\"#elementor-action%3Aaction%3Dlightbox%26settings%3DeyJpZCI6NzA3MDEsInVybCI6Imh0dHBzOlwvXC93d3cubGljaGVuLnBsXC93cC1jb250ZW50XC91cGxvYWRzXC8yMDI0XC8wNlwvSU1HXzAwMzMuanBnIiwic2xpZGVzaG93IjoiNzM4YWNlMCJ9\">\n\t\t\t\t\t<div class=\"e-gallery-image elementor-gallery-item__image\" data-thumbnail=\"https:\/\/www.lichen.pl\/wp-content\/uploads\/2024\/06\/IMG_0033-150x150.jpg\" data-width=\"150\" data-height=\"150\" aria-label=\"\" role=\"img\" ><\/div>\n\t\t\t\t\t\t\t\t\t\t\t<div class=\"elementor-gallery-item__overlay\"><\/div>\n\t\t\t\t\t\t\t\t\t\t\t\t\t\t<\/a>\n\t\t\t\t\t\t\t<a class=\"e-gallery-item elementor-gallery-item elementor-animated-content\" data-e-gallery-tags=\"9\" href=\"https:\/\/www.lichen.pl\/wp-content\/uploads\/2024\/06\/Msza-Swieta-w-Dzien-Ojca-1.jpg\" data-elementor-open-lightbox=\"yes\" data-elementor-lightbox-slideshow=\"738ace0\" data-elementor-lightbox-title=\"Msza \u015awi\u0119ta w Dzie\u0144 Ojca (1)\" data-e-action-hash=\"#elementor-action%3Aaction%3Dlightbox%26settings%3DeyJpZCI6NzA3MDIsInVybCI6Imh0dHBzOlwvXC93d3cubGljaGVuLnBsXC93cC1jb250ZW50XC91cGxvYWRzXC8yMDI0XC8wNlwvTXN6YS1Td2lldGEtdy1Eemllbi1PamNhLTEuanBnIiwic2xpZGVzaG93IjoiNzM4YWNlMCJ9\">\n\t\t\t\t\t<div class=\"e-gallery-image elementor-gallery-item__image\" data-thumbnail=\"https:\/\/www.lichen.pl\/wp-content\/uploads\/2024\/06\/Msza-Swieta-w-Dzien-Ojca-1-150x150.jpg\" data-width=\"150\" data-height=\"150\" aria-label=\"\" role=\"img\" ><\/div>\n\t\t\t\t\t\t\t\t\t\t\t<div class=\"elementor-gallery-item__overlay\"><\/div>\n\t\t\t\t\t\t\t\t\t\t\t\t\t\t<\/a>\n\t\t\t\t\t\t\t<a class=\"e-gallery-item elementor-gallery-item elementor-animated-content\" data-e-gallery-tags=\"9\" href=\"https:\/\/www.lichen.pl\/wp-content\/uploads\/2024\/06\/Msza-Swieta-w-Dzien-Ojca-2.jpg\" data-elementor-open-lightbox=\"yes\" data-elementor-lightbox-slideshow=\"738ace0\" data-elementor-lightbox-title=\"Msza \u015awi\u0119ta w Dzie\u0144 Ojca (2)\" data-e-action-hash=\"#elementor-action%3Aaction%3Dlightbox%26settings%3DeyJpZCI6NzA3MDMsInVybCI6Imh0dHBzOlwvXC93d3cubGljaGVuLnBsXC93cC1jb250ZW50XC91cGxvYWRzXC8yMDI0XC8wNlwvTXN6YS1Td2lldGEtdy1Eemllbi1PamNhLTIuanBnIiwic2xpZGVzaG93IjoiNzM4YWNlMCJ9\">\n\t\t\t\t\t<div class=\"e-gallery-image elementor-gallery-item__image\" data-thumbnail=\"https:\/\/www.lichen.pl\/wp-content\/uploads\/2024\/06\/Msza-Swieta-w-Dzien-Ojca-2-150x150.jpg\" data-width=\"150\" data-height=\"150\" aria-label=\"\" role=\"img\" ><\/div>\n\t\t\t\t\t\t\t\t\t\t\t<div class=\"elementor-gallery-item__overlay\"><\/div>\n\t\t\t\t\t\t\t\t\t\t\t\t\t\t<\/a>\n\t\t\t\t\t\t\t<a class=\"e-gallery-item elementor-gallery-item elementor-animated-content\" data-e-gallery-tags=\"9\" href=\"https:\/\/www.lichen.pl\/wp-content\/uploads\/2024\/06\/Msza-Swieta-w-Dzien-Ojca-3.jpg\" data-elementor-open-lightbox=\"yes\" data-elementor-lightbox-slideshow=\"738ace0\" data-elementor-lightbox-title=\"Msza \u015awi\u0119ta w Dzie\u0144 Ojca (3)\" data-e-action-hash=\"#elementor-action%3Aaction%3Dlightbox%26settings%3DeyJpZCI6NzA3MDQsInVybCI6Imh0dHBzOlwvXC93d3cubGljaGVuLnBsXC93cC1jb250ZW50XC91cGxvYWRzXC8yMDI0XC8wNlwvTXN6YS1Td2lldGEtdy1Eemllbi1PamNhLTMuanBnIiwic2xpZGVzaG93IjoiNzM4YWNlMCJ9\">\n\t\t\t\t\t<div class=\"e-gallery-image elementor-gallery-item__image\" data-thumbnail=\"https:\/\/www.lichen.pl\/wp-content\/uploads\/2024\/06\/Msza-Swieta-w-Dzien-Ojca-3-150x150.jpg\" data-width=\"150\" data-height=\"150\" aria-label=\"\" role=\"img\" ><\/div>\n\t\t\t\t\t\t\t\t\t\t\t<div class=\"elementor-gallery-item__overlay\"><\/div>\n\t\t\t\t\t\t\t\t\t\t\t\t\t\t<\/a>\n\t\t\t\t\t\t\t<a class=\"e-gallery-item elementor-gallery-item elementor-animated-content\" data-e-gallery-tags=\"9\" href=\"https:\/\/www.lichen.pl\/wp-content\/uploads\/2024\/06\/Msza-Swieta-w-Dzien-Ojca-4.jpg\" data-elementor-open-lightbox=\"yes\" data-elementor-lightbox-slideshow=\"738ace0\" data-elementor-lightbox-title=\"Msza \u015awi\u0119ta w Dzie\u0144 Ojca (4)\" data-e-action-hash=\"#elementor-action%3Aaction%3Dlightbox%26settings%3DeyJpZCI6NzA3MDUsInVybCI6Imh0dHBzOlwvXC93d3cubGljaGVuLnBsXC93cC1jb250ZW50XC91cGxvYWRzXC8yMDI0XC8wNlwvTXN6YS1Td2lldGEtdy1Eemllbi1PamNhLTQuanBnIiwic2xpZGVzaG93IjoiNzM4YWNlMCJ9\">\n\t\t\t\t\t<div class=\"e-gallery-image elementor-gallery-item__image\" data-thumbnail=\"https:\/\/www.lichen.pl\/wp-content\/uploads\/2024\/06\/Msza-Swieta-w-Dzien-Ojca-4-150x150.jpg\" data-width=\"150\" data-height=\"150\" aria-label=\"\" role=\"img\" ><\/div>\n\t\t\t\t\t\t\t\t\t\t\t<div class=\"elementor-gallery-item__overlay\"><\/div>\n\t\t\t\t\t\t\t\t\t\t\t\t\t\t<\/a>\n\t\t\t\t\t\t\t<a class=\"e-gallery-item elementor-gallery-item elementor-animated-content\" data-e-gallery-tags=\"9\" href=\"https:\/\/www.lichen.pl\/wp-content\/uploads\/2024\/06\/Msza-Swieta-w-Dzien-Ojca-5.jpg\" data-elementor-open-lightbox=\"yes\" data-elementor-lightbox-slideshow=\"738ace0\" data-elementor-lightbox-title=\"Msza \u015awi\u0119ta w Dzie\u0144 Ojca (5)\" data-e-action-hash=\"#elementor-action%3Aaction%3Dlightbox%26settings%3DeyJpZCI6NzA3MDYsInVybCI6Imh0dHBzOlwvXC93d3cubGljaGVuLnBsXC93cC1jb250ZW50XC91cGxvYWRzXC8yMDI0XC8wNlwvTXN6YS1Td2lldGEtdy1Eemllbi1PamNhLTUuanBnIiwic2xpZGVzaG93IjoiNzM4YWNlMCJ9\">\n\t\t\t\t\t<div class=\"e-gallery-image elementor-gallery-item__image\" data-thumbnail=\"https:\/\/www.lichen.pl\/wp-content\/uploads\/2024\/06\/Msza-Swieta-w-Dzien-Ojca-5-150x150.jpg\" data-width=\"150\" data-height=\"150\" aria-label=\"\" role=\"img\" ><\/div>\n\t\t\t\t\t\t\t\t\t\t\t<div class=\"elementor-gallery-item__overlay\"><\/div>\n\t\t\t\t\t\t\t\t\t\t\t\t\t\t<\/a>\n\t\t\t\t\t\t\t<a class=\"e-gallery-item elementor-gallery-item elementor-animated-content\" data-e-gallery-tags=\"9\" href=\"https:\/\/www.lichen.pl\/wp-content\/uploads\/2024\/06\/Msza-Swieta-w-Dzien-Ojca-6.jpg\" data-elementor-open-lightbox=\"yes\" data-elementor-lightbox-slideshow=\"738ace0\" data-elementor-lightbox-title=\"Msza \u015awi\u0119ta w Dzie\u0144 Ojca (6)\" data-e-action-hash=\"#elementor-action%3Aaction%3Dlightbox%26settings%3DeyJpZCI6NzA3MDcsInVybCI6Imh0dHBzOlwvXC93d3cubGljaGVuLnBsXC93cC1jb250ZW50XC91cGxvYWRzXC8yMDI0XC8wNlwvTXN6YS1Td2lldGEtdy1Eemllbi1PamNhLTYuanBnIiwic2xpZGVzaG93IjoiNzM4YWNlMCJ9\">\n\t\t\t\t\t<div class=\"e-gallery-image elementor-gallery-item__image\" data-thumbnail=\"https:\/\/www.lichen.pl\/wp-content\/uploads\/2024\/06\/Msza-Swieta-w-Dzien-Ojca-6-150x150.jpg\" data-width=\"150\" data-height=\"150\" aria-label=\"\" role=\"img\" ><\/div>\n\t\t\t\t\t\t\t\t\t\t\t<div class=\"elementor-gallery-item__overlay\"><\/div>\n\t\t\t\t\t\t\t\t\t\t\t\t\t\t<\/a>\n\t\t\t\t\t\t\t<a class=\"e-gallery-item elementor-gallery-item elementor-animated-content\" data-e-gallery-tags=\"9\" href=\"https:\/\/www.lichen.pl\/wp-content\/uploads\/2024\/06\/Msza-Swieta-w-Dzien-Ojca-7.jpg\" data-elementor-open-lightbox=\"yes\" data-elementor-lightbox-slideshow=\"738ace0\" data-elementor-lightbox-title=\"Msza \u015awi\u0119ta w Dzie\u0144 Ojca (7)\" data-e-action-hash=\"#elementor-action%3Aaction%3Dlightbox%26settings%3DeyJpZCI6NzA3MDgsInVybCI6Imh0dHBzOlwvXC93d3cubGljaGVuLnBsXC93cC1jb250ZW50XC91cGxvYWRzXC8yMDI0XC8wNlwvTXN6YS1Td2lldGEtdy1Eemllbi1PamNhLTcuanBnIiwic2xpZGVzaG93IjoiNzM4YWNlMCJ9\">\n\t\t\t\t\t<div class=\"e-gallery-image elementor-gallery-item__image\" data-thumbnail=\"https:\/\/www.lichen.pl\/wp-content\/uploads\/2024\/06\/Msza-Swieta-w-Dzien-Ojca-7-150x150.jpg\" data-width=\"150\" data-height=\"150\" aria-label=\"\" role=\"img\" ><\/div>\n\t\t\t\t\t\t\t\t\t\t\t<div class=\"elementor-gallery-item__overlay\"><\/div>\n\t\t\t\t\t\t\t\t\t\t\t\t\t\t<\/a>\n\t\t\t\t\t\t\t<a class=\"e-gallery-item elementor-gallery-item elementor-animated-content\" data-e-gallery-tags=\"9\" href=\"https:\/\/www.lichen.pl\/wp-content\/uploads\/2024\/06\/Msza-Swieta-w-Dzien-Ojca-8.jpg\" data-elementor-open-lightbox=\"yes\" data-elementor-lightbox-slideshow=\"738ace0\" data-elementor-lightbox-title=\"Msza \u015awi\u0119ta w Dzie\u0144 Ojca (8)\" data-e-action-hash=\"#elementor-action%3Aaction%3Dlightbox%26settings%3DeyJpZCI6NzA3MDksInVybCI6Imh0dHBzOlwvXC93d3cubGljaGVuLnBsXC93cC1jb250ZW50XC91cGxvYWRzXC8yMDI0XC8wNlwvTXN6YS1Td2lldGEtdy1Eemllbi1PamNhLTguanBnIiwic2xpZGVzaG93IjoiNzM4YWNlMCJ9\">\n\t\t\t\t\t<div class=\"e-gallery-image elementor-gallery-item__image\" data-thumbnail=\"https:\/\/www.lichen.pl\/wp-content\/uploads\/2024\/06\/Msza-Swieta-w-Dzien-Ojca-8-150x150.jpg\" data-width=\"150\" data-height=\"150\" aria-label=\"\" role=\"img\" ><\/div>\n\t\t\t\t\t\t\t\t\t\t\t<div class=\"elementor-gallery-item__overlay\"><\/div>\n\t\t\t\t\t\t\t\t\t\t\t\t\t\t<\/a>\n\t\t\t\t\t\t\t<a class=\"e-gallery-item elementor-gallery-item elementor-animated-content\" data-e-gallery-tags=\"9\" href=\"https:\/\/www.lichen.pl\/wp-content\/uploads\/2024\/06\/Msza-Swieta-w-Dzien-Ojca-9.jpg\" data-elementor-open-lightbox=\"yes\" data-elementor-lightbox-slideshow=\"738ace0\" data-elementor-lightbox-title=\"Msza \u015awi\u0119ta w Dzie\u0144 Ojca (9)\" data-e-action-hash=\"#elementor-action%3Aaction%3Dlightbox%26settings%3DeyJpZCI6NzA3MTAsInVybCI6Imh0dHBzOlwvXC93d3cubGljaGVuLnBsXC93cC1jb250ZW50XC91cGxvYWRzXC8yMDI0XC8wNlwvTXN6YS1Td2lldGEtdy1Eemllbi1PamNhLTkuanBnIiwic2xpZGVzaG93IjoiNzM4YWNlMCJ9\">\n\t\t\t\t\t<div class=\"e-gallery-image elementor-gallery-item__image\" data-thumbnail=\"https:\/\/www.lichen.pl\/wp-content\/uploads\/2024\/06\/Msza-Swieta-w-Dzien-Ojca-9-150x150.jpg\" data-width=\"150\" data-height=\"150\" aria-label=\"\" role=\"img\" ><\/div>\n\t\t\t\t\t\t\t\t\t\t\t<div class=\"elementor-gallery-item__overlay\"><\/div>\n\t\t\t\t\t\t\t\t\t\t\t\t\t\t<\/a>\n\t\t\t\t\t\t\t<a class=\"e-gallery-item elementor-gallery-item elementor-animated-content\" data-e-gallery-tags=\"9\" href=\"https:\/\/www.lichen.pl\/wp-content\/uploads\/2024\/06\/Msza-Swieta-w-Dzien-Ojca-10.jpg\" data-elementor-open-lightbox=\"yes\" data-elementor-lightbox-slideshow=\"738ace0\" data-elementor-lightbox-title=\"Msza \u015awi\u0119ta w Dzie\u0144 Ojca (10)\" data-e-action-hash=\"#elementor-action%3Aaction%3Dlightbox%26settings%3DeyJpZCI6NzA3MTEsInVybCI6Imh0dHBzOlwvXC93d3cubGljaGVuLnBsXC93cC1jb250ZW50XC91cGxvYWRzXC8yMDI0XC8wNlwvTXN6YS1Td2lldGEtdy1Eemllbi1PamNhLTEwLmpwZyIsInNsaWRlc2hvdyI6IjczOGFjZTAifQ%3D%3D\">\n\t\t\t\t\t<div class=\"e-gallery-image elementor-gallery-item__image\" data-thumbnail=\"https:\/\/www.lichen.pl\/wp-content\/uploads\/2024\/06\/Msza-Swieta-w-Dzien-Ojca-10-150x150.jpg\" data-width=\"150\" data-height=\"150\" aria-label=\"\" role=\"img\" ><\/div>\n\t\t\t\t\t\t\t\t\t\t\t<div class=\"elementor-gallery-item__overlay\"><\/div>\n\t\t\t\t\t\t\t\t\t\t\t\t\t\t<\/a>\n\t\t\t\t\t\t\t<a class=\"e-gallery-item elementor-gallery-item elementor-animated-content\" data-e-gallery-tags=\"9\" href=\"https:\/\/www.lichen.pl\/wp-content\/uploads\/2024\/06\/Msza-Swieta-w-Dzien-Ojca-11.jpg\" data-elementor-open-lightbox=\"yes\" data-elementor-lightbox-slideshow=\"738ace0\" data-elementor-lightbox-title=\"Msza \u015awi\u0119ta w Dzie\u0144 Ojca (11)\" data-e-action-hash=\"#elementor-action%3Aaction%3Dlightbox%26settings%3DeyJpZCI6NzA3MTIsInVybCI6Imh0dHBzOlwvXC93d3cubGljaGVuLnBsXC93cC1jb250ZW50XC91cGxvYWRzXC8yMDI0XC8wNlwvTXN6YS1Td2lldGEtdy1Eemllbi1PamNhLTExLmpwZyIsInNsaWRlc2hvdyI6IjczOGFjZTAifQ%3D%3D\">\n\t\t\t\t\t<div class=\"e-gallery-image elementor-gallery-item__image\" data-thumbnail=\"https:\/\/www.lichen.pl\/wp-content\/uploads\/2024\/06\/Msza-Swieta-w-Dzien-Ojca-11-150x150.jpg\" data-width=\"150\" data-height=\"150\" aria-label=\"\" role=\"img\" ><\/div>\n\t\t\t\t\t\t\t\t\t\t\t<div class=\"elementor-gallery-item__overlay\"><\/div>\n\t\t\t\t\t\t\t\t\t\t\t\t\t\t<\/a>\n\t\t\t\t\t\t\t<a class=\"e-gallery-item elementor-gallery-item elementor-animated-content\" data-e-gallery-tags=\"9\" href=\"https:\/\/www.lichen.pl\/wp-content\/uploads\/2024\/06\/Msza-Swieta-w-Dzien-Ojca-12.jpg\" data-elementor-open-lightbox=\"yes\" data-elementor-lightbox-slideshow=\"738ace0\" data-elementor-lightbox-title=\"Msza \u015awi\u0119ta w Dzie\u0144 Ojca (12)\" data-e-action-hash=\"#elementor-action%3Aaction%3Dlightbox%26settings%3DeyJpZCI6NzA3MTMsInVybCI6Imh0dHBzOlwvXC93d3cubGljaGVuLnBsXC93cC1jb250ZW50XC91cGxvYWRzXC8yMDI0XC8wNlwvTXN6YS1Td2lldGEtdy1Eemllbi1PamNhLTEyLmpwZyIsInNsaWRlc2hvdyI6IjczOGFjZTAifQ%3D%3D\">\n\t\t\t\t\t<div class=\"e-gallery-image elementor-gallery-item__image\" data-thumbnail=\"https:\/\/www.lichen.pl\/wp-content\/uploads\/2024\/06\/Msza-Swieta-w-Dzien-Ojca-12-150x150.jpg\" data-width=\"150\" data-height=\"150\" aria-label=\"\" role=\"img\" ><\/div>\n\t\t\t\t\t\t\t\t\t\t\t<div class=\"elementor-gallery-item__overlay\"><\/div>\n\t\t\t\t\t\t\t\t\t\t\t\t\t\t<\/a>\n\t\t\t\t\t\t\t<a class=\"e-gallery-item elementor-gallery-item elementor-animated-content\" data-e-gallery-tags=\"9\" href=\"https:\/\/www.lichen.pl\/wp-content\/uploads\/2024\/06\/Msza-Swieta-w-Dzien-Ojca-13.jpg\" data-elementor-open-lightbox=\"yes\" data-elementor-lightbox-slideshow=\"738ace0\" data-elementor-lightbox-title=\"Msza \u015awi\u0119ta w Dzie\u0144 Ojca (13)\" data-e-action-hash=\"#elementor-action%3Aaction%3Dlightbox%26settings%3DeyJpZCI6NzA3MTQsInVybCI6Imh0dHBzOlwvXC93d3cubGljaGVuLnBsXC93cC1jb250ZW50XC91cGxvYWRzXC8yMDI0XC8wNlwvTXN6YS1Td2lldGEtdy1Eemllbi1PamNhLTEzLmpwZyIsInNsaWRlc2hvdyI6IjczOGFjZTAifQ%3D%3D\">\n\t\t\t\t\t<div class=\"e-gallery-image elementor-gallery-item__image\" data-thumbnail=\"https:\/\/www.lichen.pl\/wp-content\/uploads\/2024\/06\/Msza-Swieta-w-Dzien-Ojca-13-150x150.jpg\" data-width=\"150\" data-height=\"150\" aria-label=\"\" role=\"img\" ><\/div>\n\t\t\t\t\t\t\t\t\t\t\t<div class=\"elementor-gallery-item__overlay\"><\/div>\n\t\t\t\t\t\t\t\t\t\t\t\t\t\t<\/a>\n\t\t\t\t\t\t\t<a class=\"e-gallery-item elementor-gallery-item elementor-animated-content\" data-e-gallery-tags=\"9\" href=\"https:\/\/www.lichen.pl\/wp-content\/uploads\/2024\/06\/Msza-Swieta-w-Dzien-Ojca-14.jpg\" data-elementor-open-lightbox=\"yes\" data-elementor-lightbox-slideshow=\"738ace0\" data-elementor-lightbox-title=\"Msza \u015awi\u0119ta w Dzie\u0144 Ojca (14)\" data-e-action-hash=\"#elementor-action%3Aaction%3Dlightbox%26settings%3DeyJpZCI6NzA3MTUsInVybCI6Imh0dHBzOlwvXC93d3cubGljaGVuLnBsXC93cC1jb250ZW50XC91cGxvYWRzXC8yMDI0XC8wNlwvTXN6YS1Td2lldGEtdy1Eemllbi1PamNhLTE0LmpwZyIsInNsaWRlc2hvdyI6IjczOGFjZTAifQ%3D%3D\">\n\t\t\t\t\t<div class=\"e-gallery-image elementor-gallery-item__image\" data-thumbnail=\"https:\/\/www.lichen.pl\/wp-content\/uploads\/2024\/06\/Msza-Swieta-w-Dzien-Ojca-14-150x150.jpg\" data-width=\"150\" data-height=\"150\" aria-label=\"\" role=\"img\" ><\/div>\n\t\t\t\t\t\t\t\t\t\t\t<div class=\"elementor-gallery-item__overlay\"><\/div>\n\t\t\t\t\t\t\t\t\t\t\t\t\t\t<\/a>\n\t\t\t\t\t\t\t<a class=\"e-gallery-item elementor-gallery-item elementor-animated-content\" data-e-gallery-tags=\"9\" href=\"https:\/\/www.lichen.pl\/wp-content\/uploads\/2024\/06\/Msza-Swieta-w-Dzien-Ojca-15.jpg\" data-elementor-open-lightbox=\"yes\" data-elementor-lightbox-slideshow=\"738ace0\" data-elementor-lightbox-title=\"Msza \u015awi\u0119ta w Dzie\u0144 Ojca (15)\" data-e-action-hash=\"#elementor-action%3Aaction%3Dlightbox%26settings%3DeyJpZCI6NzA3MTYsInVybCI6Imh0dHBzOlwvXC93d3cubGljaGVuLnBsXC93cC1jb250ZW50XC91cGxvYWRzXC8yMDI0XC8wNlwvTXN6YS1Td2lldGEtdy1Eemllbi1PamNhLTE1LmpwZyIsInNsaWRlc2hvdyI6IjczOGFjZTAifQ%3D%3D\">\n\t\t\t\t\t<div class=\"e-gallery-image elementor-gallery-item__image\" data-thumbnail=\"https:\/\/www.lichen.pl\/wp-content\/uploads\/2024\/06\/Msza-Swieta-w-Dzien-Ojca-15-150x150.jpg\" data-width=\"150\" data-height=\"150\" aria-label=\"\" role=\"img\" ><\/div>\n\t\t\t\t\t\t\t\t\t\t\t<div class=\"elementor-gallery-item__overlay\"><\/div>\n\t\t\t\t\t\t\t\t\t\t\t\t\t\t<\/a>\n\t\t\t\t\t\t\t<a class=\"e-gallery-item elementor-gallery-item elementor-animated-content\" data-e-gallery-tags=\"9\" href=\"https:\/\/www.lichen.pl\/wp-content\/uploads\/2024\/06\/Msza-Swieta-w-Dzien-Ojca-16.jpg\" data-elementor-open-lightbox=\"yes\" data-elementor-lightbox-slideshow=\"738ace0\" data-elementor-lightbox-title=\"Msza \u015awi\u0119ta w Dzie\u0144 Ojca (16)\" data-e-action-hash=\"#elementor-action%3Aaction%3Dlightbox%26settings%3DeyJpZCI6NzA3MTcsInVybCI6Imh0dHBzOlwvXC93d3cubGljaGVuLnBsXC93cC1jb250ZW50XC91cGxvYWRzXC8yMDI0XC8wNlwvTXN6YS1Td2lldGEtdy1Eemllbi1PamNhLTE2LmpwZyIsInNsaWRlc2hvdyI6IjczOGFjZTAifQ%3D%3D\">\n\t\t\t\t\t<div class=\"e-gallery-image elementor-gallery-item__image\" data-thumbnail=\"https:\/\/www.lichen.pl\/wp-content\/uploads\/2024\/06\/Msza-Swieta-w-Dzien-Ojca-16-150x150.jpg\" data-width=\"150\" data-height=\"150\" aria-label=\"\" role=\"img\" ><\/div>\n\t\t\t\t\t\t\t\t\t\t\t<div class=\"elementor-gallery-item__overlay\"><\/div>\n\t\t\t\t\t\t\t\t\t\t\t\t\t\t<\/a>\n\t\t\t\t\t\t\t<a class=\"e-gallery-item elementor-gallery-item elementor-animated-content\" data-e-gallery-tags=\"9\" href=\"https:\/\/www.lichen.pl\/wp-content\/uploads\/2024\/06\/Msza-Swieta-w-Dzien-Ojca-17.jpg\" data-elementor-open-lightbox=\"yes\" data-elementor-lightbox-slideshow=\"738ace0\" data-elementor-lightbox-title=\"Msza \u015awi\u0119ta w Dzie\u0144 Ojca (17)\" data-e-action-hash=\"#elementor-action%3Aaction%3Dlightbox%26settings%3DeyJpZCI6NzA3MTgsInVybCI6Imh0dHBzOlwvXC93d3cubGljaGVuLnBsXC93cC1jb250ZW50XC91cGxvYWRzXC8yMDI0XC8wNlwvTXN6YS1Td2lldGEtdy1Eemllbi1PamNhLTE3LmpwZyIsInNsaWRlc2hvdyI6IjczOGFjZTAifQ%3D%3D\">\n\t\t\t\t\t<div class=\"e-gallery-image elementor-gallery-item__image\" data-thumbnail=\"https:\/\/www.lichen.pl\/wp-content\/uploads\/2024\/06\/Msza-Swieta-w-Dzien-Ojca-17-150x150.jpg\" data-width=\"150\" data-height=\"150\" aria-label=\"\" role=\"img\" ><\/div>\n\t\t\t\t\t\t\t\t\t\t\t<div class=\"elementor-gallery-item__overlay\"><\/div>\n\t\t\t\t\t\t\t\t\t\t\t\t\t\t<\/a>\n\t\t\t\t\t\t\t<a class=\"e-gallery-item elementor-gallery-item elementor-animated-content\" data-e-gallery-tags=\"9\" href=\"https:\/\/www.lichen.pl\/wp-content\/uploads\/2024\/06\/Msza-Swieta-w-Dzien-Ojca-18.jpg\" data-elementor-open-lightbox=\"yes\" data-elementor-lightbox-slideshow=\"738ace0\" data-elementor-lightbox-title=\"Msza \u015awi\u0119ta w Dzie\u0144 Ojca (18)\" data-e-action-hash=\"#elementor-action%3Aaction%3Dlightbox%26settings%3DeyJpZCI6NzA3MTksInVybCI6Imh0dHBzOlwvXC93d3cubGljaGVuLnBsXC93cC1jb250ZW50XC91cGxvYWRzXC8yMDI0XC8wNlwvTXN6YS1Td2lldGEtdy1Eemllbi1PamNhLTE4LmpwZyIsInNsaWRlc2hvdyI6IjczOGFjZTAifQ%3D%3D\">\n\t\t\t\t\t<div class=\"e-gallery-image elementor-gallery-item__image\" data-thumbnail=\"https:\/\/www.lichen.pl\/wp-content\/uploads\/2024\/06\/Msza-Swieta-w-Dzien-Ojca-18-150x150.jpg\" data-width=\"150\" data-height=\"150\" aria-label=\"\" role=\"img\" ><\/div>\n\t\t\t\t\t\t\t\t\t\t\t<div class=\"elementor-gallery-item__overlay\"><\/div>\n\t\t\t\t\t\t\t\t\t\t\t\t\t\t<\/a>\n\t\t\t\t\t\t\t<a class=\"e-gallery-item elementor-gallery-item elementor-animated-content\" data-e-gallery-tags=\"9\" href=\"https:\/\/www.lichen.pl\/wp-content\/uploads\/2024\/06\/Msza-Swieta-w-Dzien-Ojca-19.jpg\" data-elementor-open-lightbox=\"yes\" data-elementor-lightbox-slideshow=\"738ace0\" data-elementor-lightbox-title=\"Msza \u015awi\u0119ta w Dzie\u0144 Ojca (19)\" data-e-action-hash=\"#elementor-action%3Aaction%3Dlightbox%26settings%3DeyJpZCI6NzA3MjAsInVybCI6Imh0dHBzOlwvXC93d3cubGljaGVuLnBsXC93cC1jb250ZW50XC91cGxvYWRzXC8yMDI0XC8wNlwvTXN6YS1Td2lldGEtdy1Eemllbi1PamNhLTE5LmpwZyIsInNsaWRlc2hvdyI6IjczOGFjZTAifQ%3D%3D\">\n\t\t\t\t\t<div class=\"e-gallery-image elementor-gallery-item__image\" data-thumbnail=\"https:\/\/www.lichen.pl\/wp-content\/uploads\/2024\/06\/Msza-Swieta-w-Dzien-Ojca-19-150x150.jpg\" data-width=\"150\" data-height=\"150\" aria-label=\"\" role=\"img\" ><\/div>\n\t\t\t\t\t\t\t\t\t\t\t<div class=\"elementor-gallery-item__overlay\"><\/div>\n\t\t\t\t\t\t\t\t\t\t\t\t\t\t<\/a>\n\t\t\t\t\t\t\t<a class=\"e-gallery-item elementor-gallery-item elementor-animated-content\" data-e-gallery-tags=\"9\" href=\"https:\/\/www.lichen.pl\/wp-content\/uploads\/2024\/06\/Msza-Swieta-w-Dzien-Ojca-20.jpg\" data-elementor-open-lightbox=\"yes\" data-elementor-lightbox-slideshow=\"738ace0\" data-elementor-lightbox-title=\"Msza \u015awi\u0119ta w Dzie\u0144 Ojca (20)\" data-e-action-hash=\"#elementor-action%3Aaction%3Dlightbox%26settings%3DeyJpZCI6NzA3MjEsInVybCI6Imh0dHBzOlwvXC93d3cubGljaGVuLnBsXC93cC1jb250ZW50XC91cGxvYWRzXC8yMDI0XC8wNlwvTXN6YS1Td2lldGEtdy1Eemllbi1PamNhLTIwLmpwZyIsInNsaWRlc2hvdyI6IjczOGFjZTAifQ%3D%3D\">\n\t\t\t\t\t<div class=\"e-gallery-image elementor-gallery-item__image\" data-thumbnail=\"https:\/\/www.lichen.pl\/wp-content\/uploads\/2024\/06\/Msza-Swieta-w-Dzien-Ojca-20-150x150.jpg\" data-width=\"150\" data-height=\"150\" aria-label=\"\" role=\"img\" ><\/div>\n\t\t\t\t\t\t\t\t\t\t\t<div class=\"elementor-gallery-item__overlay\"><\/div>\n\t\t\t\t\t\t\t\t\t\t\t\t\t\t<\/a>\n\t\t\t\t\t\t\t<a class=\"e-gallery-item elementor-gallery-item elementor-animated-content\" data-e-gallery-tags=\"9\" href=\"https:\/\/www.lichen.pl\/wp-content\/uploads\/2024\/06\/Msza-Swieta-w-Dzien-Ojca-21.jpg\" data-elementor-open-lightbox=\"yes\" data-elementor-lightbox-slideshow=\"738ace0\" data-elementor-lightbox-title=\"Msza \u015awi\u0119ta w Dzie\u0144 Ojca (21)\" data-e-action-hash=\"#elementor-action%3Aaction%3Dlightbox%26settings%3DeyJpZCI6NzA3MjIsInVybCI6Imh0dHBzOlwvXC93d3cubGljaGVuLnBsXC93cC1jb250ZW50XC91cGxvYWRzXC8yMDI0XC8wNlwvTXN6YS1Td2lldGEtdy1Eemllbi1PamNhLTIxLmpwZyIsInNsaWRlc2hvdyI6IjczOGFjZTAifQ%3D%3D\">\n\t\t\t\t\t<div class=\"e-gallery-image elementor-gallery-item__image\" data-thumbnail=\"https:\/\/www.lichen.pl\/wp-content\/uploads\/2024\/06\/Msza-Swieta-w-Dzien-Ojca-21-150x150.jpg\" data-width=\"150\" data-height=\"150\" aria-label=\"\" role=\"img\" ><\/div>\n\t\t\t\t\t\t\t\t\t\t\t<div class=\"elementor-gallery-item__overlay\"><\/div>\n\t\t\t\t\t\t\t\t\t\t\t\t\t\t<\/a>\n\t\t\t\t\t\t\t<a class=\"e-gallery-item elementor-gallery-item elementor-animated-content\" data-e-gallery-tags=\"9\" href=\"https:\/\/www.lichen.pl\/wp-content\/uploads\/2024\/06\/Msza-Swieta-w-Dzien-Ojca-22.jpg\" data-elementor-open-lightbox=\"yes\" data-elementor-lightbox-slideshow=\"738ace0\" data-elementor-lightbox-title=\"Msza \u015awi\u0119ta w Dzie\u0144 Ojca (22)\" data-e-action-hash=\"#elementor-action%3Aaction%3Dlightbox%26settings%3DeyJpZCI6NzA3MjMsInVybCI6Imh0dHBzOlwvXC93d3cubGljaGVuLnBsXC93cC1jb250ZW50XC91cGxvYWRzXC8yMDI0XC8wNlwvTXN6YS1Td2lldGEtdy1Eemllbi1PamNhLTIyLmpwZyIsInNsaWRlc2hvdyI6IjczOGFjZTAifQ%3D%3D\">\n\t\t\t\t\t<div class=\"e-gallery-image elementor-gallery-item__image\" data-thumbnail=\"https:\/\/www.lichen.pl\/wp-content\/uploads\/2024\/06\/Msza-Swieta-w-Dzien-Ojca-22-150x150.jpg\" data-width=\"150\" data-height=\"150\" aria-label=\"\" role=\"img\" ><\/div>\n\t\t\t\t\t\t\t\t\t\t\t<div class=\"elementor-gallery-item__overlay\"><\/div>\n\t\t\t\t\t\t\t\t\t\t\t\t\t\t<\/a>\n\t\t\t\t\t\t\t<a class=\"e-gallery-item elementor-gallery-item elementor-animated-content\" data-e-gallery-tags=\"9\" href=\"https:\/\/www.lichen.pl\/wp-content\/uploads\/2024\/06\/Msza-Swieta-w-Dzien-Ojca-23.jpg\" data-elementor-open-lightbox=\"yes\" data-elementor-lightbox-slideshow=\"738ace0\" data-elementor-lightbox-title=\"Msza \u015awi\u0119ta w Dzie\u0144 Ojca (23)\" data-e-action-hash=\"#elementor-action%3Aaction%3Dlightbox%26settings%3DeyJpZCI6NzA3MjQsInVybCI6Imh0dHBzOlwvXC93d3cubGljaGVuLnBsXC93cC1jb250ZW50XC91cGxvYWRzXC8yMDI0XC8wNlwvTXN6YS1Td2lldGEtdy1Eemllbi1PamNhLTIzLmpwZyIsInNsaWRlc2hvdyI6IjczOGFjZTAifQ%3D%3D\">\n\t\t\t\t\t<div class=\"e-gallery-image elementor-gallery-item__image\" data-thumbnail=\"https:\/\/www.lichen.pl\/wp-content\/uploads\/2024\/06\/Msza-Swieta-w-Dzien-Ojca-23-150x150.jpg\" data-width=\"150\" data-height=\"150\" aria-label=\"\" role=\"img\" ><\/div>\n\t\t\t\t\t\t\t\t\t\t\t<div class=\"elementor-gallery-item__overlay\"><\/div>\n\t\t\t\t\t\t\t\t\t\t\t\t\t\t<\/a>\n\t\t\t\t\t\t\t<a class=\"e-gallery-item elementor-gallery-item elementor-animated-content\" data-e-gallery-tags=\"9\" href=\"https:\/\/www.lichen.pl\/wp-content\/uploads\/2024\/06\/Msza-Swieta-w-Dzien-Ojca-24.jpg\" data-elementor-open-lightbox=\"yes\" data-elementor-lightbox-slideshow=\"738ace0\" data-elementor-lightbox-title=\"Msza \u015awi\u0119ta w Dzie\u0144 Ojca (24)\" data-e-action-hash=\"#elementor-action%3Aaction%3Dlightbox%26settings%3DeyJpZCI6NzA3MjUsInVybCI6Imh0dHBzOlwvXC93d3cubGljaGVuLnBsXC93cC1jb250ZW50XC91cGxvYWRzXC8yMDI0XC8wNlwvTXN6YS1Td2lldGEtdy1Eemllbi1PamNhLTI0LmpwZyIsInNsaWRlc2hvdyI6IjczOGFjZTAifQ%3D%3D\">\n\t\t\t\t\t<div class=\"e-gallery-image elementor-gallery-item__image\" data-thumbnail=\"https:\/\/www.lichen.pl\/wp-content\/uploads\/2024\/06\/Msza-Swieta-w-Dzien-Ojca-24-150x150.jpg\" data-width=\"150\" data-height=\"150\" aria-label=\"\" role=\"img\" ><\/div>\n\t\t\t\t\t\t\t\t\t\t\t<div class=\"elementor-gallery-item__overlay\"><\/div>\n\t\t\t\t\t\t\t\t\t\t\t\t\t\t<\/a>\n\t\t\t\t\t\t\t<a class=\"e-gallery-item elementor-gallery-item elementor-animated-content\" data-e-gallery-tags=\"9\" href=\"https:\/\/www.lichen.pl\/wp-content\/uploads\/2024\/06\/Msza-Swieta-w-Dzien-Ojca-25.jpg\" data-elementor-open-lightbox=\"yes\" data-elementor-lightbox-slideshow=\"738ace0\" data-elementor-lightbox-title=\"Msza \u015awi\u0119ta w Dzie\u0144 Ojca (25)\" data-e-action-hash=\"#elementor-action%3Aaction%3Dlightbox%26settings%3DeyJpZCI6NzA3MjYsInVybCI6Imh0dHBzOlwvXC93d3cubGljaGVuLnBsXC93cC1jb250ZW50XC91cGxvYWRzXC8yMDI0XC8wNlwvTXN6YS1Td2lldGEtdy1Eemllbi1PamNhLTI1LmpwZyIsInNsaWRlc2hvdyI6IjczOGFjZTAifQ%3D%3D\">\n\t\t\t\t\t<div class=\"e-gallery-image elementor-gallery-item__image\" data-thumbnail=\"https:\/\/www.lichen.pl\/wp-content\/uploads\/2024\/06\/Msza-Swieta-w-Dzien-Ojca-25-150x150.jpg\" data-width=\"150\" data-height=\"150\" aria-label=\"\" role=\"img\" ><\/div>\n\t\t\t\t\t\t\t\t\t\t\t<div class=\"elementor-gallery-item__overlay\"><\/div>\n\t\t\t\t\t\t\t\t\t\t\t\t\t\t<\/a>\n\t\t\t\t\t\t\t<a class=\"e-gallery-item elementor-gallery-item elementor-animated-content\" data-e-gallery-tags=\"9\" href=\"https:\/\/www.lichen.pl\/wp-content\/uploads\/2024\/06\/Msza-Swieta-w-Dzien-Ojca-26.jpg\" data-elementor-open-lightbox=\"yes\" data-elementor-lightbox-slideshow=\"738ace0\" data-elementor-lightbox-title=\"Msza \u015awi\u0119ta w Dzie\u0144 Ojca (26)\" data-e-action-hash=\"#elementor-action%3Aaction%3Dlightbox%26settings%3DeyJpZCI6NzA3MjcsInVybCI6Imh0dHBzOlwvXC93d3cubGljaGVuLnBsXC93cC1jb250ZW50XC91cGxvYWRzXC8yMDI0XC8wNlwvTXN6YS1Td2lldGEtdy1Eemllbi1PamNhLTI2LmpwZyIsInNsaWRlc2hvdyI6IjczOGFjZTAifQ%3D%3D\">\n\t\t\t\t\t<div class=\"e-gallery-image elementor-gallery-item__image\" data-thumbnail=\"https:\/\/www.lichen.pl\/wp-content\/uploads\/2024\/06\/Msza-Swieta-w-Dzien-Ojca-26-150x150.jpg\" data-width=\"150\" data-height=\"150\" aria-label=\"\" role=\"img\" ><\/div>\n\t\t\t\t\t\t\t\t\t\t\t<div class=\"elementor-gallery-item__overlay\"><\/div>\n\t\t\t\t\t\t\t\t\t\t\t\t\t\t<\/a>\n\t\t\t\t\t\t\t<a class=\"e-gallery-item elementor-gallery-item elementor-animated-content\" data-e-gallery-tags=\"9\" href=\"https:\/\/www.lichen.pl\/wp-content\/uploads\/2024\/06\/Msza-Swieta-w-Dzien-Ojca-27.jpg\" data-elementor-open-lightbox=\"yes\" data-elementor-lightbox-slideshow=\"738ace0\" data-elementor-lightbox-title=\"Msza \u015awi\u0119ta w Dzie\u0144 Ojca (27)\" data-e-action-hash=\"#elementor-action%3Aaction%3Dlightbox%26settings%3DeyJpZCI6NzA3MjgsInVybCI6Imh0dHBzOlwvXC93d3cubGljaGVuLnBsXC93cC1jb250ZW50XC91cGxvYWRzXC8yMDI0XC8wNlwvTXN6YS1Td2lldGEtdy1Eemllbi1PamNhLTI3LmpwZyIsInNsaWRlc2hvdyI6IjczOGFjZTAifQ%3D%3D\">\n\t\t\t\t\t<div class=\"e-gallery-image elementor-gallery-item__image\" data-thumbnail=\"https:\/\/www.lichen.pl\/wp-content\/uploads\/2024\/06\/Msza-Swieta-w-Dzien-Ojca-27-150x150.jpg\" data-width=\"150\" data-height=\"150\" aria-label=\"\" role=\"img\" ><\/div>\n\t\t\t\t\t\t\t\t\t\t\t<div class=\"elementor-gallery-item__overlay\"><\/div>\n\t\t\t\t\t\t\t\t\t\t\t\t\t\t<\/a>\n\t\t\t\t\t\t\t<a class=\"e-gallery-item elementor-gallery-item elementor-animated-content\" data-e-gallery-tags=\"9\" href=\"https:\/\/www.lichen.pl\/wp-content\/uploads\/2024\/06\/animacje-1.jpg\" data-elementor-open-lightbox=\"yes\" data-elementor-lightbox-slideshow=\"738ace0\" data-elementor-lightbox-title=\"animacje (1)\" data-e-action-hash=\"#elementor-action%3Aaction%3Dlightbox%26settings%3DeyJpZCI6NzA3MjksInVybCI6Imh0dHBzOlwvXC93d3cubGljaGVuLnBsXC93cC1jb250ZW50XC91cGxvYWRzXC8yMDI0XC8wNlwvYW5pbWFjamUtMS5qcGciLCJzbGlkZXNob3ciOiI3MzhhY2UwIn0%3D\">\n\t\t\t\t\t<div class=\"e-gallery-image elementor-gallery-item__image\" data-thumbnail=\"https:\/\/www.lichen.pl\/wp-content\/uploads\/2024\/06\/animacje-1-150x150.jpg\" data-width=\"150\" data-height=\"150\" aria-label=\"\" role=\"img\" ><\/div>\n\t\t\t\t\t\t\t\t\t\t\t<div class=\"elementor-gallery-item__overlay\"><\/div>\n\t\t\t\t\t\t\t\t\t\t\t\t\t\t<\/a>\n\t\t\t\t\t\t\t<a class=\"e-gallery-item elementor-gallery-item elementor-animated-content\" data-e-gallery-tags=\"9\" href=\"https:\/\/www.lichen.pl\/wp-content\/uploads\/2024\/06\/animacje-2.jpg\" data-elementor-open-lightbox=\"yes\" data-elementor-lightbox-slideshow=\"738ace0\" data-elementor-lightbox-title=\"animacje (2)\" data-e-action-hash=\"#elementor-action%3Aaction%3Dlightbox%26settings%3DeyJpZCI6NzA3MzAsInVybCI6Imh0dHBzOlwvXC93d3cubGljaGVuLnBsXC93cC1jb250ZW50XC91cGxvYWRzXC8yMDI0XC8wNlwvYW5pbWFjamUtMi5qcGciLCJzbGlkZXNob3ciOiI3MzhhY2UwIn0%3D\">\n\t\t\t\t\t<div class=\"e-gallery-image elementor-gallery-item__image\" data-thumbnail=\"https:\/\/www.lichen.pl\/wp-content\/uploads\/2024\/06\/animacje-2-150x150.jpg\" data-width=\"150\" data-height=\"150\" aria-label=\"\" role=\"img\" ><\/div>\n\t\t\t\t\t\t\t\t\t\t\t<div class=\"elementor-gallery-item__overlay\"><\/div>\n\t\t\t\t\t\t\t\t\t\t\t\t\t\t<\/a>\n\t\t\t\t\t\t\t<a class=\"e-gallery-item elementor-gallery-item elementor-animated-content\" data-e-gallery-tags=\"9\" href=\"https:\/\/www.lichen.pl\/wp-content\/uploads\/2024\/06\/animacje-3.jpg\" data-elementor-open-lightbox=\"yes\" data-elementor-lightbox-slideshow=\"738ace0\" data-elementor-lightbox-title=\"animacje (3)\" data-e-action-hash=\"#elementor-action%3Aaction%3Dlightbox%26settings%3DeyJpZCI6NzA3MzEsInVybCI6Imh0dHBzOlwvXC93d3cubGljaGVuLnBsXC93cC1jb250ZW50XC91cGxvYWRzXC8yMDI0XC8wNlwvYW5pbWFjamUtMy5qcGciLCJzbGlkZXNob3ciOiI3MzhhY2UwIn0%3D\">\n\t\t\t\t\t<div class=\"e-gallery-image elementor-gallery-item__image\" data-thumbnail=\"https:\/\/www.lichen.pl\/wp-content\/uploads\/2024\/06\/animacje-3-150x150.jpg\" data-width=\"150\" data-height=\"150\" aria-label=\"\" role=\"img\" ><\/div>\n\t\t\t\t\t\t\t\t\t\t\t<div class=\"elementor-gallery-item__overlay\"><\/div>\n\t\t\t\t\t\t\t\t\t\t\t\t\t\t<\/a>\n\t\t\t\t\t\t\t<a class=\"e-gallery-item elementor-gallery-item elementor-animated-content\" data-e-gallery-tags=\"9\" href=\"https:\/\/www.lichen.pl\/wp-content\/uploads\/2024\/06\/animacje-4.jpg\" data-elementor-open-lightbox=\"yes\" data-elementor-lightbox-slideshow=\"738ace0\" data-elementor-lightbox-title=\"animacje (4)\" data-e-action-hash=\"#elementor-action%3Aaction%3Dlightbox%26settings%3DeyJpZCI6NzA3MzIsInVybCI6Imh0dHBzOlwvXC93d3cubGljaGVuLnBsXC93cC1jb250ZW50XC91cGxvYWRzXC8yMDI0XC8wNlwvYW5pbWFjamUtNC5qcGciLCJzbGlkZXNob3ciOiI3MzhhY2UwIn0%3D\">\n\t\t\t\t\t<div class=\"e-gallery-image elementor-gallery-item__image\" data-thumbnail=\"https:\/\/www.lichen.pl\/wp-content\/uploads\/2024\/06\/animacje-4-150x150.jpg\" data-width=\"150\" data-height=\"150\" aria-label=\"\" role=\"img\" ><\/div>\n\t\t\t\t\t\t\t\t\t\t\t<div class=\"elementor-gallery-item__overlay\"><\/div>\n\t\t\t\t\t\t\t\t\t\t\t\t\t\t<\/a>\n\t\t\t\t\t\t\t<a class=\"e-gallery-item elementor-gallery-item elementor-animated-content\" data-e-gallery-tags=\"9\" href=\"https:\/\/www.lichen.pl\/wp-content\/uploads\/2024\/06\/animacje-5.jpg\" data-elementor-open-lightbox=\"yes\" data-elementor-lightbox-slideshow=\"738ace0\" data-elementor-lightbox-title=\"animacje (5)\" data-e-action-hash=\"#elementor-action%3Aaction%3Dlightbox%26settings%3DeyJpZCI6NzA3MzMsInVybCI6Imh0dHBzOlwvXC93d3cubGljaGVuLnBsXC93cC1jb250ZW50XC91cGxvYWRzXC8yMDI0XC8wNlwvYW5pbWFjamUtNS5qcGciLCJzbGlkZXNob3ciOiI3MzhhY2UwIn0%3D\">\n\t\t\t\t\t<div class=\"e-gallery-image elementor-gallery-item__image\" data-thumbnail=\"https:\/\/www.lichen.pl\/wp-content\/uploads\/2024\/06\/animacje-5-150x150.jpg\" data-width=\"150\" data-height=\"150\" aria-label=\"\" role=\"img\" ><\/div>\n\t\t\t\t\t\t\t\t\t\t\t<div class=\"elementor-gallery-item__overlay\"><\/div>\n\t\t\t\t\t\t\t\t\t\t\t\t\t\t<\/a>\n\t\t\t\t\t\t\t<a class=\"e-gallery-item elementor-gallery-item elementor-animated-content\" data-e-gallery-tags=\"9\" href=\"https:\/\/www.lichen.pl\/wp-content\/uploads\/2024\/06\/animacje-6.jpg\" data-elementor-open-lightbox=\"yes\" data-elementor-lightbox-slideshow=\"738ace0\" data-elementor-lightbox-title=\"animacje (6)\" data-e-action-hash=\"#elementor-action%3Aaction%3Dlightbox%26settings%3DeyJpZCI6NzA3MzQsInVybCI6Imh0dHBzOlwvXC93d3cubGljaGVuLnBsXC93cC1jb250ZW50XC91cGxvYWRzXC8yMDI0XC8wNlwvYW5pbWFjamUtNi5qcGciLCJzbGlkZXNob3ciOiI3MzhhY2UwIn0%3D\">\n\t\t\t\t\t<div class=\"e-gallery-image elementor-gallery-item__image\" data-thumbnail=\"https:\/\/www.lichen.pl\/wp-content\/uploads\/2024\/06\/animacje-6-150x150.jpg\" data-width=\"150\" data-height=\"150\" aria-label=\"\" role=\"img\" ><\/div>\n\t\t\t\t\t\t\t\t\t\t\t<div class=\"elementor-gallery-item__overlay\"><\/div>\n\t\t\t\t\t\t\t\t\t\t\t\t\t\t<\/a>\n\t\t\t\t\t\t\t<a class=\"e-gallery-item elementor-gallery-item elementor-animated-content\" data-e-gallery-tags=\"9\" href=\"https:\/\/www.lichen.pl\/wp-content\/uploads\/2024\/06\/animacje-7.jpg\" data-elementor-open-lightbox=\"yes\" data-elementor-lightbox-slideshow=\"738ace0\" data-elementor-lightbox-title=\"animacje (7)\" data-e-action-hash=\"#elementor-action%3Aaction%3Dlightbox%26settings%3DeyJpZCI6NzA3MzUsInVybCI6Imh0dHBzOlwvXC93d3cubGljaGVuLnBsXC93cC1jb250ZW50XC91cGxvYWRzXC8yMDI0XC8wNlwvYW5pbWFjamUtNy5qcGciLCJzbGlkZXNob3ciOiI3MzhhY2UwIn0%3D\">\n\t\t\t\t\t<div class=\"e-gallery-image elementor-gallery-item__image\" data-thumbnail=\"https:\/\/www.lichen.pl\/wp-content\/uploads\/2024\/06\/animacje-7-150x150.jpg\" data-width=\"150\" data-height=\"150\" aria-label=\"\" role=\"img\" ><\/div>\n\t\t\t\t\t\t\t\t\t\t\t<div class=\"elementor-gallery-item__overlay\"><\/div>\n\t\t\t\t\t\t\t\t\t\t\t\t\t\t<\/a>\n\t\t\t\t\t\t\t<a class=\"e-gallery-item elementor-gallery-item elementor-animated-content\" data-e-gallery-tags=\"9\" href=\"https:\/\/www.lichen.pl\/wp-content\/uploads\/2024\/06\/animacje-8.jpg\" data-elementor-open-lightbox=\"yes\" data-elementor-lightbox-slideshow=\"738ace0\" data-elementor-lightbox-title=\"animacje (8)\" data-e-action-hash=\"#elementor-action%3Aaction%3Dlightbox%26settings%3DeyJpZCI6NzA3MzYsInVybCI6Imh0dHBzOlwvXC93d3cubGljaGVuLnBsXC93cC1jb250ZW50XC91cGxvYWRzXC8yMDI0XC8wNlwvYW5pbWFjamUtOC5qcGciLCJzbGlkZXNob3ciOiI3MzhhY2UwIn0%3D\">\n\t\t\t\t\t<div class=\"e-gallery-image elementor-gallery-item__image\" data-thumbnail=\"https:\/\/www.lichen.pl\/wp-content\/uploads\/2024\/06\/animacje-8-150x150.jpg\" data-width=\"150\" data-height=\"150\" aria-label=\"\" role=\"img\" ><\/div>\n\t\t\t\t\t\t\t\t\t\t\t<div class=\"elementor-gallery-item__overlay\"><\/div>\n\t\t\t\t\t\t\t\t\t\t\t\t\t\t<\/a>\n\t\t\t\t\t\t\t<a class=\"e-gallery-item elementor-gallery-item elementor-animated-content\" data-e-gallery-tags=\"9\" href=\"https:\/\/www.lichen.pl\/wp-content\/uploads\/2024\/06\/animacje-9.jpg\" data-elementor-open-lightbox=\"yes\" data-elementor-lightbox-slideshow=\"738ace0\" data-elementor-lightbox-title=\"animacje (9)\" data-e-action-hash=\"#elementor-action%3Aaction%3Dlightbox%26settings%3DeyJpZCI6NzA3MzcsInVybCI6Imh0dHBzOlwvXC93d3cubGljaGVuLnBsXC93cC1jb250ZW50XC91cGxvYWRzXC8yMDI0XC8wNlwvYW5pbWFjamUtOS5qcGciLCJzbGlkZXNob3ciOiI3MzhhY2UwIn0%3D\">\n\t\t\t\t\t<div class=\"e-gallery-image elementor-gallery-item__image\" data-thumbnail=\"https:\/\/www.lichen.pl\/wp-content\/uploads\/2024\/06\/animacje-9-150x150.jpg\" data-width=\"150\" data-height=\"150\" aria-label=\"\" role=\"img\" ><\/div>\n\t\t\t\t\t\t\t\t\t\t\t<div class=\"elementor-gallery-item__overlay\"><\/div>\n\t\t\t\t\t\t\t\t\t\t\t\t\t\t<\/a>\n\t\t\t\t\t\t\t<a class=\"e-gallery-item elementor-gallery-item elementor-animated-content\" data-e-gallery-tags=\"9\" href=\"https:\/\/www.lichen.pl\/wp-content\/uploads\/2024\/06\/animacje-10.jpg\" data-elementor-open-lightbox=\"yes\" data-elementor-lightbox-slideshow=\"738ace0\" data-elementor-lightbox-title=\"animacje (10)\" data-e-action-hash=\"#elementor-action%3Aaction%3Dlightbox%26settings%3DeyJpZCI6NzA3MzgsInVybCI6Imh0dHBzOlwvXC93d3cubGljaGVuLnBsXC93cC1jb250ZW50XC91cGxvYWRzXC8yMDI0XC8wNlwvYW5pbWFjamUtMTAuanBnIiwic2xpZGVzaG93IjoiNzM4YWNlMCJ9\">\n\t\t\t\t\t<div class=\"e-gallery-image elementor-gallery-item__image\" data-thumbnail=\"https:\/\/www.lichen.pl\/wp-content\/uploads\/2024\/06\/animacje-10-150x150.jpg\" data-width=\"150\" data-height=\"150\" aria-label=\"\" role=\"img\" ><\/div>\n\t\t\t\t\t\t\t\t\t\t\t<div class=\"elementor-gallery-item__overlay\"><\/div>\n\t\t\t\t\t\t\t\t\t\t\t\t\t\t<\/a>\n\t\t\t\t\t\t\t<a class=\"e-gallery-item elementor-gallery-item elementor-animated-content\" data-e-gallery-tags=\"9\" href=\"https:\/\/www.lichen.pl\/wp-content\/uploads\/2024\/06\/animacje-11.jpg\" data-elementor-open-lightbox=\"yes\" data-elementor-lightbox-slideshow=\"738ace0\" data-elementor-lightbox-title=\"animacje (11)\" data-e-action-hash=\"#elementor-action%3Aaction%3Dlightbox%26settings%3DeyJpZCI6NzA3MzksInVybCI6Imh0dHBzOlwvXC93d3cubGljaGVuLnBsXC93cC1jb250ZW50XC91cGxvYWRzXC8yMDI0XC8wNlwvYW5pbWFjamUtMTEuanBnIiwic2xpZGVzaG93IjoiNzM4YWNlMCJ9\">\n\t\t\t\t\t<div class=\"e-gallery-image elementor-gallery-item__image\" data-thumbnail=\"https:\/\/www.lichen.pl\/wp-content\/uploads\/2024\/06\/animacje-11-150x150.jpg\" data-width=\"150\" data-height=\"150\" aria-label=\"\" role=\"img\" ><\/div>\n\t\t\t\t\t\t\t\t\t\t\t<div class=\"elementor-gallery-item__overlay\"><\/div>\n\t\t\t\t\t\t\t\t\t\t\t\t\t\t<\/a>\n\t\t\t\t\t\t\t<a class=\"e-gallery-item elementor-gallery-item elementor-animated-content\" data-e-gallery-tags=\"9\" href=\"https:\/\/www.lichen.pl\/wp-content\/uploads\/2024\/06\/animacje-12-1.jpg\" data-elementor-open-lightbox=\"yes\" data-elementor-lightbox-slideshow=\"738ace0\" data-elementor-lightbox-title=\"animacje (12)\" data-e-action-hash=\"#elementor-action%3Aaction%3Dlightbox%26settings%3DeyJpZCI6NzA3NDAsInVybCI6Imh0dHBzOlwvXC93d3cubGljaGVuLnBsXC93cC1jb250ZW50XC91cGxvYWRzXC8yMDI0XC8wNlwvYW5pbWFjamUtMTItMS5qcGciLCJzbGlkZXNob3ciOiI3MzhhY2UwIn0%3D\">\n\t\t\t\t\t<div class=\"e-gallery-image elementor-gallery-item__image\" data-thumbnail=\"https:\/\/www.lichen.pl\/wp-content\/uploads\/2024\/06\/animacje-12-1-150x150.jpg\" data-width=\"150\" data-height=\"150\" aria-label=\"\" role=\"img\" ><\/div>\n\t\t\t\t\t\t\t\t\t\t\t<div class=\"elementor-gallery-item__overlay\"><\/div>\n\t\t\t\t\t\t\t\t\t\t\t\t\t\t<\/a>\n\t\t\t\t\t\t\t<a class=\"e-gallery-item elementor-gallery-item elementor-animated-content\" data-e-gallery-tags=\"9\" href=\"https:\/\/www.lichen.pl\/wp-content\/uploads\/2024\/06\/animacje-przed-bazylika-1.jpg\" data-elementor-open-lightbox=\"yes\" data-elementor-lightbox-slideshow=\"738ace0\" data-elementor-lightbox-title=\"animacje przed bazylik\u0105 (1)\" data-e-action-hash=\"#elementor-action%3Aaction%3Dlightbox%26settings%3DeyJpZCI6NzA3NDEsInVybCI6Imh0dHBzOlwvXC93d3cubGljaGVuLnBsXC93cC1jb250ZW50XC91cGxvYWRzXC8yMDI0XC8wNlwvYW5pbWFjamUtcHJ6ZWQtYmF6eWxpa2EtMS5qcGciLCJzbGlkZXNob3ciOiI3MzhhY2UwIn0%3D\">\n\t\t\t\t\t<div class=\"e-gallery-image elementor-gallery-item__image\" data-thumbnail=\"https:\/\/www.lichen.pl\/wp-content\/uploads\/2024\/06\/animacje-przed-bazylika-1-150x150.jpg\" data-width=\"150\" data-height=\"150\" aria-label=\"\" role=\"img\" ><\/div>\n\t\t\t\t\t\t\t\t\t\t\t<div class=\"elementor-gallery-item__overlay\"><\/div>\n\t\t\t\t\t\t\t\t\t\t\t\t\t\t<\/a>\n\t\t\t\t\t\t\t<a class=\"e-gallery-item elementor-gallery-item elementor-animated-content\" data-e-gallery-tags=\"9\" href=\"https:\/\/www.lichen.pl\/wp-content\/uploads\/2024\/06\/animacje-przed-bazylika-2.jpg\" data-elementor-open-lightbox=\"yes\" data-elementor-lightbox-slideshow=\"738ace0\" data-elementor-lightbox-title=\"animacje przed bazylik\u0105 (2)\" data-e-action-hash=\"#elementor-action%3Aaction%3Dlightbox%26settings%3DeyJpZCI6NzA3NDIsInVybCI6Imh0dHBzOlwvXC93d3cubGljaGVuLnBsXC93cC1jb250ZW50XC91cGxvYWRzXC8yMDI0XC8wNlwvYW5pbWFjamUtcHJ6ZWQtYmF6eWxpa2EtMi5qcGciLCJzbGlkZXNob3ciOiI3MzhhY2UwIn0%3D\">\n\t\t\t\t\t<div class=\"e-gallery-image elementor-gallery-item__image\" data-thumbnail=\"https:\/\/www.lichen.pl\/wp-content\/uploads\/2024\/06\/animacje-przed-bazylika-2-150x150.jpg\" data-width=\"150\" data-height=\"150\" aria-label=\"\" role=\"img\" ><\/div>\n\t\t\t\t\t\t\t\t\t\t\t<div class=\"elementor-gallery-item__overlay\"><\/div>\n\t\t\t\t\t\t\t\t\t\t\t\t\t\t<\/a>\n\t\t\t\t\t\t\t<a class=\"e-gallery-item elementor-gallery-item elementor-animated-content\" data-e-gallery-tags=\"9\" href=\"https:\/\/www.lichen.pl\/wp-content\/uploads\/2024\/06\/animacje-przed-bazylika-3.jpg\" data-elementor-open-lightbox=\"yes\" data-elementor-lightbox-slideshow=\"738ace0\" data-elementor-lightbox-title=\"animacje przed bazylik\u0105 (3)\" data-e-action-hash=\"#elementor-action%3Aaction%3Dlightbox%26settings%3DeyJpZCI6NzA3NDMsInVybCI6Imh0dHBzOlwvXC93d3cubGljaGVuLnBsXC93cC1jb250ZW50XC91cGxvYWRzXC8yMDI0XC8wNlwvYW5pbWFjamUtcHJ6ZWQtYmF6eWxpa2EtMy5qcGciLCJzbGlkZXNob3ciOiI3MzhhY2UwIn0%3D\">\n\t\t\t\t\t<div class=\"e-gallery-image elementor-gallery-item__image\" data-thumbnail=\"https:\/\/www.lichen.pl\/wp-content\/uploads\/2024\/06\/animacje-przed-bazylika-3-150x150.jpg\" data-width=\"150\" data-height=\"150\" aria-label=\"\" role=\"img\" ><\/div>\n\t\t\t\t\t\t\t\t\t\t\t<div class=\"elementor-gallery-item__overlay\"><\/div>\n\t\t\t\t\t\t\t\t\t\t\t\t\t\t<\/a>\n\t\t\t\t\t\t\t<a class=\"e-gallery-item elementor-gallery-item elementor-animated-content\" data-e-gallery-tags=\"9\" href=\"https:\/\/www.lichen.pl\/wp-content\/uploads\/2024\/06\/animacje-przed-bazylika-4.jpg\" data-elementor-open-lightbox=\"yes\" data-elementor-lightbox-slideshow=\"738ace0\" data-elementor-lightbox-title=\"animacje przed bazylik\u0105 (4)\" data-e-action-hash=\"#elementor-action%3Aaction%3Dlightbox%26settings%3DeyJpZCI6NzA3NDQsInVybCI6Imh0dHBzOlwvXC93d3cubGljaGVuLnBsXC93cC1jb250ZW50XC91cGxvYWRzXC8yMDI0XC8wNlwvYW5pbWFjamUtcHJ6ZWQtYmF6eWxpa2EtNC5qcGciLCJzbGlkZXNob3ciOiI3MzhhY2UwIn0%3D\">\n\t\t\t\t\t<div class=\"e-gallery-image elementor-gallery-item__image\" data-thumbnail=\"https:\/\/www.lichen.pl\/wp-content\/uploads\/2024\/06\/animacje-przed-bazylika-4-150x150.jpg\" data-width=\"150\" data-height=\"150\" aria-label=\"\" role=\"img\" ><\/div>\n\t\t\t\t\t\t\t\t\t\t\t<div class=\"elementor-gallery-item__overlay\"><\/div>\n\t\t\t\t\t\t\t\t\t\t\t\t\t\t<\/a>\n\t\t\t\t\t\t\t<a class=\"e-gallery-item elementor-gallery-item elementor-animated-content\" data-e-gallery-tags=\"9\" href=\"https:\/\/www.lichen.pl\/wp-content\/uploads\/2024\/06\/animacje-przed-bazylika-5.jpg\" data-elementor-open-lightbox=\"yes\" data-elementor-lightbox-slideshow=\"738ace0\" data-elementor-lightbox-title=\"animacje przed bazylik\u0105 (5)\" data-e-action-hash=\"#elementor-action%3Aaction%3Dlightbox%26settings%3DeyJpZCI6NzA3NDUsInVybCI6Imh0dHBzOlwvXC93d3cubGljaGVuLnBsXC93cC1jb250ZW50XC91cGxvYWRzXC8yMDI0XC8wNlwvYW5pbWFjamUtcHJ6ZWQtYmF6eWxpa2EtNS5qcGciLCJzbGlkZXNob3ciOiI3MzhhY2UwIn0%3D\">\n\t\t\t\t\t<div class=\"e-gallery-image elementor-gallery-item__image\" data-thumbnail=\"https:\/\/www.lichen.pl\/wp-content\/uploads\/2024\/06\/animacje-przed-bazylika-5-150x150.jpg\" data-width=\"150\" data-height=\"150\" aria-label=\"\" role=\"img\" ><\/div>\n\t\t\t\t\t\t\t\t\t\t\t<div class=\"elementor-gallery-item__overlay\"><\/div>\n\t\t\t\t\t\t\t\t\t\t\t\t\t\t<\/a>\n\t\t\t\t\t\t\t<a class=\"e-gallery-item elementor-gallery-item elementor-animated-content\" data-e-gallery-tags=\"9\" href=\"https:\/\/www.lichen.pl\/wp-content\/uploads\/2024\/06\/animacje-przed-bazylika-6.jpg\" data-elementor-open-lightbox=\"yes\" data-elementor-lightbox-slideshow=\"738ace0\" data-elementor-lightbox-title=\"animacje przed bazylik\u0105 (6)\" data-e-action-hash=\"#elementor-action%3Aaction%3Dlightbox%26settings%3DeyJpZCI6NzA3NDYsInVybCI6Imh0dHBzOlwvXC93d3cubGljaGVuLnBsXC93cC1jb250ZW50XC91cGxvYWRzXC8yMDI0XC8wNlwvYW5pbWFjamUtcHJ6ZWQtYmF6eWxpa2EtNi5qcGciLCJzbGlkZXNob3ciOiI3MzhhY2UwIn0%3D\">\n\t\t\t\t\t<div class=\"e-gallery-image elementor-gallery-item__image\" data-thumbnail=\"https:\/\/www.lichen.pl\/wp-content\/uploads\/2024\/06\/animacje-przed-bazylika-6-150x150.jpg\" data-width=\"150\" data-height=\"150\" aria-label=\"\" role=\"img\" ><\/div>\n\t\t\t\t\t\t\t\t\t\t\t<div class=\"elementor-gallery-item__overlay\"><\/div>\n\t\t\t\t\t\t\t\t\t\t\t\t\t\t<\/a>\n\t\t\t\t\t\t\t<a class=\"e-gallery-item elementor-gallery-item elementor-animated-content\" data-e-gallery-tags=\"9\" href=\"https:\/\/www.lichen.pl\/wp-content\/uploads\/2024\/06\/animacje-przed-bazylika-7.jpg\" data-elementor-open-lightbox=\"yes\" data-elementor-lightbox-slideshow=\"738ace0\" data-elementor-lightbox-title=\"animacje przed bazylik\u0105 (7)\" data-e-action-hash=\"#elementor-action%3Aaction%3Dlightbox%26settings%3DeyJpZCI6NzA3NDcsInVybCI6Imh0dHBzOlwvXC93d3cubGljaGVuLnBsXC93cC1jb250ZW50XC91cGxvYWRzXC8yMDI0XC8wNlwvYW5pbWFjamUtcHJ6ZWQtYmF6eWxpa2EtNy5qcGciLCJzbGlkZXNob3ciOiI3MzhhY2UwIn0%3D\">\n\t\t\t\t\t<div class=\"e-gallery-image elementor-gallery-item__image\" data-thumbnail=\"https:\/\/www.lichen.pl\/wp-content\/uploads\/2024\/06\/animacje-przed-bazylika-7-150x150.jpg\" data-width=\"150\" data-height=\"150\" aria-label=\"\" role=\"img\" ><\/div>\n\t\t\t\t\t\t\t\t\t\t\t<div class=\"elementor-gallery-item__overlay\"><\/div>\n\t\t\t\t\t\t\t\t\t\t\t\t\t\t<\/a>\n\t\t\t\t\t\t\t<a class=\"e-gallery-item elementor-gallery-item elementor-animated-content\" data-e-gallery-tags=\"9\" href=\"https:\/\/www.lichen.pl\/wp-content\/uploads\/2024\/06\/animacje-przed-bazylika-8.jpg\" data-elementor-open-lightbox=\"yes\" data-elementor-lightbox-slideshow=\"738ace0\" data-elementor-lightbox-title=\"animacje przed bazylik\u0105 (8)\" data-e-action-hash=\"#elementor-action%3Aaction%3Dlightbox%26settings%3DeyJpZCI6NzA3NDgsInVybCI6Imh0dHBzOlwvXC93d3cubGljaGVuLnBsXC93cC1jb250ZW50XC91cGxvYWRzXC8yMDI0XC8wNlwvYW5pbWFjamUtcHJ6ZWQtYmF6eWxpa2EtOC5qcGciLCJzbGlkZXNob3ciOiI3MzhhY2UwIn0%3D\">\n\t\t\t\t\t<div class=\"e-gallery-image elementor-gallery-item__image\" data-thumbnail=\"https:\/\/www.lichen.pl\/wp-content\/uploads\/2024\/06\/animacje-przed-bazylika-8-150x150.jpg\" data-width=\"150\" data-height=\"150\" aria-label=\"\" role=\"img\" ><\/div>\n\t\t\t\t\t\t\t\t\t\t\t<div class=\"elementor-gallery-item__overlay\"><\/div>\n\t\t\t\t\t\t\t\t\t\t\t\t\t\t<\/a>\n\t\t\t\t\t\t\t<a class=\"e-gallery-item elementor-gallery-item elementor-animated-content\" data-e-gallery-tags=\"9\" href=\"https:\/\/www.lichen.pl\/wp-content\/uploads\/2024\/06\/animacje-przed-bazylika-9.jpg\" data-elementor-open-lightbox=\"yes\" data-elementor-lightbox-slideshow=\"738ace0\" data-elementor-lightbox-title=\"animacje przed bazylik\u0105 (9)\" data-e-action-hash=\"#elementor-action%3Aaction%3Dlightbox%26settings%3DeyJpZCI6NzA3NDksInVybCI6Imh0dHBzOlwvXC93d3cubGljaGVuLnBsXC93cC1jb250ZW50XC91cGxvYWRzXC8yMDI0XC8wNlwvYW5pbWFjamUtcHJ6ZWQtYmF6eWxpa2EtOS5qcGciLCJzbGlkZXNob3ciOiI3MzhhY2UwIn0%3D\">\n\t\t\t\t\t<div class=\"e-gallery-image elementor-gallery-item__image\" data-thumbnail=\"https:\/\/www.lichen.pl\/wp-content\/uploads\/2024\/06\/animacje-przed-bazylika-9-150x150.jpg\" data-width=\"150\" data-height=\"150\" aria-label=\"\" role=\"img\" ><\/div>\n\t\t\t\t\t\t\t\t\t\t\t<div class=\"elementor-gallery-item__overlay\"><\/div>\n\t\t\t\t\t\t\t\t\t\t\t\t\t\t<\/a>\n\t\t\t\t\t\t\t<a class=\"e-gallery-item elementor-gallery-item elementor-animated-content\" data-e-gallery-tags=\"9\" href=\"https:\/\/www.lichen.pl\/wp-content\/uploads\/2024\/06\/animacje-przed-bazylika-10.jpg\" data-elementor-open-lightbox=\"yes\" data-elementor-lightbox-slideshow=\"738ace0\" data-elementor-lightbox-title=\"animacje przed bazylik\u0105 (10)\" data-e-action-hash=\"#elementor-action%3Aaction%3Dlightbox%26settings%3DeyJpZCI6NzA3NTAsInVybCI6Imh0dHBzOlwvXC93d3cubGljaGVuLnBsXC93cC1jb250ZW50XC91cGxvYWRzXC8yMDI0XC8wNlwvYW5pbWFjamUtcHJ6ZWQtYmF6eWxpa2EtMTAuanBnIiwic2xpZGVzaG93IjoiNzM4YWNlMCJ9\">\n\t\t\t\t\t<div class=\"e-gallery-image elementor-gallery-item__image\" data-thumbnail=\"https:\/\/www.lichen.pl\/wp-content\/uploads\/2024\/06\/animacje-przed-bazylika-10-150x150.jpg\" data-width=\"150\" data-height=\"150\" aria-label=\"\" role=\"img\" ><\/div>\n\t\t\t\t\t\t\t\t\t\t\t<div class=\"elementor-gallery-item__overlay\"><\/div>\n\t\t\t\t\t\t\t\t\t\t\t\t\t\t<\/a>\n\t\t\t\t\t\t\t<a class=\"e-gallery-item elementor-gallery-item elementor-animated-content\" data-e-gallery-tags=\"9\" href=\"https:\/\/www.lichen.pl\/wp-content\/uploads\/2024\/06\/animacje-przed-bazylika-11.jpg\" data-elementor-open-lightbox=\"yes\" data-elementor-lightbox-slideshow=\"738ace0\" data-elementor-lightbox-title=\"animacje przed bazylik\u0105 (11)\" data-e-action-hash=\"#elementor-action%3Aaction%3Dlightbox%26settings%3DeyJpZCI6NzA3NTEsInVybCI6Imh0dHBzOlwvXC93d3cubGljaGVuLnBsXC93cC1jb250ZW50XC91cGxvYWRzXC8yMDI0XC8wNlwvYW5pbWFjamUtcHJ6ZWQtYmF6eWxpa2EtMTEuanBnIiwic2xpZGVzaG93IjoiNzM4YWNlMCJ9\">\n\t\t\t\t\t<div class=\"e-gallery-image elementor-gallery-item__image\" data-thumbnail=\"https:\/\/www.lichen.pl\/wp-content\/uploads\/2024\/06\/animacje-przed-bazylika-11-150x150.jpg\" data-width=\"150\" data-height=\"150\" aria-label=\"\" role=\"img\" ><\/div>\n\t\t\t\t\t\t\t\t\t\t\t<div class=\"elementor-gallery-item__overlay\"><\/div>\n\t\t\t\t\t\t\t\t\t\t\t\t\t\t<\/a>\n\t\t\t\t\t\t\t<a class=\"e-gallery-item elementor-gallery-item elementor-animated-content\" data-e-gallery-tags=\"9\" href=\"https:\/\/www.lichen.pl\/wp-content\/uploads\/2024\/06\/animacje-przed-bazylika-12.jpg\" data-elementor-open-lightbox=\"yes\" data-elementor-lightbox-slideshow=\"738ace0\" data-elementor-lightbox-title=\"animacje przed bazylik\u0105 (12)\" data-e-action-hash=\"#elementor-action%3Aaction%3Dlightbox%26settings%3DeyJpZCI6NzA3NTIsInVybCI6Imh0dHBzOlwvXC93d3cubGljaGVuLnBsXC93cC1jb250ZW50XC91cGxvYWRzXC8yMDI0XC8wNlwvYW5pbWFjamUtcHJ6ZWQtYmF6eWxpa2EtMTIuanBnIiwic2xpZGVzaG93IjoiNzM4YWNlMCJ9\">\n\t\t\t\t\t<div class=\"e-gallery-image elementor-gallery-item__image\" data-thumbnail=\"https:\/\/www.lichen.pl\/wp-content\/uploads\/2024\/06\/animacje-przed-bazylika-12-150x150.jpg\" data-width=\"150\" data-height=\"150\" aria-label=\"\" role=\"img\" ><\/div>\n\t\t\t\t\t\t\t\t\t\t\t<div class=\"elementor-gallery-item__overlay\"><\/div>\n\t\t\t\t\t\t\t\t\t\t\t\t\t\t<\/a>\n\t\t\t\t\t\t\t<a class=\"e-gallery-item elementor-gallery-item elementor-animated-content\" data-e-gallery-tags=\"9\" href=\"https:\/\/www.lichen.pl\/wp-content\/uploads\/2024\/06\/animacje-przed-bazylika-13.jpg\" data-elementor-open-lightbox=\"yes\" data-elementor-lightbox-slideshow=\"738ace0\" data-elementor-lightbox-title=\"animacje przed bazylik\u0105 (13)\" data-e-action-hash=\"#elementor-action%3Aaction%3Dlightbox%26settings%3DeyJpZCI6NzA3NTMsInVybCI6Imh0dHBzOlwvXC93d3cubGljaGVuLnBsXC93cC1jb250ZW50XC91cGxvYWRzXC8yMDI0XC8wNlwvYW5pbWFjamUtcHJ6ZWQtYmF6eWxpa2EtMTMuanBnIiwic2xpZGVzaG93IjoiNzM4YWNlMCJ9\">\n\t\t\t\t\t<div class=\"e-gallery-image elementor-gallery-item__image\" data-thumbnail=\"https:\/\/www.lichen.pl\/wp-content\/uploads\/2024\/06\/animacje-przed-bazylika-13-150x150.jpg\" data-width=\"150\" data-height=\"150\" aria-label=\"\" role=\"img\" ><\/div>\n\t\t\t\t\t\t\t\t\t\t\t<div class=\"elementor-gallery-item__overlay\"><\/div>\n\t\t\t\t\t\t\t\t\t\t\t\t\t\t<\/a>\n\t\t\t\t\t\t\t<a class=\"e-gallery-item elementor-gallery-item elementor-animated-content\" data-e-gallery-tags=\"9\" href=\"https:\/\/www.lichen.pl\/wp-content\/uploads\/2024\/06\/animacje-przed-bazylika-14.jpg\" data-elementor-open-lightbox=\"yes\" data-elementor-lightbox-slideshow=\"738ace0\" data-elementor-lightbox-title=\"animacje przed bazylik\u0105 (14)\" data-e-action-hash=\"#elementor-action%3Aaction%3Dlightbox%26settings%3DeyJpZCI6NzA3NTQsInVybCI6Imh0dHBzOlwvXC93d3cubGljaGVuLnBsXC93cC1jb250ZW50XC91cGxvYWRzXC8yMDI0XC8wNlwvYW5pbWFjamUtcHJ6ZWQtYmF6eWxpa2EtMTQuanBnIiwic2xpZGVzaG93IjoiNzM4YWNlMCJ9\">\n\t\t\t\t\t<div class=\"e-gallery-image elementor-gallery-item__image\" data-thumbnail=\"https:\/\/www.lichen.pl\/wp-content\/uploads\/2024\/06\/animacje-przed-bazylika-14-150x150.jpg\" data-width=\"150\" data-height=\"150\" aria-label=\"\" role=\"img\" ><\/div>\n\t\t\t\t\t\t\t\t\t\t\t<div class=\"elementor-gallery-item__overlay\"><\/div>\n\t\t\t\t\t\t\t\t\t\t\t\t\t\t<\/a>\n\t\t\t\t\t\t\t<a class=\"e-gallery-item elementor-gallery-item elementor-animated-content\" data-e-gallery-tags=\"9\" href=\"https:\/\/www.lichen.pl\/wp-content\/uploads\/2024\/06\/animacje-przed-bazylika-15.jpg\" data-elementor-open-lightbox=\"yes\" data-elementor-lightbox-slideshow=\"738ace0\" data-elementor-lightbox-title=\"animacje przed bazylik\u0105 (15)\" data-e-action-hash=\"#elementor-action%3Aaction%3Dlightbox%26settings%3DeyJpZCI6NzA3NTUsInVybCI6Imh0dHBzOlwvXC93d3cubGljaGVuLnBsXC93cC1jb250ZW50XC91cGxvYWRzXC8yMDI0XC8wNlwvYW5pbWFjamUtcHJ6ZWQtYmF6eWxpa2EtMTUuanBnIiwic2xpZGVzaG93IjoiNzM4YWNlMCJ9\">\n\t\t\t\t\t<div class=\"e-gallery-image elementor-gallery-item__image\" data-thumbnail=\"https:\/\/www.lichen.pl\/wp-content\/uploads\/2024\/06\/animacje-przed-bazylika-15-150x150.jpg\" data-width=\"150\" data-height=\"150\" aria-label=\"\" role=\"img\" ><\/div>\n\t\t\t\t\t\t\t\t\t\t\t<div class=\"elementor-gallery-item__overlay\"><\/div>\n\t\t\t\t\t\t\t\t\t\t\t\t\t\t<\/a>\n\t\t\t\t\t\t\t<a class=\"e-gallery-item elementor-gallery-item elementor-animated-content\" data-e-gallery-tags=\"9\" href=\"https:\/\/www.lichen.pl\/wp-content\/uploads\/2024\/06\/animacje-przed-bazylika-16.jpg\" data-elementor-open-lightbox=\"yes\" data-elementor-lightbox-slideshow=\"738ace0\" data-elementor-lightbox-title=\"animacje przed bazylik\u0105 (16)\" data-e-action-hash=\"#elementor-action%3Aaction%3Dlightbox%26settings%3DeyJpZCI6NzA3NTYsInVybCI6Imh0dHBzOlwvXC93d3cubGljaGVuLnBsXC93cC1jb250ZW50XC91cGxvYWRzXC8yMDI0XC8wNlwvYW5pbWFjamUtcHJ6ZWQtYmF6eWxpa2EtMTYuanBnIiwic2xpZGVzaG93IjoiNzM4YWNlMCJ9\">\n\t\t\t\t\t<div class=\"e-gallery-image elementor-gallery-item__image\" data-thumbnail=\"https:\/\/www.lichen.pl\/wp-content\/uploads\/2024\/06\/animacje-przed-bazylika-16-150x150.jpg\" data-width=\"150\" data-height=\"150\" aria-label=\"\" role=\"img\" ><\/div>\n\t\t\t\t\t\t\t\t\t\t\t<div class=\"elementor-gallery-item__overlay\"><\/div>\n\t\t\t\t\t\t\t\t\t\t\t\t\t\t<\/a>\n\t\t\t\t\t\t\t<a class=\"e-gallery-item elementor-gallery-item elementor-animated-content\" data-e-gallery-tags=\"9\" href=\"https:\/\/www.lichen.pl\/wp-content\/uploads\/2024\/06\/animacje-przed-bazylika-17.jpg\" data-elementor-open-lightbox=\"yes\" data-elementor-lightbox-slideshow=\"738ace0\" data-elementor-lightbox-title=\"animacje przed bazylik\u0105 (17)\" data-e-action-hash=\"#elementor-action%3Aaction%3Dlightbox%26settings%3DeyJpZCI6NzA3NTcsInVybCI6Imh0dHBzOlwvXC93d3cubGljaGVuLnBsXC93cC1jb250ZW50XC91cGxvYWRzXC8yMDI0XC8wNlwvYW5pbWFjamUtcHJ6ZWQtYmF6eWxpa2EtMTcuanBnIiwic2xpZGVzaG93IjoiNzM4YWNlMCJ9\">\n\t\t\t\t\t<div class=\"e-gallery-image elementor-gallery-item__image\" data-thumbnail=\"https:\/\/www.lichen.pl\/wp-content\/uploads\/2024\/06\/animacje-przed-bazylika-17-150x150.jpg\" data-width=\"150\" data-height=\"150\" aria-label=\"\" role=\"img\" ><\/div>\n\t\t\t\t\t\t\t\t\t\t\t<div class=\"elementor-gallery-item__overlay\"><\/div>\n\t\t\t\t\t\t\t\t\t\t\t\t\t\t<\/a>\n\t\t\t\t\t\t\t<a class=\"e-gallery-item elementor-gallery-item elementor-animated-content\" data-e-gallery-tags=\"9\" href=\"https:\/\/www.lichen.pl\/wp-content\/uploads\/2024\/06\/animacje-przed-bazylika-18.jpg\" data-elementor-open-lightbox=\"yes\" data-elementor-lightbox-slideshow=\"738ace0\" data-elementor-lightbox-title=\"animacje przed bazylik\u0105 (18)\" data-e-action-hash=\"#elementor-action%3Aaction%3Dlightbox%26settings%3DeyJpZCI6NzA3NTgsInVybCI6Imh0dHBzOlwvXC93d3cubGljaGVuLnBsXC93cC1jb250ZW50XC91cGxvYWRzXC8yMDI0XC8wNlwvYW5pbWFjamUtcHJ6ZWQtYmF6eWxpa2EtMTguanBnIiwic2xpZGVzaG93IjoiNzM4YWNlMCJ9\">\n\t\t\t\t\t<div class=\"e-gallery-image elementor-gallery-item__image\" data-thumbnail=\"https:\/\/www.lichen.pl\/wp-content\/uploads\/2024\/06\/animacje-przed-bazylika-18-150x150.jpg\" data-width=\"150\" data-height=\"150\" aria-label=\"\" role=\"img\" ><\/div>\n\t\t\t\t\t\t\t\t\t\t\t<div class=\"elementor-gallery-item__overlay\"><\/div>\n\t\t\t\t\t\t\t\t\t\t\t\t\t\t<\/a>\n\t\t\t\t\t\t\t<a class=\"e-gallery-item elementor-gallery-item elementor-animated-content\" data-e-gallery-tags=\"9\" href=\"https:\/\/www.lichen.pl\/wp-content\/uploads\/2024\/06\/animacje-przed-bazylika-19.jpg\" data-elementor-open-lightbox=\"yes\" data-elementor-lightbox-slideshow=\"738ace0\" data-elementor-lightbox-title=\"animacje przed bazylik\u0105 (19)\" data-e-action-hash=\"#elementor-action%3Aaction%3Dlightbox%26settings%3DeyJpZCI6NzA3NTksInVybCI6Imh0dHBzOlwvXC93d3cubGljaGVuLnBsXC93cC1jb250ZW50XC91cGxvYWRzXC8yMDI0XC8wNlwvYW5pbWFjamUtcHJ6ZWQtYmF6eWxpa2EtMTkuanBnIiwic2xpZGVzaG93IjoiNzM4YWNlMCJ9\">\n\t\t\t\t\t<div class=\"e-gallery-image elementor-gallery-item__image\" data-thumbnail=\"https:\/\/www.lichen.pl\/wp-content\/uploads\/2024\/06\/animacje-przed-bazylika-19-150x150.jpg\" data-width=\"150\" data-height=\"150\" aria-label=\"\" role=\"img\" ><\/div>\n\t\t\t\t\t\t\t\t\t\t\t<div class=\"elementor-gallery-item__overlay\"><\/div>\n\t\t\t\t\t\t\t\t\t\t\t\t\t\t<\/a>\n\t\t\t\t\t\t\t<a class=\"e-gallery-item elementor-gallery-item elementor-animated-content\" data-e-gallery-tags=\"9\" href=\"https:\/\/www.lichen.pl\/wp-content\/uploads\/2024\/06\/animacje-przed-bazylika-20.jpg\" data-elementor-open-lightbox=\"yes\" data-elementor-lightbox-slideshow=\"738ace0\" data-elementor-lightbox-title=\"animacje przed bazylik\u0105 (20)\" data-e-action-hash=\"#elementor-action%3Aaction%3Dlightbox%26settings%3DeyJpZCI6NzA3NjAsInVybCI6Imh0dHBzOlwvXC93d3cubGljaGVuLnBsXC93cC1jb250ZW50XC91cGxvYWRzXC8yMDI0XC8wNlwvYW5pbWFjamUtcHJ6ZWQtYmF6eWxpa2EtMjAuanBnIiwic2xpZGVzaG93IjoiNzM4YWNlMCJ9\">\n\t\t\t\t\t<div class=\"e-gallery-image elementor-gallery-item__image\" data-thumbnail=\"https:\/\/www.lichen.pl\/wp-content\/uploads\/2024\/06\/animacje-przed-bazylika-20-150x150.jpg\" data-width=\"150\" data-height=\"150\" aria-label=\"\" role=\"img\" ><\/div>\n\t\t\t\t\t\t\t\t\t\t\t<div class=\"elementor-gallery-item__overlay\"><\/div>\n\t\t\t\t\t\t\t\t\t\t\t\t\t\t<\/a>\n\t\t\t\t\t\t\t<a class=\"e-gallery-item elementor-gallery-item elementor-animated-content\" data-e-gallery-tags=\"9\" href=\"https:\/\/www.lichen.pl\/wp-content\/uploads\/2024\/06\/animacje-przed-bazylika-21.jpg\" data-elementor-open-lightbox=\"yes\" data-elementor-lightbox-slideshow=\"738ace0\" data-elementor-lightbox-title=\"animacje przed bazylik\u0105 (21)\" data-e-action-hash=\"#elementor-action%3Aaction%3Dlightbox%26settings%3DeyJpZCI6NzA3NjEsInVybCI6Imh0dHBzOlwvXC93d3cubGljaGVuLnBsXC93cC1jb250ZW50XC91cGxvYWRzXC8yMDI0XC8wNlwvYW5pbWFjamUtcHJ6ZWQtYmF6eWxpa2EtMjEuanBnIiwic2xpZGVzaG93IjoiNzM4YWNlMCJ9\">\n\t\t\t\t\t<div class=\"e-gallery-image elementor-gallery-item__image\" data-thumbnail=\"https:\/\/www.lichen.pl\/wp-content\/uploads\/2024\/06\/animacje-przed-bazylika-21-150x150.jpg\" data-width=\"150\" data-height=\"150\" aria-label=\"\" role=\"img\" ><\/div>\n\t\t\t\t\t\t\t\t\t\t\t<div class=\"elementor-gallery-item__overlay\"><\/div>\n\t\t\t\t\t\t\t\t\t\t\t\t\t\t<\/a>\n\t\t\t\t\t\t\t<a class=\"e-gallery-item elementor-gallery-item elementor-animated-content\" data-e-gallery-tags=\"9\" href=\"https:\/\/www.lichen.pl\/wp-content\/uploads\/2024\/06\/animacje-przed-bazylika-22.jpg\" data-elementor-open-lightbox=\"yes\" data-elementor-lightbox-slideshow=\"738ace0\" data-elementor-lightbox-title=\"animacje przed bazylik\u0105 (22)\" data-e-action-hash=\"#elementor-action%3Aaction%3Dlightbox%26settings%3DeyJpZCI6NzA3NjIsInVybCI6Imh0dHBzOlwvXC93d3cubGljaGVuLnBsXC93cC1jb250ZW50XC91cGxvYWRzXC8yMDI0XC8wNlwvYW5pbWFjamUtcHJ6ZWQtYmF6eWxpa2EtMjIuanBnIiwic2xpZGVzaG93IjoiNzM4YWNlMCJ9\">\n\t\t\t\t\t<div class=\"e-gallery-image elementor-gallery-item__image\" data-thumbnail=\"https:\/\/www.lichen.pl\/wp-content\/uploads\/2024\/06\/animacje-przed-bazylika-22-150x150.jpg\" data-width=\"150\" data-height=\"150\" aria-label=\"\" role=\"img\" ><\/div>\n\t\t\t\t\t\t\t\t\t\t\t<div class=\"elementor-gallery-item__overlay\"><\/div>\n\t\t\t\t\t\t\t\t\t\t\t\t\t\t<\/a>\n\t\t\t\t\t\t\t<a class=\"e-gallery-item elementor-gallery-item elementor-animated-content\" data-e-gallery-tags=\"9\" href=\"https:\/\/www.lichen.pl\/wp-content\/uploads\/2024\/06\/animacje-przed-bazylika-23.jpg\" data-elementor-open-lightbox=\"yes\" data-elementor-lightbox-slideshow=\"738ace0\" data-elementor-lightbox-title=\"animacje przed bazylik\u0105 (23)\" data-e-action-hash=\"#elementor-action%3Aaction%3Dlightbox%26settings%3DeyJpZCI6NzA3NjMsInVybCI6Imh0dHBzOlwvXC93d3cubGljaGVuLnBsXC93cC1jb250ZW50XC91cGxvYWRzXC8yMDI0XC8wNlwvYW5pbWFjamUtcHJ6ZWQtYmF6eWxpa2EtMjMuanBnIiwic2xpZGVzaG93IjoiNzM4YWNlMCJ9\">\n\t\t\t\t\t<div class=\"e-gallery-image elementor-gallery-item__image\" data-thumbnail=\"https:\/\/www.lichen.pl\/wp-content\/uploads\/2024\/06\/animacje-przed-bazylika-23-150x150.jpg\" data-width=\"150\" data-height=\"150\" aria-label=\"\" role=\"img\" ><\/div>\n\t\t\t\t\t\t\t\t\t\t\t<div class=\"elementor-gallery-item__overlay\"><\/div>\n\t\t\t\t\t\t\t\t\t\t\t\t\t\t<\/a>\n\t\t\t\t\t\t\t<a class=\"e-gallery-item elementor-gallery-item elementor-animated-content\" data-e-gallery-tags=\"9\" href=\"https:\/\/www.lichen.pl\/wp-content\/uploads\/2024\/06\/animacje-przed-bazylika-24.jpg\" data-elementor-open-lightbox=\"yes\" data-elementor-lightbox-slideshow=\"738ace0\" data-elementor-lightbox-title=\"animacje przed bazylik\u0105 (24)\" data-e-action-hash=\"#elementor-action%3Aaction%3Dlightbox%26settings%3DeyJpZCI6NzA3NjQsInVybCI6Imh0dHBzOlwvXC93d3cubGljaGVuLnBsXC93cC1jb250ZW50XC91cGxvYWRzXC8yMDI0XC8wNlwvYW5pbWFjamUtcHJ6ZWQtYmF6eWxpa2EtMjQuanBnIiwic2xpZGVzaG93IjoiNzM4YWNlMCJ9\">\n\t\t\t\t\t<div class=\"e-gallery-image elementor-gallery-item__image\" data-thumbnail=\"https:\/\/www.lichen.pl\/wp-content\/uploads\/2024\/06\/animacje-przed-bazylika-24-150x150.jpg\" data-width=\"150\" data-height=\"150\" aria-label=\"\" role=\"img\" ><\/div>\n\t\t\t\t\t\t\t\t\t\t\t<div class=\"elementor-gallery-item__overlay\"><\/div>\n\t\t\t\t\t\t\t\t\t\t\t\t\t\t<\/a>\n\t\t\t\t\t\t\t<a class=\"e-gallery-item elementor-gallery-item elementor-animated-content\" data-e-gallery-tags=\"9\" href=\"https:\/\/www.lichen.pl\/wp-content\/uploads\/2024\/06\/animacje-przed-bazylika-25.jpg\" data-elementor-open-lightbox=\"yes\" data-elementor-lightbox-slideshow=\"738ace0\" data-elementor-lightbox-title=\"animacje przed bazylik\u0105 (25)\" data-e-action-hash=\"#elementor-action%3Aaction%3Dlightbox%26settings%3DeyJpZCI6NzA3NjUsInVybCI6Imh0dHBzOlwvXC93d3cubGljaGVuLnBsXC93cC1jb250ZW50XC91cGxvYWRzXC8yMDI0XC8wNlwvYW5pbWFjamUtcHJ6ZWQtYmF6eWxpa2EtMjUuanBnIiwic2xpZGVzaG93IjoiNzM4YWNlMCJ9\">\n\t\t\t\t\t<div class=\"e-gallery-image elementor-gallery-item__image\" data-thumbnail=\"https:\/\/www.lichen.pl\/wp-content\/uploads\/2024\/06\/animacje-przed-bazylika-25-150x150.jpg\" data-width=\"150\" data-height=\"150\" aria-label=\"\" role=\"img\" ><\/div>\n\t\t\t\t\t\t\t\t\t\t\t<div class=\"elementor-gallery-item__overlay\"><\/div>\n\t\t\t\t\t\t\t\t\t\t\t\t\t\t<\/a>\n\t\t\t\t\t\t\t<a class=\"e-gallery-item elementor-gallery-item elementor-animated-content\" data-e-gallery-tags=\"9\" href=\"https:\/\/www.lichen.pl\/wp-content\/uploads\/2024\/06\/Balon-do-nieba-2.jpg\" data-elementor-open-lightbox=\"yes\" data-elementor-lightbox-slideshow=\"738ace0\" data-elementor-lightbox-title=\"Balon do nieba (2)\" data-e-action-hash=\"#elementor-action%3Aaction%3Dlightbox%26settings%3DeyJpZCI6NzA3NjYsInVybCI6Imh0dHBzOlwvXC93d3cubGljaGVuLnBsXC93cC1jb250ZW50XC91cGxvYWRzXC8yMDI0XC8wNlwvQmFsb24tZG8tbmllYmEtMi5qcGciLCJzbGlkZXNob3ciOiI3MzhhY2UwIn0%3D\">\n\t\t\t\t\t<div class=\"e-gallery-image elementor-gallery-item__image\" data-thumbnail=\"https:\/\/www.lichen.pl\/wp-content\/uploads\/2024\/06\/Balon-do-nieba-2-150x150.jpg\" data-width=\"150\" data-height=\"150\" aria-label=\"\" role=\"img\" ><\/div>\n\t\t\t\t\t\t\t\t\t\t\t<div class=\"elementor-gallery-item__overlay\"><\/div>\n\t\t\t\t\t\t\t\t\t\t\t\t\t\t<\/a>\n\t\t\t\t\t\t\t<a class=\"e-gallery-item elementor-gallery-item elementor-animated-content\" data-e-gallery-tags=\"9\" href=\"https:\/\/www.lichen.pl\/wp-content\/uploads\/2024\/06\/Balon-do-nieba-3.jpg\" data-elementor-open-lightbox=\"yes\" data-elementor-lightbox-slideshow=\"738ace0\" data-elementor-lightbox-title=\"Balon do nieba (3)\" data-e-action-hash=\"#elementor-action%3Aaction%3Dlightbox%26settings%3DeyJpZCI6NzA3NjcsInVybCI6Imh0dHBzOlwvXC93d3cubGljaGVuLnBsXC93cC1jb250ZW50XC91cGxvYWRzXC8yMDI0XC8wNlwvQmFsb24tZG8tbmllYmEtMy5qcGciLCJzbGlkZXNob3ciOiI3MzhhY2UwIn0%3D\">\n\t\t\t\t\t<div class=\"e-gallery-image elementor-gallery-item__image\" data-thumbnail=\"https:\/\/www.lichen.pl\/wp-content\/uploads\/2024\/06\/Balon-do-nieba-3-150x150.jpg\" data-width=\"150\" data-height=\"150\" aria-label=\"\" role=\"img\" ><\/div>\n\t\t\t\t\t\t\t\t\t\t\t<div class=\"elementor-gallery-item__overlay\"><\/div>\n\t\t\t\t\t\t\t\t\t\t\t\t\t\t<\/a>\n\t\t\t\t\t\t\t<a class=\"e-gallery-item elementor-gallery-item elementor-animated-content\" data-e-gallery-tags=\"9\" href=\"https:\/\/www.lichen.pl\/wp-content\/uploads\/2024\/06\/Balon-do-nieba-4.jpg\" data-elementor-open-lightbox=\"yes\" data-elementor-lightbox-slideshow=\"738ace0\" data-elementor-lightbox-title=\"Balon do nieba (4)\" data-e-action-hash=\"#elementor-action%3Aaction%3Dlightbox%26settings%3DeyJpZCI6NzA3NjgsInVybCI6Imh0dHBzOlwvXC93d3cubGljaGVuLnBsXC93cC1jb250ZW50XC91cGxvYWRzXC8yMDI0XC8wNlwvQmFsb24tZG8tbmllYmEtNC5qcGciLCJzbGlkZXNob3ciOiI3MzhhY2UwIn0%3D\">\n\t\t\t\t\t<div class=\"e-gallery-image elementor-gallery-item__image\" data-thumbnail=\"https:\/\/www.lichen.pl\/wp-content\/uploads\/2024\/06\/Balon-do-nieba-4-150x150.jpg\" data-width=\"150\" data-height=\"150\" aria-label=\"\" role=\"img\" ><\/div>\n\t\t\t\t\t\t\t\t\t\t\t<div class=\"elementor-gallery-item__overlay\"><\/div>\n\t\t\t\t\t\t\t\t\t\t\t\t\t\t<\/a>\n\t\t\t\t\t\t\t<a class=\"e-gallery-item elementor-gallery-item elementor-animated-content\" data-e-gallery-tags=\"9\" href=\"https:\/\/www.lichen.pl\/wp-content\/uploads\/2024\/06\/Balon-do-nieba-5.jpg\" data-elementor-open-lightbox=\"yes\" data-elementor-lightbox-slideshow=\"738ace0\" data-elementor-lightbox-title=\"Balon do nieba (5)\" data-e-action-hash=\"#elementor-action%3Aaction%3Dlightbox%26settings%3DeyJpZCI6NzA3NjksInVybCI6Imh0dHBzOlwvXC93d3cubGljaGVuLnBsXC93cC1jb250ZW50XC91cGxvYWRzXC8yMDI0XC8wNlwvQmFsb24tZG8tbmllYmEtNS5qcGciLCJzbGlkZXNob3ciOiI3MzhhY2UwIn0%3D\">\n\t\t\t\t\t<div class=\"e-gallery-image elementor-gallery-item__image\" data-thumbnail=\"https:\/\/www.lichen.pl\/wp-content\/uploads\/2024\/06\/Balon-do-nieba-5-150x150.jpg\" data-width=\"150\" data-height=\"150\" aria-label=\"\" role=\"img\" ><\/div>\n\t\t\t\t\t\t\t\t\t\t\t<div class=\"elementor-gallery-item__overlay\"><\/div>\n\t\t\t\t\t\t\t\t\t\t\t\t\t\t<\/a>\n\t\t\t\t\t\t\t<a class=\"e-gallery-item elementor-gallery-item elementor-animated-content\" data-e-gallery-tags=\"9\" href=\"https:\/\/www.lichen.pl\/wp-content\/uploads\/2024\/06\/Balon-do-nieba-6.jpg\" data-elementor-open-lightbox=\"yes\" data-elementor-lightbox-slideshow=\"738ace0\" data-elementor-lightbox-title=\"Balon do nieba (6)\" data-e-action-hash=\"#elementor-action%3Aaction%3Dlightbox%26settings%3DeyJpZCI6NzA3NzAsInVybCI6Imh0dHBzOlwvXC93d3cubGljaGVuLnBsXC93cC1jb250ZW50XC91cGxvYWRzXC8yMDI0XC8wNlwvQmFsb24tZG8tbmllYmEtNi5qcGciLCJzbGlkZXNob3ciOiI3MzhhY2UwIn0%3D\">\n\t\t\t\t\t<div class=\"e-gallery-image elementor-gallery-item__image\" data-thumbnail=\"https:\/\/www.lichen.pl\/wp-content\/uploads\/2024\/06\/Balon-do-nieba-6-150x150.jpg\" data-width=\"150\" data-height=\"150\" aria-label=\"\" role=\"img\" ><\/div>\n\t\t\t\t\t\t\t\t\t\t\t<div class=\"elementor-gallery-item__overlay\"><\/div>\n\t\t\t\t\t\t\t\t\t\t\t\t\t\t<\/a>\n\t\t\t\t\t\t\t<a class=\"e-gallery-item elementor-gallery-item elementor-animated-content\" data-e-gallery-tags=\"9\" href=\"https:\/\/www.lichen.pl\/wp-content\/uploads\/2024\/06\/Balon-do-nieba-7.jpg\" data-elementor-open-lightbox=\"yes\" data-elementor-lightbox-slideshow=\"738ace0\" data-elementor-lightbox-title=\"Balon do nieba (7)\" data-e-action-hash=\"#elementor-action%3Aaction%3Dlightbox%26settings%3DeyJpZCI6NzA3NzEsInVybCI6Imh0dHBzOlwvXC93d3cubGljaGVuLnBsXC93cC1jb250ZW50XC91cGxvYWRzXC8yMDI0XC8wNlwvQmFsb24tZG8tbmllYmEtNy5qcGciLCJzbGlkZXNob3ciOiI3MzhhY2UwIn0%3D\">\n\t\t\t\t\t<div class=\"e-gallery-image elementor-gallery-item__image\" data-thumbnail=\"https:\/\/www.lichen.pl\/wp-content\/uploads\/2024\/06\/Balon-do-nieba-7-150x150.jpg\" data-width=\"150\" data-height=\"150\" aria-label=\"\" role=\"img\" ><\/div>\n\t\t\t\t\t\t\t\t\t\t\t<div class=\"elementor-gallery-item__overlay\"><\/div>\n\t\t\t\t\t\t\t\t\t\t\t\t\t\t<\/a>\n\t\t\t\t\t\t\t<a class=\"e-gallery-item elementor-gallery-item elementor-animated-content\" data-e-gallery-tags=\"9\" href=\"https:\/\/www.lichen.pl\/wp-content\/uploads\/2024\/06\/Balon-do-nieba-8.jpg\" data-elementor-open-lightbox=\"yes\" data-elementor-lightbox-slideshow=\"738ace0\" data-elementor-lightbox-title=\"Balon do nieba (8)\" data-e-action-hash=\"#elementor-action%3Aaction%3Dlightbox%26settings%3DeyJpZCI6NzA3NzIsInVybCI6Imh0dHBzOlwvXC93d3cubGljaGVuLnBsXC93cC1jb250ZW50XC91cGxvYWRzXC8yMDI0XC8wNlwvQmFsb24tZG8tbmllYmEtOC5qcGciLCJzbGlkZXNob3ciOiI3MzhhY2UwIn0%3D\">\n\t\t\t\t\t<div class=\"e-gallery-image elementor-gallery-item__image\" data-thumbnail=\"https:\/\/www.lichen.pl\/wp-content\/uploads\/2024\/06\/Balon-do-nieba-8-150x150.jpg\" data-width=\"150\" data-height=\"150\" aria-label=\"\" role=\"img\" ><\/div>\n\t\t\t\t\t\t\t\t\t\t\t<div class=\"elementor-gallery-item__overlay\"><\/div>\n\t\t\t\t\t\t\t\t\t\t\t\t\t\t<\/a>\n\t\t\t\t\t\t\t<a class=\"e-gallery-item elementor-gallery-item elementor-animated-content\" data-e-gallery-tags=\"9\" href=\"https:\/\/www.lichen.pl\/wp-content\/uploads\/2024\/06\/Balon-do-nieba-9.jpg\" data-elementor-open-lightbox=\"yes\" data-elementor-lightbox-slideshow=\"738ace0\" data-elementor-lightbox-title=\"Balon do nieba (9)\" data-e-action-hash=\"#elementor-action%3Aaction%3Dlightbox%26settings%3DeyJpZCI6NzA3NzMsInVybCI6Imh0dHBzOlwvXC93d3cubGljaGVuLnBsXC93cC1jb250ZW50XC91cGxvYWRzXC8yMDI0XC8wNlwvQmFsb24tZG8tbmllYmEtOS5qcGciLCJzbGlkZXNob3ciOiI3MzhhY2UwIn0%3D\">\n\t\t\t\t\t<div class=\"e-gallery-image elementor-gallery-item__image\" data-thumbnail=\"https:\/\/www.lichen.pl\/wp-content\/uploads\/2024\/06\/Balon-do-nieba-9-150x150.jpg\" data-width=\"150\" data-height=\"150\" aria-label=\"\" role=\"img\" ><\/div>\n\t\t\t\t\t\t\t\t\t\t\t<div class=\"elementor-gallery-item__overlay\"><\/div>\n\t\t\t\t\t\t\t\t\t\t\t\t\t\t<\/a>\n\t\t\t\t\t\t\t<a class=\"e-gallery-item elementor-gallery-item elementor-animated-content\" data-e-gallery-tags=\"9\" href=\"https:\/\/www.lichen.pl\/wp-content\/uploads\/2024\/06\/Balon-do-nieba-10.jpg\" data-elementor-open-lightbox=\"yes\" data-elementor-lightbox-slideshow=\"738ace0\" data-elementor-lightbox-title=\"Balon do nieba (10)\" data-e-action-hash=\"#elementor-action%3Aaction%3Dlightbox%26settings%3DeyJpZCI6NzA3NzQsInVybCI6Imh0dHBzOlwvXC93d3cubGljaGVuLnBsXC93cC1jb250ZW50XC91cGxvYWRzXC8yMDI0XC8wNlwvQmFsb24tZG8tbmllYmEtMTAuanBnIiwic2xpZGVzaG93IjoiNzM4YWNlMCJ9\">\n\t\t\t\t\t<div class=\"e-gallery-image elementor-gallery-item__image\" data-thumbnail=\"https:\/\/www.lichen.pl\/wp-content\/uploads\/2024\/06\/Balon-do-nieba-10-150x150.jpg\" data-width=\"150\" data-height=\"150\" aria-label=\"\" role=\"img\" ><\/div>\n\t\t\t\t\t\t\t\t\t\t\t<div class=\"elementor-gallery-item__overlay\"><\/div>\n\t\t\t\t\t\t\t\t\t\t\t\t\t\t<\/a>\n\t\t\t\t\t\t\t<a class=\"e-gallery-item elementor-gallery-item elementor-animated-content\" data-e-gallery-tags=\"9\" href=\"https:\/\/www.lichen.pl\/wp-content\/uploads\/2024\/06\/Balon-do-nieba-11.jpg\" data-elementor-open-lightbox=\"yes\" data-elementor-lightbox-slideshow=\"738ace0\" data-elementor-lightbox-title=\"Balon do nieba (11)\" data-e-action-hash=\"#elementor-action%3Aaction%3Dlightbox%26settings%3DeyJpZCI6NzA3NzUsInVybCI6Imh0dHBzOlwvXC93d3cubGljaGVuLnBsXC93cC1jb250ZW50XC91cGxvYWRzXC8yMDI0XC8wNlwvQmFsb24tZG8tbmllYmEtMTEuanBnIiwic2xpZGVzaG93IjoiNzM4YWNlMCJ9\">\n\t\t\t\t\t<div class=\"e-gallery-image elementor-gallery-item__image\" data-thumbnail=\"https:\/\/www.lichen.pl\/wp-content\/uploads\/2024\/06\/Balon-do-nieba-11-150x150.jpg\" data-width=\"150\" data-height=\"150\" aria-label=\"\" role=\"img\" ><\/div>\n\t\t\t\t\t\t\t\t\t\t\t<div class=\"elementor-gallery-item__overlay\"><\/div>\n\t\t\t\t\t\t\t\t\t\t\t\t\t\t<\/a>\n\t\t\t\t\t\t\t<a class=\"e-gallery-item elementor-gallery-item elementor-animated-content\" data-e-gallery-tags=\"9\" href=\"https:\/\/www.lichen.pl\/wp-content\/uploads\/2024\/06\/Balon-do-nieba-12.jpg\" data-elementor-open-lightbox=\"yes\" data-elementor-lightbox-slideshow=\"738ace0\" data-elementor-lightbox-title=\"Balon do nieba (12)\" data-e-action-hash=\"#elementor-action%3Aaction%3Dlightbox%26settings%3DeyJpZCI6NzA3NzYsInVybCI6Imh0dHBzOlwvXC93d3cubGljaGVuLnBsXC93cC1jb250ZW50XC91cGxvYWRzXC8yMDI0XC8wNlwvQmFsb24tZG8tbmllYmEtMTIuanBnIiwic2xpZGVzaG93IjoiNzM4YWNlMCJ9\">\n\t\t\t\t\t<div class=\"e-gallery-image elementor-gallery-item__image\" data-thumbnail=\"https:\/\/www.lichen.pl\/wp-content\/uploads\/2024\/06\/Balon-do-nieba-12-150x150.jpg\" data-width=\"150\" data-height=\"150\" aria-label=\"\" role=\"img\" ><\/div>\n\t\t\t\t\t\t\t\t\t\t\t<div class=\"elementor-gallery-item__overlay\"><\/div>\n\t\t\t\t\t\t\t\t\t\t\t\t\t\t<\/a>\n\t\t\t\t\t\t\t<a class=\"e-gallery-item elementor-gallery-item elementor-animated-content\" data-e-gallery-tags=\"9\" href=\"https:\/\/www.lichen.pl\/wp-content\/uploads\/2024\/06\/Balon-do-nieba-13.jpg\" data-elementor-open-lightbox=\"yes\" data-elementor-lightbox-slideshow=\"738ace0\" data-elementor-lightbox-title=\"Balon do nieba (13)\" data-e-action-hash=\"#elementor-action%3Aaction%3Dlightbox%26settings%3DeyJpZCI6NzA3NzcsInVybCI6Imh0dHBzOlwvXC93d3cubGljaGVuLnBsXC93cC1jb250ZW50XC91cGxvYWRzXC8yMDI0XC8wNlwvQmFsb24tZG8tbmllYmEtMTMuanBnIiwic2xpZGVzaG93IjoiNzM4YWNlMCJ9\">\n\t\t\t\t\t<div class=\"e-gallery-image elementor-gallery-item__image\" data-thumbnail=\"https:\/\/www.lichen.pl\/wp-content\/uploads\/2024\/06\/Balon-do-nieba-13-150x150.jpg\" data-width=\"150\" data-height=\"150\" aria-label=\"\" role=\"img\" ><\/div>\n\t\t\t\t\t\t\t\t\t\t\t<div class=\"elementor-gallery-item__overlay\"><\/div>\n\t\t\t\t\t\t\t\t\t\t\t\t\t\t<\/a>\n\t\t\t\t\t\t\t<a class=\"e-gallery-item elementor-gallery-item elementor-animated-content\" data-e-gallery-tags=\"9\" href=\"https:\/\/www.lichen.pl\/wp-content\/uploads\/2024\/06\/Balon-do-nieba-14.jpg\" data-elementor-open-lightbox=\"yes\" data-elementor-lightbox-slideshow=\"738ace0\" data-elementor-lightbox-title=\"Balon do nieba (14)\" data-e-action-hash=\"#elementor-action%3Aaction%3Dlightbox%26settings%3DeyJpZCI6NzA3NzgsInVybCI6Imh0dHBzOlwvXC93d3cubGljaGVuLnBsXC93cC1jb250ZW50XC91cGxvYWRzXC8yMDI0XC8wNlwvQmFsb24tZG8tbmllYmEtMTQuanBnIiwic2xpZGVzaG93IjoiNzM4YWNlMCJ9\">\n\t\t\t\t\t<div class=\"e-gallery-image elementor-gallery-item__image\" data-thumbnail=\"https:\/\/www.lichen.pl\/wp-content\/uploads\/2024\/06\/Balon-do-nieba-14-150x150.jpg\" data-width=\"150\" data-height=\"150\" aria-label=\"\" role=\"img\" ><\/div>\n\t\t\t\t\t\t\t\t\t\t\t<div class=\"elementor-gallery-item__overlay\"><\/div>\n\t\t\t\t\t\t\t\t\t\t\t\t\t\t<\/a>\n\t\t\t\t\t\t\t<a class=\"e-gallery-item elementor-gallery-item elementor-animated-content\" data-e-gallery-tags=\"9\" href=\"https:\/\/www.lichen.pl\/wp-content\/uploads\/2024\/06\/Balon-do-nieba-15.jpg\" data-elementor-open-lightbox=\"yes\" data-elementor-lightbox-slideshow=\"738ace0\" data-elementor-lightbox-title=\"Balon do nieba (15)\" data-e-action-hash=\"#elementor-action%3Aaction%3Dlightbox%26settings%3DeyJpZCI6NzA3NzksInVybCI6Imh0dHBzOlwvXC93d3cubGljaGVuLnBsXC93cC1jb250ZW50XC91cGxvYWRzXC8yMDI0XC8wNlwvQmFsb24tZG8tbmllYmEtMTUuanBnIiwic2xpZGVzaG93IjoiNzM4YWNlMCJ9\">\n\t\t\t\t\t<div class=\"e-gallery-image elementor-gallery-item__image\" data-thumbnail=\"https:\/\/www.lichen.pl\/wp-content\/uploads\/2024\/06\/Balon-do-nieba-15-150x150.jpg\" data-width=\"150\" data-height=\"150\" aria-label=\"\" role=\"img\" ><\/div>\n\t\t\t\t\t\t\t\t\t\t\t<div class=\"elementor-gallery-item__overlay\"><\/div>\n\t\t\t\t\t\t\t\t\t\t\t\t\t\t<\/a>\n\t\t\t\t\t\t\t<a class=\"e-gallery-item elementor-gallery-item elementor-animated-content\" data-e-gallery-tags=\"9\" href=\"https:\/\/www.lichen.pl\/wp-content\/uploads\/2024\/06\/Balon-do-nieba-16.jpg\" data-elementor-open-lightbox=\"yes\" data-elementor-lightbox-slideshow=\"738ace0\" data-elementor-lightbox-title=\"Balon do nieba (16)\" data-e-action-hash=\"#elementor-action%3Aaction%3Dlightbox%26settings%3DeyJpZCI6NzA3ODAsInVybCI6Imh0dHBzOlwvXC93d3cubGljaGVuLnBsXC93cC1jb250ZW50XC91cGxvYWRzXC8yMDI0XC8wNlwvQmFsb24tZG8tbmllYmEtMTYuanBnIiwic2xpZGVzaG93IjoiNzM4YWNlMCJ9\">\n\t\t\t\t\t<div class=\"e-gallery-image elementor-gallery-item__image\" data-thumbnail=\"https:\/\/www.lichen.pl\/wp-content\/uploads\/2024\/06\/Balon-do-nieba-16-150x150.jpg\" data-width=\"150\" data-height=\"150\" aria-label=\"\" role=\"img\" ><\/div>\n\t\t\t\t\t\t\t\t\t\t\t<div class=\"elementor-gallery-item__overlay\"><\/div>\n\t\t\t\t\t\t\t\t\t\t\t\t\t\t<\/a>\n\t\t\t\t\t\t\t<a class=\"e-gallery-item elementor-gallery-item elementor-animated-content\" data-e-gallery-tags=\"9\" href=\"https:\/\/www.lichen.pl\/wp-content\/uploads\/2024\/06\/Balon-do-nieba-17.jpg\" data-elementor-open-lightbox=\"yes\" data-elementor-lightbox-slideshow=\"738ace0\" data-elementor-lightbox-title=\"Balon do nieba (17)\" data-e-action-hash=\"#elementor-action%3Aaction%3Dlightbox%26settings%3DeyJpZCI6NzA3ODEsInVybCI6Imh0dHBzOlwvXC93d3cubGljaGVuLnBsXC93cC1jb250ZW50XC91cGxvYWRzXC8yMDI0XC8wNlwvQmFsb24tZG8tbmllYmEtMTcuanBnIiwic2xpZGVzaG93IjoiNzM4YWNlMCJ9\">\n\t\t\t\t\t<div class=\"e-gallery-image elementor-gallery-item__image\" data-thumbnail=\"https:\/\/www.lichen.pl\/wp-content\/uploads\/2024\/06\/Balon-do-nieba-17-150x150.jpg\" data-width=\"150\" data-height=\"150\" aria-label=\"\" role=\"img\" ><\/div>\n\t\t\t\t\t\t\t\t\t\t\t<div class=\"elementor-gallery-item__overlay\"><\/div>\n\t\t\t\t\t\t\t\t\t\t\t\t\t\t<\/a>\n\t\t\t\t\t\t\t<a class=\"e-gallery-item elementor-gallery-item elementor-animated-content\" data-e-gallery-tags=\"9\" href=\"https:\/\/www.lichen.pl\/wp-content\/uploads\/2024\/06\/Balon-do-nieba-18.jpg\" data-elementor-open-lightbox=\"yes\" data-elementor-lightbox-slideshow=\"738ace0\" data-elementor-lightbox-title=\"Balon do nieba (18)\" data-e-action-hash=\"#elementor-action%3Aaction%3Dlightbox%26settings%3DeyJpZCI6NzA3ODIsInVybCI6Imh0dHBzOlwvXC93d3cubGljaGVuLnBsXC93cC1jb250ZW50XC91cGxvYWRzXC8yMDI0XC8wNlwvQmFsb24tZG8tbmllYmEtMTguanBnIiwic2xpZGVzaG93IjoiNzM4YWNlMCJ9\">\n\t\t\t\t\t<div class=\"e-gallery-image elementor-gallery-item__image\" data-thumbnail=\"https:\/\/www.lichen.pl\/wp-content\/uploads\/2024\/06\/Balon-do-nieba-18-150x150.jpg\" data-width=\"150\" data-height=\"150\" aria-label=\"\" role=\"img\" ><\/div>\n\t\t\t\t\t\t\t\t\t\t\t<div class=\"elementor-gallery-item__overlay\"><\/div>\n\t\t\t\t\t\t\t\t\t\t\t\t\t\t<\/a>\n\t\t\t\t\t\t\t<a class=\"e-gallery-item elementor-gallery-item elementor-animated-content\" data-e-gallery-tags=\"9\" href=\"https:\/\/www.lichen.pl\/wp-content\/uploads\/2024\/06\/Balon-do-nieba-19.jpg\" data-elementor-open-lightbox=\"yes\" data-elementor-lightbox-slideshow=\"738ace0\" data-elementor-lightbox-title=\"Balon do nieba (19)\" data-e-action-hash=\"#elementor-action%3Aaction%3Dlightbox%26settings%3DeyJpZCI6NzA3ODMsInVybCI6Imh0dHBzOlwvXC93d3cubGljaGVuLnBsXC93cC1jb250ZW50XC91cGxvYWRzXC8yMDI0XC8wNlwvQmFsb24tZG8tbmllYmEtMTkuanBnIiwic2xpZGVzaG93IjoiNzM4YWNlMCJ9\">\n\t\t\t\t\t<div class=\"e-gallery-image elementor-gallery-item__image\" data-thumbnail=\"https:\/\/www.lichen.pl\/wp-content\/uploads\/2024\/06\/Balon-do-nieba-19-150x150.jpg\" data-width=\"150\" data-height=\"150\" aria-label=\"\" role=\"img\" ><\/div>\n\t\t\t\t\t\t\t\t\t\t\t<div class=\"elementor-gallery-item__overlay\"><\/div>\n\t\t\t\t\t\t\t\t\t\t\t\t\t\t<\/a>\n\t\t\t\t\t\t\t<a class=\"e-gallery-item elementor-gallery-item elementor-animated-content\" data-e-gallery-tags=\"9\" href=\"https:\/\/www.lichen.pl\/wp-content\/uploads\/2024\/06\/Balon-do-nieba-20.jpg\" data-elementor-open-lightbox=\"yes\" data-elementor-lightbox-slideshow=\"738ace0\" data-elementor-lightbox-title=\"Balon do nieba (20)\" data-e-action-hash=\"#elementor-action%3Aaction%3Dlightbox%26settings%3DeyJpZCI6NzA3ODQsInVybCI6Imh0dHBzOlwvXC93d3cubGljaGVuLnBsXC93cC1jb250ZW50XC91cGxvYWRzXC8yMDI0XC8wNlwvQmFsb24tZG8tbmllYmEtMjAuanBnIiwic2xpZGVzaG93IjoiNzM4YWNlMCJ9\">\n\t\t\t\t\t<div class=\"e-gallery-image elementor-gallery-item__image\" data-thumbnail=\"https:\/\/www.lichen.pl\/wp-content\/uploads\/2024\/06\/Balon-do-nieba-20-150x150.jpg\" data-width=\"150\" data-height=\"150\" aria-label=\"\" role=\"img\" ><\/div>\n\t\t\t\t\t\t\t\t\t\t\t<div class=\"elementor-gallery-item__overlay\"><\/div>\n\t\t\t\t\t\t\t\t\t\t\t\t\t\t<\/a>\n\t\t\t\t\t\t\t<a class=\"e-gallery-item elementor-gallery-item elementor-animated-content\" data-e-gallery-tags=\"9\" href=\"https:\/\/www.lichen.pl\/wp-content\/uploads\/2024\/06\/Balon-do-nieba-21.jpg\" data-elementor-open-lightbox=\"yes\" data-elementor-lightbox-slideshow=\"738ace0\" data-elementor-lightbox-title=\"Balon do nieba (21)\" data-e-action-hash=\"#elementor-action%3Aaction%3Dlightbox%26settings%3DeyJpZCI6NzA3ODUsInVybCI6Imh0dHBzOlwvXC93d3cubGljaGVuLnBsXC93cC1jb250ZW50XC91cGxvYWRzXC8yMDI0XC8wNlwvQmFsb24tZG8tbmllYmEtMjEuanBnIiwic2xpZGVzaG93IjoiNzM4YWNlMCJ9\">\n\t\t\t\t\t<div class=\"e-gallery-image elementor-gallery-item__image\" data-thumbnail=\"https:\/\/www.lichen.pl\/wp-content\/uploads\/2024\/06\/Balon-do-nieba-21-150x150.jpg\" data-width=\"150\" data-height=\"150\" aria-label=\"\" role=\"img\" ><\/div>\n\t\t\t\t\t\t\t\t\t\t\t<div class=\"elementor-gallery-item__overlay\"><\/div>\n\t\t\t\t\t\t\t\t\t\t\t\t\t\t<\/a>\n\t\t\t\t\t\t\t<a class=\"e-gallery-item elementor-gallery-item elementor-animated-content\" data-e-gallery-tags=\"9\" href=\"https:\/\/www.lichen.pl\/wp-content\/uploads\/2024\/06\/Balon-do-nieba-22.jpg\" data-elementor-open-lightbox=\"yes\" data-elementor-lightbox-slideshow=\"738ace0\" data-elementor-lightbox-title=\"Balon do nieba (22)\" data-e-action-hash=\"#elementor-action%3Aaction%3Dlightbox%26settings%3DeyJpZCI6NzA3ODYsInVybCI6Imh0dHBzOlwvXC93d3cubGljaGVuLnBsXC93cC1jb250ZW50XC91cGxvYWRzXC8yMDI0XC8wNlwvQmFsb24tZG8tbmllYmEtMjIuanBnIiwic2xpZGVzaG93IjoiNzM4YWNlMCJ9\">\n\t\t\t\t\t<div class=\"e-gallery-image elementor-gallery-item__image\" data-thumbnail=\"https:\/\/www.lichen.pl\/wp-content\/uploads\/2024\/06\/Balon-do-nieba-22-150x150.jpg\" data-width=\"150\" data-height=\"150\" aria-label=\"\" role=\"img\" ><\/div>\n\t\t\t\t\t\t\t\t\t\t\t<div class=\"elementor-gallery-item__overlay\"><\/div>\n\t\t\t\t\t\t\t\t\t\t\t\t\t\t<\/a>\n\t\t\t\t\t\t\t<a class=\"e-gallery-item elementor-gallery-item elementor-animated-content\" data-e-gallery-tags=\"9\" href=\"https:\/\/www.lichen.pl\/wp-content\/uploads\/2024\/06\/Balon-do-nieba-23.jpg\" data-elementor-open-lightbox=\"yes\" data-elementor-lightbox-slideshow=\"738ace0\" data-elementor-lightbox-title=\"Balon do nieba (23)\" data-e-action-hash=\"#elementor-action%3Aaction%3Dlightbox%26settings%3DeyJpZCI6NzA3ODcsInVybCI6Imh0dHBzOlwvXC93d3cubGljaGVuLnBsXC93cC1jb250ZW50XC91cGxvYWRzXC8yMDI0XC8wNlwvQmFsb24tZG8tbmllYmEtMjMuanBnIiwic2xpZGVzaG93IjoiNzM4YWNlMCJ9\">\n\t\t\t\t\t<div class=\"e-gallery-image elementor-gallery-item__image\" data-thumbnail=\"https:\/\/www.lichen.pl\/wp-content\/uploads\/2024\/06\/Balon-do-nieba-23-150x150.jpg\" data-width=\"150\" data-height=\"150\" aria-label=\"\" role=\"img\" ><\/div>\n\t\t\t\t\t\t\t\t\t\t\t<div class=\"elementor-gallery-item__overlay\"><\/div>\n\t\t\t\t\t\t\t\t\t\t\t\t\t\t<\/a>\n\t\t\t\t\t\t\t<a class=\"e-gallery-item elementor-gallery-item elementor-animated-content\" data-e-gallery-tags=\"9\" href=\"https:\/\/www.lichen.pl\/wp-content\/uploads\/2024\/06\/Balon-do-nieba-24.jpg\" data-elementor-open-lightbox=\"yes\" data-elementor-lightbox-slideshow=\"738ace0\" data-elementor-lightbox-title=\"Balon do nieba (24)\" data-e-action-hash=\"#elementor-action%3Aaction%3Dlightbox%26settings%3DeyJpZCI6NzA3ODgsInVybCI6Imh0dHBzOlwvXC93d3cubGljaGVuLnBsXC93cC1jb250ZW50XC91cGxvYWRzXC8yMDI0XC8wNlwvQmFsb24tZG8tbmllYmEtMjQuanBnIiwic2xpZGVzaG93IjoiNzM4YWNlMCJ9\">\n\t\t\t\t\t<div class=\"e-gallery-image elementor-gallery-item__image\" data-thumbnail=\"https:\/\/www.lichen.pl\/wp-content\/uploads\/2024\/06\/Balon-do-nieba-24-150x150.jpg\" data-width=\"150\" data-height=\"150\" aria-label=\"\" role=\"img\" ><\/div>\n\t\t\t\t\t\t\t\t\t\t\t<div class=\"elementor-gallery-item__overlay\"><\/div>\n\t\t\t\t\t\t\t\t\t\t\t\t\t\t<\/a>\n\t\t\t\t\t\t\t<a class=\"e-gallery-item elementor-gallery-item elementor-animated-content\" data-e-gallery-tags=\"9\" href=\"https:\/\/www.lichen.pl\/wp-content\/uploads\/2024\/06\/Balon-do-nieba-25.jpg\" data-elementor-open-lightbox=\"yes\" data-elementor-lightbox-slideshow=\"738ace0\" data-elementor-lightbox-title=\"Balon do nieba (25)\" data-e-action-hash=\"#elementor-action%3Aaction%3Dlightbox%26settings%3DeyJpZCI6NzA3ODksInVybCI6Imh0dHBzOlwvXC93d3cubGljaGVuLnBsXC93cC1jb250ZW50XC91cGxvYWRzXC8yMDI0XC8wNlwvQmFsb24tZG8tbmllYmEtMjUuanBnIiwic2xpZGVzaG93IjoiNzM4YWNlMCJ9\">\n\t\t\t\t\t<div class=\"e-gallery-image elementor-gallery-item__image\" data-thumbnail=\"https:\/\/www.lichen.pl\/wp-content\/uploads\/2024\/06\/Balon-do-nieba-25-150x150.jpg\" data-width=\"150\" data-height=\"150\" aria-label=\"\" role=\"img\" ><\/div>\n\t\t\t\t\t\t\t\t\t\t\t<div class=\"elementor-gallery-item__overlay\"><\/div>\n\t\t\t\t\t\t\t\t\t\t\t\t\t\t<\/a>\n\t\t\t\t\t\t\t<a class=\"e-gallery-item elementor-gallery-item elementor-animated-content\" data-e-gallery-tags=\"9\" href=\"https:\/\/www.lichen.pl\/wp-content\/uploads\/2024\/06\/Balon-do-nieba-26.jpg\" data-elementor-open-lightbox=\"yes\" data-elementor-lightbox-slideshow=\"738ace0\" data-elementor-lightbox-title=\"Balon do nieba (26)\" data-e-action-hash=\"#elementor-action%3Aaction%3Dlightbox%26settings%3DeyJpZCI6NzA3OTAsInVybCI6Imh0dHBzOlwvXC93d3cubGljaGVuLnBsXC93cC1jb250ZW50XC91cGxvYWRzXC8yMDI0XC8wNlwvQmFsb24tZG8tbmllYmEtMjYuanBnIiwic2xpZGVzaG93IjoiNzM4YWNlMCJ9\">\n\t\t\t\t\t<div class=\"e-gallery-image elementor-gallery-item__image\" data-thumbnail=\"https:\/\/www.lichen.pl\/wp-content\/uploads\/2024\/06\/Balon-do-nieba-26-150x150.jpg\" data-width=\"150\" data-height=\"150\" aria-label=\"\" role=\"img\" ><\/div>\n\t\t\t\t\t\t\t\t\t\t\t<div class=\"elementor-gallery-item__overlay\"><\/div>\n\t\t\t\t\t\t\t\t\t\t\t\t\t\t<\/a>\n\t\t\t\t\t\t\t<a class=\"e-gallery-item elementor-gallery-item elementor-animated-content\" data-e-gallery-tags=\"9\" href=\"https:\/\/www.lichen.pl\/wp-content\/uploads\/2024\/06\/Balon-do-nieba-27.jpg\" data-elementor-open-lightbox=\"yes\" data-elementor-lightbox-slideshow=\"738ace0\" data-elementor-lightbox-title=\"Balon do nieba (27)\" data-e-action-hash=\"#elementor-action%3Aaction%3Dlightbox%26settings%3DeyJpZCI6NzA3OTEsInVybCI6Imh0dHBzOlwvXC93d3cubGljaGVuLnBsXC93cC1jb250ZW50XC91cGxvYWRzXC8yMDI0XC8wNlwvQmFsb24tZG8tbmllYmEtMjcuanBnIiwic2xpZGVzaG93IjoiNzM4YWNlMCJ9\">\n\t\t\t\t\t<div class=\"e-gallery-image elementor-gallery-item__image\" data-thumbnail=\"https:\/\/www.lichen.pl\/wp-content\/uploads\/2024\/06\/Balon-do-nieba-27-150x150.jpg\" data-width=\"150\" data-height=\"150\" aria-label=\"\" role=\"img\" ><\/div>\n\t\t\t\t\t\t\t\t\t\t\t<div class=\"elementor-gallery-item__overlay\"><\/div>\n\t\t\t\t\t\t\t\t\t\t\t\t\t\t<\/a>\n\t\t\t\t\t\t\t<a class=\"e-gallery-item elementor-gallery-item elementor-animated-content\" data-e-gallery-tags=\"9\" href=\"https:\/\/www.lichen.pl\/wp-content\/uploads\/2024\/06\/Balon-do-nieba-28.jpg\" data-elementor-open-lightbox=\"yes\" data-elementor-lightbox-slideshow=\"738ace0\" data-elementor-lightbox-title=\"Balon do nieba (28)\" data-e-action-hash=\"#elementor-action%3Aaction%3Dlightbox%26settings%3DeyJpZCI6NzA3OTIsInVybCI6Imh0dHBzOlwvXC93d3cubGljaGVuLnBsXC93cC1jb250ZW50XC91cGxvYWRzXC8yMDI0XC8wNlwvQmFsb24tZG8tbmllYmEtMjguanBnIiwic2xpZGVzaG93IjoiNzM4YWNlMCJ9\">\n\t\t\t\t\t<div class=\"e-gallery-image elementor-gallery-item__image\" data-thumbnail=\"https:\/\/www.lichen.pl\/wp-content\/uploads\/2024\/06\/Balon-do-nieba-28-150x150.jpg\" data-width=\"150\" data-height=\"150\" aria-label=\"\" role=\"img\" ><\/div>\n\t\t\t\t\t\t\t\t\t\t\t<div class=\"elementor-gallery-item__overlay\"><\/div>\n\t\t\t\t\t\t\t\t\t\t\t\t\t\t<\/a>\n\t\t\t\t\t\t\t<a class=\"e-gallery-item elementor-gallery-item elementor-animated-content\" data-e-gallery-tags=\"9\" href=\"https:\/\/www.lichen.pl\/wp-content\/uploads\/2024\/06\/Balon-do-nieba-29.jpg\" data-elementor-open-lightbox=\"yes\" data-elementor-lightbox-slideshow=\"738ace0\" data-elementor-lightbox-title=\"Balon do nieba (29)\" data-e-action-hash=\"#elementor-action%3Aaction%3Dlightbox%26settings%3DeyJpZCI6NzA3OTMsInVybCI6Imh0dHBzOlwvXC93d3cubGljaGVuLnBsXC93cC1jb250ZW50XC91cGxvYWRzXC8yMDI0XC8wNlwvQmFsb24tZG8tbmllYmEtMjkuanBnIiwic2xpZGVzaG93IjoiNzM4YWNlMCJ9\">\n\t\t\t\t\t<div class=\"e-gallery-image elementor-gallery-item__image\" data-thumbnail=\"https:\/\/www.lichen.pl\/wp-content\/uploads\/2024\/06\/Balon-do-nieba-29-150x150.jpg\" data-width=\"150\" data-height=\"150\" aria-label=\"\" role=\"img\" ><\/div>\n\t\t\t\t\t\t\t\t\t\t\t<div class=\"elementor-gallery-item__overlay\"><\/div>\n\t\t\t\t\t\t\t\t\t\t\t\t\t\t<\/a>\n\t\t\t\t\t\t\t<a class=\"e-gallery-item elementor-gallery-item elementor-animated-content\" data-e-gallery-tags=\"9\" href=\"https:\/\/www.lichen.pl\/wp-content\/uploads\/2024\/06\/Balon-do-nieba-31.jpg\" data-elementor-open-lightbox=\"yes\" data-elementor-lightbox-slideshow=\"738ace0\" data-elementor-lightbox-title=\"Balon do nieba (31)\" data-e-action-hash=\"#elementor-action%3Aaction%3Dlightbox%26settings%3DeyJpZCI6NzA3OTUsInVybCI6Imh0dHBzOlwvXC93d3cubGljaGVuLnBsXC93cC1jb250ZW50XC91cGxvYWRzXC8yMDI0XC8wNlwvQmFsb24tZG8tbmllYmEtMzEuanBnIiwic2xpZGVzaG93IjoiNzM4YWNlMCJ9\">\n\t\t\t\t\t<div class=\"e-gallery-image elementor-gallery-item__image\" data-thumbnail=\"https:\/\/www.lichen.pl\/wp-content\/uploads\/2024\/06\/Balon-do-nieba-31-150x150.jpg\" data-width=\"150\" data-height=\"150\" aria-label=\"\" role=\"img\" ><\/div>\n\t\t\t\t\t\t\t\t\t\t\t<div class=\"elementor-gallery-item__overlay\"><\/div>\n\t\t\t\t\t\t\t\t\t\t\t\t\t\t<\/a>\n\t\t\t\t\t\t\t<a class=\"e-gallery-item elementor-gallery-item elementor-animated-content\" data-e-gallery-tags=\"9\" href=\"https:\/\/www.lichen.pl\/wp-content\/uploads\/2024\/06\/Balon-do-nieba-32.jpg\" data-elementor-open-lightbox=\"yes\" data-elementor-lightbox-slideshow=\"738ace0\" data-elementor-lightbox-title=\"Balon do nieba (32)\" data-e-action-hash=\"#elementor-action%3Aaction%3Dlightbox%26settings%3DeyJpZCI6NzA3OTYsInVybCI6Imh0dHBzOlwvXC93d3cubGljaGVuLnBsXC93cC1jb250ZW50XC91cGxvYWRzXC8yMDI0XC8wNlwvQmFsb24tZG8tbmllYmEtMzIuanBnIiwic2xpZGVzaG93IjoiNzM4YWNlMCJ9\">\n\t\t\t\t\t<div class=\"e-gallery-image elementor-gallery-item__image\" data-thumbnail=\"https:\/\/www.lichen.pl\/wp-content\/uploads\/2024\/06\/Balon-do-nieba-32-150x150.jpg\" data-width=\"150\" data-height=\"150\" aria-label=\"\" role=\"img\" ><\/div>\n\t\t\t\t\t\t\t\t\t\t\t<div class=\"elementor-gallery-item__overlay\"><\/div>\n\t\t\t\t\t\t\t\t\t\t\t\t\t\t<\/a>\n\t\t\t\t\t\t\t<a class=\"e-gallery-item elementor-gallery-item elementor-animated-content\" data-e-gallery-tags=\"10\" href=\"https:\/\/www.lichen.pl\/wp-content\/uploads\/2024\/06\/Plakat-ogolny-Basilica-Sonans-2024.jpg\" data-elementor-open-lightbox=\"yes\" data-elementor-lightbox-slideshow=\"738ace0\" data-elementor-lightbox-title=\"Plakat og\u00f3lny Basilica Sonans 2024\" data-e-action-hash=\"#elementor-action%3Aaction%3Dlightbox%26settings%3DeyJpZCI6NzA4MTYsInVybCI6Imh0dHBzOlwvXC93d3cubGljaGVuLnBsXC93cC1jb250ZW50XC91cGxvYWRzXC8yMDI0XC8wNlwvUGxha2F0LW9nb2xueS1CYXNpbGljYS1Tb25hbnMtMjAyNC5qcGciLCJzbGlkZXNob3ciOiI3MzhhY2UwIn0%3D\">\n\t\t\t\t\t<div class=\"e-gallery-image elementor-gallery-item__image\" data-thumbnail=\"https:\/\/www.lichen.pl\/wp-content\/uploads\/2024\/06\/Plakat-ogolny-Basilica-Sonans-2024-150x150.jpg\" data-width=\"150\" data-height=\"150\" aria-label=\"\" role=\"img\" ><\/div>\n\t\t\t\t\t\t\t\t\t\t\t<div class=\"elementor-gallery-item__overlay\"><\/div>\n\t\t\t\t\t\t\t\t\t\t\t\t\t\t<\/a>\n\t\t\t\t\t\t\t<a class=\"e-gallery-item elementor-gallery-item elementor-animated-content\" data-e-gallery-tags=\"10\" href=\"https:\/\/www.lichen.pl\/wp-content\/uploads\/2024\/07\/1.-koncert-Basilica-Sonans-2024-13.jpg\" data-elementor-open-lightbox=\"yes\" data-elementor-lightbox-slideshow=\"738ace0\" data-elementor-lightbox-title=\"1. koncert Basilica Sonans 2024 (13)\" data-e-action-hash=\"#elementor-action%3Aaction%3Dlightbox%26settings%3DeyJpZCI6NzEwMzgsInVybCI6Imh0dHBzOlwvXC93d3cubGljaGVuLnBsXC93cC1jb250ZW50XC91cGxvYWRzXC8yMDI0XC8wN1wvMS4ta29uY2VydC1CYXNpbGljYS1Tb25hbnMtMjAyNC0xMy5qcGciLCJzbGlkZXNob3ciOiI3MzhhY2UwIn0%3D\">\n\t\t\t\t\t<div class=\"e-gallery-image elementor-gallery-item__image\" data-thumbnail=\"https:\/\/www.lichen.pl\/wp-content\/uploads\/2024\/07\/1.-koncert-Basilica-Sonans-2024-13-150x150.jpg\" data-width=\"150\" data-height=\"150\" aria-label=\"\" role=\"img\" ><\/div>\n\t\t\t\t\t\t\t\t\t\t\t<div class=\"elementor-gallery-item__overlay\"><\/div>\n\t\t\t\t\t\t\t\t\t\t\t\t\t\t<\/a>\n\t\t\t\t\t\t\t<a class=\"e-gallery-item elementor-gallery-item elementor-animated-content\" data-e-gallery-tags=\"10\" href=\"https:\/\/www.lichen.pl\/wp-content\/uploads\/2024\/07\/1.-koncert-Basilica-Sonans-2024-22.jpg\" data-elementor-open-lightbox=\"yes\" data-elementor-lightbox-slideshow=\"738ace0\" data-elementor-lightbox-title=\"1. koncert Basilica Sonans 2024 (22)\" data-e-action-hash=\"#elementor-action%3Aaction%3Dlightbox%26settings%3DeyJpZCI6NzEwNDEsInVybCI6Imh0dHBzOlwvXC93d3cubGljaGVuLnBsXC93cC1jb250ZW50XC91cGxvYWRzXC8yMDI0XC8wN1wvMS4ta29uY2VydC1CYXNpbGljYS1Tb25hbnMtMjAyNC0yMi5qcGciLCJzbGlkZXNob3ciOiI3MzhhY2UwIn0%3D\">\n\t\t\t\t\t<div class=\"e-gallery-image elementor-gallery-item__image\" data-thumbnail=\"https:\/\/www.lichen.pl\/wp-content\/uploads\/2024\/07\/1.-koncert-Basilica-Sonans-2024-22-150x150.jpg\" data-width=\"150\" data-height=\"150\" aria-label=\"\" role=\"img\" ><\/div>\n\t\t\t\t\t\t\t\t\t\t\t<div class=\"elementor-gallery-item__overlay\"><\/div>\n\t\t\t\t\t\t\t\t\t\t\t\t\t\t<\/a>\n\t\t\t\t\t\t\t<a class=\"e-gallery-item elementor-gallery-item elementor-animated-content\" data-e-gallery-tags=\"10\" href=\"https:\/\/www.lichen.pl\/wp-content\/uploads\/2024\/07\/1.-koncert-Basilica-Sonans-2024-1.jpg\" data-elementor-open-lightbox=\"yes\" data-elementor-lightbox-slideshow=\"738ace0\" data-elementor-lightbox-title=\"1. koncert Basilica Sonans 2024 (1)\" data-e-action-hash=\"#elementor-action%3Aaction%3Dlightbox%26settings%3DeyJpZCI6NzEwNDIsInVybCI6Imh0dHBzOlwvXC93d3cubGljaGVuLnBsXC93cC1jb250ZW50XC91cGxvYWRzXC8yMDI0XC8wN1wvMS4ta29uY2VydC1CYXNpbGljYS1Tb25hbnMtMjAyNC0xLmpwZyIsInNsaWRlc2hvdyI6IjczOGFjZTAifQ%3D%3D\">\n\t\t\t\t\t<div class=\"e-gallery-image elementor-gallery-item__image\" data-thumbnail=\"https:\/\/www.lichen.pl\/wp-content\/uploads\/2024\/07\/1.-koncert-Basilica-Sonans-2024-1-150x150.jpg\" data-width=\"150\" data-height=\"150\" aria-label=\"\" role=\"img\" ><\/div>\n\t\t\t\t\t\t\t\t\t\t\t<div class=\"elementor-gallery-item__overlay\"><\/div>\n\t\t\t\t\t\t\t\t\t\t\t\t\t\t<\/a>\n\t\t\t\t\t\t\t<a class=\"e-gallery-item elementor-gallery-item elementor-animated-content\" data-e-gallery-tags=\"10\" href=\"https:\/\/www.lichen.pl\/wp-content\/uploads\/2024\/07\/1.-koncert-Basilica-Sonans-2024-2.jpg\" data-elementor-open-lightbox=\"yes\" data-elementor-lightbox-slideshow=\"738ace0\" data-elementor-lightbox-title=\"1. koncert Basilica Sonans 2024 (2)\" data-e-action-hash=\"#elementor-action%3Aaction%3Dlightbox%26settings%3DeyJpZCI6NzEwNDMsInVybCI6Imh0dHBzOlwvXC93d3cubGljaGVuLnBsXC93cC1jb250ZW50XC91cGxvYWRzXC8yMDI0XC8wN1wvMS4ta29uY2VydC1CYXNpbGljYS1Tb25hbnMtMjAyNC0yLmpwZyIsInNsaWRlc2hvdyI6IjczOGFjZTAifQ%3D%3D\">\n\t\t\t\t\t<div class=\"e-gallery-image elementor-gallery-item__image\" data-thumbnail=\"https:\/\/www.lichen.pl\/wp-content\/uploads\/2024\/07\/1.-koncert-Basilica-Sonans-2024-2-150x150.jpg\" data-width=\"150\" data-height=\"150\" aria-label=\"\" role=\"img\" ><\/div>\n\t\t\t\t\t\t\t\t\t\t\t<div class=\"elementor-gallery-item__overlay\"><\/div>\n\t\t\t\t\t\t\t\t\t\t\t\t\t\t<\/a>\n\t\t\t\t\t\t\t<a class=\"e-gallery-item elementor-gallery-item elementor-animated-content\" data-e-gallery-tags=\"10\" href=\"https:\/\/www.lichen.pl\/wp-content\/uploads\/2024\/07\/1.-koncert-Basilica-Sonans-2024-3.jpg\" data-elementor-open-lightbox=\"yes\" data-elementor-lightbox-slideshow=\"738ace0\" data-elementor-lightbox-title=\"1. koncert Basilica Sonans 2024 (3)\" data-e-action-hash=\"#elementor-action%3Aaction%3Dlightbox%26settings%3DeyJpZCI6NzEwNDQsInVybCI6Imh0dHBzOlwvXC93d3cubGljaGVuLnBsXC93cC1jb250ZW50XC91cGxvYWRzXC8yMDI0XC8wN1wvMS4ta29uY2VydC1CYXNpbGljYS1Tb25hbnMtMjAyNC0zLmpwZyIsInNsaWRlc2hvdyI6IjczOGFjZTAifQ%3D%3D\">\n\t\t\t\t\t<div class=\"e-gallery-image elementor-gallery-item__image\" data-thumbnail=\"https:\/\/www.lichen.pl\/wp-content\/uploads\/2024\/07\/1.-koncert-Basilica-Sonans-2024-3-150x150.jpg\" data-width=\"150\" data-height=\"150\" aria-label=\"\" role=\"img\" ><\/div>\n\t\t\t\t\t\t\t\t\t\t\t<div class=\"elementor-gallery-item__overlay\"><\/div>\n\t\t\t\t\t\t\t\t\t\t\t\t\t\t<\/a>\n\t\t\t\t\t\t\t<a class=\"e-gallery-item elementor-gallery-item elementor-animated-content\" data-e-gallery-tags=\"10\" href=\"https:\/\/www.lichen.pl\/wp-content\/uploads\/2024\/07\/1.-koncert-Basilica-Sonans-2024-5.jpg\" data-elementor-open-lightbox=\"yes\" data-elementor-lightbox-slideshow=\"738ace0\" data-elementor-lightbox-title=\"1. koncert Basilica Sonans 2024 (5)\" data-e-action-hash=\"#elementor-action%3Aaction%3Dlightbox%26settings%3DeyJpZCI6NzEwNDYsInVybCI6Imh0dHBzOlwvXC93d3cubGljaGVuLnBsXC93cC1jb250ZW50XC91cGxvYWRzXC8yMDI0XC8wN1wvMS4ta29uY2VydC1CYXNpbGljYS1Tb25hbnMtMjAyNC01LmpwZyIsInNsaWRlc2hvdyI6IjczOGFjZTAifQ%3D%3D\">\n\t\t\t\t\t<div class=\"e-gallery-image elementor-gallery-item__image\" data-thumbnail=\"https:\/\/www.lichen.pl\/wp-content\/uploads\/2024\/07\/1.-koncert-Basilica-Sonans-2024-5-150x150.jpg\" data-width=\"150\" data-height=\"150\" aria-label=\"\" role=\"img\" ><\/div>\n\t\t\t\t\t\t\t\t\t\t\t<div class=\"elementor-gallery-item__overlay\"><\/div>\n\t\t\t\t\t\t\t\t\t\t\t\t\t\t<\/a>\n\t\t\t\t\t\t\t<a class=\"e-gallery-item elementor-gallery-item elementor-animated-content\" data-e-gallery-tags=\"10\" href=\"https:\/\/www.lichen.pl\/wp-content\/uploads\/2024\/07\/1.-koncert-Basilica-Sonans-2024-6.jpg\" data-elementor-open-lightbox=\"yes\" data-elementor-lightbox-slideshow=\"738ace0\" data-elementor-lightbox-title=\"1. koncert Basilica Sonans 2024 (6)\" data-e-action-hash=\"#elementor-action%3Aaction%3Dlightbox%26settings%3DeyJpZCI6NzEwNDcsInVybCI6Imh0dHBzOlwvXC93d3cubGljaGVuLnBsXC93cC1jb250ZW50XC91cGxvYWRzXC8yMDI0XC8wN1wvMS4ta29uY2VydC1CYXNpbGljYS1Tb25hbnMtMjAyNC02LmpwZyIsInNsaWRlc2hvdyI6IjczOGFjZTAifQ%3D%3D\">\n\t\t\t\t\t<div class=\"e-gallery-image elementor-gallery-item__image\" data-thumbnail=\"https:\/\/www.lichen.pl\/wp-content\/uploads\/2024\/07\/1.-koncert-Basilica-Sonans-2024-6-150x150.jpg\" data-width=\"150\" data-height=\"150\" aria-label=\"\" role=\"img\" ><\/div>\n\t\t\t\t\t\t\t\t\t\t\t<div class=\"elementor-gallery-item__overlay\"><\/div>\n\t\t\t\t\t\t\t\t\t\t\t\t\t\t<\/a>\n\t\t\t\t\t\t\t<a class=\"e-gallery-item elementor-gallery-item elementor-animated-content\" data-e-gallery-tags=\"10\" href=\"https:\/\/www.lichen.pl\/wp-content\/uploads\/2024\/07\/1.-koncert-Basilica-Sonans-2024-4.jpg\" data-elementor-open-lightbox=\"yes\" data-elementor-lightbox-slideshow=\"738ace0\" data-elementor-lightbox-title=\"1. koncert Basilica Sonans 2024 (4)\" data-e-action-hash=\"#elementor-action%3Aaction%3Dlightbox%26settings%3DeyJpZCI6NzEwNDUsInVybCI6Imh0dHBzOlwvXC93d3cubGljaGVuLnBsXC93cC1jb250ZW50XC91cGxvYWRzXC8yMDI0XC8wN1wvMS4ta29uY2VydC1CYXNpbGljYS1Tb25hbnMtMjAyNC00LmpwZyIsInNsaWRlc2hvdyI6IjczOGFjZTAifQ%3D%3D\">\n\t\t\t\t\t<div class=\"e-gallery-image elementor-gallery-item__image\" data-thumbnail=\"https:\/\/www.lichen.pl\/wp-content\/uploads\/2024\/07\/1.-koncert-Basilica-Sonans-2024-4-150x150.jpg\" data-width=\"150\" data-height=\"150\" aria-label=\"\" role=\"img\" ><\/div>\n\t\t\t\t\t\t\t\t\t\t\t<div class=\"elementor-gallery-item__overlay\"><\/div>\n\t\t\t\t\t\t\t\t\t\t\t\t\t\t<\/a>\n\t\t\t\t\t\t\t<a class=\"e-gallery-item elementor-gallery-item elementor-animated-content\" data-e-gallery-tags=\"10\" href=\"https:\/\/www.lichen.pl\/wp-content\/uploads\/2024\/07\/1.-koncert-Basilica-Sonans-2024-7.jpg\" data-elementor-open-lightbox=\"yes\" data-elementor-lightbox-slideshow=\"738ace0\" data-elementor-lightbox-title=\"1. koncert Basilica Sonans 2024 (7)\" data-e-action-hash=\"#elementor-action%3Aaction%3Dlightbox%26settings%3DeyJpZCI6NzEwNDgsInVybCI6Imh0dHBzOlwvXC93d3cubGljaGVuLnBsXC93cC1jb250ZW50XC91cGxvYWRzXC8yMDI0XC8wN1wvMS4ta29uY2VydC1CYXNpbGljYS1Tb25hbnMtMjAyNC03LmpwZyIsInNsaWRlc2hvdyI6IjczOGFjZTAifQ%3D%3D\">\n\t\t\t\t\t<div class=\"e-gallery-image elementor-gallery-item__image\" data-thumbnail=\"https:\/\/www.lichen.pl\/wp-content\/uploads\/2024\/07\/1.-koncert-Basilica-Sonans-2024-7-150x150.jpg\" data-width=\"150\" data-height=\"150\" aria-label=\"\" role=\"img\" ><\/div>\n\t\t\t\t\t\t\t\t\t\t\t<div class=\"elementor-gallery-item__overlay\"><\/div>\n\t\t\t\t\t\t\t\t\t\t\t\t\t\t<\/a>\n\t\t\t\t\t\t\t<a class=\"e-gallery-item elementor-gallery-item elementor-animated-content\" data-e-gallery-tags=\"10\" href=\"https:\/\/www.lichen.pl\/wp-content\/uploads\/2024\/07\/1.-koncert-Basilica-Sonans-2024-8.jpg\" data-elementor-open-lightbox=\"yes\" data-elementor-lightbox-slideshow=\"738ace0\" data-elementor-lightbox-title=\"1. koncert Basilica Sonans 2024 (8)\" data-e-action-hash=\"#elementor-action%3Aaction%3Dlightbox%26settings%3DeyJpZCI6NzEwNDksInVybCI6Imh0dHBzOlwvXC93d3cubGljaGVuLnBsXC93cC1jb250ZW50XC91cGxvYWRzXC8yMDI0XC8wN1wvMS4ta29uY2VydC1CYXNpbGljYS1Tb25hbnMtMjAyNC04LmpwZyIsInNsaWRlc2hvdyI6IjczOGFjZTAifQ%3D%3D\">\n\t\t\t\t\t<div class=\"e-gallery-image elementor-gallery-item__image\" data-thumbnail=\"https:\/\/www.lichen.pl\/wp-content\/uploads\/2024\/07\/1.-koncert-Basilica-Sonans-2024-8-150x150.jpg\" data-width=\"150\" data-height=\"150\" aria-label=\"\" role=\"img\" ><\/div>\n\t\t\t\t\t\t\t\t\t\t\t<div class=\"elementor-gallery-item__overlay\"><\/div>\n\t\t\t\t\t\t\t\t\t\t\t\t\t\t<\/a>\n\t\t\t\t\t\t\t<a class=\"e-gallery-item elementor-gallery-item elementor-animated-content\" data-e-gallery-tags=\"10\" href=\"https:\/\/www.lichen.pl\/wp-content\/uploads\/2024\/07\/1.-koncert-Basilica-Sonans-2024-9.jpg\" data-elementor-open-lightbox=\"yes\" data-elementor-lightbox-slideshow=\"738ace0\" data-elementor-lightbox-title=\"1. koncert Basilica Sonans 2024 (9)\" data-e-action-hash=\"#elementor-action%3Aaction%3Dlightbox%26settings%3DeyJpZCI6NzEwNTAsInVybCI6Imh0dHBzOlwvXC93d3cubGljaGVuLnBsXC93cC1jb250ZW50XC91cGxvYWRzXC8yMDI0XC8wN1wvMS4ta29uY2VydC1CYXNpbGljYS1Tb25hbnMtMjAyNC05LmpwZyIsInNsaWRlc2hvdyI6IjczOGFjZTAifQ%3D%3D\">\n\t\t\t\t\t<div class=\"e-gallery-image elementor-gallery-item__image\" data-thumbnail=\"https:\/\/www.lichen.pl\/wp-content\/uploads\/2024\/07\/1.-koncert-Basilica-Sonans-2024-9-150x150.jpg\" data-width=\"150\" data-height=\"150\" aria-label=\"\" role=\"img\" ><\/div>\n\t\t\t\t\t\t\t\t\t\t\t<div class=\"elementor-gallery-item__overlay\"><\/div>\n\t\t\t\t\t\t\t\t\t\t\t\t\t\t<\/a>\n\t\t\t\t\t\t\t<a class=\"e-gallery-item elementor-gallery-item elementor-animated-content\" data-e-gallery-tags=\"10\" href=\"https:\/\/www.lichen.pl\/wp-content\/uploads\/2024\/07\/1.-koncert-Basilica-Sonans-2024-10.jpg\" data-elementor-open-lightbox=\"yes\" data-elementor-lightbox-slideshow=\"738ace0\" data-elementor-lightbox-title=\"1. koncert Basilica Sonans 2024 (10)\" data-e-action-hash=\"#elementor-action%3Aaction%3Dlightbox%26settings%3DeyJpZCI6NzEwNTEsInVybCI6Imh0dHBzOlwvXC93d3cubGljaGVuLnBsXC93cC1jb250ZW50XC91cGxvYWRzXC8yMDI0XC8wN1wvMS4ta29uY2VydC1CYXNpbGljYS1Tb25hbnMtMjAyNC0xMC5qcGciLCJzbGlkZXNob3ciOiI3MzhhY2UwIn0%3D\">\n\t\t\t\t\t<div class=\"e-gallery-image elementor-gallery-item__image\" data-thumbnail=\"https:\/\/www.lichen.pl\/wp-content\/uploads\/2024\/07\/1.-koncert-Basilica-Sonans-2024-10-150x150.jpg\" data-width=\"150\" data-height=\"150\" aria-label=\"\" role=\"img\" ><\/div>\n\t\t\t\t\t\t\t\t\t\t\t<div class=\"elementor-gallery-item__overlay\"><\/div>\n\t\t\t\t\t\t\t\t\t\t\t\t\t\t<\/a>\n\t\t\t\t\t\t\t<a class=\"e-gallery-item elementor-gallery-item elementor-animated-content\" data-e-gallery-tags=\"10\" href=\"https:\/\/www.lichen.pl\/wp-content\/uploads\/2024\/07\/1.-koncert-Basilica-Sonans-2024-11.jpg\" data-elementor-open-lightbox=\"yes\" data-elementor-lightbox-slideshow=\"738ace0\" data-elementor-lightbox-title=\"1. koncert Basilica Sonans 2024 (11)\" data-e-action-hash=\"#elementor-action%3Aaction%3Dlightbox%26settings%3DeyJpZCI6NzEwNTIsInVybCI6Imh0dHBzOlwvXC93d3cubGljaGVuLnBsXC93cC1jb250ZW50XC91cGxvYWRzXC8yMDI0XC8wN1wvMS4ta29uY2VydC1CYXNpbGljYS1Tb25hbnMtMjAyNC0xMS5qcGciLCJzbGlkZXNob3ciOiI3MzhhY2UwIn0%3D\">\n\t\t\t\t\t<div class=\"e-gallery-image elementor-gallery-item__image\" data-thumbnail=\"https:\/\/www.lichen.pl\/wp-content\/uploads\/2024\/07\/1.-koncert-Basilica-Sonans-2024-11-150x150.jpg\" data-width=\"150\" data-height=\"150\" aria-label=\"\" role=\"img\" ><\/div>\n\t\t\t\t\t\t\t\t\t\t\t<div class=\"elementor-gallery-item__overlay\"><\/div>\n\t\t\t\t\t\t\t\t\t\t\t\t\t\t<\/a>\n\t\t\t\t\t\t\t<a class=\"e-gallery-item elementor-gallery-item elementor-animated-content\" data-e-gallery-tags=\"10\" href=\"https:\/\/www.lichen.pl\/wp-content\/uploads\/2024\/07\/1.-koncert-Basilica-Sonans-2024-12.jpg\" data-elementor-open-lightbox=\"yes\" data-elementor-lightbox-slideshow=\"738ace0\" data-elementor-lightbox-title=\"1. koncert Basilica Sonans 2024 (12)\" data-e-action-hash=\"#elementor-action%3Aaction%3Dlightbox%26settings%3DeyJpZCI6NzEwNTMsInVybCI6Imh0dHBzOlwvXC93d3cubGljaGVuLnBsXC93cC1jb250ZW50XC91cGxvYWRzXC8yMDI0XC8wN1wvMS4ta29uY2VydC1CYXNpbGljYS1Tb25hbnMtMjAyNC0xMi5qcGciLCJzbGlkZXNob3ciOiI3MzhhY2UwIn0%3D\">\n\t\t\t\t\t<div class=\"e-gallery-image elementor-gallery-item__image\" data-thumbnail=\"https:\/\/www.lichen.pl\/wp-content\/uploads\/2024\/07\/1.-koncert-Basilica-Sonans-2024-12-150x150.jpg\" data-width=\"150\" data-height=\"150\" aria-label=\"\" role=\"img\" ><\/div>\n\t\t\t\t\t\t\t\t\t\t\t<div class=\"elementor-gallery-item__overlay\"><\/div>\n\t\t\t\t\t\t\t\t\t\t\t\t\t\t<\/a>\n\t\t\t\t\t\t\t<a class=\"e-gallery-item elementor-gallery-item elementor-animated-content\" data-e-gallery-tags=\"10\" href=\"https:\/\/www.lichen.pl\/wp-content\/uploads\/2024\/07\/1.-koncert-Basilica-Sonans-2024-18.jpg\" data-elementor-open-lightbox=\"yes\" data-elementor-lightbox-slideshow=\"738ace0\" data-elementor-lightbox-title=\"1. koncert Basilica Sonans 2024 (18)\" data-e-action-hash=\"#elementor-action%3Aaction%3Dlightbox%26settings%3DeyJpZCI6NzEwNTksInVybCI6Imh0dHBzOlwvXC93d3cubGljaGVuLnBsXC93cC1jb250ZW50XC91cGxvYWRzXC8yMDI0XC8wN1wvMS4ta29uY2VydC1CYXNpbGljYS1Tb25hbnMtMjAyNC0xOC5qcGciLCJzbGlkZXNob3ciOiI3MzhhY2UwIn0%3D\">\n\t\t\t\t\t<div class=\"e-gallery-image elementor-gallery-item__image\" data-thumbnail=\"https:\/\/www.lichen.pl\/wp-content\/uploads\/2024\/07\/1.-koncert-Basilica-Sonans-2024-18-150x150.jpg\" data-width=\"150\" data-height=\"150\" aria-label=\"\" role=\"img\" ><\/div>\n\t\t\t\t\t\t\t\t\t\t\t<div class=\"elementor-gallery-item__overlay\"><\/div>\n\t\t\t\t\t\t\t\t\t\t\t\t\t\t<\/a>\n\t\t\t\t\t\t\t<a class=\"e-gallery-item elementor-gallery-item elementor-animated-content\" data-e-gallery-tags=\"10\" href=\"https:\/\/www.lichen.pl\/wp-content\/uploads\/2024\/07\/1.-koncert-Basilica-Sonans-2024-17.jpg\" data-elementor-open-lightbox=\"yes\" data-elementor-lightbox-slideshow=\"738ace0\" data-elementor-lightbox-title=\"1. koncert Basilica Sonans 2024 (17)\" data-e-action-hash=\"#elementor-action%3Aaction%3Dlightbox%26settings%3DeyJpZCI6NzEwNTgsInVybCI6Imh0dHBzOlwvXC93d3cubGljaGVuLnBsXC93cC1jb250ZW50XC91cGxvYWRzXC8yMDI0XC8wN1wvMS4ta29uY2VydC1CYXNpbGljYS1Tb25hbnMtMjAyNC0xNy5qcGciLCJzbGlkZXNob3ciOiI3MzhhY2UwIn0%3D\">\n\t\t\t\t\t<div class=\"e-gallery-image elementor-gallery-item__image\" data-thumbnail=\"https:\/\/www.lichen.pl\/wp-content\/uploads\/2024\/07\/1.-koncert-Basilica-Sonans-2024-17-150x150.jpg\" data-width=\"150\" data-height=\"150\" aria-label=\"\" role=\"img\" ><\/div>\n\t\t\t\t\t\t\t\t\t\t\t<div class=\"elementor-gallery-item__overlay\"><\/div>\n\t\t\t\t\t\t\t\t\t\t\t\t\t\t<\/a>\n\t\t\t\t\t\t\t<a class=\"e-gallery-item elementor-gallery-item elementor-animated-content\" data-e-gallery-tags=\"10\" href=\"https:\/\/www.lichen.pl\/wp-content\/uploads\/2024\/07\/1.-koncert-Basilica-Sonans-2024-16.jpg\" data-elementor-open-lightbox=\"yes\" data-elementor-lightbox-slideshow=\"738ace0\" data-elementor-lightbox-title=\"1. koncert Basilica Sonans 2024 (16)\" data-e-action-hash=\"#elementor-action%3Aaction%3Dlightbox%26settings%3DeyJpZCI6NzEwNTcsInVybCI6Imh0dHBzOlwvXC93d3cubGljaGVuLnBsXC93cC1jb250ZW50XC91cGxvYWRzXC8yMDI0XC8wN1wvMS4ta29uY2VydC1CYXNpbGljYS1Tb25hbnMtMjAyNC0xNi5qcGciLCJzbGlkZXNob3ciOiI3MzhhY2UwIn0%3D\">\n\t\t\t\t\t<div class=\"e-gallery-image elementor-gallery-item__image\" data-thumbnail=\"https:\/\/www.lichen.pl\/wp-content\/uploads\/2024\/07\/1.-koncert-Basilica-Sonans-2024-16-150x150.jpg\" data-width=\"150\" data-height=\"150\" aria-label=\"\" role=\"img\" ><\/div>\n\t\t\t\t\t\t\t\t\t\t\t<div class=\"elementor-gallery-item__overlay\"><\/div>\n\t\t\t\t\t\t\t\t\t\t\t\t\t\t<\/a>\n\t\t\t\t\t\t\t<a class=\"e-gallery-item elementor-gallery-item elementor-animated-content\" data-e-gallery-tags=\"10\" href=\"https:\/\/www.lichen.pl\/wp-content\/uploads\/2024\/07\/1.-koncert-Basilica-Sonans-2024-15.jpg\" data-elementor-open-lightbox=\"yes\" data-elementor-lightbox-slideshow=\"738ace0\" data-elementor-lightbox-title=\"1. koncert Basilica Sonans 2024 (15)\" data-e-action-hash=\"#elementor-action%3Aaction%3Dlightbox%26settings%3DeyJpZCI6NzEwNTYsInVybCI6Imh0dHBzOlwvXC93d3cubGljaGVuLnBsXC93cC1jb250ZW50XC91cGxvYWRzXC8yMDI0XC8wN1wvMS4ta29uY2VydC1CYXNpbGljYS1Tb25hbnMtMjAyNC0xNS5qcGciLCJzbGlkZXNob3ciOiI3MzhhY2UwIn0%3D\">\n\t\t\t\t\t<div class=\"e-gallery-image elementor-gallery-item__image\" data-thumbnail=\"https:\/\/www.lichen.pl\/wp-content\/uploads\/2024\/07\/1.-koncert-Basilica-Sonans-2024-15-150x150.jpg\" data-width=\"150\" data-height=\"150\" aria-label=\"\" role=\"img\" ><\/div>\n\t\t\t\t\t\t\t\t\t\t\t<div class=\"elementor-gallery-item__overlay\"><\/div>\n\t\t\t\t\t\t\t\t\t\t\t\t\t\t<\/a>\n\t\t\t\t\t\t\t<a class=\"e-gallery-item elementor-gallery-item elementor-animated-content\" data-e-gallery-tags=\"10\" href=\"https:\/\/www.lichen.pl\/wp-content\/uploads\/2024\/07\/1.-koncert-Basilica-Sonans-2024-14.jpg\" data-elementor-open-lightbox=\"yes\" data-elementor-lightbox-slideshow=\"738ace0\" data-elementor-lightbox-title=\"1. koncert Basilica Sonans 2024 (14)\" data-e-action-hash=\"#elementor-action%3Aaction%3Dlightbox%26settings%3DeyJpZCI6NzEwNTUsInVybCI6Imh0dHBzOlwvXC93d3cubGljaGVuLnBsXC93cC1jb250ZW50XC91cGxvYWRzXC8yMDI0XC8wN1wvMS4ta29uY2VydC1CYXNpbGljYS1Tb25hbnMtMjAyNC0xNC5qcGciLCJzbGlkZXNob3ciOiI3MzhhY2UwIn0%3D\">\n\t\t\t\t\t<div class=\"e-gallery-image elementor-gallery-item__image\" data-thumbnail=\"https:\/\/www.lichen.pl\/wp-content\/uploads\/2024\/07\/1.-koncert-Basilica-Sonans-2024-14-150x150.jpg\" data-width=\"150\" data-height=\"150\" aria-label=\"\" role=\"img\" ><\/div>\n\t\t\t\t\t\t\t\t\t\t\t<div class=\"elementor-gallery-item__overlay\"><\/div>\n\t\t\t\t\t\t\t\t\t\t\t\t\t\t<\/a>\n\t\t\t\t\t\t\t<a class=\"e-gallery-item elementor-gallery-item elementor-animated-content\" data-e-gallery-tags=\"10\" href=\"https:\/\/www.lichen.pl\/wp-content\/uploads\/2024\/07\/1.-koncert-Basilica-Sonans-2024-19.jpg\" data-elementor-open-lightbox=\"yes\" data-elementor-lightbox-slideshow=\"738ace0\" data-elementor-lightbox-title=\"1. koncert Basilica Sonans 2024 (19)\" data-e-action-hash=\"#elementor-action%3Aaction%3Dlightbox%26settings%3DeyJpZCI6NzEwNjAsInVybCI6Imh0dHBzOlwvXC93d3cubGljaGVuLnBsXC93cC1jb250ZW50XC91cGxvYWRzXC8yMDI0XC8wN1wvMS4ta29uY2VydC1CYXNpbGljYS1Tb25hbnMtMjAyNC0xOS5qcGciLCJzbGlkZXNob3ciOiI3MzhhY2UwIn0%3D\">\n\t\t\t\t\t<div class=\"e-gallery-image elementor-gallery-item__image\" data-thumbnail=\"https:\/\/www.lichen.pl\/wp-content\/uploads\/2024\/07\/1.-koncert-Basilica-Sonans-2024-19-150x150.jpg\" data-width=\"150\" data-height=\"150\" aria-label=\"\" role=\"img\" ><\/div>\n\t\t\t\t\t\t\t\t\t\t\t<div class=\"elementor-gallery-item__overlay\"><\/div>\n\t\t\t\t\t\t\t\t\t\t\t\t\t\t<\/a>\n\t\t\t\t\t\t\t<a class=\"e-gallery-item elementor-gallery-item elementor-animated-content\" data-e-gallery-tags=\"10\" href=\"https:\/\/www.lichen.pl\/wp-content\/uploads\/2024\/07\/1.-koncert-Basilica-Sonans-2024-20.jpg\" data-elementor-open-lightbox=\"yes\" data-elementor-lightbox-slideshow=\"738ace0\" data-elementor-lightbox-title=\"1. koncert Basilica Sonans 2024 (20)\" data-e-action-hash=\"#elementor-action%3Aaction%3Dlightbox%26settings%3DeyJpZCI6NzEwNjEsInVybCI6Imh0dHBzOlwvXC93d3cubGljaGVuLnBsXC93cC1jb250ZW50XC91cGxvYWRzXC8yMDI0XC8wN1wvMS4ta29uY2VydC1CYXNpbGljYS1Tb25hbnMtMjAyNC0yMC5qcGciLCJzbGlkZXNob3ciOiI3MzhhY2UwIn0%3D\">\n\t\t\t\t\t<div class=\"e-gallery-image elementor-gallery-item__image\" data-thumbnail=\"https:\/\/www.lichen.pl\/wp-content\/uploads\/2024\/07\/1.-koncert-Basilica-Sonans-2024-20-150x150.jpg\" data-width=\"150\" data-height=\"150\" aria-label=\"\" role=\"img\" ><\/div>\n\t\t\t\t\t\t\t\t\t\t\t<div class=\"elementor-gallery-item__overlay\"><\/div>\n\t\t\t\t\t\t\t\t\t\t\t\t\t\t<\/a>\n\t\t\t\t\t\t\t<a class=\"e-gallery-item elementor-gallery-item elementor-animated-content\" data-e-gallery-tags=\"10\" href=\"https:\/\/www.lichen.pl\/wp-content\/uploads\/2024\/07\/1.-koncert-Basilica-Sonans-2024-21.jpg\" data-elementor-open-lightbox=\"yes\" data-elementor-lightbox-slideshow=\"738ace0\" data-elementor-lightbox-title=\"1. koncert Basilica Sonans 2024 (21)\" data-e-action-hash=\"#elementor-action%3Aaction%3Dlightbox%26settings%3DeyJpZCI6NzEwNjIsInVybCI6Imh0dHBzOlwvXC93d3cubGljaGVuLnBsXC93cC1jb250ZW50XC91cGxvYWRzXC8yMDI0XC8wN1wvMS4ta29uY2VydC1CYXNpbGljYS1Tb25hbnMtMjAyNC0yMS5qcGciLCJzbGlkZXNob3ciOiI3MzhhY2UwIn0%3D\">\n\t\t\t\t\t<div class=\"e-gallery-image elementor-gallery-item__image\" data-thumbnail=\"https:\/\/www.lichen.pl\/wp-content\/uploads\/2024\/07\/1.-koncert-Basilica-Sonans-2024-21-150x150.jpg\" data-width=\"150\" data-height=\"150\" aria-label=\"\" role=\"img\" ><\/div>\n\t\t\t\t\t\t\t\t\t\t\t<div class=\"elementor-gallery-item__overlay\"><\/div>\n\t\t\t\t\t\t\t\t\t\t\t\t\t\t<\/a>\n\t\t\t\t\t<\/div>\n\t\t\t\t\t<\/div>\n\t\t\t\t<\/div>\n\t\t\t\t\t<\/div>\n\t\t<\/div>\n\t\t\t\t\t<\/div>\n\t\t<\/section>\n\t\t\t\t<\/div>","protected":false},"excerpt":{"rendered":"<p>1 czerwca Dzie\u0144 Dziecka 2 czerwca &#8211; XVII \u015awi\u0119to Dzi\u0119kczynienia 6 czerwca Og\u00f3lno\u015bwiatowa Sztafeta R\u00f3\u017ca\u0144cowa 7 czerwca &#8211; Obchody 25. rocznicy papieskiej pielgrzymki &#8211; Apel Maryjny 7 czerwca M\u0142odzi w ho\u0142dzie Janowi Paw\u0142owi II 8 czerwca obchody 25. rocznicy papieskiej pielgrzymki 9 czerwca Marsz dla \u017bycia i Rodziny 12-13 czerwca 29. Og\u00f3lnopolska Pielgrzymka Sybirak\u00f3w 16 [&hellip;]<\/p>\n","protected":false},"author":5,"featured_media":0,"parent":67488,"menu_order":0,"comment_status":"closed","ping_status":"closed","template":"","meta":{"footnotes":""},"class_list":["post-72780","page","type-page","status-publish","hentry","wpbf-post"],"yoast_head":"<!-- This site is optimized with the Yoast SEO plugin v27.4 - https:\/\/yoast.com\/product\/yoast-seo-wordpress\/ -->\n<title>Czerwiec 2024 - SANKTUARIUM W LICHENIU<\/title>\n<meta name=\"robots\" content=\"index, follow, max-snippet:-1, max-image-preview:large, max-video-preview:-1\" \/>\n<link rel=\"canonical\" href=\"https:\/\/www.lichen.pl\/de\/galeria-2024\/czerwiec-2024\/\" \/>\n<meta property=\"og:locale\" content=\"de_DE\" \/>\n<meta property=\"og:type\" content=\"article\" \/>\n<meta property=\"og:title\" content=\"Czerwiec 2024 - SANKTUARIUM W LICHENIU\" \/>\n<meta property=\"og:description\" content=\"1 czerwca Dzie\u0144 Dziecka 2 czerwca &#8211; XVII \u015awi\u0119to Dzi\u0119kczynienia 6 czerwca Og\u00f3lno\u015bwiatowa Sztafeta R\u00f3\u017ca\u0144cowa 7 czerwca &#8211; Obchody 25. rocznicy papieskiej pielgrzymki &#8211; Apel Maryjny 7 czerwca M\u0142odzi w ho\u0142dzie Janowi Paw\u0142owi II 8 czerwca obchody 25. rocznicy papieskiej pielgrzymki 9 czerwca Marsz dla \u017bycia i Rodziny 12-13 czerwca 29. Og\u00f3lnopolska Pielgrzymka Sybirak\u00f3w 16 [&hellip;]\" \/>\n<meta property=\"og:url\" content=\"https:\/\/www.lichen.pl\/de\/galeria-2024\/czerwiec-2024\/\" \/>\n<meta property=\"og:site_name\" content=\"SANKTUARIUM W LICHENIU\" \/>\n<meta property=\"article:modified_time\" content=\"2024-08-08T09:45:56+00:00\" \/>\n<meta name=\"twitter:card\" content=\"summary_large_image\" \/>\n<meta name=\"twitter:label1\" content=\"Gesch\u00e4tzte Lesezeit\" \/>\n\t<meta name=\"twitter:data1\" content=\"1\u00a0Minute\" \/>\n<script type=\"application\/ld+json\" class=\"yoast-schema-graph\">{\"@context\":\"https:\\\/\\\/schema.org\",\"@graph\":[{\"@type\":\"WebPage\",\"@id\":\"https:\\\/\\\/www.lichen.pl\\\/galeria-2024\\\/czerwiec-2024\\\/\",\"url\":\"https:\\\/\\\/www.lichen.pl\\\/galeria-2024\\\/czerwiec-2024\\\/\",\"name\":\"Czerwiec 2024 - SANKTUARIUM W LICHENIU\",\"isPartOf\":{\"@id\":\"https:\\\/\\\/www.lichen.pl\\\/fr\\\/#website\"},\"datePublished\":\"2024-08-08T08:13:59+00:00\",\"dateModified\":\"2024-08-08T09:45:56+00:00\",\"breadcrumb\":{\"@id\":\"https:\\\/\\\/www.lichen.pl\\\/galeria-2024\\\/czerwiec-2024\\\/#breadcrumb\"},\"inLanguage\":\"de\",\"potentialAction\":[{\"@type\":\"ReadAction\",\"target\":[\"https:\\\/\\\/www.lichen.pl\\\/galeria-2024\\\/czerwiec-2024\\\/\"]}]},{\"@type\":\"BreadcrumbList\",\"@id\":\"https:\\\/\\\/www.lichen.pl\\\/galeria-2024\\\/czerwiec-2024\\\/#breadcrumb\",\"itemListElement\":[{\"@type\":\"ListItem\",\"position\":1,\"name\":\"Strona g\u0142\u00f3wna\",\"item\":\"https:\\\/\\\/www.lichen.pl\\\/\"},{\"@type\":\"ListItem\",\"position\":2,\"name\":\"Galeria 2024\",\"item\":\"https:\\\/\\\/www.lichen.pl\\\/galeria-2024\\\/\"},{\"@type\":\"ListItem\",\"position\":3,\"name\":\"Czerwiec 2024\"}]},{\"@type\":\"WebSite\",\"@id\":\"https:\\\/\\\/www.lichen.pl\\\/fr\\\/#website\",\"url\":\"https:\\\/\\\/www.lichen.pl\\\/fr\\\/\",\"name\":\"SANKTUARIUM W LICHENIU\",\"description\":\"MATKI BO\u017bEJ LICHE\u0143SKIEJ BOLESNEJ KR\u00d3LOWEJ POLSKI\",\"potentialAction\":[{\"@type\":\"SearchAction\",\"target\":{\"@type\":\"EntryPoint\",\"urlTemplate\":\"https:\\\/\\\/www.lichen.pl\\\/fr\\\/?s={search_term_string}\"},\"query-input\":{\"@type\":\"PropertyValueSpecification\",\"valueRequired\":true,\"valueName\":\"search_term_string\"}}],\"inLanguage\":\"de\"}]}<\/script>\n<!-- \/ Yoast SEO plugin. -->","yoast_head_json":{"title":"Czerwiec 2024 - SANKTUARIUM W LICHENIU","robots":{"index":"index","follow":"follow","max-snippet":"max-snippet:-1","max-image-preview":"max-image-preview:large","max-video-preview":"max-video-preview:-1"},"canonical":"https:\/\/www.lichen.pl\/de\/galeria-2024\/czerwiec-2024\/","og_locale":"de_DE","og_type":"article","og_title":"Czerwiec 2024 - SANKTUARIUM W LICHENIU","og_description":"1 czerwca Dzie\u0144 Dziecka 2 czerwca &#8211; XVII \u015awi\u0119to Dzi\u0119kczynienia 6 czerwca Og\u00f3lno\u015bwiatowa Sztafeta R\u00f3\u017ca\u0144cowa 7 czerwca &#8211; Obchody 25. rocznicy papieskiej pielgrzymki &#8211; Apel Maryjny 7 czerwca M\u0142odzi w ho\u0142dzie Janowi Paw\u0142owi II 8 czerwca obchody 25. rocznicy papieskiej pielgrzymki 9 czerwca Marsz dla \u017bycia i Rodziny 12-13 czerwca 29. Og\u00f3lnopolska Pielgrzymka Sybirak\u00f3w 16 [&hellip;]","og_url":"https:\/\/www.lichen.pl\/de\/galeria-2024\/czerwiec-2024\/","og_site_name":"SANKTUARIUM W LICHENIU","article_modified_time":"2024-08-08T09:45:56+00:00","twitter_card":"summary_large_image","twitter_misc":{"Gesch\u00e4tzte Lesezeit":"1\u00a0Minute"},"schema":{"@context":"https:\/\/schema.org","@graph":[{"@type":"WebPage","@id":"https:\/\/www.lichen.pl\/galeria-2024\/czerwiec-2024\/","url":"https:\/\/www.lichen.pl\/galeria-2024\/czerwiec-2024\/","name":"Czerwiec 2024 - SANKTUARIUM W LICHENIU","isPartOf":{"@id":"https:\/\/www.lichen.pl\/fr\/#website"},"datePublished":"2024-08-08T08:13:59+00:00","dateModified":"2024-08-08T09:45:56+00:00","breadcrumb":{"@id":"https:\/\/www.lichen.pl\/galeria-2024\/czerwiec-2024\/#breadcrumb"},"inLanguage":"de","potentialAction":[{"@type":"ReadAction","target":["https:\/\/www.lichen.pl\/galeria-2024\/czerwiec-2024\/"]}]},{"@type":"BreadcrumbList","@id":"https:\/\/www.lichen.pl\/galeria-2024\/czerwiec-2024\/#breadcrumb","itemListElement":[{"@type":"ListItem","position":1,"name":"Strona g\u0142\u00f3wna","item":"https:\/\/www.lichen.pl\/"},{"@type":"ListItem","position":2,"name":"Galeria 2024","item":"https:\/\/www.lichen.pl\/galeria-2024\/"},{"@type":"ListItem","position":3,"name":"Czerwiec 2024"}]},{"@type":"WebSite","@id":"https:\/\/www.lichen.pl\/fr\/#website","url":"https:\/\/www.lichen.pl\/fr\/","name":"HEILIGTUM IN LICHENIEN","description":"DIE TRAURIGE K\u00d6NIGIN UNSERER FLECHEN VON POLEN","potentialAction":[{"@type":"SearchAction","target":{"@type":"EntryPoint","urlTemplate":"https:\/\/www.lichen.pl\/fr\/?s={search_term_string}"},"query-input":{"@type":"PropertyValueSpecification","valueRequired":true,"valueName":"search_term_string"}}],"inLanguage":"de"}]}},"_links":{"self":[{"href":"https:\/\/www.lichen.pl\/de\/wp-json\/wp\/v2\/pages\/72780","targetHints":{"allow":["GET"]}}],"collection":[{"href":"https:\/\/www.lichen.pl\/de\/wp-json\/wp\/v2\/pages"}],"about":[{"href":"https:\/\/www.lichen.pl\/de\/wp-json\/wp\/v2\/types\/page"}],"author":[{"embeddable":true,"href":"https:\/\/www.lichen.pl\/de\/wp-json\/wp\/v2\/users\/5"}],"replies":[{"embeddable":true,"href":"https:\/\/www.lichen.pl\/de\/wp-json\/wp\/v2\/comments?post=72780"}],"version-history":[{"count":7,"href":"https:\/\/www.lichen.pl\/de\/wp-json\/wp\/v2\/pages\/72780\/revisions"}],"predecessor-version":[{"id":72797,"href":"https:\/\/www.lichen.pl\/de\/wp-json\/wp\/v2\/pages\/72780\/revisions\/72797"}],"up":[{"embeddable":true,"href":"https:\/\/www.lichen.pl\/de\/wp-json\/wp\/v2\/pages\/67488"}],"wp:attachment":[{"href":"https:\/\/www.lichen.pl\/de\/wp-json\/wp\/v2\/media?parent=72780"}],"curies":[{"name":"wp","href":"https:\/\/api.w.org\/{rel}","templated":true}]}}