{"id":95805,"date":"2026-01-17T11:50:54","date_gmt":"2026-01-17T10:50:54","guid":{"rendered":"https:\/\/www.lichen.pl\/?page_id=95805"},"modified":"2026-03-10T13:28:43","modified_gmt":"2026-03-10T12:28:43","slug":"rekolekcje-z-odnowieniem-chrztu-zanurz-sie-w-bozej-milosci","status":"publish","type":"page","link":"https:\/\/www.lichen.pl\/de\/rekolekcje-z-odnowieniem-chrztu-zanurz-sie-w-bozej-milosci\/","title":{"rendered":"Rekolekcje z odnowieniem chrztu &#8220;Zanurz si\u0119 w Bo\u017cej mi\u0142o\u015bci&#8221;"},"content":{"rendered":"<div data-elementor-type=\"wp-page\" data-elementor-id=\"95805\" class=\"elementor elementor-95805\" data-elementor-post-type=\"page\">\n\t\t\t\t\t\t<section class=\"elementor-section elementor-top-section elementor-element elementor-element-9d7c68b elementor-section-boxed elementor-section-height-default elementor-section-height-default\" data-id=\"9d7c68b\" data-element_type=\"section\" data-e-type=\"section\">\n\t\t\t\t\t\t<div class=\"elementor-container elementor-column-gap-default\">\n\t\t\t\t\t<div class=\"elementor-column elementor-col-100 elementor-top-column elementor-element elementor-element-ea0043d\" data-id=\"ea0043d\" data-element_type=\"column\" data-e-type=\"column\">\n\t\t\t<div class=\"elementor-widget-wrap elementor-element-populated\">\n\t\t\t\t\t\t<div class=\"elementor-element elementor-element-b0044ff elementor-widget-divider--view-line_text elementor-widget-divider--element-align-center elementor-widget elementor-widget-divider\" data-id=\"b0044ff\" data-element_type=\"widget\" data-e-type=\"widget\" data-widget_type=\"divider.default\">\n\t\t\t\t<div class=\"elementor-widget-container\">\n\t\t\t\t\t\t\t<div class=\"elementor-divider\">\n\t\t\t<span class=\"elementor-divider-separator\">\n\t\t\t\t\t\t\t<span class=\"elementor-divider__text elementor-divider__element\">\n\t\t\t\tREKOLEKCjE z odnowieniem chrztu <br>\"Zanurz si\u0119 w bo\u017cej mi\u0142o\u015bci!\"\t\t\t\t<\/span>\n\t\t\t\t\t\t<\/span>\n\t\t<\/div>\n\t\t\t\t\t\t<\/div>\n\t\t\t\t<\/div>\n\t\t\t\t<section class=\"elementor-section elementor-inner-section elementor-element elementor-element-86a3435 elementor-section-boxed elementor-section-height-default elementor-section-height-default\" data-id=\"86a3435\" data-element_type=\"section\" data-e-type=\"section\">\n\t\t\t\t\t\t<div class=\"elementor-container elementor-column-gap-default\">\n\t\t\t\t\t<div class=\"elementor-column elementor-col-100 elementor-inner-column elementor-element elementor-element-774b143\" data-id=\"774b143\" data-element_type=\"column\" data-e-type=\"column\">\n\t\t\t<div class=\"elementor-widget-wrap elementor-element-populated\">\n\t\t\t\t\t\t<div class=\"elementor-element elementor-element-f1f5cd8 elementor-blockquote--skin-boxed elementor-blockquote--align-center elementor-widget elementor-widget-blockquote\" data-id=\"f1f5cd8\" data-element_type=\"widget\" data-e-type=\"widget\" data-widget_type=\"blockquote.default\">\n\t\t\t\t<div class=\"elementor-widget-container\">\n\t\t\t\t\t\t\t<blockquote class=\"elementor-blockquote\">\n\t\t\t<p class=\"elementor-blockquote__content\">\n\t\t\t\t\u201eJezus chrzci\u0107 was b\u0119dzie Duchem \u015awi\u0119tym\u201d \n\t\t\t<\/p>\n\t\t\t\t\t\t\t<div class=\"e-q-footer\">\n\t\t\t\t\t\t\t\t\t\t\t<cite class=\"elementor-blockquote__author\">(Por. Mk 1,8)<\/cite>\n\t\t\t\t\t\t\t\t\t\t\t\t\t\t<\/div>\n\t\t\t\t\t<\/blockquote>\n\t\t\t\t\t\t<\/div>\n\t\t\t\t<\/div>\n\t\t\t\t\t<\/div>\n\t\t<\/div>\n\t\t\t\t\t<\/div>\n\t\t<\/section>\n\t\t\t\t<section class=\"elementor-section elementor-inner-section elementor-element elementor-element-c183a59 elementor-section-boxed elementor-section-height-default elementor-section-height-default\" data-id=\"c183a59\" data-element_type=\"section\" data-e-type=\"section\">\n\t\t\t\t\t\t<div class=\"elementor-container elementor-column-gap-default\">\n\t\t\t\t\t<div class=\"elementor-column elementor-col-100 elementor-inner-column elementor-element elementor-element-4b153f9\" data-id=\"4b153f9\" data-element_type=\"column\" data-e-type=\"column\">\n\t\t\t<div class=\"elementor-widget-wrap elementor-element-populated\">\n\t\t\t\t\t\t<div class=\"elementor-element elementor-element-b9e3a13 elementor-widget elementor-widget-text-editor\" data-id=\"b9e3a13\" data-element_type=\"widget\" data-e-type=\"widget\" data-widget_type=\"text-editor.default\">\n\t\t\t\t<div class=\"elementor-widget-container\">\n\t\t\t\t\t\t\t\t\t<p>Nasz chrzest, to nie tylko wydarzenie z odleg\u0142ej przesz\u0142o\u015bci. Jest to stan, w kt\u00f3rym \u017cyjemy codziennie! S\u0142owo \u201echrzest\u201d oznacza dos\u0142ownie \u201ezanurzenie\u201d: zanurzenie w Bo\u017cej \u0142asce i w Bo\u017cej mi\u0142o\u015bci. Rekolekcje b\u0119d\u0105 pomoc\u0105 w odkryciu znaczenia swego chrztu i sposobu, w jaki spos\u00f3b mo\u017cemy odnowi\u0107 ten sakrament, kt\u00f3ry jest fundamentem naszej wiary.<\/p><p>B\u0119dziemy r\u00f3wnie\u017c odkrywa\u0107, jak \u017cy\u0107 w tym \u201ezanurzeniu w Bo\u017cej mi\u0142o\u015bci\u201d na co dzie\u0144.<\/p><p>Na program rekolekcji sk\u0142ada si\u0119 cykl konferencji biblijnych oraz prezentacja dzie\u0142 sztuki chrze\u015bcija\u0144skiego Wschodu i Zachodu pomagaj\u0105cych zrozumie\u0107 istot\u0119 chrztu. Nie zabraknie czasu na osobist\u0105 modlitw\u0119. Rekolekcje zako\u0144cz\u0105 si\u0119 uroczystym odnowieniem przyrzecze\u0144 chrzcielnych i modlitw\u0105 o odnowienie sakramentu chrztu.<\/p><p>Prowadz\u0105cy: ks. Tomasz Sekulski MIC<\/p>\t\t\t\t\t\t\t\t<\/div>\n\t\t\t\t<\/div>\n\t\t\t\t\t<\/div>\n\t\t<\/div>\n\t\t\t\t\t<\/div>\n\t\t<\/section>\n\t\t\t\t<section class=\"elementor-section elementor-inner-section elementor-element elementor-element-8156297 elementor-section-boxed elementor-section-height-default elementor-section-height-default\" data-id=\"8156297\" data-element_type=\"section\" data-e-type=\"section\">\n\t\t\t\t\t\t<div class=\"elementor-container elementor-column-gap-default\">\n\t\t\t\t\t<div class=\"elementor-column elementor-col-50 elementor-inner-column elementor-element elementor-element-e7fbc80\" data-id=\"e7fbc80\" data-element_type=\"column\" data-e-type=\"column\">\n\t\t\t<div class=\"elementor-widget-wrap elementor-element-populated\">\n\t\t\t\t\t\t<div class=\"elementor-element elementor-element-edb9ee1 elementor-widget elementor-widget-text-editor\" data-id=\"edb9ee1\" data-element_type=\"widget\" data-e-type=\"widget\" data-widget_type=\"text-editor.default\">\n\t\t\t\t<div class=\"elementor-widget-container\">\n\t\t\t\t\t\t\t\t\t<ul><li><span style=\"color: #000000;\">ofiara: <strong>od 360 z\u0142 do 450 z\u0142<\/strong> od osoby w zale\u017cno\u015bci od rodzaju pokoju (w tym nocleg i wy\u017cywienie), z\u0142o\u017cona podczas rekolekcji\/po przyje\u017adzie<br \/><\/span><\/li><li><span style=\"color: #000000;\">die anzahl der pl\u00e4tze ist begrenzt<\/span><\/li><li><span style=\"color: #000000;\">die Reihenfolge der Bewerbungen entscheidet<\/span><\/li><\/ul>\t\t\t\t\t\t\t\t<\/div>\n\t\t\t\t<\/div>\n\t\t\t\t\t<\/div>\n\t\t<\/div>\n\t\t\t\t<div class=\"elementor-column elementor-col-50 elementor-inner-column elementor-element elementor-element-d9a6023\" data-id=\"d9a6023\" data-element_type=\"column\" data-e-type=\"column\">\n\t\t\t<div class=\"elementor-widget-wrap elementor-element-populated\">\n\t\t\t\t\t\t<div class=\"elementor-element elementor-element-b5f994a elementor-widget elementor-widget-text-editor\" data-id=\"b5f994a\" data-element_type=\"widget\" data-e-type=\"widget\" data-widget_type=\"text-editor.default\">\n\t\t\t\t<div class=\"elementor-widget-container\">\n\t\t\t\t\t\t\t\t\t<p style=\"text-align: center;\"><span style=\"color: #800000;\"><strong>Anmeldung zum Retreat:<\/strong><\/span><\/p><ul><li><span style=\"color: #000000;\"><strong>pers\u00f6nlich<\/strong>, im Pilgerdienstb\u00fcro<\/span><\/li><li><span style=\"color: #000000;\"><strong>via Telefon<\/strong> (+48) 63 270 81 42, (+48) 63 270 81 63<\/span><\/li><li><span style=\"color: #000000;\"><strong>Email:<\/strong> lichen@lichen.pl<\/span><\/li><\/ul>\t\t\t\t\t\t\t\t<\/div>\n\t\t\t\t<\/div>\n\t\t\t\t\t<\/div>\n\t\t<\/div>\n\t\t\t\t\t<\/div>\n\t\t<\/section>\n\t\t\t\t<section class=\"elementor-section elementor-inner-section elementor-element elementor-element-43ff433 elementor-section-boxed elementor-section-height-default elementor-section-height-default\" data-id=\"43ff433\" data-element_type=\"section\" data-e-type=\"section\">\n\t\t\t\t\t\t<div class=\"elementor-container elementor-column-gap-default\">\n\t\t\t\t\t<div class=\"elementor-column elementor-col-50 elementor-inner-column elementor-element elementor-element-40840cd\" data-id=\"40840cd\" data-element_type=\"column\" data-e-type=\"column\">\n\t\t\t<div class=\"elementor-widget-wrap elementor-element-populated\">\n\t\t\t\t\t\t<div class=\"elementor-element elementor-element-20cd58a elementor-view-default elementor-widget elementor-widget-icon\" data-id=\"20cd58a\" data-element_type=\"widget\" data-e-type=\"widget\" data-widget_type=\"icon.default\">\n\t\t\t\t<div class=\"elementor-widget-container\">\n\t\t\t\t\t\t\t<div class=\"elementor-icon-wrapper\">\n\t\t\t<a class=\"elementor-icon\" href=\"https:\/\/www.lichen.pl\/de\/rekolekcje-rok-2026\/\">\n\t\t\t<i aria-hidden=\"true\" class=\"far fa-calendar-check\"><\/i>\t\t\t<\/a>\n\t\t<\/div>\n\t\t\t\t\t\t<\/div>\n\t\t\t\t<\/div>\n\t\t\t\t\t<\/div>\n\t\t<\/div>\n\t\t\t\t<div class=\"elementor-column elementor-col-50 elementor-inner-column elementor-element elementor-element-32e7134\" data-id=\"32e7134\" data-element_type=\"column\" data-e-type=\"column\">\n\t\t\t<div class=\"elementor-widget-wrap elementor-element-populated\">\n\t\t\t\t\t\t<div class=\"elementor-element elementor-element-07d17f5 elementor-widget elementor-widget-text-editor\" data-id=\"07d17f5\" data-element_type=\"widget\" data-e-type=\"widget\" data-widget_type=\"text-editor.default\">\n\t\t\t\t<div class=\"elementor-widget-container\">\n\t\t\t\t\t\t\t\t\t<p><span style=\"color: #000080;\">Przejd\u017a do kalendarza rekolekcji 2026 r.<\/span><\/p>\t\t\t\t\t\t\t\t<\/div>\n\t\t\t\t<\/div>\n\t\t\t\t<div class=\"elementor-element elementor-element-68e030b elementor-widget-divider--view-line elementor-widget elementor-widget-divider\" data-id=\"68e030b\" data-element_type=\"widget\" data-e-type=\"widget\" data-widget_type=\"divider.default\">\n\t\t\t\t<div class=\"elementor-widget-container\">\n\t\t\t\t\t\t\t<div class=\"elementor-divider\">\n\t\t\t<span class=\"elementor-divider-separator\">\n\t\t\t\t\t\t<\/span>\n\t\t<\/div>\n\t\t\t\t\t\t<\/div>\n\t\t\t\t<\/div>\n\t\t\t\t\t<\/div>\n\t\t<\/div>\n\t\t\t\t\t<\/div>\n\t\t<\/section>\n\t\t\t\t\t<\/div>\n\t\t<\/div>\n\t\t\t\t\t<\/div>\n\t\t<\/section>\n\t\t\t\t<\/div>","protected":false},"excerpt":{"rendered":"<p>REKOLEKCjE z odnowieniem chrztu &#8220;Zanurz si\u0119 w bo\u017cej mi\u0142o\u015bci!&#8221; \u201eJezus chrzci\u0107 was b\u0119dzie Duchem \u015awi\u0119tym\u201d (Por. Mk 1,8) Nasz chrzest, to nie tylko wydarzenie z odleg\u0142ej przesz\u0142o\u015bci. Jest to stan, w kt\u00f3rym \u017cyjemy codziennie! S\u0142owo \u201echrzest\u201d oznacza dos\u0142ownie \u201ezanurzenie\u201d: zanurzenie w Bo\u017cej \u0142asce i w Bo\u017cej mi\u0142o\u015bci. Rekolekcje b\u0119d\u0105 pomoc\u0105 w odkryciu znaczenia swego chrztu [&hellip;]<\/p>\n","protected":false},"author":7,"featured_media":0,"parent":0,"menu_order":0,"comment_status":"closed","ping_status":"closed","template":"elementor_header_footer","meta":{"footnotes":""},"class_list":["post-95805","page","type-page","status-publish","hentry","wpbf-post"],"yoast_head":"<!-- This site is optimized with the Yoast SEO plugin v27.4 - https:\/\/yoast.com\/product\/yoast-seo-wordpress\/ -->\n<title>Rekolekcje z odnowieniem chrztu &quot;Zanurz si\u0119 w Bo\u017cej mi\u0142o\u015bci&quot; - SANKTUARIUM W LICHENIU<\/title>\n<meta name=\"robots\" content=\"index, follow, max-snippet:-1, max-image-preview:large, max-video-preview:-1\" \/>\n<link rel=\"canonical\" href=\"https:\/\/www.lichen.pl\/de\/rekolekcje-z-odnowieniem-chrztu-zanurz-sie-w-bozej-milosci\/\" \/>\n<meta property=\"og:locale\" content=\"de_DE\" \/>\n<meta property=\"og:type\" content=\"article\" \/>\n<meta property=\"og:title\" content=\"Rekolekcje z odnowieniem chrztu &quot;Zanurz si\u0119 w Bo\u017cej mi\u0142o\u015bci&quot; - SANKTUARIUM W LICHENIU\" \/>\n<meta property=\"og:description\" content=\"REKOLEKCjE z odnowieniem chrztu &#8220;Zanurz si\u0119 w bo\u017cej mi\u0142o\u015bci!&#8221; \u201eJezus chrzci\u0107 was b\u0119dzie Duchem \u015awi\u0119tym\u201d (Por. Mk 1,8) Nasz chrzest, to nie tylko wydarzenie z odleg\u0142ej przesz\u0142o\u015bci. Jest to stan, w kt\u00f3rym \u017cyjemy codziennie! S\u0142owo \u201echrzest\u201d oznacza dos\u0142ownie \u201ezanurzenie\u201d: zanurzenie w Bo\u017cej \u0142asce i w Bo\u017cej mi\u0142o\u015bci. Rekolekcje b\u0119d\u0105 pomoc\u0105 w odkryciu znaczenia swego chrztu [&hellip;]\" \/>\n<meta property=\"og:url\" content=\"https:\/\/www.lichen.pl\/de\/rekolekcje-z-odnowieniem-chrztu-zanurz-sie-w-bozej-milosci\/\" \/>\n<meta property=\"og:site_name\" content=\"SANKTUARIUM W LICHENIU\" \/>\n<meta property=\"article:modified_time\" content=\"2026-03-10T12:28:43+00:00\" \/>\n<meta name=\"twitter:card\" content=\"summary_large_image\" \/>\n<meta name=\"twitter:label1\" content=\"Gesch\u00e4tzte Lesezeit\" \/>\n\t<meta name=\"twitter:data1\" content=\"1\u00a0Minute\" \/>\n<script type=\"application\/ld+json\" class=\"yoast-schema-graph\">{\"@context\":\"https:\\\/\\\/schema.org\",\"@graph\":[{\"@type\":\"WebPage\",\"@id\":\"https:\\\/\\\/www.lichen.pl\\\/rekolekcje-z-odnowieniem-chrztu-zanurz-sie-w-bozej-milosci\\\/\",\"url\":\"https:\\\/\\\/www.lichen.pl\\\/rekolekcje-z-odnowieniem-chrztu-zanurz-sie-w-bozej-milosci\\\/\",\"name\":\"Rekolekcje z odnowieniem chrztu \\\"Zanurz si\u0119 w Bo\u017cej mi\u0142o\u015bci\\\" - SANKTUARIUM W LICHENIU\",\"isPartOf\":{\"@id\":\"https:\\\/\\\/www.lichen.pl\\\/fr\\\/#website\"},\"datePublished\":\"2026-01-17T10:50:54+00:00\",\"dateModified\":\"2026-03-10T12:28:43+00:00\",\"breadcrumb\":{\"@id\":\"https:\\\/\\\/www.lichen.pl\\\/rekolekcje-z-odnowieniem-chrztu-zanurz-sie-w-bozej-milosci\\\/#breadcrumb\"},\"inLanguage\":\"de\",\"potentialAction\":[{\"@type\":\"ReadAction\",\"target\":[\"https:\\\/\\\/www.lichen.pl\\\/rekolekcje-z-odnowieniem-chrztu-zanurz-sie-w-bozej-milosci\\\/\"]}]},{\"@type\":\"BreadcrumbList\",\"@id\":\"https:\\\/\\\/www.lichen.pl\\\/rekolekcje-z-odnowieniem-chrztu-zanurz-sie-w-bozej-milosci\\\/#breadcrumb\",\"itemListElement\":[{\"@type\":\"ListItem\",\"position\":1,\"name\":\"Strona g\u0142\u00f3wna\",\"item\":\"https:\\\/\\\/www.lichen.pl\\\/\"},{\"@type\":\"ListItem\",\"position\":2,\"name\":\"Rekolekcje z odnowieniem chrztu &#8220;Zanurz si\u0119 w Bo\u017cej mi\u0142o\u015bci&#8221;\"}]},{\"@type\":\"WebSite\",\"@id\":\"https:\\\/\\\/www.lichen.pl\\\/fr\\\/#website\",\"url\":\"https:\\\/\\\/www.lichen.pl\\\/fr\\\/\",\"name\":\"SANKTUARIUM W LICHENIU\",\"description\":\"MATKI BO\u017bEJ LICHE\u0143SKIEJ BOLESNEJ KR\u00d3LOWEJ POLSKI\",\"potentialAction\":[{\"@type\":\"SearchAction\",\"target\":{\"@type\":\"EntryPoint\",\"urlTemplate\":\"https:\\\/\\\/www.lichen.pl\\\/fr\\\/?s={search_term_string}\"},\"query-input\":{\"@type\":\"PropertyValueSpecification\",\"valueRequired\":true,\"valueName\":\"search_term_string\"}}],\"inLanguage\":\"de\"}]}<\/script>\n<!-- \/ Yoast SEO plugin. -->","yoast_head_json":{"title":"Rekolekcje z odnowieniem chrztu \"Zanurz si\u0119 w Bo\u017cej mi\u0142o\u015bci\" - SANKTUARIUM W LICHENIU","robots":{"index":"index","follow":"follow","max-snippet":"max-snippet:-1","max-image-preview":"max-image-preview:large","max-video-preview":"max-video-preview:-1"},"canonical":"https:\/\/www.lichen.pl\/de\/rekolekcje-z-odnowieniem-chrztu-zanurz-sie-w-bozej-milosci\/","og_locale":"de_DE","og_type":"article","og_title":"Rekolekcje z odnowieniem chrztu \"Zanurz si\u0119 w Bo\u017cej mi\u0142o\u015bci\" - SANKTUARIUM W LICHENIU","og_description":"REKOLEKCjE z odnowieniem chrztu &#8220;Zanurz si\u0119 w bo\u017cej mi\u0142o\u015bci!&#8221; \u201eJezus chrzci\u0107 was b\u0119dzie Duchem \u015awi\u0119tym\u201d (Por. Mk 1,8) Nasz chrzest, to nie tylko wydarzenie z odleg\u0142ej przesz\u0142o\u015bci. Jest to stan, w kt\u00f3rym \u017cyjemy codziennie! S\u0142owo \u201echrzest\u201d oznacza dos\u0142ownie \u201ezanurzenie\u201d: zanurzenie w Bo\u017cej \u0142asce i w Bo\u017cej mi\u0142o\u015bci. Rekolekcje b\u0119d\u0105 pomoc\u0105 w odkryciu znaczenia swego chrztu [&hellip;]","og_url":"https:\/\/www.lichen.pl\/de\/rekolekcje-z-odnowieniem-chrztu-zanurz-sie-w-bozej-milosci\/","og_site_name":"SANKTUARIUM W LICHENIU","article_modified_time":"2026-03-10T12:28:43+00:00","twitter_card":"summary_large_image","twitter_misc":{"Gesch\u00e4tzte Lesezeit":"1\u00a0Minute"},"schema":{"@context":"https:\/\/schema.org","@graph":[{"@type":"WebPage","@id":"https:\/\/www.lichen.pl\/rekolekcje-z-odnowieniem-chrztu-zanurz-sie-w-bozej-milosci\/","url":"https:\/\/www.lichen.pl\/rekolekcje-z-odnowieniem-chrztu-zanurz-sie-w-bozej-milosci\/","name":"Rekolekcje z odnowieniem chrztu \"Zanurz si\u0119 w Bo\u017cej mi\u0142o\u015bci\" - SANKTUARIUM W LICHENIU","isPartOf":{"@id":"https:\/\/www.lichen.pl\/fr\/#website"},"datePublished":"2026-01-17T10:50:54+00:00","dateModified":"2026-03-10T12:28:43+00:00","breadcrumb":{"@id":"https:\/\/www.lichen.pl\/rekolekcje-z-odnowieniem-chrztu-zanurz-sie-w-bozej-milosci\/#breadcrumb"},"inLanguage":"de","potentialAction":[{"@type":"ReadAction","target":["https:\/\/www.lichen.pl\/rekolekcje-z-odnowieniem-chrztu-zanurz-sie-w-bozej-milosci\/"]}]},{"@type":"BreadcrumbList","@id":"https:\/\/www.lichen.pl\/rekolekcje-z-odnowieniem-chrztu-zanurz-sie-w-bozej-milosci\/#breadcrumb","itemListElement":[{"@type":"ListItem","position":1,"name":"Strona g\u0142\u00f3wna","item":"https:\/\/www.lichen.pl\/"},{"@type":"ListItem","position":2,"name":"Rekolekcje z odnowieniem chrztu &#8220;Zanurz si\u0119 w Bo\u017cej mi\u0142o\u015bci&#8221;"}]},{"@type":"WebSite","@id":"https:\/\/www.lichen.pl\/fr\/#website","url":"https:\/\/www.lichen.pl\/fr\/","name":"HEILIGTUM IN LICHENIEN","description":"DIE TRAURIGE K\u00d6NIGIN UNSERER FLECHEN VON POLEN","potentialAction":[{"@type":"SearchAction","target":{"@type":"EntryPoint","urlTemplate":"https:\/\/www.lichen.pl\/fr\/?s={search_term_string}"},"query-input":{"@type":"PropertyValueSpecification","valueRequired":true,"valueName":"search_term_string"}}],"inLanguage":"de"}]}},"_links":{"self":[{"href":"https:\/\/www.lichen.pl\/de\/wp-json\/wp\/v2\/pages\/95805","targetHints":{"allow":["GET"]}}],"collection":[{"href":"https:\/\/www.lichen.pl\/de\/wp-json\/wp\/v2\/pages"}],"about":[{"href":"https:\/\/www.lichen.pl\/de\/wp-json\/wp\/v2\/types\/page"}],"author":[{"embeddable":true,"href":"https:\/\/www.lichen.pl\/de\/wp-json\/wp\/v2\/users\/7"}],"replies":[{"embeddable":true,"href":"https:\/\/www.lichen.pl\/de\/wp-json\/wp\/v2\/comments?post=95805"}],"version-history":[{"count":16,"href":"https:\/\/www.lichen.pl\/de\/wp-json\/wp\/v2\/pages\/95805\/revisions"}],"predecessor-version":[{"id":97847,"href":"https:\/\/www.lichen.pl\/de\/wp-json\/wp\/v2\/pages\/95805\/revisions\/97847"}],"wp:attachment":[{"href":"https:\/\/www.lichen.pl\/de\/wp-json\/wp\/v2\/media?parent=95805"}],"curies":[{"name":"wp","href":"https:\/\/api.w.org\/{rel}","templated":true}]}}