{"version":"1.0","provider_name":"SANCTUARY IN LICHENIA","provider_url":"https:\/\/www.lichen.pl\/en","title":"25. Rowerowa Pielgrzymka Diecezji Pelpli\u0144skiej na Jasn\u0105 G\u00f3r\u0119 - SANKTUARIUM W LICHENIU","type":"rich","width":600,"height":338,"html":"<blockquote class=\"wp-embedded-content\" data-secret=\"HD7FTNiHYW\"><a href=\"https:\/\/www.lichen.pl\/en\/25-rowerowa-pielgrzymka-diecezji-pelplinskiej-na-jasna-gore\/\">25. Rowerowa Pielgrzymka Diecezji Pelpli\u0144skiej na Jasn\u0105 G\u00f3r\u0119<\/a><\/blockquote><iframe sandbox=\"allow-scripts\" security=\"restricted\" src=\"https:\/\/www.lichen.pl\/en\/25-rowerowa-pielgrzymka-diecezji-pelplinskiej-na-jasna-gore\/embed\/#?secret=HD7FTNiHYW\" width=\"600\" height=\"338\" title=\"&#8220;25. Rowerowa Pielgrzymka Diecezji Pelpli\u0144skiej na Jasn\u0105 G\u00f3r\u0119&#8221; &#8212; SANKTUARIUM W LICHENIU\" data-secret=\"HD7FTNiHYW\" frameborder=\"0\" marginwidth=\"0\" marginheight=\"0\" scrolling=\"no\" class=\"wp-embedded-content\"><\/iframe><script>\n\/*! This file is auto-generated *\/\n!function(d,l){\"use strict\";l.querySelector&&d.addEventListener&&\"undefined\"!=typeof URL&&(d.wp=d.wp||{},d.wp.receiveEmbedMessage||(d.wp.receiveEmbedMessage=function(e){var t=e.data;if((t||t.secret||t.message||t.value)&&!\/[^a-zA-Z0-9]\/.test(t.secret)){for(var s,r,n,a=l.querySelectorAll('iframe[data-secret=\"'+t.secret+'\"]'),o=l.querySelectorAll('blockquote[data-secret=\"'+t.secret+'\"]'),c=new RegExp(\"^https?:$\",\"i\"),i=0;i<o.length;i++)o[i].style.display=\"none\";for(i=0;i<a.length;i++)s=a[i],e.source===s.contentWindow&&(s.removeAttribute(\"style\"),\"height\"===t.message?(1e3<(r=parseInt(t.value,10))?r=1e3:~~r<200&&(r=200),s.height=r):\"link\"===t.message&&(r=new URL(s.getAttribute(\"src\")),n=new URL(t.value),c.test(n.protocol))&&n.host===r.host&&l.activeElement===s&&(d.top.location.href=t.value))}},d.addEventListener(\"message\",d.wp.receiveEmbedMessage,!1),l.addEventListener(\"DOMContentLoaded\",function(){for(var e,t,s=l.querySelectorAll(\"iframe.wp-embedded-content\"),r=0;r<s.length;r++)(t=(e=s[r]).getAttribute(\"data-secret\"))||(t=Math.random().toString(36).substring(2,12),e.src+=\"#?secret=\"+t,e.setAttribute(\"data-secret\",t)),e.contentWindow.postMessage({message:\"ready\",secret:t},\"*\")},!1)))}(window,document);\n\/\/# sourceURL=https:\/\/www.lichen.pl\/wp-includes\/js\/wp-embed.min.js\n<\/script>","thumbnail_url":"https:\/\/www.lichen.pl\/wp-content\/uploads\/2023\/08\/25.-Rowerowa-Pielgrzymka-Diecezji-Pelplinskiej-na-Jasna-Gore.jpg","thumbnail_width":2048,"thumbnail_height":1535,"description":"\u2013 \u201eLepiej mie\u0107 na nogach sanda\u0142y ni\u017c pe\u0142ne buty, bo wtedy szybciej si\u0119 schnie\u201d \u2013 powiedzia\u0142 ks. Tomasz Syldatk, przewodnik 25. Rowerowej Pielgrzymki Diecezji Pelpli\u0144skiej na Jasn\u0105 G\u00f3r\u0119, nawi\u0105zuj\u0105c do trudnych warunk\u00f3w atmosferycznych, jakie podczas tegorocznego pielgrzymowania spotykaj\u0105 pielgrzym\u00f3w pod\u0105\u017caj\u0105cych przez Polsk\u0119 do Cz\u0119stochowy. \u2013 W tym roku prze\u017cywamy jubileusz naszego rowerowego pielgrzymowania. To ju\u017c [&hellip;]"}