{"version":"1.0","provider_name":"SANCTUARY IN LICHENIA","provider_url":"https:\/\/www.lichen.pl\/en","title":"Wielbi\u0107 Boga ca\u0142ym \u017cyciem - Rekolekcje \"Na Fali Wielbienia\" - SANKTUARIUM W LICHENIU","type":"rich","width":600,"height":338,"html":"<blockquote class=\"wp-embedded-content\" data-secret=\"UwmmlKXZaD\"><a href=\"https:\/\/www.lichen.pl\/en\/na-fali-wielbienia-2023\/\">Wielbi\u0107 Boga ca\u0142ym \u017cyciem &#8211; Rekolekcje &#8220;Na Fali Wielbienia&#8221;<\/a><\/blockquote><iframe sandbox=\"allow-scripts\" security=\"restricted\" src=\"https:\/\/www.lichen.pl\/en\/na-fali-wielbienia-2023\/embed\/#?secret=UwmmlKXZaD\" width=\"600\" height=\"338\" title=\"&#8220;Wielbi\u0107 Boga ca\u0142ym \u017cyciem &#8211; Rekolekcje &#8220;Na Fali Wielbienia&#8221;&#8221; &#8212; SANKTUARIUM W LICHENIU\" data-secret=\"UwmmlKXZaD\" frameborder=\"0\" marginwidth=\"0\" marginheight=\"0\" scrolling=\"no\" class=\"wp-embedded-content\"><\/iframe><script>\n\/*! This file is auto-generated *\/\n!function(d,l){\"use strict\";l.querySelector&&d.addEventListener&&\"undefined\"!=typeof URL&&(d.wp=d.wp||{},d.wp.receiveEmbedMessage||(d.wp.receiveEmbedMessage=function(e){var t=e.data;if((t||t.secret||t.message||t.value)&&!\/[^a-zA-Z0-9]\/.test(t.secret)){for(var s,r,n,a=l.querySelectorAll('iframe[data-secret=\"'+t.secret+'\"]'),o=l.querySelectorAll('blockquote[data-secret=\"'+t.secret+'\"]'),c=new RegExp(\"^https?:$\",\"i\"),i=0;i<o.length;i++)o[i].style.display=\"none\";for(i=0;i<a.length;i++)s=a[i],e.source===s.contentWindow&&(s.removeAttribute(\"style\"),\"height\"===t.message?(1e3<(r=parseInt(t.value,10))?r=1e3:~~r<200&&(r=200),s.height=r):\"link\"===t.message&&(r=new URL(s.getAttribute(\"src\")),n=new URL(t.value),c.test(n.protocol))&&n.host===r.host&&l.activeElement===s&&(d.top.location.href=t.value))}},d.addEventListener(\"message\",d.wp.receiveEmbedMessage,!1),l.addEventListener(\"DOMContentLoaded\",function(){for(var e,t,s=l.querySelectorAll(\"iframe.wp-embedded-content\"),r=0;r<s.length;r++)(t=(e=s[r]).getAttribute(\"data-secret\"))||(t=Math.random().toString(36).substring(2,12),e.src+=\"#?secret=\"+t,e.setAttribute(\"data-secret\",t)),e.contentWindow.postMessage({message:\"ready\",secret:t},\"*\")},!1)))}(window,document);\n\/\/# sourceURL=https:\/\/www.lichen.pl\/wp-includes\/js\/wp-embed.min.js\n<\/script>","thumbnail_url":"https:\/\/www.lichen.pl\/wp-content\/uploads\/2023\/07\/IMG_0213-1024x683.jpg","thumbnail_width":1024,"thumbnail_height":683,"description":"Tajemnica Serca Boga by\u0142a tematem rekolekcji \u201eNa fali wielbienia\u201d, kt\u00f3re w dniach 27 czerwca-2 lipca odby\u0142y si\u0119 w liche\u0144skim sanktuarium ju\u017c po raz jedenasty. \u201eB\u00f3g z mi\u0142o\u015bci\u0105 przygarnia ka\u017cdego z nas do Swego Serca pozwalaj\u0105c dojrzewa\u0107 do mi\u0142o\u015bci. Sercem ws\u0142uchujemy si\u0119 w Jego Serce. S\u0142owo Pana ods\u0142ania prawd\u0119 o tym, kim dla Niego jeste\u015bmy i [&hellip;]"}