{"id":55690,"date":"2023-07-17T21:28:32","date_gmt":"2023-07-17T19:28:32","guid":{"rendered":"https:\/\/www.lichen.pl\/?page_id=55690"},"modified":"2023-07-17T21:29:06","modified_gmt":"2023-07-17T19:29:06","slug":"grudzien-2021","status":"publish","type":"page","link":"https:\/\/www.lichen.pl\/en\/galeria-2021\/grudzien-2021\/","title":{"rendered":"December 2021"},"content":{"rendered":"<div data-elementor-type=\"wp-page\" data-elementor-id=\"55690\" class=\"elementor elementor-55690\" data-elementor-post-type=\"page\">\n\t\t\t\t\t\t<section class=\"elementor-section elementor-top-section elementor-element elementor-element-1133d43 elementor-section-boxed elementor-section-height-default elementor-section-height-default\" data-id=\"1133d43\" data-element_type=\"section\" data-e-type=\"section\">\n\t\t\t\t\t\t<div class=\"elementor-container elementor-column-gap-default\">\n\t\t\t\t\t<div class=\"elementor-column elementor-col-100 elementor-top-column elementor-element elementor-element-a066283\" data-id=\"a066283\" data-element_type=\"column\" data-e-type=\"column\">\n\t\t\t<div class=\"elementor-widget-wrap elementor-element-populated\">\n\t\t\t\t\t\t<div class=\"elementor-element elementor-element-302feaf elementor-gallery--filter-align-center elementor-widget elementor-widget-gallery\" data-id=\"302feaf\" data-element_type=\"widget\" data-e-type=\"widget\" data-settings=\"{&quot;image_hover_animation&quot;:&quot;grow&quot;,&quot;columns&quot;:8,&quot;gap&quot;:{&quot;unit&quot;:&quot;px&quot;,&quot;size&quot;:4,&quot;sizes&quot;:[]},&quot;lazyload&quot;:&quot;yes&quot;,&quot;gallery_layout&quot;:&quot;grid&quot;,&quot;columns_tablet&quot;:2,&quot;columns_mobile&quot;:1,&quot;gap_tablet&quot;:{&quot;unit&quot;:&quot;px&quot;,&quot;size&quot;:10,&quot;sizes&quot;:[]},&quot;gap_mobile&quot;:{&quot;unit&quot;:&quot;px&quot;,&quot;size&quot;:10,&quot;sizes&quot;:[]},&quot;link_to&quot;:&quot;file&quot;,&quot;aspect_ratio&quot;:&quot;3:2&quot;,&quot;overlay_background&quot;:&quot;yes&quot;,&quot;content_hover_animation&quot;:&quot;fade-in&quot;}\" data-widget_type=\"gallery.default\">\n\t\t\t\t<div class=\"elementor-widget-container\">\n\t\t\t\t\t\t\t\t<div class=\"elementor-gallery__titles-container e--pointer-background e--animation-shutter-out-horizontal\" aria-label=\"Gallery filter\" data-no-translation-aria-label=\"\">\n\t\t\t\t\n\t\t\t\t\t\t\t\t\t<a class=\"elementor-item elementor-gallery-title\" role=\"button\" tabindex=\"0\" data-gallery-index=\"0\">\n\t\t\t\t\t\tChildren&#039;s carol singing in the basilica, December 26, 2021\t\t\t\t\t<\/a>\n\t\t\t\t\t\t\t\t\t\t<a class=\"elementor-item elementor-gallery-title\" role=\"button\" tabindex=\"0\" data-gallery-index=\"1\">\n\t\t\t\t\t\tChristmas celebration in Liche\u0144, December 25, 2021\t\t\t\t\t<\/a>\n\t\t\t\t\t\t\t\t\t\t<a class=\"elementor-item elementor-gallery-title\" role=\"button\" tabindex=\"0\" data-gallery-index=\"2\">\n\t\t\t\t\t\tHoly Midnight Mass in the Basilica of Our Lady of Lichen, December 24, 2021.\t\t\t\t\t<\/a>\n\t\t\t\t\t\t\t\t\t\t<a class=\"elementor-item elementor-gallery-title\" role=\"button\" tabindex=\"0\" data-gallery-index=\"3\">\n\t\t\t\t\t\tNew nativity scene in Liche\u0144&#039;s basilica, December 23, 2021.\t\t\t\t\t<\/a>\n\t\t\t\t\t\t\t\t\t\t<a class=\"elementor-item elementor-gallery-title\" role=\"button\" tabindex=\"0\" data-gallery-index=\"4\">\n\t\t\t\t\t\tThe friars of the Congregation of Marian Fathers and Brothers renewed their vows on December 8, 2021.\t\t\t\t\t<\/a>\n\t\t\t\t\t\t\t\t<\/div>\n\t\t\t\t\t<div class=\"elementor-gallery__container\">\n\t\t\t\t\t\t\t<a class=\"e-gallery-item elementor-gallery-item elementor-animated-content\" data-e-gallery-tags=\"0\" href=\"https:\/\/www.lichen.pl\/wp-content\/uploads\/2021\/12\/Dzieciece-koledowanie-w-bazylice-Lichen-26-grudnia-2021-2-1.jpg\" data-elementor-open-lightbox=\"yes\" data-elementor-lightbox-slideshow=\"302feaf\" data-elementor-lightbox-title=\"Dzieci\u0119ce kol\u0119dowanie w bazylice, Liche\u0144 26 grudnia 2021 2\" data-e-action-hash=\"#elementor-action%3Aaction%3Dlightbox%26settings%3DeyJpZCI6MzUxNDUsInVybCI6Imh0dHBzOlwvXC93d3cubGljaGVuLnBsXC93cC1jb250ZW50XC91cGxvYWRzXC8yMDIxXC8xMlwvRHppZWNpZWNlLWtvbGVkb3dhbmllLXctYmF6eWxpY2UtTGljaGVuLTI2LWdydWRuaWEtMjAyMS0yLTEuanBnIiwic2xpZGVzaG93IjoiMzAyZmVhZiJ9\">\n\t\t\t\t\t<div class=\"e-gallery-image elementor-gallery-item__image\" data-thumbnail=\"https:\/\/www.lichen.pl\/wp-content\/uploads\/2021\/12\/Dzieciece-koledowanie-w-bazylice-Lichen-26-grudnia-2021-2-1-150x150.jpg\" data-width=\"150\" data-height=\"150\" aria-label=\"\" role=\"img\" ><\/div>\n\t\t\t\t\t\t\t\t\t\t\t<div class=\"elementor-gallery-item__overlay\"><\/div>\n\t\t\t\t\t\t\t\t\t\t\t\t\t\t<\/a>\n\t\t\t\t\t\t\t<a class=\"e-gallery-item elementor-gallery-item elementor-animated-content\" data-e-gallery-tags=\"0\" href=\"https:\/\/www.lichen.pl\/wp-content\/uploads\/2021\/12\/Dzieciece-koledowanie-w-bazylice-Lichen-26-grudnia-2021-34.jpg\" data-elementor-open-lightbox=\"yes\" data-elementor-lightbox-slideshow=\"302feaf\" data-elementor-lightbox-title=\"Dzieci\u0119ce kol\u0119dowanie w bazylice, Liche\u0144 26 grudnia 2021 34\" data-e-action-hash=\"#elementor-action%3Aaction%3Dlightbox%26settings%3DeyJpZCI6MzUxNDAsInVybCI6Imh0dHBzOlwvXC93d3cubGljaGVuLnBsXC93cC1jb250ZW50XC91cGxvYWRzXC8yMDIxXC8xMlwvRHppZWNpZWNlLWtvbGVkb3dhbmllLXctYmF6eWxpY2UtTGljaGVuLTI2LWdydWRuaWEtMjAyMS0zNC5qcGciLCJzbGlkZXNob3ciOiIzMDJmZWFmIn0%3D\">\n\t\t\t\t\t<div class=\"e-gallery-image elementor-gallery-item__image\" data-thumbnail=\"https:\/\/www.lichen.pl\/wp-content\/uploads\/2021\/12\/Dzieciece-koledowanie-w-bazylice-Lichen-26-grudnia-2021-34-150x150.jpg\" data-width=\"150\" data-height=\"150\" aria-label=\"\" role=\"img\" ><\/div>\n\t\t\t\t\t\t\t\t\t\t\t<div class=\"elementor-gallery-item__overlay\"><\/div>\n\t\t\t\t\t\t\t\t\t\t\t\t\t\t<\/a>\n\t\t\t\t\t\t\t<a class=\"e-gallery-item elementor-gallery-item elementor-animated-content\" data-e-gallery-tags=\"0\" href=\"https:\/\/www.lichen.pl\/wp-content\/uploads\/2021\/12\/Dzieciece-koledowanie-w-bazylice-Lichen-26-grudnia-2021-33.jpg\" data-elementor-open-lightbox=\"yes\" data-elementor-lightbox-slideshow=\"302feaf\" data-elementor-lightbox-title=\"Dzieci\u0119ce kol\u0119dowanie w bazylice, Liche\u0144 26 grudnia 2021 33\" data-e-action-hash=\"#elementor-action%3Aaction%3Dlightbox%26settings%3DeyJpZCI6MzUxMzksInVybCI6Imh0dHBzOlwvXC93d3cubGljaGVuLnBsXC93cC1jb250ZW50XC91cGxvYWRzXC8yMDIxXC8xMlwvRHppZWNpZWNlLWtvbGVkb3dhbmllLXctYmF6eWxpY2UtTGljaGVuLTI2LWdydWRuaWEtMjAyMS0zMy5qcGciLCJzbGlkZXNob3ciOiIzMDJmZWFmIn0%3D\">\n\t\t\t\t\t<div class=\"e-gallery-image elementor-gallery-item__image\" data-thumbnail=\"https:\/\/www.lichen.pl\/wp-content\/uploads\/2021\/12\/Dzieciece-koledowanie-w-bazylice-Lichen-26-grudnia-2021-33-150x150.jpg\" data-width=\"150\" data-height=\"150\" aria-label=\"\" role=\"img\" ><\/div>\n\t\t\t\t\t\t\t\t\t\t\t<div class=\"elementor-gallery-item__overlay\"><\/div>\n\t\t\t\t\t\t\t\t\t\t\t\t\t\t<\/a>\n\t\t\t\t\t\t\t<a class=\"e-gallery-item elementor-gallery-item elementor-animated-content\" data-e-gallery-tags=\"0\" href=\"https:\/\/www.lichen.pl\/wp-content\/uploads\/2021\/12\/Dzieciece-koledowanie-w-bazylice-Lichen-26-grudnia-2021-32.jpg\" data-elementor-open-lightbox=\"yes\" data-elementor-lightbox-slideshow=\"302feaf\" data-elementor-lightbox-title=\"Dzieci\u0119ce kol\u0119dowanie w bazylice, Liche\u0144 26 grudnia 2021 32\" data-e-action-hash=\"#elementor-action%3Aaction%3Dlightbox%26settings%3DeyJpZCI6MzUxMzgsInVybCI6Imh0dHBzOlwvXC93d3cubGljaGVuLnBsXC93cC1jb250ZW50XC91cGxvYWRzXC8yMDIxXC8xMlwvRHppZWNpZWNlLWtvbGVkb3dhbmllLXctYmF6eWxpY2UtTGljaGVuLTI2LWdydWRuaWEtMjAyMS0zMi5qcGciLCJzbGlkZXNob3ciOiIzMDJmZWFmIn0%3D\">\n\t\t\t\t\t<div class=\"e-gallery-image elementor-gallery-item__image\" data-thumbnail=\"https:\/\/www.lichen.pl\/wp-content\/uploads\/2021\/12\/Dzieciece-koledowanie-w-bazylice-Lichen-26-grudnia-2021-32-150x150.jpg\" data-width=\"150\" data-height=\"150\" aria-label=\"\" role=\"img\" ><\/div>\n\t\t\t\t\t\t\t\t\t\t\t<div class=\"elementor-gallery-item__overlay\"><\/div>\n\t\t\t\t\t\t\t\t\t\t\t\t\t\t<\/a>\n\t\t\t\t\t\t\t<a class=\"e-gallery-item elementor-gallery-item elementor-animated-content\" data-e-gallery-tags=\"0\" href=\"https:\/\/www.lichen.pl\/wp-content\/uploads\/2021\/12\/Dzieciece-koledowanie-w-bazylice-Lichen-26-grudnia-2021-31.jpg\" data-elementor-open-lightbox=\"yes\" data-elementor-lightbox-slideshow=\"302feaf\" data-elementor-lightbox-title=\"Dzieci\u0119ce kol\u0119dowanie w bazylice, Liche\u0144 26 grudnia 2021 31\" data-e-action-hash=\"#elementor-action%3Aaction%3Dlightbox%26settings%3DeyJpZCI6MzUxMzcsInVybCI6Imh0dHBzOlwvXC93d3cubGljaGVuLnBsXC93cC1jb250ZW50XC91cGxvYWRzXC8yMDIxXC8xMlwvRHppZWNpZWNlLWtvbGVkb3dhbmllLXctYmF6eWxpY2UtTGljaGVuLTI2LWdydWRuaWEtMjAyMS0zMS5qcGciLCJzbGlkZXNob3ciOiIzMDJmZWFmIn0%3D\">\n\t\t\t\t\t<div class=\"e-gallery-image elementor-gallery-item__image\" data-thumbnail=\"https:\/\/www.lichen.pl\/wp-content\/uploads\/2021\/12\/Dzieciece-koledowanie-w-bazylice-Lichen-26-grudnia-2021-31-150x150.jpg\" data-width=\"150\" data-height=\"150\" aria-label=\"\" role=\"img\" ><\/div>\n\t\t\t\t\t\t\t\t\t\t\t<div class=\"elementor-gallery-item__overlay\"><\/div>\n\t\t\t\t\t\t\t\t\t\t\t\t\t\t<\/a>\n\t\t\t\t\t\t\t<a class=\"e-gallery-item elementor-gallery-item elementor-animated-content\" data-e-gallery-tags=\"0\" href=\"https:\/\/www.lichen.pl\/wp-content\/uploads\/2021\/12\/Dzieciece-koledowanie-w-bazylice-Lichen-26-grudnia-2021-30.jpg\" data-elementor-open-lightbox=\"yes\" data-elementor-lightbox-slideshow=\"302feaf\" data-elementor-lightbox-title=\"Dzieci\u0119ce kol\u0119dowanie w bazylice, Liche\u0144 26 grudnia 2021 30\" data-e-action-hash=\"#elementor-action%3Aaction%3Dlightbox%26settings%3DeyJpZCI6MzUxMzYsInVybCI6Imh0dHBzOlwvXC93d3cubGljaGVuLnBsXC93cC1jb250ZW50XC91cGxvYWRzXC8yMDIxXC8xMlwvRHppZWNpZWNlLWtvbGVkb3dhbmllLXctYmF6eWxpY2UtTGljaGVuLTI2LWdydWRuaWEtMjAyMS0zMC5qcGciLCJzbGlkZXNob3ciOiIzMDJmZWFmIn0%3D\">\n\t\t\t\t\t<div class=\"e-gallery-image elementor-gallery-item__image\" data-thumbnail=\"https:\/\/www.lichen.pl\/wp-content\/uploads\/2021\/12\/Dzieciece-koledowanie-w-bazylice-Lichen-26-grudnia-2021-30-150x150.jpg\" data-width=\"150\" data-height=\"150\" aria-label=\"\" role=\"img\" ><\/div>\n\t\t\t\t\t\t\t\t\t\t\t<div class=\"elementor-gallery-item__overlay\"><\/div>\n\t\t\t\t\t\t\t\t\t\t\t\t\t\t<\/a>\n\t\t\t\t\t\t\t<a class=\"e-gallery-item elementor-gallery-item elementor-animated-content\" data-e-gallery-tags=\"0\" href=\"https:\/\/www.lichen.pl\/wp-content\/uploads\/2021\/12\/Dzieciece-koledowanie-w-bazylice-Lichen-26-grudnia-2021-29.jpg\" data-elementor-open-lightbox=\"yes\" data-elementor-lightbox-slideshow=\"302feaf\" data-elementor-lightbox-title=\"Dzieci\u0119ce kol\u0119dowanie w bazylice, Liche\u0144 26 grudnia 2021 29\" data-e-action-hash=\"#elementor-action%3Aaction%3Dlightbox%26settings%3DeyJpZCI6MzUxMzUsInVybCI6Imh0dHBzOlwvXC93d3cubGljaGVuLnBsXC93cC1jb250ZW50XC91cGxvYWRzXC8yMDIxXC8xMlwvRHppZWNpZWNlLWtvbGVkb3dhbmllLXctYmF6eWxpY2UtTGljaGVuLTI2LWdydWRuaWEtMjAyMS0yOS5qcGciLCJzbGlkZXNob3ciOiIzMDJmZWFmIn0%3D\">\n\t\t\t\t\t<div class=\"e-gallery-image elementor-gallery-item__image\" data-thumbnail=\"https:\/\/www.lichen.pl\/wp-content\/uploads\/2021\/12\/Dzieciece-koledowanie-w-bazylice-Lichen-26-grudnia-2021-29-150x150.jpg\" data-width=\"150\" data-height=\"150\" aria-label=\"\" role=\"img\" ><\/div>\n\t\t\t\t\t\t\t\t\t\t\t<div class=\"elementor-gallery-item__overlay\"><\/div>\n\t\t\t\t\t\t\t\t\t\t\t\t\t\t<\/a>\n\t\t\t\t\t\t\t<a class=\"e-gallery-item elementor-gallery-item elementor-animated-content\" data-e-gallery-tags=\"0\" href=\"https:\/\/www.lichen.pl\/wp-content\/uploads\/2021\/12\/Dzieciece-koledowanie-w-bazylice-Lichen-26-grudnia-2021-28.jpg\" data-elementor-open-lightbox=\"yes\" data-elementor-lightbox-slideshow=\"302feaf\" data-elementor-lightbox-title=\"Dzieci\u0119ce kol\u0119dowanie w bazylice, Liche\u0144 26 grudnia 2021 28\" data-e-action-hash=\"#elementor-action%3Aaction%3Dlightbox%26settings%3DeyJpZCI6MzUxMzQsInVybCI6Imh0dHBzOlwvXC93d3cubGljaGVuLnBsXC93cC1jb250ZW50XC91cGxvYWRzXC8yMDIxXC8xMlwvRHppZWNpZWNlLWtvbGVkb3dhbmllLXctYmF6eWxpY2UtTGljaGVuLTI2LWdydWRuaWEtMjAyMS0yOC5qcGciLCJzbGlkZXNob3ciOiIzMDJmZWFmIn0%3D\">\n\t\t\t\t\t<div class=\"e-gallery-image elementor-gallery-item__image\" data-thumbnail=\"https:\/\/www.lichen.pl\/wp-content\/uploads\/2021\/12\/Dzieciece-koledowanie-w-bazylice-Lichen-26-grudnia-2021-28-150x150.jpg\" data-width=\"150\" data-height=\"150\" aria-label=\"\" role=\"img\" ><\/div>\n\t\t\t\t\t\t\t\t\t\t\t<div class=\"elementor-gallery-item__overlay\"><\/div>\n\t\t\t\t\t\t\t\t\t\t\t\t\t\t<\/a>\n\t\t\t\t\t\t\t<a class=\"e-gallery-item elementor-gallery-item elementor-animated-content\" data-e-gallery-tags=\"0\" href=\"https:\/\/www.lichen.pl\/wp-content\/uploads\/2021\/12\/Dzieciece-koledowanie-w-bazylice-Lichen-26-grudnia-2021-27.jpg\" data-elementor-open-lightbox=\"yes\" data-elementor-lightbox-slideshow=\"302feaf\" data-elementor-lightbox-title=\"Dzieci\u0119ce kol\u0119dowanie w bazylice, Liche\u0144 26 grudnia 2021 27\" data-e-action-hash=\"#elementor-action%3Aaction%3Dlightbox%26settings%3DeyJpZCI6MzUxMzMsInVybCI6Imh0dHBzOlwvXC93d3cubGljaGVuLnBsXC93cC1jb250ZW50XC91cGxvYWRzXC8yMDIxXC8xMlwvRHppZWNpZWNlLWtvbGVkb3dhbmllLXctYmF6eWxpY2UtTGljaGVuLTI2LWdydWRuaWEtMjAyMS0yNy5qcGciLCJzbGlkZXNob3ciOiIzMDJmZWFmIn0%3D\">\n\t\t\t\t\t<div class=\"e-gallery-image elementor-gallery-item__image\" data-thumbnail=\"https:\/\/www.lichen.pl\/wp-content\/uploads\/2021\/12\/Dzieciece-koledowanie-w-bazylice-Lichen-26-grudnia-2021-27-150x150.jpg\" data-width=\"150\" data-height=\"150\" aria-label=\"\" role=\"img\" ><\/div>\n\t\t\t\t\t\t\t\t\t\t\t<div class=\"elementor-gallery-item__overlay\"><\/div>\n\t\t\t\t\t\t\t\t\t\t\t\t\t\t<\/a>\n\t\t\t\t\t\t\t<a class=\"e-gallery-item elementor-gallery-item elementor-animated-content\" data-e-gallery-tags=\"0\" href=\"https:\/\/www.lichen.pl\/wp-content\/uploads\/2021\/12\/Dzieciece-koledowanie-w-bazylice-Lichen-26-grudnia-2021-26.jpg\" data-elementor-open-lightbox=\"yes\" data-elementor-lightbox-slideshow=\"302feaf\" data-elementor-lightbox-title=\"Dzieci\u0119ce kol\u0119dowanie w bazylice, Liche\u0144 26 grudnia 2021 26\" data-e-action-hash=\"#elementor-action%3Aaction%3Dlightbox%26settings%3DeyJpZCI6MzUxMzIsInVybCI6Imh0dHBzOlwvXC93d3cubGljaGVuLnBsXC93cC1jb250ZW50XC91cGxvYWRzXC8yMDIxXC8xMlwvRHppZWNpZWNlLWtvbGVkb3dhbmllLXctYmF6eWxpY2UtTGljaGVuLTI2LWdydWRuaWEtMjAyMS0yNi5qcGciLCJzbGlkZXNob3ciOiIzMDJmZWFmIn0%3D\">\n\t\t\t\t\t<div class=\"e-gallery-image elementor-gallery-item__image\" data-thumbnail=\"https:\/\/www.lichen.pl\/wp-content\/uploads\/2021\/12\/Dzieciece-koledowanie-w-bazylice-Lichen-26-grudnia-2021-26-150x150.jpg\" data-width=\"150\" data-height=\"150\" aria-label=\"\" role=\"img\" ><\/div>\n\t\t\t\t\t\t\t\t\t\t\t<div class=\"elementor-gallery-item__overlay\"><\/div>\n\t\t\t\t\t\t\t\t\t\t\t\t\t\t<\/a>\n\t\t\t\t\t\t\t<a class=\"e-gallery-item elementor-gallery-item elementor-animated-content\" data-e-gallery-tags=\"0\" href=\"https:\/\/www.lichen.pl\/wp-content\/uploads\/2021\/12\/Dzieciece-koledowanie-w-bazylice-Lichen-26-grudnia-2021-25.jpg\" data-elementor-open-lightbox=\"yes\" data-elementor-lightbox-slideshow=\"302feaf\" data-elementor-lightbox-title=\"Dzieci\u0119ce kol\u0119dowanie w bazylice, Liche\u0144 26 grudnia 2021 25\" data-e-action-hash=\"#elementor-action%3Aaction%3Dlightbox%26settings%3DeyJpZCI6MzUxMzEsInVybCI6Imh0dHBzOlwvXC93d3cubGljaGVuLnBsXC93cC1jb250ZW50XC91cGxvYWRzXC8yMDIxXC8xMlwvRHppZWNpZWNlLWtvbGVkb3dhbmllLXctYmF6eWxpY2UtTGljaGVuLTI2LWdydWRuaWEtMjAyMS0yNS5qcGciLCJzbGlkZXNob3ciOiIzMDJmZWFmIn0%3D\">\n\t\t\t\t\t<div class=\"e-gallery-image elementor-gallery-item__image\" data-thumbnail=\"https:\/\/www.lichen.pl\/wp-content\/uploads\/2021\/12\/Dzieciece-koledowanie-w-bazylice-Lichen-26-grudnia-2021-25-150x150.jpg\" data-width=\"150\" data-height=\"150\" aria-label=\"\" role=\"img\" ><\/div>\n\t\t\t\t\t\t\t\t\t\t\t<div class=\"elementor-gallery-item__overlay\"><\/div>\n\t\t\t\t\t\t\t\t\t\t\t\t\t\t<\/a>\n\t\t\t\t\t\t\t<a class=\"e-gallery-item elementor-gallery-item elementor-animated-content\" data-e-gallery-tags=\"0\" href=\"https:\/\/www.lichen.pl\/wp-content\/uploads\/2021\/12\/Dzieciece-koledowanie-w-bazylice-Lichen-26-grudnia-2021-24.jpg\" data-elementor-open-lightbox=\"yes\" data-elementor-lightbox-slideshow=\"302feaf\" data-elementor-lightbox-title=\"Dzieci\u0119ce kol\u0119dowanie w bazylice, Liche\u0144 26 grudnia 2021 24\" data-e-action-hash=\"#elementor-action%3Aaction%3Dlightbox%26settings%3DeyJpZCI6MzUxMzAsInVybCI6Imh0dHBzOlwvXC93d3cubGljaGVuLnBsXC93cC1jb250ZW50XC91cGxvYWRzXC8yMDIxXC8xMlwvRHppZWNpZWNlLWtvbGVkb3dhbmllLXctYmF6eWxpY2UtTGljaGVuLTI2LWdydWRuaWEtMjAyMS0yNC5qcGciLCJzbGlkZXNob3ciOiIzMDJmZWFmIn0%3D\">\n\t\t\t\t\t<div class=\"e-gallery-image elementor-gallery-item__image\" data-thumbnail=\"https:\/\/www.lichen.pl\/wp-content\/uploads\/2021\/12\/Dzieciece-koledowanie-w-bazylice-Lichen-26-grudnia-2021-24-150x150.jpg\" data-width=\"150\" data-height=\"150\" aria-label=\"\" role=\"img\" ><\/div>\n\t\t\t\t\t\t\t\t\t\t\t<div class=\"elementor-gallery-item__overlay\"><\/div>\n\t\t\t\t\t\t\t\t\t\t\t\t\t\t<\/a>\n\t\t\t\t\t\t\t<a class=\"e-gallery-item elementor-gallery-item elementor-animated-content\" data-e-gallery-tags=\"0\" href=\"https:\/\/www.lichen.pl\/wp-content\/uploads\/2021\/12\/Dzieciece-koledowanie-w-bazylice-Lichen-26-grudnia-2021-23.jpg\" data-elementor-open-lightbox=\"yes\" data-elementor-lightbox-slideshow=\"302feaf\" data-elementor-lightbox-title=\"Dzieci\u0119ce kol\u0119dowanie w bazylice, Liche\u0144 26 grudnia 2021 23\" data-e-action-hash=\"#elementor-action%3Aaction%3Dlightbox%26settings%3DeyJpZCI6MzUxMjksInVybCI6Imh0dHBzOlwvXC93d3cubGljaGVuLnBsXC93cC1jb250ZW50XC91cGxvYWRzXC8yMDIxXC8xMlwvRHppZWNpZWNlLWtvbGVkb3dhbmllLXctYmF6eWxpY2UtTGljaGVuLTI2LWdydWRuaWEtMjAyMS0yMy5qcGciLCJzbGlkZXNob3ciOiIzMDJmZWFmIn0%3D\">\n\t\t\t\t\t<div class=\"e-gallery-image elementor-gallery-item__image\" data-thumbnail=\"https:\/\/www.lichen.pl\/wp-content\/uploads\/2021\/12\/Dzieciece-koledowanie-w-bazylice-Lichen-26-grudnia-2021-23-150x150.jpg\" data-width=\"150\" data-height=\"150\" aria-label=\"\" role=\"img\" ><\/div>\n\t\t\t\t\t\t\t\t\t\t\t<div class=\"elementor-gallery-item__overlay\"><\/div>\n\t\t\t\t\t\t\t\t\t\t\t\t\t\t<\/a>\n\t\t\t\t\t\t\t<a class=\"e-gallery-item elementor-gallery-item elementor-animated-content\" data-e-gallery-tags=\"0\" href=\"https:\/\/www.lichen.pl\/wp-content\/uploads\/2021\/12\/Dzieciece-koledowanie-w-bazylice-Lichen-26-grudnia-2021-22.jpg\" data-elementor-open-lightbox=\"yes\" data-elementor-lightbox-slideshow=\"302feaf\" data-elementor-lightbox-title=\"Dzieci\u0119ce kol\u0119dowanie w bazylice, Liche\u0144 26 grudnia 2021 22\" data-e-action-hash=\"#elementor-action%3Aaction%3Dlightbox%26settings%3DeyJpZCI6MzUxMjgsInVybCI6Imh0dHBzOlwvXC93d3cubGljaGVuLnBsXC93cC1jb250ZW50XC91cGxvYWRzXC8yMDIxXC8xMlwvRHppZWNpZWNlLWtvbGVkb3dhbmllLXctYmF6eWxpY2UtTGljaGVuLTI2LWdydWRuaWEtMjAyMS0yMi5qcGciLCJzbGlkZXNob3ciOiIzMDJmZWFmIn0%3D\">\n\t\t\t\t\t<div class=\"e-gallery-image elementor-gallery-item__image\" data-thumbnail=\"https:\/\/www.lichen.pl\/wp-content\/uploads\/2021\/12\/Dzieciece-koledowanie-w-bazylice-Lichen-26-grudnia-2021-22-150x150.jpg\" data-width=\"150\" data-height=\"150\" aria-label=\"\" role=\"img\" ><\/div>\n\t\t\t\t\t\t\t\t\t\t\t<div class=\"elementor-gallery-item__overlay\"><\/div>\n\t\t\t\t\t\t\t\t\t\t\t\t\t\t<\/a>\n\t\t\t\t\t\t\t<a class=\"e-gallery-item elementor-gallery-item elementor-animated-content\" data-e-gallery-tags=\"0\" href=\"https:\/\/www.lichen.pl\/wp-content\/uploads\/2021\/12\/Dzieciece-koledowanie-w-bazylice-Lichen-26-grudnia-2021-21.jpg\" data-elementor-open-lightbox=\"yes\" data-elementor-lightbox-slideshow=\"302feaf\" data-elementor-lightbox-title=\"Dzieci\u0119ce kol\u0119dowanie w bazylice, Liche\u0144 26 grudnia 2021 21\" data-e-action-hash=\"#elementor-action%3Aaction%3Dlightbox%26settings%3DeyJpZCI6MzUxMjcsInVybCI6Imh0dHBzOlwvXC93d3cubGljaGVuLnBsXC93cC1jb250ZW50XC91cGxvYWRzXC8yMDIxXC8xMlwvRHppZWNpZWNlLWtvbGVkb3dhbmllLXctYmF6eWxpY2UtTGljaGVuLTI2LWdydWRuaWEtMjAyMS0yMS5qcGciLCJzbGlkZXNob3ciOiIzMDJmZWFmIn0%3D\">\n\t\t\t\t\t<div class=\"e-gallery-image elementor-gallery-item__image\" data-thumbnail=\"https:\/\/www.lichen.pl\/wp-content\/uploads\/2021\/12\/Dzieciece-koledowanie-w-bazylice-Lichen-26-grudnia-2021-21-150x150.jpg\" data-width=\"150\" data-height=\"150\" aria-label=\"\" role=\"img\" ><\/div>\n\t\t\t\t\t\t\t\t\t\t\t<div class=\"elementor-gallery-item__overlay\"><\/div>\n\t\t\t\t\t\t\t\t\t\t\t\t\t\t<\/a>\n\t\t\t\t\t\t\t<a class=\"e-gallery-item elementor-gallery-item elementor-animated-content\" data-e-gallery-tags=\"0\" href=\"https:\/\/www.lichen.pl\/wp-content\/uploads\/2021\/12\/Dzieciece-koledowanie-w-bazylice-Lichen-26-grudnia-2021-20.jpg\" data-elementor-open-lightbox=\"yes\" data-elementor-lightbox-slideshow=\"302feaf\" data-elementor-lightbox-title=\"Dzieci\u0119ce kol\u0119dowanie w bazylice, Liche\u0144 26 grudnia 2021 20\" data-e-action-hash=\"#elementor-action%3Aaction%3Dlightbox%26settings%3DeyJpZCI6MzUxMjYsInVybCI6Imh0dHBzOlwvXC93d3cubGljaGVuLnBsXC93cC1jb250ZW50XC91cGxvYWRzXC8yMDIxXC8xMlwvRHppZWNpZWNlLWtvbGVkb3dhbmllLXctYmF6eWxpY2UtTGljaGVuLTI2LWdydWRuaWEtMjAyMS0yMC5qcGciLCJzbGlkZXNob3ciOiIzMDJmZWFmIn0%3D\">\n\t\t\t\t\t<div class=\"e-gallery-image elementor-gallery-item__image\" data-thumbnail=\"https:\/\/www.lichen.pl\/wp-content\/uploads\/2021\/12\/Dzieciece-koledowanie-w-bazylice-Lichen-26-grudnia-2021-20-150x150.jpg\" data-width=\"150\" data-height=\"150\" aria-label=\"\" role=\"img\" ><\/div>\n\t\t\t\t\t\t\t\t\t\t\t<div class=\"elementor-gallery-item__overlay\"><\/div>\n\t\t\t\t\t\t\t\t\t\t\t\t\t\t<\/a>\n\t\t\t\t\t\t\t<a class=\"e-gallery-item elementor-gallery-item elementor-animated-content\" data-e-gallery-tags=\"0\" href=\"https:\/\/www.lichen.pl\/wp-content\/uploads\/2021\/12\/Dzieciece-koledowanie-w-bazylice-Lichen-26-grudnia-2021-19.jpg\" data-elementor-open-lightbox=\"yes\" data-elementor-lightbox-slideshow=\"302feaf\" data-elementor-lightbox-title=\"Dzieci\u0119ce kol\u0119dowanie w bazylice, Liche\u0144 26 grudnia 2021 19\" data-e-action-hash=\"#elementor-action%3Aaction%3Dlightbox%26settings%3DeyJpZCI6MzUxMjUsInVybCI6Imh0dHBzOlwvXC93d3cubGljaGVuLnBsXC93cC1jb250ZW50XC91cGxvYWRzXC8yMDIxXC8xMlwvRHppZWNpZWNlLWtvbGVkb3dhbmllLXctYmF6eWxpY2UtTGljaGVuLTI2LWdydWRuaWEtMjAyMS0xOS5qcGciLCJzbGlkZXNob3ciOiIzMDJmZWFmIn0%3D\">\n\t\t\t\t\t<div class=\"e-gallery-image elementor-gallery-item__image\" data-thumbnail=\"https:\/\/www.lichen.pl\/wp-content\/uploads\/2021\/12\/Dzieciece-koledowanie-w-bazylice-Lichen-26-grudnia-2021-19-150x150.jpg\" data-width=\"150\" data-height=\"150\" aria-label=\"\" role=\"img\" ><\/div>\n\t\t\t\t\t\t\t\t\t\t\t<div class=\"elementor-gallery-item__overlay\"><\/div>\n\t\t\t\t\t\t\t\t\t\t\t\t\t\t<\/a>\n\t\t\t\t\t\t\t<a class=\"e-gallery-item elementor-gallery-item elementor-animated-content\" data-e-gallery-tags=\"0\" href=\"https:\/\/www.lichen.pl\/wp-content\/uploads\/2021\/12\/Dzieciece-koledowanie-w-bazylice-Lichen-26-grudnia-2021-18.jpg\" data-elementor-open-lightbox=\"yes\" data-elementor-lightbox-slideshow=\"302feaf\" data-elementor-lightbox-title=\"Dzieci\u0119ce kol\u0119dowanie w bazylice, Liche\u0144 26 grudnia 2021 18\" data-e-action-hash=\"#elementor-action%3Aaction%3Dlightbox%26settings%3DeyJpZCI6MzUxMjQsInVybCI6Imh0dHBzOlwvXC93d3cubGljaGVuLnBsXC93cC1jb250ZW50XC91cGxvYWRzXC8yMDIxXC8xMlwvRHppZWNpZWNlLWtvbGVkb3dhbmllLXctYmF6eWxpY2UtTGljaGVuLTI2LWdydWRuaWEtMjAyMS0xOC5qcGciLCJzbGlkZXNob3ciOiIzMDJmZWFmIn0%3D\">\n\t\t\t\t\t<div class=\"e-gallery-image elementor-gallery-item__image\" data-thumbnail=\"https:\/\/www.lichen.pl\/wp-content\/uploads\/2021\/12\/Dzieciece-koledowanie-w-bazylice-Lichen-26-grudnia-2021-18-150x150.jpg\" data-width=\"150\" data-height=\"150\" aria-label=\"\" role=\"img\" ><\/div>\n\t\t\t\t\t\t\t\t\t\t\t<div class=\"elementor-gallery-item__overlay\"><\/div>\n\t\t\t\t\t\t\t\t\t\t\t\t\t\t<\/a>\n\t\t\t\t\t\t\t<a class=\"e-gallery-item elementor-gallery-item elementor-animated-content\" data-e-gallery-tags=\"0\" href=\"https:\/\/www.lichen.pl\/wp-content\/uploads\/2021\/12\/Dzieciece-koledowanie-w-bazylice-Lichen-26-grudnia-2021-17.jpg\" data-elementor-open-lightbox=\"yes\" data-elementor-lightbox-slideshow=\"302feaf\" data-elementor-lightbox-title=\"Dzieci\u0119ce kol\u0119dowanie w bazylice, Liche\u0144 26 grudnia 2021 17\" data-e-action-hash=\"#elementor-action%3Aaction%3Dlightbox%26settings%3DeyJpZCI6MzUxMjMsInVybCI6Imh0dHBzOlwvXC93d3cubGljaGVuLnBsXC93cC1jb250ZW50XC91cGxvYWRzXC8yMDIxXC8xMlwvRHppZWNpZWNlLWtvbGVkb3dhbmllLXctYmF6eWxpY2UtTGljaGVuLTI2LWdydWRuaWEtMjAyMS0xNy5qcGciLCJzbGlkZXNob3ciOiIzMDJmZWFmIn0%3D\">\n\t\t\t\t\t<div class=\"e-gallery-image elementor-gallery-item__image\" data-thumbnail=\"https:\/\/www.lichen.pl\/wp-content\/uploads\/2021\/12\/Dzieciece-koledowanie-w-bazylice-Lichen-26-grudnia-2021-17-150x150.jpg\" data-width=\"150\" data-height=\"150\" aria-label=\"\" role=\"img\" ><\/div>\n\t\t\t\t\t\t\t\t\t\t\t<div class=\"elementor-gallery-item__overlay\"><\/div>\n\t\t\t\t\t\t\t\t\t\t\t\t\t\t<\/a>\n\t\t\t\t\t\t\t<a class=\"e-gallery-item elementor-gallery-item elementor-animated-content\" data-e-gallery-tags=\"0\" href=\"https:\/\/www.lichen.pl\/wp-content\/uploads\/2021\/12\/Dzieciece-koledowanie-w-bazylice-Lichen-26-grudnia-2021-16.jpg\" data-elementor-open-lightbox=\"yes\" data-elementor-lightbox-slideshow=\"302feaf\" data-elementor-lightbox-title=\"Dzieci\u0119ce kol\u0119dowanie w bazylice, Liche\u0144 26 grudnia 2021 16\" data-e-action-hash=\"#elementor-action%3Aaction%3Dlightbox%26settings%3DeyJpZCI6MzUxMjIsInVybCI6Imh0dHBzOlwvXC93d3cubGljaGVuLnBsXC93cC1jb250ZW50XC91cGxvYWRzXC8yMDIxXC8xMlwvRHppZWNpZWNlLWtvbGVkb3dhbmllLXctYmF6eWxpY2UtTGljaGVuLTI2LWdydWRuaWEtMjAyMS0xNi5qcGciLCJzbGlkZXNob3ciOiIzMDJmZWFmIn0%3D\">\n\t\t\t\t\t<div class=\"e-gallery-image elementor-gallery-item__image\" data-thumbnail=\"https:\/\/www.lichen.pl\/wp-content\/uploads\/2021\/12\/Dzieciece-koledowanie-w-bazylice-Lichen-26-grudnia-2021-16-150x150.jpg\" data-width=\"150\" data-height=\"150\" aria-label=\"\" role=\"img\" ><\/div>\n\t\t\t\t\t\t\t\t\t\t\t<div class=\"elementor-gallery-item__overlay\"><\/div>\n\t\t\t\t\t\t\t\t\t\t\t\t\t\t<\/a>\n\t\t\t\t\t\t\t<a class=\"e-gallery-item elementor-gallery-item elementor-animated-content\" data-e-gallery-tags=\"0\" href=\"https:\/\/www.lichen.pl\/wp-content\/uploads\/2021\/12\/Dzieciece-koledowanie-w-bazylice-Lichen-26-grudnia-2021-15.jpg\" data-elementor-open-lightbox=\"yes\" data-elementor-lightbox-slideshow=\"302feaf\" data-elementor-lightbox-title=\"Dzieci\u0119ce kol\u0119dowanie w bazylice, Liche\u0144 26 grudnia 2021 15\" data-e-action-hash=\"#elementor-action%3Aaction%3Dlightbox%26settings%3DeyJpZCI6MzUxMjEsInVybCI6Imh0dHBzOlwvXC93d3cubGljaGVuLnBsXC93cC1jb250ZW50XC91cGxvYWRzXC8yMDIxXC8xMlwvRHppZWNpZWNlLWtvbGVkb3dhbmllLXctYmF6eWxpY2UtTGljaGVuLTI2LWdydWRuaWEtMjAyMS0xNS5qcGciLCJzbGlkZXNob3ciOiIzMDJmZWFmIn0%3D\">\n\t\t\t\t\t<div class=\"e-gallery-image elementor-gallery-item__image\" data-thumbnail=\"https:\/\/www.lichen.pl\/wp-content\/uploads\/2021\/12\/Dzieciece-koledowanie-w-bazylice-Lichen-26-grudnia-2021-15-150x150.jpg\" data-width=\"150\" data-height=\"150\" aria-label=\"\" role=\"img\" ><\/div>\n\t\t\t\t\t\t\t\t\t\t\t<div class=\"elementor-gallery-item__overlay\"><\/div>\n\t\t\t\t\t\t\t\t\t\t\t\t\t\t<\/a>\n\t\t\t\t\t\t\t<a class=\"e-gallery-item elementor-gallery-item elementor-animated-content\" data-e-gallery-tags=\"0\" href=\"https:\/\/www.lichen.pl\/wp-content\/uploads\/2021\/12\/Dzieciece-koledowanie-w-bazylice-Lichen-26-grudnia-2021-14.jpg\" data-elementor-open-lightbox=\"yes\" data-elementor-lightbox-slideshow=\"302feaf\" data-elementor-lightbox-title=\"Dzieci\u0119ce kol\u0119dowanie w bazylice, Liche\u0144 26 grudnia 2021 14\" data-e-action-hash=\"#elementor-action%3Aaction%3Dlightbox%26settings%3DeyJpZCI6MzUxMjAsInVybCI6Imh0dHBzOlwvXC93d3cubGljaGVuLnBsXC93cC1jb250ZW50XC91cGxvYWRzXC8yMDIxXC8xMlwvRHppZWNpZWNlLWtvbGVkb3dhbmllLXctYmF6eWxpY2UtTGljaGVuLTI2LWdydWRuaWEtMjAyMS0xNC5qcGciLCJzbGlkZXNob3ciOiIzMDJmZWFmIn0%3D\">\n\t\t\t\t\t<div class=\"e-gallery-image elementor-gallery-item__image\" data-thumbnail=\"https:\/\/www.lichen.pl\/wp-content\/uploads\/2021\/12\/Dzieciece-koledowanie-w-bazylice-Lichen-26-grudnia-2021-14-150x150.jpg\" data-width=\"150\" data-height=\"150\" aria-label=\"\" role=\"img\" ><\/div>\n\t\t\t\t\t\t\t\t\t\t\t<div class=\"elementor-gallery-item__overlay\"><\/div>\n\t\t\t\t\t\t\t\t\t\t\t\t\t\t<\/a>\n\t\t\t\t\t\t\t<a class=\"e-gallery-item elementor-gallery-item elementor-animated-content\" data-e-gallery-tags=\"0\" href=\"https:\/\/www.lichen.pl\/wp-content\/uploads\/2021\/12\/Dzieciece-koledowanie-w-bazylice-Lichen-26-grudnia-2021-13.jpg\" data-elementor-open-lightbox=\"yes\" data-elementor-lightbox-slideshow=\"302feaf\" data-elementor-lightbox-title=\"Dzieci\u0119ce kol\u0119dowanie w bazylice, Liche\u0144 26 grudnia 2021 13\" data-e-action-hash=\"#elementor-action%3Aaction%3Dlightbox%26settings%3DeyJpZCI6MzUxMTksInVybCI6Imh0dHBzOlwvXC93d3cubGljaGVuLnBsXC93cC1jb250ZW50XC91cGxvYWRzXC8yMDIxXC8xMlwvRHppZWNpZWNlLWtvbGVkb3dhbmllLXctYmF6eWxpY2UtTGljaGVuLTI2LWdydWRuaWEtMjAyMS0xMy5qcGciLCJzbGlkZXNob3ciOiIzMDJmZWFmIn0%3D\">\n\t\t\t\t\t<div class=\"e-gallery-image elementor-gallery-item__image\" data-thumbnail=\"https:\/\/www.lichen.pl\/wp-content\/uploads\/2021\/12\/Dzieciece-koledowanie-w-bazylice-Lichen-26-grudnia-2021-13-150x150.jpg\" data-width=\"150\" data-height=\"150\" aria-label=\"\" role=\"img\" ><\/div>\n\t\t\t\t\t\t\t\t\t\t\t<div class=\"elementor-gallery-item__overlay\"><\/div>\n\t\t\t\t\t\t\t\t\t\t\t\t\t\t<\/a>\n\t\t\t\t\t\t\t<a class=\"e-gallery-item elementor-gallery-item elementor-animated-content\" data-e-gallery-tags=\"0\" href=\"https:\/\/www.lichen.pl\/wp-content\/uploads\/2021\/12\/Dzieciece-koledowanie-w-bazylice-Lichen-26-grudnia-2021-12.jpg\" data-elementor-open-lightbox=\"yes\" data-elementor-lightbox-slideshow=\"302feaf\" data-elementor-lightbox-title=\"Dzieci\u0119ce kol\u0119dowanie w bazylice, Liche\u0144 26 grudnia 2021 12\" data-e-action-hash=\"#elementor-action%3Aaction%3Dlightbox%26settings%3DeyJpZCI6MzUxMTgsInVybCI6Imh0dHBzOlwvXC93d3cubGljaGVuLnBsXC93cC1jb250ZW50XC91cGxvYWRzXC8yMDIxXC8xMlwvRHppZWNpZWNlLWtvbGVkb3dhbmllLXctYmF6eWxpY2UtTGljaGVuLTI2LWdydWRuaWEtMjAyMS0xMi5qcGciLCJzbGlkZXNob3ciOiIzMDJmZWFmIn0%3D\">\n\t\t\t\t\t<div class=\"e-gallery-image elementor-gallery-item__image\" data-thumbnail=\"https:\/\/www.lichen.pl\/wp-content\/uploads\/2021\/12\/Dzieciece-koledowanie-w-bazylice-Lichen-26-grudnia-2021-12-150x150.jpg\" data-width=\"150\" data-height=\"150\" aria-label=\"\" role=\"img\" ><\/div>\n\t\t\t\t\t\t\t\t\t\t\t<div class=\"elementor-gallery-item__overlay\"><\/div>\n\t\t\t\t\t\t\t\t\t\t\t\t\t\t<\/a>\n\t\t\t\t\t\t\t<a class=\"e-gallery-item elementor-gallery-item elementor-animated-content\" data-e-gallery-tags=\"0\" href=\"https:\/\/www.lichen.pl\/wp-content\/uploads\/2021\/12\/Dzieciece-koledowanie-w-bazylice-Lichen-26-grudnia-2021-11.jpg\" data-elementor-open-lightbox=\"yes\" data-elementor-lightbox-slideshow=\"302feaf\" data-elementor-lightbox-title=\"Dzieci\u0119ce kol\u0119dowanie w bazylice, Liche\u0144 26 grudnia 2021 11\" data-e-action-hash=\"#elementor-action%3Aaction%3Dlightbox%26settings%3DeyJpZCI6MzUxMTcsInVybCI6Imh0dHBzOlwvXC93d3cubGljaGVuLnBsXC93cC1jb250ZW50XC91cGxvYWRzXC8yMDIxXC8xMlwvRHppZWNpZWNlLWtvbGVkb3dhbmllLXctYmF6eWxpY2UtTGljaGVuLTI2LWdydWRuaWEtMjAyMS0xMS5qcGciLCJzbGlkZXNob3ciOiIzMDJmZWFmIn0%3D\">\n\t\t\t\t\t<div class=\"e-gallery-image elementor-gallery-item__image\" data-thumbnail=\"https:\/\/www.lichen.pl\/wp-content\/uploads\/2021\/12\/Dzieciece-koledowanie-w-bazylice-Lichen-26-grudnia-2021-11-150x150.jpg\" data-width=\"150\" data-height=\"150\" aria-label=\"\" role=\"img\" ><\/div>\n\t\t\t\t\t\t\t\t\t\t\t<div class=\"elementor-gallery-item__overlay\"><\/div>\n\t\t\t\t\t\t\t\t\t\t\t\t\t\t<\/a>\n\t\t\t\t\t\t\t<a class=\"e-gallery-item elementor-gallery-item elementor-animated-content\" data-e-gallery-tags=\"0\" href=\"https:\/\/www.lichen.pl\/wp-content\/uploads\/2021\/12\/Dzieciece-koledowanie-w-bazylice-Lichen-26-grudnia-2021-10.jpg\" data-elementor-open-lightbox=\"yes\" data-elementor-lightbox-slideshow=\"302feaf\" data-elementor-lightbox-title=\"Dzieci\u0119ce kol\u0119dowanie w bazylice, Liche\u0144 26 grudnia 2021 10\" data-e-action-hash=\"#elementor-action%3Aaction%3Dlightbox%26settings%3DeyJpZCI6MzUxMTYsInVybCI6Imh0dHBzOlwvXC93d3cubGljaGVuLnBsXC93cC1jb250ZW50XC91cGxvYWRzXC8yMDIxXC8xMlwvRHppZWNpZWNlLWtvbGVkb3dhbmllLXctYmF6eWxpY2UtTGljaGVuLTI2LWdydWRuaWEtMjAyMS0xMC5qcGciLCJzbGlkZXNob3ciOiIzMDJmZWFmIn0%3D\">\n\t\t\t\t\t<div class=\"e-gallery-image elementor-gallery-item__image\" data-thumbnail=\"https:\/\/www.lichen.pl\/wp-content\/uploads\/2021\/12\/Dzieciece-koledowanie-w-bazylice-Lichen-26-grudnia-2021-10-150x150.jpg\" data-width=\"150\" data-height=\"150\" aria-label=\"\" role=\"img\" ><\/div>\n\t\t\t\t\t\t\t\t\t\t\t<div class=\"elementor-gallery-item__overlay\"><\/div>\n\t\t\t\t\t\t\t\t\t\t\t\t\t\t<\/a>\n\t\t\t\t\t\t\t<a class=\"e-gallery-item elementor-gallery-item elementor-animated-content\" data-e-gallery-tags=\"0\" href=\"https:\/\/www.lichen.pl\/wp-content\/uploads\/2021\/12\/Dzieciece-koledowanie-w-bazylice-Lichen-26-grudnia-2021-9.jpg\" data-elementor-open-lightbox=\"yes\" data-elementor-lightbox-slideshow=\"302feaf\" data-elementor-lightbox-title=\"Dzieci\u0119ce kol\u0119dowanie w bazylice, Liche\u0144 26 grudnia 2021 9\" data-e-action-hash=\"#elementor-action%3Aaction%3Dlightbox%26settings%3DeyJpZCI6MzUxMTUsInVybCI6Imh0dHBzOlwvXC93d3cubGljaGVuLnBsXC93cC1jb250ZW50XC91cGxvYWRzXC8yMDIxXC8xMlwvRHppZWNpZWNlLWtvbGVkb3dhbmllLXctYmF6eWxpY2UtTGljaGVuLTI2LWdydWRuaWEtMjAyMS05LmpwZyIsInNsaWRlc2hvdyI6IjMwMmZlYWYifQ%3D%3D\">\n\t\t\t\t\t<div class=\"e-gallery-image elementor-gallery-item__image\" data-thumbnail=\"https:\/\/www.lichen.pl\/wp-content\/uploads\/2021\/12\/Dzieciece-koledowanie-w-bazylice-Lichen-26-grudnia-2021-9-150x150.jpg\" data-width=\"150\" data-height=\"150\" aria-label=\"\" role=\"img\" ><\/div>\n\t\t\t\t\t\t\t\t\t\t\t<div class=\"elementor-gallery-item__overlay\"><\/div>\n\t\t\t\t\t\t\t\t\t\t\t\t\t\t<\/a>\n\t\t\t\t\t\t\t<a class=\"e-gallery-item elementor-gallery-item elementor-animated-content\" data-e-gallery-tags=\"0\" href=\"https:\/\/www.lichen.pl\/wp-content\/uploads\/2021\/12\/Dzieciece-koledowanie-w-bazylice-Lichen-26-grudnia-2021-8.jpg\" data-elementor-open-lightbox=\"yes\" data-elementor-lightbox-slideshow=\"302feaf\" data-elementor-lightbox-title=\"Dzieci\u0119ce kol\u0119dowanie w bazylice, Liche\u0144 26 grudnia 2021 8\" data-e-action-hash=\"#elementor-action%3Aaction%3Dlightbox%26settings%3DeyJpZCI6MzUxMTQsInVybCI6Imh0dHBzOlwvXC93d3cubGljaGVuLnBsXC93cC1jb250ZW50XC91cGxvYWRzXC8yMDIxXC8xMlwvRHppZWNpZWNlLWtvbGVkb3dhbmllLXctYmF6eWxpY2UtTGljaGVuLTI2LWdydWRuaWEtMjAyMS04LmpwZyIsInNsaWRlc2hvdyI6IjMwMmZlYWYifQ%3D%3D\">\n\t\t\t\t\t<div class=\"e-gallery-image elementor-gallery-item__image\" data-thumbnail=\"https:\/\/www.lichen.pl\/wp-content\/uploads\/2021\/12\/Dzieciece-koledowanie-w-bazylice-Lichen-26-grudnia-2021-8-150x150.jpg\" data-width=\"150\" data-height=\"150\" aria-label=\"\" role=\"img\" ><\/div>\n\t\t\t\t\t\t\t\t\t\t\t<div class=\"elementor-gallery-item__overlay\"><\/div>\n\t\t\t\t\t\t\t\t\t\t\t\t\t\t<\/a>\n\t\t\t\t\t\t\t<a class=\"e-gallery-item elementor-gallery-item elementor-animated-content\" data-e-gallery-tags=\"0\" href=\"https:\/\/www.lichen.pl\/wp-content\/uploads\/2021\/12\/Dzieciece-koledowanie-w-bazylice-Lichen-26-grudnia-2021-7.jpg\" data-elementor-open-lightbox=\"yes\" data-elementor-lightbox-slideshow=\"302feaf\" data-elementor-lightbox-title=\"Dzieci\u0119ce kol\u0119dowanie w bazylice, Liche\u0144 26 grudnia 2021 7\" data-e-action-hash=\"#elementor-action%3Aaction%3Dlightbox%26settings%3DeyJpZCI6MzUxMTMsInVybCI6Imh0dHBzOlwvXC93d3cubGljaGVuLnBsXC93cC1jb250ZW50XC91cGxvYWRzXC8yMDIxXC8xMlwvRHppZWNpZWNlLWtvbGVkb3dhbmllLXctYmF6eWxpY2UtTGljaGVuLTI2LWdydWRuaWEtMjAyMS03LmpwZyIsInNsaWRlc2hvdyI6IjMwMmZlYWYifQ%3D%3D\">\n\t\t\t\t\t<div class=\"e-gallery-image elementor-gallery-item__image\" data-thumbnail=\"https:\/\/www.lichen.pl\/wp-content\/uploads\/2021\/12\/Dzieciece-koledowanie-w-bazylice-Lichen-26-grudnia-2021-7-150x150.jpg\" data-width=\"150\" data-height=\"150\" aria-label=\"\" role=\"img\" ><\/div>\n\t\t\t\t\t\t\t\t\t\t\t<div class=\"elementor-gallery-item__overlay\"><\/div>\n\t\t\t\t\t\t\t\t\t\t\t\t\t\t<\/a>\n\t\t\t\t\t\t\t<a class=\"e-gallery-item elementor-gallery-item elementor-animated-content\" data-e-gallery-tags=\"0\" href=\"https:\/\/www.lichen.pl\/wp-content\/uploads\/2021\/12\/Dzieciece-koledowanie-w-bazylice-Lichen-26-grudnia-2021-6.jpg\" data-elementor-open-lightbox=\"yes\" data-elementor-lightbox-slideshow=\"302feaf\" data-elementor-lightbox-title=\"Dzieci\u0119ce kol\u0119dowanie w bazylice, Liche\u0144 26 grudnia 2021 6\" data-e-action-hash=\"#elementor-action%3Aaction%3Dlightbox%26settings%3DeyJpZCI6MzUxMTIsInVybCI6Imh0dHBzOlwvXC93d3cubGljaGVuLnBsXC93cC1jb250ZW50XC91cGxvYWRzXC8yMDIxXC8xMlwvRHppZWNpZWNlLWtvbGVkb3dhbmllLXctYmF6eWxpY2UtTGljaGVuLTI2LWdydWRuaWEtMjAyMS02LmpwZyIsInNsaWRlc2hvdyI6IjMwMmZlYWYifQ%3D%3D\">\n\t\t\t\t\t<div class=\"e-gallery-image elementor-gallery-item__image\" data-thumbnail=\"https:\/\/www.lichen.pl\/wp-content\/uploads\/2021\/12\/Dzieciece-koledowanie-w-bazylice-Lichen-26-grudnia-2021-6-150x150.jpg\" data-width=\"150\" data-height=\"150\" aria-label=\"\" role=\"img\" ><\/div>\n\t\t\t\t\t\t\t\t\t\t\t<div class=\"elementor-gallery-item__overlay\"><\/div>\n\t\t\t\t\t\t\t\t\t\t\t\t\t\t<\/a>\n\t\t\t\t\t\t\t<a class=\"e-gallery-item elementor-gallery-item elementor-animated-content\" data-e-gallery-tags=\"0\" href=\"https:\/\/www.lichen.pl\/wp-content\/uploads\/2021\/12\/Dzieciece-koledowanie-w-bazylice-Lichen-26-grudnia-2021-5.jpg\" data-elementor-open-lightbox=\"yes\" data-elementor-lightbox-slideshow=\"302feaf\" data-elementor-lightbox-title=\"Dzieci\u0119ce kol\u0119dowanie w bazylice, Liche\u0144 26 grudnia 2021 5\" data-e-action-hash=\"#elementor-action%3Aaction%3Dlightbox%26settings%3DeyJpZCI6MzUxMTAsInVybCI6Imh0dHBzOlwvXC93d3cubGljaGVuLnBsXC93cC1jb250ZW50XC91cGxvYWRzXC8yMDIxXC8xMlwvRHppZWNpZWNlLWtvbGVkb3dhbmllLXctYmF6eWxpY2UtTGljaGVuLTI2LWdydWRuaWEtMjAyMS01LmpwZyIsInNsaWRlc2hvdyI6IjMwMmZlYWYifQ%3D%3D\">\n\t\t\t\t\t<div class=\"e-gallery-image elementor-gallery-item__image\" data-thumbnail=\"https:\/\/www.lichen.pl\/wp-content\/uploads\/2021\/12\/Dzieciece-koledowanie-w-bazylice-Lichen-26-grudnia-2021-5-150x150.jpg\" data-width=\"150\" data-height=\"150\" aria-label=\"\" role=\"img\" ><\/div>\n\t\t\t\t\t\t\t\t\t\t\t<div class=\"elementor-gallery-item__overlay\"><\/div>\n\t\t\t\t\t\t\t\t\t\t\t\t\t\t<\/a>\n\t\t\t\t\t\t\t<a class=\"e-gallery-item elementor-gallery-item elementor-animated-content\" data-e-gallery-tags=\"0\" href=\"https:\/\/www.lichen.pl\/wp-content\/uploads\/2021\/12\/Dzieciece-koledowanie-w-bazylice-Lichen-26-grudnia-2021-4.jpg\" data-elementor-open-lightbox=\"yes\" data-elementor-lightbox-slideshow=\"302feaf\" data-elementor-lightbox-title=\"Dzieci\u0119ce kol\u0119dowanie w bazylice, Liche\u0144 26 grudnia 2021 4\" data-e-action-hash=\"#elementor-action%3Aaction%3Dlightbox%26settings%3DeyJpZCI6MzUxMDksInVybCI6Imh0dHBzOlwvXC93d3cubGljaGVuLnBsXC93cC1jb250ZW50XC91cGxvYWRzXC8yMDIxXC8xMlwvRHppZWNpZWNlLWtvbGVkb3dhbmllLXctYmF6eWxpY2UtTGljaGVuLTI2LWdydWRuaWEtMjAyMS00LmpwZyIsInNsaWRlc2hvdyI6IjMwMmZlYWYifQ%3D%3D\">\n\t\t\t\t\t<div class=\"e-gallery-image elementor-gallery-item__image\" data-thumbnail=\"https:\/\/www.lichen.pl\/wp-content\/uploads\/2021\/12\/Dzieciece-koledowanie-w-bazylice-Lichen-26-grudnia-2021-4-150x150.jpg\" data-width=\"150\" data-height=\"150\" aria-label=\"\" role=\"img\" ><\/div>\n\t\t\t\t\t\t\t\t\t\t\t<div class=\"elementor-gallery-item__overlay\"><\/div>\n\t\t\t\t\t\t\t\t\t\t\t\t\t\t<\/a>\n\t\t\t\t\t\t\t<a class=\"e-gallery-item elementor-gallery-item elementor-animated-content\" data-e-gallery-tags=\"0\" href=\"https:\/\/www.lichen.pl\/wp-content\/uploads\/2021\/12\/Dzieciece-koledowanie-w-bazylice-Lichen-26-grudnia-2021-3.jpg\" data-elementor-open-lightbox=\"yes\" data-elementor-lightbox-slideshow=\"302feaf\" data-elementor-lightbox-title=\"Dzieci\u0119ce kol\u0119dowanie w bazylice, Liche\u0144 26 grudnia 2021 3\" data-e-action-hash=\"#elementor-action%3Aaction%3Dlightbox%26settings%3DeyJpZCI6MzUxMDgsInVybCI6Imh0dHBzOlwvXC93d3cubGljaGVuLnBsXC93cC1jb250ZW50XC91cGxvYWRzXC8yMDIxXC8xMlwvRHppZWNpZWNlLWtvbGVkb3dhbmllLXctYmF6eWxpY2UtTGljaGVuLTI2LWdydWRuaWEtMjAyMS0zLmpwZyIsInNsaWRlc2hvdyI6IjMwMmZlYWYifQ%3D%3D\">\n\t\t\t\t\t<div class=\"e-gallery-image elementor-gallery-item__image\" data-thumbnail=\"https:\/\/www.lichen.pl\/wp-content\/uploads\/2021\/12\/Dzieciece-koledowanie-w-bazylice-Lichen-26-grudnia-2021-3-150x150.jpg\" data-width=\"150\" data-height=\"150\" aria-label=\"\" role=\"img\" ><\/div>\n\t\t\t\t\t\t\t\t\t\t\t<div class=\"elementor-gallery-item__overlay\"><\/div>\n\t\t\t\t\t\t\t\t\t\t\t\t\t\t<\/a>\n\t\t\t\t\t\t\t<a class=\"e-gallery-item elementor-gallery-item elementor-animated-content\" data-e-gallery-tags=\"0\" href=\"https:\/\/www.lichen.pl\/wp-content\/uploads\/2021\/12\/Dzieciece-koledowanie-w-bazylice-Lichen-26-grudnia-2021-2.jpg\" data-elementor-open-lightbox=\"yes\" data-elementor-lightbox-slideshow=\"302feaf\" data-elementor-lightbox-title=\"Dzieci\u0119ce kol\u0119dowanie w bazylice, Liche\u0144 26 grudnia 2021 2\" data-e-action-hash=\"#elementor-action%3Aaction%3Dlightbox%26settings%3DeyJpZCI6MzUxMDcsInVybCI6Imh0dHBzOlwvXC93d3cubGljaGVuLnBsXC93cC1jb250ZW50XC91cGxvYWRzXC8yMDIxXC8xMlwvRHppZWNpZWNlLWtvbGVkb3dhbmllLXctYmF6eWxpY2UtTGljaGVuLTI2LWdydWRuaWEtMjAyMS0yLmpwZyIsInNsaWRlc2hvdyI6IjMwMmZlYWYifQ%3D%3D\">\n\t\t\t\t\t<div class=\"e-gallery-image elementor-gallery-item__image\" data-thumbnail=\"https:\/\/www.lichen.pl\/wp-content\/uploads\/2021\/12\/Dzieciece-koledowanie-w-bazylice-Lichen-26-grudnia-2021-2-150x150.jpg\" data-width=\"150\" data-height=\"150\" aria-label=\"\" role=\"img\" ><\/div>\n\t\t\t\t\t\t\t\t\t\t\t<div class=\"elementor-gallery-item__overlay\"><\/div>\n\t\t\t\t\t\t\t\t\t\t\t\t\t\t<\/a>\n\t\t\t\t\t\t\t<a class=\"e-gallery-item elementor-gallery-item elementor-animated-content\" data-e-gallery-tags=\"0\" href=\"https:\/\/www.lichen.pl\/wp-content\/uploads\/2021\/12\/Dzieciece-koledowanie-w-bazylice-Lichen-26-grudnia-2021-1.jpg\" data-elementor-open-lightbox=\"yes\" data-elementor-lightbox-slideshow=\"302feaf\" data-elementor-lightbox-title=\"Dzieci\u0119ce kol\u0119dowanie w bazylice, Liche\u0144 26 grudnia 2021 1\" data-e-action-hash=\"#elementor-action%3Aaction%3Dlightbox%26settings%3DeyJpZCI6MzUxMDYsInVybCI6Imh0dHBzOlwvXC93d3cubGljaGVuLnBsXC93cC1jb250ZW50XC91cGxvYWRzXC8yMDIxXC8xMlwvRHppZWNpZWNlLWtvbGVkb3dhbmllLXctYmF6eWxpY2UtTGljaGVuLTI2LWdydWRuaWEtMjAyMS0xLmpwZyIsInNsaWRlc2hvdyI6IjMwMmZlYWYifQ%3D%3D\">\n\t\t\t\t\t<div class=\"e-gallery-image elementor-gallery-item__image\" data-thumbnail=\"https:\/\/www.lichen.pl\/wp-content\/uploads\/2021\/12\/Dzieciece-koledowanie-w-bazylice-Lichen-26-grudnia-2021-1-150x150.jpg\" data-width=\"150\" data-height=\"150\" aria-label=\"\" role=\"img\" ><\/div>\n\t\t\t\t\t\t\t\t\t\t\t<div class=\"elementor-gallery-item__overlay\"><\/div>\n\t\t\t\t\t\t\t\t\t\t\t\t\t\t<\/a>\n\t\t\t\t\t\t\t<a class=\"e-gallery-item elementor-gallery-item elementor-animated-content\" data-e-gallery-tags=\"1\" href=\"https:\/\/www.lichen.pl\/wp-content\/uploads\/2021\/12\/Uroczystosc-Bozego-Narodzenia-Lichen-25-grudnia-2021-12-KADR.jpg\" data-elementor-open-lightbox=\"yes\" data-elementor-lightbox-slideshow=\"302feaf\" data-elementor-lightbox-title=\"Uroczysto\u015b\u0107 Bo\u017cego Narodzenia, Liche\u0144 25 grudnia 2021 12 KADR\" data-e-action-hash=\"#elementor-action%3Aaction%3Dlightbox%26settings%3DeyJpZCI6MzUwNjgsInVybCI6Imh0dHBzOlwvXC93d3cubGljaGVuLnBsXC93cC1jb250ZW50XC91cGxvYWRzXC8yMDIxXC8xMlwvVXJvY3p5c3Rvc2MtQm96ZWdvLU5hcm9kemVuaWEtTGljaGVuLTI1LWdydWRuaWEtMjAyMS0xMi1LQURSLmpwZyIsInNsaWRlc2hvdyI6IjMwMmZlYWYifQ%3D%3D\">\n\t\t\t\t\t<div class=\"e-gallery-image elementor-gallery-item__image\" data-thumbnail=\"https:\/\/www.lichen.pl\/wp-content\/uploads\/2021\/12\/Uroczystosc-Bozego-Narodzenia-Lichen-25-grudnia-2021-12-KADR-150x150.jpg\" data-width=\"150\" data-height=\"150\" aria-label=\"\" role=\"img\" ><\/div>\n\t\t\t\t\t\t\t\t\t\t\t<div class=\"elementor-gallery-item__overlay\"><\/div>\n\t\t\t\t\t\t\t\t\t\t\t\t\t\t<\/a>\n\t\t\t\t\t\t\t<a class=\"e-gallery-item elementor-gallery-item elementor-animated-content\" data-e-gallery-tags=\"1\" href=\"https:\/\/www.lichen.pl\/wp-content\/uploads\/2021\/12\/Uroczystosc-Bozego-Narodzenia-Lichen-25-grudnia-2021-KADR.jpg\" data-elementor-open-lightbox=\"yes\" data-elementor-lightbox-slideshow=\"302feaf\" data-elementor-lightbox-title=\"Uroczysto\u015b\u0107 Bo\u017cego Narodzenia, Liche\u0144 25 grudnia 2021 KADR\" data-e-action-hash=\"#elementor-action%3Aaction%3Dlightbox%26settings%3DeyJpZCI6MzUwNjYsInVybCI6Imh0dHBzOlwvXC93d3cubGljaGVuLnBsXC93cC1jb250ZW50XC91cGxvYWRzXC8yMDIxXC8xMlwvVXJvY3p5c3Rvc2MtQm96ZWdvLU5hcm9kemVuaWEtTGljaGVuLTI1LWdydWRuaWEtMjAyMS1LQURSLmpwZyIsInNsaWRlc2hvdyI6IjMwMmZlYWYifQ%3D%3D\">\n\t\t\t\t\t<div class=\"e-gallery-image elementor-gallery-item__image\" data-thumbnail=\"https:\/\/www.lichen.pl\/wp-content\/uploads\/2021\/12\/Uroczystosc-Bozego-Narodzenia-Lichen-25-grudnia-2021-KADR-150x150.jpg\" data-width=\"150\" data-height=\"150\" aria-label=\"\" role=\"img\" ><\/div>\n\t\t\t\t\t\t\t\t\t\t\t<div class=\"elementor-gallery-item__overlay\"><\/div>\n\t\t\t\t\t\t\t\t\t\t\t\t\t\t<\/a>\n\t\t\t\t\t\t\t<a class=\"e-gallery-item elementor-gallery-item elementor-animated-content\" data-e-gallery-tags=\"1\" href=\"https:\/\/www.lichen.pl\/wp-content\/uploads\/2021\/12\/Uroczystosc-Bozego-Narodzenia-Lichen-25-grudnia-2021-22.jpg\" data-elementor-open-lightbox=\"yes\" data-elementor-lightbox-slideshow=\"302feaf\" data-elementor-lightbox-title=\"Uroczysto\u015b\u0107 Bo\u017cego Narodzenia, Liche\u0144 25 grudnia 2021 22\" data-e-action-hash=\"#elementor-action%3Aaction%3Dlightbox%26settings%3DeyJpZCI6MzUwNjUsInVybCI6Imh0dHBzOlwvXC93d3cubGljaGVuLnBsXC93cC1jb250ZW50XC91cGxvYWRzXC8yMDIxXC8xMlwvVXJvY3p5c3Rvc2MtQm96ZWdvLU5hcm9kemVuaWEtTGljaGVuLTI1LWdydWRuaWEtMjAyMS0yMi5qcGciLCJzbGlkZXNob3ciOiIzMDJmZWFmIn0%3D\">\n\t\t\t\t\t<div class=\"e-gallery-image elementor-gallery-item__image\" data-thumbnail=\"https:\/\/www.lichen.pl\/wp-content\/uploads\/2021\/12\/Uroczystosc-Bozego-Narodzenia-Lichen-25-grudnia-2021-22-150x150.jpg\" data-width=\"150\" data-height=\"150\" aria-label=\"\" role=\"img\" ><\/div>\n\t\t\t\t\t\t\t\t\t\t\t<div class=\"elementor-gallery-item__overlay\"><\/div>\n\t\t\t\t\t\t\t\t\t\t\t\t\t\t<\/a>\n\t\t\t\t\t\t\t<a class=\"e-gallery-item elementor-gallery-item elementor-animated-content\" data-e-gallery-tags=\"1\" href=\"https:\/\/www.lichen.pl\/wp-content\/uploads\/2021\/12\/Uroczystosc-Bozego-Narodzenia-Lichen-25-grudnia-2021-21.jpg\" data-elementor-open-lightbox=\"yes\" data-elementor-lightbox-slideshow=\"302feaf\" data-elementor-lightbox-title=\"Uroczysto\u015b\u0107 Bo\u017cego Narodzenia, Liche\u0144 25 grudnia 2021 21\" data-e-action-hash=\"#elementor-action%3Aaction%3Dlightbox%26settings%3DeyJpZCI6MzUwNjQsInVybCI6Imh0dHBzOlwvXC93d3cubGljaGVuLnBsXC93cC1jb250ZW50XC91cGxvYWRzXC8yMDIxXC8xMlwvVXJvY3p5c3Rvc2MtQm96ZWdvLU5hcm9kemVuaWEtTGljaGVuLTI1LWdydWRuaWEtMjAyMS0yMS5qcGciLCJzbGlkZXNob3ciOiIzMDJmZWFmIn0%3D\">\n\t\t\t\t\t<div class=\"e-gallery-image elementor-gallery-item__image\" data-thumbnail=\"https:\/\/www.lichen.pl\/wp-content\/uploads\/2021\/12\/Uroczystosc-Bozego-Narodzenia-Lichen-25-grudnia-2021-21-150x150.jpg\" data-width=\"150\" data-height=\"150\" aria-label=\"\" role=\"img\" ><\/div>\n\t\t\t\t\t\t\t\t\t\t\t<div class=\"elementor-gallery-item__overlay\"><\/div>\n\t\t\t\t\t\t\t\t\t\t\t\t\t\t<\/a>\n\t\t\t\t\t\t\t<a class=\"e-gallery-item elementor-gallery-item elementor-animated-content\" data-e-gallery-tags=\"1\" href=\"https:\/\/www.lichen.pl\/wp-content\/uploads\/2021\/12\/Uroczystosc-Bozego-Narodzenia-Lichen-25-grudnia-2021-20.jpg\" data-elementor-open-lightbox=\"yes\" data-elementor-lightbox-slideshow=\"302feaf\" data-elementor-lightbox-title=\"Uroczysto\u015b\u0107 Bo\u017cego Narodzenia, Liche\u0144 25 grudnia 2021 20\" data-e-action-hash=\"#elementor-action%3Aaction%3Dlightbox%26settings%3DeyJpZCI6MzUwNjMsInVybCI6Imh0dHBzOlwvXC93d3cubGljaGVuLnBsXC93cC1jb250ZW50XC91cGxvYWRzXC8yMDIxXC8xMlwvVXJvY3p5c3Rvc2MtQm96ZWdvLU5hcm9kemVuaWEtTGljaGVuLTI1LWdydWRuaWEtMjAyMS0yMC5qcGciLCJzbGlkZXNob3ciOiIzMDJmZWFmIn0%3D\">\n\t\t\t\t\t<div class=\"e-gallery-image elementor-gallery-item__image\" data-thumbnail=\"https:\/\/www.lichen.pl\/wp-content\/uploads\/2021\/12\/Uroczystosc-Bozego-Narodzenia-Lichen-25-grudnia-2021-20-150x150.jpg\" data-width=\"150\" data-height=\"150\" aria-label=\"\" role=\"img\" ><\/div>\n\t\t\t\t\t\t\t\t\t\t\t<div class=\"elementor-gallery-item__overlay\"><\/div>\n\t\t\t\t\t\t\t\t\t\t\t\t\t\t<\/a>\n\t\t\t\t\t\t\t<a class=\"e-gallery-item elementor-gallery-item elementor-animated-content\" data-e-gallery-tags=\"1\" href=\"https:\/\/www.lichen.pl\/wp-content\/uploads\/2021\/12\/Uroczystosc-Bozego-Narodzenia-Lichen-25-grudnia-2021-19.jpg\" data-elementor-open-lightbox=\"yes\" data-elementor-lightbox-slideshow=\"302feaf\" data-elementor-lightbox-title=\"Uroczysto\u015b\u0107 Bo\u017cego Narodzenia, Liche\u0144 25 grudnia 2021 19\" data-e-action-hash=\"#elementor-action%3Aaction%3Dlightbox%26settings%3DeyJpZCI6MzUwNjIsInVybCI6Imh0dHBzOlwvXC93d3cubGljaGVuLnBsXC93cC1jb250ZW50XC91cGxvYWRzXC8yMDIxXC8xMlwvVXJvY3p5c3Rvc2MtQm96ZWdvLU5hcm9kemVuaWEtTGljaGVuLTI1LWdydWRuaWEtMjAyMS0xOS5qcGciLCJzbGlkZXNob3ciOiIzMDJmZWFmIn0%3D\">\n\t\t\t\t\t<div class=\"e-gallery-image elementor-gallery-item__image\" data-thumbnail=\"https:\/\/www.lichen.pl\/wp-content\/uploads\/2021\/12\/Uroczystosc-Bozego-Narodzenia-Lichen-25-grudnia-2021-19-150x150.jpg\" data-width=\"150\" data-height=\"150\" aria-label=\"\" role=\"img\" ><\/div>\n\t\t\t\t\t\t\t\t\t\t\t<div class=\"elementor-gallery-item__overlay\"><\/div>\n\t\t\t\t\t\t\t\t\t\t\t\t\t\t<\/a>\n\t\t\t\t\t\t\t<a class=\"e-gallery-item elementor-gallery-item elementor-animated-content\" data-e-gallery-tags=\"1\" href=\"https:\/\/www.lichen.pl\/wp-content\/uploads\/2021\/12\/Uroczystosc-Bozego-Narodzenia-Lichen-25-grudnia-2021-18.jpg\" data-elementor-open-lightbox=\"yes\" data-elementor-lightbox-slideshow=\"302feaf\" data-elementor-lightbox-title=\"Uroczysto\u015b\u0107 Bo\u017cego Narodzenia, Liche\u0144 25 grudnia 2021 18\" data-e-action-hash=\"#elementor-action%3Aaction%3Dlightbox%26settings%3DeyJpZCI6MzUwNjEsInVybCI6Imh0dHBzOlwvXC93d3cubGljaGVuLnBsXC93cC1jb250ZW50XC91cGxvYWRzXC8yMDIxXC8xMlwvVXJvY3p5c3Rvc2MtQm96ZWdvLU5hcm9kemVuaWEtTGljaGVuLTI1LWdydWRuaWEtMjAyMS0xOC5qcGciLCJzbGlkZXNob3ciOiIzMDJmZWFmIn0%3D\">\n\t\t\t\t\t<div class=\"e-gallery-image elementor-gallery-item__image\" data-thumbnail=\"https:\/\/www.lichen.pl\/wp-content\/uploads\/2021\/12\/Uroczystosc-Bozego-Narodzenia-Lichen-25-grudnia-2021-18-150x150.jpg\" data-width=\"150\" data-height=\"150\" aria-label=\"\" role=\"img\" ><\/div>\n\t\t\t\t\t\t\t\t\t\t\t<div class=\"elementor-gallery-item__overlay\"><\/div>\n\t\t\t\t\t\t\t\t\t\t\t\t\t\t<\/a>\n\t\t\t\t\t\t\t<a class=\"e-gallery-item elementor-gallery-item elementor-animated-content\" data-e-gallery-tags=\"1\" href=\"https:\/\/www.lichen.pl\/wp-content\/uploads\/2021\/12\/Uroczystosc-Bozego-Narodzenia-Lichen-25-grudnia-2021-17.jpg\" data-elementor-open-lightbox=\"yes\" data-elementor-lightbox-slideshow=\"302feaf\" data-elementor-lightbox-title=\"Uroczysto\u015b\u0107 Bo\u017cego Narodzenia, Liche\u0144 25 grudnia 2021 17\" data-e-action-hash=\"#elementor-action%3Aaction%3Dlightbox%26settings%3DeyJpZCI6MzUwNjAsInVybCI6Imh0dHBzOlwvXC93d3cubGljaGVuLnBsXC93cC1jb250ZW50XC91cGxvYWRzXC8yMDIxXC8xMlwvVXJvY3p5c3Rvc2MtQm96ZWdvLU5hcm9kemVuaWEtTGljaGVuLTI1LWdydWRuaWEtMjAyMS0xNy5qcGciLCJzbGlkZXNob3ciOiIzMDJmZWFmIn0%3D\">\n\t\t\t\t\t<div class=\"e-gallery-image elementor-gallery-item__image\" data-thumbnail=\"https:\/\/www.lichen.pl\/wp-content\/uploads\/2021\/12\/Uroczystosc-Bozego-Narodzenia-Lichen-25-grudnia-2021-17-150x150.jpg\" data-width=\"150\" data-height=\"150\" aria-label=\"\" role=\"img\" ><\/div>\n\t\t\t\t\t\t\t\t\t\t\t<div class=\"elementor-gallery-item__overlay\"><\/div>\n\t\t\t\t\t\t\t\t\t\t\t\t\t\t<\/a>\n\t\t\t\t\t\t\t<a class=\"e-gallery-item elementor-gallery-item elementor-animated-content\" data-e-gallery-tags=\"1\" href=\"https:\/\/www.lichen.pl\/wp-content\/uploads\/2021\/12\/Uroczystosc-Bozego-Narodzenia-Lichen-25-grudnia-2021-16.jpg\" data-elementor-open-lightbox=\"yes\" data-elementor-lightbox-slideshow=\"302feaf\" data-elementor-lightbox-title=\"Uroczysto\u015b\u0107 Bo\u017cego Narodzenia, Liche\u0144 25 grudnia 2021 16\" data-e-action-hash=\"#elementor-action%3Aaction%3Dlightbox%26settings%3DeyJpZCI6MzUwNTksInVybCI6Imh0dHBzOlwvXC93d3cubGljaGVuLnBsXC93cC1jb250ZW50XC91cGxvYWRzXC8yMDIxXC8xMlwvVXJvY3p5c3Rvc2MtQm96ZWdvLU5hcm9kemVuaWEtTGljaGVuLTI1LWdydWRuaWEtMjAyMS0xNi5qcGciLCJzbGlkZXNob3ciOiIzMDJmZWFmIn0%3D\">\n\t\t\t\t\t<div class=\"e-gallery-image elementor-gallery-item__image\" data-thumbnail=\"https:\/\/www.lichen.pl\/wp-content\/uploads\/2021\/12\/Uroczystosc-Bozego-Narodzenia-Lichen-25-grudnia-2021-16-150x150.jpg\" data-width=\"150\" data-height=\"150\" aria-label=\"\" role=\"img\" ><\/div>\n\t\t\t\t\t\t\t\t\t\t\t<div class=\"elementor-gallery-item__overlay\"><\/div>\n\t\t\t\t\t\t\t\t\t\t\t\t\t\t<\/a>\n\t\t\t\t\t\t\t<a class=\"e-gallery-item elementor-gallery-item elementor-animated-content\" data-e-gallery-tags=\"1\" href=\"https:\/\/www.lichen.pl\/wp-content\/uploads\/2021\/12\/Uroczystosc-Bozego-Narodzenia-Lichen-25-grudnia-2021-15.jpg\" data-elementor-open-lightbox=\"yes\" data-elementor-lightbox-slideshow=\"302feaf\" data-elementor-lightbox-title=\"Uroczysto\u015b\u0107 Bo\u017cego Narodzenia, Liche\u0144 25 grudnia 2021 15\" data-e-action-hash=\"#elementor-action%3Aaction%3Dlightbox%26settings%3DeyJpZCI6MzUwNTgsInVybCI6Imh0dHBzOlwvXC93d3cubGljaGVuLnBsXC93cC1jb250ZW50XC91cGxvYWRzXC8yMDIxXC8xMlwvVXJvY3p5c3Rvc2MtQm96ZWdvLU5hcm9kemVuaWEtTGljaGVuLTI1LWdydWRuaWEtMjAyMS0xNS5qcGciLCJzbGlkZXNob3ciOiIzMDJmZWFmIn0%3D\">\n\t\t\t\t\t<div class=\"e-gallery-image elementor-gallery-item__image\" data-thumbnail=\"https:\/\/www.lichen.pl\/wp-content\/uploads\/2021\/12\/Uroczystosc-Bozego-Narodzenia-Lichen-25-grudnia-2021-15-150x150.jpg\" data-width=\"150\" data-height=\"150\" aria-label=\"\" role=\"img\" ><\/div>\n\t\t\t\t\t\t\t\t\t\t\t<div class=\"elementor-gallery-item__overlay\"><\/div>\n\t\t\t\t\t\t\t\t\t\t\t\t\t\t<\/a>\n\t\t\t\t\t\t\t<a class=\"e-gallery-item elementor-gallery-item elementor-animated-content\" data-e-gallery-tags=\"1\" href=\"https:\/\/www.lichen.pl\/wp-content\/uploads\/2021\/12\/Uroczystosc-Bozego-Narodzenia-Lichen-25-grudnia-2021-14.jpg\" data-elementor-open-lightbox=\"yes\" data-elementor-lightbox-slideshow=\"302feaf\" data-elementor-lightbox-title=\"Uroczysto\u015b\u0107 Bo\u017cego Narodzenia, Liche\u0144 25 grudnia 2021 14\" data-e-action-hash=\"#elementor-action%3Aaction%3Dlightbox%26settings%3DeyJpZCI6MzUwNTcsInVybCI6Imh0dHBzOlwvXC93d3cubGljaGVuLnBsXC93cC1jb250ZW50XC91cGxvYWRzXC8yMDIxXC8xMlwvVXJvY3p5c3Rvc2MtQm96ZWdvLU5hcm9kemVuaWEtTGljaGVuLTI1LWdydWRuaWEtMjAyMS0xNC5qcGciLCJzbGlkZXNob3ciOiIzMDJmZWFmIn0%3D\">\n\t\t\t\t\t<div class=\"e-gallery-image elementor-gallery-item__image\" data-thumbnail=\"https:\/\/www.lichen.pl\/wp-content\/uploads\/2021\/12\/Uroczystosc-Bozego-Narodzenia-Lichen-25-grudnia-2021-14-150x150.jpg\" data-width=\"150\" data-height=\"150\" aria-label=\"\" role=\"img\" ><\/div>\n\t\t\t\t\t\t\t\t\t\t\t<div class=\"elementor-gallery-item__overlay\"><\/div>\n\t\t\t\t\t\t\t\t\t\t\t\t\t\t<\/a>\n\t\t\t\t\t\t\t<a class=\"e-gallery-item elementor-gallery-item elementor-animated-content\" data-e-gallery-tags=\"1\" href=\"https:\/\/www.lichen.pl\/wp-content\/uploads\/2021\/12\/Uroczystosc-Bozego-Narodzenia-Lichen-25-grudnia-2021-13.jpg\" data-elementor-open-lightbox=\"yes\" data-elementor-lightbox-slideshow=\"302feaf\" data-elementor-lightbox-title=\"Uroczysto\u015b\u0107 Bo\u017cego Narodzenia, Liche\u0144 25 grudnia 2021 13\" data-e-action-hash=\"#elementor-action%3Aaction%3Dlightbox%26settings%3DeyJpZCI6MzUwNTYsInVybCI6Imh0dHBzOlwvXC93d3cubGljaGVuLnBsXC93cC1jb250ZW50XC91cGxvYWRzXC8yMDIxXC8xMlwvVXJvY3p5c3Rvc2MtQm96ZWdvLU5hcm9kemVuaWEtTGljaGVuLTI1LWdydWRuaWEtMjAyMS0xMy5qcGciLCJzbGlkZXNob3ciOiIzMDJmZWFmIn0%3D\">\n\t\t\t\t\t<div class=\"e-gallery-image elementor-gallery-item__image\" data-thumbnail=\"https:\/\/www.lichen.pl\/wp-content\/uploads\/2021\/12\/Uroczystosc-Bozego-Narodzenia-Lichen-25-grudnia-2021-13-150x150.jpg\" data-width=\"150\" data-height=\"150\" aria-label=\"\" role=\"img\" ><\/div>\n\t\t\t\t\t\t\t\t\t\t\t<div class=\"elementor-gallery-item__overlay\"><\/div>\n\t\t\t\t\t\t\t\t\t\t\t\t\t\t<\/a>\n\t\t\t\t\t\t\t<a class=\"e-gallery-item elementor-gallery-item elementor-animated-content\" data-e-gallery-tags=\"1\" href=\"https:\/\/www.lichen.pl\/wp-content\/uploads\/2021\/12\/Uroczystosc-Bozego-Narodzenia-Lichen-25-grudnia-2021-12.jpg\" data-elementor-open-lightbox=\"yes\" data-elementor-lightbox-slideshow=\"302feaf\" data-elementor-lightbox-title=\"Uroczysto\u015b\u0107 Bo\u017cego Narodzenia, Liche\u0144 25 grudnia 2021 12\" data-e-action-hash=\"#elementor-action%3Aaction%3Dlightbox%26settings%3DeyJpZCI6MzUwNTUsInVybCI6Imh0dHBzOlwvXC93d3cubGljaGVuLnBsXC93cC1jb250ZW50XC91cGxvYWRzXC8yMDIxXC8xMlwvVXJvY3p5c3Rvc2MtQm96ZWdvLU5hcm9kemVuaWEtTGljaGVuLTI1LWdydWRuaWEtMjAyMS0xMi5qcGciLCJzbGlkZXNob3ciOiIzMDJmZWFmIn0%3D\">\n\t\t\t\t\t<div class=\"e-gallery-image elementor-gallery-item__image\" data-thumbnail=\"https:\/\/www.lichen.pl\/wp-content\/uploads\/2021\/12\/Uroczystosc-Bozego-Narodzenia-Lichen-25-grudnia-2021-12-150x150.jpg\" data-width=\"150\" data-height=\"150\" aria-label=\"\" role=\"img\" ><\/div>\n\t\t\t\t\t\t\t\t\t\t\t<div class=\"elementor-gallery-item__overlay\"><\/div>\n\t\t\t\t\t\t\t\t\t\t\t\t\t\t<\/a>\n\t\t\t\t\t\t\t<a class=\"e-gallery-item elementor-gallery-item elementor-animated-content\" data-e-gallery-tags=\"1\" href=\"https:\/\/www.lichen.pl\/wp-content\/uploads\/2021\/12\/Uroczystosc-Bozego-Narodzenia-Lichen-25-grudnia-2021-11.jpg\" data-elementor-open-lightbox=\"yes\" data-elementor-lightbox-slideshow=\"302feaf\" data-elementor-lightbox-title=\"Uroczysto\u015b\u0107 Bo\u017cego Narodzenia, Liche\u0144 25 grudnia 2021 11\" data-e-action-hash=\"#elementor-action%3Aaction%3Dlightbox%26settings%3DeyJpZCI6MzUwNTQsInVybCI6Imh0dHBzOlwvXC93d3cubGljaGVuLnBsXC93cC1jb250ZW50XC91cGxvYWRzXC8yMDIxXC8xMlwvVXJvY3p5c3Rvc2MtQm96ZWdvLU5hcm9kemVuaWEtTGljaGVuLTI1LWdydWRuaWEtMjAyMS0xMS5qcGciLCJzbGlkZXNob3ciOiIzMDJmZWFmIn0%3D\">\n\t\t\t\t\t<div class=\"e-gallery-image elementor-gallery-item__image\" data-thumbnail=\"https:\/\/www.lichen.pl\/wp-content\/uploads\/2021\/12\/Uroczystosc-Bozego-Narodzenia-Lichen-25-grudnia-2021-11-150x150.jpg\" data-width=\"150\" data-height=\"150\" aria-label=\"\" role=\"img\" ><\/div>\n\t\t\t\t\t\t\t\t\t\t\t<div class=\"elementor-gallery-item__overlay\"><\/div>\n\t\t\t\t\t\t\t\t\t\t\t\t\t\t<\/a>\n\t\t\t\t\t\t\t<a class=\"e-gallery-item elementor-gallery-item elementor-animated-content\" data-e-gallery-tags=\"1\" href=\"https:\/\/www.lichen.pl\/wp-content\/uploads\/2021\/12\/Uroczystosc-Bozego-Narodzenia-Lichen-25-grudnia-2021-10.jpg\" data-elementor-open-lightbox=\"yes\" data-elementor-lightbox-slideshow=\"302feaf\" data-elementor-lightbox-title=\"Uroczysto\u015b\u0107 Bo\u017cego Narodzenia, Liche\u0144 25 grudnia 2021 10\" data-e-action-hash=\"#elementor-action%3Aaction%3Dlightbox%26settings%3DeyJpZCI6MzUwNTMsInVybCI6Imh0dHBzOlwvXC93d3cubGljaGVuLnBsXC93cC1jb250ZW50XC91cGxvYWRzXC8yMDIxXC8xMlwvVXJvY3p5c3Rvc2MtQm96ZWdvLU5hcm9kemVuaWEtTGljaGVuLTI1LWdydWRuaWEtMjAyMS0xMC5qcGciLCJzbGlkZXNob3ciOiIzMDJmZWFmIn0%3D\">\n\t\t\t\t\t<div class=\"e-gallery-image elementor-gallery-item__image\" data-thumbnail=\"https:\/\/www.lichen.pl\/wp-content\/uploads\/2021\/12\/Uroczystosc-Bozego-Narodzenia-Lichen-25-grudnia-2021-10-150x150.jpg\" data-width=\"150\" data-height=\"150\" aria-label=\"\" role=\"img\" ><\/div>\n\t\t\t\t\t\t\t\t\t\t\t<div class=\"elementor-gallery-item__overlay\"><\/div>\n\t\t\t\t\t\t\t\t\t\t\t\t\t\t<\/a>\n\t\t\t\t\t\t\t<a class=\"e-gallery-item elementor-gallery-item elementor-animated-content\" data-e-gallery-tags=\"1\" href=\"https:\/\/www.lichen.pl\/wp-content\/uploads\/2021\/12\/Uroczystosc-Bozego-Narodzenia-Lichen-25-grudnia-2021-9.jpg\" data-elementor-open-lightbox=\"yes\" data-elementor-lightbox-slideshow=\"302feaf\" data-elementor-lightbox-title=\"Uroczysto\u015b\u0107 Bo\u017cego Narodzenia, Liche\u0144 25 grudnia 2021 9\" data-e-action-hash=\"#elementor-action%3Aaction%3Dlightbox%26settings%3DeyJpZCI6MzUwNTIsInVybCI6Imh0dHBzOlwvXC93d3cubGljaGVuLnBsXC93cC1jb250ZW50XC91cGxvYWRzXC8yMDIxXC8xMlwvVXJvY3p5c3Rvc2MtQm96ZWdvLU5hcm9kemVuaWEtTGljaGVuLTI1LWdydWRuaWEtMjAyMS05LmpwZyIsInNsaWRlc2hvdyI6IjMwMmZlYWYifQ%3D%3D\">\n\t\t\t\t\t<div class=\"e-gallery-image elementor-gallery-item__image\" data-thumbnail=\"https:\/\/www.lichen.pl\/wp-content\/uploads\/2021\/12\/Uroczystosc-Bozego-Narodzenia-Lichen-25-grudnia-2021-9-150x150.jpg\" data-width=\"150\" data-height=\"150\" aria-label=\"\" role=\"img\" ><\/div>\n\t\t\t\t\t\t\t\t\t\t\t<div class=\"elementor-gallery-item__overlay\"><\/div>\n\t\t\t\t\t\t\t\t\t\t\t\t\t\t<\/a>\n\t\t\t\t\t\t\t<a class=\"e-gallery-item elementor-gallery-item elementor-animated-content\" data-e-gallery-tags=\"1\" href=\"https:\/\/www.lichen.pl\/wp-content\/uploads\/2021\/12\/Uroczystosc-Bozego-Narodzenia-Lichen-25-grudnia-2021-8.jpg\" data-elementor-open-lightbox=\"yes\" data-elementor-lightbox-slideshow=\"302feaf\" data-elementor-lightbox-title=\"Uroczysto\u015b\u0107 Bo\u017cego Narodzenia, Liche\u0144 25 grudnia 2021 8\" data-e-action-hash=\"#elementor-action%3Aaction%3Dlightbox%26settings%3DeyJpZCI6MzUwNTEsInVybCI6Imh0dHBzOlwvXC93d3cubGljaGVuLnBsXC93cC1jb250ZW50XC91cGxvYWRzXC8yMDIxXC8xMlwvVXJvY3p5c3Rvc2MtQm96ZWdvLU5hcm9kemVuaWEtTGljaGVuLTI1LWdydWRuaWEtMjAyMS04LmpwZyIsInNsaWRlc2hvdyI6IjMwMmZlYWYifQ%3D%3D\">\n\t\t\t\t\t<div class=\"e-gallery-image elementor-gallery-item__image\" data-thumbnail=\"https:\/\/www.lichen.pl\/wp-content\/uploads\/2021\/12\/Uroczystosc-Bozego-Narodzenia-Lichen-25-grudnia-2021-8-150x150.jpg\" data-width=\"150\" data-height=\"150\" aria-label=\"\" role=\"img\" ><\/div>\n\t\t\t\t\t\t\t\t\t\t\t<div class=\"elementor-gallery-item__overlay\"><\/div>\n\t\t\t\t\t\t\t\t\t\t\t\t\t\t<\/a>\n\t\t\t\t\t\t\t<a class=\"e-gallery-item elementor-gallery-item elementor-animated-content\" data-e-gallery-tags=\"1\" href=\"https:\/\/www.lichen.pl\/wp-content\/uploads\/2021\/12\/Uroczystosc-Bozego-Narodzenia-Lichen-25-grudnia-2021-7.jpg\" data-elementor-open-lightbox=\"yes\" data-elementor-lightbox-slideshow=\"302feaf\" data-elementor-lightbox-title=\"Uroczysto\u015b\u0107 Bo\u017cego Narodzenia, Liche\u0144 25 grudnia 2021 7\" data-e-action-hash=\"#elementor-action%3Aaction%3Dlightbox%26settings%3DeyJpZCI6MzUwNTAsInVybCI6Imh0dHBzOlwvXC93d3cubGljaGVuLnBsXC93cC1jb250ZW50XC91cGxvYWRzXC8yMDIxXC8xMlwvVXJvY3p5c3Rvc2MtQm96ZWdvLU5hcm9kemVuaWEtTGljaGVuLTI1LWdydWRuaWEtMjAyMS03LmpwZyIsInNsaWRlc2hvdyI6IjMwMmZlYWYifQ%3D%3D\">\n\t\t\t\t\t<div class=\"e-gallery-image elementor-gallery-item__image\" data-thumbnail=\"https:\/\/www.lichen.pl\/wp-content\/uploads\/2021\/12\/Uroczystosc-Bozego-Narodzenia-Lichen-25-grudnia-2021-7-150x150.jpg\" data-width=\"150\" data-height=\"150\" aria-label=\"\" role=\"img\" ><\/div>\n\t\t\t\t\t\t\t\t\t\t\t<div class=\"elementor-gallery-item__overlay\"><\/div>\n\t\t\t\t\t\t\t\t\t\t\t\t\t\t<\/a>\n\t\t\t\t\t\t\t<a class=\"e-gallery-item elementor-gallery-item elementor-animated-content\" data-e-gallery-tags=\"1\" href=\"https:\/\/www.lichen.pl\/wp-content\/uploads\/2021\/12\/Uroczystosc-Bozego-Narodzenia-Lichen-25-grudnia-2021-6.jpg\" data-elementor-open-lightbox=\"yes\" data-elementor-lightbox-slideshow=\"302feaf\" data-elementor-lightbox-title=\"Uroczysto\u015b\u0107 Bo\u017cego Narodzenia, Liche\u0144 25 grudnia 2021 6\" data-e-action-hash=\"#elementor-action%3Aaction%3Dlightbox%26settings%3DeyJpZCI6MzUwNDksInVybCI6Imh0dHBzOlwvXC93d3cubGljaGVuLnBsXC93cC1jb250ZW50XC91cGxvYWRzXC8yMDIxXC8xMlwvVXJvY3p5c3Rvc2MtQm96ZWdvLU5hcm9kemVuaWEtTGljaGVuLTI1LWdydWRuaWEtMjAyMS02LmpwZyIsInNsaWRlc2hvdyI6IjMwMmZlYWYifQ%3D%3D\">\n\t\t\t\t\t<div class=\"e-gallery-image elementor-gallery-item__image\" data-thumbnail=\"https:\/\/www.lichen.pl\/wp-content\/uploads\/2021\/12\/Uroczystosc-Bozego-Narodzenia-Lichen-25-grudnia-2021-6-150x150.jpg\" data-width=\"150\" data-height=\"150\" aria-label=\"\" role=\"img\" ><\/div>\n\t\t\t\t\t\t\t\t\t\t\t<div class=\"elementor-gallery-item__overlay\"><\/div>\n\t\t\t\t\t\t\t\t\t\t\t\t\t\t<\/a>\n\t\t\t\t\t\t\t<a class=\"e-gallery-item elementor-gallery-item elementor-animated-content\" data-e-gallery-tags=\"1\" href=\"https:\/\/www.lichen.pl\/wp-content\/uploads\/2021\/12\/Uroczystosc-Bozego-Narodzenia-Lichen-25-grudnia-2021-5.jpg\" data-elementor-open-lightbox=\"yes\" data-elementor-lightbox-slideshow=\"302feaf\" data-elementor-lightbox-title=\"Uroczysto\u015b\u0107 Bo\u017cego Narodzenia, Liche\u0144 25 grudnia 2021 5\" data-e-action-hash=\"#elementor-action%3Aaction%3Dlightbox%26settings%3DeyJpZCI6MzUwNDgsInVybCI6Imh0dHBzOlwvXC93d3cubGljaGVuLnBsXC93cC1jb250ZW50XC91cGxvYWRzXC8yMDIxXC8xMlwvVXJvY3p5c3Rvc2MtQm96ZWdvLU5hcm9kemVuaWEtTGljaGVuLTI1LWdydWRuaWEtMjAyMS01LmpwZyIsInNsaWRlc2hvdyI6IjMwMmZlYWYifQ%3D%3D\">\n\t\t\t\t\t<div class=\"e-gallery-image elementor-gallery-item__image\" data-thumbnail=\"https:\/\/www.lichen.pl\/wp-content\/uploads\/2021\/12\/Uroczystosc-Bozego-Narodzenia-Lichen-25-grudnia-2021-5-150x150.jpg\" data-width=\"150\" data-height=\"150\" aria-label=\"\" role=\"img\" ><\/div>\n\t\t\t\t\t\t\t\t\t\t\t<div class=\"elementor-gallery-item__overlay\"><\/div>\n\t\t\t\t\t\t\t\t\t\t\t\t\t\t<\/a>\n\t\t\t\t\t\t\t<a class=\"e-gallery-item elementor-gallery-item elementor-animated-content\" data-e-gallery-tags=\"1\" href=\"https:\/\/www.lichen.pl\/wp-content\/uploads\/2021\/12\/Uroczystosc-Bozego-Narodzenia-Lichen-25-grudnia-2021-4.jpg\" data-elementor-open-lightbox=\"yes\" data-elementor-lightbox-slideshow=\"302feaf\" data-elementor-lightbox-title=\"Uroczysto\u015b\u0107 Bo\u017cego Narodzenia, Liche\u0144 25 grudnia 2021 4\" data-e-action-hash=\"#elementor-action%3Aaction%3Dlightbox%26settings%3DeyJpZCI6MzUwNDcsInVybCI6Imh0dHBzOlwvXC93d3cubGljaGVuLnBsXC93cC1jb250ZW50XC91cGxvYWRzXC8yMDIxXC8xMlwvVXJvY3p5c3Rvc2MtQm96ZWdvLU5hcm9kemVuaWEtTGljaGVuLTI1LWdydWRuaWEtMjAyMS00LmpwZyIsInNsaWRlc2hvdyI6IjMwMmZlYWYifQ%3D%3D\">\n\t\t\t\t\t<div class=\"e-gallery-image elementor-gallery-item__image\" data-thumbnail=\"https:\/\/www.lichen.pl\/wp-content\/uploads\/2021\/12\/Uroczystosc-Bozego-Narodzenia-Lichen-25-grudnia-2021-4-150x150.jpg\" data-width=\"150\" data-height=\"150\" aria-label=\"\" role=\"img\" ><\/div>\n\t\t\t\t\t\t\t\t\t\t\t<div class=\"elementor-gallery-item__overlay\"><\/div>\n\t\t\t\t\t\t\t\t\t\t\t\t\t\t<\/a>\n\t\t\t\t\t\t\t<a class=\"e-gallery-item elementor-gallery-item elementor-animated-content\" data-e-gallery-tags=\"1\" href=\"https:\/\/www.lichen.pl\/wp-content\/uploads\/2021\/12\/Uroczystosc-Bozego-Narodzenia-Lichen-25-grudnia-2021-3.jpg\" data-elementor-open-lightbox=\"yes\" data-elementor-lightbox-slideshow=\"302feaf\" data-elementor-lightbox-title=\"Uroczysto\u015b\u0107 Bo\u017cego Narodzenia, Liche\u0144 25 grudnia 2021 3\" data-e-action-hash=\"#elementor-action%3Aaction%3Dlightbox%26settings%3DeyJpZCI6MzUwNDYsInVybCI6Imh0dHBzOlwvXC93d3cubGljaGVuLnBsXC93cC1jb250ZW50XC91cGxvYWRzXC8yMDIxXC8xMlwvVXJvY3p5c3Rvc2MtQm96ZWdvLU5hcm9kemVuaWEtTGljaGVuLTI1LWdydWRuaWEtMjAyMS0zLmpwZyIsInNsaWRlc2hvdyI6IjMwMmZlYWYifQ%3D%3D\">\n\t\t\t\t\t<div class=\"e-gallery-image elementor-gallery-item__image\" data-thumbnail=\"https:\/\/www.lichen.pl\/wp-content\/uploads\/2021\/12\/Uroczystosc-Bozego-Narodzenia-Lichen-25-grudnia-2021-3-150x150.jpg\" data-width=\"150\" data-height=\"150\" aria-label=\"\" role=\"img\" ><\/div>\n\t\t\t\t\t\t\t\t\t\t\t<div class=\"elementor-gallery-item__overlay\"><\/div>\n\t\t\t\t\t\t\t\t\t\t\t\t\t\t<\/a>\n\t\t\t\t\t\t\t<a class=\"e-gallery-item elementor-gallery-item elementor-animated-content\" data-e-gallery-tags=\"1\" href=\"https:\/\/www.lichen.pl\/wp-content\/uploads\/2021\/12\/Uroczystosc-Bozego-Narodzenia-Lichen-25-grudnia-2021-2.jpg\" data-elementor-open-lightbox=\"yes\" data-elementor-lightbox-slideshow=\"302feaf\" data-elementor-lightbox-title=\"Uroczysto\u015b\u0107 Bo\u017cego Narodzenia, Liche\u0144 25 grudnia 2021 2\" data-e-action-hash=\"#elementor-action%3Aaction%3Dlightbox%26settings%3DeyJpZCI6MzUwNDUsInVybCI6Imh0dHBzOlwvXC93d3cubGljaGVuLnBsXC93cC1jb250ZW50XC91cGxvYWRzXC8yMDIxXC8xMlwvVXJvY3p5c3Rvc2MtQm96ZWdvLU5hcm9kemVuaWEtTGljaGVuLTI1LWdydWRuaWEtMjAyMS0yLmpwZyIsInNsaWRlc2hvdyI6IjMwMmZlYWYifQ%3D%3D\">\n\t\t\t\t\t<div class=\"e-gallery-image elementor-gallery-item__image\" data-thumbnail=\"https:\/\/www.lichen.pl\/wp-content\/uploads\/2021\/12\/Uroczystosc-Bozego-Narodzenia-Lichen-25-grudnia-2021-2-150x150.jpg\" data-width=\"150\" data-height=\"150\" aria-label=\"\" role=\"img\" ><\/div>\n\t\t\t\t\t\t\t\t\t\t\t<div class=\"elementor-gallery-item__overlay\"><\/div>\n\t\t\t\t\t\t\t\t\t\t\t\t\t\t<\/a>\n\t\t\t\t\t\t\t<a class=\"e-gallery-item elementor-gallery-item elementor-animated-content\" data-e-gallery-tags=\"1\" href=\"https:\/\/www.lichen.pl\/wp-content\/uploads\/2021\/12\/Uroczystosc-Bozego-Narodzenia-Lichen-25-grudnia-2021-1.jpg\" data-elementor-open-lightbox=\"yes\" data-elementor-lightbox-slideshow=\"302feaf\" data-elementor-lightbox-title=\"Uroczysto\u015b\u0107 Bo\u017cego Narodzenia, Liche\u0144 25 grudnia 2021 1\" data-e-action-hash=\"#elementor-action%3Aaction%3Dlightbox%26settings%3DeyJpZCI6MzUwNDQsInVybCI6Imh0dHBzOlwvXC93d3cubGljaGVuLnBsXC93cC1jb250ZW50XC91cGxvYWRzXC8yMDIxXC8xMlwvVXJvY3p5c3Rvc2MtQm96ZWdvLU5hcm9kemVuaWEtTGljaGVuLTI1LWdydWRuaWEtMjAyMS0xLmpwZyIsInNsaWRlc2hvdyI6IjMwMmZlYWYifQ%3D%3D\">\n\t\t\t\t\t<div class=\"e-gallery-image elementor-gallery-item__image\" data-thumbnail=\"https:\/\/www.lichen.pl\/wp-content\/uploads\/2021\/12\/Uroczystosc-Bozego-Narodzenia-Lichen-25-grudnia-2021-1-150x150.jpg\" data-width=\"150\" data-height=\"150\" aria-label=\"\" role=\"img\" ><\/div>\n\t\t\t\t\t\t\t\t\t\t\t<div class=\"elementor-gallery-item__overlay\"><\/div>\n\t\t\t\t\t\t\t\t\t\t\t\t\t\t<\/a>\n\t\t\t\t\t\t\t<a class=\"e-gallery-item elementor-gallery-item elementor-animated-content\" data-e-gallery-tags=\"2\" href=\"https:\/\/www.lichen.pl\/wp-content\/uploads\/2021\/12\/Pasterka-w-Bazylice-Matki-Bozej-Lichenskiej-24-grudnia-2021-12-kadr.jpg\" data-elementor-open-lightbox=\"yes\" data-elementor-lightbox-slideshow=\"302feaf\" data-elementor-lightbox-title=\"Pasterka w Bazylice Matki Bo\u017cej Liche\u0144skiej, 24 grudnia 2021 12 kadr\" data-e-action-hash=\"#elementor-action%3Aaction%3Dlightbox%26settings%3DeyJpZCI6MzUwMzgsInVybCI6Imh0dHBzOlwvXC93d3cubGljaGVuLnBsXC93cC1jb250ZW50XC91cGxvYWRzXC8yMDIxXC8xMlwvUGFzdGVya2Etdy1CYXp5bGljZS1NYXRraS1Cb3plai1MaWNoZW5za2llai0yNC1ncnVkbmlhLTIwMjEtMTIta2Fkci5qcGciLCJzbGlkZXNob3ciOiIzMDJmZWFmIn0%3D\">\n\t\t\t\t\t<div class=\"e-gallery-image elementor-gallery-item__image\" data-thumbnail=\"https:\/\/www.lichen.pl\/wp-content\/uploads\/2021\/12\/Pasterka-w-Bazylice-Matki-Bozej-Lichenskiej-24-grudnia-2021-12-kadr-150x150.jpg\" data-width=\"150\" data-height=\"150\" aria-label=\"\" role=\"img\" ><\/div>\n\t\t\t\t\t\t\t\t\t\t\t<div class=\"elementor-gallery-item__overlay\"><\/div>\n\t\t\t\t\t\t\t\t\t\t\t\t\t\t<\/a>\n\t\t\t\t\t\t\t<a class=\"e-gallery-item elementor-gallery-item elementor-animated-content\" data-e-gallery-tags=\"2\" href=\"https:\/\/www.lichen.pl\/wp-content\/uploads\/2021\/12\/Pasterka-w-Bazylice-Matki-Bozej-Lichenskiej-24-grudnia-2021-Kadr.jpg\" data-elementor-open-lightbox=\"yes\" data-elementor-lightbox-slideshow=\"302feaf\" data-elementor-lightbox-title=\"Pasterka w Bazylice Matki Bo\u017cej Liche\u0144skiej, 24 grudnia 2021 Kadr\" data-e-action-hash=\"#elementor-action%3Aaction%3Dlightbox%26settings%3DeyJpZCI6MzUwMzQsInVybCI6Imh0dHBzOlwvXC93d3cubGljaGVuLnBsXC93cC1jb250ZW50XC91cGxvYWRzXC8yMDIxXC8xMlwvUGFzdGVya2Etdy1CYXp5bGljZS1NYXRraS1Cb3plai1MaWNoZW5za2llai0yNC1ncnVkbmlhLTIwMjEtS2Fkci5qcGciLCJzbGlkZXNob3ciOiIzMDJmZWFmIn0%3D\">\n\t\t\t\t\t<div class=\"e-gallery-image elementor-gallery-item__image\" data-thumbnail=\"https:\/\/www.lichen.pl\/wp-content\/uploads\/2021\/12\/Pasterka-w-Bazylice-Matki-Bozej-Lichenskiej-24-grudnia-2021-Kadr-150x150.jpg\" data-width=\"150\" data-height=\"150\" aria-label=\"\" role=\"img\" ><\/div>\n\t\t\t\t\t\t\t\t\t\t\t<div class=\"elementor-gallery-item__overlay\"><\/div>\n\t\t\t\t\t\t\t\t\t\t\t\t\t\t<\/a>\n\t\t\t\t\t\t\t<a class=\"e-gallery-item elementor-gallery-item elementor-animated-content\" data-e-gallery-tags=\"2\" href=\"https:\/\/www.lichen.pl\/wp-content\/uploads\/2021\/12\/Pasterka-w-Bazylice-Matki-Bozej-Lichenskiej-24-grudnia-2021-43.jpg\" data-elementor-open-lightbox=\"yes\" data-elementor-lightbox-slideshow=\"302feaf\" data-elementor-lightbox-title=\"Pasterka w Bazylice Matki Bo\u017cej Liche\u0144skiej, 24 grudnia 2021 43\" data-e-action-hash=\"#elementor-action%3Aaction%3Dlightbox%26settings%3DeyJpZCI6MzUwMzIsInVybCI6Imh0dHBzOlwvXC93d3cubGljaGVuLnBsXC93cC1jb250ZW50XC91cGxvYWRzXC8yMDIxXC8xMlwvUGFzdGVya2Etdy1CYXp5bGljZS1NYXRraS1Cb3plai1MaWNoZW5za2llai0yNC1ncnVkbmlhLTIwMjEtNDMuanBnIiwic2xpZGVzaG93IjoiMzAyZmVhZiJ9\">\n\t\t\t\t\t<div class=\"e-gallery-image elementor-gallery-item__image\" data-thumbnail=\"https:\/\/www.lichen.pl\/wp-content\/uploads\/2021\/12\/Pasterka-w-Bazylice-Matki-Bozej-Lichenskiej-24-grudnia-2021-43-150x150.jpg\" data-width=\"150\" data-height=\"150\" aria-label=\"\" role=\"img\" ><\/div>\n\t\t\t\t\t\t\t\t\t\t\t<div class=\"elementor-gallery-item__overlay\"><\/div>\n\t\t\t\t\t\t\t\t\t\t\t\t\t\t<\/a>\n\t\t\t\t\t\t\t<a class=\"e-gallery-item elementor-gallery-item elementor-animated-content\" data-e-gallery-tags=\"2\" href=\"https:\/\/www.lichen.pl\/wp-content\/uploads\/2021\/12\/Pasterka-w-Bazylice-Matki-Bozej-Lichenskiej-24-grudnia-2021-42.jpg\" data-elementor-open-lightbox=\"yes\" data-elementor-lightbox-slideshow=\"302feaf\" data-elementor-lightbox-title=\"Pasterka w Bazylice Matki Bo\u017cej Liche\u0144skiej, 24 grudnia 2021 42\" data-e-action-hash=\"#elementor-action%3Aaction%3Dlightbox%26settings%3DeyJpZCI6MzUwMzEsInVybCI6Imh0dHBzOlwvXC93d3cubGljaGVuLnBsXC93cC1jb250ZW50XC91cGxvYWRzXC8yMDIxXC8xMlwvUGFzdGVya2Etdy1CYXp5bGljZS1NYXRraS1Cb3plai1MaWNoZW5za2llai0yNC1ncnVkbmlhLTIwMjEtNDIuanBnIiwic2xpZGVzaG93IjoiMzAyZmVhZiJ9\">\n\t\t\t\t\t<div class=\"e-gallery-image elementor-gallery-item__image\" data-thumbnail=\"https:\/\/www.lichen.pl\/wp-content\/uploads\/2021\/12\/Pasterka-w-Bazylice-Matki-Bozej-Lichenskiej-24-grudnia-2021-42-150x150.jpg\" data-width=\"150\" data-height=\"150\" aria-label=\"\" role=\"img\" ><\/div>\n\t\t\t\t\t\t\t\t\t\t\t<div class=\"elementor-gallery-item__overlay\"><\/div>\n\t\t\t\t\t\t\t\t\t\t\t\t\t\t<\/a>\n\t\t\t\t\t\t\t<a class=\"e-gallery-item elementor-gallery-item elementor-animated-content\" data-e-gallery-tags=\"2\" href=\"https:\/\/www.lichen.pl\/wp-content\/uploads\/2021\/12\/Pasterka-w-Bazylice-Matki-Bozej-Lichenskiej-24-grudnia-2021-41.jpg\" data-elementor-open-lightbox=\"yes\" data-elementor-lightbox-slideshow=\"302feaf\" data-elementor-lightbox-title=\"Pasterka w Bazylice Matki Bo\u017cej Liche\u0144skiej, 24 grudnia 2021 41\" data-e-action-hash=\"#elementor-action%3Aaction%3Dlightbox%26settings%3DeyJpZCI6MzUwMzAsInVybCI6Imh0dHBzOlwvXC93d3cubGljaGVuLnBsXC93cC1jb250ZW50XC91cGxvYWRzXC8yMDIxXC8xMlwvUGFzdGVya2Etdy1CYXp5bGljZS1NYXRraS1Cb3plai1MaWNoZW5za2llai0yNC1ncnVkbmlhLTIwMjEtNDEuanBnIiwic2xpZGVzaG93IjoiMzAyZmVhZiJ9\">\n\t\t\t\t\t<div class=\"e-gallery-image elementor-gallery-item__image\" data-thumbnail=\"https:\/\/www.lichen.pl\/wp-content\/uploads\/2021\/12\/Pasterka-w-Bazylice-Matki-Bozej-Lichenskiej-24-grudnia-2021-41-150x150.jpg\" data-width=\"150\" data-height=\"150\" aria-label=\"\" role=\"img\" ><\/div>\n\t\t\t\t\t\t\t\t\t\t\t<div class=\"elementor-gallery-item__overlay\"><\/div>\n\t\t\t\t\t\t\t\t\t\t\t\t\t\t<\/a>\n\t\t\t\t\t\t\t<a class=\"e-gallery-item elementor-gallery-item elementor-animated-content\" data-e-gallery-tags=\"2\" href=\"https:\/\/www.lichen.pl\/wp-content\/uploads\/2021\/12\/Pasterka-w-Bazylice-Matki-Bozej-Lichenskiej-24-grudnia-2021-40.jpg\" data-elementor-open-lightbox=\"yes\" data-elementor-lightbox-slideshow=\"302feaf\" data-elementor-lightbox-title=\"Pasterka w Bazylice Matki Bo\u017cej Liche\u0144skiej, 24 grudnia 2021 40\" data-e-action-hash=\"#elementor-action%3Aaction%3Dlightbox%26settings%3DeyJpZCI6MzUwMjksInVybCI6Imh0dHBzOlwvXC93d3cubGljaGVuLnBsXC93cC1jb250ZW50XC91cGxvYWRzXC8yMDIxXC8xMlwvUGFzdGVya2Etdy1CYXp5bGljZS1NYXRraS1Cb3plai1MaWNoZW5za2llai0yNC1ncnVkbmlhLTIwMjEtNDAuanBnIiwic2xpZGVzaG93IjoiMzAyZmVhZiJ9\">\n\t\t\t\t\t<div class=\"e-gallery-image elementor-gallery-item__image\" data-thumbnail=\"https:\/\/www.lichen.pl\/wp-content\/uploads\/2021\/12\/Pasterka-w-Bazylice-Matki-Bozej-Lichenskiej-24-grudnia-2021-40-150x150.jpg\" data-width=\"150\" data-height=\"150\" aria-label=\"\" role=\"img\" ><\/div>\n\t\t\t\t\t\t\t\t\t\t\t<div class=\"elementor-gallery-item__overlay\"><\/div>\n\t\t\t\t\t\t\t\t\t\t\t\t\t\t<\/a>\n\t\t\t\t\t\t\t<a class=\"e-gallery-item elementor-gallery-item elementor-animated-content\" data-e-gallery-tags=\"2\" href=\"https:\/\/www.lichen.pl\/wp-content\/uploads\/2021\/12\/Pasterka-w-Bazylice-Matki-Bozej-Lichenskiej-24-grudnia-2021-39.jpg\" data-elementor-open-lightbox=\"yes\" data-elementor-lightbox-slideshow=\"302feaf\" data-elementor-lightbox-title=\"Pasterka w Bazylice Matki Bo\u017cej Liche\u0144skiej, 24 grudnia 2021 39\" data-e-action-hash=\"#elementor-action%3Aaction%3Dlightbox%26settings%3DeyJpZCI6MzUwMjgsInVybCI6Imh0dHBzOlwvXC93d3cubGljaGVuLnBsXC93cC1jb250ZW50XC91cGxvYWRzXC8yMDIxXC8xMlwvUGFzdGVya2Etdy1CYXp5bGljZS1NYXRraS1Cb3plai1MaWNoZW5za2llai0yNC1ncnVkbmlhLTIwMjEtMzkuanBnIiwic2xpZGVzaG93IjoiMzAyZmVhZiJ9\">\n\t\t\t\t\t<div class=\"e-gallery-image elementor-gallery-item__image\" data-thumbnail=\"https:\/\/www.lichen.pl\/wp-content\/uploads\/2021\/12\/Pasterka-w-Bazylice-Matki-Bozej-Lichenskiej-24-grudnia-2021-39-150x150.jpg\" data-width=\"150\" data-height=\"150\" aria-label=\"\" role=\"img\" ><\/div>\n\t\t\t\t\t\t\t\t\t\t\t<div class=\"elementor-gallery-item__overlay\"><\/div>\n\t\t\t\t\t\t\t\t\t\t\t\t\t\t<\/a>\n\t\t\t\t\t\t\t<a class=\"e-gallery-item elementor-gallery-item elementor-animated-content\" data-e-gallery-tags=\"2\" href=\"https:\/\/www.lichen.pl\/wp-content\/uploads\/2021\/12\/Pasterka-w-Bazylice-Matki-Bozej-Lichenskiej-24-grudnia-2021-38.jpg\" data-elementor-open-lightbox=\"yes\" data-elementor-lightbox-slideshow=\"302feaf\" data-elementor-lightbox-title=\"Pasterka w Bazylice Matki Bo\u017cej Liche\u0144skiej, 24 grudnia 2021 38\" data-e-action-hash=\"#elementor-action%3Aaction%3Dlightbox%26settings%3DeyJpZCI6MzUwMjcsInVybCI6Imh0dHBzOlwvXC93d3cubGljaGVuLnBsXC93cC1jb250ZW50XC91cGxvYWRzXC8yMDIxXC8xMlwvUGFzdGVya2Etdy1CYXp5bGljZS1NYXRraS1Cb3plai1MaWNoZW5za2llai0yNC1ncnVkbmlhLTIwMjEtMzguanBnIiwic2xpZGVzaG93IjoiMzAyZmVhZiJ9\">\n\t\t\t\t\t<div class=\"e-gallery-image elementor-gallery-item__image\" data-thumbnail=\"https:\/\/www.lichen.pl\/wp-content\/uploads\/2021\/12\/Pasterka-w-Bazylice-Matki-Bozej-Lichenskiej-24-grudnia-2021-38-150x150.jpg\" data-width=\"150\" data-height=\"150\" aria-label=\"\" role=\"img\" ><\/div>\n\t\t\t\t\t\t\t\t\t\t\t<div class=\"elementor-gallery-item__overlay\"><\/div>\n\t\t\t\t\t\t\t\t\t\t\t\t\t\t<\/a>\n\t\t\t\t\t\t\t<a class=\"e-gallery-item elementor-gallery-item elementor-animated-content\" data-e-gallery-tags=\"2\" href=\"https:\/\/www.lichen.pl\/wp-content\/uploads\/2021\/12\/Pasterka-w-Bazylice-Matki-Bozej-Lichenskiej-24-grudnia-2021-37.jpg\" data-elementor-open-lightbox=\"yes\" data-elementor-lightbox-slideshow=\"302feaf\" data-elementor-lightbox-title=\"Pasterka w Bazylice Matki Bo\u017cej Liche\u0144skiej, 24 grudnia 2021 37\" data-e-action-hash=\"#elementor-action%3Aaction%3Dlightbox%26settings%3DeyJpZCI6MzUwMjYsInVybCI6Imh0dHBzOlwvXC93d3cubGljaGVuLnBsXC93cC1jb250ZW50XC91cGxvYWRzXC8yMDIxXC8xMlwvUGFzdGVya2Etdy1CYXp5bGljZS1NYXRraS1Cb3plai1MaWNoZW5za2llai0yNC1ncnVkbmlhLTIwMjEtMzcuanBnIiwic2xpZGVzaG93IjoiMzAyZmVhZiJ9\">\n\t\t\t\t\t<div class=\"e-gallery-image elementor-gallery-item__image\" data-thumbnail=\"https:\/\/www.lichen.pl\/wp-content\/uploads\/2021\/12\/Pasterka-w-Bazylice-Matki-Bozej-Lichenskiej-24-grudnia-2021-37-150x150.jpg\" data-width=\"150\" data-height=\"150\" aria-label=\"\" role=\"img\" ><\/div>\n\t\t\t\t\t\t\t\t\t\t\t<div class=\"elementor-gallery-item__overlay\"><\/div>\n\t\t\t\t\t\t\t\t\t\t\t\t\t\t<\/a>\n\t\t\t\t\t\t\t<a class=\"e-gallery-item elementor-gallery-item elementor-animated-content\" data-e-gallery-tags=\"2\" href=\"https:\/\/www.lichen.pl\/wp-content\/uploads\/2021\/12\/Pasterka-w-Bazylice-Matki-Bozej-Lichenskiej-24-grudnia-2021-36.jpg\" data-elementor-open-lightbox=\"yes\" data-elementor-lightbox-slideshow=\"302feaf\" data-elementor-lightbox-title=\"Pasterka w Bazylice Matki Bo\u017cej Liche\u0144skiej, 24 grudnia 2021 36\" data-e-action-hash=\"#elementor-action%3Aaction%3Dlightbox%26settings%3DeyJpZCI6MzUwMjUsInVybCI6Imh0dHBzOlwvXC93d3cubGljaGVuLnBsXC93cC1jb250ZW50XC91cGxvYWRzXC8yMDIxXC8xMlwvUGFzdGVya2Etdy1CYXp5bGljZS1NYXRraS1Cb3plai1MaWNoZW5za2llai0yNC1ncnVkbmlhLTIwMjEtMzYuanBnIiwic2xpZGVzaG93IjoiMzAyZmVhZiJ9\">\n\t\t\t\t\t<div class=\"e-gallery-image elementor-gallery-item__image\" data-thumbnail=\"https:\/\/www.lichen.pl\/wp-content\/uploads\/2021\/12\/Pasterka-w-Bazylice-Matki-Bozej-Lichenskiej-24-grudnia-2021-36-150x150.jpg\" data-width=\"150\" data-height=\"150\" aria-label=\"\" role=\"img\" ><\/div>\n\t\t\t\t\t\t\t\t\t\t\t<div class=\"elementor-gallery-item__overlay\"><\/div>\n\t\t\t\t\t\t\t\t\t\t\t\t\t\t<\/a>\n\t\t\t\t\t\t\t<a class=\"e-gallery-item elementor-gallery-item elementor-animated-content\" data-e-gallery-tags=\"2\" href=\"https:\/\/www.lichen.pl\/wp-content\/uploads\/2021\/12\/Pasterka-w-Bazylice-Matki-Bozej-Lichenskiej-24-grudnia-2021-35.jpg\" data-elementor-open-lightbox=\"yes\" data-elementor-lightbox-slideshow=\"302feaf\" data-elementor-lightbox-title=\"Pasterka w Bazylice Matki Bo\u017cej Liche\u0144skiej, 24 grudnia 2021 35\" data-e-action-hash=\"#elementor-action%3Aaction%3Dlightbox%26settings%3DeyJpZCI6MzUwMjQsInVybCI6Imh0dHBzOlwvXC93d3cubGljaGVuLnBsXC93cC1jb250ZW50XC91cGxvYWRzXC8yMDIxXC8xMlwvUGFzdGVya2Etdy1CYXp5bGljZS1NYXRraS1Cb3plai1MaWNoZW5za2llai0yNC1ncnVkbmlhLTIwMjEtMzUuanBnIiwic2xpZGVzaG93IjoiMzAyZmVhZiJ9\">\n\t\t\t\t\t<div class=\"e-gallery-image elementor-gallery-item__image\" data-thumbnail=\"https:\/\/www.lichen.pl\/wp-content\/uploads\/2021\/12\/Pasterka-w-Bazylice-Matki-Bozej-Lichenskiej-24-grudnia-2021-35-150x150.jpg\" data-width=\"150\" data-height=\"150\" aria-label=\"\" role=\"img\" ><\/div>\n\t\t\t\t\t\t\t\t\t\t\t<div class=\"elementor-gallery-item__overlay\"><\/div>\n\t\t\t\t\t\t\t\t\t\t\t\t\t\t<\/a>\n\t\t\t\t\t\t\t<a class=\"e-gallery-item elementor-gallery-item elementor-animated-content\" data-e-gallery-tags=\"2\" href=\"https:\/\/www.lichen.pl\/wp-content\/uploads\/2021\/12\/Pasterka-w-Bazylice-Matki-Bozej-Lichenskiej-24-grudnia-2021-34.jpg\" data-elementor-open-lightbox=\"yes\" data-elementor-lightbox-slideshow=\"302feaf\" data-elementor-lightbox-title=\"Pasterka w Bazylice Matki Bo\u017cej Liche\u0144skiej, 24 grudnia 2021 34\" data-e-action-hash=\"#elementor-action%3Aaction%3Dlightbox%26settings%3DeyJpZCI6MzUwMjMsInVybCI6Imh0dHBzOlwvXC93d3cubGljaGVuLnBsXC93cC1jb250ZW50XC91cGxvYWRzXC8yMDIxXC8xMlwvUGFzdGVya2Etdy1CYXp5bGljZS1NYXRraS1Cb3plai1MaWNoZW5za2llai0yNC1ncnVkbmlhLTIwMjEtMzQuanBnIiwic2xpZGVzaG93IjoiMzAyZmVhZiJ9\">\n\t\t\t\t\t<div class=\"e-gallery-image elementor-gallery-item__image\" data-thumbnail=\"https:\/\/www.lichen.pl\/wp-content\/uploads\/2021\/12\/Pasterka-w-Bazylice-Matki-Bozej-Lichenskiej-24-grudnia-2021-34-150x150.jpg\" data-width=\"150\" data-height=\"150\" aria-label=\"\" role=\"img\" ><\/div>\n\t\t\t\t\t\t\t\t\t\t\t<div class=\"elementor-gallery-item__overlay\"><\/div>\n\t\t\t\t\t\t\t\t\t\t\t\t\t\t<\/a>\n\t\t\t\t\t\t\t<a class=\"e-gallery-item elementor-gallery-item elementor-animated-content\" data-e-gallery-tags=\"2\" href=\"https:\/\/www.lichen.pl\/wp-content\/uploads\/2021\/12\/Pasterka-w-Bazylice-Matki-Bozej-Lichenskiej-24-grudnia-2021-33.jpg\" data-elementor-open-lightbox=\"yes\" data-elementor-lightbox-slideshow=\"302feaf\" data-elementor-lightbox-title=\"Pasterka w Bazylice Matki Bo\u017cej Liche\u0144skiej, 24 grudnia 2021 33\" data-e-action-hash=\"#elementor-action%3Aaction%3Dlightbox%26settings%3DeyJpZCI6MzUwMjIsInVybCI6Imh0dHBzOlwvXC93d3cubGljaGVuLnBsXC93cC1jb250ZW50XC91cGxvYWRzXC8yMDIxXC8xMlwvUGFzdGVya2Etdy1CYXp5bGljZS1NYXRraS1Cb3plai1MaWNoZW5za2llai0yNC1ncnVkbmlhLTIwMjEtMzMuanBnIiwic2xpZGVzaG93IjoiMzAyZmVhZiJ9\">\n\t\t\t\t\t<div class=\"e-gallery-image elementor-gallery-item__image\" data-thumbnail=\"https:\/\/www.lichen.pl\/wp-content\/uploads\/2021\/12\/Pasterka-w-Bazylice-Matki-Bozej-Lichenskiej-24-grudnia-2021-33-150x150.jpg\" data-width=\"150\" data-height=\"150\" aria-label=\"\" role=\"img\" ><\/div>\n\t\t\t\t\t\t\t\t\t\t\t<div class=\"elementor-gallery-item__overlay\"><\/div>\n\t\t\t\t\t\t\t\t\t\t\t\t\t\t<\/a>\n\t\t\t\t\t\t\t<a class=\"e-gallery-item elementor-gallery-item elementor-animated-content\" data-e-gallery-tags=\"2\" href=\"https:\/\/www.lichen.pl\/wp-content\/uploads\/2021\/12\/Pasterka-w-Bazylice-Matki-Bozej-Lichenskiej-24-grudnia-2021-32.jpg\" data-elementor-open-lightbox=\"yes\" data-elementor-lightbox-slideshow=\"302feaf\" data-elementor-lightbox-title=\"Pasterka w Bazylice Matki Bo\u017cej Liche\u0144skiej, 24 grudnia 2021 32\" data-e-action-hash=\"#elementor-action%3Aaction%3Dlightbox%26settings%3DeyJpZCI6MzUwMjEsInVybCI6Imh0dHBzOlwvXC93d3cubGljaGVuLnBsXC93cC1jb250ZW50XC91cGxvYWRzXC8yMDIxXC8xMlwvUGFzdGVya2Etdy1CYXp5bGljZS1NYXRraS1Cb3plai1MaWNoZW5za2llai0yNC1ncnVkbmlhLTIwMjEtMzIuanBnIiwic2xpZGVzaG93IjoiMzAyZmVhZiJ9\">\n\t\t\t\t\t<div class=\"e-gallery-image elementor-gallery-item__image\" data-thumbnail=\"https:\/\/www.lichen.pl\/wp-content\/uploads\/2021\/12\/Pasterka-w-Bazylice-Matki-Bozej-Lichenskiej-24-grudnia-2021-32-150x150.jpg\" data-width=\"150\" data-height=\"150\" aria-label=\"\" role=\"img\" ><\/div>\n\t\t\t\t\t\t\t\t\t\t\t<div class=\"elementor-gallery-item__overlay\"><\/div>\n\t\t\t\t\t\t\t\t\t\t\t\t\t\t<\/a>\n\t\t\t\t\t\t\t<a class=\"e-gallery-item elementor-gallery-item elementor-animated-content\" data-e-gallery-tags=\"2\" href=\"https:\/\/www.lichen.pl\/wp-content\/uploads\/2021\/12\/Pasterka-w-Bazylice-Matki-Bozej-Lichenskiej-24-grudnia-2021-31.jpg\" data-elementor-open-lightbox=\"yes\" data-elementor-lightbox-slideshow=\"302feaf\" data-elementor-lightbox-title=\"Pasterka w Bazylice Matki Bo\u017cej Liche\u0144skiej, 24 grudnia 2021 31\" data-e-action-hash=\"#elementor-action%3Aaction%3Dlightbox%26settings%3DeyJpZCI6MzUwMjAsInVybCI6Imh0dHBzOlwvXC93d3cubGljaGVuLnBsXC93cC1jb250ZW50XC91cGxvYWRzXC8yMDIxXC8xMlwvUGFzdGVya2Etdy1CYXp5bGljZS1NYXRraS1Cb3plai1MaWNoZW5za2llai0yNC1ncnVkbmlhLTIwMjEtMzEuanBnIiwic2xpZGVzaG93IjoiMzAyZmVhZiJ9\">\n\t\t\t\t\t<div class=\"e-gallery-image elementor-gallery-item__image\" data-thumbnail=\"https:\/\/www.lichen.pl\/wp-content\/uploads\/2021\/12\/Pasterka-w-Bazylice-Matki-Bozej-Lichenskiej-24-grudnia-2021-31-150x150.jpg\" data-width=\"150\" data-height=\"150\" aria-label=\"\" role=\"img\" ><\/div>\n\t\t\t\t\t\t\t\t\t\t\t<div class=\"elementor-gallery-item__overlay\"><\/div>\n\t\t\t\t\t\t\t\t\t\t\t\t\t\t<\/a>\n\t\t\t\t\t\t\t<a class=\"e-gallery-item elementor-gallery-item elementor-animated-content\" data-e-gallery-tags=\"2\" href=\"https:\/\/www.lichen.pl\/wp-content\/uploads\/2021\/12\/Pasterka-w-Bazylice-Matki-Bozej-Lichenskiej-24-grudnia-2021-30.jpg\" data-elementor-open-lightbox=\"yes\" data-elementor-lightbox-slideshow=\"302feaf\" data-elementor-lightbox-title=\"Pasterka w Bazylice Matki Bo\u017cej Liche\u0144skiej, 24 grudnia 2021 30\" data-e-action-hash=\"#elementor-action%3Aaction%3Dlightbox%26settings%3DeyJpZCI6MzUwMTksInVybCI6Imh0dHBzOlwvXC93d3cubGljaGVuLnBsXC93cC1jb250ZW50XC91cGxvYWRzXC8yMDIxXC8xMlwvUGFzdGVya2Etdy1CYXp5bGljZS1NYXRraS1Cb3plai1MaWNoZW5za2llai0yNC1ncnVkbmlhLTIwMjEtMzAuanBnIiwic2xpZGVzaG93IjoiMzAyZmVhZiJ9\">\n\t\t\t\t\t<div class=\"e-gallery-image elementor-gallery-item__image\" data-thumbnail=\"https:\/\/www.lichen.pl\/wp-content\/uploads\/2021\/12\/Pasterka-w-Bazylice-Matki-Bozej-Lichenskiej-24-grudnia-2021-30-150x150.jpg\" data-width=\"150\" data-height=\"150\" aria-label=\"\" role=\"img\" ><\/div>\n\t\t\t\t\t\t\t\t\t\t\t<div class=\"elementor-gallery-item__overlay\"><\/div>\n\t\t\t\t\t\t\t\t\t\t\t\t\t\t<\/a>\n\t\t\t\t\t\t\t<a class=\"e-gallery-item elementor-gallery-item elementor-animated-content\" data-e-gallery-tags=\"2\" href=\"https:\/\/www.lichen.pl\/wp-content\/uploads\/2021\/12\/Pasterka-w-Bazylice-Matki-Bozej-Lichenskiej-24-grudnia-2021-29.jpg\" data-elementor-open-lightbox=\"yes\" data-elementor-lightbox-slideshow=\"302feaf\" data-elementor-lightbox-title=\"Pasterka w Bazylice Matki Bo\u017cej Liche\u0144skiej, 24 grudnia 2021 29\" data-e-action-hash=\"#elementor-action%3Aaction%3Dlightbox%26settings%3DeyJpZCI6MzUwMTgsInVybCI6Imh0dHBzOlwvXC93d3cubGljaGVuLnBsXC93cC1jb250ZW50XC91cGxvYWRzXC8yMDIxXC8xMlwvUGFzdGVya2Etdy1CYXp5bGljZS1NYXRraS1Cb3plai1MaWNoZW5za2llai0yNC1ncnVkbmlhLTIwMjEtMjkuanBnIiwic2xpZGVzaG93IjoiMzAyZmVhZiJ9\">\n\t\t\t\t\t<div class=\"e-gallery-image elementor-gallery-item__image\" data-thumbnail=\"https:\/\/www.lichen.pl\/wp-content\/uploads\/2021\/12\/Pasterka-w-Bazylice-Matki-Bozej-Lichenskiej-24-grudnia-2021-29-150x150.jpg\" data-width=\"150\" data-height=\"150\" aria-label=\"\" role=\"img\" ><\/div>\n\t\t\t\t\t\t\t\t\t\t\t<div class=\"elementor-gallery-item__overlay\"><\/div>\n\t\t\t\t\t\t\t\t\t\t\t\t\t\t<\/a>\n\t\t\t\t\t\t\t<a class=\"e-gallery-item elementor-gallery-item elementor-animated-content\" data-e-gallery-tags=\"2\" href=\"https:\/\/www.lichen.pl\/wp-content\/uploads\/2021\/12\/Pasterka-w-Bazylice-Matki-Bozej-Lichenskiej-24-grudnia-2021-28.jpg\" data-elementor-open-lightbox=\"yes\" data-elementor-lightbox-slideshow=\"302feaf\" data-elementor-lightbox-title=\"Pasterka w Bazylice Matki Bo\u017cej Liche\u0144skiej, 24 grudnia 2021 28\" data-e-action-hash=\"#elementor-action%3Aaction%3Dlightbox%26settings%3DeyJpZCI6MzUwMTcsInVybCI6Imh0dHBzOlwvXC93d3cubGljaGVuLnBsXC93cC1jb250ZW50XC91cGxvYWRzXC8yMDIxXC8xMlwvUGFzdGVya2Etdy1CYXp5bGljZS1NYXRraS1Cb3plai1MaWNoZW5za2llai0yNC1ncnVkbmlhLTIwMjEtMjguanBnIiwic2xpZGVzaG93IjoiMzAyZmVhZiJ9\">\n\t\t\t\t\t<div class=\"e-gallery-image elementor-gallery-item__image\" data-thumbnail=\"https:\/\/www.lichen.pl\/wp-content\/uploads\/2021\/12\/Pasterka-w-Bazylice-Matki-Bozej-Lichenskiej-24-grudnia-2021-28-150x150.jpg\" data-width=\"150\" data-height=\"150\" aria-label=\"\" role=\"img\" ><\/div>\n\t\t\t\t\t\t\t\t\t\t\t<div class=\"elementor-gallery-item__overlay\"><\/div>\n\t\t\t\t\t\t\t\t\t\t\t\t\t\t<\/a>\n\t\t\t\t\t\t\t<a class=\"e-gallery-item elementor-gallery-item elementor-animated-content\" data-e-gallery-tags=\"2\" href=\"https:\/\/www.lichen.pl\/wp-content\/uploads\/2021\/12\/Pasterka-w-Bazylice-Matki-Bozej-Lichenskiej-24-grudnia-2021-27.jpg\" data-elementor-open-lightbox=\"yes\" data-elementor-lightbox-slideshow=\"302feaf\" data-elementor-lightbox-title=\"Pasterka w Bazylice Matki Bo\u017cej Liche\u0144skiej, 24 grudnia 2021 27\" data-e-action-hash=\"#elementor-action%3Aaction%3Dlightbox%26settings%3DeyJpZCI6MzUwMTYsInVybCI6Imh0dHBzOlwvXC93d3cubGljaGVuLnBsXC93cC1jb250ZW50XC91cGxvYWRzXC8yMDIxXC8xMlwvUGFzdGVya2Etdy1CYXp5bGljZS1NYXRraS1Cb3plai1MaWNoZW5za2llai0yNC1ncnVkbmlhLTIwMjEtMjcuanBnIiwic2xpZGVzaG93IjoiMzAyZmVhZiJ9\">\n\t\t\t\t\t<div class=\"e-gallery-image elementor-gallery-item__image\" data-thumbnail=\"https:\/\/www.lichen.pl\/wp-content\/uploads\/2021\/12\/Pasterka-w-Bazylice-Matki-Bozej-Lichenskiej-24-grudnia-2021-27-150x150.jpg\" data-width=\"150\" data-height=\"150\" aria-label=\"\" role=\"img\" ><\/div>\n\t\t\t\t\t\t\t\t\t\t\t<div class=\"elementor-gallery-item__overlay\"><\/div>\n\t\t\t\t\t\t\t\t\t\t\t\t\t\t<\/a>\n\t\t\t\t\t\t\t<a class=\"e-gallery-item elementor-gallery-item elementor-animated-content\" data-e-gallery-tags=\"2\" href=\"https:\/\/www.lichen.pl\/wp-content\/uploads\/2021\/12\/Pasterka-w-Bazylice-Matki-Bozej-Lichenskiej-24-grudnia-2021-26.jpg\" data-elementor-open-lightbox=\"yes\" data-elementor-lightbox-slideshow=\"302feaf\" data-elementor-lightbox-title=\"Pasterka w Bazylice Matki Bo\u017cej Liche\u0144skiej, 24 grudnia 2021 26\" data-e-action-hash=\"#elementor-action%3Aaction%3Dlightbox%26settings%3DeyJpZCI6MzUwMTUsInVybCI6Imh0dHBzOlwvXC93d3cubGljaGVuLnBsXC93cC1jb250ZW50XC91cGxvYWRzXC8yMDIxXC8xMlwvUGFzdGVya2Etdy1CYXp5bGljZS1NYXRraS1Cb3plai1MaWNoZW5za2llai0yNC1ncnVkbmlhLTIwMjEtMjYuanBnIiwic2xpZGVzaG93IjoiMzAyZmVhZiJ9\">\n\t\t\t\t\t<div class=\"e-gallery-image elementor-gallery-item__image\" data-thumbnail=\"https:\/\/www.lichen.pl\/wp-content\/uploads\/2021\/12\/Pasterka-w-Bazylice-Matki-Bozej-Lichenskiej-24-grudnia-2021-26-150x150.jpg\" data-width=\"150\" data-height=\"150\" aria-label=\"\" role=\"img\" ><\/div>\n\t\t\t\t\t\t\t\t\t\t\t<div class=\"elementor-gallery-item__overlay\"><\/div>\n\t\t\t\t\t\t\t\t\t\t\t\t\t\t<\/a>\n\t\t\t\t\t\t\t<a class=\"e-gallery-item elementor-gallery-item elementor-animated-content\" data-e-gallery-tags=\"2\" href=\"https:\/\/www.lichen.pl\/wp-content\/uploads\/2021\/12\/Pasterka-w-Bazylice-Matki-Bozej-Lichenskiej-24-grudnia-2021-25.jpg\" data-elementor-open-lightbox=\"yes\" data-elementor-lightbox-slideshow=\"302feaf\" data-elementor-lightbox-title=\"Pasterka w Bazylice Matki Bo\u017cej Liche\u0144skiej, 24 grudnia 2021 25\" data-e-action-hash=\"#elementor-action%3Aaction%3Dlightbox%26settings%3DeyJpZCI6MzUwMTQsInVybCI6Imh0dHBzOlwvXC93d3cubGljaGVuLnBsXC93cC1jb250ZW50XC91cGxvYWRzXC8yMDIxXC8xMlwvUGFzdGVya2Etdy1CYXp5bGljZS1NYXRraS1Cb3plai1MaWNoZW5za2llai0yNC1ncnVkbmlhLTIwMjEtMjUuanBnIiwic2xpZGVzaG93IjoiMzAyZmVhZiJ9\">\n\t\t\t\t\t<div class=\"e-gallery-image elementor-gallery-item__image\" data-thumbnail=\"https:\/\/www.lichen.pl\/wp-content\/uploads\/2021\/12\/Pasterka-w-Bazylice-Matki-Bozej-Lichenskiej-24-grudnia-2021-25-150x150.jpg\" data-width=\"150\" data-height=\"150\" aria-label=\"\" role=\"img\" ><\/div>\n\t\t\t\t\t\t\t\t\t\t\t<div class=\"elementor-gallery-item__overlay\"><\/div>\n\t\t\t\t\t\t\t\t\t\t\t\t\t\t<\/a>\n\t\t\t\t\t\t\t<a class=\"e-gallery-item elementor-gallery-item elementor-animated-content\" data-e-gallery-tags=\"2\" href=\"https:\/\/www.lichen.pl\/wp-content\/uploads\/2021\/12\/Pasterka-w-Bazylice-Matki-Bozej-Lichenskiej-24-grudnia-2021-24.jpg\" data-elementor-open-lightbox=\"yes\" data-elementor-lightbox-slideshow=\"302feaf\" data-elementor-lightbox-title=\"Pasterka w Bazylice Matki Bo\u017cej Liche\u0144skiej, 24 grudnia 2021 24\" data-e-action-hash=\"#elementor-action%3Aaction%3Dlightbox%26settings%3DeyJpZCI6MzUwMTMsInVybCI6Imh0dHBzOlwvXC93d3cubGljaGVuLnBsXC93cC1jb250ZW50XC91cGxvYWRzXC8yMDIxXC8xMlwvUGFzdGVya2Etdy1CYXp5bGljZS1NYXRraS1Cb3plai1MaWNoZW5za2llai0yNC1ncnVkbmlhLTIwMjEtMjQuanBnIiwic2xpZGVzaG93IjoiMzAyZmVhZiJ9\">\n\t\t\t\t\t<div class=\"e-gallery-image elementor-gallery-item__image\" data-thumbnail=\"https:\/\/www.lichen.pl\/wp-content\/uploads\/2021\/12\/Pasterka-w-Bazylice-Matki-Bozej-Lichenskiej-24-grudnia-2021-24-150x150.jpg\" data-width=\"150\" data-height=\"150\" aria-label=\"\" role=\"img\" ><\/div>\n\t\t\t\t\t\t\t\t\t\t\t<div class=\"elementor-gallery-item__overlay\"><\/div>\n\t\t\t\t\t\t\t\t\t\t\t\t\t\t<\/a>\n\t\t\t\t\t\t\t<a class=\"e-gallery-item elementor-gallery-item elementor-animated-content\" data-e-gallery-tags=\"2\" href=\"https:\/\/www.lichen.pl\/wp-content\/uploads\/2021\/12\/Pasterka-w-Bazylice-Matki-Bozej-Lichenskiej-24-grudnia-2021-23.jpg\" data-elementor-open-lightbox=\"yes\" data-elementor-lightbox-slideshow=\"302feaf\" data-elementor-lightbox-title=\"Pasterka w Bazylice Matki Bo\u017cej Liche\u0144skiej, 24 grudnia 2021 23\" data-e-action-hash=\"#elementor-action%3Aaction%3Dlightbox%26settings%3DeyJpZCI6MzUwMTIsInVybCI6Imh0dHBzOlwvXC93d3cubGljaGVuLnBsXC93cC1jb250ZW50XC91cGxvYWRzXC8yMDIxXC8xMlwvUGFzdGVya2Etdy1CYXp5bGljZS1NYXRraS1Cb3plai1MaWNoZW5za2llai0yNC1ncnVkbmlhLTIwMjEtMjMuanBnIiwic2xpZGVzaG93IjoiMzAyZmVhZiJ9\">\n\t\t\t\t\t<div class=\"e-gallery-image elementor-gallery-item__image\" data-thumbnail=\"https:\/\/www.lichen.pl\/wp-content\/uploads\/2021\/12\/Pasterka-w-Bazylice-Matki-Bozej-Lichenskiej-24-grudnia-2021-23-150x150.jpg\" data-width=\"150\" data-height=\"150\" aria-label=\"\" role=\"img\" ><\/div>\n\t\t\t\t\t\t\t\t\t\t\t<div class=\"elementor-gallery-item__overlay\"><\/div>\n\t\t\t\t\t\t\t\t\t\t\t\t\t\t<\/a>\n\t\t\t\t\t\t\t<a class=\"e-gallery-item elementor-gallery-item elementor-animated-content\" data-e-gallery-tags=\"2\" href=\"https:\/\/www.lichen.pl\/wp-content\/uploads\/2021\/12\/Pasterka-w-Bazylice-Matki-Bozej-Lichenskiej-24-grudnia-2021-22.jpg\" data-elementor-open-lightbox=\"yes\" data-elementor-lightbox-slideshow=\"302feaf\" data-elementor-lightbox-title=\"Pasterka w Bazylice Matki Bo\u017cej Liche\u0144skiej, 24 grudnia 2021 22\" data-e-action-hash=\"#elementor-action%3Aaction%3Dlightbox%26settings%3DeyJpZCI6MzUwMTEsInVybCI6Imh0dHBzOlwvXC93d3cubGljaGVuLnBsXC93cC1jb250ZW50XC91cGxvYWRzXC8yMDIxXC8xMlwvUGFzdGVya2Etdy1CYXp5bGljZS1NYXRraS1Cb3plai1MaWNoZW5za2llai0yNC1ncnVkbmlhLTIwMjEtMjIuanBnIiwic2xpZGVzaG93IjoiMzAyZmVhZiJ9\">\n\t\t\t\t\t<div class=\"e-gallery-image elementor-gallery-item__image\" data-thumbnail=\"https:\/\/www.lichen.pl\/wp-content\/uploads\/2021\/12\/Pasterka-w-Bazylice-Matki-Bozej-Lichenskiej-24-grudnia-2021-22-150x150.jpg\" data-width=\"150\" data-height=\"150\" aria-label=\"\" role=\"img\" ><\/div>\n\t\t\t\t\t\t\t\t\t\t\t<div class=\"elementor-gallery-item__overlay\"><\/div>\n\t\t\t\t\t\t\t\t\t\t\t\t\t\t<\/a>\n\t\t\t\t\t\t\t<a class=\"e-gallery-item elementor-gallery-item elementor-animated-content\" data-e-gallery-tags=\"2\" href=\"https:\/\/www.lichen.pl\/wp-content\/uploads\/2021\/12\/Pasterka-w-Bazylice-Matki-Bozej-Lichenskiej-24-grudnia-2021-21.jpg\" data-elementor-open-lightbox=\"yes\" data-elementor-lightbox-slideshow=\"302feaf\" data-elementor-lightbox-title=\"Pasterka w Bazylice Matki Bo\u017cej Liche\u0144skiej, 24 grudnia 2021 21\" data-e-action-hash=\"#elementor-action%3Aaction%3Dlightbox%26settings%3DeyJpZCI6MzUwMTAsInVybCI6Imh0dHBzOlwvXC93d3cubGljaGVuLnBsXC93cC1jb250ZW50XC91cGxvYWRzXC8yMDIxXC8xMlwvUGFzdGVya2Etdy1CYXp5bGljZS1NYXRraS1Cb3plai1MaWNoZW5za2llai0yNC1ncnVkbmlhLTIwMjEtMjEuanBnIiwic2xpZGVzaG93IjoiMzAyZmVhZiJ9\">\n\t\t\t\t\t<div class=\"e-gallery-image elementor-gallery-item__image\" data-thumbnail=\"https:\/\/www.lichen.pl\/wp-content\/uploads\/2021\/12\/Pasterka-w-Bazylice-Matki-Bozej-Lichenskiej-24-grudnia-2021-21-150x150.jpg\" data-width=\"150\" data-height=\"150\" aria-label=\"\" role=\"img\" ><\/div>\n\t\t\t\t\t\t\t\t\t\t\t<div class=\"elementor-gallery-item__overlay\"><\/div>\n\t\t\t\t\t\t\t\t\t\t\t\t\t\t<\/a>\n\t\t\t\t\t\t\t<a class=\"e-gallery-item elementor-gallery-item elementor-animated-content\" data-e-gallery-tags=\"2\" href=\"https:\/\/www.lichen.pl\/wp-content\/uploads\/2021\/12\/Pasterka-w-Bazylice-Matki-Bozej-Lichenskiej-24-grudnia-2021-20.jpg\" data-elementor-open-lightbox=\"yes\" data-elementor-lightbox-slideshow=\"302feaf\" data-elementor-lightbox-title=\"Pasterka w Bazylice Matki Bo\u017cej Liche\u0144skiej, 24 grudnia 2021 20\" data-e-action-hash=\"#elementor-action%3Aaction%3Dlightbox%26settings%3DeyJpZCI6MzUwMDksInVybCI6Imh0dHBzOlwvXC93d3cubGljaGVuLnBsXC93cC1jb250ZW50XC91cGxvYWRzXC8yMDIxXC8xMlwvUGFzdGVya2Etdy1CYXp5bGljZS1NYXRraS1Cb3plai1MaWNoZW5za2llai0yNC1ncnVkbmlhLTIwMjEtMjAuanBnIiwic2xpZGVzaG93IjoiMzAyZmVhZiJ9\">\n\t\t\t\t\t<div class=\"e-gallery-image elementor-gallery-item__image\" data-thumbnail=\"https:\/\/www.lichen.pl\/wp-content\/uploads\/2021\/12\/Pasterka-w-Bazylice-Matki-Bozej-Lichenskiej-24-grudnia-2021-20-150x150.jpg\" data-width=\"150\" data-height=\"150\" aria-label=\"\" role=\"img\" ><\/div>\n\t\t\t\t\t\t\t\t\t\t\t<div class=\"elementor-gallery-item__overlay\"><\/div>\n\t\t\t\t\t\t\t\t\t\t\t\t\t\t<\/a>\n\t\t\t\t\t\t\t<a class=\"e-gallery-item elementor-gallery-item elementor-animated-content\" data-e-gallery-tags=\"2\" href=\"https:\/\/www.lichen.pl\/wp-content\/uploads\/2021\/12\/Pasterka-w-Bazylice-Matki-Bozej-Lichenskiej-24-grudnia-2021-19.jpg\" data-elementor-open-lightbox=\"yes\" data-elementor-lightbox-slideshow=\"302feaf\" data-elementor-lightbox-title=\"Pasterka w Bazylice Matki Bo\u017cej Liche\u0144skiej, 24 grudnia 2021 19\" data-e-action-hash=\"#elementor-action%3Aaction%3Dlightbox%26settings%3DeyJpZCI6MzUwMDgsInVybCI6Imh0dHBzOlwvXC93d3cubGljaGVuLnBsXC93cC1jb250ZW50XC91cGxvYWRzXC8yMDIxXC8xMlwvUGFzdGVya2Etdy1CYXp5bGljZS1NYXRraS1Cb3plai1MaWNoZW5za2llai0yNC1ncnVkbmlhLTIwMjEtMTkuanBnIiwic2xpZGVzaG93IjoiMzAyZmVhZiJ9\">\n\t\t\t\t\t<div class=\"e-gallery-image elementor-gallery-item__image\" data-thumbnail=\"https:\/\/www.lichen.pl\/wp-content\/uploads\/2021\/12\/Pasterka-w-Bazylice-Matki-Bozej-Lichenskiej-24-grudnia-2021-19-150x150.jpg\" data-width=\"150\" data-height=\"150\" aria-label=\"\" role=\"img\" ><\/div>\n\t\t\t\t\t\t\t\t\t\t\t<div class=\"elementor-gallery-item__overlay\"><\/div>\n\t\t\t\t\t\t\t\t\t\t\t\t\t\t<\/a>\n\t\t\t\t\t\t\t<a class=\"e-gallery-item elementor-gallery-item elementor-animated-content\" data-e-gallery-tags=\"2\" href=\"https:\/\/www.lichen.pl\/wp-content\/uploads\/2021\/12\/Pasterka-w-Bazylice-Matki-Bozej-Lichenskiej-24-grudnia-2021-18.jpg\" data-elementor-open-lightbox=\"yes\" data-elementor-lightbox-slideshow=\"302feaf\" data-elementor-lightbox-title=\"Pasterka w Bazylice Matki Bo\u017cej Liche\u0144skiej, 24 grudnia 2021 18\" data-e-action-hash=\"#elementor-action%3Aaction%3Dlightbox%26settings%3DeyJpZCI6MzUwMDcsInVybCI6Imh0dHBzOlwvXC93d3cubGljaGVuLnBsXC93cC1jb250ZW50XC91cGxvYWRzXC8yMDIxXC8xMlwvUGFzdGVya2Etdy1CYXp5bGljZS1NYXRraS1Cb3plai1MaWNoZW5za2llai0yNC1ncnVkbmlhLTIwMjEtMTguanBnIiwic2xpZGVzaG93IjoiMzAyZmVhZiJ9\">\n\t\t\t\t\t<div class=\"e-gallery-image elementor-gallery-item__image\" data-thumbnail=\"https:\/\/www.lichen.pl\/wp-content\/uploads\/2021\/12\/Pasterka-w-Bazylice-Matki-Bozej-Lichenskiej-24-grudnia-2021-18-150x150.jpg\" data-width=\"150\" data-height=\"150\" aria-label=\"\" role=\"img\" ><\/div>\n\t\t\t\t\t\t\t\t\t\t\t<div class=\"elementor-gallery-item__overlay\"><\/div>\n\t\t\t\t\t\t\t\t\t\t\t\t\t\t<\/a>\n\t\t\t\t\t\t\t<a class=\"e-gallery-item elementor-gallery-item elementor-animated-content\" data-e-gallery-tags=\"2\" href=\"https:\/\/www.lichen.pl\/wp-content\/uploads\/2021\/12\/Pasterka-w-Bazylice-Matki-Bozej-Lichenskiej-24-grudnia-2021-17.jpg\" data-elementor-open-lightbox=\"yes\" data-elementor-lightbox-slideshow=\"302feaf\" data-elementor-lightbox-title=\"Pasterka w Bazylice Matki Bo\u017cej Liche\u0144skiej, 24 grudnia 2021 17\" data-e-action-hash=\"#elementor-action%3Aaction%3Dlightbox%26settings%3DeyJpZCI6MzUwMDYsInVybCI6Imh0dHBzOlwvXC93d3cubGljaGVuLnBsXC93cC1jb250ZW50XC91cGxvYWRzXC8yMDIxXC8xMlwvUGFzdGVya2Etdy1CYXp5bGljZS1NYXRraS1Cb3plai1MaWNoZW5za2llai0yNC1ncnVkbmlhLTIwMjEtMTcuanBnIiwic2xpZGVzaG93IjoiMzAyZmVhZiJ9\">\n\t\t\t\t\t<div class=\"e-gallery-image elementor-gallery-item__image\" data-thumbnail=\"https:\/\/www.lichen.pl\/wp-content\/uploads\/2021\/12\/Pasterka-w-Bazylice-Matki-Bozej-Lichenskiej-24-grudnia-2021-17-150x150.jpg\" data-width=\"150\" data-height=\"150\" aria-label=\"\" role=\"img\" ><\/div>\n\t\t\t\t\t\t\t\t\t\t\t<div class=\"elementor-gallery-item__overlay\"><\/div>\n\t\t\t\t\t\t\t\t\t\t\t\t\t\t<\/a>\n\t\t\t\t\t\t\t<a class=\"e-gallery-item elementor-gallery-item elementor-animated-content\" data-e-gallery-tags=\"2\" href=\"https:\/\/www.lichen.pl\/wp-content\/uploads\/2021\/12\/Pasterka-w-Bazylice-Matki-Bozej-Lichenskiej-24-grudnia-2021-16.jpg\" data-elementor-open-lightbox=\"yes\" data-elementor-lightbox-slideshow=\"302feaf\" data-elementor-lightbox-title=\"Pasterka w Bazylice Matki Bo\u017cej Liche\u0144skiej, 24 grudnia 2021 16\" data-e-action-hash=\"#elementor-action%3Aaction%3Dlightbox%26settings%3DeyJpZCI6MzUwMDUsInVybCI6Imh0dHBzOlwvXC93d3cubGljaGVuLnBsXC93cC1jb250ZW50XC91cGxvYWRzXC8yMDIxXC8xMlwvUGFzdGVya2Etdy1CYXp5bGljZS1NYXRraS1Cb3plai1MaWNoZW5za2llai0yNC1ncnVkbmlhLTIwMjEtMTYuanBnIiwic2xpZGVzaG93IjoiMzAyZmVhZiJ9\">\n\t\t\t\t\t<div class=\"e-gallery-image elementor-gallery-item__image\" data-thumbnail=\"https:\/\/www.lichen.pl\/wp-content\/uploads\/2021\/12\/Pasterka-w-Bazylice-Matki-Bozej-Lichenskiej-24-grudnia-2021-16-150x150.jpg\" data-width=\"150\" data-height=\"150\" aria-label=\"\" role=\"img\" ><\/div>\n\t\t\t\t\t\t\t\t\t\t\t<div class=\"elementor-gallery-item__overlay\"><\/div>\n\t\t\t\t\t\t\t\t\t\t\t\t\t\t<\/a>\n\t\t\t\t\t\t\t<a class=\"e-gallery-item elementor-gallery-item elementor-animated-content\" data-e-gallery-tags=\"2\" href=\"https:\/\/www.lichen.pl\/wp-content\/uploads\/2021\/12\/Pasterka-w-Bazylice-Matki-Bozej-Lichenskiej-24-grudnia-2021-15.jpg\" data-elementor-open-lightbox=\"yes\" data-elementor-lightbox-slideshow=\"302feaf\" data-elementor-lightbox-title=\"Pasterka w Bazylice Matki Bo\u017cej Liche\u0144skiej, 24 grudnia 2021 15\" data-e-action-hash=\"#elementor-action%3Aaction%3Dlightbox%26settings%3DeyJpZCI6MzUwMDQsInVybCI6Imh0dHBzOlwvXC93d3cubGljaGVuLnBsXC93cC1jb250ZW50XC91cGxvYWRzXC8yMDIxXC8xMlwvUGFzdGVya2Etdy1CYXp5bGljZS1NYXRraS1Cb3plai1MaWNoZW5za2llai0yNC1ncnVkbmlhLTIwMjEtMTUuanBnIiwic2xpZGVzaG93IjoiMzAyZmVhZiJ9\">\n\t\t\t\t\t<div class=\"e-gallery-image elementor-gallery-item__image\" data-thumbnail=\"https:\/\/www.lichen.pl\/wp-content\/uploads\/2021\/12\/Pasterka-w-Bazylice-Matki-Bozej-Lichenskiej-24-grudnia-2021-15-150x150.jpg\" data-width=\"150\" data-height=\"150\" aria-label=\"\" role=\"img\" ><\/div>\n\t\t\t\t\t\t\t\t\t\t\t<div class=\"elementor-gallery-item__overlay\"><\/div>\n\t\t\t\t\t\t\t\t\t\t\t\t\t\t<\/a>\n\t\t\t\t\t\t\t<a class=\"e-gallery-item elementor-gallery-item elementor-animated-content\" data-e-gallery-tags=\"2\" href=\"https:\/\/www.lichen.pl\/wp-content\/uploads\/2021\/12\/Pasterka-w-Bazylice-Matki-Bozej-Lichenskiej-24-grudnia-2021-14.jpg\" data-elementor-open-lightbox=\"yes\" data-elementor-lightbox-slideshow=\"302feaf\" data-elementor-lightbox-title=\"Pasterka w Bazylice Matki Bo\u017cej Liche\u0144skiej, 24 grudnia 2021 14\" data-e-action-hash=\"#elementor-action%3Aaction%3Dlightbox%26settings%3DeyJpZCI6MzUwMDMsInVybCI6Imh0dHBzOlwvXC93d3cubGljaGVuLnBsXC93cC1jb250ZW50XC91cGxvYWRzXC8yMDIxXC8xMlwvUGFzdGVya2Etdy1CYXp5bGljZS1NYXRraS1Cb3plai1MaWNoZW5za2llai0yNC1ncnVkbmlhLTIwMjEtMTQuanBnIiwic2xpZGVzaG93IjoiMzAyZmVhZiJ9\">\n\t\t\t\t\t<div class=\"e-gallery-image elementor-gallery-item__image\" data-thumbnail=\"https:\/\/www.lichen.pl\/wp-content\/uploads\/2021\/12\/Pasterka-w-Bazylice-Matki-Bozej-Lichenskiej-24-grudnia-2021-14-150x150.jpg\" data-width=\"150\" data-height=\"150\" aria-label=\"\" role=\"img\" ><\/div>\n\t\t\t\t\t\t\t\t\t\t\t<div class=\"elementor-gallery-item__overlay\"><\/div>\n\t\t\t\t\t\t\t\t\t\t\t\t\t\t<\/a>\n\t\t\t\t\t\t\t<a class=\"e-gallery-item elementor-gallery-item elementor-animated-content\" data-e-gallery-tags=\"2\" href=\"https:\/\/www.lichen.pl\/wp-content\/uploads\/2021\/12\/Pasterka-w-Bazylice-Matki-Bozej-Lichenskiej-24-grudnia-2021-13.jpg\" data-elementor-open-lightbox=\"yes\" data-elementor-lightbox-slideshow=\"302feaf\" data-elementor-lightbox-title=\"Pasterka w Bazylice Matki Bo\u017cej Liche\u0144skiej, 24 grudnia 2021 13\" data-e-action-hash=\"#elementor-action%3Aaction%3Dlightbox%26settings%3DeyJpZCI6MzUwMDIsInVybCI6Imh0dHBzOlwvXC93d3cubGljaGVuLnBsXC93cC1jb250ZW50XC91cGxvYWRzXC8yMDIxXC8xMlwvUGFzdGVya2Etdy1CYXp5bGljZS1NYXRraS1Cb3plai1MaWNoZW5za2llai0yNC1ncnVkbmlhLTIwMjEtMTMuanBnIiwic2xpZGVzaG93IjoiMzAyZmVhZiJ9\">\n\t\t\t\t\t<div class=\"e-gallery-image elementor-gallery-item__image\" data-thumbnail=\"https:\/\/www.lichen.pl\/wp-content\/uploads\/2021\/12\/Pasterka-w-Bazylice-Matki-Bozej-Lichenskiej-24-grudnia-2021-13-150x150.jpg\" data-width=\"150\" data-height=\"150\" aria-label=\"\" role=\"img\" ><\/div>\n\t\t\t\t\t\t\t\t\t\t\t<div class=\"elementor-gallery-item__overlay\"><\/div>\n\t\t\t\t\t\t\t\t\t\t\t\t\t\t<\/a>\n\t\t\t\t\t\t\t<a class=\"e-gallery-item elementor-gallery-item elementor-animated-content\" data-e-gallery-tags=\"2\" href=\"https:\/\/www.lichen.pl\/wp-content\/uploads\/2021\/12\/Pasterka-w-Bazylice-Matki-Bozej-Lichenskiej-24-grudnia-2021-12.jpg\" data-elementor-open-lightbox=\"yes\" data-elementor-lightbox-slideshow=\"302feaf\" data-elementor-lightbox-title=\"Pasterka w Bazylice Matki Bo\u017cej Liche\u0144skiej, 24 grudnia 2021 12\" data-e-action-hash=\"#elementor-action%3Aaction%3Dlightbox%26settings%3DeyJpZCI6MzUwMDEsInVybCI6Imh0dHBzOlwvXC93d3cubGljaGVuLnBsXC93cC1jb250ZW50XC91cGxvYWRzXC8yMDIxXC8xMlwvUGFzdGVya2Etdy1CYXp5bGljZS1NYXRraS1Cb3plai1MaWNoZW5za2llai0yNC1ncnVkbmlhLTIwMjEtMTIuanBnIiwic2xpZGVzaG93IjoiMzAyZmVhZiJ9\">\n\t\t\t\t\t<div class=\"e-gallery-image elementor-gallery-item__image\" data-thumbnail=\"https:\/\/www.lichen.pl\/wp-content\/uploads\/2021\/12\/Pasterka-w-Bazylice-Matki-Bozej-Lichenskiej-24-grudnia-2021-12-150x150.jpg\" data-width=\"150\" data-height=\"150\" aria-label=\"\" role=\"img\" ><\/div>\n\t\t\t\t\t\t\t\t\t\t\t<div class=\"elementor-gallery-item__overlay\"><\/div>\n\t\t\t\t\t\t\t\t\t\t\t\t\t\t<\/a>\n\t\t\t\t\t\t\t<a class=\"e-gallery-item elementor-gallery-item elementor-animated-content\" data-e-gallery-tags=\"2\" href=\"https:\/\/www.lichen.pl\/wp-content\/uploads\/2021\/12\/Pasterka-w-Bazylice-Matki-Bozej-Lichenskiej-24-grudnia-2021-11.jpg\" data-elementor-open-lightbox=\"yes\" data-elementor-lightbox-slideshow=\"302feaf\" data-elementor-lightbox-title=\"Pasterka w Bazylice Matki Bo\u017cej Liche\u0144skiej, 24 grudnia 2021 11\" data-e-action-hash=\"#elementor-action%3Aaction%3Dlightbox%26settings%3DeyJpZCI6MzUwMDAsInVybCI6Imh0dHBzOlwvXC93d3cubGljaGVuLnBsXC93cC1jb250ZW50XC91cGxvYWRzXC8yMDIxXC8xMlwvUGFzdGVya2Etdy1CYXp5bGljZS1NYXRraS1Cb3plai1MaWNoZW5za2llai0yNC1ncnVkbmlhLTIwMjEtMTEuanBnIiwic2xpZGVzaG93IjoiMzAyZmVhZiJ9\">\n\t\t\t\t\t<div class=\"e-gallery-image elementor-gallery-item__image\" data-thumbnail=\"https:\/\/www.lichen.pl\/wp-content\/uploads\/2021\/12\/Pasterka-w-Bazylice-Matki-Bozej-Lichenskiej-24-grudnia-2021-11-150x150.jpg\" data-width=\"150\" data-height=\"150\" aria-label=\"\" role=\"img\" ><\/div>\n\t\t\t\t\t\t\t\t\t\t\t<div class=\"elementor-gallery-item__overlay\"><\/div>\n\t\t\t\t\t\t\t\t\t\t\t\t\t\t<\/a>\n\t\t\t\t\t\t\t<a class=\"e-gallery-item elementor-gallery-item elementor-animated-content\" data-e-gallery-tags=\"2\" href=\"https:\/\/www.lichen.pl\/wp-content\/uploads\/2021\/12\/Pasterka-w-Bazylice-Matki-Bozej-Lichenskiej-24-grudnia-2021-10.jpg\" data-elementor-open-lightbox=\"yes\" data-elementor-lightbox-slideshow=\"302feaf\" data-elementor-lightbox-title=\"Pasterka w Bazylice Matki Bo\u017cej Liche\u0144skiej, 24 grudnia 2021 10\" data-e-action-hash=\"#elementor-action%3Aaction%3Dlightbox%26settings%3DeyJpZCI6MzQ5OTksInVybCI6Imh0dHBzOlwvXC93d3cubGljaGVuLnBsXC93cC1jb250ZW50XC91cGxvYWRzXC8yMDIxXC8xMlwvUGFzdGVya2Etdy1CYXp5bGljZS1NYXRraS1Cb3plai1MaWNoZW5za2llai0yNC1ncnVkbmlhLTIwMjEtMTAuanBnIiwic2xpZGVzaG93IjoiMzAyZmVhZiJ9\">\n\t\t\t\t\t<div class=\"e-gallery-image elementor-gallery-item__image\" data-thumbnail=\"https:\/\/www.lichen.pl\/wp-content\/uploads\/2021\/12\/Pasterka-w-Bazylice-Matki-Bozej-Lichenskiej-24-grudnia-2021-10-150x150.jpg\" data-width=\"150\" data-height=\"150\" aria-label=\"\" role=\"img\" ><\/div>\n\t\t\t\t\t\t\t\t\t\t\t<div class=\"elementor-gallery-item__overlay\"><\/div>\n\t\t\t\t\t\t\t\t\t\t\t\t\t\t<\/a>\n\t\t\t\t\t\t\t<a class=\"e-gallery-item elementor-gallery-item elementor-animated-content\" data-e-gallery-tags=\"2\" href=\"https:\/\/www.lichen.pl\/wp-content\/uploads\/2021\/12\/Pasterka-w-Bazylice-Matki-Bozej-Lichenskiej-24-grudnia-2021-9.jpg\" data-elementor-open-lightbox=\"yes\" data-elementor-lightbox-slideshow=\"302feaf\" data-elementor-lightbox-title=\"Pasterka w Bazylice Matki Bo\u017cej Liche\u0144skiej, 24 grudnia 2021 9\" data-e-action-hash=\"#elementor-action%3Aaction%3Dlightbox%26settings%3DeyJpZCI6MzQ5OTgsInVybCI6Imh0dHBzOlwvXC93d3cubGljaGVuLnBsXC93cC1jb250ZW50XC91cGxvYWRzXC8yMDIxXC8xMlwvUGFzdGVya2Etdy1CYXp5bGljZS1NYXRraS1Cb3plai1MaWNoZW5za2llai0yNC1ncnVkbmlhLTIwMjEtOS5qcGciLCJzbGlkZXNob3ciOiIzMDJmZWFmIn0%3D\">\n\t\t\t\t\t<div class=\"e-gallery-image elementor-gallery-item__image\" data-thumbnail=\"https:\/\/www.lichen.pl\/wp-content\/uploads\/2021\/12\/Pasterka-w-Bazylice-Matki-Bozej-Lichenskiej-24-grudnia-2021-9-150x150.jpg\" data-width=\"150\" data-height=\"150\" aria-label=\"\" role=\"img\" ><\/div>\n\t\t\t\t\t\t\t\t\t\t\t<div class=\"elementor-gallery-item__overlay\"><\/div>\n\t\t\t\t\t\t\t\t\t\t\t\t\t\t<\/a>\n\t\t\t\t\t\t\t<a class=\"e-gallery-item elementor-gallery-item elementor-animated-content\" data-e-gallery-tags=\"2\" href=\"https:\/\/www.lichen.pl\/wp-content\/uploads\/2021\/12\/Pasterka-w-Bazylice-Matki-Bozej-Lichenskiej-24-grudnia-2021-8.jpg\" data-elementor-open-lightbox=\"yes\" data-elementor-lightbox-slideshow=\"302feaf\" data-elementor-lightbox-title=\"Pasterka w Bazylice Matki Bo\u017cej Liche\u0144skiej, 24 grudnia 2021 8\" data-e-action-hash=\"#elementor-action%3Aaction%3Dlightbox%26settings%3DeyJpZCI6MzQ5OTcsInVybCI6Imh0dHBzOlwvXC93d3cubGljaGVuLnBsXC93cC1jb250ZW50XC91cGxvYWRzXC8yMDIxXC8xMlwvUGFzdGVya2Etdy1CYXp5bGljZS1NYXRraS1Cb3plai1MaWNoZW5za2llai0yNC1ncnVkbmlhLTIwMjEtOC5qcGciLCJzbGlkZXNob3ciOiIzMDJmZWFmIn0%3D\">\n\t\t\t\t\t<div class=\"e-gallery-image elementor-gallery-item__image\" data-thumbnail=\"https:\/\/www.lichen.pl\/wp-content\/uploads\/2021\/12\/Pasterka-w-Bazylice-Matki-Bozej-Lichenskiej-24-grudnia-2021-8-150x150.jpg\" data-width=\"150\" data-height=\"150\" aria-label=\"\" role=\"img\" ><\/div>\n\t\t\t\t\t\t\t\t\t\t\t<div class=\"elementor-gallery-item__overlay\"><\/div>\n\t\t\t\t\t\t\t\t\t\t\t\t\t\t<\/a>\n\t\t\t\t\t\t\t<a class=\"e-gallery-item elementor-gallery-item elementor-animated-content\" data-e-gallery-tags=\"2\" href=\"https:\/\/www.lichen.pl\/wp-content\/uploads\/2021\/12\/Pasterka-w-Bazylice-Matki-Bozej-Lichenskiej-24-grudnia-2021-7.jpg\" data-elementor-open-lightbox=\"yes\" data-elementor-lightbox-slideshow=\"302feaf\" data-elementor-lightbox-title=\"Pasterka w Bazylice Matki Bo\u017cej Liche\u0144skiej, 24 grudnia 2021 7\" data-e-action-hash=\"#elementor-action%3Aaction%3Dlightbox%26settings%3DeyJpZCI6MzQ5OTYsInVybCI6Imh0dHBzOlwvXC93d3cubGljaGVuLnBsXC93cC1jb250ZW50XC91cGxvYWRzXC8yMDIxXC8xMlwvUGFzdGVya2Etdy1CYXp5bGljZS1NYXRraS1Cb3plai1MaWNoZW5za2llai0yNC1ncnVkbmlhLTIwMjEtNy5qcGciLCJzbGlkZXNob3ciOiIzMDJmZWFmIn0%3D\">\n\t\t\t\t\t<div class=\"e-gallery-image elementor-gallery-item__image\" data-thumbnail=\"https:\/\/www.lichen.pl\/wp-content\/uploads\/2021\/12\/Pasterka-w-Bazylice-Matki-Bozej-Lichenskiej-24-grudnia-2021-7-150x150.jpg\" data-width=\"150\" data-height=\"150\" aria-label=\"\" role=\"img\" ><\/div>\n\t\t\t\t\t\t\t\t\t\t\t<div class=\"elementor-gallery-item__overlay\"><\/div>\n\t\t\t\t\t\t\t\t\t\t\t\t\t\t<\/a>\n\t\t\t\t\t\t\t<a class=\"e-gallery-item elementor-gallery-item elementor-animated-content\" data-e-gallery-tags=\"2\" href=\"https:\/\/www.lichen.pl\/wp-content\/uploads\/2021\/12\/Pasterka-w-Bazylice-Matki-Bozej-Lichenskiej-24-grudnia-2021-6.jpg\" data-elementor-open-lightbox=\"yes\" data-elementor-lightbox-slideshow=\"302feaf\" data-elementor-lightbox-title=\"Pasterka w Bazylice Matki Bo\u017cej Liche\u0144skiej, 24 grudnia 2021 6\" data-e-action-hash=\"#elementor-action%3Aaction%3Dlightbox%26settings%3DeyJpZCI6MzQ5OTUsInVybCI6Imh0dHBzOlwvXC93d3cubGljaGVuLnBsXC93cC1jb250ZW50XC91cGxvYWRzXC8yMDIxXC8xMlwvUGFzdGVya2Etdy1CYXp5bGljZS1NYXRraS1Cb3plai1MaWNoZW5za2llai0yNC1ncnVkbmlhLTIwMjEtNi5qcGciLCJzbGlkZXNob3ciOiIzMDJmZWFmIn0%3D\">\n\t\t\t\t\t<div class=\"e-gallery-image elementor-gallery-item__image\" data-thumbnail=\"https:\/\/www.lichen.pl\/wp-content\/uploads\/2021\/12\/Pasterka-w-Bazylice-Matki-Bozej-Lichenskiej-24-grudnia-2021-6-150x150.jpg\" data-width=\"150\" data-height=\"150\" aria-label=\"\" role=\"img\" ><\/div>\n\t\t\t\t\t\t\t\t\t\t\t<div class=\"elementor-gallery-item__overlay\"><\/div>\n\t\t\t\t\t\t\t\t\t\t\t\t\t\t<\/a>\n\t\t\t\t\t\t\t<a class=\"e-gallery-item elementor-gallery-item elementor-animated-content\" data-e-gallery-tags=\"2\" href=\"https:\/\/www.lichen.pl\/wp-content\/uploads\/2021\/12\/Pasterka-w-Bazylice-Matki-Bozej-Lichenskiej-24-grudnia-2021-5.jpg\" data-elementor-open-lightbox=\"yes\" data-elementor-lightbox-slideshow=\"302feaf\" data-elementor-lightbox-title=\"Pasterka w Bazylice Matki Bo\u017cej Liche\u0144skiej, 24 grudnia 2021 5\" data-e-action-hash=\"#elementor-action%3Aaction%3Dlightbox%26settings%3DeyJpZCI6MzQ5OTQsInVybCI6Imh0dHBzOlwvXC93d3cubGljaGVuLnBsXC93cC1jb250ZW50XC91cGxvYWRzXC8yMDIxXC8xMlwvUGFzdGVya2Etdy1CYXp5bGljZS1NYXRraS1Cb3plai1MaWNoZW5za2llai0yNC1ncnVkbmlhLTIwMjEtNS5qcGciLCJzbGlkZXNob3ciOiIzMDJmZWFmIn0%3D\">\n\t\t\t\t\t<div class=\"e-gallery-image elementor-gallery-item__image\" data-thumbnail=\"https:\/\/www.lichen.pl\/wp-content\/uploads\/2021\/12\/Pasterka-w-Bazylice-Matki-Bozej-Lichenskiej-24-grudnia-2021-5-150x150.jpg\" data-width=\"150\" data-height=\"150\" aria-label=\"\" role=\"img\" ><\/div>\n\t\t\t\t\t\t\t\t\t\t\t<div class=\"elementor-gallery-item__overlay\"><\/div>\n\t\t\t\t\t\t\t\t\t\t\t\t\t\t<\/a>\n\t\t\t\t\t\t\t<a class=\"e-gallery-item elementor-gallery-item elementor-animated-content\" data-e-gallery-tags=\"2\" href=\"https:\/\/www.lichen.pl\/wp-content\/uploads\/2021\/12\/Pasterka-w-Bazylice-Matki-Bozej-Lichenskiej-24-grudnia-2021-4.jpg\" data-elementor-open-lightbox=\"yes\" data-elementor-lightbox-slideshow=\"302feaf\" data-elementor-lightbox-title=\"Pasterka w Bazylice Matki Bo\u017cej Liche\u0144skiej, 24 grudnia 2021 4\" data-e-action-hash=\"#elementor-action%3Aaction%3Dlightbox%26settings%3DeyJpZCI6MzQ5OTMsInVybCI6Imh0dHBzOlwvXC93d3cubGljaGVuLnBsXC93cC1jb250ZW50XC91cGxvYWRzXC8yMDIxXC8xMlwvUGFzdGVya2Etdy1CYXp5bGljZS1NYXRraS1Cb3plai1MaWNoZW5za2llai0yNC1ncnVkbmlhLTIwMjEtNC5qcGciLCJzbGlkZXNob3ciOiIzMDJmZWFmIn0%3D\">\n\t\t\t\t\t<div class=\"e-gallery-image elementor-gallery-item__image\" data-thumbnail=\"https:\/\/www.lichen.pl\/wp-content\/uploads\/2021\/12\/Pasterka-w-Bazylice-Matki-Bozej-Lichenskiej-24-grudnia-2021-4-150x150.jpg\" data-width=\"150\" data-height=\"150\" aria-label=\"\" role=\"img\" ><\/div>\n\t\t\t\t\t\t\t\t\t\t\t<div class=\"elementor-gallery-item__overlay\"><\/div>\n\t\t\t\t\t\t\t\t\t\t\t\t\t\t<\/a>\n\t\t\t\t\t\t\t<a class=\"e-gallery-item elementor-gallery-item elementor-animated-content\" data-e-gallery-tags=\"2\" href=\"https:\/\/www.lichen.pl\/wp-content\/uploads\/2021\/12\/Pasterka-w-Bazylice-Matki-Bozej-Lichenskiej-24-grudnia-2021-3.jpg\" data-elementor-open-lightbox=\"yes\" data-elementor-lightbox-slideshow=\"302feaf\" data-elementor-lightbox-title=\"Pasterka w Bazylice Matki Bo\u017cej Liche\u0144skiej, 24 grudnia 2021 3\" data-e-action-hash=\"#elementor-action%3Aaction%3Dlightbox%26settings%3DeyJpZCI6MzQ5OTIsInVybCI6Imh0dHBzOlwvXC93d3cubGljaGVuLnBsXC93cC1jb250ZW50XC91cGxvYWRzXC8yMDIxXC8xMlwvUGFzdGVya2Etdy1CYXp5bGljZS1NYXRraS1Cb3plai1MaWNoZW5za2llai0yNC1ncnVkbmlhLTIwMjEtMy5qcGciLCJzbGlkZXNob3ciOiIzMDJmZWFmIn0%3D\">\n\t\t\t\t\t<div class=\"e-gallery-image elementor-gallery-item__image\" data-thumbnail=\"https:\/\/www.lichen.pl\/wp-content\/uploads\/2021\/12\/Pasterka-w-Bazylice-Matki-Bozej-Lichenskiej-24-grudnia-2021-3-150x150.jpg\" data-width=\"150\" data-height=\"150\" aria-label=\"\" role=\"img\" ><\/div>\n\t\t\t\t\t\t\t\t\t\t\t<div class=\"elementor-gallery-item__overlay\"><\/div>\n\t\t\t\t\t\t\t\t\t\t\t\t\t\t<\/a>\n\t\t\t\t\t\t\t<a class=\"e-gallery-item elementor-gallery-item elementor-animated-content\" data-e-gallery-tags=\"2\" href=\"https:\/\/www.lichen.pl\/wp-content\/uploads\/2021\/12\/Pasterka-w-Bazylice-Matki-Bozej-Lichenskiej-24-grudnia-2021-2.jpg\" data-elementor-open-lightbox=\"yes\" data-elementor-lightbox-slideshow=\"302feaf\" data-elementor-lightbox-title=\"Pasterka w Bazylice Matki Bo\u017cej Liche\u0144skiej, 24 grudnia 2021 2\" data-e-action-hash=\"#elementor-action%3Aaction%3Dlightbox%26settings%3DeyJpZCI6MzQ5OTEsInVybCI6Imh0dHBzOlwvXC93d3cubGljaGVuLnBsXC93cC1jb250ZW50XC91cGxvYWRzXC8yMDIxXC8xMlwvUGFzdGVya2Etdy1CYXp5bGljZS1NYXRraS1Cb3plai1MaWNoZW5za2llai0yNC1ncnVkbmlhLTIwMjEtMi5qcGciLCJzbGlkZXNob3ciOiIzMDJmZWFmIn0%3D\">\n\t\t\t\t\t<div class=\"e-gallery-image elementor-gallery-item__image\" data-thumbnail=\"https:\/\/www.lichen.pl\/wp-content\/uploads\/2021\/12\/Pasterka-w-Bazylice-Matki-Bozej-Lichenskiej-24-grudnia-2021-2-150x150.jpg\" data-width=\"150\" data-height=\"150\" aria-label=\"\" role=\"img\" ><\/div>\n\t\t\t\t\t\t\t\t\t\t\t<div class=\"elementor-gallery-item__overlay\"><\/div>\n\t\t\t\t\t\t\t\t\t\t\t\t\t\t<\/a>\n\t\t\t\t\t\t\t<a class=\"e-gallery-item elementor-gallery-item elementor-animated-content\" data-e-gallery-tags=\"2\" href=\"https:\/\/www.lichen.pl\/wp-content\/uploads\/2021\/12\/Pasterka-w-Bazylice-Matki-Bozej-Lichenskiej-24-grudnia-2021-1.jpg\" data-elementor-open-lightbox=\"yes\" data-elementor-lightbox-slideshow=\"302feaf\" data-elementor-lightbox-title=\"Pasterka w Bazylice Matki Bo\u017cej Liche\u0144skiej, 24 grudnia 2021 1\" data-e-action-hash=\"#elementor-action%3Aaction%3Dlightbox%26settings%3DeyJpZCI6MzQ5OTAsInVybCI6Imh0dHBzOlwvXC93d3cubGljaGVuLnBsXC93cC1jb250ZW50XC91cGxvYWRzXC8yMDIxXC8xMlwvUGFzdGVya2Etdy1CYXp5bGljZS1NYXRraS1Cb3plai1MaWNoZW5za2llai0yNC1ncnVkbmlhLTIwMjEtMS5qcGciLCJzbGlkZXNob3ciOiIzMDJmZWFmIn0%3D\">\n\t\t\t\t\t<div class=\"e-gallery-image elementor-gallery-item__image\" data-thumbnail=\"https:\/\/www.lichen.pl\/wp-content\/uploads\/2021\/12\/Pasterka-w-Bazylice-Matki-Bozej-Lichenskiej-24-grudnia-2021-1-150x150.jpg\" data-width=\"150\" data-height=\"150\" aria-label=\"\" role=\"img\" ><\/div>\n\t\t\t\t\t\t\t\t\t\t\t<div class=\"elementor-gallery-item__overlay\"><\/div>\n\t\t\t\t\t\t\t\t\t\t\t\t\t\t<\/a>\n\t\t\t\t\t\t\t<a class=\"e-gallery-item elementor-gallery-item elementor-animated-content\" data-e-gallery-tags=\"3\" href=\"https:\/\/www.lichen.pl\/wp-content\/uploads\/2021\/12\/Szopka-betlejemska-w-lichenskim-sanktuarium-grudzien-2021-12.jpg\" data-elementor-open-lightbox=\"yes\" data-elementor-lightbox-slideshow=\"302feaf\" data-elementor-lightbox-title=\"Szopka betlejemska w liche\u0144skim sanktuarium, grudzie\u0144 2021 12\" data-e-action-hash=\"#elementor-action%3Aaction%3Dlightbox%26settings%3DeyJpZCI6MzQ5MDMsInVybCI6Imh0dHBzOlwvXC93d3cubGljaGVuLnBsXC93cC1jb250ZW50XC91cGxvYWRzXC8yMDIxXC8xMlwvU3pvcGthLWJldGxlamVtc2thLXctbGljaGVuc2tpbS1zYW5rdHVhcml1bS1ncnVkemllbi0yMDIxLTEyLmpwZyIsInNsaWRlc2hvdyI6IjMwMmZlYWYifQ%3D%3D\">\n\t\t\t\t\t<div class=\"e-gallery-image elementor-gallery-item__image\" data-thumbnail=\"https:\/\/www.lichen.pl\/wp-content\/uploads\/2021\/12\/Szopka-betlejemska-w-lichenskim-sanktuarium-grudzien-2021-12-150x150.jpg\" data-width=\"150\" data-height=\"150\" aria-label=\"\" role=\"img\" ><\/div>\n\t\t\t\t\t\t\t\t\t\t\t<div class=\"elementor-gallery-item__overlay\"><\/div>\n\t\t\t\t\t\t\t\t\t\t\t\t\t\t<\/a>\n\t\t\t\t\t\t\t<a class=\"e-gallery-item elementor-gallery-item elementor-animated-content\" data-e-gallery-tags=\"3\" href=\"https:\/\/www.lichen.pl\/wp-content\/uploads\/2021\/12\/Szopka-betlejemska-w-lichenskim-sanktuarium-grudzien-2021-11.jpg\" data-elementor-open-lightbox=\"yes\" data-elementor-lightbox-slideshow=\"302feaf\" data-elementor-lightbox-title=\"Szopka betlejemska w liche\u0144skim sanktuarium, grudzie\u0144 2021 11\" data-e-action-hash=\"#elementor-action%3Aaction%3Dlightbox%26settings%3DeyJpZCI6MzQ5MDIsInVybCI6Imh0dHBzOlwvXC93d3cubGljaGVuLnBsXC93cC1jb250ZW50XC91cGxvYWRzXC8yMDIxXC8xMlwvU3pvcGthLWJldGxlamVtc2thLXctbGljaGVuc2tpbS1zYW5rdHVhcml1bS1ncnVkemllbi0yMDIxLTExLmpwZyIsInNsaWRlc2hvdyI6IjMwMmZlYWYifQ%3D%3D\">\n\t\t\t\t\t<div class=\"e-gallery-image elementor-gallery-item__image\" data-thumbnail=\"https:\/\/www.lichen.pl\/wp-content\/uploads\/2021\/12\/Szopka-betlejemska-w-lichenskim-sanktuarium-grudzien-2021-11-150x150.jpg\" data-width=\"150\" data-height=\"150\" aria-label=\"\" role=\"img\" ><\/div>\n\t\t\t\t\t\t\t\t\t\t\t<div class=\"elementor-gallery-item__overlay\"><\/div>\n\t\t\t\t\t\t\t\t\t\t\t\t\t\t<\/a>\n\t\t\t\t\t\t\t<a class=\"e-gallery-item elementor-gallery-item elementor-animated-content\" data-e-gallery-tags=\"3\" href=\"https:\/\/www.lichen.pl\/wp-content\/uploads\/2021\/12\/Szopka-betlejemska-w-lichenskim-sanktuarium-grudzien-2021-10.jpg\" data-elementor-open-lightbox=\"yes\" data-elementor-lightbox-slideshow=\"302feaf\" data-elementor-lightbox-title=\"Szopka betlejemska w liche\u0144skim sanktuarium, grudzie\u0144 2021 10\" data-e-action-hash=\"#elementor-action%3Aaction%3Dlightbox%26settings%3DeyJpZCI6MzQ5MDEsInVybCI6Imh0dHBzOlwvXC93d3cubGljaGVuLnBsXC93cC1jb250ZW50XC91cGxvYWRzXC8yMDIxXC8xMlwvU3pvcGthLWJldGxlamVtc2thLXctbGljaGVuc2tpbS1zYW5rdHVhcml1bS1ncnVkemllbi0yMDIxLTEwLmpwZyIsInNsaWRlc2hvdyI6IjMwMmZlYWYifQ%3D%3D\">\n\t\t\t\t\t<div class=\"e-gallery-image elementor-gallery-item__image\" data-thumbnail=\"https:\/\/www.lichen.pl\/wp-content\/uploads\/2021\/12\/Szopka-betlejemska-w-lichenskim-sanktuarium-grudzien-2021-10-150x150.jpg\" data-width=\"150\" data-height=\"150\" aria-label=\"\" role=\"img\" ><\/div>\n\t\t\t\t\t\t\t\t\t\t\t<div class=\"elementor-gallery-item__overlay\"><\/div>\n\t\t\t\t\t\t\t\t\t\t\t\t\t\t<\/a>\n\t\t\t\t\t\t\t<a class=\"e-gallery-item elementor-gallery-item elementor-animated-content\" data-e-gallery-tags=\"3\" href=\"https:\/\/www.lichen.pl\/wp-content\/uploads\/2021\/12\/Szopka-betlejemska-w-lichenskim-sanktuarium-grudzien-2021-9.jpg\" data-elementor-open-lightbox=\"yes\" data-elementor-lightbox-slideshow=\"302feaf\" data-elementor-lightbox-title=\"Szopka betlejemska w liche\u0144skim sanktuarium, grudzie\u0144 2021 9\" data-e-action-hash=\"#elementor-action%3Aaction%3Dlightbox%26settings%3DeyJpZCI6MzQ5MDAsInVybCI6Imh0dHBzOlwvXC93d3cubGljaGVuLnBsXC93cC1jb250ZW50XC91cGxvYWRzXC8yMDIxXC8xMlwvU3pvcGthLWJldGxlamVtc2thLXctbGljaGVuc2tpbS1zYW5rdHVhcml1bS1ncnVkemllbi0yMDIxLTkuanBnIiwic2xpZGVzaG93IjoiMzAyZmVhZiJ9\">\n\t\t\t\t\t<div class=\"e-gallery-image elementor-gallery-item__image\" data-thumbnail=\"https:\/\/www.lichen.pl\/wp-content\/uploads\/2021\/12\/Szopka-betlejemska-w-lichenskim-sanktuarium-grudzien-2021-9-150x150.jpg\" data-width=\"150\" data-height=\"150\" aria-label=\"\" role=\"img\" ><\/div>\n\t\t\t\t\t\t\t\t\t\t\t<div class=\"elementor-gallery-item__overlay\"><\/div>\n\t\t\t\t\t\t\t\t\t\t\t\t\t\t<\/a>\n\t\t\t\t\t\t\t<a class=\"e-gallery-item elementor-gallery-item elementor-animated-content\" data-e-gallery-tags=\"3\" href=\"https:\/\/www.lichen.pl\/wp-content\/uploads\/2021\/12\/Szopka-betlejemska-w-lichenskim-sanktuarium-grudzien-2021-8.jpg\" data-elementor-open-lightbox=\"yes\" data-elementor-lightbox-slideshow=\"302feaf\" data-elementor-lightbox-title=\"Szopka betlejemska w liche\u0144skim sanktuarium, grudzie\u0144 2021 8\" data-e-action-hash=\"#elementor-action%3Aaction%3Dlightbox%26settings%3DeyJpZCI6MzQ4OTksInVybCI6Imh0dHBzOlwvXC93d3cubGljaGVuLnBsXC93cC1jb250ZW50XC91cGxvYWRzXC8yMDIxXC8xMlwvU3pvcGthLWJldGxlamVtc2thLXctbGljaGVuc2tpbS1zYW5rdHVhcml1bS1ncnVkemllbi0yMDIxLTguanBnIiwic2xpZGVzaG93IjoiMzAyZmVhZiJ9\">\n\t\t\t\t\t<div class=\"e-gallery-image elementor-gallery-item__image\" data-thumbnail=\"https:\/\/www.lichen.pl\/wp-content\/uploads\/2021\/12\/Szopka-betlejemska-w-lichenskim-sanktuarium-grudzien-2021-8-150x150.jpg\" data-width=\"150\" data-height=\"150\" aria-label=\"\" role=\"img\" ><\/div>\n\t\t\t\t\t\t\t\t\t\t\t<div class=\"elementor-gallery-item__overlay\"><\/div>\n\t\t\t\t\t\t\t\t\t\t\t\t\t\t<\/a>\n\t\t\t\t\t\t\t<a class=\"e-gallery-item elementor-gallery-item elementor-animated-content\" data-e-gallery-tags=\"3\" href=\"https:\/\/www.lichen.pl\/wp-content\/uploads\/2021\/12\/Szopka-betlejemska-w-lichenskim-sanktuarium-grudzien-2021-7.jpg\" data-elementor-open-lightbox=\"yes\" data-elementor-lightbox-slideshow=\"302feaf\" data-elementor-lightbox-title=\"Szopka betlejemska w liche\u0144skim sanktuarium, grudzie\u0144 2021 7\" data-e-action-hash=\"#elementor-action%3Aaction%3Dlightbox%26settings%3DeyJpZCI6MzQ4OTgsInVybCI6Imh0dHBzOlwvXC93d3cubGljaGVuLnBsXC93cC1jb250ZW50XC91cGxvYWRzXC8yMDIxXC8xMlwvU3pvcGthLWJldGxlamVtc2thLXctbGljaGVuc2tpbS1zYW5rdHVhcml1bS1ncnVkemllbi0yMDIxLTcuanBnIiwic2xpZGVzaG93IjoiMzAyZmVhZiJ9\">\n\t\t\t\t\t<div class=\"e-gallery-image elementor-gallery-item__image\" data-thumbnail=\"https:\/\/www.lichen.pl\/wp-content\/uploads\/2021\/12\/Szopka-betlejemska-w-lichenskim-sanktuarium-grudzien-2021-7-150x150.jpg\" data-width=\"150\" data-height=\"150\" aria-label=\"\" role=\"img\" ><\/div>\n\t\t\t\t\t\t\t\t\t\t\t<div class=\"elementor-gallery-item__overlay\"><\/div>\n\t\t\t\t\t\t\t\t\t\t\t\t\t\t<\/a>\n\t\t\t\t\t\t\t<a class=\"e-gallery-item elementor-gallery-item elementor-animated-content\" data-e-gallery-tags=\"3\" href=\"https:\/\/www.lichen.pl\/wp-content\/uploads\/2021\/12\/Szopka-betlejemska-w-lichenskim-sanktuarium-grudzien-2021-6.jpg\" data-elementor-open-lightbox=\"yes\" data-elementor-lightbox-slideshow=\"302feaf\" data-elementor-lightbox-title=\"Szopka betlejemska w liche\u0144skim sanktuarium, grudzie\u0144 2021 6\" data-e-action-hash=\"#elementor-action%3Aaction%3Dlightbox%26settings%3DeyJpZCI6MzQ4OTcsInVybCI6Imh0dHBzOlwvXC93d3cubGljaGVuLnBsXC93cC1jb250ZW50XC91cGxvYWRzXC8yMDIxXC8xMlwvU3pvcGthLWJldGxlamVtc2thLXctbGljaGVuc2tpbS1zYW5rdHVhcml1bS1ncnVkemllbi0yMDIxLTYuanBnIiwic2xpZGVzaG93IjoiMzAyZmVhZiJ9\">\n\t\t\t\t\t<div class=\"e-gallery-image elementor-gallery-item__image\" data-thumbnail=\"https:\/\/www.lichen.pl\/wp-content\/uploads\/2021\/12\/Szopka-betlejemska-w-lichenskim-sanktuarium-grudzien-2021-6-150x150.jpg\" data-width=\"150\" data-height=\"150\" aria-label=\"\" role=\"img\" ><\/div>\n\t\t\t\t\t\t\t\t\t\t\t<div class=\"elementor-gallery-item__overlay\"><\/div>\n\t\t\t\t\t\t\t\t\t\t\t\t\t\t<\/a>\n\t\t\t\t\t\t\t<a class=\"e-gallery-item elementor-gallery-item elementor-animated-content\" data-e-gallery-tags=\"3\" href=\"https:\/\/www.lichen.pl\/wp-content\/uploads\/2021\/12\/Szopka-betlejemska-w-lichenskim-sanktuarium-grudzien-2021-5.jpg\" data-elementor-open-lightbox=\"yes\" data-elementor-lightbox-slideshow=\"302feaf\" data-elementor-lightbox-title=\"Szopka betlejemska w liche\u0144skim sanktuarium, grudzie\u0144 2021 5\" data-e-action-hash=\"#elementor-action%3Aaction%3Dlightbox%26settings%3DeyJpZCI6MzQ4OTYsInVybCI6Imh0dHBzOlwvXC93d3cubGljaGVuLnBsXC93cC1jb250ZW50XC91cGxvYWRzXC8yMDIxXC8xMlwvU3pvcGthLWJldGxlamVtc2thLXctbGljaGVuc2tpbS1zYW5rdHVhcml1bS1ncnVkemllbi0yMDIxLTUuanBnIiwic2xpZGVzaG93IjoiMzAyZmVhZiJ9\">\n\t\t\t\t\t<div class=\"e-gallery-image elementor-gallery-item__image\" data-thumbnail=\"https:\/\/www.lichen.pl\/wp-content\/uploads\/2021\/12\/Szopka-betlejemska-w-lichenskim-sanktuarium-grudzien-2021-5-150x150.jpg\" data-width=\"150\" data-height=\"150\" aria-label=\"\" role=\"img\" ><\/div>\n\t\t\t\t\t\t\t\t\t\t\t<div class=\"elementor-gallery-item__overlay\"><\/div>\n\t\t\t\t\t\t\t\t\t\t\t\t\t\t<\/a>\n\t\t\t\t\t\t\t<a class=\"e-gallery-item elementor-gallery-item elementor-animated-content\" data-e-gallery-tags=\"3\" href=\"https:\/\/www.lichen.pl\/wp-content\/uploads\/2021\/12\/Szopka-betlejemska-w-lichenskim-sanktuarium-grudzien-2021-4.jpg\" data-elementor-open-lightbox=\"yes\" data-elementor-lightbox-slideshow=\"302feaf\" data-elementor-lightbox-title=\"Szopka betlejemska w liche\u0144skim sanktuarium, grudzie\u0144 2021 4\" data-e-action-hash=\"#elementor-action%3Aaction%3Dlightbox%26settings%3DeyJpZCI6MzQ4OTUsInVybCI6Imh0dHBzOlwvXC93d3cubGljaGVuLnBsXC93cC1jb250ZW50XC91cGxvYWRzXC8yMDIxXC8xMlwvU3pvcGthLWJldGxlamVtc2thLXctbGljaGVuc2tpbS1zYW5rdHVhcml1bS1ncnVkemllbi0yMDIxLTQuanBnIiwic2xpZGVzaG93IjoiMzAyZmVhZiJ9\">\n\t\t\t\t\t<div class=\"e-gallery-image elementor-gallery-item__image\" data-thumbnail=\"https:\/\/www.lichen.pl\/wp-content\/uploads\/2021\/12\/Szopka-betlejemska-w-lichenskim-sanktuarium-grudzien-2021-4-150x150.jpg\" data-width=\"150\" data-height=\"150\" aria-label=\"\" role=\"img\" ><\/div>\n\t\t\t\t\t\t\t\t\t\t\t<div class=\"elementor-gallery-item__overlay\"><\/div>\n\t\t\t\t\t\t\t\t\t\t\t\t\t\t<\/a>\n\t\t\t\t\t\t\t<a class=\"e-gallery-item elementor-gallery-item elementor-animated-content\" data-e-gallery-tags=\"3\" href=\"https:\/\/www.lichen.pl\/wp-content\/uploads\/2021\/12\/Szopka-betlejemska-w-lichenskim-sanktuarium-grudzien-2021-3.jpg\" data-elementor-open-lightbox=\"yes\" data-elementor-lightbox-slideshow=\"302feaf\" data-elementor-lightbox-title=\"Szopka betlejemska w liche\u0144skim sanktuarium, grudzie\u0144 2021 3\" data-e-action-hash=\"#elementor-action%3Aaction%3Dlightbox%26settings%3DeyJpZCI6MzQ4OTQsInVybCI6Imh0dHBzOlwvXC93d3cubGljaGVuLnBsXC93cC1jb250ZW50XC91cGxvYWRzXC8yMDIxXC8xMlwvU3pvcGthLWJldGxlamVtc2thLXctbGljaGVuc2tpbS1zYW5rdHVhcml1bS1ncnVkemllbi0yMDIxLTMuanBnIiwic2xpZGVzaG93IjoiMzAyZmVhZiJ9\">\n\t\t\t\t\t<div class=\"e-gallery-image elementor-gallery-item__image\" data-thumbnail=\"https:\/\/www.lichen.pl\/wp-content\/uploads\/2021\/12\/Szopka-betlejemska-w-lichenskim-sanktuarium-grudzien-2021-3-150x150.jpg\" data-width=\"150\" data-height=\"150\" aria-label=\"\" role=\"img\" ><\/div>\n\t\t\t\t\t\t\t\t\t\t\t<div class=\"elementor-gallery-item__overlay\"><\/div>\n\t\t\t\t\t\t\t\t\t\t\t\t\t\t<\/a>\n\t\t\t\t\t\t\t<a class=\"e-gallery-item elementor-gallery-item elementor-animated-content\" data-e-gallery-tags=\"3\" href=\"https:\/\/www.lichen.pl\/wp-content\/uploads\/2021\/12\/Szopka-betlejemska-w-lichenskim-sanktuarium-grudzien-2021-2.jpg\" data-elementor-open-lightbox=\"yes\" data-elementor-lightbox-slideshow=\"302feaf\" data-elementor-lightbox-title=\"Szopka betlejemska w liche\u0144skim sanktuarium, grudzie\u0144 2021 2\" data-e-action-hash=\"#elementor-action%3Aaction%3Dlightbox%26settings%3DeyJpZCI6MzQ4OTMsInVybCI6Imh0dHBzOlwvXC93d3cubGljaGVuLnBsXC93cC1jb250ZW50XC91cGxvYWRzXC8yMDIxXC8xMlwvU3pvcGthLWJldGxlamVtc2thLXctbGljaGVuc2tpbS1zYW5rdHVhcml1bS1ncnVkemllbi0yMDIxLTIuanBnIiwic2xpZGVzaG93IjoiMzAyZmVhZiJ9\">\n\t\t\t\t\t<div class=\"e-gallery-image elementor-gallery-item__image\" data-thumbnail=\"https:\/\/www.lichen.pl\/wp-content\/uploads\/2021\/12\/Szopka-betlejemska-w-lichenskim-sanktuarium-grudzien-2021-2-150x150.jpg\" data-width=\"150\" data-height=\"150\" aria-label=\"\" role=\"img\" ><\/div>\n\t\t\t\t\t\t\t\t\t\t\t<div class=\"elementor-gallery-item__overlay\"><\/div>\n\t\t\t\t\t\t\t\t\t\t\t\t\t\t<\/a>\n\t\t\t\t\t\t\t<a class=\"e-gallery-item elementor-gallery-item elementor-animated-content\" data-e-gallery-tags=\"3\" href=\"https:\/\/www.lichen.pl\/wp-content\/uploads\/2021\/12\/Szopka-betlejemska-w-lichenskim-sanktuarium-grudzien-2021-1.jpg\" data-elementor-open-lightbox=\"yes\" data-elementor-lightbox-slideshow=\"302feaf\" data-elementor-lightbox-title=\"Szopka betlejemska w liche\u0144skim sanktuarium, grudzie\u0144 2021 1\" data-e-action-hash=\"#elementor-action%3Aaction%3Dlightbox%26settings%3DeyJpZCI6MzQ4OTIsInVybCI6Imh0dHBzOlwvXC93d3cubGljaGVuLnBsXC93cC1jb250ZW50XC91cGxvYWRzXC8yMDIxXC8xMlwvU3pvcGthLWJldGxlamVtc2thLXctbGljaGVuc2tpbS1zYW5rdHVhcml1bS1ncnVkemllbi0yMDIxLTEuanBnIiwic2xpZGVzaG93IjoiMzAyZmVhZiJ9\">\n\t\t\t\t\t<div class=\"e-gallery-image elementor-gallery-item__image\" data-thumbnail=\"https:\/\/www.lichen.pl\/wp-content\/uploads\/2021\/12\/Szopka-betlejemska-w-lichenskim-sanktuarium-grudzien-2021-1-150x150.jpg\" data-width=\"150\" data-height=\"150\" aria-label=\"\" role=\"img\" ><\/div>\n\t\t\t\t\t\t\t\t\t\t\t<div class=\"elementor-gallery-item__overlay\"><\/div>\n\t\t\t\t\t\t\t\t\t\t\t\t\t\t<\/a>\n\t\t\t\t\t\t\t<a class=\"e-gallery-item elementor-gallery-item elementor-animated-content\" data-e-gallery-tags=\"3\" href=\"https:\/\/www.lichen.pl\/wp-content\/uploads\/2021\/12\/Szopka-betlejemska-w-lichenskim-sanktuarium-grudzien-2021-kadr.jpg\" data-elementor-open-lightbox=\"yes\" data-elementor-lightbox-slideshow=\"302feaf\" data-elementor-lightbox-title=\"Szopka betlejemska w liche\u0144skim sanktuarium, grudzie\u0144 2021 kadr\" data-e-action-hash=\"#elementor-action%3Aaction%3Dlightbox%26settings%3DeyJpZCI6MzQ4OTAsInVybCI6Imh0dHBzOlwvXC93d3cubGljaGVuLnBsXC93cC1jb250ZW50XC91cGxvYWRzXC8yMDIxXC8xMlwvU3pvcGthLWJldGxlamVtc2thLXctbGljaGVuc2tpbS1zYW5rdHVhcml1bS1ncnVkemllbi0yMDIxLWthZHIuanBnIiwic2xpZGVzaG93IjoiMzAyZmVhZiJ9\">\n\t\t\t\t\t<div class=\"e-gallery-image elementor-gallery-item__image\" data-thumbnail=\"https:\/\/www.lichen.pl\/wp-content\/uploads\/2021\/12\/Szopka-betlejemska-w-lichenskim-sanktuarium-grudzien-2021-kadr-150x150.jpg\" data-width=\"150\" data-height=\"150\" aria-label=\"\" role=\"img\" ><\/div>\n\t\t\t\t\t\t\t\t\t\t\t<div class=\"elementor-gallery-item__overlay\"><\/div>\n\t\t\t\t\t\t\t\t\t\t\t\t\t\t<\/a>\n\t\t\t\t\t\t\t<a class=\"e-gallery-item elementor-gallery-item elementor-animated-content\" data-e-gallery-tags=\"4\" href=\"https:\/\/www.lichen.pl\/wp-content\/uploads\/2021\/12\/Uroczystosc-Niepokalanego-Poczecia-NMP-8-grudnia-2021-52.jpg\" data-elementor-open-lightbox=\"yes\" data-elementor-lightbox-slideshow=\"302feaf\" data-elementor-lightbox-title=\"Uroczysto\u015b\u0107 Niepokalanego Pocz\u0119cia NMP, 8 grudnia 2021 52\" data-e-action-hash=\"#elementor-action%3Aaction%3Dlightbox%26settings%3DeyJpZCI6MzQ2NzcsInVybCI6Imh0dHBzOlwvXC93d3cubGljaGVuLnBsXC93cC1jb250ZW50XC91cGxvYWRzXC8yMDIxXC8xMlwvVXJvY3p5c3Rvc2MtTmllcG9rYWxhbmVnby1Qb2N6ZWNpYS1OTVAtOC1ncnVkbmlhLTIwMjEtNTIuanBnIiwic2xpZGVzaG93IjoiMzAyZmVhZiJ9\">\n\t\t\t\t\t<div class=\"e-gallery-image elementor-gallery-item__image\" data-thumbnail=\"https:\/\/www.lichen.pl\/wp-content\/uploads\/2021\/12\/Uroczystosc-Niepokalanego-Poczecia-NMP-8-grudnia-2021-52-150x150.jpg\" data-width=\"150\" data-height=\"150\" aria-label=\"\" role=\"img\" ><\/div>\n\t\t\t\t\t\t\t\t\t\t\t<div class=\"elementor-gallery-item__overlay\"><\/div>\n\t\t\t\t\t\t\t\t\t\t\t\t\t\t<\/a>\n\t\t\t\t\t\t\t<a class=\"e-gallery-item elementor-gallery-item elementor-animated-content\" data-e-gallery-tags=\"4\" href=\"https:\/\/www.lichen.pl\/wp-content\/uploads\/2021\/12\/Uroczystosc-Niepokalanego-Poczecia-NMP-8-grudnia-2021-55.jpg\" data-elementor-open-lightbox=\"yes\" data-elementor-lightbox-slideshow=\"302feaf\" data-elementor-lightbox-title=\"Uroczysto\u015b\u0107 Niepokalanego Pocz\u0119cia NMP, 8 grudnia 2021 55\" data-e-action-hash=\"#elementor-action%3Aaction%3Dlightbox%26settings%3DeyJpZCI6MzQ2ODAsInVybCI6Imh0dHBzOlwvXC93d3cubGljaGVuLnBsXC93cC1jb250ZW50XC91cGxvYWRzXC8yMDIxXC8xMlwvVXJvY3p5c3Rvc2MtTmllcG9rYWxhbmVnby1Qb2N6ZWNpYS1OTVAtOC1ncnVkbmlhLTIwMjEtNTUuanBnIiwic2xpZGVzaG93IjoiMzAyZmVhZiJ9\">\n\t\t\t\t\t<div class=\"e-gallery-image elementor-gallery-item__image\" data-thumbnail=\"https:\/\/www.lichen.pl\/wp-content\/uploads\/2021\/12\/Uroczystosc-Niepokalanego-Poczecia-NMP-8-grudnia-2021-55-150x150.jpg\" data-width=\"150\" data-height=\"150\" aria-label=\"\" role=\"img\" ><\/div>\n\t\t\t\t\t\t\t\t\t\t\t<div class=\"elementor-gallery-item__overlay\"><\/div>\n\t\t\t\t\t\t\t\t\t\t\t\t\t\t<\/a>\n\t\t\t\t\t\t\t<a class=\"e-gallery-item elementor-gallery-item elementor-animated-content\" data-e-gallery-tags=\"4\" href=\"https:\/\/www.lichen.pl\/wp-content\/uploads\/2021\/12\/Uroczystosc-Niepokalanego-Poczecia-NMP-8-grudnia-2021-54.jpg\" data-elementor-open-lightbox=\"yes\" data-elementor-lightbox-slideshow=\"302feaf\" data-elementor-lightbox-title=\"Uroczysto\u015b\u0107 Niepokalanego Pocz\u0119cia NMP, 8 grudnia 2021 54\" data-e-action-hash=\"#elementor-action%3Aaction%3Dlightbox%26settings%3DeyJpZCI6MzQ2NzksInVybCI6Imh0dHBzOlwvXC93d3cubGljaGVuLnBsXC93cC1jb250ZW50XC91cGxvYWRzXC8yMDIxXC8xMlwvVXJvY3p5c3Rvc2MtTmllcG9rYWxhbmVnby1Qb2N6ZWNpYS1OTVAtOC1ncnVkbmlhLTIwMjEtNTQuanBnIiwic2xpZGVzaG93IjoiMzAyZmVhZiJ9\">\n\t\t\t\t\t<div class=\"e-gallery-image elementor-gallery-item__image\" data-thumbnail=\"https:\/\/www.lichen.pl\/wp-content\/uploads\/2021\/12\/Uroczystosc-Niepokalanego-Poczecia-NMP-8-grudnia-2021-54-150x150.jpg\" data-width=\"150\" data-height=\"150\" aria-label=\"\" role=\"img\" ><\/div>\n\t\t\t\t\t\t\t\t\t\t\t<div class=\"elementor-gallery-item__overlay\"><\/div>\n\t\t\t\t\t\t\t\t\t\t\t\t\t\t<\/a>\n\t\t\t\t\t\t\t<a class=\"e-gallery-item elementor-gallery-item elementor-animated-content\" data-e-gallery-tags=\"4\" href=\"https:\/\/www.lichen.pl\/wp-content\/uploads\/2021\/12\/Uroczystosc-Niepokalanego-Poczecia-NMP-8-grudnia-2021-53.jpg\" data-elementor-open-lightbox=\"yes\" data-elementor-lightbox-slideshow=\"302feaf\" data-elementor-lightbox-title=\"Uroczysto\u015b\u0107 Niepokalanego Pocz\u0119cia NMP, 8 grudnia 2021 53\" data-e-action-hash=\"#elementor-action%3Aaction%3Dlightbox%26settings%3DeyJpZCI6MzQ2NzgsInVybCI6Imh0dHBzOlwvXC93d3cubGljaGVuLnBsXC93cC1jb250ZW50XC91cGxvYWRzXC8yMDIxXC8xMlwvVXJvY3p5c3Rvc2MtTmllcG9rYWxhbmVnby1Qb2N6ZWNpYS1OTVAtOC1ncnVkbmlhLTIwMjEtNTMuanBnIiwic2xpZGVzaG93IjoiMzAyZmVhZiJ9\">\n\t\t\t\t\t<div class=\"e-gallery-image elementor-gallery-item__image\" data-thumbnail=\"https:\/\/www.lichen.pl\/wp-content\/uploads\/2021\/12\/Uroczystosc-Niepokalanego-Poczecia-NMP-8-grudnia-2021-53-150x150.jpg\" data-width=\"150\" data-height=\"150\" aria-label=\"\" role=\"img\" ><\/div>\n\t\t\t\t\t\t\t\t\t\t\t<div class=\"elementor-gallery-item__overlay\"><\/div>\n\t\t\t\t\t\t\t\t\t\t\t\t\t\t<\/a>\n\t\t\t\t\t\t\t<a class=\"e-gallery-item elementor-gallery-item elementor-animated-content\" data-e-gallery-tags=\"4\" href=\"https:\/\/www.lichen.pl\/wp-content\/uploads\/2021\/12\/Uroczystosc-Niepokalanego-Poczecia-NMP-8-grudnia-2021-51.jpg\" data-elementor-open-lightbox=\"yes\" data-elementor-lightbox-slideshow=\"302feaf\" data-elementor-lightbox-title=\"Uroczysto\u015b\u0107 Niepokalanego Pocz\u0119cia NMP, 8 grudnia 2021 51\" data-e-action-hash=\"#elementor-action%3Aaction%3Dlightbox%26settings%3DeyJpZCI6MzQ2NzYsInVybCI6Imh0dHBzOlwvXC93d3cubGljaGVuLnBsXC93cC1jb250ZW50XC91cGxvYWRzXC8yMDIxXC8xMlwvVXJvY3p5c3Rvc2MtTmllcG9rYWxhbmVnby1Qb2N6ZWNpYS1OTVAtOC1ncnVkbmlhLTIwMjEtNTEuanBnIiwic2xpZGVzaG93IjoiMzAyZmVhZiJ9\">\n\t\t\t\t\t<div class=\"e-gallery-image elementor-gallery-item__image\" data-thumbnail=\"https:\/\/www.lichen.pl\/wp-content\/uploads\/2021\/12\/Uroczystosc-Niepokalanego-Poczecia-NMP-8-grudnia-2021-51-150x150.jpg\" data-width=\"150\" data-height=\"150\" aria-label=\"\" role=\"img\" ><\/div>\n\t\t\t\t\t\t\t\t\t\t\t<div class=\"elementor-gallery-item__overlay\"><\/div>\n\t\t\t\t\t\t\t\t\t\t\t\t\t\t<\/a>\n\t\t\t\t\t\t\t<a class=\"e-gallery-item elementor-gallery-item elementor-animated-content\" data-e-gallery-tags=\"4\" href=\"https:\/\/www.lichen.pl\/wp-content\/uploads\/2021\/12\/Uroczystosc-Niepokalanego-Poczecia-NMP-8-grudnia-2021-50.jpg\" data-elementor-open-lightbox=\"yes\" data-elementor-lightbox-slideshow=\"302feaf\" data-elementor-lightbox-title=\"Uroczysto\u015b\u0107 Niepokalanego Pocz\u0119cia NMP, 8 grudnia 2021 50\" data-e-action-hash=\"#elementor-action%3Aaction%3Dlightbox%26settings%3DeyJpZCI6MzQ2NzUsInVybCI6Imh0dHBzOlwvXC93d3cubGljaGVuLnBsXC93cC1jb250ZW50XC91cGxvYWRzXC8yMDIxXC8xMlwvVXJvY3p5c3Rvc2MtTmllcG9rYWxhbmVnby1Qb2N6ZWNpYS1OTVAtOC1ncnVkbmlhLTIwMjEtNTAuanBnIiwic2xpZGVzaG93IjoiMzAyZmVhZiJ9\">\n\t\t\t\t\t<div class=\"e-gallery-image elementor-gallery-item__image\" data-thumbnail=\"https:\/\/www.lichen.pl\/wp-content\/uploads\/2021\/12\/Uroczystosc-Niepokalanego-Poczecia-NMP-8-grudnia-2021-50-150x150.jpg\" data-width=\"150\" data-height=\"150\" aria-label=\"\" role=\"img\" ><\/div>\n\t\t\t\t\t\t\t\t\t\t\t<div class=\"elementor-gallery-item__overlay\"><\/div>\n\t\t\t\t\t\t\t\t\t\t\t\t\t\t<\/a>\n\t\t\t\t\t\t\t<a class=\"e-gallery-item elementor-gallery-item elementor-animated-content\" data-e-gallery-tags=\"4\" href=\"https:\/\/www.lichen.pl\/wp-content\/uploads\/2021\/12\/Uroczystosc-Niepokalanego-Poczecia-NMP-8-grudnia-2021-49.jpg\" data-elementor-open-lightbox=\"yes\" data-elementor-lightbox-slideshow=\"302feaf\" data-elementor-lightbox-title=\"Uroczysto\u015b\u0107 Niepokalanego Pocz\u0119cia NMP, 8 grudnia 2021 49\" data-e-action-hash=\"#elementor-action%3Aaction%3Dlightbox%26settings%3DeyJpZCI6MzQ2NzQsInVybCI6Imh0dHBzOlwvXC93d3cubGljaGVuLnBsXC93cC1jb250ZW50XC91cGxvYWRzXC8yMDIxXC8xMlwvVXJvY3p5c3Rvc2MtTmllcG9rYWxhbmVnby1Qb2N6ZWNpYS1OTVAtOC1ncnVkbmlhLTIwMjEtNDkuanBnIiwic2xpZGVzaG93IjoiMzAyZmVhZiJ9\">\n\t\t\t\t\t<div class=\"e-gallery-image elementor-gallery-item__image\" data-thumbnail=\"https:\/\/www.lichen.pl\/wp-content\/uploads\/2021\/12\/Uroczystosc-Niepokalanego-Poczecia-NMP-8-grudnia-2021-49-150x150.jpg\" data-width=\"150\" data-height=\"150\" aria-label=\"\" role=\"img\" ><\/div>\n\t\t\t\t\t\t\t\t\t\t\t<div class=\"elementor-gallery-item__overlay\"><\/div>\n\t\t\t\t\t\t\t\t\t\t\t\t\t\t<\/a>\n\t\t\t\t\t\t\t<a class=\"e-gallery-item elementor-gallery-item elementor-animated-content\" data-e-gallery-tags=\"4\" href=\"https:\/\/www.lichen.pl\/wp-content\/uploads\/2021\/12\/Uroczystosc-Niepokalanego-Poczecia-NMP-8-grudnia-2021-48.jpg\" data-elementor-open-lightbox=\"yes\" data-elementor-lightbox-slideshow=\"302feaf\" data-elementor-lightbox-title=\"Uroczysto\u015b\u0107 Niepokalanego Pocz\u0119cia NMP, 8 grudnia 2021 48\" data-e-action-hash=\"#elementor-action%3Aaction%3Dlightbox%26settings%3DeyJpZCI6MzQ2NzMsInVybCI6Imh0dHBzOlwvXC93d3cubGljaGVuLnBsXC93cC1jb250ZW50XC91cGxvYWRzXC8yMDIxXC8xMlwvVXJvY3p5c3Rvc2MtTmllcG9rYWxhbmVnby1Qb2N6ZWNpYS1OTVAtOC1ncnVkbmlhLTIwMjEtNDguanBnIiwic2xpZGVzaG93IjoiMzAyZmVhZiJ9\">\n\t\t\t\t\t<div class=\"e-gallery-image elementor-gallery-item__image\" data-thumbnail=\"https:\/\/www.lichen.pl\/wp-content\/uploads\/2021\/12\/Uroczystosc-Niepokalanego-Poczecia-NMP-8-grudnia-2021-48-150x150.jpg\" data-width=\"150\" data-height=\"150\" aria-label=\"\" role=\"img\" ><\/div>\n\t\t\t\t\t\t\t\t\t\t\t<div class=\"elementor-gallery-item__overlay\"><\/div>\n\t\t\t\t\t\t\t\t\t\t\t\t\t\t<\/a>\n\t\t\t\t\t\t\t<a class=\"e-gallery-item elementor-gallery-item elementor-animated-content\" data-e-gallery-tags=\"4\" href=\"https:\/\/www.lichen.pl\/wp-content\/uploads\/2021\/12\/Uroczystosc-Niepokalanego-Poczecia-NMP-8-grudnia-2021-47.jpg\" data-elementor-open-lightbox=\"yes\" data-elementor-lightbox-slideshow=\"302feaf\" data-elementor-lightbox-title=\"Uroczysto\u015b\u0107 Niepokalanego Pocz\u0119cia NMP, 8 grudnia 2021 47\" data-e-action-hash=\"#elementor-action%3Aaction%3Dlightbox%26settings%3DeyJpZCI6MzQ2NzIsInVybCI6Imh0dHBzOlwvXC93d3cubGljaGVuLnBsXC93cC1jb250ZW50XC91cGxvYWRzXC8yMDIxXC8xMlwvVXJvY3p5c3Rvc2MtTmllcG9rYWxhbmVnby1Qb2N6ZWNpYS1OTVAtOC1ncnVkbmlhLTIwMjEtNDcuanBnIiwic2xpZGVzaG93IjoiMzAyZmVhZiJ9\">\n\t\t\t\t\t<div class=\"e-gallery-image elementor-gallery-item__image\" data-thumbnail=\"https:\/\/www.lichen.pl\/wp-content\/uploads\/2021\/12\/Uroczystosc-Niepokalanego-Poczecia-NMP-8-grudnia-2021-47-150x150.jpg\" data-width=\"150\" data-height=\"150\" aria-label=\"\" role=\"img\" ><\/div>\n\t\t\t\t\t\t\t\t\t\t\t<div class=\"elementor-gallery-item__overlay\"><\/div>\n\t\t\t\t\t\t\t\t\t\t\t\t\t\t<\/a>\n\t\t\t\t\t\t\t<a class=\"e-gallery-item elementor-gallery-item elementor-animated-content\" data-e-gallery-tags=\"4\" href=\"https:\/\/www.lichen.pl\/wp-content\/uploads\/2021\/12\/Uroczystosc-Niepokalanego-Poczecia-NMP-8-grudnia-2021-46.jpg\" data-elementor-open-lightbox=\"yes\" data-elementor-lightbox-slideshow=\"302feaf\" data-elementor-lightbox-title=\"Uroczysto\u015b\u0107 Niepokalanego Pocz\u0119cia NMP, 8 grudnia 2021 46\" data-e-action-hash=\"#elementor-action%3Aaction%3Dlightbox%26settings%3DeyJpZCI6MzQ2NzEsInVybCI6Imh0dHBzOlwvXC93d3cubGljaGVuLnBsXC93cC1jb250ZW50XC91cGxvYWRzXC8yMDIxXC8xMlwvVXJvY3p5c3Rvc2MtTmllcG9rYWxhbmVnby1Qb2N6ZWNpYS1OTVAtOC1ncnVkbmlhLTIwMjEtNDYuanBnIiwic2xpZGVzaG93IjoiMzAyZmVhZiJ9\">\n\t\t\t\t\t<div class=\"e-gallery-image elementor-gallery-item__image\" data-thumbnail=\"https:\/\/www.lichen.pl\/wp-content\/uploads\/2021\/12\/Uroczystosc-Niepokalanego-Poczecia-NMP-8-grudnia-2021-46-150x150.jpg\" data-width=\"150\" data-height=\"150\" aria-label=\"\" role=\"img\" ><\/div>\n\t\t\t\t\t\t\t\t\t\t\t<div class=\"elementor-gallery-item__overlay\"><\/div>\n\t\t\t\t\t\t\t\t\t\t\t\t\t\t<\/a>\n\t\t\t\t\t\t\t<a class=\"e-gallery-item elementor-gallery-item elementor-animated-content\" data-e-gallery-tags=\"4\" href=\"https:\/\/www.lichen.pl\/wp-content\/uploads\/2021\/12\/Uroczystosc-Niepokalanego-Poczecia-NMP-8-grudnia-2021-45.jpg\" data-elementor-open-lightbox=\"yes\" data-elementor-lightbox-slideshow=\"302feaf\" data-elementor-lightbox-title=\"Uroczysto\u015b\u0107 Niepokalanego Pocz\u0119cia NMP, 8 grudnia 2021 45\" data-e-action-hash=\"#elementor-action%3Aaction%3Dlightbox%26settings%3DeyJpZCI6MzQ2NzAsInVybCI6Imh0dHBzOlwvXC93d3cubGljaGVuLnBsXC93cC1jb250ZW50XC91cGxvYWRzXC8yMDIxXC8xMlwvVXJvY3p5c3Rvc2MtTmllcG9rYWxhbmVnby1Qb2N6ZWNpYS1OTVAtOC1ncnVkbmlhLTIwMjEtNDUuanBnIiwic2xpZGVzaG93IjoiMzAyZmVhZiJ9\">\n\t\t\t\t\t<div class=\"e-gallery-image elementor-gallery-item__image\" data-thumbnail=\"https:\/\/www.lichen.pl\/wp-content\/uploads\/2021\/12\/Uroczystosc-Niepokalanego-Poczecia-NMP-8-grudnia-2021-45-150x150.jpg\" data-width=\"150\" data-height=\"150\" aria-label=\"\" role=\"img\" ><\/div>\n\t\t\t\t\t\t\t\t\t\t\t<div class=\"elementor-gallery-item__overlay\"><\/div>\n\t\t\t\t\t\t\t\t\t\t\t\t\t\t<\/a>\n\t\t\t\t\t\t\t<a class=\"e-gallery-item elementor-gallery-item elementor-animated-content\" data-e-gallery-tags=\"4\" href=\"https:\/\/www.lichen.pl\/wp-content\/uploads\/2021\/12\/Uroczystosc-Niepokalanego-Poczecia-NMP-8-grudnia-2021-44.jpg\" data-elementor-open-lightbox=\"yes\" data-elementor-lightbox-slideshow=\"302feaf\" data-elementor-lightbox-title=\"Uroczysto\u015b\u0107 Niepokalanego Pocz\u0119cia NMP, 8 grudnia 2021 44\" data-e-action-hash=\"#elementor-action%3Aaction%3Dlightbox%26settings%3DeyJpZCI6MzQ2NjksInVybCI6Imh0dHBzOlwvXC93d3cubGljaGVuLnBsXC93cC1jb250ZW50XC91cGxvYWRzXC8yMDIxXC8xMlwvVXJvY3p5c3Rvc2MtTmllcG9rYWxhbmVnby1Qb2N6ZWNpYS1OTVAtOC1ncnVkbmlhLTIwMjEtNDQuanBnIiwic2xpZGVzaG93IjoiMzAyZmVhZiJ9\">\n\t\t\t\t\t<div class=\"e-gallery-image elementor-gallery-item__image\" data-thumbnail=\"https:\/\/www.lichen.pl\/wp-content\/uploads\/2021\/12\/Uroczystosc-Niepokalanego-Poczecia-NMP-8-grudnia-2021-44-150x150.jpg\" data-width=\"150\" data-height=\"150\" aria-label=\"\" role=\"img\" ><\/div>\n\t\t\t\t\t\t\t\t\t\t\t<div class=\"elementor-gallery-item__overlay\"><\/div>\n\t\t\t\t\t\t\t\t\t\t\t\t\t\t<\/a>\n\t\t\t\t\t\t\t<a class=\"e-gallery-item elementor-gallery-item elementor-animated-content\" data-e-gallery-tags=\"4\" href=\"https:\/\/www.lichen.pl\/wp-content\/uploads\/2021\/12\/Uroczystosc-Niepokalanego-Poczecia-NMP-8-grudnia-2021-43.jpg\" data-elementor-open-lightbox=\"yes\" data-elementor-lightbox-slideshow=\"302feaf\" data-elementor-lightbox-title=\"Uroczysto\u015b\u0107 Niepokalanego Pocz\u0119cia NMP, 8 grudnia 2021 43\" data-e-action-hash=\"#elementor-action%3Aaction%3Dlightbox%26settings%3DeyJpZCI6MzQ2NjgsInVybCI6Imh0dHBzOlwvXC93d3cubGljaGVuLnBsXC93cC1jb250ZW50XC91cGxvYWRzXC8yMDIxXC8xMlwvVXJvY3p5c3Rvc2MtTmllcG9rYWxhbmVnby1Qb2N6ZWNpYS1OTVAtOC1ncnVkbmlhLTIwMjEtNDMuanBnIiwic2xpZGVzaG93IjoiMzAyZmVhZiJ9\">\n\t\t\t\t\t<div class=\"e-gallery-image elementor-gallery-item__image\" data-thumbnail=\"https:\/\/www.lichen.pl\/wp-content\/uploads\/2021\/12\/Uroczystosc-Niepokalanego-Poczecia-NMP-8-grudnia-2021-43-150x150.jpg\" data-width=\"150\" data-height=\"150\" aria-label=\"\" role=\"img\" ><\/div>\n\t\t\t\t\t\t\t\t\t\t\t<div class=\"elementor-gallery-item__overlay\"><\/div>\n\t\t\t\t\t\t\t\t\t\t\t\t\t\t<\/a>\n\t\t\t\t\t\t\t<a class=\"e-gallery-item elementor-gallery-item elementor-animated-content\" data-e-gallery-tags=\"4\" href=\"https:\/\/www.lichen.pl\/wp-content\/uploads\/2021\/12\/Uroczystosc-Niepokalanego-Poczecia-NMP-8-grudnia-2021-42.jpg\" data-elementor-open-lightbox=\"yes\" data-elementor-lightbox-slideshow=\"302feaf\" data-elementor-lightbox-title=\"Uroczysto\u015b\u0107 Niepokalanego Pocz\u0119cia NMP, 8 grudnia 2021 42\" data-e-action-hash=\"#elementor-action%3Aaction%3Dlightbox%26settings%3DeyJpZCI6MzQ2NjcsInVybCI6Imh0dHBzOlwvXC93d3cubGljaGVuLnBsXC93cC1jb250ZW50XC91cGxvYWRzXC8yMDIxXC8xMlwvVXJvY3p5c3Rvc2MtTmllcG9rYWxhbmVnby1Qb2N6ZWNpYS1OTVAtOC1ncnVkbmlhLTIwMjEtNDIuanBnIiwic2xpZGVzaG93IjoiMzAyZmVhZiJ9\">\n\t\t\t\t\t<div class=\"e-gallery-image elementor-gallery-item__image\" data-thumbnail=\"https:\/\/www.lichen.pl\/wp-content\/uploads\/2021\/12\/Uroczystosc-Niepokalanego-Poczecia-NMP-8-grudnia-2021-42-150x150.jpg\" data-width=\"150\" data-height=\"150\" aria-label=\"\" role=\"img\" ><\/div>\n\t\t\t\t\t\t\t\t\t\t\t<div class=\"elementor-gallery-item__overlay\"><\/div>\n\t\t\t\t\t\t\t\t\t\t\t\t\t\t<\/a>\n\t\t\t\t\t\t\t<a class=\"e-gallery-item elementor-gallery-item elementor-animated-content\" data-e-gallery-tags=\"4\" href=\"https:\/\/www.lichen.pl\/wp-content\/uploads\/2021\/12\/Uroczystosc-Niepokalanego-Poczecia-NMP-8-grudnia-2021-41.jpg\" data-elementor-open-lightbox=\"yes\" data-elementor-lightbox-slideshow=\"302feaf\" data-elementor-lightbox-title=\"Uroczysto\u015b\u0107 Niepokalanego Pocz\u0119cia NMP, 8 grudnia 2021 41\" data-e-action-hash=\"#elementor-action%3Aaction%3Dlightbox%26settings%3DeyJpZCI6MzQ2NjYsInVybCI6Imh0dHBzOlwvXC93d3cubGljaGVuLnBsXC93cC1jb250ZW50XC91cGxvYWRzXC8yMDIxXC8xMlwvVXJvY3p5c3Rvc2MtTmllcG9rYWxhbmVnby1Qb2N6ZWNpYS1OTVAtOC1ncnVkbmlhLTIwMjEtNDEuanBnIiwic2xpZGVzaG93IjoiMzAyZmVhZiJ9\">\n\t\t\t\t\t<div class=\"e-gallery-image elementor-gallery-item__image\" data-thumbnail=\"https:\/\/www.lichen.pl\/wp-content\/uploads\/2021\/12\/Uroczystosc-Niepokalanego-Poczecia-NMP-8-grudnia-2021-41-150x150.jpg\" data-width=\"150\" data-height=\"150\" aria-label=\"\" role=\"img\" ><\/div>\n\t\t\t\t\t\t\t\t\t\t\t<div class=\"elementor-gallery-item__overlay\"><\/div>\n\t\t\t\t\t\t\t\t\t\t\t\t\t\t<\/a>\n\t\t\t\t\t\t\t<a class=\"e-gallery-item elementor-gallery-item elementor-animated-content\" data-e-gallery-tags=\"4\" href=\"https:\/\/www.lichen.pl\/wp-content\/uploads\/2021\/12\/Uroczystosc-Niepokalanego-Poczecia-NMP-8-grudnia-2021-40.jpg\" data-elementor-open-lightbox=\"yes\" data-elementor-lightbox-slideshow=\"302feaf\" data-elementor-lightbox-title=\"Uroczysto\u015b\u0107 Niepokalanego Pocz\u0119cia NMP, 8 grudnia 2021 40\" data-e-action-hash=\"#elementor-action%3Aaction%3Dlightbox%26settings%3DeyJpZCI6MzQ2NjUsInVybCI6Imh0dHBzOlwvXC93d3cubGljaGVuLnBsXC93cC1jb250ZW50XC91cGxvYWRzXC8yMDIxXC8xMlwvVXJvY3p5c3Rvc2MtTmllcG9rYWxhbmVnby1Qb2N6ZWNpYS1OTVAtOC1ncnVkbmlhLTIwMjEtNDAuanBnIiwic2xpZGVzaG93IjoiMzAyZmVhZiJ9\">\n\t\t\t\t\t<div class=\"e-gallery-image elementor-gallery-item__image\" data-thumbnail=\"https:\/\/www.lichen.pl\/wp-content\/uploads\/2021\/12\/Uroczystosc-Niepokalanego-Poczecia-NMP-8-grudnia-2021-40-150x150.jpg\" data-width=\"150\" data-height=\"150\" aria-label=\"\" role=\"img\" ><\/div>\n\t\t\t\t\t\t\t\t\t\t\t<div class=\"elementor-gallery-item__overlay\"><\/div>\n\t\t\t\t\t\t\t\t\t\t\t\t\t\t<\/a>\n\t\t\t\t\t\t\t<a class=\"e-gallery-item elementor-gallery-item elementor-animated-content\" data-e-gallery-tags=\"4\" href=\"https:\/\/www.lichen.pl\/wp-content\/uploads\/2021\/12\/Uroczystosc-Niepokalanego-Poczecia-NMP-8-grudnia-2021-39.jpg\" data-elementor-open-lightbox=\"yes\" data-elementor-lightbox-slideshow=\"302feaf\" data-elementor-lightbox-title=\"Uroczysto\u015b\u0107 Niepokalanego Pocz\u0119cia NMP, 8 grudnia 2021 39\" data-e-action-hash=\"#elementor-action%3Aaction%3Dlightbox%26settings%3DeyJpZCI6MzQ2NjQsInVybCI6Imh0dHBzOlwvXC93d3cubGljaGVuLnBsXC93cC1jb250ZW50XC91cGxvYWRzXC8yMDIxXC8xMlwvVXJvY3p5c3Rvc2MtTmllcG9rYWxhbmVnby1Qb2N6ZWNpYS1OTVAtOC1ncnVkbmlhLTIwMjEtMzkuanBnIiwic2xpZGVzaG93IjoiMzAyZmVhZiJ9\">\n\t\t\t\t\t<div class=\"e-gallery-image elementor-gallery-item__image\" data-thumbnail=\"https:\/\/www.lichen.pl\/wp-content\/uploads\/2021\/12\/Uroczystosc-Niepokalanego-Poczecia-NMP-8-grudnia-2021-39-150x150.jpg\" data-width=\"150\" data-height=\"150\" aria-label=\"\" role=\"img\" ><\/div>\n\t\t\t\t\t\t\t\t\t\t\t<div class=\"elementor-gallery-item__overlay\"><\/div>\n\t\t\t\t\t\t\t\t\t\t\t\t\t\t<\/a>\n\t\t\t\t\t\t\t<a class=\"e-gallery-item elementor-gallery-item elementor-animated-content\" data-e-gallery-tags=\"4\" href=\"https:\/\/www.lichen.pl\/wp-content\/uploads\/2021\/12\/Uroczystosc-Niepokalanego-Poczecia-NMP-8-grudnia-2021-38.jpg\" data-elementor-open-lightbox=\"yes\" data-elementor-lightbox-slideshow=\"302feaf\" data-elementor-lightbox-title=\"Uroczysto\u015b\u0107 Niepokalanego Pocz\u0119cia NMP, 8 grudnia 2021 38\" data-e-action-hash=\"#elementor-action%3Aaction%3Dlightbox%26settings%3DeyJpZCI6MzQ2NjMsInVybCI6Imh0dHBzOlwvXC93d3cubGljaGVuLnBsXC93cC1jb250ZW50XC91cGxvYWRzXC8yMDIxXC8xMlwvVXJvY3p5c3Rvc2MtTmllcG9rYWxhbmVnby1Qb2N6ZWNpYS1OTVAtOC1ncnVkbmlhLTIwMjEtMzguanBnIiwic2xpZGVzaG93IjoiMzAyZmVhZiJ9\">\n\t\t\t\t\t<div class=\"e-gallery-image elementor-gallery-item__image\" data-thumbnail=\"https:\/\/www.lichen.pl\/wp-content\/uploads\/2021\/12\/Uroczystosc-Niepokalanego-Poczecia-NMP-8-grudnia-2021-38-150x150.jpg\" data-width=\"150\" data-height=\"150\" aria-label=\"\" role=\"img\" ><\/div>\n\t\t\t\t\t\t\t\t\t\t\t<div class=\"elementor-gallery-item__overlay\"><\/div>\n\t\t\t\t\t\t\t\t\t\t\t\t\t\t<\/a>\n\t\t\t\t\t\t\t<a class=\"e-gallery-item elementor-gallery-item elementor-animated-content\" data-e-gallery-tags=\"4\" href=\"https:\/\/www.lichen.pl\/wp-content\/uploads\/2021\/12\/Uroczystosc-Niepokalanego-Poczecia-NMP-8-grudnia-2021-37.jpg\" data-elementor-open-lightbox=\"yes\" data-elementor-lightbox-slideshow=\"302feaf\" data-elementor-lightbox-title=\"Uroczysto\u015b\u0107 Niepokalanego Pocz\u0119cia NMP, 8 grudnia 2021 37\" data-e-action-hash=\"#elementor-action%3Aaction%3Dlightbox%26settings%3DeyJpZCI6MzQ2NjIsInVybCI6Imh0dHBzOlwvXC93d3cubGljaGVuLnBsXC93cC1jb250ZW50XC91cGxvYWRzXC8yMDIxXC8xMlwvVXJvY3p5c3Rvc2MtTmllcG9rYWxhbmVnby1Qb2N6ZWNpYS1OTVAtOC1ncnVkbmlhLTIwMjEtMzcuanBnIiwic2xpZGVzaG93IjoiMzAyZmVhZiJ9\">\n\t\t\t\t\t<div class=\"e-gallery-image elementor-gallery-item__image\" data-thumbnail=\"https:\/\/www.lichen.pl\/wp-content\/uploads\/2021\/12\/Uroczystosc-Niepokalanego-Poczecia-NMP-8-grudnia-2021-37-150x150.jpg\" data-width=\"150\" data-height=\"150\" aria-label=\"\" role=\"img\" ><\/div>\n\t\t\t\t\t\t\t\t\t\t\t<div class=\"elementor-gallery-item__overlay\"><\/div>\n\t\t\t\t\t\t\t\t\t\t\t\t\t\t<\/a>\n\t\t\t\t\t\t\t<a class=\"e-gallery-item elementor-gallery-item elementor-animated-content\" data-e-gallery-tags=\"4\" href=\"https:\/\/www.lichen.pl\/wp-content\/uploads\/2021\/12\/Uroczystosc-Niepokalanego-Poczecia-NMP-8-grudnia-2021-36.jpg\" data-elementor-open-lightbox=\"yes\" data-elementor-lightbox-slideshow=\"302feaf\" data-elementor-lightbox-title=\"Uroczysto\u015b\u0107 Niepokalanego Pocz\u0119cia NMP, 8 grudnia 2021 36\" data-e-action-hash=\"#elementor-action%3Aaction%3Dlightbox%26settings%3DeyJpZCI6MzQ2NjEsInVybCI6Imh0dHBzOlwvXC93d3cubGljaGVuLnBsXC93cC1jb250ZW50XC91cGxvYWRzXC8yMDIxXC8xMlwvVXJvY3p5c3Rvc2MtTmllcG9rYWxhbmVnby1Qb2N6ZWNpYS1OTVAtOC1ncnVkbmlhLTIwMjEtMzYuanBnIiwic2xpZGVzaG93IjoiMzAyZmVhZiJ9\">\n\t\t\t\t\t<div class=\"e-gallery-image elementor-gallery-item__image\" data-thumbnail=\"https:\/\/www.lichen.pl\/wp-content\/uploads\/2021\/12\/Uroczystosc-Niepokalanego-Poczecia-NMP-8-grudnia-2021-36-150x150.jpg\" data-width=\"150\" data-height=\"150\" aria-label=\"\" role=\"img\" ><\/div>\n\t\t\t\t\t\t\t\t\t\t\t<div class=\"elementor-gallery-item__overlay\"><\/div>\n\t\t\t\t\t\t\t\t\t\t\t\t\t\t<\/a>\n\t\t\t\t\t\t\t<a class=\"e-gallery-item elementor-gallery-item elementor-animated-content\" data-e-gallery-tags=\"4\" href=\"https:\/\/www.lichen.pl\/wp-content\/uploads\/2021\/12\/Uroczystosc-Niepokalanego-Poczecia-NMP-8-grudnia-2021-35.jpg\" data-elementor-open-lightbox=\"yes\" data-elementor-lightbox-slideshow=\"302feaf\" data-elementor-lightbox-title=\"Uroczysto\u015b\u0107 Niepokalanego Pocz\u0119cia NMP, 8 grudnia 2021 35\" data-e-action-hash=\"#elementor-action%3Aaction%3Dlightbox%26settings%3DeyJpZCI6MzQ2NjAsInVybCI6Imh0dHBzOlwvXC93d3cubGljaGVuLnBsXC93cC1jb250ZW50XC91cGxvYWRzXC8yMDIxXC8xMlwvVXJvY3p5c3Rvc2MtTmllcG9rYWxhbmVnby1Qb2N6ZWNpYS1OTVAtOC1ncnVkbmlhLTIwMjEtMzUuanBnIiwic2xpZGVzaG93IjoiMzAyZmVhZiJ9\">\n\t\t\t\t\t<div class=\"e-gallery-image elementor-gallery-item__image\" data-thumbnail=\"https:\/\/www.lichen.pl\/wp-content\/uploads\/2021\/12\/Uroczystosc-Niepokalanego-Poczecia-NMP-8-grudnia-2021-35-150x150.jpg\" data-width=\"150\" data-height=\"150\" aria-label=\"\" role=\"img\" ><\/div>\n\t\t\t\t\t\t\t\t\t\t\t<div class=\"elementor-gallery-item__overlay\"><\/div>\n\t\t\t\t\t\t\t\t\t\t\t\t\t\t<\/a>\n\t\t\t\t\t\t\t<a class=\"e-gallery-item elementor-gallery-item elementor-animated-content\" data-e-gallery-tags=\"4\" href=\"https:\/\/www.lichen.pl\/wp-content\/uploads\/2021\/12\/Uroczystosc-Niepokalanego-Poczecia-NMP-8-grudnia-2021-34.jpg\" data-elementor-open-lightbox=\"yes\" data-elementor-lightbox-slideshow=\"302feaf\" data-elementor-lightbox-title=\"Uroczysto\u015b\u0107 Niepokalanego Pocz\u0119cia NMP, 8 grudnia 2021 34\" data-e-action-hash=\"#elementor-action%3Aaction%3Dlightbox%26settings%3DeyJpZCI6MzQ2NTksInVybCI6Imh0dHBzOlwvXC93d3cubGljaGVuLnBsXC93cC1jb250ZW50XC91cGxvYWRzXC8yMDIxXC8xMlwvVXJvY3p5c3Rvc2MtTmllcG9rYWxhbmVnby1Qb2N6ZWNpYS1OTVAtOC1ncnVkbmlhLTIwMjEtMzQuanBnIiwic2xpZGVzaG93IjoiMzAyZmVhZiJ9\">\n\t\t\t\t\t<div class=\"e-gallery-image elementor-gallery-item__image\" data-thumbnail=\"https:\/\/www.lichen.pl\/wp-content\/uploads\/2021\/12\/Uroczystosc-Niepokalanego-Poczecia-NMP-8-grudnia-2021-34-150x150.jpg\" data-width=\"150\" data-height=\"150\" aria-label=\"\" role=\"img\" ><\/div>\n\t\t\t\t\t\t\t\t\t\t\t<div class=\"elementor-gallery-item__overlay\"><\/div>\n\t\t\t\t\t\t\t\t\t\t\t\t\t\t<\/a>\n\t\t\t\t\t\t\t<a class=\"e-gallery-item elementor-gallery-item elementor-animated-content\" data-e-gallery-tags=\"4\" href=\"https:\/\/www.lichen.pl\/wp-content\/uploads\/2021\/12\/Uroczystosc-Niepokalanego-Poczecia-NMP-8-grudnia-2021-33.jpg\" data-elementor-open-lightbox=\"yes\" data-elementor-lightbox-slideshow=\"302feaf\" data-elementor-lightbox-title=\"Uroczysto\u015b\u0107 Niepokalanego Pocz\u0119cia NMP, 8 grudnia 2021 33\" data-e-action-hash=\"#elementor-action%3Aaction%3Dlightbox%26settings%3DeyJpZCI6MzQ2NTgsInVybCI6Imh0dHBzOlwvXC93d3cubGljaGVuLnBsXC93cC1jb250ZW50XC91cGxvYWRzXC8yMDIxXC8xMlwvVXJvY3p5c3Rvc2MtTmllcG9rYWxhbmVnby1Qb2N6ZWNpYS1OTVAtOC1ncnVkbmlhLTIwMjEtMzMuanBnIiwic2xpZGVzaG93IjoiMzAyZmVhZiJ9\">\n\t\t\t\t\t<div class=\"e-gallery-image elementor-gallery-item__image\" data-thumbnail=\"https:\/\/www.lichen.pl\/wp-content\/uploads\/2021\/12\/Uroczystosc-Niepokalanego-Poczecia-NMP-8-grudnia-2021-33-150x150.jpg\" data-width=\"150\" data-height=\"150\" aria-label=\"\" role=\"img\" ><\/div>\n\t\t\t\t\t\t\t\t\t\t\t<div class=\"elementor-gallery-item__overlay\"><\/div>\n\t\t\t\t\t\t\t\t\t\t\t\t\t\t<\/a>\n\t\t\t\t\t\t\t<a class=\"e-gallery-item elementor-gallery-item elementor-animated-content\" data-e-gallery-tags=\"4\" href=\"https:\/\/www.lichen.pl\/wp-content\/uploads\/2021\/12\/Uroczystosc-Niepokalanego-Poczecia-NMP-8-grudnia-2021-32.jpg\" data-elementor-open-lightbox=\"yes\" data-elementor-lightbox-slideshow=\"302feaf\" data-elementor-lightbox-title=\"Uroczysto\u015b\u0107 Niepokalanego Pocz\u0119cia NMP, 8 grudnia 2021 32\" data-e-action-hash=\"#elementor-action%3Aaction%3Dlightbox%26settings%3DeyJpZCI6MzQ2NTcsInVybCI6Imh0dHBzOlwvXC93d3cubGljaGVuLnBsXC93cC1jb250ZW50XC91cGxvYWRzXC8yMDIxXC8xMlwvVXJvY3p5c3Rvc2MtTmllcG9rYWxhbmVnby1Qb2N6ZWNpYS1OTVAtOC1ncnVkbmlhLTIwMjEtMzIuanBnIiwic2xpZGVzaG93IjoiMzAyZmVhZiJ9\">\n\t\t\t\t\t<div class=\"e-gallery-image elementor-gallery-item__image\" data-thumbnail=\"https:\/\/www.lichen.pl\/wp-content\/uploads\/2021\/12\/Uroczystosc-Niepokalanego-Poczecia-NMP-8-grudnia-2021-32-150x150.jpg\" data-width=\"150\" data-height=\"150\" aria-label=\"\" role=\"img\" ><\/div>\n\t\t\t\t\t\t\t\t\t\t\t<div class=\"elementor-gallery-item__overlay\"><\/div>\n\t\t\t\t\t\t\t\t\t\t\t\t\t\t<\/a>\n\t\t\t\t\t\t\t<a class=\"e-gallery-item elementor-gallery-item elementor-animated-content\" data-e-gallery-tags=\"4\" href=\"https:\/\/www.lichen.pl\/wp-content\/uploads\/2021\/12\/Uroczystosc-Niepokalanego-Poczecia-NMP-8-grudnia-2021-31.jpg\" data-elementor-open-lightbox=\"yes\" data-elementor-lightbox-slideshow=\"302feaf\" data-elementor-lightbox-title=\"Uroczysto\u015b\u0107 Niepokalanego Pocz\u0119cia NMP, 8 grudnia 2021 31\" data-e-action-hash=\"#elementor-action%3Aaction%3Dlightbox%26settings%3DeyJpZCI6MzQ2NTYsInVybCI6Imh0dHBzOlwvXC93d3cubGljaGVuLnBsXC93cC1jb250ZW50XC91cGxvYWRzXC8yMDIxXC8xMlwvVXJvY3p5c3Rvc2MtTmllcG9rYWxhbmVnby1Qb2N6ZWNpYS1OTVAtOC1ncnVkbmlhLTIwMjEtMzEuanBnIiwic2xpZGVzaG93IjoiMzAyZmVhZiJ9\">\n\t\t\t\t\t<div class=\"e-gallery-image elementor-gallery-item__image\" data-thumbnail=\"https:\/\/www.lichen.pl\/wp-content\/uploads\/2021\/12\/Uroczystosc-Niepokalanego-Poczecia-NMP-8-grudnia-2021-31-150x150.jpg\" data-width=\"150\" data-height=\"150\" aria-label=\"\" role=\"img\" ><\/div>\n\t\t\t\t\t\t\t\t\t\t\t<div class=\"elementor-gallery-item__overlay\"><\/div>\n\t\t\t\t\t\t\t\t\t\t\t\t\t\t<\/a>\n\t\t\t\t\t\t\t<a class=\"e-gallery-item elementor-gallery-item elementor-animated-content\" data-e-gallery-tags=\"4\" href=\"https:\/\/www.lichen.pl\/wp-content\/uploads\/2021\/12\/Uroczystosc-Niepokalanego-Poczecia-NMP-8-grudnia-2021-30.jpg\" data-elementor-open-lightbox=\"yes\" data-elementor-lightbox-slideshow=\"302feaf\" data-elementor-lightbox-title=\"Uroczysto\u015b\u0107 Niepokalanego Pocz\u0119cia NMP, 8 grudnia 2021 30\" data-e-action-hash=\"#elementor-action%3Aaction%3Dlightbox%26settings%3DeyJpZCI6MzQ2NTUsInVybCI6Imh0dHBzOlwvXC93d3cubGljaGVuLnBsXC93cC1jb250ZW50XC91cGxvYWRzXC8yMDIxXC8xMlwvVXJvY3p5c3Rvc2MtTmllcG9rYWxhbmVnby1Qb2N6ZWNpYS1OTVAtOC1ncnVkbmlhLTIwMjEtMzAuanBnIiwic2xpZGVzaG93IjoiMzAyZmVhZiJ9\">\n\t\t\t\t\t<div class=\"e-gallery-image elementor-gallery-item__image\" data-thumbnail=\"https:\/\/www.lichen.pl\/wp-content\/uploads\/2021\/12\/Uroczystosc-Niepokalanego-Poczecia-NMP-8-grudnia-2021-30-150x150.jpg\" data-width=\"150\" data-height=\"150\" aria-label=\"\" role=\"img\" ><\/div>\n\t\t\t\t\t\t\t\t\t\t\t<div class=\"elementor-gallery-item__overlay\"><\/div>\n\t\t\t\t\t\t\t\t\t\t\t\t\t\t<\/a>\n\t\t\t\t\t\t\t<a class=\"e-gallery-item elementor-gallery-item elementor-animated-content\" data-e-gallery-tags=\"4\" href=\"https:\/\/www.lichen.pl\/wp-content\/uploads\/2021\/12\/Uroczystosc-Niepokalanego-Poczecia-NMP-8-grudnia-2021-29.jpg\" data-elementor-open-lightbox=\"yes\" data-elementor-lightbox-slideshow=\"302feaf\" data-elementor-lightbox-title=\"Uroczysto\u015b\u0107 Niepokalanego Pocz\u0119cia NMP, 8 grudnia 2021 29\" data-e-action-hash=\"#elementor-action%3Aaction%3Dlightbox%26settings%3DeyJpZCI6MzQ2NTQsInVybCI6Imh0dHBzOlwvXC93d3cubGljaGVuLnBsXC93cC1jb250ZW50XC91cGxvYWRzXC8yMDIxXC8xMlwvVXJvY3p5c3Rvc2MtTmllcG9rYWxhbmVnby1Qb2N6ZWNpYS1OTVAtOC1ncnVkbmlhLTIwMjEtMjkuanBnIiwic2xpZGVzaG93IjoiMzAyZmVhZiJ9\">\n\t\t\t\t\t<div class=\"e-gallery-image elementor-gallery-item__image\" data-thumbnail=\"https:\/\/www.lichen.pl\/wp-content\/uploads\/2021\/12\/Uroczystosc-Niepokalanego-Poczecia-NMP-8-grudnia-2021-29-150x150.jpg\" data-width=\"150\" data-height=\"150\" aria-label=\"\" role=\"img\" ><\/div>\n\t\t\t\t\t\t\t\t\t\t\t<div class=\"elementor-gallery-item__overlay\"><\/div>\n\t\t\t\t\t\t\t\t\t\t\t\t\t\t<\/a>\n\t\t\t\t\t\t\t<a class=\"e-gallery-item elementor-gallery-item elementor-animated-content\" data-e-gallery-tags=\"4\" href=\"https:\/\/www.lichen.pl\/wp-content\/uploads\/2021\/12\/Uroczystosc-Niepokalanego-Poczecia-NMP-8-grudnia-2021-28.jpg\" data-elementor-open-lightbox=\"yes\" data-elementor-lightbox-slideshow=\"302feaf\" data-elementor-lightbox-title=\"Uroczysto\u015b\u0107 Niepokalanego Pocz\u0119cia NMP, 8 grudnia 2021 28\" data-e-action-hash=\"#elementor-action%3Aaction%3Dlightbox%26settings%3DeyJpZCI6MzQ2NTMsInVybCI6Imh0dHBzOlwvXC93d3cubGljaGVuLnBsXC93cC1jb250ZW50XC91cGxvYWRzXC8yMDIxXC8xMlwvVXJvY3p5c3Rvc2MtTmllcG9rYWxhbmVnby1Qb2N6ZWNpYS1OTVAtOC1ncnVkbmlhLTIwMjEtMjguanBnIiwic2xpZGVzaG93IjoiMzAyZmVhZiJ9\">\n\t\t\t\t\t<div class=\"e-gallery-image elementor-gallery-item__image\" data-thumbnail=\"https:\/\/www.lichen.pl\/wp-content\/uploads\/2021\/12\/Uroczystosc-Niepokalanego-Poczecia-NMP-8-grudnia-2021-28-150x150.jpg\" data-width=\"150\" data-height=\"150\" aria-label=\"\" role=\"img\" ><\/div>\n\t\t\t\t\t\t\t\t\t\t\t<div class=\"elementor-gallery-item__overlay\"><\/div>\n\t\t\t\t\t\t\t\t\t\t\t\t\t\t<\/a>\n\t\t\t\t\t\t\t<a class=\"e-gallery-item elementor-gallery-item elementor-animated-content\" data-e-gallery-tags=\"4\" href=\"https:\/\/www.lichen.pl\/wp-content\/uploads\/2021\/12\/Uroczystosc-Niepokalanego-Poczecia-NMP-8-grudnia-2021-27.jpg\" data-elementor-open-lightbox=\"yes\" data-elementor-lightbox-slideshow=\"302feaf\" data-elementor-lightbox-title=\"Uroczysto\u015b\u0107 Niepokalanego Pocz\u0119cia NMP, 8 grudnia 2021 27\" data-e-action-hash=\"#elementor-action%3Aaction%3Dlightbox%26settings%3DeyJpZCI6MzQ2NTIsInVybCI6Imh0dHBzOlwvXC93d3cubGljaGVuLnBsXC93cC1jb250ZW50XC91cGxvYWRzXC8yMDIxXC8xMlwvVXJvY3p5c3Rvc2MtTmllcG9rYWxhbmVnby1Qb2N6ZWNpYS1OTVAtOC1ncnVkbmlhLTIwMjEtMjcuanBnIiwic2xpZGVzaG93IjoiMzAyZmVhZiJ9\">\n\t\t\t\t\t<div class=\"e-gallery-image elementor-gallery-item__image\" data-thumbnail=\"https:\/\/www.lichen.pl\/wp-content\/uploads\/2021\/12\/Uroczystosc-Niepokalanego-Poczecia-NMP-8-grudnia-2021-27-150x150.jpg\" data-width=\"150\" data-height=\"150\" aria-label=\"\" role=\"img\" ><\/div>\n\t\t\t\t\t\t\t\t\t\t\t<div class=\"elementor-gallery-item__overlay\"><\/div>\n\t\t\t\t\t\t\t\t\t\t\t\t\t\t<\/a>\n\t\t\t\t\t\t\t<a class=\"e-gallery-item elementor-gallery-item elementor-animated-content\" data-e-gallery-tags=\"4\" href=\"https:\/\/www.lichen.pl\/wp-content\/uploads\/2021\/12\/Uroczystosc-Niepokalanego-Poczecia-NMP-8-grudnia-2021-26.jpg\" data-elementor-open-lightbox=\"yes\" data-elementor-lightbox-slideshow=\"302feaf\" data-elementor-lightbox-title=\"Uroczysto\u015b\u0107 Niepokalanego Pocz\u0119cia NMP, 8 grudnia 2021 26\" data-e-action-hash=\"#elementor-action%3Aaction%3Dlightbox%26settings%3DeyJpZCI6MzQ2NTEsInVybCI6Imh0dHBzOlwvXC93d3cubGljaGVuLnBsXC93cC1jb250ZW50XC91cGxvYWRzXC8yMDIxXC8xMlwvVXJvY3p5c3Rvc2MtTmllcG9rYWxhbmVnby1Qb2N6ZWNpYS1OTVAtOC1ncnVkbmlhLTIwMjEtMjYuanBnIiwic2xpZGVzaG93IjoiMzAyZmVhZiJ9\">\n\t\t\t\t\t<div class=\"e-gallery-image elementor-gallery-item__image\" data-thumbnail=\"https:\/\/www.lichen.pl\/wp-content\/uploads\/2021\/12\/Uroczystosc-Niepokalanego-Poczecia-NMP-8-grudnia-2021-26-150x150.jpg\" data-width=\"150\" data-height=\"150\" aria-label=\"\" role=\"img\" ><\/div>\n\t\t\t\t\t\t\t\t\t\t\t<div class=\"elementor-gallery-item__overlay\"><\/div>\n\t\t\t\t\t\t\t\t\t\t\t\t\t\t<\/a>\n\t\t\t\t\t\t\t<a class=\"e-gallery-item elementor-gallery-item elementor-animated-content\" data-e-gallery-tags=\"4\" href=\"https:\/\/www.lichen.pl\/wp-content\/uploads\/2021\/12\/Uroczystosc-Niepokalanego-Poczecia-NMP-8-grudnia-2021-25.jpg\" data-elementor-open-lightbox=\"yes\" data-elementor-lightbox-slideshow=\"302feaf\" data-elementor-lightbox-title=\"Uroczysto\u015b\u0107 Niepokalanego Pocz\u0119cia NMP, 8 grudnia 2021 25\" data-e-action-hash=\"#elementor-action%3Aaction%3Dlightbox%26settings%3DeyJpZCI6MzQ2NTAsInVybCI6Imh0dHBzOlwvXC93d3cubGljaGVuLnBsXC93cC1jb250ZW50XC91cGxvYWRzXC8yMDIxXC8xMlwvVXJvY3p5c3Rvc2MtTmllcG9rYWxhbmVnby1Qb2N6ZWNpYS1OTVAtOC1ncnVkbmlhLTIwMjEtMjUuanBnIiwic2xpZGVzaG93IjoiMzAyZmVhZiJ9\">\n\t\t\t\t\t<div class=\"e-gallery-image elementor-gallery-item__image\" data-thumbnail=\"https:\/\/www.lichen.pl\/wp-content\/uploads\/2021\/12\/Uroczystosc-Niepokalanego-Poczecia-NMP-8-grudnia-2021-25-150x150.jpg\" data-width=\"150\" data-height=\"150\" aria-label=\"\" role=\"img\" ><\/div>\n\t\t\t\t\t\t\t\t\t\t\t<div class=\"elementor-gallery-item__overlay\"><\/div>\n\t\t\t\t\t\t\t\t\t\t\t\t\t\t<\/a>\n\t\t\t\t\t\t\t<a class=\"e-gallery-item elementor-gallery-item elementor-animated-content\" data-e-gallery-tags=\"4\" href=\"https:\/\/www.lichen.pl\/wp-content\/uploads\/2021\/12\/Uroczystosc-Niepokalanego-Poczecia-NMP-8-grudnia-2021-24.jpg\" data-elementor-open-lightbox=\"yes\" data-elementor-lightbox-slideshow=\"302feaf\" data-elementor-lightbox-title=\"Uroczysto\u015b\u0107 Niepokalanego Pocz\u0119cia NMP, 8 grudnia 2021 24\" data-e-action-hash=\"#elementor-action%3Aaction%3Dlightbox%26settings%3DeyJpZCI6MzQ2NDksInVybCI6Imh0dHBzOlwvXC93d3cubGljaGVuLnBsXC93cC1jb250ZW50XC91cGxvYWRzXC8yMDIxXC8xMlwvVXJvY3p5c3Rvc2MtTmllcG9rYWxhbmVnby1Qb2N6ZWNpYS1OTVAtOC1ncnVkbmlhLTIwMjEtMjQuanBnIiwic2xpZGVzaG93IjoiMzAyZmVhZiJ9\">\n\t\t\t\t\t<div class=\"e-gallery-image elementor-gallery-item__image\" data-thumbnail=\"https:\/\/www.lichen.pl\/wp-content\/uploads\/2021\/12\/Uroczystosc-Niepokalanego-Poczecia-NMP-8-grudnia-2021-24-150x150.jpg\" data-width=\"150\" data-height=\"150\" aria-label=\"\" role=\"img\" ><\/div>\n\t\t\t\t\t\t\t\t\t\t\t<div class=\"elementor-gallery-item__overlay\"><\/div>\n\t\t\t\t\t\t\t\t\t\t\t\t\t\t<\/a>\n\t\t\t\t\t\t\t<a class=\"e-gallery-item elementor-gallery-item elementor-animated-content\" data-e-gallery-tags=\"4\" href=\"https:\/\/www.lichen.pl\/wp-content\/uploads\/2021\/12\/Uroczystosc-Niepokalanego-Poczecia-NMP-8-grudnia-2021-23.jpg\" data-elementor-open-lightbox=\"yes\" data-elementor-lightbox-slideshow=\"302feaf\" data-elementor-lightbox-title=\"Uroczysto\u015b\u0107 Niepokalanego Pocz\u0119cia NMP, 8 grudnia 2021 23\" data-e-action-hash=\"#elementor-action%3Aaction%3Dlightbox%26settings%3DeyJpZCI6MzQ2NDgsInVybCI6Imh0dHBzOlwvXC93d3cubGljaGVuLnBsXC93cC1jb250ZW50XC91cGxvYWRzXC8yMDIxXC8xMlwvVXJvY3p5c3Rvc2MtTmllcG9rYWxhbmVnby1Qb2N6ZWNpYS1OTVAtOC1ncnVkbmlhLTIwMjEtMjMuanBnIiwic2xpZGVzaG93IjoiMzAyZmVhZiJ9\">\n\t\t\t\t\t<div class=\"e-gallery-image elementor-gallery-item__image\" data-thumbnail=\"https:\/\/www.lichen.pl\/wp-content\/uploads\/2021\/12\/Uroczystosc-Niepokalanego-Poczecia-NMP-8-grudnia-2021-23-150x150.jpg\" data-width=\"150\" data-height=\"150\" aria-label=\"\" role=\"img\" ><\/div>\n\t\t\t\t\t\t\t\t\t\t\t<div class=\"elementor-gallery-item__overlay\"><\/div>\n\t\t\t\t\t\t\t\t\t\t\t\t\t\t<\/a>\n\t\t\t\t\t\t\t<a class=\"e-gallery-item elementor-gallery-item elementor-animated-content\" data-e-gallery-tags=\"4\" href=\"https:\/\/www.lichen.pl\/wp-content\/uploads\/2021\/12\/Uroczystosc-Niepokalanego-Poczecia-NMP-8-grudnia-2021-22.jpg\" data-elementor-open-lightbox=\"yes\" data-elementor-lightbox-slideshow=\"302feaf\" data-elementor-lightbox-title=\"Uroczysto\u015b\u0107 Niepokalanego Pocz\u0119cia NMP, 8 grudnia 2021 22\" data-e-action-hash=\"#elementor-action%3Aaction%3Dlightbox%26settings%3DeyJpZCI6MzQ2NDcsInVybCI6Imh0dHBzOlwvXC93d3cubGljaGVuLnBsXC93cC1jb250ZW50XC91cGxvYWRzXC8yMDIxXC8xMlwvVXJvY3p5c3Rvc2MtTmllcG9rYWxhbmVnby1Qb2N6ZWNpYS1OTVAtOC1ncnVkbmlhLTIwMjEtMjIuanBnIiwic2xpZGVzaG93IjoiMzAyZmVhZiJ9\">\n\t\t\t\t\t<div class=\"e-gallery-image elementor-gallery-item__image\" data-thumbnail=\"https:\/\/www.lichen.pl\/wp-content\/uploads\/2021\/12\/Uroczystosc-Niepokalanego-Poczecia-NMP-8-grudnia-2021-22-150x150.jpg\" data-width=\"150\" data-height=\"150\" aria-label=\"\" role=\"img\" ><\/div>\n\t\t\t\t\t\t\t\t\t\t\t<div class=\"elementor-gallery-item__overlay\"><\/div>\n\t\t\t\t\t\t\t\t\t\t\t\t\t\t<\/a>\n\t\t\t\t\t\t\t<a class=\"e-gallery-item elementor-gallery-item elementor-animated-content\" data-e-gallery-tags=\"4\" href=\"https:\/\/www.lichen.pl\/wp-content\/uploads\/2021\/12\/Uroczystosc-Niepokalanego-Poczecia-NMP-8-grudnia-2021-21.jpg\" data-elementor-open-lightbox=\"yes\" data-elementor-lightbox-slideshow=\"302feaf\" data-elementor-lightbox-title=\"Uroczysto\u015b\u0107 Niepokalanego Pocz\u0119cia NMP, 8 grudnia 2021 21\" data-e-action-hash=\"#elementor-action%3Aaction%3Dlightbox%26settings%3DeyJpZCI6MzQ2NDYsInVybCI6Imh0dHBzOlwvXC93d3cubGljaGVuLnBsXC93cC1jb250ZW50XC91cGxvYWRzXC8yMDIxXC8xMlwvVXJvY3p5c3Rvc2MtTmllcG9rYWxhbmVnby1Qb2N6ZWNpYS1OTVAtOC1ncnVkbmlhLTIwMjEtMjEuanBnIiwic2xpZGVzaG93IjoiMzAyZmVhZiJ9\">\n\t\t\t\t\t<div class=\"e-gallery-image elementor-gallery-item__image\" data-thumbnail=\"https:\/\/www.lichen.pl\/wp-content\/uploads\/2021\/12\/Uroczystosc-Niepokalanego-Poczecia-NMP-8-grudnia-2021-21-150x150.jpg\" data-width=\"150\" data-height=\"150\" aria-label=\"\" role=\"img\" ><\/div>\n\t\t\t\t\t\t\t\t\t\t\t<div class=\"elementor-gallery-item__overlay\"><\/div>\n\t\t\t\t\t\t\t\t\t\t\t\t\t\t<\/a>\n\t\t\t\t\t\t\t<a class=\"e-gallery-item elementor-gallery-item elementor-animated-content\" data-e-gallery-tags=\"4\" href=\"https:\/\/www.lichen.pl\/wp-content\/uploads\/2021\/12\/Uroczystosc-Niepokalanego-Poczecia-NMP-8-grudnia-2021-20.jpg\" data-elementor-open-lightbox=\"yes\" data-elementor-lightbox-slideshow=\"302feaf\" data-elementor-lightbox-title=\"Uroczysto\u015b\u0107 Niepokalanego Pocz\u0119cia NMP, 8 grudnia 2021 20\" data-e-action-hash=\"#elementor-action%3Aaction%3Dlightbox%26settings%3DeyJpZCI6MzQ2NDUsInVybCI6Imh0dHBzOlwvXC93d3cubGljaGVuLnBsXC93cC1jb250ZW50XC91cGxvYWRzXC8yMDIxXC8xMlwvVXJvY3p5c3Rvc2MtTmllcG9rYWxhbmVnby1Qb2N6ZWNpYS1OTVAtOC1ncnVkbmlhLTIwMjEtMjAuanBnIiwic2xpZGVzaG93IjoiMzAyZmVhZiJ9\">\n\t\t\t\t\t<div class=\"e-gallery-image elementor-gallery-item__image\" data-thumbnail=\"https:\/\/www.lichen.pl\/wp-content\/uploads\/2021\/12\/Uroczystosc-Niepokalanego-Poczecia-NMP-8-grudnia-2021-20-150x150.jpg\" data-width=\"150\" data-height=\"150\" aria-label=\"\" role=\"img\" ><\/div>\n\t\t\t\t\t\t\t\t\t\t\t<div class=\"elementor-gallery-item__overlay\"><\/div>\n\t\t\t\t\t\t\t\t\t\t\t\t\t\t<\/a>\n\t\t\t\t\t\t\t<a class=\"e-gallery-item elementor-gallery-item elementor-animated-content\" data-e-gallery-tags=\"4\" href=\"https:\/\/www.lichen.pl\/wp-content\/uploads\/2021\/12\/Uroczystosc-Niepokalanego-Poczecia-NMP-8-grudnia-2021-19.jpg\" data-elementor-open-lightbox=\"yes\" data-elementor-lightbox-slideshow=\"302feaf\" data-elementor-lightbox-title=\"Uroczysto\u015b\u0107 Niepokalanego Pocz\u0119cia NMP, 8 grudnia 2021 19\" data-e-action-hash=\"#elementor-action%3Aaction%3Dlightbox%26settings%3DeyJpZCI6MzQ2NDQsInVybCI6Imh0dHBzOlwvXC93d3cubGljaGVuLnBsXC93cC1jb250ZW50XC91cGxvYWRzXC8yMDIxXC8xMlwvVXJvY3p5c3Rvc2MtTmllcG9rYWxhbmVnby1Qb2N6ZWNpYS1OTVAtOC1ncnVkbmlhLTIwMjEtMTkuanBnIiwic2xpZGVzaG93IjoiMzAyZmVhZiJ9\">\n\t\t\t\t\t<div class=\"e-gallery-image elementor-gallery-item__image\" data-thumbnail=\"https:\/\/www.lichen.pl\/wp-content\/uploads\/2021\/12\/Uroczystosc-Niepokalanego-Poczecia-NMP-8-grudnia-2021-19-150x150.jpg\" data-width=\"150\" data-height=\"150\" aria-label=\"\" role=\"img\" ><\/div>\n\t\t\t\t\t\t\t\t\t\t\t<div class=\"elementor-gallery-item__overlay\"><\/div>\n\t\t\t\t\t\t\t\t\t\t\t\t\t\t<\/a>\n\t\t\t\t\t\t\t<a class=\"e-gallery-item elementor-gallery-item elementor-animated-content\" data-e-gallery-tags=\"4\" href=\"https:\/\/www.lichen.pl\/wp-content\/uploads\/2021\/12\/Uroczystosc-Niepokalanego-Poczecia-NMP-8-grudnia-2021-18.jpg\" data-elementor-open-lightbox=\"yes\" data-elementor-lightbox-slideshow=\"302feaf\" data-elementor-lightbox-title=\"Uroczysto\u015b\u0107 Niepokalanego Pocz\u0119cia NMP, 8 grudnia 2021 18\" data-e-action-hash=\"#elementor-action%3Aaction%3Dlightbox%26settings%3DeyJpZCI6MzQ2NDMsInVybCI6Imh0dHBzOlwvXC93d3cubGljaGVuLnBsXC93cC1jb250ZW50XC91cGxvYWRzXC8yMDIxXC8xMlwvVXJvY3p5c3Rvc2MtTmllcG9rYWxhbmVnby1Qb2N6ZWNpYS1OTVAtOC1ncnVkbmlhLTIwMjEtMTguanBnIiwic2xpZGVzaG93IjoiMzAyZmVhZiJ9\">\n\t\t\t\t\t<div class=\"e-gallery-image elementor-gallery-item__image\" data-thumbnail=\"https:\/\/www.lichen.pl\/wp-content\/uploads\/2021\/12\/Uroczystosc-Niepokalanego-Poczecia-NMP-8-grudnia-2021-18-150x150.jpg\" data-width=\"150\" data-height=\"150\" aria-label=\"\" role=\"img\" ><\/div>\n\t\t\t\t\t\t\t\t\t\t\t<div class=\"elementor-gallery-item__overlay\"><\/div>\n\t\t\t\t\t\t\t\t\t\t\t\t\t\t<\/a>\n\t\t\t\t\t\t\t<a class=\"e-gallery-item elementor-gallery-item elementor-animated-content\" data-e-gallery-tags=\"4\" href=\"https:\/\/www.lichen.pl\/wp-content\/uploads\/2021\/12\/Uroczystosc-Niepokalanego-Poczecia-NMP-8-grudnia-2021-17.jpg\" data-elementor-open-lightbox=\"yes\" data-elementor-lightbox-slideshow=\"302feaf\" data-elementor-lightbox-title=\"Uroczysto\u015b\u0107 Niepokalanego Pocz\u0119cia NMP, 8 grudnia 2021 17\" data-e-action-hash=\"#elementor-action%3Aaction%3Dlightbox%26settings%3DeyJpZCI6MzQ2NDIsInVybCI6Imh0dHBzOlwvXC93d3cubGljaGVuLnBsXC93cC1jb250ZW50XC91cGxvYWRzXC8yMDIxXC8xMlwvVXJvY3p5c3Rvc2MtTmllcG9rYWxhbmVnby1Qb2N6ZWNpYS1OTVAtOC1ncnVkbmlhLTIwMjEtMTcuanBnIiwic2xpZGVzaG93IjoiMzAyZmVhZiJ9\">\n\t\t\t\t\t<div class=\"e-gallery-image elementor-gallery-item__image\" data-thumbnail=\"https:\/\/www.lichen.pl\/wp-content\/uploads\/2021\/12\/Uroczystosc-Niepokalanego-Poczecia-NMP-8-grudnia-2021-17-150x150.jpg\" data-width=\"150\" data-height=\"150\" aria-label=\"\" role=\"img\" ><\/div>\n\t\t\t\t\t\t\t\t\t\t\t<div class=\"elementor-gallery-item__overlay\"><\/div>\n\t\t\t\t\t\t\t\t\t\t\t\t\t\t<\/a>\n\t\t\t\t\t\t\t<a class=\"e-gallery-item elementor-gallery-item elementor-animated-content\" data-e-gallery-tags=\"4\" href=\"https:\/\/www.lichen.pl\/wp-content\/uploads\/2021\/12\/Uroczystosc-Niepokalanego-Poczecia-NMP-8-grudnia-2021-16.jpg\" data-elementor-open-lightbox=\"yes\" data-elementor-lightbox-slideshow=\"302feaf\" data-elementor-lightbox-title=\"Uroczysto\u015b\u0107 Niepokalanego Pocz\u0119cia NMP, 8 grudnia 2021 16\" data-e-action-hash=\"#elementor-action%3Aaction%3Dlightbox%26settings%3DeyJpZCI6MzQ2NDEsInVybCI6Imh0dHBzOlwvXC93d3cubGljaGVuLnBsXC93cC1jb250ZW50XC91cGxvYWRzXC8yMDIxXC8xMlwvVXJvY3p5c3Rvc2MtTmllcG9rYWxhbmVnby1Qb2N6ZWNpYS1OTVAtOC1ncnVkbmlhLTIwMjEtMTYuanBnIiwic2xpZGVzaG93IjoiMzAyZmVhZiJ9\">\n\t\t\t\t\t<div class=\"e-gallery-image elementor-gallery-item__image\" data-thumbnail=\"https:\/\/www.lichen.pl\/wp-content\/uploads\/2021\/12\/Uroczystosc-Niepokalanego-Poczecia-NMP-8-grudnia-2021-16-150x150.jpg\" data-width=\"150\" data-height=\"150\" aria-label=\"\" role=\"img\" ><\/div>\n\t\t\t\t\t\t\t\t\t\t\t<div class=\"elementor-gallery-item__overlay\"><\/div>\n\t\t\t\t\t\t\t\t\t\t\t\t\t\t<\/a>\n\t\t\t\t\t\t\t<a class=\"e-gallery-item elementor-gallery-item elementor-animated-content\" data-e-gallery-tags=\"4\" href=\"https:\/\/www.lichen.pl\/wp-content\/uploads\/2021\/12\/Uroczystosc-Niepokalanego-Poczecia-NMP-8-grudnia-2021-15.jpg\" data-elementor-open-lightbox=\"yes\" data-elementor-lightbox-slideshow=\"302feaf\" data-elementor-lightbox-title=\"Uroczysto\u015b\u0107 Niepokalanego Pocz\u0119cia NMP, 8 grudnia 2021 15\" data-e-action-hash=\"#elementor-action%3Aaction%3Dlightbox%26settings%3DeyJpZCI6MzQ2NDAsInVybCI6Imh0dHBzOlwvXC93d3cubGljaGVuLnBsXC93cC1jb250ZW50XC91cGxvYWRzXC8yMDIxXC8xMlwvVXJvY3p5c3Rvc2MtTmllcG9rYWxhbmVnby1Qb2N6ZWNpYS1OTVAtOC1ncnVkbmlhLTIwMjEtMTUuanBnIiwic2xpZGVzaG93IjoiMzAyZmVhZiJ9\">\n\t\t\t\t\t<div class=\"e-gallery-image elementor-gallery-item__image\" data-thumbnail=\"https:\/\/www.lichen.pl\/wp-content\/uploads\/2021\/12\/Uroczystosc-Niepokalanego-Poczecia-NMP-8-grudnia-2021-15-150x150.jpg\" data-width=\"150\" data-height=\"150\" aria-label=\"\" role=\"img\" ><\/div>\n\t\t\t\t\t\t\t\t\t\t\t<div class=\"elementor-gallery-item__overlay\"><\/div>\n\t\t\t\t\t\t\t\t\t\t\t\t\t\t<\/a>\n\t\t\t\t\t\t\t<a class=\"e-gallery-item elementor-gallery-item elementor-animated-content\" data-e-gallery-tags=\"4\" href=\"https:\/\/www.lichen.pl\/wp-content\/uploads\/2021\/12\/Uroczystosc-Niepokalanego-Poczecia-NMP-8-grudnia-2021-14.jpg\" data-elementor-open-lightbox=\"yes\" data-elementor-lightbox-slideshow=\"302feaf\" data-elementor-lightbox-title=\"Uroczysto\u015b\u0107 Niepokalanego Pocz\u0119cia NMP, 8 grudnia 2021 14\" data-e-action-hash=\"#elementor-action%3Aaction%3Dlightbox%26settings%3DeyJpZCI6MzQ2MzksInVybCI6Imh0dHBzOlwvXC93d3cubGljaGVuLnBsXC93cC1jb250ZW50XC91cGxvYWRzXC8yMDIxXC8xMlwvVXJvY3p5c3Rvc2MtTmllcG9rYWxhbmVnby1Qb2N6ZWNpYS1OTVAtOC1ncnVkbmlhLTIwMjEtMTQuanBnIiwic2xpZGVzaG93IjoiMzAyZmVhZiJ9\">\n\t\t\t\t\t<div class=\"e-gallery-image elementor-gallery-item__image\" data-thumbnail=\"https:\/\/www.lichen.pl\/wp-content\/uploads\/2021\/12\/Uroczystosc-Niepokalanego-Poczecia-NMP-8-grudnia-2021-14-150x150.jpg\" data-width=\"150\" data-height=\"150\" aria-label=\"\" role=\"img\" ><\/div>\n\t\t\t\t\t\t\t\t\t\t\t<div class=\"elementor-gallery-item__overlay\"><\/div>\n\t\t\t\t\t\t\t\t\t\t\t\t\t\t<\/a>\n\t\t\t\t\t\t\t<a class=\"e-gallery-item elementor-gallery-item elementor-animated-content\" data-e-gallery-tags=\"4\" href=\"https:\/\/www.lichen.pl\/wp-content\/uploads\/2021\/12\/Uroczystosc-Niepokalanego-Poczecia-NMP-8-grudnia-2021-13.jpg\" data-elementor-open-lightbox=\"yes\" data-elementor-lightbox-slideshow=\"302feaf\" data-elementor-lightbox-title=\"Uroczysto\u015b\u0107 Niepokalanego Pocz\u0119cia NMP, 8 grudnia 2021 13\" data-e-action-hash=\"#elementor-action%3Aaction%3Dlightbox%26settings%3DeyJpZCI6MzQ2MzgsInVybCI6Imh0dHBzOlwvXC93d3cubGljaGVuLnBsXC93cC1jb250ZW50XC91cGxvYWRzXC8yMDIxXC8xMlwvVXJvY3p5c3Rvc2MtTmllcG9rYWxhbmVnby1Qb2N6ZWNpYS1OTVAtOC1ncnVkbmlhLTIwMjEtMTMuanBnIiwic2xpZGVzaG93IjoiMzAyZmVhZiJ9\">\n\t\t\t\t\t<div class=\"e-gallery-image elementor-gallery-item__image\" data-thumbnail=\"https:\/\/www.lichen.pl\/wp-content\/uploads\/2021\/12\/Uroczystosc-Niepokalanego-Poczecia-NMP-8-grudnia-2021-13-150x150.jpg\" data-width=\"150\" data-height=\"150\" aria-label=\"\" role=\"img\" ><\/div>\n\t\t\t\t\t\t\t\t\t\t\t<div class=\"elementor-gallery-item__overlay\"><\/div>\n\t\t\t\t\t\t\t\t\t\t\t\t\t\t<\/a>\n\t\t\t\t\t\t\t<a class=\"e-gallery-item elementor-gallery-item elementor-animated-content\" data-e-gallery-tags=\"4\" href=\"https:\/\/www.lichen.pl\/wp-content\/uploads\/2021\/12\/Uroczystosc-Niepokalanego-Poczecia-NMP-8-grudnia-2021-12.jpg\" data-elementor-open-lightbox=\"yes\" data-elementor-lightbox-slideshow=\"302feaf\" data-elementor-lightbox-title=\"Uroczysto\u015b\u0107 Niepokalanego Pocz\u0119cia NMP, 8 grudnia 2021 12\" data-e-action-hash=\"#elementor-action%3Aaction%3Dlightbox%26settings%3DeyJpZCI6MzQ2MzcsInVybCI6Imh0dHBzOlwvXC93d3cubGljaGVuLnBsXC93cC1jb250ZW50XC91cGxvYWRzXC8yMDIxXC8xMlwvVXJvY3p5c3Rvc2MtTmllcG9rYWxhbmVnby1Qb2N6ZWNpYS1OTVAtOC1ncnVkbmlhLTIwMjEtMTIuanBnIiwic2xpZGVzaG93IjoiMzAyZmVhZiJ9\">\n\t\t\t\t\t<div class=\"e-gallery-image elementor-gallery-item__image\" data-thumbnail=\"https:\/\/www.lichen.pl\/wp-content\/uploads\/2021\/12\/Uroczystosc-Niepokalanego-Poczecia-NMP-8-grudnia-2021-12-150x150.jpg\" data-width=\"150\" data-height=\"150\" aria-label=\"\" role=\"img\" ><\/div>\n\t\t\t\t\t\t\t\t\t\t\t<div class=\"elementor-gallery-item__overlay\"><\/div>\n\t\t\t\t\t\t\t\t\t\t\t\t\t\t<\/a>\n\t\t\t\t\t\t\t<a class=\"e-gallery-item elementor-gallery-item elementor-animated-content\" data-e-gallery-tags=\"4\" href=\"https:\/\/www.lichen.pl\/wp-content\/uploads\/2021\/12\/Uroczystosc-Niepokalanego-Poczecia-NMP-8-grudnia-2021-11.jpg\" data-elementor-open-lightbox=\"yes\" data-elementor-lightbox-slideshow=\"302feaf\" data-elementor-lightbox-title=\"Uroczysto\u015b\u0107 Niepokalanego Pocz\u0119cia NMP, 8 grudnia 2021 11\" data-e-action-hash=\"#elementor-action%3Aaction%3Dlightbox%26settings%3DeyJpZCI6MzQ2MzYsInVybCI6Imh0dHBzOlwvXC93d3cubGljaGVuLnBsXC93cC1jb250ZW50XC91cGxvYWRzXC8yMDIxXC8xMlwvVXJvY3p5c3Rvc2MtTmllcG9rYWxhbmVnby1Qb2N6ZWNpYS1OTVAtOC1ncnVkbmlhLTIwMjEtMTEuanBnIiwic2xpZGVzaG93IjoiMzAyZmVhZiJ9\">\n\t\t\t\t\t<div class=\"e-gallery-image elementor-gallery-item__image\" data-thumbnail=\"https:\/\/www.lichen.pl\/wp-content\/uploads\/2021\/12\/Uroczystosc-Niepokalanego-Poczecia-NMP-8-grudnia-2021-11-150x150.jpg\" data-width=\"150\" data-height=\"150\" aria-label=\"\" role=\"img\" ><\/div>\n\t\t\t\t\t\t\t\t\t\t\t<div class=\"elementor-gallery-item__overlay\"><\/div>\n\t\t\t\t\t\t\t\t\t\t\t\t\t\t<\/a>\n\t\t\t\t\t\t\t<a class=\"e-gallery-item elementor-gallery-item elementor-animated-content\" data-e-gallery-tags=\"4\" href=\"https:\/\/www.lichen.pl\/wp-content\/uploads\/2021\/12\/Uroczystosc-Niepokalanego-Poczecia-NMP-8-grudnia-2021-10.jpg\" data-elementor-open-lightbox=\"yes\" data-elementor-lightbox-slideshow=\"302feaf\" data-elementor-lightbox-title=\"Uroczysto\u015b\u0107 Niepokalanego Pocz\u0119cia NMP, 8 grudnia 2021 10\" data-e-action-hash=\"#elementor-action%3Aaction%3Dlightbox%26settings%3DeyJpZCI6MzQ2MzUsInVybCI6Imh0dHBzOlwvXC93d3cubGljaGVuLnBsXC93cC1jb250ZW50XC91cGxvYWRzXC8yMDIxXC8xMlwvVXJvY3p5c3Rvc2MtTmllcG9rYWxhbmVnby1Qb2N6ZWNpYS1OTVAtOC1ncnVkbmlhLTIwMjEtMTAuanBnIiwic2xpZGVzaG93IjoiMzAyZmVhZiJ9\">\n\t\t\t\t\t<div class=\"e-gallery-image elementor-gallery-item__image\" data-thumbnail=\"https:\/\/www.lichen.pl\/wp-content\/uploads\/2021\/12\/Uroczystosc-Niepokalanego-Poczecia-NMP-8-grudnia-2021-10-150x150.jpg\" data-width=\"150\" data-height=\"150\" aria-label=\"\" role=\"img\" ><\/div>\n\t\t\t\t\t\t\t\t\t\t\t<div class=\"elementor-gallery-item__overlay\"><\/div>\n\t\t\t\t\t\t\t\t\t\t\t\t\t\t<\/a>\n\t\t\t\t\t\t\t<a class=\"e-gallery-item elementor-gallery-item elementor-animated-content\" data-e-gallery-tags=\"4\" href=\"https:\/\/www.lichen.pl\/wp-content\/uploads\/2021\/12\/Uroczystosc-Niepokalanego-Poczecia-NMP-8-grudnia-2021-9.jpg\" data-elementor-open-lightbox=\"yes\" data-elementor-lightbox-slideshow=\"302feaf\" data-elementor-lightbox-title=\"Uroczysto\u015b\u0107 Niepokalanego Pocz\u0119cia NMP, 8 grudnia 2021 9\" data-e-action-hash=\"#elementor-action%3Aaction%3Dlightbox%26settings%3DeyJpZCI6MzQ2MzQsInVybCI6Imh0dHBzOlwvXC93d3cubGljaGVuLnBsXC93cC1jb250ZW50XC91cGxvYWRzXC8yMDIxXC8xMlwvVXJvY3p5c3Rvc2MtTmllcG9rYWxhbmVnby1Qb2N6ZWNpYS1OTVAtOC1ncnVkbmlhLTIwMjEtOS5qcGciLCJzbGlkZXNob3ciOiIzMDJmZWFmIn0%3D\">\n\t\t\t\t\t<div class=\"e-gallery-image elementor-gallery-item__image\" data-thumbnail=\"https:\/\/www.lichen.pl\/wp-content\/uploads\/2021\/12\/Uroczystosc-Niepokalanego-Poczecia-NMP-8-grudnia-2021-9-150x150.jpg\" data-width=\"150\" data-height=\"150\" aria-label=\"\" role=\"img\" ><\/div>\n\t\t\t\t\t\t\t\t\t\t\t<div class=\"elementor-gallery-item__overlay\"><\/div>\n\t\t\t\t\t\t\t\t\t\t\t\t\t\t<\/a>\n\t\t\t\t\t\t\t<a class=\"e-gallery-item elementor-gallery-item elementor-animated-content\" data-e-gallery-tags=\"4\" href=\"https:\/\/www.lichen.pl\/wp-content\/uploads\/2021\/12\/Uroczystosc-Niepokalanego-Poczecia-NMP-8-grudnia-2021-8.jpg\" data-elementor-open-lightbox=\"yes\" data-elementor-lightbox-slideshow=\"302feaf\" data-elementor-lightbox-title=\"Uroczysto\u015b\u0107 Niepokalanego Pocz\u0119cia NMP, 8 grudnia 2021 8\" data-e-action-hash=\"#elementor-action%3Aaction%3Dlightbox%26settings%3DeyJpZCI6MzQ2MzMsInVybCI6Imh0dHBzOlwvXC93d3cubGljaGVuLnBsXC93cC1jb250ZW50XC91cGxvYWRzXC8yMDIxXC8xMlwvVXJvY3p5c3Rvc2MtTmllcG9rYWxhbmVnby1Qb2N6ZWNpYS1OTVAtOC1ncnVkbmlhLTIwMjEtOC5qcGciLCJzbGlkZXNob3ciOiIzMDJmZWFmIn0%3D\">\n\t\t\t\t\t<div class=\"e-gallery-image elementor-gallery-item__image\" data-thumbnail=\"https:\/\/www.lichen.pl\/wp-content\/uploads\/2021\/12\/Uroczystosc-Niepokalanego-Poczecia-NMP-8-grudnia-2021-8-150x150.jpg\" data-width=\"150\" data-height=\"150\" aria-label=\"\" role=\"img\" ><\/div>\n\t\t\t\t\t\t\t\t\t\t\t<div class=\"elementor-gallery-item__overlay\"><\/div>\n\t\t\t\t\t\t\t\t\t\t\t\t\t\t<\/a>\n\t\t\t\t\t\t\t<a class=\"e-gallery-item elementor-gallery-item elementor-animated-content\" data-e-gallery-tags=\"4\" href=\"https:\/\/www.lichen.pl\/wp-content\/uploads\/2021\/12\/Uroczystosc-Niepokalanego-Poczecia-NMP-8-grudnia-2021-7.jpg\" data-elementor-open-lightbox=\"yes\" data-elementor-lightbox-slideshow=\"302feaf\" data-elementor-lightbox-title=\"Uroczysto\u015b\u0107 Niepokalanego Pocz\u0119cia NMP, 8 grudnia 2021 7\" data-e-action-hash=\"#elementor-action%3Aaction%3Dlightbox%26settings%3DeyJpZCI6MzQ2MzIsInVybCI6Imh0dHBzOlwvXC93d3cubGljaGVuLnBsXC93cC1jb250ZW50XC91cGxvYWRzXC8yMDIxXC8xMlwvVXJvY3p5c3Rvc2MtTmllcG9rYWxhbmVnby1Qb2N6ZWNpYS1OTVAtOC1ncnVkbmlhLTIwMjEtNy5qcGciLCJzbGlkZXNob3ciOiIzMDJmZWFmIn0%3D\">\n\t\t\t\t\t<div class=\"e-gallery-image elementor-gallery-item__image\" data-thumbnail=\"https:\/\/www.lichen.pl\/wp-content\/uploads\/2021\/12\/Uroczystosc-Niepokalanego-Poczecia-NMP-8-grudnia-2021-7-150x150.jpg\" data-width=\"150\" data-height=\"150\" aria-label=\"\" role=\"img\" ><\/div>\n\t\t\t\t\t\t\t\t\t\t\t<div class=\"elementor-gallery-item__overlay\"><\/div>\n\t\t\t\t\t\t\t\t\t\t\t\t\t\t<\/a>\n\t\t\t\t\t\t\t<a class=\"e-gallery-item elementor-gallery-item elementor-animated-content\" data-e-gallery-tags=\"4\" href=\"https:\/\/www.lichen.pl\/wp-content\/uploads\/2021\/12\/Uroczystosc-Niepokalanego-Poczecia-NMP-8-grudnia-2021-6.jpg\" data-elementor-open-lightbox=\"yes\" data-elementor-lightbox-slideshow=\"302feaf\" data-elementor-lightbox-title=\"Uroczysto\u015b\u0107 Niepokalanego Pocz\u0119cia NMP, 8 grudnia 2021 6\" data-e-action-hash=\"#elementor-action%3Aaction%3Dlightbox%26settings%3DeyJpZCI6MzQ2MzEsInVybCI6Imh0dHBzOlwvXC93d3cubGljaGVuLnBsXC93cC1jb250ZW50XC91cGxvYWRzXC8yMDIxXC8xMlwvVXJvY3p5c3Rvc2MtTmllcG9rYWxhbmVnby1Qb2N6ZWNpYS1OTVAtOC1ncnVkbmlhLTIwMjEtNi5qcGciLCJzbGlkZXNob3ciOiIzMDJmZWFmIn0%3D\">\n\t\t\t\t\t<div class=\"e-gallery-image elementor-gallery-item__image\" data-thumbnail=\"https:\/\/www.lichen.pl\/wp-content\/uploads\/2021\/12\/Uroczystosc-Niepokalanego-Poczecia-NMP-8-grudnia-2021-6-150x150.jpg\" data-width=\"150\" data-height=\"150\" aria-label=\"\" role=\"img\" ><\/div>\n\t\t\t\t\t\t\t\t\t\t\t<div class=\"elementor-gallery-item__overlay\"><\/div>\n\t\t\t\t\t\t\t\t\t\t\t\t\t\t<\/a>\n\t\t\t\t\t\t\t<a class=\"e-gallery-item elementor-gallery-item elementor-animated-content\" data-e-gallery-tags=\"4\" href=\"https:\/\/www.lichen.pl\/wp-content\/uploads\/2021\/12\/Uroczystosc-Niepokalanego-Poczecia-NMP-8-grudnia-2021-5.jpg\" data-elementor-open-lightbox=\"yes\" data-elementor-lightbox-slideshow=\"302feaf\" data-elementor-lightbox-title=\"Uroczysto\u015b\u0107 Niepokalanego Pocz\u0119cia NMP, 8 grudnia 2021 5\" data-e-action-hash=\"#elementor-action%3Aaction%3Dlightbox%26settings%3DeyJpZCI6MzQ2MzAsInVybCI6Imh0dHBzOlwvXC93d3cubGljaGVuLnBsXC93cC1jb250ZW50XC91cGxvYWRzXC8yMDIxXC8xMlwvVXJvY3p5c3Rvc2MtTmllcG9rYWxhbmVnby1Qb2N6ZWNpYS1OTVAtOC1ncnVkbmlhLTIwMjEtNS5qcGciLCJzbGlkZXNob3ciOiIzMDJmZWFmIn0%3D\">\n\t\t\t\t\t<div class=\"e-gallery-image elementor-gallery-item__image\" data-thumbnail=\"https:\/\/www.lichen.pl\/wp-content\/uploads\/2021\/12\/Uroczystosc-Niepokalanego-Poczecia-NMP-8-grudnia-2021-5-150x150.jpg\" data-width=\"150\" data-height=\"150\" aria-label=\"\" role=\"img\" ><\/div>\n\t\t\t\t\t\t\t\t\t\t\t<div class=\"elementor-gallery-item__overlay\"><\/div>\n\t\t\t\t\t\t\t\t\t\t\t\t\t\t<\/a>\n\t\t\t\t\t\t\t<a class=\"e-gallery-item elementor-gallery-item elementor-animated-content\" data-e-gallery-tags=\"4\" href=\"https:\/\/www.lichen.pl\/wp-content\/uploads\/2021\/12\/Uroczystosc-Niepokalanego-Poczecia-NMP-8-grudnia-2021-4.jpg\" data-elementor-open-lightbox=\"yes\" data-elementor-lightbox-slideshow=\"302feaf\" data-elementor-lightbox-title=\"Uroczysto\u015b\u0107 Niepokalanego Pocz\u0119cia NMP, 8 grudnia 2021 4\" data-e-action-hash=\"#elementor-action%3Aaction%3Dlightbox%26settings%3DeyJpZCI6MzQ2MjksInVybCI6Imh0dHBzOlwvXC93d3cubGljaGVuLnBsXC93cC1jb250ZW50XC91cGxvYWRzXC8yMDIxXC8xMlwvVXJvY3p5c3Rvc2MtTmllcG9rYWxhbmVnby1Qb2N6ZWNpYS1OTVAtOC1ncnVkbmlhLTIwMjEtNC5qcGciLCJzbGlkZXNob3ciOiIzMDJmZWFmIn0%3D\">\n\t\t\t\t\t<div class=\"e-gallery-image elementor-gallery-item__image\" data-thumbnail=\"https:\/\/www.lichen.pl\/wp-content\/uploads\/2021\/12\/Uroczystosc-Niepokalanego-Poczecia-NMP-8-grudnia-2021-4-150x150.jpg\" data-width=\"150\" data-height=\"150\" aria-label=\"\" role=\"img\" ><\/div>\n\t\t\t\t\t\t\t\t\t\t\t<div class=\"elementor-gallery-item__overlay\"><\/div>\n\t\t\t\t\t\t\t\t\t\t\t\t\t\t<\/a>\n\t\t\t\t\t\t\t<a class=\"e-gallery-item elementor-gallery-item elementor-animated-content\" data-e-gallery-tags=\"4\" href=\"https:\/\/www.lichen.pl\/wp-content\/uploads\/2021\/12\/Uroczystosc-Niepokalanego-Poczecia-NMP-8-grudnia-2021-3.jpg\" data-elementor-open-lightbox=\"yes\" data-elementor-lightbox-slideshow=\"302feaf\" data-elementor-lightbox-title=\"Uroczysto\u015b\u0107 Niepokalanego Pocz\u0119cia NMP, 8 grudnia 2021 3\" data-e-action-hash=\"#elementor-action%3Aaction%3Dlightbox%26settings%3DeyJpZCI6MzQ2MjgsInVybCI6Imh0dHBzOlwvXC93d3cubGljaGVuLnBsXC93cC1jb250ZW50XC91cGxvYWRzXC8yMDIxXC8xMlwvVXJvY3p5c3Rvc2MtTmllcG9rYWxhbmVnby1Qb2N6ZWNpYS1OTVAtOC1ncnVkbmlhLTIwMjEtMy5qcGciLCJzbGlkZXNob3ciOiIzMDJmZWFmIn0%3D\">\n\t\t\t\t\t<div class=\"e-gallery-image elementor-gallery-item__image\" data-thumbnail=\"https:\/\/www.lichen.pl\/wp-content\/uploads\/2021\/12\/Uroczystosc-Niepokalanego-Poczecia-NMP-8-grudnia-2021-3-150x150.jpg\" data-width=\"150\" data-height=\"150\" aria-label=\"\" role=\"img\" ><\/div>\n\t\t\t\t\t\t\t\t\t\t\t<div class=\"elementor-gallery-item__overlay\"><\/div>\n\t\t\t\t\t\t\t\t\t\t\t\t\t\t<\/a>\n\t\t\t\t\t\t\t<a class=\"e-gallery-item elementor-gallery-item elementor-animated-content\" data-e-gallery-tags=\"4\" href=\"https:\/\/www.lichen.pl\/wp-content\/uploads\/2021\/12\/Uroczystosc-Niepokalanego-Poczecia-NMP-8-grudnia-2021-2.jpg\" data-elementor-open-lightbox=\"yes\" data-elementor-lightbox-slideshow=\"302feaf\" data-elementor-lightbox-title=\"Uroczysto\u015b\u0107 Niepokalanego Pocz\u0119cia NMP, 8 grudnia 2021 2\" data-e-action-hash=\"#elementor-action%3Aaction%3Dlightbox%26settings%3DeyJpZCI6MzQ2MjcsInVybCI6Imh0dHBzOlwvXC93d3cubGljaGVuLnBsXC93cC1jb250ZW50XC91cGxvYWRzXC8yMDIxXC8xMlwvVXJvY3p5c3Rvc2MtTmllcG9rYWxhbmVnby1Qb2N6ZWNpYS1OTVAtOC1ncnVkbmlhLTIwMjEtMi5qcGciLCJzbGlkZXNob3ciOiIzMDJmZWFmIn0%3D\">\n\t\t\t\t\t<div class=\"e-gallery-image elementor-gallery-item__image\" data-thumbnail=\"https:\/\/www.lichen.pl\/wp-content\/uploads\/2021\/12\/Uroczystosc-Niepokalanego-Poczecia-NMP-8-grudnia-2021-2-150x150.jpg\" data-width=\"150\" data-height=\"150\" aria-label=\"\" role=\"img\" ><\/div>\n\t\t\t\t\t\t\t\t\t\t\t<div class=\"elementor-gallery-item__overlay\"><\/div>\n\t\t\t\t\t\t\t\t\t\t\t\t\t\t<\/a>\n\t\t\t\t\t\t\t<a class=\"e-gallery-item elementor-gallery-item elementor-animated-content\" data-e-gallery-tags=\"4\" href=\"https:\/\/www.lichen.pl\/wp-content\/uploads\/2021\/12\/Uroczystosc-Niepokalanego-Poczecia-NMP-8-grudnia-2021-1.jpg\" data-elementor-open-lightbox=\"yes\" data-elementor-lightbox-slideshow=\"302feaf\" data-elementor-lightbox-title=\"Uroczysto\u015b\u0107 Niepokalanego Pocz\u0119cia NMP, 8 grudnia 2021 1\" data-e-action-hash=\"#elementor-action%3Aaction%3Dlightbox%26settings%3DeyJpZCI6MzQ2MjYsInVybCI6Imh0dHBzOlwvXC93d3cubGljaGVuLnBsXC93cC1jb250ZW50XC91cGxvYWRzXC8yMDIxXC8xMlwvVXJvY3p5c3Rvc2MtTmllcG9rYWxhbmVnby1Qb2N6ZWNpYS1OTVAtOC1ncnVkbmlhLTIwMjEtMS5qcGciLCJzbGlkZXNob3ciOiIzMDJmZWFmIn0%3D\">\n\t\t\t\t\t<div class=\"e-gallery-image elementor-gallery-item__image\" data-thumbnail=\"https:\/\/www.lichen.pl\/wp-content\/uploads\/2021\/12\/Uroczystosc-Niepokalanego-Poczecia-NMP-8-grudnia-2021-1-150x150.jpg\" data-width=\"150\" data-height=\"150\" aria-label=\"\" role=\"img\" ><\/div>\n\t\t\t\t\t\t\t\t\t\t\t<div class=\"elementor-gallery-item__overlay\"><\/div>\n\t\t\t\t\t\t\t\t\t\t\t\t\t\t<\/a>\n\t\t\t\t\t<\/div>\n\t\t\t\t\t<\/div>\n\t\t\t\t<\/div>\n\t\t\t\t\t<\/div>\n\t\t<\/div>\n\t\t\t\t\t<\/div>\n\t\t<\/section>\n\t\t\t\t<\/div>","protected":false},"excerpt":{"rendered":"<p>Dzieci\u0119ce kol\u0119dowanie w bazylice, 26 grudnia 2021 r. Uroczysto\u015b\u0107 Bo\u017cego Narodzenia w Licheniu, 25 grudnia 2021 r. Uroczysta Pasterka w Bazylice Matki Bo\u017cej Liche\u0144skiej, 24 grudnia 2021 r. Nowa szopka betlejemska w liche\u0144skiej bazylice, 23 grudnia 2021 r. Zakonnicy Zgromadzenia Ksi\u0119\u017cy i Braci Marian\u00f3w odnowili swoje \u015bluby, 8 grudnia 2021 r.<\/p>","protected":false},"author":5,"featured_media":0,"parent":54386,"menu_order":0,"comment_status":"closed","ping_status":"closed","template":"","meta":{"footnotes":""},"class_list":["post-55690","page","type-page","status-publish","hentry","wpbf-post"],"yoast_head":"<!-- This site is optimized with the Yoast SEO plugin v27.4 - https:\/\/yoast.com\/product\/yoast-seo-wordpress\/ -->\n<title>Grudzie\u0144 2021 - SANKTUARIUM W LICHENIU<\/title>\n<meta name=\"robots\" content=\"index, follow, max-snippet:-1, max-image-preview:large, max-video-preview:-1\" \/>\n<link rel=\"canonical\" href=\"https:\/\/www.lichen.pl\/en\/galeria-2021\/grudzien-2021\/\" \/>\n<meta property=\"og:locale\" content=\"en_GB\" \/>\n<meta property=\"og:type\" content=\"article\" \/>\n<meta property=\"og:title\" content=\"Grudzie\u0144 2021 - SANKTUARIUM W LICHENIU\" \/>\n<meta property=\"og:description\" content=\"Dzieci\u0119ce kol\u0119dowanie w bazylice, 26 grudnia 2021 r. Uroczysto\u015b\u0107 Bo\u017cego Narodzenia w Licheniu, 25 grudnia 2021 r. Uroczysta Pasterka w Bazylice Matki Bo\u017cej Liche\u0144skiej, 24 grudnia 2021 r. Nowa szopka betlejemska w liche\u0144skiej bazylice, 23 grudnia 2021 r. Zakonnicy Zgromadzenia Ksi\u0119\u017cy i Braci Marian\u00f3w odnowili swoje \u015bluby, 8 grudnia 2021 r.\" \/>\n<meta property=\"og:url\" content=\"https:\/\/www.lichen.pl\/en\/galeria-2021\/grudzien-2021\/\" \/>\n<meta property=\"og:site_name\" content=\"SANKTUARIUM W LICHENIU\" \/>\n<meta property=\"article:modified_time\" content=\"2023-07-17T19:29:06+00:00\" \/>\n<meta name=\"twitter:card\" content=\"summary_large_image\" \/>\n<meta name=\"twitter:label1\" content=\"Estimated reading time\" \/>\n\t<meta name=\"twitter:data1\" content=\"1 minute\" \/>\n<script type=\"application\/ld+json\" class=\"yoast-schema-graph\">{\"@context\":\"https:\\\/\\\/schema.org\",\"@graph\":[{\"@type\":\"WebPage\",\"@id\":\"https:\\\/\\\/www.lichen.pl\\\/galeria-2021\\\/grudzien-2021\\\/\",\"url\":\"https:\\\/\\\/www.lichen.pl\\\/galeria-2021\\\/grudzien-2021\\\/\",\"name\":\"Grudzie\u0144 2021 - SANKTUARIUM W LICHENIU\",\"isPartOf\":{\"@id\":\"https:\\\/\\\/www.lichen.pl\\\/fr\\\/#website\"},\"datePublished\":\"2023-07-17T19:28:32+00:00\",\"dateModified\":\"2023-07-17T19:29:06+00:00\",\"breadcrumb\":{\"@id\":\"https:\\\/\\\/www.lichen.pl\\\/galeria-2021\\\/grudzien-2021\\\/#breadcrumb\"},\"inLanguage\":\"en-GB\",\"potentialAction\":[{\"@type\":\"ReadAction\",\"target\":[\"https:\\\/\\\/www.lichen.pl\\\/galeria-2021\\\/grudzien-2021\\\/\"]}]},{\"@type\":\"BreadcrumbList\",\"@id\":\"https:\\\/\\\/www.lichen.pl\\\/galeria-2021\\\/grudzien-2021\\\/#breadcrumb\",\"itemListElement\":[{\"@type\":\"ListItem\",\"position\":1,\"name\":\"Strona g\u0142\u00f3wna\",\"item\":\"https:\\\/\\\/www.lichen.pl\\\/\"},{\"@type\":\"ListItem\",\"position\":2,\"name\":\"Galeria 2021\",\"item\":\"https:\\\/\\\/www.lichen.pl\\\/galeria-2021\\\/\"},{\"@type\":\"ListItem\",\"position\":3,\"name\":\"Grudzie\u0144 2021\"}]},{\"@type\":\"WebSite\",\"@id\":\"https:\\\/\\\/www.lichen.pl\\\/fr\\\/#website\",\"url\":\"https:\\\/\\\/www.lichen.pl\\\/fr\\\/\",\"name\":\"SANKTUARIUM W LICHENIU\",\"description\":\"MATKI BO\u017bEJ LICHE\u0143SKIEJ BOLESNEJ KR\u00d3LOWEJ POLSKI\",\"potentialAction\":[{\"@type\":\"SearchAction\",\"target\":{\"@type\":\"EntryPoint\",\"urlTemplate\":\"https:\\\/\\\/www.lichen.pl\\\/fr\\\/?s={search_term_string}\"},\"query-input\":{\"@type\":\"PropertyValueSpecification\",\"valueRequired\":true,\"valueName\":\"search_term_string\"}}],\"inLanguage\":\"en-GB\"}]}<\/script>\n<!-- \/ Yoast SEO plugin. -->","yoast_head_json":{"title":"Grudzie\u0144 2021 - SANKTUARIUM W LICHENIU","robots":{"index":"index","follow":"follow","max-snippet":"max-snippet:-1","max-image-preview":"max-image-preview:large","max-video-preview":"max-video-preview:-1"},"canonical":"https:\/\/www.lichen.pl\/en\/galeria-2021\/grudzien-2021\/","og_locale":"en_GB","og_type":"article","og_title":"Grudzie\u0144 2021 - SANKTUARIUM W LICHENIU","og_description":"Dzieci\u0119ce kol\u0119dowanie w bazylice, 26 grudnia 2021 r. Uroczysto\u015b\u0107 Bo\u017cego Narodzenia w Licheniu, 25 grudnia 2021 r. Uroczysta Pasterka w Bazylice Matki Bo\u017cej Liche\u0144skiej, 24 grudnia 2021 r. Nowa szopka betlejemska w liche\u0144skiej bazylice, 23 grudnia 2021 r. Zakonnicy Zgromadzenia Ksi\u0119\u017cy i Braci Marian\u00f3w odnowili swoje \u015bluby, 8 grudnia 2021 r.","og_url":"https:\/\/www.lichen.pl\/en\/galeria-2021\/grudzien-2021\/","og_site_name":"SANKTUARIUM W LICHENIU","article_modified_time":"2023-07-17T19:29:06+00:00","twitter_card":"summary_large_image","twitter_misc":{"Estimated reading time":"1 minute"},"schema":{"@context":"https:\/\/schema.org","@graph":[{"@type":"WebPage","@id":"https:\/\/www.lichen.pl\/galeria-2021\/grudzien-2021\/","url":"https:\/\/www.lichen.pl\/galeria-2021\/grudzien-2021\/","name":"Grudzie\u0144 2021 - SANKTUARIUM W LICHENIU","isPartOf":{"@id":"https:\/\/www.lichen.pl\/fr\/#website"},"datePublished":"2023-07-17T19:28:32+00:00","dateModified":"2023-07-17T19:29:06+00:00","breadcrumb":{"@id":"https:\/\/www.lichen.pl\/galeria-2021\/grudzien-2021\/#breadcrumb"},"inLanguage":"en-GB","potentialAction":[{"@type":"ReadAction","target":["https:\/\/www.lichen.pl\/galeria-2021\/grudzien-2021\/"]}]},{"@type":"BreadcrumbList","@id":"https:\/\/www.lichen.pl\/galeria-2021\/grudzien-2021\/#breadcrumb","itemListElement":[{"@type":"ListItem","position":1,"name":"Strona g\u0142\u00f3wna","item":"https:\/\/www.lichen.pl\/"},{"@type":"ListItem","position":2,"name":"Galeria 2021","item":"https:\/\/www.lichen.pl\/galeria-2021\/"},{"@type":"ListItem","position":3,"name":"Grudzie\u0144 2021"}]},{"@type":"WebSite","@id":"https:\/\/www.lichen.pl\/fr\/#website","url":"https:\/\/www.lichen.pl\/fr\/","name":"SANCTUARY IN LICHENIA","description":"OUR LICHEN&#039;S SORROWFUL QUEEN OF POLAND","potentialAction":[{"@type":"SearchAction","target":{"@type":"EntryPoint","urlTemplate":"https:\/\/www.lichen.pl\/fr\/?s={search_term_string}"},"query-input":{"@type":"PropertyValueSpecification","valueRequired":true,"valueName":"search_term_string"}}],"inLanguage":"en-GB"}]}},"_links":{"self":[{"href":"https:\/\/www.lichen.pl\/en\/wp-json\/wp\/v2\/pages\/55690","targetHints":{"allow":["GET"]}}],"collection":[{"href":"https:\/\/www.lichen.pl\/en\/wp-json\/wp\/v2\/pages"}],"about":[{"href":"https:\/\/www.lichen.pl\/en\/wp-json\/wp\/v2\/types\/page"}],"author":[{"embeddable":true,"href":"https:\/\/www.lichen.pl\/en\/wp-json\/wp\/v2\/users\/5"}],"replies":[{"embeddable":true,"href":"https:\/\/www.lichen.pl\/en\/wp-json\/wp\/v2\/comments?post=55690"}],"version-history":[{"count":4,"href":"https:\/\/www.lichen.pl\/en\/wp-json\/wp\/v2\/pages\/55690\/revisions"}],"predecessor-version":[{"id":55694,"href":"https:\/\/www.lichen.pl\/en\/wp-json\/wp\/v2\/pages\/55690\/revisions\/55694"}],"up":[{"embeddable":true,"href":"https:\/\/www.lichen.pl\/en\/wp-json\/wp\/v2\/pages\/54386"}],"wp:attachment":[{"href":"https:\/\/www.lichen.pl\/en\/wp-json\/wp\/v2\/media?parent=55690"}],"curies":[{"name":"wp","href":"https:\/\/api.w.org\/{rel}","templated":true}]}}