{"version":"1.0","provider_name":"SANTUARIO EN LICHENIA","provider_url":"https:\/\/www.lichen.pl\/es","title":"Bro\u0144my \u017cycia - uroczysto\u015b\u0107 Zwiastowania Pa\u0144skiego i Dzie\u0144 \u015awi\u0119to\u015bci \u017bycia - SANKTUARIUM W LICHENIU","type":"rich","width":600,"height":338,"html":"<blockquote class=\"wp-embedded-content\" data-secret=\"2QcZEImmkO\"><a href=\"https:\/\/www.lichen.pl\/es\/bronmy-zycia\/\">Bro\u0144my \u017cycia &#8211; uroczysto\u015b\u0107 Zwiastowania Pa\u0144skiego i Dzie\u0144 \u015awi\u0119to\u015bci \u017bycia<\/a><\/blockquote><iframe sandbox=\"allow-scripts\" security=\"restricted\" src=\"https:\/\/www.lichen.pl\/es\/bronmy-zycia\/embed\/#?secret=2QcZEImmkO\" width=\"600\" height=\"338\" title=\"\u00abBro\u0144my \u017cycia &#8211; uroczysto\u015b\u0107 Zwiastowania Pa\u0144skiego i Dzie\u0144 \u015awi\u0119to\u015bci \u017bycia\u00bb \u2014 SANKTUARIUM W LICHENIU\" data-secret=\"2QcZEImmkO\" frameborder=\"0\" marginwidth=\"0\" marginheight=\"0\" scrolling=\"no\" class=\"wp-embedded-content\"><\/iframe><script>\n\/*! This file is auto-generated *\/\n!function(d,l){\"use strict\";l.querySelector&&d.addEventListener&&\"undefined\"!=typeof URL&&(d.wp=d.wp||{},d.wp.receiveEmbedMessage||(d.wp.receiveEmbedMessage=function(e){var t=e.data;if((t||t.secret||t.message||t.value)&&!\/[^a-zA-Z0-9]\/.test(t.secret)){for(var s,r,n,a=l.querySelectorAll('iframe[data-secret=\"'+t.secret+'\"]'),o=l.querySelectorAll('blockquote[data-secret=\"'+t.secret+'\"]'),c=new RegExp(\"^https?:$\",\"i\"),i=0;i<o.length;i++)o[i].style.display=\"none\";for(i=0;i<a.length;i++)s=a[i],e.source===s.contentWindow&&(s.removeAttribute(\"style\"),\"height\"===t.message?(1e3<(r=parseInt(t.value,10))?r=1e3:~~r<200&&(r=200),s.height=r):\"link\"===t.message&&(r=new URL(s.getAttribute(\"src\")),n=new URL(t.value),c.test(n.protocol))&&n.host===r.host&&l.activeElement===s&&(d.top.location.href=t.value))}},d.addEventListener(\"message\",d.wp.receiveEmbedMessage,!1),l.addEventListener(\"DOMContentLoaded\",function(){for(var e,t,s=l.querySelectorAll(\"iframe.wp-embedded-content\"),r=0;r<s.length;r++)(t=(e=s[r]).getAttribute(\"data-secret\"))||(t=Math.random().toString(36).substring(2,12),e.src+=\"#?secret=\"+t,e.setAttribute(\"data-secret\",t)),e.contentWindow.postMessage({message:\"ready\",secret:t},\"*\")},!1)))}(window,document);\n\/\/# sourceURL=https:\/\/www.lichen.pl\/wp-includes\/js\/wp-embed.min.js\n<\/script>","thumbnail_url":"https:\/\/www.lichen.pl\/wp-content\/uploads\/2023\/03\/P1480051-1024x769.jpg","thumbnail_width":1024,"thumbnail_height":769,"description":"W uroczysto\u015b\u0107 Zwiastowania Pa\u0144skiego i Dzie\u0144 \u015awi\u0119to\u015bci \u017bycia w liche\u0144skiej bazylice rodzice oczekuj\u0105cy narodzin dziecka zostali obj\u0119ci modlitw\u0105 o otwarto\u015b\u0107 na dar \u017cycia. Podczas po\u0142udniowej Mszy \u015bw. ksi\u0119\u017ca marianie udzielili im indywidualnego b\u0142ogos\u0142awie\u0144stwa. Ks. Janusz Kumala MIC, kustosz liche\u0144skiego sanktuarium, kt\u00f3ry przewodniczy\u0142 po\u0142udniowej Mszy \u015bw., zaznaczy\u0142 na pocz\u0105tku homilii, \u017ce ka\u017cdego roku notuje si\u0119 dziesi\u0105tki [&hellip;]"}