{"version":"1.0","provider_name":"SANTUARIO EN LICHENIA","provider_url":"https:\/\/www.lichen.pl\/es","title":"Dzie\u0144 modlitw w intencji ma\u0142\u017ce\u0144stw bezdzietnych - SANKTUARIUM W LICHENIU","type":"rich","width":600,"height":338,"html":"<blockquote class=\"wp-embedded-content\" data-secret=\"cbkssUYOH4\"><a href=\"https:\/\/www.lichen.pl\/es\/dzien-modlitw-w-intencji-malzenstw-bezdzietnych\/\">D\u00eda de oraci\u00f3n por las parejas sin hijos<\/a><\/blockquote><iframe sandbox=\"allow-scripts\" security=\"restricted\" src=\"https:\/\/www.lichen.pl\/es\/dzien-modlitw-w-intencji-malzenstw-bezdzietnych\/embed\/#?secret=cbkssUYOH4\" width=\"600\" height=\"338\" title=\"\u00abDzie\u0144 modlitw w intencji ma\u0142\u017ce\u0144stw bezdzietnych\u00bb \u2014 SANKTUARIUM W LICHENIU\" data-secret=\"cbkssUYOH4\" frameborder=\"0\" marginwidth=\"0\" marginheight=\"0\" scrolling=\"no\" class=\"wp-embedded-content\"><\/iframe><script>\n\/*! This file is auto-generated *\/\n!function(d,l){\"use strict\";l.querySelector&&d.addEventListener&&\"undefined\"!=typeof URL&&(d.wp=d.wp||{},d.wp.receiveEmbedMessage||(d.wp.receiveEmbedMessage=function(e){var t=e.data;if((t||t.secret||t.message||t.value)&&!\/[^a-zA-Z0-9]\/.test(t.secret)){for(var s,r,n,a=l.querySelectorAll('iframe[data-secret=\"'+t.secret+'\"]'),o=l.querySelectorAll('blockquote[data-secret=\"'+t.secret+'\"]'),c=new RegExp(\"^https?:$\",\"i\"),i=0;i<o.length;i++)o[i].style.display=\"none\";for(i=0;i<a.length;i++)s=a[i],e.source===s.contentWindow&&(s.removeAttribute(\"style\"),\"height\"===t.message?(1e3<(r=parseInt(t.value,10))?r=1e3:~~r<200&&(r=200),s.height=r):\"link\"===t.message&&(r=new URL(s.getAttribute(\"src\")),n=new URL(t.value),c.test(n.protocol))&&n.host===r.host&&l.activeElement===s&&(d.top.location.href=t.value))}},d.addEventListener(\"message\",d.wp.receiveEmbedMessage,!1),l.addEventListener(\"DOMContentLoaded\",function(){for(var e,t,s=l.querySelectorAll(\"iframe.wp-embedded-content\"),r=0;r<s.length;r++)(t=(e=s[r]).getAttribute(\"data-secret\"))||(t=Math.random().toString(36).substring(2,12),e.src+=\"#?secret=\"+t,e.setAttribute(\"data-secret\",t)),e.contentWindow.postMessage({message:\"ready\",secret:t},\"*\")},!1)))}(window,document);\n\/\/# sourceURL=https:\/\/www.lichen.pl\/wp-includes\/js\/wp-embed.min.js\n<\/script>","thumbnail_url":"http:\/\/www.lichen.pl\/wp-content\/uploads\/2021\/08\/Kadr.jpg","thumbnail_width":512,"thumbnail_height":352,"description":"W przypadaj\u0105ce dzi\u015b, 14 sierpnia, wspomnienie \u015bw. Maksymiliana Marii Kolbego, w liche\u0144skim sanktuarium modlono si\u0119 w intencji ma\u0142\u017ce\u0144stw maj\u0105cych problemy z pocz\u0119ciem dziecka. Niech ta intencja dnia dzisiejszego b\u0119dzie nam bliska. Pochylmy si\u0119 nad tymi ma\u0142\u017ce\u0144stwami, gdy\u017c pragn\u0105, aby ich dom wype\u0142ni\u0142 si\u0119 gwarem dzieci. Ogarnijmy te intencje nasz\u0105 modlitw\u0105 Ks. Janusz Kumala MIC, Msza [&hellip;]"}