{"version":"1.0","provider_name":"SANTUARIO EN LICHENIA","provider_url":"https:\/\/www.lichen.pl\/es","title":"6 marca 2019 - \u015aroda Popielcowa. Msze \u015bw. z posypaniem g\u0142\u00f3w pob\u0142ogos\u0142awionym popio\u0142em. - SANKTUARIUM W LICHENIU","type":"rich","width":600,"height":338,"html":"<blockquote class=\"wp-embedded-content\" data-secret=\"wMNqHCYtwj\"><a href=\"https:\/\/www.lichen.pl\/es\/sroda-popielcowa-2\/\">6 de marzo de 2019 - Mi\u00e9rcoles de Ceniza. Santas misas con el rociado de ceniza bendita sobre sus cabezas.<\/a><\/blockquote><iframe sandbox=\"allow-scripts\" security=\"restricted\" src=\"https:\/\/www.lichen.pl\/es\/sroda-popielcowa-2\/embed\/#?secret=wMNqHCYtwj\" width=\"600\" height=\"338\" title=\"\u00ab6 marca 2019 &#8211; \u015aroda Popielcowa. Msze \u015bw. z posypaniem g\u0142\u00f3w pob\u0142ogos\u0142awionym popio\u0142em.\u00bb \u2014 SANKTUARIUM W LICHENIU\" data-secret=\"wMNqHCYtwj\" frameborder=\"0\" marginwidth=\"0\" marginheight=\"0\" scrolling=\"no\" class=\"wp-embedded-content\"><\/iframe><script>\n\/*! This file is auto-generated *\/\n!function(d,l){\"use strict\";l.querySelector&&d.addEventListener&&\"undefined\"!=typeof URL&&(d.wp=d.wp||{},d.wp.receiveEmbedMessage||(d.wp.receiveEmbedMessage=function(e){var t=e.data;if((t||t.secret||t.message||t.value)&&!\/[^a-zA-Z0-9]\/.test(t.secret)){for(var s,r,n,a=l.querySelectorAll('iframe[data-secret=\"'+t.secret+'\"]'),o=l.querySelectorAll('blockquote[data-secret=\"'+t.secret+'\"]'),c=new RegExp(\"^https?:$\",\"i\"),i=0;i<o.length;i++)o[i].style.display=\"none\";for(i=0;i<a.length;i++)s=a[i],e.source===s.contentWindow&&(s.removeAttribute(\"style\"),\"height\"===t.message?(1e3<(r=parseInt(t.value,10))?r=1e3:~~r<200&&(r=200),s.height=r):\"link\"===t.message&&(r=new URL(s.getAttribute(\"src\")),n=new URL(t.value),c.test(n.protocol))&&n.host===r.host&&l.activeElement===s&&(d.top.location.href=t.value))}},d.addEventListener(\"message\",d.wp.receiveEmbedMessage,!1),l.addEventListener(\"DOMContentLoaded\",function(){for(var e,t,s=l.querySelectorAll(\"iframe.wp-embedded-content\"),r=0;r<s.length;r++)(t=(e=s[r]).getAttribute(\"data-secret\"))||(t=Math.random().toString(36).substring(2,12),e.src+=\"#?secret=\"+t,e.setAttribute(\"data-secret\",t)),e.contentWindow.postMessage({message:\"ready\",secret:t},\"*\")},!1)))}(window,document);\n\/\/# sourceURL=https:\/\/www.lichen.pl\/wp-includes\/js\/wp-embed.min.js\n<\/script>","thumbnail_url":"https:\/\/www.lichen.pl\/wp-content\/uploads\/2021\/06\/IMG_0698-e1624977027442.jpg","thumbnail_width":917,"thumbnail_height":538,"description":"Dzi\u015b Ko\u015bci\u00f3\u0142 katolicki obchodzi \u015arod\u0119 Popielcow\u0105. Podczas ka\u017cdej Mszy \u015bw. ksi\u0119\u017ca posypuj\u0105 g\u0142owy wiernych popio\u0142em. Jest to znak krucho\u015bci \u017cycia oraz postawy nawr\u00f3cenia do Boga \u015aroda Popielcowa jest pierwszym dniem Wielkiego Postu. W tym czasie wierni przygotowuj\u0105 si\u0119 do w\u0142a\u015bciwego prze\u017cycia \u015awi\u0105t Wielkanocnych. \u015aroda Popielcowa jest jednym z dw\u00f3ch dni (poza Wielkim Pi\u0105tkiem) kiedy katolik\u00f3w [&hellip;]"}