{"id":96941,"date":"2026-02-19T12:42:12","date_gmt":"2026-02-19T11:42:12","guid":{"rendered":"https:\/\/www.lichen.pl\/events\/rekolekcje-dla-malzenstw-naprotechnologia-nadzieja-i-odpowiedzialnosc-w-drodze-do-rodzicielstwa\/"},"modified":"2026-02-19T14:40:02","modified_gmt":"2026-02-19T13:40:02","slug":"rekolekcje-dla-malzenstw-naprotechnologia-nadzieja-i-odpowiedzialnosc-w-drodze-do-rodzicielstwa","status":"publish","type":"ajde_events","link":"https:\/\/www.lichen.pl\/es\/events\/rekolekcje-dla-malzenstw-naprotechnologia-nadzieja-i-odpowiedzialnosc-w-drodze-do-rodzicielstwa\/","title":{"rendered":"Rekolekcje o rozeznawaniu powo\u0142ania: &#8220;Nie b\u00f3j si\u0119, wyp\u0142y\u0144 na g\u0142\u0119bi\u0119&#8221; &#8211; od rozeznania do decyzji i zaufania"},"content":{"rendered":"<p style=\"text-align: center;\">Rekolekcje organizuje Fundacja &#8220;PrzySta\u0144 w Mi\u0142o\u015bci&#8221;<\/p>\n<p style=\"text-align: center;\">Formularz zg\u0142oszeniowy: <a href=\"https:\/\/docs.google.com\/forms\/d\/e\/1FAIpQLSeA3dLdlgixXiPz_Fw09O0jXOVU4pdrOh19dqvls5ztvfwLcw\/viewform\">kliknij tutaj<\/a><\/p>\n<p><a href=\"https:\/\/www.lichen.pl\/wp-content\/uploads\/2026\/02\/Nie-boj-sie-wyplyn-na-glebie-3-5-lipca.png\"><img fetchpriority=\"high\" decoding=\"async\" class=\"aligncenter wp-image-96951 size-medium\" src=\"https:\/\/www.lichen.pl\/wp-content\/uploads\/2026\/02\/Nie-boj-sie-wyplyn-na-glebie-3-5-lipca-212x300.png\" alt=\"\" width=\"212\" height=\"300\" srcset=\"https:\/\/www.lichen.pl\/wp-content\/uploads\/2026\/02\/Nie-boj-sie-wyplyn-na-glebie-3-5-lipca-212x300.png 212w, https:\/\/www.lichen.pl\/wp-content\/uploads\/2026\/02\/Nie-boj-sie-wyplyn-na-glebie-3-5-lipca-724x1024.png 724w, https:\/\/www.lichen.pl\/wp-content\/uploads\/2026\/02\/Nie-boj-sie-wyplyn-na-glebie-3-5-lipca-768x1086.png 768w, https:\/\/www.lichen.pl\/wp-content\/uploads\/2026\/02\/Nie-boj-sie-wyplyn-na-glebie-3-5-lipca-1086x1536.png 1086w, https:\/\/www.lichen.pl\/wp-content\/uploads\/2026\/02\/Nie-boj-sie-wyplyn-na-glebie-3-5-lipca-1448x2048.png 1448w, https:\/\/www.lichen.pl\/wp-content\/uploads\/2026\/02\/Nie-boj-sie-wyplyn-na-glebie-3-5-lipca-8x12.png 8w, https:\/\/www.lichen.pl\/wp-content\/uploads\/2026\/02\/Nie-boj-sie-wyplyn-na-glebie-3-5-lipca-800x1132.png 800w, https:\/\/www.lichen.pl\/wp-content\/uploads\/2026\/02\/Nie-boj-sie-wyplyn-na-glebie-3-5-lipca.png 905w\" sizes=\"(max-width: 212px) 100vw, 212px\" \/><\/a><\/p>","protected":false},"author":7,"featured_media":-1,"menu_order":0,"comment_status":"open","ping_status":"closed","template":"","meta":[],"tags":[],"event_type":[53,54],"event_type_2":[],"class_list":["post-96941","ajde_events","type-ajde_events","status-publish","has-post-thumbnail","hentry","event_type-kalendarz-wydarzen","event_type-rekolekcje","wpbf-post"],"yoast_head":"<!-- This site is optimized with the Yoast SEO plugin v27.4 - https:\/\/yoast.com\/product\/yoast-seo-wordpress\/ -->\n<title>Rekolekcje o rozeznawaniu powo\u0142ania: &quot;Nie b\u00f3j si\u0119, wyp\u0142y\u0144 na g\u0142\u0119bi\u0119&quot; - od rozeznania do decyzji i zaufania - SANKTUARIUM W LICHENIU<\/title>\n<meta name=\"robots\" content=\"index, follow, max-snippet:-1, max-image-preview:large, max-video-preview:-1\" \/>\n<link rel=\"canonical\" href=\"https:\/\/www.lichen.pl\/es\/events\/rekolekcje-dla-malzenstw-naprotechnologia-nadzieja-i-odpowiedzialnosc-w-drodze-do-rodzicielstwa\/\" \/>\n<meta property=\"og:locale\" content=\"es_ES\" \/>\n<meta property=\"og:type\" content=\"article\" \/>\n<meta property=\"og:title\" content=\"Rekolekcje o rozeznawaniu powo\u0142ania: &quot;Nie b\u00f3j si\u0119, wyp\u0142y\u0144 na g\u0142\u0119bi\u0119&quot; - od rozeznania do decyzji i zaufania - SANKTUARIUM W LICHENIU\" \/>\n<meta property=\"og:description\" content=\"Rekolekcje organizuje Fundacja &#8220;PrzySta\u0144 w Mi\u0142o\u015bci&#8221; Formularz zg\u0142oszeniowy: kliknij tutaj\" \/>\n<meta property=\"og:url\" content=\"https:\/\/www.lichen.pl\/es\/events\/rekolekcje-dla-malzenstw-naprotechnologia-nadzieja-i-odpowiedzialnosc-w-drodze-do-rodzicielstwa\/\" \/>\n<meta property=\"og:site_name\" content=\"SANKTUARIUM W LICHENIU\" \/>\n<meta property=\"article:modified_time\" content=\"2026-02-19T13:40:02+00:00\" \/>\n<meta name=\"twitter:card\" content=\"summary_large_image\" \/>\n<meta name=\"twitter:label1\" content=\"Tiempo de lectura\" \/>\n\t<meta name=\"twitter:data1\" content=\"1 minuto\" \/>\n<script type=\"application\/ld+json\" class=\"yoast-schema-graph\">{\"@context\":\"https:\\\/\\\/schema.org\",\"@graph\":[{\"@type\":\"WebPage\",\"@id\":\"https:\\\/\\\/www.lichen.pl\\\/events\\\/rekolekcje-dla-malzenstw-naprotechnologia-nadzieja-i-odpowiedzialnosc-w-drodze-do-rodzicielstwa\\\/\",\"url\":\"https:\\\/\\\/www.lichen.pl\\\/events\\\/rekolekcje-dla-malzenstw-naprotechnologia-nadzieja-i-odpowiedzialnosc-w-drodze-do-rodzicielstwa\\\/\",\"name\":\"Rekolekcje o rozeznawaniu powo\u0142ania: \\\"Nie b\u00f3j si\u0119, wyp\u0142y\u0144 na g\u0142\u0119bi\u0119\\\" - od rozeznania do decyzji i zaufania - SANKTUARIUM W LICHENIU\",\"isPartOf\":{\"@id\":\"https:\\\/\\\/www.lichen.pl\\\/fr\\\/#website\"},\"primaryImageOfPage\":{\"@id\":\"https:\\\/\\\/www.lichen.pl\\\/events\\\/rekolekcje-dla-malzenstw-naprotechnologia-nadzieja-i-odpowiedzialnosc-w-drodze-do-rodzicielstwa\\\/#primaryimage\"},\"image\":{\"@id\":\"https:\\\/\\\/www.lichen.pl\\\/events\\\/rekolekcje-dla-malzenstw-naprotechnologia-nadzieja-i-odpowiedzialnosc-w-drodze-do-rodzicielstwa\\\/#primaryimage\"},\"thumbnailUrl\":\"https:\\\/\\\/www.lichen.pl\\\/wp-content\\\/uploads\\\/2026\\\/02\\\/Nie-boj-sie-wyplyn-na-glebie-3-5-lipca-212x300.png\",\"datePublished\":\"2026-02-19T11:42:12+00:00\",\"dateModified\":\"2026-02-19T13:40:02+00:00\",\"breadcrumb\":{\"@id\":\"https:\\\/\\\/www.lichen.pl\\\/events\\\/rekolekcje-dla-malzenstw-naprotechnologia-nadzieja-i-odpowiedzialnosc-w-drodze-do-rodzicielstwa\\\/#breadcrumb\"},\"inLanguage\":\"es\",\"potentialAction\":[{\"@type\":\"ReadAction\",\"target\":[\"https:\\\/\\\/www.lichen.pl\\\/events\\\/rekolekcje-dla-malzenstw-naprotechnologia-nadzieja-i-odpowiedzialnosc-w-drodze-do-rodzicielstwa\\\/\"]}]},{\"@type\":\"ImageObject\",\"inLanguage\":\"es\",\"@id\":\"https:\\\/\\\/www.lichen.pl\\\/events\\\/rekolekcje-dla-malzenstw-naprotechnologia-nadzieja-i-odpowiedzialnosc-w-drodze-do-rodzicielstwa\\\/#primaryimage\",\"url\":\"https:\\\/\\\/www.lichen.pl\\\/wp-content\\\/uploads\\\/2026\\\/02\\\/Nie-boj-sie-wyplyn-na-glebie-3-5-lipca-212x300.png\",\"contentUrl\":\"https:\\\/\\\/www.lichen.pl\\\/wp-content\\\/uploads\\\/2026\\\/02\\\/Nie-boj-sie-wyplyn-na-glebie-3-5-lipca-212x300.png\"},{\"@type\":\"BreadcrumbList\",\"@id\":\"https:\\\/\\\/www.lichen.pl\\\/events\\\/rekolekcje-dla-malzenstw-naprotechnologia-nadzieja-i-odpowiedzialnosc-w-drodze-do-rodzicielstwa\\\/#breadcrumb\",\"itemListElement\":[{\"@type\":\"ListItem\",\"position\":1,\"name\":\"Strona g\u0142\u00f3wna\",\"item\":\"https:\\\/\\\/www.lichen.pl\\\/\"},{\"@type\":\"ListItem\",\"position\":2,\"name\":\"Events\",\"item\":\"http:\\\/\\\/www.lichen.pl\\\/en\\\/events\\\/\"},{\"@type\":\"ListItem\",\"position\":3,\"name\":\"Rekolekcje o rozeznawaniu powo\u0142ania: &#8220;Nie b\u00f3j si\u0119, wyp\u0142y\u0144 na g\u0142\u0119bi\u0119&#8221; &#8211; od rozeznania do decyzji i zaufania\"}]},{\"@type\":\"WebSite\",\"@id\":\"https:\\\/\\\/www.lichen.pl\\\/fr\\\/#website\",\"url\":\"https:\\\/\\\/www.lichen.pl\\\/fr\\\/\",\"name\":\"SANKTUARIUM W LICHENIU\",\"description\":\"MATKI BO\u017bEJ LICHE\u0143SKIEJ BOLESNEJ KR\u00d3LOWEJ POLSKI\",\"potentialAction\":[{\"@type\":\"SearchAction\",\"target\":{\"@type\":\"EntryPoint\",\"urlTemplate\":\"https:\\\/\\\/www.lichen.pl\\\/fr\\\/?s={search_term_string}\"},\"query-input\":{\"@type\":\"PropertyValueSpecification\",\"valueRequired\":true,\"valueName\":\"search_term_string\"}}],\"inLanguage\":\"es\"}]}<\/script>\n<!-- \/ Yoast SEO plugin. -->","yoast_head_json":{"title":"Rekolekcje o rozeznawaniu powo\u0142ania: \"Nie b\u00f3j si\u0119, wyp\u0142y\u0144 na g\u0142\u0119bi\u0119\" - od rozeznania do decyzji i zaufania - SANKTUARIUM W LICHENIU","robots":{"index":"index","follow":"follow","max-snippet":"max-snippet:-1","max-image-preview":"max-image-preview:large","max-video-preview":"max-video-preview:-1"},"canonical":"https:\/\/www.lichen.pl\/es\/events\/rekolekcje-dla-malzenstw-naprotechnologia-nadzieja-i-odpowiedzialnosc-w-drodze-do-rodzicielstwa\/","og_locale":"es_ES","og_type":"article","og_title":"Rekolekcje o rozeznawaniu powo\u0142ania: \"Nie b\u00f3j si\u0119, wyp\u0142y\u0144 na g\u0142\u0119bi\u0119\" - od rozeznania do decyzji i zaufania - SANKTUARIUM W LICHENIU","og_description":"Rekolekcje organizuje Fundacja &#8220;PrzySta\u0144 w Mi\u0142o\u015bci&#8221; Formularz zg\u0142oszeniowy: kliknij tutaj","og_url":"https:\/\/www.lichen.pl\/es\/events\/rekolekcje-dla-malzenstw-naprotechnologia-nadzieja-i-odpowiedzialnosc-w-drodze-do-rodzicielstwa\/","og_site_name":"SANKTUARIUM W LICHENIU","article_modified_time":"2026-02-19T13:40:02+00:00","twitter_card":"summary_large_image","twitter_misc":{"Tiempo de lectura":"1 minuto"},"schema":{"@context":"https:\/\/schema.org","@graph":[{"@type":"WebPage","@id":"https:\/\/www.lichen.pl\/events\/rekolekcje-dla-malzenstw-naprotechnologia-nadzieja-i-odpowiedzialnosc-w-drodze-do-rodzicielstwa\/","url":"https:\/\/www.lichen.pl\/events\/rekolekcje-dla-malzenstw-naprotechnologia-nadzieja-i-odpowiedzialnosc-w-drodze-do-rodzicielstwa\/","name":"Rekolekcje o rozeznawaniu powo\u0142ania: \"Nie b\u00f3j si\u0119, wyp\u0142y\u0144 na g\u0142\u0119bi\u0119\" - od rozeznania do decyzji i zaufania - SANKTUARIUM W LICHENIU","isPartOf":{"@id":"https:\/\/www.lichen.pl\/fr\/#website"},"primaryImageOfPage":{"@id":"https:\/\/www.lichen.pl\/events\/rekolekcje-dla-malzenstw-naprotechnologia-nadzieja-i-odpowiedzialnosc-w-drodze-do-rodzicielstwa\/#primaryimage"},"image":{"@id":"https:\/\/www.lichen.pl\/events\/rekolekcje-dla-malzenstw-naprotechnologia-nadzieja-i-odpowiedzialnosc-w-drodze-do-rodzicielstwa\/#primaryimage"},"thumbnailUrl":"https:\/\/www.lichen.pl\/wp-content\/uploads\/2026\/02\/Nie-boj-sie-wyplyn-na-glebie-3-5-lipca-212x300.png","datePublished":"2026-02-19T11:42:12+00:00","dateModified":"2026-02-19T13:40:02+00:00","breadcrumb":{"@id":"https:\/\/www.lichen.pl\/events\/rekolekcje-dla-malzenstw-naprotechnologia-nadzieja-i-odpowiedzialnosc-w-drodze-do-rodzicielstwa\/#breadcrumb"},"inLanguage":"es","potentialAction":[{"@type":"ReadAction","target":["https:\/\/www.lichen.pl\/events\/rekolekcje-dla-malzenstw-naprotechnologia-nadzieja-i-odpowiedzialnosc-w-drodze-do-rodzicielstwa\/"]}]},{"@type":"ImageObject","inLanguage":"es","@id":"https:\/\/www.lichen.pl\/events\/rekolekcje-dla-malzenstw-naprotechnologia-nadzieja-i-odpowiedzialnosc-w-drodze-do-rodzicielstwa\/#primaryimage","url":"https:\/\/www.lichen.pl\/wp-content\/uploads\/2026\/02\/Nie-boj-sie-wyplyn-na-glebie-3-5-lipca-212x300.png","contentUrl":"https:\/\/www.lichen.pl\/wp-content\/uploads\/2026\/02\/Nie-boj-sie-wyplyn-na-glebie-3-5-lipca-212x300.png"},{"@type":"BreadcrumbList","@id":"https:\/\/www.lichen.pl\/events\/rekolekcje-dla-malzenstw-naprotechnologia-nadzieja-i-odpowiedzialnosc-w-drodze-do-rodzicielstwa\/#breadcrumb","itemListElement":[{"@type":"ListItem","position":1,"name":"Strona g\u0142\u00f3wna","item":"https:\/\/www.lichen.pl\/"},{"@type":"ListItem","position":2,"name":"Events","item":"http:\/\/www.lichen.pl\/en\/events\/"},{"@type":"ListItem","position":3,"name":"Rekolekcje o rozeznawaniu powo\u0142ania: &#8220;Nie b\u00f3j si\u0119, wyp\u0142y\u0144 na g\u0142\u0119bi\u0119&#8221; &#8211; od rozeznania do decyzji i zaufania"}]},{"@type":"WebSite","@id":"https:\/\/www.lichen.pl\/fr\/#website","url":"https:\/\/www.lichen.pl\/fr\/","name":"SANTUARIO EN LICHENIA","description":"LA DOLOROSA REINA DE POLONIA DE NUESTRO LICHEN","potentialAction":[{"@type":"SearchAction","target":{"@type":"EntryPoint","urlTemplate":"https:\/\/www.lichen.pl\/fr\/?s={search_term_string}"},"query-input":{"@type":"PropertyValueSpecification","valueRequired":true,"valueName":"search_term_string"}}],"inLanguage":"es"}]}},"_links":{"self":[{"href":"https:\/\/www.lichen.pl\/es\/wp-json\/wp\/v2\/ajde_events\/96941","targetHints":{"allow":["GET"]}}],"collection":[{"href":"https:\/\/www.lichen.pl\/es\/wp-json\/wp\/v2\/ajde_events"}],"about":[{"href":"https:\/\/www.lichen.pl\/es\/wp-json\/wp\/v2\/types\/ajde_events"}],"author":[{"embeddable":true,"href":"https:\/\/www.lichen.pl\/es\/wp-json\/wp\/v2\/users\/7"}],"replies":[{"embeddable":true,"href":"https:\/\/www.lichen.pl\/es\/wp-json\/wp\/v2\/comments?post=96941"}],"version-history":[{"count":4,"href":"https:\/\/www.lichen.pl\/es\/wp-json\/wp\/v2\/ajde_events\/96941\/revisions"}],"predecessor-version":[{"id":96952,"href":"https:\/\/www.lichen.pl\/es\/wp-json\/wp\/v2\/ajde_events\/96941\/revisions\/96952"}],"wp:featuredmedia":[{"embeddable":true,"href":"https:\/\/www.lichen.pl\/es\/wp-json\/"}],"wp:attachment":[{"href":"https:\/\/www.lichen.pl\/es\/wp-json\/wp\/v2\/media?parent=96941"}],"wp:term":[{"taxonomy":"post_tag","embeddable":true,"href":"https:\/\/www.lichen.pl\/es\/wp-json\/wp\/v2\/tags?post=96941"},{"taxonomy":"event_type","embeddable":true,"href":"https:\/\/www.lichen.pl\/es\/wp-json\/wp\/v2\/event_type?post=96941"},{"taxonomy":"event_type_2","embeddable":true,"href":"https:\/\/www.lichen.pl\/es\/wp-json\/wp\/v2\/event_type_2?post=96941"}],"curies":[{"name":"wp","href":"https:\/\/api.w.org\/{rel}","templated":true}]}}