{"id":2315,"date":"2020-09-15T10:28:57","date_gmt":"2020-09-15T10:28:57","guid":{"rendered":"http:\/\/www.lichen.pl\/muzeum\/o-muzeum\/poznaj-muzeum-copy\/"},"modified":"2021-11-18T15:06:43","modified_gmt":"2021-11-18T14:06:43","slug":"historia-kolekcji","status":"publish","type":"page","link":"https:\/\/www.lichen.pl\/es\/muzeum-5\/o-muzeum\/historia-kolekcji\/","title":{"rendered":"Historial de la colecci\u00f3n"},"content":{"rendered":"<div data-elementor-type=\"wp-page\" data-elementor-id=\"2315\" class=\"elementor elementor-2315\" data-elementor-post-type=\"page\">\n\t\t\t\t\t\t<section class=\"elementor-section elementor-top-section elementor-element elementor-element-3c4cb067 elementor-section-boxed elementor-section-height-default elementor-section-height-default\" data-id=\"3c4cb067\" data-element_type=\"section\" data-e-type=\"section\" data-settings=\"{&quot;background_background&quot;:&quot;classic&quot;}\">\n\t\t\t\t\t\t\t<div class=\"elementor-background-overlay\"><\/div>\n\t\t\t\t\t\t\t<div class=\"elementor-container elementor-column-gap-default\">\n\t\t\t\t\t<div class=\"elementor-column elementor-col-66 elementor-top-column elementor-element elementor-element-3a7fd4b7\" data-id=\"3a7fd4b7\" data-element_type=\"column\" data-e-type=\"column\">\n\t\t\t<div class=\"elementor-widget-wrap elementor-element-populated\">\n\t\t\t\t\t\t<div class=\"elementor-element elementor-element-5e94080a elementor-widget-divider--view-line_text elementor-widget-divider--element-align-center elementor-widget elementor-widget-divider\" data-id=\"5e94080a\" data-element_type=\"widget\" data-e-type=\"widget\" data-widget_type=\"divider.default\">\n\t\t\t\t<div class=\"elementor-widget-container\">\n\t\t\t\t\t\t\t<div class=\"elementor-divider\">\n\t\t\t<span class=\"elementor-divider-separator\">\n\t\t\t\t\t\t\t<span class=\"elementor-divider__text elementor-divider__element\">\n\t\t\t\tHISTORIA DEL MUSEO\t\t\t\t<\/span>\n\t\t\t\t\t\t<\/span>\n\t\t<\/div>\n\t\t\t\t\t\t<\/div>\n\t\t\t\t<\/div>\n\t\t\t\t<div class=\"elementor-element elementor-element-21ebf74 elementor-widget elementor-widget-heading\" data-id=\"21ebf74\" data-element_type=\"widget\" data-e-type=\"widget\" data-widget_type=\"heading.default\">\n\t\t\t\t<div class=\"elementor-widget-container\">\n\t\t\t\t\t<h3 class=\"elementor-heading-title elementor-size-default\">1925 - 1939<\/h3>\t\t\t\t<\/div>\n\t\t\t\t<\/div>\n\t\t\t\t<div class=\"elementor-element elementor-element-e5876b3 elementor-widget elementor-widget-text-editor\" data-id=\"e5876b3\" data-element_type=\"widget\" data-e-type=\"widget\" data-widget_type=\"text-editor.default\">\n\t\t\t\t<div class=\"elementor-widget-container\">\n\t\t\t\t\t\t\t\t\t<blockquote><p>Comenz\u00f3 con algunas monedas antiguas, algunos mapas antiguos y un aut\u00f3grafo.<br \/>K. Ujejski ...<\/p><\/blockquote>\t\t\t\t\t\t\t\t<\/div>\n\t\t\t\t<\/div>\n\t\t\t\t<section class=\"elementor-section elementor-inner-section elementor-element elementor-element-5fa0588 elementor-section-boxed elementor-section-height-default elementor-section-height-default\" data-id=\"5fa0588\" data-element_type=\"section\" data-e-type=\"section\">\n\t\t\t\t\t\t<div class=\"elementor-container elementor-column-gap-default\">\n\t\t\t\t\t<div class=\"elementor-column elementor-col-100 elementor-inner-column elementor-element elementor-element-a4eec34\" data-id=\"a4eec34\" data-element_type=\"column\" data-e-type=\"column\">\n\t\t\t<div class=\"elementor-widget-wrap elementor-element-populated\">\n\t\t\t\t\t\t<div class=\"elementor-element elementor-element-5dc2f82 elementor-widget elementor-widget-text-editor\" data-id=\"5dc2f82\" data-element_type=\"widget\" data-e-type=\"widget\" data-widget_type=\"text-editor.default\">\n\t\t\t\t<div class=\"elementor-widget-container\">\n\t\t\t\t\t\t\t\t\t<p>\u00a0 \u00a0 Esto es lo que el P. J\u00f3zef Jarz\u0119bowski (1897-1964), que fue enviado a trabajar all\u00ed. Actuando all\u00ed, adem\u00e1s de las tareas docentes, tambi\u00e9n ocup\u00e1ndose del taller de humanidades, se le ocurri\u00f3 la idea de montar un museo escolar. <br \/>\u00a0 \u00a0 Gracias al favor de los superiores y la gran pasi\u00f3n del sacerdote, se cre\u00f3 all\u00ed en pocos a\u00f1os una colecci\u00f3n de gran valor. Especialmente la colecci\u00f3n sobre el Levantamiento de enero se ha convertido en una de las principales fuentes de conocimiento sobre los acontecimientos de 1863\/4.<\/p>\t\t\t\t\t\t\t\t<\/div>\n\t\t\t\t<\/div>\n\t\t\t\t\t<\/div>\n\t\t<\/div>\n\t\t\t\t\t<\/div>\n\t\t<\/section>\n\t\t\t\t<div class=\"elementor-element elementor-element-fb0ec7d elementor-widget elementor-widget-image\" data-id=\"fb0ec7d\" data-element_type=\"widget\" data-e-type=\"widget\" data-widget_type=\"image.default\">\n\t\t\t\t<div class=\"elementor-widget-container\">\n\t\t\t\t\t\t\t\t\t\t\t\t<figure class=\"wp-caption\">\n\t\t\t\t\t\t\t\t\t\t<img fetchpriority=\"high\" decoding=\"async\" width=\"768\" height=\"768\" src=\"https:\/\/www.lichen.pl\/wp-content\/uploads\/2021\/11\/Klasztor-Ksiezy-Marianow-Bielany-l.-30.-XX-w.-2-002-768x768.jpg\" class=\"attachment-medium_large size-medium_large wp-image-33683\" alt=\"\" srcset=\"https:\/\/www.lichen.pl\/wp-content\/uploads\/2021\/11\/Klasztor-Ksiezy-Marianow-Bielany-l.-30.-XX-w.-2-002-768x768.jpg 768w, https:\/\/www.lichen.pl\/wp-content\/uploads\/2021\/11\/Klasztor-Ksiezy-Marianow-Bielany-l.-30.-XX-w.-2-002-300x300.jpg 300w, https:\/\/www.lichen.pl\/wp-content\/uploads\/2021\/11\/Klasztor-Ksiezy-Marianow-Bielany-l.-30.-XX-w.-2-002-800x800.jpg 800w, https:\/\/www.lichen.pl\/wp-content\/uploads\/2021\/11\/Klasztor-Ksiezy-Marianow-Bielany-l.-30.-XX-w.-2-002-1024x1024.jpg 1024w, https:\/\/www.lichen.pl\/wp-content\/uploads\/2021\/11\/Klasztor-Ksiezy-Marianow-Bielany-l.-30.-XX-w.-2-002-150x150.jpg 150w, https:\/\/www.lichen.pl\/wp-content\/uploads\/2021\/11\/Klasztor-Ksiezy-Marianow-Bielany-l.-30.-XX-w.-2-002-1536x1536.jpg 1536w, https:\/\/www.lichen.pl\/wp-content\/uploads\/2021\/11\/Klasztor-Ksiezy-Marianow-Bielany-l.-30.-XX-w.-2-002-12x12.jpg 12w, https:\/\/www.lichen.pl\/wp-content\/uploads\/2021\/11\/Klasztor-Ksiezy-Marianow-Bielany-l.-30.-XX-w.-2-002.jpg 1648w\" sizes=\"(max-width: 768px) 100vw, 768px\" \/>\t\t\t\t\t\t\t\t\t\t\t<figcaption class=\"widget-image-caption wp-caption-text\">Monasterio de los Padres Marianos, Bielany, d\u00e9cada de 1930<\/figcaption>\n\t\t\t\t\t\t\t\t\t\t<\/figure>\n\t\t\t\t\t\t\t\t\t<\/div>\n\t\t\t\t<\/div>\n\t\t\t\t<div class=\"elementor-element elementor-element-ff296b7 elementor-widget elementor-widget-heading\" data-id=\"ff296b7\" data-element_type=\"widget\" data-e-type=\"widget\" data-widget_type=\"heading.default\">\n\t\t\t\t<div class=\"elementor-widget-container\">\n\t\t\t\t\t<h3 class=\"elementor-heading-title elementor-size-default\">1939 -1950<\/h3>\t\t\t\t<\/div>\n\t\t\t\t<\/div>\n\t\t\t\t<div class=\"elementor-element elementor-element-275b0cb elementor-widget elementor-widget-text-editor\" data-id=\"275b0cb\" data-element_type=\"widget\" data-e-type=\"widget\" data-widget_type=\"text-editor.default\">\n\t\t\t\t<div class=\"elementor-widget-container\">\n\t\t\t\t\t\t\t\t\t<p>\u00a0 \u00a0 Obligado a dejar Bielany en los primeros d\u00edas de septiembre de 1939, a instancias de sus superiores, dej\u00f3 Varsovia y se dirigi\u00f3 a la casa mariana en Druya. Se llev\u00f3 la cimelia con \u00e9l en su deambular, incluidos los recuerdos de Traugutt, y confi\u00f3 parte de la colecci\u00f3n a sus amigos. Solo lleg\u00f3 a Vilnius, porque al mismo tiempo Lituania estaba ocupada por los sovi\u00e9ticos. Durante la b\u00fasqueda, se puso las gafas de Traugutt y as\u00ed las salv\u00f3. Temiendo por el futuro destino, en junio de 1940 decidi\u00f3 entregar las colecciones retiradas al puesto diplom\u00e1tico en declive de la Santa Sede con una solicitud para enviarlas al Museo Polaco en Chicago como dep\u00f3sito. <br \/>\u00a0 \u00a0 Con los souvenirs m\u00e1s valiosos que dej\u00f3 a trav\u00e9s de la Uni\u00f3n Sovi\u00e9tica, Jap\u00f3n (incluso mientras esperaba una visa para los EE. UU., Aprovech\u00f3 el tiempo para comprar chanclas), y los Estados Unidos a M\u00e9xico en noviembre de 1943. <br \/>\u00a0 \u00a0 Durante siete a\u00f1os en el Centro de Refugiados Polacos en Santa Rosa, y luego en el orfanato de ni\u00f1os polacos en Tlalpan, fue a la vez capell\u00e1n, director de un gimnasio, maestro, escuadr\u00f3n en scouting, sin renunciar a su pasi\u00f3n coleccionista. .<\/p>\t\t\t\t\t\t\t\t<\/div>\n\t\t\t\t<\/div>\n\t\t\t\t<div class=\"elementor-element elementor-element-f0e074f elementor-widget elementor-widget-image\" data-id=\"f0e074f\" data-element_type=\"widget\" data-e-type=\"widget\" data-widget_type=\"image.default\">\n\t\t\t\t<div class=\"elementor-widget-container\">\n\t\t\t\t\t\t\t\t\t\t\t\t<figure class=\"wp-caption\">\n\t\t\t\t\t\t\t\t\t\t<img decoding=\"async\" width=\"480\" height=\"338\" src=\"https:\/\/www.lichen.pl\/wp-content\/uploads\/2021\/05\/12.bmp\" class=\"attachment-large size-large wp-image-8540\" alt=\"\" srcset=\"https:\/\/www.lichen.pl\/wp-content\/uploads\/2021\/05\/12.bmp 480w, https:\/\/www.lichen.pl\/wp-content\/uploads\/2021\/05\/12-300x211.jpg 300w\" sizes=\"(max-width: 480px) 100vw, 480px\" \/>\t\t\t\t\t\t\t\t\t\t\t<figcaption class=\"widget-image-caption wp-caption-text\">P. Jarz\u0119bowski con su alumno Julian Wojtkowski, Santa Rosa, mediados de siglo L. 40. XX c.<\/figcaption>\n\t\t\t\t\t\t\t\t\t\t<\/figure>\n\t\t\t\t\t\t\t\t\t<\/div>\n\t\t\t\t<\/div>\n\t\t\t\t<div class=\"elementor-element elementor-element-a85d4c9 elementor-widget elementor-widget-heading\" data-id=\"a85d4c9\" data-element_type=\"widget\" data-e-type=\"widget\" data-widget_type=\"heading.default\">\n\t\t\t\t<div class=\"elementor-widget-container\">\n\t\t\t\t\t<h3 class=\"elementor-heading-title elementor-size-default\">1950 - 2006<\/h3>\t\t\t\t<\/div>\n\t\t\t\t<\/div>\n\t\t\t\t<div class=\"elementor-element elementor-element-34c8a64 elementor-widget elementor-widget-text-editor\" data-id=\"34c8a64\" data-element_type=\"widget\" data-e-type=\"widget\" data-widget_type=\"text-editor.default\">\n\t\t\t\t<div class=\"elementor-widget-container\">\n\t\t\t\t\t\t\t\t\t<p>\u00a0 \u00a0 \u00a0 Despu\u00e9s de m\u00e1s de una d\u00e9cada de deambular, el creador de la colecci\u00f3n lleg\u00f3 a Gran Breta\u00f1a, donde, despu\u00e9s de tres a\u00f1os de trabajo en Hereford, por iniciativa suya, en octubre de 1953, se compr\u00f3 la finca de Fawley Court cerca de Londres y en 1954 el College of Divine. All\u00ed se traslad\u00f3 Mercy, donde volvi\u00f3 a ser sede del museo.<br \/>\u00a0 \u00a0 La base de la renovada exposici\u00f3n fueron los artefactos recolectados por usted durante la guerra. Entre ellos se encontraban polonica, as\u00ed como artefactos de Jap\u00f3n y M\u00e9xico, y comprados a trav\u00e9s de contactos con coleccionistas privados y anticuarios (incluidos Emeryk Hutten-Czapski en Roma, Leon Dr. Truszkowski en Par\u00eds, el coronel Tadeusz Rudnicki y el Dr. Kilian en Nowe York y Londres y Ludwik Gocel de Cracovia).<br \/>\u00a0 \u00a0 En el sentido de la misi\u00f3n de salvar el patrimonio nacional, la colecci\u00f3n de exhibiciones dispersas durante la guerra del museo en Bielany se inici\u00f3 (legal y extraoficialmente), porque el establecimiento de la orden de Yalta en Europa Central y Oriental hab\u00eda destrozado la esperanza de un r\u00e1pido regreso a una patria libre. Las exhibiciones de Bielany, que llegaron a Inglaterra a fines de la d\u00e9cada de 1950, comenzaron gradualmente a formar nuevamente la columna vertebral de la colecci\u00f3n del museo y la biblioteca.<\/p>\t\t\t\t\t\t\t\t<\/div>\n\t\t\t\t<\/div>\n\t\t\t\t<div class=\"elementor-element elementor-element-c85f01e elementor-widget elementor-widget-image\" data-id=\"c85f01e\" data-element_type=\"widget\" data-e-type=\"widget\" data-widget_type=\"image.default\">\n\t\t\t\t<div class=\"elementor-widget-container\">\n\t\t\t\t\t\t\t\t\t\t\t\t<figure class=\"wp-caption\">\n\t\t\t\t\t\t\t\t\t\t<img decoding=\"async\" width=\"768\" height=\"1119\" src=\"https:\/\/www.lichen.pl\/wp-content\/uploads\/2021\/11\/Sala-Drogi-do-Niepodleglosci-Fawley-Court-l.-70.80.-XX-w_-002-768x1119.jpg\" class=\"attachment-medium_large size-medium_large wp-image-33684\" alt=\"\" srcset=\"https:\/\/www.lichen.pl\/wp-content\/uploads\/2021\/11\/Sala-Drogi-do-Niepodleglosci-Fawley-Court-l.-70.80.-XX-w_-002-768x1119.jpg 768w, https:\/\/www.lichen.pl\/wp-content\/uploads\/2021\/11\/Sala-Drogi-do-Niepodleglosci-Fawley-Court-l.-70.80.-XX-w_-002-800x1165.jpg 800w, https:\/\/www.lichen.pl\/wp-content\/uploads\/2021\/11\/Sala-Drogi-do-Niepodleglosci-Fawley-Court-l.-70.80.-XX-w_-002-206x300.jpg 206w, https:\/\/www.lichen.pl\/wp-content\/uploads\/2021\/11\/Sala-Drogi-do-Niepodleglosci-Fawley-Court-l.-70.80.-XX-w_-002-703x1024.jpg 703w, https:\/\/www.lichen.pl\/wp-content\/uploads\/2021\/11\/Sala-Drogi-do-Niepodleglosci-Fawley-Court-l.-70.80.-XX-w_-002-1055x1536.jpg 1055w, https:\/\/www.lichen.pl\/wp-content\/uploads\/2021\/11\/Sala-Drogi-do-Niepodleglosci-Fawley-Court-l.-70.80.-XX-w_-002-1406x2048.jpg 1406w, https:\/\/www.lichen.pl\/wp-content\/uploads\/2021\/11\/Sala-Drogi-do-Niepodleglosci-Fawley-Court-l.-70.80.-XX-w_-002-8x12.jpg 8w, https:\/\/www.lichen.pl\/wp-content\/uploads\/2021\/11\/Sala-Drogi-do-Niepodleglosci-Fawley-Court-l.-70.80.-XX-w_-002.jpg 879w\" sizes=\"(max-width: 768px) 100vw, 768px\" \/>\t\t\t\t\t\t\t\t\t\t\t<figcaption class=\"widget-image-caption wp-caption-text\">El camino al Sal\u00f3n de la Independencia, Fawley Court, l. 70.80. Siglo veinte<\/figcaption>\n\t\t\t\t\t\t\t\t\t\t<\/figure>\n\t\t\t\t\t\t\t\t\t<\/div>\n\t\t\t\t<\/div>\n\t\t\t\t<div class=\"elementor-element elementor-element-41e2582 elementor-widget elementor-widget-text-editor\" data-id=\"41e2582\" data-element_type=\"widget\" data-e-type=\"widget\" data-widget_type=\"text-editor.default\">\n\t\t\t\t<div class=\"elementor-widget-container\">\n\t\t\t\t\t\t\t\t\t<p>\u00a0 \u00a0 Las numerosas donaciones que enriquecen la colecci\u00f3n est\u00e1n dominadas por recuerdos personales, testimonios de la lucha de los polacos en los frentes de la Segunda Guerra Mundial, documentos y recuerdos relacionados con la vida de la emigraci\u00f3n polaca en Occidente y la lucha de los polacos por la independencia en 1939-1945 y 1945-1989. Destaca la camiseta con la que muri\u00f3 tr\u00e1gicamente Romek Strza\u0142kowski, donada por su madre en 1960; recuerdos y documentos del general J\u00f3zef Haller, con quien el P. Jarz\u0119bowski, donado por su hijo Eryk Haller - entre ellos un anillo con una inscripci\u00f3n grabada: &quot;Gda\u0144sk 02\/10\/1920 Puck&quot; (el general recibi\u00f3 dos de esos anillos de J\u00f3zef Wybicki en nombre de la di\u00e1spora polaca en Gda\u0144sk para casarse con Polonia con el Mar B\u00e1ltico. Un anillo fue arrojado al mar. en Puck el 10 de febrero de 1920, us\u00f3 el segundo en memoria de la boda del General Haller en su dedo hasta su muerte). Tambi\u00e9n hubo dos grandes donaciones de armas blancas: en 1966, el coronel polaco Witold Buchowski (entre sus exhibiciones m\u00e1s valiosas est\u00e1n los sables del siglo XVI y la primera mitad del siglo XVII), y en 1985, el Ing. Zygmunt Stanis\u0142aw Ipohorski-Lenkiewicz de Europa, Asia y \u00c1frica, una colecci\u00f3n de varios cientos de objetos, presenta la riqueza de las artes decorativas y la artesan\u00eda.<\/p><p><strong>\u00a0<\/strong><\/p>\t\t\t\t\t\t\t\t<\/div>\n\t\t\t\t<\/div>\n\t\t\t\t<div class=\"elementor-element elementor-element-bac879b elementor-widget elementor-widget-text-editor\" data-id=\"bac879b\" data-element_type=\"widget\" data-e-type=\"widget\" data-widget_type=\"text-editor.default\">\n\t\t\t\t<div class=\"elementor-widget-container\">\n\t\t\t\t\t\t\t\t\t<p>\u00a0 \u00a0 \u00a0Despu\u00e9s de la muerte del P. Jarz\u0119bowski El 13 de septiembre de 1964, el Rev. Pawe\u0142 Jasi\u0144ski (1922-2003) y posteriormente superiores de la Casa Religiosa en Inglaterra. En 2002, el P. Wojciech Jasi\u0144ski y Barbara Lejczak se convirtieron en la nueva curadora. <br \/>\u00a0 \u00a0 En 1979, el Museo se convirti\u00f3 en uno de los miembros fundadores de la conferencia permanente de Museos, Bibliotecas y Archivos Polacos en Occidente. En 1982, el museo fue registrado y abierto a los visitantes.<br \/>\u00a0 \u00a0Tambi\u00e9n hubo un tiempo de organizaci\u00f3n, catalogaci\u00f3n y procesamiento de las colecciones. Se crea la primera gu\u00eda de Fawley Court en polaco de Adolf Jacewicz. Por iniciativa de Maria Danilewicz-Zieli\u0144ska, la catalogaci\u00f3n de documentos y grabados antiguos, organizada previamente por el P. Piotr Miros. Desde 1997, los estudiantes y graduados de historia del arte de la Universidad Cat\u00f3lica de Lublin han estado trabajando en la organizaci\u00f3n de colecciones de arte, catalogaci\u00f3n y nuevos arreglos de la exposici\u00f3n. Los empleados del Museo Central de Textiles de \u0141\u00f3d\u017a tambi\u00e9n participaron en los trabajos de recogida de tejidos. En 2000, el museo comenz\u00f3 a cooperar con la Biblioteca Nacional de Varsovia para organizar y crear un cat\u00e1logo completo de la colecci\u00f3n de libros del museo, incluidos manuscritos, grabados antiguos, documentos, folletos y revistas del siglo XIX. Gracias a la ayuda de la Biblioteca y del patrocinador, Security Printing Works, tambi\u00e9n fue posible la conservaci\u00f3n de los manuscritos m\u00e1s valiosos. En los a\u00f1os siguientes, se continuaron las actividades relacionadas con la organizaci\u00f3n de la colecci\u00f3n y se iniciaron los trabajos de modernizaci\u00f3n de la instalaci\u00f3n.<\/p>\t\t\t\t\t\t\t\t<\/div>\n\t\t\t\t<\/div>\n\t\t\t\t<div class=\"elementor-element elementor-element-455a81b elementor-widget elementor-widget-heading\" data-id=\"455a81b\" data-element_type=\"widget\" data-e-type=\"widget\" data-widget_type=\"heading.default\">\n\t\t\t\t<div class=\"elementor-widget-container\">\n\t\t\t\t\t<h3 class=\"elementor-heading-title elementor-size-default\">2007 - 2010<\/h3>\t\t\t\t<\/div>\n\t\t\t\t<\/div>\n\t\t\t\t<div class=\"elementor-element elementor-element-5311316 elementor-widget elementor-widget-text-editor\" data-id=\"5311316\" data-element_type=\"widget\" data-e-type=\"widget\" data-widget_type=\"text-editor.default\">\n\t\t\t\t<div class=\"elementor-widget-container\">\n\t\t\t\t\t\t\t\t\t<p>\u00a0 \u00a0 Se supon\u00eda que Inglaterra solo ser\u00eda una parada en el camino a Polonia. Sue\u00f1os de numerosos emigrantes de guerra, incluido el p. Jarz\u0119bowski, sobre regresar a una patria libre no se hizo realidad. Fue solo con la disminuci\u00f3n del n\u00famero de estudiantes que se cerr\u00f3 la escuela (en 1986), y cuando el costo de vida aument\u00f3 de manera desproporcionada a la capacidad financiera de la Casa Religiosa, lo que tambi\u00e9n coincidi\u00f3 con el inter\u00e9s decreciente del museo, se decidi\u00f3 vender el palacio y trasladar la colecci\u00f3n a Liche\u0144 para brindarles la posibilidad de una mayor exposici\u00f3n para un n\u00famero desproporcionadamente mayor de visitantes.<br \/>\u00a0 \u00a0 Aqu\u00ed recibi\u00f3 el nombre de su fundador, ya que es una continuaci\u00f3n del Museo en el Gimnasio de la Congregaci\u00f3n de Padres Marianos en Bielany en Varsovia y el Colegio de la Divina Misericordia en Fawley Court en Gran Breta\u00f1a, establecido en 1925. <br \/>\u00a0 \u00a0 La colecci\u00f3n consta de varios miles de exhibiciones que constituyen un conjunto \u00fanico de objetos. Es una especie de registro de la historia y la cultura polacas hecha de polonica esparcida por todo el mundo, y su destino es una especie de colgante de la turbulenta historia de Polonia.<\/p>\t\t\t\t\t\t\t\t<\/div>\n\t\t\t\t<\/div>\n\t\t\t\t<div class=\"elementor-element elementor-element-4ada834 elementor-widget elementor-widget-image\" data-id=\"4ada834\" data-element_type=\"widget\" data-e-type=\"widget\" data-widget_type=\"image.default\">\n\t\t\t\t<div class=\"elementor-widget-container\">\n\t\t\t\t\t\t\t\t\t\t\t\t<figure class=\"wp-caption\">\n\t\t\t\t\t\t\t\t\t\t<img loading=\"lazy\" decoding=\"async\" width=\"1024\" height=\"683\" src=\"https:\/\/www.lichen.pl\/wp-content\/uploads\/2021\/11\/IMG_0085-1-1024x683.jpg\" class=\"attachment-large size-large wp-image-33685\" alt=\"\" srcset=\"https:\/\/www.lichen.pl\/wp-content\/uploads\/2021\/11\/IMG_0085-1-1024x683.jpg 1024w, https:\/\/www.lichen.pl\/wp-content\/uploads\/2021\/11\/IMG_0085-1-800x533.jpg 800w, https:\/\/www.lichen.pl\/wp-content\/uploads\/2021\/11\/IMG_0085-1-300x200.jpg 300w, https:\/\/www.lichen.pl\/wp-content\/uploads\/2021\/11\/IMG_0085-1-768x512.jpg 768w, https:\/\/www.lichen.pl\/wp-content\/uploads\/2021\/11\/IMG_0085-1-1536x1024.jpg 1536w, https:\/\/www.lichen.pl\/wp-content\/uploads\/2021\/11\/IMG_0085-1-2048x1365.jpg 2048w, https:\/\/www.lichen.pl\/wp-content\/uploads\/2021\/11\/IMG_0085-1-18x12.jpg 18w, https:\/\/www.lichen.pl\/wp-content\/uploads\/2021\/11\/IMG_0085-1.jpg 1920w\" sizes=\"(max-width: 1024px) 100vw, 1024px\" \/>\t\t\t\t\t\t\t\t\t\t\t<figcaption class=\"widget-image-caption wp-caption-text\">Sala &quot;Caminos hacia la independencia&quot;, Liche\u0144, siglo X, siglo XXI<\/figcaption>\n\t\t\t\t\t\t\t\t\t\t<\/figure>\n\t\t\t\t\t\t\t\t\t<\/div>\n\t\t\t\t<\/div>\n\t\t\t\t<div class=\"elementor-element elementor-element-e9ba3cc elementor-widget elementor-widget-text-editor\" data-id=\"e9ba3cc\" data-element_type=\"widget\" data-e-type=\"widget\" data-widget_type=\"text-editor.default\">\n\t\t\t\t<div class=\"elementor-widget-container\">\n\t\t\t\t\t\t\t\t\t<p>\u00a0 \u00a0 <strong>2 de julio de 2010<\/strong> se inaugur\u00f3 una exposici\u00f3n permanente. En ese momento, Wojciech Luchowski era el custodio del museo. Aparte de ella, todav\u00eda se organizan exposiciones para conmemorar aniversarios de hechos hist\u00f3ricos nacionales, grandes figuras de la historia y la cultura polacas, a pesar de que se han abandonado las inauguraciones de Pentecost\u00e9s. El museo, que super\u00f3 r\u00e1pidamente las necesidades de la escuela y sobrevivi\u00f3 a su cierre, contin\u00faa realizando actividades educativas, sin descuidar la divulgaci\u00f3n y el estudio cient\u00edfico de las colecciones en constante aumento.<\/p><p>\u00a0<\/p>\t\t\t\t\t\t\t\t<\/div>\n\t\t\t\t<\/div>\n\t\t\t\t<div class=\"elementor-element elementor-element-56e2214 elementor-widget-divider--view-line elementor-widget elementor-widget-divider\" data-id=\"56e2214\" data-element_type=\"widget\" data-e-type=\"widget\" data-widget_type=\"divider.default\">\n\t\t\t\t<div class=\"elementor-widget-container\">\n\t\t\t\t\t\t\t<div class=\"elementor-divider\">\n\t\t\t<span class=\"elementor-divider-separator\">\n\t\t\t\t\t\t<\/span>\n\t\t<\/div>\n\t\t\t\t\t\t<\/div>\n\t\t\t\t<\/div>\n\t\t\t\t\t<\/div>\n\t\t<\/div>\n\t\t\t\t<div class=\"elementor-column elementor-col-33 elementor-top-column elementor-element elementor-element-5c11a501\" data-id=\"5c11a501\" data-element_type=\"column\" data-e-type=\"column\" data-settings=\"{&quot;background_background&quot;:&quot;classic&quot;}\">\n\t\t\t<div class=\"elementor-widget-wrap elementor-element-populated\">\n\t\t\t\t\t\t\t<\/div>\n\t\t<\/div>\n\t\t\t\t\t<\/div>\n\t\t<\/section>\n\t\t\t\t<\/div>","protected":false},"excerpt":{"rendered":"<p>HISTORIA MUZEUM 1925 &#8211; 1939 Zacz\u0119\u0142o si\u0119 od kilku starych monet, kilku starych mapek i jednego autografu \u2013K. Ujejskiego\u2026 \u00a0 \u00a0 Tak wspomina\u0142 w 1929 r. pocz\u0105tki kolekcji zbieranej na potrzeby Gimnazjum Zgromadzenia Ksi\u0119\u017cy Marian\u00f3w w pokamedulskim klasztorze na warszawskich Bielanach ks. J\u00f3zef Jarz\u0119bowski (1897-1964), kt\u00f3ry zosta\u0142 tam skierowany do pracy. Pe\u0142ni\u0105c tam opr\u00f3cz zada\u0144 [&hellip;]<\/p>\n","protected":false},"author":1,"featured_media":0,"parent":2303,"menu_order":0,"comment_status":"closed","ping_status":"closed","template":"elementor_header_footer","meta":{"footnotes":""},"class_list":["post-2315","page","type-page","status-publish","hentry","wpbf-post"],"yoast_head":"<!-- This site is optimized with the Yoast SEO plugin v27.4 - https:\/\/yoast.com\/product\/yoast-seo-wordpress\/ -->\n<title>Historia kolekcji - SANKTUARIUM W LICHENIU<\/title>\n<meta name=\"robots\" content=\"index, follow, max-snippet:-1, max-image-preview:large, max-video-preview:-1\" \/>\n<link rel=\"canonical\" href=\"https:\/\/www.lichen.pl\/es\/muzeum-5\/o-muzeum\/historia-kolekcji\/\" \/>\n<meta property=\"og:locale\" content=\"es_ES\" \/>\n<meta property=\"og:type\" content=\"article\" \/>\n<meta property=\"og:title\" content=\"Historia kolekcji - SANKTUARIUM W LICHENIU\" \/>\n<meta property=\"og:description\" content=\"HISTORIA MUZEUM 1925 &#8211; 1939 Zacz\u0119\u0142o si\u0119 od kilku starych monet, kilku starych mapek i jednego autografu \u2013K. Ujejskiego\u2026 \u00a0 \u00a0 Tak wspomina\u0142 w 1929 r. pocz\u0105tki kolekcji zbieranej na potrzeby Gimnazjum Zgromadzenia Ksi\u0119\u017cy Marian\u00f3w w pokamedulskim klasztorze na warszawskich Bielanach ks. J\u00f3zef Jarz\u0119bowski (1897-1964), kt\u00f3ry zosta\u0142 tam skierowany do pracy. Pe\u0142ni\u0105c tam opr\u00f3cz zada\u0144 [&hellip;]\" \/>\n<meta property=\"og:url\" content=\"https:\/\/www.lichen.pl\/es\/muzeum-5\/o-muzeum\/historia-kolekcji\/\" \/>\n<meta property=\"og:site_name\" content=\"SANKTUARIUM W LICHENIU\" \/>\n<meta property=\"article:modified_time\" content=\"2021-11-18T14:06:43+00:00\" \/>\n<meta property=\"og:image\" content=\"http:\/\/www.lichen.pl\/wp-content\/uploads\/2021\/11\/Klasztor-Ksiezy-Marianow-Bielany-l.-30.-XX-w.-2-002-768x768.jpg\" \/>\n<meta name=\"twitter:card\" content=\"summary_large_image\" \/>\n<meta name=\"twitter:label1\" content=\"Tiempo de lectura\" \/>\n\t<meta name=\"twitter:data1\" content=\"7 minutos\" \/>\n<script type=\"application\/ld+json\" class=\"yoast-schema-graph\">{\"@context\":\"https:\\\/\\\/schema.org\",\"@graph\":[{\"@type\":\"WebPage\",\"@id\":\"https:\\\/\\\/www.lichen.pl\\\/muzeum-5\\\/o-muzeum\\\/historia-kolekcji\\\/\",\"url\":\"https:\\\/\\\/www.lichen.pl\\\/muzeum-5\\\/o-muzeum\\\/historia-kolekcji\\\/\",\"name\":\"Historia kolekcji - SANKTUARIUM W LICHENIU\",\"isPartOf\":{\"@id\":\"https:\\\/\\\/www.lichen.pl\\\/fr\\\/#website\"},\"primaryImageOfPage\":{\"@id\":\"https:\\\/\\\/www.lichen.pl\\\/muzeum-5\\\/o-muzeum\\\/historia-kolekcji\\\/#primaryimage\"},\"image\":{\"@id\":\"https:\\\/\\\/www.lichen.pl\\\/muzeum-5\\\/o-muzeum\\\/historia-kolekcji\\\/#primaryimage\"},\"thumbnailUrl\":\"http:\\\/\\\/www.lichen.pl\\\/wp-content\\\/uploads\\\/2021\\\/11\\\/Klasztor-Ksiezy-Marianow-Bielany-l.-30.-XX-w.-2-002-768x768.jpg\",\"datePublished\":\"2020-09-15T10:28:57+00:00\",\"dateModified\":\"2021-11-18T14:06:43+00:00\",\"breadcrumb\":{\"@id\":\"https:\\\/\\\/www.lichen.pl\\\/muzeum-5\\\/o-muzeum\\\/historia-kolekcji\\\/#breadcrumb\"},\"inLanguage\":\"es\",\"potentialAction\":[{\"@type\":\"ReadAction\",\"target\":[\"https:\\\/\\\/www.lichen.pl\\\/muzeum-5\\\/o-muzeum\\\/historia-kolekcji\\\/\"]}]},{\"@type\":\"ImageObject\",\"inLanguage\":\"es\",\"@id\":\"https:\\\/\\\/www.lichen.pl\\\/muzeum-5\\\/o-muzeum\\\/historia-kolekcji\\\/#primaryimage\",\"url\":\"http:\\\/\\\/www.lichen.pl\\\/wp-content\\\/uploads\\\/2021\\\/11\\\/Klasztor-Ksiezy-Marianow-Bielany-l.-30.-XX-w.-2-002-768x768.jpg\",\"contentUrl\":\"http:\\\/\\\/www.lichen.pl\\\/wp-content\\\/uploads\\\/2021\\\/11\\\/Klasztor-Ksiezy-Marianow-Bielany-l.-30.-XX-w.-2-002-768x768.jpg\"},{\"@type\":\"BreadcrumbList\",\"@id\":\"https:\\\/\\\/www.lichen.pl\\\/muzeum-5\\\/o-muzeum\\\/historia-kolekcji\\\/#breadcrumb\",\"itemListElement\":[{\"@type\":\"ListItem\",\"position\":1,\"name\":\"Strona g\u0142\u00f3wna\",\"item\":\"https:\\\/\\\/www.lichen.pl\\\/\"},{\"@type\":\"ListItem\",\"position\":2,\"name\":\"Muzeum\",\"item\":\"https:\\\/\\\/www.lichen.pl\\\/muzeum-5\\\/\"},{\"@type\":\"ListItem\",\"position\":3,\"name\":\"O muzeum\",\"item\":\"https:\\\/\\\/www.lichen.pl\\\/muzeum-5\\\/o-muzeum\\\/\"},{\"@type\":\"ListItem\",\"position\":4,\"name\":\"Historia kolekcji\"}]},{\"@type\":\"WebSite\",\"@id\":\"https:\\\/\\\/www.lichen.pl\\\/fr\\\/#website\",\"url\":\"https:\\\/\\\/www.lichen.pl\\\/fr\\\/\",\"name\":\"SANKTUARIUM W LICHENIU\",\"description\":\"MATKI BO\u017bEJ LICHE\u0143SKIEJ BOLESNEJ KR\u00d3LOWEJ POLSKI\",\"potentialAction\":[{\"@type\":\"SearchAction\",\"target\":{\"@type\":\"EntryPoint\",\"urlTemplate\":\"https:\\\/\\\/www.lichen.pl\\\/fr\\\/?s={search_term_string}\"},\"query-input\":{\"@type\":\"PropertyValueSpecification\",\"valueRequired\":true,\"valueName\":\"search_term_string\"}}],\"inLanguage\":\"es\"}]}<\/script>\n<!-- \/ Yoast SEO plugin. -->","yoast_head_json":{"title":"Historia kolekcji - SANKTUARIUM W LICHENIU","robots":{"index":"index","follow":"follow","max-snippet":"max-snippet:-1","max-image-preview":"max-image-preview:large","max-video-preview":"max-video-preview:-1"},"canonical":"https:\/\/www.lichen.pl\/es\/muzeum-5\/o-muzeum\/historia-kolekcji\/","og_locale":"es_ES","og_type":"article","og_title":"Historia kolekcji - SANKTUARIUM W LICHENIU","og_description":"HISTORIA MUZEUM 1925 &#8211; 1939 Zacz\u0119\u0142o si\u0119 od kilku starych monet, kilku starych mapek i jednego autografu \u2013K. Ujejskiego\u2026 \u00a0 \u00a0 Tak wspomina\u0142 w 1929 r. pocz\u0105tki kolekcji zbieranej na potrzeby Gimnazjum Zgromadzenia Ksi\u0119\u017cy Marian\u00f3w w pokamedulskim klasztorze na warszawskich Bielanach ks. J\u00f3zef Jarz\u0119bowski (1897-1964), kt\u00f3ry zosta\u0142 tam skierowany do pracy. Pe\u0142ni\u0105c tam opr\u00f3cz zada\u0144 [&hellip;]","og_url":"https:\/\/www.lichen.pl\/es\/muzeum-5\/o-muzeum\/historia-kolekcji\/","og_site_name":"SANKTUARIUM W LICHENIU","article_modified_time":"2021-11-18T14:06:43+00:00","og_image":[{"url":"http:\/\/www.lichen.pl\/wp-content\/uploads\/2021\/11\/Klasztor-Ksiezy-Marianow-Bielany-l.-30.-XX-w.-2-002-768x768.jpg","type":"","width":"","height":""}],"twitter_card":"summary_large_image","twitter_misc":{"Tiempo de lectura":"7 minutos"},"schema":{"@context":"https:\/\/schema.org","@graph":[{"@type":"WebPage","@id":"https:\/\/www.lichen.pl\/muzeum-5\/o-muzeum\/historia-kolekcji\/","url":"https:\/\/www.lichen.pl\/muzeum-5\/o-muzeum\/historia-kolekcji\/","name":"Historia kolekcji - SANKTUARIUM W LICHENIU","isPartOf":{"@id":"https:\/\/www.lichen.pl\/fr\/#website"},"primaryImageOfPage":{"@id":"https:\/\/www.lichen.pl\/muzeum-5\/o-muzeum\/historia-kolekcji\/#primaryimage"},"image":{"@id":"https:\/\/www.lichen.pl\/muzeum-5\/o-muzeum\/historia-kolekcji\/#primaryimage"},"thumbnailUrl":"http:\/\/www.lichen.pl\/wp-content\/uploads\/2021\/11\/Klasztor-Ksiezy-Marianow-Bielany-l.-30.-XX-w.-2-002-768x768.jpg","datePublished":"2020-09-15T10:28:57+00:00","dateModified":"2021-11-18T14:06:43+00:00","breadcrumb":{"@id":"https:\/\/www.lichen.pl\/muzeum-5\/o-muzeum\/historia-kolekcji\/#breadcrumb"},"inLanguage":"es","potentialAction":[{"@type":"ReadAction","target":["https:\/\/www.lichen.pl\/muzeum-5\/o-muzeum\/historia-kolekcji\/"]}]},{"@type":"ImageObject","inLanguage":"es","@id":"https:\/\/www.lichen.pl\/muzeum-5\/o-muzeum\/historia-kolekcji\/#primaryimage","url":"http:\/\/www.lichen.pl\/wp-content\/uploads\/2021\/11\/Klasztor-Ksiezy-Marianow-Bielany-l.-30.-XX-w.-2-002-768x768.jpg","contentUrl":"http:\/\/www.lichen.pl\/wp-content\/uploads\/2021\/11\/Klasztor-Ksiezy-Marianow-Bielany-l.-30.-XX-w.-2-002-768x768.jpg"},{"@type":"BreadcrumbList","@id":"https:\/\/www.lichen.pl\/muzeum-5\/o-muzeum\/historia-kolekcji\/#breadcrumb","itemListElement":[{"@type":"ListItem","position":1,"name":"Strona g\u0142\u00f3wna","item":"https:\/\/www.lichen.pl\/"},{"@type":"ListItem","position":2,"name":"Muzeum","item":"https:\/\/www.lichen.pl\/muzeum-5\/"},{"@type":"ListItem","position":3,"name":"O muzeum","item":"https:\/\/www.lichen.pl\/muzeum-5\/o-muzeum\/"},{"@type":"ListItem","position":4,"name":"Historia kolekcji"}]},{"@type":"WebSite","@id":"https:\/\/www.lichen.pl\/fr\/#website","url":"https:\/\/www.lichen.pl\/fr\/","name":"SANTUARIO EN LICHENIA","description":"LA DOLOROSA REINA DE POLONIA DE NUESTRO LICHEN","potentialAction":[{"@type":"SearchAction","target":{"@type":"EntryPoint","urlTemplate":"https:\/\/www.lichen.pl\/fr\/?s={search_term_string}"},"query-input":{"@type":"PropertyValueSpecification","valueRequired":true,"valueName":"search_term_string"}}],"inLanguage":"es"}]}},"_links":{"self":[{"href":"https:\/\/www.lichen.pl\/es\/wp-json\/wp\/v2\/pages\/2315","targetHints":{"allow":["GET"]}}],"collection":[{"href":"https:\/\/www.lichen.pl\/es\/wp-json\/wp\/v2\/pages"}],"about":[{"href":"https:\/\/www.lichen.pl\/es\/wp-json\/wp\/v2\/types\/page"}],"author":[{"embeddable":true,"href":"https:\/\/www.lichen.pl\/es\/wp-json\/wp\/v2\/users\/1"}],"replies":[{"embeddable":true,"href":"https:\/\/www.lichen.pl\/es\/wp-json\/wp\/v2\/comments?post=2315"}],"version-history":[{"count":50,"href":"https:\/\/www.lichen.pl\/es\/wp-json\/wp\/v2\/pages\/2315\/revisions"}],"predecessor-version":[{"id":33697,"href":"https:\/\/www.lichen.pl\/es\/wp-json\/wp\/v2\/pages\/2315\/revisions\/33697"}],"up":[{"embeddable":true,"href":"https:\/\/www.lichen.pl\/es\/wp-json\/wp\/v2\/pages\/2303"}],"wp:attachment":[{"href":"https:\/\/www.lichen.pl\/es\/wp-json\/wp\/v2\/media?parent=2315"}],"curies":[{"name":"wp","href":"https:\/\/api.w.org\/{rel}","templated":true}]}}