{"id":97932,"date":"2026-03-13T12:19:30","date_gmt":"2026-03-13T11:19:30","guid":{"rendered":"https:\/\/www.lichen.pl\/?page_id=97932"},"modified":"2026-03-13T12:22:58","modified_gmt":"2026-03-13T11:22:58","slug":"rekolekcje-lectio-divina-z-maryja","status":"publish","type":"page","link":"https:\/\/www.lichen.pl\/es\/rekolekcje-lectio-divina-z-maryja\/","title":{"rendered":"Rekolekcje Lectio divina &#8220;Z Maryj\u0105 uczymy si\u0119 s\u0142ucha\u0107 Boga&#8221;"},"content":{"rendered":"<div data-elementor-type=\"wp-page\" data-elementor-id=\"97932\" class=\"elementor elementor-97932\" data-elementor-post-type=\"page\">\n\t\t\t\t\t\t<section class=\"elementor-section elementor-top-section elementor-element elementor-element-11cf008 elementor-section-boxed elementor-section-height-default elementor-section-height-default\" data-id=\"11cf008\" data-element_type=\"section\" data-e-type=\"section\">\n\t\t\t\t\t\t<div class=\"elementor-container elementor-column-gap-default\">\n\t\t\t\t\t<div class=\"elementor-column elementor-col-100 elementor-top-column elementor-element elementor-element-e4327ef\" data-id=\"e4327ef\" data-element_type=\"column\" data-e-type=\"column\">\n\t\t\t<div class=\"elementor-widget-wrap elementor-element-populated\">\n\t\t\t\t\t\t<div class=\"elementor-element elementor-element-eb82da3 elementor-widget-divider--view-line_text elementor-widget-divider--element-align-center elementor-widget elementor-widget-divider\" data-id=\"eb82da3\" data-element_type=\"widget\" data-e-type=\"widget\" data-widget_type=\"divider.default\">\n\t\t\t\t<div class=\"elementor-widget-container\">\n\t\t\t\t\t\t\t<div class=\"elementor-divider\">\n\t\t\t<span class=\"elementor-divider-separator\">\n\t\t\t\t\t\t\t<span class=\"elementor-divider__text elementor-divider__element\">\n\t\t\t\trekolekcje Lectio divina \"z maryj\u0105 uczymy si\u0119 s\u0142ucha\u0107 boga\"\t\t\t\t<\/span>\n\t\t\t\t\t\t<\/span>\n\t\t<\/div>\n\t\t\t\t\t\t<\/div>\n\t\t\t\t<\/div>\n\t\t\t\t<div class=\"elementor-element elementor-element-62cfe8d elementor-widget elementor-widget-text-editor\" data-id=\"62cfe8d\" data-element_type=\"widget\" data-e-type=\"widget\" data-widget_type=\"text-editor.default\">\n\t\t\t\t<div class=\"elementor-widget-container\">\n\t\t\t\t\t\t\t\t\t<p>Maryja jest pierwsz\u0105, kt\u00f3ra naprawd\u0119 s\u0142ucha Boga. Jej \u017cycie rodzi si\u0119 ze s\u0142uchania: przyjmuje s\u0142owo, zachowuje je w sercu, rozwa\u017ca i pozwala, by kszta\u0142towa\u0142o jej drog\u0119. Rekolekcje \u201eZ Maryj\u0105 uczymy si\u0119 s\u0142ucha\u0107 Boga\u201d s\u0105 zaproszeniem do wej\u015bcia w t\u0119 sam\u0105 postaw\u0119 serca: postaw\u0119 uwa\u017cnego, cierpliwego i wiernego s\u0142uchania.<\/p><p>W centrum rekolekcji znajduje si\u0119 <em>lectio divina<\/em> \u2013 modlitwa S\u0142owem Boga, kt\u00f3ra nie polega na analizie tekstu, lecz na spotkaniu z Bogiem obecnym i m\u00f3wi\u0105cym. Wpatruj\u0105c si\u0119 w Maryj\u0119, b\u0119dziemy starali odkry\u0107, \u017ce s\u0142uchanie nie jest jednorazowym aktem, ale drog\u0105: od przyj\u0119cia s\u0142owa, przez jego rozwa\u017canie, a\u017c po zgod\u0119, by s\u0142owo stawa\u0142o si\u0119 cia\u0142em w codziennym \u017cyciu.<\/p><p>Maryja towarzyszy tej drodze jako Ta, kt\u00f3ra \u201ezachowywa\u0142a wszystkie te sprawy i rozwa\u017ca\u0142a je w swoim sercu\u201d. Uczy wi\u0119c, \u017ce prawdziwe s\u0142uchanie wymaga ciszy, zgody na niepewno\u015b\u0107 oraz cierpliwo\u015bci wobec procesu, w kt\u00f3rym B\u00f3g ods\u0142ania sens stopniowo.<\/p><p>Szczeg\u00f3lnym rysem tych rekolekcji jest cisza, rozumiana nie jako brak s\u0142\u00f3w, lecz jako przestrze\u0144 uwa\u017cno\u015bci. W ciszy bowiem s\u0142owo zapuszcza korzenie, a serce uczy si\u0119 rozpoznawa\u0107 g\u0142os Boga po\u015br\u00f3d wielu innych g\u0142os\u00f3w. To czas, w kt\u00f3rym B\u00f3g nie tylko m\u00f3wi, ale r\u00f3wnie\u017c przemienia spos\u00f3b s\u0142uchania.<\/p><p>Rekolekcje s\u0105 propozycj\u0105 dla tych, kt\u00f3rzy pragn\u0105 pog\u0142\u0119bi\u0107 modlitw\u0119 S\u0142owem Bo\u017cym, odnale\u017a\u0107 duchowy rytm s\u0142uchania i odpowiedzi oraz uczy\u0107 si\u0119, jak pozwala\u0107 Bogu prowadzi\u0107 przez Jego S\u0142owo. Z Maryj\u0105 odkryjemy, \u017ce s\u0142uchanie Boga jest drog\u0105 zaufania \u2013 drog\u0105, na kt\u00f3rej S\u0142owo staje si\u0119 \u017cyciem.<\/p><p><span style=\"color: #000000;\">Rekolekcje prowadzi ks. Adam Stankiewicz MIC.<\/span><\/p>\t\t\t\t\t\t\t\t<\/div>\n\t\t\t\t<\/div>\n\t\t\t\t\t<\/div>\n\t\t<\/div>\n\t\t\t\t\t<\/div>\n\t\t<\/section>\n\t\t\t\t<section class=\"elementor-section elementor-top-section elementor-element elementor-element-2db574b elementor-section-boxed elementor-section-height-default elementor-section-height-default\" data-id=\"2db574b\" data-element_type=\"section\" data-e-type=\"section\">\n\t\t\t\t\t\t<div class=\"elementor-container elementor-column-gap-default\">\n\t\t\t\t\t<div class=\"elementor-column elementor-col-100 elementor-top-column elementor-element elementor-element-c18d098\" data-id=\"c18d098\" data-element_type=\"column\" data-e-type=\"column\">\n\t\t\t<div class=\"elementor-widget-wrap elementor-element-populated\">\n\t\t\t\t\t\t<section class=\"elementor-section elementor-inner-section elementor-element elementor-element-eb9d3c0 elementor-section-boxed elementor-section-height-default elementor-section-height-default\" data-id=\"eb9d3c0\" data-element_type=\"section\" data-e-type=\"section\">\n\t\t\t\t\t\t<div class=\"elementor-container elementor-column-gap-default\">\n\t\t\t\t\t<div class=\"elementor-column elementor-col-50 elementor-inner-column elementor-element elementor-element-85eb448\" data-id=\"85eb448\" data-element_type=\"column\" data-e-type=\"column\">\n\t\t\t<div class=\"elementor-widget-wrap elementor-element-populated\">\n\t\t\t\t\t\t<div class=\"elementor-element elementor-element-4fa3c64 elementor-widget elementor-widget-text-editor\" data-id=\"4fa3c64\" data-element_type=\"widget\" data-e-type=\"widget\" data-widget_type=\"text-editor.default\">\n\t\t\t\t<div class=\"elementor-widget-container\">\n\t\t\t\t\t\t\t\t\t<ul><li><span style=\"color: #000000;\">ofiara: <strong>od<\/strong> <strong>350 z\u0142 do 450 z\u0142<\/strong> od osoby w zale\u017cno\u015bci od rodzaju pokoju (w tym nocleg i wy\u017cywienie), z\u0142o\u017cona podczas rekolekcji\/po przyje\u017adzie<br \/><\/span><\/li><li><span style=\"color: #000000;\">el n\u00famero de plazas es limitado<\/span><\/li><li><span style=\"color: #000000;\">el orden de las aplicaciones decide<\/span><\/li><\/ul>\t\t\t\t\t\t\t\t<\/div>\n\t\t\t\t<\/div>\n\t\t\t\t\t<\/div>\n\t\t<\/div>\n\t\t\t\t<div class=\"elementor-column elementor-col-50 elementor-inner-column elementor-element elementor-element-37c81df\" data-id=\"37c81df\" data-element_type=\"column\" data-e-type=\"column\">\n\t\t\t<div class=\"elementor-widget-wrap elementor-element-populated\">\n\t\t\t\t\t\t<div class=\"elementor-element elementor-element-9ec977c elementor-widget elementor-widget-text-editor\" data-id=\"9ec977c\" data-element_type=\"widget\" data-e-type=\"widget\" data-widget_type=\"text-editor.default\">\n\t\t\t\t<div class=\"elementor-widget-container\">\n\t\t\t\t\t\t\t\t\t<p style=\"text-align: center;\"><strong><span style=\"color: #800000;\">Inscripci\u00f3n para el retiro:<\/span><\/strong><\/p><ul><li><span style=\"color: #000000;\"><strong>personalmente<\/strong>, en la Oficina de Atenci\u00f3n al Peregrino<\/span><\/li><li><span style=\"color: #000000;\"><strong>por telefono<\/strong> (+48) 63 270 81 42, (+48) 63 270 81 63<\/span><\/li><li><span style=\"color: #000000;\"><strong>Email:<\/strong> lichen@lichen.pl<\/span><\/li><\/ul>\t\t\t\t\t\t\t\t<\/div>\n\t\t\t\t<\/div>\n\t\t\t\t\t<\/div>\n\t\t<\/div>\n\t\t\t\t\t<\/div>\n\t\t<\/section>\n\t\t\t\t\t<\/div>\n\t\t<\/div>\n\t\t\t\t\t<\/div>\n\t\t<\/section>\n\t\t\t\t<section class=\"elementor-section elementor-top-section elementor-element elementor-element-55228c8 elementor-section-boxed elementor-section-height-default elementor-section-height-default\" data-id=\"55228c8\" data-element_type=\"section\" data-e-type=\"section\">\n\t\t\t\t\t\t<div class=\"elementor-container elementor-column-gap-default\">\n\t\t\t\t\t<div class=\"elementor-column elementor-col-100 elementor-top-column elementor-element elementor-element-84a674b\" data-id=\"84a674b\" data-element_type=\"column\" data-e-type=\"column\">\n\t\t\t<div class=\"elementor-widget-wrap elementor-element-populated\">\n\t\t\t\t\t\t<section class=\"elementor-section elementor-inner-section elementor-element elementor-element-25c8f5b elementor-section-boxed elementor-section-height-default elementor-section-height-default\" data-id=\"25c8f5b\" data-element_type=\"section\" data-e-type=\"section\">\n\t\t\t\t\t\t<div class=\"elementor-container elementor-column-gap-default\">\n\t\t\t\t\t<div class=\"elementor-column elementor-col-50 elementor-inner-column elementor-element elementor-element-90ad964\" data-id=\"90ad964\" data-element_type=\"column\" data-e-type=\"column\">\n\t\t\t<div class=\"elementor-widget-wrap elementor-element-populated\">\n\t\t\t\t\t\t<div class=\"elementor-element elementor-element-61dba9a elementor-view-default elementor-widget elementor-widget-icon\" data-id=\"61dba9a\" data-element_type=\"widget\" data-e-type=\"widget\" data-widget_type=\"icon.default\">\n\t\t\t\t<div class=\"elementor-widget-container\">\n\t\t\t\t\t\t\t<div class=\"elementor-icon-wrapper\">\n\t\t\t<a class=\"elementor-icon\" href=\"https:\/\/www.lichen.pl\/es\/rekolekcje-rok-2026\/\">\n\t\t\t<i aria-hidden=\"true\" class=\"far fa-calendar-check\"><\/i>\t\t\t<\/a>\n\t\t<\/div>\n\t\t\t\t\t\t<\/div>\n\t\t\t\t<\/div>\n\t\t\t\t\t<\/div>\n\t\t<\/div>\n\t\t\t\t<div class=\"elementor-column elementor-col-50 elementor-inner-column elementor-element elementor-element-47818f6\" data-id=\"47818f6\" data-element_type=\"column\" data-e-type=\"column\">\n\t\t\t<div class=\"elementor-widget-wrap elementor-element-populated\">\n\t\t\t\t\t\t<div class=\"elementor-element elementor-element-53e622e elementor-widget elementor-widget-text-editor\" data-id=\"53e622e\" data-element_type=\"widget\" data-e-type=\"widget\" data-widget_type=\"text-editor.default\">\n\t\t\t\t<div class=\"elementor-widget-container\">\n\t\t\t\t\t\t\t\t\t<p><span style=\"color: #333399;\">Przejd\u017a do kalendarza rekolekcji 2026 r.<\/span><\/p>\t\t\t\t\t\t\t\t<\/div>\n\t\t\t\t<\/div>\n\t\t\t\t<div class=\"elementor-element elementor-element-44a294a elementor-widget-divider--view-line elementor-widget elementor-widget-divider\" data-id=\"44a294a\" data-element_type=\"widget\" data-e-type=\"widget\" data-widget_type=\"divider.default\">\n\t\t\t\t<div class=\"elementor-widget-container\">\n\t\t\t\t\t\t\t<div class=\"elementor-divider\">\n\t\t\t<span class=\"elementor-divider-separator\">\n\t\t\t\t\t\t<\/span>\n\t\t<\/div>\n\t\t\t\t\t\t<\/div>\n\t\t\t\t<\/div>\n\t\t\t\t\t<\/div>\n\t\t<\/div>\n\t\t\t\t\t<\/div>\n\t\t<\/section>\n\t\t\t\t\t<\/div>\n\t\t<\/div>\n\t\t\t\t\t<\/div>\n\t\t<\/section>\n\t\t\t\t<\/div>","protected":false},"excerpt":{"rendered":"<p>rekolekcje Lectio divina &#8220;z maryj\u0105 uczymy si\u0119 s\u0142ucha\u0107 boga&#8221; Maryja jest pierwsz\u0105, kt\u00f3ra naprawd\u0119 s\u0142ucha Boga. Jej \u017cycie rodzi si\u0119 ze s\u0142uchania: przyjmuje s\u0142owo, zachowuje je w sercu, rozwa\u017ca i pozwala, by kszta\u0142towa\u0142o jej drog\u0119. Rekolekcje \u201eZ Maryj\u0105 uczymy si\u0119 s\u0142ucha\u0107 Boga\u201d s\u0105 zaproszeniem do wej\u015bcia w t\u0119 sam\u0105 postaw\u0119 serca: postaw\u0119 uwa\u017cnego, cierpliwego i [&hellip;]<\/p>\n","protected":false},"author":7,"featured_media":0,"parent":0,"menu_order":0,"comment_status":"closed","ping_status":"closed","template":"","meta":{"footnotes":""},"class_list":["post-97932","page","type-page","status-publish","hentry","wpbf-post"],"yoast_head":"<!-- This site is optimized with the Yoast SEO plugin v27.4 - https:\/\/yoast.com\/product\/yoast-seo-wordpress\/ -->\n<title>Rekolekcje Lectio divina &quot;Z Maryj\u0105 uczymy si\u0119 s\u0142ucha\u0107 Boga&quot; - SANKTUARIUM W LICHENIU<\/title>\n<meta name=\"robots\" content=\"index, follow, max-snippet:-1, max-image-preview:large, max-video-preview:-1\" \/>\n<link rel=\"canonical\" href=\"https:\/\/www.lichen.pl\/es\/rekolekcje-lectio-divina-z-maryja\/\" \/>\n<meta property=\"og:locale\" content=\"es_ES\" \/>\n<meta property=\"og:type\" content=\"article\" \/>\n<meta property=\"og:title\" content=\"Rekolekcje Lectio divina &quot;Z Maryj\u0105 uczymy si\u0119 s\u0142ucha\u0107 Boga&quot; - SANKTUARIUM W LICHENIU\" \/>\n<meta property=\"og:description\" content=\"rekolekcje Lectio divina &#8220;z maryj\u0105 uczymy si\u0119 s\u0142ucha\u0107 boga&#8221; Maryja jest pierwsz\u0105, kt\u00f3ra naprawd\u0119 s\u0142ucha Boga. Jej \u017cycie rodzi si\u0119 ze s\u0142uchania: przyjmuje s\u0142owo, zachowuje je w sercu, rozwa\u017ca i pozwala, by kszta\u0142towa\u0142o jej drog\u0119. Rekolekcje \u201eZ Maryj\u0105 uczymy si\u0119 s\u0142ucha\u0107 Boga\u201d s\u0105 zaproszeniem do wej\u015bcia w t\u0119 sam\u0105 postaw\u0119 serca: postaw\u0119 uwa\u017cnego, cierpliwego i [&hellip;]\" \/>\n<meta property=\"og:url\" content=\"https:\/\/www.lichen.pl\/es\/rekolekcje-lectio-divina-z-maryja\/\" \/>\n<meta property=\"og:site_name\" content=\"SANKTUARIUM W LICHENIU\" \/>\n<meta property=\"article:modified_time\" content=\"2026-03-13T11:22:58+00:00\" \/>\n<meta name=\"twitter:card\" content=\"summary_large_image\" \/>\n<meta name=\"twitter:label1\" content=\"Tiempo de lectura\" \/>\n\t<meta name=\"twitter:data1\" content=\"2 minutos\" \/>\n<script type=\"application\/ld+json\" class=\"yoast-schema-graph\">{\"@context\":\"https:\\\/\\\/schema.org\",\"@graph\":[{\"@type\":\"WebPage\",\"@id\":\"https:\\\/\\\/www.lichen.pl\\\/rekolekcje-lectio-divina-z-maryja\\\/\",\"url\":\"https:\\\/\\\/www.lichen.pl\\\/rekolekcje-lectio-divina-z-maryja\\\/\",\"name\":\"Rekolekcje Lectio divina \\\"Z Maryj\u0105 uczymy si\u0119 s\u0142ucha\u0107 Boga\\\" - SANKTUARIUM W LICHENIU\",\"isPartOf\":{\"@id\":\"https:\\\/\\\/www.lichen.pl\\\/fr\\\/#website\"},\"datePublished\":\"2026-03-13T11:19:30+00:00\",\"dateModified\":\"2026-03-13T11:22:58+00:00\",\"breadcrumb\":{\"@id\":\"https:\\\/\\\/www.lichen.pl\\\/rekolekcje-lectio-divina-z-maryja\\\/#breadcrumb\"},\"inLanguage\":\"es\",\"potentialAction\":[{\"@type\":\"ReadAction\",\"target\":[\"https:\\\/\\\/www.lichen.pl\\\/rekolekcje-lectio-divina-z-maryja\\\/\"]}]},{\"@type\":\"BreadcrumbList\",\"@id\":\"https:\\\/\\\/www.lichen.pl\\\/rekolekcje-lectio-divina-z-maryja\\\/#breadcrumb\",\"itemListElement\":[{\"@type\":\"ListItem\",\"position\":1,\"name\":\"Strona g\u0142\u00f3wna\",\"item\":\"https:\\\/\\\/www.lichen.pl\\\/\"},{\"@type\":\"ListItem\",\"position\":2,\"name\":\"Rekolekcje Lectio divina &#8220;Z Maryj\u0105 uczymy si\u0119 s\u0142ucha\u0107 Boga&#8221;\"}]},{\"@type\":\"WebSite\",\"@id\":\"https:\\\/\\\/www.lichen.pl\\\/fr\\\/#website\",\"url\":\"https:\\\/\\\/www.lichen.pl\\\/fr\\\/\",\"name\":\"SANKTUARIUM W LICHENIU\",\"description\":\"MATKI BO\u017bEJ LICHE\u0143SKIEJ BOLESNEJ KR\u00d3LOWEJ POLSKI\",\"potentialAction\":[{\"@type\":\"SearchAction\",\"target\":{\"@type\":\"EntryPoint\",\"urlTemplate\":\"https:\\\/\\\/www.lichen.pl\\\/fr\\\/?s={search_term_string}\"},\"query-input\":{\"@type\":\"PropertyValueSpecification\",\"valueRequired\":true,\"valueName\":\"search_term_string\"}}],\"inLanguage\":\"es\"}]}<\/script>\n<!-- \/ Yoast SEO plugin. -->","yoast_head_json":{"title":"Rekolekcje Lectio divina \"Z Maryj\u0105 uczymy si\u0119 s\u0142ucha\u0107 Boga\" - SANKTUARIUM W LICHENIU","robots":{"index":"index","follow":"follow","max-snippet":"max-snippet:-1","max-image-preview":"max-image-preview:large","max-video-preview":"max-video-preview:-1"},"canonical":"https:\/\/www.lichen.pl\/es\/rekolekcje-lectio-divina-z-maryja\/","og_locale":"es_ES","og_type":"article","og_title":"Rekolekcje Lectio divina \"Z Maryj\u0105 uczymy si\u0119 s\u0142ucha\u0107 Boga\" - SANKTUARIUM W LICHENIU","og_description":"rekolekcje Lectio divina &#8220;z maryj\u0105 uczymy si\u0119 s\u0142ucha\u0107 boga&#8221; Maryja jest pierwsz\u0105, kt\u00f3ra naprawd\u0119 s\u0142ucha Boga. Jej \u017cycie rodzi si\u0119 ze s\u0142uchania: przyjmuje s\u0142owo, zachowuje je w sercu, rozwa\u017ca i pozwala, by kszta\u0142towa\u0142o jej drog\u0119. Rekolekcje \u201eZ Maryj\u0105 uczymy si\u0119 s\u0142ucha\u0107 Boga\u201d s\u0105 zaproszeniem do wej\u015bcia w t\u0119 sam\u0105 postaw\u0119 serca: postaw\u0119 uwa\u017cnego, cierpliwego i [&hellip;]","og_url":"https:\/\/www.lichen.pl\/es\/rekolekcje-lectio-divina-z-maryja\/","og_site_name":"SANKTUARIUM W LICHENIU","article_modified_time":"2026-03-13T11:22:58+00:00","twitter_card":"summary_large_image","twitter_misc":{"Tiempo de lectura":"2 minutos"},"schema":{"@context":"https:\/\/schema.org","@graph":[{"@type":"WebPage","@id":"https:\/\/www.lichen.pl\/rekolekcje-lectio-divina-z-maryja\/","url":"https:\/\/www.lichen.pl\/rekolekcje-lectio-divina-z-maryja\/","name":"Rekolekcje Lectio divina \"Z Maryj\u0105 uczymy si\u0119 s\u0142ucha\u0107 Boga\" - SANKTUARIUM W LICHENIU","isPartOf":{"@id":"https:\/\/www.lichen.pl\/fr\/#website"},"datePublished":"2026-03-13T11:19:30+00:00","dateModified":"2026-03-13T11:22:58+00:00","breadcrumb":{"@id":"https:\/\/www.lichen.pl\/rekolekcje-lectio-divina-z-maryja\/#breadcrumb"},"inLanguage":"es","potentialAction":[{"@type":"ReadAction","target":["https:\/\/www.lichen.pl\/rekolekcje-lectio-divina-z-maryja\/"]}]},{"@type":"BreadcrumbList","@id":"https:\/\/www.lichen.pl\/rekolekcje-lectio-divina-z-maryja\/#breadcrumb","itemListElement":[{"@type":"ListItem","position":1,"name":"Strona g\u0142\u00f3wna","item":"https:\/\/www.lichen.pl\/"},{"@type":"ListItem","position":2,"name":"Rekolekcje Lectio divina &#8220;Z Maryj\u0105 uczymy si\u0119 s\u0142ucha\u0107 Boga&#8221;"}]},{"@type":"WebSite","@id":"https:\/\/www.lichen.pl\/fr\/#website","url":"https:\/\/www.lichen.pl\/fr\/","name":"SANTUARIO EN LICHENIA","description":"LA DOLOROSA REINA DE POLONIA DE NUESTRO LICHEN","potentialAction":[{"@type":"SearchAction","target":{"@type":"EntryPoint","urlTemplate":"https:\/\/www.lichen.pl\/fr\/?s={search_term_string}"},"query-input":{"@type":"PropertyValueSpecification","valueRequired":true,"valueName":"search_term_string"}}],"inLanguage":"es"}]}},"_links":{"self":[{"href":"https:\/\/www.lichen.pl\/es\/wp-json\/wp\/v2\/pages\/97932","targetHints":{"allow":["GET"]}}],"collection":[{"href":"https:\/\/www.lichen.pl\/es\/wp-json\/wp\/v2\/pages"}],"about":[{"href":"https:\/\/www.lichen.pl\/es\/wp-json\/wp\/v2\/types\/page"}],"author":[{"embeddable":true,"href":"https:\/\/www.lichen.pl\/es\/wp-json\/wp\/v2\/users\/7"}],"replies":[{"embeddable":true,"href":"https:\/\/www.lichen.pl\/es\/wp-json\/wp\/v2\/comments?post=97932"}],"version-history":[{"count":7,"href":"https:\/\/www.lichen.pl\/es\/wp-json\/wp\/v2\/pages\/97932\/revisions"}],"predecessor-version":[{"id":97941,"href":"https:\/\/www.lichen.pl\/es\/wp-json\/wp\/v2\/pages\/97932\/revisions\/97941"}],"wp:attachment":[{"href":"https:\/\/www.lichen.pl\/es\/wp-json\/wp\/v2\/media?parent=97932"}],"curies":[{"name":"wp","href":"https:\/\/api.w.org\/{rel}","templated":true}]}}