{"id":58340,"date":"2023-09-15T10:06:39","date_gmt":"2023-09-15T08:06:39","guid":{"rendered":"https:\/\/www.lichen.pl\/?page_id=58340"},"modified":"2026-04-09T12:47:14","modified_gmt":"2026-04-09T10:47:14","slug":"rekolekcje-dla-malzenstw-nigdy-cie-nie-opuszcze","status":"publish","type":"page","link":"https:\/\/www.lichen.pl\/fr\/rekolekcje-dla-malzenstw-nigdy-cie-nie-opuszcze\/","title":{"rendered":"Rekolekcje dla ma\u0142\u017ce\u0144stw &#8220;Nie opuszcz\u0119 ci\u0119 a\u017c do \u015bmierci&#8221;"},"content":{"rendered":"<div data-elementor-type=\"wp-page\" data-elementor-id=\"58340\" class=\"elementor elementor-58340\" data-elementor-post-type=\"page\">\n\t\t\t\t\t\t<section class=\"elementor-section elementor-top-section elementor-element elementor-element-7f96638 elementor-section-boxed elementor-section-height-default elementor-section-height-default\" data-id=\"7f96638\" data-element_type=\"section\" data-e-type=\"section\">\n\t\t\t\t\t\t<div class=\"elementor-container elementor-column-gap-default\">\n\t\t\t\t\t<div class=\"elementor-column elementor-col-100 elementor-top-column elementor-element elementor-element-b4f426c\" data-id=\"b4f426c\" data-element_type=\"column\" data-e-type=\"column\">\n\t\t\t<div class=\"elementor-widget-wrap elementor-element-populated\">\n\t\t\t\t\t\t<div class=\"elementor-element elementor-element-306808c elementor-widget-divider--view-line_text elementor-widget-divider--element-align-center elementor-widget elementor-widget-divider\" data-id=\"306808c\" data-element_type=\"widget\" data-e-type=\"widget\" data-widget_type=\"divider.default\">\n\t\t\t\t<div class=\"elementor-widget-container\">\n\t\t\t\t\t\t\t<div class=\"elementor-divider\">\n\t\t\t<span class=\"elementor-divider-separator\">\n\t\t\t\t\t\t\t<span class=\"elementor-divider__text elementor-divider__element\">\n\t\t\t\tRekolekcje dla ma\u0142\u017ce\u0144stw  \"nigdy Ci\u0119 Nie opuszcz\u0119 \t\t\t\t<\/span>\n\t\t\t\t\t\t<\/span>\n\t\t<\/div>\n\t\t\t\t\t\t<\/div>\n\t\t\t\t<\/div>\n\t\t\t\t\t<\/div>\n\t\t<\/div>\n\t\t\t\t\t<\/div>\n\t\t<\/section>\n\t\t\t\t<section class=\"elementor-section elementor-top-section elementor-element elementor-element-7d210d3 elementor-section-boxed elementor-section-height-default elementor-section-height-default\" data-id=\"7d210d3\" data-element_type=\"section\" data-e-type=\"section\">\n\t\t\t\t\t\t<div class=\"elementor-container elementor-column-gap-default\">\n\t\t\t\t\t<div class=\"elementor-column elementor-col-100 elementor-top-column elementor-element elementor-element-b33495f\" data-id=\"b33495f\" data-element_type=\"column\" data-e-type=\"column\">\n\t\t\t<div class=\"elementor-widget-wrap elementor-element-populated\">\n\t\t\t\t\t\t<div class=\"elementor-element elementor-element-864bd00 elementor-widget elementor-widget-text-editor\" data-id=\"864bd00\" data-element_type=\"widget\" data-e-type=\"widget\" data-widget_type=\"text-editor.default\">\n\t\t\t\t<div class=\"elementor-widget-container\">\n\t\t\t\t\t\t\t\t\t<p>Przysi\u0119ga ma\u0142\u017ce\u0144ska nie tylko wi\u0105\u017ce dwoje ludzi nierozerwalnym w\u0119z\u0142em, ale te\u017c przynosi \u0142ask\u0119 uzdalniaj\u0105c\u0105 do trwania we wzajemnej, \u017cyciodajnej wsp\u00f3lnocie. Oczywi\u015bcie, nic samo si\u0119 nie dzieje i z otrzymanym darem Bo\u017cego b\u0142ogos\u0142awie\u0144stwa trzeba wsp\u00f3\u0142pracowa\u0107. Droga mi\u0142o\u015bci ma\u0142\u017ce\u0144skiej nie jest wolna od trudu i zmagania &#8211; zar\u00f3wno z w\u0142asn\u0105 s\u0142abo\u015bci\u0105, jak i trudno\u015bciami zwi\u0105zanymi z relacj\u0105 dwojga ludzi, s\u0142abych, grzesznych i bardzo niekiedy r\u00f3\u017cnych od siebie. Mi\u0142o\u015b\u0107 jest jak ogie\u0144: mo\u017ce o\u015bwietla\u0107 i\u00a0ogrza\u0107 \u017cycie, ale\u00a0domaga si\u0119 paliwa i\u00a0troski, by\u00a0nie\u00a0wygas\u0142a i\u00a0nie\u00a0poparzy\u0142a. Umocnienia w\u00a0mi\u0142o\u015bci potrzebuj\u0105 zatem wszyscy, dlatego rekolekcje s\u0105\u00a0propozycj\u0105 zar\u00f3wno do\u00a0tych, kt\u00f3rzy\u00a0do\u015bwiadczaj\u0105 trudno\u015bci w\u00a0swoim ma\u0142\u017ce\u0144stwie, jak i\u00a0tych, kt\u00f3rzy\u00a0maj\u0105 poczucie, \u017ce\u00a0wszystko jest w\u00a0najlepszym porz\u0105dku. St\u0105d zaproszenie do\u00a0odnowienia wzajemnej relacji ma\u0142\u017ce\u0144skiej w\u00a0mocy wiary, w\u00a0spotkaniu z\u00a0Chrystusem. W\u00a0programie przewidziane s\u0105\u00a0m.in.\u00a0katechezy wprowadzaj\u0105ce do\u00a0dialogu ma\u0142\u017ce\u0144skiego i\u00a0czas na\u00a0rozmowy.<\/p><div class=\"ahS2Le\"><div class=\"F9yp7e ikZYwf LgNcQe\" dir=\"auto\" role=\"heading\" aria-level=\"1\">\u00a0<\/div><\/div>\t\t\t\t\t\t\t\t<\/div>\n\t\t\t\t<\/div>\n\t\t\t\t\t<\/div>\n\t\t<\/div>\n\t\t\t\t\t<\/div>\n\t\t<\/section>\n\t\t\t\t<section class=\"elementor-section elementor-top-section elementor-element elementor-element-609697d elementor-section-boxed elementor-section-height-default elementor-section-height-default\" data-id=\"609697d\" data-element_type=\"section\" data-e-type=\"section\">\n\t\t\t\t\t\t<div class=\"elementor-container elementor-column-gap-default\">\n\t\t\t\t\t<div class=\"elementor-column elementor-col-100 elementor-top-column elementor-element elementor-element-a5d1d80\" data-id=\"a5d1d80\" data-element_type=\"column\" data-e-type=\"column\">\n\t\t\t<div class=\"elementor-widget-wrap elementor-element-populated\">\n\t\t\t\t\t\t<section class=\"elementor-section elementor-inner-section elementor-element elementor-element-899c293 elementor-section-boxed elementor-section-height-default elementor-section-height-default\" data-id=\"899c293\" data-element_type=\"section\" data-e-type=\"section\">\n\t\t\t\t\t\t<div class=\"elementor-container elementor-column-gap-default\">\n\t\t\t\t\t<div class=\"elementor-column elementor-col-50 elementor-inner-column elementor-element elementor-element-e36d6ed\" data-id=\"e36d6ed\" data-element_type=\"column\" data-e-type=\"column\">\n\t\t\t<div class=\"elementor-widget-wrap elementor-element-populated\">\n\t\t\t\t\t\t<div class=\"elementor-element elementor-element-c13b4fc elementor-widget elementor-widget-text-editor\" data-id=\"c13b4fc\" data-element_type=\"widget\" data-e-type=\"widget\" data-widget_type=\"text-editor.default\">\n\t\t\t\t<div class=\"elementor-widget-container\">\n\t\t\t\t\t\t\t\t\t<ul><li><span style=\"color: #000000;\">ofiara:\u00a0<strong>490 z\u0142 <\/strong>(od osoby)<strong> lub 900 z\u0142 <\/strong>(od pary) w zale\u017cno\u015bci od rodzaju pokoju (w tym nocleg i wy\u017cywienie), z\u0142o\u017cona podczas rekolekcji\/po przyje\u017adzie<br \/><\/span><\/li><li><span style=\"color: #000000;\">le nombre de place est limit\u00e9<\/span><\/li><li><span style=\"color: #000000;\">l&#039;ordre des demandes d\u00e9cide<\/span><\/li><\/ul>\t\t\t\t\t\t\t\t<\/div>\n\t\t\t\t<\/div>\n\t\t\t\t\t<\/div>\n\t\t<\/div>\n\t\t\t\t<div class=\"elementor-column elementor-col-50 elementor-inner-column elementor-element elementor-element-7954855\" data-id=\"7954855\" data-element_type=\"column\" data-e-type=\"column\">\n\t\t\t<div class=\"elementor-widget-wrap elementor-element-populated\">\n\t\t\t\t\t\t<div class=\"elementor-element elementor-element-dfc4495 elementor-widget elementor-widget-text-editor\" data-id=\"dfc4495\" data-element_type=\"widget\" data-e-type=\"widget\" data-widget_type=\"text-editor.default\">\n\t\t\t\t<div class=\"elementor-widget-container\">\n\t\t\t\t\t\t\t\t\t<p style=\"text-align: center;\"><strong><span style=\"color: #800000;\">Inscription \u00e0 la retraite :<\/span><\/strong><\/p><ul><li><span style=\"color: #000000;\"><strong>personnellement<\/strong>, au bureau du service des p\u00e8lerins<\/span><\/li><li><span style=\"color: #000000;\"><strong>par t\u00e9l\u00e9phone<\/strong> (+48) 63 270 81 42, (+48) 63 270 81 63<\/span><\/li><li><span style=\"color: #000000;\"><strong>e-mail:<\/strong> lichen@lichen.pl<\/span><\/li><\/ul>\t\t\t\t\t\t\t\t<\/div>\n\t\t\t\t<\/div>\n\t\t\t\t\t<\/div>\n\t\t<\/div>\n\t\t\t\t\t<\/div>\n\t\t<\/section>\n\t\t\t\t<section class=\"elementor-section elementor-inner-section elementor-element elementor-element-f6a4d46 elementor-section-boxed elementor-section-height-default elementor-section-height-default\" data-id=\"f6a4d46\" data-element_type=\"section\" data-e-type=\"section\">\n\t\t\t\t\t\t<div class=\"elementor-container elementor-column-gap-default\">\n\t\t\t\t\t<div class=\"elementor-column elementor-col-50 elementor-inner-column elementor-element elementor-element-8021f8a\" data-id=\"8021f8a\" data-element_type=\"column\" data-e-type=\"column\">\n\t\t\t<div class=\"elementor-widget-wrap elementor-element-populated\">\n\t\t\t\t\t\t<div class=\"elementor-element elementor-element-51f619b elementor-view-default elementor-widget elementor-widget-icon\" data-id=\"51f619b\" data-element_type=\"widget\" data-e-type=\"widget\" data-widget_type=\"icon.default\">\n\t\t\t\t<div class=\"elementor-widget-container\">\n\t\t\t\t\t\t\t<div class=\"elementor-icon-wrapper\">\n\t\t\t<a class=\"elementor-icon\" href=\"https:\/\/www.lichen.pl\/fr\/rekolekcje-rok-2026\/\">\n\t\t\t<i aria-hidden=\"true\" class=\"far fa-calendar-check\"><\/i>\t\t\t<\/a>\n\t\t<\/div>\n\t\t\t\t\t\t<\/div>\n\t\t\t\t<\/div>\n\t\t\t\t\t<\/div>\n\t\t<\/div>\n\t\t\t\t<div class=\"elementor-column elementor-col-50 elementor-inner-column elementor-element elementor-element-f71ecd2\" data-id=\"f71ecd2\" data-element_type=\"column\" data-e-type=\"column\">\n\t\t\t<div class=\"elementor-widget-wrap elementor-element-populated\">\n\t\t\t\t\t\t<div class=\"elementor-element elementor-element-035686c elementor-widget elementor-widget-text-editor\" data-id=\"035686c\" data-element_type=\"widget\" data-e-type=\"widget\" data-widget_type=\"text-editor.default\">\n\t\t\t\t<div class=\"elementor-widget-container\">\n\t\t\t\t\t\t\t\t\t<p><span style=\"color: #333399;\">Przejd\u017a do kalendarza rekolekcji 2026 r.<\/span><\/p>\t\t\t\t\t\t\t\t<\/div>\n\t\t\t\t<\/div>\n\t\t\t\t<div class=\"elementor-element elementor-element-841d600 elementor-widget-divider--view-line elementor-widget elementor-widget-divider\" data-id=\"841d600\" data-element_type=\"widget\" data-e-type=\"widget\" data-widget_type=\"divider.default\">\n\t\t\t\t<div class=\"elementor-widget-container\">\n\t\t\t\t\t\t\t<div class=\"elementor-divider\">\n\t\t\t<span class=\"elementor-divider-separator\">\n\t\t\t\t\t\t<\/span>\n\t\t<\/div>\n\t\t\t\t\t\t<\/div>\n\t\t\t\t<\/div>\n\t\t\t\t\t<\/div>\n\t\t<\/div>\n\t\t\t\t\t<\/div>\n\t\t<\/section>\n\t\t\t\t\t<\/div>\n\t\t<\/div>\n\t\t\t\t\t<\/div>\n\t\t<\/section>\n\t\t\t\t<\/div>","protected":false},"excerpt":{"rendered":"<p>Rekolekcje dla ma\u0142\u017ce\u0144stw &#8220;nigdy Ci\u0119 Nie opuszcz\u0119 Przysi\u0119ga ma\u0142\u017ce\u0144ska nie tylko wi\u0105\u017ce dwoje ludzi nierozerwalnym w\u0119z\u0142em, ale te\u017c przynosi \u0142ask\u0119 uzdalniaj\u0105c\u0105 do trwania we wzajemnej, \u017cyciodajnej wsp\u00f3lnocie. Oczywi\u015bcie, nic samo si\u0119 nie dzieje i z otrzymanym darem Bo\u017cego b\u0142ogos\u0142awie\u0144stwa trzeba wsp\u00f3\u0142pracowa\u0107. Droga mi\u0142o\u015bci ma\u0142\u017ce\u0144skiej nie jest wolna od trudu i zmagania &#8211; zar\u00f3wno z w\u0142asn\u0105 [&hellip;]<\/p>\n","protected":false},"author":2,"featured_media":0,"parent":0,"menu_order":0,"comment_status":"closed","ping_status":"closed","template":"","meta":{"footnotes":""},"class_list":["post-58340","page","type-page","status-publish","hentry","wpbf-post"],"yoast_head":"<!-- This site is optimized with the Yoast SEO plugin v27.4 - https:\/\/yoast.com\/product\/yoast-seo-wordpress\/ -->\n<title>Rekolekcje dla ma\u0142\u017ce\u0144stw &quot;Nie opuszcz\u0119 ci\u0119 a\u017c do \u015bmierci&quot; - SANKTUARIUM W LICHENIU<\/title>\n<meta name=\"robots\" content=\"index, follow, max-snippet:-1, max-image-preview:large, max-video-preview:-1\" \/>\n<link rel=\"canonical\" href=\"https:\/\/www.lichen.pl\/fr\/rekolekcje-dla-malzenstw-nigdy-cie-nie-opuszcze\/\" \/>\n<meta property=\"og:locale\" content=\"fr_FR\" \/>\n<meta property=\"og:type\" content=\"article\" \/>\n<meta property=\"og:title\" content=\"Rekolekcje dla ma\u0142\u017ce\u0144stw &quot;Nie opuszcz\u0119 ci\u0119 a\u017c do \u015bmierci&quot; - SANKTUARIUM W LICHENIU\" \/>\n<meta property=\"og:description\" content=\"Rekolekcje dla ma\u0142\u017ce\u0144stw &#8220;nigdy Ci\u0119 Nie opuszcz\u0119 Przysi\u0119ga ma\u0142\u017ce\u0144ska nie tylko wi\u0105\u017ce dwoje ludzi nierozerwalnym w\u0119z\u0142em, ale te\u017c przynosi \u0142ask\u0119 uzdalniaj\u0105c\u0105 do trwania we wzajemnej, \u017cyciodajnej wsp\u00f3lnocie. Oczywi\u015bcie, nic samo si\u0119 nie dzieje i z otrzymanym darem Bo\u017cego b\u0142ogos\u0142awie\u0144stwa trzeba wsp\u00f3\u0142pracowa\u0107. Droga mi\u0142o\u015bci ma\u0142\u017ce\u0144skiej nie jest wolna od trudu i zmagania &#8211; zar\u00f3wno z w\u0142asn\u0105 [&hellip;]\" \/>\n<meta property=\"og:url\" content=\"https:\/\/www.lichen.pl\/fr\/rekolekcje-dla-malzenstw-nigdy-cie-nie-opuszcze\/\" \/>\n<meta property=\"og:site_name\" content=\"SANKTUARIUM W LICHENIU\" \/>\n<meta property=\"article:modified_time\" content=\"2026-04-09T10:47:14+00:00\" \/>\n<meta name=\"twitter:card\" content=\"summary_large_image\" \/>\n<meta name=\"twitter:label1\" content=\"Dur\u00e9e de lecture estim\u00e9e\" \/>\n\t<meta name=\"twitter:data1\" content=\"2 minutes\" \/>\n<script type=\"application\/ld+json\" class=\"yoast-schema-graph\">{\"@context\":\"https:\\\/\\\/schema.org\",\"@graph\":[{\"@type\":\"WebPage\",\"@id\":\"https:\\\/\\\/www.lichen.pl\\\/rekolekcje-dla-malzenstw-nigdy-cie-nie-opuszcze\\\/\",\"url\":\"https:\\\/\\\/www.lichen.pl\\\/rekolekcje-dla-malzenstw-nigdy-cie-nie-opuszcze\\\/\",\"name\":\"Rekolekcje dla ma\u0142\u017ce\u0144stw \\\"Nie opuszcz\u0119 ci\u0119 a\u017c do \u015bmierci\\\" - SANKTUARIUM W LICHENIU\",\"isPartOf\":{\"@id\":\"https:\\\/\\\/www.lichen.pl\\\/fr\\\/#website\"},\"datePublished\":\"2023-09-15T08:06:39+00:00\",\"dateModified\":\"2026-04-09T10:47:14+00:00\",\"breadcrumb\":{\"@id\":\"https:\\\/\\\/www.lichen.pl\\\/rekolekcje-dla-malzenstw-nigdy-cie-nie-opuszcze\\\/#breadcrumb\"},\"inLanguage\":\"fr-FR\",\"potentialAction\":[{\"@type\":\"ReadAction\",\"target\":[\"https:\\\/\\\/www.lichen.pl\\\/rekolekcje-dla-malzenstw-nigdy-cie-nie-opuszcze\\\/\"]}]},{\"@type\":\"BreadcrumbList\",\"@id\":\"https:\\\/\\\/www.lichen.pl\\\/rekolekcje-dla-malzenstw-nigdy-cie-nie-opuszcze\\\/#breadcrumb\",\"itemListElement\":[{\"@type\":\"ListItem\",\"position\":1,\"name\":\"Strona g\u0142\u00f3wna\",\"item\":\"https:\\\/\\\/www.lichen.pl\\\/\"},{\"@type\":\"ListItem\",\"position\":2,\"name\":\"Rekolekcje dla ma\u0142\u017ce\u0144stw &#8220;Nie opuszcz\u0119 ci\u0119 a\u017c do \u015bmierci&#8221;\"}]},{\"@type\":\"WebSite\",\"@id\":\"https:\\\/\\\/www.lichen.pl\\\/fr\\\/#website\",\"url\":\"https:\\\/\\\/www.lichen.pl\\\/fr\\\/\",\"name\":\"SANKTUARIUM W LICHENIU\",\"description\":\"MATKI BO\u017bEJ LICHE\u0143SKIEJ BOLESNEJ KR\u00d3LOWEJ POLSKI\",\"potentialAction\":[{\"@type\":\"SearchAction\",\"target\":{\"@type\":\"EntryPoint\",\"urlTemplate\":\"https:\\\/\\\/www.lichen.pl\\\/fr\\\/?s={search_term_string}\"},\"query-input\":{\"@type\":\"PropertyValueSpecification\",\"valueRequired\":true,\"valueName\":\"search_term_string\"}}],\"inLanguage\":\"fr-FR\"}]}<\/script>\n<!-- \/ Yoast SEO plugin. -->","yoast_head_json":{"title":"Rekolekcje dla ma\u0142\u017ce\u0144stw \"Nie opuszcz\u0119 ci\u0119 a\u017c do \u015bmierci\" - SANKTUARIUM W LICHENIU","robots":{"index":"index","follow":"follow","max-snippet":"max-snippet:-1","max-image-preview":"max-image-preview:large","max-video-preview":"max-video-preview:-1"},"canonical":"https:\/\/www.lichen.pl\/fr\/rekolekcje-dla-malzenstw-nigdy-cie-nie-opuszcze\/","og_locale":"fr_FR","og_type":"article","og_title":"Rekolekcje dla ma\u0142\u017ce\u0144stw \"Nie opuszcz\u0119 ci\u0119 a\u017c do \u015bmierci\" - SANKTUARIUM W LICHENIU","og_description":"Rekolekcje dla ma\u0142\u017ce\u0144stw &#8220;nigdy Ci\u0119 Nie opuszcz\u0119 Przysi\u0119ga ma\u0142\u017ce\u0144ska nie tylko wi\u0105\u017ce dwoje ludzi nierozerwalnym w\u0119z\u0142em, ale te\u017c przynosi \u0142ask\u0119 uzdalniaj\u0105c\u0105 do trwania we wzajemnej, \u017cyciodajnej wsp\u00f3lnocie. Oczywi\u015bcie, nic samo si\u0119 nie dzieje i z otrzymanym darem Bo\u017cego b\u0142ogos\u0142awie\u0144stwa trzeba wsp\u00f3\u0142pracowa\u0107. Droga mi\u0142o\u015bci ma\u0142\u017ce\u0144skiej nie jest wolna od trudu i zmagania &#8211; zar\u00f3wno z w\u0142asn\u0105 [&hellip;]","og_url":"https:\/\/www.lichen.pl\/fr\/rekolekcje-dla-malzenstw-nigdy-cie-nie-opuszcze\/","og_site_name":"SANKTUARIUM W LICHENIU","article_modified_time":"2026-04-09T10:47:14+00:00","twitter_card":"summary_large_image","twitter_misc":{"Dur\u00e9e de lecture estim\u00e9e":"2 minutes"},"schema":{"@context":"https:\/\/schema.org","@graph":[{"@type":"WebPage","@id":"https:\/\/www.lichen.pl\/rekolekcje-dla-malzenstw-nigdy-cie-nie-opuszcze\/","url":"https:\/\/www.lichen.pl\/rekolekcje-dla-malzenstw-nigdy-cie-nie-opuszcze\/","name":"Rekolekcje dla ma\u0142\u017ce\u0144stw \"Nie opuszcz\u0119 ci\u0119 a\u017c do \u015bmierci\" - SANKTUARIUM W LICHENIU","isPartOf":{"@id":"https:\/\/www.lichen.pl\/fr\/#website"},"datePublished":"2023-09-15T08:06:39+00:00","dateModified":"2026-04-09T10:47:14+00:00","breadcrumb":{"@id":"https:\/\/www.lichen.pl\/rekolekcje-dla-malzenstw-nigdy-cie-nie-opuszcze\/#breadcrumb"},"inLanguage":"fr-FR","potentialAction":[{"@type":"ReadAction","target":["https:\/\/www.lichen.pl\/rekolekcje-dla-malzenstw-nigdy-cie-nie-opuszcze\/"]}]},{"@type":"BreadcrumbList","@id":"https:\/\/www.lichen.pl\/rekolekcje-dla-malzenstw-nigdy-cie-nie-opuszcze\/#breadcrumb","itemListElement":[{"@type":"ListItem","position":1,"name":"Strona g\u0142\u00f3wna","item":"https:\/\/www.lichen.pl\/"},{"@type":"ListItem","position":2,"name":"Rekolekcje dla ma\u0142\u017ce\u0144stw &#8220;Nie opuszcz\u0119 ci\u0119 a\u017c do \u015bmierci&#8221;"}]},{"@type":"WebSite","@id":"https:\/\/www.lichen.pl\/fr\/#website","url":"https:\/\/www.lichen.pl\/fr\/","name":"SANCTUAIRE EN LICHENIE","description":"LA MAUVAISE REINE DE POLOGNE DE NOTRE LICHEN","potentialAction":[{"@type":"SearchAction","target":{"@type":"EntryPoint","urlTemplate":"https:\/\/www.lichen.pl\/fr\/?s={search_term_string}"},"query-input":{"@type":"PropertyValueSpecification","valueRequired":true,"valueName":"search_term_string"}}],"inLanguage":"fr-FR"}]}},"_links":{"self":[{"href":"https:\/\/www.lichen.pl\/fr\/wp-json\/wp\/v2\/pages\/58340","targetHints":{"allow":["GET"]}}],"collection":[{"href":"https:\/\/www.lichen.pl\/fr\/wp-json\/wp\/v2\/pages"}],"about":[{"href":"https:\/\/www.lichen.pl\/fr\/wp-json\/wp\/v2\/types\/page"}],"author":[{"embeddable":true,"href":"https:\/\/www.lichen.pl\/fr\/wp-json\/wp\/v2\/users\/2"}],"replies":[{"embeddable":true,"href":"https:\/\/www.lichen.pl\/fr\/wp-json\/wp\/v2\/comments?post=58340"}],"version-history":[{"count":59,"href":"https:\/\/www.lichen.pl\/fr\/wp-json\/wp\/v2\/pages\/58340\/revisions"}],"predecessor-version":[{"id":99218,"href":"https:\/\/www.lichen.pl\/fr\/wp-json\/wp\/v2\/pages\/58340\/revisions\/99218"}],"wp:attachment":[{"href":"https:\/\/www.lichen.pl\/fr\/wp-json\/wp\/v2\/media?parent=58340"}],"curies":[{"name":"wp","href":"https:\/\/api.w.org\/{rel}","templated":true}]}}