{"version":"1.0","provider_name":"SANTUARIO IN LICHENIA","provider_url":"https:\/\/www.lichen.pl\/it","title":"Rekolekcje maryjne dla ma\u0142\u017ce\u0144stw \u201eKocham, bo wierz\u0119\u201d - SANKTUARIUM W LICHENIU","type":"rich","width":600,"height":338,"html":"<blockquote class=\"wp-embedded-content\" data-secret=\"GwcDZzPubW\"><a href=\"https:\/\/www.lichen.pl\/it\/rekolekcje-maryjne-dla-malzenstw-kocham-bo-wierze\/\">Rekolekcje maryjne dla ma\u0142\u017ce\u0144stw \u201eKocham, bo wierz\u0119\u201d<\/a><\/blockquote><iframe sandbox=\"allow-scripts\" security=\"restricted\" src=\"https:\/\/www.lichen.pl\/it\/rekolekcje-maryjne-dla-malzenstw-kocham-bo-wierze\/embed\/#?secret=GwcDZzPubW\" width=\"600\" height=\"338\" title=\"&#8220;Rekolekcje maryjne dla ma\u0142\u017ce\u0144stw \u201eKocham, bo wierz\u0119\u201d&#8221; &#8212; SANKTUARIUM W LICHENIU\" data-secret=\"GwcDZzPubW\" frameborder=\"0\" marginwidth=\"0\" marginheight=\"0\" scrolling=\"no\" class=\"wp-embedded-content\"><\/iframe><script>\n\/*! This file is auto-generated *\/\n!function(d,l){\"use strict\";l.querySelector&&d.addEventListener&&\"undefined\"!=typeof URL&&(d.wp=d.wp||{},d.wp.receiveEmbedMessage||(d.wp.receiveEmbedMessage=function(e){var t=e.data;if((t||t.secret||t.message||t.value)&&!\/[^a-zA-Z0-9]\/.test(t.secret)){for(var s,r,n,a=l.querySelectorAll('iframe[data-secret=\"'+t.secret+'\"]'),o=l.querySelectorAll('blockquote[data-secret=\"'+t.secret+'\"]'),c=new RegExp(\"^https?:$\",\"i\"),i=0;i<o.length;i++)o[i].style.display=\"none\";for(i=0;i<a.length;i++)s=a[i],e.source===s.contentWindow&&(s.removeAttribute(\"style\"),\"height\"===t.message?(1e3<(r=parseInt(t.value,10))?r=1e3:~~r<200&&(r=200),s.height=r):\"link\"===t.message&&(r=new URL(s.getAttribute(\"src\")),n=new URL(t.value),c.test(n.protocol))&&n.host===r.host&&l.activeElement===s&&(d.top.location.href=t.value))}},d.addEventListener(\"message\",d.wp.receiveEmbedMessage,!1),l.addEventListener(\"DOMContentLoaded\",function(){for(var e,t,s=l.querySelectorAll(\"iframe.wp-embedded-content\"),r=0;r<s.length;r++)(t=(e=s[r]).getAttribute(\"data-secret\"))||(t=Math.random().toString(36).substring(2,12),e.src+=\"#?secret=\"+t,e.setAttribute(\"data-secret\",t)),e.contentWindow.postMessage({message:\"ready\",secret:t},\"*\")},!1)))}(window,document);\n\/\/# sourceURL=https:\/\/www.lichen.pl\/wp-includes\/js\/wp-embed.min.js\n<\/script>","thumbnail_url":"https:\/\/www.lichen.pl\/wp-content\/uploads\/2023\/08\/IMG_1128.jpg","thumbnail_width":1920,"thumbnail_height":1280,"description":"Czy moc\u0105 waszej ma\u0142\u017ce\u0144skiej mi\u0142o\u015bci jest wiara? Czy kochasz swojego ma\u0142\u017conka tak\u0105 mi\u0142o\u015bci\u0105, jak\u0105 umi\u0142owa\u0142 ciebie B\u00f3g? Czy \u017cyjecie na co dzie\u0144 \u0142ask\u0105 sakramentu ma\u0142\u017ce\u0144stwa? Te pytania stawia\u0142o przed sob\u0105 19 par ma\u0142\u017ce\u0144skich, kt\u00f3re uczestniczy\u0142y w rekolekcjach pt. \u201eKocham, bo wierz\u0119\u201d w Sanktuarium Matki Bo\u017cej Liche\u0144skiej. Rozwa\u017cania rekolekcyjne prowadzi\u0142 ks. Janusz Kumala MIC, kustosz liche\u0144skiego [&hellip;]"}