{"id":55663,"date":"2023-07-17T21:19:34","date_gmt":"2023-07-17T19:19:34","guid":{"rendered":"https:\/\/www.lichen.pl\/?page_id=55663"},"modified":"2023-07-17T21:23:47","modified_gmt":"2023-07-17T19:23:47","slug":"wrzesien-2021","status":"publish","type":"page","link":"https:\/\/www.lichen.pl\/it\/galeria-2021\/wrzesien-2021\/","title":{"rendered":"settembre 2021"},"content":{"rendered":"<div data-elementor-type=\"wp-page\" data-elementor-id=\"55663\" class=\"elementor elementor-55663\" data-elementor-post-type=\"page\">\n\t\t\t\t\t\t<section class=\"elementor-section elementor-top-section elementor-element elementor-element-9198c6c elementor-section-boxed elementor-section-height-default elementor-section-height-default\" data-id=\"9198c6c\" data-element_type=\"section\" data-e-type=\"section\">\n\t\t\t\t\t\t<div class=\"elementor-container elementor-column-gap-default\">\n\t\t\t\t\t<div class=\"elementor-column elementor-col-100 elementor-top-column elementor-element elementor-element-184f55b\" data-id=\"184f55b\" data-element_type=\"column\" data-e-type=\"column\">\n\t\t\t<div class=\"elementor-widget-wrap elementor-element-populated\">\n\t\t\t\t\t\t<div class=\"elementor-element elementor-element-ca5f42e elementor-gallery--filter-align-center elementor-widget elementor-widget-gallery\" data-id=\"ca5f42e\" data-element_type=\"widget\" data-e-type=\"widget\" data-settings=\"{&quot;image_hover_animation&quot;:&quot;grow&quot;,&quot;columns&quot;:8,&quot;gap&quot;:{&quot;unit&quot;:&quot;px&quot;,&quot;size&quot;:2,&quot;sizes&quot;:[]},&quot;lazyload&quot;:&quot;yes&quot;,&quot;gallery_layout&quot;:&quot;grid&quot;,&quot;columns_tablet&quot;:2,&quot;columns_mobile&quot;:1,&quot;gap_tablet&quot;:{&quot;unit&quot;:&quot;px&quot;,&quot;size&quot;:10,&quot;sizes&quot;:[]},&quot;gap_mobile&quot;:{&quot;unit&quot;:&quot;px&quot;,&quot;size&quot;:10,&quot;sizes&quot;:[]},&quot;link_to&quot;:&quot;file&quot;,&quot;aspect_ratio&quot;:&quot;3:2&quot;,&quot;overlay_background&quot;:&quot;yes&quot;,&quot;content_hover_animation&quot;:&quot;fade-in&quot;}\" data-widget_type=\"gallery.default\">\n\t\t\t\t<div class=\"elementor-widget-container\">\n\t\t\t\t\t\t\t\t<div class=\"elementor-gallery__titles-container e--pointer-background e--animation-shutter-out-horizontal\" aria-label=\"Filtro della galleria\">\n\t\t\t\t\n\t\t\t\t\t\t\t\t\t<a class=\"elementor-item elementor-gallery-title\" role=\"button\" tabindex=\"0\" data-gallery-index=\"0\">\n\t\t\t\t\t\tsanta Messa per insegnanti, educatori e catechisti, 19 settembre 2021\t\t\t\t\t<\/a>\n\t\t\t\t\t\t\t\t\t\t<a class=\"elementor-item elementor-gallery-title\" role=\"button\" tabindex=\"0\" data-gallery-index=\"1\">\n\t\t\t\t\t\t11. Pellegrinaggio dei circoli delle casalinghe rurali, 12 settembre 2021.\t\t\t\t\t<\/a>\n\t\t\t\t\t\t\t\t\t\t<a class=\"elementor-item elementor-gallery-title\" role=\"button\" tabindex=\"0\" data-gallery-index=\"2\">\n\t\t\t\t\t\t18 Pellegrinaggio dei Donatori Onorari di Sangue, 11 settembre 2021.\t\t\t\t\t<\/a>\n\t\t\t\t\t\t\t\t<\/div>\n\t\t\t\t\t<div class=\"elementor-gallery__container\">\n\t\t\t\t\t\t\t<a class=\"e-gallery-item elementor-gallery-item elementor-animated-content\" data-e-gallery-tags=\"0\" href=\"https:\/\/www.lichen.pl\/wp-content\/uploads\/2021\/09\/DZIEN-MODLITW-W-INTENCJI-NAUCZYCIELI-WYCHOWAWCOW-I-KATECHETOW-1-19-wrzesnia-2021.jpg\" data-elementor-open-lightbox=\"yes\" data-elementor-lightbox-slideshow=\"ca5f42e\" data-elementor-lightbox-title=\"DZIE\u0143 MODLITW W INTENCJI NAUCZYCIELI, WYCHOWAWC\u00d3W I KATECHET\u00d3W 1 19 wrze\u015bnia 2021\" data-e-action-hash=\"#elementor-action%3Aaction%3Dlightbox%26settings%3DeyJpZCI6MzA4MTMsInVybCI6Imh0dHBzOlwvXC93d3cubGljaGVuLnBsXC93cC1jb250ZW50XC91cGxvYWRzXC8yMDIxXC8wOVwvRFpJRU4tTU9ETElUVy1XLUlOVEVOQ0pJLU5BVUNaWUNJRUxJLVdZQ0hPV0FXQ09XLUktS0FURUNIRVRPVy0xLTE5LXdyemVzbmlhLTIwMjEuanBnIiwic2xpZGVzaG93IjoiY2E1ZjQyZSJ9\">\n\t\t\t\t\t<div class=\"e-gallery-image elementor-gallery-item__image\" data-thumbnail=\"https:\/\/www.lichen.pl\/wp-content\/uploads\/2021\/09\/DZIEN-MODLITW-W-INTENCJI-NAUCZYCIELI-WYCHOWAWCOW-I-KATECHETOW-1-19-wrzesnia-2021-150x150.jpg\" data-width=\"150\" data-height=\"150\" aria-label=\"\" role=\"img\" ><\/div>\n\t\t\t\t\t\t\t\t\t\t\t<div class=\"elementor-gallery-item__overlay\"><\/div>\n\t\t\t\t\t\t\t\t\t\t\t\t\t\t<\/a>\n\t\t\t\t\t\t\t<a class=\"e-gallery-item elementor-gallery-item elementor-animated-content\" data-e-gallery-tags=\"0\" href=\"https:\/\/www.lichen.pl\/wp-content\/uploads\/2021\/09\/DZIEN-MODLITW-W-INTENCJI-NAUCZYCIELI-WYCHOWAWCOW-I-KATECHETOW-2-19-wrzesnia-2021.jpg\" data-elementor-open-lightbox=\"yes\" data-elementor-lightbox-slideshow=\"ca5f42e\" data-elementor-lightbox-title=\"DZIE\u0143 MODLITW W INTENCJI NAUCZYCIELI, WYCHOWAWC\u00d3W I KATECHET\u00d3W 2 19 wrze\u015bnia 2021\" data-e-action-hash=\"#elementor-action%3Aaction%3Dlightbox%26settings%3DeyJpZCI6MzA4MTgsInVybCI6Imh0dHBzOlwvXC93d3cubGljaGVuLnBsXC93cC1jb250ZW50XC91cGxvYWRzXC8yMDIxXC8wOVwvRFpJRU4tTU9ETElUVy1XLUlOVEVOQ0pJLU5BVUNaWUNJRUxJLVdZQ0hPV0FXQ09XLUktS0FURUNIRVRPVy0yLTE5LXdyemVzbmlhLTIwMjEuanBnIiwic2xpZGVzaG93IjoiY2E1ZjQyZSJ9\">\n\t\t\t\t\t<div class=\"e-gallery-image elementor-gallery-item__image\" data-thumbnail=\"https:\/\/www.lichen.pl\/wp-content\/uploads\/2021\/09\/DZIEN-MODLITW-W-INTENCJI-NAUCZYCIELI-WYCHOWAWCOW-I-KATECHETOW-2-19-wrzesnia-2021-150x150.jpg\" data-width=\"150\" data-height=\"150\" aria-label=\"\" role=\"img\" ><\/div>\n\t\t\t\t\t\t\t\t\t\t\t<div class=\"elementor-gallery-item__overlay\"><\/div>\n\t\t\t\t\t\t\t\t\t\t\t\t\t\t<\/a>\n\t\t\t\t\t\t\t<a class=\"e-gallery-item elementor-gallery-item elementor-animated-content\" data-e-gallery-tags=\"0\" href=\"https:\/\/www.lichen.pl\/wp-content\/uploads\/2021\/09\/DZIEN-MODLITW-W-INTENCJI-NAUCZYCIELI-WYCHOWAWCOW-I-KATECHETOW-3-19-wrzesnia-2021.jpg\" data-elementor-open-lightbox=\"yes\" data-elementor-lightbox-slideshow=\"ca5f42e\" data-elementor-lightbox-title=\"DZIE\u0143 MODLITW W INTENCJI NAUCZYCIELI, WYCHOWAWC\u00d3W I KATECHET\u00d3W 3 19 wrze\u015bnia 2021\" data-e-action-hash=\"#elementor-action%3Aaction%3Dlightbox%26settings%3DeyJpZCI6MzA4MjMsInVybCI6Imh0dHBzOlwvXC93d3cubGljaGVuLnBsXC93cC1jb250ZW50XC91cGxvYWRzXC8yMDIxXC8wOVwvRFpJRU4tTU9ETElUVy1XLUlOVEVOQ0pJLU5BVUNaWUNJRUxJLVdZQ0hPV0FXQ09XLUktS0FURUNIRVRPVy0zLTE5LXdyemVzbmlhLTIwMjEuanBnIiwic2xpZGVzaG93IjoiY2E1ZjQyZSJ9\">\n\t\t\t\t\t<div class=\"e-gallery-image elementor-gallery-item__image\" data-thumbnail=\"https:\/\/www.lichen.pl\/wp-content\/uploads\/2021\/09\/DZIEN-MODLITW-W-INTENCJI-NAUCZYCIELI-WYCHOWAWCOW-I-KATECHETOW-3-19-wrzesnia-2021-150x150.jpg\" data-width=\"150\" data-height=\"150\" aria-label=\"\" role=\"img\" ><\/div>\n\t\t\t\t\t\t\t\t\t\t\t<div class=\"elementor-gallery-item__overlay\"><\/div>\n\t\t\t\t\t\t\t\t\t\t\t\t\t\t<\/a>\n\t\t\t\t\t\t\t<a class=\"e-gallery-item elementor-gallery-item elementor-animated-content\" data-e-gallery-tags=\"0\" href=\"https:\/\/www.lichen.pl\/wp-content\/uploads\/2021\/09\/DZIEN-MODLITW-W-INTENCJI-NAUCZYCIELI-WYCHOWAWCOW-I-KATECHETOW-4-19-wrzesnia-2021.jpg\" data-elementor-open-lightbox=\"yes\" data-elementor-lightbox-slideshow=\"ca5f42e\" data-elementor-lightbox-title=\"DZIE\u0143 MODLITW W INTENCJI NAUCZYCIELI, WYCHOWAWC\u00d3W I KATECHET\u00d3W 4 19 wrze\u015bnia 2021\" data-e-action-hash=\"#elementor-action%3Aaction%3Dlightbox%26settings%3DeyJpZCI6MzA4MjgsInVybCI6Imh0dHBzOlwvXC93d3cubGljaGVuLnBsXC93cC1jb250ZW50XC91cGxvYWRzXC8yMDIxXC8wOVwvRFpJRU4tTU9ETElUVy1XLUlOVEVOQ0pJLU5BVUNaWUNJRUxJLVdZQ0hPV0FXQ09XLUktS0FURUNIRVRPVy00LTE5LXdyemVzbmlhLTIwMjEuanBnIiwic2xpZGVzaG93IjoiY2E1ZjQyZSJ9\">\n\t\t\t\t\t<div class=\"e-gallery-image elementor-gallery-item__image\" data-thumbnail=\"https:\/\/www.lichen.pl\/wp-content\/uploads\/2021\/09\/DZIEN-MODLITW-W-INTENCJI-NAUCZYCIELI-WYCHOWAWCOW-I-KATECHETOW-4-19-wrzesnia-2021-150x150.jpg\" data-width=\"150\" data-height=\"150\" aria-label=\"\" role=\"img\" ><\/div>\n\t\t\t\t\t\t\t\t\t\t\t<div class=\"elementor-gallery-item__overlay\"><\/div>\n\t\t\t\t\t\t\t\t\t\t\t\t\t\t<\/a>\n\t\t\t\t\t\t\t<a class=\"e-gallery-item elementor-gallery-item elementor-animated-content\" data-e-gallery-tags=\"0\" href=\"https:\/\/www.lichen.pl\/wp-content\/uploads\/2021\/09\/DZIEN-MODLITW-W-INTENCJI-NAUCZYCIELI-WYCHOWAWCOW-I-KATECHETOW-5-19-wrzesnia-2021.jpg\" data-elementor-open-lightbox=\"yes\" data-elementor-lightbox-slideshow=\"ca5f42e\" data-elementor-lightbox-title=\"DZIE\u0143 MODLITW W INTENCJI NAUCZYCIELI, WYCHOWAWC\u00d3W I KATECHET\u00d3W 5 19 wrze\u015bnia 2021\" data-e-action-hash=\"#elementor-action%3Aaction%3Dlightbox%26settings%3DeyJpZCI6MzA4MzMsInVybCI6Imh0dHBzOlwvXC93d3cubGljaGVuLnBsXC93cC1jb250ZW50XC91cGxvYWRzXC8yMDIxXC8wOVwvRFpJRU4tTU9ETElUVy1XLUlOVEVOQ0pJLU5BVUNaWUNJRUxJLVdZQ0hPV0FXQ09XLUktS0FURUNIRVRPVy01LTE5LXdyemVzbmlhLTIwMjEuanBnIiwic2xpZGVzaG93IjoiY2E1ZjQyZSJ9\">\n\t\t\t\t\t<div class=\"e-gallery-image elementor-gallery-item__image\" data-thumbnail=\"https:\/\/www.lichen.pl\/wp-content\/uploads\/2021\/09\/DZIEN-MODLITW-W-INTENCJI-NAUCZYCIELI-WYCHOWAWCOW-I-KATECHETOW-5-19-wrzesnia-2021-150x150.jpg\" data-width=\"150\" data-height=\"150\" aria-label=\"\" role=\"img\" ><\/div>\n\t\t\t\t\t\t\t\t\t\t\t<div class=\"elementor-gallery-item__overlay\"><\/div>\n\t\t\t\t\t\t\t\t\t\t\t\t\t\t<\/a>\n\t\t\t\t\t\t\t<a class=\"e-gallery-item elementor-gallery-item elementor-animated-content\" data-e-gallery-tags=\"0\" href=\"https:\/\/www.lichen.pl\/wp-content\/uploads\/2021\/09\/DZIEN-MODLITW-W-INTENCJI-NAUCZYCIELI-WYCHOWAWCOW-I-KATECHETOW-6-19-wrzesnia-2021.jpg\" data-elementor-open-lightbox=\"yes\" data-elementor-lightbox-slideshow=\"ca5f42e\" data-elementor-lightbox-title=\"DZIE\u0143 MODLITW W INTENCJI NAUCZYCIELI, WYCHOWAWC\u00d3W I KATECHET\u00d3W 6 19 wrze\u015bnia 2021\" data-e-action-hash=\"#elementor-action%3Aaction%3Dlightbox%26settings%3DeyJpZCI6MzA4MzgsInVybCI6Imh0dHBzOlwvXC93d3cubGljaGVuLnBsXC93cC1jb250ZW50XC91cGxvYWRzXC8yMDIxXC8wOVwvRFpJRU4tTU9ETElUVy1XLUlOVEVOQ0pJLU5BVUNaWUNJRUxJLVdZQ0hPV0FXQ09XLUktS0FURUNIRVRPVy02LTE5LXdyemVzbmlhLTIwMjEuanBnIiwic2xpZGVzaG93IjoiY2E1ZjQyZSJ9\">\n\t\t\t\t\t<div class=\"e-gallery-image elementor-gallery-item__image\" data-thumbnail=\"https:\/\/www.lichen.pl\/wp-content\/uploads\/2021\/09\/DZIEN-MODLITW-W-INTENCJI-NAUCZYCIELI-WYCHOWAWCOW-I-KATECHETOW-6-19-wrzesnia-2021-150x150.jpg\" data-width=\"150\" data-height=\"150\" aria-label=\"\" role=\"img\" ><\/div>\n\t\t\t\t\t\t\t\t\t\t\t<div class=\"elementor-gallery-item__overlay\"><\/div>\n\t\t\t\t\t\t\t\t\t\t\t\t\t\t<\/a>\n\t\t\t\t\t\t\t<a class=\"e-gallery-item elementor-gallery-item elementor-animated-content\" data-e-gallery-tags=\"0\" href=\"https:\/\/www.lichen.pl\/wp-content\/uploads\/2021\/09\/DZIEN-MODLITW-W-INTENCJI-NAUCZYCIELI-WYCHOWAWCOW-I-KATECHETOW-7-19-wrzesnia-2021.jpg\" data-elementor-open-lightbox=\"yes\" data-elementor-lightbox-slideshow=\"ca5f42e\" data-elementor-lightbox-title=\"DZIE\u0143 MODLITW W INTENCJI NAUCZYCIELI, WYCHOWAWC\u00d3W I KATECHET\u00d3W 7 19 wrze\u015bnia 2021\" data-e-action-hash=\"#elementor-action%3Aaction%3Dlightbox%26settings%3DeyJpZCI6MzA4NDMsInVybCI6Imh0dHBzOlwvXC93d3cubGljaGVuLnBsXC93cC1jb250ZW50XC91cGxvYWRzXC8yMDIxXC8wOVwvRFpJRU4tTU9ETElUVy1XLUlOVEVOQ0pJLU5BVUNaWUNJRUxJLVdZQ0hPV0FXQ09XLUktS0FURUNIRVRPVy03LTE5LXdyemVzbmlhLTIwMjEuanBnIiwic2xpZGVzaG93IjoiY2E1ZjQyZSJ9\">\n\t\t\t\t\t<div class=\"e-gallery-image elementor-gallery-item__image\" data-thumbnail=\"https:\/\/www.lichen.pl\/wp-content\/uploads\/2021\/09\/DZIEN-MODLITW-W-INTENCJI-NAUCZYCIELI-WYCHOWAWCOW-I-KATECHETOW-7-19-wrzesnia-2021-150x150.jpg\" data-width=\"150\" data-height=\"150\" aria-label=\"\" role=\"img\" ><\/div>\n\t\t\t\t\t\t\t\t\t\t\t<div class=\"elementor-gallery-item__overlay\"><\/div>\n\t\t\t\t\t\t\t\t\t\t\t\t\t\t<\/a>\n\t\t\t\t\t\t\t<a class=\"e-gallery-item elementor-gallery-item elementor-animated-content\" data-e-gallery-tags=\"0\" href=\"https:\/\/www.lichen.pl\/wp-content\/uploads\/2021\/09\/DZIEN-MODLITW-W-INTENCJI-NAUCZYCIELI-WYCHOWAWCOW-I-KATECHETOW-8-19-wrzesnia-2021.jpg\" data-elementor-open-lightbox=\"yes\" data-elementor-lightbox-slideshow=\"ca5f42e\" data-elementor-lightbox-title=\"DZIE\u0143 MODLITW W INTENCJI NAUCZYCIELI, WYCHOWAWC\u00d3W I KATECHET\u00d3W 8 19 wrze\u015bnia 2021\" data-e-action-hash=\"#elementor-action%3Aaction%3Dlightbox%26settings%3DeyJpZCI6MzA4NDgsInVybCI6Imh0dHBzOlwvXC93d3cubGljaGVuLnBsXC93cC1jb250ZW50XC91cGxvYWRzXC8yMDIxXC8wOVwvRFpJRU4tTU9ETElUVy1XLUlOVEVOQ0pJLU5BVUNaWUNJRUxJLVdZQ0hPV0FXQ09XLUktS0FURUNIRVRPVy04LTE5LXdyemVzbmlhLTIwMjEuanBnIiwic2xpZGVzaG93IjoiY2E1ZjQyZSJ9\">\n\t\t\t\t\t<div class=\"e-gallery-image elementor-gallery-item__image\" data-thumbnail=\"https:\/\/www.lichen.pl\/wp-content\/uploads\/2021\/09\/DZIEN-MODLITW-W-INTENCJI-NAUCZYCIELI-WYCHOWAWCOW-I-KATECHETOW-8-19-wrzesnia-2021-150x150.jpg\" data-width=\"150\" data-height=\"150\" aria-label=\"\" role=\"img\" ><\/div>\n\t\t\t\t\t\t\t\t\t\t\t<div class=\"elementor-gallery-item__overlay\"><\/div>\n\t\t\t\t\t\t\t\t\t\t\t\t\t\t<\/a>\n\t\t\t\t\t\t\t<a class=\"e-gallery-item elementor-gallery-item elementor-animated-content\" data-e-gallery-tags=\"0\" href=\"https:\/\/www.lichen.pl\/wp-content\/uploads\/2021\/09\/DZIEN-MODLITW-W-INTENCJI-NAUCZYCIELI-WYCHOWAWCOW-I-KATECHETOW-9-19-wrzesnia-2021.jpg\" data-elementor-open-lightbox=\"yes\" data-elementor-lightbox-slideshow=\"ca5f42e\" data-elementor-lightbox-title=\"DZIE\u0143 MODLITW W INTENCJI NAUCZYCIELI, WYCHOWAWC\u00d3W I KATECHET\u00d3W 9 19 wrze\u015bnia 2021\" data-e-action-hash=\"#elementor-action%3Aaction%3Dlightbox%26settings%3DeyJpZCI6MzA4NTMsInVybCI6Imh0dHBzOlwvXC93d3cubGljaGVuLnBsXC93cC1jb250ZW50XC91cGxvYWRzXC8yMDIxXC8wOVwvRFpJRU4tTU9ETElUVy1XLUlOVEVOQ0pJLU5BVUNaWUNJRUxJLVdZQ0hPV0FXQ09XLUktS0FURUNIRVRPVy05LTE5LXdyemVzbmlhLTIwMjEuanBnIiwic2xpZGVzaG93IjoiY2E1ZjQyZSJ9\">\n\t\t\t\t\t<div class=\"e-gallery-image elementor-gallery-item__image\" data-thumbnail=\"https:\/\/www.lichen.pl\/wp-content\/uploads\/2021\/09\/DZIEN-MODLITW-W-INTENCJI-NAUCZYCIELI-WYCHOWAWCOW-I-KATECHETOW-9-19-wrzesnia-2021-150x150.jpg\" data-width=\"150\" data-height=\"150\" aria-label=\"\" role=\"img\" ><\/div>\n\t\t\t\t\t\t\t\t\t\t\t<div class=\"elementor-gallery-item__overlay\"><\/div>\n\t\t\t\t\t\t\t\t\t\t\t\t\t\t<\/a>\n\t\t\t\t\t\t\t<a class=\"e-gallery-item elementor-gallery-item elementor-animated-content\" data-e-gallery-tags=\"0\" href=\"https:\/\/www.lichen.pl\/wp-content\/uploads\/2021\/09\/DZIEN-MODLITW-W-INTENCJI-NAUCZYCIELI-WYCHOWAWCOW-I-KATECHETOW-10-19-wrzesnia-2021.jpg\" data-elementor-open-lightbox=\"yes\" data-elementor-lightbox-slideshow=\"ca5f42e\" data-elementor-lightbox-title=\"DZIE\u0143 MODLITW W INTENCJI NAUCZYCIELI, WYCHOWAWC\u00d3W I KATECHET\u00d3W 10 19 wrze\u015bnia 2021\" data-e-action-hash=\"#elementor-action%3Aaction%3Dlightbox%26settings%3DeyJpZCI6MzA4NTgsInVybCI6Imh0dHBzOlwvXC93d3cubGljaGVuLnBsXC93cC1jb250ZW50XC91cGxvYWRzXC8yMDIxXC8wOVwvRFpJRU4tTU9ETElUVy1XLUlOVEVOQ0pJLU5BVUNaWUNJRUxJLVdZQ0hPV0FXQ09XLUktS0FURUNIRVRPVy0xMC0xOS13cnplc25pYS0yMDIxLmpwZyIsInNsaWRlc2hvdyI6ImNhNWY0MmUifQ%3D%3D\">\n\t\t\t\t\t<div class=\"e-gallery-image elementor-gallery-item__image\" data-thumbnail=\"https:\/\/www.lichen.pl\/wp-content\/uploads\/2021\/09\/DZIEN-MODLITW-W-INTENCJI-NAUCZYCIELI-WYCHOWAWCOW-I-KATECHETOW-10-19-wrzesnia-2021-150x150.jpg\" data-width=\"150\" data-height=\"150\" aria-label=\"\" role=\"img\" ><\/div>\n\t\t\t\t\t\t\t\t\t\t\t<div class=\"elementor-gallery-item__overlay\"><\/div>\n\t\t\t\t\t\t\t\t\t\t\t\t\t\t<\/a>\n\t\t\t\t\t\t\t<a class=\"e-gallery-item elementor-gallery-item elementor-animated-content\" data-e-gallery-tags=\"0\" href=\"https:\/\/www.lichen.pl\/wp-content\/uploads\/2021\/09\/DZIEN-MODLITW-W-INTENCJI-NAUCZYCIELI-WYCHOWAWCOW-I-KATECHETOW-11-19-wrzesnia-2021.jpg\" data-elementor-open-lightbox=\"yes\" data-elementor-lightbox-slideshow=\"ca5f42e\" data-elementor-lightbox-title=\"DZIE\u0143 MODLITW W INTENCJI NAUCZYCIELI, WYCHOWAWC\u00d3W I KATECHET\u00d3W 11 19 wrze\u015bnia 2021\" data-e-action-hash=\"#elementor-action%3Aaction%3Dlightbox%26settings%3DeyJpZCI6MzA4NjMsInVybCI6Imh0dHBzOlwvXC93d3cubGljaGVuLnBsXC93cC1jb250ZW50XC91cGxvYWRzXC8yMDIxXC8wOVwvRFpJRU4tTU9ETElUVy1XLUlOVEVOQ0pJLU5BVUNaWUNJRUxJLVdZQ0hPV0FXQ09XLUktS0FURUNIRVRPVy0xMS0xOS13cnplc25pYS0yMDIxLmpwZyIsInNsaWRlc2hvdyI6ImNhNWY0MmUifQ%3D%3D\">\n\t\t\t\t\t<div class=\"e-gallery-image elementor-gallery-item__image\" data-thumbnail=\"https:\/\/www.lichen.pl\/wp-content\/uploads\/2021\/09\/DZIEN-MODLITW-W-INTENCJI-NAUCZYCIELI-WYCHOWAWCOW-I-KATECHETOW-11-19-wrzesnia-2021-150x150.jpg\" data-width=\"150\" data-height=\"150\" aria-label=\"\" role=\"img\" ><\/div>\n\t\t\t\t\t\t\t\t\t\t\t<div class=\"elementor-gallery-item__overlay\"><\/div>\n\t\t\t\t\t\t\t\t\t\t\t\t\t\t<\/a>\n\t\t\t\t\t\t\t<a class=\"e-gallery-item elementor-gallery-item elementor-animated-content\" data-e-gallery-tags=\"0\" href=\"https:\/\/www.lichen.pl\/wp-content\/uploads\/2021\/09\/DZIEN-MODLITW-W-INTENCJI-NAUCZYCIELI-WYCHOWAWCOW-I-KATECHETOW-12-19-wrzesnia-2021.jpg\" data-elementor-open-lightbox=\"yes\" data-elementor-lightbox-slideshow=\"ca5f42e\" data-elementor-lightbox-title=\"DZIE\u0143 MODLITW W INTENCJI NAUCZYCIELI, WYCHOWAWC\u00d3W I KATECHET\u00d3W 12 19 wrze\u015bnia 2021\" data-e-action-hash=\"#elementor-action%3Aaction%3Dlightbox%26settings%3DeyJpZCI6MzA4NjgsInVybCI6Imh0dHBzOlwvXC93d3cubGljaGVuLnBsXC93cC1jb250ZW50XC91cGxvYWRzXC8yMDIxXC8wOVwvRFpJRU4tTU9ETElUVy1XLUlOVEVOQ0pJLU5BVUNaWUNJRUxJLVdZQ0hPV0FXQ09XLUktS0FURUNIRVRPVy0xMi0xOS13cnplc25pYS0yMDIxLmpwZyIsInNsaWRlc2hvdyI6ImNhNWY0MmUifQ%3D%3D\">\n\t\t\t\t\t<div class=\"e-gallery-image elementor-gallery-item__image\" data-thumbnail=\"https:\/\/www.lichen.pl\/wp-content\/uploads\/2021\/09\/DZIEN-MODLITW-W-INTENCJI-NAUCZYCIELI-WYCHOWAWCOW-I-KATECHETOW-12-19-wrzesnia-2021-150x150.jpg\" data-width=\"150\" data-height=\"150\" aria-label=\"\" role=\"img\" ><\/div>\n\t\t\t\t\t\t\t\t\t\t\t<div class=\"elementor-gallery-item__overlay\"><\/div>\n\t\t\t\t\t\t\t\t\t\t\t\t\t\t<\/a>\n\t\t\t\t\t\t\t<a class=\"e-gallery-item elementor-gallery-item elementor-animated-content\" data-e-gallery-tags=\"0\" href=\"https:\/\/www.lichen.pl\/wp-content\/uploads\/2021\/09\/DZIEN-MODLITW-W-INTENCJI-NAUCZYCIELI-WYCHOWAWCOW-I-KATECHETOW-13-19-wrzesnia-2021.jpg\" data-elementor-open-lightbox=\"yes\" data-elementor-lightbox-slideshow=\"ca5f42e\" data-elementor-lightbox-title=\"DZIE\u0143 MODLITW W INTENCJI NAUCZYCIELI, WYCHOWAWC\u00d3W I KATECHET\u00d3W 13 19 wrze\u015bnia 2021\" data-e-action-hash=\"#elementor-action%3Aaction%3Dlightbox%26settings%3DeyJpZCI6MzA4NzMsInVybCI6Imh0dHBzOlwvXC93d3cubGljaGVuLnBsXC93cC1jb250ZW50XC91cGxvYWRzXC8yMDIxXC8wOVwvRFpJRU4tTU9ETElUVy1XLUlOVEVOQ0pJLU5BVUNaWUNJRUxJLVdZQ0hPV0FXQ09XLUktS0FURUNIRVRPVy0xMy0xOS13cnplc25pYS0yMDIxLmpwZyIsInNsaWRlc2hvdyI6ImNhNWY0MmUifQ%3D%3D\">\n\t\t\t\t\t<div class=\"e-gallery-image elementor-gallery-item__image\" data-thumbnail=\"https:\/\/www.lichen.pl\/wp-content\/uploads\/2021\/09\/DZIEN-MODLITW-W-INTENCJI-NAUCZYCIELI-WYCHOWAWCOW-I-KATECHETOW-13-19-wrzesnia-2021-150x150.jpg\" data-width=\"150\" data-height=\"150\" aria-label=\"\" role=\"img\" ><\/div>\n\t\t\t\t\t\t\t\t\t\t\t<div class=\"elementor-gallery-item__overlay\"><\/div>\n\t\t\t\t\t\t\t\t\t\t\t\t\t\t<\/a>\n\t\t\t\t\t\t\t<a class=\"e-gallery-item elementor-gallery-item elementor-animated-content\" data-e-gallery-tags=\"0\" href=\"https:\/\/www.lichen.pl\/wp-content\/uploads\/2021\/09\/DZIEN-MODLITW-W-INTENCJI-NAUCZYCIELI-WYCHOWAWCOW-I-KATECHETOW-14-19-wrzesnia-2021.jpg\" data-elementor-open-lightbox=\"yes\" data-elementor-lightbox-slideshow=\"ca5f42e\" data-elementor-lightbox-title=\"DZIE\u0143 MODLITW W INTENCJI NAUCZYCIELI, WYCHOWAWC\u00d3W I KATECHET\u00d3W 14 19 wrze\u015bnia 2021\" data-e-action-hash=\"#elementor-action%3Aaction%3Dlightbox%26settings%3DeyJpZCI6MzA4NzgsInVybCI6Imh0dHBzOlwvXC93d3cubGljaGVuLnBsXC93cC1jb250ZW50XC91cGxvYWRzXC8yMDIxXC8wOVwvRFpJRU4tTU9ETElUVy1XLUlOVEVOQ0pJLU5BVUNaWUNJRUxJLVdZQ0hPV0FXQ09XLUktS0FURUNIRVRPVy0xNC0xOS13cnplc25pYS0yMDIxLmpwZyIsInNsaWRlc2hvdyI6ImNhNWY0MmUifQ%3D%3D\">\n\t\t\t\t\t<div class=\"e-gallery-image elementor-gallery-item__image\" data-thumbnail=\"https:\/\/www.lichen.pl\/wp-content\/uploads\/2021\/09\/DZIEN-MODLITW-W-INTENCJI-NAUCZYCIELI-WYCHOWAWCOW-I-KATECHETOW-14-19-wrzesnia-2021-150x150.jpg\" data-width=\"150\" data-height=\"150\" aria-label=\"\" role=\"img\" ><\/div>\n\t\t\t\t\t\t\t\t\t\t\t<div class=\"elementor-gallery-item__overlay\"><\/div>\n\t\t\t\t\t\t\t\t\t\t\t\t\t\t<\/a>\n\t\t\t\t\t\t\t<a class=\"e-gallery-item elementor-gallery-item elementor-animated-content\" data-e-gallery-tags=\"0\" href=\"https:\/\/www.lichen.pl\/wp-content\/uploads\/2021\/09\/DZIEN-MODLITW-W-INTENCJI-NAUCZYCIELI-WYCHOWAWCOW-I-KATECHETOW-15-19-wrzesnia-2021.jpg\" data-elementor-open-lightbox=\"yes\" data-elementor-lightbox-slideshow=\"ca5f42e\" data-elementor-lightbox-title=\"DZIE\u0143 MODLITW W INTENCJI NAUCZYCIELI, WYCHOWAWC\u00d3W I KATECHET\u00d3W 15 19 wrze\u015bnia 2021\" data-e-action-hash=\"#elementor-action%3Aaction%3Dlightbox%26settings%3DeyJpZCI6MzA4ODMsInVybCI6Imh0dHBzOlwvXC93d3cubGljaGVuLnBsXC93cC1jb250ZW50XC91cGxvYWRzXC8yMDIxXC8wOVwvRFpJRU4tTU9ETElUVy1XLUlOVEVOQ0pJLU5BVUNaWUNJRUxJLVdZQ0hPV0FXQ09XLUktS0FURUNIRVRPVy0xNS0xOS13cnplc25pYS0yMDIxLmpwZyIsInNsaWRlc2hvdyI6ImNhNWY0MmUifQ%3D%3D\">\n\t\t\t\t\t<div class=\"e-gallery-image elementor-gallery-item__image\" data-thumbnail=\"https:\/\/www.lichen.pl\/wp-content\/uploads\/2021\/09\/DZIEN-MODLITW-W-INTENCJI-NAUCZYCIELI-WYCHOWAWCOW-I-KATECHETOW-15-19-wrzesnia-2021-150x150.jpg\" data-width=\"150\" data-height=\"150\" aria-label=\"\" role=\"img\" ><\/div>\n\t\t\t\t\t\t\t\t\t\t\t<div class=\"elementor-gallery-item__overlay\"><\/div>\n\t\t\t\t\t\t\t\t\t\t\t\t\t\t<\/a>\n\t\t\t\t\t\t\t<a class=\"e-gallery-item elementor-gallery-item elementor-animated-content\" data-e-gallery-tags=\"0\" href=\"https:\/\/www.lichen.pl\/wp-content\/uploads\/2021\/09\/DZIEN-MODLITW-W-INTENCJI-NAUCZYCIELI-WYCHOWAWCOW-I-KATECHETOW-16-19-wrzesnia-2021.jpg\" data-elementor-open-lightbox=\"yes\" data-elementor-lightbox-slideshow=\"ca5f42e\" data-elementor-lightbox-title=\"DZIE\u0143 MODLITW W INTENCJI NAUCZYCIELI, WYCHOWAWC\u00d3W I KATECHET\u00d3W 16 19 wrze\u015bnia 2021\" data-e-action-hash=\"#elementor-action%3Aaction%3Dlightbox%26settings%3DeyJpZCI6MzA4ODgsInVybCI6Imh0dHBzOlwvXC93d3cubGljaGVuLnBsXC93cC1jb250ZW50XC91cGxvYWRzXC8yMDIxXC8wOVwvRFpJRU4tTU9ETElUVy1XLUlOVEVOQ0pJLU5BVUNaWUNJRUxJLVdZQ0hPV0FXQ09XLUktS0FURUNIRVRPVy0xNi0xOS13cnplc25pYS0yMDIxLmpwZyIsInNsaWRlc2hvdyI6ImNhNWY0MmUifQ%3D%3D\">\n\t\t\t\t\t<div class=\"e-gallery-image elementor-gallery-item__image\" data-thumbnail=\"https:\/\/www.lichen.pl\/wp-content\/uploads\/2021\/09\/DZIEN-MODLITW-W-INTENCJI-NAUCZYCIELI-WYCHOWAWCOW-I-KATECHETOW-16-19-wrzesnia-2021-150x150.jpg\" data-width=\"150\" data-height=\"150\" aria-label=\"\" role=\"img\" ><\/div>\n\t\t\t\t\t\t\t\t\t\t\t<div class=\"elementor-gallery-item__overlay\"><\/div>\n\t\t\t\t\t\t\t\t\t\t\t\t\t\t<\/a>\n\t\t\t\t\t\t\t<a class=\"e-gallery-item elementor-gallery-item elementor-animated-content\" data-e-gallery-tags=\"0\" href=\"https:\/\/www.lichen.pl\/wp-content\/uploads\/2021\/09\/DZIEN-MODLITW-W-INTENCJI-NAUCZYCIELI-WYCHOWAWCOW-I-KATECHETOW-17-19-wrzesnia-2021.jpg\" data-elementor-open-lightbox=\"yes\" data-elementor-lightbox-slideshow=\"ca5f42e\" data-elementor-lightbox-title=\"DZIE\u0143 MODLITW W INTENCJI NAUCZYCIELI, WYCHOWAWC\u00d3W I KATECHET\u00d3W 17 19 wrze\u015bnia 2021\" data-e-action-hash=\"#elementor-action%3Aaction%3Dlightbox%26settings%3DeyJpZCI6MzA4OTMsInVybCI6Imh0dHBzOlwvXC93d3cubGljaGVuLnBsXC93cC1jb250ZW50XC91cGxvYWRzXC8yMDIxXC8wOVwvRFpJRU4tTU9ETElUVy1XLUlOVEVOQ0pJLU5BVUNaWUNJRUxJLVdZQ0hPV0FXQ09XLUktS0FURUNIRVRPVy0xNy0xOS13cnplc25pYS0yMDIxLmpwZyIsInNsaWRlc2hvdyI6ImNhNWY0MmUifQ%3D%3D\">\n\t\t\t\t\t<div class=\"e-gallery-image elementor-gallery-item__image\" data-thumbnail=\"https:\/\/www.lichen.pl\/wp-content\/uploads\/2021\/09\/DZIEN-MODLITW-W-INTENCJI-NAUCZYCIELI-WYCHOWAWCOW-I-KATECHETOW-17-19-wrzesnia-2021-150x150.jpg\" data-width=\"150\" data-height=\"150\" aria-label=\"\" role=\"img\" ><\/div>\n\t\t\t\t\t\t\t\t\t\t\t<div class=\"elementor-gallery-item__overlay\"><\/div>\n\t\t\t\t\t\t\t\t\t\t\t\t\t\t<\/a>\n\t\t\t\t\t\t\t<a class=\"e-gallery-item elementor-gallery-item elementor-animated-content\" data-e-gallery-tags=\"0\" href=\"https:\/\/www.lichen.pl\/wp-content\/uploads\/2021\/09\/DZIEN-MODLITW-W-INTENCJI-NAUCZYCIELI-WYCHOWAWCOW-I-KATECHETOW-19-19-wrzesnia-2021.jpg\" data-elementor-open-lightbox=\"yes\" data-elementor-lightbox-slideshow=\"ca5f42e\" data-elementor-lightbox-title=\"DZIE\u0143 MODLITW W INTENCJI NAUCZYCIELI, WYCHOWAWC\u00d3W I KATECHET\u00d3W 19 19 wrze\u015bnia 2021\" data-e-action-hash=\"#elementor-action%3Aaction%3Dlightbox%26settings%3DeyJpZCI6MzA5MDMsInVybCI6Imh0dHBzOlwvXC93d3cubGljaGVuLnBsXC93cC1jb250ZW50XC91cGxvYWRzXC8yMDIxXC8wOVwvRFpJRU4tTU9ETElUVy1XLUlOVEVOQ0pJLU5BVUNaWUNJRUxJLVdZQ0hPV0FXQ09XLUktS0FURUNIRVRPVy0xOS0xOS13cnplc25pYS0yMDIxLmpwZyIsInNsaWRlc2hvdyI6ImNhNWY0MmUifQ%3D%3D\">\n\t\t\t\t\t<div class=\"e-gallery-image elementor-gallery-item__image\" data-thumbnail=\"https:\/\/www.lichen.pl\/wp-content\/uploads\/2021\/09\/DZIEN-MODLITW-W-INTENCJI-NAUCZYCIELI-WYCHOWAWCOW-I-KATECHETOW-19-19-wrzesnia-2021-150x150.jpg\" data-width=\"150\" data-height=\"150\" aria-label=\"\" role=\"img\" ><\/div>\n\t\t\t\t\t\t\t\t\t\t\t<div class=\"elementor-gallery-item__overlay\"><\/div>\n\t\t\t\t\t\t\t\t\t\t\t\t\t\t<\/a>\n\t\t\t\t\t\t\t<a class=\"e-gallery-item elementor-gallery-item elementor-animated-content\" data-e-gallery-tags=\"0\" href=\"https:\/\/www.lichen.pl\/wp-content\/uploads\/2021\/09\/DZIEN-MODLITW-W-INTENCJI-NAUCZYCIELI-WYCHOWAWCOW-I-KATECHETOW-18-19-wrzesnia-2021.jpg\" data-elementor-open-lightbox=\"yes\" data-elementor-lightbox-slideshow=\"ca5f42e\" data-elementor-lightbox-title=\"DZIE\u0143 MODLITW W INTENCJI NAUCZYCIELI, WYCHOWAWC\u00d3W I KATECHET\u00d3W 18 19 wrze\u015bnia 2021\" data-e-action-hash=\"#elementor-action%3Aaction%3Dlightbox%26settings%3DeyJpZCI6MzA4OTgsInVybCI6Imh0dHBzOlwvXC93d3cubGljaGVuLnBsXC93cC1jb250ZW50XC91cGxvYWRzXC8yMDIxXC8wOVwvRFpJRU4tTU9ETElUVy1XLUlOVEVOQ0pJLU5BVUNaWUNJRUxJLVdZQ0hPV0FXQ09XLUktS0FURUNIRVRPVy0xOC0xOS13cnplc25pYS0yMDIxLmpwZyIsInNsaWRlc2hvdyI6ImNhNWY0MmUifQ%3D%3D\">\n\t\t\t\t\t<div class=\"e-gallery-image elementor-gallery-item__image\" data-thumbnail=\"https:\/\/www.lichen.pl\/wp-content\/uploads\/2021\/09\/DZIEN-MODLITW-W-INTENCJI-NAUCZYCIELI-WYCHOWAWCOW-I-KATECHETOW-18-19-wrzesnia-2021-150x150.jpg\" data-width=\"150\" data-height=\"150\" aria-label=\"\" role=\"img\" ><\/div>\n\t\t\t\t\t\t\t\t\t\t\t<div class=\"elementor-gallery-item__overlay\"><\/div>\n\t\t\t\t\t\t\t\t\t\t\t\t\t\t<\/a>\n\t\t\t\t\t\t\t<a class=\"e-gallery-item elementor-gallery-item elementor-animated-content\" data-e-gallery-tags=\"0\" href=\"https:\/\/www.lichen.pl\/wp-content\/uploads\/2021\/09\/DZIEN-MODLITW-W-INTENCJI-NAUCZYCIELI-WYCHOWAWCOW-I-KATECHETOW-20-19-wrzesnia-2021.jpg\" data-elementor-open-lightbox=\"yes\" data-elementor-lightbox-slideshow=\"ca5f42e\" data-elementor-lightbox-title=\"DZIE\u0143 MODLITW W INTENCJI NAUCZYCIELI, WYCHOWAWC\u00d3W I KATECHET\u00d3W 20 19 wrze\u015bnia 2021\" data-e-action-hash=\"#elementor-action%3Aaction%3Dlightbox%26settings%3DeyJpZCI6MzA5MDgsInVybCI6Imh0dHBzOlwvXC93d3cubGljaGVuLnBsXC93cC1jb250ZW50XC91cGxvYWRzXC8yMDIxXC8wOVwvRFpJRU4tTU9ETElUVy1XLUlOVEVOQ0pJLU5BVUNaWUNJRUxJLVdZQ0hPV0FXQ09XLUktS0FURUNIRVRPVy0yMC0xOS13cnplc25pYS0yMDIxLmpwZyIsInNsaWRlc2hvdyI6ImNhNWY0MmUifQ%3D%3D\">\n\t\t\t\t\t<div class=\"e-gallery-image elementor-gallery-item__image\" data-thumbnail=\"https:\/\/www.lichen.pl\/wp-content\/uploads\/2021\/09\/DZIEN-MODLITW-W-INTENCJI-NAUCZYCIELI-WYCHOWAWCOW-I-KATECHETOW-20-19-wrzesnia-2021-150x150.jpg\" data-width=\"150\" data-height=\"150\" aria-label=\"\" role=\"img\" ><\/div>\n\t\t\t\t\t\t\t\t\t\t\t<div class=\"elementor-gallery-item__overlay\"><\/div>\n\t\t\t\t\t\t\t\t\t\t\t\t\t\t<\/a>\n\t\t\t\t\t\t\t<a class=\"e-gallery-item elementor-gallery-item elementor-animated-content\" data-e-gallery-tags=\"0\" href=\"https:\/\/www.lichen.pl\/wp-content\/uploads\/2021\/09\/DZIEN-MODLITW-W-INTENCJI-NAUCZYCIELI-WYCHOWAWCOW-I-KATECHETOW-21-19-wrzesnia-2021.jpg\" data-elementor-open-lightbox=\"yes\" data-elementor-lightbox-slideshow=\"ca5f42e\" data-elementor-lightbox-title=\"DZIE\u0143 MODLITW W INTENCJI NAUCZYCIELI, WYCHOWAWC\u00d3W I KATECHET\u00d3W 21 19 wrze\u015bnia 2021\" data-e-action-hash=\"#elementor-action%3Aaction%3Dlightbox%26settings%3DeyJpZCI6MzA5MTMsInVybCI6Imh0dHBzOlwvXC93d3cubGljaGVuLnBsXC93cC1jb250ZW50XC91cGxvYWRzXC8yMDIxXC8wOVwvRFpJRU4tTU9ETElUVy1XLUlOVEVOQ0pJLU5BVUNaWUNJRUxJLVdZQ0hPV0FXQ09XLUktS0FURUNIRVRPVy0yMS0xOS13cnplc25pYS0yMDIxLmpwZyIsInNsaWRlc2hvdyI6ImNhNWY0MmUifQ%3D%3D\">\n\t\t\t\t\t<div class=\"e-gallery-image elementor-gallery-item__image\" data-thumbnail=\"https:\/\/www.lichen.pl\/wp-content\/uploads\/2021\/09\/DZIEN-MODLITW-W-INTENCJI-NAUCZYCIELI-WYCHOWAWCOW-I-KATECHETOW-21-19-wrzesnia-2021-150x150.jpg\" data-width=\"150\" data-height=\"150\" aria-label=\"\" role=\"img\" ><\/div>\n\t\t\t\t\t\t\t\t\t\t\t<div class=\"elementor-gallery-item__overlay\"><\/div>\n\t\t\t\t\t\t\t\t\t\t\t\t\t\t<\/a>\n\t\t\t\t\t\t\t<a class=\"e-gallery-item elementor-gallery-item elementor-animated-content\" data-e-gallery-tags=\"0\" href=\"https:\/\/www.lichen.pl\/wp-content\/uploads\/2021\/09\/DZIEN-MODLITW-W-INTENCJI-NAUCZYCIELI-WYCHOWAWCOW-I-KATECHETOW-22-19-wrzesnia-2021.jpg\" data-elementor-open-lightbox=\"yes\" data-elementor-lightbox-slideshow=\"ca5f42e\" data-elementor-lightbox-title=\"DZIE\u0143 MODLITW W INTENCJI NAUCZYCIELI, WYCHOWAWC\u00d3W I KATECHET\u00d3W 22 19 wrze\u015bnia 2021\" data-e-action-hash=\"#elementor-action%3Aaction%3Dlightbox%26settings%3DeyJpZCI6MzA5MTgsInVybCI6Imh0dHBzOlwvXC93d3cubGljaGVuLnBsXC93cC1jb250ZW50XC91cGxvYWRzXC8yMDIxXC8wOVwvRFpJRU4tTU9ETElUVy1XLUlOVEVOQ0pJLU5BVUNaWUNJRUxJLVdZQ0hPV0FXQ09XLUktS0FURUNIRVRPVy0yMi0xOS13cnplc25pYS0yMDIxLmpwZyIsInNsaWRlc2hvdyI6ImNhNWY0MmUifQ%3D%3D\">\n\t\t\t\t\t<div class=\"e-gallery-image elementor-gallery-item__image\" data-thumbnail=\"https:\/\/www.lichen.pl\/wp-content\/uploads\/2021\/09\/DZIEN-MODLITW-W-INTENCJI-NAUCZYCIELI-WYCHOWAWCOW-I-KATECHETOW-22-19-wrzesnia-2021-150x150.jpg\" data-width=\"150\" data-height=\"150\" aria-label=\"\" role=\"img\" ><\/div>\n\t\t\t\t\t\t\t\t\t\t\t<div class=\"elementor-gallery-item__overlay\"><\/div>\n\t\t\t\t\t\t\t\t\t\t\t\t\t\t<\/a>\n\t\t\t\t\t\t\t<a class=\"e-gallery-item elementor-gallery-item elementor-animated-content\" data-e-gallery-tags=\"0\" href=\"https:\/\/www.lichen.pl\/wp-content\/uploads\/2021\/09\/DZIEN-MODLITW-W-INTENCJI-NAUCZYCIELI-WYCHOWAWCOW-I-KATECHETOW-23-19-wrzesnia-2021.jpg\" data-elementor-open-lightbox=\"yes\" data-elementor-lightbox-slideshow=\"ca5f42e\" data-elementor-lightbox-title=\"DZIE\u0143 MODLITW W INTENCJI NAUCZYCIELI, WYCHOWAWC\u00d3W I KATECHET\u00d3W 23 19 wrze\u015bnia 2021\" data-e-action-hash=\"#elementor-action%3Aaction%3Dlightbox%26settings%3DeyJpZCI6MzA5MjMsInVybCI6Imh0dHBzOlwvXC93d3cubGljaGVuLnBsXC93cC1jb250ZW50XC91cGxvYWRzXC8yMDIxXC8wOVwvRFpJRU4tTU9ETElUVy1XLUlOVEVOQ0pJLU5BVUNaWUNJRUxJLVdZQ0hPV0FXQ09XLUktS0FURUNIRVRPVy0yMy0xOS13cnplc25pYS0yMDIxLmpwZyIsInNsaWRlc2hvdyI6ImNhNWY0MmUifQ%3D%3D\">\n\t\t\t\t\t<div class=\"e-gallery-image elementor-gallery-item__image\" data-thumbnail=\"https:\/\/www.lichen.pl\/wp-content\/uploads\/2021\/09\/DZIEN-MODLITW-W-INTENCJI-NAUCZYCIELI-WYCHOWAWCOW-I-KATECHETOW-23-19-wrzesnia-2021-150x150.jpg\" data-width=\"150\" data-height=\"150\" aria-label=\"\" role=\"img\" ><\/div>\n\t\t\t\t\t\t\t\t\t\t\t<div class=\"elementor-gallery-item__overlay\"><\/div>\n\t\t\t\t\t\t\t\t\t\t\t\t\t\t<\/a>\n\t\t\t\t\t\t\t<a class=\"e-gallery-item elementor-gallery-item elementor-animated-content\" data-e-gallery-tags=\"0\" href=\"https:\/\/www.lichen.pl\/wp-content\/uploads\/2021\/09\/DZIEN-MODLITW-W-INTENCJI-NAUCZYCIELI-WYCHOWAWCOW-I-KATECHETOW-24-19-wrzesnia-2021.jpg\" data-elementor-open-lightbox=\"yes\" data-elementor-lightbox-slideshow=\"ca5f42e\" data-elementor-lightbox-title=\"DZIE\u0143 MODLITW W INTENCJI NAUCZYCIELI, WYCHOWAWC\u00d3W I KATECHET\u00d3W 24 19 wrze\u015bnia 2021\" data-e-action-hash=\"#elementor-action%3Aaction%3Dlightbox%26settings%3DeyJpZCI6MzA5MjgsInVybCI6Imh0dHBzOlwvXC93d3cubGljaGVuLnBsXC93cC1jb250ZW50XC91cGxvYWRzXC8yMDIxXC8wOVwvRFpJRU4tTU9ETElUVy1XLUlOVEVOQ0pJLU5BVUNaWUNJRUxJLVdZQ0hPV0FXQ09XLUktS0FURUNIRVRPVy0yNC0xOS13cnplc25pYS0yMDIxLmpwZyIsInNsaWRlc2hvdyI6ImNhNWY0MmUifQ%3D%3D\">\n\t\t\t\t\t<div class=\"e-gallery-image elementor-gallery-item__image\" data-thumbnail=\"https:\/\/www.lichen.pl\/wp-content\/uploads\/2021\/09\/DZIEN-MODLITW-W-INTENCJI-NAUCZYCIELI-WYCHOWAWCOW-I-KATECHETOW-24-19-wrzesnia-2021-150x150.jpg\" data-width=\"150\" data-height=\"150\" aria-label=\"\" role=\"img\" ><\/div>\n\t\t\t\t\t\t\t\t\t\t\t<div class=\"elementor-gallery-item__overlay\"><\/div>\n\t\t\t\t\t\t\t\t\t\t\t\t\t\t<\/a>\n\t\t\t\t\t\t\t<a class=\"e-gallery-item elementor-gallery-item elementor-animated-content\" data-e-gallery-tags=\"0\" href=\"https:\/\/www.lichen.pl\/wp-content\/uploads\/2021\/09\/DZIEN-MODLITW-W-INTENCJI-NAUCZYCIELI-WYCHOWAWCOW-I-KATECHETOW-25-19-wrzesnia-2021.jpg\" data-elementor-open-lightbox=\"yes\" data-elementor-lightbox-slideshow=\"ca5f42e\" data-elementor-lightbox-title=\"DZIE\u0143 MODLITW W INTENCJI NAUCZYCIELI, WYCHOWAWC\u00d3W I KATECHET\u00d3W 25 19 wrze\u015bnia 2021\" data-e-action-hash=\"#elementor-action%3Aaction%3Dlightbox%26settings%3DeyJpZCI6MzA5MzMsInVybCI6Imh0dHBzOlwvXC93d3cubGljaGVuLnBsXC93cC1jb250ZW50XC91cGxvYWRzXC8yMDIxXC8wOVwvRFpJRU4tTU9ETElUVy1XLUlOVEVOQ0pJLU5BVUNaWUNJRUxJLVdZQ0hPV0FXQ09XLUktS0FURUNIRVRPVy0yNS0xOS13cnplc25pYS0yMDIxLmpwZyIsInNsaWRlc2hvdyI6ImNhNWY0MmUifQ%3D%3D\">\n\t\t\t\t\t<div class=\"e-gallery-image elementor-gallery-item__image\" data-thumbnail=\"https:\/\/www.lichen.pl\/wp-content\/uploads\/2021\/09\/DZIEN-MODLITW-W-INTENCJI-NAUCZYCIELI-WYCHOWAWCOW-I-KATECHETOW-25-19-wrzesnia-2021-150x150.jpg\" data-width=\"150\" data-height=\"150\" aria-label=\"\" role=\"img\" ><\/div>\n\t\t\t\t\t\t\t\t\t\t\t<div class=\"elementor-gallery-item__overlay\"><\/div>\n\t\t\t\t\t\t\t\t\t\t\t\t\t\t<\/a>\n\t\t\t\t\t\t\t<a class=\"e-gallery-item elementor-gallery-item elementor-animated-content\" data-e-gallery-tags=\"0\" href=\"https:\/\/www.lichen.pl\/wp-content\/uploads\/2021\/09\/DZIEN-MODLITW-W-INTENCJI-NAUCZYCIELI-WYCHOWAWCOW-I-KATECHETOW-26-19-wrzesnia-2021.jpg\" data-elementor-open-lightbox=\"yes\" data-elementor-lightbox-slideshow=\"ca5f42e\" data-elementor-lightbox-title=\"DZIE\u0143 MODLITW W INTENCJI NAUCZYCIELI, WYCHOWAWC\u00d3W I KATECHET\u00d3W 26 19 wrze\u015bnia 2021\" data-e-action-hash=\"#elementor-action%3Aaction%3Dlightbox%26settings%3DeyJpZCI6MzA5MzgsInVybCI6Imh0dHBzOlwvXC93d3cubGljaGVuLnBsXC93cC1jb250ZW50XC91cGxvYWRzXC8yMDIxXC8wOVwvRFpJRU4tTU9ETElUVy1XLUlOVEVOQ0pJLU5BVUNaWUNJRUxJLVdZQ0hPV0FXQ09XLUktS0FURUNIRVRPVy0yNi0xOS13cnplc25pYS0yMDIxLmpwZyIsInNsaWRlc2hvdyI6ImNhNWY0MmUifQ%3D%3D\">\n\t\t\t\t\t<div class=\"e-gallery-image elementor-gallery-item__image\" data-thumbnail=\"https:\/\/www.lichen.pl\/wp-content\/uploads\/2021\/09\/DZIEN-MODLITW-W-INTENCJI-NAUCZYCIELI-WYCHOWAWCOW-I-KATECHETOW-26-19-wrzesnia-2021-150x150.jpg\" data-width=\"150\" data-height=\"150\" aria-label=\"\" role=\"img\" ><\/div>\n\t\t\t\t\t\t\t\t\t\t\t<div class=\"elementor-gallery-item__overlay\"><\/div>\n\t\t\t\t\t\t\t\t\t\t\t\t\t\t<\/a>\n\t\t\t\t\t\t\t<a class=\"e-gallery-item elementor-gallery-item elementor-animated-content\" data-e-gallery-tags=\"0\" href=\"https:\/\/www.lichen.pl\/wp-content\/uploads\/2021\/09\/DZIEN-MODLITW-W-INTENCJI-NAUCZYCIELI-WYCHOWAWCOW-I-KATECHETOW-27-19-wrzesnia-2021.jpg\" data-elementor-open-lightbox=\"yes\" data-elementor-lightbox-slideshow=\"ca5f42e\" data-elementor-lightbox-title=\"DZIE\u0143 MODLITW W INTENCJI NAUCZYCIELI, WYCHOWAWC\u00d3W I KATECHET\u00d3W 27 19 wrze\u015bnia 2021\" data-e-action-hash=\"#elementor-action%3Aaction%3Dlightbox%26settings%3DeyJpZCI6MzA5NDMsInVybCI6Imh0dHBzOlwvXC93d3cubGljaGVuLnBsXC93cC1jb250ZW50XC91cGxvYWRzXC8yMDIxXC8wOVwvRFpJRU4tTU9ETElUVy1XLUlOVEVOQ0pJLU5BVUNaWUNJRUxJLVdZQ0hPV0FXQ09XLUktS0FURUNIRVRPVy0yNy0xOS13cnplc25pYS0yMDIxLmpwZyIsInNsaWRlc2hvdyI6ImNhNWY0MmUifQ%3D%3D\">\n\t\t\t\t\t<div class=\"e-gallery-image elementor-gallery-item__image\" data-thumbnail=\"https:\/\/www.lichen.pl\/wp-content\/uploads\/2021\/09\/DZIEN-MODLITW-W-INTENCJI-NAUCZYCIELI-WYCHOWAWCOW-I-KATECHETOW-27-19-wrzesnia-2021-150x150.jpg\" data-width=\"150\" data-height=\"150\" aria-label=\"\" role=\"img\" ><\/div>\n\t\t\t\t\t\t\t\t\t\t\t<div class=\"elementor-gallery-item__overlay\"><\/div>\n\t\t\t\t\t\t\t\t\t\t\t\t\t\t<\/a>\n\t\t\t\t\t\t\t<a class=\"e-gallery-item elementor-gallery-item elementor-animated-content\" data-e-gallery-tags=\"1\" href=\"https:\/\/www.lichen.pl\/wp-content\/uploads\/2021\/09\/11.-OGOLNOPOLSKA-PIELGRZYMKA-KOL-GOSPODYN-WIEJSKICH-Wrzesien-2021-.jpg\" data-elementor-open-lightbox=\"yes\" data-elementor-lightbox-slideshow=\"ca5f42e\" data-elementor-lightbox-title=\"11. OG\u00d3LNOPOLSKA PIELGRZYMKA K\u00d3\u0141 GOSPODY\u0143 WIEJSKICH Wrzesie\u0144 2021\" data-e-action-hash=\"#elementor-action%3Aaction%3Dlightbox%26settings%3DeyJpZCI6MzAxNDAsInVybCI6Imh0dHBzOlwvXC93d3cubGljaGVuLnBsXC93cC1jb250ZW50XC91cGxvYWRzXC8yMDIxXC8wOVwvMTEuLU9HT0xOT1BPTFNLQS1QSUVMR1JaWU1LQS1LT0wtR09TUE9EWU4tV0lFSlNLSUNILVdyemVzaWVuLTIwMjEtLmpwZyIsInNsaWRlc2hvdyI6ImNhNWY0MmUifQ%3D%3D\">\n\t\t\t\t\t<div class=\"e-gallery-image elementor-gallery-item__image\" data-thumbnail=\"https:\/\/www.lichen.pl\/wp-content\/uploads\/2021\/09\/11.-OGOLNOPOLSKA-PIELGRZYMKA-KOL-GOSPODYN-WIEJSKICH-Wrzesien-2021--150x150.jpg\" data-width=\"150\" data-height=\"150\" aria-label=\"\" role=\"img\" ><\/div>\n\t\t\t\t\t\t\t\t\t\t\t<div class=\"elementor-gallery-item__overlay\"><\/div>\n\t\t\t\t\t\t\t\t\t\t\t\t\t\t<\/a>\n\t\t\t\t\t\t\t<a class=\"e-gallery-item elementor-gallery-item elementor-animated-content\" data-e-gallery-tags=\"1\" href=\"https:\/\/www.lichen.pl\/wp-content\/uploads\/2021\/09\/11.-OGOLNOPOLSKA-PIELGRZYMKA-KOL-GOSPODYN-WIEJSKICH-Wrzesien-2021-1.jpg\" data-elementor-open-lightbox=\"yes\" data-elementor-lightbox-slideshow=\"ca5f42e\" data-elementor-lightbox-title=\"11. OG\u00d3LNOPOLSKA PIELGRZYMKA K\u00d3\u0141 GOSPODY\u0143 WIEJSKICH Wrzesie\u0144 2021 1\" data-e-action-hash=\"#elementor-action%3Aaction%3Dlightbox%26settings%3DeyJpZCI6MzAxNDUsInVybCI6Imh0dHBzOlwvXC93d3cubGljaGVuLnBsXC93cC1jb250ZW50XC91cGxvYWRzXC8yMDIxXC8wOVwvMTEuLU9HT0xOT1BPTFNLQS1QSUVMR1JaWU1LQS1LT0wtR09TUE9EWU4tV0lFSlNLSUNILVdyemVzaWVuLTIwMjEtMS5qcGciLCJzbGlkZXNob3ciOiJjYTVmNDJlIn0%3D\">\n\t\t\t\t\t<div class=\"e-gallery-image elementor-gallery-item__image\" data-thumbnail=\"https:\/\/www.lichen.pl\/wp-content\/uploads\/2021\/09\/11.-OGOLNOPOLSKA-PIELGRZYMKA-KOL-GOSPODYN-WIEJSKICH-Wrzesien-2021-1-150x150.jpg\" data-width=\"150\" data-height=\"150\" aria-label=\"\" role=\"img\" ><\/div>\n\t\t\t\t\t\t\t\t\t\t\t<div class=\"elementor-gallery-item__overlay\"><\/div>\n\t\t\t\t\t\t\t\t\t\t\t\t\t\t<\/a>\n\t\t\t\t\t\t\t<a class=\"e-gallery-item elementor-gallery-item elementor-animated-content\" data-e-gallery-tags=\"1\" href=\"https:\/\/www.lichen.pl\/wp-content\/uploads\/2021\/09\/11.-OGOLNOPOLSKA-PIELGRZYMKA-KOL-GOSPODYN-WIEJSKICH-Wrzesien-2021-2.jpg\" data-elementor-open-lightbox=\"yes\" data-elementor-lightbox-slideshow=\"ca5f42e\" data-elementor-lightbox-title=\"11. OG\u00d3LNOPOLSKA PIELGRZYMKA K\u00d3\u0141 GOSPODY\u0143 WIEJSKICH Wrzesie\u0144 2021 2\" data-e-action-hash=\"#elementor-action%3Aaction%3Dlightbox%26settings%3DeyJpZCI6MzAxNTAsInVybCI6Imh0dHBzOlwvXC93d3cubGljaGVuLnBsXC93cC1jb250ZW50XC91cGxvYWRzXC8yMDIxXC8wOVwvMTEuLU9HT0xOT1BPTFNLQS1QSUVMR1JaWU1LQS1LT0wtR09TUE9EWU4tV0lFSlNLSUNILVdyemVzaWVuLTIwMjEtMi5qcGciLCJzbGlkZXNob3ciOiJjYTVmNDJlIn0%3D\">\n\t\t\t\t\t<div class=\"e-gallery-image elementor-gallery-item__image\" data-thumbnail=\"https:\/\/www.lichen.pl\/wp-content\/uploads\/2021\/09\/11.-OGOLNOPOLSKA-PIELGRZYMKA-KOL-GOSPODYN-WIEJSKICH-Wrzesien-2021-2-150x150.jpg\" data-width=\"150\" data-height=\"150\" aria-label=\"\" role=\"img\" ><\/div>\n\t\t\t\t\t\t\t\t\t\t\t<div class=\"elementor-gallery-item__overlay\"><\/div>\n\t\t\t\t\t\t\t\t\t\t\t\t\t\t<\/a>\n\t\t\t\t\t\t\t<a class=\"e-gallery-item elementor-gallery-item elementor-animated-content\" data-e-gallery-tags=\"1\" href=\"https:\/\/www.lichen.pl\/wp-content\/uploads\/2021\/09\/11.-OGOLNOPOLSKA-PIELGRZYMKA-KOL-GOSPODYN-WIEJSKICH-Wrzesien-2021-4.jpg\" data-elementor-open-lightbox=\"yes\" data-elementor-lightbox-slideshow=\"ca5f42e\" data-elementor-lightbox-title=\"11. OG\u00d3LNOPOLSKA PIELGRZYMKA K\u00d3\u0141 GOSPODY\u0143 WIEJSKICH Wrzesie\u0144 2021 4\" data-e-action-hash=\"#elementor-action%3Aaction%3Dlightbox%26settings%3DeyJpZCI6MzAxNTUsInVybCI6Imh0dHBzOlwvXC93d3cubGljaGVuLnBsXC93cC1jb250ZW50XC91cGxvYWRzXC8yMDIxXC8wOVwvMTEuLU9HT0xOT1BPTFNLQS1QSUVMR1JaWU1LQS1LT0wtR09TUE9EWU4tV0lFSlNLSUNILVdyemVzaWVuLTIwMjEtNC5qcGciLCJzbGlkZXNob3ciOiJjYTVmNDJlIn0%3D\">\n\t\t\t\t\t<div class=\"e-gallery-image elementor-gallery-item__image\" data-thumbnail=\"https:\/\/www.lichen.pl\/wp-content\/uploads\/2021\/09\/11.-OGOLNOPOLSKA-PIELGRZYMKA-KOL-GOSPODYN-WIEJSKICH-Wrzesien-2021-4-150x150.jpg\" data-width=\"150\" data-height=\"150\" aria-label=\"\" role=\"img\" ><\/div>\n\t\t\t\t\t\t\t\t\t\t\t<div class=\"elementor-gallery-item__overlay\"><\/div>\n\t\t\t\t\t\t\t\t\t\t\t\t\t\t<\/a>\n\t\t\t\t\t\t\t<a class=\"e-gallery-item elementor-gallery-item elementor-animated-content\" data-e-gallery-tags=\"1\" href=\"https:\/\/www.lichen.pl\/wp-content\/uploads\/2021\/09\/11.-OGOLNOPOLSKA-PIELGRZYMKA-KOL-GOSPODYN-WIEJSKICH-Wrzesien-2021-5.jpg\" data-elementor-open-lightbox=\"yes\" data-elementor-lightbox-slideshow=\"ca5f42e\" data-elementor-lightbox-title=\"11. OG\u00d3LNOPOLSKA PIELGRZYMKA K\u00d3\u0141 GOSPODY\u0143 WIEJSKICH Wrzesie\u0144 2021 5\" data-e-action-hash=\"#elementor-action%3Aaction%3Dlightbox%26settings%3DeyJpZCI6MzAxNjAsInVybCI6Imh0dHBzOlwvXC93d3cubGljaGVuLnBsXC93cC1jb250ZW50XC91cGxvYWRzXC8yMDIxXC8wOVwvMTEuLU9HT0xOT1BPTFNLQS1QSUVMR1JaWU1LQS1LT0wtR09TUE9EWU4tV0lFSlNLSUNILVdyemVzaWVuLTIwMjEtNS5qcGciLCJzbGlkZXNob3ciOiJjYTVmNDJlIn0%3D\">\n\t\t\t\t\t<div class=\"e-gallery-image elementor-gallery-item__image\" data-thumbnail=\"https:\/\/www.lichen.pl\/wp-content\/uploads\/2021\/09\/11.-OGOLNOPOLSKA-PIELGRZYMKA-KOL-GOSPODYN-WIEJSKICH-Wrzesien-2021-5-150x150.jpg\" data-width=\"150\" data-height=\"150\" aria-label=\"\" role=\"img\" ><\/div>\n\t\t\t\t\t\t\t\t\t\t\t<div class=\"elementor-gallery-item__overlay\"><\/div>\n\t\t\t\t\t\t\t\t\t\t\t\t\t\t<\/a>\n\t\t\t\t\t\t\t<a class=\"e-gallery-item elementor-gallery-item elementor-animated-content\" data-e-gallery-tags=\"1\" href=\"https:\/\/www.lichen.pl\/wp-content\/uploads\/2021\/09\/11.-OGOLNOPOLSKA-PIELGRZYMKA-KOL-GOSPODYN-WIEJSKICH-Wrzesien-2021-6.jpg\" data-elementor-open-lightbox=\"yes\" data-elementor-lightbox-slideshow=\"ca5f42e\" data-elementor-lightbox-title=\"11. OG\u00d3LNOPOLSKA PIELGRZYMKA K\u00d3\u0141 GOSPODY\u0143 WIEJSKICH Wrzesie\u0144 2021 6\" data-e-action-hash=\"#elementor-action%3Aaction%3Dlightbox%26settings%3DeyJpZCI6MzAxNjUsInVybCI6Imh0dHBzOlwvXC93d3cubGljaGVuLnBsXC93cC1jb250ZW50XC91cGxvYWRzXC8yMDIxXC8wOVwvMTEuLU9HT0xOT1BPTFNLQS1QSUVMR1JaWU1LQS1LT0wtR09TUE9EWU4tV0lFSlNLSUNILVdyemVzaWVuLTIwMjEtNi5qcGciLCJzbGlkZXNob3ciOiJjYTVmNDJlIn0%3D\">\n\t\t\t\t\t<div class=\"e-gallery-image elementor-gallery-item__image\" data-thumbnail=\"https:\/\/www.lichen.pl\/wp-content\/uploads\/2021\/09\/11.-OGOLNOPOLSKA-PIELGRZYMKA-KOL-GOSPODYN-WIEJSKICH-Wrzesien-2021-6-150x150.jpg\" data-width=\"150\" data-height=\"150\" aria-label=\"\" role=\"img\" ><\/div>\n\t\t\t\t\t\t\t\t\t\t\t<div class=\"elementor-gallery-item__overlay\"><\/div>\n\t\t\t\t\t\t\t\t\t\t\t\t\t\t<\/a>\n\t\t\t\t\t\t\t<a class=\"e-gallery-item elementor-gallery-item elementor-animated-content\" data-e-gallery-tags=\"1\" href=\"https:\/\/www.lichen.pl\/wp-content\/uploads\/2021\/09\/11.-OGOLNOPOLSKA-PIELGRZYMKA-KOL-GOSPODYN-WIEJSKICH-Wrzesien-2021-7.jpg\" data-elementor-open-lightbox=\"yes\" data-elementor-lightbox-slideshow=\"ca5f42e\" data-elementor-lightbox-title=\"11. OG\u00d3LNOPOLSKA PIELGRZYMKA K\u00d3\u0141 GOSPODY\u0143 WIEJSKICH Wrzesie\u0144 2021 7\" data-e-action-hash=\"#elementor-action%3Aaction%3Dlightbox%26settings%3DeyJpZCI6MzAxNzAsInVybCI6Imh0dHBzOlwvXC93d3cubGljaGVuLnBsXC93cC1jb250ZW50XC91cGxvYWRzXC8yMDIxXC8wOVwvMTEuLU9HT0xOT1BPTFNLQS1QSUVMR1JaWU1LQS1LT0wtR09TUE9EWU4tV0lFSlNLSUNILVdyemVzaWVuLTIwMjEtNy5qcGciLCJzbGlkZXNob3ciOiJjYTVmNDJlIn0%3D\">\n\t\t\t\t\t<div class=\"e-gallery-image elementor-gallery-item__image\" data-thumbnail=\"https:\/\/www.lichen.pl\/wp-content\/uploads\/2021\/09\/11.-OGOLNOPOLSKA-PIELGRZYMKA-KOL-GOSPODYN-WIEJSKICH-Wrzesien-2021-7-150x150.jpg\" data-width=\"150\" data-height=\"150\" aria-label=\"\" role=\"img\" ><\/div>\n\t\t\t\t\t\t\t\t\t\t\t<div class=\"elementor-gallery-item__overlay\"><\/div>\n\t\t\t\t\t\t\t\t\t\t\t\t\t\t<\/a>\n\t\t\t\t\t\t\t<a class=\"e-gallery-item elementor-gallery-item elementor-animated-content\" data-e-gallery-tags=\"1\" href=\"https:\/\/www.lichen.pl\/wp-content\/uploads\/2021\/09\/11.-OGOLNOPOLSKA-PIELGRZYMKA-KOL-GOSPODYN-WIEJSKICH-Wrzesien-2021-8.jpg\" data-elementor-open-lightbox=\"yes\" data-elementor-lightbox-slideshow=\"ca5f42e\" data-elementor-lightbox-title=\"11. OG\u00d3LNOPOLSKA PIELGRZYMKA K\u00d3\u0141 GOSPODY\u0143 WIEJSKICH Wrzesie\u0144 2021 8\" data-e-action-hash=\"#elementor-action%3Aaction%3Dlightbox%26settings%3DeyJpZCI6MzAxNzUsInVybCI6Imh0dHBzOlwvXC93d3cubGljaGVuLnBsXC93cC1jb250ZW50XC91cGxvYWRzXC8yMDIxXC8wOVwvMTEuLU9HT0xOT1BPTFNLQS1QSUVMR1JaWU1LQS1LT0wtR09TUE9EWU4tV0lFSlNLSUNILVdyemVzaWVuLTIwMjEtOC5qcGciLCJzbGlkZXNob3ciOiJjYTVmNDJlIn0%3D\">\n\t\t\t\t\t<div class=\"e-gallery-image elementor-gallery-item__image\" data-thumbnail=\"https:\/\/www.lichen.pl\/wp-content\/uploads\/2021\/09\/11.-OGOLNOPOLSKA-PIELGRZYMKA-KOL-GOSPODYN-WIEJSKICH-Wrzesien-2021-8-150x150.jpg\" data-width=\"150\" data-height=\"150\" aria-label=\"\" role=\"img\" ><\/div>\n\t\t\t\t\t\t\t\t\t\t\t<div class=\"elementor-gallery-item__overlay\"><\/div>\n\t\t\t\t\t\t\t\t\t\t\t\t\t\t<\/a>\n\t\t\t\t\t\t\t<a class=\"e-gallery-item elementor-gallery-item elementor-animated-content\" data-e-gallery-tags=\"1\" href=\"https:\/\/www.lichen.pl\/wp-content\/uploads\/2021\/09\/11.-OGOLNOPOLSKA-PIELGRZYMKA-KOL-GOSPODYN-WIEJSKICH-Wrzesien-2021-9.jpg\" data-elementor-open-lightbox=\"yes\" data-elementor-lightbox-slideshow=\"ca5f42e\" data-elementor-lightbox-title=\"11. OG\u00d3LNOPOLSKA PIELGRZYMKA K\u00d3\u0141 GOSPODY\u0143 WIEJSKICH Wrzesie\u0144 2021 9\" data-e-action-hash=\"#elementor-action%3Aaction%3Dlightbox%26settings%3DeyJpZCI6MzAxODAsInVybCI6Imh0dHBzOlwvXC93d3cubGljaGVuLnBsXC93cC1jb250ZW50XC91cGxvYWRzXC8yMDIxXC8wOVwvMTEuLU9HT0xOT1BPTFNLQS1QSUVMR1JaWU1LQS1LT0wtR09TUE9EWU4tV0lFSlNLSUNILVdyemVzaWVuLTIwMjEtOS5qcGciLCJzbGlkZXNob3ciOiJjYTVmNDJlIn0%3D\">\n\t\t\t\t\t<div class=\"e-gallery-image elementor-gallery-item__image\" data-thumbnail=\"https:\/\/www.lichen.pl\/wp-content\/uploads\/2021\/09\/11.-OGOLNOPOLSKA-PIELGRZYMKA-KOL-GOSPODYN-WIEJSKICH-Wrzesien-2021-9-150x150.jpg\" data-width=\"150\" data-height=\"150\" aria-label=\"\" role=\"img\" ><\/div>\n\t\t\t\t\t\t\t\t\t\t\t<div class=\"elementor-gallery-item__overlay\"><\/div>\n\t\t\t\t\t\t\t\t\t\t\t\t\t\t<\/a>\n\t\t\t\t\t\t\t<a class=\"e-gallery-item elementor-gallery-item elementor-animated-content\" data-e-gallery-tags=\"1\" href=\"https:\/\/www.lichen.pl\/wp-content\/uploads\/2021\/09\/11.-OGOLNOPOLSKA-PIELGRZYMKA-KOL-GOSPODYN-WIEJSKICH-Wrzesien-2021-10.jpg\" data-elementor-open-lightbox=\"yes\" data-elementor-lightbox-slideshow=\"ca5f42e\" data-elementor-lightbox-title=\"11. OG\u00d3LNOPOLSKA PIELGRZYMKA K\u00d3\u0141 GOSPODY\u0143 WIEJSKICH Wrzesie\u0144 2021 10\" data-e-action-hash=\"#elementor-action%3Aaction%3Dlightbox%26settings%3DeyJpZCI6MzAxODUsInVybCI6Imh0dHBzOlwvXC93d3cubGljaGVuLnBsXC93cC1jb250ZW50XC91cGxvYWRzXC8yMDIxXC8wOVwvMTEuLU9HT0xOT1BPTFNLQS1QSUVMR1JaWU1LQS1LT0wtR09TUE9EWU4tV0lFSlNLSUNILVdyemVzaWVuLTIwMjEtMTAuanBnIiwic2xpZGVzaG93IjoiY2E1ZjQyZSJ9\">\n\t\t\t\t\t<div class=\"e-gallery-image elementor-gallery-item__image\" data-thumbnail=\"https:\/\/www.lichen.pl\/wp-content\/uploads\/2021\/09\/11.-OGOLNOPOLSKA-PIELGRZYMKA-KOL-GOSPODYN-WIEJSKICH-Wrzesien-2021-10-150x150.jpg\" data-width=\"150\" data-height=\"150\" aria-label=\"\" role=\"img\" ><\/div>\n\t\t\t\t\t\t\t\t\t\t\t<div class=\"elementor-gallery-item__overlay\"><\/div>\n\t\t\t\t\t\t\t\t\t\t\t\t\t\t<\/a>\n\t\t\t\t\t\t\t<a class=\"e-gallery-item elementor-gallery-item elementor-animated-content\" data-e-gallery-tags=\"1\" href=\"https:\/\/www.lichen.pl\/wp-content\/uploads\/2021\/09\/11.-OGOLNOPOLSKA-PIELGRZYMKA-KOL-GOSPODYN-WIEJSKICH-Wrzesien-2021-11.jpg\" data-elementor-open-lightbox=\"yes\" data-elementor-lightbox-slideshow=\"ca5f42e\" data-elementor-lightbox-title=\"11. OG\u00d3LNOPOLSKA PIELGRZYMKA K\u00d3\u0141 GOSPODY\u0143 WIEJSKICH Wrzesie\u0144 2021 11\" data-e-action-hash=\"#elementor-action%3Aaction%3Dlightbox%26settings%3DeyJpZCI6MzAxOTAsInVybCI6Imh0dHBzOlwvXC93d3cubGljaGVuLnBsXC93cC1jb250ZW50XC91cGxvYWRzXC8yMDIxXC8wOVwvMTEuLU9HT0xOT1BPTFNLQS1QSUVMR1JaWU1LQS1LT0wtR09TUE9EWU4tV0lFSlNLSUNILVdyemVzaWVuLTIwMjEtMTEuanBnIiwic2xpZGVzaG93IjoiY2E1ZjQyZSJ9\">\n\t\t\t\t\t<div class=\"e-gallery-image elementor-gallery-item__image\" data-thumbnail=\"https:\/\/www.lichen.pl\/wp-content\/uploads\/2021\/09\/11.-OGOLNOPOLSKA-PIELGRZYMKA-KOL-GOSPODYN-WIEJSKICH-Wrzesien-2021-11-150x150.jpg\" data-width=\"150\" data-height=\"150\" aria-label=\"\" role=\"img\" ><\/div>\n\t\t\t\t\t\t\t\t\t\t\t<div class=\"elementor-gallery-item__overlay\"><\/div>\n\t\t\t\t\t\t\t\t\t\t\t\t\t\t<\/a>\n\t\t\t\t\t\t\t<a class=\"e-gallery-item elementor-gallery-item elementor-animated-content\" data-e-gallery-tags=\"1\" href=\"https:\/\/www.lichen.pl\/wp-content\/uploads\/2021\/09\/11.-OGOLNOPOLSKA-PIELGRZYMKA-KOL-GOSPODYN-WIEJSKICH-Wrzesien-2021-12.jpg\" data-elementor-open-lightbox=\"yes\" data-elementor-lightbox-slideshow=\"ca5f42e\" data-elementor-lightbox-title=\"11. OG\u00d3LNOPOLSKA PIELGRZYMKA K\u00d3\u0141 GOSPODY\u0143 WIEJSKICH Wrzesie\u0144 2021 12\" data-e-action-hash=\"#elementor-action%3Aaction%3Dlightbox%26settings%3DeyJpZCI6MzAxOTUsInVybCI6Imh0dHBzOlwvXC93d3cubGljaGVuLnBsXC93cC1jb250ZW50XC91cGxvYWRzXC8yMDIxXC8wOVwvMTEuLU9HT0xOT1BPTFNLQS1QSUVMR1JaWU1LQS1LT0wtR09TUE9EWU4tV0lFSlNLSUNILVdyemVzaWVuLTIwMjEtMTIuanBnIiwic2xpZGVzaG93IjoiY2E1ZjQyZSJ9\">\n\t\t\t\t\t<div class=\"e-gallery-image elementor-gallery-item__image\" data-thumbnail=\"https:\/\/www.lichen.pl\/wp-content\/uploads\/2021\/09\/11.-OGOLNOPOLSKA-PIELGRZYMKA-KOL-GOSPODYN-WIEJSKICH-Wrzesien-2021-12-150x150.jpg\" data-width=\"150\" data-height=\"150\" aria-label=\"\" role=\"img\" ><\/div>\n\t\t\t\t\t\t\t\t\t\t\t<div class=\"elementor-gallery-item__overlay\"><\/div>\n\t\t\t\t\t\t\t\t\t\t\t\t\t\t<\/a>\n\t\t\t\t\t\t\t<a class=\"e-gallery-item elementor-gallery-item elementor-animated-content\" data-e-gallery-tags=\"1\" href=\"https:\/\/www.lichen.pl\/wp-content\/uploads\/2021\/09\/11.-OGOLNOPOLSKA-PIELGRZYMKA-KOL-GOSPODYN-WIEJSKICH-Wrzesien-2021-13.jpg\" data-elementor-open-lightbox=\"yes\" data-elementor-lightbox-slideshow=\"ca5f42e\" data-elementor-lightbox-title=\"11. OG\u00d3LNOPOLSKA PIELGRZYMKA K\u00d3\u0141 GOSPODY\u0143 WIEJSKICH Wrzesie\u0144 2021 13\" data-e-action-hash=\"#elementor-action%3Aaction%3Dlightbox%26settings%3DeyJpZCI6MzAyMDAsInVybCI6Imh0dHBzOlwvXC93d3cubGljaGVuLnBsXC93cC1jb250ZW50XC91cGxvYWRzXC8yMDIxXC8wOVwvMTEuLU9HT0xOT1BPTFNLQS1QSUVMR1JaWU1LQS1LT0wtR09TUE9EWU4tV0lFSlNLSUNILVdyemVzaWVuLTIwMjEtMTMuanBnIiwic2xpZGVzaG93IjoiY2E1ZjQyZSJ9\">\n\t\t\t\t\t<div class=\"e-gallery-image elementor-gallery-item__image\" data-thumbnail=\"https:\/\/www.lichen.pl\/wp-content\/uploads\/2021\/09\/11.-OGOLNOPOLSKA-PIELGRZYMKA-KOL-GOSPODYN-WIEJSKICH-Wrzesien-2021-13-150x150.jpg\" data-width=\"150\" data-height=\"150\" aria-label=\"\" role=\"img\" ><\/div>\n\t\t\t\t\t\t\t\t\t\t\t<div class=\"elementor-gallery-item__overlay\"><\/div>\n\t\t\t\t\t\t\t\t\t\t\t\t\t\t<\/a>\n\t\t\t\t\t\t\t<a class=\"e-gallery-item elementor-gallery-item elementor-animated-content\" data-e-gallery-tags=\"1\" href=\"https:\/\/www.lichen.pl\/wp-content\/uploads\/2021\/09\/11.-OGOLNOPOLSKA-PIELGRZYMKA-KOL-GOSPODYN-WIEJSKICH-Wrzesien-2021-14.jpg\" data-elementor-open-lightbox=\"yes\" data-elementor-lightbox-slideshow=\"ca5f42e\" data-elementor-lightbox-title=\"11. OG\u00d3LNOPOLSKA PIELGRZYMKA K\u00d3\u0141 GOSPODY\u0143 WIEJSKICH Wrzesie\u0144 2021 14\" data-e-action-hash=\"#elementor-action%3Aaction%3Dlightbox%26settings%3DeyJpZCI6MzAyMDUsInVybCI6Imh0dHBzOlwvXC93d3cubGljaGVuLnBsXC93cC1jb250ZW50XC91cGxvYWRzXC8yMDIxXC8wOVwvMTEuLU9HT0xOT1BPTFNLQS1QSUVMR1JaWU1LQS1LT0wtR09TUE9EWU4tV0lFSlNLSUNILVdyemVzaWVuLTIwMjEtMTQuanBnIiwic2xpZGVzaG93IjoiY2E1ZjQyZSJ9\">\n\t\t\t\t\t<div class=\"e-gallery-image elementor-gallery-item__image\" data-thumbnail=\"https:\/\/www.lichen.pl\/wp-content\/uploads\/2021\/09\/11.-OGOLNOPOLSKA-PIELGRZYMKA-KOL-GOSPODYN-WIEJSKICH-Wrzesien-2021-14-150x150.jpg\" data-width=\"150\" data-height=\"150\" aria-label=\"\" role=\"img\" ><\/div>\n\t\t\t\t\t\t\t\t\t\t\t<div class=\"elementor-gallery-item__overlay\"><\/div>\n\t\t\t\t\t\t\t\t\t\t\t\t\t\t<\/a>\n\t\t\t\t\t\t\t<a class=\"e-gallery-item elementor-gallery-item elementor-animated-content\" data-e-gallery-tags=\"1\" href=\"https:\/\/www.lichen.pl\/wp-content\/uploads\/2021\/09\/11.-OGOLNOPOLSKA-PIELGRZYMKA-KOL-GOSPODYN-WIEJSKICH-Wrzesien-2021-15.jpg\" data-elementor-open-lightbox=\"yes\" data-elementor-lightbox-slideshow=\"ca5f42e\" data-elementor-lightbox-title=\"11. OG\u00d3LNOPOLSKA PIELGRZYMKA K\u00d3\u0141 GOSPODY\u0143 WIEJSKICH Wrzesie\u0144 2021 15\" data-e-action-hash=\"#elementor-action%3Aaction%3Dlightbox%26settings%3DeyJpZCI6MzAyMTAsInVybCI6Imh0dHBzOlwvXC93d3cubGljaGVuLnBsXC93cC1jb250ZW50XC91cGxvYWRzXC8yMDIxXC8wOVwvMTEuLU9HT0xOT1BPTFNLQS1QSUVMR1JaWU1LQS1LT0wtR09TUE9EWU4tV0lFSlNLSUNILVdyemVzaWVuLTIwMjEtMTUuanBnIiwic2xpZGVzaG93IjoiY2E1ZjQyZSJ9\">\n\t\t\t\t\t<div class=\"e-gallery-image elementor-gallery-item__image\" data-thumbnail=\"https:\/\/www.lichen.pl\/wp-content\/uploads\/2021\/09\/11.-OGOLNOPOLSKA-PIELGRZYMKA-KOL-GOSPODYN-WIEJSKICH-Wrzesien-2021-15-150x150.jpg\" data-width=\"150\" data-height=\"150\" aria-label=\"\" role=\"img\" ><\/div>\n\t\t\t\t\t\t\t\t\t\t\t<div class=\"elementor-gallery-item__overlay\"><\/div>\n\t\t\t\t\t\t\t\t\t\t\t\t\t\t<\/a>\n\t\t\t\t\t\t\t<a class=\"e-gallery-item elementor-gallery-item elementor-animated-content\" data-e-gallery-tags=\"1\" href=\"https:\/\/www.lichen.pl\/wp-content\/uploads\/2021\/09\/11.-OGOLNOPOLSKA-PIELGRZYMKA-KOL-GOSPODYN-WIEJSKICH-Wrzesien-2021-16.jpg\" data-elementor-open-lightbox=\"yes\" data-elementor-lightbox-slideshow=\"ca5f42e\" data-elementor-lightbox-title=\"11. OG\u00d3LNOPOLSKA PIELGRZYMKA K\u00d3\u0141 GOSPODY\u0143 WIEJSKICH Wrzesie\u0144 2021 16\" data-e-action-hash=\"#elementor-action%3Aaction%3Dlightbox%26settings%3DeyJpZCI6MzAyMTUsInVybCI6Imh0dHBzOlwvXC93d3cubGljaGVuLnBsXC93cC1jb250ZW50XC91cGxvYWRzXC8yMDIxXC8wOVwvMTEuLU9HT0xOT1BPTFNLQS1QSUVMR1JaWU1LQS1LT0wtR09TUE9EWU4tV0lFSlNLSUNILVdyemVzaWVuLTIwMjEtMTYuanBnIiwic2xpZGVzaG93IjoiY2E1ZjQyZSJ9\">\n\t\t\t\t\t<div class=\"e-gallery-image elementor-gallery-item__image\" data-thumbnail=\"https:\/\/www.lichen.pl\/wp-content\/uploads\/2021\/09\/11.-OGOLNOPOLSKA-PIELGRZYMKA-KOL-GOSPODYN-WIEJSKICH-Wrzesien-2021-16-150x150.jpg\" data-width=\"150\" data-height=\"150\" aria-label=\"\" role=\"img\" ><\/div>\n\t\t\t\t\t\t\t\t\t\t\t<div class=\"elementor-gallery-item__overlay\"><\/div>\n\t\t\t\t\t\t\t\t\t\t\t\t\t\t<\/a>\n\t\t\t\t\t\t\t<a class=\"e-gallery-item elementor-gallery-item elementor-animated-content\" data-e-gallery-tags=\"1\" href=\"https:\/\/www.lichen.pl\/wp-content\/uploads\/2021\/09\/11.-OGOLNOPOLSKA-PIELGRZYMKA-KOL-GOSPODYN-WIEJSKICH-Wrzesien-2021-17.jpg\" data-elementor-open-lightbox=\"yes\" data-elementor-lightbox-slideshow=\"ca5f42e\" data-elementor-lightbox-title=\"11. OG\u00d3LNOPOLSKA PIELGRZYMKA K\u00d3\u0141 GOSPODY\u0143 WIEJSKICH Wrzesie\u0144 2021 17\" data-e-action-hash=\"#elementor-action%3Aaction%3Dlightbox%26settings%3DeyJpZCI6MzAyMjAsInVybCI6Imh0dHBzOlwvXC93d3cubGljaGVuLnBsXC93cC1jb250ZW50XC91cGxvYWRzXC8yMDIxXC8wOVwvMTEuLU9HT0xOT1BPTFNLQS1QSUVMR1JaWU1LQS1LT0wtR09TUE9EWU4tV0lFSlNLSUNILVdyemVzaWVuLTIwMjEtMTcuanBnIiwic2xpZGVzaG93IjoiY2E1ZjQyZSJ9\">\n\t\t\t\t\t<div class=\"e-gallery-image elementor-gallery-item__image\" data-thumbnail=\"https:\/\/www.lichen.pl\/wp-content\/uploads\/2021\/09\/11.-OGOLNOPOLSKA-PIELGRZYMKA-KOL-GOSPODYN-WIEJSKICH-Wrzesien-2021-17-150x150.jpg\" data-width=\"150\" data-height=\"150\" aria-label=\"\" role=\"img\" ><\/div>\n\t\t\t\t\t\t\t\t\t\t\t<div class=\"elementor-gallery-item__overlay\"><\/div>\n\t\t\t\t\t\t\t\t\t\t\t\t\t\t<\/a>\n\t\t\t\t\t\t\t<a class=\"e-gallery-item elementor-gallery-item elementor-animated-content\" data-e-gallery-tags=\"1\" href=\"https:\/\/www.lichen.pl\/wp-content\/uploads\/2021\/09\/11.-OGOLNOPOLSKA-PIELGRZYMKA-KOL-GOSPODYN-WIEJSKICH-Wrzesien-2021-18.jpg\" data-elementor-open-lightbox=\"yes\" data-elementor-lightbox-slideshow=\"ca5f42e\" data-elementor-lightbox-title=\"11. OG\u00d3LNOPOLSKA PIELGRZYMKA K\u00d3\u0141 GOSPODY\u0143 WIEJSKICH Wrzesie\u0144 2021 18\" data-e-action-hash=\"#elementor-action%3Aaction%3Dlightbox%26settings%3DeyJpZCI6MzAyMjUsInVybCI6Imh0dHBzOlwvXC93d3cubGljaGVuLnBsXC93cC1jb250ZW50XC91cGxvYWRzXC8yMDIxXC8wOVwvMTEuLU9HT0xOT1BPTFNLQS1QSUVMR1JaWU1LQS1LT0wtR09TUE9EWU4tV0lFSlNLSUNILVdyemVzaWVuLTIwMjEtMTguanBnIiwic2xpZGVzaG93IjoiY2E1ZjQyZSJ9\">\n\t\t\t\t\t<div class=\"e-gallery-image elementor-gallery-item__image\" data-thumbnail=\"https:\/\/www.lichen.pl\/wp-content\/uploads\/2021\/09\/11.-OGOLNOPOLSKA-PIELGRZYMKA-KOL-GOSPODYN-WIEJSKICH-Wrzesien-2021-18-150x150.jpg\" data-width=\"150\" data-height=\"150\" aria-label=\"\" role=\"img\" ><\/div>\n\t\t\t\t\t\t\t\t\t\t\t<div class=\"elementor-gallery-item__overlay\"><\/div>\n\t\t\t\t\t\t\t\t\t\t\t\t\t\t<\/a>\n\t\t\t\t\t\t\t<a class=\"e-gallery-item elementor-gallery-item elementor-animated-content\" data-e-gallery-tags=\"1\" href=\"https:\/\/www.lichen.pl\/wp-content\/uploads\/2021\/09\/11.-OGOLNOPOLSKA-PIELGRZYMKA-KOL-GOSPODYN-WIEJSKICH-Wrzesien-2021-19.jpg\" data-elementor-open-lightbox=\"yes\" data-elementor-lightbox-slideshow=\"ca5f42e\" data-elementor-lightbox-title=\"11. OG\u00d3LNOPOLSKA PIELGRZYMKA K\u00d3\u0141 GOSPODY\u0143 WIEJSKICH Wrzesie\u0144 2021 19\" data-e-action-hash=\"#elementor-action%3Aaction%3Dlightbox%26settings%3DeyJpZCI6MzAyMzAsInVybCI6Imh0dHBzOlwvXC93d3cubGljaGVuLnBsXC93cC1jb250ZW50XC91cGxvYWRzXC8yMDIxXC8wOVwvMTEuLU9HT0xOT1BPTFNLQS1QSUVMR1JaWU1LQS1LT0wtR09TUE9EWU4tV0lFSlNLSUNILVdyemVzaWVuLTIwMjEtMTkuanBnIiwic2xpZGVzaG93IjoiY2E1ZjQyZSJ9\">\n\t\t\t\t\t<div class=\"e-gallery-image elementor-gallery-item__image\" data-thumbnail=\"https:\/\/www.lichen.pl\/wp-content\/uploads\/2021\/09\/11.-OGOLNOPOLSKA-PIELGRZYMKA-KOL-GOSPODYN-WIEJSKICH-Wrzesien-2021-19-150x150.jpg\" data-width=\"150\" data-height=\"150\" aria-label=\"\" role=\"img\" ><\/div>\n\t\t\t\t\t\t\t\t\t\t\t<div class=\"elementor-gallery-item__overlay\"><\/div>\n\t\t\t\t\t\t\t\t\t\t\t\t\t\t<\/a>\n\t\t\t\t\t\t\t<a class=\"e-gallery-item elementor-gallery-item elementor-animated-content\" data-e-gallery-tags=\"1\" href=\"https:\/\/www.lichen.pl\/wp-content\/uploads\/2021\/09\/11.-OGOLNOPOLSKA-PIELGRZYMKA-KOL-GOSPODYN-WIEJSKICH-Wrzesien-2021-20.jpg\" data-elementor-open-lightbox=\"yes\" data-elementor-lightbox-slideshow=\"ca5f42e\" data-elementor-lightbox-title=\"11. OG\u00d3LNOPOLSKA PIELGRZYMKA K\u00d3\u0141 GOSPODY\u0143 WIEJSKICH Wrzesie\u0144 2021 20\" data-e-action-hash=\"#elementor-action%3Aaction%3Dlightbox%26settings%3DeyJpZCI6MzAyMzUsInVybCI6Imh0dHBzOlwvXC93d3cubGljaGVuLnBsXC93cC1jb250ZW50XC91cGxvYWRzXC8yMDIxXC8wOVwvMTEuLU9HT0xOT1BPTFNLQS1QSUVMR1JaWU1LQS1LT0wtR09TUE9EWU4tV0lFSlNLSUNILVdyemVzaWVuLTIwMjEtMjAuanBnIiwic2xpZGVzaG93IjoiY2E1ZjQyZSJ9\">\n\t\t\t\t\t<div class=\"e-gallery-image elementor-gallery-item__image\" data-thumbnail=\"https:\/\/www.lichen.pl\/wp-content\/uploads\/2021\/09\/11.-OGOLNOPOLSKA-PIELGRZYMKA-KOL-GOSPODYN-WIEJSKICH-Wrzesien-2021-20-150x150.jpg\" data-width=\"150\" data-height=\"150\" aria-label=\"\" role=\"img\" ><\/div>\n\t\t\t\t\t\t\t\t\t\t\t<div class=\"elementor-gallery-item__overlay\"><\/div>\n\t\t\t\t\t\t\t\t\t\t\t\t\t\t<\/a>\n\t\t\t\t\t\t\t<a class=\"e-gallery-item elementor-gallery-item elementor-animated-content\" data-e-gallery-tags=\"1\" href=\"https:\/\/www.lichen.pl\/wp-content\/uploads\/2021\/09\/11.-OGOLNOPOLSKA-PIELGRZYMKA-KOL-GOSPODYN-WIEJSKICH-Wrzesien-2021-21.jpg\" data-elementor-open-lightbox=\"yes\" data-elementor-lightbox-slideshow=\"ca5f42e\" data-elementor-lightbox-title=\"11. OG\u00d3LNOPOLSKA PIELGRZYMKA K\u00d3\u0141 GOSPODY\u0143 WIEJSKICH Wrzesie\u0144 2021 21\" data-e-action-hash=\"#elementor-action%3Aaction%3Dlightbox%26settings%3DeyJpZCI6MzAyNDAsInVybCI6Imh0dHBzOlwvXC93d3cubGljaGVuLnBsXC93cC1jb250ZW50XC91cGxvYWRzXC8yMDIxXC8wOVwvMTEuLU9HT0xOT1BPTFNLQS1QSUVMR1JaWU1LQS1LT0wtR09TUE9EWU4tV0lFSlNLSUNILVdyemVzaWVuLTIwMjEtMjEuanBnIiwic2xpZGVzaG93IjoiY2E1ZjQyZSJ9\">\n\t\t\t\t\t<div class=\"e-gallery-image elementor-gallery-item__image\" data-thumbnail=\"https:\/\/www.lichen.pl\/wp-content\/uploads\/2021\/09\/11.-OGOLNOPOLSKA-PIELGRZYMKA-KOL-GOSPODYN-WIEJSKICH-Wrzesien-2021-21-150x150.jpg\" data-width=\"150\" data-height=\"150\" aria-label=\"\" role=\"img\" ><\/div>\n\t\t\t\t\t\t\t\t\t\t\t<div class=\"elementor-gallery-item__overlay\"><\/div>\n\t\t\t\t\t\t\t\t\t\t\t\t\t\t<\/a>\n\t\t\t\t\t\t\t<a class=\"e-gallery-item elementor-gallery-item elementor-animated-content\" data-e-gallery-tags=\"1\" href=\"https:\/\/www.lichen.pl\/wp-content\/uploads\/2021\/09\/11.-OGOLNOPOLSKA-PIELGRZYMKA-KOL-GOSPODYN-WIEJSKICH-Wrzesien-2021-22.jpg\" data-elementor-open-lightbox=\"yes\" data-elementor-lightbox-slideshow=\"ca5f42e\" data-elementor-lightbox-title=\"11. OG\u00d3LNOPOLSKA PIELGRZYMKA K\u00d3\u0141 GOSPODY\u0143 WIEJSKICH Wrzesie\u0144 2021 22\" data-e-action-hash=\"#elementor-action%3Aaction%3Dlightbox%26settings%3DeyJpZCI6MzAyNDUsInVybCI6Imh0dHBzOlwvXC93d3cubGljaGVuLnBsXC93cC1jb250ZW50XC91cGxvYWRzXC8yMDIxXC8wOVwvMTEuLU9HT0xOT1BPTFNLQS1QSUVMR1JaWU1LQS1LT0wtR09TUE9EWU4tV0lFSlNLSUNILVdyemVzaWVuLTIwMjEtMjIuanBnIiwic2xpZGVzaG93IjoiY2E1ZjQyZSJ9\">\n\t\t\t\t\t<div class=\"e-gallery-image elementor-gallery-item__image\" data-thumbnail=\"https:\/\/www.lichen.pl\/wp-content\/uploads\/2021\/09\/11.-OGOLNOPOLSKA-PIELGRZYMKA-KOL-GOSPODYN-WIEJSKICH-Wrzesien-2021-22-150x150.jpg\" data-width=\"150\" data-height=\"150\" aria-label=\"\" role=\"img\" ><\/div>\n\t\t\t\t\t\t\t\t\t\t\t<div class=\"elementor-gallery-item__overlay\"><\/div>\n\t\t\t\t\t\t\t\t\t\t\t\t\t\t<\/a>\n\t\t\t\t\t\t\t<a class=\"e-gallery-item elementor-gallery-item elementor-animated-content\" data-e-gallery-tags=\"1\" href=\"https:\/\/www.lichen.pl\/wp-content\/uploads\/2021\/09\/11.-OGOLNOPOLSKA-PIELGRZYMKA-KOL-GOSPODYN-WIEJSKICH-Wrzesien-2021-23.jpg\" data-elementor-open-lightbox=\"yes\" data-elementor-lightbox-slideshow=\"ca5f42e\" data-elementor-lightbox-title=\"11. OG\u00d3LNOPOLSKA PIELGRZYMKA K\u00d3\u0141 GOSPODY\u0143 WIEJSKICH Wrzesie\u0144 2021 23\" data-e-action-hash=\"#elementor-action%3Aaction%3Dlightbox%26settings%3DeyJpZCI6MzAyNTAsInVybCI6Imh0dHBzOlwvXC93d3cubGljaGVuLnBsXC93cC1jb250ZW50XC91cGxvYWRzXC8yMDIxXC8wOVwvMTEuLU9HT0xOT1BPTFNLQS1QSUVMR1JaWU1LQS1LT0wtR09TUE9EWU4tV0lFSlNLSUNILVdyemVzaWVuLTIwMjEtMjMuanBnIiwic2xpZGVzaG93IjoiY2E1ZjQyZSJ9\">\n\t\t\t\t\t<div class=\"e-gallery-image elementor-gallery-item__image\" data-thumbnail=\"https:\/\/www.lichen.pl\/wp-content\/uploads\/2021\/09\/11.-OGOLNOPOLSKA-PIELGRZYMKA-KOL-GOSPODYN-WIEJSKICH-Wrzesien-2021-23-150x150.jpg\" data-width=\"150\" data-height=\"150\" aria-label=\"\" role=\"img\" ><\/div>\n\t\t\t\t\t\t\t\t\t\t\t<div class=\"elementor-gallery-item__overlay\"><\/div>\n\t\t\t\t\t\t\t\t\t\t\t\t\t\t<\/a>\n\t\t\t\t\t\t\t<a class=\"e-gallery-item elementor-gallery-item elementor-animated-content\" data-e-gallery-tags=\"1\" href=\"https:\/\/www.lichen.pl\/wp-content\/uploads\/2021\/09\/11.-OGOLNOPOLSKA-PIELGRZYMKA-KOL-GOSPODYN-WIEJSKICH-Wrzesien-2021-24.jpg\" data-elementor-open-lightbox=\"yes\" data-elementor-lightbox-slideshow=\"ca5f42e\" data-elementor-lightbox-title=\"11. OG\u00d3LNOPOLSKA PIELGRZYMKA K\u00d3\u0141 GOSPODY\u0143 WIEJSKICH Wrzesie\u0144 2021 24\" data-e-action-hash=\"#elementor-action%3Aaction%3Dlightbox%26settings%3DeyJpZCI6MzAyNTUsInVybCI6Imh0dHBzOlwvXC93d3cubGljaGVuLnBsXC93cC1jb250ZW50XC91cGxvYWRzXC8yMDIxXC8wOVwvMTEuLU9HT0xOT1BPTFNLQS1QSUVMR1JaWU1LQS1LT0wtR09TUE9EWU4tV0lFSlNLSUNILVdyemVzaWVuLTIwMjEtMjQuanBnIiwic2xpZGVzaG93IjoiY2E1ZjQyZSJ9\">\n\t\t\t\t\t<div class=\"e-gallery-image elementor-gallery-item__image\" data-thumbnail=\"https:\/\/www.lichen.pl\/wp-content\/uploads\/2021\/09\/11.-OGOLNOPOLSKA-PIELGRZYMKA-KOL-GOSPODYN-WIEJSKICH-Wrzesien-2021-24-150x150.jpg\" data-width=\"150\" data-height=\"150\" aria-label=\"\" role=\"img\" ><\/div>\n\t\t\t\t\t\t\t\t\t\t\t<div class=\"elementor-gallery-item__overlay\"><\/div>\n\t\t\t\t\t\t\t\t\t\t\t\t\t\t<\/a>\n\t\t\t\t\t\t\t<a class=\"e-gallery-item elementor-gallery-item elementor-animated-content\" data-e-gallery-tags=\"1\" href=\"https:\/\/www.lichen.pl\/wp-content\/uploads\/2021\/09\/11.-OGOLNOPOLSKA-PIELGRZYMKA-KOL-GOSPODYN-WIEJSKICH-Wrzesien-2021-25.jpg\" data-elementor-open-lightbox=\"yes\" data-elementor-lightbox-slideshow=\"ca5f42e\" data-elementor-lightbox-title=\"11. OG\u00d3LNOPOLSKA PIELGRZYMKA K\u00d3\u0141 GOSPODY\u0143 WIEJSKICH Wrzesie\u0144 2021 25\" data-e-action-hash=\"#elementor-action%3Aaction%3Dlightbox%26settings%3DeyJpZCI6MzAyNjAsInVybCI6Imh0dHBzOlwvXC93d3cubGljaGVuLnBsXC93cC1jb250ZW50XC91cGxvYWRzXC8yMDIxXC8wOVwvMTEuLU9HT0xOT1BPTFNLQS1QSUVMR1JaWU1LQS1LT0wtR09TUE9EWU4tV0lFSlNLSUNILVdyemVzaWVuLTIwMjEtMjUuanBnIiwic2xpZGVzaG93IjoiY2E1ZjQyZSJ9\">\n\t\t\t\t\t<div class=\"e-gallery-image elementor-gallery-item__image\" data-thumbnail=\"https:\/\/www.lichen.pl\/wp-content\/uploads\/2021\/09\/11.-OGOLNOPOLSKA-PIELGRZYMKA-KOL-GOSPODYN-WIEJSKICH-Wrzesien-2021-25-150x150.jpg\" data-width=\"150\" data-height=\"150\" aria-label=\"\" role=\"img\" ><\/div>\n\t\t\t\t\t\t\t\t\t\t\t<div class=\"elementor-gallery-item__overlay\"><\/div>\n\t\t\t\t\t\t\t\t\t\t\t\t\t\t<\/a>\n\t\t\t\t\t\t\t<a class=\"e-gallery-item elementor-gallery-item elementor-animated-content\" data-e-gallery-tags=\"1\" href=\"https:\/\/www.lichen.pl\/wp-content\/uploads\/2021\/09\/11.-OGOLNOPOLSKA-PIELGRZYMKA-KOL-GOSPODYN-WIEJSKICH-Wrzesien-2021-26.jpg\" data-elementor-open-lightbox=\"yes\" data-elementor-lightbox-slideshow=\"ca5f42e\" data-elementor-lightbox-title=\"11. OG\u00d3LNOPOLSKA PIELGRZYMKA K\u00d3\u0141 GOSPODY\u0143 WIEJSKICH Wrzesie\u0144 2021 26\" data-e-action-hash=\"#elementor-action%3Aaction%3Dlightbox%26settings%3DeyJpZCI6MzAyNjUsInVybCI6Imh0dHBzOlwvXC93d3cubGljaGVuLnBsXC93cC1jb250ZW50XC91cGxvYWRzXC8yMDIxXC8wOVwvMTEuLU9HT0xOT1BPTFNLQS1QSUVMR1JaWU1LQS1LT0wtR09TUE9EWU4tV0lFSlNLSUNILVdyemVzaWVuLTIwMjEtMjYuanBnIiwic2xpZGVzaG93IjoiY2E1ZjQyZSJ9\">\n\t\t\t\t\t<div class=\"e-gallery-image elementor-gallery-item__image\" data-thumbnail=\"https:\/\/www.lichen.pl\/wp-content\/uploads\/2021\/09\/11.-OGOLNOPOLSKA-PIELGRZYMKA-KOL-GOSPODYN-WIEJSKICH-Wrzesien-2021-26-150x150.jpg\" data-width=\"150\" data-height=\"150\" aria-label=\"\" role=\"img\" ><\/div>\n\t\t\t\t\t\t\t\t\t\t\t<div class=\"elementor-gallery-item__overlay\"><\/div>\n\t\t\t\t\t\t\t\t\t\t\t\t\t\t<\/a>\n\t\t\t\t\t\t\t<a class=\"e-gallery-item elementor-gallery-item elementor-animated-content\" data-e-gallery-tags=\"1\" href=\"https:\/\/www.lichen.pl\/wp-content\/uploads\/2021\/09\/11.-OGOLNOPOLSKA-PIELGRZYMKA-KOL-GOSPODYN-WIEJSKICH-Wrzesien-2021-27.jpg\" data-elementor-open-lightbox=\"yes\" data-elementor-lightbox-slideshow=\"ca5f42e\" data-elementor-lightbox-title=\"11. OG\u00d3LNOPOLSKA PIELGRZYMKA K\u00d3\u0141 GOSPODY\u0143 WIEJSKICH Wrzesie\u0144 2021 27\" data-e-action-hash=\"#elementor-action%3Aaction%3Dlightbox%26settings%3DeyJpZCI6MzAyNzAsInVybCI6Imh0dHBzOlwvXC93d3cubGljaGVuLnBsXC93cC1jb250ZW50XC91cGxvYWRzXC8yMDIxXC8wOVwvMTEuLU9HT0xOT1BPTFNLQS1QSUVMR1JaWU1LQS1LT0wtR09TUE9EWU4tV0lFSlNLSUNILVdyemVzaWVuLTIwMjEtMjcuanBnIiwic2xpZGVzaG93IjoiY2E1ZjQyZSJ9\">\n\t\t\t\t\t<div class=\"e-gallery-image elementor-gallery-item__image\" data-thumbnail=\"https:\/\/www.lichen.pl\/wp-content\/uploads\/2021\/09\/11.-OGOLNOPOLSKA-PIELGRZYMKA-KOL-GOSPODYN-WIEJSKICH-Wrzesien-2021-27-150x150.jpg\" data-width=\"150\" data-height=\"150\" aria-label=\"\" role=\"img\" ><\/div>\n\t\t\t\t\t\t\t\t\t\t\t<div class=\"elementor-gallery-item__overlay\"><\/div>\n\t\t\t\t\t\t\t\t\t\t\t\t\t\t<\/a>\n\t\t\t\t\t\t\t<a class=\"e-gallery-item elementor-gallery-item elementor-animated-content\" data-e-gallery-tags=\"1\" href=\"https:\/\/www.lichen.pl\/wp-content\/uploads\/2021\/09\/11.-OGOLNOPOLSKA-PIELGRZYMKA-KOL-GOSPODYN-WIEJSKICH-Wrzesien-2021-28.jpg\" data-elementor-open-lightbox=\"yes\" data-elementor-lightbox-slideshow=\"ca5f42e\" data-elementor-lightbox-title=\"11. OG\u00d3LNOPOLSKA PIELGRZYMKA K\u00d3\u0141 GOSPODY\u0143 WIEJSKICH Wrzesie\u0144 2021 28\" data-e-action-hash=\"#elementor-action%3Aaction%3Dlightbox%26settings%3DeyJpZCI6MzAyNzUsInVybCI6Imh0dHBzOlwvXC93d3cubGljaGVuLnBsXC93cC1jb250ZW50XC91cGxvYWRzXC8yMDIxXC8wOVwvMTEuLU9HT0xOT1BPTFNLQS1QSUVMR1JaWU1LQS1LT0wtR09TUE9EWU4tV0lFSlNLSUNILVdyemVzaWVuLTIwMjEtMjguanBnIiwic2xpZGVzaG93IjoiY2E1ZjQyZSJ9\">\n\t\t\t\t\t<div class=\"e-gallery-image elementor-gallery-item__image\" data-thumbnail=\"https:\/\/www.lichen.pl\/wp-content\/uploads\/2021\/09\/11.-OGOLNOPOLSKA-PIELGRZYMKA-KOL-GOSPODYN-WIEJSKICH-Wrzesien-2021-28-150x150.jpg\" data-width=\"150\" data-height=\"150\" aria-label=\"\" role=\"img\" ><\/div>\n\t\t\t\t\t\t\t\t\t\t\t<div class=\"elementor-gallery-item__overlay\"><\/div>\n\t\t\t\t\t\t\t\t\t\t\t\t\t\t<\/a>\n\t\t\t\t\t\t\t<a class=\"e-gallery-item elementor-gallery-item elementor-animated-content\" data-e-gallery-tags=\"1\" href=\"https:\/\/www.lichen.pl\/wp-content\/uploads\/2021\/09\/11.-OGOLNOPOLSKA-PIELGRZYMKA-KOL-GOSPODYN-WIEJSKICH-Wrzesien-2021-29.jpg\" data-elementor-open-lightbox=\"yes\" data-elementor-lightbox-slideshow=\"ca5f42e\" data-elementor-lightbox-title=\"11. OG\u00d3LNOPOLSKA PIELGRZYMKA K\u00d3\u0141 GOSPODY\u0143 WIEJSKICH Wrzesie\u0144 2021 29\" data-e-action-hash=\"#elementor-action%3Aaction%3Dlightbox%26settings%3DeyJpZCI6MzAyODAsInVybCI6Imh0dHBzOlwvXC93d3cubGljaGVuLnBsXC93cC1jb250ZW50XC91cGxvYWRzXC8yMDIxXC8wOVwvMTEuLU9HT0xOT1BPTFNLQS1QSUVMR1JaWU1LQS1LT0wtR09TUE9EWU4tV0lFSlNLSUNILVdyemVzaWVuLTIwMjEtMjkuanBnIiwic2xpZGVzaG93IjoiY2E1ZjQyZSJ9\">\n\t\t\t\t\t<div class=\"e-gallery-image elementor-gallery-item__image\" data-thumbnail=\"https:\/\/www.lichen.pl\/wp-content\/uploads\/2021\/09\/11.-OGOLNOPOLSKA-PIELGRZYMKA-KOL-GOSPODYN-WIEJSKICH-Wrzesien-2021-29-150x150.jpg\" data-width=\"150\" data-height=\"150\" aria-label=\"\" role=\"img\" ><\/div>\n\t\t\t\t\t\t\t\t\t\t\t<div class=\"elementor-gallery-item__overlay\"><\/div>\n\t\t\t\t\t\t\t\t\t\t\t\t\t\t<\/a>\n\t\t\t\t\t\t\t<a class=\"e-gallery-item elementor-gallery-item elementor-animated-content\" data-e-gallery-tags=\"1\" href=\"https:\/\/www.lichen.pl\/wp-content\/uploads\/2021\/09\/11.-OGOLNOPOLSKA-PIELGRZYMKA-KOL-GOSPODYN-WIEJSKICH-Wrzesien-2021-30.jpg\" data-elementor-open-lightbox=\"yes\" data-elementor-lightbox-slideshow=\"ca5f42e\" data-elementor-lightbox-title=\"11. OG\u00d3LNOPOLSKA PIELGRZYMKA K\u00d3\u0141 GOSPODY\u0143 WIEJSKICH Wrzesie\u0144 2021 30\" data-e-action-hash=\"#elementor-action%3Aaction%3Dlightbox%26settings%3DeyJpZCI6MzAyODUsInVybCI6Imh0dHBzOlwvXC93d3cubGljaGVuLnBsXC93cC1jb250ZW50XC91cGxvYWRzXC8yMDIxXC8wOVwvMTEuLU9HT0xOT1BPTFNLQS1QSUVMR1JaWU1LQS1LT0wtR09TUE9EWU4tV0lFSlNLSUNILVdyemVzaWVuLTIwMjEtMzAuanBnIiwic2xpZGVzaG93IjoiY2E1ZjQyZSJ9\">\n\t\t\t\t\t<div class=\"e-gallery-image elementor-gallery-item__image\" data-thumbnail=\"https:\/\/www.lichen.pl\/wp-content\/uploads\/2021\/09\/11.-OGOLNOPOLSKA-PIELGRZYMKA-KOL-GOSPODYN-WIEJSKICH-Wrzesien-2021-30-150x150.jpg\" data-width=\"150\" data-height=\"150\" aria-label=\"\" role=\"img\" ><\/div>\n\t\t\t\t\t\t\t\t\t\t\t<div class=\"elementor-gallery-item__overlay\"><\/div>\n\t\t\t\t\t\t\t\t\t\t\t\t\t\t<\/a>\n\t\t\t\t\t\t\t<a class=\"e-gallery-item elementor-gallery-item elementor-animated-content\" data-e-gallery-tags=\"1\" href=\"https:\/\/www.lichen.pl\/wp-content\/uploads\/2021\/09\/11.-OGOLNOPOLSKA-PIELGRZYMKA-KOL-GOSPODYN-WIEJSKICH-Wrzesien-2021-31.jpg\" data-elementor-open-lightbox=\"yes\" data-elementor-lightbox-slideshow=\"ca5f42e\" data-elementor-lightbox-title=\"11. OG\u00d3LNOPOLSKA PIELGRZYMKA K\u00d3\u0141 GOSPODY\u0143 WIEJSKICH Wrzesie\u0144 2021 31\" data-e-action-hash=\"#elementor-action%3Aaction%3Dlightbox%26settings%3DeyJpZCI6MzAyOTAsInVybCI6Imh0dHBzOlwvXC93d3cubGljaGVuLnBsXC93cC1jb250ZW50XC91cGxvYWRzXC8yMDIxXC8wOVwvMTEuLU9HT0xOT1BPTFNLQS1QSUVMR1JaWU1LQS1LT0wtR09TUE9EWU4tV0lFSlNLSUNILVdyemVzaWVuLTIwMjEtMzEuanBnIiwic2xpZGVzaG93IjoiY2E1ZjQyZSJ9\">\n\t\t\t\t\t<div class=\"e-gallery-image elementor-gallery-item__image\" data-thumbnail=\"https:\/\/www.lichen.pl\/wp-content\/uploads\/2021\/09\/11.-OGOLNOPOLSKA-PIELGRZYMKA-KOL-GOSPODYN-WIEJSKICH-Wrzesien-2021-31-150x150.jpg\" data-width=\"150\" data-height=\"150\" aria-label=\"\" role=\"img\" ><\/div>\n\t\t\t\t\t\t\t\t\t\t\t<div class=\"elementor-gallery-item__overlay\"><\/div>\n\t\t\t\t\t\t\t\t\t\t\t\t\t\t<\/a>\n\t\t\t\t\t\t\t<a class=\"e-gallery-item elementor-gallery-item elementor-animated-content\" data-e-gallery-tags=\"1\" href=\"https:\/\/www.lichen.pl\/wp-content\/uploads\/2021\/09\/11.-OGOLNOPOLSKA-PIELGRZYMKA-KOL-GOSPODYN-WIEJSKICH-Wrzesien-2021-32.jpg\" data-elementor-open-lightbox=\"yes\" data-elementor-lightbox-slideshow=\"ca5f42e\" data-elementor-lightbox-title=\"11. OG\u00d3LNOPOLSKA PIELGRZYMKA K\u00d3\u0141 GOSPODY\u0143 WIEJSKICH Wrzesie\u0144 2021 32\" data-e-action-hash=\"#elementor-action%3Aaction%3Dlightbox%26settings%3DeyJpZCI6MzAyOTUsInVybCI6Imh0dHBzOlwvXC93d3cubGljaGVuLnBsXC93cC1jb250ZW50XC91cGxvYWRzXC8yMDIxXC8wOVwvMTEuLU9HT0xOT1BPTFNLQS1QSUVMR1JaWU1LQS1LT0wtR09TUE9EWU4tV0lFSlNLSUNILVdyemVzaWVuLTIwMjEtMzIuanBnIiwic2xpZGVzaG93IjoiY2E1ZjQyZSJ9\">\n\t\t\t\t\t<div class=\"e-gallery-image elementor-gallery-item__image\" data-thumbnail=\"https:\/\/www.lichen.pl\/wp-content\/uploads\/2021\/09\/11.-OGOLNOPOLSKA-PIELGRZYMKA-KOL-GOSPODYN-WIEJSKICH-Wrzesien-2021-32-150x150.jpg\" data-width=\"150\" data-height=\"150\" aria-label=\"\" role=\"img\" ><\/div>\n\t\t\t\t\t\t\t\t\t\t\t<div class=\"elementor-gallery-item__overlay\"><\/div>\n\t\t\t\t\t\t\t\t\t\t\t\t\t\t<\/a>\n\t\t\t\t\t\t\t<a class=\"e-gallery-item elementor-gallery-item elementor-animated-content\" data-e-gallery-tags=\"1\" href=\"https:\/\/www.lichen.pl\/wp-content\/uploads\/2021\/09\/11.-OGOLNOPOLSKA-PIELGRZYMKA-KOL-GOSPODYN-WIEJSKICH-Wrzesien-2021-33.jpg\" data-elementor-open-lightbox=\"yes\" data-elementor-lightbox-slideshow=\"ca5f42e\" data-elementor-lightbox-title=\"11. OG\u00d3LNOPOLSKA PIELGRZYMKA K\u00d3\u0141 GOSPODY\u0143 WIEJSKICH Wrzesie\u0144 2021 33\" data-e-action-hash=\"#elementor-action%3Aaction%3Dlightbox%26settings%3DeyJpZCI6MzAzMDAsInVybCI6Imh0dHBzOlwvXC93d3cubGljaGVuLnBsXC93cC1jb250ZW50XC91cGxvYWRzXC8yMDIxXC8wOVwvMTEuLU9HT0xOT1BPTFNLQS1QSUVMR1JaWU1LQS1LT0wtR09TUE9EWU4tV0lFSlNLSUNILVdyemVzaWVuLTIwMjEtMzMuanBnIiwic2xpZGVzaG93IjoiY2E1ZjQyZSJ9\">\n\t\t\t\t\t<div class=\"e-gallery-image elementor-gallery-item__image\" data-thumbnail=\"https:\/\/www.lichen.pl\/wp-content\/uploads\/2021\/09\/11.-OGOLNOPOLSKA-PIELGRZYMKA-KOL-GOSPODYN-WIEJSKICH-Wrzesien-2021-33-150x150.jpg\" data-width=\"150\" data-height=\"150\" aria-label=\"\" role=\"img\" ><\/div>\n\t\t\t\t\t\t\t\t\t\t\t<div class=\"elementor-gallery-item__overlay\"><\/div>\n\t\t\t\t\t\t\t\t\t\t\t\t\t\t<\/a>\n\t\t\t\t\t\t\t<a class=\"e-gallery-item elementor-gallery-item elementor-animated-content\" data-e-gallery-tags=\"1\" href=\"https:\/\/www.lichen.pl\/wp-content\/uploads\/2021\/09\/11.-OGOLNOPOLSKA-PIELGRZYMKA-KOL-GOSPODYN-WIEJSKICH-Wrzesien-2021-34.jpg\" data-elementor-open-lightbox=\"yes\" data-elementor-lightbox-slideshow=\"ca5f42e\" data-elementor-lightbox-title=\"11. OG\u00d3LNOPOLSKA PIELGRZYMKA K\u00d3\u0141 GOSPODY\u0143 WIEJSKICH Wrzesie\u0144 2021 34\" data-e-action-hash=\"#elementor-action%3Aaction%3Dlightbox%26settings%3DeyJpZCI6MzAzMDUsInVybCI6Imh0dHBzOlwvXC93d3cubGljaGVuLnBsXC93cC1jb250ZW50XC91cGxvYWRzXC8yMDIxXC8wOVwvMTEuLU9HT0xOT1BPTFNLQS1QSUVMR1JaWU1LQS1LT0wtR09TUE9EWU4tV0lFSlNLSUNILVdyemVzaWVuLTIwMjEtMzQuanBnIiwic2xpZGVzaG93IjoiY2E1ZjQyZSJ9\">\n\t\t\t\t\t<div class=\"e-gallery-image elementor-gallery-item__image\" data-thumbnail=\"https:\/\/www.lichen.pl\/wp-content\/uploads\/2021\/09\/11.-OGOLNOPOLSKA-PIELGRZYMKA-KOL-GOSPODYN-WIEJSKICH-Wrzesien-2021-34-150x150.jpg\" data-width=\"150\" data-height=\"150\" aria-label=\"\" role=\"img\" ><\/div>\n\t\t\t\t\t\t\t\t\t\t\t<div class=\"elementor-gallery-item__overlay\"><\/div>\n\t\t\t\t\t\t\t\t\t\t\t\t\t\t<\/a>\n\t\t\t\t\t\t\t<a class=\"e-gallery-item elementor-gallery-item elementor-animated-content\" data-e-gallery-tags=\"1\" href=\"https:\/\/www.lichen.pl\/wp-content\/uploads\/2021\/09\/11.-OGOLNOPOLSKA-PIELGRZYMKA-KOL-GOSPODYN-WIEJSKICH-Wrzesien-2021-35.jpg\" data-elementor-open-lightbox=\"yes\" data-elementor-lightbox-slideshow=\"ca5f42e\" data-elementor-lightbox-title=\"11. OG\u00d3LNOPOLSKA PIELGRZYMKA K\u00d3\u0141 GOSPODY\u0143 WIEJSKICH Wrzesie\u0144 2021 35\" data-e-action-hash=\"#elementor-action%3Aaction%3Dlightbox%26settings%3DeyJpZCI6MzAzMTAsInVybCI6Imh0dHBzOlwvXC93d3cubGljaGVuLnBsXC93cC1jb250ZW50XC91cGxvYWRzXC8yMDIxXC8wOVwvMTEuLU9HT0xOT1BPTFNLQS1QSUVMR1JaWU1LQS1LT0wtR09TUE9EWU4tV0lFSlNLSUNILVdyemVzaWVuLTIwMjEtMzUuanBnIiwic2xpZGVzaG93IjoiY2E1ZjQyZSJ9\">\n\t\t\t\t\t<div class=\"e-gallery-image elementor-gallery-item__image\" data-thumbnail=\"https:\/\/www.lichen.pl\/wp-content\/uploads\/2021\/09\/11.-OGOLNOPOLSKA-PIELGRZYMKA-KOL-GOSPODYN-WIEJSKICH-Wrzesien-2021-35-150x150.jpg\" data-width=\"150\" data-height=\"150\" aria-label=\"\" role=\"img\" ><\/div>\n\t\t\t\t\t\t\t\t\t\t\t<div class=\"elementor-gallery-item__overlay\"><\/div>\n\t\t\t\t\t\t\t\t\t\t\t\t\t\t<\/a>\n\t\t\t\t\t\t\t<a class=\"e-gallery-item elementor-gallery-item elementor-animated-content\" data-e-gallery-tags=\"1\" href=\"https:\/\/www.lichen.pl\/wp-content\/uploads\/2021\/09\/11.-OGOLNOPOLSKA-PIELGRZYMKA-KOL-GOSPODYN-WIEJSKICH-Wrzesien-2021-36.jpg\" data-elementor-open-lightbox=\"yes\" data-elementor-lightbox-slideshow=\"ca5f42e\" data-elementor-lightbox-title=\"11. OG\u00d3LNOPOLSKA PIELGRZYMKA K\u00d3\u0141 GOSPODY\u0143 WIEJSKICH Wrzesie\u0144 2021 36\" data-e-action-hash=\"#elementor-action%3Aaction%3Dlightbox%26settings%3DeyJpZCI6MzAzMTUsInVybCI6Imh0dHBzOlwvXC93d3cubGljaGVuLnBsXC93cC1jb250ZW50XC91cGxvYWRzXC8yMDIxXC8wOVwvMTEuLU9HT0xOT1BPTFNLQS1QSUVMR1JaWU1LQS1LT0wtR09TUE9EWU4tV0lFSlNLSUNILVdyemVzaWVuLTIwMjEtMzYuanBnIiwic2xpZGVzaG93IjoiY2E1ZjQyZSJ9\">\n\t\t\t\t\t<div class=\"e-gallery-image elementor-gallery-item__image\" data-thumbnail=\"https:\/\/www.lichen.pl\/wp-content\/uploads\/2021\/09\/11.-OGOLNOPOLSKA-PIELGRZYMKA-KOL-GOSPODYN-WIEJSKICH-Wrzesien-2021-36-150x150.jpg\" data-width=\"150\" data-height=\"150\" aria-label=\"\" role=\"img\" ><\/div>\n\t\t\t\t\t\t\t\t\t\t\t<div class=\"elementor-gallery-item__overlay\"><\/div>\n\t\t\t\t\t\t\t\t\t\t\t\t\t\t<\/a>\n\t\t\t\t\t\t\t<a class=\"e-gallery-item elementor-gallery-item elementor-animated-content\" data-e-gallery-tags=\"1\" href=\"https:\/\/www.lichen.pl\/wp-content\/uploads\/2021\/09\/11.-OGOLNOPOLSKA-PIELGRZYMKA-KOL-GOSPODYN-WIEJSKICH-Wrzesien-2021-37.jpg\" data-elementor-open-lightbox=\"yes\" data-elementor-lightbox-slideshow=\"ca5f42e\" data-elementor-lightbox-title=\"11. OG\u00d3LNOPOLSKA PIELGRZYMKA K\u00d3\u0141 GOSPODY\u0143 WIEJSKICH Wrzesie\u0144 2021 37\" data-e-action-hash=\"#elementor-action%3Aaction%3Dlightbox%26settings%3DeyJpZCI6MzAzMjAsInVybCI6Imh0dHBzOlwvXC93d3cubGljaGVuLnBsXC93cC1jb250ZW50XC91cGxvYWRzXC8yMDIxXC8wOVwvMTEuLU9HT0xOT1BPTFNLQS1QSUVMR1JaWU1LQS1LT0wtR09TUE9EWU4tV0lFSlNLSUNILVdyemVzaWVuLTIwMjEtMzcuanBnIiwic2xpZGVzaG93IjoiY2E1ZjQyZSJ9\">\n\t\t\t\t\t<div class=\"e-gallery-image elementor-gallery-item__image\" data-thumbnail=\"https:\/\/www.lichen.pl\/wp-content\/uploads\/2021\/09\/11.-OGOLNOPOLSKA-PIELGRZYMKA-KOL-GOSPODYN-WIEJSKICH-Wrzesien-2021-37-150x150.jpg\" data-width=\"150\" data-height=\"150\" aria-label=\"\" role=\"img\" ><\/div>\n\t\t\t\t\t\t\t\t\t\t\t<div class=\"elementor-gallery-item__overlay\"><\/div>\n\t\t\t\t\t\t\t\t\t\t\t\t\t\t<\/a>\n\t\t\t\t\t\t\t<a class=\"e-gallery-item elementor-gallery-item elementor-animated-content\" data-e-gallery-tags=\"1\" href=\"https:\/\/www.lichen.pl\/wp-content\/uploads\/2021\/09\/11.-OGOLNOPOLSKA-PIELGRZYMKA-KOL-GOSPODYN-WIEJSKICH-Wrzesien-2021-38.jpg\" data-elementor-open-lightbox=\"yes\" data-elementor-lightbox-slideshow=\"ca5f42e\" data-elementor-lightbox-title=\"11. OG\u00d3LNOPOLSKA PIELGRZYMKA K\u00d3\u0141 GOSPODY\u0143 WIEJSKICH Wrzesie\u0144 2021 38\" data-e-action-hash=\"#elementor-action%3Aaction%3Dlightbox%26settings%3DeyJpZCI6MzAzMjUsInVybCI6Imh0dHBzOlwvXC93d3cubGljaGVuLnBsXC93cC1jb250ZW50XC91cGxvYWRzXC8yMDIxXC8wOVwvMTEuLU9HT0xOT1BPTFNLQS1QSUVMR1JaWU1LQS1LT0wtR09TUE9EWU4tV0lFSlNLSUNILVdyemVzaWVuLTIwMjEtMzguanBnIiwic2xpZGVzaG93IjoiY2E1ZjQyZSJ9\">\n\t\t\t\t\t<div class=\"e-gallery-image elementor-gallery-item__image\" data-thumbnail=\"https:\/\/www.lichen.pl\/wp-content\/uploads\/2021\/09\/11.-OGOLNOPOLSKA-PIELGRZYMKA-KOL-GOSPODYN-WIEJSKICH-Wrzesien-2021-38-150x150.jpg\" data-width=\"150\" data-height=\"150\" aria-label=\"\" role=\"img\" ><\/div>\n\t\t\t\t\t\t\t\t\t\t\t<div class=\"elementor-gallery-item__overlay\"><\/div>\n\t\t\t\t\t\t\t\t\t\t\t\t\t\t<\/a>\n\t\t\t\t\t\t\t<a class=\"e-gallery-item elementor-gallery-item elementor-animated-content\" data-e-gallery-tags=\"1\" href=\"https:\/\/www.lichen.pl\/wp-content\/uploads\/2021\/09\/11.-OGOLNOPOLSKA-PIELGRZYMKA-KOL-GOSPODYN-WIEJSKICH-Wrzesien-2021-39.jpg\" data-elementor-open-lightbox=\"yes\" data-elementor-lightbox-slideshow=\"ca5f42e\" data-elementor-lightbox-title=\"11. OG\u00d3LNOPOLSKA PIELGRZYMKA K\u00d3\u0141 GOSPODY\u0143 WIEJSKICH Wrzesie\u0144 2021 39\" data-e-action-hash=\"#elementor-action%3Aaction%3Dlightbox%26settings%3DeyJpZCI6MzAzMzAsInVybCI6Imh0dHBzOlwvXC93d3cubGljaGVuLnBsXC93cC1jb250ZW50XC91cGxvYWRzXC8yMDIxXC8wOVwvMTEuLU9HT0xOT1BPTFNLQS1QSUVMR1JaWU1LQS1LT0wtR09TUE9EWU4tV0lFSlNLSUNILVdyemVzaWVuLTIwMjEtMzkuanBnIiwic2xpZGVzaG93IjoiY2E1ZjQyZSJ9\">\n\t\t\t\t\t<div class=\"e-gallery-image elementor-gallery-item__image\" data-thumbnail=\"https:\/\/www.lichen.pl\/wp-content\/uploads\/2021\/09\/11.-OGOLNOPOLSKA-PIELGRZYMKA-KOL-GOSPODYN-WIEJSKICH-Wrzesien-2021-39-150x150.jpg\" data-width=\"150\" data-height=\"150\" aria-label=\"\" role=\"img\" ><\/div>\n\t\t\t\t\t\t\t\t\t\t\t<div class=\"elementor-gallery-item__overlay\"><\/div>\n\t\t\t\t\t\t\t\t\t\t\t\t\t\t<\/a>\n\t\t\t\t\t\t\t<a class=\"e-gallery-item elementor-gallery-item elementor-animated-content\" data-e-gallery-tags=\"1\" href=\"https:\/\/www.lichen.pl\/wp-content\/uploads\/2021\/09\/11.-OGOLNOPOLSKA-PIELGRZYMKA-KOL-GOSPODYN-WIEJSKICH-Wrzesien-2021-40.jpg\" data-elementor-open-lightbox=\"yes\" data-elementor-lightbox-slideshow=\"ca5f42e\" data-elementor-lightbox-title=\"11. OG\u00d3LNOPOLSKA PIELGRZYMKA K\u00d3\u0141 GOSPODY\u0143 WIEJSKICH Wrzesie\u0144 2021 40\" data-e-action-hash=\"#elementor-action%3Aaction%3Dlightbox%26settings%3DeyJpZCI6MzAzMzUsInVybCI6Imh0dHBzOlwvXC93d3cubGljaGVuLnBsXC93cC1jb250ZW50XC91cGxvYWRzXC8yMDIxXC8wOVwvMTEuLU9HT0xOT1BPTFNLQS1QSUVMR1JaWU1LQS1LT0wtR09TUE9EWU4tV0lFSlNLSUNILVdyemVzaWVuLTIwMjEtNDAuanBnIiwic2xpZGVzaG93IjoiY2E1ZjQyZSJ9\">\n\t\t\t\t\t<div class=\"e-gallery-image elementor-gallery-item__image\" data-thumbnail=\"https:\/\/www.lichen.pl\/wp-content\/uploads\/2021\/09\/11.-OGOLNOPOLSKA-PIELGRZYMKA-KOL-GOSPODYN-WIEJSKICH-Wrzesien-2021-40-150x150.jpg\" data-width=\"150\" data-height=\"150\" aria-label=\"\" role=\"img\" ><\/div>\n\t\t\t\t\t\t\t\t\t\t\t<div class=\"elementor-gallery-item__overlay\"><\/div>\n\t\t\t\t\t\t\t\t\t\t\t\t\t\t<\/a>\n\t\t\t\t\t\t\t<a class=\"e-gallery-item elementor-gallery-item elementor-animated-content\" data-e-gallery-tags=\"1\" href=\"https:\/\/www.lichen.pl\/wp-content\/uploads\/2021\/09\/11.-OGOLNOPOLSKA-PIELGRZYMKA-KOL-GOSPODYN-WIEJSKICH-Wrzesien-2021-41.jpg\" data-elementor-open-lightbox=\"yes\" data-elementor-lightbox-slideshow=\"ca5f42e\" data-elementor-lightbox-title=\"11. OG\u00d3LNOPOLSKA PIELGRZYMKA K\u00d3\u0141 GOSPODY\u0143 WIEJSKICH Wrzesie\u0144 2021 41\" data-e-action-hash=\"#elementor-action%3Aaction%3Dlightbox%26settings%3DeyJpZCI6MzAzNDAsInVybCI6Imh0dHBzOlwvXC93d3cubGljaGVuLnBsXC93cC1jb250ZW50XC91cGxvYWRzXC8yMDIxXC8wOVwvMTEuLU9HT0xOT1BPTFNLQS1QSUVMR1JaWU1LQS1LT0wtR09TUE9EWU4tV0lFSlNLSUNILVdyemVzaWVuLTIwMjEtNDEuanBnIiwic2xpZGVzaG93IjoiY2E1ZjQyZSJ9\">\n\t\t\t\t\t<div class=\"e-gallery-image elementor-gallery-item__image\" data-thumbnail=\"https:\/\/www.lichen.pl\/wp-content\/uploads\/2021\/09\/11.-OGOLNOPOLSKA-PIELGRZYMKA-KOL-GOSPODYN-WIEJSKICH-Wrzesien-2021-41-150x150.jpg\" data-width=\"150\" data-height=\"150\" aria-label=\"\" role=\"img\" ><\/div>\n\t\t\t\t\t\t\t\t\t\t\t<div class=\"elementor-gallery-item__overlay\"><\/div>\n\t\t\t\t\t\t\t\t\t\t\t\t\t\t<\/a>\n\t\t\t\t\t\t\t<a class=\"e-gallery-item elementor-gallery-item elementor-animated-content\" data-e-gallery-tags=\"1\" href=\"https:\/\/www.lichen.pl\/wp-content\/uploads\/2021\/09\/11.-OGOLNOPOLSKA-PIELGRZYMKA-KOL-GOSPODYN-WIEJSKICH-Wrzesien-2021-42.jpg\" data-elementor-open-lightbox=\"yes\" data-elementor-lightbox-slideshow=\"ca5f42e\" data-elementor-lightbox-title=\"11. OG\u00d3LNOPOLSKA PIELGRZYMKA K\u00d3\u0141 GOSPODY\u0143 WIEJSKICH Wrzesie\u0144 2021 42\" data-e-action-hash=\"#elementor-action%3Aaction%3Dlightbox%26settings%3DeyJpZCI6MzAzNDUsInVybCI6Imh0dHBzOlwvXC93d3cubGljaGVuLnBsXC93cC1jb250ZW50XC91cGxvYWRzXC8yMDIxXC8wOVwvMTEuLU9HT0xOT1BPTFNLQS1QSUVMR1JaWU1LQS1LT0wtR09TUE9EWU4tV0lFSlNLSUNILVdyemVzaWVuLTIwMjEtNDIuanBnIiwic2xpZGVzaG93IjoiY2E1ZjQyZSJ9\">\n\t\t\t\t\t<div class=\"e-gallery-image elementor-gallery-item__image\" data-thumbnail=\"https:\/\/www.lichen.pl\/wp-content\/uploads\/2021\/09\/11.-OGOLNOPOLSKA-PIELGRZYMKA-KOL-GOSPODYN-WIEJSKICH-Wrzesien-2021-42-150x150.jpg\" data-width=\"150\" data-height=\"150\" aria-label=\"\" role=\"img\" ><\/div>\n\t\t\t\t\t\t\t\t\t\t\t<div class=\"elementor-gallery-item__overlay\"><\/div>\n\t\t\t\t\t\t\t\t\t\t\t\t\t\t<\/a>\n\t\t\t\t\t\t\t<a class=\"e-gallery-item elementor-gallery-item elementor-animated-content\" data-e-gallery-tags=\"1\" href=\"https:\/\/www.lichen.pl\/wp-content\/uploads\/2021\/09\/11.-OGOLNOPOLSKA-PIELGRZYMKA-KOL-GOSPODYN-WIEJSKICH-Wrzesien-2021-43.jpg\" data-elementor-open-lightbox=\"yes\" data-elementor-lightbox-slideshow=\"ca5f42e\" data-elementor-lightbox-title=\"11. OG\u00d3LNOPOLSKA PIELGRZYMKA K\u00d3\u0141 GOSPODY\u0143 WIEJSKICH Wrzesie\u0144 2021 43\" data-e-action-hash=\"#elementor-action%3Aaction%3Dlightbox%26settings%3DeyJpZCI6MzAzNTAsInVybCI6Imh0dHBzOlwvXC93d3cubGljaGVuLnBsXC93cC1jb250ZW50XC91cGxvYWRzXC8yMDIxXC8wOVwvMTEuLU9HT0xOT1BPTFNLQS1QSUVMR1JaWU1LQS1LT0wtR09TUE9EWU4tV0lFSlNLSUNILVdyemVzaWVuLTIwMjEtNDMuanBnIiwic2xpZGVzaG93IjoiY2E1ZjQyZSJ9\">\n\t\t\t\t\t<div class=\"e-gallery-image elementor-gallery-item__image\" data-thumbnail=\"https:\/\/www.lichen.pl\/wp-content\/uploads\/2021\/09\/11.-OGOLNOPOLSKA-PIELGRZYMKA-KOL-GOSPODYN-WIEJSKICH-Wrzesien-2021-43-150x150.jpg\" data-width=\"150\" data-height=\"150\" aria-label=\"\" role=\"img\" ><\/div>\n\t\t\t\t\t\t\t\t\t\t\t<div class=\"elementor-gallery-item__overlay\"><\/div>\n\t\t\t\t\t\t\t\t\t\t\t\t\t\t<\/a>\n\t\t\t\t\t\t\t<a class=\"e-gallery-item elementor-gallery-item elementor-animated-content\" data-e-gallery-tags=\"1\" href=\"https:\/\/www.lichen.pl\/wp-content\/uploads\/2021\/09\/11.-OGOLNOPOLSKA-PIELGRZYMKA-KOL-GOSPODYN-WIEJSKICH-Wrzesien-2021-44.jpg\" data-elementor-open-lightbox=\"yes\" data-elementor-lightbox-slideshow=\"ca5f42e\" data-elementor-lightbox-title=\"11. OG\u00d3LNOPOLSKA PIELGRZYMKA K\u00d3\u0141 GOSPODY\u0143 WIEJSKICH Wrzesie\u0144 2021 44\" data-e-action-hash=\"#elementor-action%3Aaction%3Dlightbox%26settings%3DeyJpZCI6MzAzNTUsInVybCI6Imh0dHBzOlwvXC93d3cubGljaGVuLnBsXC93cC1jb250ZW50XC91cGxvYWRzXC8yMDIxXC8wOVwvMTEuLU9HT0xOT1BPTFNLQS1QSUVMR1JaWU1LQS1LT0wtR09TUE9EWU4tV0lFSlNLSUNILVdyemVzaWVuLTIwMjEtNDQuanBnIiwic2xpZGVzaG93IjoiY2E1ZjQyZSJ9\">\n\t\t\t\t\t<div class=\"e-gallery-image elementor-gallery-item__image\" data-thumbnail=\"https:\/\/www.lichen.pl\/wp-content\/uploads\/2021\/09\/11.-OGOLNOPOLSKA-PIELGRZYMKA-KOL-GOSPODYN-WIEJSKICH-Wrzesien-2021-44-150x150.jpg\" data-width=\"150\" data-height=\"150\" aria-label=\"\" role=\"img\" ><\/div>\n\t\t\t\t\t\t\t\t\t\t\t<div class=\"elementor-gallery-item__overlay\"><\/div>\n\t\t\t\t\t\t\t\t\t\t\t\t\t\t<\/a>\n\t\t\t\t\t\t\t<a class=\"e-gallery-item elementor-gallery-item elementor-animated-content\" data-e-gallery-tags=\"1\" href=\"https:\/\/www.lichen.pl\/wp-content\/uploads\/2021\/09\/11.-OGOLNOPOLSKA-PIELGRZYMKA-KOL-GOSPODYN-WIEJSKICH-Wrzesien-2021-45.jpg\" data-elementor-open-lightbox=\"yes\" data-elementor-lightbox-slideshow=\"ca5f42e\" data-elementor-lightbox-title=\"11. OG\u00d3LNOPOLSKA PIELGRZYMKA K\u00d3\u0141 GOSPODY\u0143 WIEJSKICH Wrzesie\u0144 2021 45\" data-e-action-hash=\"#elementor-action%3Aaction%3Dlightbox%26settings%3DeyJpZCI6MzAzNjAsInVybCI6Imh0dHBzOlwvXC93d3cubGljaGVuLnBsXC93cC1jb250ZW50XC91cGxvYWRzXC8yMDIxXC8wOVwvMTEuLU9HT0xOT1BPTFNLQS1QSUVMR1JaWU1LQS1LT0wtR09TUE9EWU4tV0lFSlNLSUNILVdyemVzaWVuLTIwMjEtNDUuanBnIiwic2xpZGVzaG93IjoiY2E1ZjQyZSJ9\">\n\t\t\t\t\t<div class=\"e-gallery-image elementor-gallery-item__image\" data-thumbnail=\"https:\/\/www.lichen.pl\/wp-content\/uploads\/2021\/09\/11.-OGOLNOPOLSKA-PIELGRZYMKA-KOL-GOSPODYN-WIEJSKICH-Wrzesien-2021-45-150x150.jpg\" data-width=\"150\" data-height=\"150\" aria-label=\"\" role=\"img\" ><\/div>\n\t\t\t\t\t\t\t\t\t\t\t<div class=\"elementor-gallery-item__overlay\"><\/div>\n\t\t\t\t\t\t\t\t\t\t\t\t\t\t<\/a>\n\t\t\t\t\t\t\t<a class=\"e-gallery-item elementor-gallery-item elementor-animated-content\" data-e-gallery-tags=\"1\" href=\"https:\/\/www.lichen.pl\/wp-content\/uploads\/2021\/09\/11.-OGOLNOPOLSKA-PIELGRZYMKA-KOL-GOSPODYN-WIEJSKICH-Wrzesien-2021-46.jpg\" data-elementor-open-lightbox=\"yes\" data-elementor-lightbox-slideshow=\"ca5f42e\" data-elementor-lightbox-title=\"11. OG\u00d3LNOPOLSKA PIELGRZYMKA K\u00d3\u0141 GOSPODY\u0143 WIEJSKICH Wrzesie\u0144 2021 46\" data-e-action-hash=\"#elementor-action%3Aaction%3Dlightbox%26settings%3DeyJpZCI6MzAzNjUsInVybCI6Imh0dHBzOlwvXC93d3cubGljaGVuLnBsXC93cC1jb250ZW50XC91cGxvYWRzXC8yMDIxXC8wOVwvMTEuLU9HT0xOT1BPTFNLQS1QSUVMR1JaWU1LQS1LT0wtR09TUE9EWU4tV0lFSlNLSUNILVdyemVzaWVuLTIwMjEtNDYuanBnIiwic2xpZGVzaG93IjoiY2E1ZjQyZSJ9\">\n\t\t\t\t\t<div class=\"e-gallery-image elementor-gallery-item__image\" data-thumbnail=\"https:\/\/www.lichen.pl\/wp-content\/uploads\/2021\/09\/11.-OGOLNOPOLSKA-PIELGRZYMKA-KOL-GOSPODYN-WIEJSKICH-Wrzesien-2021-46-150x150.jpg\" data-width=\"150\" data-height=\"150\" aria-label=\"\" role=\"img\" ><\/div>\n\t\t\t\t\t\t\t\t\t\t\t<div class=\"elementor-gallery-item__overlay\"><\/div>\n\t\t\t\t\t\t\t\t\t\t\t\t\t\t<\/a>\n\t\t\t\t\t\t\t<a class=\"e-gallery-item elementor-gallery-item elementor-animated-content\" data-e-gallery-tags=\"1\" href=\"https:\/\/www.lichen.pl\/wp-content\/uploads\/2021\/09\/11.-OGOLNOPOLSKA-PIELGRZYMKA-KOL-GOSPODYN-WIEJSKICH-Wrzesien-2021-47.jpg\" data-elementor-open-lightbox=\"yes\" data-elementor-lightbox-slideshow=\"ca5f42e\" data-elementor-lightbox-title=\"11. OG\u00d3LNOPOLSKA PIELGRZYMKA K\u00d3\u0141 GOSPODY\u0143 WIEJSKICH Wrzesie\u0144 2021 47\" data-e-action-hash=\"#elementor-action%3Aaction%3Dlightbox%26settings%3DeyJpZCI6MzAzNzAsInVybCI6Imh0dHBzOlwvXC93d3cubGljaGVuLnBsXC93cC1jb250ZW50XC91cGxvYWRzXC8yMDIxXC8wOVwvMTEuLU9HT0xOT1BPTFNLQS1QSUVMR1JaWU1LQS1LT0wtR09TUE9EWU4tV0lFSlNLSUNILVdyemVzaWVuLTIwMjEtNDcuanBnIiwic2xpZGVzaG93IjoiY2E1ZjQyZSJ9\">\n\t\t\t\t\t<div class=\"e-gallery-image elementor-gallery-item__image\" data-thumbnail=\"https:\/\/www.lichen.pl\/wp-content\/uploads\/2021\/09\/11.-OGOLNOPOLSKA-PIELGRZYMKA-KOL-GOSPODYN-WIEJSKICH-Wrzesien-2021-47-150x150.jpg\" data-width=\"150\" data-height=\"150\" aria-label=\"\" role=\"img\" ><\/div>\n\t\t\t\t\t\t\t\t\t\t\t<div class=\"elementor-gallery-item__overlay\"><\/div>\n\t\t\t\t\t\t\t\t\t\t\t\t\t\t<\/a>\n\t\t\t\t\t\t\t<a class=\"e-gallery-item elementor-gallery-item elementor-animated-content\" data-e-gallery-tags=\"1\" href=\"https:\/\/www.lichen.pl\/wp-content\/uploads\/2021\/09\/11.-OGOLNOPOLSKA-PIELGRZYMKA-KOL-GOSPODYN-WIEJSKICH-Wrzesien-2021-48.jpg\" data-elementor-open-lightbox=\"yes\" data-elementor-lightbox-slideshow=\"ca5f42e\" data-elementor-lightbox-title=\"11. OG\u00d3LNOPOLSKA PIELGRZYMKA K\u00d3\u0141 GOSPODY\u0143 WIEJSKICH Wrzesie\u0144 2021 48\" data-e-action-hash=\"#elementor-action%3Aaction%3Dlightbox%26settings%3DeyJpZCI6MzAzNzUsInVybCI6Imh0dHBzOlwvXC93d3cubGljaGVuLnBsXC93cC1jb250ZW50XC91cGxvYWRzXC8yMDIxXC8wOVwvMTEuLU9HT0xOT1BPTFNLQS1QSUVMR1JaWU1LQS1LT0wtR09TUE9EWU4tV0lFSlNLSUNILVdyemVzaWVuLTIwMjEtNDguanBnIiwic2xpZGVzaG93IjoiY2E1ZjQyZSJ9\">\n\t\t\t\t\t<div class=\"e-gallery-image elementor-gallery-item__image\" data-thumbnail=\"https:\/\/www.lichen.pl\/wp-content\/uploads\/2021\/09\/11.-OGOLNOPOLSKA-PIELGRZYMKA-KOL-GOSPODYN-WIEJSKICH-Wrzesien-2021-48-150x150.jpg\" data-width=\"150\" data-height=\"150\" aria-label=\"\" role=\"img\" ><\/div>\n\t\t\t\t\t\t\t\t\t\t\t<div class=\"elementor-gallery-item__overlay\"><\/div>\n\t\t\t\t\t\t\t\t\t\t\t\t\t\t<\/a>\n\t\t\t\t\t\t\t<a class=\"e-gallery-item elementor-gallery-item elementor-animated-content\" data-e-gallery-tags=\"1\" href=\"https:\/\/www.lichen.pl\/wp-content\/uploads\/2021\/09\/11.-OGOLNOPOLSKA-PIELGRZYMKA-KOL-GOSPODYN-WIEJSKICH-Wrzesien-2021-49.jpg\" data-elementor-open-lightbox=\"yes\" data-elementor-lightbox-slideshow=\"ca5f42e\" data-elementor-lightbox-title=\"11. OG\u00d3LNOPOLSKA PIELGRZYMKA K\u00d3\u0141 GOSPODY\u0143 WIEJSKICH Wrzesie\u0144 2021 49\" data-e-action-hash=\"#elementor-action%3Aaction%3Dlightbox%26settings%3DeyJpZCI6MzAzODAsInVybCI6Imh0dHBzOlwvXC93d3cubGljaGVuLnBsXC93cC1jb250ZW50XC91cGxvYWRzXC8yMDIxXC8wOVwvMTEuLU9HT0xOT1BPTFNLQS1QSUVMR1JaWU1LQS1LT0wtR09TUE9EWU4tV0lFSlNLSUNILVdyemVzaWVuLTIwMjEtNDkuanBnIiwic2xpZGVzaG93IjoiY2E1ZjQyZSJ9\">\n\t\t\t\t\t<div class=\"e-gallery-image elementor-gallery-item__image\" data-thumbnail=\"https:\/\/www.lichen.pl\/wp-content\/uploads\/2021\/09\/11.-OGOLNOPOLSKA-PIELGRZYMKA-KOL-GOSPODYN-WIEJSKICH-Wrzesien-2021-49-150x150.jpg\" data-width=\"150\" data-height=\"150\" aria-label=\"\" role=\"img\" ><\/div>\n\t\t\t\t\t\t\t\t\t\t\t<div class=\"elementor-gallery-item__overlay\"><\/div>\n\t\t\t\t\t\t\t\t\t\t\t\t\t\t<\/a>\n\t\t\t\t\t\t\t<a class=\"e-gallery-item elementor-gallery-item elementor-animated-content\" data-e-gallery-tags=\"1\" href=\"https:\/\/www.lichen.pl\/wp-content\/uploads\/2021\/09\/11.-OGOLNOPOLSKA-PIELGRZYMKA-KOL-GOSPODYN-WIEJSKICH-Wrzesien-2021-50jpg.jpg\" data-elementor-open-lightbox=\"yes\" data-elementor-lightbox-slideshow=\"ca5f42e\" data-elementor-lightbox-title=\"11. OG\u00d3LNOPOLSKA PIELGRZYMKA K\u00d3\u0141 GOSPODY\u0143 WIEJSKICH Wrzesie\u0144 2021 50jpg\" data-e-action-hash=\"#elementor-action%3Aaction%3Dlightbox%26settings%3DeyJpZCI6MzAzODUsInVybCI6Imh0dHBzOlwvXC93d3cubGljaGVuLnBsXC93cC1jb250ZW50XC91cGxvYWRzXC8yMDIxXC8wOVwvMTEuLU9HT0xOT1BPTFNLQS1QSUVMR1JaWU1LQS1LT0wtR09TUE9EWU4tV0lFSlNLSUNILVdyemVzaWVuLTIwMjEtNTBqcGcuanBnIiwic2xpZGVzaG93IjoiY2E1ZjQyZSJ9\">\n\t\t\t\t\t<div class=\"e-gallery-image elementor-gallery-item__image\" data-thumbnail=\"https:\/\/www.lichen.pl\/wp-content\/uploads\/2021\/09\/11.-OGOLNOPOLSKA-PIELGRZYMKA-KOL-GOSPODYN-WIEJSKICH-Wrzesien-2021-50jpg-150x150.jpg\" data-width=\"150\" data-height=\"150\" aria-label=\"\" role=\"img\" ><\/div>\n\t\t\t\t\t\t\t\t\t\t\t<div class=\"elementor-gallery-item__overlay\"><\/div>\n\t\t\t\t\t\t\t\t\t\t\t\t\t\t<\/a>\n\t\t\t\t\t\t\t<a class=\"e-gallery-item elementor-gallery-item elementor-animated-content\" data-e-gallery-tags=\"1\" href=\"https:\/\/www.lichen.pl\/wp-content\/uploads\/2021\/09\/11.-OGOLNOPOLSKA-PIELGRZYMKA-KOL-GOSPODYN-WIEJSKICH-Wrzesien-2021-51.jpg\" data-elementor-open-lightbox=\"yes\" data-elementor-lightbox-slideshow=\"ca5f42e\" data-elementor-lightbox-title=\"11. OG\u00d3LNOPOLSKA PIELGRZYMKA K\u00d3\u0141 GOSPODY\u0143 WIEJSKICH Wrzesie\u0144 2021 51\" data-e-action-hash=\"#elementor-action%3Aaction%3Dlightbox%26settings%3DeyJpZCI6MzAzOTAsInVybCI6Imh0dHBzOlwvXC93d3cubGljaGVuLnBsXC93cC1jb250ZW50XC91cGxvYWRzXC8yMDIxXC8wOVwvMTEuLU9HT0xOT1BPTFNLQS1QSUVMR1JaWU1LQS1LT0wtR09TUE9EWU4tV0lFSlNLSUNILVdyemVzaWVuLTIwMjEtNTEuanBnIiwic2xpZGVzaG93IjoiY2E1ZjQyZSJ9\">\n\t\t\t\t\t<div class=\"e-gallery-image elementor-gallery-item__image\" data-thumbnail=\"https:\/\/www.lichen.pl\/wp-content\/uploads\/2021\/09\/11.-OGOLNOPOLSKA-PIELGRZYMKA-KOL-GOSPODYN-WIEJSKICH-Wrzesien-2021-51-150x150.jpg\" data-width=\"150\" data-height=\"150\" aria-label=\"\" role=\"img\" ><\/div>\n\t\t\t\t\t\t\t\t\t\t\t<div class=\"elementor-gallery-item__overlay\"><\/div>\n\t\t\t\t\t\t\t\t\t\t\t\t\t\t<\/a>\n\t\t\t\t\t\t\t<a class=\"e-gallery-item elementor-gallery-item elementor-animated-content\" data-e-gallery-tags=\"1\" href=\"https:\/\/www.lichen.pl\/wp-content\/uploads\/2021\/09\/11.-OGOLNOPOLSKA-PIELGRZYMKA-KOL-GOSPODYN-WIEJSKICH-Wrzesien-2021-52.jpg\" data-elementor-open-lightbox=\"yes\" data-elementor-lightbox-slideshow=\"ca5f42e\" data-elementor-lightbox-title=\"11. OG\u00d3LNOPOLSKA PIELGRZYMKA K\u00d3\u0141 GOSPODY\u0143 WIEJSKICH Wrzesie\u0144 2021 52\" data-e-action-hash=\"#elementor-action%3Aaction%3Dlightbox%26settings%3DeyJpZCI6MzAzOTUsInVybCI6Imh0dHBzOlwvXC93d3cubGljaGVuLnBsXC93cC1jb250ZW50XC91cGxvYWRzXC8yMDIxXC8wOVwvMTEuLU9HT0xOT1BPTFNLQS1QSUVMR1JaWU1LQS1LT0wtR09TUE9EWU4tV0lFSlNLSUNILVdyemVzaWVuLTIwMjEtNTIuanBnIiwic2xpZGVzaG93IjoiY2E1ZjQyZSJ9\">\n\t\t\t\t\t<div class=\"e-gallery-image elementor-gallery-item__image\" data-thumbnail=\"https:\/\/www.lichen.pl\/wp-content\/uploads\/2021\/09\/11.-OGOLNOPOLSKA-PIELGRZYMKA-KOL-GOSPODYN-WIEJSKICH-Wrzesien-2021-52-150x150.jpg\" data-width=\"150\" data-height=\"150\" aria-label=\"\" role=\"img\" ><\/div>\n\t\t\t\t\t\t\t\t\t\t\t<div class=\"elementor-gallery-item__overlay\"><\/div>\n\t\t\t\t\t\t\t\t\t\t\t\t\t\t<\/a>\n\t\t\t\t\t\t\t<a class=\"e-gallery-item elementor-gallery-item elementor-animated-content\" data-e-gallery-tags=\"1\" href=\"https:\/\/www.lichen.pl\/wp-content\/uploads\/2021\/09\/11.-OGOLNOPOLSKA-PIELGRZYMKA-KOL-GOSPODYN-WIEJSKICH-Wrzesien-2021-53.jpg\" data-elementor-open-lightbox=\"yes\" data-elementor-lightbox-slideshow=\"ca5f42e\" data-elementor-lightbox-title=\"11. OG\u00d3LNOPOLSKA PIELGRZYMKA K\u00d3\u0141 GOSPODY\u0143 WIEJSKICH Wrzesie\u0144 2021 53\" data-e-action-hash=\"#elementor-action%3Aaction%3Dlightbox%26settings%3DeyJpZCI6MzA0MDAsInVybCI6Imh0dHBzOlwvXC93d3cubGljaGVuLnBsXC93cC1jb250ZW50XC91cGxvYWRzXC8yMDIxXC8wOVwvMTEuLU9HT0xOT1BPTFNLQS1QSUVMR1JaWU1LQS1LT0wtR09TUE9EWU4tV0lFSlNLSUNILVdyemVzaWVuLTIwMjEtNTMuanBnIiwic2xpZGVzaG93IjoiY2E1ZjQyZSJ9\">\n\t\t\t\t\t<div class=\"e-gallery-image elementor-gallery-item__image\" data-thumbnail=\"https:\/\/www.lichen.pl\/wp-content\/uploads\/2021\/09\/11.-OGOLNOPOLSKA-PIELGRZYMKA-KOL-GOSPODYN-WIEJSKICH-Wrzesien-2021-53-150x150.jpg\" data-width=\"150\" data-height=\"150\" aria-label=\"\" role=\"img\" ><\/div>\n\t\t\t\t\t\t\t\t\t\t\t<div class=\"elementor-gallery-item__overlay\"><\/div>\n\t\t\t\t\t\t\t\t\t\t\t\t\t\t<\/a>\n\t\t\t\t\t\t\t<a class=\"e-gallery-item elementor-gallery-item elementor-animated-content\" data-e-gallery-tags=\"1\" href=\"https:\/\/www.lichen.pl\/wp-content\/uploads\/2021\/09\/11.-OGOLNOPOLSKA-PIELGRZYMKA-KOL-GOSPODYN-WIEJSKICH-Wrzesien-2021-54.jpg\" data-elementor-open-lightbox=\"yes\" data-elementor-lightbox-slideshow=\"ca5f42e\" data-elementor-lightbox-title=\"11. OG\u00d3LNOPOLSKA PIELGRZYMKA K\u00d3\u0141 GOSPODY\u0143 WIEJSKICH Wrzesie\u0144 2021 54\" data-e-action-hash=\"#elementor-action%3Aaction%3Dlightbox%26settings%3DeyJpZCI6MzA0MDUsInVybCI6Imh0dHBzOlwvXC93d3cubGljaGVuLnBsXC93cC1jb250ZW50XC91cGxvYWRzXC8yMDIxXC8wOVwvMTEuLU9HT0xOT1BPTFNLQS1QSUVMR1JaWU1LQS1LT0wtR09TUE9EWU4tV0lFSlNLSUNILVdyemVzaWVuLTIwMjEtNTQuanBnIiwic2xpZGVzaG93IjoiY2E1ZjQyZSJ9\">\n\t\t\t\t\t<div class=\"e-gallery-image elementor-gallery-item__image\" data-thumbnail=\"https:\/\/www.lichen.pl\/wp-content\/uploads\/2021\/09\/11.-OGOLNOPOLSKA-PIELGRZYMKA-KOL-GOSPODYN-WIEJSKICH-Wrzesien-2021-54-150x150.jpg\" data-width=\"150\" data-height=\"150\" aria-label=\"\" role=\"img\" ><\/div>\n\t\t\t\t\t\t\t\t\t\t\t<div class=\"elementor-gallery-item__overlay\"><\/div>\n\t\t\t\t\t\t\t\t\t\t\t\t\t\t<\/a>\n\t\t\t\t\t\t\t<a class=\"e-gallery-item elementor-gallery-item elementor-animated-content\" data-e-gallery-tags=\"1\" href=\"https:\/\/www.lichen.pl\/wp-content\/uploads\/2021\/09\/11.-OGOLNOPOLSKA-PIELGRZYMKA-KOL-GOSPODYN-WIEJSKICH-Wrzesien-2021-55.jpg\" data-elementor-open-lightbox=\"yes\" data-elementor-lightbox-slideshow=\"ca5f42e\" data-elementor-lightbox-title=\"11. OG\u00d3LNOPOLSKA PIELGRZYMKA K\u00d3\u0141 GOSPODY\u0143 WIEJSKICH Wrzesie\u0144 2021 55\" data-e-action-hash=\"#elementor-action%3Aaction%3Dlightbox%26settings%3DeyJpZCI6MzA0MTAsInVybCI6Imh0dHBzOlwvXC93d3cubGljaGVuLnBsXC93cC1jb250ZW50XC91cGxvYWRzXC8yMDIxXC8wOVwvMTEuLU9HT0xOT1BPTFNLQS1QSUVMR1JaWU1LQS1LT0wtR09TUE9EWU4tV0lFSlNLSUNILVdyemVzaWVuLTIwMjEtNTUuanBnIiwic2xpZGVzaG93IjoiY2E1ZjQyZSJ9\">\n\t\t\t\t\t<div class=\"e-gallery-image elementor-gallery-item__image\" data-thumbnail=\"https:\/\/www.lichen.pl\/wp-content\/uploads\/2021\/09\/11.-OGOLNOPOLSKA-PIELGRZYMKA-KOL-GOSPODYN-WIEJSKICH-Wrzesien-2021-55-150x150.jpg\" data-width=\"150\" data-height=\"150\" aria-label=\"\" role=\"img\" ><\/div>\n\t\t\t\t\t\t\t\t\t\t\t<div class=\"elementor-gallery-item__overlay\"><\/div>\n\t\t\t\t\t\t\t\t\t\t\t\t\t\t<\/a>\n\t\t\t\t\t\t\t<a class=\"e-gallery-item elementor-gallery-item elementor-animated-content\" data-e-gallery-tags=\"1\" href=\"https:\/\/www.lichen.pl\/wp-content\/uploads\/2021\/09\/11.-OGOLNOPOLSKA-PIELGRZYMKA-KOL-GOSPODYN-WIEJSKICH-Wrzesien-2021-56.jpg\" data-elementor-open-lightbox=\"yes\" data-elementor-lightbox-slideshow=\"ca5f42e\" data-elementor-lightbox-title=\"11. OG\u00d3LNOPOLSKA PIELGRZYMKA K\u00d3\u0141 GOSPODY\u0143 WIEJSKICH Wrzesie\u0144 2021 56\" data-e-action-hash=\"#elementor-action%3Aaction%3Dlightbox%26settings%3DeyJpZCI6MzA0MTUsInVybCI6Imh0dHBzOlwvXC93d3cubGljaGVuLnBsXC93cC1jb250ZW50XC91cGxvYWRzXC8yMDIxXC8wOVwvMTEuLU9HT0xOT1BPTFNLQS1QSUVMR1JaWU1LQS1LT0wtR09TUE9EWU4tV0lFSlNLSUNILVdyemVzaWVuLTIwMjEtNTYuanBnIiwic2xpZGVzaG93IjoiY2E1ZjQyZSJ9\">\n\t\t\t\t\t<div class=\"e-gallery-image elementor-gallery-item__image\" data-thumbnail=\"https:\/\/www.lichen.pl\/wp-content\/uploads\/2021\/09\/11.-OGOLNOPOLSKA-PIELGRZYMKA-KOL-GOSPODYN-WIEJSKICH-Wrzesien-2021-56-150x150.jpg\" data-width=\"150\" data-height=\"150\" aria-label=\"\" role=\"img\" ><\/div>\n\t\t\t\t\t\t\t\t\t\t\t<div class=\"elementor-gallery-item__overlay\"><\/div>\n\t\t\t\t\t\t\t\t\t\t\t\t\t\t<\/a>\n\t\t\t\t\t\t\t<a class=\"e-gallery-item elementor-gallery-item elementor-animated-content\" data-e-gallery-tags=\"1\" href=\"https:\/\/www.lichen.pl\/wp-content\/uploads\/2021\/09\/11.-OGOLNOPOLSKA-PIELGRZYMKA-KOL-GOSPODYN-WIEJSKICH-Wrzesien-2021-57.jpg\" data-elementor-open-lightbox=\"yes\" data-elementor-lightbox-slideshow=\"ca5f42e\" data-elementor-lightbox-title=\"11. OG\u00d3LNOPOLSKA PIELGRZYMKA K\u00d3\u0141 GOSPODY\u0143 WIEJSKICH Wrzesie\u0144 2021 57\" data-e-action-hash=\"#elementor-action%3Aaction%3Dlightbox%26settings%3DeyJpZCI6MzA0MjAsInVybCI6Imh0dHBzOlwvXC93d3cubGljaGVuLnBsXC93cC1jb250ZW50XC91cGxvYWRzXC8yMDIxXC8wOVwvMTEuLU9HT0xOT1BPTFNLQS1QSUVMR1JaWU1LQS1LT0wtR09TUE9EWU4tV0lFSlNLSUNILVdyemVzaWVuLTIwMjEtNTcuanBnIiwic2xpZGVzaG93IjoiY2E1ZjQyZSJ9\">\n\t\t\t\t\t<div class=\"e-gallery-image elementor-gallery-item__image\" data-thumbnail=\"https:\/\/www.lichen.pl\/wp-content\/uploads\/2021\/09\/11.-OGOLNOPOLSKA-PIELGRZYMKA-KOL-GOSPODYN-WIEJSKICH-Wrzesien-2021-57-150x150.jpg\" data-width=\"150\" data-height=\"150\" aria-label=\"\" role=\"img\" ><\/div>\n\t\t\t\t\t\t\t\t\t\t\t<div class=\"elementor-gallery-item__overlay\"><\/div>\n\t\t\t\t\t\t\t\t\t\t\t\t\t\t<\/a>\n\t\t\t\t\t\t\t<a class=\"e-gallery-item elementor-gallery-item elementor-animated-content\" data-e-gallery-tags=\"1\" href=\"https:\/\/www.lichen.pl\/wp-content\/uploads\/2021\/09\/11.-OGOLNOPOLSKA-PIELGRZYMKA-KOL-GOSPODYN-WIEJSKICH-Wrzesien-2021-58.jpg\" data-elementor-open-lightbox=\"yes\" data-elementor-lightbox-slideshow=\"ca5f42e\" data-elementor-lightbox-title=\"11. OG\u00d3LNOPOLSKA PIELGRZYMKA K\u00d3\u0141 GOSPODY\u0143 WIEJSKICH Wrzesie\u0144 2021 58\" data-e-action-hash=\"#elementor-action%3Aaction%3Dlightbox%26settings%3DeyJpZCI6MzA0MjUsInVybCI6Imh0dHBzOlwvXC93d3cubGljaGVuLnBsXC93cC1jb250ZW50XC91cGxvYWRzXC8yMDIxXC8wOVwvMTEuLU9HT0xOT1BPTFNLQS1QSUVMR1JaWU1LQS1LT0wtR09TUE9EWU4tV0lFSlNLSUNILVdyemVzaWVuLTIwMjEtNTguanBnIiwic2xpZGVzaG93IjoiY2E1ZjQyZSJ9\">\n\t\t\t\t\t<div class=\"e-gallery-image elementor-gallery-item__image\" data-thumbnail=\"https:\/\/www.lichen.pl\/wp-content\/uploads\/2021\/09\/11.-OGOLNOPOLSKA-PIELGRZYMKA-KOL-GOSPODYN-WIEJSKICH-Wrzesien-2021-58-150x150.jpg\" data-width=\"150\" data-height=\"150\" aria-label=\"\" role=\"img\" ><\/div>\n\t\t\t\t\t\t\t\t\t\t\t<div class=\"elementor-gallery-item__overlay\"><\/div>\n\t\t\t\t\t\t\t\t\t\t\t\t\t\t<\/a>\n\t\t\t\t\t\t\t<a class=\"e-gallery-item elementor-gallery-item elementor-animated-content\" data-e-gallery-tags=\"1\" href=\"https:\/\/www.lichen.pl\/wp-content\/uploads\/2021\/09\/11.-OGOLNOPOLSKA-PIELGRZYMKA-KOL-GOSPODYN-WIEJSKICH-Wrzesien-2021-59.jpg\" data-elementor-open-lightbox=\"yes\" data-elementor-lightbox-slideshow=\"ca5f42e\" data-elementor-lightbox-title=\"11. OG\u00d3LNOPOLSKA PIELGRZYMKA K\u00d3\u0141 GOSPODY\u0143 WIEJSKICH Wrzesie\u0144 2021 59\" data-e-action-hash=\"#elementor-action%3Aaction%3Dlightbox%26settings%3DeyJpZCI6MzA0MzAsInVybCI6Imh0dHBzOlwvXC93d3cubGljaGVuLnBsXC93cC1jb250ZW50XC91cGxvYWRzXC8yMDIxXC8wOVwvMTEuLU9HT0xOT1BPTFNLQS1QSUVMR1JaWU1LQS1LT0wtR09TUE9EWU4tV0lFSlNLSUNILVdyemVzaWVuLTIwMjEtNTkuanBnIiwic2xpZGVzaG93IjoiY2E1ZjQyZSJ9\">\n\t\t\t\t\t<div class=\"e-gallery-image elementor-gallery-item__image\" data-thumbnail=\"https:\/\/www.lichen.pl\/wp-content\/uploads\/2021\/09\/11.-OGOLNOPOLSKA-PIELGRZYMKA-KOL-GOSPODYN-WIEJSKICH-Wrzesien-2021-59-150x150.jpg\" data-width=\"150\" data-height=\"150\" aria-label=\"\" role=\"img\" ><\/div>\n\t\t\t\t\t\t\t\t\t\t\t<div class=\"elementor-gallery-item__overlay\"><\/div>\n\t\t\t\t\t\t\t\t\t\t\t\t\t\t<\/a>\n\t\t\t\t\t\t\t<a class=\"e-gallery-item elementor-gallery-item elementor-animated-content\" data-e-gallery-tags=\"1\" href=\"https:\/\/www.lichen.pl\/wp-content\/uploads\/2021\/09\/11.-OGOLNOPOLSKA-PIELGRZYMKA-KOL-GOSPODYN-WIEJSKICH-Wrzesien-2021-60.jpg\" data-elementor-open-lightbox=\"yes\" data-elementor-lightbox-slideshow=\"ca5f42e\" data-elementor-lightbox-title=\"11. OG\u00d3LNOPOLSKA PIELGRZYMKA K\u00d3\u0141 GOSPODY\u0143 WIEJSKICH Wrzesie\u0144 2021 60\" data-e-action-hash=\"#elementor-action%3Aaction%3Dlightbox%26settings%3DeyJpZCI6MzA0MzUsInVybCI6Imh0dHBzOlwvXC93d3cubGljaGVuLnBsXC93cC1jb250ZW50XC91cGxvYWRzXC8yMDIxXC8wOVwvMTEuLU9HT0xOT1BPTFNLQS1QSUVMR1JaWU1LQS1LT0wtR09TUE9EWU4tV0lFSlNLSUNILVdyemVzaWVuLTIwMjEtNjAuanBnIiwic2xpZGVzaG93IjoiY2E1ZjQyZSJ9\">\n\t\t\t\t\t<div class=\"e-gallery-image elementor-gallery-item__image\" data-thumbnail=\"https:\/\/www.lichen.pl\/wp-content\/uploads\/2021\/09\/11.-OGOLNOPOLSKA-PIELGRZYMKA-KOL-GOSPODYN-WIEJSKICH-Wrzesien-2021-60-150x150.jpg\" data-width=\"150\" data-height=\"150\" aria-label=\"\" role=\"img\" ><\/div>\n\t\t\t\t\t\t\t\t\t\t\t<div class=\"elementor-gallery-item__overlay\"><\/div>\n\t\t\t\t\t\t\t\t\t\t\t\t\t\t<\/a>\n\t\t\t\t\t\t\t<a class=\"e-gallery-item elementor-gallery-item elementor-animated-content\" data-e-gallery-tags=\"1\" href=\"https:\/\/www.lichen.pl\/wp-content\/uploads\/2021\/09\/11.-OGOLNOPOLSKA-PIELGRZYMKA-KOL-GOSPODYN-WIEJSKICH-Wrzesien-2021-61.jpg\" data-elementor-open-lightbox=\"yes\" data-elementor-lightbox-slideshow=\"ca5f42e\" data-elementor-lightbox-title=\"11. OG\u00d3LNOPOLSKA PIELGRZYMKA K\u00d3\u0141 GOSPODY\u0143 WIEJSKICH Wrzesie\u0144 2021 61\" data-e-action-hash=\"#elementor-action%3Aaction%3Dlightbox%26settings%3DeyJpZCI6MzA0NDAsInVybCI6Imh0dHBzOlwvXC93d3cubGljaGVuLnBsXC93cC1jb250ZW50XC91cGxvYWRzXC8yMDIxXC8wOVwvMTEuLU9HT0xOT1BPTFNLQS1QSUVMR1JaWU1LQS1LT0wtR09TUE9EWU4tV0lFSlNLSUNILVdyemVzaWVuLTIwMjEtNjEuanBnIiwic2xpZGVzaG93IjoiY2E1ZjQyZSJ9\">\n\t\t\t\t\t<div class=\"e-gallery-image elementor-gallery-item__image\" data-thumbnail=\"https:\/\/www.lichen.pl\/wp-content\/uploads\/2021\/09\/11.-OGOLNOPOLSKA-PIELGRZYMKA-KOL-GOSPODYN-WIEJSKICH-Wrzesien-2021-61-150x150.jpg\" data-width=\"150\" data-height=\"150\" aria-label=\"\" role=\"img\" ><\/div>\n\t\t\t\t\t\t\t\t\t\t\t<div class=\"elementor-gallery-item__overlay\"><\/div>\n\t\t\t\t\t\t\t\t\t\t\t\t\t\t<\/a>\n\t\t\t\t\t\t\t<a class=\"e-gallery-item elementor-gallery-item elementor-animated-content\" data-e-gallery-tags=\"1\" href=\"https:\/\/www.lichen.pl\/wp-content\/uploads\/2021\/09\/11.-OGOLNOPOLSKA-PIELGRZYMKA-KOL-GOSPODYN-WIEJSKICH-Wrzesien-2021-62.jpg\" data-elementor-open-lightbox=\"yes\" data-elementor-lightbox-slideshow=\"ca5f42e\" data-elementor-lightbox-title=\"11. OG\u00d3LNOPOLSKA PIELGRZYMKA K\u00d3\u0141 GOSPODY\u0143 WIEJSKICH Wrzesie\u0144 2021 62\" data-e-action-hash=\"#elementor-action%3Aaction%3Dlightbox%26settings%3DeyJpZCI6MzA0NDUsInVybCI6Imh0dHBzOlwvXC93d3cubGljaGVuLnBsXC93cC1jb250ZW50XC91cGxvYWRzXC8yMDIxXC8wOVwvMTEuLU9HT0xOT1BPTFNLQS1QSUVMR1JaWU1LQS1LT0wtR09TUE9EWU4tV0lFSlNLSUNILVdyemVzaWVuLTIwMjEtNjIuanBnIiwic2xpZGVzaG93IjoiY2E1ZjQyZSJ9\">\n\t\t\t\t\t<div class=\"e-gallery-image elementor-gallery-item__image\" data-thumbnail=\"https:\/\/www.lichen.pl\/wp-content\/uploads\/2021\/09\/11.-OGOLNOPOLSKA-PIELGRZYMKA-KOL-GOSPODYN-WIEJSKICH-Wrzesien-2021-62-150x150.jpg\" data-width=\"150\" data-height=\"150\" aria-label=\"\" role=\"img\" ><\/div>\n\t\t\t\t\t\t\t\t\t\t\t<div class=\"elementor-gallery-item__overlay\"><\/div>\n\t\t\t\t\t\t\t\t\t\t\t\t\t\t<\/a>\n\t\t\t\t\t\t\t<a class=\"e-gallery-item elementor-gallery-item elementor-animated-content\" data-e-gallery-tags=\"1\" href=\"https:\/\/www.lichen.pl\/wp-content\/uploads\/2021\/09\/11.-OGOLNOPOLSKA-PIELGRZYMKA-KOL-GOSPODYN-WIEJSKICH-Wrzesien-2021-63.jpg\" data-elementor-open-lightbox=\"yes\" data-elementor-lightbox-slideshow=\"ca5f42e\" data-elementor-lightbox-title=\"11. OG\u00d3LNOPOLSKA PIELGRZYMKA K\u00d3\u0141 GOSPODY\u0143 WIEJSKICH Wrzesie\u0144 2021 63\" data-e-action-hash=\"#elementor-action%3Aaction%3Dlightbox%26settings%3DeyJpZCI6MzA0NTAsInVybCI6Imh0dHBzOlwvXC93d3cubGljaGVuLnBsXC93cC1jb250ZW50XC91cGxvYWRzXC8yMDIxXC8wOVwvMTEuLU9HT0xOT1BPTFNLQS1QSUVMR1JaWU1LQS1LT0wtR09TUE9EWU4tV0lFSlNLSUNILVdyemVzaWVuLTIwMjEtNjMuanBnIiwic2xpZGVzaG93IjoiY2E1ZjQyZSJ9\">\n\t\t\t\t\t<div class=\"e-gallery-image elementor-gallery-item__image\" data-thumbnail=\"https:\/\/www.lichen.pl\/wp-content\/uploads\/2021\/09\/11.-OGOLNOPOLSKA-PIELGRZYMKA-KOL-GOSPODYN-WIEJSKICH-Wrzesien-2021-63-150x150.jpg\" data-width=\"150\" data-height=\"150\" aria-label=\"\" role=\"img\" ><\/div>\n\t\t\t\t\t\t\t\t\t\t\t<div class=\"elementor-gallery-item__overlay\"><\/div>\n\t\t\t\t\t\t\t\t\t\t\t\t\t\t<\/a>\n\t\t\t\t\t\t\t<a class=\"e-gallery-item elementor-gallery-item elementor-animated-content\" data-e-gallery-tags=\"1\" href=\"https:\/\/www.lichen.pl\/wp-content\/uploads\/2021\/09\/11.-OGOLNOPOLSKA-PIELGRZYMKA-KOL-GOSPODYN-WIEJSKICH-Wrzesien-2021-64.jpg\" data-elementor-open-lightbox=\"yes\" data-elementor-lightbox-slideshow=\"ca5f42e\" data-elementor-lightbox-title=\"11. OG\u00d3LNOPOLSKA PIELGRZYMKA K\u00d3\u0141 GOSPODY\u0143 WIEJSKICH Wrzesie\u0144 2021 64\" data-e-action-hash=\"#elementor-action%3Aaction%3Dlightbox%26settings%3DeyJpZCI6MzA0NTUsInVybCI6Imh0dHBzOlwvXC93d3cubGljaGVuLnBsXC93cC1jb250ZW50XC91cGxvYWRzXC8yMDIxXC8wOVwvMTEuLU9HT0xOT1BPTFNLQS1QSUVMR1JaWU1LQS1LT0wtR09TUE9EWU4tV0lFSlNLSUNILVdyemVzaWVuLTIwMjEtNjQuanBnIiwic2xpZGVzaG93IjoiY2E1ZjQyZSJ9\">\n\t\t\t\t\t<div class=\"e-gallery-image elementor-gallery-item__image\" data-thumbnail=\"https:\/\/www.lichen.pl\/wp-content\/uploads\/2021\/09\/11.-OGOLNOPOLSKA-PIELGRZYMKA-KOL-GOSPODYN-WIEJSKICH-Wrzesien-2021-64-150x150.jpg\" data-width=\"150\" data-height=\"150\" aria-label=\"\" role=\"img\" ><\/div>\n\t\t\t\t\t\t\t\t\t\t\t<div class=\"elementor-gallery-item__overlay\"><\/div>\n\t\t\t\t\t\t\t\t\t\t\t\t\t\t<\/a>\n\t\t\t\t\t\t\t<a class=\"e-gallery-item elementor-gallery-item elementor-animated-content\" data-e-gallery-tags=\"1\" href=\"https:\/\/www.lichen.pl\/wp-content\/uploads\/2021\/09\/11.-OGOLNOPOLSKA-PIELGRZYMKA-KOL-GOSPODYN-WIEJSKICH-Wrzesien-2021-65.jpg\" data-elementor-open-lightbox=\"yes\" data-elementor-lightbox-slideshow=\"ca5f42e\" data-elementor-lightbox-title=\"11. OG\u00d3LNOPOLSKA PIELGRZYMKA K\u00d3\u0141 GOSPODY\u0143 WIEJSKICH Wrzesie\u0144 2021 65\" data-e-action-hash=\"#elementor-action%3Aaction%3Dlightbox%26settings%3DeyJpZCI6MzA0NjAsInVybCI6Imh0dHBzOlwvXC93d3cubGljaGVuLnBsXC93cC1jb250ZW50XC91cGxvYWRzXC8yMDIxXC8wOVwvMTEuLU9HT0xOT1BPTFNLQS1QSUVMR1JaWU1LQS1LT0wtR09TUE9EWU4tV0lFSlNLSUNILVdyemVzaWVuLTIwMjEtNjUuanBnIiwic2xpZGVzaG93IjoiY2E1ZjQyZSJ9\">\n\t\t\t\t\t<div class=\"e-gallery-image elementor-gallery-item__image\" data-thumbnail=\"https:\/\/www.lichen.pl\/wp-content\/uploads\/2021\/09\/11.-OGOLNOPOLSKA-PIELGRZYMKA-KOL-GOSPODYN-WIEJSKICH-Wrzesien-2021-65-150x150.jpg\" data-width=\"150\" data-height=\"150\" aria-label=\"\" role=\"img\" ><\/div>\n\t\t\t\t\t\t\t\t\t\t\t<div class=\"elementor-gallery-item__overlay\"><\/div>\n\t\t\t\t\t\t\t\t\t\t\t\t\t\t<\/a>\n\t\t\t\t\t\t\t<a class=\"e-gallery-item elementor-gallery-item elementor-animated-content\" data-e-gallery-tags=\"1\" href=\"https:\/\/www.lichen.pl\/wp-content\/uploads\/2021\/09\/11.-OGOLNOPOLSKA-PIELGRZYMKA-KOL-GOSPODYN-WIEJSKICH-Wrzesien-2021-66.jpg\" data-elementor-open-lightbox=\"yes\" data-elementor-lightbox-slideshow=\"ca5f42e\" data-elementor-lightbox-title=\"11. OG\u00d3LNOPOLSKA PIELGRZYMKA K\u00d3\u0141 GOSPODY\u0143 WIEJSKICH Wrzesie\u0144 2021 66\" data-e-action-hash=\"#elementor-action%3Aaction%3Dlightbox%26settings%3DeyJpZCI6MzA0NjUsInVybCI6Imh0dHBzOlwvXC93d3cubGljaGVuLnBsXC93cC1jb250ZW50XC91cGxvYWRzXC8yMDIxXC8wOVwvMTEuLU9HT0xOT1BPTFNLQS1QSUVMR1JaWU1LQS1LT0wtR09TUE9EWU4tV0lFSlNLSUNILVdyemVzaWVuLTIwMjEtNjYuanBnIiwic2xpZGVzaG93IjoiY2E1ZjQyZSJ9\">\n\t\t\t\t\t<div class=\"e-gallery-image elementor-gallery-item__image\" data-thumbnail=\"https:\/\/www.lichen.pl\/wp-content\/uploads\/2021\/09\/11.-OGOLNOPOLSKA-PIELGRZYMKA-KOL-GOSPODYN-WIEJSKICH-Wrzesien-2021-66-150x150.jpg\" data-width=\"150\" data-height=\"150\" aria-label=\"\" role=\"img\" ><\/div>\n\t\t\t\t\t\t\t\t\t\t\t<div class=\"elementor-gallery-item__overlay\"><\/div>\n\t\t\t\t\t\t\t\t\t\t\t\t\t\t<\/a>\n\t\t\t\t\t\t\t<a class=\"e-gallery-item elementor-gallery-item elementor-animated-content\" data-e-gallery-tags=\"1\" href=\"https:\/\/www.lichen.pl\/wp-content\/uploads\/2021\/09\/11.-OGOLNOPOLSKA-PIELGRZYMKA-KOL-GOSPODYN-WIEJSKICH-Wrzesien-2021-67.jpg\" data-elementor-open-lightbox=\"yes\" data-elementor-lightbox-slideshow=\"ca5f42e\" data-elementor-lightbox-title=\"11. OG\u00d3LNOPOLSKA PIELGRZYMKA K\u00d3\u0141 GOSPODY\u0143 WIEJSKICH Wrzesie\u0144 2021 67\" data-e-action-hash=\"#elementor-action%3Aaction%3Dlightbox%26settings%3DeyJpZCI6MzA0NzAsInVybCI6Imh0dHBzOlwvXC93d3cubGljaGVuLnBsXC93cC1jb250ZW50XC91cGxvYWRzXC8yMDIxXC8wOVwvMTEuLU9HT0xOT1BPTFNLQS1QSUVMR1JaWU1LQS1LT0wtR09TUE9EWU4tV0lFSlNLSUNILVdyemVzaWVuLTIwMjEtNjcuanBnIiwic2xpZGVzaG93IjoiY2E1ZjQyZSJ9\">\n\t\t\t\t\t<div class=\"e-gallery-image elementor-gallery-item__image\" data-thumbnail=\"https:\/\/www.lichen.pl\/wp-content\/uploads\/2021\/09\/11.-OGOLNOPOLSKA-PIELGRZYMKA-KOL-GOSPODYN-WIEJSKICH-Wrzesien-2021-67-150x150.jpg\" data-width=\"150\" data-height=\"150\" aria-label=\"\" role=\"img\" ><\/div>\n\t\t\t\t\t\t\t\t\t\t\t<div class=\"elementor-gallery-item__overlay\"><\/div>\n\t\t\t\t\t\t\t\t\t\t\t\t\t\t<\/a>\n\t\t\t\t\t\t\t<a class=\"e-gallery-item elementor-gallery-item elementor-animated-content\" data-e-gallery-tags=\"1\" href=\"https:\/\/www.lichen.pl\/wp-content\/uploads\/2021\/09\/11.-OGOLNOPOLSKA-PIELGRZYMKA-KOL-GOSPODYN-WIEJSKICH-Wrzesien-2021-68.jpg\" data-elementor-open-lightbox=\"yes\" data-elementor-lightbox-slideshow=\"ca5f42e\" data-elementor-lightbox-title=\"11. OG\u00d3LNOPOLSKA PIELGRZYMKA K\u00d3\u0141 GOSPODY\u0143 WIEJSKICH Wrzesie\u0144 2021 68\" data-e-action-hash=\"#elementor-action%3Aaction%3Dlightbox%26settings%3DeyJpZCI6MzA0NzUsInVybCI6Imh0dHBzOlwvXC93d3cubGljaGVuLnBsXC93cC1jb250ZW50XC91cGxvYWRzXC8yMDIxXC8wOVwvMTEuLU9HT0xOT1BPTFNLQS1QSUVMR1JaWU1LQS1LT0wtR09TUE9EWU4tV0lFSlNLSUNILVdyemVzaWVuLTIwMjEtNjguanBnIiwic2xpZGVzaG93IjoiY2E1ZjQyZSJ9\">\n\t\t\t\t\t<div class=\"e-gallery-image elementor-gallery-item__image\" data-thumbnail=\"https:\/\/www.lichen.pl\/wp-content\/uploads\/2021\/09\/11.-OGOLNOPOLSKA-PIELGRZYMKA-KOL-GOSPODYN-WIEJSKICH-Wrzesien-2021-68-150x150.jpg\" data-width=\"150\" data-height=\"150\" aria-label=\"\" role=\"img\" ><\/div>\n\t\t\t\t\t\t\t\t\t\t\t<div class=\"elementor-gallery-item__overlay\"><\/div>\n\t\t\t\t\t\t\t\t\t\t\t\t\t\t<\/a>\n\t\t\t\t\t\t\t<a class=\"e-gallery-item elementor-gallery-item elementor-animated-content\" data-e-gallery-tags=\"1\" href=\"https:\/\/www.lichen.pl\/wp-content\/uploads\/2021\/09\/11.-OGOLNOPOLSKA-PIELGRZYMKA-KOL-GOSPODYN-WIEJSKICH-Wrzesien-2021-69.jpg\" data-elementor-open-lightbox=\"yes\" data-elementor-lightbox-slideshow=\"ca5f42e\" data-elementor-lightbox-title=\"11. OG\u00d3LNOPOLSKA PIELGRZYMKA K\u00d3\u0141 GOSPODY\u0143 WIEJSKICH Wrzesie\u0144 2021 69\" data-e-action-hash=\"#elementor-action%3Aaction%3Dlightbox%26settings%3DeyJpZCI6MzA0ODAsInVybCI6Imh0dHBzOlwvXC93d3cubGljaGVuLnBsXC93cC1jb250ZW50XC91cGxvYWRzXC8yMDIxXC8wOVwvMTEuLU9HT0xOT1BPTFNLQS1QSUVMR1JaWU1LQS1LT0wtR09TUE9EWU4tV0lFSlNLSUNILVdyemVzaWVuLTIwMjEtNjkuanBnIiwic2xpZGVzaG93IjoiY2E1ZjQyZSJ9\">\n\t\t\t\t\t<div class=\"e-gallery-image elementor-gallery-item__image\" data-thumbnail=\"https:\/\/www.lichen.pl\/wp-content\/uploads\/2021\/09\/11.-OGOLNOPOLSKA-PIELGRZYMKA-KOL-GOSPODYN-WIEJSKICH-Wrzesien-2021-69-150x150.jpg\" data-width=\"150\" data-height=\"150\" aria-label=\"\" role=\"img\" ><\/div>\n\t\t\t\t\t\t\t\t\t\t\t<div class=\"elementor-gallery-item__overlay\"><\/div>\n\t\t\t\t\t\t\t\t\t\t\t\t\t\t<\/a>\n\t\t\t\t\t\t\t<a class=\"e-gallery-item elementor-gallery-item elementor-animated-content\" data-e-gallery-tags=\"1\" href=\"https:\/\/www.lichen.pl\/wp-content\/uploads\/2021\/09\/11.-OGOLNOPOLSKA-PIELGRZYMKA-KOL-GOSPODYN-WIEJSKICH-Wrzesien-2021-70.jpg\" data-elementor-open-lightbox=\"yes\" data-elementor-lightbox-slideshow=\"ca5f42e\" data-elementor-lightbox-title=\"11. OG\u00d3LNOPOLSKA PIELGRZYMKA K\u00d3\u0141 GOSPODY\u0143 WIEJSKICH Wrzesie\u0144 2021 70\" data-e-action-hash=\"#elementor-action%3Aaction%3Dlightbox%26settings%3DeyJpZCI6MzA0ODUsInVybCI6Imh0dHBzOlwvXC93d3cubGljaGVuLnBsXC93cC1jb250ZW50XC91cGxvYWRzXC8yMDIxXC8wOVwvMTEuLU9HT0xOT1BPTFNLQS1QSUVMR1JaWU1LQS1LT0wtR09TUE9EWU4tV0lFSlNLSUNILVdyemVzaWVuLTIwMjEtNzAuanBnIiwic2xpZGVzaG93IjoiY2E1ZjQyZSJ9\">\n\t\t\t\t\t<div class=\"e-gallery-image elementor-gallery-item__image\" data-thumbnail=\"https:\/\/www.lichen.pl\/wp-content\/uploads\/2021\/09\/11.-OGOLNOPOLSKA-PIELGRZYMKA-KOL-GOSPODYN-WIEJSKICH-Wrzesien-2021-70-150x150.jpg\" data-width=\"150\" data-height=\"150\" aria-label=\"\" role=\"img\" ><\/div>\n\t\t\t\t\t\t\t\t\t\t\t<div class=\"elementor-gallery-item__overlay\"><\/div>\n\t\t\t\t\t\t\t\t\t\t\t\t\t\t<\/a>\n\t\t\t\t\t\t\t<a class=\"e-gallery-item elementor-gallery-item elementor-animated-content\" data-e-gallery-tags=\"1\" href=\"https:\/\/www.lichen.pl\/wp-content\/uploads\/2021\/09\/11.-OGOLNOPOLSKA-PIELGRZYMKA-KOL-GOSPODYN-WIEJSKICH-Wrzesien-2021-71.jpg\" data-elementor-open-lightbox=\"yes\" data-elementor-lightbox-slideshow=\"ca5f42e\" data-elementor-lightbox-title=\"11. OG\u00d3LNOPOLSKA PIELGRZYMKA K\u00d3\u0141 GOSPODY\u0143 WIEJSKICH Wrzesie\u0144 2021 71\" data-e-action-hash=\"#elementor-action%3Aaction%3Dlightbox%26settings%3DeyJpZCI6MzA0OTAsInVybCI6Imh0dHBzOlwvXC93d3cubGljaGVuLnBsXC93cC1jb250ZW50XC91cGxvYWRzXC8yMDIxXC8wOVwvMTEuLU9HT0xOT1BPTFNLQS1QSUVMR1JaWU1LQS1LT0wtR09TUE9EWU4tV0lFSlNLSUNILVdyemVzaWVuLTIwMjEtNzEuanBnIiwic2xpZGVzaG93IjoiY2E1ZjQyZSJ9\">\n\t\t\t\t\t<div class=\"e-gallery-image elementor-gallery-item__image\" data-thumbnail=\"https:\/\/www.lichen.pl\/wp-content\/uploads\/2021\/09\/11.-OGOLNOPOLSKA-PIELGRZYMKA-KOL-GOSPODYN-WIEJSKICH-Wrzesien-2021-71-150x150.jpg\" data-width=\"150\" data-height=\"150\" aria-label=\"\" role=\"img\" ><\/div>\n\t\t\t\t\t\t\t\t\t\t\t<div class=\"elementor-gallery-item__overlay\"><\/div>\n\t\t\t\t\t\t\t\t\t\t\t\t\t\t<\/a>\n\t\t\t\t\t\t\t<a class=\"e-gallery-item elementor-gallery-item elementor-animated-content\" data-e-gallery-tags=\"1\" href=\"https:\/\/www.lichen.pl\/wp-content\/uploads\/2021\/09\/11.-OGOLNOPOLSKA-PIELGRZYMKA-KOL-GOSPODYN-WIEJSKICH-Wrzesien-2021-72.jpg\" data-elementor-open-lightbox=\"yes\" data-elementor-lightbox-slideshow=\"ca5f42e\" data-elementor-lightbox-title=\"11. OG\u00d3LNOPOLSKA PIELGRZYMKA K\u00d3\u0141 GOSPODY\u0143 WIEJSKICH Wrzesie\u0144 2021 72\" data-e-action-hash=\"#elementor-action%3Aaction%3Dlightbox%26settings%3DeyJpZCI6MzA0OTUsInVybCI6Imh0dHBzOlwvXC93d3cubGljaGVuLnBsXC93cC1jb250ZW50XC91cGxvYWRzXC8yMDIxXC8wOVwvMTEuLU9HT0xOT1BPTFNLQS1QSUVMR1JaWU1LQS1LT0wtR09TUE9EWU4tV0lFSlNLSUNILVdyemVzaWVuLTIwMjEtNzIuanBnIiwic2xpZGVzaG93IjoiY2E1ZjQyZSJ9\">\n\t\t\t\t\t<div class=\"e-gallery-image elementor-gallery-item__image\" data-thumbnail=\"https:\/\/www.lichen.pl\/wp-content\/uploads\/2021\/09\/11.-OGOLNOPOLSKA-PIELGRZYMKA-KOL-GOSPODYN-WIEJSKICH-Wrzesien-2021-72-150x150.jpg\" data-width=\"150\" data-height=\"150\" aria-label=\"\" role=\"img\" ><\/div>\n\t\t\t\t\t\t\t\t\t\t\t<div class=\"elementor-gallery-item__overlay\"><\/div>\n\t\t\t\t\t\t\t\t\t\t\t\t\t\t<\/a>\n\t\t\t\t\t\t\t<a class=\"e-gallery-item elementor-gallery-item elementor-animated-content\" data-e-gallery-tags=\"2\" href=\"https:\/\/www.lichen.pl\/wp-content\/uploads\/2021\/09\/18.-Pielgrzymka-Honorowych-Dawcow-Krwi-Wrzesien-2021-1.jpg\" data-elementor-open-lightbox=\"yes\" data-elementor-lightbox-slideshow=\"ca5f42e\" data-elementor-lightbox-title=\"18. Pielgrzymka Honorowych Dawc\u00f3w Krwi, Wrzesie\u0144 2021 1\" data-e-action-hash=\"#elementor-action%3Aaction%3Dlightbox%26settings%3DeyJpZCI6MzA1MDQsInVybCI6Imh0dHBzOlwvXC93d3cubGljaGVuLnBsXC93cC1jb250ZW50XC91cGxvYWRzXC8yMDIxXC8wOVwvMTguLVBpZWxncnp5bWthLUhvbm9yb3d5Y2gtRGF3Y293LUtyd2ktV3J6ZXNpZW4tMjAyMS0xLmpwZyIsInNsaWRlc2hvdyI6ImNhNWY0MmUifQ%3D%3D\">\n\t\t\t\t\t<div class=\"e-gallery-image elementor-gallery-item__image\" data-thumbnail=\"https:\/\/www.lichen.pl\/wp-content\/uploads\/2021\/09\/18.-Pielgrzymka-Honorowych-Dawcow-Krwi-Wrzesien-2021-1-150x150.jpg\" data-width=\"150\" data-height=\"150\" aria-label=\"\" role=\"img\" ><\/div>\n\t\t\t\t\t\t\t\t\t\t\t<div class=\"elementor-gallery-item__overlay\"><\/div>\n\t\t\t\t\t\t\t\t\t\t\t\t\t\t<\/a>\n\t\t\t\t\t\t\t<a class=\"e-gallery-item elementor-gallery-item elementor-animated-content\" data-e-gallery-tags=\"2\" href=\"https:\/\/www.lichen.pl\/wp-content\/uploads\/2021\/09\/18.-Pielgrzymka-Honorowych-Dawcow-Krwi-Wrzesien-2021-2.jpg\" data-elementor-open-lightbox=\"yes\" data-elementor-lightbox-slideshow=\"ca5f42e\" data-elementor-lightbox-title=\"18. Pielgrzymka Honorowych Dawc\u00f3w Krwi, Wrzesie\u0144 2021 2\" data-e-action-hash=\"#elementor-action%3Aaction%3Dlightbox%26settings%3DeyJpZCI6MzA1MDksInVybCI6Imh0dHBzOlwvXC93d3cubGljaGVuLnBsXC93cC1jb250ZW50XC91cGxvYWRzXC8yMDIxXC8wOVwvMTguLVBpZWxncnp5bWthLUhvbm9yb3d5Y2gtRGF3Y293LUtyd2ktV3J6ZXNpZW4tMjAyMS0yLmpwZyIsInNsaWRlc2hvdyI6ImNhNWY0MmUifQ%3D%3D\">\n\t\t\t\t\t<div class=\"e-gallery-image elementor-gallery-item__image\" data-thumbnail=\"https:\/\/www.lichen.pl\/wp-content\/uploads\/2021\/09\/18.-Pielgrzymka-Honorowych-Dawcow-Krwi-Wrzesien-2021-2-150x150.jpg\" data-width=\"150\" data-height=\"150\" aria-label=\"\" role=\"img\" ><\/div>\n\t\t\t\t\t\t\t\t\t\t\t<div class=\"elementor-gallery-item__overlay\"><\/div>\n\t\t\t\t\t\t\t\t\t\t\t\t\t\t<\/a>\n\t\t\t\t\t\t\t<a class=\"e-gallery-item elementor-gallery-item elementor-animated-content\" data-e-gallery-tags=\"2\" href=\"https:\/\/www.lichen.pl\/wp-content\/uploads\/2021\/09\/18.-Pielgrzymka-Honorowych-Dawcow-Krwi-Wrzesien-2021-3.jpg\" data-elementor-open-lightbox=\"yes\" data-elementor-lightbox-slideshow=\"ca5f42e\" data-elementor-lightbox-title=\"18. Pielgrzymka Honorowych Dawc\u00f3w Krwi, Wrzesie\u0144 2021 3\" data-e-action-hash=\"#elementor-action%3Aaction%3Dlightbox%26settings%3DeyJpZCI6MzA1MTQsInVybCI6Imh0dHBzOlwvXC93d3cubGljaGVuLnBsXC93cC1jb250ZW50XC91cGxvYWRzXC8yMDIxXC8wOVwvMTguLVBpZWxncnp5bWthLUhvbm9yb3d5Y2gtRGF3Y293LUtyd2ktV3J6ZXNpZW4tMjAyMS0zLmpwZyIsInNsaWRlc2hvdyI6ImNhNWY0MmUifQ%3D%3D\">\n\t\t\t\t\t<div class=\"e-gallery-image elementor-gallery-item__image\" data-thumbnail=\"https:\/\/www.lichen.pl\/wp-content\/uploads\/2021\/09\/18.-Pielgrzymka-Honorowych-Dawcow-Krwi-Wrzesien-2021-3-150x150.jpg\" data-width=\"150\" data-height=\"150\" aria-label=\"\" role=\"img\" ><\/div>\n\t\t\t\t\t\t\t\t\t\t\t<div class=\"elementor-gallery-item__overlay\"><\/div>\n\t\t\t\t\t\t\t\t\t\t\t\t\t\t<\/a>\n\t\t\t\t\t\t\t<a class=\"e-gallery-item elementor-gallery-item elementor-animated-content\" data-e-gallery-tags=\"2\" href=\"https:\/\/www.lichen.pl\/wp-content\/uploads\/2021\/09\/18.-Pielgrzymka-Honorowych-Dawcow-Krwi-Wrzesien-2021-4.jpg\" data-elementor-open-lightbox=\"yes\" data-elementor-lightbox-slideshow=\"ca5f42e\" data-elementor-lightbox-title=\"18. Pielgrzymka Honorowych Dawc\u00f3w Krwi, Wrzesie\u0144 2021 4\" data-e-action-hash=\"#elementor-action%3Aaction%3Dlightbox%26settings%3DeyJpZCI6MzA1MTksInVybCI6Imh0dHBzOlwvXC93d3cubGljaGVuLnBsXC93cC1jb250ZW50XC91cGxvYWRzXC8yMDIxXC8wOVwvMTguLVBpZWxncnp5bWthLUhvbm9yb3d5Y2gtRGF3Y293LUtyd2ktV3J6ZXNpZW4tMjAyMS00LmpwZyIsInNsaWRlc2hvdyI6ImNhNWY0MmUifQ%3D%3D\">\n\t\t\t\t\t<div class=\"e-gallery-image elementor-gallery-item__image\" data-thumbnail=\"https:\/\/www.lichen.pl\/wp-content\/uploads\/2021\/09\/18.-Pielgrzymka-Honorowych-Dawcow-Krwi-Wrzesien-2021-4-150x150.jpg\" data-width=\"150\" data-height=\"150\" aria-label=\"\" role=\"img\" ><\/div>\n\t\t\t\t\t\t\t\t\t\t\t<div class=\"elementor-gallery-item__overlay\"><\/div>\n\t\t\t\t\t\t\t\t\t\t\t\t\t\t<\/a>\n\t\t\t\t\t\t\t<a class=\"e-gallery-item elementor-gallery-item elementor-animated-content\" data-e-gallery-tags=\"2\" href=\"https:\/\/www.lichen.pl\/wp-content\/uploads\/2021\/09\/18.-Pielgrzymka-Honorowych-Dawcow-Krwi-Wrzesien-2021-5.jpg\" data-elementor-open-lightbox=\"yes\" data-elementor-lightbox-slideshow=\"ca5f42e\" data-elementor-lightbox-title=\"18. Pielgrzymka Honorowych Dawc\u00f3w Krwi, Wrzesie\u0144 2021 5\" data-e-action-hash=\"#elementor-action%3Aaction%3Dlightbox%26settings%3DeyJpZCI6MzA1MjQsInVybCI6Imh0dHBzOlwvXC93d3cubGljaGVuLnBsXC93cC1jb250ZW50XC91cGxvYWRzXC8yMDIxXC8wOVwvMTguLVBpZWxncnp5bWthLUhvbm9yb3d5Y2gtRGF3Y293LUtyd2ktV3J6ZXNpZW4tMjAyMS01LmpwZyIsInNsaWRlc2hvdyI6ImNhNWY0MmUifQ%3D%3D\">\n\t\t\t\t\t<div class=\"e-gallery-image elementor-gallery-item__image\" data-thumbnail=\"https:\/\/www.lichen.pl\/wp-content\/uploads\/2021\/09\/18.-Pielgrzymka-Honorowych-Dawcow-Krwi-Wrzesien-2021-5-150x150.jpg\" data-width=\"150\" data-height=\"150\" aria-label=\"\" role=\"img\" ><\/div>\n\t\t\t\t\t\t\t\t\t\t\t<div class=\"elementor-gallery-item__overlay\"><\/div>\n\t\t\t\t\t\t\t\t\t\t\t\t\t\t<\/a>\n\t\t\t\t\t\t\t<a class=\"e-gallery-item elementor-gallery-item elementor-animated-content\" data-e-gallery-tags=\"2\" href=\"https:\/\/www.lichen.pl\/wp-content\/uploads\/2021\/09\/18.-Pielgrzymka-Honorowych-Dawcow-Krwi-Wrzesien-2021-6.jpg\" data-elementor-open-lightbox=\"yes\" data-elementor-lightbox-slideshow=\"ca5f42e\" data-elementor-lightbox-title=\"18. Pielgrzymka Honorowych Dawc\u00f3w Krwi, Wrzesie\u0144 2021 6\" data-e-action-hash=\"#elementor-action%3Aaction%3Dlightbox%26settings%3DeyJpZCI6MzA1MjksInVybCI6Imh0dHBzOlwvXC93d3cubGljaGVuLnBsXC93cC1jb250ZW50XC91cGxvYWRzXC8yMDIxXC8wOVwvMTguLVBpZWxncnp5bWthLUhvbm9yb3d5Y2gtRGF3Y293LUtyd2ktV3J6ZXNpZW4tMjAyMS02LmpwZyIsInNsaWRlc2hvdyI6ImNhNWY0MmUifQ%3D%3D\">\n\t\t\t\t\t<div class=\"e-gallery-image elementor-gallery-item__image\" data-thumbnail=\"https:\/\/www.lichen.pl\/wp-content\/uploads\/2021\/09\/18.-Pielgrzymka-Honorowych-Dawcow-Krwi-Wrzesien-2021-6-150x150.jpg\" data-width=\"150\" data-height=\"150\" aria-label=\"\" role=\"img\" ><\/div>\n\t\t\t\t\t\t\t\t\t\t\t<div class=\"elementor-gallery-item__overlay\"><\/div>\n\t\t\t\t\t\t\t\t\t\t\t\t\t\t<\/a>\n\t\t\t\t\t\t\t<a class=\"e-gallery-item elementor-gallery-item elementor-animated-content\" data-e-gallery-tags=\"2\" href=\"https:\/\/www.lichen.pl\/wp-content\/uploads\/2021\/09\/18.-Pielgrzymka-Honorowych-Dawcow-Krwi-Wrzesien-2021-7.jpg\" data-elementor-open-lightbox=\"yes\" data-elementor-lightbox-slideshow=\"ca5f42e\" data-elementor-lightbox-title=\"18. Pielgrzymka Honorowych Dawc\u00f3w Krwi, Wrzesie\u0144 2021 7\" data-e-action-hash=\"#elementor-action%3Aaction%3Dlightbox%26settings%3DeyJpZCI6MzA1MzQsInVybCI6Imh0dHBzOlwvXC93d3cubGljaGVuLnBsXC93cC1jb250ZW50XC91cGxvYWRzXC8yMDIxXC8wOVwvMTguLVBpZWxncnp5bWthLUhvbm9yb3d5Y2gtRGF3Y293LUtyd2ktV3J6ZXNpZW4tMjAyMS03LmpwZyIsInNsaWRlc2hvdyI6ImNhNWY0MmUifQ%3D%3D\">\n\t\t\t\t\t<div class=\"e-gallery-image elementor-gallery-item__image\" data-thumbnail=\"https:\/\/www.lichen.pl\/wp-content\/uploads\/2021\/09\/18.-Pielgrzymka-Honorowych-Dawcow-Krwi-Wrzesien-2021-7-150x150.jpg\" data-width=\"150\" data-height=\"150\" aria-label=\"\" role=\"img\" ><\/div>\n\t\t\t\t\t\t\t\t\t\t\t<div class=\"elementor-gallery-item__overlay\"><\/div>\n\t\t\t\t\t\t\t\t\t\t\t\t\t\t<\/a>\n\t\t\t\t\t\t\t<a class=\"e-gallery-item elementor-gallery-item elementor-animated-content\" data-e-gallery-tags=\"2\" href=\"https:\/\/www.lichen.pl\/wp-content\/uploads\/2021\/09\/18.-Pielgrzymka-Honorowych-Dawcow-Krwi-Wrzesien-2021-8.jpg\" data-elementor-open-lightbox=\"yes\" data-elementor-lightbox-slideshow=\"ca5f42e\" data-elementor-lightbox-title=\"18. Pielgrzymka Honorowych Dawc\u00f3w Krwi, Wrzesie\u0144 2021 8\" data-e-action-hash=\"#elementor-action%3Aaction%3Dlightbox%26settings%3DeyJpZCI6MzA1MzksInVybCI6Imh0dHBzOlwvXC93d3cubGljaGVuLnBsXC93cC1jb250ZW50XC91cGxvYWRzXC8yMDIxXC8wOVwvMTguLVBpZWxncnp5bWthLUhvbm9yb3d5Y2gtRGF3Y293LUtyd2ktV3J6ZXNpZW4tMjAyMS04LmpwZyIsInNsaWRlc2hvdyI6ImNhNWY0MmUifQ%3D%3D\">\n\t\t\t\t\t<div class=\"e-gallery-image elementor-gallery-item__image\" data-thumbnail=\"https:\/\/www.lichen.pl\/wp-content\/uploads\/2021\/09\/18.-Pielgrzymka-Honorowych-Dawcow-Krwi-Wrzesien-2021-8-150x150.jpg\" data-width=\"150\" data-height=\"150\" aria-label=\"\" role=\"img\" ><\/div>\n\t\t\t\t\t\t\t\t\t\t\t<div class=\"elementor-gallery-item__overlay\"><\/div>\n\t\t\t\t\t\t\t\t\t\t\t\t\t\t<\/a>\n\t\t\t\t\t\t\t<a class=\"e-gallery-item elementor-gallery-item elementor-animated-content\" data-e-gallery-tags=\"2\" href=\"https:\/\/www.lichen.pl\/wp-content\/uploads\/2021\/09\/18.-Pielgrzymka-Honorowych-Dawcow-Krwi-Wrzesien-2021-9.jpg\" data-elementor-open-lightbox=\"yes\" data-elementor-lightbox-slideshow=\"ca5f42e\" data-elementor-lightbox-title=\"18. Pielgrzymka Honorowych Dawc\u00f3w Krwi, Wrzesie\u0144 2021 9\" data-e-action-hash=\"#elementor-action%3Aaction%3Dlightbox%26settings%3DeyJpZCI6MzA1NDQsInVybCI6Imh0dHBzOlwvXC93d3cubGljaGVuLnBsXC93cC1jb250ZW50XC91cGxvYWRzXC8yMDIxXC8wOVwvMTguLVBpZWxncnp5bWthLUhvbm9yb3d5Y2gtRGF3Y293LUtyd2ktV3J6ZXNpZW4tMjAyMS05LmpwZyIsInNsaWRlc2hvdyI6ImNhNWY0MmUifQ%3D%3D\">\n\t\t\t\t\t<div class=\"e-gallery-image elementor-gallery-item__image\" data-thumbnail=\"https:\/\/www.lichen.pl\/wp-content\/uploads\/2021\/09\/18.-Pielgrzymka-Honorowych-Dawcow-Krwi-Wrzesien-2021-9-150x150.jpg\" data-width=\"150\" data-height=\"150\" aria-label=\"\" role=\"img\" ><\/div>\n\t\t\t\t\t\t\t\t\t\t\t<div class=\"elementor-gallery-item__overlay\"><\/div>\n\t\t\t\t\t\t\t\t\t\t\t\t\t\t<\/a>\n\t\t\t\t\t\t\t<a class=\"e-gallery-item elementor-gallery-item elementor-animated-content\" data-e-gallery-tags=\"2\" href=\"https:\/\/www.lichen.pl\/wp-content\/uploads\/2021\/09\/18.-Pielgrzymka-Honorowych-Dawcow-Krwi-Wrzesien-2021-10.jpg\" data-elementor-open-lightbox=\"yes\" data-elementor-lightbox-slideshow=\"ca5f42e\" data-elementor-lightbox-title=\"18. Pielgrzymka Honorowych Dawc\u00f3w Krwi, Wrzesie\u0144 2021 10\" data-e-action-hash=\"#elementor-action%3Aaction%3Dlightbox%26settings%3DeyJpZCI6MzA1NDksInVybCI6Imh0dHBzOlwvXC93d3cubGljaGVuLnBsXC93cC1jb250ZW50XC91cGxvYWRzXC8yMDIxXC8wOVwvMTguLVBpZWxncnp5bWthLUhvbm9yb3d5Y2gtRGF3Y293LUtyd2ktV3J6ZXNpZW4tMjAyMS0xMC5qcGciLCJzbGlkZXNob3ciOiJjYTVmNDJlIn0%3D\">\n\t\t\t\t\t<div class=\"e-gallery-image elementor-gallery-item__image\" data-thumbnail=\"https:\/\/www.lichen.pl\/wp-content\/uploads\/2021\/09\/18.-Pielgrzymka-Honorowych-Dawcow-Krwi-Wrzesien-2021-10-150x150.jpg\" data-width=\"150\" data-height=\"150\" aria-label=\"\" role=\"img\" ><\/div>\n\t\t\t\t\t\t\t\t\t\t\t<div class=\"elementor-gallery-item__overlay\"><\/div>\n\t\t\t\t\t\t\t\t\t\t\t\t\t\t<\/a>\n\t\t\t\t\t\t\t<a class=\"e-gallery-item elementor-gallery-item elementor-animated-content\" data-e-gallery-tags=\"2\" href=\"https:\/\/www.lichen.pl\/wp-content\/uploads\/2021\/09\/18.-Pielgrzymka-Honorowych-Dawcow-Krwi-Wrzesien-2021-11.jpg\" data-elementor-open-lightbox=\"yes\" data-elementor-lightbox-slideshow=\"ca5f42e\" data-elementor-lightbox-title=\"18. Pielgrzymka Honorowych Dawc\u00f3w Krwi, Wrzesie\u0144 2021 11\" data-e-action-hash=\"#elementor-action%3Aaction%3Dlightbox%26settings%3DeyJpZCI6MzA1NTQsInVybCI6Imh0dHBzOlwvXC93d3cubGljaGVuLnBsXC93cC1jb250ZW50XC91cGxvYWRzXC8yMDIxXC8wOVwvMTguLVBpZWxncnp5bWthLUhvbm9yb3d5Y2gtRGF3Y293LUtyd2ktV3J6ZXNpZW4tMjAyMS0xMS5qcGciLCJzbGlkZXNob3ciOiJjYTVmNDJlIn0%3D\">\n\t\t\t\t\t<div class=\"e-gallery-image elementor-gallery-item__image\" data-thumbnail=\"https:\/\/www.lichen.pl\/wp-content\/uploads\/2021\/09\/18.-Pielgrzymka-Honorowych-Dawcow-Krwi-Wrzesien-2021-11-150x150.jpg\" data-width=\"150\" data-height=\"150\" aria-label=\"\" role=\"img\" ><\/div>\n\t\t\t\t\t\t\t\t\t\t\t<div class=\"elementor-gallery-item__overlay\"><\/div>\n\t\t\t\t\t\t\t\t\t\t\t\t\t\t<\/a>\n\t\t\t\t\t\t\t<a class=\"e-gallery-item elementor-gallery-item elementor-animated-content\" data-e-gallery-tags=\"2\" href=\"https:\/\/www.lichen.pl\/wp-content\/uploads\/2021\/09\/18.-Pielgrzymka-Honorowych-Dawcow-Krwi-Wrzesien-2021-12.jpg\" data-elementor-open-lightbox=\"yes\" data-elementor-lightbox-slideshow=\"ca5f42e\" data-elementor-lightbox-title=\"18. Pielgrzymka Honorowych Dawc\u00f3w Krwi, Wrzesie\u0144 2021 12\" data-e-action-hash=\"#elementor-action%3Aaction%3Dlightbox%26settings%3DeyJpZCI6MzA1NTksInVybCI6Imh0dHBzOlwvXC93d3cubGljaGVuLnBsXC93cC1jb250ZW50XC91cGxvYWRzXC8yMDIxXC8wOVwvMTguLVBpZWxncnp5bWthLUhvbm9yb3d5Y2gtRGF3Y293LUtyd2ktV3J6ZXNpZW4tMjAyMS0xMi5qcGciLCJzbGlkZXNob3ciOiJjYTVmNDJlIn0%3D\">\n\t\t\t\t\t<div class=\"e-gallery-image elementor-gallery-item__image\" data-thumbnail=\"https:\/\/www.lichen.pl\/wp-content\/uploads\/2021\/09\/18.-Pielgrzymka-Honorowych-Dawcow-Krwi-Wrzesien-2021-12-150x150.jpg\" data-width=\"150\" data-height=\"150\" aria-label=\"\" role=\"img\" ><\/div>\n\t\t\t\t\t\t\t\t\t\t\t<div class=\"elementor-gallery-item__overlay\"><\/div>\n\t\t\t\t\t\t\t\t\t\t\t\t\t\t<\/a>\n\t\t\t\t\t\t\t<a class=\"e-gallery-item elementor-gallery-item elementor-animated-content\" data-e-gallery-tags=\"2\" href=\"https:\/\/www.lichen.pl\/wp-content\/uploads\/2021\/09\/18.-Pielgrzymka-Honorowych-Dawcow-Krwi-Wrzesien-2021-13.jpg\" data-elementor-open-lightbox=\"yes\" data-elementor-lightbox-slideshow=\"ca5f42e\" data-elementor-lightbox-title=\"18. Pielgrzymka Honorowych Dawc\u00f3w Krwi, Wrzesie\u0144 2021 13\" data-e-action-hash=\"#elementor-action%3Aaction%3Dlightbox%26settings%3DeyJpZCI6MzA1NjQsInVybCI6Imh0dHBzOlwvXC93d3cubGljaGVuLnBsXC93cC1jb250ZW50XC91cGxvYWRzXC8yMDIxXC8wOVwvMTguLVBpZWxncnp5bWthLUhvbm9yb3d5Y2gtRGF3Y293LUtyd2ktV3J6ZXNpZW4tMjAyMS0xMy5qcGciLCJzbGlkZXNob3ciOiJjYTVmNDJlIn0%3D\">\n\t\t\t\t\t<div class=\"e-gallery-image elementor-gallery-item__image\" data-thumbnail=\"https:\/\/www.lichen.pl\/wp-content\/uploads\/2021\/09\/18.-Pielgrzymka-Honorowych-Dawcow-Krwi-Wrzesien-2021-13-150x150.jpg\" data-width=\"150\" data-height=\"150\" aria-label=\"\" role=\"img\" ><\/div>\n\t\t\t\t\t\t\t\t\t\t\t<div class=\"elementor-gallery-item__overlay\"><\/div>\n\t\t\t\t\t\t\t\t\t\t\t\t\t\t<\/a>\n\t\t\t\t\t\t\t<a class=\"e-gallery-item elementor-gallery-item elementor-animated-content\" data-e-gallery-tags=\"2\" href=\"https:\/\/www.lichen.pl\/wp-content\/uploads\/2021\/09\/18.-Pielgrzymka-Honorowych-Dawcow-Krwi-Wrzesien-2021-14.jpg\" data-elementor-open-lightbox=\"yes\" data-elementor-lightbox-slideshow=\"ca5f42e\" data-elementor-lightbox-title=\"18. Pielgrzymka Honorowych Dawc\u00f3w Krwi, Wrzesie\u0144 2021 14\" data-e-action-hash=\"#elementor-action%3Aaction%3Dlightbox%26settings%3DeyJpZCI6MzA1NjksInVybCI6Imh0dHBzOlwvXC93d3cubGljaGVuLnBsXC93cC1jb250ZW50XC91cGxvYWRzXC8yMDIxXC8wOVwvMTguLVBpZWxncnp5bWthLUhvbm9yb3d5Y2gtRGF3Y293LUtyd2ktV3J6ZXNpZW4tMjAyMS0xNC5qcGciLCJzbGlkZXNob3ciOiJjYTVmNDJlIn0%3D\">\n\t\t\t\t\t<div class=\"e-gallery-image elementor-gallery-item__image\" data-thumbnail=\"https:\/\/www.lichen.pl\/wp-content\/uploads\/2021\/09\/18.-Pielgrzymka-Honorowych-Dawcow-Krwi-Wrzesien-2021-14-150x150.jpg\" data-width=\"150\" data-height=\"150\" aria-label=\"\" role=\"img\" ><\/div>\n\t\t\t\t\t\t\t\t\t\t\t<div class=\"elementor-gallery-item__overlay\"><\/div>\n\t\t\t\t\t\t\t\t\t\t\t\t\t\t<\/a>\n\t\t\t\t\t\t\t<a class=\"e-gallery-item elementor-gallery-item elementor-animated-content\" data-e-gallery-tags=\"2\" href=\"https:\/\/www.lichen.pl\/wp-content\/uploads\/2021\/09\/18.-Pielgrzymka-Honorowych-Dawcow-Krwi-Wrzesien-2021-15.jpg\" data-elementor-open-lightbox=\"yes\" data-elementor-lightbox-slideshow=\"ca5f42e\" data-elementor-lightbox-title=\"18. Pielgrzymka Honorowych Dawc\u00f3w Krwi, Wrzesie\u0144 2021 15\" data-e-action-hash=\"#elementor-action%3Aaction%3Dlightbox%26settings%3DeyJpZCI6MzA1NzQsInVybCI6Imh0dHBzOlwvXC93d3cubGljaGVuLnBsXC93cC1jb250ZW50XC91cGxvYWRzXC8yMDIxXC8wOVwvMTguLVBpZWxncnp5bWthLUhvbm9yb3d5Y2gtRGF3Y293LUtyd2ktV3J6ZXNpZW4tMjAyMS0xNS5qcGciLCJzbGlkZXNob3ciOiJjYTVmNDJlIn0%3D\">\n\t\t\t\t\t<div class=\"e-gallery-image elementor-gallery-item__image\" data-thumbnail=\"https:\/\/www.lichen.pl\/wp-content\/uploads\/2021\/09\/18.-Pielgrzymka-Honorowych-Dawcow-Krwi-Wrzesien-2021-15-150x150.jpg\" data-width=\"150\" data-height=\"150\" aria-label=\"\" role=\"img\" ><\/div>\n\t\t\t\t\t\t\t\t\t\t\t<div class=\"elementor-gallery-item__overlay\"><\/div>\n\t\t\t\t\t\t\t\t\t\t\t\t\t\t<\/a>\n\t\t\t\t\t\t\t<a class=\"e-gallery-item elementor-gallery-item elementor-animated-content\" data-e-gallery-tags=\"2\" href=\"https:\/\/www.lichen.pl\/wp-content\/uploads\/2021\/09\/18.-Pielgrzymka-Honorowych-Dawcow-Krwi-Wrzesien-2021-16.jpg\" data-elementor-open-lightbox=\"yes\" data-elementor-lightbox-slideshow=\"ca5f42e\" data-elementor-lightbox-title=\"18. Pielgrzymka Honorowych Dawc\u00f3w Krwi, Wrzesie\u0144 2021 16\" data-e-action-hash=\"#elementor-action%3Aaction%3Dlightbox%26settings%3DeyJpZCI6MzA1NzksInVybCI6Imh0dHBzOlwvXC93d3cubGljaGVuLnBsXC93cC1jb250ZW50XC91cGxvYWRzXC8yMDIxXC8wOVwvMTguLVBpZWxncnp5bWthLUhvbm9yb3d5Y2gtRGF3Y293LUtyd2ktV3J6ZXNpZW4tMjAyMS0xNi5qcGciLCJzbGlkZXNob3ciOiJjYTVmNDJlIn0%3D\">\n\t\t\t\t\t<div class=\"e-gallery-image elementor-gallery-item__image\" data-thumbnail=\"https:\/\/www.lichen.pl\/wp-content\/uploads\/2021\/09\/18.-Pielgrzymka-Honorowych-Dawcow-Krwi-Wrzesien-2021-16-150x150.jpg\" data-width=\"150\" data-height=\"150\" aria-label=\"\" role=\"img\" ><\/div>\n\t\t\t\t\t\t\t\t\t\t\t<div class=\"elementor-gallery-item__overlay\"><\/div>\n\t\t\t\t\t\t\t\t\t\t\t\t\t\t<\/a>\n\t\t\t\t\t<\/div>\n\t\t\t\t\t<\/div>\n\t\t\t\t<\/div>\n\t\t\t\t\t<\/div>\n\t\t<\/div>\n\t\t\t\t\t<\/div>\n\t\t<\/section>\n\t\t\t\t<\/div>","protected":false},"excerpt":{"rendered":"<p>Msz \u015bw. w intencji nauczycieli, wychowawc\u00f3w i katechet\u00f3w, 19 wrze\u015bnia 2021 r. 11.Pielgrzymka K\u00f3\u0142 Gospody\u0144 Wiejskich, 12 wrze\u015bnia 2021 r. 18.Pielgrzymka Honorowych Dawc\u00f3w Krwi, 11 wrze\u015bnia 2021 r.<\/p>","protected":false},"author":5,"featured_media":0,"parent":54386,"menu_order":0,"comment_status":"closed","ping_status":"closed","template":"","meta":{"footnotes":""},"class_list":["post-55663","page","type-page","status-publish","hentry","wpbf-post"],"yoast_head":"<!-- This site is optimized with the Yoast SEO plugin v27.5 - https:\/\/yoast.com\/product\/yoast-seo-wordpress\/ -->\n<title>Wrzesie\u0144 2021 - SANKTUARIUM W LICHENIU<\/title>\n<meta name=\"robots\" content=\"index, follow, max-snippet:-1, max-image-preview:large, max-video-preview:-1\" \/>\n<link rel=\"canonical\" href=\"https:\/\/www.lichen.pl\/it\/galeria-2021\/wrzesien-2021\/\" \/>\n<meta property=\"og:locale\" content=\"it_IT\" \/>\n<meta property=\"og:type\" content=\"article\" \/>\n<meta property=\"og:title\" content=\"Wrzesie\u0144 2021 - SANKTUARIUM W LICHENIU\" \/>\n<meta property=\"og:description\" content=\"Msz \u015bw. w intencji nauczycieli, wychowawc\u00f3w i katechet\u00f3w, 19 wrze\u015bnia 2021 r. 11.Pielgrzymka K\u00f3\u0142 Gospody\u0144 Wiejskich, 12 wrze\u015bnia 2021 r. 18.Pielgrzymka Honorowych Dawc\u00f3w Krwi, 11 wrze\u015bnia 2021 r.\" \/>\n<meta property=\"og:url\" content=\"https:\/\/www.lichen.pl\/it\/galeria-2021\/wrzesien-2021\/\" \/>\n<meta property=\"og:site_name\" content=\"SANKTUARIUM W LICHENIU\" \/>\n<meta property=\"article:modified_time\" content=\"2023-07-17T19:23:47+00:00\" \/>\n<meta name=\"twitter:card\" content=\"summary_large_image\" \/>\n<meta name=\"twitter:label1\" content=\"Tempo di lettura stimato\" \/>\n\t<meta name=\"twitter:data1\" content=\"1 minuto\" \/>\n<script type=\"application\/ld+json\" class=\"yoast-schema-graph\">{\"@context\":\"https:\\\/\\\/schema.org\",\"@graph\":[{\"@type\":\"WebPage\",\"@id\":\"https:\\\/\\\/www.lichen.pl\\\/galeria-2021\\\/wrzesien-2021\\\/\",\"url\":\"https:\\\/\\\/www.lichen.pl\\\/galeria-2021\\\/wrzesien-2021\\\/\",\"name\":\"Wrzesie\u0144 2021 - SANKTUARIUM W LICHENIU\",\"isPartOf\":{\"@id\":\"https:\\\/\\\/www.lichen.pl\\\/fr\\\/#website\"},\"datePublished\":\"2023-07-17T19:19:34+00:00\",\"dateModified\":\"2023-07-17T19:23:47+00:00\",\"breadcrumb\":{\"@id\":\"https:\\\/\\\/www.lichen.pl\\\/galeria-2021\\\/wrzesien-2021\\\/#breadcrumb\"},\"inLanguage\":\"it-IT\",\"potentialAction\":[{\"@type\":\"ReadAction\",\"target\":[\"https:\\\/\\\/www.lichen.pl\\\/galeria-2021\\\/wrzesien-2021\\\/\"]}]},{\"@type\":\"BreadcrumbList\",\"@id\":\"https:\\\/\\\/www.lichen.pl\\\/galeria-2021\\\/wrzesien-2021\\\/#breadcrumb\",\"itemListElement\":[{\"@type\":\"ListItem\",\"position\":1,\"name\":\"Strona g\u0142\u00f3wna\",\"item\":\"https:\\\/\\\/www.lichen.pl\\\/\"},{\"@type\":\"ListItem\",\"position\":2,\"name\":\"Galeria 2021\",\"item\":\"https:\\\/\\\/www.lichen.pl\\\/galeria-2021\\\/\"},{\"@type\":\"ListItem\",\"position\":3,\"name\":\"Wrzesie\u0144 2021\"}]},{\"@type\":\"WebSite\",\"@id\":\"https:\\\/\\\/www.lichen.pl\\\/fr\\\/#website\",\"url\":\"https:\\\/\\\/www.lichen.pl\\\/fr\\\/\",\"name\":\"SANKTUARIUM W LICHENIU\",\"description\":\"MATKI BO\u017bEJ LICHE\u0143SKIEJ BOLESNEJ KR\u00d3LOWEJ POLSKI\",\"potentialAction\":[{\"@type\":\"SearchAction\",\"target\":{\"@type\":\"EntryPoint\",\"urlTemplate\":\"https:\\\/\\\/www.lichen.pl\\\/fr\\\/?s={search_term_string}\"},\"query-input\":{\"@type\":\"PropertyValueSpecification\",\"valueRequired\":true,\"valueName\":\"search_term_string\"}}],\"inLanguage\":\"it-IT\"}]}<\/script>\n<!-- \/ Yoast SEO plugin. -->","yoast_head_json":{"title":"Wrzesie\u0144 2021 - SANKTUARIUM W LICHENIU","robots":{"index":"index","follow":"follow","max-snippet":"max-snippet:-1","max-image-preview":"max-image-preview:large","max-video-preview":"max-video-preview:-1"},"canonical":"https:\/\/www.lichen.pl\/it\/galeria-2021\/wrzesien-2021\/","og_locale":"it_IT","og_type":"article","og_title":"Wrzesie\u0144 2021 - SANKTUARIUM W LICHENIU","og_description":"Msz \u015bw. w intencji nauczycieli, wychowawc\u00f3w i katechet\u00f3w, 19 wrze\u015bnia 2021 r. 11.Pielgrzymka K\u00f3\u0142 Gospody\u0144 Wiejskich, 12 wrze\u015bnia 2021 r. 18.Pielgrzymka Honorowych Dawc\u00f3w Krwi, 11 wrze\u015bnia 2021 r.","og_url":"https:\/\/www.lichen.pl\/it\/galeria-2021\/wrzesien-2021\/","og_site_name":"SANKTUARIUM W LICHENIU","article_modified_time":"2023-07-17T19:23:47+00:00","twitter_card":"summary_large_image","twitter_misc":{"Tempo di lettura stimato":"1 minuto"},"schema":{"@context":"https:\/\/schema.org","@graph":[{"@type":"WebPage","@id":"https:\/\/www.lichen.pl\/galeria-2021\/wrzesien-2021\/","url":"https:\/\/www.lichen.pl\/galeria-2021\/wrzesien-2021\/","name":"Wrzesie\u0144 2021 - SANKTUARIUM W LICHENIU","isPartOf":{"@id":"https:\/\/www.lichen.pl\/fr\/#website"},"datePublished":"2023-07-17T19:19:34+00:00","dateModified":"2023-07-17T19:23:47+00:00","breadcrumb":{"@id":"https:\/\/www.lichen.pl\/galeria-2021\/wrzesien-2021\/#breadcrumb"},"inLanguage":"it-IT","potentialAction":[{"@type":"ReadAction","target":["https:\/\/www.lichen.pl\/galeria-2021\/wrzesien-2021\/"]}]},{"@type":"BreadcrumbList","@id":"https:\/\/www.lichen.pl\/galeria-2021\/wrzesien-2021\/#breadcrumb","itemListElement":[{"@type":"ListItem","position":1,"name":"Strona g\u0142\u00f3wna","item":"https:\/\/www.lichen.pl\/"},{"@type":"ListItem","position":2,"name":"Galeria 2021","item":"https:\/\/www.lichen.pl\/galeria-2021\/"},{"@type":"ListItem","position":3,"name":"Wrzesie\u0144 2021"}]},{"@type":"WebSite","@id":"https:\/\/www.lichen.pl\/fr\/#website","url":"https:\/\/www.lichen.pl\/fr\/","name":"SANTUARIO IN LICHENIA","description":"LA REGINA ADOLORATA DEL NOSTRO LICHENE DI POLONIA","potentialAction":[{"@type":"SearchAction","target":{"@type":"EntryPoint","urlTemplate":"https:\/\/www.lichen.pl\/fr\/?s={search_term_string}"},"query-input":{"@type":"PropertyValueSpecification","valueRequired":true,"valueName":"search_term_string"}}],"inLanguage":"it-IT"}]}},"_links":{"self":[{"href":"https:\/\/www.lichen.pl\/it\/wp-json\/wp\/v2\/pages\/55663","targetHints":{"allow":["GET"]}}],"collection":[{"href":"https:\/\/www.lichen.pl\/it\/wp-json\/wp\/v2\/pages"}],"about":[{"href":"https:\/\/www.lichen.pl\/it\/wp-json\/wp\/v2\/types\/page"}],"author":[{"embeddable":true,"href":"https:\/\/www.lichen.pl\/it\/wp-json\/wp\/v2\/users\/5"}],"replies":[{"embeddable":true,"href":"https:\/\/www.lichen.pl\/it\/wp-json\/wp\/v2\/comments?post=55663"}],"version-history":[{"count":4,"href":"https:\/\/www.lichen.pl\/it\/wp-json\/wp\/v2\/pages\/55663\/revisions"}],"predecessor-version":[{"id":55679,"href":"https:\/\/www.lichen.pl\/it\/wp-json\/wp\/v2\/pages\/55663\/revisions\/55679"}],"up":[{"embeddable":true,"href":"https:\/\/www.lichen.pl\/it\/wp-json\/wp\/v2\/pages\/54386"}],"wp:attachment":[{"href":"https:\/\/www.lichen.pl\/it\/wp-json\/wp\/v2\/media?parent=55663"}],"curies":[{"name":"wp","href":"https:\/\/api.w.org\/{rel}","templated":true}]}}